{"id":11330,"date":"2024-05-22T09:33:02","date_gmt":"2024-05-22T09:33:02","guid":{"rendered":"https:\/\/aveiro.vvr.pt\/?page_id=11330"},"modified":"2026-04-17T15:21:52","modified_gmt":"2026-04-17T15:21:52","slug":"instrumentos-de-gestao","status":"publish","type":"page","link":"https:\/\/comarcas.csm.org.pt\/aveiro\/instrumentos-de-gestao\/","title":{"rendered":"Instrumentos de Gest\u00e3o"},"content":{"rendered":"\t\t<div data-elementor-type=\"wp-page\" data-elementor-id=\"11330\" class=\"elementor elementor-11330\" data-elementor-post-type=\"page\">\n\t\t\t\t<div class=\"elementor-element elementor-element-c33158e e-flex e-con-boxed e-con e-parent\" data-id=\"c33158e\" data-element_type=\"container\">\n\t\t\t\t\t<div class=\"e-con-inner\">\n\t\t\t\t<div class=\"elementor-element elementor-element-01f6d37 elementor-tabs-view-vertical elementor-widget elementor-widget-tabs\" data-id=\"01f6d37\" data-element_type=\"widget\" data-widget_type=\"tabs.default\">\n\t\t\t\t<div class=\"elementor-widget-container\">\n\t\t\t\t\t\t\t<div class=\"elementor-tabs\">\n\t\t\t<div class=\"elementor-tabs-wrapper\" role=\"tablist\" >\n\t\t\t\t\t\t\t\t\t<div id=\"elementor-tab-title-2051\" class=\"elementor-tab-title elementor-tab-desktop-title\" aria-selected=\"true\" data-tab=\"1\" role=\"tab\" tabindex=\"0\" aria-controls=\"elementor-tab-content-2051\" aria-expanded=\"false\">Relat\u00f3rio Anual da Comarca<\/div>\n\t\t\t\t\t\t\t\t\t<div id=\"elementor-tab-title-2052\" class=\"elementor-tab-title elementor-tab-desktop-title\" aria-selected=\"false\" data-tab=\"2\" role=\"tab\" tabindex=\"-1\" aria-controls=\"elementor-tab-content-2052\" aria-expanded=\"false\">Plano de atividades<\/div>\n\t\t\t\t\t\t\t\t\t<div id=\"elementor-tab-title-2053\" class=\"elementor-tab-title elementor-tab-desktop-title\" aria-selected=\"false\" data-tab=\"3\" role=\"tab\" tabindex=\"-1\" aria-controls=\"elementor-tab-content-2053\" aria-expanded=\"false\">Relat\u00f3rio de atividades<\/div>\n\t\t\t\t\t\t\t\t\t<div id=\"elementor-tab-title-2054\" class=\"elementor-tab-title elementor-tab-desktop-title\" aria-selected=\"false\" data-tab=\"4\" role=\"tab\" tabindex=\"-1\" aria-controls=\"elementor-tab-content-2054\" aria-expanded=\"false\">Medidas de gest\u00e3o<\/div>\n\t\t\t\t\t\t\t\t\t<div id=\"elementor-tab-title-2055\" class=\"elementor-tab-title elementor-tab-desktop-title\" aria-selected=\"false\" data-tab=\"5\" role=\"tab\" tabindex=\"-1\" aria-controls=\"elementor-tab-content-2055\" aria-expanded=\"false\">Turnos<\/div>\n\t\t\t\t\t\t\t\t\t<div id=\"elementor-tab-title-2056\" class=\"elementor-tab-title elementor-tab-desktop-title\" aria-selected=\"false\" data-tab=\"6\" role=\"tab\" tabindex=\"-1\" aria-controls=\"elementor-tab-content-2056\" aria-expanded=\"false\">Despachos e orienta\u00e7\u00f5es relevantes<\/div>\n\t\t\t\t\t\t\t<\/div>\n\t\t\t<div class=\"elementor-tabs-content-wrapper\" role=\"tablist\" aria-orientation=\"vertical\">\n\t\t\t\t\t\t\t\t\t<div class=\"elementor-tab-title elementor-tab-mobile-title\" aria-selected=\"true\" data-tab=\"1\" role=\"tab\" tabindex=\"0\" aria-controls=\"elementor-tab-content-2051\" aria-expanded=\"false\">Relat\u00f3rio Anual da Comarca<\/div>\n\t\t\t\t\t<div id=\"elementor-tab-content-2051\" class=\"elementor-tab-content elementor-clearfix\" data-tab=\"1\" role=\"tabpanel\" aria-labelledby=\"elementor-tab-title-2051\" tabindex=\"0\" hidden=\"false\"><p><strong>Consulte nesta \u00e1rea os Relat\u00f3rios Anuais da Comarca de Aveiro<\/strong><\/p><p>O Relat\u00f3rio Anual da Comarca referente ao ano 2025, mostra-se dispon\u00edvel para consulta:<\/p><p><a href=\"https:\/\/comarcas.csm.org.pt\/aveiro\/wp-content\/uploads\/sites\/5\/2026\/03\/Relatorio-Anual-do-Tribunal-Judicial-da-Comarca-de-Aveiro-2025.pdf\"><b><u>Relat\u00f3rio Anual 2025 &#8211; Documento<\/u><\/b><\/a><\/p><p>O Relat\u00f3rio Anual da Comarca referente ao ano 2024, mostra-se dispon\u00edvel para consulta:<\/p><p><span style=\"text-decoration: underline;\"><strong><a href=\"https:\/\/comarcas.tribunais.org.pt\/comarcas\/pdf2\/aveiro\/pdf\/Relat%C3%B3rio%20Anual%20do%20Tribunal%20Judicial%20da%20Comarca%20de%20Aveiro%20-%202024.pdf\" target=\"_blank\" rel=\"noopener\">Relat\u00f3rio Anual 2024 &#8211; Documento<\/a><\/strong><\/span><\/p><p>O Relat\u00f3rio Anual da Comarca referente ao ano 2023, mostra-se dispon\u00edvel para consulta:<\/p><p><a href=\"https:\/\/comarcas.tribunais.org.pt\/comarcas\/pdf2\/aveiro\/pdf\/Relat%C3%B3rio%20Anual%20do%20Tribunal%20Judicial%20da%20Comarca%20de%20Aveiro%20-%202023.pdf\" target=\"_blank\" rel=\"noopener\"><strong><span style=\"text-decoration: underline;\">Relat\u00f3rio Anual 2023 &#8211; Documento<\/span><\/strong><\/a><\/p><\/div>\n\t\t\t\t\t\t\t\t\t<div class=\"elementor-tab-title elementor-tab-mobile-title\" aria-selected=\"false\" data-tab=\"2\" role=\"tab\" tabindex=\"-1\" aria-controls=\"elementor-tab-content-2052\" aria-expanded=\"false\">Plano de atividades<\/div>\n\t\t\t\t\t<div id=\"elementor-tab-content-2052\" class=\"elementor-tab-content elementor-clearfix\" data-tab=\"2\" role=\"tabpanel\" aria-labelledby=\"elementor-tab-title-2052\" tabindex=\"0\" hidden=\"hidden\"><p><strong>Plano anual de atividades da Comarca de Aveiro<\/strong><\/p><p><b>A publicar em breve&#8230;<\/b><\/p><\/div>\n\t\t\t\t\t\t\t\t\t<div class=\"elementor-tab-title elementor-tab-mobile-title\" aria-selected=\"false\" data-tab=\"3\" role=\"tab\" tabindex=\"-1\" aria-controls=\"elementor-tab-content-2053\" aria-expanded=\"false\">Relat\u00f3rio de atividades<\/div>\n\t\t\t\t\t<div id=\"elementor-tab-content-2053\" class=\"elementor-tab-content elementor-clearfix\" data-tab=\"3\" role=\"tabpanel\" aria-labelledby=\"elementor-tab-title-2053\" tabindex=\"0\" hidden=\"hidden\"><p><strong>Relat\u00f3rio de atividades da Comarca de Aveiro<\/strong><\/p><p><b>A publicar em breve&#8230;<\/b><\/p><\/div>\n\t\t\t\t\t\t\t\t\t<div class=\"elementor-tab-title elementor-tab-mobile-title\" aria-selected=\"false\" data-tab=\"4\" role=\"tab\" tabindex=\"-1\" aria-controls=\"elementor-tab-content-2054\" aria-expanded=\"false\">Medidas de gest\u00e3o<\/div>\n\t\t\t\t\t<div id=\"elementor-tab-content-2054\" class=\"elementor-tab-content elementor-clearfix\" data-tab=\"4\" role=\"tabpanel\" aria-labelledby=\"elementor-tab-title-2054\" tabindex=\"0\" hidden=\"hidden\"><p><strong>Medidas de gest\u00e3o<\/strong><\/p><h6>Leva-se ao conhecimento as seguintes <b>Medidas Gestion\u00e1rias relativas ao ano 2026:<\/b>\u00a0<\/h6><ul><li><u style=\"background-color: transparent; font-size: 14px; letter-spacing: 0.3px;\"><a style=\"color: #333333; transition-property: all; outline: 0px;\" href=\"https:\/\/comarcas.csm.org.pt\/aveiro\/wp-content\/uploads\/sites\/5\/2026\/01\/Medida-de-Gestao-no-Juizo-Local-Criminal-de-Oliveira-de-Azemeis-1.pdf\" target=\"_blank\" rel=\"noopener\">Medida de Gest\u00e3o do Ju\u00edzo Local Criminal de Oliveira de Azem\u00e9is<\/a>;<\/u><\/li><li><u style=\"background-color: transparent; font-size: 14px; letter-spacing: 0.3px;\"><a style=\"color: #333333; transition-property: all; outline: 0px;\" href=\"https:\/\/comarcas.csm.org.pt\/aveiro\/wp-content\/uploads\/sites\/5\/2026\/01\/Medida-de-Gestao-no-Juizo-Central-Criminal-de-Santa-Maria-da-Feira.pdf\" target=\"_blank\" rel=\"noopener\">Medida de Gest\u00e3o do Ju\u00edzo Central Criminal de Santa Maria da Feira<\/a>;<\/u><\/li><li><u style=\"background-color: transparent; font-size: 14px; letter-spacing: 0.3px;\"><a style=\"color: #333333; transition-property: all; outline: 0px;\" href=\"https:\/\/comarcas.csm.org.pt\/aveiro\/wp-content\/uploads\/sites\/5\/2026\/02\/Medida-de-Gestao-no-Juizo-Central-Civel-de-Santa-Maria-da-Feira.pdf\" target=\"_blank\" rel=\"noopener\">Medida de Gest\u00e3o do Ju\u00edzo Central C\u00edvel de Santa Maria da Feira<\/a>;<\/u><\/li><li><a href=\"https:\/\/comarcas.csm.org.pt\/aveiro\/wp-content\/uploads\/sites\/5\/2026\/03\/Medida-de-Gestao-no-Juizo-de-Competencia-Generica-de-Arouca.pdf\"><span style=\"text-decoration: underline;\">Medida de Compet\u00eancia Gen\u00e9rica de Arouca;<\/span><\/a><\/li><li><a href=\"https:\/\/comarcas.csm.org.pt\/aveiro\/wp-content\/uploads\/sites\/5\/2026\/03\/Medida-de-Gestao-no-Juizo-Central-Civel-de-Santa-Maria-da-Feira-Juiz-2.pdf\"><span style=\"text-decoration: underline;\">Medida de Gest\u00e3o do Ju\u00edzo Central C\u00edvel de Santa Maria da Feira;<\/span><\/a><\/li><li><span style=\"text-decoration: underline;\"><a href=\"https:\/\/comarcas.csm.org.pt\/aveiro\/wp-content\/uploads\/sites\/5\/2026\/03\/Medida-de-Gestao-no-Juizo-Local-Criminal-de-Agueda.pdf\">Medida de Gest\u00e3o do Ju\u00edzo Local Criminal de \u00c1gueda<\/a>;<\/span><\/li><li><a href=\"https:\/\/comarcas.csm.org.pt\/aveiro\/wp-content\/uploads\/sites\/5\/2026\/04\/Medida-de-Gestao-no-Juizo-Central-Criminal-de-Santa-Maria-da-Feira_cont-1.pdf\"><span style=\"text-decoration: underline;\">Medida de Gest\u00e3o do Ju\u00edzo Central Criminal de Santa Maria da Feira &#8211; prorroga\u00e7\u00e3o;<\/span><\/a><\/li><\/ul><h6>Leva-se ao conhecimento as seguintes <b>Medidas Gestion\u00e1rias relativas ao ano 2025:<\/b>\u00a0<\/h6><ul><li><u style=\"background-color: transparent; font-size: 14px; letter-spacing: 0.3px;\"><a style=\"color: #333333; transition-property: all; outline: 0px;\" href=\"https:\/\/comarcas.csm.org.pt\/aveiro\/wp-content\/uploads\/sites\/5\/2025\/07\/Medidas-de-Gestao-art.o-6-do-RARJ-Juizo-Local-Criminal-de-OAZ.pdf\" target=\"_blank\" rel=\"noopener\">Medida de Gest\u00e3o do Ju\u00edzo Local Criminal de Oliveira de Azem\u00e9is<\/a>;<\/u><\/li><li><a style=\"color: #333333; transition-property: all; outline: 0px;\" href=\"https:\/\/comarcas.csm.org.pt\/aveiro\/wp-content\/uploads\/sites\/5\/2025\/07\/Medidas-de-Gestao-art.o-8-do-RARJ-Juizo-de-Competencia-Generica-Vagos-NOVO.pdf\" target=\"_blank\" rel=\"noopener\"><u>Medida de Gest\u00e3o no Ju\u00edzo de Compet\u00eancia Gen\u00e9rica de Vagos;<\/u><\/a><\/li><li><u><a style=\"color: #333333; transition-property: all; outline: 0px;\" href=\"https:\/\/comarcas.csm.org.pt\/aveiro\/wp-content\/uploads\/sites\/5\/2025\/07\/Medidas-de-Gestao-art-6-OAZ-e-Anadia.pdf\" target=\"_blank\" rel=\"noopener\">Medida de Gest\u00e3o do Ju\u00edzo de Compet\u00eancia Gen\u00e9rica de Oliveira de Azem\u00e9is agregado com o Ju\u00edzo de Compet\u00eancia Gen\u00e9rica de Anadia<\/a>;<\/u><\/li><li><a style=\"color: #333333; transition-property: all; outline: 0px;\" href=\"https:\/\/comarcas.csm.org.pt\/aveiro\/wp-content\/uploads\/sites\/5\/2025\/07\/Medidas-de-Gestao-art-6-Comercio-Aveiro.pdf\" target=\"_blank\" rel=\"noopener\"><u>Medida de Gest\u00e3o no Ju\u00edzo de Com\u00e9rcio de Aveiro<\/u><\/a>;<\/li><li><a style=\"color: #333333; transition-property: all; outline: 0px;\" href=\"https:\/\/comarcas.csm.org.pt\/aveiro\/wp-content\/uploads\/sites\/5\/2025\/07\/Medidas-de-Gestao-art-6-Local-Civel-de-OAZ.pdf\" target=\"_blank\" rel=\"noopener\"><u>Medida de Gest\u00e3o do Ju\u00edzo Local C\u00edvel de Oliveira de Azem\u00e9is<\/u><\/a>;<\/li><li><span style=\"text-decoration: underline;\"><a href=\"https:\/\/comarcas.csm.org.pt\/aveiro\/wp-content\/uploads\/sites\/5\/2025\/09\/Medidas-de-Gestao-no-Juizo-Local-Civel-de-Oliveira-de-Azemeis-Renovacao.pdf\">Medida de Gest\u00e3o no Ju\u00edzo Local C\u00edvel de Oliveira de Azem\u00e9is &#8211; Renova\u00e7\u00e3o<\/a><\/span>;<\/li><li><a href=\"https:\/\/comarcas.csm.org.pt\/aveiro\/wp-content\/uploads\/sites\/5\/2025\/09\/Medidas-de-Gestao-no-Juizo-de-Familia-e-Menores-de-Oliveira-do-Bairro-renovacao.pdf\"><span style=\"text-decoration: underline;\">Medida de Gest\u00e3o no Ju\u00edzo de Fam\u00edlia e Menores de Oliveira do Bairro &#8211; Renova\u00e7\u00e3o<\/span>;<\/a><\/li><li><a href=\"https:\/\/comarcas.csm.org.pt\/aveiro\/wp-content\/uploads\/sites\/5\/2025\/09\/Medida-de-Gestao-no-Juizo-de-Comercio-de-Aveiro-\u2013-Juiz-2-\u2013-deslocalizado-para-Anadia-\u2013-Renovacao.pdf\"><span style=\"text-decoration: underline;\">Medida de Gest\u00e3o no Ju\u00edzo do Com\u00e9rcio de Aveiro deslocalizado para Anadia<\/span><\/a>;<\/li><li><a href=\"https:\/\/comarcas.csm.org.pt\/aveiro\/wp-content\/uploads\/sites\/5\/2025\/09\/Medida-de-Gestao-no-Juizo-Central-Criminal-de-Aveiro.pdf\"><span style=\"text-decoration: underline;\">Medida de Gest\u00e3o no Ju\u00edzo Central Criminal de Aveiro<\/span><\/a>;<\/li><li><a href=\"https:\/\/comarcas.csm.org.pt\/aveiro\/wp-content\/uploads\/sites\/5\/2025\/09\/Medida-de-Gestao-no-Juizo-Local-Criminal-de-Oliveira-de-Azemeis.pdf\"><span style=\"text-decoration: underline;\">Medida de Gest\u00e3o no Ju\u00edzo Local Criminal de Oliveira de Azem\u00e9is<\/span>;<\/a><\/li><li><span style=\"text-decoration: underline;\"><a href=\"https:\/\/comarcas.csm.org.pt\/aveiro\/wp-content\/uploads\/sites\/5\/2025\/09\/Medida-de-Gestao-no-Juizo-Local-Criminal-de-Aveiro-Juiz-1.pdf\">Medida de Gest\u00e3o no Ju\u00edzo Local Criminal de Aveiro<\/a>;<\/span><\/li><li><a href=\"https:\/\/comarcas.csm.org.pt\/aveiro\/wp-content\/uploads\/sites\/5\/2025\/09\/Medida-de-Gestao-no-Juizo-Central-Civel-de-Santa-Maria-da-Feira-\u2013-Juiz-2.pdf\"><span style=\"text-decoration: underline;\">Medida de Gest\u00e3o no Ju\u00edzo Central C\u00edvel de Santa Maria da Feira<b>;<\/b><\/span><\/a><\/li><li><span style=\"text-decoration: underline;\"><a href=\"https:\/\/comarcas.csm.org.pt\/aveiro\/wp-content\/uploads\/sites\/5\/2025\/11\/Medida-de-Gestao-no-Juizo-Central-Civel-de-Aveiro-Juiz-3.pdf\">Medida de Gest\u00e3o no Ju\u00edzo Central C\u00edvel de Aveiro<\/a>;<\/span><\/li><li><span style=\"text-decoration: underline;\"><a href=\"https:\/\/comarcas.csm.org.pt\/aveiro\/wp-content\/uploads\/sites\/5\/2025\/12\/Medida-de-Gestao-no-Juizo-do-Trabalho-de-Oliveira-de-Azemeis-1.pdf\">Medida de Gest\u00e3o no Ju\u00edzo do Trabalho de Oliveira de Azem\u00e9is<\/a>;<\/span><\/li><li><span style=\"text-decoration: underline;\"><a href=\"https:\/\/comarcas.csm.org.pt\/aveiro\/wp-content\/uploads\/sites\/5\/2025\/12\/Medida-de-Gestao-no-Juizo-Central-Civel-de-Santa-Maria-da-Feira.pdf\">Medida de Gest\u00e3o no Ju\u00edzo Central C\u00edvel de Santa Maria da Feira<\/a>;<\/span><\/li><\/ul><\/div>\n\t\t\t\t\t\t\t\t\t<div class=\"elementor-tab-title elementor-tab-mobile-title\" aria-selected=\"false\" data-tab=\"5\" role=\"tab\" tabindex=\"-1\" aria-controls=\"elementor-tab-content-2055\" aria-expanded=\"false\">Turnos<\/div>\n\t\t\t\t\t<div id=\"elementor-tab-content-2055\" class=\"elementor-tab-content elementor-clearfix\" data-tab=\"5\" role=\"tabpanel\" aria-labelledby=\"elementor-tab-title-2055\" tabindex=\"0\" hidden=\"hidden\"><p style=\"margin-bottom: 32px; letter-spacing: 0.3px;\"><strong>Turnos do Tribunal Judicial da Comarca de Aveiro<\/strong><\/p><p style=\"margin-bottom: 32px; letter-spacing: 0.3px;\">Ao abrigo do disposto no artigo 36.\u00ba, n.\u00ba 2 da Lei da Organiza\u00e7\u00e3o do Sistema Judici\u00e1rio e 55.\u00ba, n.\u00ba 2 do Regulamento da Organiza\u00e7\u00e3o do Sistema Judici\u00e1rio e Organiza\u00e7\u00e3o e Funcionamento dos Tribunais Judiciais, \u00e9 publicado\u00a0<strong>o mapa de turnos anual<\/strong>\u00a0do\u00a0<strong>Tribunal Judicial da Comarca de Aveiro<\/strong>\u00a0relativo ao servi\u00e7o urgente previsto no C\u00f3digo de Processo Penal, na lei de coopera\u00e7\u00e3o judici\u00e1ria internacional em mat\u00e9ria penal, na lei de sa\u00fade mental, na lei de prote\u00e7\u00e3o de\u00a0 crian\u00e7as e jovens em perigo, na lei tutelar educativa e no regime jur\u00eddico de entrada, perman\u00eancia, sa\u00edda e afastamento de estrangeiros em territ\u00f3rio nacional que deva ser executado aos s\u00e1bados, nos feriados que recaiam em segunda-feira e no segundo dia feriado, em caso de feriados consecutivos.<\/p><p><span style=\"text-decoration: underline;\"><strong><a href=\"https:\/\/comarcas.csm.org.pt\/aveiro\/wp-content\/uploads\/sites\/5\/2025\/10\/Mapa-de-Turnos-2026.pdf\">Mapa de turnos 2026<\/a><\/strong><\/span><\/p><p style=\"margin-bottom: 32px; letter-spacing: 0.3px;\"><a href=\"https:\/\/comarcas.csm.org.pt\/aveiro\/wp-content\/uploads\/sites\/5\/2025\/07\/Mapa-de-turnos-de-sabados-feriados-em-2as-feiras-e-2o-dia-feriado-consecutivo-ano-de-2025.pdf\" target=\"_blank\" rel=\"noopener\"><b><u>Mapa de turnos 2025<\/u><\/b><\/a><\/p><\/div>\n\t\t\t\t\t\t\t\t\t<div class=\"elementor-tab-title elementor-tab-mobile-title\" aria-selected=\"false\" data-tab=\"6\" role=\"tab\" tabindex=\"-1\" aria-controls=\"elementor-tab-content-2056\" aria-expanded=\"false\">Despachos e orienta\u00e7\u00f5es relevantes<\/div>\n\t\t\t\t\t<div id=\"elementor-tab-content-2056\" class=\"elementor-tab-content elementor-clearfix\" data-tab=\"6\" role=\"tabpanel\" aria-labelledby=\"elementor-tab-title-2056\" tabindex=\"0\" hidden=\"hidden\"><h6><b>Publica\u00e7\u00e3o das decis\u00f5es dos Tribunais de 1.\u00aa Inst\u00e2ncia:<\/b><\/h6><ul><li><a href=\"https:\/\/comarcas.csm.org.pt\/aveiro\/wp-content\/uploads\/sites\/5\/2025\/07\/Uniformizacao-dos-criterios-de-Selecao_Tratamento-e-Publicacao_CSM.pdf\" target=\"_blank\" rel=\"noopener\"><u>Orienta\u00e7\u00f5es do Juiz Presidente sobre a publica\u00e7\u00e3o de Jurisprud\u00eancia de 1.\u00aa Inst\u00e2ncia<\/u>;<\/a><\/li><li><p style=\"margin-bottom: 0.5em; font-family: 'Advent Pro', sans-serif; color: #555555;\"><a style=\"letter-spacing: 0.3px;\" href=\"https:\/\/comarcas.csm.org.pt\/aveiro\/wp-content\/uploads\/sites\/5\/2025\/07\/Proposta-do-Grupo-de-Trabalho.pdf\" target=\"_blank\" rel=\"noopener\"><u>Proposta do Grupo de Trabalho<\/u><\/a>\u00a0&#8211; Defini\u00e7\u00e3o dos\u00a0<span style=\"background-color: transparent;\">crit\u00e9rios de sele\u00e7\u00e3o e de publica\u00e7\u00e3o das decis\u00f5es<br \/><\/span>dos Tribunais da primeira inst\u00e2ncia, do tratamento e do procedimento a adotar na elabora\u00e7\u00e3o dos<br \/><span style=\"background-color: transparent;\">sum\u00e1rios e dos respetivos descritores das decis\u00f5es.<\/span><\/p><\/li><li><p style=\"margin-bottom: 0.5em;\"><a href=\"https:\/\/comarcas.csm.org.pt\/aveiro\/wp-content\/uploads\/sites\/5\/2025\/07\/Uniformizacao-dos-criterios-de-Selecao_Tratamento-e-Publicacao_CSM.pdf\" target=\"_blank\" rel=\"noopener\"><u>Grupo de Trabalho &#8211;\u00a0Uniformiza\u00e7\u00e3o dos Crit\u00e9rios de Sele\u00e7\u00e3o, Tratamento, Procedimento e Publica\u00e7\u00e3o das<\/u><\/a><\/p><p><u>Decis\u00f5es dos Tribunais de Primeira Inst\u00e2ncia<\/u>;<\/p><\/li><li><p style=\"margin-bottom: 0.5em;\"><a style=\"letter-spacing: 0.3px;\" href=\"https:\/\/comarcas.csm.org.pt\/aveiro\/wp-content\/uploads\/sites\/5\/2025\/07\/Procedimento_Orientacoes-Conselho-Superior-da-Magistratura.pdf\" target=\"_blank\" rel=\"noopener\"><u>Publica\u00e7\u00e3o das Decis\u00f5es Judiciais de Primeira Inst\u00e2ncia<\/u><\/a>\u00a0&#8211;\u00a0<span style=\"background-color: transparent; letter-spacing: 0.3px;\">Procedimento &#8211; CSM<\/span><\/p><\/li><li><p style=\"margin-bottom: 0.5em;\"><span style=\"background-color: transparent; letter-spacing: 0.3px;\"><a href=\"https:\/\/comarcas.csm.org.pt\/aveiro\/wp-content\/uploads\/sites\/5\/2025\/07\/Plano-de-Acao-para-Analise_selecao-e-Anonimizacao_CSM.pdf\" target=\"_blank\" rel=\"noopener\"><u>Plano de A\u00e7\u00e3o para An\u00e1lise, Sele\u00e7\u00e3o, Anonimiza\u00e7\u00e3o e Publica\u00e7\u00e3o Online de\u00a0Decis\u00f5es Judiciais<\/u><\/a>\u00a0&#8211; CSM<\/span><\/p><\/li><\/ul><\/div>\n\t\t\t\t\t\t\t<\/div>\n\t\t<\/div>\n\t\t\t\t\t\t<\/div>\n\t\t\t\t<\/div>\n\t\t\t\t\t<\/div>\n\t\t\t\t<\/div>\n\t\t\t\t<\/div>\n\t\t","protected":false},"excerpt":{"rendered":"<p>Relat\u00f3rio Anual da Comarca Plano de atividades Relat\u00f3rio de atividades Medidas de gest\u00e3o Turnos Despachos e orienta\u00e7\u00f5es relevantes Relat\u00f3rio Anual da Comarca Consulte nesta \u00e1rea os Relat\u00f3rios Anuais da Comarca de Aveiro O Relat\u00f3rio Anual da Comarca referente ao ano 2025, mostra-se dispon\u00edvel para consulta: Relat\u00f3rio Anual 2025 &#8211; Documento O Relat\u00f3rio Anual da Comarca&#8230;<\/p>\n","protected":false},"author":1,"featured_media":0,"parent":0,"menu_order":0,"comment_status":"closed","ping_status":"closed","template":"","meta":{"_tbt_post_transparent":"","_tbt_post_title":"","_tbt_post_layout":"","_tbt_post_sidebar_id":"","_tbt_post_content_style":"","_tbt_post_vertical_padding":"","_tbt_post_feature":"","_tbt_post_feature_position":"","_tbt_post_header":false,"_tbt_post_footer":false},"class_list":["post-11330","page","type-page","status-publish","hentry"],"yoast_head":"<!-- This site is optimized with the Yoast SEO plugin v25.6 - https:\/\/yoast.com\/wordpress\/plugins\/seo\/ -->\n<title>Instrumentos de Gest\u00e3o - Tribunal Judicial da Comarca de Aveiro<\/title>\n<meta name=\"robots\" content=\"index, follow, max-snippet:-1, max-image-preview:large, max-video-preview:-1\" \/>\n<link rel=\"canonical\" href=\"https:\/\/comarcas.csm.org.pt\/aveiro\/instrumentos-de-gestao\/\" \/>\n<meta property=\"og:locale\" content=\"pt_PT\" \/>\n<meta property=\"og:type\" content=\"article\" \/>\n<meta property=\"og:title\" content=\"Instrumentos de Gest\u00e3o - Tribunal Judicial da Comarca de Aveiro\" \/>\n<meta property=\"og:description\" content=\"Relat\u00f3rio Anual da Comarca Plano de atividades Relat\u00f3rio de atividades Medidas de gest\u00e3o Turnos Despachos e orienta\u00e7\u00f5es relevantes Relat\u00f3rio Anual da Comarca Consulte nesta \u00e1rea os Relat\u00f3rios Anuais da Comarca de Aveiro O Relat\u00f3rio Anual da Comarca referente ao ano 2025, mostra-se dispon\u00edvel para consulta: Relat\u00f3rio Anual 2025 &#8211; Documento O Relat\u00f3rio Anual da Comarca...\" \/>\n<meta property=\"og:url\" content=\"https:\/\/comarcas.csm.org.pt\/aveiro\/instrumentos-de-gestao\/\" \/>\n<meta property=\"og:site_name\" content=\"Tribunal Judicial da Comarca de Aveiro\" \/>\n<meta property=\"article:modified_time\" content=\"2026-04-17T15:21:52+00:00\" \/>\n<meta name=\"twitter:card\" content=\"summary_large_image\" \/>\n<meta name=\"twitter:label1\" content=\"Tempo estimado de leitura\" \/>\n\t<meta name=\"twitter:data1\" content=\"4 minutos\" \/>\n<script type=\"application\/ld+json\" class=\"yoast-schema-graph\">{\"@context\":\"https:\/\/schema.org\",\"@graph\":[{\"@type\":\"WebPage\",\"@id\":\"https:\/\/comarcas.csm.org.pt\/aveiro\/instrumentos-de-gestao\/\",\"url\":\"https:\/\/comarcas.csm.org.pt\/aveiro\/instrumentos-de-gestao\/\",\"name\":\"Instrumentos de Gest\u00e3o - Tribunal Judicial da Comarca de Aveiro\",\"isPartOf\":{\"@id\":\"https:\/\/comarcas.csm.org.pt\/aveiro\/#website\"},\"datePublished\":\"2024-05-22T09:33:02+00:00\",\"dateModified\":\"2026-04-17T15:21:52+00:00\",\"breadcrumb\":{\"@id\":\"https:\/\/comarcas.csm.org.pt\/aveiro\/instrumentos-de-gestao\/#breadcrumb\"},\"inLanguage\":\"pt-PT\",\"potentialAction\":[{\"@type\":\"ReadAction\",\"target\":[\"https:\/\/comarcas.csm.org.pt\/aveiro\/instrumentos-de-gestao\/\"]}]},{\"@type\":\"BreadcrumbList\",\"@id\":\"https:\/\/comarcas.csm.org.pt\/aveiro\/instrumentos-de-gestao\/#breadcrumb\",\"itemListElement\":[{\"@type\":\"ListItem\",\"position\":1,\"name\":\"In\u00edcio\",\"item\":\"https:\/\/comarcas.csm.org.pt\/aveiro\/\"},{\"@type\":\"ListItem\",\"position\":2,\"name\":\"Instrumentos de Gest\u00e3o\"}]},{\"@type\":\"WebSite\",\"@id\":\"https:\/\/comarcas.csm.org.pt\/aveiro\/#website\",\"url\":\"https:\/\/comarcas.csm.org.pt\/aveiro\/\",\"name\":\"Tribunal Judicial da Comarca de Aveiro\",\"description\":\"Tribunal Judicial da Comarca de Aveiro\",\"publisher\":{\"@id\":\"https:\/\/comarcas.csm.org.pt\/aveiro\/#organization\"},\"potentialAction\":[{\"@type\":\"SearchAction\",\"target\":{\"@type\":\"EntryPoint\",\"urlTemplate\":\"https:\/\/comarcas.csm.org.pt\/aveiro\/?s={search_term_string}\"},\"query-input\":{\"@type\":\"PropertyValueSpecification\",\"valueRequired\":true,\"valueName\":\"search_term_string\"}}],\"inLanguage\":\"pt-PT\"},{\"@type\":\"Organization\",\"@id\":\"https:\/\/comarcas.csm.org.pt\/aveiro\/#organization\",\"name\":\"Tribunal Judicial da Comarca de Aveiro\",\"url\":\"https:\/\/comarcas.csm.org.pt\/aveiro\/\",\"logo\":{\"@type\":\"ImageObject\",\"inLanguage\":\"pt-PT\",\"@id\":\"https:\/\/comarcas.csm.org.pt\/aveiro\/#\/schema\/logo\/image\/\",\"url\":\"https:\/\/comarcas.csm.org.pt\/aveiro\/wp-content\/uploads\/sites\/5\/2024\/09\/Aveiro_positivo-horizontal-1.png\",\"contentUrl\":\"https:\/\/comarcas.csm.org.pt\/aveiro\/wp-content\/uploads\/sites\/5\/2024\/09\/Aveiro_positivo-horizontal-1.png\",\"width\":5153,\"height\":890,\"caption\":\"Tribunal Judicial da Comarca de Aveiro\"},\"image\":{\"@id\":\"https:\/\/comarcas.csm.org.pt\/aveiro\/#\/schema\/logo\/image\/\"}}]}<\/script>\n<!-- \/ Yoast SEO plugin. -->","yoast_head_json":{"title":"Instrumentos de Gest\u00e3o - Tribunal Judicial da Comarca de Aveiro","robots":{"index":"index","follow":"follow","max-snippet":"max-snippet:-1","max-image-preview":"max-image-preview:large","max-video-preview":"max-video-preview:-1"},"canonical":"https:\/\/comarcas.csm.org.pt\/aveiro\/instrumentos-de-gestao\/","og_locale":"pt_PT","og_type":"article","og_title":"Instrumentos de Gest\u00e3o - Tribunal Judicial da Comarca de Aveiro","og_description":"Relat\u00f3rio Anual da Comarca Plano de atividades Relat\u00f3rio de atividades Medidas de gest\u00e3o Turnos Despachos e orienta\u00e7\u00f5es relevantes Relat\u00f3rio Anual da Comarca Consulte nesta \u00e1rea os Relat\u00f3rios Anuais da Comarca de Aveiro O Relat\u00f3rio Anual da Comarca referente ao ano 2025, mostra-se dispon\u00edvel para consulta: Relat\u00f3rio Anual 2025 &#8211; Documento O Relat\u00f3rio Anual da Comarca...","og_url":"https:\/\/comarcas.csm.org.pt\/aveiro\/instrumentos-de-gestao\/","og_site_name":"Tribunal Judicial da Comarca de Aveiro","article_modified_time":"2026-04-17T15:21:52+00:00","twitter_card":"summary_large_image","twitter_misc":{"Tempo estimado de leitura":"4 minutos"},"schema":{"@context":"https:\/\/schema.org","@graph":[{"@type":"WebPage","@id":"https:\/\/comarcas.csm.org.pt\/aveiro\/instrumentos-de-gestao\/","url":"https:\/\/comarcas.csm.org.pt\/aveiro\/instrumentos-de-gestao\/","name":"Instrumentos de Gest\u00e3o - Tribunal Judicial da Comarca de Aveiro","isPartOf":{"@id":"https:\/\/comarcas.csm.org.pt\/aveiro\/#website"},"datePublished":"2024-05-22T09:33:02+00:00","dateModified":"2026-04-17T15:21:52+00:00","breadcrumb":{"@id":"https:\/\/comarcas.csm.org.pt\/aveiro\/instrumentos-de-gestao\/#breadcrumb"},"inLanguage":"pt-PT","potentialAction":[{"@type":"ReadAction","target":["https:\/\/comarcas.csm.org.pt\/aveiro\/instrumentos-de-gestao\/"]}]},{"@type":"BreadcrumbList","@id":"https:\/\/comarcas.csm.org.pt\/aveiro\/instrumentos-de-gestao\/#breadcrumb","itemListElement":[{"@type":"ListItem","position":1,"name":"In\u00edcio","item":"https:\/\/comarcas.csm.org.pt\/aveiro\/"},{"@type":"ListItem","position":2,"name":"Instrumentos de Gest\u00e3o"}]},{"@type":"WebSite","@id":"https:\/\/comarcas.csm.org.pt\/aveiro\/#website","url":"https:\/\/comarcas.csm.org.pt\/aveiro\/","name":"Tribunal Judicial da Comarca de Aveiro","description":"Tribunal Judicial da Comarca de Aveiro","publisher":{"@id":"https:\/\/comarcas.csm.org.pt\/aveiro\/#organization"},"potentialAction":[{"@type":"SearchAction","target":{"@type":"EntryPoint","urlTemplate":"https:\/\/comarcas.csm.org.pt\/aveiro\/?s={search_term_string}"},"query-input":{"@type":"PropertyValueSpecification","valueRequired":true,"valueName":"search_term_string"}}],"inLanguage":"pt-PT"},{"@type":"Organization","@id":"https:\/\/comarcas.csm.org.pt\/aveiro\/#organization","name":"Tribunal Judicial da Comarca de Aveiro","url":"https:\/\/comarcas.csm.org.pt\/aveiro\/","logo":{"@type":"ImageObject","inLanguage":"pt-PT","@id":"https:\/\/comarcas.csm.org.pt\/aveiro\/#\/schema\/logo\/image\/","url":"https:\/\/comarcas.csm.org.pt\/aveiro\/wp-content\/uploads\/sites\/5\/2024\/09\/Aveiro_positivo-horizontal-1.png","contentUrl":"https:\/\/comarcas.csm.org.pt\/aveiro\/wp-content\/uploads\/sites\/5\/2024\/09\/Aveiro_positivo-horizontal-1.png","width":5153,"height":890,"caption":"Tribunal Judicial da Comarca de Aveiro"},"image":{"@id":"https:\/\/comarcas.csm.org.pt\/aveiro\/#\/schema\/logo\/image\/"}}]}},"_links":{"self":[{"href":"https:\/\/comarcas.csm.org.pt\/aveiro\/wp-json\/wp\/v2\/pages\/11330","targetHints":{"allow":["GET"]}}],"collection":[{"href":"https:\/\/comarcas.csm.org.pt\/aveiro\/wp-json\/wp\/v2\/pages"}],"about":[{"href":"https:\/\/comarcas.csm.org.pt\/aveiro\/wp-json\/wp\/v2\/types\/page"}],"author":[{"embeddable":true,"href":"https:\/\/comarcas.csm.org.pt\/aveiro\/wp-json\/wp\/v2\/users\/1"}],"replies":[{"embeddable":true,"href":"https:\/\/comarcas.csm.org.pt\/aveiro\/wp-json\/wp\/v2\/comments?post=11330"}],"version-history":[{"count":152,"href":"https:\/\/comarcas.csm.org.pt\/aveiro\/wp-json\/wp\/v2\/pages\/11330\/revisions"}],"predecessor-version":[{"id":13270,"href":"https:\/\/comarcas.csm.org.pt\/aveiro\/wp-json\/wp\/v2\/pages\/11330\/revisions\/13270"}],"wp:attachment":[{"href":"https:\/\/comarcas.csm.org.pt\/aveiro\/wp-json\/wp\/v2\/media?parent=11330"}],"curies":[{"name":"wp","href":"https:\/\/api.w.org\/{rel}","templated":true}]}}