{"id":11359,"date":"2024-05-22T11:36:09","date_gmt":"2024-05-22T11:36:09","guid":{"rendered":"https:\/\/aveiro.vvr.pt\/?page_id=11359"},"modified":"2025-06-20T09:46:15","modified_gmt":"2025-06-20T09:46:15","slug":"rgpd","status":"publish","type":"page","link":"https:\/\/comarcas.csm.org.pt\/aveiro\/cidadao\/rgpd\/","title":{"rendered":"RGPD"},"content":{"rendered":"\t\t<div data-elementor-type=\"wp-page\" data-elementor-id=\"11359\" class=\"elementor elementor-11359\" data-elementor-post-type=\"page\">\n\t\t\t\t<div class=\"elementor-element elementor-element-be4dfc3 e-flex e-con-boxed e-con e-parent\" data-id=\"be4dfc3\" data-element_type=\"container\">\n\t\t\t\t\t<div class=\"e-con-inner\">\n\t\t\t\t<div class=\"elementor-element elementor-element-2abfcd1 elementor-widget elementor-widget-text-editor\" data-id=\"2abfcd1\" data-element_type=\"widget\" data-widget_type=\"text-editor.default\">\n\t\t\t\t<div class=\"elementor-widget-container\">\n\t\t\t\t\t\t\t\t\t<p><\/p>\n<h4 class=\"wp-block-heading\"><strong>Regulamento Geral de Prote\u00e7\u00e3o de Dados<\/strong><\/h4>\n<div>\u00a0<\/div>\n<p>O Regulamento Geral sobre a Prote\u00e7\u00e3o de Dados (\u201cRGPD\u201d) entrou em vigor em maio de 2016 e \u00e9 aplic\u00e1vel em toda a Uni\u00e3o Europeia (UE) desde 25 de maio de 2018, tendo introduzido profundas altera\u00e7\u00f5es nas obriga\u00e7\u00f5es e nos deveres das organiza\u00e7\u00f5es em mat\u00e9ria de prote\u00e7\u00e3o de dados pessoais, das quais se destacam as seguintes:<\/p>\n<p>1. Cria\u00e7\u00e3o de novos direitos dos titulares dos dados pessoais, como o direito \u00e0 portabilidade dos dados, o direito ao esquecimento, o direito de acesso, o direito \u00e0 retifica\u00e7\u00e3o, o direito ao apagamento, o direito \u00e0 oposi\u00e7\u00e3o e \u00e0 revoga\u00e7\u00e3o do consentimento, a limita\u00e7\u00e3o ao tratamento necess\u00e1rio \u00e0 finalidade;<\/p>\n<p>2. Introdu\u00e7\u00e3o de novas regras de responsabiliza\u00e7\u00e3o dos fornecedores de bens e prestadores de servi\u00e7os que tratam dados pessoais por conta do respons\u00e1vel pelo tratamento (os designados \u201csubcontratantes\u201d) quanto ao cumprimento do RGPD;<\/p>\n<p>3. Introdu\u00e7\u00e3o de novas exig\u00eancias quanto \u00e0 validade da recolha do consentimento do titular para o tratamento de dados pessoais (manifesta\u00e7\u00e3o de vontade expressa, livre, espec\u00edfica, informada e inequ\u00edvoca do titular dos dados);<\/p>\n<p>4. Cria\u00e7\u00e3o de uma nova fun\u00e7\u00e3o atrav\u00e9s da figura do Encarregado da Prote\u00e7\u00e3o de Dados (Data Protection Officer), que reporta ao mais alto n\u00edvel da \u201cDire\u00e7\u00e3o\u201d e tem por fun\u00e7\u00e3o zelar pelo cumprimento das obriga\u00e7\u00f5es do RGPD e servir de elo de liga\u00e7\u00e3o com a Autoridade de Controlo Nacional (a Comiss\u00e3o Nacional de Prote\u00e7\u00e3o de Dados \u2013 CNPD), e com os titulares dos dados pessoais.<\/p>\n<p>Em virtude das atribui\u00e7\u00f5es constitucionais e legais do<b> Conselho Superior da Magistratura (CSM)<\/b>, essa implementa\u00e7\u00e3o assume duas dimens\u00f5es simult\u00e2neas: uma relativa aos dados judiciais \u2013 aqueles constantes dos processos judiciais \u2013 e a outra, aos dados pessoais depositados no pr\u00f3prio CSM \u2013 relativos ao corpo de funcion\u00e1rios que aqui prestam fun\u00e7\u00f5es, a todo o conjunto dos magistrados judiciais, e aos restantes cidad\u00e3os que se nos dirigem.<\/p>\n<p>O Conselho Superior da Magistratura, enquanto respons\u00e1vel pelo tratamento de dados, com a supervis\u00e3o do Encarregado de Prote\u00e7\u00e3o de Dados (EPD\/DPO), desde o in\u00edcio da entrada em vigor do RGPD tem vindo a tomar as medidas necess\u00e1rias para cumprir e comprovar o cumprimento do Regulamento e a adequa\u00e7\u00e3o e efic\u00e1cia das medidas t\u00e9cnicas e organizativas implementadas.<\/p>\n<p>Neste sentido, o Conselho Superior da Magistratura enquanto \u00f3rg\u00e3o superior de gest\u00e3o e disciplina da magistratura judicial, assume um claro compromisso pela conformidade das regras impostas pelo Regulamento Geral da Prote\u00e7\u00e3o de Dados, assegurando aos titulares dos dados pessoais a efetividade do exerc\u00edcio dos seus direitos e colocando ao dispor a sua Pol\u00edtica de Privacidade e Prote\u00e7\u00e3o de Dados Pessoais.<\/p>\n<p><\/p>\t\t\t\t\t\t\t\t<\/div>\n\t\t\t\t<\/div>\n\t\t\t\t\t<\/div>\n\t\t\t\t<\/div>\n\t\t\t\t<\/div>\n\t\t","protected":false},"excerpt":{"rendered":"<p>Regulamento Geral de Prote\u00e7\u00e3o de Dados \u00a0 O Regulamento Geral sobre a Prote\u00e7\u00e3o de Dados (\u201cRGPD\u201d) entrou em vigor em maio de 2016 e \u00e9 aplic\u00e1vel em toda a Uni\u00e3o Europeia (UE) desde 25 de maio de 2018, tendo introduzido profundas altera\u00e7\u00f5es nas obriga\u00e7\u00f5es e nos deveres das organiza\u00e7\u00f5es em mat\u00e9ria de prote\u00e7\u00e3o de dados&#8230;<\/p>\n","protected":false},"author":1,"featured_media":0,"parent":11404,"menu_order":0,"comment_status":"closed","ping_status":"closed","template":"","meta":{"_tbt_post_transparent":"","_tbt_post_title":"","_tbt_post_layout":"","_tbt_post_sidebar_id":"","_tbt_post_content_style":"","_tbt_post_vertical_padding":"","_tbt_post_feature":"","_tbt_post_feature_position":"","_tbt_post_header":false,"_tbt_post_footer":false},"class_list":["post-11359","page","type-page","status-publish","hentry"],"yoast_head":"<!-- This site is optimized with the Yoast SEO plugin v25.6 - https:\/\/yoast.com\/wordpress\/plugins\/seo\/ -->\n<title>RGPD - Tribunal Judicial da Comarca de Aveiro<\/title>\n<meta name=\"robots\" content=\"index, follow, max-snippet:-1, max-image-preview:large, max-video-preview:-1\" \/>\n<link rel=\"canonical\" href=\"https:\/\/comarcas.csm.org.pt\/aveiro\/cidadao\/rgpd\/\" \/>\n<meta property=\"og:locale\" content=\"pt_PT\" \/>\n<meta property=\"og:type\" content=\"article\" \/>\n<meta property=\"og:title\" content=\"RGPD - Tribunal Judicial da Comarca de Aveiro\" \/>\n<meta property=\"og:description\" content=\"Regulamento Geral de Prote\u00e7\u00e3o de Dados \u00a0 O Regulamento Geral sobre a Prote\u00e7\u00e3o de Dados (\u201cRGPD\u201d) entrou em vigor em maio de 2016 e \u00e9 aplic\u00e1vel em toda a Uni\u00e3o Europeia (UE) desde 25 de maio de 2018, tendo introduzido profundas altera\u00e7\u00f5es nas obriga\u00e7\u00f5es e nos deveres das organiza\u00e7\u00f5es em mat\u00e9ria de prote\u00e7\u00e3o de dados...\" \/>\n<meta property=\"og:url\" content=\"https:\/\/comarcas.csm.org.pt\/aveiro\/cidadao\/rgpd\/\" \/>\n<meta property=\"og:site_name\" content=\"Tribunal Judicial da Comarca de Aveiro\" \/>\n<meta property=\"article:modified_time\" content=\"2025-06-20T09:46:15+00:00\" \/>\n<meta name=\"twitter:card\" content=\"summary_large_image\" \/>\n<meta name=\"twitter:label1\" content=\"Tempo estimado de leitura\" \/>\n\t<meta name=\"twitter:data1\" content=\"3 minutos\" \/>\n<script type=\"application\/ld+json\" class=\"yoast-schema-graph\">{\"@context\":\"https:\/\/schema.org\",\"@graph\":[{\"@type\":\"WebPage\",\"@id\":\"https:\/\/comarcas.csm.org.pt\/aveiro\/cidadao\/rgpd\/\",\"url\":\"https:\/\/comarcas.csm.org.pt\/aveiro\/cidadao\/rgpd\/\",\"name\":\"RGPD - Tribunal Judicial da Comarca de Aveiro\",\"isPartOf\":{\"@id\":\"https:\/\/comarcas.csm.org.pt\/aveiro\/#website\"},\"datePublished\":\"2024-05-22T11:36:09+00:00\",\"dateModified\":\"2025-06-20T09:46:15+00:00\",\"breadcrumb\":{\"@id\":\"https:\/\/comarcas.csm.org.pt\/aveiro\/cidadao\/rgpd\/#breadcrumb\"},\"inLanguage\":\"pt-PT\",\"potentialAction\":[{\"@type\":\"ReadAction\",\"target\":[\"https:\/\/comarcas.csm.org.pt\/aveiro\/cidadao\/rgpd\/\"]}]},{\"@type\":\"BreadcrumbList\",\"@id\":\"https:\/\/comarcas.csm.org.pt\/aveiro\/cidadao\/rgpd\/#breadcrumb\",\"itemListElement\":[{\"@type\":\"ListItem\",\"position\":1,\"name\":\"In\u00edcio\",\"item\":\"https:\/\/comarcas.csm.org.pt\/aveiro\/\"},{\"@type\":\"ListItem\",\"position\":2,\"name\":\"Cidad\u00e3o\",\"item\":\"https:\/\/comarcas.csm.org.pt\/aveiro\/cidadao\/\"},{\"@type\":\"ListItem\",\"position\":3,\"name\":\"RGPD\"}]},{\"@type\":\"WebSite\",\"@id\":\"https:\/\/comarcas.csm.org.pt\/aveiro\/#website\",\"url\":\"https:\/\/comarcas.csm.org.pt\/aveiro\/\",\"name\":\"Tribunal Judicial da Comarca de Aveiro\",\"description\":\"Tribunal Judicial da Comarca de Aveiro\",\"publisher\":{\"@id\":\"https:\/\/comarcas.csm.org.pt\/aveiro\/#organization\"},\"potentialAction\":[{\"@type\":\"SearchAction\",\"target\":{\"@type\":\"EntryPoint\",\"urlTemplate\":\"https:\/\/comarcas.csm.org.pt\/aveiro\/?s={search_term_string}\"},\"query-input\":{\"@type\":\"PropertyValueSpecification\",\"valueRequired\":true,\"valueName\":\"search_term_string\"}}],\"inLanguage\":\"pt-PT\"},{\"@type\":\"Organization\",\"@id\":\"https:\/\/comarcas.csm.org.pt\/aveiro\/#organization\",\"name\":\"Tribunal Judicial da Comarca de Aveiro\",\"url\":\"https:\/\/comarcas.csm.org.pt\/aveiro\/\",\"logo\":{\"@type\":\"ImageObject\",\"inLanguage\":\"pt-PT\",\"@id\":\"https:\/\/comarcas.csm.org.pt\/aveiro\/#\/schema\/logo\/image\/\",\"url\":\"https:\/\/comarcas.csm.org.pt\/aveiro\/wp-content\/uploads\/sites\/5\/2024\/09\/Aveiro_positivo-horizontal-1.png\",\"contentUrl\":\"https:\/\/comarcas.csm.org.pt\/aveiro\/wp-content\/uploads\/sites\/5\/2024\/09\/Aveiro_positivo-horizontal-1.png\",\"width\":5153,\"height\":890,\"caption\":\"Tribunal Judicial da Comarca de Aveiro\"},\"image\":{\"@id\":\"https:\/\/comarcas.csm.org.pt\/aveiro\/#\/schema\/logo\/image\/\"}}]}<\/script>\n<!-- \/ Yoast SEO plugin. -->","yoast_head_json":{"title":"RGPD - Tribunal Judicial da Comarca de Aveiro","robots":{"index":"index","follow":"follow","max-snippet":"max-snippet:-1","max-image-preview":"max-image-preview:large","max-video-preview":"max-video-preview:-1"},"canonical":"https:\/\/comarcas.csm.org.pt\/aveiro\/cidadao\/rgpd\/","og_locale":"pt_PT","og_type":"article","og_title":"RGPD - Tribunal Judicial da Comarca de Aveiro","og_description":"Regulamento Geral de Prote\u00e7\u00e3o de Dados \u00a0 O Regulamento Geral sobre a Prote\u00e7\u00e3o de Dados (\u201cRGPD\u201d) entrou em vigor em maio de 2016 e \u00e9 aplic\u00e1vel em toda a Uni\u00e3o Europeia (UE) desde 25 de maio de 2018, tendo introduzido profundas altera\u00e7\u00f5es nas obriga\u00e7\u00f5es e nos deveres das organiza\u00e7\u00f5es em mat\u00e9ria de prote\u00e7\u00e3o de dados...","og_url":"https:\/\/comarcas.csm.org.pt\/aveiro\/cidadao\/rgpd\/","og_site_name":"Tribunal Judicial da Comarca de Aveiro","article_modified_time":"2025-06-20T09:46:15+00:00","twitter_card":"summary_large_image","twitter_misc":{"Tempo estimado de leitura":"3 minutos"},"schema":{"@context":"https:\/\/schema.org","@graph":[{"@type":"WebPage","@id":"https:\/\/comarcas.csm.org.pt\/aveiro\/cidadao\/rgpd\/","url":"https:\/\/comarcas.csm.org.pt\/aveiro\/cidadao\/rgpd\/","name":"RGPD - Tribunal Judicial da Comarca de Aveiro","isPartOf":{"@id":"https:\/\/comarcas.csm.org.pt\/aveiro\/#website"},"datePublished":"2024-05-22T11:36:09+00:00","dateModified":"2025-06-20T09:46:15+00:00","breadcrumb":{"@id":"https:\/\/comarcas.csm.org.pt\/aveiro\/cidadao\/rgpd\/#breadcrumb"},"inLanguage":"pt-PT","potentialAction":[{"@type":"ReadAction","target":["https:\/\/comarcas.csm.org.pt\/aveiro\/cidadao\/rgpd\/"]}]},{"@type":"BreadcrumbList","@id":"https:\/\/comarcas.csm.org.pt\/aveiro\/cidadao\/rgpd\/#breadcrumb","itemListElement":[{"@type":"ListItem","position":1,"name":"In\u00edcio","item":"https:\/\/comarcas.csm.org.pt\/aveiro\/"},{"@type":"ListItem","position":2,"name":"Cidad\u00e3o","item":"https:\/\/comarcas.csm.org.pt\/aveiro\/cidadao\/"},{"@type":"ListItem","position":3,"name":"RGPD"}]},{"@type":"WebSite","@id":"https:\/\/comarcas.csm.org.pt\/aveiro\/#website","url":"https:\/\/comarcas.csm.org.pt\/aveiro\/","name":"Tribunal Judicial da Comarca de Aveiro","description":"Tribunal Judicial da Comarca de Aveiro","publisher":{"@id":"https:\/\/comarcas.csm.org.pt\/aveiro\/#organization"},"potentialAction":[{"@type":"SearchAction","target":{"@type":"EntryPoint","urlTemplate":"https:\/\/comarcas.csm.org.pt\/aveiro\/?s={search_term_string}"},"query-input":{"@type":"PropertyValueSpecification","valueRequired":true,"valueName":"search_term_string"}}],"inLanguage":"pt-PT"},{"@type":"Organization","@id":"https:\/\/comarcas.csm.org.pt\/aveiro\/#organization","name":"Tribunal Judicial da Comarca de Aveiro","url":"https:\/\/comarcas.csm.org.pt\/aveiro\/","logo":{"@type":"ImageObject","inLanguage":"pt-PT","@id":"https:\/\/comarcas.csm.org.pt\/aveiro\/#\/schema\/logo\/image\/","url":"https:\/\/comarcas.csm.org.pt\/aveiro\/wp-content\/uploads\/sites\/5\/2024\/09\/Aveiro_positivo-horizontal-1.png","contentUrl":"https:\/\/comarcas.csm.org.pt\/aveiro\/wp-content\/uploads\/sites\/5\/2024\/09\/Aveiro_positivo-horizontal-1.png","width":5153,"height":890,"caption":"Tribunal Judicial da Comarca de Aveiro"},"image":{"@id":"https:\/\/comarcas.csm.org.pt\/aveiro\/#\/schema\/logo\/image\/"}}]}},"_links":{"self":[{"href":"https:\/\/comarcas.csm.org.pt\/aveiro\/wp-json\/wp\/v2\/pages\/11359","targetHints":{"allow":["GET"]}}],"collection":[{"href":"https:\/\/comarcas.csm.org.pt\/aveiro\/wp-json\/wp\/v2\/pages"}],"about":[{"href":"https:\/\/comarcas.csm.org.pt\/aveiro\/wp-json\/wp\/v2\/types\/page"}],"author":[{"embeddable":true,"href":"https:\/\/comarcas.csm.org.pt\/aveiro\/wp-json\/wp\/v2\/users\/1"}],"replies":[{"embeddable":true,"href":"https:\/\/comarcas.csm.org.pt\/aveiro\/wp-json\/wp\/v2\/comments?post=11359"}],"version-history":[{"count":4,"href":"https:\/\/comarcas.csm.org.pt\/aveiro\/wp-json\/wp\/v2\/pages\/11359\/revisions"}],"predecessor-version":[{"id":12273,"href":"https:\/\/comarcas.csm.org.pt\/aveiro\/wp-json\/wp\/v2\/pages\/11359\/revisions\/12273"}],"up":[{"embeddable":true,"href":"https:\/\/comarcas.csm.org.pt\/aveiro\/wp-json\/wp\/v2\/pages\/11404"}],"wp:attachment":[{"href":"https:\/\/comarcas.csm.org.pt\/aveiro\/wp-json\/wp\/v2\/media?parent=11359"}],"curies":[{"name":"wp","href":"https:\/\/api.w.org\/{rel}","templated":true}]}}