{"id":12064,"date":"2025-02-28T12:20:33","date_gmt":"2025-02-28T12:20:33","guid":{"rendered":"https:\/\/comarcas.csm.org.pt\/aveiro\/?page_id=12064"},"modified":"2025-06-20T10:54:01","modified_gmt":"2025-06-20T10:54:01","slug":"oliveira-de-azemeis","status":"publish","type":"page","link":"https:\/\/comarcas.csm.org.pt\/aveiro\/acomarca\/juizos\/oliveira-de-azemeis\/","title":{"rendered":"Oliveira de Azemeis"},"content":{"rendered":"\t\t<div data-elementor-type=\"wp-page\" data-elementor-id=\"12064\" class=\"elementor elementor-12064\" data-elementor-post-type=\"page\">\n\t\t\t\t<div class=\"elementor-element elementor-element-9a4155d e-flex e-con-boxed e-con e-parent\" data-id=\"9a4155d\" data-element_type=\"container\">\n\t\t\t\t\t<div class=\"e-con-inner\">\n\t\t<div class=\"elementor-element elementor-element-fe833da e-con-full e-flex e-con e-child\" data-id=\"fe833da\" data-element_type=\"container\">\n\t\t\t\t<div class=\"elementor-element elementor-element-812f9db elementor-widget elementor-widget-heading\" data-id=\"812f9db\" data-element_type=\"widget\" data-widget_type=\"heading.default\">\n\t\t\t\t<div class=\"elementor-widget-container\">\n\t\t\t\t\t<h4 class=\"elementor-heading-title elementor-size-default\">Ju\u00edzo de Com\u00e9rcio de Oliveira de Azemeis<\/h4>\t\t\t\t<\/div>\n\t\t\t\t<\/div>\n\t\t\t\t<\/div>\n\t\t<div class=\"elementor-element elementor-element-c702faa e-con-full e-flex e-con e-child\" data-id=\"c702faa\" data-element_type=\"container\">\n\t\t\t\t<div class=\"elementor-element elementor-element-c8c8689 elementor-widget elementor-widget-icon-box\" data-id=\"c8c8689\" data-element_type=\"widget\" data-widget_type=\"icon-box.default\">\n\t\t\t\t<div class=\"elementor-widget-container\">\n\t\t\t\t\t\t\t<div class=\"elementor-icon-box-wrapper\">\n\n\t\t\t\n\t\t\t\t\t\t<div class=\"elementor-icon-box-content\">\n\n\t\t\t\t\t\t\t\t\t<h6 class=\"elementor-icon-box-title\">\n\t\t\t\t\t\t<span  >\n\t\t\t\t\t\t\tCompet\u00eancia Territorial:\t\t\t\t\t\t<\/span>\n\t\t\t\t\t<\/h6>\n\t\t\t\t\n\t\t\t\t\t\t\t\t\t<p class=\"elementor-icon-box-description\">\n\t\t\t\t\t\tArouca, Castelo de Paiva, Espinho, Oliveira de Azem\u00e9is, Santa Maria da Feira, S\u00e3o Jo\u00e3o da Madeira, Vale de Cambra\n\n\t\t\t\t\t<\/p>\n\t\t\t\t\n\t\t\t<\/div>\n\t\t\t\n\t\t<\/div>\n\t\t\t\t\t\t<\/div>\n\t\t\t\t<\/div>\n\t\t\t\t<div class=\"elementor-element elementor-element-d1d2a2d elementor-widget elementor-widget-icon-box\" data-id=\"d1d2a2d\" data-element_type=\"widget\" data-widget_type=\"icon-box.default\">\n\t\t\t\t<div class=\"elementor-widget-container\">\n\t\t\t\t\t\t\t<div class=\"elementor-icon-box-wrapper\">\n\n\t\t\t\n\t\t\t\t\t\t<div class=\"elementor-icon-box-content\">\n\n\t\t\t\t\t\t\t\t\t<h6 class=\"elementor-icon-box-title\">\n\t\t\t\t\t\t<span  >\n\t\t\t\t\t\t\tMorada:\t\t\t\t\t\t<\/span>\n\t\t\t\t\t<\/h6>\n\t\t\t\t\n\t\t\t\t\t\t\t\t\t<p class=\"elementor-icon-box-description\">\n\t\t\t\t\t\tAv. Ant\u00f3nio Jos\u00e9 de Almeida<br>3720-239 Oliveira de Azem\u00e9is\t\t\t\t\t<\/p>\n\t\t\t\t\n\t\t\t<\/div>\n\t\t\t\n\t\t<\/div>\n\t\t\t\t\t\t<\/div>\n\t\t\t\t<\/div>\n\t\t\t\t<div class=\"elementor-element elementor-element-732bcc9 elementor-widget elementor-widget-icon-box\" data-id=\"732bcc9\" data-element_type=\"widget\" data-widget_type=\"icon-box.default\">\n\t\t\t\t<div class=\"elementor-widget-container\">\n\t\t\t\t\t\t\t<div class=\"elementor-icon-box-wrapper\">\n\n\t\t\t\n\t\t\t\t\t\t<div class=\"elementor-icon-box-content\">\n\n\t\t\t\t\t\t\t\t\t<h6 class=\"elementor-icon-box-title\">\n\t\t\t\t\t\t<span  >\n\t\t\t\t\t\t\tContactos:\t\t\t\t\t\t<\/span>\n\t\t\t\t\t<\/h6>\n\t\t\t\t\n\t\t\t\t\t\t\t\t\t<p class=\"elementor-icon-box-description\">\n\t\t\t\t\t\t<b>Telefone:<\/b>  256600517\n<br>\n<b>Fax:<\/b> 256600529\n<br>\n<b>Email:<\/b> oazemeis.comercio@tribunais.org.pt\t\t\t\t\t<\/p>\n\t\t\t\t\n\t\t\t<\/div>\n\t\t\t\n\t\t<\/div>\n\t\t\t\t\t\t<\/div>\n\t\t\t\t<\/div>\n\t\t\t\t<\/div>\n\t\t<div class=\"elementor-element elementor-element-1d0e5d6 e-con-full e-flex e-con e-child\" data-id=\"1d0e5d6\" data-element_type=\"container\">\n\t\t\t\t<div class=\"elementor-element elementor-element-3fc6d13 elementor-widget elementor-widget-google_maps\" data-id=\"3fc6d13\" data-element_type=\"widget\" data-widget_type=\"google_maps.default\">\n\t\t\t\t<div class=\"elementor-widget-container\">\n\t\t\t\t\t\t\t<div class=\"elementor-custom-embed\">\n\t\t\t<iframe loading=\"lazy\"\n\t\t\t\t\tsrc=\"https:\/\/www.google.com\/maps\/embed\/v1\/place?key=AIzaSyDhSoLeftGxfg7Tvco7SEUCY-Cc_XLDY3c&#038;q=Av.%20Ant%C3%B3nio%20Jos%C3%A9%20de%20Almeida%203720-239%20Oliveira%20de%20Azem%C3%A9is&#038;zoom=15\"\n\t\t\t\t\ttitle=\"Av. Ant\u00f3nio Jos\u00e9 de Almeida 3720-239 Oliveira de Azem\u00e9is\"\n\t\t\t\t\taria-label=\"Av. Ant\u00f3nio Jos\u00e9 de Almeida 3720-239 Oliveira de Azem\u00e9is\"\n\t\t\t><\/iframe>\n\t\t<\/div>\n\t\t\t\t\t\t<\/div>\n\t\t\t\t<\/div>\n\t\t\t\t<\/div>\n\t\t\t\t\t<\/div>\n\t\t\t\t<\/div>\n\t\t<div class=\"elementor-element elementor-element-f696858 e-flex e-con-boxed e-con e-parent\" data-id=\"f696858\" data-element_type=\"container\">\n\t\t\t\t\t<div class=\"e-con-inner\">\n\t\t<div class=\"elementor-element elementor-element-b3ec0d1 e-con-full e-flex e-con e-child\" data-id=\"b3ec0d1\" data-element_type=\"container\">\n\t\t\t\t<div class=\"elementor-element elementor-element-0ccc3e9 elementor-widget elementor-widget-heading\" data-id=\"0ccc3e9\" data-element_type=\"widget\" data-widget_type=\"heading.default\">\n\t\t\t\t<div class=\"elementor-widget-container\">\n\t\t\t\t\t<h4 class=\"elementor-heading-title elementor-size-default\">Ju\u00edzo de Execu\u00e7\u00e3o de Oliveira de Azem\u00e9is<\/h4>\t\t\t\t<\/div>\n\t\t\t\t<\/div>\n\t\t\t\t<\/div>\n\t\t<div class=\"elementor-element elementor-element-2ad8392 e-con-full e-flex e-con e-child\" data-id=\"2ad8392\" data-element_type=\"container\">\n\t\t\t\t<div class=\"elementor-element elementor-element-38fb7c3 elementor-widget elementor-widget-icon-box\" data-id=\"38fb7c3\" data-element_type=\"widget\" data-widget_type=\"icon-box.default\">\n\t\t\t\t<div class=\"elementor-widget-container\">\n\t\t\t\t\t\t\t<div class=\"elementor-icon-box-wrapper\">\n\n\t\t\t\n\t\t\t\t\t\t<div class=\"elementor-icon-box-content\">\n\n\t\t\t\t\t\t\t\t\t<h6 class=\"elementor-icon-box-title\">\n\t\t\t\t\t\t<span  >\n\t\t\t\t\t\t\tCompet\u00eancia Territorial:\t\t\t\t\t\t<\/span>\n\t\t\t\t\t<\/h6>\n\t\t\t\t\n\t\t\t\t\t\t\t\t\t<p class=\"elementor-icon-box-description\">\n\t\t\t\t\t\tArouca, Castelo de Paiva, Espinho, Oliveira de Azem\u00e9is, Santa Maria da Feira, S\u00e3o Jo\u00e3o da Madeira, Vale de Cambra\n\n\t\t\t\t\t<\/p>\n\t\t\t\t\n\t\t\t<\/div>\n\t\t\t\n\t\t<\/div>\n\t\t\t\t\t\t<\/div>\n\t\t\t\t<\/div>\n\t\t\t\t<div class=\"elementor-element elementor-element-3ec61c5 elementor-widget elementor-widget-icon-box\" data-id=\"3ec61c5\" data-element_type=\"widget\" data-widget_type=\"icon-box.default\">\n\t\t\t\t<div class=\"elementor-widget-container\">\n\t\t\t\t\t\t\t<div class=\"elementor-icon-box-wrapper\">\n\n\t\t\t\n\t\t\t\t\t\t<div class=\"elementor-icon-box-content\">\n\n\t\t\t\t\t\t\t\t\t<h6 class=\"elementor-icon-box-title\">\n\t\t\t\t\t\t<span  >\n\t\t\t\t\t\t\tMorada:\t\t\t\t\t\t<\/span>\n\t\t\t\t\t<\/h6>\n\t\t\t\t\n\t\t\t\t\t\t\t\t\t<p class=\"elementor-icon-box-description\">\n\t\t\t\t\t\tAv. Ant\u00f3nio Jos\u00e9 de Almeida<br>3720-239 Oliveira de Azem\u00e9is\t\t\t\t\t<\/p>\n\t\t\t\t\n\t\t\t<\/div>\n\t\t\t\n\t\t<\/div>\n\t\t\t\t\t\t<\/div>\n\t\t\t\t<\/div>\n\t\t\t\t<div class=\"elementor-element elementor-element-b163c56 elementor-widget elementor-widget-icon-box\" data-id=\"b163c56\" data-element_type=\"widget\" data-widget_type=\"icon-box.default\">\n\t\t\t\t<div class=\"elementor-widget-container\">\n\t\t\t\t\t\t\t<div class=\"elementor-icon-box-wrapper\">\n\n\t\t\t\n\t\t\t\t\t\t<div class=\"elementor-icon-box-content\">\n\n\t\t\t\t\t\t\t\t\t<h6 class=\"elementor-icon-box-title\">\n\t\t\t\t\t\t<span  >\n\t\t\t\t\t\t\tContactos:\t\t\t\t\t\t<\/span>\n\t\t\t\t\t<\/h6>\n\t\t\t\t\n\t\t\t\t\t\t\t\t\t<p class=\"elementor-icon-box-description\">\n\t\t\t\t\t\t<b>Telefone:<\/b>  256600517\n<br>\n<b>Fax:<\/b> 256600529\n<br>\n<b>Email:<\/b> oazemeis.execucao@tribunais.org.pt\t\t\t\t\t<\/p>\n\t\t\t\t\n\t\t\t<\/div>\n\t\t\t\n\t\t<\/div>\n\t\t\t\t\t\t<\/div>\n\t\t\t\t<\/div>\n\t\t\t\t<\/div>\n\t\t<div class=\"elementor-element elementor-element-a45be25 e-con-full e-flex e-con e-child\" data-id=\"a45be25\" data-element_type=\"container\">\n\t\t\t\t<div class=\"elementor-element elementor-element-3c8ca85 elementor-widget elementor-widget-google_maps\" data-id=\"3c8ca85\" data-element_type=\"widget\" data-widget_type=\"google_maps.default\">\n\t\t\t\t<div class=\"elementor-widget-container\">\n\t\t\t\t\t\t\t<div class=\"elementor-custom-embed\">\n\t\t\t<iframe loading=\"lazy\"\n\t\t\t\t\tsrc=\"https:\/\/www.google.com\/maps\/embed\/v1\/place?key=AIzaSyDhSoLeftGxfg7Tvco7SEUCY-Cc_XLDY3c&#038;q=Av.%20Ant%C3%B3nio%20Jos%C3%A9%20de%20Almeida%203720-239%20Oliveira%20de%20Azem%C3%A9is&#038;zoom=15\"\n\t\t\t\t\ttitle=\"Av. Ant\u00f3nio Jos\u00e9 de Almeida 3720-239 Oliveira de Azem\u00e9is\"\n\t\t\t\t\taria-label=\"Av. Ant\u00f3nio Jos\u00e9 de Almeida 3720-239 Oliveira de Azem\u00e9is\"\n\t\t\t><\/iframe>\n\t\t<\/div>\n\t\t\t\t\t\t<\/div>\n\t\t\t\t<\/div>\n\t\t\t\t<\/div>\n\t\t\t\t\t<\/div>\n\t\t\t\t<\/div>\n\t\t<div class=\"elementor-element elementor-element-5f5001d e-flex e-con-boxed e-con e-parent\" data-id=\"5f5001d\" data-element_type=\"container\">\n\t\t\t\t\t<div class=\"e-con-inner\">\n\t\t<div class=\"elementor-element elementor-element-d779c40 e-con-full e-flex e-con e-child\" data-id=\"d779c40\" data-element_type=\"container\">\n\t\t\t\t<div class=\"elementor-element elementor-element-2a5dd94 elementor-widget elementor-widget-heading\" data-id=\"2a5dd94\" data-element_type=\"widget\" data-widget_type=\"heading.default\">\n\t\t\t\t<div class=\"elementor-widget-container\">\n\t\t\t\t\t<h4 class=\"elementor-heading-title elementor-size-default\">Ju\u00edzo do Trabalho de Oliveira de Azem\u00e9is<\/h4>\t\t\t\t<\/div>\n\t\t\t\t<\/div>\n\t\t\t\t<\/div>\n\t\t<div class=\"elementor-element elementor-element-79162b0 e-con-full e-flex e-con e-child\" data-id=\"79162b0\" data-element_type=\"container\">\n\t\t\t\t<div class=\"elementor-element elementor-element-6fbf4ca elementor-widget elementor-widget-icon-box\" data-id=\"6fbf4ca\" data-element_type=\"widget\" data-widget_type=\"icon-box.default\">\n\t\t\t\t<div class=\"elementor-widget-container\">\n\t\t\t\t\t\t\t<div class=\"elementor-icon-box-wrapper\">\n\n\t\t\t\n\t\t\t\t\t\t<div class=\"elementor-icon-box-content\">\n\n\t\t\t\t\t\t\t\t\t<h6 class=\"elementor-icon-box-title\">\n\t\t\t\t\t\t<span  >\n\t\t\t\t\t\t\tCompet\u00eancia Territorial:\t\t\t\t\t\t<\/span>\n\t\t\t\t\t<\/h6>\n\t\t\t\t\n\t\t\t\t\t\t\t\t\t<p class=\"elementor-icon-box-description\">\n\t\t\t\t\t\tArouca, Oliveira de Azem\u00e9is, S\u00e3o Jo\u00e3o da madeira, Vale de Cambra\n\n\n\n\t\t\t\t\t<\/p>\n\t\t\t\t\n\t\t\t<\/div>\n\t\t\t\n\t\t<\/div>\n\t\t\t\t\t\t<\/div>\n\t\t\t\t<\/div>\n\t\t\t\t<div class=\"elementor-element elementor-element-8fd1230 elementor-widget elementor-widget-icon-box\" data-id=\"8fd1230\" data-element_type=\"widget\" data-widget_type=\"icon-box.default\">\n\t\t\t\t<div class=\"elementor-widget-container\">\n\t\t\t\t\t\t\t<div class=\"elementor-icon-box-wrapper\">\n\n\t\t\t\n\t\t\t\t\t\t<div class=\"elementor-icon-box-content\">\n\n\t\t\t\t\t\t\t\t\t<h6 class=\"elementor-icon-box-title\">\n\t\t\t\t\t\t<span  >\n\t\t\t\t\t\t\tMorada:\t\t\t\t\t\t<\/span>\n\t\t\t\t\t<\/h6>\n\t\t\t\t\n\t\t\t\t\t\t\t\t\t<p class=\"elementor-icon-box-description\">\n\t\t\t\t\t\tAv. Ant\u00f3nio Jos\u00e9 de Almeida<br>3720-239 Oliveira de Azem\u00e9is\t\t\t\t\t<\/p>\n\t\t\t\t\n\t\t\t<\/div>\n\t\t\t\n\t\t<\/div>\n\t\t\t\t\t\t<\/div>\n\t\t\t\t<\/div>\n\t\t\t\t<div class=\"elementor-element elementor-element-7f5beb3 elementor-widget elementor-widget-icon-box\" data-id=\"7f5beb3\" data-element_type=\"widget\" data-widget_type=\"icon-box.default\">\n\t\t\t\t<div class=\"elementor-widget-container\">\n\t\t\t\t\t\t\t<div class=\"elementor-icon-box-wrapper\">\n\n\t\t\t\n\t\t\t\t\t\t<div class=\"elementor-icon-box-content\">\n\n\t\t\t\t\t\t\t\t\t<h6 class=\"elementor-icon-box-title\">\n\t\t\t\t\t\t<span  >\n\t\t\t\t\t\t\tContactos:\t\t\t\t\t\t<\/span>\n\t\t\t\t\t<\/h6>\n\t\t\t\t\n\t\t\t\t\t\t\t\t\t<p class=\"elementor-icon-box-description\">\n\t\t\t\t\t\t<b>Telefone:<\/b>  256090210\n<br>\n<b>Fax:<\/b> 256090229\n<br>\n<b>Email:<\/b> oazemeis.trabalho@tribunais.org.pt\t\t\t\t\t<\/p>\n\t\t\t\t\n\t\t\t<\/div>\n\t\t\t\n\t\t<\/div>\n\t\t\t\t\t\t<\/div>\n\t\t\t\t<\/div>\n\t\t\t\t<\/div>\n\t\t<div class=\"elementor-element elementor-element-f3433e0 e-con-full e-flex e-con e-child\" data-id=\"f3433e0\" data-element_type=\"container\">\n\t\t\t\t<div class=\"elementor-element elementor-element-b40e4c7 elementor-widget elementor-widget-google_maps\" data-id=\"b40e4c7\" data-element_type=\"widget\" data-widget_type=\"google_maps.default\">\n\t\t\t\t<div class=\"elementor-widget-container\">\n\t\t\t\t\t\t\t<div class=\"elementor-custom-embed\">\n\t\t\t<iframe loading=\"lazy\"\n\t\t\t\t\tsrc=\"https:\/\/www.google.com\/maps\/embed\/v1\/place?key=AIzaSyDhSoLeftGxfg7Tvco7SEUCY-Cc_XLDY3c&#038;q=Av.%20Ant%C3%B3nio%20Jos%C3%A9%20de%20Almeida%203720-239%20Oliveira%20de%20Azem%C3%A9is&#038;zoom=15\"\n\t\t\t\t\ttitle=\"Av. Ant\u00f3nio Jos\u00e9 de Almeida 3720-239 Oliveira de Azem\u00e9is\"\n\t\t\t\t\taria-label=\"Av. Ant\u00f3nio Jos\u00e9 de Almeida 3720-239 Oliveira de Azem\u00e9is\"\n\t\t\t><\/iframe>\n\t\t<\/div>\n\t\t\t\t\t\t<\/div>\n\t\t\t\t<\/div>\n\t\t\t\t<\/div>\n\t\t\t\t\t<\/div>\n\t\t\t\t<\/div>\n\t\t<div class=\"elementor-element elementor-element-61013d4 e-flex e-con-boxed e-con e-parent\" data-id=\"61013d4\" data-element_type=\"container\">\n\t\t\t\t\t<div class=\"e-con-inner\">\n\t\t<div class=\"elementor-element elementor-element-c18daba e-con-full e-flex e-con e-child\" data-id=\"c18daba\" data-element_type=\"container\">\n\t\t\t\t<div class=\"elementor-element elementor-element-5a9659f elementor-widget elementor-widget-heading\" data-id=\"5a9659f\" data-element_type=\"widget\" data-widget_type=\"heading.default\">\n\t\t\t\t<div class=\"elementor-widget-container\">\n\t\t\t\t\t<h4 class=\"elementor-heading-title elementor-size-default\">Ju\u00edzo Local C\u00edvel de Oliveira de Azem\u00e9is<\/h4>\t\t\t\t<\/div>\n\t\t\t\t<\/div>\n\t\t\t\t<\/div>\n\t\t<div class=\"elementor-element elementor-element-9387f01 e-con-full e-flex e-con e-child\" data-id=\"9387f01\" data-element_type=\"container\">\n\t\t\t\t<div class=\"elementor-element elementor-element-11e5b1b elementor-widget elementor-widget-icon-box\" data-id=\"11e5b1b\" data-element_type=\"widget\" data-widget_type=\"icon-box.default\">\n\t\t\t\t<div class=\"elementor-widget-container\">\n\t\t\t\t\t\t\t<div class=\"elementor-icon-box-wrapper\">\n\n\t\t\t\n\t\t\t\t\t\t<div class=\"elementor-icon-box-content\">\n\n\t\t\t\t\t\t\t\t\t<h6 class=\"elementor-icon-box-title\">\n\t\t\t\t\t\t<span  >\n\t\t\t\t\t\t\tCompet\u00eancia Territorial:\t\t\t\t\t\t<\/span>\n\t\t\t\t\t<\/h6>\n\t\t\t\t\n\t\t\t\t\t\t\t\t\t<p class=\"elementor-icon-box-description\">\n\t\t\t\t\t\t Oliveira de Azem\u00e9is\n\n\t\t\t\t\t<\/p>\n\t\t\t\t\n\t\t\t<\/div>\n\t\t\t\n\t\t<\/div>\n\t\t\t\t\t\t<\/div>\n\t\t\t\t<\/div>\n\t\t\t\t<div class=\"elementor-element elementor-element-f255a0e elementor-widget elementor-widget-icon-box\" data-id=\"f255a0e\" data-element_type=\"widget\" data-widget_type=\"icon-box.default\">\n\t\t\t\t<div class=\"elementor-widget-container\">\n\t\t\t\t\t\t\t<div class=\"elementor-icon-box-wrapper\">\n\n\t\t\t\n\t\t\t\t\t\t<div class=\"elementor-icon-box-content\">\n\n\t\t\t\t\t\t\t\t\t<h6 class=\"elementor-icon-box-title\">\n\t\t\t\t\t\t<span  >\n\t\t\t\t\t\t\tMorada:\t\t\t\t\t\t<\/span>\n\t\t\t\t\t<\/h6>\n\t\t\t\t\n\t\t\t\t\t\t\t\t\t<p class=\"elementor-icon-box-description\">\n\t\t\t\t\t\tAv. Ant\u00f3nio Jos\u00e9 de Almeida<br>3720-239 Oliveira de Azem\u00e9is\t\t\t\t\t<\/p>\n\t\t\t\t\n\t\t\t<\/div>\n\t\t\t\n\t\t<\/div>\n\t\t\t\t\t\t<\/div>\n\t\t\t\t<\/div>\n\t\t\t\t<div class=\"elementor-element elementor-element-55e4a56 elementor-widget elementor-widget-icon-box\" data-id=\"55e4a56\" data-element_type=\"widget\" data-widget_type=\"icon-box.default\">\n\t\t\t\t<div class=\"elementor-widget-container\">\n\t\t\t\t\t\t\t<div class=\"elementor-icon-box-wrapper\">\n\n\t\t\t\n\t\t\t\t\t\t<div class=\"elementor-icon-box-content\">\n\n\t\t\t\t\t\t\t\t\t<h6 class=\"elementor-icon-box-title\">\n\t\t\t\t\t\t<span  >\n\t\t\t\t\t\t\tContactos:\t\t\t\t\t\t<\/span>\n\t\t\t\t\t<\/h6>\n\t\t\t\t\n\t\t\t\t\t\t\t\t\t<p class=\"elementor-icon-box-description\">\n\t\t\t\t\t\t<b>Telefone:<\/b>  256600517\n<br>\n<b>Fax:<\/b> 256600529\n<br>\n<b>Email:<\/b> oazemeis.judicial@tribunais.org.pt\t\t\t\t\t<\/p>\n\t\t\t\t\n\t\t\t<\/div>\n\t\t\t\n\t\t<\/div>\n\t\t\t\t\t\t<\/div>\n\t\t\t\t<\/div>\n\t\t\t\t<\/div>\n\t\t<div class=\"elementor-element elementor-element-254f770 e-con-full e-flex e-con e-child\" data-id=\"254f770\" data-element_type=\"container\">\n\t\t\t\t<div class=\"elementor-element elementor-element-eaddad3 elementor-widget elementor-widget-google_maps\" data-id=\"eaddad3\" data-element_type=\"widget\" data-widget_type=\"google_maps.default\">\n\t\t\t\t<div class=\"elementor-widget-container\">\n\t\t\t\t\t\t\t<div class=\"elementor-custom-embed\">\n\t\t\t<iframe loading=\"lazy\"\n\t\t\t\t\tsrc=\"https:\/\/www.google.com\/maps\/embed\/v1\/place?key=AIzaSyDhSoLeftGxfg7Tvco7SEUCY-Cc_XLDY3c&#038;q=Av.%20Ant%C3%B3nio%20Jos%C3%A9%20de%20Almeida%203720-239%20Oliveira%20de%20Azem%C3%A9is&#038;zoom=15\"\n\t\t\t\t\ttitle=\"Av. Ant\u00f3nio Jos\u00e9 de Almeida 3720-239 Oliveira de Azem\u00e9is\"\n\t\t\t\t\taria-label=\"Av. Ant\u00f3nio Jos\u00e9 de Almeida 3720-239 Oliveira de Azem\u00e9is\"\n\t\t\t><\/iframe>\n\t\t<\/div>\n\t\t\t\t\t\t<\/div>\n\t\t\t\t<\/div>\n\t\t\t\t<\/div>\n\t\t\t\t\t<\/div>\n\t\t\t\t<\/div>\n\t\t<div class=\"elementor-element elementor-element-4570e65 e-flex e-con-boxed e-con e-parent\" data-id=\"4570e65\" data-element_type=\"container\">\n\t\t\t\t\t<div class=\"e-con-inner\">\n\t\t<div class=\"elementor-element elementor-element-7226916 e-con-full e-flex e-con e-child\" data-id=\"7226916\" data-element_type=\"container\">\n\t\t\t\t<div class=\"elementor-element elementor-element-7504f48 elementor-widget elementor-widget-heading\" data-id=\"7504f48\" data-element_type=\"widget\" data-widget_type=\"heading.default\">\n\t\t\t\t<div class=\"elementor-widget-container\">\n\t\t\t\t\t<h4 class=\"elementor-heading-title elementor-size-default\">Unidade Central de Oliveira de Azem\u00e9is<\/h4>\t\t\t\t<\/div>\n\t\t\t\t<\/div>\n\t\t\t\t<\/div>\n\t\t<div class=\"elementor-element elementor-element-31a7f26 e-con-full e-flex e-con e-child\" data-id=\"31a7f26\" data-element_type=\"container\">\n\t\t\t\t<div class=\"elementor-element elementor-element-b6533be elementor-widget elementor-widget-icon-box\" data-id=\"b6533be\" data-element_type=\"widget\" data-widget_type=\"icon-box.default\">\n\t\t\t\t<div class=\"elementor-widget-container\">\n\t\t\t\t\t\t\t<div class=\"elementor-icon-box-wrapper\">\n\n\t\t\t\n\t\t\t\t\t\t<div class=\"elementor-icon-box-content\">\n\n\t\t\t\t\t\t\t\t\t<h6 class=\"elementor-icon-box-title\">\n\t\t\t\t\t\t<span  >\n\t\t\t\t\t\t\tCompet\u00eancia Territorial:\t\t\t\t\t\t<\/span>\n\t\t\t\t\t<\/h6>\n\t\t\t\t\n\t\t\t\t\t\t\t\t\t<p class=\"elementor-icon-box-description\">\n\t\t\t\t\t\tN\/A\n\t\t\t\t\t<\/p>\n\t\t\t\t\n\t\t\t<\/div>\n\t\t\t\n\t\t<\/div>\n\t\t\t\t\t\t<\/div>\n\t\t\t\t<\/div>\n\t\t\t\t<div class=\"elementor-element elementor-element-5c7871b elementor-widget elementor-widget-icon-box\" data-id=\"5c7871b\" data-element_type=\"widget\" data-widget_type=\"icon-box.default\">\n\t\t\t\t<div class=\"elementor-widget-container\">\n\t\t\t\t\t\t\t<div class=\"elementor-icon-box-wrapper\">\n\n\t\t\t\n\t\t\t\t\t\t<div class=\"elementor-icon-box-content\">\n\n\t\t\t\t\t\t\t\t\t<h6 class=\"elementor-icon-box-title\">\n\t\t\t\t\t\t<span  >\n\t\t\t\t\t\t\tMorada:\t\t\t\t\t\t<\/span>\n\t\t\t\t\t<\/h6>\n\t\t\t\t\n\t\t\t\t\t\t\t\t\t<p class=\"elementor-icon-box-description\">\n\t\t\t\t\t\tAv. Ant\u00f3nio Jos\u00e9 de Almeida<br>3720-239 Oliveira de Azem\u00e9is\t\t\t\t\t<\/p>\n\t\t\t\t\n\t\t\t<\/div>\n\t\t\t\n\t\t<\/div>\n\t\t\t\t\t\t<\/div>\n\t\t\t\t<\/div>\n\t\t\t\t<div class=\"elementor-element elementor-element-0aa241c elementor-widget elementor-widget-icon-box\" data-id=\"0aa241c\" data-element_type=\"widget\" data-widget_type=\"icon-box.default\">\n\t\t\t\t<div class=\"elementor-widget-container\">\n\t\t\t\t\t\t\t<div class=\"elementor-icon-box-wrapper\">\n\n\t\t\t\n\t\t\t\t\t\t<div class=\"elementor-icon-box-content\">\n\n\t\t\t\t\t\t\t\t\t<h6 class=\"elementor-icon-box-title\">\n\t\t\t\t\t\t<span  >\n\t\t\t\t\t\t\tContactos:\t\t\t\t\t\t<\/span>\n\t\t\t\t\t<\/h6>\n\t\t\t\t\n\t\t\t\t\t\t\t\t\t<p class=\"elementor-icon-box-description\">\n\t\t\t\t\t\t<b>Telefone:<\/b>  256600517\n<br>\n<b>Fax:<\/b> 256600529\n<br>\n<b>Email:<\/b> oazemeis.judicial@tribunais.org.pt\t\t\t\t\t<\/p>\n\t\t\t\t\n\t\t\t<\/div>\n\t\t\t\n\t\t<\/div>\n\t\t\t\t\t\t<\/div>\n\t\t\t\t<\/div>\n\t\t\t\t<\/div>\n\t\t<div class=\"elementor-element elementor-element-4f7a103 e-con-full e-flex e-con e-child\" data-id=\"4f7a103\" data-element_type=\"container\">\n\t\t\t\t<div class=\"elementor-element elementor-element-ab49c7d elementor-widget elementor-widget-google_maps\" data-id=\"ab49c7d\" data-element_type=\"widget\" data-widget_type=\"google_maps.default\">\n\t\t\t\t<div class=\"elementor-widget-container\">\n\t\t\t\t\t\t\t<div class=\"elementor-custom-embed\">\n\t\t\t<iframe loading=\"lazy\"\n\t\t\t\t\tsrc=\"https:\/\/www.google.com\/maps\/embed\/v1\/place?key=AIzaSyDhSoLeftGxfg7Tvco7SEUCY-Cc_XLDY3c&#038;q=Av.%20Ant%C3%B3nio%20Jos%C3%A9%20de%20Almeida%203720-239%20Oliveira%20de%20Azem%C3%A9is&#038;zoom=15\"\n\t\t\t\t\ttitle=\"Av. Ant\u00f3nio Jos\u00e9 de Almeida 3720-239 Oliveira de Azem\u00e9is\"\n\t\t\t\t\taria-label=\"Av. Ant\u00f3nio Jos\u00e9 de Almeida 3720-239 Oliveira de Azem\u00e9is\"\n\t\t\t><\/iframe>\n\t\t<\/div>\n\t\t\t\t\t\t<\/div>\n\t\t\t\t<\/div>\n\t\t\t\t<\/div>\n\t\t\t\t\t<\/div>\n\t\t\t\t<\/div>\n\t\t\t\t<\/div>\n\t\t","protected":false},"excerpt":{"rendered":"<p>Ju\u00edzo de Com\u00e9rcio de Oliveira de Azemeis Compet\u00eancia Territorial: Arouca, Castelo de Paiva, Espinho, Oliveira de Azem\u00e9is, Santa Maria da Feira, S\u00e3o Jo\u00e3o da Madeira, Vale de Cambra Morada: Av. Ant\u00f3nio Jos\u00e9 de Almeida3720-239 Oliveira de Azem\u00e9is Contactos: Telefone: 256600517 Fax: 256600529 Email: oazemeis.comercio@tribunais.org.pt Ju\u00edzo de Execu\u00e7\u00e3o de Oliveira de Azem\u00e9is Compet\u00eancia Territorial: Arouca, Castelo&#8230;<\/p>\n","protected":false},"author":1,"featured_media":0,"parent":11069,"menu_order":0,"comment_status":"closed","ping_status":"closed","template":"","meta":{"_tbt_post_transparent":"","_tbt_post_title":"","_tbt_post_layout":"default","_tbt_post_sidebar_id":"","_tbt_post_content_style":"","_tbt_post_vertical_padding":"","_tbt_post_feature":"","_tbt_post_feature_position":"","_tbt_post_header":false,"_tbt_post_footer":false},"class_list":["post-12064","page","type-page","status-publish","hentry"],"yoast_head":"<!-- This site is optimized with the Yoast SEO plugin v25.6 - https:\/\/yoast.com\/wordpress\/plugins\/seo\/ -->\n<title>Oliveira de Azemeis - Tribunal Judicial da Comarca de Aveiro<\/title>\n<meta name=\"robots\" content=\"index, follow, max-snippet:-1, max-image-preview:large, max-video-preview:-1\" \/>\n<link rel=\"canonical\" href=\"https:\/\/comarcas.csm.org.pt\/aveiro\/acomarca\/juizos\/oliveira-de-azemeis\/\" \/>\n<meta property=\"og:locale\" content=\"pt_PT\" \/>\n<meta property=\"og:type\" content=\"article\" \/>\n<meta property=\"og:title\" content=\"Oliveira de Azemeis - Tribunal Judicial da Comarca de Aveiro\" \/>\n<meta property=\"og:description\" content=\"Ju\u00edzo de Com\u00e9rcio de Oliveira de Azemeis Compet\u00eancia Territorial: Arouca, Castelo de Paiva, Espinho, Oliveira de Azem\u00e9is, Santa Maria da Feira, S\u00e3o Jo\u00e3o da Madeira, Vale de Cambra Morada: Av. Ant\u00f3nio Jos\u00e9 de Almeida3720-239 Oliveira de Azem\u00e9is Contactos: Telefone: 256600517 Fax: 256600529 Email: oazemeis.comercio@tribunais.org.pt Ju\u00edzo de Execu\u00e7\u00e3o de Oliveira de Azem\u00e9is Compet\u00eancia Territorial: Arouca, Castelo...\" \/>\n<meta property=\"og:url\" content=\"https:\/\/comarcas.csm.org.pt\/aveiro\/acomarca\/juizos\/oliveira-de-azemeis\/\" \/>\n<meta property=\"og:site_name\" content=\"Tribunal Judicial da Comarca de Aveiro\" \/>\n<meta property=\"article:modified_time\" content=\"2025-06-20T10:54:01+00:00\" \/>\n<meta name=\"twitter:card\" content=\"summary_large_image\" \/>\n<meta name=\"twitter:label1\" content=\"Tempo estimado de leitura\" \/>\n\t<meta name=\"twitter:data1\" content=\"1 minuto\" \/>\n<script type=\"application\/ld+json\" class=\"yoast-schema-graph\">{\"@context\":\"https:\/\/schema.org\",\"@graph\":[{\"@type\":\"WebPage\",\"@id\":\"https:\/\/comarcas.csm.org.pt\/aveiro\/acomarca\/juizos\/oliveira-de-azemeis\/\",\"url\":\"https:\/\/comarcas.csm.org.pt\/aveiro\/acomarca\/juizos\/oliveira-de-azemeis\/\",\"name\":\"Oliveira de Azemeis - Tribunal Judicial da Comarca de Aveiro\",\"isPartOf\":{\"@id\":\"https:\/\/comarcas.csm.org.pt\/aveiro\/#website\"},\"datePublished\":\"2025-02-28T12:20:33+00:00\",\"dateModified\":\"2025-06-20T10:54:01+00:00\",\"breadcrumb\":{\"@id\":\"https:\/\/comarcas.csm.org.pt\/aveiro\/acomarca\/juizos\/oliveira-de-azemeis\/#breadcrumb\"},\"inLanguage\":\"pt-PT\",\"potentialAction\":[{\"@type\":\"ReadAction\",\"target\":[\"https:\/\/comarcas.csm.org.pt\/aveiro\/acomarca\/juizos\/oliveira-de-azemeis\/\"]}]},{\"@type\":\"BreadcrumbList\",\"@id\":\"https:\/\/comarcas.csm.org.pt\/aveiro\/acomarca\/juizos\/oliveira-de-azemeis\/#breadcrumb\",\"itemListElement\":[{\"@type\":\"ListItem\",\"position\":1,\"name\":\"In\u00edcio\",\"item\":\"https:\/\/comarcas.csm.org.pt\/aveiro\/\"},{\"@type\":\"ListItem\",\"position\":2,\"name\":\"A Comarca\",\"item\":\"https:\/\/comarcas.csm.org.pt\/aveiro\/acomarca\/\"},{\"@type\":\"ListItem\",\"position\":3,\"name\":\"N\u00facleos\/Ju\u00edzos\",\"item\":\"https:\/\/comarcas.csm.org.pt\/aveiro\/acomarca\/juizos\/\"},{\"@type\":\"ListItem\",\"position\":4,\"name\":\"Oliveira de Azemeis\"}]},{\"@type\":\"WebSite\",\"@id\":\"https:\/\/comarcas.csm.org.pt\/aveiro\/#website\",\"url\":\"https:\/\/comarcas.csm.org.pt\/aveiro\/\",\"name\":\"Tribunal Judicial da Comarca de Aveiro\",\"description\":\"Tribunal Judicial da Comarca de Aveiro\",\"publisher\":{\"@id\":\"https:\/\/comarcas.csm.org.pt\/aveiro\/#organization\"},\"potentialAction\":[{\"@type\":\"SearchAction\",\"target\":{\"@type\":\"EntryPoint\",\"urlTemplate\":\"https:\/\/comarcas.csm.org.pt\/aveiro\/?s={search_term_string}\"},\"query-input\":{\"@type\":\"PropertyValueSpecification\",\"valueRequired\":true,\"valueName\":\"search_term_string\"}}],\"inLanguage\":\"pt-PT\"},{\"@type\":\"Organization\",\"@id\":\"https:\/\/comarcas.csm.org.pt\/aveiro\/#organization\",\"name\":\"Tribunal Judicial da Comarca de Aveiro\",\"url\":\"https:\/\/comarcas.csm.org.pt\/aveiro\/\",\"logo\":{\"@type\":\"ImageObject\",\"inLanguage\":\"pt-PT\",\"@id\":\"https:\/\/comarcas.csm.org.pt\/aveiro\/#\/schema\/logo\/image\/\",\"url\":\"https:\/\/comarcas.csm.org.pt\/aveiro\/wp-content\/uploads\/sites\/5\/2024\/09\/Aveiro_positivo-horizontal-1.png\",\"contentUrl\":\"https:\/\/comarcas.csm.org.pt\/aveiro\/wp-content\/uploads\/sites\/5\/2024\/09\/Aveiro_positivo-horizontal-1.png\",\"width\":5153,\"height\":890,\"caption\":\"Tribunal Judicial da Comarca de Aveiro\"},\"image\":{\"@id\":\"https:\/\/comarcas.csm.org.pt\/aveiro\/#\/schema\/logo\/image\/\"}}]}<\/script>\n<!-- \/ Yoast SEO plugin. -->","yoast_head_json":{"title":"Oliveira de Azemeis - Tribunal Judicial da Comarca de Aveiro","robots":{"index":"index","follow":"follow","max-snippet":"max-snippet:-1","max-image-preview":"max-image-preview:large","max-video-preview":"max-video-preview:-1"},"canonical":"https:\/\/comarcas.csm.org.pt\/aveiro\/acomarca\/juizos\/oliveira-de-azemeis\/","og_locale":"pt_PT","og_type":"article","og_title":"Oliveira de Azemeis - Tribunal Judicial da Comarca de Aveiro","og_description":"Ju\u00edzo de Com\u00e9rcio de Oliveira de Azemeis Compet\u00eancia Territorial: Arouca, Castelo de Paiva, Espinho, Oliveira de Azem\u00e9is, Santa Maria da Feira, S\u00e3o Jo\u00e3o da Madeira, Vale de Cambra Morada: Av. Ant\u00f3nio Jos\u00e9 de Almeida3720-239 Oliveira de Azem\u00e9is Contactos: Telefone: 256600517 Fax: 256600529 Email: oazemeis.comercio@tribunais.org.pt Ju\u00edzo de Execu\u00e7\u00e3o de Oliveira de Azem\u00e9is Compet\u00eancia Territorial: Arouca, Castelo...","og_url":"https:\/\/comarcas.csm.org.pt\/aveiro\/acomarca\/juizos\/oliveira-de-azemeis\/","og_site_name":"Tribunal Judicial da Comarca de Aveiro","article_modified_time":"2025-06-20T10:54:01+00:00","twitter_card":"summary_large_image","twitter_misc":{"Tempo estimado de leitura":"1 minuto"},"schema":{"@context":"https:\/\/schema.org","@graph":[{"@type":"WebPage","@id":"https:\/\/comarcas.csm.org.pt\/aveiro\/acomarca\/juizos\/oliveira-de-azemeis\/","url":"https:\/\/comarcas.csm.org.pt\/aveiro\/acomarca\/juizos\/oliveira-de-azemeis\/","name":"Oliveira de Azemeis - Tribunal Judicial da Comarca de Aveiro","isPartOf":{"@id":"https:\/\/comarcas.csm.org.pt\/aveiro\/#website"},"datePublished":"2025-02-28T12:20:33+00:00","dateModified":"2025-06-20T10:54:01+00:00","breadcrumb":{"@id":"https:\/\/comarcas.csm.org.pt\/aveiro\/acomarca\/juizos\/oliveira-de-azemeis\/#breadcrumb"},"inLanguage":"pt-PT","potentialAction":[{"@type":"ReadAction","target":["https:\/\/comarcas.csm.org.pt\/aveiro\/acomarca\/juizos\/oliveira-de-azemeis\/"]}]},{"@type":"BreadcrumbList","@id":"https:\/\/comarcas.csm.org.pt\/aveiro\/acomarca\/juizos\/oliveira-de-azemeis\/#breadcrumb","itemListElement":[{"@type":"ListItem","position":1,"name":"In\u00edcio","item":"https:\/\/comarcas.csm.org.pt\/aveiro\/"},{"@type":"ListItem","position":2,"name":"A Comarca","item":"https:\/\/comarcas.csm.org.pt\/aveiro\/acomarca\/"},{"@type":"ListItem","position":3,"name":"N\u00facleos\/Ju\u00edzos","item":"https:\/\/comarcas.csm.org.pt\/aveiro\/acomarca\/juizos\/"},{"@type":"ListItem","position":4,"name":"Oliveira de Azemeis"}]},{"@type":"WebSite","@id":"https:\/\/comarcas.csm.org.pt\/aveiro\/#website","url":"https:\/\/comarcas.csm.org.pt\/aveiro\/","name":"Tribunal Judicial da Comarca de Aveiro","description":"Tribunal Judicial da Comarca de Aveiro","publisher":{"@id":"https:\/\/comarcas.csm.org.pt\/aveiro\/#organization"},"potentialAction":[{"@type":"SearchAction","target":{"@type":"EntryPoint","urlTemplate":"https:\/\/comarcas.csm.org.pt\/aveiro\/?s={search_term_string}"},"query-input":{"@type":"PropertyValueSpecification","valueRequired":true,"valueName":"search_term_string"}}],"inLanguage":"pt-PT"},{"@type":"Organization","@id":"https:\/\/comarcas.csm.org.pt\/aveiro\/#organization","name":"Tribunal Judicial da Comarca de Aveiro","url":"https:\/\/comarcas.csm.org.pt\/aveiro\/","logo":{"@type":"ImageObject","inLanguage":"pt-PT","@id":"https:\/\/comarcas.csm.org.pt\/aveiro\/#\/schema\/logo\/image\/","url":"https:\/\/comarcas.csm.org.pt\/aveiro\/wp-content\/uploads\/sites\/5\/2024\/09\/Aveiro_positivo-horizontal-1.png","contentUrl":"https:\/\/comarcas.csm.org.pt\/aveiro\/wp-content\/uploads\/sites\/5\/2024\/09\/Aveiro_positivo-horizontal-1.png","width":5153,"height":890,"caption":"Tribunal Judicial da Comarca de Aveiro"},"image":{"@id":"https:\/\/comarcas.csm.org.pt\/aveiro\/#\/schema\/logo\/image\/"}}]}},"_links":{"self":[{"href":"https:\/\/comarcas.csm.org.pt\/aveiro\/wp-json\/wp\/v2\/pages\/12064","targetHints":{"allow":["GET"]}}],"collection":[{"href":"https:\/\/comarcas.csm.org.pt\/aveiro\/wp-json\/wp\/v2\/pages"}],"about":[{"href":"https:\/\/comarcas.csm.org.pt\/aveiro\/wp-json\/wp\/v2\/types\/page"}],"author":[{"embeddable":true,"href":"https:\/\/comarcas.csm.org.pt\/aveiro\/wp-json\/wp\/v2\/users\/1"}],"replies":[{"embeddable":true,"href":"https:\/\/comarcas.csm.org.pt\/aveiro\/wp-json\/wp\/v2\/comments?post=12064"}],"version-history":[{"count":7,"href":"https:\/\/comarcas.csm.org.pt\/aveiro\/wp-json\/wp\/v2\/pages\/12064\/revisions"}],"predecessor-version":[{"id":12292,"href":"https:\/\/comarcas.csm.org.pt\/aveiro\/wp-json\/wp\/v2\/pages\/12064\/revisions\/12292"}],"up":[{"embeddable":true,"href":"https:\/\/comarcas.csm.org.pt\/aveiro\/wp-json\/wp\/v2\/pages\/11069"}],"wp:attachment":[{"href":"https:\/\/comarcas.csm.org.pt\/aveiro\/wp-json\/wp\/v2\/media?parent=12064"}],"curies":[{"name":"wp","href":"https:\/\/api.w.org\/{rel}","templated":true}]}}