{"id":12106,"date":"2025-06-12T16:30:19","date_gmt":"2025-06-12T16:30:19","guid":{"rendered":"https:\/\/comarcas.csm.org.pt\/aveiro\/?page_id=12106"},"modified":"2025-06-20T10:37:21","modified_gmt":"2025-06-20T10:37:21","slug":"estarreja","status":"publish","type":"page","link":"https:\/\/comarcas.csm.org.pt\/aveiro\/acomarca\/juizos\/estarreja\/","title":{"rendered":"Estarreja"},"content":{"rendered":"\t\t<div data-elementor-type=\"wp-page\" data-elementor-id=\"12106\" class=\"elementor elementor-12106\" data-elementor-post-type=\"page\">\n\t\t\t\t<div class=\"elementor-element elementor-element-9a4155d e-flex e-con-boxed e-con e-parent\" data-id=\"9a4155d\" data-element_type=\"container\">\n\t\t\t\t\t<div class=\"e-con-inner\">\n\t\t<div class=\"elementor-element elementor-element-fe833da e-con-full e-flex e-con e-child\" data-id=\"fe833da\" data-element_type=\"container\">\n\t\t\t\t<div class=\"elementor-element elementor-element-812f9db elementor-widget elementor-widget-heading\" data-id=\"812f9db\" data-element_type=\"widget\" data-widget_type=\"heading.default\">\n\t\t\t\t<div class=\"elementor-widget-container\">\n\t\t\t\t\t<h4 class=\"elementor-heading-title elementor-size-default\">Ju\u00edzo de Compet\u00eancia Gen\u00e9rica de Estarreja<\/h4>\t\t\t\t<\/div>\n\t\t\t\t<\/div>\n\t\t\t\t<\/div>\n\t\t<div class=\"elementor-element elementor-element-c702faa e-con-full e-flex e-con e-child\" data-id=\"c702faa\" data-element_type=\"container\">\n\t\t\t\t<div class=\"elementor-element elementor-element-c8c8689 elementor-widget elementor-widget-icon-box\" data-id=\"c8c8689\" data-element_type=\"widget\" data-widget_type=\"icon-box.default\">\n\t\t\t\t<div class=\"elementor-widget-container\">\n\t\t\t\t\t\t\t<div class=\"elementor-icon-box-wrapper\">\n\n\t\t\t\n\t\t\t\t\t\t<div class=\"elementor-icon-box-content\">\n\n\t\t\t\t\t\t\t\t\t<h6 class=\"elementor-icon-box-title\">\n\t\t\t\t\t\t<span  >\n\t\t\t\t\t\t\tCompet\u00eancia Territorial:\t\t\t\t\t\t<\/span>\n\t\t\t\t\t<\/h6>\n\t\t\t\t\n\t\t\t\t\t\t\t\t\t<p class=\"elementor-icon-box-description\">\n\t\t\t\t\t\tEstarreja, Murtosa\t\t\t\t\t<\/p>\n\t\t\t\t\n\t\t\t<\/div>\n\t\t\t\n\t\t<\/div>\n\t\t\t\t\t\t<\/div>\n\t\t\t\t<\/div>\n\t\t\t\t<div class=\"elementor-element elementor-element-d1d2a2d elementor-widget elementor-widget-icon-box\" data-id=\"d1d2a2d\" data-element_type=\"widget\" data-widget_type=\"icon-box.default\">\n\t\t\t\t<div class=\"elementor-widget-container\">\n\t\t\t\t\t\t\t<div class=\"elementor-icon-box-wrapper\">\n\n\t\t\t\n\t\t\t\t\t\t<div class=\"elementor-icon-box-content\">\n\n\t\t\t\t\t\t\t\t\t<h6 class=\"elementor-icon-box-title\">\n\t\t\t\t\t\t<span  >\n\t\t\t\t\t\t\tMorada:\t\t\t\t\t\t<\/span>\n\t\t\t\t\t<\/h6>\n\t\t\t\t\n\t\t\t\t\t\t\t\t\t<p class=\"elementor-icon-box-description\">\n\t\t\t\t\t\tPal\u00e1cio da Justi\u00e7a, Av. 25 de Abril<br>3864-002 Estarreja\t\t\t\t\t<\/p>\n\t\t\t\t\n\t\t\t<\/div>\n\t\t\t\n\t\t<\/div>\n\t\t\t\t\t\t<\/div>\n\t\t\t\t<\/div>\n\t\t\t\t<div class=\"elementor-element elementor-element-732bcc9 elementor-widget elementor-widget-icon-box\" data-id=\"732bcc9\" data-element_type=\"widget\" data-widget_type=\"icon-box.default\">\n\t\t\t\t<div class=\"elementor-widget-container\">\n\t\t\t\t\t\t\t<div class=\"elementor-icon-box-wrapper\">\n\n\t\t\t\n\t\t\t\t\t\t<div class=\"elementor-icon-box-content\">\n\n\t\t\t\t\t\t\t\t\t<h6 class=\"elementor-icon-box-title\">\n\t\t\t\t\t\t<span  >\n\t\t\t\t\t\t\tContactos:\t\t\t\t\t\t<\/span>\n\t\t\t\t\t<\/h6>\n\t\t\t\t\n\t\t\t\t\t\t\t\t\t<p class=\"elementor-icon-box-description\">\n\t\t\t\t\t\t<b>Telefone:<\/b> 234810500\n<br>\n<b>Fax:<\/b> 234810909\n<br>\n<b>Email:<\/b> estarreja.judicial@tribunais.org.pt\t\t\t\t\t<\/p>\n\t\t\t\t\n\t\t\t<\/div>\n\t\t\t\n\t\t<\/div>\n\t\t\t\t\t\t<\/div>\n\t\t\t\t<\/div>\n\t\t\t\t<\/div>\n\t\t<div class=\"elementor-element elementor-element-1d0e5d6 e-con-full e-flex e-con e-child\" data-id=\"1d0e5d6\" data-element_type=\"container\">\n\t\t\t\t<div class=\"elementor-element elementor-element-3fc6d13 elementor-widget elementor-widget-google_maps\" data-id=\"3fc6d13\" data-element_type=\"widget\" data-widget_type=\"google_maps.default\">\n\t\t\t\t<div class=\"elementor-widget-container\">\n\t\t\t\t\t\t\t<div class=\"elementor-custom-embed\">\n\t\t\t<iframe loading=\"lazy\"\n\t\t\t\t\tsrc=\"https:\/\/www.google.com\/maps\/embed\/v1\/place?key=AIzaSyDhSoLeftGxfg7Tvco7SEUCY-Cc_XLDY3c&#038;q=Pal%C3%A1cio%20da%20Justi%C3%A7a%2C%20Av.%2025%20de%20Abril%20-%203864-002%20Estarreja&#038;zoom=15\"\n\t\t\t\t\ttitle=\"Pal\u00e1cio da Justi\u00e7a, Av. 25 de Abril - 3864-002 Estarreja\"\n\t\t\t\t\taria-label=\"Pal\u00e1cio da Justi\u00e7a, Av. 25 de Abril - 3864-002 Estarreja\"\n\t\t\t><\/iframe>\n\t\t<\/div>\n\t\t\t\t\t\t<\/div>\n\t\t\t\t<\/div>\n\t\t\t\t<\/div>\n\t\t\t\t\t<\/div>\n\t\t\t\t<\/div>\n\t\t<div class=\"elementor-element elementor-element-97fea84 e-flex e-con-boxed e-con e-parent\" data-id=\"97fea84\" data-element_type=\"container\">\n\t\t\t\t\t<div class=\"e-con-inner\">\n\t\t<div class=\"elementor-element elementor-element-890260d e-con-full e-flex e-con e-child\" data-id=\"890260d\" data-element_type=\"container\">\n\t\t\t\t<div class=\"elementor-element elementor-element-3c72624 elementor-widget elementor-widget-heading\" data-id=\"3c72624\" data-element_type=\"widget\" data-widget_type=\"heading.default\">\n\t\t\t\t<div class=\"elementor-widget-container\">\n\t\t\t\t\t<h4 class=\"elementor-heading-title elementor-size-default\">Ju\u00edzo de Fam\u00edlia e Menores de Estarreja<\/h4>\t\t\t\t<\/div>\n\t\t\t\t<\/div>\n\t\t\t\t<\/div>\n\t\t<div class=\"elementor-element elementor-element-959c824 e-con-full e-flex e-con e-child\" data-id=\"959c824\" data-element_type=\"container\">\n\t\t\t\t<div class=\"elementor-element elementor-element-ce092ec elementor-widget elementor-widget-icon-box\" data-id=\"ce092ec\" data-element_type=\"widget\" data-widget_type=\"icon-box.default\">\n\t\t\t\t<div class=\"elementor-widget-container\">\n\t\t\t\t\t\t\t<div class=\"elementor-icon-box-wrapper\">\n\n\t\t\t\n\t\t\t\t\t\t<div class=\"elementor-icon-box-content\">\n\n\t\t\t\t\t\t\t\t\t<h6 class=\"elementor-icon-box-title\">\n\t\t\t\t\t\t<span  >\n\t\t\t\t\t\t\tCompet\u00eancia Territorial:\t\t\t\t\t\t<\/span>\n\t\t\t\t\t<\/h6>\n\t\t\t\t\n\t\t\t\t\t\t\t\t\t<p class=\"elementor-icon-box-description\">\n\t\t\t\t\t\tEstarreja, Murtosa, Ovar\t\t\t\t\t<\/p>\n\t\t\t\t\n\t\t\t<\/div>\n\t\t\t\n\t\t<\/div>\n\t\t\t\t\t\t<\/div>\n\t\t\t\t<\/div>\n\t\t\t\t<div class=\"elementor-element elementor-element-dae3b90 elementor-widget elementor-widget-icon-box\" data-id=\"dae3b90\" data-element_type=\"widget\" data-widget_type=\"icon-box.default\">\n\t\t\t\t<div class=\"elementor-widget-container\">\n\t\t\t\t\t\t\t<div class=\"elementor-icon-box-wrapper\">\n\n\t\t\t\n\t\t\t\t\t\t<div class=\"elementor-icon-box-content\">\n\n\t\t\t\t\t\t\t\t\t<h6 class=\"elementor-icon-box-title\">\n\t\t\t\t\t\t<span  >\n\t\t\t\t\t\t\tMorada:\t\t\t\t\t\t<\/span>\n\t\t\t\t\t<\/h6>\n\t\t\t\t\n\t\t\t\t\t\t\t\t\t<p class=\"elementor-icon-box-description\">\n\t\t\t\t\t\tPal\u00e1cio da Justi\u00e7a, Av. 25 de Abril<br>3864-002 Estarreja\t\t\t\t\t<\/p>\n\t\t\t\t\n\t\t\t<\/div>\n\t\t\t\n\t\t<\/div>\n\t\t\t\t\t\t<\/div>\n\t\t\t\t<\/div>\n\t\t\t\t<div class=\"elementor-element elementor-element-af442b7 elementor-widget elementor-widget-icon-box\" data-id=\"af442b7\" data-element_type=\"widget\" data-widget_type=\"icon-box.default\">\n\t\t\t\t<div class=\"elementor-widget-container\">\n\t\t\t\t\t\t\t<div class=\"elementor-icon-box-wrapper\">\n\n\t\t\t\n\t\t\t\t\t\t<div class=\"elementor-icon-box-content\">\n\n\t\t\t\t\t\t\t\t\t<h6 class=\"elementor-icon-box-title\">\n\t\t\t\t\t\t<span  >\n\t\t\t\t\t\t\tContactos:\t\t\t\t\t\t<\/span>\n\t\t\t\t\t<\/h6>\n\t\t\t\t\n\t\t\t\t\t\t\t\t\t<p class=\"elementor-icon-box-description\">\n\t\t\t\t\t\t<b>Telefone:<\/b> 234810500\n<br>\n<b>Fax:<\/b> 234810909\n<br>\n<b>Email:<\/b> estarreja.familia@tribunais.org.pt\t\t\t\t\t<\/p>\n\t\t\t\t\n\t\t\t<\/div>\n\t\t\t\n\t\t<\/div>\n\t\t\t\t\t\t<\/div>\n\t\t\t\t<\/div>\n\t\t\t\t<\/div>\n\t\t<div class=\"elementor-element elementor-element-749a400 e-con-full e-flex e-con e-child\" data-id=\"749a400\" data-element_type=\"container\">\n\t\t\t\t<div class=\"elementor-element elementor-element-4336313 elementor-widget elementor-widget-google_maps\" data-id=\"4336313\" data-element_type=\"widget\" data-widget_type=\"google_maps.default\">\n\t\t\t\t<div class=\"elementor-widget-container\">\n\t\t\t\t\t\t\t<div class=\"elementor-custom-embed\">\n\t\t\t<iframe loading=\"lazy\"\n\t\t\t\t\tsrc=\"https:\/\/www.google.com\/maps\/embed\/v1\/place?key=AIzaSyDhSoLeftGxfg7Tvco7SEUCY-Cc_XLDY3c&#038;q=Pal%C3%A1cio%20da%20Justi%C3%A7a%2C%20Av.%2025%20de%20Abril%20-%203864-002%20Estarreja&#038;zoom=15\"\n\t\t\t\t\ttitle=\"Pal\u00e1cio da Justi\u00e7a, Av. 25 de Abril - 3864-002 Estarreja\"\n\t\t\t\t\taria-label=\"Pal\u00e1cio da Justi\u00e7a, Av. 25 de Abril - 3864-002 Estarreja\"\n\t\t\t><\/iframe>\n\t\t<\/div>\n\t\t\t\t\t\t<\/div>\n\t\t\t\t<\/div>\n\t\t\t\t<\/div>\n\t\t\t\t\t<\/div>\n\t\t\t\t<\/div>\n\t\t<div class=\"elementor-element elementor-element-35d1143 e-flex e-con-boxed e-con e-parent\" data-id=\"35d1143\" data-element_type=\"container\">\n\t\t\t\t\t<div class=\"e-con-inner\">\n\t\t<div class=\"elementor-element elementor-element-06820ab e-con-full e-flex e-con e-child\" data-id=\"06820ab\" data-element_type=\"container\">\n\t\t\t\t<div class=\"elementor-element elementor-element-11c78e4 elementor-widget elementor-widget-heading\" data-id=\"11c78e4\" data-element_type=\"widget\" data-widget_type=\"heading.default\">\n\t\t\t\t<div class=\"elementor-widget-container\">\n\t\t\t\t\t<h4 class=\"elementor-heading-title elementor-size-default\">Unidade Central de Estarreja<\/h4>\t\t\t\t<\/div>\n\t\t\t\t<\/div>\n\t\t\t\t<\/div>\n\t\t<div class=\"elementor-element elementor-element-25711c6 e-con-full e-flex e-con e-child\" data-id=\"25711c6\" data-element_type=\"container\">\n\t\t\t\t<div class=\"elementor-element elementor-element-8b33ed7 elementor-widget elementor-widget-icon-box\" data-id=\"8b33ed7\" data-element_type=\"widget\" data-widget_type=\"icon-box.default\">\n\t\t\t\t<div class=\"elementor-widget-container\">\n\t\t\t\t\t\t\t<div class=\"elementor-icon-box-wrapper\">\n\n\t\t\t\n\t\t\t\t\t\t<div class=\"elementor-icon-box-content\">\n\n\t\t\t\t\t\t\t\t\t<h6 class=\"elementor-icon-box-title\">\n\t\t\t\t\t\t<span  >\n\t\t\t\t\t\t\tCompet\u00eancia Territorial:\t\t\t\t\t\t<\/span>\n\t\t\t\t\t<\/h6>\n\t\t\t\t\n\t\t\t\t\t\t\t\t\t<p class=\"elementor-icon-box-description\">\n\t\t\t\t\t\tN\/A\t\t\t\t\t<\/p>\n\t\t\t\t\n\t\t\t<\/div>\n\t\t\t\n\t\t<\/div>\n\t\t\t\t\t\t<\/div>\n\t\t\t\t<\/div>\n\t\t\t\t<div class=\"elementor-element elementor-element-7431abb elementor-widget elementor-widget-icon-box\" data-id=\"7431abb\" data-element_type=\"widget\" data-widget_type=\"icon-box.default\">\n\t\t\t\t<div class=\"elementor-widget-container\">\n\t\t\t\t\t\t\t<div class=\"elementor-icon-box-wrapper\">\n\n\t\t\t\n\t\t\t\t\t\t<div class=\"elementor-icon-box-content\">\n\n\t\t\t\t\t\t\t\t\t<h6 class=\"elementor-icon-box-title\">\n\t\t\t\t\t\t<span  >\n\t\t\t\t\t\t\tMorada:\t\t\t\t\t\t<\/span>\n\t\t\t\t\t<\/h6>\n\t\t\t\t\n\t\t\t\t\t\t\t\t\t<p class=\"elementor-icon-box-description\">\n\t\t\t\t\t\tPal\u00e1cio da Justi\u00e7a, Av. 25 de Abril<br>3864-002 Estarreja\t\t\t\t\t<\/p>\n\t\t\t\t\n\t\t\t<\/div>\n\t\t\t\n\t\t<\/div>\n\t\t\t\t\t\t<\/div>\n\t\t\t\t<\/div>\n\t\t\t\t<div class=\"elementor-element elementor-element-4014317 elementor-widget elementor-widget-icon-box\" data-id=\"4014317\" data-element_type=\"widget\" data-widget_type=\"icon-box.default\">\n\t\t\t\t<div class=\"elementor-widget-container\">\n\t\t\t\t\t\t\t<div class=\"elementor-icon-box-wrapper\">\n\n\t\t\t\n\t\t\t\t\t\t<div class=\"elementor-icon-box-content\">\n\n\t\t\t\t\t\t\t\t\t<h6 class=\"elementor-icon-box-title\">\n\t\t\t\t\t\t<span  >\n\t\t\t\t\t\t\tContactos:\t\t\t\t\t\t<\/span>\n\t\t\t\t\t<\/h6>\n\t\t\t\t\n\t\t\t\t\t\t\t\t\t<p class=\"elementor-icon-box-description\">\n\t\t\t\t\t\t<b>Telefone:<\/b> 234810500\n<br>\n<b>Fax:<\/b> 234810909\n<br>\n<b>Email:<\/b> estarreja.judicial@tribunais.org.pt\t\t\t\t\t<\/p>\n\t\t\t\t\n\t\t\t<\/div>\n\t\t\t\n\t\t<\/div>\n\t\t\t\t\t\t<\/div>\n\t\t\t\t<\/div>\n\t\t\t\t<\/div>\n\t\t<div class=\"elementor-element elementor-element-84c9b16 e-con-full e-flex e-con e-child\" data-id=\"84c9b16\" data-element_type=\"container\">\n\t\t\t\t<div class=\"elementor-element elementor-element-3c3eb9f elementor-widget elementor-widget-google_maps\" data-id=\"3c3eb9f\" data-element_type=\"widget\" data-widget_type=\"google_maps.default\">\n\t\t\t\t<div class=\"elementor-widget-container\">\n\t\t\t\t\t\t\t<div class=\"elementor-custom-embed\">\n\t\t\t<iframe loading=\"lazy\"\n\t\t\t\t\tsrc=\"https:\/\/www.google.com\/maps\/embed\/v1\/place?key=AIzaSyDhSoLeftGxfg7Tvco7SEUCY-Cc_XLDY3c&#038;q=Pal%C3%A1cio%20da%20Justi%C3%A7a%2C%20Av.%2025%20de%20Abril%20-%203864-002%20Estarreja&#038;zoom=15\"\n\t\t\t\t\ttitle=\"Pal\u00e1cio da Justi\u00e7a, Av. 25 de Abril - 3864-002 Estarreja\"\n\t\t\t\t\taria-label=\"Pal\u00e1cio da Justi\u00e7a, Av. 25 de Abril - 3864-002 Estarreja\"\n\t\t\t><\/iframe>\n\t\t<\/div>\n\t\t\t\t\t\t<\/div>\n\t\t\t\t<\/div>\n\t\t\t\t<\/div>\n\t\t\t\t\t<\/div>\n\t\t\t\t<\/div>\n\t\t\t\t<\/div>\n\t\t","protected":false},"excerpt":{"rendered":"<p>Ju\u00edzo de Compet\u00eancia Gen\u00e9rica de Estarreja Compet\u00eancia Territorial: Estarreja, Murtosa Morada: Pal\u00e1cio da Justi\u00e7a, Av. 25 de Abril3864-002 Estarreja Contactos: Telefone: 234810500 Fax: 234810909 Email: estarreja.judicial@tribunais.org.pt Ju\u00edzo de Fam\u00edlia e Menores de Estarreja Compet\u00eancia Territorial: Estarreja, Murtosa, Ovar Morada: Pal\u00e1cio da Justi\u00e7a, Av. 25 de Abril3864-002 Estarreja Contactos: Telefone: 234810500 Fax: 234810909 Email: estarreja.familia@tribunais.org.pt Unidade&#8230;<\/p>\n","protected":false},"author":1,"featured_media":0,"parent":11069,"menu_order":0,"comment_status":"closed","ping_status":"closed","template":"","meta":{"_tbt_post_transparent":"","_tbt_post_title":"","_tbt_post_layout":"default","_tbt_post_sidebar_id":"","_tbt_post_content_style":"","_tbt_post_vertical_padding":"","_tbt_post_feature":"","_tbt_post_feature_position":"","_tbt_post_header":false,"_tbt_post_footer":false},"class_list":["post-12106","page","type-page","status-publish","hentry"],"yoast_head":"<!-- This site is optimized with the Yoast SEO plugin v25.6 - https:\/\/yoast.com\/wordpress\/plugins\/seo\/ -->\n<title>Estarreja - Tribunal Judicial da Comarca de Aveiro<\/title>\n<meta name=\"robots\" content=\"index, follow, max-snippet:-1, max-image-preview:large, max-video-preview:-1\" \/>\n<link rel=\"canonical\" href=\"https:\/\/comarcas.csm.org.pt\/aveiro\/acomarca\/juizos\/estarreja\/\" \/>\n<meta property=\"og:locale\" content=\"pt_PT\" \/>\n<meta property=\"og:type\" content=\"article\" \/>\n<meta property=\"og:title\" content=\"Estarreja - Tribunal Judicial da Comarca de Aveiro\" \/>\n<meta property=\"og:description\" content=\"Ju\u00edzo de Compet\u00eancia Gen\u00e9rica de Estarreja Compet\u00eancia Territorial: Estarreja, Murtosa Morada: Pal\u00e1cio da Justi\u00e7a, Av. 25 de Abril3864-002 Estarreja Contactos: Telefone: 234810500 Fax: 234810909 Email: estarreja.judicial@tribunais.org.pt Ju\u00edzo de Fam\u00edlia e Menores de Estarreja Compet\u00eancia Territorial: Estarreja, Murtosa, Ovar Morada: Pal\u00e1cio da Justi\u00e7a, Av. 25 de Abril3864-002 Estarreja Contactos: Telefone: 234810500 Fax: 234810909 Email: estarreja.familia@tribunais.org.pt Unidade...\" \/>\n<meta property=\"og:url\" content=\"https:\/\/comarcas.csm.org.pt\/aveiro\/acomarca\/juizos\/estarreja\/\" \/>\n<meta property=\"og:site_name\" content=\"Tribunal Judicial da Comarca de Aveiro\" \/>\n<meta property=\"article:modified_time\" content=\"2025-06-20T10:37:21+00:00\" \/>\n<meta name=\"twitter:card\" content=\"summary_large_image\" \/>\n<meta name=\"twitter:label1\" content=\"Tempo estimado de leitura\" \/>\n\t<meta name=\"twitter:data1\" content=\"1 minuto\" \/>\n<script type=\"application\/ld+json\" class=\"yoast-schema-graph\">{\"@context\":\"https:\/\/schema.org\",\"@graph\":[{\"@type\":\"WebPage\",\"@id\":\"https:\/\/comarcas.csm.org.pt\/aveiro\/acomarca\/juizos\/estarreja\/\",\"url\":\"https:\/\/comarcas.csm.org.pt\/aveiro\/acomarca\/juizos\/estarreja\/\",\"name\":\"Estarreja - Tribunal Judicial da Comarca de Aveiro\",\"isPartOf\":{\"@id\":\"https:\/\/comarcas.csm.org.pt\/aveiro\/#website\"},\"datePublished\":\"2025-06-12T16:30:19+00:00\",\"dateModified\":\"2025-06-20T10:37:21+00:00\",\"breadcrumb\":{\"@id\":\"https:\/\/comarcas.csm.org.pt\/aveiro\/acomarca\/juizos\/estarreja\/#breadcrumb\"},\"inLanguage\":\"pt-PT\",\"potentialAction\":[{\"@type\":\"ReadAction\",\"target\":[\"https:\/\/comarcas.csm.org.pt\/aveiro\/acomarca\/juizos\/estarreja\/\"]}]},{\"@type\":\"BreadcrumbList\",\"@id\":\"https:\/\/comarcas.csm.org.pt\/aveiro\/acomarca\/juizos\/estarreja\/#breadcrumb\",\"itemListElement\":[{\"@type\":\"ListItem\",\"position\":1,\"name\":\"In\u00edcio\",\"item\":\"https:\/\/comarcas.csm.org.pt\/aveiro\/\"},{\"@type\":\"ListItem\",\"position\":2,\"name\":\"A Comarca\",\"item\":\"https:\/\/comarcas.csm.org.pt\/aveiro\/acomarca\/\"},{\"@type\":\"ListItem\",\"position\":3,\"name\":\"N\u00facleos\/Ju\u00edzos\",\"item\":\"https:\/\/comarcas.csm.org.pt\/aveiro\/acomarca\/juizos\/\"},{\"@type\":\"ListItem\",\"position\":4,\"name\":\"Estarreja\"}]},{\"@type\":\"WebSite\",\"@id\":\"https:\/\/comarcas.csm.org.pt\/aveiro\/#website\",\"url\":\"https:\/\/comarcas.csm.org.pt\/aveiro\/\",\"name\":\"Tribunal Judicial da Comarca de Aveiro\",\"description\":\"Tribunal Judicial da Comarca de Aveiro\",\"publisher\":{\"@id\":\"https:\/\/comarcas.csm.org.pt\/aveiro\/#organization\"},\"potentialAction\":[{\"@type\":\"SearchAction\",\"target\":{\"@type\":\"EntryPoint\",\"urlTemplate\":\"https:\/\/comarcas.csm.org.pt\/aveiro\/?s={search_term_string}\"},\"query-input\":{\"@type\":\"PropertyValueSpecification\",\"valueRequired\":true,\"valueName\":\"search_term_string\"}}],\"inLanguage\":\"pt-PT\"},{\"@type\":\"Organization\",\"@id\":\"https:\/\/comarcas.csm.org.pt\/aveiro\/#organization\",\"name\":\"Tribunal Judicial da Comarca de Aveiro\",\"url\":\"https:\/\/comarcas.csm.org.pt\/aveiro\/\",\"logo\":{\"@type\":\"ImageObject\",\"inLanguage\":\"pt-PT\",\"@id\":\"https:\/\/comarcas.csm.org.pt\/aveiro\/#\/schema\/logo\/image\/\",\"url\":\"https:\/\/comarcas.csm.org.pt\/aveiro\/wp-content\/uploads\/sites\/5\/2024\/09\/Aveiro_positivo-horizontal-1.png\",\"contentUrl\":\"https:\/\/comarcas.csm.org.pt\/aveiro\/wp-content\/uploads\/sites\/5\/2024\/09\/Aveiro_positivo-horizontal-1.png\",\"width\":5153,\"height\":890,\"caption\":\"Tribunal Judicial da Comarca de Aveiro\"},\"image\":{\"@id\":\"https:\/\/comarcas.csm.org.pt\/aveiro\/#\/schema\/logo\/image\/\"}}]}<\/script>\n<!-- \/ Yoast SEO plugin. -->","yoast_head_json":{"title":"Estarreja - Tribunal Judicial da Comarca de Aveiro","robots":{"index":"index","follow":"follow","max-snippet":"max-snippet:-1","max-image-preview":"max-image-preview:large","max-video-preview":"max-video-preview:-1"},"canonical":"https:\/\/comarcas.csm.org.pt\/aveiro\/acomarca\/juizos\/estarreja\/","og_locale":"pt_PT","og_type":"article","og_title":"Estarreja - Tribunal Judicial da Comarca de Aveiro","og_description":"Ju\u00edzo de Compet\u00eancia Gen\u00e9rica de Estarreja Compet\u00eancia Territorial: Estarreja, Murtosa Morada: Pal\u00e1cio da Justi\u00e7a, Av. 25 de Abril3864-002 Estarreja Contactos: Telefone: 234810500 Fax: 234810909 Email: estarreja.judicial@tribunais.org.pt Ju\u00edzo de Fam\u00edlia e Menores de Estarreja Compet\u00eancia Territorial: Estarreja, Murtosa, Ovar Morada: Pal\u00e1cio da Justi\u00e7a, Av. 25 de Abril3864-002 Estarreja Contactos: Telefone: 234810500 Fax: 234810909 Email: estarreja.familia@tribunais.org.pt Unidade...","og_url":"https:\/\/comarcas.csm.org.pt\/aveiro\/acomarca\/juizos\/estarreja\/","og_site_name":"Tribunal Judicial da Comarca de Aveiro","article_modified_time":"2025-06-20T10:37:21+00:00","twitter_card":"summary_large_image","twitter_misc":{"Tempo estimado de leitura":"1 minuto"},"schema":{"@context":"https:\/\/schema.org","@graph":[{"@type":"WebPage","@id":"https:\/\/comarcas.csm.org.pt\/aveiro\/acomarca\/juizos\/estarreja\/","url":"https:\/\/comarcas.csm.org.pt\/aveiro\/acomarca\/juizos\/estarreja\/","name":"Estarreja - Tribunal Judicial da Comarca de Aveiro","isPartOf":{"@id":"https:\/\/comarcas.csm.org.pt\/aveiro\/#website"},"datePublished":"2025-06-12T16:30:19+00:00","dateModified":"2025-06-20T10:37:21+00:00","breadcrumb":{"@id":"https:\/\/comarcas.csm.org.pt\/aveiro\/acomarca\/juizos\/estarreja\/#breadcrumb"},"inLanguage":"pt-PT","potentialAction":[{"@type":"ReadAction","target":["https:\/\/comarcas.csm.org.pt\/aveiro\/acomarca\/juizos\/estarreja\/"]}]},{"@type":"BreadcrumbList","@id":"https:\/\/comarcas.csm.org.pt\/aveiro\/acomarca\/juizos\/estarreja\/#breadcrumb","itemListElement":[{"@type":"ListItem","position":1,"name":"In\u00edcio","item":"https:\/\/comarcas.csm.org.pt\/aveiro\/"},{"@type":"ListItem","position":2,"name":"A Comarca","item":"https:\/\/comarcas.csm.org.pt\/aveiro\/acomarca\/"},{"@type":"ListItem","position":3,"name":"N\u00facleos\/Ju\u00edzos","item":"https:\/\/comarcas.csm.org.pt\/aveiro\/acomarca\/juizos\/"},{"@type":"ListItem","position":4,"name":"Estarreja"}]},{"@type":"WebSite","@id":"https:\/\/comarcas.csm.org.pt\/aveiro\/#website","url":"https:\/\/comarcas.csm.org.pt\/aveiro\/","name":"Tribunal Judicial da Comarca de Aveiro","description":"Tribunal Judicial da Comarca de Aveiro","publisher":{"@id":"https:\/\/comarcas.csm.org.pt\/aveiro\/#organization"},"potentialAction":[{"@type":"SearchAction","target":{"@type":"EntryPoint","urlTemplate":"https:\/\/comarcas.csm.org.pt\/aveiro\/?s={search_term_string}"},"query-input":{"@type":"PropertyValueSpecification","valueRequired":true,"valueName":"search_term_string"}}],"inLanguage":"pt-PT"},{"@type":"Organization","@id":"https:\/\/comarcas.csm.org.pt\/aveiro\/#organization","name":"Tribunal Judicial da Comarca de Aveiro","url":"https:\/\/comarcas.csm.org.pt\/aveiro\/","logo":{"@type":"ImageObject","inLanguage":"pt-PT","@id":"https:\/\/comarcas.csm.org.pt\/aveiro\/#\/schema\/logo\/image\/","url":"https:\/\/comarcas.csm.org.pt\/aveiro\/wp-content\/uploads\/sites\/5\/2024\/09\/Aveiro_positivo-horizontal-1.png","contentUrl":"https:\/\/comarcas.csm.org.pt\/aveiro\/wp-content\/uploads\/sites\/5\/2024\/09\/Aveiro_positivo-horizontal-1.png","width":5153,"height":890,"caption":"Tribunal Judicial da Comarca de Aveiro"},"image":{"@id":"https:\/\/comarcas.csm.org.pt\/aveiro\/#\/schema\/logo\/image\/"}}]}},"_links":{"self":[{"href":"https:\/\/comarcas.csm.org.pt\/aveiro\/wp-json\/wp\/v2\/pages\/12106","targetHints":{"allow":["GET"]}}],"collection":[{"href":"https:\/\/comarcas.csm.org.pt\/aveiro\/wp-json\/wp\/v2\/pages"}],"about":[{"href":"https:\/\/comarcas.csm.org.pt\/aveiro\/wp-json\/wp\/v2\/types\/page"}],"author":[{"embeddable":true,"href":"https:\/\/comarcas.csm.org.pt\/aveiro\/wp-json\/wp\/v2\/users\/1"}],"replies":[{"embeddable":true,"href":"https:\/\/comarcas.csm.org.pt\/aveiro\/wp-json\/wp\/v2\/comments?post=12106"}],"version-history":[{"count":7,"href":"https:\/\/comarcas.csm.org.pt\/aveiro\/wp-json\/wp\/v2\/pages\/12106\/revisions"}],"predecessor-version":[{"id":12288,"href":"https:\/\/comarcas.csm.org.pt\/aveiro\/wp-json\/wp\/v2\/pages\/12106\/revisions\/12288"}],"up":[{"embeddable":true,"href":"https:\/\/comarcas.csm.org.pt\/aveiro\/wp-json\/wp\/v2\/pages\/11069"}],"wp:attachment":[{"href":"https:\/\/comarcas.csm.org.pt\/aveiro\/wp-json\/wp\/v2\/media?parent=12106"}],"curies":[{"name":"wp","href":"https:\/\/api.w.org\/{rel}","templated":true}]}}