{"id":12372,"date":"2025-06-20T12:56:43","date_gmt":"2025-06-20T12:56:43","guid":{"rendered":"https:\/\/comarcas.csm.org.pt\/aveiro\/?page_id=12372"},"modified":"2025-07-08T11:47:06","modified_gmt":"2025-07-08T11:47:06","slug":"castelo-de-paiva","status":"publish","type":"page","link":"https:\/\/comarcas.csm.org.pt\/aveiro\/acomarca\/juizos\/castelo-de-paiva\/","title":{"rendered":"Castelo de Paiva"},"content":{"rendered":"\t\t<div data-elementor-type=\"wp-page\" data-elementor-id=\"12372\" class=\"elementor elementor-12372\" data-elementor-post-type=\"page\">\n\t\t\t\t<div class=\"elementor-element elementor-element-9a4155d e-flex e-con-boxed e-con e-parent\" data-id=\"9a4155d\" data-element_type=\"container\">\n\t\t\t\t\t<div class=\"e-con-inner\">\n\t\t<div class=\"elementor-element elementor-element-fe833da e-con-full e-flex e-con e-child\" data-id=\"fe833da\" data-element_type=\"container\">\n\t\t\t\t<div class=\"elementor-element elementor-element-812f9db elementor-widget elementor-widget-heading\" data-id=\"812f9db\" data-element_type=\"widget\" data-widget_type=\"heading.default\">\n\t\t\t\t<div class=\"elementor-widget-container\">\n\t\t\t\t\t<h4 class=\"elementor-heading-title elementor-size-default\">Ju\u00edzo de Compet\u00eancia Gen\u00e9rica de Castelo de Paiva<\/h4>\t\t\t\t<\/div>\n\t\t\t\t<\/div>\n\t\t\t\t<\/div>\n\t\t<div class=\"elementor-element elementor-element-c702faa e-con-full e-flex e-con e-child\" data-id=\"c702faa\" data-element_type=\"container\">\n\t\t\t\t<div class=\"elementor-element elementor-element-c8c8689 elementor-widget elementor-widget-icon-box\" data-id=\"c8c8689\" data-element_type=\"widget\" data-widget_type=\"icon-box.default\">\n\t\t\t\t<div class=\"elementor-widget-container\">\n\t\t\t\t\t\t\t<div class=\"elementor-icon-box-wrapper\">\n\n\t\t\t\n\t\t\t\t\t\t<div class=\"elementor-icon-box-content\">\n\n\t\t\t\t\t\t\t\t\t<h6 class=\"elementor-icon-box-title\">\n\t\t\t\t\t\t<span  >\n\t\t\t\t\t\t\tCompet\u00eancia Territorial:\t\t\t\t\t\t<\/span>\n\t\t\t\t\t<\/h6>\n\t\t\t\t\n\t\t\t\t\t\t\t\t\t<p class=\"elementor-icon-box-description\">\n\t\t\t\t\t\tCastelo de Paiva\t\t\t\t\t<\/p>\n\t\t\t\t\n\t\t\t<\/div>\n\t\t\t\n\t\t<\/div>\n\t\t\t\t\t\t<\/div>\n\t\t\t\t<\/div>\n\t\t\t\t<div class=\"elementor-element elementor-element-d1d2a2d elementor-widget elementor-widget-icon-box\" data-id=\"d1d2a2d\" data-element_type=\"widget\" data-widget_type=\"icon-box.default\">\n\t\t\t\t<div class=\"elementor-widget-container\">\n\t\t\t\t\t\t\t<div class=\"elementor-icon-box-wrapper\">\n\n\t\t\t\n\t\t\t\t\t\t<div class=\"elementor-icon-box-content\">\n\n\t\t\t\t\t\t\t\t\t<h6 class=\"elementor-icon-box-title\">\n\t\t\t\t\t\t<span  >\n\t\t\t\t\t\t\tMorada:\t\t\t\t\t\t<\/span>\n\t\t\t\t\t<\/h6>\n\t\t\t\t\n\t\t\t\t\t\t\t\t\t<p class=\"elementor-icon-box-description\">\n\t\t\t\t\t\tLargo Prof. Joaquim Quintas,<br>4550-100 Castelo de Paiva\t\t\t\t\t<\/p>\n\t\t\t\t\n\t\t\t<\/div>\n\t\t\t\n\t\t<\/div>\n\t\t\t\t\t\t<\/div>\n\t\t\t\t<\/div>\n\t\t\t\t<div class=\"elementor-element elementor-element-732bcc9 elementor-widget elementor-widget-icon-box\" data-id=\"732bcc9\" data-element_type=\"widget\" data-widget_type=\"icon-box.default\">\n\t\t\t\t<div class=\"elementor-widget-container\">\n\t\t\t\t\t\t\t<div class=\"elementor-icon-box-wrapper\">\n\n\t\t\t\n\t\t\t\t\t\t<div class=\"elementor-icon-box-content\">\n\n\t\t\t\t\t\t\t\t\t<h6 class=\"elementor-icon-box-title\">\n\t\t\t\t\t\t<span  >\n\t\t\t\t\t\t\tContactos:\t\t\t\t\t\t<\/span>\n\t\t\t\t\t<\/h6>\n\t\t\t\t\n\t\t\t\t\t\t\t\t\t<p class=\"elementor-icon-box-description\">\n\t\t\t\t\t\t<b>Telefone:<\/b> 255690560\n<br>\n<b>Fax:<\/b> 255690579\n<br>\n<b>Email:<\/b> cpaiva.judicial@tribunais.org.pt\t\t\t\t\t<\/p>\n\t\t\t\t\n\t\t\t<\/div>\n\t\t\t\n\t\t<\/div>\n\t\t\t\t\t\t<\/div>\n\t\t\t\t<\/div>\n\t\t\t\t<\/div>\n\t\t<div class=\"elementor-element elementor-element-1d0e5d6 e-con-full e-flex e-con e-child\" data-id=\"1d0e5d6\" data-element_type=\"container\">\n\t\t\t\t<div class=\"elementor-element elementor-element-3fc6d13 elementor-widget elementor-widget-google_maps\" data-id=\"3fc6d13\" data-element_type=\"widget\" data-widget_type=\"google_maps.default\">\n\t\t\t\t<div class=\"elementor-widget-container\">\n\t\t\t\t\t\t\t<div class=\"elementor-custom-embed\">\n\t\t\t<iframe loading=\"lazy\"\n\t\t\t\t\tsrc=\"https:\/\/www.google.com\/maps\/embed\/v1\/place?key=AIzaSyDhSoLeftGxfg7Tvco7SEUCY-Cc_XLDY3c&#038;q=Largo%20Prof.%20Joaquim%20Quintas%20%20%20%20%20%204550-100%20Castelo%20de%20Paiva&#038;zoom=15\"\n\t\t\t\t\ttitle=\"Largo Prof. Joaquim Quintas      4550-100 Castelo de Paiva\"\n\t\t\t\t\taria-label=\"Largo Prof. Joaquim Quintas      4550-100 Castelo de Paiva\"\n\t\t\t><\/iframe>\n\t\t<\/div>\n\t\t\t\t\t\t<\/div>\n\t\t\t\t<\/div>\n\t\t\t\t<\/div>\n\t\t\t\t\t<\/div>\n\t\t\t\t<\/div>\n\t\t<div class=\"elementor-element elementor-element-73646d0 e-flex e-con-boxed e-con e-parent\" data-id=\"73646d0\" data-element_type=\"container\">\n\t\t\t\t\t<div class=\"e-con-inner\">\n\t\t<div class=\"elementor-element elementor-element-ada5b74 e-con-full e-flex e-con e-child\" data-id=\"ada5b74\" data-element_type=\"container\">\n\t\t\t\t<div class=\"elementor-element elementor-element-7a85cd4 elementor-widget elementor-widget-heading\" data-id=\"7a85cd4\" data-element_type=\"widget\" data-widget_type=\"heading.default\">\n\t\t\t\t<div class=\"elementor-widget-container\">\n\t\t\t\t\t<h4 class=\"elementor-heading-title elementor-size-default\">Unidade Central de Castelo de Paiva<\/h4>\t\t\t\t<\/div>\n\t\t\t\t<\/div>\n\t\t\t\t<\/div>\n\t\t<div class=\"elementor-element elementor-element-244e11e e-con-full e-flex e-con e-child\" data-id=\"244e11e\" data-element_type=\"container\">\n\t\t\t\t<div class=\"elementor-element elementor-element-e2a1b97 elementor-widget elementor-widget-icon-box\" data-id=\"e2a1b97\" data-element_type=\"widget\" data-widget_type=\"icon-box.default\">\n\t\t\t\t<div class=\"elementor-widget-container\">\n\t\t\t\t\t\t\t<div class=\"elementor-icon-box-wrapper\">\n\n\t\t\t\n\t\t\t\t\t\t<div class=\"elementor-icon-box-content\">\n\n\t\t\t\t\t\t\t\t\t<h6 class=\"elementor-icon-box-title\">\n\t\t\t\t\t\t<span  >\n\t\t\t\t\t\t\tCompet\u00eancia Territorial:\t\t\t\t\t\t<\/span>\n\t\t\t\t\t<\/h6>\n\t\t\t\t\n\t\t\t\t\t\t\t\t\t<p class=\"elementor-icon-box-description\">\n\t\t\t\t\t\tCastelo de Paiva\t\t\t\t\t<\/p>\n\t\t\t\t\n\t\t\t<\/div>\n\t\t\t\n\t\t<\/div>\n\t\t\t\t\t\t<\/div>\n\t\t\t\t<\/div>\n\t\t\t\t<div class=\"elementor-element elementor-element-fbc8027 elementor-widget elementor-widget-icon-box\" data-id=\"fbc8027\" data-element_type=\"widget\" data-widget_type=\"icon-box.default\">\n\t\t\t\t<div class=\"elementor-widget-container\">\n\t\t\t\t\t\t\t<div class=\"elementor-icon-box-wrapper\">\n\n\t\t\t\n\t\t\t\t\t\t<div class=\"elementor-icon-box-content\">\n\n\t\t\t\t\t\t\t\t\t<h6 class=\"elementor-icon-box-title\">\n\t\t\t\t\t\t<span  >\n\t\t\t\t\t\t\tMorada:\t\t\t\t\t\t<\/span>\n\t\t\t\t\t<\/h6>\n\t\t\t\t\n\t\t\t\t\t\t\t\t\t<p class=\"elementor-icon-box-description\">\n\t\t\t\t\t\tLargo Prof. Joaquim Quintas,<br>4550-100 Castelo de Paiva\t\t\t\t\t<\/p>\n\t\t\t\t\n\t\t\t<\/div>\n\t\t\t\n\t\t<\/div>\n\t\t\t\t\t\t<\/div>\n\t\t\t\t<\/div>\n\t\t\t\t<div class=\"elementor-element elementor-element-647c16f elementor-widget elementor-widget-icon-box\" data-id=\"647c16f\" data-element_type=\"widget\" data-widget_type=\"icon-box.default\">\n\t\t\t\t<div class=\"elementor-widget-container\">\n\t\t\t\t\t\t\t<div class=\"elementor-icon-box-wrapper\">\n\n\t\t\t\n\t\t\t\t\t\t<div class=\"elementor-icon-box-content\">\n\n\t\t\t\t\t\t\t\t\t<h6 class=\"elementor-icon-box-title\">\n\t\t\t\t\t\t<span  >\n\t\t\t\t\t\t\tContactos:\t\t\t\t\t\t<\/span>\n\t\t\t\t\t<\/h6>\n\t\t\t\t\n\t\t\t\t\t\t\t\t\t<p class=\"elementor-icon-box-description\">\n\t\t\t\t\t\t<b>Telefone:<\/b> 255690560\n<br>\n<b>Fax:<\/b> 255690579\n<br>\n<b>Email:<\/b> cpaiva.judicial@tribunais.org.pt\t\t\t\t\t<\/p>\n\t\t\t\t\n\t\t\t<\/div>\n\t\t\t\n\t\t<\/div>\n\t\t\t\t\t\t<\/div>\n\t\t\t\t<\/div>\n\t\t\t\t<\/div>\n\t\t<div class=\"elementor-element elementor-element-57bae19 e-con-full e-flex e-con e-child\" data-id=\"57bae19\" data-element_type=\"container\">\n\t\t\t\t<div class=\"elementor-element elementor-element-21818e2 elementor-widget elementor-widget-google_maps\" data-id=\"21818e2\" data-element_type=\"widget\" data-widget_type=\"google_maps.default\">\n\t\t\t\t<div class=\"elementor-widget-container\">\n\t\t\t\t\t\t\t<div class=\"elementor-custom-embed\">\n\t\t\t<iframe loading=\"lazy\"\n\t\t\t\t\tsrc=\"https:\/\/www.google.com\/maps\/embed\/v1\/place?key=AIzaSyDhSoLeftGxfg7Tvco7SEUCY-Cc_XLDY3c&#038;q=Largo%20Prof.%20Joaquim%20Quintas%20%20%20%20%20%204550-100%20Castelo%20de%20Paiva&#038;zoom=15\"\n\t\t\t\t\ttitle=\"Largo Prof. Joaquim Quintas      4550-100 Castelo de Paiva\"\n\t\t\t\t\taria-label=\"Largo Prof. Joaquim Quintas      4550-100 Castelo de Paiva\"\n\t\t\t><\/iframe>\n\t\t<\/div>\n\t\t\t\t\t\t<\/div>\n\t\t\t\t<\/div>\n\t\t\t\t<\/div>\n\t\t\t\t\t<\/div>\n\t\t\t\t<\/div>\n\t\t<div class=\"elementor-element elementor-element-8e7b53d e-flex e-con-boxed e-con e-parent\" data-id=\"8e7b53d\" data-element_type=\"container\">\n\t\t\t\t\t<div class=\"e-con-inner\">\n\t\t\t\t<div class=\"elementor-element elementor-element-a498782 elementor-widget elementor-widget-spacer\" data-id=\"a498782\" data-element_type=\"widget\" data-widget_type=\"spacer.default\">\n\t\t\t\t<div class=\"elementor-widget-container\">\n\t\t\t\t\t\t\t<div class=\"elementor-spacer\">\n\t\t\t<div class=\"elementor-spacer-inner\"><\/div>\n\t\t<\/div>\n\t\t\t\t\t\t<\/div>\n\t\t\t\t<\/div>\n\t\t\t\t\t<\/div>\n\t\t\t\t<\/div>\n\t\t<div class=\"elementor-element elementor-element-84c2d58 e-flex e-con-boxed e-con e-parent\" data-id=\"84c2d58\" data-element_type=\"container\">\n\t\t\t\t\t<div class=\"e-con-inner\">\n\t\t\t\t<div class=\"elementor-element elementor-element-32f36c2 elementor-widget elementor-widget-spacer\" data-id=\"32f36c2\" data-element_type=\"widget\" data-widget_type=\"spacer.default\">\n\t\t\t\t<div class=\"elementor-widget-container\">\n\t\t\t\t\t\t\t<div class=\"elementor-spacer\">\n\t\t\t<div class=\"elementor-spacer-inner\"><\/div>\n\t\t<\/div>\n\t\t\t\t\t\t<\/div>\n\t\t\t\t<\/div>\n\t\t\t\t\t<\/div>\n\t\t\t\t<\/div>\n\t\t\t\t<\/div>\n\t\t","protected":false},"excerpt":{"rendered":"<p>Ju\u00edzo de Compet\u00eancia Gen\u00e9rica de Castelo de Paiva Compet\u00eancia Territorial: Castelo de Paiva Morada: Largo Prof. Joaquim Quintas,4550-100 Castelo de Paiva Contactos: Telefone: 255690560 Fax: 255690579 Email: cpaiva.judicial@tribunais.org.pt Unidade Central de Castelo de Paiva Compet\u00eancia Territorial: Castelo de Paiva Morada: Largo Prof. Joaquim Quintas,4550-100 Castelo de Paiva Contactos: Telefone: 255690560 Fax: 255690579 Email: cpaiva.judicial@tribunais.org.pt<\/p>\n","protected":false},"author":4,"featured_media":0,"parent":11069,"menu_order":0,"comment_status":"closed","ping_status":"closed","template":"","meta":{"_tbt_post_transparent":"","_tbt_post_title":"","_tbt_post_layout":"default","_tbt_post_sidebar_id":"","_tbt_post_content_style":"","_tbt_post_vertical_padding":"","_tbt_post_feature":"","_tbt_post_feature_position":"","_tbt_post_header":false,"_tbt_post_footer":false},"class_list":["post-12372","page","type-page","status-publish","hentry"],"yoast_head":"<!-- This site is optimized with the Yoast SEO plugin v25.6 - https:\/\/yoast.com\/wordpress\/plugins\/seo\/ -->\n<title>Castelo de Paiva - Tribunal Judicial da Comarca de Aveiro<\/title>\n<meta name=\"robots\" content=\"index, follow, max-snippet:-1, max-image-preview:large, max-video-preview:-1\" \/>\n<link rel=\"canonical\" href=\"https:\/\/comarcas.csm.org.pt\/aveiro\/acomarca\/juizos\/castelo-de-paiva\/\" \/>\n<meta property=\"og:locale\" content=\"pt_PT\" \/>\n<meta property=\"og:type\" content=\"article\" \/>\n<meta property=\"og:title\" content=\"Castelo de Paiva - Tribunal Judicial da Comarca de Aveiro\" \/>\n<meta property=\"og:description\" content=\"Ju\u00edzo de Compet\u00eancia Gen\u00e9rica de Castelo de Paiva Compet\u00eancia Territorial: Castelo de Paiva Morada: Largo Prof. Joaquim Quintas,4550-100 Castelo de Paiva Contactos: Telefone: 255690560 Fax: 255690579 Email: cpaiva.judicial@tribunais.org.pt Unidade Central de Castelo de Paiva Compet\u00eancia Territorial: Castelo de Paiva Morada: Largo Prof. Joaquim Quintas,4550-100 Castelo de Paiva Contactos: Telefone: 255690560 Fax: 255690579 Email: cpaiva.judicial@tribunais.org.pt\" \/>\n<meta property=\"og:url\" content=\"https:\/\/comarcas.csm.org.pt\/aveiro\/acomarca\/juizos\/castelo-de-paiva\/\" \/>\n<meta property=\"og:site_name\" content=\"Tribunal Judicial da Comarca de Aveiro\" \/>\n<meta property=\"article:modified_time\" content=\"2025-07-08T11:47:06+00:00\" \/>\n<meta name=\"twitter:card\" content=\"summary_large_image\" \/>\n<meta name=\"twitter:label1\" content=\"Tempo estimado de leitura\" \/>\n\t<meta name=\"twitter:data1\" content=\"1 minuto\" \/>\n<script type=\"application\/ld+json\" class=\"yoast-schema-graph\">{\"@context\":\"https:\/\/schema.org\",\"@graph\":[{\"@type\":\"WebPage\",\"@id\":\"https:\/\/comarcas.csm.org.pt\/aveiro\/acomarca\/juizos\/castelo-de-paiva\/\",\"url\":\"https:\/\/comarcas.csm.org.pt\/aveiro\/acomarca\/juizos\/castelo-de-paiva\/\",\"name\":\"Castelo de Paiva - Tribunal Judicial da Comarca de Aveiro\",\"isPartOf\":{\"@id\":\"https:\/\/comarcas.csm.org.pt\/aveiro\/#website\"},\"datePublished\":\"2025-06-20T12:56:43+00:00\",\"dateModified\":\"2025-07-08T11:47:06+00:00\",\"breadcrumb\":{\"@id\":\"https:\/\/comarcas.csm.org.pt\/aveiro\/acomarca\/juizos\/castelo-de-paiva\/#breadcrumb\"},\"inLanguage\":\"pt-PT\",\"potentialAction\":[{\"@type\":\"ReadAction\",\"target\":[\"https:\/\/comarcas.csm.org.pt\/aveiro\/acomarca\/juizos\/castelo-de-paiva\/\"]}]},{\"@type\":\"BreadcrumbList\",\"@id\":\"https:\/\/comarcas.csm.org.pt\/aveiro\/acomarca\/juizos\/castelo-de-paiva\/#breadcrumb\",\"itemListElement\":[{\"@type\":\"ListItem\",\"position\":1,\"name\":\"In\u00edcio\",\"item\":\"https:\/\/comarcas.csm.org.pt\/aveiro\/\"},{\"@type\":\"ListItem\",\"position\":2,\"name\":\"A Comarca\",\"item\":\"https:\/\/comarcas.csm.org.pt\/aveiro\/acomarca\/\"},{\"@type\":\"ListItem\",\"position\":3,\"name\":\"N\u00facleos\/Ju\u00edzos\",\"item\":\"https:\/\/comarcas.csm.org.pt\/aveiro\/acomarca\/juizos\/\"},{\"@type\":\"ListItem\",\"position\":4,\"name\":\"Castelo de Paiva\"}]},{\"@type\":\"WebSite\",\"@id\":\"https:\/\/comarcas.csm.org.pt\/aveiro\/#website\",\"url\":\"https:\/\/comarcas.csm.org.pt\/aveiro\/\",\"name\":\"Tribunal Judicial da Comarca de Aveiro\",\"description\":\"Tribunal Judicial da Comarca de Aveiro\",\"publisher\":{\"@id\":\"https:\/\/comarcas.csm.org.pt\/aveiro\/#organization\"},\"potentialAction\":[{\"@type\":\"SearchAction\",\"target\":{\"@type\":\"EntryPoint\",\"urlTemplate\":\"https:\/\/comarcas.csm.org.pt\/aveiro\/?s={search_term_string}\"},\"query-input\":{\"@type\":\"PropertyValueSpecification\",\"valueRequired\":true,\"valueName\":\"search_term_string\"}}],\"inLanguage\":\"pt-PT\"},{\"@type\":\"Organization\",\"@id\":\"https:\/\/comarcas.csm.org.pt\/aveiro\/#organization\",\"name\":\"Tribunal Judicial da Comarca de Aveiro\",\"url\":\"https:\/\/comarcas.csm.org.pt\/aveiro\/\",\"logo\":{\"@type\":\"ImageObject\",\"inLanguage\":\"pt-PT\",\"@id\":\"https:\/\/comarcas.csm.org.pt\/aveiro\/#\/schema\/logo\/image\/\",\"url\":\"https:\/\/comarcas.csm.org.pt\/aveiro\/wp-content\/uploads\/sites\/5\/2024\/09\/Aveiro_positivo-horizontal-1.png\",\"contentUrl\":\"https:\/\/comarcas.csm.org.pt\/aveiro\/wp-content\/uploads\/sites\/5\/2024\/09\/Aveiro_positivo-horizontal-1.png\",\"width\":5153,\"height\":890,\"caption\":\"Tribunal Judicial da Comarca de Aveiro\"},\"image\":{\"@id\":\"https:\/\/comarcas.csm.org.pt\/aveiro\/#\/schema\/logo\/image\/\"}}]}<\/script>\n<!-- \/ Yoast SEO plugin. -->","yoast_head_json":{"title":"Castelo de Paiva - Tribunal Judicial da Comarca de Aveiro","robots":{"index":"index","follow":"follow","max-snippet":"max-snippet:-1","max-image-preview":"max-image-preview:large","max-video-preview":"max-video-preview:-1"},"canonical":"https:\/\/comarcas.csm.org.pt\/aveiro\/acomarca\/juizos\/castelo-de-paiva\/","og_locale":"pt_PT","og_type":"article","og_title":"Castelo de Paiva - Tribunal Judicial da Comarca de Aveiro","og_description":"Ju\u00edzo de Compet\u00eancia Gen\u00e9rica de Castelo de Paiva Compet\u00eancia Territorial: Castelo de Paiva Morada: Largo Prof. Joaquim Quintas,4550-100 Castelo de Paiva Contactos: Telefone: 255690560 Fax: 255690579 Email: cpaiva.judicial@tribunais.org.pt Unidade Central de Castelo de Paiva Compet\u00eancia Territorial: Castelo de Paiva Morada: Largo Prof. Joaquim Quintas,4550-100 Castelo de Paiva Contactos: Telefone: 255690560 Fax: 255690579 Email: cpaiva.judicial@tribunais.org.pt","og_url":"https:\/\/comarcas.csm.org.pt\/aveiro\/acomarca\/juizos\/castelo-de-paiva\/","og_site_name":"Tribunal Judicial da Comarca de Aveiro","article_modified_time":"2025-07-08T11:47:06+00:00","twitter_card":"summary_large_image","twitter_misc":{"Tempo estimado de leitura":"1 minuto"},"schema":{"@context":"https:\/\/schema.org","@graph":[{"@type":"WebPage","@id":"https:\/\/comarcas.csm.org.pt\/aveiro\/acomarca\/juizos\/castelo-de-paiva\/","url":"https:\/\/comarcas.csm.org.pt\/aveiro\/acomarca\/juizos\/castelo-de-paiva\/","name":"Castelo de Paiva - Tribunal Judicial da Comarca de Aveiro","isPartOf":{"@id":"https:\/\/comarcas.csm.org.pt\/aveiro\/#website"},"datePublished":"2025-06-20T12:56:43+00:00","dateModified":"2025-07-08T11:47:06+00:00","breadcrumb":{"@id":"https:\/\/comarcas.csm.org.pt\/aveiro\/acomarca\/juizos\/castelo-de-paiva\/#breadcrumb"},"inLanguage":"pt-PT","potentialAction":[{"@type":"ReadAction","target":["https:\/\/comarcas.csm.org.pt\/aveiro\/acomarca\/juizos\/castelo-de-paiva\/"]}]},{"@type":"BreadcrumbList","@id":"https:\/\/comarcas.csm.org.pt\/aveiro\/acomarca\/juizos\/castelo-de-paiva\/#breadcrumb","itemListElement":[{"@type":"ListItem","position":1,"name":"In\u00edcio","item":"https:\/\/comarcas.csm.org.pt\/aveiro\/"},{"@type":"ListItem","position":2,"name":"A Comarca","item":"https:\/\/comarcas.csm.org.pt\/aveiro\/acomarca\/"},{"@type":"ListItem","position":3,"name":"N\u00facleos\/Ju\u00edzos","item":"https:\/\/comarcas.csm.org.pt\/aveiro\/acomarca\/juizos\/"},{"@type":"ListItem","position":4,"name":"Castelo de Paiva"}]},{"@type":"WebSite","@id":"https:\/\/comarcas.csm.org.pt\/aveiro\/#website","url":"https:\/\/comarcas.csm.org.pt\/aveiro\/","name":"Tribunal Judicial da Comarca de Aveiro","description":"Tribunal Judicial da Comarca de Aveiro","publisher":{"@id":"https:\/\/comarcas.csm.org.pt\/aveiro\/#organization"},"potentialAction":[{"@type":"SearchAction","target":{"@type":"EntryPoint","urlTemplate":"https:\/\/comarcas.csm.org.pt\/aveiro\/?s={search_term_string}"},"query-input":{"@type":"PropertyValueSpecification","valueRequired":true,"valueName":"search_term_string"}}],"inLanguage":"pt-PT"},{"@type":"Organization","@id":"https:\/\/comarcas.csm.org.pt\/aveiro\/#organization","name":"Tribunal Judicial da Comarca de Aveiro","url":"https:\/\/comarcas.csm.org.pt\/aveiro\/","logo":{"@type":"ImageObject","inLanguage":"pt-PT","@id":"https:\/\/comarcas.csm.org.pt\/aveiro\/#\/schema\/logo\/image\/","url":"https:\/\/comarcas.csm.org.pt\/aveiro\/wp-content\/uploads\/sites\/5\/2024\/09\/Aveiro_positivo-horizontal-1.png","contentUrl":"https:\/\/comarcas.csm.org.pt\/aveiro\/wp-content\/uploads\/sites\/5\/2024\/09\/Aveiro_positivo-horizontal-1.png","width":5153,"height":890,"caption":"Tribunal Judicial da Comarca de Aveiro"},"image":{"@id":"https:\/\/comarcas.csm.org.pt\/aveiro\/#\/schema\/logo\/image\/"}}]}},"_links":{"self":[{"href":"https:\/\/comarcas.csm.org.pt\/aveiro\/wp-json\/wp\/v2\/pages\/12372","targetHints":{"allow":["GET"]}}],"collection":[{"href":"https:\/\/comarcas.csm.org.pt\/aveiro\/wp-json\/wp\/v2\/pages"}],"about":[{"href":"https:\/\/comarcas.csm.org.pt\/aveiro\/wp-json\/wp\/v2\/types\/page"}],"author":[{"embeddable":true,"href":"https:\/\/comarcas.csm.org.pt\/aveiro\/wp-json\/wp\/v2\/users\/4"}],"replies":[{"embeddable":true,"href":"https:\/\/comarcas.csm.org.pt\/aveiro\/wp-json\/wp\/v2\/comments?post=12372"}],"version-history":[{"count":7,"href":"https:\/\/comarcas.csm.org.pt\/aveiro\/wp-json\/wp\/v2\/pages\/12372\/revisions"}],"predecessor-version":[{"id":12711,"href":"https:\/\/comarcas.csm.org.pt\/aveiro\/wp-json\/wp\/v2\/pages\/12372\/revisions\/12711"}],"up":[{"embeddable":true,"href":"https:\/\/comarcas.csm.org.pt\/aveiro\/wp-json\/wp\/v2\/pages\/11069"}],"wp:attachment":[{"href":"https:\/\/comarcas.csm.org.pt\/aveiro\/wp-json\/wp\/v2\/media?parent=12372"}],"curies":[{"name":"wp","href":"https:\/\/api.w.org\/{rel}","templated":true}]}}