{"id":10439,"date":"2021-11-23T11:34:14","date_gmt":"2021-11-23T11:34:14","guid":{"rendered":"https:\/\/wp.themedemo.org\/WCM07\/WCM070159\/WP1\/?page_id=5"},"modified":"2026-04-21T08:58:21","modified_gmt":"2026-04-21T08:58:21","slug":"home","status":"publish","type":"page","link":"https:\/\/comarcas.csm.org.pt\/braganca\/","title":{"rendered":"Home"},"content":{"rendered":"\t\t<div data-elementor-type=\"wp-page\" data-elementor-id=\"10439\" class=\"elementor elementor-10439\" data-elementor-post-type=\"page\">\n\t\t\t\t<div class=\"elementor-element elementor-element-7d17037 e-flex e-con-boxed e-con e-parent\" data-id=\"7d17037\" data-element_type=\"container\">\n\t\t\t\t\t<div class=\"e-con-inner\">\n\t\t\t\t<div class=\"elementor-element elementor-element-4c19f49 elementor-widget elementor-widget-slider_revolution\" data-id=\"4c19f49\" data-element_type=\"widget\" data-widget_type=\"slider_revolution.default\">\n\t\t\t\t<div class=\"elementor-widget-container\">\n\t\t\t\t\t\n\t\t<div class=\"wp-block-themepunch-revslider\">\n\t\t\t<!-- START Slider Comarcas REVOLUTION SLIDER 6.6.16 --><p class=\"rs-p-wp-fix\"><\/p>\n\t\t\t<rs-module-wrap id=\"rev_slider_1_1_wrapper\" data-source=\"gallery\" style=\"visibility:hidden;background:#e5e5e5;padding:0;margin:0px auto;margin-top:0;margin-bottom:0;\">\n\t\t\t\t<rs-module id=\"rev_slider_1_1\" style=\"\" data-version=\"6.6.16\">\n\t\t\t\t\t<rs-slides style=\"overflow: hidden; position: absolute;\">\n\t\t\t\t\t\t<rs-slide style=\"position: absolute;\" data-key=\"rs-1\" data-title=\"Slider1\" data-anim=\"adpr:false;\" data-in=\"o:0;\" data-out=\"a:false;\">\n\t\t\t\t\t\t\t<img fetchpriority=\"high\" decoding=\"async\" src=\"\/\/comarcas.csm.org.pt\/braganca\/wp-content\/plugins\/revslider\/public\/assets\/assets\/dummy.png\" alt=\"\" title=\"Pal\u00e1cio da Justi\u00e7a &#8211; Bragan\u00e7a\" width=\"2560\" height=\"1696\" class=\"rev-slidebg tp-rs-img rs-lazyload\" data-lazyload=\"\/\/comarcas.csm.org.pt\/braganca\/wp-content\/uploads\/sites\/10\/2025\/05\/Palacio-da-Justica-Braganca-scaled.jpg\" data-no-retina>\n<!--\n\t\t\t\t\t\t\t--><rs-layer\n\t\t\t\t\t\t\t\tid=\"slider-1-slide-1-layer-0\" \n\t\t\t\t\t\t\t\tdata-type=\"text\"\n\t\t\t\t\t\t\t\tdata-color=\"#000000\"\n\t\t\t\t\t\t\t\tdata-rsp_ch=\"on\"\n\t\t\t\t\t\t\t\tdata-xy=\"x:l,l,l,c;xo:313px,181px,137px,0;yo:207px,233px,176px,170px;\"\n\t\t\t\t\t\t\t\tdata-text=\"w:normal;s:48,60,45,30;l:50,70,53,40;\"\n\t\t\t\t\t\t\t\tdata-dim=\"minh:0px,none,none,none;\"\n\t\t\t\t\t\t\t\tdata-padding=\"t:5,3,2,1;r:5,3,2,1;b:5,3,2,1;l:5,3,2,1;\"\n\t\t\t\t\t\t\t\tdata-frame_999=\"o:0;st:w;\"\n\t\t\t\t\t\t\t\tstyle=\"z-index:12;background-color:#dbbd3f;font-family:'Arial';\"\n\t\t\t\t\t\t\t>COMARCA DE BRAGAN\u00c7A \n\t\t\t\t\t\t\t<\/rs-layer><!--\n\n\t\t\t\t\t\t\t--><rs-layer\n\t\t\t\t\t\t\t\tid=\"slider-1-slide-1-layer-3\" \n\t\t\t\t\t\t\t\tdata-type=\"text\"\n\t\t\t\t\t\t\t\tdata-rsp_ch=\"on\"\n\t\t\t\t\t\t\t\tdata-xy=\"x:c;xo:-371px,20px,0,-3px;y:m;yo:-24px,-26px,-40px,-29px;\"\n\t\t\t\t\t\t\t\tdata-text=\"w:normal;s:85,100,60,40;l:80,120,68,50;ls:0px,9px,6px,5px;fw:800;a:left,left,center,center;\"\n\t\t\t\t\t\t\t\tdata-frame_0=\"sX:0.8;sY:0.8;\"\n\t\t\t\t\t\t\t\tdata-frame_1=\"e:power1.inOut;st:530;sp:1000;sR:530;\"\n\t\t\t\t\t\t\t\tdata-frame_999=\"o:0;st:w;sR:2970;\"\n\t\t\t\t\t\t\t\tstyle=\"z-index:9;font-family:'Montserrat';text-transform:uppercase;\"\n\t\t\t\t\t\t\t>seja<br \/>\nbem-vindo \n\t\t\t\t\t\t\t<\/rs-layer><!--\n-->\t\t\t\t\t\t<\/rs-slide>\n\t\t\t\t\t<\/rs-slides>\n\t\t\t\t<\/rs-module>\n\t\t\t\t<script>\n\t\t\t\t\tsetREVStartSize({c: 'rev_slider_1_1',rl:[1240,1024,778,480],el:[300,300,300,300],gw:[1903,1023,777,480],gh:[300,300,300,300],type:'standard',justify:'',layout:'fullwidth',mh:\"0\"});if (window.RS_MODULES!==undefined && window.RS_MODULES.modules!==undefined && window.RS_MODULES.modules[\"revslider11\"]!==undefined) {window.RS_MODULES.modules[\"revslider11\"].once = false;window.revapi1 = undefined;if (window.RS_MODULES.checkMinimal!==undefined) window.RS_MODULES.checkMinimal()}\n\t\t\t\t<\/script>\n\t\t\t<\/rs-module-wrap>\n\t\t\t<!-- END REVOLUTION SLIDER -->\n<\/div>\n\n\t\t\t\t\t\t<\/div>\n\t\t\t\t<\/div>\n\t\t\t\t\t<\/div>\n\t\t\t\t<\/div>\n\t\t<div class=\"elementor-element elementor-element-9fd3631 e-flex e-con-boxed e-con e-parent\" data-id=\"9fd3631\" data-element_type=\"container\">\n\t\t\t\t\t<div class=\"e-con-inner\">\n\t\t<div class=\"elementor-element elementor-element-6c56d80 e-con-full e-flex e-con e-child\" data-id=\"6c56d80\" data-element_type=\"container\">\n\t\t\t\t<div class=\"elementor-element elementor-element-f8b9c2a elementor-widget elementor-widget-heading\" data-id=\"f8b9c2a\" data-element_type=\"widget\" data-widget_type=\"heading.default\">\n\t\t\t\t<div class=\"elementor-widget-container\">\n\t\t\t\t\t<h1 class=\"elementor-heading-title elementor-size-default\">\u00daltimas Not\u00edcias<\/h1>\t\t\t\t<\/div>\n\t\t\t\t<\/div>\n\t\t\t\t<div class=\"elementor-element elementor-element-c547c08 elementor-grid-2 elementor-posts--thumbnail-none elementor-grid-tablet-2 elementor-grid-mobile-1 elementor-widget elementor-widget-posts\" data-id=\"c547c08\" data-element_type=\"widget\" data-settings=\"{&quot;classic_columns&quot;:&quot;2&quot;,&quot;classic_columns_tablet&quot;:&quot;2&quot;,&quot;classic_columns_mobile&quot;:&quot;1&quot;,&quot;classic_row_gap&quot;:{&quot;unit&quot;:&quot;px&quot;,&quot;size&quot;:35,&quot;sizes&quot;:[]},&quot;classic_row_gap_tablet&quot;:{&quot;unit&quot;:&quot;px&quot;,&quot;size&quot;:&quot;&quot;,&quot;sizes&quot;:[]},&quot;classic_row_gap_mobile&quot;:{&quot;unit&quot;:&quot;px&quot;,&quot;size&quot;:&quot;&quot;,&quot;sizes&quot;:[]}}\" data-widget_type=\"posts.classic\">\n\t\t\t\t<div class=\"elementor-widget-container\">\n\t\t\t\t\t\t\t<div class=\"elementor-posts-container elementor-posts elementor-posts--skin-classic elementor-grid\">\n\t\t\t\t<article class=\"elementor-post elementor-grid-item post-12914 post type-post status-publish format-standard has-post-thumbnail hentry category-eventos category-noticias\">\n\t\t\t\t<div class=\"elementor-post__text\">\n\t\t\t\t<div class=\"elementor-post__title\">\n\t\t\t<a href=\"https:\/\/comarcas.csm.org.pt\/braganca\/blog\/2026\/04\/16\/elementor-12914\/\" >\n\t\t\t\tSess\u00e3o Simb\u00f3lica de Reabertura do Pal\u00e1cio da Justi\u00e7a de Mogadouro\t\t\t<\/a>\n\t\t<\/div>\n\t\t\t\t<div class=\"elementor-post__meta-data\">\n\t\t\t\t\t<span class=\"elementor-post-date\">\n\t\t\t16 de Abril, 2026\t\t<\/span>\n\t\t\t\t<\/div>\n\t\t\t\t<div class=\"elementor-post__excerpt\">\n\t\t\t<p>No passado dia 16 de abril de 2026, teve lugar a Sess\u00e3o Simb\u00f3lica de Reabertura do Pal\u00e1cio da Justi\u00e7a de Mogadouro, promovida pelos \u00d3rg\u00e3os de Gest\u00e3o do Tribunal Judicial da Comarca de Bragan\u00e7a, assinalando o retorno da concretiza\u00e7\u00e3o das dilig\u00eancias e audi\u00eancias de julgamento \u00e0 casa da Justi\u00e7a.<\/p>\n\t\t<\/div>\n\t\t\n\t\t<a class=\"elementor-post__read-more\" href=\"https:\/\/comarcas.csm.org.pt\/braganca\/blog\/2026\/04\/16\/elementor-12914\/\" aria-label=\"Read more about Sess\u00e3o Simb\u00f3lica de Reabertura do Pal\u00e1cio da Justi\u00e7a de Mogadouro\" tabindex=\"-1\" >\n\t\t\tLER MAIS +\t\t<\/a>\n\n\t\t\t\t<\/div>\n\t\t\t\t<\/article>\n\t\t\t\t<article class=\"elementor-post elementor-grid-item post-12898 post type-post status-publish format-standard hentry category-geral\">\n\t\t\t\t<div class=\"elementor-post__text\">\n\t\t\t\t<div class=\"elementor-post__title\">\n\t\t\t<a href=\"https:\/\/comarcas.csm.org.pt\/braganca\/blog\/2026\/03\/30\/assinatura-do-protocolo-de-alargamento-do-modelo-de-autonomia-financeira-as-comarcas\/\" >\n\t\t\t\tAssinatura do protocolo\u00a0de alargamento do modelo de autonomia\u00a0financeira\u00a0\u00e0s comarcas\t\t\t<\/a>\n\t\t<\/div>\n\t\t\t\t<div class=\"elementor-post__meta-data\">\n\t\t\t\t\t<span class=\"elementor-post-date\">\n\t\t\t30 de Mar\u00e7o, 2026\t\t<\/span>\n\t\t\t\t<\/div>\n\t\t\t\t<div class=\"elementor-post__excerpt\">\n\t\t\t<p>No passado dia 23 de mar\u00e7o, em Coimbra, na Casa do Juiz, o \u00d3rg\u00e3o de Gest\u00e3o da Comarca de Bragan\u00e7a, assinou, com o Minist\u00e9rio da Justi\u00e7a, o protocolo que alarga a todas as comarcas o modelo de gest\u00e3o financeira descentralizada, testado em projeto\u2011piloto desde 2024. O novo modelo permite uma<\/p>\n\t\t<\/div>\n\t\t\n\t\t<a class=\"elementor-post__read-more\" href=\"https:\/\/comarcas.csm.org.pt\/braganca\/blog\/2026\/03\/30\/assinatura-do-protocolo-de-alargamento-do-modelo-de-autonomia-financeira-as-comarcas\/\" aria-label=\"Read more about Assinatura do protocolo\u00a0de alargamento do modelo de autonomia\u00a0financeira\u00a0\u00e0s comarcas\" tabindex=\"-1\" >\n\t\t\tLER MAIS +\t\t<\/a>\n\n\t\t\t\t<\/div>\n\t\t\t\t<\/article>\n\t\t\t\t<article class=\"elementor-post elementor-grid-item post-12888 post type-post status-publish format-standard hentry category-geral\">\n\t\t\t\t<div class=\"elementor-post__text\">\n\t\t\t\t<div class=\"elementor-post__title\">\n\t\t\t<a href=\"https:\/\/comarcas.csm.org.pt\/braganca\/blog\/2026\/03\/17\/csm-reune-com-juizes-da-comarca\/\" >\n\t\t\t\tCSM re\u00fane com Ju\u00edzes da Comarca\t\t\t<\/a>\n\t\t<\/div>\n\t\t\t\t<div class=\"elementor-post__meta-data\">\n\t\t\t\t\t<span class=\"elementor-post-date\">\n\t\t\t17 de Mar\u00e7o, 2026\t\t<\/span>\n\t\t\t\t<\/div>\n\t\t\t\t<div class=\"elementor-post__excerpt\">\n\t\t\t<p>O vice-presidente do Conselho Superior da Magistratura, Juiz Conselheiro Lu\u00eds Azevedo Mendes, reuniu-se com os ju\u00edzes da comarca de Bragan\u00e7a, no dia 12 de mar\u00e7o. Participaram tamb\u00e9m na reuni\u00e3o a chefe de gabinete do vice-presidente e membros, Juiz Desembargadora Catarina Escudeiro, a vogal da \u00e1rea, Ju\u00edza de Direito Rita Mota<\/p>\n\t\t<\/div>\n\t\t\n\t\t<a class=\"elementor-post__read-more\" href=\"https:\/\/comarcas.csm.org.pt\/braganca\/blog\/2026\/03\/17\/csm-reune-com-juizes-da-comarca\/\" aria-label=\"Read more about CSM re\u00fane com Ju\u00edzes da Comarca\" tabindex=\"-1\" >\n\t\t\tLER MAIS +\t\t<\/a>\n\n\t\t\t\t<\/div>\n\t\t\t\t<\/article>\n\t\t\t\t<article class=\"elementor-post elementor-grid-item post-12886 post type-post status-publish format-standard hentry category-geral\">\n\t\t\t\t<div class=\"elementor-post__text\">\n\t\t\t\t<div class=\"elementor-post__title\">\n\t\t\t<a href=\"https:\/\/comarcas.csm.org.pt\/braganca\/blog\/2026\/03\/17\/conferencia-ciberseguranca-e-tranparencia-fraudes-digitais\/\" >\n\t\t\t\tConfer\u00eancia &#8220;Ciberseguran\u00e7a e Tranpar\u00eancia &#8211; Fraudes Digitais&#8221;\t\t\t<\/a>\n\t\t<\/div>\n\t\t\t\t<div class=\"elementor-post__meta-data\">\n\t\t\t\t\t<span class=\"elementor-post-date\">\n\t\t\t17 de Mar\u00e7o, 2026\t\t<\/span>\n\t\t\t\t<\/div>\n\t\t\t\t<div class=\"elementor-post__excerpt\">\n\t\t\t<p>O Centro Nacional de Inova\u00e7\u00e3o Jur\u00eddica (CNIJ), em Bragan\u00e7a, acolheu, nos dias 12 e 13 de mar\u00e7o, a Confer\u00eancia \u201cCiberseguran\u00e7a e Transpar\u00eancia \u2013 Fraudes Digitais\u201d, iniciativa promovida em parceria com a Procuradoria-Geral da Rep\u00fablica, dedicada \u00e0 an\u00e1lise dos fen\u00f3menos emergentes da criminalidade digital e \u00e0 reflex\u00e3o sobre estrat\u00e9gias de preven\u00e7\u00e3o<\/p>\n\t\t<\/div>\n\t\t\n\t\t<a class=\"elementor-post__read-more\" href=\"https:\/\/comarcas.csm.org.pt\/braganca\/blog\/2026\/03\/17\/conferencia-ciberseguranca-e-tranparencia-fraudes-digitais\/\" aria-label=\"Read more about Confer\u00eancia &#8220;Ciberseguran\u00e7a e Tranpar\u00eancia &#8211; Fraudes Digitais&#8221;\" tabindex=\"-1\" >\n\t\t\tLER MAIS +\t\t<\/a>\n\n\t\t\t\t<\/div>\n\t\t\t\t<\/article>\n\t\t\t\t<\/div>\n\t\t\n\t\t\t\t\t\t<\/div>\n\t\t\t\t<\/div>\n\t\t\t\t<div class=\"elementor-element elementor-element-90ac429 elementor-align-left elementor-widget elementor-widget-button\" data-id=\"90ac429\" data-element_type=\"widget\" data-widget_type=\"button.default\">\n\t\t\t\t<div class=\"elementor-widget-container\">\n\t\t\t\t\t\t\t\t\t<div class=\"elementor-button-wrapper\">\n\t\t\t\t\t<a class=\"elementor-button elementor-button-link elementor-size-sm\" href=\"\/braganca\/noticias\/\">\n\t\t\t\t\t\t<span class=\"elementor-button-content-wrapper\">\n\t\t\t\t\t\t\t\t\t<span class=\"elementor-button-text\">MAIS NOT\u00cdCIAS<\/span>\n\t\t\t\t\t<\/span>\n\t\t\t\t\t<\/a>\n\t\t\t\t<\/div>\n\t\t\t\t\t\t\t\t<\/div>\n\t\t\t\t<\/div>\n\t\t\t\t<\/div>\n\t\t<div class=\"elementor-element elementor-element-f59ac31 e-con-full e-flex e-con e-child\" data-id=\"f59ac31\" data-element_type=\"container\" data-settings=\"{&quot;background_background&quot;:&quot;classic&quot;}\">\n\t\t\t\t<div class=\"elementor-element elementor-element-f56c11d elementor-widget elementor-widget-heading\" data-id=\"f56c11d\" data-element_type=\"widget\" data-widget_type=\"heading.default\">\n\t\t\t\t<div class=\"elementor-widget-container\">\n\t\t\t\t\t<h1 class=\"elementor-heading-title elementor-size-default\">Destaques<\/h1>\t\t\t\t<\/div>\n\t\t\t\t<\/div>\n\t\t\t\t<div class=\"elementor-element elementor-element-cd31ce9 elementor-widget elementor-widget-wp-widget-em_widget\" data-id=\"cd31ce9\" data-element_type=\"widget\" data-widget_type=\"wp-widget-em_widget.default\">\n\t\t\t\t<div class=\"elementor-widget-container\">\n\t\t\t\t\t<div class=\"em pixelbones em-list-widget em-events-widget\"><ul><li>\r\n<div class=\"emitem-item em-event\">\r\n\t<div class=\"em-item-image  elementor-post__title\" style=\"width:100% !important\">\r\n\t\t<img src='https:\/\/comarcas.csm.org.pt\/braganca\/wp-content\/uploads\/sites\/10\/2026\/04\/Mogadouro_Reinauguracao_02.jpg' alt='Sess\u00e3o Simb\u00f3lica de Reabertura do Pal\u00e1cio da Justi\u00e7a de Mogadouro'\/>\r\n\t\t\r\n\t\t\r\n\t<\/div>\r\n\t<div class=\"em-item-info\">\r\n\t\t<div class=\"em-item-name\"><p><a href=\"https:\/\/comarcas.csm.org.pt\/braganca\/events\/sessao-simbolica-de-reabertura-do-palacio-da-justica-de-mogadouro\/\">Sess\u00e3o Simb\u00f3lica de Reabertura do Pal\u00e1cio da Justi\u00e7a de Mogadouro<\/a><\/p><\/div>\r\n\t\t<div class=\"em-item-meta\">\r\n\r\n\t\t\t<div class=\"em-item-meta-line em-event-date em-event-meta-datetime\">\r\n\t\t\t\t\r\n\t\t\t\t<p>16 Abril 2026, <\/p>\r\n\t\t\t<\/div>\r\n\r\n\t\t<\/div>\r\n\t<\/div>\r\n<\/div><\/li><li>\r\n<div class=\"emitem-item em-event\">\r\n\t<div class=\"em-item-image has-placeholder elementor-post__title\" style=\"width:100% !important\">\r\n\t\t\r\n\t\t\r\n\t\t\r\n\t\t<div class=\"em-item-image-placeholder\" style=\"color: SetembroFFFFF !important\">\r\n\t\t\t<div class=\"date\" style=\"text-align: center;width: 100%\">\r\n\t\t\t\t<span class=\"day\">17<\/span>\r\n\t\t\t\t<span class=\"month\">Set<\/span>\r\n\t\t\t<\/div>\r\n\t\t<\/div>\r\n\t\t\r\n\t<\/div>\r\n\t<div class=\"em-item-info\">\r\n\t\t<div class=\"em-item-name\"><p><a href=\"https:\/\/comarcas.csm.org.pt\/braganca\/events\/novos-orgaos-de-gestao-da-comarca-visitam-estabelecimento-prisional-de-izeda\/\">Novos \u00d3rg\u00e3os de Gest\u00e3o da Comarca visitam Estabelecimento Prisional de Izeda<\/a><\/p><\/div>\r\n\t\t<div class=\"em-item-meta\">\r\n\r\n\t\t\t<div class=\"em-item-meta-line em-event-date em-event-meta-datetime\">\r\n\t\t\t\t\r\n\t\t\t\t<p>17 Setembro 2025, <\/p>\r\n\t\t\t<\/div>\r\n\r\n\t\t<\/div>\r\n\t<\/div>\r\n<\/div><\/li><\/ul><\/div>\t\t\t\t<\/div>\n\t\t\t\t<\/div>\n\t\t\t\t<div class=\"elementor-element elementor-element-1131cea elementor-align-right elementor-widget elementor-widget-button\" data-id=\"1131cea\" data-element_type=\"widget\" data-widget_type=\"button.default\">\n\t\t\t\t<div class=\"elementor-widget-container\">\n\t\t\t\t\t\t\t\t\t<div class=\"elementor-button-wrapper\">\n\t\t\t\t\t<a class=\"elementor-button elementor-button-link elementor-size-sm\" href=\"\/braganca\/events\/\">\n\t\t\t\t\t\t<span class=\"elementor-button-content-wrapper\">\n\t\t\t\t\t\t\t\t\t<span class=\"elementor-button-text\">OUTROS<\/span>\n\t\t\t\t\t<\/span>\n\t\t\t\t\t<\/a>\n\t\t\t\t<\/div>\n\t\t\t\t\t\t\t\t<\/div>\n\t\t\t\t<\/div>\n\t\t\t\t<\/div>\n\t\t\t\t\t<\/div>\n\t\t\t\t<\/div>\n\t\t\t\t<section class=\"elementor-section elementor-top-section elementor-element elementor-element-69dba71 elementor-section-full_width elementor-section-height-min-height elementor-section-stretched elementor-section-height-default elementor-section-items-middle\" data-id=\"69dba71\" data-element_type=\"section\" data-settings=\"{&quot;stretch_section&quot;:&quot;section-stretched&quot;,&quot;background_background&quot;:&quot;classic&quot;}\">\n\t\t\t\t\t\t<div class=\"elementor-container elementor-column-gap-default\">\n\t\t\t\t\t<div class=\"elementor-column elementor-col-100 elementor-top-column elementor-element elementor-element-0d73782\" data-id=\"0d73782\" data-element_type=\"column\" data-settings=\"{&quot;background_background&quot;:&quot;classic&quot;}\">\n\t\t\t<div class=\"elementor-widget-wrap elementor-element-populated\">\n\t\t\t\t\t\t<section class=\"elementor-section elementor-inner-section elementor-element elementor-element-bba4ff0 elementor-section-boxed elementor-section-height-default elementor-section-height-default\" data-id=\"bba4ff0\" data-element_type=\"section\">\n\t\t\t\t\t\t<div class=\"elementor-container elementor-column-gap-default\">\n\t\t\t\t\t<div class=\"elementor-column elementor-col-25 elementor-inner-column elementor-element elementor-element-486e829\" data-id=\"486e829\" data-element_type=\"column\">\n\t\t\t<div class=\"elementor-widget-wrap elementor-element-populated\">\n\t\t\t\t\t\t<div class=\"elementor-element elementor-element-f6625ae elementor-widget elementor-widget-counter\" data-id=\"f6625ae\" data-element_type=\"widget\" data-widget_type=\"counter.default\">\n\t\t\t\t<div class=\"elementor-widget-container\">\n\t\t\t\t\t\t\t<div class=\"elementor-counter\">\n\t\t\t<div class=\"elementor-counter-title\">PROCESSOS PENDENTES<br>1.\u00ba SEMESTRE 2025<\/div>\t\t\t<div class=\"elementor-counter-number-wrapper\">\n\t\t\t\t<span class=\"elementor-counter-number-prefix\"><\/span>\n\t\t\t\t<span class=\"elementor-counter-number\" data-duration=\"2000\" data-to-value=\"5698\" data-from-value=\"0\" data-delimiter=\",\">0<\/span>\n\t\t\t\t<span class=\"elementor-counter-number-suffix\"><\/span>\n\t\t\t<\/div>\n\t\t<\/div>\n\t\t\t\t\t\t<\/div>\n\t\t\t\t<\/div>\n\t\t\t\t\t<\/div>\n\t\t<\/div>\n\t\t\t\t<div class=\"elementor-column elementor-col-25 elementor-inner-column elementor-element elementor-element-0a27989\" data-id=\"0a27989\" data-element_type=\"column\">\n\t\t\t<div class=\"elementor-widget-wrap elementor-element-populated\">\n\t\t\t\t\t\t<div class=\"elementor-element elementor-element-de5bb53 elementor-widget elementor-widget-counter\" data-id=\"de5bb53\" data-element_type=\"widget\" data-widget_type=\"counter.default\">\n\t\t\t\t<div class=\"elementor-widget-container\">\n\t\t\t\t\t\t\t<div class=\"elementor-counter\">\n\t\t\t<div class=\"elementor-counter-title\">PROCESSO ENTRADOS<br>1.\u00ba SEMESTRE 2025\u200b<\/div>\t\t\t<div class=\"elementor-counter-number-wrapper\">\n\t\t\t\t<span class=\"elementor-counter-number-prefix\"><\/span>\n\t\t\t\t<span class=\"elementor-counter-number\" data-duration=\"2000\" data-to-value=\"3222\" data-from-value=\"0\" data-delimiter=\",\">0<\/span>\n\t\t\t\t<span class=\"elementor-counter-number-suffix\"><\/span>\n\t\t\t<\/div>\n\t\t<\/div>\n\t\t\t\t\t\t<\/div>\n\t\t\t\t<\/div>\n\t\t\t\t\t<\/div>\n\t\t<\/div>\n\t\t\t\t<div class=\"elementor-column elementor-col-25 elementor-inner-column elementor-element elementor-element-43f4250\" data-id=\"43f4250\" data-element_type=\"column\">\n\t\t\t<div class=\"elementor-widget-wrap elementor-element-populated\">\n\t\t\t\t\t\t<div class=\"elementor-element elementor-element-dda652a elementor-widget elementor-widget-counter\" data-id=\"dda652a\" data-element_type=\"widget\" data-widget_type=\"counter.default\">\n\t\t\t\t<div class=\"elementor-widget-container\">\n\t\t\t\t\t\t\t<div class=\"elementor-counter\">\n\t\t\t<div class=\"elementor-counter-title\">PROCESSO FINDOS<br>1.\u00ba SEMESTRE 2025\u200b<\/div>\t\t\t<div class=\"elementor-counter-number-wrapper\">\n\t\t\t\t<span class=\"elementor-counter-number-prefix\"><\/span>\n\t\t\t\t<span class=\"elementor-counter-number\" data-duration=\"2000\" data-to-value=\"3391\" data-from-value=\"0\" data-delimiter=\",\">0<\/span>\n\t\t\t\t<span class=\"elementor-counter-number-suffix\"><\/span>\n\t\t\t<\/div>\n\t\t<\/div>\n\t\t\t\t\t\t<\/div>\n\t\t\t\t<\/div>\n\t\t\t\t\t<\/div>\n\t\t<\/div>\n\t\t\t\t<div class=\"elementor-column elementor-col-25 elementor-inner-column elementor-element elementor-element-8486503\" data-id=\"8486503\" data-element_type=\"column\">\n\t\t\t<div class=\"elementor-widget-wrap elementor-element-populated\">\n\t\t\t\t\t\t<div class=\"elementor-element elementor-element-e5531ba elementor-widget elementor-widget-counter\" data-id=\"e5531ba\" data-element_type=\"widget\" data-widget_type=\"counter.default\">\n\t\t\t\t<div class=\"elementor-widget-container\">\n\t\t\t\t\t\t\t<div class=\"elementor-counter\">\n\t\t\t<div class=\"elementor-counter-title\">PROCESSOS PENDENTES<br>30 DE JUNHO DE 2025\u200b<\/div>\t\t\t<div class=\"elementor-counter-number-wrapper\">\n\t\t\t\t<span class=\"elementor-counter-number-prefix\"><\/span>\n\t\t\t\t<span class=\"elementor-counter-number\" data-duration=\"2000\" data-to-value=\"5529\" data-from-value=\"0\" data-delimiter=\",\">0<\/span>\n\t\t\t\t<span class=\"elementor-counter-number-suffix\"><\/span>\n\t\t\t<\/div>\n\t\t<\/div>\n\t\t\t\t\t\t<\/div>\n\t\t\t\t<\/div>\n\t\t\t\t\t<\/div>\n\t\t<\/div>\n\t\t\t\t\t<\/div>\n\t\t<\/section>\n\t\t\t\t\t<\/div>\n\t\t<\/div>\n\t\t\t\t\t<\/div>\n\t\t<\/section>\n\t\t\t\t<\/div>\n\t\t","protected":false},"excerpt":{"rendered":"<p>\u00daltimas Not\u00edcias MAIS NOT\u00cdCIAS Destaques OUTROS PROCESSOS PENDENTES1.\u00ba SEMESTRE 2025 0 PROCESSO ENTRADOS1.\u00ba SEMESTRE 2025\u200b 0 PROCESSO FINDOS1.\u00ba SEMESTRE 2025\u200b 0 PROCESSOS PENDENTES30 DE JUNHO DE 2025\u200b 0<\/p>\n","protected":false},"author":1,"featured_media":0,"parent":0,"menu_order":0,"comment_status":"closed","ping_status":"closed","template":"","meta":{"_tbt_post_transparent":"","_tbt_post_title":"hide","_tbt_post_layout":"normal","_tbt_post_sidebar_id":"","_tbt_post_content_style":"unboxed","_tbt_post_vertical_padding":"hide","_tbt_post_feature":"","_tbt_post_feature_position":"","_tbt_post_header":false,"_tbt_post_footer":false},"class_list":["post-10439","page","type-page","status-publish","hentry"],"yoast_head":"<!-- This site is optimized with the Yoast SEO plugin v25.6 - https:\/\/yoast.com\/wordpress\/plugins\/seo\/ -->\n<title>Home - Tribunal Judicial da Comarca de Bragan\u00e7a<\/title>\n<meta name=\"robots\" content=\"index, follow, max-snippet:-1, max-image-preview:large, max-video-preview:-1\" \/>\n<link rel=\"canonical\" href=\"https:\/\/comarcas.csm.org.pt\/braganca\/\" \/>\n<meta property=\"og:locale\" content=\"pt_PT\" \/>\n<meta property=\"og:type\" content=\"article\" \/>\n<meta property=\"og:title\" content=\"Home - Tribunal Judicial da Comarca de Bragan\u00e7a\" \/>\n<meta property=\"og:description\" content=\"\u00daltimas Not\u00edcias MAIS NOT\u00cdCIAS Destaques OUTROS PROCESSOS PENDENTES1.\u00ba SEMESTRE 2025 0 PROCESSO ENTRADOS1.\u00ba SEMESTRE 2025\u200b 0 PROCESSO FINDOS1.\u00ba SEMESTRE 2025\u200b 0 PROCESSOS PENDENTES30 DE JUNHO DE 2025\u200b 0\" \/>\n<meta property=\"og:url\" content=\"https:\/\/comarcas.csm.org.pt\/braganca\/\" \/>\n<meta property=\"og:site_name\" content=\"Tribunal Judicial da Comarca de Bragan\u00e7a\" \/>\n<meta property=\"article:modified_time\" content=\"2026-04-21T08:58:21+00:00\" \/>\n<meta name=\"twitter:card\" content=\"summary_large_image\" \/>\n<meta name=\"twitter:label1\" content=\"Tempo estimado de leitura\" \/>\n\t<meta name=\"twitter:data1\" content=\"3 minutos\" \/>\n<script type=\"application\/ld+json\" class=\"yoast-schema-graph\">{\"@context\":\"https:\/\/schema.org\",\"@graph\":[{\"@type\":\"WebPage\",\"@id\":\"https:\/\/comarcas.csm.org.pt\/braganca\/\",\"url\":\"https:\/\/comarcas.csm.org.pt\/braganca\/\",\"name\":\"Home - Tribunal Judicial da Comarca de Bragan\u00e7a\",\"isPartOf\":{\"@id\":\"https:\/\/comarcas.csm.org.pt\/braganca\/#website\"},\"datePublished\":\"2021-11-23T11:34:14+00:00\",\"dateModified\":\"2026-04-21T08:58:21+00:00\",\"breadcrumb\":{\"@id\":\"https:\/\/comarcas.csm.org.pt\/braganca\/#breadcrumb\"},\"inLanguage\":\"pt-PT\",\"potentialAction\":[{\"@type\":\"ReadAction\",\"target\":[\"https:\/\/comarcas.csm.org.pt\/braganca\/\"]}]},{\"@type\":\"BreadcrumbList\",\"@id\":\"https:\/\/comarcas.csm.org.pt\/braganca\/#breadcrumb\",\"itemListElement\":[{\"@type\":\"ListItem\",\"position\":1,\"name\":\"In\u00edcio\",\"item\":\"https:\/\/comarcas.csm.org.pt\/braganca\/\"},{\"@type\":\"ListItem\",\"position\":2,\"name\":\"Home\"}]},{\"@type\":\"WebSite\",\"@id\":\"https:\/\/comarcas.csm.org.pt\/braganca\/#website\",\"url\":\"https:\/\/comarcas.csm.org.pt\/braganca\/\",\"name\":\"Tribunal Judicial da Comarca de Bragan\u00e7a\",\"description\":\"Tribunal Judicial da Comarca de Bragan\u00e7a\",\"publisher\":{\"@id\":\"https:\/\/comarcas.csm.org.pt\/braganca\/#organization\"},\"potentialAction\":[{\"@type\":\"SearchAction\",\"target\":{\"@type\":\"EntryPoint\",\"urlTemplate\":\"https:\/\/comarcas.csm.org.pt\/braganca\/?s={search_term_string}\"},\"query-input\":{\"@type\":\"PropertyValueSpecification\",\"valueRequired\":true,\"valueName\":\"search_term_string\"}}],\"inLanguage\":\"pt-PT\"},{\"@type\":\"Organization\",\"@id\":\"https:\/\/comarcas.csm.org.pt\/braganca\/#organization\",\"name\":\"Tribunal Judicial da Comarca de Bragan\u00e7a\",\"url\":\"https:\/\/comarcas.csm.org.pt\/braganca\/\",\"logo\":{\"@type\":\"ImageObject\",\"inLanguage\":\"pt-PT\",\"@id\":\"https:\/\/comarcas.csm.org.pt\/braganca\/#\/schema\/logo\/image\/\",\"url\":\"https:\/\/comarcas.csm.org.pt\/braganca\/wp-content\/uploads\/sites\/10\/2024\/11\/Braganca_positivo-horizontal.png\",\"contentUrl\":\"https:\/\/comarcas.csm.org.pt\/braganca\/wp-content\/uploads\/sites\/10\/2024\/11\/Braganca_positivo-horizontal.png\",\"width\":4317,\"height\":971,\"caption\":\"Tribunal Judicial da Comarca de Bragan\u00e7a\"},\"image\":{\"@id\":\"https:\/\/comarcas.csm.org.pt\/braganca\/#\/schema\/logo\/image\/\"}}]}<\/script>\n<!-- \/ Yoast SEO plugin. -->","yoast_head_json":{"title":"Home - Tribunal Judicial da Comarca de Bragan\u00e7a","robots":{"index":"index","follow":"follow","max-snippet":"max-snippet:-1","max-image-preview":"max-image-preview:large","max-video-preview":"max-video-preview:-1"},"canonical":"https:\/\/comarcas.csm.org.pt\/braganca\/","og_locale":"pt_PT","og_type":"article","og_title":"Home - Tribunal Judicial da Comarca de Bragan\u00e7a","og_description":"\u00daltimas Not\u00edcias MAIS NOT\u00cdCIAS Destaques OUTROS PROCESSOS PENDENTES1.\u00ba SEMESTRE 2025 0 PROCESSO ENTRADOS1.\u00ba SEMESTRE 2025\u200b 0 PROCESSO FINDOS1.\u00ba SEMESTRE 2025\u200b 0 PROCESSOS PENDENTES30 DE JUNHO DE 2025\u200b 0","og_url":"https:\/\/comarcas.csm.org.pt\/braganca\/","og_site_name":"Tribunal Judicial da Comarca de Bragan\u00e7a","article_modified_time":"2026-04-21T08:58:21+00:00","twitter_card":"summary_large_image","twitter_misc":{"Tempo estimado de leitura":"3 minutos"},"schema":{"@context":"https:\/\/schema.org","@graph":[{"@type":"WebPage","@id":"https:\/\/comarcas.csm.org.pt\/braganca\/","url":"https:\/\/comarcas.csm.org.pt\/braganca\/","name":"Home - Tribunal Judicial da Comarca de Bragan\u00e7a","isPartOf":{"@id":"https:\/\/comarcas.csm.org.pt\/braganca\/#website"},"datePublished":"2021-11-23T11:34:14+00:00","dateModified":"2026-04-21T08:58:21+00:00","breadcrumb":{"@id":"https:\/\/comarcas.csm.org.pt\/braganca\/#breadcrumb"},"inLanguage":"pt-PT","potentialAction":[{"@type":"ReadAction","target":["https:\/\/comarcas.csm.org.pt\/braganca\/"]}]},{"@type":"BreadcrumbList","@id":"https:\/\/comarcas.csm.org.pt\/braganca\/#breadcrumb","itemListElement":[{"@type":"ListItem","position":1,"name":"In\u00edcio","item":"https:\/\/comarcas.csm.org.pt\/braganca\/"},{"@type":"ListItem","position":2,"name":"Home"}]},{"@type":"WebSite","@id":"https:\/\/comarcas.csm.org.pt\/braganca\/#website","url":"https:\/\/comarcas.csm.org.pt\/braganca\/","name":"Tribunal Judicial da Comarca de Bragan\u00e7a","description":"Tribunal Judicial da Comarca de Bragan\u00e7a","publisher":{"@id":"https:\/\/comarcas.csm.org.pt\/braganca\/#organization"},"potentialAction":[{"@type":"SearchAction","target":{"@type":"EntryPoint","urlTemplate":"https:\/\/comarcas.csm.org.pt\/braganca\/?s={search_term_string}"},"query-input":{"@type":"PropertyValueSpecification","valueRequired":true,"valueName":"search_term_string"}}],"inLanguage":"pt-PT"},{"@type":"Organization","@id":"https:\/\/comarcas.csm.org.pt\/braganca\/#organization","name":"Tribunal Judicial da Comarca de Bragan\u00e7a","url":"https:\/\/comarcas.csm.org.pt\/braganca\/","logo":{"@type":"ImageObject","inLanguage":"pt-PT","@id":"https:\/\/comarcas.csm.org.pt\/braganca\/#\/schema\/logo\/image\/","url":"https:\/\/comarcas.csm.org.pt\/braganca\/wp-content\/uploads\/sites\/10\/2024\/11\/Braganca_positivo-horizontal.png","contentUrl":"https:\/\/comarcas.csm.org.pt\/braganca\/wp-content\/uploads\/sites\/10\/2024\/11\/Braganca_positivo-horizontal.png","width":4317,"height":971,"caption":"Tribunal Judicial da Comarca de Bragan\u00e7a"},"image":{"@id":"https:\/\/comarcas.csm.org.pt\/braganca\/#\/schema\/logo\/image\/"}}]}},"_links":{"self":[{"href":"https:\/\/comarcas.csm.org.pt\/braganca\/wp-json\/wp\/v2\/pages\/10439","targetHints":{"allow":["GET"]}}],"collection":[{"href":"https:\/\/comarcas.csm.org.pt\/braganca\/wp-json\/wp\/v2\/pages"}],"about":[{"href":"https:\/\/comarcas.csm.org.pt\/braganca\/wp-json\/wp\/v2\/types\/page"}],"author":[{"embeddable":true,"href":"https:\/\/comarcas.csm.org.pt\/braganca\/wp-json\/wp\/v2\/users\/1"}],"replies":[{"embeddable":true,"href":"https:\/\/comarcas.csm.org.pt\/braganca\/wp-json\/wp\/v2\/comments?post=10439"}],"version-history":[{"count":308,"href":"https:\/\/comarcas.csm.org.pt\/braganca\/wp-json\/wp\/v2\/pages\/10439\/revisions"}],"predecessor-version":[{"id":12969,"href":"https:\/\/comarcas.csm.org.pt\/braganca\/wp-json\/wp\/v2\/pages\/10439\/revisions\/12969"}],"wp:attachment":[{"href":"https:\/\/comarcas.csm.org.pt\/braganca\/wp-json\/wp\/v2\/media?parent=10439"}],"curies":[{"name":"wp","href":"https:\/\/api.w.org\/{rel}","templated":true}]}}