{"id":11069,"date":"2024-05-20T12:21:45","date_gmt":"2024-05-20T12:21:45","guid":{"rendered":"https:\/\/aveiro.vvr.pt\/?page_id=11069"},"modified":"2025-12-19T10:50:17","modified_gmt":"2025-12-19T10:50:17","slug":"juizos","status":"publish","type":"page","link":"https:\/\/comarcas.csm.org.pt\/braganca\/acomarca\/juizos\/","title":{"rendered":"Ju\u00edzos"},"content":{"rendered":"\t\t<div data-elementor-type=\"wp-page\" data-elementor-id=\"11069\" class=\"elementor elementor-11069\" data-elementor-post-type=\"page\">\n\t\t\t\t<div class=\"elementor-element elementor-element-cf4d6ac e-flex e-con-boxed e-con e-parent\" data-id=\"cf4d6ac\" data-element_type=\"container\">\n\t\t\t\t\t<div class=\"e-con-inner\">\n\t\t<div class=\"elementor-element elementor-element-6a1a456 e-con-full e-flex e-con e-child\" data-id=\"6a1a456\" data-element_type=\"container\">\n\t\t\t\t<div class=\"elementor-element elementor-element-0aaae4c elementor-widget__width-initial btn100 elementor-widget elementor-widget-button\" data-id=\"0aaae4c\" data-element_type=\"widget\" data-widget_type=\"button.default\">\n\t\t\t\t<div class=\"elementor-widget-container\">\n\t\t\t\t\t\t\t\t\t<div class=\"elementor-button-wrapper\">\n\t\t\t\t\t<a class=\"elementor-button elementor-button-link elementor-size-sm\" href=\"https:\/\/comarcas.csm.org.pt\/braganca\/juizo-de-proximidade-de-alfandega-da-fe\/\" target=\"_blank\">\n\t\t\t\t\t\t<span class=\"elementor-button-content-wrapper\">\n\t\t\t\t\t\t\t\t\t<span class=\"elementor-button-text\"> Alf\u00e2ndega da F\u00e9<\/span>\n\t\t\t\t\t<\/span>\n\t\t\t\t\t<\/a>\n\t\t\t\t<\/div>\n\t\t\t\t\t\t\t\t<\/div>\n\t\t\t\t<\/div>\n\t\t\t\t<\/div>\n\t\t<div class=\"elementor-element elementor-element-268dcab e-con-full e-flex e-con e-child\" data-id=\"268dcab\" data-element_type=\"container\">\n\t\t\t\t<div class=\"elementor-element elementor-element-2dfd912 elementor-widget__width-inherit btn100 elementor-widget elementor-widget-button\" data-id=\"2dfd912\" data-element_type=\"widget\" data-widget_type=\"button.default\">\n\t\t\t\t<div class=\"elementor-widget-container\">\n\t\t\t\t\t\t\t\t\t<div class=\"elementor-button-wrapper\">\n\t\t\t\t\t<a class=\"elementor-button elementor-button-link elementor-size-sm\" href=\"https:\/\/comarcas.csm.org.pt\/braganca\/nucleo-de-braganca\/\" target=\"_blank\">\n\t\t\t\t\t\t<span class=\"elementor-button-content-wrapper\">\n\t\t\t\t\t\t\t\t\t<span class=\"elementor-button-text\">Bragan\u00e7a<\/span>\n\t\t\t\t\t<\/span>\n\t\t\t\t\t<\/a>\n\t\t\t\t<\/div>\n\t\t\t\t\t\t\t\t<\/div>\n\t\t\t\t<\/div>\n\t\t\t\t<\/div>\n\t\t<div class=\"elementor-element elementor-element-7052067 e-con-full e-flex e-con e-child\" data-id=\"7052067\" data-element_type=\"container\">\n\t\t\t\t<div class=\"elementor-element elementor-element-55f1bd0 elementor-widget__width-inherit btn100 elementor-widget elementor-widget-button\" data-id=\"55f1bd0\" data-element_type=\"widget\" data-widget_type=\"button.default\">\n\t\t\t\t<div class=\"elementor-widget-container\">\n\t\t\t\t\t\t\t\t\t<div class=\"elementor-button-wrapper\">\n\t\t\t\t\t<a class=\"elementor-button elementor-button-link elementor-size-sm\" href=\"https:\/\/comarcas.csm.org.pt\/braganca\/juizo-de-proximidade-de-carrazeda-de-ansiaes\/\" target=\"_blank\">\n\t\t\t\t\t\t<span class=\"elementor-button-content-wrapper\">\n\t\t\t\t\t\t\t\t\t<span class=\"elementor-button-text\">Carrazeda de Ansi\u00e3es<\/span>\n\t\t\t\t\t<\/span>\n\t\t\t\t\t<\/a>\n\t\t\t\t<\/div>\n\t\t\t\t\t\t\t\t<\/div>\n\t\t\t\t<\/div>\n\t\t\t\t<\/div>\n\t\t\t\t\t<\/div>\n\t\t\t\t<\/div>\n\t\t<div class=\"elementor-element elementor-element-9717930 e-flex e-con-boxed e-con e-parent\" data-id=\"9717930\" data-element_type=\"container\">\n\t\t\t\t\t<div class=\"e-con-inner\">\n\t\t<div class=\"elementor-element elementor-element-4f3b4f3 e-con-full e-flex e-con e-child\" data-id=\"4f3b4f3\" data-element_type=\"container\">\n\t\t\t\t<div class=\"elementor-element elementor-element-e3fda9c elementor-widget__width-initial btn100 elementor-widget elementor-widget-button\" data-id=\"e3fda9c\" data-element_type=\"widget\" data-widget_type=\"button.default\">\n\t\t\t\t<div class=\"elementor-widget-container\">\n\t\t\t\t\t\t\t\t\t<div class=\"elementor-button-wrapper\">\n\t\t\t\t\t<a class=\"elementor-button elementor-button-link elementor-size-sm\" href=\"https:\/\/comarcas.csm.org.pt\/braganca\/juizo-de-competencia-generica-de-macedo-de-cavaleiros\/\" target=\"_blank\">\n\t\t\t\t\t\t<span class=\"elementor-button-content-wrapper\">\n\t\t\t\t\t\t\t\t\t<span class=\"elementor-button-text\">macedo de cavaleiros<\/span>\n\t\t\t\t\t<\/span>\n\t\t\t\t\t<\/a>\n\t\t\t\t<\/div>\n\t\t\t\t\t\t\t\t<\/div>\n\t\t\t\t<\/div>\n\t\t\t\t<\/div>\n\t\t<div class=\"elementor-element elementor-element-be08b6c e-con-full e-flex e-con e-child\" data-id=\"be08b6c\" data-element_type=\"container\">\n\t\t\t\t<div class=\"elementor-element elementor-element-f6675c4 elementor-widget__width-inherit btn100 elementor-widget elementor-widget-button\" data-id=\"f6675c4\" data-element_type=\"widget\" data-widget_type=\"button.default\">\n\t\t\t\t<div class=\"elementor-widget-container\">\n\t\t\t\t\t\t\t\t\t<div class=\"elementor-button-wrapper\">\n\t\t\t\t\t<a class=\"elementor-button elementor-button-link elementor-size-sm\" href=\"https:\/\/comarcas.csm.org.pt\/braganca\/juizo-de-competencia-generica-de-miranda-do-douro\/\" target=\"_blank\">\n\t\t\t\t\t\t<span class=\"elementor-button-content-wrapper\">\n\t\t\t\t\t\t\t\t\t<span class=\"elementor-button-text\">Miranda do Douro<\/span>\n\t\t\t\t\t<\/span>\n\t\t\t\t\t<\/a>\n\t\t\t\t<\/div>\n\t\t\t\t\t\t\t\t<\/div>\n\t\t\t\t<\/div>\n\t\t\t\t<\/div>\n\t\t<div class=\"elementor-element elementor-element-0a9e89f e-con-full e-flex e-con e-child\" data-id=\"0a9e89f\" data-element_type=\"container\">\n\t\t\t\t<div class=\"elementor-element elementor-element-a512528 elementor-widget__width-inherit btn100 elementor-widget elementor-widget-button\" data-id=\"a512528\" data-element_type=\"widget\" data-widget_type=\"button.default\">\n\t\t\t\t<div class=\"elementor-widget-container\">\n\t\t\t\t\t\t\t\t\t<div class=\"elementor-button-wrapper\">\n\t\t\t\t\t<a class=\"elementor-button elementor-button-link elementor-size-sm\" href=\"https:\/\/comarcas.csm.org.pt\/braganca\/juizo-de-competencia-generica-de-mirandela\/\" target=\"_blank\">\n\t\t\t\t\t\t<span class=\"elementor-button-content-wrapper\">\n\t\t\t\t\t\t\t\t\t<span class=\"elementor-button-text\">Mirandela<\/span>\n\t\t\t\t\t<\/span>\n\t\t\t\t\t<\/a>\n\t\t\t\t<\/div>\n\t\t\t\t\t\t\t\t<\/div>\n\t\t\t\t<\/div>\n\t\t\t\t<\/div>\n\t\t\t\t\t<\/div>\n\t\t\t\t<\/div>\n\t\t<div class=\"elementor-element elementor-element-d5c5775 e-flex e-con-boxed e-con e-parent\" data-id=\"d5c5775\" data-element_type=\"container\">\n\t\t\t\t\t<div class=\"e-con-inner\">\n\t\t<div class=\"elementor-element elementor-element-b385b43 e-con-full e-flex e-con e-child\" data-id=\"b385b43\" data-element_type=\"container\">\n\t\t\t\t<div class=\"elementor-element elementor-element-e453652 elementor-widget__width-inherit btn100 elementor-widget elementor-widget-button\" data-id=\"e453652\" data-element_type=\"widget\" data-widget_type=\"button.default\">\n\t\t\t\t<div class=\"elementor-widget-container\">\n\t\t\t\t\t\t\t\t\t<div class=\"elementor-button-wrapper\">\n\t\t\t\t\t<a class=\"elementor-button elementor-button-link elementor-size-sm\" href=\"https:\/\/comarcas.csm.org.pt\/braganca\/juizo-de-competencia-generica-de-mogadouro\/\" target=\"_blank\">\n\t\t\t\t\t\t<span class=\"elementor-button-content-wrapper\">\n\t\t\t\t\t\t\t\t\t<span class=\"elementor-button-text\">Mogadouro<\/span>\n\t\t\t\t\t<\/span>\n\t\t\t\t\t<\/a>\n\t\t\t\t<\/div>\n\t\t\t\t\t\t\t\t<\/div>\n\t\t\t\t<\/div>\n\t\t\t\t<\/div>\n\t\t<div class=\"elementor-element elementor-element-a13da78 e-con-full e-flex e-con e-child\" data-id=\"a13da78\" data-element_type=\"container\">\n\t\t\t\t<div class=\"elementor-element elementor-element-c434072 elementor-widget__width-inherit btn100 elementor-widget elementor-widget-button\" data-id=\"c434072\" data-element_type=\"widget\" data-widget_type=\"button.default\">\n\t\t\t\t<div class=\"elementor-widget-container\">\n\t\t\t\t\t\t\t\t\t<div class=\"elementor-button-wrapper\">\n\t\t\t\t\t<a class=\"elementor-button elementor-button-link elementor-size-sm\" href=\"https:\/\/comarcas.csm.org.pt\/braganca\/juizo-de-competencia-generica-de-de-torre-de-moncorvo\/\" target=\"_blank\">\n\t\t\t\t\t\t<span class=\"elementor-button-content-wrapper\">\n\t\t\t\t\t\t\t\t\t<span class=\"elementor-button-text\">Torre de Moncorvo<\/span>\n\t\t\t\t\t<\/span>\n\t\t\t\t\t<\/a>\n\t\t\t\t<\/div>\n\t\t\t\t\t\t\t\t<\/div>\n\t\t\t\t<\/div>\n\t\t\t\t<\/div>\n\t\t<div class=\"elementor-element elementor-element-3f4634a e-con-full e-flex e-con e-child\" data-id=\"3f4634a\" data-element_type=\"container\">\n\t\t\t\t<div class=\"elementor-element elementor-element-94e63ec elementor-widget__width-inherit btn100 elementor-widget elementor-widget-button\" data-id=\"94e63ec\" data-element_type=\"widget\" data-widget_type=\"button.default\">\n\t\t\t\t<div class=\"elementor-widget-container\">\n\t\t\t\t\t\t\t\t\t<div class=\"elementor-button-wrapper\">\n\t\t\t\t\t<a class=\"elementor-button elementor-button-link elementor-size-sm\" href=\"https:\/\/comarcas.csm.org.pt\/braganca\/juizo-de-competencia-generica-de-vila-flor\/\" target=\"_blank\">\n\t\t\t\t\t\t<span class=\"elementor-button-content-wrapper\">\n\t\t\t\t\t\t\t\t\t<span class=\"elementor-button-text\">Vila Flor<\/span>\n\t\t\t\t\t<\/span>\n\t\t\t\t\t<\/a>\n\t\t\t\t<\/div>\n\t\t\t\t\t\t\t\t<\/div>\n\t\t\t\t<\/div>\n\t\t\t\t<\/div>\n\t\t\t\t\t<\/div>\n\t\t\t\t<\/div>\n\t\t<div class=\"elementor-element elementor-element-758ee02 e-flex e-con-boxed e-con e-parent\" data-id=\"758ee02\" data-element_type=\"container\">\n\t\t\t\t\t<div class=\"e-con-inner\">\n\t\t<div class=\"elementor-element elementor-element-77005df e-con-full e-flex e-con e-child\" data-id=\"77005df\" data-element_type=\"container\">\n\t\t\t\t<div class=\"elementor-element elementor-element-0524703 elementor-widget__width-inherit btn100 elementor-widget elementor-widget-button\" data-id=\"0524703\" data-element_type=\"widget\" data-widget_type=\"button.default\">\n\t\t\t\t<div class=\"elementor-widget-container\">\n\t\t\t\t\t\t\t\t\t<div class=\"elementor-button-wrapper\">\n\t\t\t\t\t<a class=\"elementor-button elementor-button-link elementor-size-sm\" href=\"https:\/\/comarcas.csm.org.pt\/braganca\/juizo-de-proximidade-de-vimioso\/\" target=\"_blank\">\n\t\t\t\t\t\t<span class=\"elementor-button-content-wrapper\">\n\t\t\t\t\t\t\t\t\t<span class=\"elementor-button-text\">Vimioso<\/span>\n\t\t\t\t\t<\/span>\n\t\t\t\t\t<\/a>\n\t\t\t\t<\/div>\n\t\t\t\t\t\t\t\t<\/div>\n\t\t\t\t<\/div>\n\t\t\t\t<\/div>\n\t\t<div class=\"elementor-element elementor-element-b49a6de e-con-full e-flex e-con e-child\" data-id=\"b49a6de\" data-element_type=\"container\">\n\t\t\t\t<div class=\"elementor-element elementor-element-e4a431c elementor-widget__width-initial btn100 elementor-widget elementor-widget-button\" data-id=\"e4a431c\" data-element_type=\"widget\" data-widget_type=\"button.default\">\n\t\t\t\t<div class=\"elementor-widget-container\">\n\t\t\t\t\t\t\t\t\t<div class=\"elementor-button-wrapper\">\n\t\t\t\t\t<a class=\"elementor-button elementor-button-link elementor-size-sm\" href=\"https:\/\/comarcas.csm.org.pt\/braganca\/juizo-de-proximidade-de-vinhais\/\" target=\"_blank\">\n\t\t\t\t\t\t<span class=\"elementor-button-content-wrapper\">\n\t\t\t\t\t\t\t\t\t<span class=\"elementor-button-text\">Vinhais<\/span>\n\t\t\t\t\t<\/span>\n\t\t\t\t\t<\/a>\n\t\t\t\t<\/div>\n\t\t\t\t\t\t\t\t<\/div>\n\t\t\t\t<\/div>\n\t\t\t\t<\/div>\n\t\t\t\t\t<\/div>\n\t\t\t\t<\/div>\n\t\t\t\t<\/div>\n\t\t","protected":false},"excerpt":{"rendered":"<p>Alf\u00e2ndega da F\u00e9 Bragan\u00e7a Carrazeda de Ansi\u00e3es macedo de cavaleiros Miranda do Douro Mirandela Mogadouro Torre de Moncorvo Vila Flor Vimioso Vinhais<\/p>\n","protected":false},"author":1,"featured_media":0,"parent":2242,"menu_order":0,"comment_status":"closed","ping_status":"closed","template":"","meta":{"_tbt_post_transparent":"","_tbt_post_title":"","_tbt_post_layout":"default","_tbt_post_sidebar_id":"","_tbt_post_content_style":"","_tbt_post_vertical_padding":"","_tbt_post_feature":"","_tbt_post_feature_position":"","_tbt_post_header":false,"_tbt_post_footer":false},"class_list":["post-11069","page","type-page","status-publish","hentry"],"yoast_head":"<!-- This site is optimized with the Yoast SEO plugin v25.6 - https:\/\/yoast.com\/wordpress\/plugins\/seo\/ -->\n<title>Ju\u00edzos - Tribunal Judicial da Comarca de Bragan\u00e7a<\/title>\n<meta name=\"robots\" content=\"index, follow, max-snippet:-1, max-image-preview:large, max-video-preview:-1\" \/>\n<link rel=\"canonical\" href=\"https:\/\/comarcas.csm.org.pt\/braganca\/acomarca\/juizos\/\" \/>\n<meta property=\"og:locale\" content=\"pt_PT\" \/>\n<meta property=\"og:type\" content=\"article\" \/>\n<meta property=\"og:title\" content=\"Ju\u00edzos - Tribunal Judicial da Comarca de Bragan\u00e7a\" \/>\n<meta property=\"og:description\" content=\"Alf\u00e2ndega da F\u00e9 Bragan\u00e7a Carrazeda de Ansi\u00e3es macedo de cavaleiros Miranda do Douro Mirandela Mogadouro Torre de Moncorvo Vila Flor Vimioso Vinhais\" \/>\n<meta property=\"og:url\" content=\"https:\/\/comarcas.csm.org.pt\/braganca\/acomarca\/juizos\/\" \/>\n<meta property=\"og:site_name\" content=\"Tribunal Judicial da Comarca de Bragan\u00e7a\" \/>\n<meta property=\"article:modified_time\" content=\"2025-12-19T10:50:17+00:00\" \/>\n<meta name=\"twitter:card\" content=\"summary_large_image\" \/>\n<script type=\"application\/ld+json\" class=\"yoast-schema-graph\">{\"@context\":\"https:\/\/schema.org\",\"@graph\":[{\"@type\":\"WebPage\",\"@id\":\"https:\/\/comarcas.csm.org.pt\/braganca\/acomarca\/juizos\/\",\"url\":\"https:\/\/comarcas.csm.org.pt\/braganca\/acomarca\/juizos\/\",\"name\":\"Ju\u00edzos - Tribunal Judicial da Comarca de Bragan\u00e7a\",\"isPartOf\":{\"@id\":\"https:\/\/comarcas.csm.org.pt\/braganca\/#website\"},\"datePublished\":\"2024-05-20T12:21:45+00:00\",\"dateModified\":\"2025-12-19T10:50:17+00:00\",\"breadcrumb\":{\"@id\":\"https:\/\/comarcas.csm.org.pt\/braganca\/acomarca\/juizos\/#breadcrumb\"},\"inLanguage\":\"pt-PT\",\"potentialAction\":[{\"@type\":\"ReadAction\",\"target\":[\"https:\/\/comarcas.csm.org.pt\/braganca\/acomarca\/juizos\/\"]}]},{\"@type\":\"BreadcrumbList\",\"@id\":\"https:\/\/comarcas.csm.org.pt\/braganca\/acomarca\/juizos\/#breadcrumb\",\"itemListElement\":[{\"@type\":\"ListItem\",\"position\":1,\"name\":\"In\u00edcio\",\"item\":\"https:\/\/comarcas.csm.org.pt\/braganca\/\"},{\"@type\":\"ListItem\",\"position\":2,\"name\":\"A Comarca\",\"item\":\"https:\/\/comarcas.csm.org.pt\/braganca\/acomarca\/\"},{\"@type\":\"ListItem\",\"position\":3,\"name\":\"Ju\u00edzos\"}]},{\"@type\":\"WebSite\",\"@id\":\"https:\/\/comarcas.csm.org.pt\/braganca\/#website\",\"url\":\"https:\/\/comarcas.csm.org.pt\/braganca\/\",\"name\":\"Tribunal Judicial da Comarca de Bragan\u00e7a\",\"description\":\"Tribunal Judicial da Comarca de Bragan\u00e7a\",\"publisher\":{\"@id\":\"https:\/\/comarcas.csm.org.pt\/braganca\/#organization\"},\"potentialAction\":[{\"@type\":\"SearchAction\",\"target\":{\"@type\":\"EntryPoint\",\"urlTemplate\":\"https:\/\/comarcas.csm.org.pt\/braganca\/?s={search_term_string}\"},\"query-input\":{\"@type\":\"PropertyValueSpecification\",\"valueRequired\":true,\"valueName\":\"search_term_string\"}}],\"inLanguage\":\"pt-PT\"},{\"@type\":\"Organization\",\"@id\":\"https:\/\/comarcas.csm.org.pt\/braganca\/#organization\",\"name\":\"Tribunal Judicial da Comarca de Bragan\u00e7a\",\"url\":\"https:\/\/comarcas.csm.org.pt\/braganca\/\",\"logo\":{\"@type\":\"ImageObject\",\"inLanguage\":\"pt-PT\",\"@id\":\"https:\/\/comarcas.csm.org.pt\/braganca\/#\/schema\/logo\/image\/\",\"url\":\"https:\/\/comarcas.csm.org.pt\/braganca\/wp-content\/uploads\/sites\/10\/2024\/11\/Braganca_positivo-horizontal.png\",\"contentUrl\":\"https:\/\/comarcas.csm.org.pt\/braganca\/wp-content\/uploads\/sites\/10\/2024\/11\/Braganca_positivo-horizontal.png\",\"width\":4317,\"height\":971,\"caption\":\"Tribunal Judicial da Comarca de Bragan\u00e7a\"},\"image\":{\"@id\":\"https:\/\/comarcas.csm.org.pt\/braganca\/#\/schema\/logo\/image\/\"}}]}<\/script>\n<!-- \/ Yoast SEO plugin. -->","yoast_head_json":{"title":"Ju\u00edzos - Tribunal Judicial da Comarca de Bragan\u00e7a","robots":{"index":"index","follow":"follow","max-snippet":"max-snippet:-1","max-image-preview":"max-image-preview:large","max-video-preview":"max-video-preview:-1"},"canonical":"https:\/\/comarcas.csm.org.pt\/braganca\/acomarca\/juizos\/","og_locale":"pt_PT","og_type":"article","og_title":"Ju\u00edzos - Tribunal Judicial da Comarca de Bragan\u00e7a","og_description":"Alf\u00e2ndega da F\u00e9 Bragan\u00e7a Carrazeda de Ansi\u00e3es macedo de cavaleiros Miranda do Douro Mirandela Mogadouro Torre de Moncorvo Vila Flor Vimioso Vinhais","og_url":"https:\/\/comarcas.csm.org.pt\/braganca\/acomarca\/juizos\/","og_site_name":"Tribunal Judicial da Comarca de Bragan\u00e7a","article_modified_time":"2025-12-19T10:50:17+00:00","twitter_card":"summary_large_image","schema":{"@context":"https:\/\/schema.org","@graph":[{"@type":"WebPage","@id":"https:\/\/comarcas.csm.org.pt\/braganca\/acomarca\/juizos\/","url":"https:\/\/comarcas.csm.org.pt\/braganca\/acomarca\/juizos\/","name":"Ju\u00edzos - Tribunal Judicial da Comarca de Bragan\u00e7a","isPartOf":{"@id":"https:\/\/comarcas.csm.org.pt\/braganca\/#website"},"datePublished":"2024-05-20T12:21:45+00:00","dateModified":"2025-12-19T10:50:17+00:00","breadcrumb":{"@id":"https:\/\/comarcas.csm.org.pt\/braganca\/acomarca\/juizos\/#breadcrumb"},"inLanguage":"pt-PT","potentialAction":[{"@type":"ReadAction","target":["https:\/\/comarcas.csm.org.pt\/braganca\/acomarca\/juizos\/"]}]},{"@type":"BreadcrumbList","@id":"https:\/\/comarcas.csm.org.pt\/braganca\/acomarca\/juizos\/#breadcrumb","itemListElement":[{"@type":"ListItem","position":1,"name":"In\u00edcio","item":"https:\/\/comarcas.csm.org.pt\/braganca\/"},{"@type":"ListItem","position":2,"name":"A Comarca","item":"https:\/\/comarcas.csm.org.pt\/braganca\/acomarca\/"},{"@type":"ListItem","position":3,"name":"Ju\u00edzos"}]},{"@type":"WebSite","@id":"https:\/\/comarcas.csm.org.pt\/braganca\/#website","url":"https:\/\/comarcas.csm.org.pt\/braganca\/","name":"Tribunal Judicial da Comarca de Bragan\u00e7a","description":"Tribunal Judicial da Comarca de Bragan\u00e7a","publisher":{"@id":"https:\/\/comarcas.csm.org.pt\/braganca\/#organization"},"potentialAction":[{"@type":"SearchAction","target":{"@type":"EntryPoint","urlTemplate":"https:\/\/comarcas.csm.org.pt\/braganca\/?s={search_term_string}"},"query-input":{"@type":"PropertyValueSpecification","valueRequired":true,"valueName":"search_term_string"}}],"inLanguage":"pt-PT"},{"@type":"Organization","@id":"https:\/\/comarcas.csm.org.pt\/braganca\/#organization","name":"Tribunal Judicial da Comarca de Bragan\u00e7a","url":"https:\/\/comarcas.csm.org.pt\/braganca\/","logo":{"@type":"ImageObject","inLanguage":"pt-PT","@id":"https:\/\/comarcas.csm.org.pt\/braganca\/#\/schema\/logo\/image\/","url":"https:\/\/comarcas.csm.org.pt\/braganca\/wp-content\/uploads\/sites\/10\/2024\/11\/Braganca_positivo-horizontal.png","contentUrl":"https:\/\/comarcas.csm.org.pt\/braganca\/wp-content\/uploads\/sites\/10\/2024\/11\/Braganca_positivo-horizontal.png","width":4317,"height":971,"caption":"Tribunal Judicial da Comarca de Bragan\u00e7a"},"image":{"@id":"https:\/\/comarcas.csm.org.pt\/braganca\/#\/schema\/logo\/image\/"}}]}},"_links":{"self":[{"href":"https:\/\/comarcas.csm.org.pt\/braganca\/wp-json\/wp\/v2\/pages\/11069","targetHints":{"allow":["GET"]}}],"collection":[{"href":"https:\/\/comarcas.csm.org.pt\/braganca\/wp-json\/wp\/v2\/pages"}],"about":[{"href":"https:\/\/comarcas.csm.org.pt\/braganca\/wp-json\/wp\/v2\/types\/page"}],"author":[{"embeddable":true,"href":"https:\/\/comarcas.csm.org.pt\/braganca\/wp-json\/wp\/v2\/users\/1"}],"replies":[{"embeddable":true,"href":"https:\/\/comarcas.csm.org.pt\/braganca\/wp-json\/wp\/v2\/comments?post=11069"}],"version-history":[{"count":197,"href":"https:\/\/comarcas.csm.org.pt\/braganca\/wp-json\/wp\/v2\/pages\/11069\/revisions"}],"predecessor-version":[{"id":12851,"href":"https:\/\/comarcas.csm.org.pt\/braganca\/wp-json\/wp\/v2\/pages\/11069\/revisions\/12851"}],"up":[{"embeddable":true,"href":"https:\/\/comarcas.csm.org.pt\/braganca\/wp-json\/wp\/v2\/pages\/2242"}],"wp:attachment":[{"href":"https:\/\/comarcas.csm.org.pt\/braganca\/wp-json\/wp\/v2\/media?parent=11069"}],"curies":[{"name":"wp","href":"https:\/\/api.w.org\/{rel}","templated":true}]}}