{"id":10439,"date":"2021-11-23T11:34:14","date_gmt":"2021-11-23T11:34:14","guid":{"rendered":"https:\/\/wp.themedemo.org\/WCM07\/WCM070159\/WP1\/?page_id=5"},"modified":"2025-07-28T12:38:12","modified_gmt":"2025-07-28T11:38:12","slug":"home","status":"publish","type":"page","link":"https:\/\/comarcas.csm.org.pt\/castelo-branco\/","title":{"rendered":"Home"},"content":{"rendered":"\t\t<div data-elementor-type=\"wp-page\" data-elementor-id=\"10439\" class=\"elementor elementor-10439\" data-elementor-post-type=\"page\">\n\t\t\t\t<div class=\"elementor-element elementor-element-7d17037 e-flex e-con-boxed e-con e-parent\" data-id=\"7d17037\" data-element_type=\"container\">\n\t\t\t\t\t<div class=\"e-con-inner\">\n\t\t\t\t<div class=\"elementor-element elementor-element-4c19f49 elementor-widget elementor-widget-slider_revolution\" data-id=\"4c19f49\" data-element_type=\"widget\" data-widget_type=\"slider_revolution.default\">\n\t\t\t\t<div class=\"elementor-widget-container\">\n\t\t\t\t\t\n\t\t<div class=\"wp-block-themepunch-revslider\">\n\t\t\t<!-- START Slider Comarcas REVOLUTION SLIDER 6.6.16 --><p class=\"rs-p-wp-fix\"><\/p>\n\t\t\t<rs-module-wrap id=\"rev_slider_1_1_wrapper\" data-source=\"gallery\" style=\"visibility:hidden;background:#e5e5e5;padding:0;margin:0px auto;margin-top:0;margin-bottom:0;\">\n\t\t\t\t<rs-module id=\"rev_slider_1_1\" style=\"\" data-version=\"6.6.16\">\n\t\t\t\t\t<rs-slides style=\"overflow: hidden; position: absolute;\">\n\t\t\t\t\t\t<rs-slide style=\"position: absolute;\" data-key=\"rs-1\" data-title=\"Slider1\" data-anim=\"adpr:false;\" data-in=\"o:0;\" data-out=\"a:false;\">\n\t\t\t\t\t\t\t<img fetchpriority=\"high\" decoding=\"async\" src=\"\/\/comarcas.csm.org.pt\/castelo-branco\/wp-content\/plugins\/revslider\/public\/assets\/assets\/dummy.png\" alt=\"\" title=\"tribunal_noite\" width=\"512\" height=\"384\" class=\"rev-slidebg tp-rs-img rs-lazyload\" data-lazyload=\"\/\/comarcas.csm.org.pt\/castelo-branco\/wp-content\/uploads\/sites\/11\/2025\/03\/tribunal_noite-3.jpeg\" data-bg=\"f:100% 100%;r:repeat;\" data-no-retina>\n<!--\n\t\t\t\t\t\t\t--><rs-layer\n\t\t\t\t\t\t\t\tid=\"slider-1-slide-1-layer-0\" \n\t\t\t\t\t\t\t\tdata-type=\"text\"\n\t\t\t\t\t\t\t\tdata-color=\"#000000\"\n\t\t\t\t\t\t\t\tdata-rsp_ch=\"on\"\n\t\t\t\t\t\t\t\tdata-xy=\"x:l,l,l,c;xo:313px,181px,137px,0;yo:207px,233px,176px,170px;\"\n\t\t\t\t\t\t\t\tdata-text=\"w:normal;s:48,60,45,30;l:50,70,53,40;\"\n\t\t\t\t\t\t\t\tdata-dim=\"minh:0px,none,none,none;\"\n\t\t\t\t\t\t\t\tdata-padding=\"t:5,3,2,1;r:5,3,2,1;b:5,3,2,1;l:5,3,2,1;\"\n\t\t\t\t\t\t\t\tdata-frame_999=\"o:0;st:w;\"\n\t\t\t\t\t\t\t\tstyle=\"z-index:12;background-color:#dbbd3f;font-family:'Arial';\"\n\t\t\t\t\t\t\t>COMARCA DE CASTELO BRANCO \n\t\t\t\t\t\t\t<\/rs-layer><!--\n\n\t\t\t\t\t\t\t--><rs-layer\n\t\t\t\t\t\t\t\tid=\"slider-1-slide-1-layer-3\" \n\t\t\t\t\t\t\t\tdata-type=\"text\"\n\t\t\t\t\t\t\t\tdata-rsp_ch=\"on\"\n\t\t\t\t\t\t\t\tdata-xy=\"x:c;xo:-371px,20px,0,-3px;y:m;yo:-24px,-26px,-40px,-29px;\"\n\t\t\t\t\t\t\t\tdata-text=\"w:normal;s:85,100,60,40;l:80,120,68,50;ls:0px,9px,6px,5px;fw:800;a:left,left,center,center;\"\n\t\t\t\t\t\t\t\tdata-frame_0=\"sX:0.8;sY:0.8;\"\n\t\t\t\t\t\t\t\tdata-frame_1=\"e:power1.inOut;st:530;sp:1000;sR:530;\"\n\t\t\t\t\t\t\t\tdata-frame_999=\"o:0;st:w;sR:2970;\"\n\t\t\t\t\t\t\t\tstyle=\"z-index:9;font-family:'Montserrat';text-transform:uppercase;\"\n\t\t\t\t\t\t\t>seja<br \/>\nbem-vindo \n\t\t\t\t\t\t\t<\/rs-layer><!--\n-->\t\t\t\t\t\t<\/rs-slide>\n\t\t\t\t\t<\/rs-slides>\n\t\t\t\t<\/rs-module>\n\t\t\t\t<script>\n\t\t\t\t\tsetREVStartSize({c: 'rev_slider_1_1',rl:[1240,1024,778,480],el:[300,300,300,300],gw:[1903,1023,777,480],gh:[300,300,300,300],type:'standard',justify:'',layout:'fullwidth',mh:\"0\"});if (window.RS_MODULES!==undefined && window.RS_MODULES.modules!==undefined && window.RS_MODULES.modules[\"revslider11\"]!==undefined) {window.RS_MODULES.modules[\"revslider11\"].once = false;window.revapi1 = undefined;if (window.RS_MODULES.checkMinimal!==undefined) window.RS_MODULES.checkMinimal()}\n\t\t\t\t<\/script>\n\t\t\t<\/rs-module-wrap>\n\t\t\t<!-- END REVOLUTION SLIDER -->\n<\/div>\n\n\t\t\t\t\t\t<\/div>\n\t\t\t\t<\/div>\n\t\t\t\t\t<\/div>\n\t\t\t\t<\/div>\n\t\t<div class=\"elementor-element elementor-element-9fd3631 e-flex e-con-boxed e-con e-parent\" data-id=\"9fd3631\" data-element_type=\"container\">\n\t\t\t\t\t<div class=\"e-con-inner\">\n\t\t<div class=\"elementor-element elementor-element-6c56d80 e-con-full e-flex e-con e-child\" data-id=\"6c56d80\" data-element_type=\"container\">\n\t\t\t\t<div class=\"elementor-element elementor-element-f8b9c2a elementor-widget elementor-widget-heading\" data-id=\"f8b9c2a\" data-element_type=\"widget\" data-widget_type=\"heading.default\">\n\t\t\t\t<div class=\"elementor-widget-container\">\n\t\t\t\t\t<h1 class=\"elementor-heading-title elementor-size-default\">\u00daltimas Not\u00edcias<\/h1>\t\t\t\t<\/div>\n\t\t\t\t<\/div>\n\t\t\t\t<div class=\"elementor-element elementor-element-c547c08 elementor-grid-2 elementor-posts--thumbnail-none elementor-grid-tablet-2 elementor-grid-mobile-1 elementor-widget elementor-widget-posts\" data-id=\"c547c08\" data-element_type=\"widget\" data-settings=\"{&quot;classic_columns&quot;:&quot;2&quot;,&quot;classic_row_gap&quot;:{&quot;unit&quot;:&quot;px&quot;,&quot;size&quot;:40,&quot;sizes&quot;:[]},&quot;classic_columns_tablet&quot;:&quot;2&quot;,&quot;classic_columns_mobile&quot;:&quot;1&quot;,&quot;classic_row_gap_tablet&quot;:{&quot;unit&quot;:&quot;px&quot;,&quot;size&quot;:&quot;&quot;,&quot;sizes&quot;:[]},&quot;classic_row_gap_mobile&quot;:{&quot;unit&quot;:&quot;px&quot;,&quot;size&quot;:&quot;&quot;,&quot;sizes&quot;:[]}}\" data-widget_type=\"posts.classic\">\n\t\t\t\t<div class=\"elementor-widget-container\">\n\t\t\t\t\t\t\t<div class=\"elementor-posts-container elementor-posts elementor-posts--skin-classic elementor-grid\">\n\t\t\t\t<article class=\"elementor-post elementor-grid-item post-15273 post type-post status-publish format-standard has-post-thumbnail hentry category-visitas\">\n\t\t\t\t<div class=\"elementor-post__text\">\n\t\t\t\t<div class=\"elementor-post__title\">\n\t\t\t<a href=\"https:\/\/comarcas.csm.org.pt\/castelo-branco\/blog\/2025\/11\/28\/no-passado-dia-21-de-novembro-de-2025-realizou-se-no-tribunal-judicial-da-comarca-de-castelo-branco-uma-reuniao-de-secretarios-de-inspecao-do-conselho-superior-da-magistratura\/\" >\n\t\t\t\tNo passado dia 21 de novembro de 2025, realizou-se no Tribunal Judicial da Comarca de Castelo Branco, uma reuni\u00e3o de Secret\u00e1rios de Inspe\u00e7\u00e3o do Conselho Superior da Magistratura&#8230;\t\t\t<\/a>\n\t\t<\/div>\n\t\t\t\t<div class=\"elementor-post__meta-data\">\n\t\t\t\t\t<span class=\"elementor-post-date\">\n\t\t\t28 de Novembro, 2025\t\t<\/span>\n\t\t\t\t<\/div>\n\t\t\t\t<div class=\"elementor-post__excerpt\">\n\t\t\t\t\t<\/div>\n\t\t\n\t\t<a class=\"elementor-post__read-more\" href=\"https:\/\/comarcas.csm.org.pt\/castelo-branco\/blog\/2025\/11\/28\/no-passado-dia-21-de-novembro-de-2025-realizou-se-no-tribunal-judicial-da-comarca-de-castelo-branco-uma-reuniao-de-secretarios-de-inspecao-do-conselho-superior-da-magistratura\/\" aria-label=\"Read more about No passado dia 21 de novembro de 2025, realizou-se no Tribunal Judicial da Comarca de Castelo Branco, uma reuni\u00e3o de Secret\u00e1rios de Inspe\u00e7\u00e3o do Conselho Superior da Magistratura&#8230;\" tabindex=\"-1\" >\n\t\t\tLER MAIS +\t\t<\/a>\n\n\t\t\t\t<\/div>\n\t\t\t\t<\/article>\n\t\t\t\t<article class=\"elementor-post elementor-grid-item post-14514 post type-post status-publish format-standard has-post-thumbnail hentry category-visitas\">\n\t\t\t\t<div class=\"elementor-post__text\">\n\t\t\t\t<div class=\"elementor-post__title\">\n\t\t\t<a href=\"https:\/\/comarcas.csm.org.pt\/castelo-branco\/blog\/2025\/10\/29\/ontem-27-10-2025-as-18-horas-no-auditorio-municipal-de-proenca-a-nova-a-convite-do-municipio-de-proenca-a-nova\/\" >\n\t\t\t\tNo passado dia, 27-10-2025, \u00e0s 18 horas, no Audit\u00f3rio Municipal de Proen\u00e7a-a-Nova, a convite do Munic\u00edpio de Proen\u00e7a-a-Nova&#8230;\t\t\t<\/a>\n\t\t<\/div>\n\t\t\t\t<div class=\"elementor-post__meta-data\">\n\t\t\t\t\t<span class=\"elementor-post-date\">\n\t\t\t29 de Outubro, 2025\t\t<\/span>\n\t\t\t\t<\/div>\n\t\t\t\t<div class=\"elementor-post__excerpt\">\n\t\t\t\t\t<\/div>\n\t\t\n\t\t<a class=\"elementor-post__read-more\" href=\"https:\/\/comarcas.csm.org.pt\/castelo-branco\/blog\/2025\/10\/29\/ontem-27-10-2025-as-18-horas-no-auditorio-municipal-de-proenca-a-nova-a-convite-do-municipio-de-proenca-a-nova\/\" aria-label=\"Read more about No passado dia, 27-10-2025, \u00e0s 18 horas, no Audit\u00f3rio Municipal de Proen\u00e7a-a-Nova, a convite do Munic\u00edpio de Proen\u00e7a-a-Nova&#8230;\" tabindex=\"-1\" >\n\t\t\tLER MAIS +\t\t<\/a>\n\n\t\t\t\t<\/div>\n\t\t\t\t<\/article>\n\t\t\t\t<article class=\"elementor-post elementor-grid-item post-14030 post type-post status-publish format-standard has-post-thumbnail hentry category-formacao-e-seminarios category-geral category-informacao\">\n\t\t\t\t<div class=\"elementor-post__text\">\n\t\t\t\t<div class=\"elementor-post__title\">\n\t\t\t<a href=\"https:\/\/comarcas.csm.org.pt\/castelo-branco\/blog\/2025\/09\/24\/no-dia-25-09-2025-o-sr-juiz-presidente-do-tribunal-judicial-da-comarca-de-castelo-branco-ira-participar\/\" >\n\t\t\t\tencontro entre Ju\u00edzes Presidentes e Inspetores Judiciais\t\t\t<\/a>\n\t\t<\/div>\n\t\t\t\t<div class=\"elementor-post__meta-data\">\n\t\t\t\t\t<span class=\"elementor-post-date\">\n\t\t\t24 de Setembro, 2025\t\t<\/span>\n\t\t\t\t<\/div>\n\t\t\t\t<div class=\"elementor-post__excerpt\">\n\t\t\t<p>consulte o Link aqui\u00a0Confer\u00eancia\u201cIntelig\u00eancia Artificial e Tribunais\u201d &#8211; Conselho Superior da Magistratura<\/p>\n\t\t<\/div>\n\t\t\n\t\t<a class=\"elementor-post__read-more\" href=\"https:\/\/comarcas.csm.org.pt\/castelo-branco\/blog\/2025\/09\/24\/no-dia-25-09-2025-o-sr-juiz-presidente-do-tribunal-judicial-da-comarca-de-castelo-branco-ira-participar\/\" aria-label=\"Read more about encontro entre Ju\u00edzes Presidentes e Inspetores Judiciais\" tabindex=\"-1\" >\n\t\t\tLER MAIS +\t\t<\/a>\n\n\t\t\t\t<\/div>\n\t\t\t\t<\/article>\n\t\t\t\t<article class=\"elementor-post elementor-grid-item post-13964 post type-post status-publish format-standard has-post-thumbnail hentry category-geral category-informacao\">\n\t\t\t\t<div class=\"elementor-post__text\">\n\t\t\t\t<div class=\"elementor-post__title\">\n\t\t\t<a href=\"https:\/\/comarcas.csm.org.pt\/castelo-branco\/blog\/2025\/09\/15\/no-passado-dia-13-de-junho-visita-ao-tribunal-judicial-da-comarca-de-castelo-branco-de-alunos-do-3o-ano-2\/\" >\n\t\t\t\tTomada de posse &#8211; nos dias 2 e 5 de setembro, no tribunal Judicial da Comarca de Castelo Branco\t\t\t<\/a>\n\t\t<\/div>\n\t\t\t\t<div class=\"elementor-post__meta-data\">\n\t\t\t\t\t<span class=\"elementor-post-date\">\n\t\t\t15 de Setembro, 2025\t\t<\/span>\n\t\t\t\t<\/div>\n\t\t\t\t<div class=\"elementor-post__excerpt\">\n\t\t\t\t\t<\/div>\n\t\t\n\t\t<a class=\"elementor-post__read-more\" href=\"https:\/\/comarcas.csm.org.pt\/castelo-branco\/blog\/2025\/09\/15\/no-passado-dia-13-de-junho-visita-ao-tribunal-judicial-da-comarca-de-castelo-branco-de-alunos-do-3o-ano-2\/\" aria-label=\"Read more about Tomada de posse &#8211; nos dias 2 e 5 de setembro, no tribunal Judicial da Comarca de Castelo Branco\" tabindex=\"-1\" >\n\t\t\tLER MAIS +\t\t<\/a>\n\n\t\t\t\t<\/div>\n\t\t\t\t<\/article>\n\t\t\t\t<\/div>\n\t\t\n\t\t\t\t\t\t<\/div>\n\t\t\t\t<\/div>\n\t\t\t\t<div class=\"elementor-element elementor-element-90ac429 elementor-align-left elementor-widget elementor-widget-button\" data-id=\"90ac429\" data-element_type=\"widget\" data-widget_type=\"button.default\">\n\t\t\t\t<div class=\"elementor-widget-container\">\n\t\t\t\t\t\t\t\t\t<div class=\"elementor-button-wrapper\">\n\t\t\t\t\t<a class=\"elementor-button elementor-button-link elementor-size-sm\" href=\"\/castelo-branco\/noticias\/\">\n\t\t\t\t\t\t<span class=\"elementor-button-content-wrapper\">\n\t\t\t\t\t\t\t\t\t<span class=\"elementor-button-text\">MAIS NOT\u00cdCIAS<\/span>\n\t\t\t\t\t<\/span>\n\t\t\t\t\t<\/a>\n\t\t\t\t<\/div>\n\t\t\t\t\t\t\t\t<\/div>\n\t\t\t\t<\/div>\n\t\t\t\t<\/div>\n\t\t<div class=\"elementor-element elementor-element-f59ac31 e-con-full e-flex e-con e-child\" data-id=\"f59ac31\" data-element_type=\"container\" data-settings=\"{&quot;background_background&quot;:&quot;gradient&quot;}\">\n\t\t\t\t<div class=\"elementor-element elementor-element-f56c11d elementor-widget__width-initial elementor-widget elementor-widget-heading\" data-id=\"f56c11d\" data-element_type=\"widget\" data-widget_type=\"heading.default\">\n\t\t\t\t<div class=\"elementor-widget-container\">\n\t\t\t\t\t<h1 class=\"elementor-heading-title elementor-size-default\">Destaques<\/h1>\t\t\t\t<\/div>\n\t\t\t\t<\/div>\n\t\t\t\t<div class=\"elementor-element elementor-element-cd31ce9 elementor-widget__width-initial elementor-widget elementor-widget-wp-widget-em_widget\" data-id=\"cd31ce9\" data-element_type=\"widget\" data-widget_type=\"wp-widget-em_widget.default\">\n\t\t\t\t<div class=\"elementor-widget-container\">\n\t\t\t\t\t<div class=\"em pixelbones em-list-widget em-events-widget\"><ul id=\"eventoshome\"><li class=\"no-events\"><div class=\"em-list-no-items\">Sem eventos futuros<\/div><\/li><\/ul><\/div>\t\t\t\t<\/div>\n\t\t\t\t<\/div>\n\t\t\t\t<div class=\"elementor-element elementor-element-1f1b763 elementor-align-right elementor-widget elementor-widget-button\" data-id=\"1f1b763\" data-element_type=\"widget\" data-widget_type=\"button.default\">\n\t\t\t\t<div class=\"elementor-widget-container\">\n\t\t\t\t\t\t\t\t\t<div class=\"elementor-button-wrapper\">\n\t\t\t\t\t<a class=\"elementor-button elementor-button-link elementor-size-sm\" href=\"https:\/\/comarcas.csm.org.pt\/castelo-branco\/agenda\/\">\n\t\t\t\t\t\t<span class=\"elementor-button-content-wrapper\">\n\t\t\t\t\t\t\t\t\t<span class=\"elementor-button-text\">OUTROS<\/span>\n\t\t\t\t\t<\/span>\n\t\t\t\t\t<\/a>\n\t\t\t\t<\/div>\n\t\t\t\t\t\t\t\t<\/div>\n\t\t\t\t<\/div>\n\t\t\t\t<\/div>\n\t\t\t\t\t<\/div>\n\t\t\t\t<\/div>\n\t\t\t\t<section class=\"elementor-section elementor-top-section elementor-element elementor-element-69dba71 elementor-section-full_width elementor-section-height-min-height elementor-section-stretched elementor-section-height-default elementor-section-items-middle\" data-id=\"69dba71\" data-element_type=\"section\" data-settings=\"{&quot;stretch_section&quot;:&quot;section-stretched&quot;,&quot;background_background&quot;:&quot;classic&quot;}\">\n\t\t\t\t\t\t<div class=\"elementor-container elementor-column-gap-default\">\n\t\t\t\t\t<div class=\"elementor-column elementor-col-100 elementor-top-column elementor-element elementor-element-0d73782\" data-id=\"0d73782\" data-element_type=\"column\" data-settings=\"{&quot;background_background&quot;:&quot;classic&quot;}\">\n\t\t\t<div class=\"elementor-widget-wrap elementor-element-populated\">\n\t\t\t\t\t\t<section class=\"elementor-section elementor-inner-section elementor-element elementor-element-bba4ff0 elementor-section-boxed elementor-section-height-default elementor-section-height-default\" data-id=\"bba4ff0\" data-element_type=\"section\">\n\t\t\t\t\t\t<div class=\"elementor-container elementor-column-gap-default\">\n\t\t\t\t\t<div class=\"elementor-column elementor-col-25 elementor-inner-column elementor-element elementor-element-486e829\" data-id=\"486e829\" data-element_type=\"column\">\n\t\t\t<div class=\"elementor-widget-wrap elementor-element-populated\">\n\t\t\t\t\t\t<div class=\"elementor-element elementor-element-f6625ae elementor-widget elementor-widget-counter\" data-id=\"f6625ae\" data-element_type=\"widget\" data-widget_type=\"counter.default\">\n\t\t\t\t<div class=\"elementor-widget-container\">\n\t\t\t\t\t\t\t<div class=\"elementor-counter\">\n\t\t\t<div class=\"elementor-counter-title\">Magistrados(as) Judiciais<br> Quadro Legal<br>23<\/div>\t\t\t<div class=\"elementor-counter-number-wrapper\">\n\t\t\t\t<span class=\"elementor-counter-number-prefix\"><\/span>\n\t\t\t\t<span class=\"elementor-counter-number\" data-duration=\"2000\" data-to-value=\"23\" data-from-value=\"0\">0<\/span>\n\t\t\t\t<span class=\"elementor-counter-number-suffix\"><\/span>\n\t\t\t<\/div>\n\t\t<\/div>\n\t\t\t\t\t\t<\/div>\n\t\t\t\t<\/div>\n\t\t\t\t\t<\/div>\n\t\t<\/div>\n\t\t\t\t<div class=\"elementor-column elementor-col-25 elementor-inner-column elementor-element elementor-element-0a27989\" data-id=\"0a27989\" data-element_type=\"column\">\n\t\t\t<div class=\"elementor-widget-wrap elementor-element-populated\">\n\t\t\t\t\t\t<div class=\"elementor-element elementor-element-de5bb53 elementor-widget elementor-widget-counter\" data-id=\"de5bb53\" data-element_type=\"widget\" data-widget_type=\"counter.default\">\n\t\t\t\t<div class=\"elementor-widget-container\">\n\t\t\t\t\t\t\t<div class=\"elementor-counter\">\n\t\t\t<div class=\"elementor-counter-title\">Magistrados(as) do MP<br> Quadro Legal<br>21 a 23<\/div>\t\t\t<div class=\"elementor-counter-number-wrapper\">\n\t\t\t\t<span class=\"elementor-counter-number-prefix\"><\/span>\n\t\t\t\t<span class=\"elementor-counter-number\" data-duration=\"2000\" data-to-value=\"21\" data-from-value=\"0\">0<\/span>\n\t\t\t\t<span class=\"elementor-counter-number-suffix\"><\/span>\n\t\t\t<\/div>\n\t\t<\/div>\n\t\t\t\t\t\t<\/div>\n\t\t\t\t<\/div>\n\t\t\t\t\t<\/div>\n\t\t<\/div>\n\t\t\t\t<div class=\"elementor-column elementor-col-25 elementor-inner-column elementor-element elementor-element-43f4250\" data-id=\"43f4250\" data-element_type=\"column\">\n\t\t\t<div class=\"elementor-widget-wrap elementor-element-populated\">\n\t\t\t\t\t\t<div class=\"elementor-element elementor-element-dda652a elementor-widget elementor-widget-counter\" data-id=\"dda652a\" data-element_type=\"widget\" data-widget_type=\"counter.default\">\n\t\t\t\t<div class=\"elementor-widget-container\">\n\t\t\t\t\t\t\t<div class=\"elementor-counter\">\n\t\t\t<div class=\"elementor-counter-title\">Oficiais de Justi\u00e7a<br> Quadro Legal<br>157<\/div>\t\t\t<div class=\"elementor-counter-number-wrapper\">\n\t\t\t\t<span class=\"elementor-counter-number-prefix\"><\/span>\n\t\t\t\t<span class=\"elementor-counter-number\" data-duration=\"2000\" data-to-value=\"139\" data-from-value=\"0\">0<\/span>\n\t\t\t\t<span class=\"elementor-counter-number-suffix\"><\/span>\n\t\t\t<\/div>\n\t\t<\/div>\n\t\t\t\t\t\t<\/div>\n\t\t\t\t<\/div>\n\t\t\t\t\t<\/div>\n\t\t<\/div>\n\t\t\t\t<div class=\"elementor-column elementor-col-25 elementor-inner-column elementor-element elementor-element-8486503\" data-id=\"8486503\" data-element_type=\"column\">\n\t\t\t<div class=\"elementor-widget-wrap elementor-element-populated\">\n\t\t\t\t\t\t<div class=\"elementor-element elementor-element-e5531ba elementor-widget elementor-widget-counter\" data-id=\"e5531ba\" data-element_type=\"widget\" data-widget_type=\"counter.default\">\n\t\t\t\t<div class=\"elementor-widget-container\">\n\t\t\t\t\t\t\t<div class=\"elementor-counter\">\n\t\t\t<div class=\"elementor-counter-title\">PEND\u00caNCIA OFICIAL<br> Processos<br>Relat\u00f3rio Anual<\/div>\t\t\t<div class=\"elementor-counter-number-wrapper\">\n\t\t\t\t<span class=\"elementor-counter-number-prefix\"><\/span>\n\t\t\t\t<span class=\"elementor-counter-number\" data-duration=\"2000\" data-to-value=\"6360\" data-from-value=\"0\">0<\/span>\n\t\t\t\t<span class=\"elementor-counter-number-suffix\"><\/span>\n\t\t\t<\/div>\n\t\t<\/div>\n\t\t\t\t\t\t<\/div>\n\t\t\t\t<\/div>\n\t\t\t\t\t<\/div>\n\t\t<\/div>\n\t\t\t\t\t<\/div>\n\t\t<\/section>\n\t\t\t\t\t<\/div>\n\t\t<\/div>\n\t\t\t\t\t<\/div>\n\t\t<\/section>\n\t\t\t\t<\/div>\n\t\t","protected":false},"excerpt":{"rendered":"<p>\u00daltimas Not\u00edcias MAIS NOT\u00cdCIAS Destaques OUTROS Magistrados(as) Judiciais Quadro Legal23 0 Magistrados(as) do MP Quadro Legal21 a 23 0 Oficiais de Justi\u00e7a Quadro Legal157 0 PEND\u00caNCIA OFICIAL ProcessosRelat\u00f3rio Anual 0<\/p>\n","protected":false},"author":1,"featured_media":0,"parent":0,"menu_order":0,"comment_status":"closed","ping_status":"closed","template":"","meta":{"_tbt_post_transparent":"","_tbt_post_title":"hide","_tbt_post_layout":"normal","_tbt_post_sidebar_id":"","_tbt_post_content_style":"unboxed","_tbt_post_vertical_padding":"hide","_tbt_post_feature":"","_tbt_post_feature_position":"","_tbt_post_header":false,"_tbt_post_footer":false},"class_list":["post-10439","page","type-page","status-publish","hentry"],"yoast_head":"<!-- This site is optimized with the Yoast SEO plugin v25.6 - https:\/\/yoast.com\/wordpress\/plugins\/seo\/ -->\n<title>Home - Tribunal Judicial da Comarca de Castelo Branco<\/title>\n<meta name=\"robots\" content=\"index, follow, max-snippet:-1, max-image-preview:large, max-video-preview:-1\" \/>\n<link rel=\"canonical\" href=\"https:\/\/comarcas.csm.org.pt\/castelo-branco\/\" \/>\n<meta property=\"og:locale\" content=\"pt_PT\" \/>\n<meta property=\"og:type\" content=\"article\" \/>\n<meta property=\"og:title\" content=\"Home - Tribunal Judicial da Comarca de Castelo Branco\" \/>\n<meta property=\"og:description\" content=\"\u00daltimas Not\u00edcias MAIS NOT\u00cdCIAS Destaques OUTROS Magistrados(as) Judiciais Quadro Legal23 0 Magistrados(as) do MP Quadro Legal21 a 23 0 Oficiais de Justi\u00e7a Quadro Legal157 0 PEND\u00caNCIA OFICIAL ProcessosRelat\u00f3rio Anual 0\" \/>\n<meta property=\"og:url\" content=\"https:\/\/comarcas.csm.org.pt\/castelo-branco\/\" \/>\n<meta property=\"og:site_name\" content=\"Tribunal Judicial da Comarca de Castelo Branco\" \/>\n<meta property=\"article:modified_time\" content=\"2025-07-28T11:38:12+00:00\" \/>\n<meta name=\"twitter:card\" content=\"summary_large_image\" \/>\n<meta name=\"twitter:label1\" content=\"Tempo estimado de leitura\" \/>\n\t<meta name=\"twitter:data1\" content=\"3 minutos\" \/>\n<script type=\"application\/ld+json\" class=\"yoast-schema-graph\">{\"@context\":\"https:\/\/schema.org\",\"@graph\":[{\"@type\":\"WebPage\",\"@id\":\"https:\/\/comarcas.csm.org.pt\/castelo-branco\/\",\"url\":\"https:\/\/comarcas.csm.org.pt\/castelo-branco\/\",\"name\":\"Home - Tribunal Judicial da Comarca de Castelo Branco\",\"isPartOf\":{\"@id\":\"https:\/\/comarcas.csm.org.pt\/castelo-branco\/#website\"},\"datePublished\":\"2021-11-23T11:34:14+00:00\",\"dateModified\":\"2025-07-28T11:38:12+00:00\",\"breadcrumb\":{\"@id\":\"https:\/\/comarcas.csm.org.pt\/castelo-branco\/#breadcrumb\"},\"inLanguage\":\"pt-PT\",\"potentialAction\":[{\"@type\":\"ReadAction\",\"target\":[\"https:\/\/comarcas.csm.org.pt\/castelo-branco\/\"]}]},{\"@type\":\"BreadcrumbList\",\"@id\":\"https:\/\/comarcas.csm.org.pt\/castelo-branco\/#breadcrumb\",\"itemListElement\":[{\"@type\":\"ListItem\",\"position\":1,\"name\":\"In\u00edcio\",\"item\":\"https:\/\/comarcas.csm.org.pt\/castelo-branco\/\"},{\"@type\":\"ListItem\",\"position\":2,\"name\":\"Home\"}]},{\"@type\":\"WebSite\",\"@id\":\"https:\/\/comarcas.csm.org.pt\/castelo-branco\/#website\",\"url\":\"https:\/\/comarcas.csm.org.pt\/castelo-branco\/\",\"name\":\"Tribunal Judicial da Comarca de Castelo Branco\",\"description\":\"Tribunal Judicial da Comarca de Aveiro\",\"publisher\":{\"@id\":\"https:\/\/comarcas.csm.org.pt\/castelo-branco\/#organization\"},\"potentialAction\":[{\"@type\":\"SearchAction\",\"target\":{\"@type\":\"EntryPoint\",\"urlTemplate\":\"https:\/\/comarcas.csm.org.pt\/castelo-branco\/?s={search_term_string}\"},\"query-input\":{\"@type\":\"PropertyValueSpecification\",\"valueRequired\":true,\"valueName\":\"search_term_string\"}}],\"inLanguage\":\"pt-PT\"},{\"@type\":\"Organization\",\"@id\":\"https:\/\/comarcas.csm.org.pt\/castelo-branco\/#organization\",\"name\":\"Tribunal Judicial da Comarca de Castelo Branco\",\"url\":\"https:\/\/comarcas.csm.org.pt\/castelo-branco\/\",\"logo\":{\"@type\":\"ImageObject\",\"inLanguage\":\"pt-PT\",\"@id\":\"https:\/\/comarcas.csm.org.pt\/castelo-branco\/#\/schema\/logo\/image\/\",\"url\":\"https:\/\/comarcas.csm.org.pt\/castelo-branco\/wp-content\/uploads\/sites\/11\/2024\/11\/C-Branco_positivo-horizontal.png\",\"contentUrl\":\"https:\/\/comarcas.csm.org.pt\/castelo-branco\/wp-content\/uploads\/sites\/11\/2024\/11\/C-Branco_positivo-horizontal.png\",\"width\":5388,\"height\":998,\"caption\":\"Tribunal Judicial da Comarca de Castelo Branco\"},\"image\":{\"@id\":\"https:\/\/comarcas.csm.org.pt\/castelo-branco\/#\/schema\/logo\/image\/\"}}]}<\/script>\n<!-- \/ Yoast SEO plugin. -->","yoast_head_json":{"title":"Home - Tribunal Judicial da Comarca de Castelo Branco","robots":{"index":"index","follow":"follow","max-snippet":"max-snippet:-1","max-image-preview":"max-image-preview:large","max-video-preview":"max-video-preview:-1"},"canonical":"https:\/\/comarcas.csm.org.pt\/castelo-branco\/","og_locale":"pt_PT","og_type":"article","og_title":"Home - Tribunal Judicial da Comarca de Castelo Branco","og_description":"\u00daltimas Not\u00edcias MAIS NOT\u00cdCIAS Destaques OUTROS Magistrados(as) Judiciais Quadro Legal23 0 Magistrados(as) do MP Quadro Legal21 a 23 0 Oficiais de Justi\u00e7a Quadro Legal157 0 PEND\u00caNCIA OFICIAL ProcessosRelat\u00f3rio Anual 0","og_url":"https:\/\/comarcas.csm.org.pt\/castelo-branco\/","og_site_name":"Tribunal Judicial da Comarca de Castelo Branco","article_modified_time":"2025-07-28T11:38:12+00:00","twitter_card":"summary_large_image","twitter_misc":{"Tempo estimado de leitura":"3 minutos"},"schema":{"@context":"https:\/\/schema.org","@graph":[{"@type":"WebPage","@id":"https:\/\/comarcas.csm.org.pt\/castelo-branco\/","url":"https:\/\/comarcas.csm.org.pt\/castelo-branco\/","name":"Home - Tribunal Judicial da Comarca de Castelo Branco","isPartOf":{"@id":"https:\/\/comarcas.csm.org.pt\/castelo-branco\/#website"},"datePublished":"2021-11-23T11:34:14+00:00","dateModified":"2025-07-28T11:38:12+00:00","breadcrumb":{"@id":"https:\/\/comarcas.csm.org.pt\/castelo-branco\/#breadcrumb"},"inLanguage":"pt-PT","potentialAction":[{"@type":"ReadAction","target":["https:\/\/comarcas.csm.org.pt\/castelo-branco\/"]}]},{"@type":"BreadcrumbList","@id":"https:\/\/comarcas.csm.org.pt\/castelo-branco\/#breadcrumb","itemListElement":[{"@type":"ListItem","position":1,"name":"In\u00edcio","item":"https:\/\/comarcas.csm.org.pt\/castelo-branco\/"},{"@type":"ListItem","position":2,"name":"Home"}]},{"@type":"WebSite","@id":"https:\/\/comarcas.csm.org.pt\/castelo-branco\/#website","url":"https:\/\/comarcas.csm.org.pt\/castelo-branco\/","name":"Tribunal Judicial da Comarca de Castelo Branco","description":"Tribunal Judicial da Comarca de Aveiro","publisher":{"@id":"https:\/\/comarcas.csm.org.pt\/castelo-branco\/#organization"},"potentialAction":[{"@type":"SearchAction","target":{"@type":"EntryPoint","urlTemplate":"https:\/\/comarcas.csm.org.pt\/castelo-branco\/?s={search_term_string}"},"query-input":{"@type":"PropertyValueSpecification","valueRequired":true,"valueName":"search_term_string"}}],"inLanguage":"pt-PT"},{"@type":"Organization","@id":"https:\/\/comarcas.csm.org.pt\/castelo-branco\/#organization","name":"Tribunal Judicial da Comarca de Castelo Branco","url":"https:\/\/comarcas.csm.org.pt\/castelo-branco\/","logo":{"@type":"ImageObject","inLanguage":"pt-PT","@id":"https:\/\/comarcas.csm.org.pt\/castelo-branco\/#\/schema\/logo\/image\/","url":"https:\/\/comarcas.csm.org.pt\/castelo-branco\/wp-content\/uploads\/sites\/11\/2024\/11\/C-Branco_positivo-horizontal.png","contentUrl":"https:\/\/comarcas.csm.org.pt\/castelo-branco\/wp-content\/uploads\/sites\/11\/2024\/11\/C-Branco_positivo-horizontal.png","width":5388,"height":998,"caption":"Tribunal Judicial da Comarca de Castelo Branco"},"image":{"@id":"https:\/\/comarcas.csm.org.pt\/castelo-branco\/#\/schema\/logo\/image\/"}}]}},"_links":{"self":[{"href":"https:\/\/comarcas.csm.org.pt\/castelo-branco\/wp-json\/wp\/v2\/pages\/10439","targetHints":{"allow":["GET"]}}],"collection":[{"href":"https:\/\/comarcas.csm.org.pt\/castelo-branco\/wp-json\/wp\/v2\/pages"}],"about":[{"href":"https:\/\/comarcas.csm.org.pt\/castelo-branco\/wp-json\/wp\/v2\/types\/page"}],"author":[{"embeddable":true,"href":"https:\/\/comarcas.csm.org.pt\/castelo-branco\/wp-json\/wp\/v2\/users\/1"}],"replies":[{"embeddable":true,"href":"https:\/\/comarcas.csm.org.pt\/castelo-branco\/wp-json\/wp\/v2\/comments?post=10439"}],"version-history":[{"count":461,"href":"https:\/\/comarcas.csm.org.pt\/castelo-branco\/wp-json\/wp\/v2\/pages\/10439\/revisions"}],"predecessor-version":[{"id":13894,"href":"https:\/\/comarcas.csm.org.pt\/castelo-branco\/wp-json\/wp\/v2\/pages\/10439\/revisions\/13894"}],"wp:attachment":[{"href":"https:\/\/comarcas.csm.org.pt\/castelo-branco\/wp-json\/wp\/v2\/media?parent=10439"}],"curies":[{"name":"wp","href":"https:\/\/api.w.org\/{rel}","templated":true}]}}