{"id":11330,"date":"2024-05-22T09:33:02","date_gmt":"2024-05-22T09:33:02","guid":{"rendered":"https:\/\/aveiro.vvr.pt\/?page_id=11330"},"modified":"2026-03-04T15:07:37","modified_gmt":"2026-03-04T15:07:37","slug":"instrumentos-de-gestao","status":"publish","type":"page","link":"https:\/\/comarcas.csm.org.pt\/castelo-branco\/instrumentos-de-gestao\/","title":{"rendered":"Instrumentos de Gest\u00e3o"},"content":{"rendered":"\t\t<div data-elementor-type=\"wp-page\" data-elementor-id=\"11330\" class=\"elementor elementor-11330\" data-elementor-post-type=\"page\">\n\t\t\t\t<div class=\"elementor-element elementor-element-fd8fe1f e-flex e-con-boxed e-con e-parent\" data-id=\"fd8fe1f\" data-element_type=\"container\">\n\t\t\t\t\t<div class=\"e-con-inner\">\n\t\t<div class=\"elementor-element elementor-element-77af38d e-con-full e-flex e-con e-child\" data-id=\"77af38d\" data-element_type=\"container\">\n\t\t\t\t<div class=\"elementor-element elementor-element-80ac7a2 elementor-widget elementor-widget-heading\" data-id=\"80ac7a2\" data-element_type=\"widget\" data-widget_type=\"heading.default\">\n\t\t\t\t<div class=\"elementor-widget-container\">\n\t\t\t\t\t<h2 class=\"elementor-heading-title elementor-size-default\">Instrumentos de Gest\u00e3o, Tribunal da Comarca de Castelo Branco<\/h2>\t\t\t\t<\/div>\n\t\t\t\t<\/div>\n\t\t\t\t<\/div>\n\t\t\t\t\t<\/div>\n\t\t\t\t<\/div>\n\t\t<div class=\"elementor-element elementor-element-c33158e e-flex e-con-boxed e-con e-parent\" data-id=\"c33158e\" data-element_type=\"container\">\n\t\t\t\t\t<div class=\"e-con-inner\">\n\t\t\t\t<div class=\"elementor-element elementor-element-01f6d37 elementor-widget__width-initial elementor-tabs-view-horizontal elementor-widget elementor-widget-tabs\" data-id=\"01f6d37\" data-element_type=\"widget\" data-widget_type=\"tabs.default\">\n\t\t\t\t<div class=\"elementor-widget-container\">\n\t\t\t\t\t\t\t<div class=\"elementor-tabs\">\n\t\t\t<div class=\"elementor-tabs-wrapper\" role=\"tablist\" >\n\t\t\t\t\t\t\t\t\t<div id=\"elementor-tab-title-2051\" class=\"elementor-tab-title elementor-tab-desktop-title\" aria-selected=\"true\" data-tab=\"1\" role=\"tab\" tabindex=\"0\" aria-controls=\"elementor-tab-content-2051\" aria-expanded=\"false\">Relat\u00f3rio Anual da Comarca<\/div>\n\t\t\t\t\t\t\t\t\t<div id=\"elementor-tab-title-2052\" class=\"elementor-tab-title elementor-tab-desktop-title\" aria-selected=\"false\" data-tab=\"2\" role=\"tab\" tabindex=\"-1\" aria-controls=\"elementor-tab-content-2052\" aria-expanded=\"false\">Distribui\u00e7\u00e3o Ordin\u00e1ria<\/div>\n\t\t\t\t\t\t\t\t\t<div id=\"elementor-tab-title-2053\" class=\"elementor-tab-title elementor-tab-desktop-title\" aria-selected=\"false\" data-tab=\"3\" role=\"tab\" tabindex=\"-1\" aria-controls=\"elementor-tab-content-2053\" aria-expanded=\"false\">Distribui\u00e7\u00e3o de Processos<\/div>\n\t\t\t\t\t\t\t\t\t<div id=\"elementor-tab-title-2054\" class=\"elementor-tab-title elementor-tab-desktop-title\" aria-selected=\"false\" data-tab=\"4\" role=\"tab\" tabindex=\"-1\" aria-controls=\"elementor-tab-content-2054\" aria-expanded=\"false\">Despachos<\/div>\n\t\t\t\t\t\t\t\t\t<div id=\"elementor-tab-title-2055\" class=\"elementor-tab-title elementor-tab-desktop-title\" aria-selected=\"false\" data-tab=\"5\" role=\"tab\" tabindex=\"-1\" aria-controls=\"elementor-tab-content-2055\" aria-expanded=\"false\">Atas Distribui\u00e7\u00e3o Eletr\u00f3nica<\/div>\n\t\t\t\t\t\t\t<\/div>\n\t\t\t<div class=\"elementor-tabs-content-wrapper\" role=\"tablist\" aria-orientation=\"vertical\">\n\t\t\t\t\t\t\t\t\t<div class=\"elementor-tab-title elementor-tab-mobile-title\" aria-selected=\"true\" data-tab=\"1\" role=\"tab\" tabindex=\"0\" aria-controls=\"elementor-tab-content-2051\" aria-expanded=\"false\">Relat\u00f3rio Anual da Comarca<\/div>\n\t\t\t\t\t<div id=\"elementor-tab-content-2051\" class=\"elementor-tab-content elementor-clearfix\" data-tab=\"1\" role=\"tabpanel\" aria-labelledby=\"elementor-tab-title-2051\" tabindex=\"0\" hidden=\"false\"><p><strong>Relat\u00f3rio Anual da Comarca de Castelo Branco<\/strong><\/p><p style=\"margin-bottom: .0001pt;text-align: justify;line-height: normal\">O presente relat\u00f3rio descreve e analisa o estado dos servi\u00e7os e a qualidade da resposta do Tribunal<br \/>Judicial da Comarca de Castelo Branco.<\/p><p style=\"margin-bottom: .0001pt;text-align: justify;line-height: normal\">O relat\u00f3rio anual cont\u00e9m informa\u00e7\u00e3o respeitante ao grau de cumprimento dos objetivos<br \/>estabelecidos, indica as causas dos principais desvios, procura sublinhar as<br \/>dificuldades encontradas, demonstrar os resultados obtidos ao longo deste<br \/>processo, executar o diagn\u00f3stico dos pontos<br \/>negativos, enumerar as medidas de gest\u00e3o adotadas e<br \/>prever as medidas corretivas, sendo comunicado aos Conselhos Superiores e ao<br \/>Minist\u00e9rio da Justi\u00e7a e sendo publicitado junto dos operadores<br \/>judici\u00e1rios e sociedade civil.<\/p><ul><li><a href=\"https:\/\/comarcas.csm.org.pt\/castelo-branco\/wp-content\/uploads\/sites\/11\/2026\/03\/Relatorio-anual-2025.pdf\" target=\"_blank\" rel=\"noopener\"><strong>Relat\u00f3rio Anual 2025 &#8211; &gt;&gt;&gt;&gt;&gt;<\/strong><\/a><\/li><li><strong><a href=\"https:\/\/comarcas.csm.org.pt\/castelo-branco\/wp-content\/uploads\/sites\/11\/2025\/04\/Relatorio-anual-2024.pdf\" target=\"_blank\" rel=\"noopener\">Relat\u00f3rio Anual 2024 &#8211; &gt;&gt;&gt;&gt;&gt;<\/a><\/strong><\/li><li><strong><a href=\"https:\/\/comarcas.csm.org.pt\/castelo-branco\/wp-content\/uploads\/sites\/11\/2025\/05\/Relatorio-anual-2023.pdf\" target=\"_blank\" rel=\"noopener\">Relat\u00f3rio anual 2023 &#8211; &gt;&gt;&gt;&gt;&gt;<\/a><\/strong><\/li><li><strong><a href=\"https:\/\/comarcas.csm.org.pt\/castelo-branco\/wp-content\/uploads\/sites\/11\/2025\/05\/Relatorio-anual-2022.pdf\" target=\"_blank\" rel=\"noopener\">Relat\u00f3rio anual 2022 &#8211; &gt;&gt;&gt;&gt;&gt;<\/a><\/strong><\/li><li><strong><a href=\"https:\/\/comarcas.csm.org.pt\/castelo-branco\/wp-content\/uploads\/sites\/11\/2025\/05\/Relatorio-anual-2021.pdf\" target=\"_blank\" rel=\"noopener\">Relat\u00f3rio anual 2021 &#8211; &gt;&gt;&gt;&gt;&gt;<\/a><\/strong><\/li><li><strong><a href=\"https:\/\/comarcas.csm.org.pt\/castelo-branco\/wp-content\/uploads\/sites\/11\/2025\/05\/Relatorio-anual-2020.pdf\" target=\"_blank\" rel=\"noopener\">Relat\u00f3rio anual 2020 &#8211; &gt;&gt;&gt;&gt;&gt;<\/a><\/strong><\/li><\/ul><\/div>\n\t\t\t\t\t\t\t\t\t<div class=\"elementor-tab-title elementor-tab-mobile-title\" aria-selected=\"false\" data-tab=\"2\" role=\"tab\" tabindex=\"-1\" aria-controls=\"elementor-tab-content-2052\" aria-expanded=\"false\">Distribui\u00e7\u00e3o Ordin\u00e1ria<\/div>\n\t\t\t\t\t<div id=\"elementor-tab-content-2052\" class=\"elementor-tab-content elementor-clearfix\" data-tab=\"2\" role=\"tabpanel\" aria-labelledby=\"elementor-tab-title-2052\" tabindex=\"0\" hidden=\"hidden\"><ul style=\"margin-top: 0px;margin-right: 0px;margin-left: 0px;letter-spacing: 0.3px\"><li><span style=\"color: #b48200\"><strong><a style=\"color: #b48200\" href=\"\/\/servicos.tribunais.org.pt\/servicos\/distribuicao-de-processos\/distribuicao-ordinaria\/tribunal-judicial-da-comarca-de-castelo-branco\" target=\"_blank\" rel=\"noopener\">Publicidade da hora e local da distribui\u00e7\u00e3o<\/a><\/strong><\/span><\/li><\/ul><\/div>\n\t\t\t\t\t\t\t\t\t<div class=\"elementor-tab-title elementor-tab-mobile-title\" aria-selected=\"false\" data-tab=\"3\" role=\"tab\" tabindex=\"-1\" aria-controls=\"elementor-tab-content-2053\" aria-expanded=\"false\">Distribui\u00e7\u00e3o de Processos<\/div>\n\t\t\t\t\t<div id=\"elementor-tab-content-2053\" class=\"elementor-tab-content elementor-clearfix\" data-tab=\"3\" role=\"tabpanel\" aria-labelledby=\"elementor-tab-title-2053\" tabindex=\"0\" hidden=\"hidden\"><ul><li><span style=\"color: #b48200\"><a href=\"https:\/\/www.citius.mj.pt\/portal\/consultas\/consultasdistribuicao.aspx\" target=\"_blank\" rel=\"noopener\"><strong>Distribui\u00e7\u00e3o de Processos<\/strong> &#8211; Tribunais Judiciais de Primeira Inst\u00e2ncia &#8211; Castelo Branco<\/a>. <strong>Nota;<\/strong> em tribunal selecione o <strong>Tribunal Judicial da Comarca de Castelo Branco<\/strong> e o respetivo intervalo de datas!<\/span><\/li><\/ul><\/div>\n\t\t\t\t\t\t\t\t\t<div class=\"elementor-tab-title elementor-tab-mobile-title\" aria-selected=\"false\" data-tab=\"4\" role=\"tab\" tabindex=\"-1\" aria-controls=\"elementor-tab-content-2054\" aria-expanded=\"false\">Despachos<\/div>\n\t\t\t\t\t<div id=\"elementor-tab-content-2054\" class=\"elementor-tab-content elementor-clearfix\" data-tab=\"4\" role=\"tabpanel\" aria-labelledby=\"elementor-tab-title-2054\" tabindex=\"0\" hidden=\"hidden\"><ul><li><a href=\"https:\/\/comarcas.csm.org.pt\/castelo-branco\/wp-content\/uploads\/sites\/11\/2025\/09\/Despacho-143-2025-Alteracoes-lista-nomeacao-03-09-2025.pdf\" target=\"_blank\" rel=\"noopener\"><strong>Despacho 143\/2025 Presid\u00eancia da Distribui\u00e7\u00e3o &#8211; Altera\u00e7\u00e3o de Datas 03-09-2025-&gt;&gt;&gt;&gt;<\/strong><\/a><\/li><li><strong><a href=\"https:\/\/comarcas.csm.org.pt\/castelo-branco\/wp-content\/uploads\/sites\/11\/2025\/09\/Despacho-146-2025-Alteracoes-lista-nomeacao-09-09-2025.pdf\" target=\"_blank\" rel=\"noopener\">Despacho 146\/2025 Presid\u00eancia da Distribui\u00e7\u00e3o &#8211; Altera\u00e7\u00e3o de Datas 09-09-2025-&gt;&gt;&gt;&gt;<\/a><\/strong><\/li><li><strong><a href=\"https:\/\/comarcas.csm.org.pt\/castelo-branco\/wp-content\/uploads\/sites\/11\/2025\/09\/Despacho-154-2025-Alteracao-lista-nomeacao-29-09-2025.pdf\" target=\"_blank\" rel=\"noopener\">Despacho 154\/2025 Presid\u00eancia da Distribui\u00e7\u00e3o &#8211; Altera\u00e7\u00e3o de Datas <\/a><a href=\"https:\/\/comarcas.csm.org.pt\/castelo-branco\/wp-content\/uploads\/sites\/11\/2025\/09\/Despacho-154-2025-Alteracao-lista-nomeacao-29-09-2025.pdf\" target=\"_blank\" rel=\"noopener\">29-09-2025-<\/a><a href=\"https:\/\/comarcas.csm.org.pt\/castelo-branco\/wp-content\/uploads\/sites\/11\/2025\/09\/Despacho-154-2025-Alteracao-lista-nomeacao-29-09-2025.pdf\" target=\"_blank\" rel=\"noopener\">&gt;&gt;&gt;&gt;<\/a><\/strong><\/li><li><strong><a href=\"https:\/\/comarcas.csm.org.pt\/castelo-branco\/wp-content\/uploads\/sites\/11\/2025\/09\/Despacho-156-2025-Alteracao-lista-nomeacao-30-09-2025.pdf\" target=\"_blank\" rel=\"noopener\">Despacho 156\/2025 Presid\u00eancia da Distribui\u00e7\u00e3o &#8211; Altera\u00e7\u00e3o de Datas 30-09-2025-&gt;&gt;&gt;&gt;<\/a><\/strong><\/li><li><strong><a href=\"https:\/\/comarcas.csm.org.pt\/castelo-branco\/wp-content\/uploads\/sites\/11\/2025\/10\/Despacho-160-2025-Regulamento-da-distribuicao-eletronica-de-processos.pdf\" target=\"_blank\" rel=\"noopener\">Despacho 160\/2025 Presid\u00eancia da Distribui\u00e7\u00e3o &#8211; Altera\u00e7\u00e3o ao Regulamento 13-10-2025-&gt;&gt;&gt;&gt;<\/a><\/strong><\/li><\/ul><\/div>\n\t\t\t\t\t\t\t\t\t<div class=\"elementor-tab-title elementor-tab-mobile-title\" aria-selected=\"false\" data-tab=\"5\" role=\"tab\" tabindex=\"-1\" aria-controls=\"elementor-tab-content-2055\" aria-expanded=\"false\">Atas Distribui\u00e7\u00e3o Eletr\u00f3nica<\/div>\n\t\t\t\t\t<div id=\"elementor-tab-content-2055\" class=\"elementor-tab-content elementor-clearfix\" data-tab=\"5\" role=\"tabpanel\" aria-labelledby=\"elementor-tab-title-2055\" tabindex=\"0\" hidden=\"hidden\"><h5>As Decis\u00f5es, Delibera\u00e7\u00f5es , provimentos e orienta\u00e7\u00f5es que condicionaram as opera\u00e7\u00f5es das presentes sess\u00f5es de Distribui\u00e7\u00e3o, encontram-se publicitadas na \u00e1rea de servi\u00e7os digitais dos Tribunais &#8211; <span style=\"text-decoration: underline\"><a href=\"https:\/\/tribunais.org.pt\" target=\"_blank\" rel=\"noopener\">Https:\/\/Tribunais.org.pt<\/a><\/span> \u00a0\u00a0<\/h5><h5>\u00a0<\/h5><ul><li><h5><span style=\"text-decoration: underline\"><a href=\"https:\/\/comarcas.csm.org.pt\/castelo-branco\/acomarca\/atas-distribuicao-eletronica-2025\/\" target=\"_blank\" rel=\"noopener\"><strong>2025<\/strong><\/a><\/span><strong>,\u00a0<\/strong><span style=\"text-decoration: underline\"><a href=\"https:\/\/comarcas.csm.org.pt\/castelo-branco\/acomarca\/atas-distribuicao-eletronica-2026\/\" target=\"_blank\" rel=\"noopener\"><strong>2026<\/strong><\/a><\/span><\/h5><\/li><\/ul><\/div>\n\t\t\t\t\t\t\t<\/div>\n\t\t<\/div>\n\t\t\t\t\t\t<\/div>\n\t\t\t\t<\/div>\n\t\t\t\t\t<\/div>\n\t\t\t\t<\/div>\n\t\t\t\t<\/div>\n\t\t","protected":false},"excerpt":{"rendered":"<p>Instrumentos de Gest\u00e3o, Tribunal da Comarca de Castelo Branco Relat\u00f3rio Anual da Comarca Distribui\u00e7\u00e3o Ordin\u00e1ria Distribui\u00e7\u00e3o de Processos Despachos Atas Distribui\u00e7\u00e3o Eletr\u00f3nica Relat\u00f3rio Anual da Comarca Relat\u00f3rio Anual da Comarca de Castelo Branco O presente relat\u00f3rio descreve e analisa o estado dos servi\u00e7os e a qualidade da resposta do TribunalJudicial da Comarca de Castelo Branco&#8230;.<\/p>\n","protected":false},"author":1,"featured_media":0,"parent":0,"menu_order":0,"comment_status":"closed","ping_status":"closed","template":"","meta":{"_tbt_post_transparent":"","_tbt_post_title":"","_tbt_post_layout":"","_tbt_post_sidebar_id":"","_tbt_post_content_style":"","_tbt_post_vertical_padding":"","_tbt_post_feature":"","_tbt_post_feature_position":"","_tbt_post_header":false,"_tbt_post_footer":false},"class_list":["post-11330","page","type-page","status-publish","hentry"],"yoast_head":"<!-- This site is optimized with the Yoast SEO plugin v25.6 - https:\/\/yoast.com\/wordpress\/plugins\/seo\/ -->\n<title>Instrumentos de Gest\u00e3o - Tribunal Judicial da Comarca de Castelo Branco<\/title>\n<meta name=\"robots\" content=\"index, follow, max-snippet:-1, max-image-preview:large, max-video-preview:-1\" \/>\n<link rel=\"canonical\" href=\"https:\/\/comarcas.csm.org.pt\/castelo-branco\/instrumentos-de-gestao\/\" \/>\n<meta property=\"og:locale\" content=\"pt_PT\" \/>\n<meta property=\"og:type\" content=\"article\" \/>\n<meta property=\"og:title\" content=\"Instrumentos de Gest\u00e3o - Tribunal Judicial da Comarca de Castelo Branco\" \/>\n<meta property=\"og:description\" content=\"Instrumentos de Gest\u00e3o, Tribunal da Comarca de Castelo Branco Relat\u00f3rio Anual da Comarca Distribui\u00e7\u00e3o Ordin\u00e1ria Distribui\u00e7\u00e3o de Processos Despachos Atas Distribui\u00e7\u00e3o Eletr\u00f3nica Relat\u00f3rio Anual da Comarca Relat\u00f3rio Anual da Comarca de Castelo Branco O presente relat\u00f3rio descreve e analisa o estado dos servi\u00e7os e a qualidade da resposta do TribunalJudicial da Comarca de Castelo Branco....\" \/>\n<meta property=\"og:url\" content=\"https:\/\/comarcas.csm.org.pt\/castelo-branco\/instrumentos-de-gestao\/\" \/>\n<meta property=\"og:site_name\" content=\"Tribunal Judicial da Comarca de Castelo Branco\" \/>\n<meta property=\"article:modified_time\" content=\"2026-03-04T15:07:37+00:00\" \/>\n<meta name=\"twitter:card\" content=\"summary_large_image\" \/>\n<meta name=\"twitter:label1\" content=\"Tempo estimado de leitura\" \/>\n\t<meta name=\"twitter:data1\" content=\"2 minutos\" \/>\n<script type=\"application\/ld+json\" class=\"yoast-schema-graph\">{\"@context\":\"https:\/\/schema.org\",\"@graph\":[{\"@type\":\"WebPage\",\"@id\":\"https:\/\/comarcas.csm.org.pt\/castelo-branco\/instrumentos-de-gestao\/\",\"url\":\"https:\/\/comarcas.csm.org.pt\/castelo-branco\/instrumentos-de-gestao\/\",\"name\":\"Instrumentos de Gest\u00e3o - Tribunal Judicial da Comarca de Castelo Branco\",\"isPartOf\":{\"@id\":\"https:\/\/comarcas.csm.org.pt\/castelo-branco\/#website\"},\"datePublished\":\"2024-05-22T09:33:02+00:00\",\"dateModified\":\"2026-03-04T15:07:37+00:00\",\"breadcrumb\":{\"@id\":\"https:\/\/comarcas.csm.org.pt\/castelo-branco\/instrumentos-de-gestao\/#breadcrumb\"},\"inLanguage\":\"pt-PT\",\"potentialAction\":[{\"@type\":\"ReadAction\",\"target\":[\"https:\/\/comarcas.csm.org.pt\/castelo-branco\/instrumentos-de-gestao\/\"]}]},{\"@type\":\"BreadcrumbList\",\"@id\":\"https:\/\/comarcas.csm.org.pt\/castelo-branco\/instrumentos-de-gestao\/#breadcrumb\",\"itemListElement\":[{\"@type\":\"ListItem\",\"position\":1,\"name\":\"In\u00edcio\",\"item\":\"https:\/\/comarcas.csm.org.pt\/castelo-branco\/\"},{\"@type\":\"ListItem\",\"position\":2,\"name\":\"Instrumentos de Gest\u00e3o\"}]},{\"@type\":\"WebSite\",\"@id\":\"https:\/\/comarcas.csm.org.pt\/castelo-branco\/#website\",\"url\":\"https:\/\/comarcas.csm.org.pt\/castelo-branco\/\",\"name\":\"Tribunal Judicial da Comarca de Castelo Branco\",\"description\":\"Tribunal Judicial da Comarca de Aveiro\",\"publisher\":{\"@id\":\"https:\/\/comarcas.csm.org.pt\/castelo-branco\/#organization\"},\"potentialAction\":[{\"@type\":\"SearchAction\",\"target\":{\"@type\":\"EntryPoint\",\"urlTemplate\":\"https:\/\/comarcas.csm.org.pt\/castelo-branco\/?s={search_term_string}\"},\"query-input\":{\"@type\":\"PropertyValueSpecification\",\"valueRequired\":true,\"valueName\":\"search_term_string\"}}],\"inLanguage\":\"pt-PT\"},{\"@type\":\"Organization\",\"@id\":\"https:\/\/comarcas.csm.org.pt\/castelo-branco\/#organization\",\"name\":\"Tribunal Judicial da Comarca de Castelo Branco\",\"url\":\"https:\/\/comarcas.csm.org.pt\/castelo-branco\/\",\"logo\":{\"@type\":\"ImageObject\",\"inLanguage\":\"pt-PT\",\"@id\":\"https:\/\/comarcas.csm.org.pt\/castelo-branco\/#\/schema\/logo\/image\/\",\"url\":\"https:\/\/comarcas.csm.org.pt\/castelo-branco\/wp-content\/uploads\/sites\/11\/2024\/11\/C-Branco_positivo-horizontal.png\",\"contentUrl\":\"https:\/\/comarcas.csm.org.pt\/castelo-branco\/wp-content\/uploads\/sites\/11\/2024\/11\/C-Branco_positivo-horizontal.png\",\"width\":5388,\"height\":998,\"caption\":\"Tribunal Judicial da Comarca de Castelo Branco\"},\"image\":{\"@id\":\"https:\/\/comarcas.csm.org.pt\/castelo-branco\/#\/schema\/logo\/image\/\"}}]}<\/script>\n<!-- \/ Yoast SEO plugin. -->","yoast_head_json":{"title":"Instrumentos de Gest\u00e3o - Tribunal Judicial da Comarca de Castelo Branco","robots":{"index":"index","follow":"follow","max-snippet":"max-snippet:-1","max-image-preview":"max-image-preview:large","max-video-preview":"max-video-preview:-1"},"canonical":"https:\/\/comarcas.csm.org.pt\/castelo-branco\/instrumentos-de-gestao\/","og_locale":"pt_PT","og_type":"article","og_title":"Instrumentos de Gest\u00e3o - Tribunal Judicial da Comarca de Castelo Branco","og_description":"Instrumentos de Gest\u00e3o, Tribunal da Comarca de Castelo Branco Relat\u00f3rio Anual da Comarca Distribui\u00e7\u00e3o Ordin\u00e1ria Distribui\u00e7\u00e3o de Processos Despachos Atas Distribui\u00e7\u00e3o Eletr\u00f3nica Relat\u00f3rio Anual da Comarca Relat\u00f3rio Anual da Comarca de Castelo Branco O presente relat\u00f3rio descreve e analisa o estado dos servi\u00e7os e a qualidade da resposta do TribunalJudicial da Comarca de Castelo Branco....","og_url":"https:\/\/comarcas.csm.org.pt\/castelo-branco\/instrumentos-de-gestao\/","og_site_name":"Tribunal Judicial da Comarca de Castelo Branco","article_modified_time":"2026-03-04T15:07:37+00:00","twitter_card":"summary_large_image","twitter_misc":{"Tempo estimado de leitura":"2 minutos"},"schema":{"@context":"https:\/\/schema.org","@graph":[{"@type":"WebPage","@id":"https:\/\/comarcas.csm.org.pt\/castelo-branco\/instrumentos-de-gestao\/","url":"https:\/\/comarcas.csm.org.pt\/castelo-branco\/instrumentos-de-gestao\/","name":"Instrumentos de Gest\u00e3o - Tribunal Judicial da Comarca de Castelo Branco","isPartOf":{"@id":"https:\/\/comarcas.csm.org.pt\/castelo-branco\/#website"},"datePublished":"2024-05-22T09:33:02+00:00","dateModified":"2026-03-04T15:07:37+00:00","breadcrumb":{"@id":"https:\/\/comarcas.csm.org.pt\/castelo-branco\/instrumentos-de-gestao\/#breadcrumb"},"inLanguage":"pt-PT","potentialAction":[{"@type":"ReadAction","target":["https:\/\/comarcas.csm.org.pt\/castelo-branco\/instrumentos-de-gestao\/"]}]},{"@type":"BreadcrumbList","@id":"https:\/\/comarcas.csm.org.pt\/castelo-branco\/instrumentos-de-gestao\/#breadcrumb","itemListElement":[{"@type":"ListItem","position":1,"name":"In\u00edcio","item":"https:\/\/comarcas.csm.org.pt\/castelo-branco\/"},{"@type":"ListItem","position":2,"name":"Instrumentos de Gest\u00e3o"}]},{"@type":"WebSite","@id":"https:\/\/comarcas.csm.org.pt\/castelo-branco\/#website","url":"https:\/\/comarcas.csm.org.pt\/castelo-branco\/","name":"Tribunal Judicial da Comarca de Castelo Branco","description":"Tribunal Judicial da Comarca de Aveiro","publisher":{"@id":"https:\/\/comarcas.csm.org.pt\/castelo-branco\/#organization"},"potentialAction":[{"@type":"SearchAction","target":{"@type":"EntryPoint","urlTemplate":"https:\/\/comarcas.csm.org.pt\/castelo-branco\/?s={search_term_string}"},"query-input":{"@type":"PropertyValueSpecification","valueRequired":true,"valueName":"search_term_string"}}],"inLanguage":"pt-PT"},{"@type":"Organization","@id":"https:\/\/comarcas.csm.org.pt\/castelo-branco\/#organization","name":"Tribunal Judicial da Comarca de Castelo Branco","url":"https:\/\/comarcas.csm.org.pt\/castelo-branco\/","logo":{"@type":"ImageObject","inLanguage":"pt-PT","@id":"https:\/\/comarcas.csm.org.pt\/castelo-branco\/#\/schema\/logo\/image\/","url":"https:\/\/comarcas.csm.org.pt\/castelo-branco\/wp-content\/uploads\/sites\/11\/2024\/11\/C-Branco_positivo-horizontal.png","contentUrl":"https:\/\/comarcas.csm.org.pt\/castelo-branco\/wp-content\/uploads\/sites\/11\/2024\/11\/C-Branco_positivo-horizontal.png","width":5388,"height":998,"caption":"Tribunal Judicial da Comarca de Castelo Branco"},"image":{"@id":"https:\/\/comarcas.csm.org.pt\/castelo-branco\/#\/schema\/logo\/image\/"}}]}},"_links":{"self":[{"href":"https:\/\/comarcas.csm.org.pt\/castelo-branco\/wp-json\/wp\/v2\/pages\/11330","targetHints":{"allow":["GET"]}}],"collection":[{"href":"https:\/\/comarcas.csm.org.pt\/castelo-branco\/wp-json\/wp\/v2\/pages"}],"about":[{"href":"https:\/\/comarcas.csm.org.pt\/castelo-branco\/wp-json\/wp\/v2\/types\/page"}],"author":[{"embeddable":true,"href":"https:\/\/comarcas.csm.org.pt\/castelo-branco\/wp-json\/wp\/v2\/users\/1"}],"replies":[{"embeddable":true,"href":"https:\/\/comarcas.csm.org.pt\/castelo-branco\/wp-json\/wp\/v2\/comments?post=11330"}],"version-history":[{"count":313,"href":"https:\/\/comarcas.csm.org.pt\/castelo-branco\/wp-json\/wp\/v2\/pages\/11330\/revisions"}],"predecessor-version":[{"id":17156,"href":"https:\/\/comarcas.csm.org.pt\/castelo-branco\/wp-json\/wp\/v2\/pages\/11330\/revisions\/17156"}],"wp:attachment":[{"href":"https:\/\/comarcas.csm.org.pt\/castelo-branco\/wp-json\/wp\/v2\/media?parent=11330"}],"curies":[{"name":"wp","href":"https:\/\/api.w.org\/{rel}","templated":true}]}}