{"id":11359,"date":"2024-05-22T11:36:09","date_gmt":"2024-05-22T11:36:09","guid":{"rendered":"https:\/\/aveiro.vvr.pt\/?page_id=11359"},"modified":"2025-07-28T12:45:39","modified_gmt":"2025-07-28T11:45:39","slug":"rgpd","status":"publish","type":"page","link":"https:\/\/comarcas.csm.org.pt\/castelo-branco\/cidadao\/rgpd\/","title":{"rendered":"RGPD"},"content":{"rendered":"\t\t<div data-elementor-type=\"wp-page\" data-elementor-id=\"11359\" class=\"elementor elementor-11359\" data-elementor-post-type=\"page\">\n\t\t\t\t<div class=\"elementor-element elementor-element-d46dffd e-flex e-con-boxed e-con e-parent\" data-id=\"d46dffd\" data-element_type=\"container\">\n\t\t\t\t\t<div class=\"e-con-inner\">\n\t\t<div class=\"elementor-element elementor-element-90dcb61 e-con-full e-flex e-con e-child\" data-id=\"90dcb61\" data-element_type=\"container\">\n\t\t\t\t<div class=\"elementor-element elementor-element-0be41fe elementor-widget elementor-widget-heading\" data-id=\"0be41fe\" data-element_type=\"widget\" data-widget_type=\"heading.default\">\n\t\t\t\t<div class=\"elementor-widget-container\">\n\t\t\t\t\t<h2 class=\"elementor-heading-title elementor-size-default\">Regulamento Geral de Prote\u00e7\u00e3o de Dados (RGPD)<\/h2>\t\t\t\t<\/div>\n\t\t\t\t<\/div>\n\t\t\t\t<\/div>\n\t\t\t\t\t<\/div>\n\t\t\t\t<\/div>\n\t\t<div class=\"elementor-element elementor-element-be4dfc3 e-flex e-con-boxed e-con e-parent\" data-id=\"be4dfc3\" data-element_type=\"container\">\n\t\t\t\t\t<div class=\"e-con-inner\">\n\t\t\t\t<div class=\"elementor-element elementor-element-7e07987 elementor-widget elementor-widget-text-editor\" data-id=\"7e07987\" data-element_type=\"widget\" data-widget_type=\"text-editor.default\">\n\t\t\t\t<div class=\"elementor-widget-container\">\n\t\t\t\t\t\t\t\t\t<p><strong>Legisla\u00e7\u00e3o aplic\u00e1vel:<\/strong><\/p><p>Regulamento (UE) n.\u00ba 2016\/679, do Parlamento e do Conselho, de 27 de abril de 2016 relativo \u00e0 prote\u00e7\u00e3o das pessoas singulares no que diz respeito ao tratamento de dados pessoais e \u00e0 livre circula\u00e7\u00e3o desses dados e que revoga a Diretiva 95\/46\/CE<\/p><p style=\"padding-left: 40px\"><span style=\"text-decoration: underline\"><strong><a href=\"https:\/\/comarcas.csm.org.pt\/castelo-branco\/wp-content\/uploads\/sites\/11\/2025\/05\/Regulamento-679-2016.pdf\">Regulamento-679-2016<\/a><\/strong><\/span><\/p><p>Lei n.\u00ba 58\/2019, de 8 de agosto (assegura a execu\u00e7\u00e3o, na ordem jur\u00eddica nacional, do Regulamento (UE) 2016\/679 do Parlamento e do Conselho, de 27 de abril de 2016<\/p><p style=\"padding-left: 40px\"><span style=\"text-decoration: underline\"><strong><a href=\"https:\/\/comarcas.csm.org.pt\/castelo-branco\/wp-content\/uploads\/sites\/11\/2025\/05\/Lei-58-2019.pdf\">Lei 58-2019<\/a><\/strong><\/span><\/p><p>Lei n.\u00ba 34\/2009, de 14 de julho (aprova o regime jur\u00eddico aplic\u00e1vel ao tratamento de dados referentes ao sistema judicial)<\/p><p style=\"padding-left: 40px\"><span style=\"text-decoration: underline\"><strong><a href=\"https:\/\/comarcas.csm.org.pt\/castelo-branco\/wp-content\/uploads\/sites\/11\/2025\/05\/Lei-34-2019.pdf\">Lei 34-2019<\/a><\/strong><\/span><\/p><h3><strong>Encarregado de Prote\u00e7\u00e3o de Dados<\/strong><\/h3><h4 style=\"padding-left: 40px\">1. Fun\u00e7\u00f5es do DPO no \u00e2mbito da atividade administrativa do Tribunal<\/h4><ul><li style=\"list-style-type: none\"><ul><li style=\"list-style-type: none\"><ul><li>No \u00e2mbito da atividade administrativa dos Tribunais, as fun\u00e7\u00f5es do Encarregado de Prote\u00e7\u00e3o de Dados (DPO), tal como s\u00e3o descritas no Regulamento (UE) n.\u00ba 2016\/679, do Parlamento e do Conselho, de 27 de abril de 2016 (RGPD), podem ser sintetizadas no seguinte:<ul><li>Informa\u00e7\u00e3o e aconselhamento dos Tribunais, seus funcion\u00e1rios e subcontratantes, a respeito das obriga\u00e7\u00f5es emergentes do regime de prote\u00e7\u00e3o de dados;<\/li><li>Aprecia\u00e7\u00e3o da conformidade com esse regime, das pol\u00edticas e atividades dos Tribunais, incluindo a reparti\u00e7\u00e3o de responsabilidades com subcontratados, as pr\u00e1ticas de dete\u00e7\u00e3o e resposta a eventuais viola\u00e7\u00f5es de dados pessoais, a sensibiliza\u00e7\u00e3o e forma\u00e7\u00e3o do pessoal implicado nas opera\u00e7\u00f5es de tratamento de dados e as auditorias correspondentes;<\/li><li>Coopera\u00e7\u00e3o e ponto de contacto com a autoridade de controlo. Em Portugal, a Comiss\u00e3o Nacional de Prote\u00e7\u00e3o de Dados (CNPD) \u00e9 a autoridade respons\u00e1vel por supervisionar e garantir a aplica\u00e7\u00e3o do RGPD<\/li><\/ul><\/li><\/ul><\/li><\/ul><\/li><\/ul><h4 style=\"padding-left: 40px\">2. Nomea\u00e7\u00e3o de Encarregado de Prote\u00e7\u00e3o de Dados (DPO)<\/h4><p style=\"padding-left: 80px\">Por delibera\u00e7\u00e3o do Plen\u00e1rio do Conselho Superior da Magistratura de 7 de maio de 2019, foi nomeada como Encarregado de Prote\u00e7\u00e3o de Dados (DPO) daquela entidade a Sra. Dra. Ana Sofia Bastos Wengorovius, Ju\u00edza de Direito, Adjunta do Gabinete do Vice-Presidente do Conselho Superior da Magistratura.<\/p><p style=\"padding-left: 80px\">O Encarregado de Prote\u00e7\u00e3o de Dados (DPO) pode ser contactado sobre assuntos relacionados com as suas fun\u00e7\u00f5es:<\/p><p style=\"padding-left: 120px\">a) Atrav\u00e9s de e-mail para o endere\u00e7o dpo.csm@csm.org.pt;<\/p><p style=\"padding-left: 120px\">b) Por correio para o endere\u00e7o:<br \/>Encarregado de Prote\u00e7\u00e3o de Dados (DPO)<br \/>Conselho Superior da Magistratura<br \/>Rua Duque de Palmela n.\u00ba 23<br \/>1250-097 LISBOA<\/p><h4 style=\"padding-left: 40px\">3. Tratamento de dados nos processos judiciais<\/h4><p style=\"padding-left: 80px\">A atividade jurisdicional dos ju\u00edzes relativa ao tratamento de dados pessoais nos processos judiciais, para os efeitos do RGPD, \u00e9 exercida com base em regras e mecanismos de controlo espec\u00edficos (artigos 23.\u00ba, n.\u00ba 1, al\u00ednea f), RGPD e 68.\u00ba da Lei n.\u00ba 59\/2019, de 8 de agosto).<br \/>Em consequ\u00eancia, faz-se notar que as fun\u00e7\u00f5es do DPO s\u00f3 se exercem no \u00e2mbito da atividade administrativa dos Tribunais e n\u00e3o relativamente aos dados judiciais.<br \/>Deste modo, s\u00e3o assegurados pelo juiz titular do respetivo processo (artigo 24.\u00ba, n.\u00ba 7, da Lei n.\u00ba 34\/2009, de 14 de julho, a qual aprovou o regime jur\u00eddico aplic\u00e1vel ao tratamento de dados referentes ao sistema judicial):<\/p><p style=\"padding-left: 120px\">a) O direito de informa\u00e7\u00e3o e o direito de acesso aos dados pelo respetivo titular;<\/p><p style=\"padding-left: 120px\">b) A atualiza\u00e7\u00e3o dos dados, bem como a corre\u00e7\u00e3o dos que sejam inexatos, o preenchimento daqueles que total ou parcialmente omissos e a supress\u00e3o dos dados indevidamente registados.<\/p><p style=\"padding-left: 120px\">c) As demais compet\u00eancias previstas na Lei n.\u00ba 58\/2019, de 8 de agosto (lei de execu\u00e7\u00e3o, na ordem jur\u00eddica interna, do RGPD).<\/p><h4><span style=\"text-decoration: underline\"><strong><a href=\"https:\/\/comarcas.csm.org.pt\/castelo-branco\/wp-content\/uploads\/sites\/11\/2025\/05\/FAQ-sobre-o-Regulamento-Geral-de-Protecao-de-Dados.pdf\">FAQ sobre o Regulamento Geral de Prote\u00e7\u00e3o de Dados<\/a><\/strong><\/span><\/h4><p><!-- \/wp:heading --><\/p>\t\t\t\t\t\t\t\t<\/div>\n\t\t\t\t<\/div>\n\t\t\t\t\t<\/div>\n\t\t\t\t<\/div>\n\t\t\t\t<\/div>\n\t\t","protected":false},"excerpt":{"rendered":"<p>Regulamento Geral de Prote\u00e7\u00e3o de Dados (RGPD) Legisla\u00e7\u00e3o aplic\u00e1vel: Regulamento (UE) n.\u00ba 2016\/679, do Parlamento e do Conselho, de 27 de abril de 2016 relativo \u00e0 prote\u00e7\u00e3o das pessoas singulares no que diz respeito ao tratamento de dados pessoais e \u00e0 livre circula\u00e7\u00e3o desses dados e que revoga a Diretiva 95\/46\/CE Regulamento-679-2016 Lei n.\u00ba 58\/2019,&#8230;<\/p>\n","protected":false},"author":1,"featured_media":0,"parent":11404,"menu_order":0,"comment_status":"closed","ping_status":"closed","template":"","meta":{"_tbt_post_transparent":"","_tbt_post_title":"","_tbt_post_layout":"","_tbt_post_sidebar_id":"","_tbt_post_content_style":"","_tbt_post_vertical_padding":"","_tbt_post_feature":"","_tbt_post_feature_position":"","_tbt_post_header":false,"_tbt_post_footer":false},"class_list":["post-11359","page","type-page","status-publish","hentry"],"yoast_head":"<!-- This site is optimized with the Yoast SEO plugin v25.6 - https:\/\/yoast.com\/wordpress\/plugins\/seo\/ -->\n<title>RGPD - Tribunal Judicial da Comarca de Castelo Branco<\/title>\n<meta name=\"robots\" content=\"index, follow, max-snippet:-1, max-image-preview:large, max-video-preview:-1\" \/>\n<link rel=\"canonical\" href=\"https:\/\/comarcas.csm.org.pt\/castelo-branco\/cidadao\/rgpd\/\" \/>\n<meta property=\"og:locale\" content=\"pt_PT\" \/>\n<meta property=\"og:type\" content=\"article\" \/>\n<meta property=\"og:title\" content=\"RGPD - Tribunal Judicial da Comarca de Castelo Branco\" \/>\n<meta property=\"og:description\" content=\"Regulamento Geral de Prote\u00e7\u00e3o de Dados (RGPD) Legisla\u00e7\u00e3o aplic\u00e1vel: Regulamento (UE) n.\u00ba 2016\/679, do Parlamento e do Conselho, de 27 de abril de 2016 relativo \u00e0 prote\u00e7\u00e3o das pessoas singulares no que diz respeito ao tratamento de dados pessoais e \u00e0 livre circula\u00e7\u00e3o desses dados e que revoga a Diretiva 95\/46\/CE Regulamento-679-2016 Lei n.\u00ba 58\/2019,...\" \/>\n<meta property=\"og:url\" content=\"https:\/\/comarcas.csm.org.pt\/castelo-branco\/cidadao\/rgpd\/\" \/>\n<meta property=\"og:site_name\" content=\"Tribunal Judicial da Comarca de Castelo Branco\" \/>\n<meta property=\"article:modified_time\" content=\"2025-07-28T11:45:39+00:00\" \/>\n<meta name=\"twitter:card\" content=\"summary_large_image\" \/>\n<meta name=\"twitter:label1\" content=\"Tempo estimado de leitura\" \/>\n\t<meta name=\"twitter:data1\" content=\"4 minutos\" \/>\n<script type=\"application\/ld+json\" class=\"yoast-schema-graph\">{\"@context\":\"https:\/\/schema.org\",\"@graph\":[{\"@type\":\"WebPage\",\"@id\":\"https:\/\/comarcas.csm.org.pt\/castelo-branco\/cidadao\/rgpd\/\",\"url\":\"https:\/\/comarcas.csm.org.pt\/castelo-branco\/cidadao\/rgpd\/\",\"name\":\"RGPD - Tribunal Judicial da Comarca de Castelo Branco\",\"isPartOf\":{\"@id\":\"https:\/\/comarcas.csm.org.pt\/castelo-branco\/#website\"},\"datePublished\":\"2024-05-22T11:36:09+00:00\",\"dateModified\":\"2025-07-28T11:45:39+00:00\",\"breadcrumb\":{\"@id\":\"https:\/\/comarcas.csm.org.pt\/castelo-branco\/cidadao\/rgpd\/#breadcrumb\"},\"inLanguage\":\"pt-PT\",\"potentialAction\":[{\"@type\":\"ReadAction\",\"target\":[\"https:\/\/comarcas.csm.org.pt\/castelo-branco\/cidadao\/rgpd\/\"]}]},{\"@type\":\"BreadcrumbList\",\"@id\":\"https:\/\/comarcas.csm.org.pt\/castelo-branco\/cidadao\/rgpd\/#breadcrumb\",\"itemListElement\":[{\"@type\":\"ListItem\",\"position\":1,\"name\":\"In\u00edcio\",\"item\":\"https:\/\/comarcas.csm.org.pt\/castelo-branco\/\"},{\"@type\":\"ListItem\",\"position\":2,\"name\":\"Cidad\u00e3o\",\"item\":\"https:\/\/comarcas.csm.org.pt\/castelo-branco\/cidadao\/\"},{\"@type\":\"ListItem\",\"position\":3,\"name\":\"RGPD\"}]},{\"@type\":\"WebSite\",\"@id\":\"https:\/\/comarcas.csm.org.pt\/castelo-branco\/#website\",\"url\":\"https:\/\/comarcas.csm.org.pt\/castelo-branco\/\",\"name\":\"Tribunal Judicial da Comarca de Castelo Branco\",\"description\":\"Tribunal Judicial da Comarca de Aveiro\",\"publisher\":{\"@id\":\"https:\/\/comarcas.csm.org.pt\/castelo-branco\/#organization\"},\"potentialAction\":[{\"@type\":\"SearchAction\",\"target\":{\"@type\":\"EntryPoint\",\"urlTemplate\":\"https:\/\/comarcas.csm.org.pt\/castelo-branco\/?s={search_term_string}\"},\"query-input\":{\"@type\":\"PropertyValueSpecification\",\"valueRequired\":true,\"valueName\":\"search_term_string\"}}],\"inLanguage\":\"pt-PT\"},{\"@type\":\"Organization\",\"@id\":\"https:\/\/comarcas.csm.org.pt\/castelo-branco\/#organization\",\"name\":\"Tribunal Judicial da Comarca de Castelo Branco\",\"url\":\"https:\/\/comarcas.csm.org.pt\/castelo-branco\/\",\"logo\":{\"@type\":\"ImageObject\",\"inLanguage\":\"pt-PT\",\"@id\":\"https:\/\/comarcas.csm.org.pt\/castelo-branco\/#\/schema\/logo\/image\/\",\"url\":\"https:\/\/comarcas.csm.org.pt\/castelo-branco\/wp-content\/uploads\/sites\/11\/2024\/11\/C-Branco_positivo-horizontal.png\",\"contentUrl\":\"https:\/\/comarcas.csm.org.pt\/castelo-branco\/wp-content\/uploads\/sites\/11\/2024\/11\/C-Branco_positivo-horizontal.png\",\"width\":5388,\"height\":998,\"caption\":\"Tribunal Judicial da Comarca de Castelo Branco\"},\"image\":{\"@id\":\"https:\/\/comarcas.csm.org.pt\/castelo-branco\/#\/schema\/logo\/image\/\"}}]}<\/script>\n<!-- \/ Yoast SEO plugin. -->","yoast_head_json":{"title":"RGPD - Tribunal Judicial da Comarca de Castelo Branco","robots":{"index":"index","follow":"follow","max-snippet":"max-snippet:-1","max-image-preview":"max-image-preview:large","max-video-preview":"max-video-preview:-1"},"canonical":"https:\/\/comarcas.csm.org.pt\/castelo-branco\/cidadao\/rgpd\/","og_locale":"pt_PT","og_type":"article","og_title":"RGPD - Tribunal Judicial da Comarca de Castelo Branco","og_description":"Regulamento Geral de Prote\u00e7\u00e3o de Dados (RGPD) Legisla\u00e7\u00e3o aplic\u00e1vel: Regulamento (UE) n.\u00ba 2016\/679, do Parlamento e do Conselho, de 27 de abril de 2016 relativo \u00e0 prote\u00e7\u00e3o das pessoas singulares no que diz respeito ao tratamento de dados pessoais e \u00e0 livre circula\u00e7\u00e3o desses dados e que revoga a Diretiva 95\/46\/CE Regulamento-679-2016 Lei n.\u00ba 58\/2019,...","og_url":"https:\/\/comarcas.csm.org.pt\/castelo-branco\/cidadao\/rgpd\/","og_site_name":"Tribunal Judicial da Comarca de Castelo Branco","article_modified_time":"2025-07-28T11:45:39+00:00","twitter_card":"summary_large_image","twitter_misc":{"Tempo estimado de leitura":"4 minutos"},"schema":{"@context":"https:\/\/schema.org","@graph":[{"@type":"WebPage","@id":"https:\/\/comarcas.csm.org.pt\/castelo-branco\/cidadao\/rgpd\/","url":"https:\/\/comarcas.csm.org.pt\/castelo-branco\/cidadao\/rgpd\/","name":"RGPD - Tribunal Judicial da Comarca de Castelo Branco","isPartOf":{"@id":"https:\/\/comarcas.csm.org.pt\/castelo-branco\/#website"},"datePublished":"2024-05-22T11:36:09+00:00","dateModified":"2025-07-28T11:45:39+00:00","breadcrumb":{"@id":"https:\/\/comarcas.csm.org.pt\/castelo-branco\/cidadao\/rgpd\/#breadcrumb"},"inLanguage":"pt-PT","potentialAction":[{"@type":"ReadAction","target":["https:\/\/comarcas.csm.org.pt\/castelo-branco\/cidadao\/rgpd\/"]}]},{"@type":"BreadcrumbList","@id":"https:\/\/comarcas.csm.org.pt\/castelo-branco\/cidadao\/rgpd\/#breadcrumb","itemListElement":[{"@type":"ListItem","position":1,"name":"In\u00edcio","item":"https:\/\/comarcas.csm.org.pt\/castelo-branco\/"},{"@type":"ListItem","position":2,"name":"Cidad\u00e3o","item":"https:\/\/comarcas.csm.org.pt\/castelo-branco\/cidadao\/"},{"@type":"ListItem","position":3,"name":"RGPD"}]},{"@type":"WebSite","@id":"https:\/\/comarcas.csm.org.pt\/castelo-branco\/#website","url":"https:\/\/comarcas.csm.org.pt\/castelo-branco\/","name":"Tribunal Judicial da Comarca de Castelo Branco","description":"Tribunal Judicial da Comarca de Aveiro","publisher":{"@id":"https:\/\/comarcas.csm.org.pt\/castelo-branco\/#organization"},"potentialAction":[{"@type":"SearchAction","target":{"@type":"EntryPoint","urlTemplate":"https:\/\/comarcas.csm.org.pt\/castelo-branco\/?s={search_term_string}"},"query-input":{"@type":"PropertyValueSpecification","valueRequired":true,"valueName":"search_term_string"}}],"inLanguage":"pt-PT"},{"@type":"Organization","@id":"https:\/\/comarcas.csm.org.pt\/castelo-branco\/#organization","name":"Tribunal Judicial da Comarca de Castelo Branco","url":"https:\/\/comarcas.csm.org.pt\/castelo-branco\/","logo":{"@type":"ImageObject","inLanguage":"pt-PT","@id":"https:\/\/comarcas.csm.org.pt\/castelo-branco\/#\/schema\/logo\/image\/","url":"https:\/\/comarcas.csm.org.pt\/castelo-branco\/wp-content\/uploads\/sites\/11\/2024\/11\/C-Branco_positivo-horizontal.png","contentUrl":"https:\/\/comarcas.csm.org.pt\/castelo-branco\/wp-content\/uploads\/sites\/11\/2024\/11\/C-Branco_positivo-horizontal.png","width":5388,"height":998,"caption":"Tribunal Judicial da Comarca de Castelo Branco"},"image":{"@id":"https:\/\/comarcas.csm.org.pt\/castelo-branco\/#\/schema\/logo\/image\/"}}]}},"_links":{"self":[{"href":"https:\/\/comarcas.csm.org.pt\/castelo-branco\/wp-json\/wp\/v2\/pages\/11359","targetHints":{"allow":["GET"]}}],"collection":[{"href":"https:\/\/comarcas.csm.org.pt\/castelo-branco\/wp-json\/wp\/v2\/pages"}],"about":[{"href":"https:\/\/comarcas.csm.org.pt\/castelo-branco\/wp-json\/wp\/v2\/types\/page"}],"author":[{"embeddable":true,"href":"https:\/\/comarcas.csm.org.pt\/castelo-branco\/wp-json\/wp\/v2\/users\/1"}],"replies":[{"embeddable":true,"href":"https:\/\/comarcas.csm.org.pt\/castelo-branco\/wp-json\/wp\/v2\/comments?post=11359"}],"version-history":[{"count":70,"href":"https:\/\/comarcas.csm.org.pt\/castelo-branco\/wp-json\/wp\/v2\/pages\/11359\/revisions"}],"predecessor-version":[{"id":13915,"href":"https:\/\/comarcas.csm.org.pt\/castelo-branco\/wp-json\/wp\/v2\/pages\/11359\/revisions\/13915"}],"up":[{"embeddable":true,"href":"https:\/\/comarcas.csm.org.pt\/castelo-branco\/wp-json\/wp\/v2\/pages\/11404"}],"wp:attachment":[{"href":"https:\/\/comarcas.csm.org.pt\/castelo-branco\/wp-json\/wp\/v2\/media?parent=11359"}],"curies":[{"name":"wp","href":"https:\/\/api.w.org\/{rel}","templated":true}]}}