{"id":11410,"date":"2024-05-22T12:51:42","date_gmt":"2024-05-22T12:51:42","guid":{"rendered":"https:\/\/aveiro.vvr.pt\/?page_id=11410"},"modified":"2025-12-11T14:00:27","modified_gmt":"2025-12-11T14:00:27","slug":"faq","status":"publish","type":"page","link":"https:\/\/comarcas.csm.org.pt\/castelo-branco\/cidadao\/faq\/","title":{"rendered":"FAQ"},"content":{"rendered":"\t\t<div data-elementor-type=\"wp-page\" data-elementor-id=\"11410\" class=\"elementor elementor-11410\" data-elementor-post-type=\"page\">\n\t\t\t\t<div class=\"elementor-element elementor-element-69eafef e-flex e-con-boxed e-con e-parent\" data-id=\"69eafef\" data-element_type=\"container\">\n\t\t\t\t\t<div class=\"e-con-inner\">\n\t\t<div class=\"elementor-element elementor-element-8fe2b68 e-con-full e-flex e-con e-child\" data-id=\"8fe2b68\" data-element_type=\"container\">\n\t\t\t\t<div class=\"elementor-element elementor-element-0acc451 elementor-widget elementor-widget-heading\" data-id=\"0acc451\" data-element_type=\"widget\" data-widget_type=\"heading.default\">\n\t\t\t\t<div class=\"elementor-widget-container\">\n\t\t\t\t\t<h2 class=\"elementor-heading-title elementor-size-default\">Perguntas frequentes (FAQ) Tribunal Judicial da Comarca Castelo Branco<\/h2>\t\t\t\t<\/div>\n\t\t\t\t<\/div>\n\t\t\t\t<\/div>\n\t\t\t\t\t<\/div>\n\t\t\t\t<\/div>\n\t\t<div class=\"elementor-element elementor-element-a8a7978 e-flex e-con-boxed e-con e-parent\" data-id=\"a8a7978\" data-element_type=\"container\">\n\t\t\t\t\t<div class=\"e-con-inner\">\n\t\t\t\t<div class=\"elementor-element elementor-element-7aad74f elementor-widget elementor-widget-accordion\" data-id=\"7aad74f\" data-element_type=\"widget\" data-widget_type=\"accordion.default\">\n\t\t\t\t<div class=\"elementor-widget-container\">\n\t\t\t\t\t\t\t<div class=\"elementor-accordion\">\n\t\t\t\t\t\t\t<div class=\"elementor-accordion-item\">\n\t\t\t\t\t<div id=\"elementor-tab-title-1281\" class=\"elementor-tab-title\" data-tab=\"1\" role=\"button\" aria-controls=\"elementor-tab-content-1281\" aria-expanded=\"false\">\n\t\t\t\t\t\t\t\t\t\t\t\t\t<span class=\"elementor-accordion-icon elementor-accordion-icon-left\" aria-hidden=\"true\">\n\t\t\t\t\t\t\t\t\t\t\t\t\t\t\t<span class=\"elementor-accordion-icon-closed\"><svg class=\"e-font-icon-svg e-fas-plus\" viewBox=\"0 0 448 512\" xmlns=\"http:\/\/www.w3.org\/2000\/svg\"><path d=\"M416 208H272V64c0-17.67-14.33-32-32-32h-32c-17.67 0-32 14.33-32 32v144H32c-17.67 0-32 14.33-32 32v32c0 17.67 14.33 32 32 32h144v144c0 17.67 14.33 32 32 32h32c17.67 0 32-14.33 32-32V304h144c17.67 0 32-14.33 32-32v-32c0-17.67-14.33-32-32-32z\"><\/path><\/svg><\/span>\n\t\t\t\t\t\t\t\t<span class=\"elementor-accordion-icon-opened\"><svg class=\"e-font-icon-svg e-fas-minus\" viewBox=\"0 0 448 512\" xmlns=\"http:\/\/www.w3.org\/2000\/svg\"><path d=\"M416 208H32c-17.67 0-32 14.33-32 32v32c0 17.67 14.33 32 32 32h384c17.67 0 32-14.33 32-32v-32c0-17.67-14.33-32-32-32z\"><\/path><\/svg><\/span>\n\t\t\t\t\t\t\t\t\t\t\t\t\t\t<\/span>\n\t\t\t\t\t\t\t\t\t\t\t\t<a class=\"elementor-accordion-title\" tabindex=\"0\">Qual o hor\u00e1rio de funcionamento do Tribunal Judicial da Comarca de Castelo Branco?<\/a>\n\t\t\t\t\t<\/div>\n\t\t\t\t\t<div id=\"elementor-tab-content-1281\" class=\"elementor-tab-content elementor-clearfix\" data-tab=\"1\" role=\"region\" aria-labelledby=\"elementor-tab-title-1281\"><p>O hor\u00e1rio de funcionamento de todos os N\u00facleos do Tribunal Judicial da Comarca de Castelo Branco \u00e9 de segunda a sexta-feira, das 9h00 \u00e0s 17h00, com interrup\u00e7\u00e3o para o almo\u00e7o entre 12h30 e 13h30.<br \/>As Secretarias encerram pelas 16h00.<br \/>Os Tribunais de Turno operam aos s\u00e1bados entre as 9h00 e as 13h00.<\/p><\/div>\n\t\t\t\t<\/div>\n\t\t\t\t\t\t\t<div class=\"elementor-accordion-item\">\n\t\t\t\t\t<div id=\"elementor-tab-title-1282\" class=\"elementor-tab-title\" data-tab=\"2\" role=\"button\" aria-controls=\"elementor-tab-content-1282\" aria-expanded=\"false\">\n\t\t\t\t\t\t\t\t\t\t\t\t\t<span class=\"elementor-accordion-icon elementor-accordion-icon-left\" aria-hidden=\"true\">\n\t\t\t\t\t\t\t\t\t\t\t\t\t\t\t<span class=\"elementor-accordion-icon-closed\"><svg class=\"e-font-icon-svg e-fas-plus\" viewBox=\"0 0 448 512\" xmlns=\"http:\/\/www.w3.org\/2000\/svg\"><path d=\"M416 208H272V64c0-17.67-14.33-32-32-32h-32c-17.67 0-32 14.33-32 32v144H32c-17.67 0-32 14.33-32 32v32c0 17.67 14.33 32 32 32h144v144c0 17.67 14.33 32 32 32h32c17.67 0 32-14.33 32-32V304h144c17.67 0 32-14.33 32-32v-32c0-17.67-14.33-32-32-32z\"><\/path><\/svg><\/span>\n\t\t\t\t\t\t\t\t<span class=\"elementor-accordion-icon-opened\"><svg class=\"e-font-icon-svg e-fas-minus\" viewBox=\"0 0 448 512\" xmlns=\"http:\/\/www.w3.org\/2000\/svg\"><path d=\"M416 208H32c-17.67 0-32 14.33-32 32v32c0 17.67 14.33 32 32 32h384c17.67 0 32-14.33 32-32v-32c0-17.67-14.33-32-32-32z\"><\/path><\/svg><\/span>\n\t\t\t\t\t\t\t\t\t\t\t\t\t\t<\/span>\n\t\t\t\t\t\t\t\t\t\t\t\t<a class=\"elementor-accordion-title\" tabindex=\"0\">Qual o hor\u00e1rio de funcionamento do Minist\u00e9rio P\u00fablico da Comarca de Castelo Branco?<\/a>\n\t\t\t\t\t<\/div>\n\t\t\t\t\t<div id=\"elementor-tab-content-1282\" class=\"elementor-tab-content elementor-clearfix\" data-tab=\"2\" role=\"region\" aria-labelledby=\"elementor-tab-title-1282\"><h5><span style=\"text-decoration: underline\"><strong>CASTELOBRANCO<\/strong><\/span><\/h5><h5 style=\"margin-right: 0px;margin-bottom: 0px;margin-left: 0px;padding: 0px 0px 0px 40px;border: 0px;font-size: 16px;vertical-align: baseline;background: transparent;color: #2d2d2d;font-family: Arial, Helvetica, sans-serif;letter-spacing: normal\"><span style=\"font-weight: bolder;margin: 0px;padding: 0px;border: 0px;vertical-align: baseline;background: transparent\">Ju\u00edzo Local<\/span><\/h5><h5 style=\"margin-right: 0px;margin-left: 0px;padding: 0px 0px 0px 80px;border: 0px;font-size: 16px;vertical-align: baseline;background: transparent;color: #2d2d2d;font-family: Arial, Helvetica, sans-serif;letter-spacing: normal\">Hor\u00e1rio: Quartas-Feiras, a partir das 14:00h<br \/>O atendimento ser\u00e1 efetuado por ordem de chegada, sem necessidade de agendamento.<\/h5><h5 style=\"margin-right: 0px;margin-bottom: 0px;margin-left: 0px;padding: 0px 0px 0px 40px;border: 0px;font-size: 16px;vertical-align: baseline;background: transparent;color: #2d2d2d;font-family: Arial, Helvetica, sans-serif;letter-spacing: normal\"><span style=\"font-weight: bolder;margin: 0px;padding: 0px;border: 0px;vertical-align: baseline;background: transparent\">Ju\u00edzo de Fam\u00edlia e Menores<\/span><\/h5><h5 style=\"margin-right: 0px;margin-left: 0px;padding: 0px 0px 0px 80px;border: 0px;font-size: 16px;vertical-align: baseline;background: transparent;color: #2d2d2d;font-family: Arial, Helvetica, sans-serif;letter-spacing: normal\">Hor\u00e1rio: Quintas-feiras, a partir das 13:30h<br \/>O atendimento ser\u00e1 efetuado por ordem de chegada, sem necessidade de agendamento<\/h5><h5 style=\"margin-right: 0px;margin-bottom: 0px;margin-left: 0px;padding: 0px 0px 0px 40px;border: 0px;font-size: 16px;vertical-align: baseline;background: transparent;color: #2d2d2d;font-family: Arial, Helvetica, sans-serif;letter-spacing: normal\"><span style=\"font-weight: bolder;margin: 0px;padding: 0px;border: 0px;vertical-align: baseline;background: transparent\">Ju\u00edzo de Trabalho<\/span><\/h5><h5 style=\"margin-right: 0px;margin-left: 0px;padding: 0px 0px 0px 80px;border: 0px;font-size: 16px;vertical-align: baseline;background: transparent;color: #2d2d2d;font-family: Arial, Helvetica, sans-serif;letter-spacing: normal\">Hor\u00e1rio: Quartas-feiras a partir das 14:00h<br \/>O atendimento ser\u00e1 efetuado por ordem de chegada, sem necessidade de agendamento.<\/h5><h5><span style=\"text-decoration: underline\"><strong>COVILH\u00c3<\/strong><\/span><\/h5><h5 style=\"padding-left: 40px\"><strong>Ju\u00edzo Local<\/strong><\/h5><h5 style=\"padding-left: 80px\">Hor\u00e1rio: Segunda a Sexta-feira, das 09:00h \u00e0s 12:00h e das 14:00h \u00e0s 16:00h<br \/>O atendimento ser\u00e1 efetuado por ordem de chegada, sem necessidade de agendamento.<\/h5><h5 style=\"padding-left: 40px\"><strong>Ju\u00edzo\u00a0de Fam\u00edlia e Menores<\/strong><\/h5><h5 style=\"padding-left: 80px\">Hor\u00e1rio: Quartas-feiras, a partir das 13:30 horas<br \/>O atendimento ser\u00e1 efetuado por ordem de chegada, sem necessidade de agendamento.<\/h5><h5 style=\"padding-left: 40px\"><strong>Ju\u00edzo\u00a0do Trabalho<\/strong><\/h5><h5 style=\"padding-left: 80px\">Hor\u00e1rio: Ter\u00e7as e Quintas-Feiras das 09:00h \u00e0s 12:00h e das 13:30h \u00e0s 16:00h<br \/>O atendimento ser\u00e1 efetuado por ordem de chegada, sem necessidade de agendamento.<\/h5><h5><span style=\"text-decoration: underline\"><strong>FUND\u00c3O<\/strong><\/span><\/h5><h5 style=\"padding-left: 40px\"><strong>Ju\u00edzo Local<\/strong><\/h5><h5 style=\"padding-left: 80px\">Hor\u00e1rio: Segunda a Sexta-feira, das 09:00h \u00e0s 12:00h e das 14:00h \u00e0s 16:00h<br \/>O atendimento ser\u00e1 efetuado por ordem de chegada, sem necessidade de agendamento.<\/h5><h5 style=\"padding-left: 40px\"><strong>Ju\u00edzo do Com\u00e9rcio<\/strong><\/h5><h5 style=\"padding-left: 80px\">Hor\u00e1rio: Segunda a Sexta-feira, das 09:00h \u00e0s 12:00h e das 14:00h \u00e0s 16:00h<br \/>O atendimento ser\u00e1 efetuado por ordem de chegada, sem necessidade de agendamento.<\/h5><h5><span style=\"text-decoration: underline\"><strong>IDANHA-A-NOVA<\/strong><\/span><\/h5><h5 style=\"padding-left: 40px\"><strong>Ju\u00edzo Local<\/strong><\/h5><h5 style=\"padding-left: 80px\">Hor\u00e1rio: Ter\u00e7as-feiras, a partir das 13:30h<br \/>O atendimento ser\u00e1 efetuado por ordem de chegada, sem necessidade de agendamento.<\/h5><h5><span style=\"text-decoration: underline\"><strong>OLEIROS<\/strong><\/span><\/h5><h5 style=\"padding-left: 40px\"><strong>Ju\u00edzo Local<\/strong><\/h5><h5 style=\"padding-left: 80px\">Hor\u00e1rio: Quartas-feiras, a partir das 13:30h<br \/>Com agendamento pr\u00e9vio.<\/h5><h5><span style=\"text-decoration: underline\"><strong>SERT\u00c3<\/strong><\/span><\/h5><h5 style=\"padding-left: 40px\"><strong>Ju\u00edzo Local<\/strong><\/h5><h5 style=\"padding-left: 80px\">Hor\u00e1rio: Segunda a Sexta-feira, das 09:00h \u00e0s 12:00h e das 14:00h \u00e0s 16:00h<br \/>Com agendamento pr\u00e9vio.<\/h5><\/div>\n\t\t\t\t<\/div>\n\t\t\t\t\t\t\t<div class=\"elementor-accordion-item\">\n\t\t\t\t\t<div id=\"elementor-tab-title-1283\" class=\"elementor-tab-title\" data-tab=\"3\" role=\"button\" aria-controls=\"elementor-tab-content-1283\" aria-expanded=\"false\">\n\t\t\t\t\t\t\t\t\t\t\t\t\t<span class=\"elementor-accordion-icon elementor-accordion-icon-left\" aria-hidden=\"true\">\n\t\t\t\t\t\t\t\t\t\t\t\t\t\t\t<span class=\"elementor-accordion-icon-closed\"><svg class=\"e-font-icon-svg e-fas-plus\" viewBox=\"0 0 448 512\" xmlns=\"http:\/\/www.w3.org\/2000\/svg\"><path d=\"M416 208H272V64c0-17.67-14.33-32-32-32h-32c-17.67 0-32 14.33-32 32v144H32c-17.67 0-32 14.33-32 32v32c0 17.67 14.33 32 32 32h144v144c0 17.67 14.33 32 32 32h32c17.67 0 32-14.33 32-32V304h144c17.67 0 32-14.33 32-32v-32c0-17.67-14.33-32-32-32z\"><\/path><\/svg><\/span>\n\t\t\t\t\t\t\t\t<span class=\"elementor-accordion-icon-opened\"><svg class=\"e-font-icon-svg e-fas-minus\" viewBox=\"0 0 448 512\" xmlns=\"http:\/\/www.w3.org\/2000\/svg\"><path d=\"M416 208H32c-17.67 0-32 14.33-32 32v32c0 17.67 14.33 32 32 32h384c17.67 0 32-14.33 32-32v-32c0-17.67-14.33-32-32-32z\"><\/path><\/svg><\/span>\n\t\t\t\t\t\t\t\t\t\t\t\t\t\t<\/span>\n\t\t\t\t\t\t\t\t\t\t\t\t<a class=\"elementor-accordion-title\" tabindex=\"0\">Como posso consultar o estado de um processo no Tribunal Judicial da Comarca de Castelo Branco?<\/a>\n\t\t\t\t\t<\/div>\n\t\t\t\t\t<div id=\"elementor-tab-content-1283\" class=\"elementor-tab-content elementor-clearfix\" data-tab=\"3\" role=\"region\" aria-labelledby=\"elementor-tab-title-1283\"><p><span style=\"letter-spacing: 0.3px\">O estado de um processo pode ser consultado atrav\u00e9s do\u00a0<a href=\"https:\/\/www.citius.mj.pt\/portal\/default.aspx\" target=\"_blank\" rel=\"noopener\"><strong data-start=\"799\" data-end=\"814\">site Citius<\/strong><\/a>, utilizando o n\u00famero do processo e outros dados de identifica\u00e7\u00e3o.<br \/>Caso o processo n\u00e3o esteja dispon\u00edvel online, \u00e9 poss\u00edvel consultar diretamente na Secretaria do Tribunal.<\/span><\/p><\/div>\n\t\t\t\t<\/div>\n\t\t\t\t\t\t\t<div class=\"elementor-accordion-item\">\n\t\t\t\t\t<div id=\"elementor-tab-title-1284\" class=\"elementor-tab-title\" data-tab=\"4\" role=\"button\" aria-controls=\"elementor-tab-content-1284\" aria-expanded=\"false\">\n\t\t\t\t\t\t\t\t\t\t\t\t\t<span class=\"elementor-accordion-icon elementor-accordion-icon-left\" aria-hidden=\"true\">\n\t\t\t\t\t\t\t\t\t\t\t\t\t\t\t<span class=\"elementor-accordion-icon-closed\"><svg class=\"e-font-icon-svg e-fas-plus\" viewBox=\"0 0 448 512\" xmlns=\"http:\/\/www.w3.org\/2000\/svg\"><path d=\"M416 208H272V64c0-17.67-14.33-32-32-32h-32c-17.67 0-32 14.33-32 32v144H32c-17.67 0-32 14.33-32 32v32c0 17.67 14.33 32 32 32h144v144c0 17.67 14.33 32 32 32h32c17.67 0 32-14.33 32-32V304h144c17.67 0 32-14.33 32-32v-32c0-17.67-14.33-32-32-32z\"><\/path><\/svg><\/span>\n\t\t\t\t\t\t\t\t<span class=\"elementor-accordion-icon-opened\"><svg class=\"e-font-icon-svg e-fas-minus\" viewBox=\"0 0 448 512\" xmlns=\"http:\/\/www.w3.org\/2000\/svg\"><path d=\"M416 208H32c-17.67 0-32 14.33-32 32v32c0 17.67 14.33 32 32 32h384c17.67 0 32-14.33 32-32v-32c0-17.67-14.33-32-32-32z\"><\/path><\/svg><\/span>\n\t\t\t\t\t\t\t\t\t\t\t\t\t\t<\/span>\n\t\t\t\t\t\t\t\t\t\t\t\t<a class=\"elementor-accordion-title\" tabindex=\"0\">Onde ficam localizados os Ju\u00edzos do Tribunal Judicial da Comarca de Castelo Branco?<\/a>\n\t\t\t\t\t<\/div>\n\t\t\t\t\t<div id=\"elementor-tab-content-1284\" class=\"elementor-tab-content elementor-clearfix\" data-tab=\"4\" role=\"region\" aria-labelledby=\"elementor-tab-title-1284\"><p>A sede do Tribunal Judicial da Comarca de Castelo Branco, \u00e9 na capital de Distrito Castelo Branco.<br \/>As localiza\u00e7\u00f5es dos N\u00facleos\/Ju\u00edzos e edif\u00edcios que constituem a Comarca de Castelo Branco, podem ser consultadas no separador \u201cA Comarca\u201d menu \u201c<a href=\"https:\/\/comarcas.csm.org.pt\/castelo-branco\/acomarca\/juizos\/\"><strong>N\u00facleos\/Ju\u00edzos<\/strong><\/a>\u201d\u00a0\u00a0<\/p><\/div>\n\t\t\t\t<\/div>\n\t\t\t\t\t\t\t<div class=\"elementor-accordion-item\">\n\t\t\t\t\t<div id=\"elementor-tab-title-1285\" class=\"elementor-tab-title\" data-tab=\"5\" role=\"button\" aria-controls=\"elementor-tab-content-1285\" aria-expanded=\"false\">\n\t\t\t\t\t\t\t\t\t\t\t\t\t<span class=\"elementor-accordion-icon elementor-accordion-icon-left\" aria-hidden=\"true\">\n\t\t\t\t\t\t\t\t\t\t\t\t\t\t\t<span class=\"elementor-accordion-icon-closed\"><svg class=\"e-font-icon-svg e-fas-plus\" viewBox=\"0 0 448 512\" xmlns=\"http:\/\/www.w3.org\/2000\/svg\"><path d=\"M416 208H272V64c0-17.67-14.33-32-32-32h-32c-17.67 0-32 14.33-32 32v144H32c-17.67 0-32 14.33-32 32v32c0 17.67 14.33 32 32 32h144v144c0 17.67 14.33 32 32 32h32c17.67 0 32-14.33 32-32V304h144c17.67 0 32-14.33 32-32v-32c0-17.67-14.33-32-32-32z\"><\/path><\/svg><\/span>\n\t\t\t\t\t\t\t\t<span class=\"elementor-accordion-icon-opened\"><svg class=\"e-font-icon-svg e-fas-minus\" viewBox=\"0 0 448 512\" xmlns=\"http:\/\/www.w3.org\/2000\/svg\"><path d=\"M416 208H32c-17.67 0-32 14.33-32 32v32c0 17.67 14.33 32 32 32h384c17.67 0 32-14.33 32-32v-32c0-17.67-14.33-32-32-32z\"><\/path><\/svg><\/span>\n\t\t\t\t\t\t\t\t\t\t\t\t\t\t<\/span>\n\t\t\t\t\t\t\t\t\t\t\t\t<a class=\"elementor-accordion-title\" tabindex=\"0\">Posso acompanhar uma audi\u00eancia de qualquer Ju\u00edzo no Tribunal Judicial da Comarca de Castelo Branco?<\/a>\n\t\t\t\t\t<\/div>\n\t\t\t\t\t<div id=\"elementor-tab-content-1285\" class=\"elementor-tab-content elementor-clearfix\" data-tab=\"5\" role=\"region\" aria-labelledby=\"elementor-tab-title-1285\"><p><span style=\"letter-spacing: 0.3px\">As audi\u00eancias s\u00e3o, na sua maioria, p\u00fablicas, salvo em casos onde o Tribunal decida, por motivos de ordem p\u00fablica ou prote\u00e7\u00e3o de direitos, torn\u00e1-las privadas.<br \/>\u00c9 necess\u00e1rio verificar com anteced\u00eancia a data e a hora da audi\u00eancia.<\/span><\/p><\/div>\n\t\t\t\t<\/div>\n\t\t\t\t\t\t\t<div class=\"elementor-accordion-item\">\n\t\t\t\t\t<div id=\"elementor-tab-title-1286\" class=\"elementor-tab-title\" data-tab=\"6\" role=\"button\" aria-controls=\"elementor-tab-content-1286\" aria-expanded=\"false\">\n\t\t\t\t\t\t\t\t\t\t\t\t\t<span class=\"elementor-accordion-icon elementor-accordion-icon-left\" aria-hidden=\"true\">\n\t\t\t\t\t\t\t\t\t\t\t\t\t\t\t<span class=\"elementor-accordion-icon-closed\"><svg class=\"e-font-icon-svg e-fas-plus\" viewBox=\"0 0 448 512\" xmlns=\"http:\/\/www.w3.org\/2000\/svg\"><path d=\"M416 208H272V64c0-17.67-14.33-32-32-32h-32c-17.67 0-32 14.33-32 32v144H32c-17.67 0-32 14.33-32 32v32c0 17.67 14.33 32 32 32h144v144c0 17.67 14.33 32 32 32h32c17.67 0 32-14.33 32-32V304h144c17.67 0 32-14.33 32-32v-32c0-17.67-14.33-32-32-32z\"><\/path><\/svg><\/span>\n\t\t\t\t\t\t\t\t<span class=\"elementor-accordion-icon-opened\"><svg class=\"e-font-icon-svg e-fas-minus\" viewBox=\"0 0 448 512\" xmlns=\"http:\/\/www.w3.org\/2000\/svg\"><path d=\"M416 208H32c-17.67 0-32 14.33-32 32v32c0 17.67 14.33 32 32 32h384c17.67 0 32-14.33 32-32v-32c0-17.67-14.33-32-32-32z\"><\/path><\/svg><\/span>\n\t\t\t\t\t\t\t\t\t\t\t\t\t\t<\/span>\n\t\t\t\t\t\t\t\t\t\t\t\t<a class=\"elementor-accordion-title\" tabindex=\"0\">Quais s\u00e3o os requisitos para interpor com uma a\u00e7\u00e3o judicial num qualquer Juizo do Tribunal Judicial da Comarca de Castelo Branco?<\/a>\n\t\t\t\t\t<\/div>\n\t\t\t\t\t<div id=\"elementor-tab-content-1286\" class=\"elementor-tab-content elementor-clearfix\" data-tab=\"6\" role=\"region\" aria-labelledby=\"elementor-tab-title-1286\"><p>Para intentar com uma a\u00e7\u00e3o judicial, \u00e9 necess\u00e1rio elaborar a peti\u00e7\u00e3o de forma adequada e apresent\u00e1-lo no Tribunal.<br \/>O(a) Requerente(a) deve ter capacidade jur\u00eddica e o processo deve ser fundamentado em uma base legal clara. Aconselha-se o acompanhamento de um Advogado(a)\/Solicitador(a) para garantir um acompanhamentos jur\u00eddico.<\/p><\/div>\n\t\t\t\t<\/div>\n\t\t\t\t\t\t\t<div class=\"elementor-accordion-item\">\n\t\t\t\t\t<div id=\"elementor-tab-title-1287\" class=\"elementor-tab-title\" data-tab=\"7\" role=\"button\" aria-controls=\"elementor-tab-content-1287\" aria-expanded=\"false\">\n\t\t\t\t\t\t\t\t\t\t\t\t\t<span class=\"elementor-accordion-icon elementor-accordion-icon-left\" aria-hidden=\"true\">\n\t\t\t\t\t\t\t\t\t\t\t\t\t\t\t<span class=\"elementor-accordion-icon-closed\"><svg class=\"e-font-icon-svg e-fas-plus\" viewBox=\"0 0 448 512\" xmlns=\"http:\/\/www.w3.org\/2000\/svg\"><path d=\"M416 208H272V64c0-17.67-14.33-32-32-32h-32c-17.67 0-32 14.33-32 32v144H32c-17.67 0-32 14.33-32 32v32c0 17.67 14.33 32 32 32h144v144c0 17.67 14.33 32 32 32h32c17.67 0 32-14.33 32-32V304h144c17.67 0 32-14.33 32-32v-32c0-17.67-14.33-32-32-32z\"><\/path><\/svg><\/span>\n\t\t\t\t\t\t\t\t<span class=\"elementor-accordion-icon-opened\"><svg class=\"e-font-icon-svg e-fas-minus\" viewBox=\"0 0 448 512\" xmlns=\"http:\/\/www.w3.org\/2000\/svg\"><path d=\"M416 208H32c-17.67 0-32 14.33-32 32v32c0 17.67 14.33 32 32 32h384c17.67 0 32-14.33 32-32v-32c0-17.67-14.33-32-32-32z\"><\/path><\/svg><\/span>\n\t\t\t\t\t\t\t\t\t\t\t\t\t\t<\/span>\n\t\t\t\t\t\t\t\t\t\t\t\t<a class=\"elementor-accordion-title\" tabindex=\"0\">O que devo fazer caso n\u00e3o compare\u00e7a \u00e0 audi\u00eancia marcada?<\/a>\n\t\t\t\t\t<\/div>\n\t\t\t\t\t<div id=\"elementor-tab-content-1287\" class=\"elementor-tab-content elementor-clearfix\" data-tab=\"7\" role=\"region\" aria-labelledby=\"elementor-tab-title-1287\"><p><span style=\"letter-spacing: 0.3px\">A aus\u00eancia injustificada \u00e0 audi\u00eancia pode resultar em san\u00e7\u00f5es, como a perda de direitos processuais ou a continuidade do processo sem a sua presen\u00e7a.<br \/>Caso n\u00e3o possa comparecer, \u00e9 fundamental avisar o Tribunal com anteced\u00eancia e justificar o motivo da aus\u00eancia.<\/span><\/p><\/div>\n\t\t\t\t<\/div>\n\t\t\t\t\t\t\t<div class=\"elementor-accordion-item\">\n\t\t\t\t\t<div id=\"elementor-tab-title-1288\" class=\"elementor-tab-title\" data-tab=\"8\" role=\"button\" aria-controls=\"elementor-tab-content-1288\" aria-expanded=\"false\">\n\t\t\t\t\t\t\t\t\t\t\t\t\t<span class=\"elementor-accordion-icon elementor-accordion-icon-left\" aria-hidden=\"true\">\n\t\t\t\t\t\t\t\t\t\t\t\t\t\t\t<span class=\"elementor-accordion-icon-closed\"><svg class=\"e-font-icon-svg e-fas-plus\" viewBox=\"0 0 448 512\" xmlns=\"http:\/\/www.w3.org\/2000\/svg\"><path d=\"M416 208H272V64c0-17.67-14.33-32-32-32h-32c-17.67 0-32 14.33-32 32v144H32c-17.67 0-32 14.33-32 32v32c0 17.67 14.33 32 32 32h144v144c0 17.67 14.33 32 32 32h32c17.67 0 32-14.33 32-32V304h144c17.67 0 32-14.33 32-32v-32c0-17.67-14.33-32-32-32z\"><\/path><\/svg><\/span>\n\t\t\t\t\t\t\t\t<span class=\"elementor-accordion-icon-opened\"><svg class=\"e-font-icon-svg e-fas-minus\" viewBox=\"0 0 448 512\" xmlns=\"http:\/\/www.w3.org\/2000\/svg\"><path d=\"M416 208H32c-17.67 0-32 14.33-32 32v32c0 17.67 14.33 32 32 32h384c17.67 0 32-14.33 32-32v-32c0-17.67-14.33-32-32-32z\"><\/path><\/svg><\/span>\n\t\t\t\t\t\t\t\t\t\t\t\t\t\t<\/span>\n\t\t\t\t\t\t\t\t\t\t\t\t<a class=\"elementor-accordion-title\" tabindex=\"0\">Quais s\u00e3o os principais tipos de tribunais em Portugal?<\/a>\n\t\t\t\t\t<\/div>\n\t\t\t\t\t<div id=\"elementor-tab-content-1288\" class=\"elementor-tab-content elementor-clearfix\" data-tab=\"8\" role=\"region\" aria-labelledby=\"elementor-tab-title-1288\"><ul><li><strong>Tribunais Judiciais<\/strong>: Incluem o Supremo Tribunal de Justi\u00e7a, os Tribunais da Rela\u00e7\u00e3o e os Tribunais de Comarca\u00a0<\/li><li><strong>Tribunais Administrativos e Fiscais<\/strong>: Incluem o Supremo Tribunal Administrativo, os Tribunais Centrais Administrativos e os Tribunais Administrativos e Fiscais de 1.\u00aa inst\u00e2ncia\u00a0<\/li><li><strong>Tribunal Constitucional<\/strong>: Respons\u00e1vel por quest\u00f5es de natureza jur\u00eddico-constitucional\u00a0<\/li><li><strong>Tribunal de Contas<\/strong>: Fiscaliza a legalidade das despesas p\u00fablicas e julga as contas que a lei sujeita \u00e0 sua jurisdi\u00e7\u00e3o\u00a0<\/li><\/ul><\/div>\n\t\t\t\t<\/div>\n\t\t\t\t\t\t\t<div class=\"elementor-accordion-item\">\n\t\t\t\t\t<div id=\"elementor-tab-title-1289\" class=\"elementor-tab-title\" data-tab=\"9\" role=\"button\" aria-controls=\"elementor-tab-content-1289\" aria-expanded=\"false\">\n\t\t\t\t\t\t\t\t\t\t\t\t\t<span class=\"elementor-accordion-icon elementor-accordion-icon-left\" aria-hidden=\"true\">\n\t\t\t\t\t\t\t\t\t\t\t\t\t\t\t<span class=\"elementor-accordion-icon-closed\"><svg class=\"e-font-icon-svg e-fas-plus\" viewBox=\"0 0 448 512\" xmlns=\"http:\/\/www.w3.org\/2000\/svg\"><path d=\"M416 208H272V64c0-17.67-14.33-32-32-32h-32c-17.67 0-32 14.33-32 32v144H32c-17.67 0-32 14.33-32 32v32c0 17.67 14.33 32 32 32h144v144c0 17.67 14.33 32 32 32h32c17.67 0 32-14.33 32-32V304h144c17.67 0 32-14.33 32-32v-32c0-17.67-14.33-32-32-32z\"><\/path><\/svg><\/span>\n\t\t\t\t\t\t\t\t<span class=\"elementor-accordion-icon-opened\"><svg class=\"e-font-icon-svg e-fas-minus\" viewBox=\"0 0 448 512\" xmlns=\"http:\/\/www.w3.org\/2000\/svg\"><path d=\"M416 208H32c-17.67 0-32 14.33-32 32v32c0 17.67 14.33 32 32 32h384c17.67 0 32-14.33 32-32v-32c0-17.67-14.33-32-32-32z\"><\/path><\/svg><\/span>\n\t\t\t\t\t\t\t\t\t\t\t\t\t\t<\/span>\n\t\t\t\t\t\t\t\t\t\t\t\t<a class=\"elementor-accordion-title\" tabindex=\"0\">Qual \u00e9 a fun\u00e7\u00e3o dos Tribunais Judiciais de 1.\u00aa Inst\u00e2ncia??<\/a>\n\t\t\t\t\t<\/div>\n\t\t\t\t\t<div id=\"elementor-tab-content-1289\" class=\"elementor-tab-content elementor-clearfix\" data-tab=\"9\" role=\"region\" aria-labelledby=\"elementor-tab-title-1289\"><p>Os tribunais judiciais de 1.\u00aa inst\u00e2ncia, tamb\u00e9m conhecidos como tribunais de comarca, s\u00e3o respons\u00e1veis por preparar e julgar processos relativos a causas n\u00e3o abrangidas pela compet\u00eancia de outros tribunais. Eles podem ter compet\u00eancia gen\u00e9rica ou especializada, dependendo do tipo de casos que tratam<\/p><\/div>\n\t\t\t\t<\/div>\n\t\t\t\t\t\t\t<div class=\"elementor-accordion-item\">\n\t\t\t\t\t<div id=\"elementor-tab-title-12810\" class=\"elementor-tab-title\" data-tab=\"10\" role=\"button\" aria-controls=\"elementor-tab-content-12810\" aria-expanded=\"false\">\n\t\t\t\t\t\t\t\t\t\t\t\t\t<span class=\"elementor-accordion-icon elementor-accordion-icon-left\" aria-hidden=\"true\">\n\t\t\t\t\t\t\t\t\t\t\t\t\t\t\t<span class=\"elementor-accordion-icon-closed\"><svg class=\"e-font-icon-svg e-fas-plus\" viewBox=\"0 0 448 512\" xmlns=\"http:\/\/www.w3.org\/2000\/svg\"><path d=\"M416 208H272V64c0-17.67-14.33-32-32-32h-32c-17.67 0-32 14.33-32 32v144H32c-17.67 0-32 14.33-32 32v32c0 17.67 14.33 32 32 32h144v144c0 17.67 14.33 32 32 32h32c17.67 0 32-14.33 32-32V304h144c17.67 0 32-14.33 32-32v-32c0-17.67-14.33-32-32-32z\"><\/path><\/svg><\/span>\n\t\t\t\t\t\t\t\t<span class=\"elementor-accordion-icon-opened\"><svg class=\"e-font-icon-svg e-fas-minus\" viewBox=\"0 0 448 512\" xmlns=\"http:\/\/www.w3.org\/2000\/svg\"><path d=\"M416 208H32c-17.67 0-32 14.33-32 32v32c0 17.67 14.33 32 32 32h384c17.67 0 32-14.33 32-32v-32c0-17.67-14.33-32-32-32z\"><\/path><\/svg><\/span>\n\t\t\t\t\t\t\t\t\t\t\t\t\t\t<\/span>\n\t\t\t\t\t\t\t\t\t\t\t\t<a class=\"elementor-accordion-title\" tabindex=\"0\">Quem administra e gere os tribunais em Portugal?<\/a>\n\t\t\t\t\t<\/div>\n\t\t\t\t\t<div id=\"elementor-tab-content-12810\" class=\"elementor-tab-content elementor-clearfix\" data-tab=\"10\" role=\"region\" aria-labelledby=\"elementor-tab-title-12810\"><p>Os tribunais em Portugal s\u00e3o administrados e geridos por v\u00e1rias entidades, incluindo o Conselho Superior da Magistratura, o Conselho Superior dos Tribunais Administrativos e Fiscais, e o Conselho Superior do Minist\u00e9rio P\u00fablico. Cada uma dessas entidades tem responsabilidades espec\u00edficas na gest\u00e3o e supervis\u00e3o dos tribunais<\/p><\/div>\n\t\t\t\t<\/div>\n\t\t\t\t\t\t\t\t<\/div>\n\t\t\t\t\t\t<\/div>\n\t\t\t\t<\/div>\n\t\t\t\t\t<\/div>\n\t\t\t\t<\/div>\n\t\t\t\t<\/div>\n\t\t","protected":false},"excerpt":{"rendered":"<p>Perguntas frequentes (FAQ) Tribunal Judicial da Comarca Castelo Branco Qual o hor\u00e1rio de funcionamento do Tribunal Judicial da Comarca de Castelo Branco? O hor\u00e1rio de funcionamento de todos os N\u00facleos do Tribunal Judicial da Comarca de Castelo Branco \u00e9 de segunda a sexta-feira, das 9h00 \u00e0s 17h00, com interrup\u00e7\u00e3o para o almo\u00e7o entre 12h30 e&#8230;<\/p>\n","protected":false},"author":1,"featured_media":0,"parent":11404,"menu_order":0,"comment_status":"closed","ping_status":"closed","template":"","meta":{"_tbt_post_transparent":"","_tbt_post_title":"","_tbt_post_layout":"default","_tbt_post_sidebar_id":"","_tbt_post_content_style":"","_tbt_post_vertical_padding":"","_tbt_post_feature":"","_tbt_post_feature_position":"","_tbt_post_header":false,"_tbt_post_footer":false},"class_list":["post-11410","page","type-page","status-publish","hentry"],"yoast_head":"<!-- This site is optimized with the Yoast SEO plugin v25.6 - https:\/\/yoast.com\/wordpress\/plugins\/seo\/ -->\n<title>FAQ - Tribunal Judicial da Comarca de Castelo Branco<\/title>\n<meta name=\"robots\" content=\"index, follow, max-snippet:-1, max-image-preview:large, max-video-preview:-1\" \/>\n<link rel=\"canonical\" href=\"https:\/\/comarcas.csm.org.pt\/castelo-branco\/cidadao\/faq\/\" \/>\n<meta property=\"og:locale\" content=\"pt_PT\" \/>\n<meta property=\"og:type\" content=\"article\" \/>\n<meta property=\"og:title\" content=\"FAQ - Tribunal Judicial da Comarca de Castelo Branco\" \/>\n<meta property=\"og:description\" content=\"Perguntas frequentes (FAQ) Tribunal Judicial da Comarca Castelo Branco Qual o hor\u00e1rio de funcionamento do Tribunal Judicial da Comarca de Castelo Branco? O hor\u00e1rio de funcionamento de todos os N\u00facleos do Tribunal Judicial da Comarca de Castelo Branco \u00e9 de segunda a sexta-feira, das 9h00 \u00e0s 17h00, com interrup\u00e7\u00e3o para o almo\u00e7o entre 12h30 e...\" \/>\n<meta property=\"og:url\" content=\"https:\/\/comarcas.csm.org.pt\/castelo-branco\/cidadao\/faq\/\" \/>\n<meta property=\"og:site_name\" content=\"Tribunal Judicial da Comarca de Castelo Branco\" \/>\n<meta property=\"article:modified_time\" content=\"2025-12-11T14:00:27+00:00\" \/>\n<meta name=\"twitter:card\" content=\"summary_large_image\" \/>\n<meta name=\"twitter:label1\" content=\"Tempo estimado de leitura\" \/>\n\t<meta name=\"twitter:data1\" content=\"5 minutos\" \/>\n<script type=\"application\/ld+json\" class=\"yoast-schema-graph\">{\"@context\":\"https:\/\/schema.org\",\"@graph\":[{\"@type\":\"WebPage\",\"@id\":\"https:\/\/comarcas.csm.org.pt\/castelo-branco\/cidadao\/faq\/\",\"url\":\"https:\/\/comarcas.csm.org.pt\/castelo-branco\/cidadao\/faq\/\",\"name\":\"FAQ - Tribunal Judicial da Comarca de Castelo Branco\",\"isPartOf\":{\"@id\":\"https:\/\/comarcas.csm.org.pt\/castelo-branco\/#website\"},\"datePublished\":\"2024-05-22T12:51:42+00:00\",\"dateModified\":\"2025-12-11T14:00:27+00:00\",\"breadcrumb\":{\"@id\":\"https:\/\/comarcas.csm.org.pt\/castelo-branco\/cidadao\/faq\/#breadcrumb\"},\"inLanguage\":\"pt-PT\",\"potentialAction\":[{\"@type\":\"ReadAction\",\"target\":[\"https:\/\/comarcas.csm.org.pt\/castelo-branco\/cidadao\/faq\/\"]}]},{\"@type\":\"BreadcrumbList\",\"@id\":\"https:\/\/comarcas.csm.org.pt\/castelo-branco\/cidadao\/faq\/#breadcrumb\",\"itemListElement\":[{\"@type\":\"ListItem\",\"position\":1,\"name\":\"In\u00edcio\",\"item\":\"https:\/\/comarcas.csm.org.pt\/castelo-branco\/\"},{\"@type\":\"ListItem\",\"position\":2,\"name\":\"Cidad\u00e3o\",\"item\":\"https:\/\/comarcas.csm.org.pt\/castelo-branco\/cidadao\/\"},{\"@type\":\"ListItem\",\"position\":3,\"name\":\"FAQ\"}]},{\"@type\":\"WebSite\",\"@id\":\"https:\/\/comarcas.csm.org.pt\/castelo-branco\/#website\",\"url\":\"https:\/\/comarcas.csm.org.pt\/castelo-branco\/\",\"name\":\"Tribunal Judicial da Comarca de Castelo Branco\",\"description\":\"Tribunal Judicial da Comarca de Aveiro\",\"publisher\":{\"@id\":\"https:\/\/comarcas.csm.org.pt\/castelo-branco\/#organization\"},\"potentialAction\":[{\"@type\":\"SearchAction\",\"target\":{\"@type\":\"EntryPoint\",\"urlTemplate\":\"https:\/\/comarcas.csm.org.pt\/castelo-branco\/?s={search_term_string}\"},\"query-input\":{\"@type\":\"PropertyValueSpecification\",\"valueRequired\":true,\"valueName\":\"search_term_string\"}}],\"inLanguage\":\"pt-PT\"},{\"@type\":\"Organization\",\"@id\":\"https:\/\/comarcas.csm.org.pt\/castelo-branco\/#organization\",\"name\":\"Tribunal Judicial da Comarca de Castelo Branco\",\"url\":\"https:\/\/comarcas.csm.org.pt\/castelo-branco\/\",\"logo\":{\"@type\":\"ImageObject\",\"inLanguage\":\"pt-PT\",\"@id\":\"https:\/\/comarcas.csm.org.pt\/castelo-branco\/#\/schema\/logo\/image\/\",\"url\":\"https:\/\/comarcas.csm.org.pt\/castelo-branco\/wp-content\/uploads\/sites\/11\/2024\/11\/C-Branco_positivo-horizontal.png\",\"contentUrl\":\"https:\/\/comarcas.csm.org.pt\/castelo-branco\/wp-content\/uploads\/sites\/11\/2024\/11\/C-Branco_positivo-horizontal.png\",\"width\":5388,\"height\":998,\"caption\":\"Tribunal Judicial da Comarca de Castelo Branco\"},\"image\":{\"@id\":\"https:\/\/comarcas.csm.org.pt\/castelo-branco\/#\/schema\/logo\/image\/\"}}]}<\/script>\n<!-- \/ Yoast SEO plugin. -->","yoast_head_json":{"title":"FAQ - Tribunal Judicial da Comarca de Castelo Branco","robots":{"index":"index","follow":"follow","max-snippet":"max-snippet:-1","max-image-preview":"max-image-preview:large","max-video-preview":"max-video-preview:-1"},"canonical":"https:\/\/comarcas.csm.org.pt\/castelo-branco\/cidadao\/faq\/","og_locale":"pt_PT","og_type":"article","og_title":"FAQ - Tribunal Judicial da Comarca de Castelo Branco","og_description":"Perguntas frequentes (FAQ) Tribunal Judicial da Comarca Castelo Branco Qual o hor\u00e1rio de funcionamento do Tribunal Judicial da Comarca de Castelo Branco? O hor\u00e1rio de funcionamento de todos os N\u00facleos do Tribunal Judicial da Comarca de Castelo Branco \u00e9 de segunda a sexta-feira, das 9h00 \u00e0s 17h00, com interrup\u00e7\u00e3o para o almo\u00e7o entre 12h30 e...","og_url":"https:\/\/comarcas.csm.org.pt\/castelo-branco\/cidadao\/faq\/","og_site_name":"Tribunal Judicial da Comarca de Castelo Branco","article_modified_time":"2025-12-11T14:00:27+00:00","twitter_card":"summary_large_image","twitter_misc":{"Tempo estimado de leitura":"5 minutos"},"schema":{"@context":"https:\/\/schema.org","@graph":[{"@type":"WebPage","@id":"https:\/\/comarcas.csm.org.pt\/castelo-branco\/cidadao\/faq\/","url":"https:\/\/comarcas.csm.org.pt\/castelo-branco\/cidadao\/faq\/","name":"FAQ - Tribunal Judicial da Comarca de Castelo Branco","isPartOf":{"@id":"https:\/\/comarcas.csm.org.pt\/castelo-branco\/#website"},"datePublished":"2024-05-22T12:51:42+00:00","dateModified":"2025-12-11T14:00:27+00:00","breadcrumb":{"@id":"https:\/\/comarcas.csm.org.pt\/castelo-branco\/cidadao\/faq\/#breadcrumb"},"inLanguage":"pt-PT","potentialAction":[{"@type":"ReadAction","target":["https:\/\/comarcas.csm.org.pt\/castelo-branco\/cidadao\/faq\/"]}]},{"@type":"BreadcrumbList","@id":"https:\/\/comarcas.csm.org.pt\/castelo-branco\/cidadao\/faq\/#breadcrumb","itemListElement":[{"@type":"ListItem","position":1,"name":"In\u00edcio","item":"https:\/\/comarcas.csm.org.pt\/castelo-branco\/"},{"@type":"ListItem","position":2,"name":"Cidad\u00e3o","item":"https:\/\/comarcas.csm.org.pt\/castelo-branco\/cidadao\/"},{"@type":"ListItem","position":3,"name":"FAQ"}]},{"@type":"WebSite","@id":"https:\/\/comarcas.csm.org.pt\/castelo-branco\/#website","url":"https:\/\/comarcas.csm.org.pt\/castelo-branco\/","name":"Tribunal Judicial da Comarca de Castelo Branco","description":"Tribunal Judicial da Comarca de Aveiro","publisher":{"@id":"https:\/\/comarcas.csm.org.pt\/castelo-branco\/#organization"},"potentialAction":[{"@type":"SearchAction","target":{"@type":"EntryPoint","urlTemplate":"https:\/\/comarcas.csm.org.pt\/castelo-branco\/?s={search_term_string}"},"query-input":{"@type":"PropertyValueSpecification","valueRequired":true,"valueName":"search_term_string"}}],"inLanguage":"pt-PT"},{"@type":"Organization","@id":"https:\/\/comarcas.csm.org.pt\/castelo-branco\/#organization","name":"Tribunal Judicial da Comarca de Castelo Branco","url":"https:\/\/comarcas.csm.org.pt\/castelo-branco\/","logo":{"@type":"ImageObject","inLanguage":"pt-PT","@id":"https:\/\/comarcas.csm.org.pt\/castelo-branco\/#\/schema\/logo\/image\/","url":"https:\/\/comarcas.csm.org.pt\/castelo-branco\/wp-content\/uploads\/sites\/11\/2024\/11\/C-Branco_positivo-horizontal.png","contentUrl":"https:\/\/comarcas.csm.org.pt\/castelo-branco\/wp-content\/uploads\/sites\/11\/2024\/11\/C-Branco_positivo-horizontal.png","width":5388,"height":998,"caption":"Tribunal Judicial da Comarca de Castelo Branco"},"image":{"@id":"https:\/\/comarcas.csm.org.pt\/castelo-branco\/#\/schema\/logo\/image\/"}}]}},"_links":{"self":[{"href":"https:\/\/comarcas.csm.org.pt\/castelo-branco\/wp-json\/wp\/v2\/pages\/11410","targetHints":{"allow":["GET"]}}],"collection":[{"href":"https:\/\/comarcas.csm.org.pt\/castelo-branco\/wp-json\/wp\/v2\/pages"}],"about":[{"href":"https:\/\/comarcas.csm.org.pt\/castelo-branco\/wp-json\/wp\/v2\/types\/page"}],"author":[{"embeddable":true,"href":"https:\/\/comarcas.csm.org.pt\/castelo-branco\/wp-json\/wp\/v2\/users\/1"}],"replies":[{"embeddable":true,"href":"https:\/\/comarcas.csm.org.pt\/castelo-branco\/wp-json\/wp\/v2\/comments?post=11410"}],"version-history":[{"count":97,"href":"https:\/\/comarcas.csm.org.pt\/castelo-branco\/wp-json\/wp\/v2\/pages\/11410\/revisions"}],"predecessor-version":[{"id":15629,"href":"https:\/\/comarcas.csm.org.pt\/castelo-branco\/wp-json\/wp\/v2\/pages\/11410\/revisions\/15629"}],"up":[{"embeddable":true,"href":"https:\/\/comarcas.csm.org.pt\/castelo-branco\/wp-json\/wp\/v2\/pages\/11404"}],"wp:attachment":[{"href":"https:\/\/comarcas.csm.org.pt\/castelo-branco\/wp-json\/wp\/v2\/media?parent=11410"}],"curies":[{"name":"wp","href":"https:\/\/api.w.org\/{rel}","templated":true}]}}