{"id":13675,"date":"2025-07-16T10:22:09","date_gmt":"2025-07-16T09:22:09","guid":{"rendered":"https:\/\/comarcas.csm.org.pt\/castelo-branco\/?page_id=13675"},"modified":"2025-07-28T13:30:38","modified_gmt":"2025-07-28T12:30:38","slug":"legislacao","status":"publish","type":"page","link":"https:\/\/comarcas.csm.org.pt\/castelo-branco\/cidadao\/legislacao\/","title":{"rendered":"Legisla\u00e7\u00e3o"},"content":{"rendered":"\t\t<div data-elementor-type=\"wp-page\" data-elementor-id=\"13675\" class=\"elementor elementor-13675\" data-elementor-post-type=\"page\">\n\t\t\t\t<div class=\"elementor-element elementor-element-c0fc566 e-flex e-con-boxed e-con e-parent\" data-id=\"c0fc566\" data-element_type=\"container\">\n\t\t\t\t\t<div class=\"e-con-inner\">\n\t\t<div class=\"elementor-element elementor-element-44a16fb e-con-full e-flex e-con e-child\" data-id=\"44a16fb\" data-element_type=\"container\">\n\t\t\t\t<div class=\"elementor-element elementor-element-239a013 elementor-widget__width-inherit btn100 elementor-widget elementor-widget-button\" data-id=\"239a013\" data-element_type=\"widget\" data-widget_type=\"button.default\">\n\t\t\t\t<div class=\"elementor-widget-container\">\n\t\t\t\t\t\t\t\t\t<div class=\"elementor-button-wrapper\">\n\t\t\t\t\t<a class=\"elementor-button elementor-button-link elementor-size-sm\" href=\"https:\/\/diariodarepublica.pt\/dr\/legislacao-consolidada\/lei\/2013-34580575\" target=\"_blank\" id=\"1L\">\n\t\t\t\t\t\t<span class=\"elementor-button-content-wrapper\">\n\t\t\t\t\t\t\t\t\t<span class=\"elementor-button-text\">C\u00f3digo de Processo Civil<\/span>\n\t\t\t\t\t<\/span>\n\t\t\t\t\t<\/a>\n\t\t\t\t<\/div>\n\t\t\t\t\t\t\t\t<\/div>\n\t\t\t\t<\/div>\n\t\t\t\t<\/div>\n\t\t<div class=\"elementor-element elementor-element-d1ee52a e-con-full e-flex e-con e-child\" data-id=\"d1ee52a\" data-element_type=\"container\">\n\t\t\t\t<div class=\"elementor-element elementor-element-2039bd7 elementor-widget__width-inherit btn100 elementor-widget elementor-widget-button\" data-id=\"2039bd7\" data-element_type=\"widget\" data-widget_type=\"button.default\">\n\t\t\t\t<div class=\"elementor-widget-container\">\n\t\t\t\t\t\t\t\t\t<div class=\"elementor-button-wrapper\">\n\t\t\t\t\t<a class=\"elementor-button elementor-button-link elementor-size-sm\" href=\"https:\/\/diariodarepublica.pt\/dr\/legislacao-consolidada\/decreto-lei\/1995-34437675\" target=\"_blank\" id=\"2L\">\n\t\t\t\t\t\t<span class=\"elementor-button-content-wrapper\">\n\t\t\t\t\t\t\t\t\t<span class=\"elementor-button-text\">C\u00f3digo Penal<\/span>\n\t\t\t\t\t<\/span>\n\t\t\t\t\t<\/a>\n\t\t\t\t<\/div>\n\t\t\t\t\t\t\t\t<\/div>\n\t\t\t\t<\/div>\n\t\t\t\t<\/div>\n\t\t<div class=\"elementor-element elementor-element-b34f1a4 e-con-full e-flex e-con e-child\" data-id=\"b34f1a4\" data-element_type=\"container\">\n\t\t\t\t<div class=\"elementor-element elementor-element-ea6bc7a elementor-widget__width-inherit btn100 elementor-widget elementor-widget-button\" data-id=\"ea6bc7a\" data-element_type=\"widget\" data-widget_type=\"button.default\">\n\t\t\t\t<div class=\"elementor-widget-container\">\n\t\t\t\t\t\t\t\t\t<div class=\"elementor-button-wrapper\">\n\t\t\t\t\t<a class=\"elementor-button elementor-button-link elementor-size-sm\" href=\"https:\/\/diariodarepublica.pt\/dr\/legislacao-consolidada\/decreto-lei\/1987-34570075\" target=\"_blank\" id=\"3L\">\n\t\t\t\t\t\t<span class=\"elementor-button-content-wrapper\">\n\t\t\t\t\t\t\t\t\t<span class=\"elementor-button-text\">C\u00f3digo de Processo Penal<\/span>\n\t\t\t\t\t<\/span>\n\t\t\t\t\t<\/a>\n\t\t\t\t<\/div>\n\t\t\t\t\t\t\t\t<\/div>\n\t\t\t\t<\/div>\n\t\t\t\t<\/div>\n\t\t<div class=\"elementor-element elementor-element-2c76b89 e-con-full e-flex e-con e-child\" data-id=\"2c76b89\" data-element_type=\"container\">\n\t\t\t\t<div class=\"elementor-element elementor-element-a512528 elementor-widget__width-inherit btn100 elementor-widget elementor-widget-button\" data-id=\"a512528\" data-element_type=\"widget\" data-widget_type=\"button.default\">\n\t\t\t\t<div class=\"elementor-widget-container\">\n\t\t\t\t\t\t\t\t\t<div class=\"elementor-button-wrapper\">\n\t\t\t\t\t<a class=\"elementor-button elementor-button-link elementor-size-sm\" href=\"https:\/\/diariodarepublica.pt\/dr\/legislacao-consolidada\/decreto-lei\/1999-34575575\" target=\"_blank\" id=\"4L\">\n\t\t\t\t\t\t<span class=\"elementor-button-content-wrapper\">\n\t\t\t\t\t\t\t\t\t<span class=\"elementor-button-text\">C\u00f3digo de Processo do Trabalho<\/span>\n\t\t\t\t\t<\/span>\n\t\t\t\t\t<\/a>\n\t\t\t\t<\/div>\n\t\t\t\t\t\t\t\t<\/div>\n\t\t\t\t<\/div>\n\t\t\t\t<\/div>\n\t\t\t\t\t<\/div>\n\t\t\t\t<\/div>\n\t\t<div class=\"elementor-element elementor-element-6596e6a e-flex e-con-boxed e-con e-parent\" data-id=\"6596e6a\" data-element_type=\"container\">\n\t\t\t\t\t<div class=\"e-con-inner\">\n\t\t<div class=\"elementor-element elementor-element-7de0f60 e-con-full e-flex e-con e-child\" data-id=\"7de0f60\" data-element_type=\"container\">\n\t\t\t\t<div class=\"elementor-element elementor-element-53468f9 elementor-widget__width-inherit btn100 elementor-widget elementor-widget-button\" data-id=\"53468f9\" data-element_type=\"widget\" data-widget_type=\"button.default\">\n\t\t\t\t<div class=\"elementor-widget-container\">\n\t\t\t\t\t\t\t\t\t<div class=\"elementor-button-wrapper\">\n\t\t\t\t\t<a class=\"elementor-button elementor-button-link elementor-size-sm\" href=\"https:\/\/diariodarepublica.pt\/dr\/legislacao-consolidada\/decreto-lei\/2008-34454975\" target=\"_blank\" id=\"5L\">\n\t\t\t\t\t\t<span class=\"elementor-button-content-wrapper\">\n\t\t\t\t\t\t\t\t\t<span class=\"elementor-button-text\">Regulamento das Custas Processuais<\/span>\n\t\t\t\t\t<\/span>\n\t\t\t\t\t<\/a>\n\t\t\t\t<\/div>\n\t\t\t\t\t\t\t\t<\/div>\n\t\t\t\t<\/div>\n\t\t\t\t<\/div>\n\t\t<div class=\"elementor-element elementor-element-e99549e e-con-full e-flex e-con e-child\" data-id=\"e99549e\" data-element_type=\"container\">\n\t\t\t\t<div class=\"elementor-element elementor-element-f9cd676 elementor-widget__width-inherit btn100 elementor-widget elementor-widget-button\" data-id=\"f9cd676\" data-element_type=\"widget\" data-widget_type=\"button.default\">\n\t\t\t\t<div class=\"elementor-widget-container\">\n\t\t\t\t\t\t\t\t\t<div class=\"elementor-button-wrapper\">\n\t\t\t\t\t<a class=\"elementor-button elementor-button-link elementor-size-sm\" href=\"https:\/\/diariodarepublica.pt\/dr\/legislacao-consolidada\/decreto-lei\/1966-34509075\" target=\"_blank\" id=\"6L\">\n\t\t\t\t\t\t<span class=\"elementor-button-content-wrapper\">\n\t\t\t\t\t\t\t\t\t<span class=\"elementor-button-text\">C\u00f3digo Civil<\/span>\n\t\t\t\t\t<\/span>\n\t\t\t\t\t<\/a>\n\t\t\t\t<\/div>\n\t\t\t\t\t\t\t\t<\/div>\n\t\t\t\t<\/div>\n\t\t\t\t<\/div>\n\t\t<div class=\"elementor-element elementor-element-80dcd82 e-con-full e-flex e-con e-child\" data-id=\"80dcd82\" data-element_type=\"container\">\n\t\t\t\t<div class=\"elementor-element elementor-element-4e4a17c elementor-widget__width-inherit btn100 elementor-widget elementor-widget-button\" data-id=\"4e4a17c\" data-element_type=\"widget\" data-widget_type=\"button.default\">\n\t\t\t\t<div class=\"elementor-widget-container\">\n\t\t\t\t\t\t\t\t\t<div class=\"elementor-button-wrapper\">\n\t\t\t\t\t<a class=\"elementor-button elementor-button-link elementor-size-sm\" href=\"https:\/\/diariodarepublica.pt\/dr\/legislacao-consolidada\/lei\/2009-34546475\" target=\"_blank\" id=\"7L\">\n\t\t\t\t\t\t<span class=\"elementor-button-content-wrapper\">\n\t\t\t\t\t\t\t\t\t<span class=\"elementor-button-text\">C\u00f3digo do Trabalho<\/span>\n\t\t\t\t\t<\/span>\n\t\t\t\t\t<\/a>\n\t\t\t\t<\/div>\n\t\t\t\t\t\t\t\t<\/div>\n\t\t\t\t<\/div>\n\t\t\t\t<\/div>\n\t\t<div class=\"elementor-element elementor-element-d5ed957 e-con-full e-flex e-con e-child\" data-id=\"d5ed957\" data-element_type=\"container\">\n\t\t\t\t<div class=\"elementor-element elementor-element-a07c125 elementor-widget__width-inherit btn100 elementor-widget elementor-widget-button\" data-id=\"a07c125\" data-element_type=\"widget\" data-widget_type=\"button.default\">\n\t\t\t\t<div class=\"elementor-widget-container\">\n\t\t\t\t\t\t\t\t\t<div class=\"elementor-button-wrapper\">\n\t\t\t\t\t<a class=\"elementor-button elementor-button-link elementor-size-sm\" href=\"https:\/\/diariodarepublica.pt\/dr\/legislacao-consolidada\/decreto-lei\/2015-105602322\" target=\"_blank\" id=\"8L\">\n\t\t\t\t\t\t<span class=\"elementor-button-content-wrapper\">\n\t\t\t\t\t\t\t\t\t<span class=\"elementor-button-text\">C\u00f3digo do Procedimento Administrativo<\/span>\n\t\t\t\t\t<\/span>\n\t\t\t\t\t<\/a>\n\t\t\t\t<\/div>\n\t\t\t\t\t\t\t\t<\/div>\n\t\t\t\t<\/div>\n\t\t\t\t<\/div>\n\t\t\t\t\t<\/div>\n\t\t\t\t<\/div>\n\t\t<div class=\"elementor-element elementor-element-a675819 e-flex e-con-boxed e-con e-parent\" data-id=\"a675819\" data-element_type=\"container\">\n\t\t\t\t\t<div class=\"e-con-inner\">\n\t\t<div class=\"elementor-element elementor-element-77d086d e-con-full e-flex e-con e-child\" data-id=\"77d086d\" data-element_type=\"container\">\n\t\t\t\t<div class=\"elementor-element elementor-element-146f1bf elementor-widget__width-inherit btn100 elementor-widget elementor-widget-button\" data-id=\"146f1bf\" data-element_type=\"widget\" data-widget_type=\"button.default\">\n\t\t\t\t<div class=\"elementor-widget-container\">\n\t\t\t\t\t\t\t\t\t<div class=\"elementor-button-wrapper\">\n\t\t\t\t\t<a class=\"elementor-button elementor-button-link elementor-size-sm\" href=\"https:\/\/diariodarepublica.pt\/dr\/legislacao-consolidada\/decreto-lei\/2004-34529075\" target=\"_blank\" id=\"9L\">\n\t\t\t\t\t\t<span class=\"elementor-button-content-wrapper\">\n\t\t\t\t\t\t\t\t\t<span class=\"elementor-button-text\">C\u00f3digo da Insolv\u00eancias e da Recupera\u00e7\u00e3o de Empresas<\/span>\n\t\t\t\t\t<\/span>\n\t\t\t\t\t<\/a>\n\t\t\t\t<\/div>\n\t\t\t\t\t\t\t\t<\/div>\n\t\t\t\t<\/div>\n\t\t\t\t<\/div>\n\t\t<div class=\"elementor-element elementor-element-2e1077f e-con-full e-flex e-con e-child\" data-id=\"2e1077f\" data-element_type=\"container\">\n\t\t\t\t<div class=\"elementor-element elementor-element-69d0575 elementor-widget__width-inherit btn100 elementor-widget elementor-widget-button\" data-id=\"69d0575\" data-element_type=\"widget\" data-widget_type=\"button.default\">\n\t\t\t\t<div class=\"elementor-widget-container\">\n\t\t\t\t\t\t\t\t\t<div class=\"elementor-button-wrapper\">\n\t\t\t\t\t<a class=\"elementor-button elementor-button-link elementor-size-sm\" href=\"https:\/\/diariodarepublica.pt\/dr\/legislacao-consolidada\/lei\/1999-34538575\" target=\"_blank\" id=\"10L\">\n\t\t\t\t\t\t<span class=\"elementor-button-content-wrapper\">\n\t\t\t\t\t\t\t\t\t<span class=\"elementor-button-text\">C\u00f3digo das Expropria\u00e7\u00f5es<\/span>\n\t\t\t\t\t<\/span>\n\t\t\t\t\t<\/a>\n\t\t\t\t<\/div>\n\t\t\t\t\t\t\t\t<\/div>\n\t\t\t\t<\/div>\n\t\t\t\t<\/div>\n\t\t<div class=\"elementor-element elementor-element-c000453 e-con-full e-flex e-con e-child\" data-id=\"c000453\" data-element_type=\"container\">\n\t\t\t\t<div class=\"elementor-element elementor-element-317280f elementor-widget__width-inherit btn100 elementor-widget elementor-widget-button\" data-id=\"317280f\" data-element_type=\"widget\" data-widget_type=\"button.default\">\n\t\t\t\t<div class=\"elementor-widget-container\">\n\t\t\t\t\t\t\t\t\t<div class=\"elementor-button-wrapper\">\n\t\t\t\t\t<a class=\"elementor-button elementor-button-link elementor-size-sm\" href=\"https:\/\/diariodarepublica.pt\/dr\/legislacao-consolidada\/lei\/2014-57466875\" target=\"_blank\" id=\"11L\">\n\t\t\t\t\t\t<span class=\"elementor-button-content-wrapper\">\n\t\t\t\t\t\t\t\t\t<span class=\"elementor-button-text\">Lei Geral do Trabalho em Fun\u00e7\u00f5es P\u00fablicas<\/span>\n\t\t\t\t\t<\/span>\n\t\t\t\t\t<\/a>\n\t\t\t\t<\/div>\n\t\t\t\t\t\t\t\t<\/div>\n\t\t\t\t<\/div>\n\t\t\t\t<\/div>\n\t\t<div class=\"elementor-element elementor-element-9e9270e e-con-full e-flex e-con e-child\" data-id=\"9e9270e\" data-element_type=\"container\">\n\t\t\t\t<div class=\"elementor-element elementor-element-8b13101 elementor-widget__width-inherit btn100 elementor-widget elementor-widget-button\" data-id=\"8b13101\" data-element_type=\"widget\" data-widget_type=\"button.default\">\n\t\t\t\t<div class=\"elementor-widget-container\">\n\t\t\t\t\t\t\t\t\t<div class=\"elementor-button-wrapper\">\n\t\t\t\t\t<a class=\"elementor-button elementor-button-link elementor-size-sm\" href=\"https:\/\/diariodarepublica.pt\/dr\/legislacao-consolidada\/lei\/2013-34581275\" target=\"_blank\" id=\"12L\">\n\t\t\t\t\t\t<span class=\"elementor-button-content-wrapper\">\n\t\t\t\t\t\t\t\t\t<span class=\"elementor-button-text\">Lei da Organiza\u00e7\u00e3o do Sistema Judici\u00e1rio<\/span>\n\t\t\t\t\t<\/span>\n\t\t\t\t\t<\/a>\n\t\t\t\t<\/div>\n\t\t\t\t\t\t\t\t<\/div>\n\t\t\t\t<\/div>\n\t\t\t\t<\/div>\n\t\t\t\t\t<\/div>\n\t\t\t\t<\/div>\n\t\t<div class=\"elementor-element elementor-element-3b898dd e-flex e-con-boxed e-con e-parent\" data-id=\"3b898dd\" data-element_type=\"container\">\n\t\t\t\t\t<div class=\"e-con-inner\">\n\t\t<div class=\"elementor-element elementor-element-10f5562 e-con-full e-flex e-con e-child\" data-id=\"10f5562\" data-element_type=\"container\">\n\t\t\t\t<div class=\"elementor-element elementor-element-acf1470 elementor-widget__width-inherit btn100 elementor-widget elementor-widget-button\" data-id=\"acf1470\" data-element_type=\"widget\" data-widget_type=\"button.default\">\n\t\t\t\t<div class=\"elementor-widget-container\">\n\t\t\t\t\t\t\t\t\t<div class=\"elementor-button-wrapper\">\n\t\t\t\t\t<a class=\"elementor-button elementor-button-link elementor-size-sm\" href=\"https:\/\/diariodarepublica.pt\/dr\/legislacao-consolidada\/lei\/1999-34542475\" target=\"_blank\" id=\"13L\">\n\t\t\t\t\t\t<span class=\"elementor-button-content-wrapper\">\n\t\t\t\t\t\t\t\t\t<span class=\"elementor-button-text\">Lei de protec\u00e7\u00e3o de crian\u00e7as e jovens em perigo<\/span>\n\t\t\t\t\t<\/span>\n\t\t\t\t\t<\/a>\n\t\t\t\t<\/div>\n\t\t\t\t\t\t\t\t<\/div>\n\t\t\t\t<\/div>\n\t\t\t\t<\/div>\n\t\t<div class=\"elementor-element elementor-element-43d005f e-con-full e-flex e-con e-child\" data-id=\"43d005f\" data-element_type=\"container\">\n\t\t\t\t<div class=\"elementor-element elementor-element-cdc82a4 elementor-widget__width-inherit btn100 elementor-widget elementor-widget-button\" data-id=\"cdc82a4\" data-element_type=\"widget\" data-widget_type=\"button.default\">\n\t\t\t\t<div class=\"elementor-widget-container\">\n\t\t\t\t\t\t\t\t\t<div class=\"elementor-button-wrapper\">\n\t\t\t\t\t<a class=\"elementor-button elementor-button-link elementor-size-sm\" href=\"https:\/\/diariodarepublica.pt\/dr\/legislacao-consolidada\/lei\/1999-34539875\" target=\"_blank\" id=\"14L\">\n\t\t\t\t\t\t<span class=\"elementor-button-content-wrapper\">\n\t\t\t\t\t\t\t\t\t<span class=\"elementor-button-text\">Lei Tutelar Educativa<\/span>\n\t\t\t\t\t<\/span>\n\t\t\t\t\t<\/a>\n\t\t\t\t<\/div>\n\t\t\t\t\t\t\t\t<\/div>\n\t\t\t\t<\/div>\n\t\t\t\t<\/div>\n\t\t<div class=\"elementor-element elementor-element-2fd7594 e-con-full e-flex e-con e-child\" data-id=\"2fd7594\" data-element_type=\"container\">\n\t\t\t\t<div class=\"elementor-element elementor-element-49fd075 elementor-widget__width-inherit btn100 elementor-widget elementor-widget-button\" data-id=\"49fd075\" data-element_type=\"widget\" data-widget_type=\"button.default\">\n\t\t\t\t<div class=\"elementor-widget-container\">\n\t\t\t\t\t\t\t\t\t<div class=\"elementor-button-wrapper\">\n\t\t\t\t\t<a class=\"elementor-button elementor-button-link elementor-size-sm\" href=\"https:\/\/diariodarepublica.pt\/dr\/legislacao-consolidada\/lei\/2015-70215261\" target=\"_blank\" id=\"15L\">\n\t\t\t\t\t\t<span class=\"elementor-button-content-wrapper\">\n\t\t\t\t\t\t\t\t\t<span class=\"elementor-button-text\">Regime Geral do Processo Tutelar C\u00edvel<\/span>\n\t\t\t\t\t<\/span>\n\t\t\t\t\t<\/a>\n\t\t\t\t<\/div>\n\t\t\t\t\t\t\t\t<\/div>\n\t\t\t\t<\/div>\n\t\t\t\t<\/div>\n\t\t<div class=\"elementor-element elementor-element-b104fda e-con-full e-flex e-con e-child\" data-id=\"b104fda\" data-element_type=\"container\">\n\t\t\t\t<div class=\"elementor-element elementor-element-a1a0e6b elementor-widget__width-inherit btn100 elementor-widget elementor-widget-button\" data-id=\"a1a0e6b\" data-element_type=\"widget\" data-widget_type=\"button.default\">\n\t\t\t\t<div class=\"elementor-widget-container\">\n\t\t\t\t\t\t\t\t\t<div class=\"elementor-button-wrapper\">\n\t\t\t\t\t<a class=\"elementor-button elementor-button-link elementor-size-sm\" href=\"https:\/\/diariodarepublica.pt\/dr\/legislacao-consolidada\/lei\/2009-34515975\" target=\"_blank\" id=\"16L\">\n\t\t\t\t\t\t<span class=\"elementor-button-content-wrapper\">\n\t\t\t\t\t\t\t\t\t<span class=\"elementor-button-text\">C\u00f3digo da Execu\u00e7\u00e3o das Penas e Medidas Privativas da Liberdade<\/span>\n\t\t\t\t\t<\/span>\n\t\t\t\t\t<\/a>\n\t\t\t\t<\/div>\n\t\t\t\t\t\t\t\t<\/div>\n\t\t\t\t<\/div>\n\t\t\t\t<\/div>\n\t\t\t\t\t<\/div>\n\t\t\t\t<\/div>\n\t\t<div class=\"elementor-element elementor-element-dd9c4a0 e-flex e-con-boxed e-con e-parent\" data-id=\"dd9c4a0\" data-element_type=\"container\">\n\t\t\t\t\t<div class=\"e-con-inner\">\n\t\t<div class=\"elementor-element elementor-element-869791f e-con-full e-flex e-con e-child\" data-id=\"869791f\" data-element_type=\"container\">\n\t\t\t\t<div class=\"elementor-element elementor-element-4426243 elementor-widget__width-inherit btn100 elementor-widget elementor-widget-button\" data-id=\"4426243\" data-element_type=\"widget\" data-widget_type=\"button.default\">\n\t\t\t\t<div class=\"elementor-widget-container\">\n\t\t\t\t\t\t\t\t\t<div class=\"elementor-button-wrapper\">\n\t\t\t\t\t<a class=\"elementor-button elementor-button-link elementor-size-sm\" href=\"https:\/\/diariodarepublica.pt\/dr\/legislacao-consolidada\/decreto-lei\/1999-67047277\" target=\"_blank\" id=\"17L\">\n\t\t\t\t\t\t<span class=\"elementor-button-content-wrapper\">\n\t\t\t\t\t\t\t\t\t<span class=\"elementor-button-text\">Estatuto dos Funcion\u00e1rios de Justi\u00e7a<\/span>\n\t\t\t\t\t<\/span>\n\t\t\t\t\t<\/a>\n\t\t\t\t<\/div>\n\t\t\t\t\t\t\t\t<\/div>\n\t\t\t\t<\/div>\n\t\t\t\t<\/div>\n\t\t<div class=\"elementor-element elementor-element-8a6b4a9 e-con-full e-flex e-con e-child\" data-id=\"8a6b4a9\" data-element_type=\"container\">\n\t\t\t\t<div class=\"elementor-element elementor-element-f5b2867 elementor-widget__width-inherit btn100 elementor-widget elementor-widget-button\" data-id=\"f5b2867\" data-element_type=\"widget\" data-widget_type=\"button.default\">\n\t\t\t\t<div class=\"elementor-widget-container\">\n\t\t\t\t\t\t\t\t\t<div class=\"elementor-button-wrapper\">\n\t\t\t\t\t<a class=\"elementor-button elementor-button-link elementor-size-sm\" href=\"https:\/\/diariodarepublica.pt\/dr\/legislacao-consolidada\/decreto-lei\/2008-34455475\" target=\"_blank\" id=\"18L\">\n\t\t\t\t\t\t<span class=\"elementor-button-content-wrapper\">\n\t\t\t\t\t\t\t\t\t<span class=\"elementor-button-text\">C\u00f3digo dos Contratos P\u00fablicos - CCP<\/span>\n\t\t\t\t\t<\/span>\n\t\t\t\t\t<\/a>\n\t\t\t\t<\/div>\n\t\t\t\t\t\t\t\t<\/div>\n\t\t\t\t<\/div>\n\t\t\t\t<\/div>\n\t\t<div class=\"elementor-element elementor-element-9f15ffc e-con-full e-flex e-con e-child\" data-id=\"9f15ffc\" data-element_type=\"container\">\n\t\t\t\t<div class=\"elementor-element elementor-element-221b809 elementor-widget__width-inherit btn100 elementor-widget elementor-widget-button\" data-id=\"221b809\" data-element_type=\"widget\" data-widget_type=\"button.default\">\n\t\t\t\t<div class=\"elementor-widget-container\">\n\t\t\t\t\t\t\t\t\t<div class=\"elementor-button-wrapper\">\n\t\t\t\t\t<a class=\"elementor-button elementor-button-link elementor-size-sm\" href=\"https:\/\/diariodarepublica.pt\/dr\/legislacao-consolidada\/decreto-lei\/2003-34444175\" target=\"_blank\" id=\"19L\">\n\t\t\t\t\t\t<span class=\"elementor-button-content-wrapper\">\n\t\t\t\t\t\t\t\t\t<span class=\"elementor-button-text\">C\u00f3digo da Propriedade Industrial - CPI<\/span>\n\t\t\t\t\t<\/span>\n\t\t\t\t\t<\/a>\n\t\t\t\t<\/div>\n\t\t\t\t\t\t\t\t<\/div>\n\t\t\t\t<\/div>\n\t\t\t\t<\/div>\n\t\t<div class=\"elementor-element elementor-element-e7cee6b e-con-full e-flex e-con e-child\" data-id=\"e7cee6b\" data-element_type=\"container\">\n\t\t\t\t<div class=\"elementor-element elementor-element-b8b6aef elementor-widget__width-inherit btn100 elementor-widget elementor-widget-button\" data-id=\"b8b6aef\" data-element_type=\"widget\" data-widget_type=\"button.default\">\n\t\t\t\t<div class=\"elementor-widget-container\">\n\t\t\t\t\t\t\t\t\t<div class=\"elementor-button-wrapper\">\n\t\t\t\t\t<a class=\"elementor-button elementor-button-link elementor-size-sm\" href=\"https:\/\/diariodarepublica.pt\/dr\/legislacao-consolidada\/decreto-lei\/1999-34575175\" target=\"_blank\" id=\"20L\">\n\t\t\t\t\t\t<span class=\"elementor-button-content-wrapper\">\n\t\t\t\t\t\t\t\t\t<span class=\"elementor-button-text\">C\u00f3digo dos Valores Mobili\u00e1rios - CVM<\/span>\n\t\t\t\t\t<\/span>\n\t\t\t\t\t<\/a>\n\t\t\t\t<\/div>\n\t\t\t\t\t\t\t\t<\/div>\n\t\t\t\t<\/div>\n\t\t\t\t<\/div>\n\t\t\t\t\t<\/div>\n\t\t\t\t<\/div>\n\t\t<div class=\"elementor-element elementor-element-121b0cb e-flex e-con-boxed e-con e-parent\" data-id=\"121b0cb\" data-element_type=\"container\">\n\t\t\t\t\t<div class=\"e-con-inner\">\n\t\t<div class=\"elementor-element elementor-element-de56eb0 e-con-full e-flex e-con e-child\" data-id=\"de56eb0\" data-element_type=\"container\">\n\t\t\t\t<div class=\"elementor-element elementor-element-4f9287f elementor-widget__width-inherit btn100 elementor-widget elementor-widget-button\" data-id=\"4f9287f\" data-element_type=\"widget\" data-widget_type=\"button.default\">\n\t\t\t\t<div class=\"elementor-widget-container\">\n\t\t\t\t\t\t\t\t\t<div class=\"elementor-button-wrapper\">\n\t\t\t\t\t<a class=\"elementor-button elementor-button-link elementor-size-sm\" href=\"https:\/\/diariodarepublica.pt\/dr\/legislacao-consolidada\/decreto-aprovacao-constituicao\/1976-34520775\" target=\"_blank\" id=\"21L\">\n\t\t\t\t\t\t<span class=\"elementor-button-content-wrapper\">\n\t\t\t\t\t\t\t\t\t<span class=\"elementor-button-text\">Constitui\u00e7\u00e3o da Rep\u00fablica Portuguesa - CRP<\/span>\n\t\t\t\t\t<\/span>\n\t\t\t\t\t<\/a>\n\t\t\t\t<\/div>\n\t\t\t\t\t\t\t\t<\/div>\n\t\t\t\t<\/div>\n\t\t\t\t<\/div>\n\t\t<div class=\"elementor-element elementor-element-1070b5b e-con-full e-flex e-con e-child\" data-id=\"1070b5b\" data-element_type=\"container\">\n\t\t\t\t<div class=\"elementor-element elementor-element-c30b3de elementor-widget__width-inherit btn100 elementor-widget elementor-widget-button\" data-id=\"c30b3de\" data-element_type=\"widget\" data-widget_type=\"button.default\">\n\t\t\t\t<div class=\"elementor-widget-container\">\n\t\t\t\t\t\t\t\t\t<div class=\"elementor-button-wrapper\">\n\t\t\t\t\t<a class=\"elementor-button elementor-button-link elementor-size-sm\" href=\"https:\/\/diariodarepublica.pt\/dr\/legislacao-consolidada\/decreto-lei\/1986-34443975\" target=\"_blank\" id=\"22L\">\n\t\t\t\t\t\t<span class=\"elementor-button-content-wrapper\">\n\t\t\t\t\t\t\t\t\t<span class=\"elementor-button-text\">C\u00f3digo das Sociedades Comerciais - CSC<\/span>\n\t\t\t\t\t<\/span>\n\t\t\t\t\t<\/a>\n\t\t\t\t<\/div>\n\t\t\t\t\t\t\t\t<\/div>\n\t\t\t\t<\/div>\n\t\t\t\t<\/div>\n\t\t<div class=\"elementor-element elementor-element-b47220f e-con-full e-flex e-con e-child\" data-id=\"b47220f\" data-element_type=\"container\">\n\t\t\t\t<div class=\"elementor-element elementor-element-d768072 elementor-widget__width-inherit btn100 elementor-widget elementor-widget-button\" data-id=\"d768072\" data-element_type=\"widget\" data-widget_type=\"button.default\">\n\t\t\t\t<div class=\"elementor-widget-container\">\n\t\t\t\t\t\t\t\t\t<div class=\"elementor-button-wrapper\">\n\t\t\t\t\t<a class=\"elementor-button elementor-button-link elementor-size-sm\" href=\"https:\/\/diariodarepublica.pt\/dr\/legislacao-consolidada\/decreto-lei\/1990-34537375\" target=\"_blank\" id=\"23L\">\n\t\t\t\t\t\t<span class=\"elementor-button-content-wrapper\">\n\t\t\t\t\t\t\t\t\t<span class=\"elementor-button-text\">C\u00f3digo da Publicidade<\/span>\n\t\t\t\t\t<\/span>\n\t\t\t\t\t<\/a>\n\t\t\t\t<\/div>\n\t\t\t\t\t\t\t\t<\/div>\n\t\t\t\t<\/div>\n\t\t\t\t<\/div>\n\t\t<div class=\"elementor-element elementor-element-a89ef61 e-con-full e-flex e-con e-child\" data-id=\"a89ef61\" data-element_type=\"container\">\n\t\t\t\t<\/div>\n\t\t\t\t\t<\/div>\n\t\t\t\t<\/div>\n\t\t\t\t<\/div>\n\t\t","protected":false},"excerpt":{"rendered":"<p>C\u00f3digo de Processo Civil C\u00f3digo Penal C\u00f3digo de Processo Penal C\u00f3digo de Processo do Trabalho Regulamento das Custas Processuais C\u00f3digo Civil C\u00f3digo do Trabalho C\u00f3digo do Procedimento Administrativo C\u00f3digo da Insolv\u00eancias e da Recupera\u00e7\u00e3o de Empresas C\u00f3digo das Expropria\u00e7\u00f5es Lei Geral do Trabalho em Fun\u00e7\u00f5es P\u00fablicas Lei da Organiza\u00e7\u00e3o do Sistema Judici\u00e1rio Lei de protec\u00e7\u00e3o&#8230;<\/p>\n","protected":false},"author":11,"featured_media":0,"parent":11404,"menu_order":0,"comment_status":"closed","ping_status":"closed","template":"","meta":{"_tbt_post_transparent":"","_tbt_post_title":"","_tbt_post_layout":"default","_tbt_post_sidebar_id":"","_tbt_post_content_style":"","_tbt_post_vertical_padding":"","_tbt_post_feature":"","_tbt_post_feature_position":"","_tbt_post_header":false,"_tbt_post_footer":false},"class_list":["post-13675","page","type-page","status-publish","hentry"],"yoast_head":"<!-- This site is optimized with the Yoast SEO plugin v25.6 - https:\/\/yoast.com\/wordpress\/plugins\/seo\/ -->\n<title>Legisla\u00e7\u00e3o - Tribunal Judicial da Comarca de Castelo Branco<\/title>\n<meta name=\"robots\" content=\"index, follow, max-snippet:-1, max-image-preview:large, max-video-preview:-1\" \/>\n<link rel=\"canonical\" href=\"https:\/\/comarcas.csm.org.pt\/castelo-branco\/cidadao\/legislacao\/\" \/>\n<meta property=\"og:locale\" content=\"pt_PT\" \/>\n<meta property=\"og:type\" content=\"article\" \/>\n<meta property=\"og:title\" content=\"Legisla\u00e7\u00e3o - Tribunal Judicial da Comarca de Castelo Branco\" \/>\n<meta property=\"og:description\" content=\"C\u00f3digo de Processo Civil C\u00f3digo Penal C\u00f3digo de Processo Penal C\u00f3digo de Processo do Trabalho Regulamento das Custas Processuais C\u00f3digo Civil C\u00f3digo do Trabalho C\u00f3digo do Procedimento Administrativo C\u00f3digo da Insolv\u00eancias e da Recupera\u00e7\u00e3o de Empresas C\u00f3digo das Expropria\u00e7\u00f5es Lei Geral do Trabalho em Fun\u00e7\u00f5es P\u00fablicas Lei da Organiza\u00e7\u00e3o do Sistema Judici\u00e1rio Lei de protec\u00e7\u00e3o...\" \/>\n<meta property=\"og:url\" content=\"https:\/\/comarcas.csm.org.pt\/castelo-branco\/cidadao\/legislacao\/\" \/>\n<meta property=\"og:site_name\" content=\"Tribunal Judicial da Comarca de Castelo Branco\" \/>\n<meta property=\"article:modified_time\" content=\"2025-07-28T12:30:38+00:00\" \/>\n<meta name=\"twitter:card\" content=\"summary_large_image\" \/>\n<script type=\"application\/ld+json\" class=\"yoast-schema-graph\">{\"@context\":\"https:\/\/schema.org\",\"@graph\":[{\"@type\":\"WebPage\",\"@id\":\"https:\/\/comarcas.csm.org.pt\/castelo-branco\/cidadao\/legislacao\/\",\"url\":\"https:\/\/comarcas.csm.org.pt\/castelo-branco\/cidadao\/legislacao\/\",\"name\":\"Legisla\u00e7\u00e3o - Tribunal Judicial da Comarca de Castelo Branco\",\"isPartOf\":{\"@id\":\"https:\/\/comarcas.csm.org.pt\/castelo-branco\/#website\"},\"datePublished\":\"2025-07-16T09:22:09+00:00\",\"dateModified\":\"2025-07-28T12:30:38+00:00\",\"breadcrumb\":{\"@id\":\"https:\/\/comarcas.csm.org.pt\/castelo-branco\/cidadao\/legislacao\/#breadcrumb\"},\"inLanguage\":\"pt-PT\",\"potentialAction\":[{\"@type\":\"ReadAction\",\"target\":[\"https:\/\/comarcas.csm.org.pt\/castelo-branco\/cidadao\/legislacao\/\"]}]},{\"@type\":\"BreadcrumbList\",\"@id\":\"https:\/\/comarcas.csm.org.pt\/castelo-branco\/cidadao\/legislacao\/#breadcrumb\",\"itemListElement\":[{\"@type\":\"ListItem\",\"position\":1,\"name\":\"In\u00edcio\",\"item\":\"https:\/\/comarcas.csm.org.pt\/castelo-branco\/\"},{\"@type\":\"ListItem\",\"position\":2,\"name\":\"Cidad\u00e3o\",\"item\":\"https:\/\/comarcas.csm.org.pt\/castelo-branco\/cidadao\/\"},{\"@type\":\"ListItem\",\"position\":3,\"name\":\"Legisla\u00e7\u00e3o\"}]},{\"@type\":\"WebSite\",\"@id\":\"https:\/\/comarcas.csm.org.pt\/castelo-branco\/#website\",\"url\":\"https:\/\/comarcas.csm.org.pt\/castelo-branco\/\",\"name\":\"Tribunal Judicial da Comarca de Castelo Branco\",\"description\":\"Tribunal Judicial da Comarca de Aveiro\",\"publisher\":{\"@id\":\"https:\/\/comarcas.csm.org.pt\/castelo-branco\/#organization\"},\"potentialAction\":[{\"@type\":\"SearchAction\",\"target\":{\"@type\":\"EntryPoint\",\"urlTemplate\":\"https:\/\/comarcas.csm.org.pt\/castelo-branco\/?s={search_term_string}\"},\"query-input\":{\"@type\":\"PropertyValueSpecification\",\"valueRequired\":true,\"valueName\":\"search_term_string\"}}],\"inLanguage\":\"pt-PT\"},{\"@type\":\"Organization\",\"@id\":\"https:\/\/comarcas.csm.org.pt\/castelo-branco\/#organization\",\"name\":\"Tribunal Judicial da Comarca de Castelo Branco\",\"url\":\"https:\/\/comarcas.csm.org.pt\/castelo-branco\/\",\"logo\":{\"@type\":\"ImageObject\",\"inLanguage\":\"pt-PT\",\"@id\":\"https:\/\/comarcas.csm.org.pt\/castelo-branco\/#\/schema\/logo\/image\/\",\"url\":\"https:\/\/comarcas.csm.org.pt\/castelo-branco\/wp-content\/uploads\/sites\/11\/2024\/11\/C-Branco_positivo-horizontal.png\",\"contentUrl\":\"https:\/\/comarcas.csm.org.pt\/castelo-branco\/wp-content\/uploads\/sites\/11\/2024\/11\/C-Branco_positivo-horizontal.png\",\"width\":5388,\"height\":998,\"caption\":\"Tribunal Judicial da Comarca de Castelo Branco\"},\"image\":{\"@id\":\"https:\/\/comarcas.csm.org.pt\/castelo-branco\/#\/schema\/logo\/image\/\"}}]}<\/script>\n<!-- \/ Yoast SEO plugin. -->","yoast_head_json":{"title":"Legisla\u00e7\u00e3o - Tribunal Judicial da Comarca de Castelo Branco","robots":{"index":"index","follow":"follow","max-snippet":"max-snippet:-1","max-image-preview":"max-image-preview:large","max-video-preview":"max-video-preview:-1"},"canonical":"https:\/\/comarcas.csm.org.pt\/castelo-branco\/cidadao\/legislacao\/","og_locale":"pt_PT","og_type":"article","og_title":"Legisla\u00e7\u00e3o - Tribunal Judicial da Comarca de Castelo Branco","og_description":"C\u00f3digo de Processo Civil C\u00f3digo Penal C\u00f3digo de Processo Penal C\u00f3digo de Processo do Trabalho Regulamento das Custas Processuais C\u00f3digo Civil C\u00f3digo do Trabalho C\u00f3digo do Procedimento Administrativo C\u00f3digo da Insolv\u00eancias e da Recupera\u00e7\u00e3o de Empresas C\u00f3digo das Expropria\u00e7\u00f5es Lei Geral do Trabalho em Fun\u00e7\u00f5es P\u00fablicas Lei da Organiza\u00e7\u00e3o do Sistema Judici\u00e1rio Lei de protec\u00e7\u00e3o...","og_url":"https:\/\/comarcas.csm.org.pt\/castelo-branco\/cidadao\/legislacao\/","og_site_name":"Tribunal Judicial da Comarca de Castelo Branco","article_modified_time":"2025-07-28T12:30:38+00:00","twitter_card":"summary_large_image","schema":{"@context":"https:\/\/schema.org","@graph":[{"@type":"WebPage","@id":"https:\/\/comarcas.csm.org.pt\/castelo-branco\/cidadao\/legislacao\/","url":"https:\/\/comarcas.csm.org.pt\/castelo-branco\/cidadao\/legislacao\/","name":"Legisla\u00e7\u00e3o - Tribunal Judicial da Comarca de Castelo Branco","isPartOf":{"@id":"https:\/\/comarcas.csm.org.pt\/castelo-branco\/#website"},"datePublished":"2025-07-16T09:22:09+00:00","dateModified":"2025-07-28T12:30:38+00:00","breadcrumb":{"@id":"https:\/\/comarcas.csm.org.pt\/castelo-branco\/cidadao\/legislacao\/#breadcrumb"},"inLanguage":"pt-PT","potentialAction":[{"@type":"ReadAction","target":["https:\/\/comarcas.csm.org.pt\/castelo-branco\/cidadao\/legislacao\/"]}]},{"@type":"BreadcrumbList","@id":"https:\/\/comarcas.csm.org.pt\/castelo-branco\/cidadao\/legislacao\/#breadcrumb","itemListElement":[{"@type":"ListItem","position":1,"name":"In\u00edcio","item":"https:\/\/comarcas.csm.org.pt\/castelo-branco\/"},{"@type":"ListItem","position":2,"name":"Cidad\u00e3o","item":"https:\/\/comarcas.csm.org.pt\/castelo-branco\/cidadao\/"},{"@type":"ListItem","position":3,"name":"Legisla\u00e7\u00e3o"}]},{"@type":"WebSite","@id":"https:\/\/comarcas.csm.org.pt\/castelo-branco\/#website","url":"https:\/\/comarcas.csm.org.pt\/castelo-branco\/","name":"Tribunal Judicial da Comarca de Castelo Branco","description":"Tribunal Judicial da Comarca de Aveiro","publisher":{"@id":"https:\/\/comarcas.csm.org.pt\/castelo-branco\/#organization"},"potentialAction":[{"@type":"SearchAction","target":{"@type":"EntryPoint","urlTemplate":"https:\/\/comarcas.csm.org.pt\/castelo-branco\/?s={search_term_string}"},"query-input":{"@type":"PropertyValueSpecification","valueRequired":true,"valueName":"search_term_string"}}],"inLanguage":"pt-PT"},{"@type":"Organization","@id":"https:\/\/comarcas.csm.org.pt\/castelo-branco\/#organization","name":"Tribunal Judicial da Comarca de Castelo Branco","url":"https:\/\/comarcas.csm.org.pt\/castelo-branco\/","logo":{"@type":"ImageObject","inLanguage":"pt-PT","@id":"https:\/\/comarcas.csm.org.pt\/castelo-branco\/#\/schema\/logo\/image\/","url":"https:\/\/comarcas.csm.org.pt\/castelo-branco\/wp-content\/uploads\/sites\/11\/2024\/11\/C-Branco_positivo-horizontal.png","contentUrl":"https:\/\/comarcas.csm.org.pt\/castelo-branco\/wp-content\/uploads\/sites\/11\/2024\/11\/C-Branco_positivo-horizontal.png","width":5388,"height":998,"caption":"Tribunal Judicial da Comarca de Castelo Branco"},"image":{"@id":"https:\/\/comarcas.csm.org.pt\/castelo-branco\/#\/schema\/logo\/image\/"}}]}},"_links":{"self":[{"href":"https:\/\/comarcas.csm.org.pt\/castelo-branco\/wp-json\/wp\/v2\/pages\/13675","targetHints":{"allow":["GET"]}}],"collection":[{"href":"https:\/\/comarcas.csm.org.pt\/castelo-branco\/wp-json\/wp\/v2\/pages"}],"about":[{"href":"https:\/\/comarcas.csm.org.pt\/castelo-branco\/wp-json\/wp\/v2\/types\/page"}],"author":[{"embeddable":true,"href":"https:\/\/comarcas.csm.org.pt\/castelo-branco\/wp-json\/wp\/v2\/users\/11"}],"replies":[{"embeddable":true,"href":"https:\/\/comarcas.csm.org.pt\/castelo-branco\/wp-json\/wp\/v2\/comments?post=13675"}],"version-history":[{"count":127,"href":"https:\/\/comarcas.csm.org.pt\/castelo-branco\/wp-json\/wp\/v2\/pages\/13675\/revisions"}],"predecessor-version":[{"id":13940,"href":"https:\/\/comarcas.csm.org.pt\/castelo-branco\/wp-json\/wp\/v2\/pages\/13675\/revisions\/13940"}],"up":[{"embeddable":true,"href":"https:\/\/comarcas.csm.org.pt\/castelo-branco\/wp-json\/wp\/v2\/pages\/11404"}],"wp:attachment":[{"href":"https:\/\/comarcas.csm.org.pt\/castelo-branco\/wp-json\/wp\/v2\/media?parent=13675"}],"curies":[{"name":"wp","href":"https:\/\/api.w.org\/{rel}","templated":true}]}}