{"id":14488,"date":"2025-10-27T15:40:59","date_gmt":"2025-10-27T15:40:59","guid":{"rendered":"https:\/\/comarcas.csm.org.pt\/castelo-branco\/?page_id=14488"},"modified":"2026-01-06T11:34:14","modified_gmt":"2026-01-06T11:34:14","slug":"unidade-central-do-fundao","status":"publish","type":"page","link":"https:\/\/comarcas.csm.org.pt\/castelo-branco\/acomarca\/atas-distribuicao-eletronica-2025\/unidade-central-do-fundao\/","title":{"rendered":"Unidade Central do Fund\u00e3o"},"content":{"rendered":"\t\t<div data-elementor-type=\"wp-page\" data-elementor-id=\"14488\" class=\"elementor elementor-14488\" data-elementor-post-type=\"page\">\n\t\t\t\t<div class=\"elementor-element elementor-element-1782e4f e-flex e-con-boxed e-con e-parent\" data-id=\"1782e4f\" data-element_type=\"container\">\n\t\t\t\t\t<div class=\"e-con-inner\">\n\t\t<div class=\"elementor-element elementor-element-9dfa475 e-con-full e-flex e-con e-child\" data-id=\"9dfa475\" data-element_type=\"container\">\n\t\t\t\t<div class=\"elementor-element elementor-element-c0c9e0d elementor-widget__width-initial elementor-widget elementor-widget-heading\" data-id=\"c0c9e0d\" data-element_type=\"widget\" data-widget_type=\"heading.default\">\n\t\t\t\t<div class=\"elementor-widget-container\">\n\t\t\t\t\t<h4 class=\"elementor-heading-title elementor-size-default\"><b><span>Unidade Central do Fund\u00e3o, Atas Distribui\u00e7\u00e3o Eletr\u00f3nica 2025<\/span><\/b><\/h4>\t\t\t\t<\/div>\n\t\t\t\t<\/div>\n\t\t\t\t<div class=\"elementor-element elementor-element-218b642 elementor-widget elementor-widget-text-editor\" data-id=\"218b642\" data-element_type=\"widget\" data-widget_type=\"text-editor.default\">\n\t\t\t\t<div class=\"elementor-widget-container\">\n\t\t\t\t\t\t\t\t\t<h4><strong>Outubro<\/strong><\/h4><h5><strong>Tipo de distribui\u00e7\u00e3o: Judicial Di\u00e1ria<\/strong><\/h5><h5><b style=\"background-color: transparent;color: #555555;font-size: 14px;letter-spacing: 0.3px\">Dia<\/b><\/h5><ul><li><span style=\"text-decoration: underline\"><a href=\"https:\/\/comarcas.csm.org.pt\/castelo-branco\/wp-content\/uploads\/sites\/11\/2025\/10\/23593_2310.pdf\" target=\"_blank\" rel=\"noopener\">23 Refer\u00eancia 22593<\/a><\/span><a href=\"https:\/\/comarcas.csm.org.pt\/castelo-branco\/wp-content\/uploads\/sites\/11\/2025\/10\/22619-24-10-1.pdf\" target=\"_blank\" rel=\"noopener\">,<\/a><a href=\"https:\/\/comarcas.csm.org.pt\/castelo-branco\/wp-content\/uploads\/sites\/11\/2025\/10\/22622_2410.pdf\"><span style=\"text-decoration: underline\">24-Refer\u00eancia 22622<\/span>,<\/a> <a href=\"https:\/\/comarcas.csm.org.pt\/castelo-branco\/wp-content\/uploads\/sites\/11\/2025\/10\/22656_FND27102025.pdf\" target=\"_blank\" rel=\"noopener\"><span style=\"text-decoration: underline\">27-Refer\u00eancia 22656<\/span>.<\/a> <span style=\"text-decoration: underline\"><a href=\"https:\/\/comarcas.csm.org.pt\/castelo-branco\/wp-content\/uploads\/sites\/11\/2025\/10\/28-Referencia-22692.pdf\" target=\"_blank\" rel=\"noopener\">28-Refer\u00eancia 22692<\/a><\/span>,<span style=\"text-decoration: underline\"><a href=\"https:\/\/comarcas.csm.org.pt\/castelo-branco\/wp-content\/uploads\/sites\/11\/2025\/10\/29-Referencia_22715.pdf\">29-Refer\u00eancia 22715<\/a><\/span>, <span style=\"text-decoration: underline\"><a href=\"https:\/\/comarcas.csm.org.pt\/castelo-branco\/wp-content\/uploads\/sites\/11\/2025\/10\/30-Referencia-22748.pdf\" target=\"_blank\" rel=\"noopener\">30-Refer\u00eancia 22748<\/a><\/span>, <span style=\"text-decoration: underline\"><a href=\"https:\/\/comarcas.csm.org.pt\/castelo-branco\/wp-content\/uploads\/sites\/11\/2025\/10\/30-Referencia-22741-extraordinaria.pdf\" target=\"_blank\" rel=\"noopener\">30-Refer\u00eancia 22741-Extrordin\u00e1ria<\/a><\/span>, <span style=\"text-decoration: underline\"><a href=\"https:\/\/comarcas.csm.org.pt\/castelo-branco\/wp-content\/uploads\/sites\/11\/2025\/11\/31-Referencia-22793.pdf\" target=\"_blank\" rel=\"noopener\">31-Refer\u00eancia 22793<\/a><\/span><\/li><\/ul>\t\t\t\t\t\t\t\t<\/div>\n\t\t\t\t<\/div>\n\t\t\t\t<div class=\"elementor-element elementor-element-25831f2 elementor-widget elementor-widget-text-editor\" data-id=\"25831f2\" data-element_type=\"widget\" data-widget_type=\"text-editor.default\">\n\t\t\t\t<div class=\"elementor-widget-container\">\n\t\t\t\t\t\t\t\t\t<h4><strong>Novembro<\/strong><\/h4><h5><strong>Tipo de distribui\u00e7\u00e3o: Judicial Di\u00e1ria<\/strong><\/h5><h5><b style=\"background-color: transparent;color: #555555;font-size: 14px;letter-spacing: 0.3px\">Dia<\/b><\/h5><ul><li><span style=\"text-decoration: underline\"><a href=\"https:\/\/comarcas.csm.org.pt\/castelo-branco\/wp-content\/uploads\/sites\/11\/2025\/11\/03-Referencia-22832.pdf\" target=\"_blank\" rel=\"noopener\">03-Refer\u00eancia 22832<\/a><\/span>, <span style=\"text-decoration: underline\"><a href=\"https:\/\/comarcas.csm.org.pt\/castelo-branco\/wp-content\/uploads\/sites\/11\/2025\/11\/05-Referencia-22893.pdf\" target=\"_blank\" rel=\"noopener\">05-Refer\u00eancia 22893<\/a><\/span>, <span style=\"text-decoration: underline\"><a href=\"https:\/\/comarcas.csm.org.pt\/castelo-branco\/wp-content\/uploads\/sites\/11\/2025\/11\/06-Referencia-22936.pdf\">06-Refer\u00eancia 22936<\/a><\/span>, <span style=\"text-decoration: underline\"><a href=\"https:\/\/comarcas.csm.org.pt\/castelo-branco\/wp-content\/uploads\/sites\/11\/2025\/11\/07-Referencia-22965-1.pdf\">07-Refer\u00eancia 22965<\/a><\/span>,\u00a0<span style=\"text-decoration: underline\"><a href=\"https:\/\/comarcas.csm.org.pt\/castelo-branco\/wp-content\/uploads\/sites\/11\/2025\/11\/10-Referencia-23005.pdf\" target=\"_blank\" rel=\"noopener\">10-Refer\u00eancia 23005<\/a><\/span>, <span style=\"text-decoration: underline\"><a href=\"https:\/\/comarcas.csm.org.pt\/castelo-branco\/wp-content\/uploads\/sites\/11\/2025\/11\/11-Referencia-23028.pdf\" target=\"_blank\" rel=\"noopener\">11-Refer\u00eancia 23028<\/a><\/span>,\u00a0<span style=\"text-decoration: underline\"><a href=\"https:\/\/comarcas.csm.org.pt\/castelo-branco\/wp-content\/uploads\/sites\/11\/2025\/11\/13-Referencia-23098.pdf\" target=\"_blank\" rel=\"noopener\">13-Refer\u00eancia 23098<\/a><\/span>,\u00a0<span style=\"text-decoration: underline\"><a href=\"https:\/\/comarcas.csm.org.pt\/castelo-branco\/wp-content\/uploads\/sites\/11\/2025\/11\/14-Referencia-23114.pdf\" target=\"_blank\" rel=\"noopener\">14-Refer\u00eancia 23114<\/a><\/span>, <span style=\"text-decoration: underline\"><a href=\"https:\/\/comarcas.csm.org.pt\/castelo-branco\/wp-content\/uploads\/sites\/11\/2025\/11\/17-Referencia-23171.pdf\" target=\"_blank\" rel=\"noopener\">17-Refer\u00eancia 23171<\/a><\/span>,\u00a0<span style=\"text-decoration: underline\"><a href=\"https:\/\/comarcas.csm.org.pt\/castelo-branco\/wp-content\/uploads\/sites\/11\/2025\/11\/18-Referencia-23189.pdf\" target=\"_blank\" rel=\"noopener\">18-Refer\u00eancia 23189<\/a><\/span>,\u00a0<span style=\"text-decoration: underline\"><a href=\"https:\/\/comarcas.csm.org.pt\/castelo-branco\/wp-content\/uploads\/sites\/11\/2025\/11\/19-Referencia-23221.pdf\" target=\"_blank\" rel=\"noopener\">19-Refer\u00eancia 23221<\/a><\/span>,\u00a0<a href=\"https:\/\/comarcas.csm.org.pt\/castelo-branco\/wp-content\/uploads\/sites\/11\/2025\/11\/20-Referencia-23251.pdf\" target=\"_blank\" rel=\"noopener\">20-Refer\u00eancia 23251<\/a>,\u00a0<span style=\"text-decoration: underline\"><a href=\"https:\/\/comarcas.csm.org.pt\/castelo-branco\/wp-content\/uploads\/sites\/11\/2025\/11\/21-Referencia-23365.pdf\" target=\"_blank\" rel=\"noopener\">21-Refer\u00eancia 23365<\/a><\/span>, <span style=\"text-decoration: underline\"><a href=\"https:\/\/comarcas.csm.org.pt\/castelo-branco\/wp-content\/uploads\/sites\/11\/2025\/11\/24-Referencia-23295.pdf\" target=\"_blank\" rel=\"noopener\">24-Refer\u00eancia 23295<\/a><\/span>,\u00a0<span style=\"text-decoration: underline\"><a href=\"https:\/\/comarcas.csm.org.pt\/castelo-branco\/wp-content\/uploads\/sites\/11\/2025\/11\/25-Referencia-23322.pdf\" target=\"_blank\" rel=\"noopener\">25-Refer\u00eancia 23322<\/a><\/span>, <span style=\"text-decoration: underline\"><a href=\"https:\/\/comarcas.csm.org.pt\/castelo-branco\/wp-content\/uploads\/sites\/11\/2025\/11\/25-Referencia-23319-Extraordinaria.pdf\" target=\"_blank\" rel=\"noopener\">25-Refer\u00eancia 23319-Extraordin\u00e1ria<\/a><\/span>,\u00a0<a href=\"https:\/\/comarcas.csm.org.pt\/castelo-branco\/wp-content\/uploads\/sites\/11\/2025\/11\/26-Referencia-23352.pdf\" target=\"_blank\" rel=\"noopener\"><span style=\"text-decoration: underline\">26-Refer\u00eancia 23352<\/span><\/a>,\u00a0<span style=\"text-decoration: underline\"><a href=\"https:\/\/comarcas.csm.org.pt\/castelo-branco\/wp-content\/uploads\/sites\/11\/2025\/12\/27-Referencia-23381.pdf\" target=\"_blank\" rel=\"noopener\">27-Refer\u00eancia 23381<\/a><\/span>, <span style=\"text-decoration: underline\">28-Refer\u00eancia 23399<\/span>, <span style=\"text-decoration: underline\"><a href=\"https:\/\/comarcas.csm.org.pt\/castelo-branco\/wp-content\/uploads\/sites\/11\/2025\/12\/28-Referencia-227418-extraordinaria.pdf\" target=\"_blank\" rel=\"noopener\">28-Refer\u00eancia 227418-extraordinaria<\/a><\/span><\/li><\/ul>\t\t\t\t\t\t\t\t<\/div>\n\t\t\t\t<\/div>\n\t\t\t\t<div class=\"elementor-element elementor-element-771db76 elementor-widget elementor-widget-text-editor\" data-id=\"771db76\" data-element_type=\"widget\" data-widget_type=\"text-editor.default\">\n\t\t\t\t<div class=\"elementor-widget-container\">\n\t\t\t\t\t\t\t\t\t<h4><strong>Dezembro<\/strong><\/h4><h5><strong>Tipo de distribui\u00e7\u00e3o: Judicial Di\u00e1ria<\/strong><\/h5><h5><b style=\"background-color: transparent;color: #555555;font-size: 14px;letter-spacing: 0.3px\">Dia<\/b><\/h5><ul><li><span style=\"text-decoration: underline\"><a href=\"https:\/\/comarcas.csm.org.pt\/castelo-branco\/wp-content\/uploads\/sites\/11\/2025\/12\/03-Referencia-23462-extraordinaria.pdf\" target=\"_blank\" rel=\"noopener\">03-Refer\u00eancia 23462-extraordinaria<\/a><\/span>, <span style=\"text-decoration: underline\"><a href=\"https:\/\/comarcas.csm.org.pt\/castelo-branco\/wp-content\/uploads\/sites\/11\/2025\/12\/03-Referencia-23467.pdf\" target=\"_blank\" rel=\"noopener\">03-Refer\u00eancia 23467<\/a><\/span>,\u00a0<span style=\"text-decoration: underline\"><a href=\"https:\/\/comarcas.csm.org.pt\/castelo-branco\/wp-content\/uploads\/sites\/11\/2025\/12\/03-Referencia-23485-extraordinaria.pdf\" target=\"_blank\" rel=\"noopener\">03-Refer\u00eancia 23485-extraordinaria<\/a><\/span>, <span style=\"text-decoration: underline\"><a href=\"https:\/\/comarcas.csm.org.pt\/castelo-branco\/wp-content\/uploads\/sites\/11\/2025\/12\/04-Referencia-23496.pdf\" target=\"_blank\" rel=\"noopener\">04-Refer\u00eancia 23496<\/a><\/span>, <span style=\"text-decoration: underline\"><a href=\"https:\/\/comarcas.csm.org.pt\/castelo-branco\/wp-content\/uploads\/sites\/11\/2025\/12\/04-Referencia-23512-extraordinaria.pdf\">04-Refer\u00eancia 23512-extraordinaria<\/a><\/span>,\u00a0<span style=\"text-decoration: underline\"><a href=\"https:\/\/comarcas.csm.org.pt\/castelo-branco\/wp-content\/uploads\/sites\/11\/2025\/12\/05-Referencia-23528.pdf\" target=\"_blank\" rel=\"noopener\">05-Refer\u00eancia 23528<\/a><\/span>, <span style=\"text-decoration: underline\"><a href=\"https:\/\/comarcas.csm.org.pt\/castelo-branco\/wp-content\/uploads\/sites\/11\/2025\/12\/09-Referencia-23551-extraordinaria.pdf\" target=\"_blank\" rel=\"noopener\">09-Refer\u00eancia 23551-extraordinaria<\/a><\/span>, <span style=\"text-decoration: underline\"><a href=\"https:\/\/comarcas.csm.org.pt\/castelo-branco\/wp-content\/uploads\/sites\/11\/2025\/12\/09-Referencia-23568.pdf\" target=\"_blank\" rel=\"noopener\">09-Refer\u00eancia 23568<\/a><\/span>,\u00a0<span style=\"text-decoration: underline\"><a href=\"https:\/\/comarcas.csm.org.pt\/castelo-branco\/wp-content\/uploads\/sites\/11\/2025\/12\/10-Referencia-23592.pdf\" target=\"_blank\" rel=\"noopener\">10-Refer\u00eancia 23592<\/a><\/span>,\u00a0<span style=\"text-decoration: underline\"><a href=\"https:\/\/comarcas.csm.org.pt\/castelo-branco\/wp-content\/uploads\/sites\/11\/2025\/12\/11-Referencia-23618.pdf\" target=\"_blank\" rel=\"noopener\">11-Refer\u00eancia 23618<\/a><\/span>,\u00a0<span style=\"text-decoration: underline\"><a href=\"https:\/\/comarcas.csm.org.pt\/castelo-branco\/wp-content\/uploads\/sites\/11\/2025\/12\/15-Referencia-23659.pdf\" target=\"_blank\" rel=\"noopener\">15-Refer\u00eancia 23659<\/a><\/span>,\u00a0<span style=\"text-decoration: underline\"><a href=\"https:\/\/comarcas.csm.org.pt\/castelo-branco\/wp-content\/uploads\/sites\/11\/2025\/12\/16-Referencia-23701.pdf\" target=\"_blank\" rel=\"noopener\">16-Refer\u00eancia 23701<\/a><\/span>,\u00a0<span style=\"text-decoration: underline\"><a href=\"https:\/\/comarcas.csm.org.pt\/castelo-branco\/wp-content\/uploads\/sites\/11\/2025\/12\/16-Referencia-23715-extraordinaria.pdf\" target=\"_blank\" rel=\"noopener\">16-Refer\u00eancia 23715-extraordinaria<\/a><\/span>, <span style=\"text-decoration: underline\"><a href=\"https:\/\/comarcas.csm.org.pt\/castelo-branco\/wp-content\/uploads\/sites\/11\/2026\/01\/17-Referencia-24727.pdf\" target=\"_blank\" rel=\"noopener\">17-Refer\u00eancia 24727<\/a><\/span>, <span style=\"text-decoration: underline\"><a href=\"https:\/\/comarcas.csm.org.pt\/castelo-branco\/wp-content\/uploads\/sites\/11\/2026\/01\/17-Referencia-24741-extraordinaria.pdf\" target=\"_blank\" rel=\"noopener\">17-Refer\u00eancia 24741-extraordinaria<\/a><\/span>,\u00a0<span style=\"text-decoration: underline\"><a href=\"https:\/\/comarcas.csm.org.pt\/castelo-branco\/wp-content\/uploads\/sites\/11\/2026\/01\/18-Referencia-24753.pdf\" target=\"_blank\" rel=\"noopener\">18-Refer\u00eancia 24753<\/a><\/span>, <span style=\"text-decoration: underline\"><a href=\"https:\/\/comarcas.csm.org.pt\/castelo-branco\/wp-content\/uploads\/sites\/11\/2026\/01\/19-Referencia-24779.pdf\" target=\"_blank\" rel=\"noopener\">19-Refer\u00eancia 24779<\/a><\/span>,\u00a0<span style=\"text-decoration: underline\"><a href=\"https:\/\/comarcas.csm.org.pt\/castelo-branco\/wp-content\/uploads\/sites\/11\/2026\/01\/24-Referencia-24835.pdf\" target=\"_blank\" rel=\"noopener\">24-Refer\u00eancia 24835<\/a><\/span>,\u00a0<span style=\"text-decoration: underline\"><a href=\"https:\/\/comarcas.csm.org.pt\/castelo-branco\/wp-content\/uploads\/sites\/11\/2026\/01\/30-Referencia-24856-extraordinaria.pdf\" target=\"_blank\" rel=\"noopener\">30-Refer\u00eancia 24856-extraordinaria<\/a><\/span>,\u00a0<span style=\"text-decoration: underline\"><a href=\"https:\/\/comarcas.csm.org.pt\/castelo-branco\/wp-content\/uploads\/sites\/11\/2026\/01\/30-Referencia-24862.pdf\" target=\"_blank\" rel=\"noopener\">30-Refer\u00eancia 24862<\/a><\/span>, <span style=\"text-decoration: underline\"><a href=\"https:\/\/comarcas.csm.org.pt\/castelo-branco\/wp-content\/uploads\/sites\/11\/2026\/01\/30-Referencia-24867-extraordinaria.pdf\" target=\"_blank\" rel=\"noopener\">30-Refer\u00eancia 24867-extraordinaria<\/a><\/span><\/li><\/ul>\t\t\t\t\t\t\t\t<\/div>\n\t\t\t\t<\/div>\n\t\t\t\t<\/div>\n\t\t<div class=\"elementor-element elementor-element-c9c55a8 e-con-full e-flex e-con e-child\" data-id=\"c9c55a8\" data-element_type=\"container\">\n\t\t<div class=\"elementor-element elementor-element-bd2e5ce e-con-full e-flex e-con e-child\" data-id=\"bd2e5ce\" data-element_type=\"container\">\n\t\t\t\t<div class=\"elementor-element elementor-element-28193c6 elementor-widget elementor-widget-google_maps\" data-id=\"28193c6\" data-element_type=\"widget\" data-widget_type=\"google_maps.default\">\n\t\t\t\t<div class=\"elementor-widget-container\">\n\t\t\t\t\t\t\t<div class=\"elementor-custom-embed\">\n\t\t\t<iframe loading=\"lazy\"\n\t\t\t\t\tsrc=\"https:\/\/www.google.com\/maps\/embed\/v1\/place?key=AIzaSyDhSoLeftGxfg7Tvco7SEUCY-Cc_XLDY3c&#038;q=Tribunal%20do%20Fund%C3%A3o&#038;zoom=15\"\n\t\t\t\t\ttitle=\"Tribunal do Fund\u00e3o\"\n\t\t\t\t\taria-label=\"Tribunal do Fund\u00e3o\"\n\t\t\t><\/iframe>\n\t\t<\/div>\n\t\t\t\t\t\t<\/div>\n\t\t\t\t<\/div>\n\t\t\t\t<\/div>\n\t\t\t\t<\/div>\n\t\t\t\t\t<\/div>\n\t\t\t\t<\/div>\n\t\t\t\t<\/div>\n\t\t","protected":false},"excerpt":{"rendered":"<p>Unidade Central do Fund\u00e3o, Atas Distribui\u00e7\u00e3o Eletr\u00f3nica 2025 Outubro Tipo de distribui\u00e7\u00e3o: Judicial Di\u00e1ria Dia 23 Refer\u00eancia 22593,24-Refer\u00eancia 22622, 27-Refer\u00eancia 22656. 28-Refer\u00eancia 22692,29-Refer\u00eancia 22715, 30-Refer\u00eancia 22748, 30-Refer\u00eancia 22741-Extrordin\u00e1ria, 31-Refer\u00eancia 22793 Novembro Tipo de distribui\u00e7\u00e3o: Judicial Di\u00e1ria Dia 03-Refer\u00eancia 22832, 05-Refer\u00eancia 22893, 06-Refer\u00eancia 22936, 07-Refer\u00eancia 22965,\u00a010-Refer\u00eancia 23005, 11-Refer\u00eancia 23028,\u00a013-Refer\u00eancia 23098,\u00a014-Refer\u00eancia 23114, 17-Refer\u00eancia 23171,\u00a018-Refer\u00eancia 23189,\u00a019-Refer\u00eancia 23221,\u00a020-Refer\u00eancia 23251,\u00a021-Refer\u00eancia&#8230;<\/p>\n","protected":false},"author":11,"featured_media":0,"parent":14335,"menu_order":0,"comment_status":"closed","ping_status":"closed","template":"","meta":{"_tbt_post_transparent":"","_tbt_post_title":"hide","_tbt_post_layout":"fullwidth","_tbt_post_sidebar_id":"","_tbt_post_content_style":"unboxed","_tbt_post_vertical_padding":"hide","_tbt_post_feature":"hide","_tbt_post_feature_position":"","_tbt_post_header":false,"_tbt_post_footer":false},"class_list":["post-14488","page","type-page","status-publish","hentry"],"yoast_head":"<!-- This site is optimized with the Yoast SEO plugin v25.6 - https:\/\/yoast.com\/wordpress\/plugins\/seo\/ -->\n<title>Unidade Central do Fund\u00e3o - Tribunal Judicial da Comarca de Castelo Branco<\/title>\n<meta name=\"robots\" content=\"index, follow, max-snippet:-1, max-image-preview:large, max-video-preview:-1\" \/>\n<link rel=\"canonical\" href=\"https:\/\/comarcas.csm.org.pt\/castelo-branco\/acomarca\/atas-distribuicao-eletronica-2025\/unidade-central-do-fundao\/\" \/>\n<meta property=\"og:locale\" content=\"pt_PT\" \/>\n<meta property=\"og:type\" content=\"article\" \/>\n<meta property=\"og:title\" content=\"Unidade Central do Fund\u00e3o - Tribunal Judicial da Comarca de Castelo Branco\" \/>\n<meta property=\"og:description\" content=\"Unidade Central do Fund\u00e3o, Atas Distribui\u00e7\u00e3o Eletr\u00f3nica 2025 Outubro Tipo de distribui\u00e7\u00e3o: Judicial Di\u00e1ria Dia 23 Refer\u00eancia 22593,24-Refer\u00eancia 22622, 27-Refer\u00eancia 22656. 28-Refer\u00eancia 22692,29-Refer\u00eancia 22715, 30-Refer\u00eancia 22748, 30-Refer\u00eancia 22741-Extrordin\u00e1ria, 31-Refer\u00eancia 22793 Novembro Tipo de distribui\u00e7\u00e3o: Judicial Di\u00e1ria Dia 03-Refer\u00eancia 22832, 05-Refer\u00eancia 22893, 06-Refer\u00eancia 22936, 07-Refer\u00eancia 22965,\u00a010-Refer\u00eancia 23005, 11-Refer\u00eancia 23028,\u00a013-Refer\u00eancia 23098,\u00a014-Refer\u00eancia 23114, 17-Refer\u00eancia 23171,\u00a018-Refer\u00eancia 23189,\u00a019-Refer\u00eancia 23221,\u00a020-Refer\u00eancia 23251,\u00a021-Refer\u00eancia...\" \/>\n<meta property=\"og:url\" content=\"https:\/\/comarcas.csm.org.pt\/castelo-branco\/acomarca\/atas-distribuicao-eletronica-2025\/unidade-central-do-fundao\/\" \/>\n<meta property=\"og:site_name\" content=\"Tribunal Judicial da Comarca de Castelo Branco\" \/>\n<meta property=\"article:modified_time\" content=\"2026-01-06T11:34:14+00:00\" \/>\n<meta name=\"twitter:card\" content=\"summary_large_image\" \/>\n<meta name=\"twitter:label1\" content=\"Tempo estimado de leitura\" \/>\n\t<meta name=\"twitter:data1\" content=\"1 minuto\" \/>\n<script type=\"application\/ld+json\" class=\"yoast-schema-graph\">{\"@context\":\"https:\/\/schema.org\",\"@graph\":[{\"@type\":\"WebPage\",\"@id\":\"https:\/\/comarcas.csm.org.pt\/castelo-branco\/acomarca\/atas-distribuicao-eletronica-2025\/unidade-central-do-fundao\/\",\"url\":\"https:\/\/comarcas.csm.org.pt\/castelo-branco\/acomarca\/atas-distribuicao-eletronica-2025\/unidade-central-do-fundao\/\",\"name\":\"Unidade Central do Fund\u00e3o - Tribunal Judicial da Comarca de Castelo Branco\",\"isPartOf\":{\"@id\":\"https:\/\/comarcas.csm.org.pt\/castelo-branco\/#website\"},\"datePublished\":\"2025-10-27T15:40:59+00:00\",\"dateModified\":\"2026-01-06T11:34:14+00:00\",\"breadcrumb\":{\"@id\":\"https:\/\/comarcas.csm.org.pt\/castelo-branco\/acomarca\/atas-distribuicao-eletronica-2025\/unidade-central-do-fundao\/#breadcrumb\"},\"inLanguage\":\"pt-PT\",\"potentialAction\":[{\"@type\":\"ReadAction\",\"target\":[\"https:\/\/comarcas.csm.org.pt\/castelo-branco\/acomarca\/atas-distribuicao-eletronica-2025\/unidade-central-do-fundao\/\"]}]},{\"@type\":\"BreadcrumbList\",\"@id\":\"https:\/\/comarcas.csm.org.pt\/castelo-branco\/acomarca\/atas-distribuicao-eletronica-2025\/unidade-central-do-fundao\/#breadcrumb\",\"itemListElement\":[{\"@type\":\"ListItem\",\"position\":1,\"name\":\"In\u00edcio\",\"item\":\"https:\/\/comarcas.csm.org.pt\/castelo-branco\/\"},{\"@type\":\"ListItem\",\"position\":2,\"name\":\"A Comarca\",\"item\":\"https:\/\/comarcas.csm.org.pt\/castelo-branco\/acomarca\/\"},{\"@type\":\"ListItem\",\"position\":3,\"name\":\"Atas Distribui\u00e7\u00e3o Eletr\u00f3nica 2025\",\"item\":\"https:\/\/comarcas.csm.org.pt\/castelo-branco\/acomarca\/atas-distribuicao-eletronica-2025\/\"},{\"@type\":\"ListItem\",\"position\":4,\"name\":\"Unidade Central do Fund\u00e3o\"}]},{\"@type\":\"WebSite\",\"@id\":\"https:\/\/comarcas.csm.org.pt\/castelo-branco\/#website\",\"url\":\"https:\/\/comarcas.csm.org.pt\/castelo-branco\/\",\"name\":\"Tribunal Judicial da Comarca de Castelo Branco\",\"description\":\"Tribunal Judicial da Comarca de Aveiro\",\"publisher\":{\"@id\":\"https:\/\/comarcas.csm.org.pt\/castelo-branco\/#organization\"},\"potentialAction\":[{\"@type\":\"SearchAction\",\"target\":{\"@type\":\"EntryPoint\",\"urlTemplate\":\"https:\/\/comarcas.csm.org.pt\/castelo-branco\/?s={search_term_string}\"},\"query-input\":{\"@type\":\"PropertyValueSpecification\",\"valueRequired\":true,\"valueName\":\"search_term_string\"}}],\"inLanguage\":\"pt-PT\"},{\"@type\":\"Organization\",\"@id\":\"https:\/\/comarcas.csm.org.pt\/castelo-branco\/#organization\",\"name\":\"Tribunal Judicial da Comarca de Castelo Branco\",\"url\":\"https:\/\/comarcas.csm.org.pt\/castelo-branco\/\",\"logo\":{\"@type\":\"ImageObject\",\"inLanguage\":\"pt-PT\",\"@id\":\"https:\/\/comarcas.csm.org.pt\/castelo-branco\/#\/schema\/logo\/image\/\",\"url\":\"https:\/\/comarcas.csm.org.pt\/castelo-branco\/wp-content\/uploads\/sites\/11\/2024\/11\/C-Branco_positivo-horizontal.png\",\"contentUrl\":\"https:\/\/comarcas.csm.org.pt\/castelo-branco\/wp-content\/uploads\/sites\/11\/2024\/11\/C-Branco_positivo-horizontal.png\",\"width\":5388,\"height\":998,\"caption\":\"Tribunal Judicial da Comarca de Castelo Branco\"},\"image\":{\"@id\":\"https:\/\/comarcas.csm.org.pt\/castelo-branco\/#\/schema\/logo\/image\/\"}}]}<\/script>\n<!-- \/ Yoast SEO plugin. -->","yoast_head_json":{"title":"Unidade Central do Fund\u00e3o - Tribunal Judicial da Comarca de Castelo Branco","robots":{"index":"index","follow":"follow","max-snippet":"max-snippet:-1","max-image-preview":"max-image-preview:large","max-video-preview":"max-video-preview:-1"},"canonical":"https:\/\/comarcas.csm.org.pt\/castelo-branco\/acomarca\/atas-distribuicao-eletronica-2025\/unidade-central-do-fundao\/","og_locale":"pt_PT","og_type":"article","og_title":"Unidade Central do Fund\u00e3o - Tribunal Judicial da Comarca de Castelo Branco","og_description":"Unidade Central do Fund\u00e3o, Atas Distribui\u00e7\u00e3o Eletr\u00f3nica 2025 Outubro Tipo de distribui\u00e7\u00e3o: Judicial Di\u00e1ria Dia 23 Refer\u00eancia 22593,24-Refer\u00eancia 22622, 27-Refer\u00eancia 22656. 28-Refer\u00eancia 22692,29-Refer\u00eancia 22715, 30-Refer\u00eancia 22748, 30-Refer\u00eancia 22741-Extrordin\u00e1ria, 31-Refer\u00eancia 22793 Novembro Tipo de distribui\u00e7\u00e3o: Judicial Di\u00e1ria Dia 03-Refer\u00eancia 22832, 05-Refer\u00eancia 22893, 06-Refer\u00eancia 22936, 07-Refer\u00eancia 22965,\u00a010-Refer\u00eancia 23005, 11-Refer\u00eancia 23028,\u00a013-Refer\u00eancia 23098,\u00a014-Refer\u00eancia 23114, 17-Refer\u00eancia 23171,\u00a018-Refer\u00eancia 23189,\u00a019-Refer\u00eancia 23221,\u00a020-Refer\u00eancia 23251,\u00a021-Refer\u00eancia...","og_url":"https:\/\/comarcas.csm.org.pt\/castelo-branco\/acomarca\/atas-distribuicao-eletronica-2025\/unidade-central-do-fundao\/","og_site_name":"Tribunal Judicial da Comarca de Castelo Branco","article_modified_time":"2026-01-06T11:34:14+00:00","twitter_card":"summary_large_image","twitter_misc":{"Tempo estimado de leitura":"1 minuto"},"schema":{"@context":"https:\/\/schema.org","@graph":[{"@type":"WebPage","@id":"https:\/\/comarcas.csm.org.pt\/castelo-branco\/acomarca\/atas-distribuicao-eletronica-2025\/unidade-central-do-fundao\/","url":"https:\/\/comarcas.csm.org.pt\/castelo-branco\/acomarca\/atas-distribuicao-eletronica-2025\/unidade-central-do-fundao\/","name":"Unidade Central do Fund\u00e3o - Tribunal Judicial da Comarca de Castelo Branco","isPartOf":{"@id":"https:\/\/comarcas.csm.org.pt\/castelo-branco\/#website"},"datePublished":"2025-10-27T15:40:59+00:00","dateModified":"2026-01-06T11:34:14+00:00","breadcrumb":{"@id":"https:\/\/comarcas.csm.org.pt\/castelo-branco\/acomarca\/atas-distribuicao-eletronica-2025\/unidade-central-do-fundao\/#breadcrumb"},"inLanguage":"pt-PT","potentialAction":[{"@type":"ReadAction","target":["https:\/\/comarcas.csm.org.pt\/castelo-branco\/acomarca\/atas-distribuicao-eletronica-2025\/unidade-central-do-fundao\/"]}]},{"@type":"BreadcrumbList","@id":"https:\/\/comarcas.csm.org.pt\/castelo-branco\/acomarca\/atas-distribuicao-eletronica-2025\/unidade-central-do-fundao\/#breadcrumb","itemListElement":[{"@type":"ListItem","position":1,"name":"In\u00edcio","item":"https:\/\/comarcas.csm.org.pt\/castelo-branco\/"},{"@type":"ListItem","position":2,"name":"A Comarca","item":"https:\/\/comarcas.csm.org.pt\/castelo-branco\/acomarca\/"},{"@type":"ListItem","position":3,"name":"Atas Distribui\u00e7\u00e3o Eletr\u00f3nica 2025","item":"https:\/\/comarcas.csm.org.pt\/castelo-branco\/acomarca\/atas-distribuicao-eletronica-2025\/"},{"@type":"ListItem","position":4,"name":"Unidade Central do Fund\u00e3o"}]},{"@type":"WebSite","@id":"https:\/\/comarcas.csm.org.pt\/castelo-branco\/#website","url":"https:\/\/comarcas.csm.org.pt\/castelo-branco\/","name":"Tribunal Judicial da Comarca de Castelo Branco","description":"Tribunal Judicial da Comarca de Aveiro","publisher":{"@id":"https:\/\/comarcas.csm.org.pt\/castelo-branco\/#organization"},"potentialAction":[{"@type":"SearchAction","target":{"@type":"EntryPoint","urlTemplate":"https:\/\/comarcas.csm.org.pt\/castelo-branco\/?s={search_term_string}"},"query-input":{"@type":"PropertyValueSpecification","valueRequired":true,"valueName":"search_term_string"}}],"inLanguage":"pt-PT"},{"@type":"Organization","@id":"https:\/\/comarcas.csm.org.pt\/castelo-branco\/#organization","name":"Tribunal Judicial da Comarca de Castelo Branco","url":"https:\/\/comarcas.csm.org.pt\/castelo-branco\/","logo":{"@type":"ImageObject","inLanguage":"pt-PT","@id":"https:\/\/comarcas.csm.org.pt\/castelo-branco\/#\/schema\/logo\/image\/","url":"https:\/\/comarcas.csm.org.pt\/castelo-branco\/wp-content\/uploads\/sites\/11\/2024\/11\/C-Branco_positivo-horizontal.png","contentUrl":"https:\/\/comarcas.csm.org.pt\/castelo-branco\/wp-content\/uploads\/sites\/11\/2024\/11\/C-Branco_positivo-horizontal.png","width":5388,"height":998,"caption":"Tribunal Judicial da Comarca de Castelo Branco"},"image":{"@id":"https:\/\/comarcas.csm.org.pt\/castelo-branco\/#\/schema\/logo\/image\/"}}]}},"_links":{"self":[{"href":"https:\/\/comarcas.csm.org.pt\/castelo-branco\/wp-json\/wp\/v2\/pages\/14488","targetHints":{"allow":["GET"]}}],"collection":[{"href":"https:\/\/comarcas.csm.org.pt\/castelo-branco\/wp-json\/wp\/v2\/pages"}],"about":[{"href":"https:\/\/comarcas.csm.org.pt\/castelo-branco\/wp-json\/wp\/v2\/types\/page"}],"author":[{"embeddable":true,"href":"https:\/\/comarcas.csm.org.pt\/castelo-branco\/wp-json\/wp\/v2\/users\/11"}],"replies":[{"embeddable":true,"href":"https:\/\/comarcas.csm.org.pt\/castelo-branco\/wp-json\/wp\/v2\/comments?post=14488"}],"version-history":[{"count":203,"href":"https:\/\/comarcas.csm.org.pt\/castelo-branco\/wp-json\/wp\/v2\/pages\/14488\/revisions"}],"predecessor-version":[{"id":15863,"href":"https:\/\/comarcas.csm.org.pt\/castelo-branco\/wp-json\/wp\/v2\/pages\/14488\/revisions\/15863"}],"up":[{"embeddable":true,"href":"https:\/\/comarcas.csm.org.pt\/castelo-branco\/wp-json\/wp\/v2\/pages\/14335"}],"wp:attachment":[{"href":"https:\/\/comarcas.csm.org.pt\/castelo-branco\/wp-json\/wp\/v2\/media?parent=14488"}],"curies":[{"name":"wp","href":"https:\/\/api.w.org\/{rel}","templated":true}]}}