{"id":14562,"date":"2025-10-29T16:58:48","date_gmt":"2025-10-29T16:58:48","guid":{"rendered":"https:\/\/comarcas.csm.org.pt\/castelo-branco\/?page_id=14562"},"modified":"2026-01-06T11:36:51","modified_gmt":"2026-01-06T11:36:51","slug":"unidade-central-de-oleiros","status":"publish","type":"page","link":"https:\/\/comarcas.csm.org.pt\/castelo-branco\/acomarca\/atas-distribuicao-eletronica-2025\/unidade-central-de-oleiros\/","title":{"rendered":"Unidade Central de Oleiros"},"content":{"rendered":"\t\t<div data-elementor-type=\"wp-page\" data-elementor-id=\"14562\" class=\"elementor elementor-14562\" data-elementor-post-type=\"page\">\n\t\t\t\t<div class=\"elementor-element elementor-element-1782e4f e-flex e-con-boxed e-con e-parent\" data-id=\"1782e4f\" data-element_type=\"container\">\n\t\t\t\t\t<div class=\"e-con-inner\">\n\t\t<div class=\"elementor-element elementor-element-9dfa475 e-con-full e-flex e-con e-child\" data-id=\"9dfa475\" data-element_type=\"container\">\n\t\t\t\t<div class=\"elementor-element elementor-element-c0c9e0d elementor-widget__width-initial elementor-widget elementor-widget-heading\" data-id=\"c0c9e0d\" data-element_type=\"widget\" data-widget_type=\"heading.default\">\n\t\t\t\t<div class=\"elementor-widget-container\">\n\t\t\t\t\t<h4 class=\"elementor-heading-title elementor-size-default\"><b><span>Unidade Central de Oleiros, Atas Distribui\u00e7\u00e3o Eletr\u00f3nica 2025<\/span><\/b><\/h4>\t\t\t\t<\/div>\n\t\t\t\t<\/div>\n\t\t\t\t<div class=\"elementor-element elementor-element-218b642 elementor-widget elementor-widget-text-editor\" data-id=\"218b642\" data-element_type=\"widget\" data-widget_type=\"text-editor.default\">\n\t\t\t\t<div class=\"elementor-widget-container\">\n\t\t\t\t\t\t\t\t\t<h4><strong>Outubro<\/strong><\/h4><h5><strong>Tipo de distribui\u00e7\u00e3o: Judicial Di\u00e1ria<\/strong><\/h5><h5><b style=\"background-color: transparent;color: #555555;font-size: 14px;letter-spacing: 0.3px\">Dia<\/b><\/h5><ul><li style=\"list-style-type: none\"><ul><li><span style=\"text-decoration: underline\"><a href=\"https:\/\/comarcas.csm.org.pt\/castelo-branco\/wp-content\/uploads\/sites\/11\/2025\/10\/22653_OLR27102025.pdf\" target=\"_blank\" rel=\"noopener\">27-Refer\u00eancia 22653<\/a><\/span>, <a href=\"https:\/\/comarcas.csm.org.pt\/castelo-branco\/wp-content\/uploads\/sites\/11\/2025\/10\/28-Referencia-22693.pdf\" target=\"_blank\" rel=\"noopener\">2<span style=\"text-decoration: underline\">8-Refer\u00eancia 22693<\/span><\/a><\/li><\/ul><\/li><\/ul>\t\t\t\t\t\t\t\t<\/div>\n\t\t\t\t<\/div>\n\t\t\t\t<div class=\"elementor-element elementor-element-ba70b3d elementor-widget elementor-widget-text-editor\" data-id=\"ba70b3d\" data-element_type=\"widget\" data-widget_type=\"text-editor.default\">\n\t\t\t\t<div class=\"elementor-widget-container\">\n\t\t\t\t\t\t\t\t\t<h4><strong>Novembro<\/strong><\/h4><h5><strong>Tipo de distribui\u00e7\u00e3o: Judicial Di\u00e1ria<\/strong><\/h5><h5><b style=\"background-color: transparent;color: #555555;font-size: 14px;letter-spacing: 0.3px\">Dia<\/b><\/h5><ul><li style=\"list-style-type: none\"><ul><li><span style=\"text-decoration: underline\"><a href=\"https:\/\/comarcas.csm.org.pt\/castelo-branco\/wp-content\/uploads\/sites\/11\/2025\/11\/03-Referencia-22835.pdf\" target=\"_blank\" rel=\"noopener\">03-Refer\u00eancia 22835<\/a>, <a href=\"https:\/\/comarcas.csm.org.pt\/castelo-branco\/wp-content\/uploads\/sites\/11\/2025\/11\/06-Referencia-22934.pdf\" target=\"_blank\" rel=\"noopener\">06-Refer\u00eancia 22934<\/a><\/span>,<span style=\"text-decoration: underline\"><a href=\"https:\/\/comarcas.csm.org.pt\/castelo-branco\/wp-content\/uploads\/sites\/11\/2025\/11\/07-Referencia-22960-1.pdf\" target=\"_blank\" rel=\"noopener\">07-Refer\u00eancia 22960<\/a><\/span>,\u00a0<span style=\"text-decoration: underline\"><a href=\"https:\/\/comarcas.csm.org.pt\/castelo-branco\/wp-content\/uploads\/sites\/11\/2025\/11\/11-Referencia-23032.pdf\" target=\"_blank\" rel=\"noopener\">11-Refer\u00eancia 23032<\/a><\/span>,\u00a0<span style=\"text-decoration: underline\"><a href=\"https:\/\/comarcas.csm.org.pt\/castelo-branco\/wp-content\/uploads\/sites\/11\/2025\/11\/12-Referencia-23066.pdf\" target=\"_blank\" rel=\"noopener\">12-Refer\u00eancia 23066<\/a><\/span>, <a href=\"https:\/\/comarcas.csm.org.pt\/castelo-branco\/wp-content\/uploads\/sites\/11\/2025\/11\/14-Referencia-23119.pdf\" target=\"_blank\" rel=\"noopener\">1<span style=\"text-decoration: underline\">4-Refer\u00eancia 23119<\/span><\/a>, <span style=\"text-decoration: underline\"><a href=\"https:\/\/comarcas.csm.org.pt\/castelo-branco\/wp-content\/uploads\/sites\/11\/2025\/11\/14-Referencia-23109-Extraordinaria.pdf\" target=\"_blank\" rel=\"noopener\">14-Refer\u00eancia 23109-Extraordin\u00e1ria<\/a><\/span>,\u00a0<span style=\"text-decoration: underline\"><a href=\"https:\/\/comarcas.csm.org.pt\/castelo-branco\/wp-content\/uploads\/sites\/11\/2025\/11\/17-Referencia-23169.pdf\" target=\"_blank\" rel=\"noopener\">17-Refer\u00eancia 23169<\/a><\/span>,\u00a0<span style=\"text-decoration: underline\"><a href=\"https:\/\/comarcas.csm.org.pt\/castelo-branco\/wp-content\/uploads\/sites\/11\/2025\/11\/19-Referencia-23220.pdf\" target=\"_blank\" rel=\"noopener\">19-Refer\u00eancia 23220<\/a><\/span>, <span style=\"text-decoration: underline\"><a href=\"https:\/\/comarcas.csm.org.pt\/castelo-branco\/wp-content\/uploads\/sites\/11\/2025\/11\/20-Referencia-23248.pdf\" target=\"_blank\" rel=\"noopener\">20-Refer\u00eancia 23248<\/a><\/span>,\u00a0<span style=\"text-decoration: underline\"><a href=\"https:\/\/comarcas.csm.org.pt\/castelo-branco\/wp-content\/uploads\/sites\/11\/2025\/11\/21-Referencia-23364.pdf\" target=\"_blank\" rel=\"noopener\">21-Refer\u00eancia 23364<\/a><\/span>,\u00a0<span style=\"text-decoration: underline\"><a href=\"https:\/\/comarcas.csm.org.pt\/castelo-branco\/wp-content\/uploads\/sites\/11\/2025\/11\/24-Referencia-23293.pdf\" target=\"_blank\" rel=\"noopener\">24-Refer\u00eancia 23293<\/a><\/span>, <span style=\"text-decoration: underline\"><a href=\"https:\/\/comarcas.csm.org.pt\/castelo-branco\/wp-content\/uploads\/sites\/11\/2025\/11\/25-Referencia-23321.pdf\" target=\"_blank\" rel=\"noopener\">25-Refer\u00eancia 23321<\/a><\/span>, <span style=\"text-decoration: underline\"><a href=\"https:\/\/comarcas.csm.org.pt\/castelo-branco\/wp-content\/uploads\/sites\/11\/2025\/12\/27-Referencia-233771.pdf\" target=\"_blank\" rel=\"noopener\">27-Refer\u00eancia 23377<\/a><\/span>, <span style=\"text-decoration: underline\"><a href=\"https:\/\/comarcas.csm.org.pt\/castelo-branco\/wp-content\/uploads\/sites\/11\/2025\/12\/28-Referencia-23405.pdf\" target=\"_blank\" rel=\"noopener\">28-Refer\u00eancia 23405<\/a><\/span><\/li><\/ul><\/li><\/ul>\t\t\t\t\t\t\t\t<\/div>\n\t\t\t\t<\/div>\n\t\t\t\t<div class=\"elementor-element elementor-element-8e8ff02 elementor-widget elementor-widget-text-editor\" data-id=\"8e8ff02\" data-element_type=\"widget\" data-widget_type=\"text-editor.default\">\n\t\t\t\t<div class=\"elementor-widget-container\">\n\t\t\t\t\t\t\t\t\t<h4><strong>Dezembro<\/strong><\/h4><h5><strong>Tipo de distribui\u00e7\u00e3o: Judicial Di\u00e1ria<\/strong><\/h5><h5><b style=\"background-color: transparent;color: #555555;font-size: 14px;letter-spacing: 0.3px\">Dia<\/b><\/h5><ul><li style=\"list-style-type: none\"><ul><li><span style=\"text-decoration: underline\"><a href=\"https:\/\/comarcas.csm.org.pt\/castelo-branco\/wp-content\/uploads\/sites\/11\/2025\/12\/02-Referencia-23440.pdf\" target=\"_blank\" rel=\"noopener\">02-Refer\u00eancia 23440<\/a><\/span>,\u00a0<span style=\"text-decoration: underline\"><a href=\"https:\/\/comarcas.csm.org.pt\/castelo-branco\/wp-content\/uploads\/sites\/11\/2025\/12\/03-Referencia-23477.pdf\" target=\"_blank\" rel=\"noopener\">03-Refer\u00eancia 23477<\/a><\/span>,\u00a0<span style=\"text-decoration: underline\"><a href=\"https:\/\/comarcas.csm.org.pt\/castelo-branco\/wp-content\/uploads\/sites\/11\/2025\/12\/09-Referencia-2365.pdf\" target=\"_blank\" rel=\"noopener\">09-Refer\u00eancia 2365<\/a><\/span>, <span style=\"text-decoration: underline\"><a href=\"https:\/\/comarcas.csm.org.pt\/castelo-branco\/wp-content\/uploads\/sites\/11\/2025\/12\/10-Referencia-23595.pdf\" target=\"_blank\" rel=\"noopener\">10-Refer\u00eancia 23595<\/a><\/span>,\u00a0<span style=\"text-decoration: underline\"><a href=\"https:\/\/comarcas.csm.org.pt\/castelo-branco\/wp-content\/uploads\/sites\/11\/2025\/12\/12-Referencia-23632.pdf\" target=\"_blank\" rel=\"noopener\">12-Refer\u00eancia 23632<\/a><\/span>,\u00a0<span style=\"text-decoration: underline\"><a href=\"https:\/\/comarcas.csm.org.pt\/castelo-branco\/wp-content\/uploads\/sites\/11\/2026\/01\/17-Referencia-24732.pdf\" target=\"_blank\" rel=\"noopener\">17-Refer\u00eancia 24732<\/a><\/span>,\u00a0<span style=\"text-decoration: underline\"><a href=\"https:\/\/comarcas.csm.org.pt\/castelo-branco\/wp-content\/uploads\/sites\/11\/2026\/01\/18-Referencia-24755.pdf\" target=\"_blank\" rel=\"noopener\">18-Refer\u00eancia 24755<\/a><\/span>, <span style=\"text-decoration: underline\"><a href=\"https:\/\/comarcas.csm.org.pt\/castelo-branco\/wp-content\/uploads\/sites\/11\/2026\/01\/23-Referencia-24823.pdf\" target=\"_blank\" rel=\"noopener\">23-Refer\u00eancia 24823<\/a><\/span>,\u00a0<span style=\"text-decoration: underline\"><a href=\"https:\/\/comarcas.csm.org.pt\/castelo-branco\/wp-content\/uploads\/sites\/11\/2026\/01\/30-Referencia-24861.pdf\" target=\"_blank\" rel=\"noopener\">30-Refer\u00eancia 24861<\/a><\/span><\/li><\/ul><\/li><\/ul>\t\t\t\t\t\t\t\t<\/div>\n\t\t\t\t<\/div>\n\t\t\t\t<\/div>\n\t\t<div class=\"elementor-element elementor-element-c9c55a8 e-con-full e-flex e-con e-child\" data-id=\"c9c55a8\" data-element_type=\"container\">\n\t\t<div class=\"elementor-element elementor-element-a0863b6 e-con-full e-flex e-con e-child\" data-id=\"a0863b6\" data-element_type=\"container\">\n\t\t\t\t<div class=\"elementor-element elementor-element-936fd49 elementor-widget elementor-widget-google_maps\" data-id=\"936fd49\" data-element_type=\"widget\" data-widget_type=\"google_maps.default\">\n\t\t\t\t<div class=\"elementor-widget-container\">\n\t\t\t\t\t\t\t<div class=\"elementor-custom-embed\">\n\t\t\t<iframe loading=\"lazy\"\n\t\t\t\t\tsrc=\"https:\/\/www.google.com\/maps\/embed\/v1\/place?key=AIzaSyDhSoLeftGxfg7Tvco7SEUCY-Cc_XLDY3c&#038;q=Tribunal%20de%20oleiros&#038;zoom=15\"\n\t\t\t\t\ttitle=\"Tribunal de oleiros\"\n\t\t\t\t\taria-label=\"Tribunal de oleiros\"\n\t\t\t><\/iframe>\n\t\t<\/div>\n\t\t\t\t\t\t<\/div>\n\t\t\t\t<\/div>\n\t\t\t\t<\/div>\n\t\t\t\t<\/div>\n\t\t\t\t\t<\/div>\n\t\t\t\t<\/div>\n\t\t\t\t<\/div>\n\t\t","protected":false},"excerpt":{"rendered":"<p>Unidade Central de Oleiros, Atas Distribui\u00e7\u00e3o Eletr\u00f3nica 2025 Outubro Tipo de distribui\u00e7\u00e3o: Judicial Di\u00e1ria Dia 27-Refer\u00eancia 22653, 28-Refer\u00eancia 22693 Novembro Tipo de distribui\u00e7\u00e3o: Judicial Di\u00e1ria Dia 03-Refer\u00eancia 22835, 06-Refer\u00eancia 22934,07-Refer\u00eancia 22960,\u00a011-Refer\u00eancia 23032,\u00a012-Refer\u00eancia 23066, 14-Refer\u00eancia 23119, 14-Refer\u00eancia 23109-Extraordin\u00e1ria,\u00a017-Refer\u00eancia 23169,\u00a019-Refer\u00eancia 23220, 20-Refer\u00eancia 23248,\u00a021-Refer\u00eancia 23364,\u00a024-Refer\u00eancia 23293, 25-Refer\u00eancia 23321, 27-Refer\u00eancia 23377, 28-Refer\u00eancia 23405 Dezembro Tipo de distribui\u00e7\u00e3o: Judicial Di\u00e1ria&#8230;<\/p>\n","protected":false},"author":11,"featured_media":0,"parent":14335,"menu_order":0,"comment_status":"closed","ping_status":"closed","template":"elementor_theme","meta":{"_tbt_post_transparent":"","_tbt_post_title":"hide","_tbt_post_layout":"fullwidth","_tbt_post_sidebar_id":"","_tbt_post_content_style":"unboxed","_tbt_post_vertical_padding":"hide","_tbt_post_feature":"hide","_tbt_post_feature_position":"","_tbt_post_header":false,"_tbt_post_footer":false},"class_list":["post-14562","page","type-page","status-publish","hentry"],"yoast_head":"<!-- This site is optimized with the Yoast SEO plugin v25.6 - https:\/\/yoast.com\/wordpress\/plugins\/seo\/ -->\n<title>Unidade Central de Oleiros - Tribunal Judicial da Comarca de Castelo Branco<\/title>\n<meta name=\"robots\" content=\"index, follow, max-snippet:-1, max-image-preview:large, max-video-preview:-1\" \/>\n<link rel=\"canonical\" href=\"https:\/\/comarcas.csm.org.pt\/castelo-branco\/acomarca\/atas-distribuicao-eletronica-2025\/unidade-central-de-oleiros\/\" \/>\n<meta property=\"og:locale\" content=\"pt_PT\" \/>\n<meta property=\"og:type\" content=\"article\" \/>\n<meta property=\"og:title\" content=\"Unidade Central de Oleiros - Tribunal Judicial da Comarca de Castelo Branco\" \/>\n<meta property=\"og:description\" content=\"Unidade Central de Oleiros, Atas Distribui\u00e7\u00e3o Eletr\u00f3nica 2025 Outubro Tipo de distribui\u00e7\u00e3o: Judicial Di\u00e1ria Dia 27-Refer\u00eancia 22653, 28-Refer\u00eancia 22693 Novembro Tipo de distribui\u00e7\u00e3o: Judicial Di\u00e1ria Dia 03-Refer\u00eancia 22835, 06-Refer\u00eancia 22934,07-Refer\u00eancia 22960,\u00a011-Refer\u00eancia 23032,\u00a012-Refer\u00eancia 23066, 14-Refer\u00eancia 23119, 14-Refer\u00eancia 23109-Extraordin\u00e1ria,\u00a017-Refer\u00eancia 23169,\u00a019-Refer\u00eancia 23220, 20-Refer\u00eancia 23248,\u00a021-Refer\u00eancia 23364,\u00a024-Refer\u00eancia 23293, 25-Refer\u00eancia 23321, 27-Refer\u00eancia 23377, 28-Refer\u00eancia 23405 Dezembro Tipo de distribui\u00e7\u00e3o: Judicial Di\u00e1ria...\" \/>\n<meta property=\"og:url\" content=\"https:\/\/comarcas.csm.org.pt\/castelo-branco\/acomarca\/atas-distribuicao-eletronica-2025\/unidade-central-de-oleiros\/\" \/>\n<meta property=\"og:site_name\" content=\"Tribunal Judicial da Comarca de Castelo Branco\" \/>\n<meta property=\"article:modified_time\" content=\"2026-01-06T11:36:51+00:00\" \/>\n<meta name=\"twitter:card\" content=\"summary_large_image\" \/>\n<meta name=\"twitter:label1\" content=\"Tempo estimado de leitura\" \/>\n\t<meta name=\"twitter:data1\" content=\"1 minuto\" \/>\n<script type=\"application\/ld+json\" class=\"yoast-schema-graph\">{\"@context\":\"https:\/\/schema.org\",\"@graph\":[{\"@type\":\"WebPage\",\"@id\":\"https:\/\/comarcas.csm.org.pt\/castelo-branco\/acomarca\/atas-distribuicao-eletronica-2025\/unidade-central-de-oleiros\/\",\"url\":\"https:\/\/comarcas.csm.org.pt\/castelo-branco\/acomarca\/atas-distribuicao-eletronica-2025\/unidade-central-de-oleiros\/\",\"name\":\"Unidade Central de Oleiros - Tribunal Judicial da Comarca de Castelo Branco\",\"isPartOf\":{\"@id\":\"https:\/\/comarcas.csm.org.pt\/castelo-branco\/#website\"},\"datePublished\":\"2025-10-29T16:58:48+00:00\",\"dateModified\":\"2026-01-06T11:36:51+00:00\",\"breadcrumb\":{\"@id\":\"https:\/\/comarcas.csm.org.pt\/castelo-branco\/acomarca\/atas-distribuicao-eletronica-2025\/unidade-central-de-oleiros\/#breadcrumb\"},\"inLanguage\":\"pt-PT\",\"potentialAction\":[{\"@type\":\"ReadAction\",\"target\":[\"https:\/\/comarcas.csm.org.pt\/castelo-branco\/acomarca\/atas-distribuicao-eletronica-2025\/unidade-central-de-oleiros\/\"]}]},{\"@type\":\"BreadcrumbList\",\"@id\":\"https:\/\/comarcas.csm.org.pt\/castelo-branco\/acomarca\/atas-distribuicao-eletronica-2025\/unidade-central-de-oleiros\/#breadcrumb\",\"itemListElement\":[{\"@type\":\"ListItem\",\"position\":1,\"name\":\"In\u00edcio\",\"item\":\"https:\/\/comarcas.csm.org.pt\/castelo-branco\/\"},{\"@type\":\"ListItem\",\"position\":2,\"name\":\"A Comarca\",\"item\":\"https:\/\/comarcas.csm.org.pt\/castelo-branco\/acomarca\/\"},{\"@type\":\"ListItem\",\"position\":3,\"name\":\"Atas Distribui\u00e7\u00e3o Eletr\u00f3nica 2025\",\"item\":\"https:\/\/comarcas.csm.org.pt\/castelo-branco\/acomarca\/atas-distribuicao-eletronica-2025\/\"},{\"@type\":\"ListItem\",\"position\":4,\"name\":\"Unidade Central de Oleiros\"}]},{\"@type\":\"WebSite\",\"@id\":\"https:\/\/comarcas.csm.org.pt\/castelo-branco\/#website\",\"url\":\"https:\/\/comarcas.csm.org.pt\/castelo-branco\/\",\"name\":\"Tribunal Judicial da Comarca de Castelo Branco\",\"description\":\"Tribunal Judicial da Comarca de Aveiro\",\"publisher\":{\"@id\":\"https:\/\/comarcas.csm.org.pt\/castelo-branco\/#organization\"},\"potentialAction\":[{\"@type\":\"SearchAction\",\"target\":{\"@type\":\"EntryPoint\",\"urlTemplate\":\"https:\/\/comarcas.csm.org.pt\/castelo-branco\/?s={search_term_string}\"},\"query-input\":{\"@type\":\"PropertyValueSpecification\",\"valueRequired\":true,\"valueName\":\"search_term_string\"}}],\"inLanguage\":\"pt-PT\"},{\"@type\":\"Organization\",\"@id\":\"https:\/\/comarcas.csm.org.pt\/castelo-branco\/#organization\",\"name\":\"Tribunal Judicial da Comarca de Castelo Branco\",\"url\":\"https:\/\/comarcas.csm.org.pt\/castelo-branco\/\",\"logo\":{\"@type\":\"ImageObject\",\"inLanguage\":\"pt-PT\",\"@id\":\"https:\/\/comarcas.csm.org.pt\/castelo-branco\/#\/schema\/logo\/image\/\",\"url\":\"https:\/\/comarcas.csm.org.pt\/castelo-branco\/wp-content\/uploads\/sites\/11\/2024\/11\/C-Branco_positivo-horizontal.png\",\"contentUrl\":\"https:\/\/comarcas.csm.org.pt\/castelo-branco\/wp-content\/uploads\/sites\/11\/2024\/11\/C-Branco_positivo-horizontal.png\",\"width\":5388,\"height\":998,\"caption\":\"Tribunal Judicial da Comarca de Castelo Branco\"},\"image\":{\"@id\":\"https:\/\/comarcas.csm.org.pt\/castelo-branco\/#\/schema\/logo\/image\/\"}}]}<\/script>\n<!-- \/ Yoast SEO plugin. -->","yoast_head_json":{"title":"Unidade Central de Oleiros - Tribunal Judicial da Comarca de Castelo Branco","robots":{"index":"index","follow":"follow","max-snippet":"max-snippet:-1","max-image-preview":"max-image-preview:large","max-video-preview":"max-video-preview:-1"},"canonical":"https:\/\/comarcas.csm.org.pt\/castelo-branco\/acomarca\/atas-distribuicao-eletronica-2025\/unidade-central-de-oleiros\/","og_locale":"pt_PT","og_type":"article","og_title":"Unidade Central de Oleiros - Tribunal Judicial da Comarca de Castelo Branco","og_description":"Unidade Central de Oleiros, Atas Distribui\u00e7\u00e3o Eletr\u00f3nica 2025 Outubro Tipo de distribui\u00e7\u00e3o: Judicial Di\u00e1ria Dia 27-Refer\u00eancia 22653, 28-Refer\u00eancia 22693 Novembro Tipo de distribui\u00e7\u00e3o: Judicial Di\u00e1ria Dia 03-Refer\u00eancia 22835, 06-Refer\u00eancia 22934,07-Refer\u00eancia 22960,\u00a011-Refer\u00eancia 23032,\u00a012-Refer\u00eancia 23066, 14-Refer\u00eancia 23119, 14-Refer\u00eancia 23109-Extraordin\u00e1ria,\u00a017-Refer\u00eancia 23169,\u00a019-Refer\u00eancia 23220, 20-Refer\u00eancia 23248,\u00a021-Refer\u00eancia 23364,\u00a024-Refer\u00eancia 23293, 25-Refer\u00eancia 23321, 27-Refer\u00eancia 23377, 28-Refer\u00eancia 23405 Dezembro Tipo de distribui\u00e7\u00e3o: Judicial Di\u00e1ria...","og_url":"https:\/\/comarcas.csm.org.pt\/castelo-branco\/acomarca\/atas-distribuicao-eletronica-2025\/unidade-central-de-oleiros\/","og_site_name":"Tribunal Judicial da Comarca de Castelo Branco","article_modified_time":"2026-01-06T11:36:51+00:00","twitter_card":"summary_large_image","twitter_misc":{"Tempo estimado de leitura":"1 minuto"},"schema":{"@context":"https:\/\/schema.org","@graph":[{"@type":"WebPage","@id":"https:\/\/comarcas.csm.org.pt\/castelo-branco\/acomarca\/atas-distribuicao-eletronica-2025\/unidade-central-de-oleiros\/","url":"https:\/\/comarcas.csm.org.pt\/castelo-branco\/acomarca\/atas-distribuicao-eletronica-2025\/unidade-central-de-oleiros\/","name":"Unidade Central de Oleiros - Tribunal Judicial da Comarca de Castelo Branco","isPartOf":{"@id":"https:\/\/comarcas.csm.org.pt\/castelo-branco\/#website"},"datePublished":"2025-10-29T16:58:48+00:00","dateModified":"2026-01-06T11:36:51+00:00","breadcrumb":{"@id":"https:\/\/comarcas.csm.org.pt\/castelo-branco\/acomarca\/atas-distribuicao-eletronica-2025\/unidade-central-de-oleiros\/#breadcrumb"},"inLanguage":"pt-PT","potentialAction":[{"@type":"ReadAction","target":["https:\/\/comarcas.csm.org.pt\/castelo-branco\/acomarca\/atas-distribuicao-eletronica-2025\/unidade-central-de-oleiros\/"]}]},{"@type":"BreadcrumbList","@id":"https:\/\/comarcas.csm.org.pt\/castelo-branco\/acomarca\/atas-distribuicao-eletronica-2025\/unidade-central-de-oleiros\/#breadcrumb","itemListElement":[{"@type":"ListItem","position":1,"name":"In\u00edcio","item":"https:\/\/comarcas.csm.org.pt\/castelo-branco\/"},{"@type":"ListItem","position":2,"name":"A Comarca","item":"https:\/\/comarcas.csm.org.pt\/castelo-branco\/acomarca\/"},{"@type":"ListItem","position":3,"name":"Atas Distribui\u00e7\u00e3o Eletr\u00f3nica 2025","item":"https:\/\/comarcas.csm.org.pt\/castelo-branco\/acomarca\/atas-distribuicao-eletronica-2025\/"},{"@type":"ListItem","position":4,"name":"Unidade Central de Oleiros"}]},{"@type":"WebSite","@id":"https:\/\/comarcas.csm.org.pt\/castelo-branco\/#website","url":"https:\/\/comarcas.csm.org.pt\/castelo-branco\/","name":"Tribunal Judicial da Comarca de Castelo Branco","description":"Tribunal Judicial da Comarca de Aveiro","publisher":{"@id":"https:\/\/comarcas.csm.org.pt\/castelo-branco\/#organization"},"potentialAction":[{"@type":"SearchAction","target":{"@type":"EntryPoint","urlTemplate":"https:\/\/comarcas.csm.org.pt\/castelo-branco\/?s={search_term_string}"},"query-input":{"@type":"PropertyValueSpecification","valueRequired":true,"valueName":"search_term_string"}}],"inLanguage":"pt-PT"},{"@type":"Organization","@id":"https:\/\/comarcas.csm.org.pt\/castelo-branco\/#organization","name":"Tribunal Judicial da Comarca de Castelo Branco","url":"https:\/\/comarcas.csm.org.pt\/castelo-branco\/","logo":{"@type":"ImageObject","inLanguage":"pt-PT","@id":"https:\/\/comarcas.csm.org.pt\/castelo-branco\/#\/schema\/logo\/image\/","url":"https:\/\/comarcas.csm.org.pt\/castelo-branco\/wp-content\/uploads\/sites\/11\/2024\/11\/C-Branco_positivo-horizontal.png","contentUrl":"https:\/\/comarcas.csm.org.pt\/castelo-branco\/wp-content\/uploads\/sites\/11\/2024\/11\/C-Branco_positivo-horizontal.png","width":5388,"height":998,"caption":"Tribunal Judicial da Comarca de Castelo Branco"},"image":{"@id":"https:\/\/comarcas.csm.org.pt\/castelo-branco\/#\/schema\/logo\/image\/"}}]}},"_links":{"self":[{"href":"https:\/\/comarcas.csm.org.pt\/castelo-branco\/wp-json\/wp\/v2\/pages\/14562","targetHints":{"allow":["GET"]}}],"collection":[{"href":"https:\/\/comarcas.csm.org.pt\/castelo-branco\/wp-json\/wp\/v2\/pages"}],"about":[{"href":"https:\/\/comarcas.csm.org.pt\/castelo-branco\/wp-json\/wp\/v2\/types\/page"}],"author":[{"embeddable":true,"href":"https:\/\/comarcas.csm.org.pt\/castelo-branco\/wp-json\/wp\/v2\/users\/11"}],"replies":[{"embeddable":true,"href":"https:\/\/comarcas.csm.org.pt\/castelo-branco\/wp-json\/wp\/v2\/comments?post=14562"}],"version-history":[{"count":128,"href":"https:\/\/comarcas.csm.org.pt\/castelo-branco\/wp-json\/wp\/v2\/pages\/14562\/revisions"}],"predecessor-version":[{"id":16967,"href":"https:\/\/comarcas.csm.org.pt\/castelo-branco\/wp-json\/wp\/v2\/pages\/14562\/revisions\/16967"}],"up":[{"embeddable":true,"href":"https:\/\/comarcas.csm.org.pt\/castelo-branco\/wp-json\/wp\/v2\/pages\/14335"}],"wp:attachment":[{"href":"https:\/\/comarcas.csm.org.pt\/castelo-branco\/wp-json\/wp\/v2\/media?parent=14562"}],"curies":[{"name":"wp","href":"https:\/\/api.w.org\/{rel}","templated":true}]}}