{"id":15881,"date":"2026-01-06T14:30:20","date_gmt":"2026-01-06T14:30:20","guid":{"rendered":"https:\/\/comarcas.csm.org.pt\/castelo-branco\/?page_id=15881"},"modified":"2026-01-21T15:12:23","modified_gmt":"2026-01-21T15:12:23","slug":"unidade-central-da-covilha","status":"publish","type":"page","link":"https:\/\/comarcas.csm.org.pt\/castelo-branco\/acomarca\/atas-distribuicao-eletronica-2025\/unidade-central-da-covilha\/","title":{"rendered":"Unidade Central da Covilh\u00e3"},"content":{"rendered":"\t\t<div data-elementor-type=\"wp-page\" data-elementor-id=\"15881\" class=\"elementor elementor-15881\" data-elementor-post-type=\"page\">\n\t\t\t\t<div class=\"elementor-element elementor-element-1782e4f e-flex e-con-boxed e-con e-parent\" data-id=\"1782e4f\" data-element_type=\"container\">\n\t\t\t\t\t<div class=\"e-con-inner\">\n\t\t<div class=\"elementor-element elementor-element-9dfa475 e-con-full e-flex e-con e-child\" data-id=\"9dfa475\" data-element_type=\"container\">\n\t\t\t\t<div class=\"elementor-element elementor-element-c0c9e0d elementor-widget__width-initial elementor-widget elementor-widget-heading\" data-id=\"c0c9e0d\" data-element_type=\"widget\" data-widget_type=\"heading.default\">\n\t\t\t\t<div class=\"elementor-widget-container\">\n\t\t\t\t\t<h4 class=\"elementor-heading-title elementor-size-default\"><b><span>Unidade Central da Covilh\u00e3, Atas Distribui\u00e7\u00e3o Eletr\u00f3nica 2025<\/span><\/b><\/h4>\t\t\t\t<\/div>\n\t\t\t\t<\/div>\n\t\t\t\t<div class=\"elementor-element elementor-element-218b642 elementor-widget elementor-widget-text-editor\" data-id=\"218b642\" data-element_type=\"widget\" data-widget_type=\"text-editor.default\">\n\t\t\t\t<div class=\"elementor-widget-container\">\n\t\t\t\t\t\t\t\t\t<h4><strong>Outubro<\/strong><\/h4><div><h5 style=\"font-family: 'Advent Pro', sans-serif;color: #161616\"><strong>Tipo de distribui\u00e7\u00e3o: Judicial Di\u00e1ria<\/strong><\/h5><div><div style=\"margin-top: 0px;letter-spacing: 0.3px\"><span style=\"font-weight: bold;background-color: transparent;letter-spacing: 0.3px\">Dia<\/span><\/div><div style=\"letter-spacing: 0.3px\"><ul style=\"margin-top: 0px;margin-right: 0px;margin-left: 0px\"><li><a style=\"color: #161616\" href=\"https:\/\/comarcas.csm.org.pt\/castelo-branco\/wp-content\/uploads\/sites\/11\/2025\/10\/22598_2310.pdf\" target=\"_blank\" rel=\"noopener\"><span style=\"text-decoration: underline\">23-Refer\u00eancia 22598<\/span><\/a><span style=\"text-decoration: underline\">,<\/span>\u00a0<a style=\"color: #161616\" href=\"https:\/\/comarcas.csm.org.pt\/castelo-branco\/wp-content\/uploads\/sites\/11\/2025\/10\/22588_2310Extrordinaria.pdf\" target=\"_blank\" rel=\"noopener\"><u>23-Refer\u00eancia 22588-Extrordin\u00e1ria<\/u><\/a>,\u00a0<u><a style=\"color: #161616\" href=\"https:\/\/comarcas.csm.org.pt\/castelo-branco\/wp-content\/uploads\/sites\/11\/2025\/10\/28-Referencia-22691.pdf\" target=\"_blank\" rel=\"noopener\">28-Refer\u00eancia 22691<\/a><\/u>,\u00a0<span style=\"text-decoration: underline\"><a style=\"color: #161616;text-decoration: underline\" href=\"https:\/\/comarcas.csm.org.pt\/castelo-branco\/wp-content\/uploads\/sites\/11\/2025\/10\/28-Referencia-22698.pdf\" target=\"_blank\" rel=\"noopener\">28-Refer\u00eancia 22698-Extrordin\u00e1ria<\/a><\/span>,\u00a0<u><a style=\"color: #161616\" href=\"https:\/\/comarcas.csm.org.pt\/castelo-branco\/wp-content\/uploads\/sites\/11\/2025\/10\/29-Referencia_22720.pdf\" target=\"_blank\" rel=\"noopener\">29-Refer\u00eancia 22720<\/a><\/u>,\u00a0<span style=\"text-decoration: underline\"><a style=\"color: #161616;text-decoration: underline\" href=\"https:\/\/comarcas.csm.org.pt\/castelo-branco\/wp-content\/uploads\/sites\/11\/2025\/10\/30-Referencia-22743.pdf\" target=\"_blank\" rel=\"noopener\">30-Refer\u00eancia 22743<\/a><\/span>,\u00a0<span style=\"text-decoration: underline\"><a style=\"color: #161616;text-decoration: underline\" href=\"https:\/\/comarcas.csm.org.pt\/castelo-branco\/wp-content\/uploads\/sites\/11\/2025\/11\/31-Referencia-22792.pdf\" target=\"_blank\" rel=\"noopener\">31-Refer\u00eancia 22792<\/a><\/span><\/li><\/ul><\/div><\/div><\/div>\t\t\t\t\t\t\t\t<\/div>\n\t\t\t\t<\/div>\n\t\t\t\t<div class=\"elementor-element elementor-element-d30f844 elementor-widget elementor-widget-text-editor\" data-id=\"d30f844\" data-element_type=\"widget\" data-widget_type=\"text-editor.default\">\n\t\t\t\t<div class=\"elementor-widget-container\">\n\t\t\t\t\t\t\t\t\t<h4><strong>Novembro<\/strong><\/h4><div><h5 style=\"font-family: 'Advent Pro', sans-serif;color: #161616\"><strong>Tipo de distribui\u00e7\u00e3o: Judicial Di\u00e1ria<\/strong><\/h5><div><div style=\"margin-top: 0px;letter-spacing: 0.3px\"><span style=\"font-weight: bold;background-color: transparent;letter-spacing: 0.3px\">Dia<\/span><\/div><div style=\"letter-spacing: 0.3px\"><ul style=\"margin-top: 0px;margin-right: 0px;margin-left: 0px\"><li><span style=\"text-decoration: underline\"><a href=\"https:\/\/comarcas.csm.org.pt\/castelo-branco\/wp-content\/uploads\/sites\/11\/2025\/11\/03-Referencia-22825.pdf\" target=\"_blank\" rel=\"noopener\">03-Refer\u00eancia 22825<\/a><\/span>, <span style=\"text-decoration: underline\"><a href=\"https:\/\/comarcas.csm.org.pt\/castelo-branco\/wp-content\/uploads\/sites\/11\/2025\/11\/04-Referencia-22858.pdf\" target=\"_blank\" rel=\"noopener\">04-Refer\u00eancia 22858<\/a><\/span>, <span style=\"text-decoration: underline\"><a href=\"https:\/\/comarcas.csm.org.pt\/castelo-branco\/wp-content\/uploads\/sites\/11\/2025\/11\/05-Referencia-22890.pdf\" target=\"_blank\" rel=\"noopener\">05-Refer\u00eancia 22890<\/a><\/span>,<span style=\"text-decoration: underline\"><a href=\"https:\/\/comarcas.csm.org.pt\/castelo-branco\/wp-content\/uploads\/sites\/11\/2025\/11\/06-Referencia-22933.pdf\" target=\"_blank\" rel=\"noopener\">06-Refer\u00eancia 22933<\/a><\/span>, <span style=\"text-decoration: underline\"><a href=\"https:\/\/comarcas.csm.org.pt\/castelo-branco\/wp-content\/uploads\/sites\/11\/2025\/11\/07-Referencia-22959.pdf\" target=\"_blank\" rel=\"noopener\">07-Refer\u00eancia 22959<\/a><\/span>,\u00a0<span style=\"text-decoration: underline\"><a href=\"https:\/\/comarcas.csm.org.pt\/castelo-branco\/wp-content\/uploads\/sites\/11\/2025\/11\/10-Referencia-23002.pdf\" target=\"_blank\" rel=\"noopener\">10-Refer\u00eancia 23002<\/a><\/span>, <span style=\"text-decoration: underline\"><a href=\"https:\/\/comarcas.csm.org.pt\/castelo-branco\/wp-content\/uploads\/sites\/11\/2025\/11\/11-Referencia-23030.pdf\" target=\"_blank\" rel=\"noopener\">11-Refer\u00eancia 23030<\/a><\/span>,\u00a0<span style=\"text-decoration: underline\"><a href=\"https:\/\/comarcas.csm.org.pt\/castelo-branco\/wp-content\/uploads\/sites\/11\/2025\/11\/12-Referencia-23060.pdf\" target=\"_blank\" rel=\"noopener\">12-Refer\u00eancia 23060<\/a><\/span>,\u00a0<span style=\"text-decoration: underline\"><a href=\"https:\/\/comarcas.csm.org.pt\/castelo-branco\/wp-content\/uploads\/sites\/11\/2025\/11\/13-Referencia-23088.pdf\" target=\"_blank\" rel=\"noopener\">13-Refer\u00eancia 23088<\/a><\/span>,\u00a0<span style=\"text-decoration: underline\"><a href=\"https:\/\/comarcas.csm.org.pt\/castelo-branco\/wp-content\/uploads\/sites\/11\/2025\/11\/14-Referencia-23111.pdf\" target=\"_blank\" rel=\"noopener\">14-Refer\u00eancia 23111<\/a><\/span>,\u00a0<span style=\"text-decoration: underline\"><a href=\"https:\/\/comarcas.csm.org.pt\/castelo-branco\/wp-content\/uploads\/sites\/11\/2025\/11\/17-Referencia-23177.pdf\" target=\"_blank\" rel=\"noopener\">17-Refer\u00eancia 23177<\/a><\/span>,\u00a0<span style=\"text-decoration: underline\"><a href=\"https:\/\/comarcas.csm.org.pt\/castelo-branco\/wp-content\/uploads\/sites\/11\/2025\/11\/18-Referencia-23195.pdf\" target=\"_blank\" rel=\"noopener\">18-Refer\u00eancia 23195<\/a><\/span>,\u00a0<span style=\"text-decoration: underline\"><a href=\"https:\/\/comarcas.csm.org.pt\/castelo-branco\/wp-content\/uploads\/sites\/11\/2025\/11\/19-Referencia-23222.pdf\" target=\"_blank\" rel=\"noopener\">19-Refer\u00eancia 23222<\/a><\/span>, <span style=\"text-decoration: underline\"><a href=\"https:\/\/comarcas.csm.org.pt\/castelo-branco\/wp-content\/uploads\/sites\/11\/2025\/11\/20-Referencia-23246.pdf\" target=\"_blank\" rel=\"noopener\">20-Refer\u00eancia 23246<\/a><\/span>, <span style=\"text-decoration: underline\"><a href=\"https:\/\/comarcas.csm.org.pt\/castelo-branco\/wp-content\/uploads\/sites\/11\/2025\/11\/20-Referencia-23243-Extraordinaria.pdf\" target=\"_blank\" rel=\"noopener\">20-Refer\u00eancia 23243-Extraordin\u00e1ria<\/a><\/span>,\u00a0<span style=\"text-decoration: underline\"><a href=\"https:\/\/comarcas.csm.org.pt\/castelo-branco\/wp-content\/uploads\/sites\/11\/2025\/11\/21-Referencia-23367.pdf\" target=\"_blank\" rel=\"noopener\">21-Refer\u00eancia 23267<\/a><\/span>, <span style=\"text-decoration: underline\"><a href=\"https:\/\/comarcas.csm.org.pt\/castelo-branco\/wp-content\/uploads\/sites\/11\/2025\/11\/24-Referencia-23300.pdf\" target=\"_blank\" rel=\"noopener\">24-Refer\u00eancia 23300<\/a><\/span>,\u00a0<span style=\"text-decoration: underline\"><a href=\"https:\/\/comarcas.csm.org.pt\/castelo-branco\/wp-content\/uploads\/sites\/11\/2025\/11\/25-Referencia-23327.pdf\" target=\"_blank\" rel=\"noopener\">25-Refer\u00eancia 23327<\/a><\/span>,\u00a0<span style=\"text-decoration: underline\"><a href=\"https:\/\/comarcas.csm.org.pt\/castelo-branco\/wp-content\/uploads\/sites\/11\/2025\/11\/26-Referencia-23350.pdf\" target=\"_blank\" rel=\"noopener\">26-Refer\u00eancia 23350<\/a><\/span>,\u00a0<span style=\"text-decoration: underline\"><a href=\"https:\/\/comarcas.csm.org.pt\/castelo-branco\/wp-content\/uploads\/sites\/11\/2025\/12\/27-Referencia-23385.pdf\" target=\"_blank\" rel=\"noopener\">27-Refer\u00eancia 23385<\/a><\/span>, <span style=\"text-decoration: underline\"><a href=\"https:\/\/comarcas.csm.org.pt\/castelo-branco\/wp-content\/uploads\/sites\/11\/2025\/12\/28-Referencia-23402.pdf\" target=\"_blank\" rel=\"noopener\">28-Refer\u00eancia 23402<\/a><\/span><\/li><\/ul><\/div><\/div><\/div>\t\t\t\t\t\t\t\t<\/div>\n\t\t\t\t<\/div>\n\t\t\t\t<div class=\"elementor-element elementor-element-ed21bb6 elementor-widget elementor-widget-text-editor\" data-id=\"ed21bb6\" data-element_type=\"widget\" data-widget_type=\"text-editor.default\">\n\t\t\t\t<div class=\"elementor-widget-container\">\n\t\t\t\t\t\t\t\t\t<h4><strong>Dezembro<\/strong><\/h4><div><h5 style=\"font-family: 'Advent Pro', sans-serif;color: #161616\"><strong>Tipo de distribui\u00e7\u00e3o: Judicial Di\u00e1ria<\/strong><\/h5><div><div style=\"margin-top: 0px;letter-spacing: 0.3px\"><span style=\"font-weight: bold;background-color: transparent;letter-spacing: 0.3px\">Dia<\/span><\/div><div style=\"letter-spacing: 0.3px\"><ul style=\"margin-top: 0px;margin-right: 0px;margin-left: 0px\"><li><span style=\"text-decoration: underline\"><a href=\"https:\/\/comarcas.csm.org.pt\/castelo-branco\/wp-content\/uploads\/sites\/11\/2025\/12\/02-Referencia-23443-1.pdf\" target=\"_blank\" rel=\"noopener\">02-Refer\u00eancia 23443<\/a><\/span>, <span style=\"text-decoration: underline\"><a href=\"https:\/\/comarcas.csm.org.pt\/castelo-branco\/wp-content\/uploads\/sites\/11\/2025\/12\/03-Referencia-23475-1.pdf\" target=\"_blank\" rel=\"noopener\">03-Refer\u00eancia 23475<\/a><\/span>,<span style=\"text-decoration: underline\"><a href=\"https:\/\/comarcas.csm.org.pt\/castelo-branco\/wp-content\/uploads\/sites\/11\/2025\/12\/04-Referencia-23506.pdf\" target=\"_blank\" rel=\"noopener\">04-Refer\u00eancia 23506<\/a><\/span>,\u00a0<span style=\"text-decoration: underline\"><a href=\"https:\/\/comarcas.csm.org.pt\/castelo-branco\/wp-content\/uploads\/sites\/11\/2025\/12\/05-Referencia-23533.pdf\" target=\"_blank\" rel=\"noopener\">05-Refer\u00eancia 23533<\/a><\/span>,\u00a0<span style=\"text-decoration: underline\"><a href=\"https:\/\/comarcas.csm.org.pt\/castelo-branco\/wp-content\/uploads\/sites\/11\/2025\/12\/09-Referencia-23575.pdf\" target=\"_blank\" rel=\"noopener\">09-Refer\u00eancia 23575<\/a><\/span>,\u00a0<span style=\"text-decoration: underline\"><a href=\"https:\/\/comarcas.csm.org.pt\/castelo-branco\/wp-content\/uploads\/sites\/11\/2025\/12\/10-Referencia-23591.pdf\" target=\"_blank\" rel=\"noopener\">10-Refer\u00eancia 23591<\/a><\/span>,\u00a0<span style=\"text-decoration: underline\"><a href=\"https:\/\/comarcas.csm.org.pt\/castelo-branco\/wp-content\/uploads\/sites\/11\/2025\/12\/12-Referencia-23633.pdf\" target=\"_blank\" rel=\"noopener\">12-Refer\u00eancia 23633<\/a><\/span>,\u00a0<span style=\"text-decoration: underline\"><a href=\"https:\/\/comarcas.csm.org.pt\/castelo-branco\/wp-content\/uploads\/sites\/11\/2025\/12\/15-Referencia-23657.pdf\" target=\"_blank\" rel=\"noopener\">15-Refer\u00eancia 23657<\/a><\/span>,\u00a0<span style=\"text-decoration: underline\"><a href=\"https:\/\/comarcas.csm.org.pt\/castelo-branco\/wp-content\/uploads\/sites\/11\/2025\/12\/16-Referencia-23699.pdf\" target=\"_blank\" rel=\"noopener\">16-Refer\u00eancia 23699<\/a><\/span>,\u00a0<span style=\"text-decoration: underline\"><a href=\"https:\/\/comarcas.csm.org.pt\/castelo-branco\/wp-content\/uploads\/sites\/11\/2026\/01\/17-Referencia-24725.pdf\" target=\"_blank\" rel=\"noopener\">17-Refer\u00eancia 24725<\/a><\/span>, <span style=\"text-decoration: underline\"><a href=\"https:\/\/comarcas.csm.org.pt\/castelo-branco\/wp-content\/uploads\/sites\/11\/2026\/01\/18-Referencia-24756.pdf\" target=\"_blank\" rel=\"noopener\">18-Refer\u00eancia 24756<\/a><\/span>,\u00a0<span style=\"text-decoration: underline\"><a href=\"https:\/\/comarcas.csm.org.pt\/castelo-branco\/wp-content\/uploads\/sites\/11\/2026\/01\/19-Referencia-24782.pdf\" target=\"_blank\" rel=\"noopener\">19-Refer\u00eancia 24782<\/a><\/span><\/li><\/ul><\/div><\/div><\/div>\t\t\t\t\t\t\t\t<\/div>\n\t\t\t\t<\/div>\n\t\t\t\t<\/div>\n\t\t<div class=\"elementor-element elementor-element-c9c55a8 e-con-full e-flex e-con e-child\" data-id=\"c9c55a8\" data-element_type=\"container\">\n\t\t<div class=\"elementor-element elementor-element-4731b90 e-con-full e-flex e-con e-child\" data-id=\"4731b90\" data-element_type=\"container\">\n\t\t\t\t<div class=\"elementor-element elementor-element-208fbbe elementor-widget elementor-widget-google_maps\" data-id=\"208fbbe\" data-element_type=\"widget\" data-widget_type=\"google_maps.default\">\n\t\t\t\t<div class=\"elementor-widget-container\">\n\t\t\t\t\t\t\t<div class=\"elementor-custom-embed\">\n\t\t\t<iframe loading=\"lazy\"\n\t\t\t\t\tsrc=\"https:\/\/www.google.com\/maps\/embed\/v1\/place?key=AIzaSyDhSoLeftGxfg7Tvco7SEUCY-Cc_XLDY3c&#038;q=Tribunal%20da%20Covilh%C3%A3&#038;zoom=15\"\n\t\t\t\t\ttitle=\"Tribunal da Covilh\u00e3\"\n\t\t\t\t\taria-label=\"Tribunal da Covilh\u00e3\"\n\t\t\t><\/iframe>\n\t\t<\/div>\n\t\t\t\t\t\t<\/div>\n\t\t\t\t<\/div>\n\t\t\t\t<\/div>\n\t\t\t\t<\/div>\n\t\t\t\t\t<\/div>\n\t\t\t\t<\/div>\n\t\t\t\t<\/div>\n\t\t","protected":false},"excerpt":{"rendered":"<p>Unidade Central da Covilh\u00e3, Atas Distribui\u00e7\u00e3o Eletr\u00f3nica 2025 Outubro Tipo de distribui\u00e7\u00e3o: Judicial Di\u00e1ria Dia 23-Refer\u00eancia 22598,\u00a023-Refer\u00eancia 22588-Extrordin\u00e1ria,\u00a028-Refer\u00eancia 22691,\u00a028-Refer\u00eancia 22698-Extrordin\u00e1ria,\u00a029-Refer\u00eancia 22720,\u00a030-Refer\u00eancia 22743,\u00a031-Refer\u00eancia 22792 Novembro Tipo de distribui\u00e7\u00e3o: Judicial Di\u00e1ria Dia 03-Refer\u00eancia 22825, 04-Refer\u00eancia 22858, 05-Refer\u00eancia 22890,06-Refer\u00eancia 22933, 07-Refer\u00eancia 22959,\u00a010-Refer\u00eancia 23002, 11-Refer\u00eancia 23030,\u00a012-Refer\u00eancia 23060,\u00a013-Refer\u00eancia 23088,\u00a014-Refer\u00eancia 23111,\u00a017-Refer\u00eancia 23177,\u00a018-Refer\u00eancia 23195,\u00a019-Refer\u00eancia 23222, 20-Refer\u00eancia 23246, 20-Refer\u00eancia 23243-Extraordin\u00e1ria,\u00a021-Refer\u00eancia 23267, 24-Refer\u00eancia 23300,\u00a025-Refer\u00eancia&#8230;<\/p>\n","protected":false},"author":11,"featured_media":0,"parent":14335,"menu_order":0,"comment_status":"closed","ping_status":"closed","template":"","meta":{"_tbt_post_transparent":"","_tbt_post_title":"hide","_tbt_post_layout":"fullwidth","_tbt_post_sidebar_id":"","_tbt_post_content_style":"unboxed","_tbt_post_vertical_padding":"hide","_tbt_post_feature":"hide","_tbt_post_feature_position":"","_tbt_post_header":false,"_tbt_post_footer":false},"class_list":["post-15881","page","type-page","status-publish","hentry"],"yoast_head":"<!-- This site is optimized with the Yoast SEO plugin v25.6 - https:\/\/yoast.com\/wordpress\/plugins\/seo\/ -->\n<title>Unidade Central da Covilh\u00e3 - Tribunal Judicial da Comarca de Castelo Branco<\/title>\n<meta name=\"robots\" content=\"index, follow, max-snippet:-1, max-image-preview:large, max-video-preview:-1\" \/>\n<link rel=\"canonical\" href=\"https:\/\/comarcas.csm.org.pt\/castelo-branco\/acomarca\/atas-distribuicao-eletronica-2025\/unidade-central-da-covilha\/\" \/>\n<meta property=\"og:locale\" content=\"pt_PT\" \/>\n<meta property=\"og:type\" content=\"article\" \/>\n<meta property=\"og:title\" content=\"Unidade Central da Covilh\u00e3 - Tribunal Judicial da Comarca de Castelo Branco\" \/>\n<meta property=\"og:description\" content=\"Unidade Central da Covilh\u00e3, Atas Distribui\u00e7\u00e3o Eletr\u00f3nica 2025 Outubro Tipo de distribui\u00e7\u00e3o: Judicial Di\u00e1ria Dia 23-Refer\u00eancia 22598,\u00a023-Refer\u00eancia 22588-Extrordin\u00e1ria,\u00a028-Refer\u00eancia 22691,\u00a028-Refer\u00eancia 22698-Extrordin\u00e1ria,\u00a029-Refer\u00eancia 22720,\u00a030-Refer\u00eancia 22743,\u00a031-Refer\u00eancia 22792 Novembro Tipo de distribui\u00e7\u00e3o: Judicial Di\u00e1ria Dia 03-Refer\u00eancia 22825, 04-Refer\u00eancia 22858, 05-Refer\u00eancia 22890,06-Refer\u00eancia 22933, 07-Refer\u00eancia 22959,\u00a010-Refer\u00eancia 23002, 11-Refer\u00eancia 23030,\u00a012-Refer\u00eancia 23060,\u00a013-Refer\u00eancia 23088,\u00a014-Refer\u00eancia 23111,\u00a017-Refer\u00eancia 23177,\u00a018-Refer\u00eancia 23195,\u00a019-Refer\u00eancia 23222, 20-Refer\u00eancia 23246, 20-Refer\u00eancia 23243-Extraordin\u00e1ria,\u00a021-Refer\u00eancia 23267, 24-Refer\u00eancia 23300,\u00a025-Refer\u00eancia...\" \/>\n<meta property=\"og:url\" content=\"https:\/\/comarcas.csm.org.pt\/castelo-branco\/acomarca\/atas-distribuicao-eletronica-2025\/unidade-central-da-covilha\/\" \/>\n<meta property=\"og:site_name\" content=\"Tribunal Judicial da Comarca de Castelo Branco\" \/>\n<meta property=\"article:modified_time\" content=\"2026-01-21T15:12:23+00:00\" \/>\n<meta name=\"twitter:card\" content=\"summary_large_image\" \/>\n<meta name=\"twitter:label1\" content=\"Tempo estimado de leitura\" \/>\n\t<meta name=\"twitter:data1\" content=\"1 minuto\" \/>\n<script type=\"application\/ld+json\" class=\"yoast-schema-graph\">{\"@context\":\"https:\/\/schema.org\",\"@graph\":[{\"@type\":\"WebPage\",\"@id\":\"https:\/\/comarcas.csm.org.pt\/castelo-branco\/acomarca\/atas-distribuicao-eletronica-2025\/unidade-central-da-covilha\/\",\"url\":\"https:\/\/comarcas.csm.org.pt\/castelo-branco\/acomarca\/atas-distribuicao-eletronica-2025\/unidade-central-da-covilha\/\",\"name\":\"Unidade Central da Covilh\u00e3 - Tribunal Judicial da Comarca de Castelo Branco\",\"isPartOf\":{\"@id\":\"https:\/\/comarcas.csm.org.pt\/castelo-branco\/#website\"},\"datePublished\":\"2026-01-06T14:30:20+00:00\",\"dateModified\":\"2026-01-21T15:12:23+00:00\",\"breadcrumb\":{\"@id\":\"https:\/\/comarcas.csm.org.pt\/castelo-branco\/acomarca\/atas-distribuicao-eletronica-2025\/unidade-central-da-covilha\/#breadcrumb\"},\"inLanguage\":\"pt-PT\",\"potentialAction\":[{\"@type\":\"ReadAction\",\"target\":[\"https:\/\/comarcas.csm.org.pt\/castelo-branco\/acomarca\/atas-distribuicao-eletronica-2025\/unidade-central-da-covilha\/\"]}]},{\"@type\":\"BreadcrumbList\",\"@id\":\"https:\/\/comarcas.csm.org.pt\/castelo-branco\/acomarca\/atas-distribuicao-eletronica-2025\/unidade-central-da-covilha\/#breadcrumb\",\"itemListElement\":[{\"@type\":\"ListItem\",\"position\":1,\"name\":\"In\u00edcio\",\"item\":\"https:\/\/comarcas.csm.org.pt\/castelo-branco\/\"},{\"@type\":\"ListItem\",\"position\":2,\"name\":\"A Comarca\",\"item\":\"https:\/\/comarcas.csm.org.pt\/castelo-branco\/acomarca\/\"},{\"@type\":\"ListItem\",\"position\":3,\"name\":\"Atas Distribui\u00e7\u00e3o Eletr\u00f3nica 2025\",\"item\":\"https:\/\/comarcas.csm.org.pt\/castelo-branco\/acomarca\/atas-distribuicao-eletronica-2025\/\"},{\"@type\":\"ListItem\",\"position\":4,\"name\":\"Unidade Central da Covilh\u00e3\"}]},{\"@type\":\"WebSite\",\"@id\":\"https:\/\/comarcas.csm.org.pt\/castelo-branco\/#website\",\"url\":\"https:\/\/comarcas.csm.org.pt\/castelo-branco\/\",\"name\":\"Tribunal Judicial da Comarca de Castelo Branco\",\"description\":\"Tribunal Judicial da Comarca de Aveiro\",\"publisher\":{\"@id\":\"https:\/\/comarcas.csm.org.pt\/castelo-branco\/#organization\"},\"potentialAction\":[{\"@type\":\"SearchAction\",\"target\":{\"@type\":\"EntryPoint\",\"urlTemplate\":\"https:\/\/comarcas.csm.org.pt\/castelo-branco\/?s={search_term_string}\"},\"query-input\":{\"@type\":\"PropertyValueSpecification\",\"valueRequired\":true,\"valueName\":\"search_term_string\"}}],\"inLanguage\":\"pt-PT\"},{\"@type\":\"Organization\",\"@id\":\"https:\/\/comarcas.csm.org.pt\/castelo-branco\/#organization\",\"name\":\"Tribunal Judicial da Comarca de Castelo Branco\",\"url\":\"https:\/\/comarcas.csm.org.pt\/castelo-branco\/\",\"logo\":{\"@type\":\"ImageObject\",\"inLanguage\":\"pt-PT\",\"@id\":\"https:\/\/comarcas.csm.org.pt\/castelo-branco\/#\/schema\/logo\/image\/\",\"url\":\"https:\/\/comarcas.csm.org.pt\/castelo-branco\/wp-content\/uploads\/sites\/11\/2024\/11\/C-Branco_positivo-horizontal.png\",\"contentUrl\":\"https:\/\/comarcas.csm.org.pt\/castelo-branco\/wp-content\/uploads\/sites\/11\/2024\/11\/C-Branco_positivo-horizontal.png\",\"width\":5388,\"height\":998,\"caption\":\"Tribunal Judicial da Comarca de Castelo Branco\"},\"image\":{\"@id\":\"https:\/\/comarcas.csm.org.pt\/castelo-branco\/#\/schema\/logo\/image\/\"}}]}<\/script>\n<!-- \/ Yoast SEO plugin. -->","yoast_head_json":{"title":"Unidade Central da Covilh\u00e3 - Tribunal Judicial da Comarca de Castelo Branco","robots":{"index":"index","follow":"follow","max-snippet":"max-snippet:-1","max-image-preview":"max-image-preview:large","max-video-preview":"max-video-preview:-1"},"canonical":"https:\/\/comarcas.csm.org.pt\/castelo-branco\/acomarca\/atas-distribuicao-eletronica-2025\/unidade-central-da-covilha\/","og_locale":"pt_PT","og_type":"article","og_title":"Unidade Central da Covilh\u00e3 - Tribunal Judicial da Comarca de Castelo Branco","og_description":"Unidade Central da Covilh\u00e3, Atas Distribui\u00e7\u00e3o Eletr\u00f3nica 2025 Outubro Tipo de distribui\u00e7\u00e3o: Judicial Di\u00e1ria Dia 23-Refer\u00eancia 22598,\u00a023-Refer\u00eancia 22588-Extrordin\u00e1ria,\u00a028-Refer\u00eancia 22691,\u00a028-Refer\u00eancia 22698-Extrordin\u00e1ria,\u00a029-Refer\u00eancia 22720,\u00a030-Refer\u00eancia 22743,\u00a031-Refer\u00eancia 22792 Novembro Tipo de distribui\u00e7\u00e3o: Judicial Di\u00e1ria Dia 03-Refer\u00eancia 22825, 04-Refer\u00eancia 22858, 05-Refer\u00eancia 22890,06-Refer\u00eancia 22933, 07-Refer\u00eancia 22959,\u00a010-Refer\u00eancia 23002, 11-Refer\u00eancia 23030,\u00a012-Refer\u00eancia 23060,\u00a013-Refer\u00eancia 23088,\u00a014-Refer\u00eancia 23111,\u00a017-Refer\u00eancia 23177,\u00a018-Refer\u00eancia 23195,\u00a019-Refer\u00eancia 23222, 20-Refer\u00eancia 23246, 20-Refer\u00eancia 23243-Extraordin\u00e1ria,\u00a021-Refer\u00eancia 23267, 24-Refer\u00eancia 23300,\u00a025-Refer\u00eancia...","og_url":"https:\/\/comarcas.csm.org.pt\/castelo-branco\/acomarca\/atas-distribuicao-eletronica-2025\/unidade-central-da-covilha\/","og_site_name":"Tribunal Judicial da Comarca de Castelo Branco","article_modified_time":"2026-01-21T15:12:23+00:00","twitter_card":"summary_large_image","twitter_misc":{"Tempo estimado de leitura":"1 minuto"},"schema":{"@context":"https:\/\/schema.org","@graph":[{"@type":"WebPage","@id":"https:\/\/comarcas.csm.org.pt\/castelo-branco\/acomarca\/atas-distribuicao-eletronica-2025\/unidade-central-da-covilha\/","url":"https:\/\/comarcas.csm.org.pt\/castelo-branco\/acomarca\/atas-distribuicao-eletronica-2025\/unidade-central-da-covilha\/","name":"Unidade Central da Covilh\u00e3 - Tribunal Judicial da Comarca de Castelo Branco","isPartOf":{"@id":"https:\/\/comarcas.csm.org.pt\/castelo-branco\/#website"},"datePublished":"2026-01-06T14:30:20+00:00","dateModified":"2026-01-21T15:12:23+00:00","breadcrumb":{"@id":"https:\/\/comarcas.csm.org.pt\/castelo-branco\/acomarca\/atas-distribuicao-eletronica-2025\/unidade-central-da-covilha\/#breadcrumb"},"inLanguage":"pt-PT","potentialAction":[{"@type":"ReadAction","target":["https:\/\/comarcas.csm.org.pt\/castelo-branco\/acomarca\/atas-distribuicao-eletronica-2025\/unidade-central-da-covilha\/"]}]},{"@type":"BreadcrumbList","@id":"https:\/\/comarcas.csm.org.pt\/castelo-branco\/acomarca\/atas-distribuicao-eletronica-2025\/unidade-central-da-covilha\/#breadcrumb","itemListElement":[{"@type":"ListItem","position":1,"name":"In\u00edcio","item":"https:\/\/comarcas.csm.org.pt\/castelo-branco\/"},{"@type":"ListItem","position":2,"name":"A Comarca","item":"https:\/\/comarcas.csm.org.pt\/castelo-branco\/acomarca\/"},{"@type":"ListItem","position":3,"name":"Atas Distribui\u00e7\u00e3o Eletr\u00f3nica 2025","item":"https:\/\/comarcas.csm.org.pt\/castelo-branco\/acomarca\/atas-distribuicao-eletronica-2025\/"},{"@type":"ListItem","position":4,"name":"Unidade Central da Covilh\u00e3"}]},{"@type":"WebSite","@id":"https:\/\/comarcas.csm.org.pt\/castelo-branco\/#website","url":"https:\/\/comarcas.csm.org.pt\/castelo-branco\/","name":"Tribunal Judicial da Comarca de Castelo Branco","description":"Tribunal Judicial da Comarca de Aveiro","publisher":{"@id":"https:\/\/comarcas.csm.org.pt\/castelo-branco\/#organization"},"potentialAction":[{"@type":"SearchAction","target":{"@type":"EntryPoint","urlTemplate":"https:\/\/comarcas.csm.org.pt\/castelo-branco\/?s={search_term_string}"},"query-input":{"@type":"PropertyValueSpecification","valueRequired":true,"valueName":"search_term_string"}}],"inLanguage":"pt-PT"},{"@type":"Organization","@id":"https:\/\/comarcas.csm.org.pt\/castelo-branco\/#organization","name":"Tribunal Judicial da Comarca de Castelo Branco","url":"https:\/\/comarcas.csm.org.pt\/castelo-branco\/","logo":{"@type":"ImageObject","inLanguage":"pt-PT","@id":"https:\/\/comarcas.csm.org.pt\/castelo-branco\/#\/schema\/logo\/image\/","url":"https:\/\/comarcas.csm.org.pt\/castelo-branco\/wp-content\/uploads\/sites\/11\/2024\/11\/C-Branco_positivo-horizontal.png","contentUrl":"https:\/\/comarcas.csm.org.pt\/castelo-branco\/wp-content\/uploads\/sites\/11\/2024\/11\/C-Branco_positivo-horizontal.png","width":5388,"height":998,"caption":"Tribunal Judicial da Comarca de Castelo Branco"},"image":{"@id":"https:\/\/comarcas.csm.org.pt\/castelo-branco\/#\/schema\/logo\/image\/"}}]}},"_links":{"self":[{"href":"https:\/\/comarcas.csm.org.pt\/castelo-branco\/wp-json\/wp\/v2\/pages\/15881","targetHints":{"allow":["GET"]}}],"collection":[{"href":"https:\/\/comarcas.csm.org.pt\/castelo-branco\/wp-json\/wp\/v2\/pages"}],"about":[{"href":"https:\/\/comarcas.csm.org.pt\/castelo-branco\/wp-json\/wp\/v2\/types\/page"}],"author":[{"embeddable":true,"href":"https:\/\/comarcas.csm.org.pt\/castelo-branco\/wp-json\/wp\/v2\/users\/11"}],"replies":[{"embeddable":true,"href":"https:\/\/comarcas.csm.org.pt\/castelo-branco\/wp-json\/wp\/v2\/comments?post=15881"}],"version-history":[{"count":7,"href":"https:\/\/comarcas.csm.org.pt\/castelo-branco\/wp-json\/wp\/v2\/pages\/15881\/revisions"}],"predecessor-version":[{"id":16977,"href":"https:\/\/comarcas.csm.org.pt\/castelo-branco\/wp-json\/wp\/v2\/pages\/15881\/revisions\/16977"}],"up":[{"embeddable":true,"href":"https:\/\/comarcas.csm.org.pt\/castelo-branco\/wp-json\/wp\/v2\/pages\/14335"}],"wp:attachment":[{"href":"https:\/\/comarcas.csm.org.pt\/castelo-branco\/wp-json\/wp\/v2\/media?parent=15881"}],"curies":[{"name":"wp","href":"https:\/\/api.w.org\/{rel}","templated":true}]}}