{"id":15899,"date":"2026-01-06T14:51:43","date_gmt":"2026-01-06T14:51:43","guid":{"rendered":"https:\/\/comarcas.csm.org.pt\/castelo-branco\/?page_id=15899"},"modified":"2026-04-30T13:57:02","modified_gmt":"2026-04-30T12:57:02","slug":"unidade-central-de-castelo-branco-2026","status":"publish","type":"page","link":"https:\/\/comarcas.csm.org.pt\/castelo-branco\/acomarca\/atas-distribuicao-eletronica-2025\/unidade-central-de-castelo-branco-2026\/","title":{"rendered":"Unidade Central de Castelo Branco 2026"},"content":{"rendered":"\t\t<div data-elementor-type=\"wp-page\" data-elementor-id=\"15899\" class=\"elementor elementor-15899\" data-elementor-post-type=\"page\">\n\t\t\t\t<div class=\"elementor-element elementor-element-1782e4f e-flex e-con-boxed e-con e-parent\" data-id=\"1782e4f\" data-element_type=\"container\">\n\t\t\t\t\t<div class=\"e-con-inner\">\n\t\t<div class=\"elementor-element elementor-element-9dfa475 e-con-full e-flex e-con e-child\" data-id=\"9dfa475\" data-element_type=\"container\">\n\t\t\t\t<div class=\"elementor-element elementor-element-c0c9e0d elementor-widget__width-initial elementor-widget elementor-widget-heading\" data-id=\"c0c9e0d\" data-element_type=\"widget\" data-widget_type=\"heading.default\">\n\t\t\t\t<div class=\"elementor-widget-container\">\n\t\t\t\t\t<h4 class=\"elementor-heading-title elementor-size-default\"><b><span>Unidade Central de Castelo Branco, Atas Distribui\u00e7\u00e3o Eletr\u00f3nica 2026<\/span><\/b><\/h4>\t\t\t\t<\/div>\n\t\t\t\t<\/div>\n\t\t\t\t<div class=\"elementor-element elementor-element-218b642 elementor-widget elementor-widget-text-editor\" data-id=\"218b642\" data-element_type=\"widget\" data-widget_type=\"text-editor.default\">\n\t\t\t\t<div class=\"elementor-widget-container\">\n\t\t\t\t\t\t\t\t\t<h4><b>Abril<\/b><\/h4><h5><strong>Tipo de distribui\u00e7\u00e3o: Judicial Di\u00e1ria<\/strong><\/h5><h5><b style=\"background-color: transparent;color: #555555;font-size: 14px;letter-spacing: 0.3px\">Dia<\/b><\/h5><ul><li style=\"list-style-type: none\"><ul><li><span style=\"text-decoration: underline\"><a href=\"https:\/\/comarcas.csm.org.pt\/castelo-branco\/wp-content\/uploads\/sites\/11\/2026\/04\/01-Referencia-26769-extraordinaria-1.pdf\" target=\"_blank\" rel=\"noopener\">01-Refer\u00eancia 26769-extraordinaria<\/a><\/span>, <span style=\"text-decoration: underline\"><a href=\"https:\/\/comarcas.csm.org.pt\/castelo-branco\/wp-content\/uploads\/sites\/11\/2026\/04\/02-Referencia-26781-extraordinaria.pdf\" target=\"_blank\" rel=\"noopener\">02-Refer\u00eancia 26781-extraordinaria<\/a><\/span>,\u00a0<span style=\"text-decoration: underline\"><a href=\"https:\/\/comarcas.csm.org.pt\/castelo-branco\/wp-content\/uploads\/sites\/11\/2026\/04\/06-Referencia-26798-extraordinaria.pdf\" target=\"_blank\" rel=\"noopener\">06-Refer\u00eancia 26798-extraordinaria<\/a><\/span>,\u00a0<span style=\"text-decoration: underline\"><a href=\"https:\/\/comarcas.csm.org.pt\/castelo-branco\/wp-content\/uploads\/sites\/11\/2026\/04\/07-Referencia-26816.pdf\" target=\"_blank\" rel=\"noopener\">07-Refer\u00eancia 26816<\/a><\/span>,\u00a0<span style=\"text-decoration: underline\"><a href=\"https:\/\/comarcas.csm.org.pt\/castelo-branco\/wp-content\/uploads\/sites\/11\/2026\/04\/07-Referencia-26833.pdf\" target=\"_blank\" rel=\"noopener\">07-Refer\u00eancia 26833<\/a><\/span>, <span style=\"text-decoration: underline\"><a href=\"https:\/\/comarcas.csm.org.pt\/castelo-branco\/wp-content\/uploads\/sites\/11\/2026\/04\/08-Referencia-26850.pdf\" target=\"_blank\" rel=\"noopener\">08-Refer\u00eancia 26850<\/a><\/span>, <span style=\"text-decoration: underline\"><a href=\"https:\/\/comarcas.csm.org.pt\/castelo-branco\/wp-content\/uploads\/sites\/11\/2026\/04\/09-Referencia-26888.pdf\" target=\"_blank\" rel=\"noopener\">09-Refer\u00eancia 26888<\/a><\/span>,\u00a0<span style=\"text-decoration: underline\"><a href=\"https:\/\/comarcas.csm.org.pt\/castelo-branco\/wp-content\/uploads\/sites\/11\/2026\/04\/09-Referencia-26896.pdf\" target=\"_blank\" rel=\"noopener\">09-Refer\u00eancia 26896<\/a><\/span>,\u00a0<span style=\"text-decoration: underline\"><a href=\"https:\/\/comarcas.csm.org.pt\/castelo-branco\/wp-content\/uploads\/sites\/11\/2026\/04\/13-Referencia-26958.pdf\" target=\"_blank\" rel=\"noopener\">13-Refer\u00eancia 26958<\/a><\/span>, <span style=\"text-decoration: underline\"><a href=\"https:\/\/comarcas.csm.org.pt\/castelo-branco\/wp-content\/uploads\/sites\/11\/2026\/04\/14-Referencia-26987.pdf\" target=\"_blank\" rel=\"noopener\">14-Refer\u00eancia 26987<\/a><\/span>, <span style=\"text-decoration: underline\"><a href=\"https:\/\/comarcas.csm.org.pt\/castelo-branco\/wp-content\/uploads\/sites\/11\/2026\/04\/15-Referencia-27003-extraordinaria.pdf\" target=\"_blank\" rel=\"noopener\">15-Refer\u00eancia 27003-extraordinaria<\/a><\/span>, <span style=\"text-decoration: underline\"><a href=\"https:\/\/comarcas.csm.org.pt\/castelo-branco\/wp-content\/uploads\/sites\/11\/2026\/04\/15-Referencia-27006.pdf\" target=\"_blank\" rel=\"noopener\">15-Refer\u00eancia 27006<\/a><\/span>,\u00a0<span style=\"text-decoration: underline\"><a href=\"https:\/\/comarcas.csm.org.pt\/castelo-branco\/wp-content\/uploads\/sites\/11\/2026\/04\/16-Referencia-27042.pdf\" target=\"_blank\" rel=\"noopener\">16-Refer\u00eancia 27042<\/a><\/span>, <span style=\"text-decoration: underline\"><a href=\"https:\/\/comarcas.csm.org.pt\/castelo-branco\/wp-content\/uploads\/sites\/11\/2026\/04\/17-Referencia-27061.pdf\" target=\"_blank\" rel=\"noopener\">17-Refer\u00eancia 27061<\/a><\/span>,\u00a0<span style=\"text-decoration: underline\"><a href=\"https:\/\/comarcas.csm.org.pt\/castelo-branco\/wp-content\/uploads\/sites\/11\/2026\/04\/17-Referencia-27072-extraordinaria.pdf\" target=\"_blank\" rel=\"noopener\">17-Refer\u00eancia 27072-extraordinaria<\/a><\/span>, <span style=\"text-decoration: underline\"><a href=\"https:\/\/comarcas.csm.org.pt\/castelo-branco\/wp-content\/uploads\/sites\/11\/2026\/04\/20-Referencia-27088.pdf\" target=\"_blank\" rel=\"noopener\">20-Refer\u00eancia 27088<\/a><\/span>,\u00a0<span style=\"text-decoration: underline\"><a href=\"https:\/\/comarcas.csm.org.pt\/castelo-branco\/wp-content\/uploads\/sites\/11\/2026\/04\/20-Referencia-27105-extraordinaria.pdf\" target=\"_blank\" rel=\"noopener\">20-Refer\u00eancia 27105-extraordinaria<\/a><\/span>,\u00a0<span style=\"text-decoration: underline\"><a href=\"https:\/\/comarcas.csm.org.pt\/castelo-branco\/wp-content\/uploads\/sites\/11\/2026\/04\/20-Referencia-27110-extraordinaria.pdf\" target=\"_blank\" rel=\"noopener\">20-Refer\u00eancia 27110-extraordinaria<\/a><\/span>,\u00a0<span style=\"text-decoration: underline\"><a href=\"https:\/\/comarcas.csm.org.pt\/castelo-branco\/wp-content\/uploads\/sites\/11\/2026\/04\/22-Referencia-27145.pdf\" target=\"_blank\" rel=\"noopener\">22-Refer\u00eancia 27145<\/a><\/span>,\u00a0<span style=\"text-decoration: underline\"><a href=\"https:\/\/comarcas.csm.org.pt\/castelo-branco\/wp-content\/uploads\/sites\/11\/2026\/04\/23-Referencia-27182.pdf\" target=\"_blank\" rel=\"noopener\">23-Refer\u00eancia 27182<\/a><\/span>,<span style=\"text-decoration: underline\"><a href=\"https:\/\/comarcas.csm.org.pt\/castelo-branco\/wp-content\/uploads\/sites\/11\/2026\/04\/23-Referencia-27183.pdf\">23-Refer\u00eancia 27183<\/a><\/span>,\u00a0<span style=\"text-decoration: underline\"><a href=\"https:\/\/comarcas.csm.org.pt\/castelo-branco\/wp-content\/uploads\/sites\/11\/2026\/04\/24-Referencia-27205.pdf\" target=\"_blank\" rel=\"noopener\">24-Refer\u00eancia 27205<\/a><\/span>, <span style=\"text-decoration: underline\"><a href=\"https:\/\/comarcas.csm.org.pt\/castelo-branco\/wp-content\/uploads\/sites\/11\/2026\/04\/24-Referencia-27216-extraordinaria.pdf\" target=\"_blank\" rel=\"noopener\">24-Refer\u00eancia 27216-extraordinaria<\/a><\/span>, <span style=\"text-decoration: underline\"><a href=\"https:\/\/comarcas.csm.org.pt\/castelo-branco\/wp-content\/uploads\/sites\/11\/2026\/04\/27-Referencia-27235.pdf\" target=\"_blank\" rel=\"noopener\">27-Refer\u00eancia 27235<\/a><\/span>, <span style=\"text-decoration: underline\"><a href=\"https:\/\/comarcas.csm.org.pt\/castelo-branco\/wp-content\/uploads\/sites\/11\/2026\/04\/28-Referencia-27260.pdf\" target=\"_blank\" rel=\"noopener\">28-Refer\u00eancia 27260<\/a><\/span>, <span style=\"text-decoration: underline\"><a href=\"https:\/\/comarcas.csm.org.pt\/castelo-branco\/wp-content\/uploads\/sites\/11\/2026\/04\/29-Referencia-27288.pdf\" target=\"_blank\" rel=\"noopener\">29-Refer\u00eancia 27288<\/a><\/span><\/li><\/ul><\/li><\/ul>\t\t\t\t\t\t\t\t<\/div>\n\t\t\t\t<\/div>\n\t\t\t\t<div class=\"elementor-element elementor-element-b0a45c1 elementor-widget elementor-widget-text-editor\" data-id=\"b0a45c1\" data-element_type=\"widget\" data-widget_type=\"text-editor.default\">\n\t\t\t\t<div class=\"elementor-widget-container\">\n\t\t\t\t\t\t\t\t\t<h4><b>Mar\u00e7o<\/b><\/h4><h5><strong>Tipo de distribui\u00e7\u00e3o: Judicial Di\u00e1ria<\/strong><\/h5><h5><b style=\"background-color: transparent;color: #555555;font-size: 14px;letter-spacing: 0.3px\">Dia<\/b><\/h5><ul><li style=\"list-style-type: none\"><ul><li><span style=\"text-decoration: underline\"><a href=\"https:\/\/comarcas.csm.org.pt\/castelo-branco\/wp-content\/uploads\/sites\/11\/2026\/03\/02-Referencia-26141-1.pdf\" target=\"_blank\" rel=\"noopener\">02-Refer\u00eancia 26141<\/a><\/span>, <a href=\"https:\/\/comarcas.csm.org.pt\/castelo-branco\/wp-content\/uploads\/sites\/11\/2026\/03\/03-Referencia-26164.pdf\" target=\"_blank\" rel=\"noopener\"><span style=\"text-decoration: underline\">03-Refer\u00eancia 26164<\/span><\/a>,\u00a0<span style=\"text-decoration: underline\"><a href=\"https:\/\/comarcas.csm.org.pt\/castelo-branco\/wp-content\/uploads\/sites\/11\/2026\/03\/04-Referencia-26194.pdf\" target=\"_blank\" rel=\"noopener\">04-Refer\u00eancia 26194<\/a><\/span>,\u00a0<span style=\"text-decoration: underline\"><a href=\"https:\/\/comarcas.csm.org.pt\/castelo-branco\/wp-content\/uploads\/sites\/11\/2026\/03\/05-Referencia-26229.pdf\" target=\"_blank\" rel=\"noopener\">05-Refer\u00eancia 26229<\/a><\/span>, <span style=\"text-decoration: underline\"><a href=\"https:\/\/comarcas.csm.org.pt\/castelo-branco\/wp-content\/uploads\/sites\/11\/2026\/03\/06-Referencia-26260.pdf\" target=\"_blank\" rel=\"noopener\">06-Refer\u00eancia 26260<\/a><\/span>,\u00a0<span style=\"text-decoration: underline\"><a href=\"https:\/\/comarcas.csm.org.pt\/castelo-branco\/wp-content\/uploads\/sites\/11\/2026\/03\/09-Referencia-26297.pdf\" target=\"_blank\" rel=\"noopener\">09-Refer\u00eancia 26297<\/a><\/span>, <span style=\"text-decoration: underline\"><a href=\"https:\/\/comarcas.csm.org.pt\/castelo-branco\/wp-content\/uploads\/sites\/11\/2026\/03\/10-Referencia-26324.pdf\" target=\"_blank\" rel=\"noopener\">10-Refer\u00eancia 26324<\/a><\/span>,\u00a0<span style=\"text-decoration: underline\"><a href=\"https:\/\/comarcas.csm.org.pt\/castelo-branco\/wp-content\/uploads\/sites\/11\/2026\/03\/11-Referencia-26358.pdf\" target=\"_blank\" rel=\"noopener\">11-Refer\u00eancia 26358<\/a><\/span>,\u00a0<span style=\"text-decoration: underline\"><a href=\"https:\/\/comarcas.csm.org.pt\/castelo-branco\/wp-content\/uploads\/sites\/11\/2026\/03\/12-Referencia-26387.pdf\" target=\"_blank\" rel=\"noopener\">12-Refer\u00eancia 26387<\/a><\/span>,\u00a0<span style=\"text-decoration: underline\"><a href=\"https:\/\/comarcas.csm.org.pt\/castelo-branco\/wp-content\/uploads\/sites\/11\/2026\/03\/16-Referencia-26452.pdf\" target=\"_blank\" rel=\"noopener\">16-Refer\u00eancia 26452<\/a><\/span>,\u00a0<span style=\"text-decoration: underline\"><a href=\"https:\/\/comarcas.csm.org.pt\/castelo-branco\/wp-content\/uploads\/sites\/11\/2026\/03\/17-Referencia-26471.pdf\" target=\"_blank\" rel=\"noopener\">17-Refer\u00eancia 26471<\/a><\/span>, <span style=\"text-decoration: underline\"><a href=\"https:\/\/comarcas.csm.org.pt\/castelo-branco\/wp-content\/uploads\/sites\/11\/2026\/03\/18-Referencia-26498.pdf\" target=\"_blank\" rel=\"noopener\">18-Refer\u00eancia 26498<\/a><\/span>,\u00a0<span style=\"text-decoration: underline\"><a href=\"https:\/\/comarcas.csm.org.pt\/castelo-branco\/wp-content\/uploads\/sites\/11\/2026\/03\/19-Referencia-26533.pdf\" target=\"_blank\" rel=\"noopener\">19-Refer\u00eancia 26533<\/a><\/span>,\u00a0<span style=\"text-decoration: underline\"><a href=\"https:\/\/comarcas.csm.org.pt\/castelo-branco\/wp-content\/uploads\/sites\/11\/2026\/03\/20-Referencia-26555.pdf\" target=\"_blank\" rel=\"noopener\">20-Refer\u00eancia 26555<\/a><\/span>, <span style=\"text-decoration: underline\"><a href=\"https:\/\/comarcas.csm.org.pt\/castelo-branco\/wp-content\/uploads\/sites\/11\/2026\/03\/23-Referencia-26575.pdf\" target=\"_blank\" rel=\"noopener\">23-Refer\u00eancia 26575<\/a><\/span>,\u00a0<span style=\"text-decoration: underline\"><a href=\"https:\/\/comarcas.csm.org.pt\/castelo-branco\/wp-content\/uploads\/sites\/11\/2026\/03\/25-Referencia-26634.pdf\" target=\"_blank\" rel=\"noopener\">25-Refer\u00eancia 26634<\/a><\/span>,\u00a0<span style=\"text-decoration: underline\"><a href=\"https:\/\/comarcas.csm.org.pt\/castelo-branco\/wp-content\/uploads\/sites\/11\/2026\/03\/26-Referencia-26674.pdf\" target=\"_blank\" rel=\"noopener\">26-Refer\u00eancia 26674<\/a><\/span>,\u00a0<span style=\"text-decoration: underline\"><a href=\"https:\/\/comarcas.csm.org.pt\/castelo-branco\/wp-content\/uploads\/sites\/11\/2026\/03\/27-Referencia-26700-extraordinaria.pdf\" target=\"_blank\" rel=\"noopener\">27-Refer\u00eancia 26700-extraordinaria<\/a><\/span>, <span style=\"text-decoration: underline\"><a href=\"https:\/\/comarcas.csm.org.pt\/castelo-branco\/wp-content\/uploads\/sites\/11\/2026\/03\/27-Referencia-26709.pdf\" target=\"_blank\" rel=\"noopener\">27-Refer\u00eancia 26709<\/a><\/span>, <span style=\"text-decoration: underline\"><a href=\"https:\/\/comarcas.csm.org.pt\/castelo-branco\/wp-content\/uploads\/sites\/11\/2026\/03\/27-Referencia-26715-extraordinaria.pdf\" target=\"_blank\" rel=\"noopener\">27-Refer\u00eancia 26715-extraordinaria<\/a><\/span>,\u00a0<span style=\"text-decoration: underline\"><a href=\"https:\/\/comarcas.csm.org.pt\/castelo-branco\/wp-content\/uploads\/sites\/11\/2026\/03\/30-Referencia-26732.pdf\" target=\"_blank\" rel=\"noopener\">30-Refer\u00eancia 26732<\/a><\/span>, <span style=\"text-decoration: underline\"><a href=\"https:\/\/comarcas.csm.org.pt\/castelo-branco\/wp-content\/uploads\/sites\/11\/2026\/04\/30-Referencia-26737-extraordinaria.pdf\" target=\"_blank\" rel=\"noopener\">30-Refer\u00eancia 26737-extraordinaria<\/a><\/span>, <span style=\"text-decoration: underline\"><a href=\"https:\/\/comarcas.csm.org.pt\/castelo-branco\/wp-content\/uploads\/sites\/11\/2026\/04\/30-Referencia-26738.pdf\" target=\"_blank\" rel=\"noopener\">30-Refer\u00eancia 26738<\/a><\/span>,\u00a0<\/li><\/ul><\/li><\/ul>\t\t\t\t\t\t\t\t<\/div>\n\t\t\t\t<\/div>\n\t\t\t\t<div class=\"elementor-element elementor-element-e9a589d elementor-widget elementor-widget-text-editor\" data-id=\"e9a589d\" data-element_type=\"widget\" data-widget_type=\"text-editor.default\">\n\t\t\t\t<div class=\"elementor-widget-container\">\n\t\t\t\t\t\t\t\t\t<h4><b>Fevereiro<\/b><\/h4><h5><strong>Tipo de distribui\u00e7\u00e3o: Judicial Di\u00e1ria<\/strong><\/h5><h5><b style=\"background-color: transparent;color: #555555;font-size: 14px;letter-spacing: 0.3px\">Dia<\/b><\/h5><ul><li style=\"list-style-type: none\"><ul><li><span style=\"text-decoration: underline\"><a href=\"https:\/\/comarcas.csm.org.pt\/castelo-branco\/wp-content\/uploads\/sites\/11\/2026\/02\/02-Referencia-25532.pdf\" target=\"_blank\" rel=\"noopener\">02-Refer\u00eancia 25532<\/a><\/span>,\u00a0<span style=\"text-decoration: underline\"><a href=\"https:\/\/comarcas.csm.org.pt\/castelo-branco\/wp-content\/uploads\/sites\/11\/2026\/02\/03-Referencia-25565.pdf\" target=\"_blank\" rel=\"noopener\">03-Refer\u00eancia 25565<\/a><\/span>, <span style=\"text-decoration: underline\"><a href=\"https:\/\/comarcas.csm.org.pt\/castelo-branco\/wp-content\/uploads\/sites\/11\/2026\/02\/04-Referencia-25604-extraordinaria.pdf\" target=\"_blank\" rel=\"noopener\">04-Refer\u00eancia 25604-extraordinaria<\/a><\/span>, <span style=\"text-decoration: underline\"><a href=\"https:\/\/comarcas.csm.org.pt\/castelo-branco\/wp-content\/uploads\/sites\/11\/2026\/02\/04-Referencia-25605.pdf\" target=\"_blank\" rel=\"noopener\">04-Refer\u00eancia 25605<\/a><\/span>,\u00a0<span style=\"text-decoration: underline\"><a href=\"https:\/\/comarcas.csm.org.pt\/castelo-branco\/wp-content\/uploads\/sites\/11\/2026\/02\/05-Referencia-25635.pdf\" target=\"_blank\" rel=\"noopener\">05-Refer\u00eancia 25635<\/a><\/span>,\u00a0<span style=\"text-decoration: underline\"><a href=\"https:\/\/comarcas.csm.org.pt\/castelo-branco\/wp-content\/uploads\/sites\/11\/2026\/02\/05-Referencia-25645.pdf\" target=\"_blank\" rel=\"noopener\">05-Refer\u00eancia 25645<\/a><\/span>,\u00a0<span style=\"text-decoration: underline\"><a href=\"https:\/\/comarcas.csm.org.pt\/castelo-branco\/wp-content\/uploads\/sites\/11\/2026\/02\/06-Referencia-25663-extraordinaria.pdf\" target=\"_blank\" rel=\"noopener\">06-Refer\u00eancia 25663-extraordinaria<\/a><\/span>, <span style=\"text-decoration: underline\"><a href=\"https:\/\/comarcas.csm.org.pt\/castelo-branco\/wp-content\/uploads\/sites\/11\/2026\/02\/06-Referencia-25676.pdf\" target=\"_blank\" rel=\"noopener\">06-Refer\u00eancia 25676<\/a><\/span>,\u00a0<span style=\"text-decoration: underline\"><a href=\"https:\/\/comarcas.csm.org.pt\/castelo-branco\/wp-content\/uploads\/sites\/11\/2026\/02\/09-Referencia-25697.pdf\" target=\"_blank\" rel=\"noopener\">09-Refer\u00eancia 25697<\/a><\/span>,\u00a0<span style=\"text-decoration: underline\"><a href=\"https:\/\/comarcas.csm.org.pt\/castelo-branco\/wp-content\/uploads\/sites\/11\/2026\/02\/10-Referencia-25727.pdf\" target=\"_blank\" rel=\"noopener\">10-Refer\u00eancia 25727<\/a><\/span>,\u00a0<span style=\"text-decoration: underline\"><a href=\"https:\/\/comarcas.csm.org.pt\/castelo-branco\/wp-content\/uploads\/sites\/11\/2026\/02\/11-Referencia-25757.pdf\" target=\"_blank\" rel=\"noopener\">11-Refer\u00eancia 25757<\/a><\/span>,\u00a0<span style=\"text-decoration: underline\"><a href=\"https:\/\/comarcas.csm.org.pt\/castelo-branco\/wp-content\/uploads\/sites\/11\/2026\/02\/12-Referencia-25783.pdf\" target=\"_blank\" rel=\"noopener\">12-Refer\u00eancia 25783<\/a><\/span>,\u00a0<span style=\"text-decoration: underline\"><a href=\"https:\/\/comarcas.csm.org.pt\/castelo-branco\/wp-content\/uploads\/sites\/11\/2026\/02\/13-Referencia-25812.pdf\" target=\"_blank\" rel=\"noopener\">13-Refer\u00eancia 25812<\/a><\/span>, <span style=\"text-decoration: underline\"><a href=\"https:\/\/comarcas.csm.org.pt\/castelo-branco\/wp-content\/uploads\/sites\/11\/2026\/02\/16-Referencia-25843.pdf\" target=\"_blank\" rel=\"noopener\">16-Refer\u00eancia 25843<\/a><\/span>,\u00a0<span style=\"text-decoration: underline\"><a href=\"https:\/\/comarcas.csm.org.pt\/castelo-branco\/wp-content\/uploads\/sites\/11\/2026\/02\/18-Referencia-25878.pdf\" target=\"_blank\" rel=\"noopener\">18-Refer\u00eancia 25878<\/a><\/span>,\u00a0<span style=\"text-decoration: underline\"><a href=\"https:\/\/comarcas.csm.org.pt\/castelo-branco\/wp-content\/uploads\/sites\/11\/2026\/02\/19-Referencia-25907.pdf\" target=\"_blank\" rel=\"noopener\">19-Refer\u00eancia 25907<\/a><\/span>, <span style=\"text-decoration: underline\"><a href=\"https:\/\/comarcas.csm.org.pt\/castelo-branco\/wp-content\/uploads\/sites\/11\/2026\/02\/19-Referencia-25915-extraordinaria.pdf\" target=\"_blank\" rel=\"noopener\">19-Refer\u00eancia 25915-extraordinaria<\/a><\/span>,\u00a0<span style=\"text-decoration: underline\"><a href=\"https:\/\/comarcas.csm.org.pt\/castelo-branco\/wp-content\/uploads\/sites\/11\/2026\/02\/20-Referencia-25947.pdf\" target=\"_blank\" rel=\"noopener\">20-Refer\u00eancia 25947<\/a><\/span>,\u00a0<span style=\"text-decoration: underline\"><a href=\"https:\/\/comarcas.csm.org.pt\/castelo-branco\/wp-content\/uploads\/sites\/11\/2026\/02\/23-Referencia-25983.pdf\" target=\"_blank\" rel=\"noopener\">23-Refer\u00eancia 25983<\/a><\/span>,\u00a0<span style=\"text-decoration: underline\"><a href=\"https:\/\/comarcas.csm.org.pt\/castelo-branco\/wp-content\/uploads\/sites\/11\/2026\/02\/23-Referencia-25992.pdf\" target=\"_blank\" rel=\"noopener\">23-Refer\u00eancia 25992<\/a><\/span>,\u00a0<span style=\"text-decoration: underline\"><a href=\"https:\/\/comarcas.csm.org.pt\/castelo-branco\/wp-content\/uploads\/sites\/11\/2026\/02\/24-Referencia-26028.pdf\" target=\"_blank\" rel=\"noopener\">24-Refer\u00eancia 26028<\/a><\/span>, <span style=\"text-decoration: underline\"><a href=\"https:\/\/comarcas.csm.org.pt\/castelo-branco\/wp-content\/uploads\/sites\/11\/2026\/02\/25-Referencia-260044.pdf\" target=\"_blank\" rel=\"noopener\">25-Refer\u00eancia 260044<\/a><\/span>,\u00a0<span style=\"text-decoration: underline\"><a href=\"https:\/\/comarcas.csm.org.pt\/castelo-branco\/wp-content\/uploads\/sites\/11\/2026\/02\/26-Referencia-26075.pdf\" target=\"_blank\" rel=\"noopener\">26-Refer\u00eancia 26075<\/a><\/span>, <span style=\"text-decoration: underline\"><a href=\"https:\/\/comarcas.csm.org.pt\/castelo-branco\/wp-content\/uploads\/sites\/11\/2026\/03\/27-Referencia-26105.pdf\" target=\"_blank\" rel=\"noopener\">27-Refer\u00eancia 26105<\/a><\/span><\/li><\/ul><\/li><\/ul>\t\t\t\t\t\t\t\t<\/div>\n\t\t\t\t<\/div>\n\t\t\t\t<div class=\"elementor-element elementor-element-e9bc9a9 elementor-widget elementor-widget-text-editor\" data-id=\"e9bc9a9\" data-element_type=\"widget\" data-widget_type=\"text-editor.default\">\n\t\t\t\t<div class=\"elementor-widget-container\">\n\t\t\t\t\t\t\t\t\t<h4><strong>Janeiro<\/strong><\/h4><h5><strong>Tipo de distribui\u00e7\u00e3o: Judicial Di\u00e1ria<\/strong><\/h5><h5><b style=\"background-color: transparent;color: #555555;font-size: 14px;letter-spacing: 0.3px\">Dia<\/b><\/h5><ul><li style=\"list-style-type: none\"><ul><li><span style=\"text-decoration: underline\"><a href=\"https:\/\/comarcas.csm.org.pt\/castelo-branco\/wp-content\/uploads\/sites\/11\/2026\/01\/02-Referencia-24893-extraordinaria.pdf\" target=\"_blank\" rel=\"noopener\">02-Refer\u00eancia 24893-extraordinaria<\/a><\/span>,\u00a0<span style=\"text-decoration: underline\"><a href=\"https:\/\/comarcas.csm.org.pt\/castelo-branco\/wp-content\/uploads\/sites\/11\/2026\/01\/05-Referencia-24922.pdf\" target=\"_blank\" rel=\"noopener\">05-Refer\u00eancia 24922<\/a><\/span>, <span style=\"text-decoration: underline\"><a href=\"https:\/\/comarcas.csm.org.pt\/castelo-branco\/wp-content\/uploads\/sites\/11\/2026\/01\/05-Referencia-24937-extraordinaria.pdf\" target=\"_blank\" rel=\"noopener\">05-Refer\u00eancia 24937-extraordinaria<\/a><\/span>,\u00a0<span style=\"text-decoration: underline\"><a href=\"https:\/\/comarcas.csm.org.pt\/castelo-branco\/wp-content\/uploads\/sites\/11\/2026\/01\/06-Referencia-24945.pdf\" target=\"_blank\" rel=\"noopener\">06-Refer\u00eancia 24945<\/a><\/span>, <span style=\"text-decoration: underline\"><a href=\"https:\/\/comarcas.csm.org.pt\/castelo-branco\/wp-content\/uploads\/sites\/11\/2026\/01\/06-Referencia-24967-extraordinaria.pdf\" target=\"_blank\" rel=\"noopener\">06-Refer\u00eancia 24967-extraordinaria<\/a><\/span>,\u00a0<span style=\"text-decoration: underline\"><a href=\"https:\/\/comarcas.csm.org.pt\/castelo-branco\/wp-content\/uploads\/sites\/11\/2026\/01\/09-Referencia-25039.pdf\" target=\"_blank\" rel=\"noopener\">09-Refer\u00eancia 25039<\/a><\/span>,\u00a0<span style=\"text-decoration: underline\"><a href=\"https:\/\/comarcas.csm.org.pt\/castelo-branco\/wp-content\/uploads\/sites\/11\/2026\/01\/09-Referencia-25051-extraordinaria.pdf\" target=\"_blank\" rel=\"noopener\">09-Refer\u00eancia 25051-extraordinaria<\/a><\/span>,\u00a0<span style=\"text-decoration: underline\"><a href=\"https:\/\/comarcas.csm.org.pt\/castelo-branco\/wp-content\/uploads\/sites\/11\/2026\/01\/13-Referencia-25085.pdf\" target=\"_blank\" rel=\"noopener\">13-Refer\u00eancia 25085<\/a><\/span>,\u00a0<span style=\"text-decoration: underline\"><a href=\"https:\/\/comarcas.csm.org.pt\/castelo-branco\/wp-content\/uploads\/sites\/11\/2026\/01\/14-Referencia-25114.pdf\" target=\"_blank\" rel=\"noopener\">14-Refer\u00eancia 25114<\/a><\/span>, <span style=\"text-decoration: underline\">15-Refer\u00eancia 25153<\/span>, <span style=\"text-decoration: underline\"><a href=\"https:\/\/comarcas.csm.org.pt\/castelo-branco\/wp-content\/uploads\/sites\/11\/2026\/01\/16-Referencia-25198.pdf\" target=\"_blank\" rel=\"noopener\">16-Refer\u00eancia 25198<\/a><\/span>,\u00a0<a href=\"https:\/\/comarcas.csm.org.pt\/castelo-branco\/wp-content\/uploads\/sites\/11\/2026\/01\/19-Referencia-25240.pdf\" target=\"_blank\" rel=\"noopener\"><span style=\"text-decoration: underline\">19-Refer\u00eancia 25240<\/span><\/a>, <span style=\"text-decoration: underline\"><a href=\"https:\/\/comarcas.csm.org.pt\/castelo-branco\/wp-content\/uploads\/sites\/11\/2026\/01\/19-Referencia-25234-extraordinaria.pdf\" target=\"_blank\" rel=\"noopener\">19-Refer\u00eancia 25234-extraordinaria<\/a><\/span>, <span style=\"text-decoration: underline\"><a href=\"https:\/\/comarcas.csm.org.pt\/castelo-branco\/wp-content\/uploads\/sites\/11\/2026\/01\/20-Referencia-25267.pdf\" target=\"_blank\" rel=\"noopener\">20-Refer\u00eancia 25267<\/a><\/span>,\u00a0<span style=\"text-decoration: underline\"><a href=\"https:\/\/comarcas.csm.org.pt\/castelo-branco\/wp-content\/uploads\/sites\/11\/2026\/01\/21-Referencia-25291.pdf\" target=\"_blank\" rel=\"noopener\">21-Refer\u00eancia 25291<\/a><\/span>,\u00a0<span style=\"text-decoration: underline\"><a href=\"https:\/\/comarcas.csm.org.pt\/castelo-branco\/wp-content\/uploads\/sites\/11\/2026\/01\/22-Referencia-25310.pdf\" target=\"_blank\" rel=\"noopener\">22-Refer\u00eancia 25310<\/a><\/span>, <span style=\"text-decoration: underline\"><a href=\"https:\/\/comarcas.csm.org.pt\/castelo-branco\/wp-content\/uploads\/sites\/11\/2026\/01\/22-Referencia-25322.pdf\" target=\"_blank\" rel=\"noopener\">22-Refer\u00eancia 25322<\/a><\/span>,\u00a0<span style=\"text-decoration: underline\"><a href=\"https:\/\/comarcas.csm.org.pt\/castelo-branco\/wp-content\/uploads\/sites\/11\/2026\/01\/23-Referencia-25349.pdf\" target=\"_blank\" rel=\"noopener\">23-Refer\u00eancia 25349<\/a><\/span>,\u00a0<span style=\"text-decoration: underline\"><a href=\"https:\/\/comarcas.csm.org.pt\/castelo-branco\/wp-content\/uploads\/sites\/11\/2026\/01\/26-Referencia-25384.pdf\" target=\"_blank\" rel=\"noopener\">26-Refer\u00eancia 25384<\/a><\/span>,\u00a0<span style=\"text-decoration: underline\"><a href=\"https:\/\/comarcas.csm.org.pt\/castelo-branco\/wp-content\/uploads\/sites\/11\/2026\/01\/27-Referencia-25406.pdf\" target=\"_blank\" rel=\"noopener\">27-Refer\u00eancia 25406<\/a><\/span>, <span style=\"text-decoration: underline\"><a href=\"https:\/\/comarcas.csm.org.pt\/castelo-branco\/wp-content\/uploads\/sites\/11\/2026\/01\/28-Referencia-25432-extraordinaria.pdf\" target=\"_blank\" rel=\"noopener\">28-Refer\u00eancia 25432-extraordinaria<\/a><\/span>, <span style=\"text-decoration: underline\"><a href=\"https:\/\/comarcas.csm.org.pt\/castelo-branco\/wp-content\/uploads\/sites\/11\/2026\/01\/28-Referencia-25440.pdf\" target=\"_blank\" rel=\"noopener\">28-Refer\u00eancia 25440<\/a><\/span>, <span style=\"text-decoration: underline\"><a href=\"https:\/\/comarcas.csm.org.pt\/castelo-branco\/wp-content\/uploads\/sites\/11\/2026\/01\/29-Referencia-25462.pdf\" target=\"_blank\" rel=\"noopener\">29-Refer\u00eancia 25462<\/a><\/span>,\u00a0<span style=\"text-decoration: underline\"><a href=\"https:\/\/comarcas.csm.org.pt\/castelo-branco\/wp-content\/uploads\/sites\/11\/2026\/02\/30-Referencia-25493.pdf\" target=\"_blank\" rel=\"noopener\">30-Refer\u00eancia 25493<\/a><\/span><\/li><\/ul><\/li><\/ul>\t\t\t\t\t\t\t\t<\/div>\n\t\t\t\t<\/div>\n\t\t\t\t<\/div>\n\t\t<div class=\"elementor-element elementor-element-c9c55a8 e-con-full e-flex e-con e-child\" data-id=\"c9c55a8\" data-element_type=\"container\">\n\t\t<div class=\"elementor-element elementor-element-4a1e199c e-con-full e-flex e-con e-child\" data-id=\"4a1e199c\" data-element_type=\"container\">\n\t\t\t\t<div class=\"elementor-element elementor-element-571113b3 elementor-widget__width-initial elementor-widget elementor-widget-google_maps\" data-id=\"571113b3\" data-element_type=\"widget\" data-widget_type=\"google_maps.default\">\n\t\t\t\t<div class=\"elementor-widget-container\">\n\t\t\t\t\t\t\t<div class=\"elementor-custom-embed\">\n\t\t\t<iframe loading=\"lazy\"\n\t\t\t\t\tsrc=\"https:\/\/www.google.com\/maps\/embed\/v1\/place?key=AIzaSyDhSoLeftGxfg7Tvco7SEUCY-Cc_XLDY3c&#038;q=Tribunal%20de%20castelo%20Branco&#038;zoom=15\"\n\t\t\t\t\ttitle=\"Tribunal de castelo Branco\"\n\t\t\t\t\taria-label=\"Tribunal de castelo Branco\"\n\t\t\t><\/iframe>\n\t\t<\/div>\n\t\t\t\t\t\t<\/div>\n\t\t\t\t<\/div>\n\t\t\t\t<\/div>\n\t\t\t\t<\/div>\n\t\t\t\t\t<\/div>\n\t\t\t\t<\/div>\n\t\t\t\t<\/div>\n\t\t","protected":false},"excerpt":{"rendered":"<p>Unidade Central de Castelo Branco, Atas Distribui\u00e7\u00e3o Eletr\u00f3nica 2026 Abril Tipo de distribui\u00e7\u00e3o: Judicial Di\u00e1ria Dia 01-Refer\u00eancia 26769-extraordinaria, 02-Refer\u00eancia 26781-extraordinaria,\u00a006-Refer\u00eancia 26798-extraordinaria,\u00a007-Refer\u00eancia 26816,\u00a007-Refer\u00eancia 26833, 08-Refer\u00eancia 26850, 09-Refer\u00eancia 26888,\u00a009-Refer\u00eancia 26896,\u00a013-Refer\u00eancia 26958, 14-Refer\u00eancia 26987, 15-Refer\u00eancia 27003-extraordinaria, 15-Refer\u00eancia 27006,\u00a016-Refer\u00eancia 27042, 17-Refer\u00eancia 27061,\u00a017-Refer\u00eancia 27072-extraordinaria, 20-Refer\u00eancia 27088,\u00a020-Refer\u00eancia 27105-extraordinaria,\u00a020-Refer\u00eancia 27110-extraordinaria,\u00a022-Refer\u00eancia 27145,\u00a023-Refer\u00eancia 27182,23-Refer\u00eancia 27183,\u00a024-Refer\u00eancia 27205, 24-Refer\u00eancia 27216-extraordinaria, 27-Refer\u00eancia 27235, 28-Refer\u00eancia 27260, 29-Refer\u00eancia 27288&#8230;<\/p>\n","protected":false},"author":11,"featured_media":0,"parent":14335,"menu_order":0,"comment_status":"closed","ping_status":"closed","template":"","meta":{"_tbt_post_transparent":"","_tbt_post_title":"hide","_tbt_post_layout":"fullwidth","_tbt_post_sidebar_id":"","_tbt_post_content_style":"unboxed","_tbt_post_vertical_padding":"hide","_tbt_post_feature":"hide","_tbt_post_feature_position":"","_tbt_post_header":false,"_tbt_post_footer":false},"class_list":["post-15899","page","type-page","status-publish","hentry"],"yoast_head":"<!-- This site is optimized with the Yoast SEO plugin v25.6 - https:\/\/yoast.com\/wordpress\/plugins\/seo\/ -->\n<title>Unidade Central de Castelo Branco 2026 - Tribunal Judicial da Comarca de Castelo Branco<\/title>\n<meta name=\"robots\" content=\"index, follow, max-snippet:-1, max-image-preview:large, max-video-preview:-1\" \/>\n<link rel=\"canonical\" href=\"https:\/\/comarcas.csm.org.pt\/castelo-branco\/acomarca\/atas-distribuicao-eletronica-2025\/unidade-central-de-castelo-branco-2026\/\" \/>\n<meta property=\"og:locale\" content=\"pt_PT\" \/>\n<meta property=\"og:type\" content=\"article\" \/>\n<meta property=\"og:title\" content=\"Unidade Central de Castelo Branco 2026 - Tribunal Judicial da Comarca de Castelo Branco\" \/>\n<meta property=\"og:description\" content=\"Unidade Central de Castelo Branco, Atas Distribui\u00e7\u00e3o Eletr\u00f3nica 2026 Abril Tipo de distribui\u00e7\u00e3o: Judicial Di\u00e1ria Dia 01-Refer\u00eancia 26769-extraordinaria, 02-Refer\u00eancia 26781-extraordinaria,\u00a006-Refer\u00eancia 26798-extraordinaria,\u00a007-Refer\u00eancia 26816,\u00a007-Refer\u00eancia 26833, 08-Refer\u00eancia 26850, 09-Refer\u00eancia 26888,\u00a009-Refer\u00eancia 26896,\u00a013-Refer\u00eancia 26958, 14-Refer\u00eancia 26987, 15-Refer\u00eancia 27003-extraordinaria, 15-Refer\u00eancia 27006,\u00a016-Refer\u00eancia 27042, 17-Refer\u00eancia 27061,\u00a017-Refer\u00eancia 27072-extraordinaria, 20-Refer\u00eancia 27088,\u00a020-Refer\u00eancia 27105-extraordinaria,\u00a020-Refer\u00eancia 27110-extraordinaria,\u00a022-Refer\u00eancia 27145,\u00a023-Refer\u00eancia 27182,23-Refer\u00eancia 27183,\u00a024-Refer\u00eancia 27205, 24-Refer\u00eancia 27216-extraordinaria, 27-Refer\u00eancia 27235, 28-Refer\u00eancia 27260, 29-Refer\u00eancia 27288...\" \/>\n<meta property=\"og:url\" content=\"https:\/\/comarcas.csm.org.pt\/castelo-branco\/acomarca\/atas-distribuicao-eletronica-2025\/unidade-central-de-castelo-branco-2026\/\" \/>\n<meta property=\"og:site_name\" content=\"Tribunal Judicial da Comarca de Castelo Branco\" \/>\n<meta property=\"article:modified_time\" content=\"2026-04-30T12:57:02+00:00\" \/>\n<meta name=\"twitter:card\" content=\"summary_large_image\" \/>\n<meta name=\"twitter:label1\" content=\"Tempo estimado de leitura\" \/>\n\t<meta name=\"twitter:data1\" content=\"2 minutos\" \/>\n<script type=\"application\/ld+json\" class=\"yoast-schema-graph\">{\"@context\":\"https:\/\/schema.org\",\"@graph\":[{\"@type\":\"WebPage\",\"@id\":\"https:\/\/comarcas.csm.org.pt\/castelo-branco\/acomarca\/atas-distribuicao-eletronica-2025\/unidade-central-de-castelo-branco-2026\/\",\"url\":\"https:\/\/comarcas.csm.org.pt\/castelo-branco\/acomarca\/atas-distribuicao-eletronica-2025\/unidade-central-de-castelo-branco-2026\/\",\"name\":\"Unidade Central de Castelo Branco 2026 - Tribunal Judicial da Comarca de Castelo Branco\",\"isPartOf\":{\"@id\":\"https:\/\/comarcas.csm.org.pt\/castelo-branco\/#website\"},\"datePublished\":\"2026-01-06T14:51:43+00:00\",\"dateModified\":\"2026-04-30T12:57:02+00:00\",\"breadcrumb\":{\"@id\":\"https:\/\/comarcas.csm.org.pt\/castelo-branco\/acomarca\/atas-distribuicao-eletronica-2025\/unidade-central-de-castelo-branco-2026\/#breadcrumb\"},\"inLanguage\":\"pt-PT\",\"potentialAction\":[{\"@type\":\"ReadAction\",\"target\":[\"https:\/\/comarcas.csm.org.pt\/castelo-branco\/acomarca\/atas-distribuicao-eletronica-2025\/unidade-central-de-castelo-branco-2026\/\"]}]},{\"@type\":\"BreadcrumbList\",\"@id\":\"https:\/\/comarcas.csm.org.pt\/castelo-branco\/acomarca\/atas-distribuicao-eletronica-2025\/unidade-central-de-castelo-branco-2026\/#breadcrumb\",\"itemListElement\":[{\"@type\":\"ListItem\",\"position\":1,\"name\":\"In\u00edcio\",\"item\":\"https:\/\/comarcas.csm.org.pt\/castelo-branco\/\"},{\"@type\":\"ListItem\",\"position\":2,\"name\":\"A Comarca\",\"item\":\"https:\/\/comarcas.csm.org.pt\/castelo-branco\/acomarca\/\"},{\"@type\":\"ListItem\",\"position\":3,\"name\":\"Atas Distribui\u00e7\u00e3o Eletr\u00f3nica 2025\",\"item\":\"https:\/\/comarcas.csm.org.pt\/castelo-branco\/acomarca\/atas-distribuicao-eletronica-2025\/\"},{\"@type\":\"ListItem\",\"position\":4,\"name\":\"Unidade Central de Castelo Branco 2026\"}]},{\"@type\":\"WebSite\",\"@id\":\"https:\/\/comarcas.csm.org.pt\/castelo-branco\/#website\",\"url\":\"https:\/\/comarcas.csm.org.pt\/castelo-branco\/\",\"name\":\"Tribunal Judicial da Comarca de Castelo Branco\",\"description\":\"Tribunal Judicial da Comarca de Aveiro\",\"publisher\":{\"@id\":\"https:\/\/comarcas.csm.org.pt\/castelo-branco\/#organization\"},\"potentialAction\":[{\"@type\":\"SearchAction\",\"target\":{\"@type\":\"EntryPoint\",\"urlTemplate\":\"https:\/\/comarcas.csm.org.pt\/castelo-branco\/?s={search_term_string}\"},\"query-input\":{\"@type\":\"PropertyValueSpecification\",\"valueRequired\":true,\"valueName\":\"search_term_string\"}}],\"inLanguage\":\"pt-PT\"},{\"@type\":\"Organization\",\"@id\":\"https:\/\/comarcas.csm.org.pt\/castelo-branco\/#organization\",\"name\":\"Tribunal Judicial da Comarca de Castelo Branco\",\"url\":\"https:\/\/comarcas.csm.org.pt\/castelo-branco\/\",\"logo\":{\"@type\":\"ImageObject\",\"inLanguage\":\"pt-PT\",\"@id\":\"https:\/\/comarcas.csm.org.pt\/castelo-branco\/#\/schema\/logo\/image\/\",\"url\":\"https:\/\/comarcas.csm.org.pt\/castelo-branco\/wp-content\/uploads\/sites\/11\/2024\/11\/C-Branco_positivo-horizontal.png\",\"contentUrl\":\"https:\/\/comarcas.csm.org.pt\/castelo-branco\/wp-content\/uploads\/sites\/11\/2024\/11\/C-Branco_positivo-horizontal.png\",\"width\":5388,\"height\":998,\"caption\":\"Tribunal Judicial da Comarca de Castelo Branco\"},\"image\":{\"@id\":\"https:\/\/comarcas.csm.org.pt\/castelo-branco\/#\/schema\/logo\/image\/\"}}]}<\/script>\n<!-- \/ Yoast SEO plugin. -->","yoast_head_json":{"title":"Unidade Central de Castelo Branco 2026 - Tribunal Judicial da Comarca de Castelo Branco","robots":{"index":"index","follow":"follow","max-snippet":"max-snippet:-1","max-image-preview":"max-image-preview:large","max-video-preview":"max-video-preview:-1"},"canonical":"https:\/\/comarcas.csm.org.pt\/castelo-branco\/acomarca\/atas-distribuicao-eletronica-2025\/unidade-central-de-castelo-branco-2026\/","og_locale":"pt_PT","og_type":"article","og_title":"Unidade Central de Castelo Branco 2026 - Tribunal Judicial da Comarca de Castelo Branco","og_description":"Unidade Central de Castelo Branco, Atas Distribui\u00e7\u00e3o Eletr\u00f3nica 2026 Abril Tipo de distribui\u00e7\u00e3o: Judicial Di\u00e1ria Dia 01-Refer\u00eancia 26769-extraordinaria, 02-Refer\u00eancia 26781-extraordinaria,\u00a006-Refer\u00eancia 26798-extraordinaria,\u00a007-Refer\u00eancia 26816,\u00a007-Refer\u00eancia 26833, 08-Refer\u00eancia 26850, 09-Refer\u00eancia 26888,\u00a009-Refer\u00eancia 26896,\u00a013-Refer\u00eancia 26958, 14-Refer\u00eancia 26987, 15-Refer\u00eancia 27003-extraordinaria, 15-Refer\u00eancia 27006,\u00a016-Refer\u00eancia 27042, 17-Refer\u00eancia 27061,\u00a017-Refer\u00eancia 27072-extraordinaria, 20-Refer\u00eancia 27088,\u00a020-Refer\u00eancia 27105-extraordinaria,\u00a020-Refer\u00eancia 27110-extraordinaria,\u00a022-Refer\u00eancia 27145,\u00a023-Refer\u00eancia 27182,23-Refer\u00eancia 27183,\u00a024-Refer\u00eancia 27205, 24-Refer\u00eancia 27216-extraordinaria, 27-Refer\u00eancia 27235, 28-Refer\u00eancia 27260, 29-Refer\u00eancia 27288...","og_url":"https:\/\/comarcas.csm.org.pt\/castelo-branco\/acomarca\/atas-distribuicao-eletronica-2025\/unidade-central-de-castelo-branco-2026\/","og_site_name":"Tribunal Judicial da Comarca de Castelo Branco","article_modified_time":"2026-04-30T12:57:02+00:00","twitter_card":"summary_large_image","twitter_misc":{"Tempo estimado de leitura":"2 minutos"},"schema":{"@context":"https:\/\/schema.org","@graph":[{"@type":"WebPage","@id":"https:\/\/comarcas.csm.org.pt\/castelo-branco\/acomarca\/atas-distribuicao-eletronica-2025\/unidade-central-de-castelo-branco-2026\/","url":"https:\/\/comarcas.csm.org.pt\/castelo-branco\/acomarca\/atas-distribuicao-eletronica-2025\/unidade-central-de-castelo-branco-2026\/","name":"Unidade Central de Castelo Branco 2026 - Tribunal Judicial da Comarca de Castelo Branco","isPartOf":{"@id":"https:\/\/comarcas.csm.org.pt\/castelo-branco\/#website"},"datePublished":"2026-01-06T14:51:43+00:00","dateModified":"2026-04-30T12:57:02+00:00","breadcrumb":{"@id":"https:\/\/comarcas.csm.org.pt\/castelo-branco\/acomarca\/atas-distribuicao-eletronica-2025\/unidade-central-de-castelo-branco-2026\/#breadcrumb"},"inLanguage":"pt-PT","potentialAction":[{"@type":"ReadAction","target":["https:\/\/comarcas.csm.org.pt\/castelo-branco\/acomarca\/atas-distribuicao-eletronica-2025\/unidade-central-de-castelo-branco-2026\/"]}]},{"@type":"BreadcrumbList","@id":"https:\/\/comarcas.csm.org.pt\/castelo-branco\/acomarca\/atas-distribuicao-eletronica-2025\/unidade-central-de-castelo-branco-2026\/#breadcrumb","itemListElement":[{"@type":"ListItem","position":1,"name":"In\u00edcio","item":"https:\/\/comarcas.csm.org.pt\/castelo-branco\/"},{"@type":"ListItem","position":2,"name":"A Comarca","item":"https:\/\/comarcas.csm.org.pt\/castelo-branco\/acomarca\/"},{"@type":"ListItem","position":3,"name":"Atas Distribui\u00e7\u00e3o Eletr\u00f3nica 2025","item":"https:\/\/comarcas.csm.org.pt\/castelo-branco\/acomarca\/atas-distribuicao-eletronica-2025\/"},{"@type":"ListItem","position":4,"name":"Unidade Central de Castelo Branco 2026"}]},{"@type":"WebSite","@id":"https:\/\/comarcas.csm.org.pt\/castelo-branco\/#website","url":"https:\/\/comarcas.csm.org.pt\/castelo-branco\/","name":"Tribunal Judicial da Comarca de Castelo Branco","description":"Tribunal Judicial da Comarca de Aveiro","publisher":{"@id":"https:\/\/comarcas.csm.org.pt\/castelo-branco\/#organization"},"potentialAction":[{"@type":"SearchAction","target":{"@type":"EntryPoint","urlTemplate":"https:\/\/comarcas.csm.org.pt\/castelo-branco\/?s={search_term_string}"},"query-input":{"@type":"PropertyValueSpecification","valueRequired":true,"valueName":"search_term_string"}}],"inLanguage":"pt-PT"},{"@type":"Organization","@id":"https:\/\/comarcas.csm.org.pt\/castelo-branco\/#organization","name":"Tribunal Judicial da Comarca de Castelo Branco","url":"https:\/\/comarcas.csm.org.pt\/castelo-branco\/","logo":{"@type":"ImageObject","inLanguage":"pt-PT","@id":"https:\/\/comarcas.csm.org.pt\/castelo-branco\/#\/schema\/logo\/image\/","url":"https:\/\/comarcas.csm.org.pt\/castelo-branco\/wp-content\/uploads\/sites\/11\/2024\/11\/C-Branco_positivo-horizontal.png","contentUrl":"https:\/\/comarcas.csm.org.pt\/castelo-branco\/wp-content\/uploads\/sites\/11\/2024\/11\/C-Branco_positivo-horizontal.png","width":5388,"height":998,"caption":"Tribunal Judicial da Comarca de Castelo Branco"},"image":{"@id":"https:\/\/comarcas.csm.org.pt\/castelo-branco\/#\/schema\/logo\/image\/"}}]}},"_links":{"self":[{"href":"https:\/\/comarcas.csm.org.pt\/castelo-branco\/wp-json\/wp\/v2\/pages\/15899","targetHints":{"allow":["GET"]}}],"collection":[{"href":"https:\/\/comarcas.csm.org.pt\/castelo-branco\/wp-json\/wp\/v2\/pages"}],"about":[{"href":"https:\/\/comarcas.csm.org.pt\/castelo-branco\/wp-json\/wp\/v2\/types\/page"}],"author":[{"embeddable":true,"href":"https:\/\/comarcas.csm.org.pt\/castelo-branco\/wp-json\/wp\/v2\/users\/11"}],"replies":[{"embeddable":true,"href":"https:\/\/comarcas.csm.org.pt\/castelo-branco\/wp-json\/wp\/v2\/comments?post=15899"}],"version-history":[{"count":311,"href":"https:\/\/comarcas.csm.org.pt\/castelo-branco\/wp-json\/wp\/v2\/pages\/15899\/revisions"}],"predecessor-version":[{"id":18176,"href":"https:\/\/comarcas.csm.org.pt\/castelo-branco\/wp-json\/wp\/v2\/pages\/15899\/revisions\/18176"}],"up":[{"embeddable":true,"href":"https:\/\/comarcas.csm.org.pt\/castelo-branco\/wp-json\/wp\/v2\/pages\/14335"}],"wp:attachment":[{"href":"https:\/\/comarcas.csm.org.pt\/castelo-branco\/wp-json\/wp\/v2\/media?parent=15899"}],"curies":[{"name":"wp","href":"https:\/\/api.w.org\/{rel}","templated":true}]}}