{"id":15934,"date":"2026-01-06T15:18:28","date_gmt":"2026-01-06T15:18:28","guid":{"rendered":"https:\/\/comarcas.csm.org.pt\/castelo-branco\/?page_id=15934"},"modified":"2026-04-30T13:59:11","modified_gmt":"2026-04-30T12:59:11","slug":"unidade-central-de-oleiros-2026","status":"publish","type":"page","link":"https:\/\/comarcas.csm.org.pt\/castelo-branco\/acomarca\/atas-distribuicao-eletronica-2025\/unidade-central-de-oleiros-2026\/","title":{"rendered":"Unidade Central de Oleiros 2026"},"content":{"rendered":"\t\t<div data-elementor-type=\"wp-page\" data-elementor-id=\"15934\" class=\"elementor elementor-15934\" data-elementor-post-type=\"page\">\n\t\t\t\t<div class=\"elementor-element elementor-element-1782e4f e-flex e-con-boxed e-con e-parent\" data-id=\"1782e4f\" data-element_type=\"container\">\n\t\t\t\t\t<div class=\"e-con-inner\">\n\t\t<div class=\"elementor-element elementor-element-9dfa475 e-con-full e-flex e-con e-child\" data-id=\"9dfa475\" data-element_type=\"container\">\n\t\t\t\t<div class=\"elementor-element elementor-element-c0c9e0d elementor-widget__width-initial elementor-widget elementor-widget-heading\" data-id=\"c0c9e0d\" data-element_type=\"widget\" data-widget_type=\"heading.default\">\n\t\t\t\t<div class=\"elementor-widget-container\">\n\t\t\t\t\t<h4 class=\"elementor-heading-title elementor-size-default\"><b><span>Unidade Central de Oleiros, Atas Distribui\u00e7\u00e3o Eletr\u00f3nica 2026<\/span><\/b><\/h4>\t\t\t\t<\/div>\n\t\t\t\t<\/div>\n\t\t\t\t<div class=\"elementor-element elementor-element-218b642 elementor-widget elementor-widget-text-editor\" data-id=\"218b642\" data-element_type=\"widget\" data-widget_type=\"text-editor.default\">\n\t\t\t\t<div class=\"elementor-widget-container\">\n\t\t\t\t\t\t\t\t\t<h4><strong>Abril<\/strong><\/h4><h5><strong>Tipo de distribui\u00e7\u00e3o: Judicial Di\u00e1ria<\/strong><\/h5><h5><b style=\"background-color: transparent;color: #555555;font-size: 14px;letter-spacing: 0.3px\">Dia<\/b><\/h5><ul><li style=\"list-style-type: none\"><ul><li><span style=\"text-decoration: underline\"><a href=\"https:\/\/comarcas.csm.org.pt\/castelo-branco\/wp-content\/uploads\/sites\/11\/2026\/04\/08-Referencia-26849-1.pdf\" target=\"_blank\" rel=\"noopener\">08-Refer\u00eancia 26849<\/a><\/span>, <span style=\"text-decoration: underline\"><a href=\"https:\/\/comarcas.csm.org.pt\/castelo-branco\/wp-content\/uploads\/sites\/11\/2026\/04\/09-Referencia-26899-2.pdf\">09-Refer\u00eancia 26899<\/a><\/span>,<span style=\"text-decoration: underline\"><a href=\"https:\/\/comarcas.csm.org.pt\/castelo-branco\/wp-content\/uploads\/sites\/11\/2026\/04\/10-Referencia-26922-1.pdf\" target=\"_blank\" rel=\"noopener\">10-Refer\u00eancia 26922<\/a><\/span>,\u00a0<span style=\"text-decoration: underline\"><a href=\"https:\/\/comarcas.csm.org.pt\/castelo-branco\/wp-content\/uploads\/sites\/11\/2026\/04\/13-Referencia-26953.pdf\" target=\"_blank\" rel=\"noopener\">13-Refer\u00eancia 26953<\/a><\/span>,\u00a0<span style=\"text-decoration: underline\"><a href=\"https:\/\/comarcas.csm.org.pt\/castelo-branco\/wp-content\/uploads\/sites\/11\/2026\/04\/14-Referencia-26978.pdf\" target=\"_blank\" rel=\"noopener\">14-Refer\u00eancia 26978<\/a><\/span>,\u00a0<span style=\"text-decoration: underline\"><a href=\"https:\/\/comarcas.csm.org.pt\/castelo-branco\/wp-content\/uploads\/sites\/11\/2026\/04\/15-Referencia-27016.pdf\" target=\"_blank\" rel=\"noopener\">15-Refer\u00eancia 27016<\/a><\/span>, <span style=\"text-decoration: underline\"><a href=\"https:\/\/comarcas.csm.org.pt\/castelo-branco\/wp-content\/uploads\/sites\/11\/2026\/04\/16-Referencia-27043.pdf\" target=\"_blank\" rel=\"noopener\">16-Refer\u00eancia 27043<\/a><\/span>, <span style=\"text-decoration: underline\"><a href=\"https:\/\/comarcas.csm.org.pt\/castelo-branco\/wp-content\/uploads\/sites\/11\/2026\/04\/17-Referencia-27065.pdf\" target=\"_blank\" rel=\"noopener\">17-Refer\u00eancia 27065<\/a><\/span>, <span style=\"text-decoration: underline\"><a href=\"https:\/\/comarcas.csm.org.pt\/castelo-branco\/wp-content\/uploads\/sites\/11\/2026\/04\/20-Referencia-27087.pdf\" target=\"_blank\" rel=\"noopener\">20-Refer\u00eancia 27087<\/a><\/span>, <span style=\"text-decoration: underline\"><a href=\"https:\/\/comarcas.csm.org.pt\/castelo-branco\/wp-content\/uploads\/sites\/11\/2026\/04\/22-Referencia-27144.pdf\" target=\"_blank\" rel=\"noopener\">22-Refer\u00eancia 27144<\/a><\/span>, <span style=\"text-decoration: underline\"><a href=\"https:\/\/comarcas.csm.org.pt\/castelo-branco\/wp-content\/uploads\/sites\/11\/2026\/04\/24-Referencia-27208.pdf\" target=\"_blank\" rel=\"noopener\">24-Refer\u00eancia 27208<\/a><\/span>,\u00a0<span style=\"text-decoration: underline\"><a href=\"https:\/\/comarcas.csm.org.pt\/castelo-branco\/wp-content\/uploads\/sites\/11\/2026\/04\/27-Referencia-27241.pdf\" target=\"_blank\" rel=\"noopener\">27-Refer\u00eancia 27241<\/a><\/span>,\u00a0<span style=\"text-decoration: underline\"><a href=\"https:\/\/comarcas.csm.org.pt\/castelo-branco\/wp-content\/uploads\/sites\/11\/2026\/04\/29-Referencia-27286.pdf\" target=\"_blank\" rel=\"noopener\">29-Refer\u00eancia 27286<\/a><\/span><\/li><\/ul><\/li><\/ul>\t\t\t\t\t\t\t\t<\/div>\n\t\t\t\t<\/div>\n\t\t\t\t<div class=\"elementor-element elementor-element-d430e5f elementor-widget elementor-widget-text-editor\" data-id=\"d430e5f\" data-element_type=\"widget\" data-widget_type=\"text-editor.default\">\n\t\t\t\t<div class=\"elementor-widget-container\">\n\t\t\t\t\t\t\t\t\t<h4><strong>Mar\u00e7o<\/strong><\/h4><h5><strong>Tipo de distribui\u00e7\u00e3o: Judicial Di\u00e1ria<\/strong><\/h5><h5><b style=\"background-color: transparent;color: #555555;font-size: 14px;letter-spacing: 0.3px\">Dia<\/b><\/h5><ul><li style=\"list-style-type: none\"><ul><li><span style=\"text-decoration: underline\"><a href=\"https:\/\/comarcas.csm.org.pt\/castelo-branco\/wp-content\/uploads\/sites\/11\/2026\/03\/02-Referencia-26139.pdf\" target=\"_blank\" rel=\"noopener\">02-Refer\u00eancia 26139<\/a><\/span>, <span style=\"text-decoration: underline\"><a href=\"https:\/\/comarcas.csm.org.pt\/castelo-branco\/wp-content\/uploads\/sites\/11\/2026\/03\/05-Referencia-26236.pdf\" target=\"_blank\" rel=\"noopener\">05-Refer\u00eancia 26236<\/a><\/span>,\u00a0<span style=\"text-decoration: underline\"><a href=\"https:\/\/comarcas.csm.org.pt\/castelo-branco\/wp-content\/uploads\/sites\/11\/2026\/03\/10-Referencia-26322.pdf\" target=\"_blank\" rel=\"noopener\">10-Refer\u00eancia 26322<\/a><\/span>,\u00a0<span style=\"text-decoration: underline\"><a href=\"https:\/\/comarcas.csm.org.pt\/castelo-branco\/wp-content\/uploads\/sites\/11\/2026\/03\/11-Referencia-26364.pdf\" target=\"_blank\" rel=\"noopener\">11-Refer\u00eancia 26364<\/a><\/span>, <span style=\"text-decoration: underline\"><a href=\"https:\/\/comarcas.csm.org.pt\/castelo-branco\/wp-content\/uploads\/sites\/11\/2026\/03\/12-Referencia-26386.pdf\" target=\"_blank\" rel=\"noopener\">12-Refer\u00eancia 26386<\/a><\/span>,\u00a0<span style=\"text-decoration: underline\"><a href=\"https:\/\/comarcas.csm.org.pt\/castelo-branco\/wp-content\/uploads\/sites\/11\/2026\/03\/13-Referencia-26415-1.pdf\" target=\"_blank\" rel=\"noopener\">13-Refer\u00eancia 26415<\/a><\/span>,\u00a0<span style=\"text-decoration: underline\"><a href=\"https:\/\/comarcas.csm.org.pt\/castelo-branco\/wp-content\/uploads\/sites\/11\/2026\/03\/23-Referencia-26580-1.pdf\" target=\"_blank\" rel=\"noopener\">23-Refer\u00eancia 26580<\/a><\/span>,\u00a0<span style=\"text-decoration: underline\"><a href=\"https:\/\/comarcas.csm.org.pt\/castelo-branco\/wp-content\/uploads\/sites\/11\/2026\/03\/24-Referencia-26601.pdf\" target=\"_blank\" rel=\"noopener\">24-Refer\u00eancia 26601<\/a><\/span>,\u00a0<span style=\"text-decoration: underline\"><a href=\"https:\/\/comarcas.csm.org.pt\/castelo-branco\/wp-content\/uploads\/sites\/11\/2026\/03\/25-Referencia-26632.pdf\" target=\"_blank\" rel=\"noopener\">25-Refer\u00eancia 26632<\/a><\/span>,\u00a0<span style=\"text-decoration: underline\"><a href=\"https:\/\/comarcas.csm.org.pt\/castelo-branco\/wp-content\/uploads\/sites\/11\/2026\/03\/26-Referencia-26673.pdf\" target=\"_blank\" rel=\"noopener\">26-Refer\u00eancia 26673<\/a><\/span>,\u00a0<span style=\"text-decoration: underline\"><a href=\"https:\/\/comarcas.csm.org.pt\/castelo-branco\/wp-content\/uploads\/sites\/11\/2026\/03\/27-Referencia-26702.pdf\" target=\"_blank\" rel=\"noopener\">27-Refer\u00eancia 26702<\/a><\/span>,\u00a0<span style=\"text-decoration: underline\"><a href=\"https:\/\/comarcas.csm.org.pt\/castelo-branco\/wp-content\/uploads\/sites\/11\/2026\/04\/31-Referencia-26752.pdf\" target=\"_blank\" rel=\"noopener\">31-Refer\u00eancia 26752<\/a><\/span>,\u00a0<span style=\"text-decoration: underline\"><a href=\"https:\/\/comarcas.csm.org.pt\/castelo-branco\/wp-content\/uploads\/sites\/11\/2026\/04\/08-Referencia-26849.pdf\" target=\"_blank\" rel=\"noopener\">08-Refer\u00eancia 26849<\/a><\/span>, <span style=\"text-decoration: underline\"><a href=\"https:\/\/comarcas.csm.org.pt\/castelo-branco\/wp-content\/uploads\/sites\/11\/2026\/04\/09-Referencia-26899-1.pdf\" target=\"_blank\" rel=\"noopener\">09-Refer\u00eancia 26899<\/a><\/span><\/li><\/ul><\/li><\/ul>\t\t\t\t\t\t\t\t<\/div>\n\t\t\t\t<\/div>\n\t\t\t\t<div class=\"elementor-element elementor-element-cf0a6df elementor-widget elementor-widget-text-editor\" data-id=\"cf0a6df\" data-element_type=\"widget\" data-widget_type=\"text-editor.default\">\n\t\t\t\t<div class=\"elementor-widget-container\">\n\t\t\t\t\t\t\t\t\t<h4><strong>Fevereiro<\/strong><\/h4><h5><strong>Tipo de distribui\u00e7\u00e3o: Judicial Di\u00e1ria<\/strong><\/h5><h5><b style=\"background-color: transparent;color: #555555;font-size: 14px;letter-spacing: 0.3px\">Dia<\/b><\/h5><ul><li style=\"list-style-type: none\"><ul><li><span style=\"text-decoration: underline\"><a href=\"https:\/\/comarcas.csm.org.pt\/castelo-branco\/wp-content\/uploads\/sites\/11\/2026\/02\/02-Referencia-25536.pdf\" target=\"_blank\" rel=\"noopener\">02-Refer\u00eancia 25536<\/a><\/span>, <span style=\"text-decoration: underline\"><a href=\"https:\/\/comarcas.csm.org.pt\/castelo-branco\/wp-content\/uploads\/sites\/11\/2026\/02\/03-Referencia-25567.pdf\" target=\"_blank\" rel=\"noopener\">03-Refer\u00eancia 25567<\/a><\/span>,\u00a0<span style=\"text-decoration: underline\"><a href=\"https:\/\/comarcas.csm.org.pt\/castelo-branco\/wp-content\/uploads\/sites\/11\/2026\/02\/04-Referencia-25606.pdf\" target=\"_blank\" rel=\"noopener\">04-Refer\u00eancia 25606<\/a><\/span>,\u00a0<span style=\"text-decoration: underline\"><a href=\"https:\/\/comarcas.csm.org.pt\/castelo-branco\/wp-content\/uploads\/sites\/11\/2026\/02\/05-Referencia-25643.pdf\" target=\"_blank\" rel=\"noopener\">05-Refer\u00eancia 25643<\/a><\/span>,\u00a0<span style=\"text-decoration: underline\"><a href=\"https:\/\/comarcas.csm.org.pt\/castelo-branco\/wp-content\/uploads\/sites\/11\/2026\/02\/06-Referencia-25671.pdf\" target=\"_blank\" rel=\"noopener\">06-Refer\u00eancia 25671<\/a><\/span>,\u00a0<span style=\"text-decoration: underline\"><a href=\"https:\/\/comarcas.csm.org.pt\/castelo-branco\/wp-content\/uploads\/sites\/11\/2026\/02\/09-Referencia-25701.pdf\" target=\"_blank\" rel=\"noopener\">09-Refer\u00eancia 25701<\/a><\/span>,\u00a0<span style=\"text-decoration: underline\"><a href=\"https:\/\/comarcas.csm.org.pt\/castelo-branco\/wp-content\/uploads\/sites\/11\/2026\/02\/10-Referencia-25726.pdf\" target=\"_blank\" rel=\"noopener\">10-Refer\u00eancia 25726<\/a><\/span>,\u00a0<span style=\"text-decoration: underline\"><a href=\"https:\/\/comarcas.csm.org.pt\/castelo-branco\/wp-content\/uploads\/sites\/11\/2026\/02\/11-Referencia-25764.pdf\" target=\"_blank\" rel=\"noopener\">11-Refer\u00eancia 25764<\/a><\/span>, <span style=\"text-decoration: underline\"><a href=\"https:\/\/comarcas.csm.org.pt\/castelo-branco\/wp-content\/uploads\/sites\/11\/2026\/02\/12-Referencia-25782.pdf\" target=\"_blank\" rel=\"noopener\">12-Refer\u00eancia 25782<\/a><\/span>, <span style=\"text-decoration: underline\"><a href=\"https:\/\/comarcas.csm.org.pt\/castelo-branco\/wp-content\/uploads\/sites\/11\/2026\/02\/16-Referencia-25840.pdf\" target=\"_blank\" rel=\"noopener\">16-Refer\u00eancia 25840<\/a><\/span>,\u00a0<span style=\"text-decoration: underline\"><a href=\"https:\/\/comarcas.csm.org.pt\/castelo-branco\/wp-content\/uploads\/sites\/11\/2026\/02\/18-Referencia-25877.pdf\" target=\"_blank\" rel=\"noopener\">18-Refer\u00eancia 25877<\/a><\/span>,\u00a0<span style=\"text-decoration: underline\"><a href=\"https:\/\/comarcas.csm.org.pt\/castelo-branco\/wp-content\/uploads\/sites\/11\/2026\/02\/19-Referencia-25908.pdf\" target=\"_blank\" rel=\"noopener\">19-Refer\u00eancia 25908<\/a><\/span>, <a href=\"https:\/\/comarcas.csm.org.pt\/castelo-branco\/wp-content\/uploads\/sites\/11\/2026\/02\/23-Referencia-26001.pdf\" target=\"_blank\" rel=\"noopener\"><span style=\"text-decoration: underline\">23-Refer\u00eancia 26001<\/span><\/a>,\u00a0<span style=\"text-decoration: underline\"><a href=\"https:\/\/comarcas.csm.org.pt\/castelo-branco\/wp-content\/uploads\/sites\/11\/2026\/02\/24-Referencia-26032.pdf\" target=\"_blank\" rel=\"noopener\">24-Refer\u00eancia 26032<\/a><\/span>,\u00a0<span style=\"text-decoration: underline\"><a href=\"https:\/\/comarcas.csm.org.pt\/castelo-branco\/wp-content\/uploads\/sites\/11\/2026\/02\/25-Referencia-26046.pdf\" target=\"_blank\" rel=\"noopener\">25-Refer\u00eancia 26046<\/a><\/span><\/li><\/ul><\/li><\/ul>\t\t\t\t\t\t\t\t<\/div>\n\t\t\t\t<\/div>\n\t\t\t\t<div class=\"elementor-element elementor-element-793a779 elementor-widget elementor-widget-text-editor\" data-id=\"793a779\" data-element_type=\"widget\" data-widget_type=\"text-editor.default\">\n\t\t\t\t<div class=\"elementor-widget-container\">\n\t\t\t\t\t\t\t\t\t<h4><strong>Janeiro<\/strong><\/h4><h5><strong>Tipo de distribui\u00e7\u00e3o: Judicial Di\u00e1ria<\/strong><\/h5><h5><b style=\"background-color: transparent;color: #555555;font-size: 14px;letter-spacing: 0.3px\">Dia<\/b><\/h5><ul><li style=\"list-style-type: none\"><ul><li><span style=\"text-decoration: underline\"><a href=\"https:\/\/comarcas.csm.org.pt\/castelo-branco\/wp-content\/uploads\/sites\/11\/2026\/01\/02-Referencia-24888.pdf\" target=\"_blank\" rel=\"noopener\">02-Refer\u00eancia 24888<\/a><\/span>,\u00a0<span style=\"text-decoration: underline\"><a href=\"https:\/\/comarcas.csm.org.pt\/castelo-branco\/wp-content\/uploads\/sites\/11\/2026\/01\/05-Referencia-24923.pdf\" target=\"_blank\" rel=\"noopener\">05-Refer\u00eancia 24923<\/a><\/span>, <span style=\"text-decoration: underline\"><a href=\"https:\/\/comarcas.csm.org.pt\/castelo-branco\/wp-content\/uploads\/sites\/11\/2026\/01\/12-Referencia-25063-1.pdf\" target=\"_blank\" rel=\"noopener\">12-Refer\u00eancia 25063<\/a><\/span>,\u00a0<span style=\"text-decoration: underline\"><a href=\"https:\/\/comarcas.csm.org.pt\/castelo-branco\/wp-content\/uploads\/sites\/11\/2026\/01\/14-Referencia-25122.pdf\" target=\"_blank\" rel=\"noopener\">14-Refer\u00eancia 25122<\/a><\/span>,\u00a0<span style=\"text-decoration: underline\"><a href=\"https:\/\/comarcas.csm.org.pt\/castelo-branco\/wp-content\/uploads\/sites\/11\/2026\/01\/15-Referencia-25156.pdf\" target=\"_blank\" rel=\"noopener\">15-Refer\u00eancia 25156<\/a><\/span>, <span style=\"text-decoration: underline\"><a href=\"https:\/\/comarcas.csm.org.pt\/castelo-branco\/wp-content\/uploads\/sites\/11\/2026\/01\/16-Referencia-25199.pdf\" target=\"_blank\" rel=\"noopener\">16-Refer\u00eancia 25199<\/a><\/span>,\u00a0<span style=\"text-decoration: underline\"><a href=\"https:\/\/comarcas.csm.org.pt\/castelo-branco\/wp-content\/uploads\/sites\/11\/2026\/01\/23-Referencia-25348.pdf\" target=\"_blank\" rel=\"noopener\">23-Refer\u00eancia 25348<\/a><\/span>,\u00a0<span style=\"text-decoration: underline\"><a href=\"https:\/\/comarcas.csm.org.pt\/castelo-branco\/wp-content\/uploads\/sites\/11\/2026\/01\/26-Referencia-25399-extraordinaria.pdf\" target=\"_blank\" rel=\"noopener\">26-Refer\u00eancia 25399-extraordinaria<\/a><\/span>, <span style=\"text-decoration: underline\"><a href=\"https:\/\/comarcas.csm.org.pt\/castelo-branco\/wp-content\/uploads\/sites\/11\/2026\/01\/27-Referencia-25399-extraordinaria.pdf\" target=\"_blank\" rel=\"noopener\">27-Refer\u00eancia 25399-extraordinaria<\/a><\/span><\/li><\/ul><\/li><\/ul>\t\t\t\t\t\t\t\t<\/div>\n\t\t\t\t<\/div>\n\t\t\t\t<\/div>\n\t\t<div class=\"elementor-element elementor-element-c9c55a8 e-con-full e-flex e-con e-child\" data-id=\"c9c55a8\" data-element_type=\"container\">\n\t\t<div class=\"elementor-element elementor-element-a0863b6 e-con-full e-flex e-con e-child\" data-id=\"a0863b6\" data-element_type=\"container\">\n\t\t\t\t<div class=\"elementor-element elementor-element-936fd49 elementor-widget elementor-widget-google_maps\" data-id=\"936fd49\" data-element_type=\"widget\" data-widget_type=\"google_maps.default\">\n\t\t\t\t<div class=\"elementor-widget-container\">\n\t\t\t\t\t\t\t<div class=\"elementor-custom-embed\">\n\t\t\t<iframe loading=\"lazy\"\n\t\t\t\t\tsrc=\"https:\/\/www.google.com\/maps\/embed\/v1\/place?key=AIzaSyDhSoLeftGxfg7Tvco7SEUCY-Cc_XLDY3c&#038;q=Tribunal%20de%20oleiros&#038;zoom=15\"\n\t\t\t\t\ttitle=\"Tribunal de oleiros\"\n\t\t\t\t\taria-label=\"Tribunal de oleiros\"\n\t\t\t><\/iframe>\n\t\t<\/div>\n\t\t\t\t\t\t<\/div>\n\t\t\t\t<\/div>\n\t\t\t\t<\/div>\n\t\t\t\t<\/div>\n\t\t\t\t\t<\/div>\n\t\t\t\t<\/div>\n\t\t\t\t<\/div>\n\t\t","protected":false},"excerpt":{"rendered":"<p>Unidade Central de Oleiros, Atas Distribui\u00e7\u00e3o Eletr\u00f3nica 2026 Abril Tipo de distribui\u00e7\u00e3o: Judicial Di\u00e1ria Dia 08-Refer\u00eancia 26849, 09-Refer\u00eancia 26899,10-Refer\u00eancia 26922,\u00a013-Refer\u00eancia 26953,\u00a014-Refer\u00eancia 26978,\u00a015-Refer\u00eancia 27016, 16-Refer\u00eancia 27043, 17-Refer\u00eancia 27065, 20-Refer\u00eancia 27087, 22-Refer\u00eancia 27144, 24-Refer\u00eancia 27208,\u00a027-Refer\u00eancia 27241,\u00a029-Refer\u00eancia 27286 Mar\u00e7o Tipo de distribui\u00e7\u00e3o: Judicial Di\u00e1ria Dia 02-Refer\u00eancia 26139, 05-Refer\u00eancia 26236,\u00a010-Refer\u00eancia 26322,\u00a011-Refer\u00eancia 26364, 12-Refer\u00eancia 26386,\u00a013-Refer\u00eancia 26415,\u00a023-Refer\u00eancia 26580,\u00a024-Refer\u00eancia 26601,\u00a025-Refer\u00eancia 26632,\u00a026-Refer\u00eancia 26673,\u00a027-Refer\u00eancia&#8230;<\/p>\n","protected":false},"author":11,"featured_media":0,"parent":14335,"menu_order":0,"comment_status":"closed","ping_status":"closed","template":"elementor_theme","meta":{"_tbt_post_transparent":"","_tbt_post_title":"hide","_tbt_post_layout":"fullwidth","_tbt_post_sidebar_id":"","_tbt_post_content_style":"unboxed","_tbt_post_vertical_padding":"hide","_tbt_post_feature":"hide","_tbt_post_feature_position":"","_tbt_post_header":false,"_tbt_post_footer":false},"class_list":["post-15934","page","type-page","status-publish","hentry"],"yoast_head":"<!-- This site is optimized with the Yoast SEO plugin v25.6 - https:\/\/yoast.com\/wordpress\/plugins\/seo\/ -->\n<title>Unidade Central de Oleiros 2026 - Tribunal Judicial da Comarca de Castelo Branco<\/title>\n<meta name=\"robots\" content=\"index, follow, max-snippet:-1, max-image-preview:large, max-video-preview:-1\" \/>\n<link rel=\"canonical\" href=\"https:\/\/comarcas.csm.org.pt\/castelo-branco\/acomarca\/atas-distribuicao-eletronica-2025\/unidade-central-de-oleiros-2026\/\" \/>\n<meta property=\"og:locale\" content=\"pt_PT\" \/>\n<meta property=\"og:type\" content=\"article\" \/>\n<meta property=\"og:title\" content=\"Unidade Central de Oleiros 2026 - Tribunal Judicial da Comarca de Castelo Branco\" \/>\n<meta property=\"og:description\" content=\"Unidade Central de Oleiros, Atas Distribui\u00e7\u00e3o Eletr\u00f3nica 2026 Abril Tipo de distribui\u00e7\u00e3o: Judicial Di\u00e1ria Dia 08-Refer\u00eancia 26849, 09-Refer\u00eancia 26899,10-Refer\u00eancia 26922,\u00a013-Refer\u00eancia 26953,\u00a014-Refer\u00eancia 26978,\u00a015-Refer\u00eancia 27016, 16-Refer\u00eancia 27043, 17-Refer\u00eancia 27065, 20-Refer\u00eancia 27087, 22-Refer\u00eancia 27144, 24-Refer\u00eancia 27208,\u00a027-Refer\u00eancia 27241,\u00a029-Refer\u00eancia 27286 Mar\u00e7o Tipo de distribui\u00e7\u00e3o: Judicial Di\u00e1ria Dia 02-Refer\u00eancia 26139, 05-Refer\u00eancia 26236,\u00a010-Refer\u00eancia 26322,\u00a011-Refer\u00eancia 26364, 12-Refer\u00eancia 26386,\u00a013-Refer\u00eancia 26415,\u00a023-Refer\u00eancia 26580,\u00a024-Refer\u00eancia 26601,\u00a025-Refer\u00eancia 26632,\u00a026-Refer\u00eancia 26673,\u00a027-Refer\u00eancia...\" \/>\n<meta property=\"og:url\" content=\"https:\/\/comarcas.csm.org.pt\/castelo-branco\/acomarca\/atas-distribuicao-eletronica-2025\/unidade-central-de-oleiros-2026\/\" \/>\n<meta property=\"og:site_name\" content=\"Tribunal Judicial da Comarca de Castelo Branco\" \/>\n<meta property=\"article:modified_time\" content=\"2026-04-30T12:59:11+00:00\" \/>\n<meta name=\"twitter:card\" content=\"summary_large_image\" \/>\n<meta name=\"twitter:label1\" content=\"Tempo estimado de leitura\" \/>\n\t<meta name=\"twitter:data1\" content=\"1 minuto\" \/>\n<script type=\"application\/ld+json\" class=\"yoast-schema-graph\">{\"@context\":\"https:\/\/schema.org\",\"@graph\":[{\"@type\":\"WebPage\",\"@id\":\"https:\/\/comarcas.csm.org.pt\/castelo-branco\/acomarca\/atas-distribuicao-eletronica-2025\/unidade-central-de-oleiros-2026\/\",\"url\":\"https:\/\/comarcas.csm.org.pt\/castelo-branco\/acomarca\/atas-distribuicao-eletronica-2025\/unidade-central-de-oleiros-2026\/\",\"name\":\"Unidade Central de Oleiros 2026 - Tribunal Judicial da Comarca de Castelo Branco\",\"isPartOf\":{\"@id\":\"https:\/\/comarcas.csm.org.pt\/castelo-branco\/#website\"},\"datePublished\":\"2026-01-06T15:18:28+00:00\",\"dateModified\":\"2026-04-30T12:59:11+00:00\",\"breadcrumb\":{\"@id\":\"https:\/\/comarcas.csm.org.pt\/castelo-branco\/acomarca\/atas-distribuicao-eletronica-2025\/unidade-central-de-oleiros-2026\/#breadcrumb\"},\"inLanguage\":\"pt-PT\",\"potentialAction\":[{\"@type\":\"ReadAction\",\"target\":[\"https:\/\/comarcas.csm.org.pt\/castelo-branco\/acomarca\/atas-distribuicao-eletronica-2025\/unidade-central-de-oleiros-2026\/\"]}]},{\"@type\":\"BreadcrumbList\",\"@id\":\"https:\/\/comarcas.csm.org.pt\/castelo-branco\/acomarca\/atas-distribuicao-eletronica-2025\/unidade-central-de-oleiros-2026\/#breadcrumb\",\"itemListElement\":[{\"@type\":\"ListItem\",\"position\":1,\"name\":\"In\u00edcio\",\"item\":\"https:\/\/comarcas.csm.org.pt\/castelo-branco\/\"},{\"@type\":\"ListItem\",\"position\":2,\"name\":\"A Comarca\",\"item\":\"https:\/\/comarcas.csm.org.pt\/castelo-branco\/acomarca\/\"},{\"@type\":\"ListItem\",\"position\":3,\"name\":\"Atas Distribui\u00e7\u00e3o Eletr\u00f3nica 2025\",\"item\":\"https:\/\/comarcas.csm.org.pt\/castelo-branco\/acomarca\/atas-distribuicao-eletronica-2025\/\"},{\"@type\":\"ListItem\",\"position\":4,\"name\":\"Unidade Central de Oleiros 2026\"}]},{\"@type\":\"WebSite\",\"@id\":\"https:\/\/comarcas.csm.org.pt\/castelo-branco\/#website\",\"url\":\"https:\/\/comarcas.csm.org.pt\/castelo-branco\/\",\"name\":\"Tribunal Judicial da Comarca de Castelo Branco\",\"description\":\"Tribunal Judicial da Comarca de Aveiro\",\"publisher\":{\"@id\":\"https:\/\/comarcas.csm.org.pt\/castelo-branco\/#organization\"},\"potentialAction\":[{\"@type\":\"SearchAction\",\"target\":{\"@type\":\"EntryPoint\",\"urlTemplate\":\"https:\/\/comarcas.csm.org.pt\/castelo-branco\/?s={search_term_string}\"},\"query-input\":{\"@type\":\"PropertyValueSpecification\",\"valueRequired\":true,\"valueName\":\"search_term_string\"}}],\"inLanguage\":\"pt-PT\"},{\"@type\":\"Organization\",\"@id\":\"https:\/\/comarcas.csm.org.pt\/castelo-branco\/#organization\",\"name\":\"Tribunal Judicial da Comarca de Castelo Branco\",\"url\":\"https:\/\/comarcas.csm.org.pt\/castelo-branco\/\",\"logo\":{\"@type\":\"ImageObject\",\"inLanguage\":\"pt-PT\",\"@id\":\"https:\/\/comarcas.csm.org.pt\/castelo-branco\/#\/schema\/logo\/image\/\",\"url\":\"https:\/\/comarcas.csm.org.pt\/castelo-branco\/wp-content\/uploads\/sites\/11\/2024\/11\/C-Branco_positivo-horizontal.png\",\"contentUrl\":\"https:\/\/comarcas.csm.org.pt\/castelo-branco\/wp-content\/uploads\/sites\/11\/2024\/11\/C-Branco_positivo-horizontal.png\",\"width\":5388,\"height\":998,\"caption\":\"Tribunal Judicial da Comarca de Castelo Branco\"},\"image\":{\"@id\":\"https:\/\/comarcas.csm.org.pt\/castelo-branco\/#\/schema\/logo\/image\/\"}}]}<\/script>\n<!-- \/ Yoast SEO plugin. -->","yoast_head_json":{"title":"Unidade Central de Oleiros 2026 - Tribunal Judicial da Comarca de Castelo Branco","robots":{"index":"index","follow":"follow","max-snippet":"max-snippet:-1","max-image-preview":"max-image-preview:large","max-video-preview":"max-video-preview:-1"},"canonical":"https:\/\/comarcas.csm.org.pt\/castelo-branco\/acomarca\/atas-distribuicao-eletronica-2025\/unidade-central-de-oleiros-2026\/","og_locale":"pt_PT","og_type":"article","og_title":"Unidade Central de Oleiros 2026 - Tribunal Judicial da Comarca de Castelo Branco","og_description":"Unidade Central de Oleiros, Atas Distribui\u00e7\u00e3o Eletr\u00f3nica 2026 Abril Tipo de distribui\u00e7\u00e3o: Judicial Di\u00e1ria Dia 08-Refer\u00eancia 26849, 09-Refer\u00eancia 26899,10-Refer\u00eancia 26922,\u00a013-Refer\u00eancia 26953,\u00a014-Refer\u00eancia 26978,\u00a015-Refer\u00eancia 27016, 16-Refer\u00eancia 27043, 17-Refer\u00eancia 27065, 20-Refer\u00eancia 27087, 22-Refer\u00eancia 27144, 24-Refer\u00eancia 27208,\u00a027-Refer\u00eancia 27241,\u00a029-Refer\u00eancia 27286 Mar\u00e7o Tipo de distribui\u00e7\u00e3o: Judicial Di\u00e1ria Dia 02-Refer\u00eancia 26139, 05-Refer\u00eancia 26236,\u00a010-Refer\u00eancia 26322,\u00a011-Refer\u00eancia 26364, 12-Refer\u00eancia 26386,\u00a013-Refer\u00eancia 26415,\u00a023-Refer\u00eancia 26580,\u00a024-Refer\u00eancia 26601,\u00a025-Refer\u00eancia 26632,\u00a026-Refer\u00eancia 26673,\u00a027-Refer\u00eancia...","og_url":"https:\/\/comarcas.csm.org.pt\/castelo-branco\/acomarca\/atas-distribuicao-eletronica-2025\/unidade-central-de-oleiros-2026\/","og_site_name":"Tribunal Judicial da Comarca de Castelo Branco","article_modified_time":"2026-04-30T12:59:11+00:00","twitter_card":"summary_large_image","twitter_misc":{"Tempo estimado de leitura":"1 minuto"},"schema":{"@context":"https:\/\/schema.org","@graph":[{"@type":"WebPage","@id":"https:\/\/comarcas.csm.org.pt\/castelo-branco\/acomarca\/atas-distribuicao-eletronica-2025\/unidade-central-de-oleiros-2026\/","url":"https:\/\/comarcas.csm.org.pt\/castelo-branco\/acomarca\/atas-distribuicao-eletronica-2025\/unidade-central-de-oleiros-2026\/","name":"Unidade Central de Oleiros 2026 - Tribunal Judicial da Comarca de Castelo Branco","isPartOf":{"@id":"https:\/\/comarcas.csm.org.pt\/castelo-branco\/#website"},"datePublished":"2026-01-06T15:18:28+00:00","dateModified":"2026-04-30T12:59:11+00:00","breadcrumb":{"@id":"https:\/\/comarcas.csm.org.pt\/castelo-branco\/acomarca\/atas-distribuicao-eletronica-2025\/unidade-central-de-oleiros-2026\/#breadcrumb"},"inLanguage":"pt-PT","potentialAction":[{"@type":"ReadAction","target":["https:\/\/comarcas.csm.org.pt\/castelo-branco\/acomarca\/atas-distribuicao-eletronica-2025\/unidade-central-de-oleiros-2026\/"]}]},{"@type":"BreadcrumbList","@id":"https:\/\/comarcas.csm.org.pt\/castelo-branco\/acomarca\/atas-distribuicao-eletronica-2025\/unidade-central-de-oleiros-2026\/#breadcrumb","itemListElement":[{"@type":"ListItem","position":1,"name":"In\u00edcio","item":"https:\/\/comarcas.csm.org.pt\/castelo-branco\/"},{"@type":"ListItem","position":2,"name":"A Comarca","item":"https:\/\/comarcas.csm.org.pt\/castelo-branco\/acomarca\/"},{"@type":"ListItem","position":3,"name":"Atas Distribui\u00e7\u00e3o Eletr\u00f3nica 2025","item":"https:\/\/comarcas.csm.org.pt\/castelo-branco\/acomarca\/atas-distribuicao-eletronica-2025\/"},{"@type":"ListItem","position":4,"name":"Unidade Central de Oleiros 2026"}]},{"@type":"WebSite","@id":"https:\/\/comarcas.csm.org.pt\/castelo-branco\/#website","url":"https:\/\/comarcas.csm.org.pt\/castelo-branco\/","name":"Tribunal Judicial da Comarca de Castelo Branco","description":"Tribunal Judicial da Comarca de Aveiro","publisher":{"@id":"https:\/\/comarcas.csm.org.pt\/castelo-branco\/#organization"},"potentialAction":[{"@type":"SearchAction","target":{"@type":"EntryPoint","urlTemplate":"https:\/\/comarcas.csm.org.pt\/castelo-branco\/?s={search_term_string}"},"query-input":{"@type":"PropertyValueSpecification","valueRequired":true,"valueName":"search_term_string"}}],"inLanguage":"pt-PT"},{"@type":"Organization","@id":"https:\/\/comarcas.csm.org.pt\/castelo-branco\/#organization","name":"Tribunal Judicial da Comarca de Castelo Branco","url":"https:\/\/comarcas.csm.org.pt\/castelo-branco\/","logo":{"@type":"ImageObject","inLanguage":"pt-PT","@id":"https:\/\/comarcas.csm.org.pt\/castelo-branco\/#\/schema\/logo\/image\/","url":"https:\/\/comarcas.csm.org.pt\/castelo-branco\/wp-content\/uploads\/sites\/11\/2024\/11\/C-Branco_positivo-horizontal.png","contentUrl":"https:\/\/comarcas.csm.org.pt\/castelo-branco\/wp-content\/uploads\/sites\/11\/2024\/11\/C-Branco_positivo-horizontal.png","width":5388,"height":998,"caption":"Tribunal Judicial da Comarca de Castelo Branco"},"image":{"@id":"https:\/\/comarcas.csm.org.pt\/castelo-branco\/#\/schema\/logo\/image\/"}}]}},"_links":{"self":[{"href":"https:\/\/comarcas.csm.org.pt\/castelo-branco\/wp-json\/wp\/v2\/pages\/15934","targetHints":{"allow":["GET"]}}],"collection":[{"href":"https:\/\/comarcas.csm.org.pt\/castelo-branco\/wp-json\/wp\/v2\/pages"}],"about":[{"href":"https:\/\/comarcas.csm.org.pt\/castelo-branco\/wp-json\/wp\/v2\/types\/page"}],"author":[{"embeddable":true,"href":"https:\/\/comarcas.csm.org.pt\/castelo-branco\/wp-json\/wp\/v2\/users\/11"}],"replies":[{"embeddable":true,"href":"https:\/\/comarcas.csm.org.pt\/castelo-branco\/wp-json\/wp\/v2\/comments?post=15934"}],"version-history":[{"count":211,"href":"https:\/\/comarcas.csm.org.pt\/castelo-branco\/wp-json\/wp\/v2\/pages\/15934\/revisions"}],"predecessor-version":[{"id":18184,"href":"https:\/\/comarcas.csm.org.pt\/castelo-branco\/wp-json\/wp\/v2\/pages\/15934\/revisions\/18184"}],"up":[{"embeddable":true,"href":"https:\/\/comarcas.csm.org.pt\/castelo-branco\/wp-json\/wp\/v2\/pages\/14335"}],"wp:attachment":[{"href":"https:\/\/comarcas.csm.org.pt\/castelo-branco\/wp-json\/wp\/v2\/media?parent=15934"}],"curies":[{"name":"wp","href":"https:\/\/api.w.org\/{rel}","templated":true}]}}