{"id":15942,"date":"2026-01-06T15:22:18","date_gmt":"2026-01-06T15:22:18","guid":{"rendered":"https:\/\/comarcas.csm.org.pt\/castelo-branco\/?page_id=15942"},"modified":"2026-04-30T14:00:24","modified_gmt":"2026-04-30T13:00:24","slug":"unidade-central-do-fundao-2026","status":"publish","type":"page","link":"https:\/\/comarcas.csm.org.pt\/castelo-branco\/acomarca\/atas-distribuicao-eletronica-2025\/unidade-central-do-fundao-2026\/","title":{"rendered":"Unidade Central do Fund\u00e3o 2026"},"content":{"rendered":"\t\t<div data-elementor-type=\"wp-page\" data-elementor-id=\"15942\" class=\"elementor elementor-15942\" data-elementor-post-type=\"page\">\n\t\t\t\t<div class=\"elementor-element elementor-element-1782e4f e-flex e-con-boxed e-con e-parent\" data-id=\"1782e4f\" data-element_type=\"container\">\n\t\t\t\t\t<div class=\"e-con-inner\">\n\t\t<div class=\"elementor-element elementor-element-9dfa475 e-con-full e-flex e-con e-child\" data-id=\"9dfa475\" data-element_type=\"container\">\n\t\t\t\t<div class=\"elementor-element elementor-element-c0c9e0d elementor-widget__width-initial elementor-widget elementor-widget-heading\" data-id=\"c0c9e0d\" data-element_type=\"widget\" data-widget_type=\"heading.default\">\n\t\t\t\t<div class=\"elementor-widget-container\">\n\t\t\t\t\t<h4 class=\"elementor-heading-title elementor-size-default\"><b><span>Unidade Central do Fund\u00e3o, Atas Distribui\u00e7\u00e3o Eletr\u00f3nica 2026<\/span><\/b><\/h4>\t\t\t\t<\/div>\n\t\t\t\t<\/div>\n\t\t\t\t<div class=\"elementor-element elementor-element-218b642 elementor-widget elementor-widget-text-editor\" data-id=\"218b642\" data-element_type=\"widget\" data-widget_type=\"text-editor.default\">\n\t\t\t\t<div class=\"elementor-widget-container\">\n\t\t\t\t\t\t\t\t\t<h4><b>Abril<\/b><\/h4><h5><strong>Tipo de distribui\u00e7\u00e3o: Judicial Di\u00e1ria<\/strong><\/h5><h5><b style=\"background-color: transparent;color: #555555;font-size: 14px;letter-spacing: 0.3px\">Dia<\/b><\/h5><ul><li><span style=\"text-decoration: underline\"><a href=\"https:\/\/comarcas.csm.org.pt\/castelo-branco\/wp-content\/uploads\/sites\/11\/2026\/04\/01-Referencia-26766.pdf\" target=\"_blank\" rel=\"noopener\">01-Refer\u00eancia 26766<\/a><\/span>, <span style=\"text-decoration: underline\"><a href=\"https:\/\/comarcas.csm.org.pt\/castelo-branco\/wp-content\/uploads\/sites\/11\/2026\/04\/06-Referencia-26808.pdf\" target=\"_blank\" rel=\"noopener\">06-Refer\u00eancia 26808<\/a><\/span>, <span style=\"text-decoration: underline\"><a href=\"https:\/\/comarcas.csm.org.pt\/castelo-branco\/wp-content\/uploads\/sites\/11\/2026\/04\/07-Referencia-26810-extraordinaria.pdf\" target=\"_blank\" rel=\"noopener\">07-Refer\u00eancia 26810-extraordinaria<\/a><\/span>,\u00a0<span style=\"text-decoration: underline\"><a href=\"https:\/\/comarcas.csm.org.pt\/castelo-branco\/wp-content\/uploads\/sites\/11\/2026\/04\/08-Referencia-26859.pdf\" target=\"_blank\" rel=\"noopener\">08-Refer\u00eancia 26859<\/a><\/span>,\u00a0<span style=\"text-decoration: underline\"><a href=\"https:\/\/comarcas.csm.org.pt\/castelo-branco\/wp-content\/uploads\/sites\/11\/2026\/04\/10-Referencia-26929.pdf\" target=\"_blank\" rel=\"noopener\">10-Refer\u00eancia 26929<\/a><\/span>,\u00a0<span style=\"text-decoration: underline\"><a href=\"https:\/\/comarcas.csm.org.pt\/castelo-branco\/wp-content\/uploads\/sites\/11\/2026\/04\/13-Referencia-26955.pdf\" target=\"_blank\" rel=\"noopener\">13-Refer\u00eancia 26955<\/a><\/span>,\u00a0<span style=\"text-decoration: underline\"><a href=\"https:\/\/comarcas.csm.org.pt\/castelo-branco\/wp-content\/uploads\/sites\/11\/2026\/04\/14-Referencia-26945-extraordinaria.pdf\" target=\"_blank\" rel=\"noopener\">14-Refer\u00eancia 26945-extraordinaria<\/a><\/span>, <span style=\"text-decoration: underline\"><a href=\"https:\/\/comarcas.csm.org.pt\/castelo-branco\/wp-content\/uploads\/sites\/11\/2026\/04\/14-Referencia-26979.pdf\" target=\"_blank\" rel=\"noopener\">14-Refer\u00eancia 26979<\/a><\/span>, <span style=\"text-decoration: underline\"><a href=\"https:\/\/comarcas.csm.org.pt\/castelo-branco\/wp-content\/uploads\/sites\/11\/2026\/04\/15-Referencia-27008.pdf\" target=\"_blank\" rel=\"noopener\">15-Refer\u00eancia 27008<\/a><\/span>, <span style=\"text-decoration: underline\"><a href=\"https:\/\/comarcas.csm.org.pt\/castelo-branco\/wp-content\/uploads\/sites\/11\/2026\/04\/15-Referencia-27027-extraordinaria.pdf\" target=\"_blank\" rel=\"noopener\">15-Refer\u00eancia 27027-extraordinaria<\/a><\/span>,\u00a0<span style=\"text-decoration: underline\"><a href=\"https:\/\/comarcas.csm.org.pt\/castelo-branco\/wp-content\/uploads\/sites\/11\/2026\/04\/16-Referencia-27048.pdf\" target=\"_blank\" rel=\"noopener\">16-Refer\u00eancia 27048<\/a><\/span>, <span style=\"text-decoration: underline\"><a href=\"https:\/\/comarcas.csm.org.pt\/castelo-branco\/wp-content\/uploads\/sites\/11\/2026\/04\/17-Referencia-27062.pdf\" target=\"_blank\" rel=\"noopener\">17-Refer\u00eancia 27062<\/a><\/span>,\u00a0<span style=\"text-decoration: underline\"><a href=\"https:\/\/comarcas.csm.org.pt\/castelo-branco\/wp-content\/uploads\/sites\/11\/2026\/04\/20-Referencia-27089-1.pdf\" target=\"_blank\" rel=\"noopener\">20-Refer\u00eancia 27089<\/a><\/span>,\u00a0<span style=\"text-decoration: underline\"><a href=\"https:\/\/comarcas.csm.org.pt\/castelo-branco\/wp-content\/uploads\/sites\/11\/2026\/04\/21-Referencia-27121.pdf\" target=\"_blank\" rel=\"noopener\">21-Refer\u00eancia 27121<\/a><\/span>, <span style=\"text-decoration: underline\"><a href=\"https:\/\/comarcas.csm.org.pt\/castelo-branco\/wp-content\/uploads\/sites\/11\/2026\/04\/22-Referencia-27163.pdf\" target=\"_blank\" rel=\"noopener\">22-Refer\u00eancia 27163<\/a><\/span>,\u00a0<span style=\"text-decoration: underline\"><a href=\"https:\/\/comarcas.csm.org.pt\/castelo-branco\/wp-content\/uploads\/sites\/11\/2026\/04\/23-Referencia-27181.pdf\" target=\"_blank\" rel=\"noopener\">23-Refer\u00eancia 27181<\/a><\/span>,\u00a0<span style=\"text-decoration: underline\"><a href=\"https:\/\/comarcas.csm.org.pt\/castelo-branco\/wp-content\/uploads\/sites\/11\/2026\/04\/24-Referencia-27195-extraordinaria.pdf\" target=\"_blank\" rel=\"noopener\">24-Refer\u00eancia 27195-extraordinaria<\/a><\/span>, <span style=\"text-decoration: underline\"><a href=\"https:\/\/comarcas.csm.org.pt\/castelo-branco\/wp-content\/uploads\/sites\/11\/2026\/04\/24-Referencia-27202-extraordinaria.pdf\" target=\"_blank\" rel=\"noopener\">24-Refer\u00eancia 27202-extraordinaria<\/a><\/span>, <span style=\"text-decoration: underline\"><a href=\"https:\/\/comarcas.csm.org.pt\/castelo-branco\/wp-content\/uploads\/sites\/11\/2026\/04\/24-Referencia-27206.pdf\" target=\"_blank\" rel=\"noopener\">24-Refer\u00eancia 27206<\/a><\/span>, <span style=\"text-decoration: underline\"><a href=\"https:\/\/comarcas.csm.org.pt\/castelo-branco\/wp-content\/uploads\/sites\/11\/2026\/04\/27-Referencia-27234.pdf\" target=\"_blank\" rel=\"noopener\">27-Refer\u00eancia 27234<\/a><\/span>,\u00a0<span style=\"text-decoration: underline\"><a href=\"https:\/\/comarcas.csm.org.pt\/castelo-branco\/wp-content\/uploads\/sites\/11\/2026\/04\/28-Referencia-27262.pdf\" target=\"_blank\" rel=\"noopener\">28-Refer\u00eancia 27262<\/a><\/span>, <span style=\"text-decoration: underline\"><a href=\"https:\/\/comarcas.csm.org.pt\/castelo-branco\/wp-content\/uploads\/sites\/11\/2026\/04\/28-Referencia-27266-extraordinaria.pdf\" target=\"_blank\" rel=\"noopener\">28-Refer\u00eancia 27266-extraordinaria<\/a><\/span>,\u00a0<span style=\"text-decoration: underline\"><a href=\"https:\/\/comarcas.csm.org.pt\/castelo-branco\/wp-content\/uploads\/sites\/11\/2026\/04\/29-Referencia-27284.pdf\" target=\"_blank\" rel=\"noopener\">29-Refer\u00eancia 27284<\/a><\/span><\/li><\/ul>\t\t\t\t\t\t\t\t<\/div>\n\t\t\t\t<\/div>\n\t\t\t\t<div class=\"elementor-element elementor-element-155a675 elementor-widget elementor-widget-text-editor\" data-id=\"155a675\" data-element_type=\"widget\" data-widget_type=\"text-editor.default\">\n\t\t\t\t<div class=\"elementor-widget-container\">\n\t\t\t\t\t\t\t\t\t<h4><b>Mar\u00e7o<\/b><\/h4><h5><strong>Tipo de distribui\u00e7\u00e3o: Judicial Di\u00e1ria<\/strong><\/h5><h5><b style=\"background-color: transparent;color: #555555;font-size: 14px;letter-spacing: 0.3px\">Dia<\/b><\/h5><ul><li><span style=\"text-decoration: underline\"><a href=\"https:\/\/comarcas.csm.org.pt\/castelo-branco\/wp-content\/uploads\/sites\/11\/2026\/03\/02-Referencia-26143.pdf\" target=\"_blank\" rel=\"noopener\">02-Refer\u00eancia 26143<\/a><\/span>,\u00a0<span style=\"text-decoration: underline\"><a href=\"https:\/\/comarcas.csm.org.pt\/castelo-branco\/wp-content\/uploads\/sites\/11\/2026\/03\/03-Referencia-26167.pdf\" target=\"_blank\" rel=\"noopener\">03-Refer\u00eancia 26167<\/a><\/span>, <span style=\"text-decoration: underline\"><a href=\"https:\/\/comarcas.csm.org.pt\/castelo-branco\/wp-content\/uploads\/sites\/11\/2026\/03\/03-Referencia-26175-extraordinaria.pdf\" target=\"_blank\" rel=\"noopener\">03-Refer\u00eancia 26175-extraordinaria<\/a><\/span>,\u00a0<span style=\"text-decoration: underline\"><a href=\"https:\/\/comarcas.csm.org.pt\/castelo-branco\/wp-content\/uploads\/sites\/11\/2026\/03\/04-Referencia-26196.pdf\" target=\"_blank\" rel=\"noopener\">04-Refer\u00eancia 26196<\/a><\/span>,\u00a0<span style=\"text-decoration: underline\"><a href=\"https:\/\/comarcas.csm.org.pt\/castelo-branco\/wp-content\/uploads\/sites\/11\/2026\/03\/05-Referencia-26226.pdf\" target=\"_blank\" rel=\"noopener\">05-Refer\u00eancia 26226<\/a><\/span>,\u00a0<span style=\"text-decoration: underline\"><a href=\"https:\/\/comarcas.csm.org.pt\/castelo-branco\/wp-content\/uploads\/sites\/11\/2026\/03\/06-Referencia-26264.pdf\" target=\"_blank\" rel=\"noopener\">06-Refer\u00eancia 26264<\/a><\/span>,\u00a0<span style=\"text-decoration: underline\"><a href=\"https:\/\/comarcas.csm.org.pt\/castelo-branco\/wp-content\/uploads\/sites\/11\/2026\/03\/06-Referencia-26277-extraordinaria.pdf\" target=\"_blank\" rel=\"noopener\">06-Refer\u00eancia 26277-extraordinaria<\/a><\/span>,\u00a0<span style=\"text-decoration: underline\"><a href=\"https:\/\/comarcas.csm.org.pt\/castelo-branco\/wp-content\/uploads\/sites\/11\/2026\/03\/10-Referencia-26330.pdf\" target=\"_blank\" rel=\"noopener\">10-Refer\u00eancia 26330<\/a><\/span>,\u00a0<span style=\"text-decoration: underline\"><a href=\"https:\/\/comarcas.csm.org.pt\/castelo-branco\/wp-content\/uploads\/sites\/11\/2026\/03\/11-Referencia-26362.pdf\" target=\"_blank\" rel=\"noopener\">11-Refer\u00eancia 26362<\/a><\/span>,\u00a0<span style=\"text-decoration: underline\"><a href=\"https:\/\/comarcas.csm.org.pt\/castelo-branco\/wp-content\/uploads\/sites\/11\/2026\/03\/12-Referencia-26390.pdf\" target=\"_blank\" rel=\"noopener\">12-Refer\u00eancia 26390<\/a><\/span>,\u00a0<span style=\"text-decoration: underline\"><a href=\"https:\/\/comarcas.csm.org.pt\/castelo-branco\/wp-content\/uploads\/sites\/11\/2026\/03\/13-Referencia-26414.pdf\" target=\"_blank\" rel=\"noopener\">13-Refer\u00eancia 26414<\/a><\/span>, <span style=\"text-decoration: underline\"><a href=\"https:\/\/comarcas.csm.org.pt\/castelo-branco\/wp-content\/uploads\/sites\/11\/2026\/03\/17-Referencia-26481.pdf\" target=\"_blank\" rel=\"noopener\">17-Refer\u00eancia 26481<\/a><\/span>, <span style=\"text-decoration: underline\"><a href=\"https:\/\/comarcas.csm.org.pt\/castelo-branco\/wp-content\/uploads\/sites\/11\/2026\/03\/18-Referencia-26506.pdf\" target=\"_blank\" rel=\"noopener\">18-Refer\u00eancia 26506<\/a><\/span>, <span style=\"text-decoration: underline\"><a href=\"https:\/\/comarcas.csm.org.pt\/castelo-branco\/wp-content\/uploads\/sites\/11\/2026\/03\/19-Referencia-26531.pdf\" target=\"_blank\" rel=\"noopener\">19-Refer\u00eancia 26531<\/a><\/span>, <span style=\"text-decoration: underline\"><a href=\"https:\/\/comarcas.csm.org.pt\/castelo-branco\/wp-content\/uploads\/sites\/11\/2026\/03\/20-Referencia-26554.pdf\" target=\"_blank\" rel=\"noopener\">20-Refer\u00eancia 26554<\/a><\/span>, <span style=\"text-decoration: underline\"><a href=\"https:\/\/comarcas.csm.org.pt\/castelo-branco\/wp-content\/uploads\/sites\/11\/2026\/03\/23-Referencia-26581.pdf\" target=\"_blank\" rel=\"noopener\">23-Refer\u00eancia 26581<\/a><\/span>,\u00a0<span style=\"text-decoration: underline\"><a href=\"https:\/\/comarcas.csm.org.pt\/castelo-branco\/wp-content\/uploads\/sites\/11\/2026\/03\/24-Referencia-26609.pdf\" target=\"_blank\" rel=\"noopener\">24-Refer\u00eancia 26609<\/a><\/span>, <span style=\"text-decoration: underline\"><a href=\"https:\/\/comarcas.csm.org.pt\/castelo-branco\/wp-content\/uploads\/sites\/11\/2026\/03\/24-Referencia-26621-extraordinaria.pdf\" target=\"_blank\" rel=\"noopener\">24-Refer\u00eancia 26621-extraordinaria<\/a><\/span>,\u00a0<span style=\"text-decoration: underline\"><a href=\"https:\/\/comarcas.csm.org.pt\/castelo-branco\/wp-content\/uploads\/sites\/11\/2026\/03\/25-Referencia-26640.pdf\" target=\"_blank\" rel=\"noopener\">25-Refer\u00eancia 26640<\/a><\/span>,\u00a0<span style=\"text-decoration: underline\"><a href=\"https:\/\/comarcas.csm.org.pt\/castelo-branco\/wp-content\/uploads\/sites\/11\/2026\/03\/26-Referencia-26678.pdf\" target=\"_blank\" rel=\"noopener\">26-Refer\u00eancia 26678<\/a><\/span>,\u00a0<span style=\"text-decoration: underline\"><a href=\"https:\/\/comarcas.csm.org.pt\/castelo-branco\/wp-content\/uploads\/sites\/11\/2026\/03\/27-Referencia-26703.pdf\" target=\"_blank\" rel=\"noopener\">27-Refer\u00eancia 26703<\/a><\/span>, <span style=\"text-decoration: underline\"><a href=\"https:\/\/comarcas.csm.org.pt\/castelo-branco\/wp-content\/uploads\/sites\/11\/2026\/03\/30-Referencia-26735.pdf\" target=\"_blank\" rel=\"noopener\">30-Refer\u00eancia 26735<\/a><\/span>,\u00a0<span style=\"text-decoration: underline\"><a href=\"https:\/\/comarcas.csm.org.pt\/castelo-branco\/wp-content\/uploads\/sites\/11\/2026\/04\/31-Referencia-26755.pdf\" target=\"_blank\" rel=\"noopener\">31-Refer\u00eancia 26755<\/a><\/span><\/li><\/ul>\t\t\t\t\t\t\t\t<\/div>\n\t\t\t\t<\/div>\n\t\t\t\t<div class=\"elementor-element elementor-element-707d9e9 elementor-widget elementor-widget-text-editor\" data-id=\"707d9e9\" data-element_type=\"widget\" data-widget_type=\"text-editor.default\">\n\t\t\t\t<div class=\"elementor-widget-container\">\n\t\t\t\t\t\t\t\t\t<h4><b>Fevereiro<\/b><\/h4><h5><strong>Tipo de distribui\u00e7\u00e3o: Judicial Di\u00e1ria<\/strong><\/h5><h5><b style=\"background-color: transparent;color: #555555;font-size: 14px;letter-spacing: 0.3px\">Dia<\/b><\/h5><ul><li><span style=\"text-decoration: underline\"><a href=\"https:\/\/comarcas.csm.org.pt\/castelo-branco\/wp-content\/uploads\/sites\/11\/2026\/02\/02-Referencia-25530.pdf\" target=\"_blank\" rel=\"noopener\">02-Refer\u00eancia 25530<\/a><\/span>, <span style=\"text-decoration: underline\"><a href=\"https:\/\/comarcas.csm.org.pt\/castelo-branco\/wp-content\/uploads\/sites\/11\/2026\/02\/02-Referencia-25555-extraordinaria.pdf\" target=\"_blank\" rel=\"noopener\">02-Refer\u00eancia 25555-extraordinaria<\/a><\/span>,\u00a0<span style=\"text-decoration: underline\"><a href=\"https:\/\/comarcas.csm.org.pt\/castelo-branco\/wp-content\/uploads\/sites\/11\/2026\/02\/03-Referencia-25570.pdf\" target=\"_blank\" rel=\"noopener\">03-Refer\u00eancia 25570<\/a><\/span>,\u00a0<span style=\"text-decoration: underline\"><a href=\"https:\/\/comarcas.csm.org.pt\/castelo-branco\/wp-content\/uploads\/sites\/11\/2026\/02\/04-Referencia-25609-1.pdf\" target=\"_blank\" rel=\"noopener\">04-Refer\u00eancia 25609<\/a><\/span>,\u00a0<span style=\"text-decoration: underline\"><a href=\"https:\/\/comarcas.csm.org.pt\/castelo-branco\/wp-content\/uploads\/sites\/11\/2026\/02\/05-Referencia-25636.pdf\" target=\"_blank\" rel=\"noopener\">05-Refer\u00eancia 25636<\/a><\/span>,\u00a0<span style=\"text-decoration: underline\"><a href=\"https:\/\/comarcas.csm.org.pt\/castelo-branco\/wp-content\/uploads\/sites\/11\/2026\/02\/06-Referencia-25673.pdf\" target=\"_blank\" rel=\"noopener\">06-Refer\u00eancia 25673<\/a><\/span>,\u00a0<span style=\"text-decoration: underline\"><a href=\"https:\/\/comarcas.csm.org.pt\/castelo-branco\/wp-content\/uploads\/sites\/11\/2026\/02\/09-Referencia-25700.pdf\" target=\"_blank\" rel=\"noopener\">09-Refer\u00eancia 25700<\/a><\/span>, <span style=\"text-decoration: underline\"><a href=\"https:\/\/comarcas.csm.org.pt\/castelo-branco\/wp-content\/uploads\/sites\/11\/2026\/02\/10-Referencia-25717-extraordinaria.pdf\" target=\"_blank\" rel=\"noopener\">10-Refer\u00eancia 25717-extraordinaria<\/a><\/span>, <span style=\"text-decoration: underline\"><a href=\"https:\/\/comarcas.csm.org.pt\/castelo-branco\/wp-content\/uploads\/sites\/11\/2026\/02\/10-Referencia-25729.pdf\" target=\"_blank\" rel=\"noopener\">10-Refer\u00eancia 25729<\/a><\/span>,\u00a0<span style=\"text-decoration: underline\"><a href=\"https:\/\/comarcas.csm.org.pt\/castelo-branco\/wp-content\/uploads\/sites\/11\/2026\/02\/11-Referencia-25759.pdf\" target=\"_blank\" rel=\"noopener\">11-Refer\u00eancia 25759<\/a><\/span>,\u00a0<span style=\"text-decoration: underline\"><a href=\"https:\/\/comarcas.csm.org.pt\/castelo-branco\/wp-content\/uploads\/sites\/11\/2026\/02\/12-Referencia-25785.pdf\" target=\"_blank\" rel=\"noopener\">12-Refer\u00eancia 25785<\/a><\/span>,\u00a0<span style=\"text-decoration: underline\"><a href=\"https:\/\/comarcas.csm.org.pt\/castelo-branco\/wp-content\/uploads\/sites\/11\/2026\/02\/13-Referencia-25814.pdf\" target=\"_blank\" rel=\"noopener\">13-Refer\u00eancia 25814<\/a><\/span>,\u00a0<span style=\"text-decoration: underline\"><a href=\"https:\/\/comarcas.csm.org.pt\/castelo-branco\/wp-content\/uploads\/sites\/11\/2026\/02\/16-Referencia-25842.pdf\" target=\"_blank\" rel=\"noopener\">16-Refer\u00eancia 25842<\/a><\/span>,\u00a0<span style=\"text-decoration: underline\"><a href=\"https:\/\/comarcas.csm.org.pt\/castelo-branco\/wp-content\/uploads\/sites\/11\/2026\/02\/18-Referencia-25883-2.pdf\" target=\"_blank\" rel=\"noopener\">18-Refer\u00eancia 25883<\/a><\/span>,\u00a0<span style=\"text-decoration: underline\"><a href=\"https:\/\/comarcas.csm.org.pt\/castelo-branco\/wp-content\/uploads\/sites\/11\/2026\/02\/20-Referencia-25944-extraordinaria.pdf\" target=\"_blank\" rel=\"noopener\">20-Refer\u00eancia 25944-extraordinaria<\/a><\/span>, <span style=\"text-decoration: underline\"><a href=\"https:\/\/comarcas.csm.org.pt\/castelo-branco\/wp-content\/uploads\/sites\/11\/2026\/02\/20-Referencia-25950.pdf\" target=\"_blank\" rel=\"noopener\">20-Refer\u00eancia 25950<\/a><\/span>,\u00a0<span style=\"text-decoration: underline\"><a href=\"https:\/\/comarcas.csm.org.pt\/castelo-branco\/wp-content\/uploads\/sites\/11\/2026\/02\/23-Referencia-25994.pdf\" target=\"_blank\" rel=\"noopener\">23-Refer\u00eancia 25994<\/a><\/span>,\u00a0<span style=\"text-decoration: underline\"><a href=\"https:\/\/comarcas.csm.org.pt\/castelo-branco\/wp-content\/uploads\/sites\/11\/2026\/02\/24-Referencia-26030.pdf\" target=\"_blank\" rel=\"noopener\">24-Refer\u00eancia 26030<\/a><\/span>, <span style=\"text-decoration: underline\"><a href=\"https:\/\/comarcas.csm.org.pt\/castelo-branco\/wp-content\/uploads\/sites\/11\/2026\/02\/25-Referencia-26048.pdf\" target=\"_blank\" rel=\"noopener\">25-Refer\u00eancia 26048<\/a><\/span>,\u00a0<span style=\"text-decoration: underline\"><a href=\"https:\/\/comarcas.csm.org.pt\/castelo-branco\/wp-content\/uploads\/sites\/11\/2026\/02\/25-Referencia-26061-extraordinaria.pdf\" target=\"_blank\" rel=\"noopener\">25-Refer\u00eancia 26061-extraordinaria<\/a><\/span>, <span style=\"text-decoration: underline\"><a href=\"https:\/\/comarcas.csm.org.pt\/castelo-branco\/wp-content\/uploads\/sites\/11\/2026\/03\/26-Referencia-26073.pdf\" target=\"_blank\" rel=\"noopener\">26-Refer\u00eancia 26073<\/a><\/span>,\u00a0<span style=\"text-decoration: underline\"><a href=\"https:\/\/comarcas.csm.org.pt\/castelo-branco\/wp-content\/uploads\/sites\/11\/2026\/03\/27-Referencia-26091-extraordinaria.pdf\" target=\"_blank\" rel=\"noopener\">27-Refer\u00eancia 26091-extraordinaria<\/a><\/span>, <span style=\"text-decoration: underline\"><a href=\"https:\/\/comarcas.csm.org.pt\/castelo-branco\/wp-content\/uploads\/sites\/11\/2026\/03\/27-Referencia-26104.pdf\" target=\"_blank\" rel=\"noopener\">27-Refer\u00eancia 26104<\/a><\/span>\u00a0<\/li><\/ul>\t\t\t\t\t\t\t\t<\/div>\n\t\t\t\t<\/div>\n\t\t\t\t<div class=\"elementor-element elementor-element-01d5048 elementor-widget elementor-widget-text-editor\" data-id=\"01d5048\" data-element_type=\"widget\" data-widget_type=\"text-editor.default\">\n\t\t\t\t<div class=\"elementor-widget-container\">\n\t\t\t\t\t\t\t\t\t<h4><strong>Janeiro<\/strong><\/h4><h5><strong>Tipo de distribui\u00e7\u00e3o: Judicial Di\u00e1ria<\/strong><\/h5><h5><b style=\"background-color: transparent;color: #555555;font-size: 14px;letter-spacing: 0.3px\">Dia<\/b><\/h5><ul><li><span style=\"text-decoration: underline\"><a href=\"https:\/\/comarcas.csm.org.pt\/castelo-branco\/wp-content\/uploads\/sites\/11\/2026\/01\/02-Referencia-24887.pdf\" target=\"_blank\" rel=\"noopener\">02-Refer\u00eancia 24887<\/a><\/span>,\u00a0<span style=\"text-decoration: underline\"><a href=\"https:\/\/comarcas.csm.org.pt\/castelo-branco\/wp-content\/uploads\/sites\/11\/2026\/01\/05-Referencia-24926.pdf\" target=\"_blank\" rel=\"noopener\">05-Refer\u00eancia 24926<\/a><\/span>,\u00a0<span style=\"text-decoration: underline\"><a href=\"https:\/\/comarcas.csm.org.pt\/castelo-branco\/wp-content\/uploads\/sites\/11\/2026\/01\/06-Referencia-24950.pdf\" target=\"_blank\" rel=\"noopener\">06-Refer\u00eancia 24950<\/a><\/span>,\u00a0<span style=\"text-decoration: underline\"><a href=\"https:\/\/comarcas.csm.org.pt\/castelo-branco\/wp-content\/uploads\/sites\/11\/2026\/01\/12-Referencia-25068.pdf\" target=\"_blank\" rel=\"noopener\">12-Refer\u00eancia 25068<\/a><\/span>,\u00a0<span style=\"text-decoration: underline\"><a href=\"https:\/\/comarcas.csm.org.pt\/castelo-branco\/wp-content\/uploads\/sites\/11\/2026\/01\/13-Referencia-25090.pdf\" target=\"_blank\" rel=\"noopener\">13-Refer\u00eancia 25090<\/a><\/span>, <span style=\"text-decoration: underline\"><a href=\"https:\/\/comarcas.csm.org.pt\/castelo-branco\/wp-content\/uploads\/sites\/11\/2026\/01\/13-Referencia-25099-extraordinaria-1.pdf\" target=\"_blank\" rel=\"noopener\">13-Refer\u00eancia 25099-extraordinaria<\/a><\/span>,\u00a0<span style=\"text-decoration: underline\"><a href=\"https:\/\/comarcas.csm.org.pt\/castelo-branco\/wp-content\/uploads\/sites\/11\/2026\/01\/14-Referencia-25120.pdf\" target=\"_blank\" rel=\"noopener\">14-Refer\u00eancia 25120<\/a><\/span>,\u00a0<span style=\"text-decoration: underline\"><a href=\"https:\/\/comarcas.csm.org.pt\/castelo-branco\/wp-content\/uploads\/sites\/11\/2026\/01\/15-Referencia-25155.pdf\" target=\"_blank\" rel=\"noopener\">15-Refer\u00eancia 25155<\/a><\/span>, <span style=\"text-decoration: underline\"><a href=\"https:\/\/comarcas.csm.org.pt\/castelo-branco\/wp-content\/uploads\/sites\/11\/2026\/01\/15-Referencia-25167-extraordinaria.pdf\" target=\"_blank\" rel=\"noopener\">15-Refer\u00eancia 25167-extraordinaria<\/a><\/span>, <span style=\"text-decoration: underline\"><a href=\"https:\/\/comarcas.csm.org.pt\/castelo-branco\/wp-content\/uploads\/sites\/11\/2026\/01\/16-Referencia-25201.pdf\" target=\"_blank\" rel=\"noopener\">16-Refer\u00eancia 25201<\/a><\/span>,\u00a0<span style=\"text-decoration: underline\"><a href=\"https:\/\/comarcas.csm.org.pt\/castelo-branco\/wp-content\/uploads\/sites\/11\/2026\/01\/19-Referencia-25242.pdf\" target=\"_blank\" rel=\"noopener\">19-Refer\u00eancia 25242<\/a><\/span>, <span style=\"text-decoration: underline\"><a href=\"https:\/\/comarcas.csm.org.pt\/castelo-branco\/wp-content\/uploads\/sites\/11\/2026\/01\/20-Referencia-25271.pdf\" target=\"_blank\" rel=\"noopener\">20-Refer\u00eancia 25271<\/a><\/span>, <span style=\"text-decoration: underline\"><a href=\"https:\/\/comarcas.csm.org.pt\/castelo-branco\/wp-content\/uploads\/sites\/11\/2026\/01\/20-Referencia-25283-extraordinaria.pdf\" target=\"_blank\" rel=\"noopener\">20-Refer\u00eancia 25283-extraordinaria<\/a><\/span>,\u00a0<span style=\"text-decoration: underline\"><a href=\"https:\/\/comarcas.csm.org.pt\/castelo-branco\/wp-content\/uploads\/sites\/11\/2026\/01\/21-Referencia-25292.pdf\" target=\"_blank\" rel=\"noopener\">21-Refer\u00eancia 25292<\/a><\/span>,\u00a0<span style=\"text-decoration: underline\"><a href=\"https:\/\/comarcas.csm.org.pt\/castelo-branco\/wp-content\/uploads\/sites\/11\/2026\/01\/22-Referencia-25326.pdf\" target=\"_blank\" rel=\"noopener\">22-Refer\u00eancia 25326<\/a><\/span>,\u00a0<span style=\"text-decoration: underline\"><a href=\"https:\/\/comarcas.csm.org.pt\/castelo-branco\/wp-content\/uploads\/sites\/11\/2026\/01\/23-Referencia-25347.pdf\" target=\"_blank\" rel=\"noopener\">23-Refer\u00eancia 25347<\/a><\/span>, <span style=\"text-decoration: underline\"><a href=\"https:\/\/comarcas.csm.org.pt\/castelo-branco\/wp-content\/uploads\/sites\/11\/2026\/01\/26-Referencia-25396.pdf\" target=\"_blank\" rel=\"noopener\">26-Refer\u00eancia 25396<\/a><\/span>, <span style=\"text-decoration: underline\"><a href=\"https:\/\/comarcas.csm.org.pt\/castelo-branco\/wp-content\/uploads\/sites\/11\/2026\/01\/26-Referencia-25387.pdf\" target=\"_blank\" rel=\"noopener\">26-Refer\u00eancia 25387<\/a><\/span>, <span style=\"text-decoration: underline\"><a href=\"https:\/\/comarcas.csm.org.pt\/castelo-branco\/wp-content\/uploads\/sites\/11\/2026\/01\/26-Referencia-25373-extraordinaria.pdf\" target=\"_blank\" rel=\"noopener\">26-Refer\u00eancia 25373-extraordinaria<\/a><\/span>,\u00a0<span style=\"text-decoration: underline\"><a href=\"https:\/\/comarcas.csm.org.pt\/castelo-branco\/wp-content\/uploads\/sites\/11\/2026\/01\/27-Referencia-25408.pdf\" target=\"_blank\" rel=\"noopener\">27-Refer\u00eancia 25408<\/a><\/span>,\u00a0<span style=\"text-decoration: underline\"><a href=\"https:\/\/comarcas.csm.org.pt\/castelo-branco\/wp-content\/uploads\/sites\/11\/2026\/01\/28-Referencia-25434-extraordinaria.pdf\" target=\"_blank\" rel=\"noopener\">28-Refer\u00eancia 25434-extraordinaria<\/a><\/span>,\u00a0<span style=\"text-decoration: underline\"><a href=\"https:\/\/comarcas.csm.org.pt\/castelo-branco\/wp-content\/uploads\/sites\/11\/2026\/01\/29-Referencia-25459.pdf\" target=\"_blank\" rel=\"noopener\">29-Refer\u00eancia 25459<\/a><\/span>, <span style=\"text-decoration: underline\"><a href=\"https:\/\/comarcas.csm.org.pt\/castelo-branco\/wp-content\/uploads\/sites\/11\/2026\/02\/30-Referencia-25492-1.pdf\" target=\"_blank\" rel=\"noopener\">30-Refer\u00eancia 25492<\/a><\/span><\/li><\/ul>\t\t\t\t\t\t\t\t<\/div>\n\t\t\t\t<\/div>\n\t\t\t\t<\/div>\n\t\t<div class=\"elementor-element elementor-element-c9c55a8 e-con-full e-flex e-con e-child\" data-id=\"c9c55a8\" data-element_type=\"container\">\n\t\t<div class=\"elementor-element elementor-element-bd2e5ce e-con-full e-flex e-con e-child\" data-id=\"bd2e5ce\" data-element_type=\"container\">\n\t\t\t\t<div class=\"elementor-element elementor-element-28193c6 elementor-widget elementor-widget-google_maps\" data-id=\"28193c6\" data-element_type=\"widget\" data-widget_type=\"google_maps.default\">\n\t\t\t\t<div class=\"elementor-widget-container\">\n\t\t\t\t\t\t\t<div class=\"elementor-custom-embed\">\n\t\t\t<iframe loading=\"lazy\"\n\t\t\t\t\tsrc=\"https:\/\/www.google.com\/maps\/embed\/v1\/place?key=AIzaSyDhSoLeftGxfg7Tvco7SEUCY-Cc_XLDY3c&#038;q=Tribunal%20do%20Fund%C3%A3o&#038;zoom=15\"\n\t\t\t\t\ttitle=\"Tribunal do Fund\u00e3o\"\n\t\t\t\t\taria-label=\"Tribunal do Fund\u00e3o\"\n\t\t\t><\/iframe>\n\t\t<\/div>\n\t\t\t\t\t\t<\/div>\n\t\t\t\t<\/div>\n\t\t\t\t<\/div>\n\t\t\t\t<\/div>\n\t\t\t\t\t<\/div>\n\t\t\t\t<\/div>\n\t\t\t\t<\/div>\n\t\t","protected":false},"excerpt":{"rendered":"<p>Unidade Central do Fund\u00e3o, Atas Distribui\u00e7\u00e3o Eletr\u00f3nica 2026 Abril Tipo de distribui\u00e7\u00e3o: Judicial Di\u00e1ria Dia 01-Refer\u00eancia 26766, 06-Refer\u00eancia 26808, 07-Refer\u00eancia 26810-extraordinaria,\u00a008-Refer\u00eancia 26859,\u00a010-Refer\u00eancia 26929,\u00a013-Refer\u00eancia 26955,\u00a014-Refer\u00eancia 26945-extraordinaria, 14-Refer\u00eancia 26979, 15-Refer\u00eancia 27008, 15-Refer\u00eancia 27027-extraordinaria,\u00a016-Refer\u00eancia 27048, 17-Refer\u00eancia 27062,\u00a020-Refer\u00eancia 27089,\u00a021-Refer\u00eancia 27121, 22-Refer\u00eancia 27163,\u00a023-Refer\u00eancia 27181,\u00a024-Refer\u00eancia 27195-extraordinaria, 24-Refer\u00eancia 27202-extraordinaria, 24-Refer\u00eancia 27206, 27-Refer\u00eancia 27234,\u00a028-Refer\u00eancia 27262, 28-Refer\u00eancia 27266-extraordinaria,\u00a029-Refer\u00eancia 27284 Mar\u00e7o Tipo de distribui\u00e7\u00e3o: Judicial&#8230;<\/p>\n","protected":false},"author":11,"featured_media":0,"parent":14335,"menu_order":0,"comment_status":"closed","ping_status":"closed","template":"","meta":{"_tbt_post_transparent":"","_tbt_post_title":"hide","_tbt_post_layout":"fullwidth","_tbt_post_sidebar_id":"","_tbt_post_content_style":"unboxed","_tbt_post_vertical_padding":"hide","_tbt_post_feature":"hide","_tbt_post_feature_position":"","_tbt_post_header":false,"_tbt_post_footer":false},"class_list":["post-15942","page","type-page","status-publish","hentry"],"yoast_head":"<!-- This site is optimized with the Yoast SEO plugin v25.6 - https:\/\/yoast.com\/wordpress\/plugins\/seo\/ -->\n<title>Unidade Central do Fund\u00e3o 2026 - Tribunal Judicial da Comarca de Castelo Branco<\/title>\n<meta name=\"robots\" content=\"index, follow, max-snippet:-1, max-image-preview:large, max-video-preview:-1\" \/>\n<link rel=\"canonical\" href=\"https:\/\/comarcas.csm.org.pt\/castelo-branco\/acomarca\/atas-distribuicao-eletronica-2025\/unidade-central-do-fundao-2026\/\" \/>\n<meta property=\"og:locale\" content=\"pt_PT\" \/>\n<meta property=\"og:type\" content=\"article\" \/>\n<meta property=\"og:title\" content=\"Unidade Central do Fund\u00e3o 2026 - Tribunal Judicial da Comarca de Castelo Branco\" \/>\n<meta property=\"og:description\" content=\"Unidade Central do Fund\u00e3o, Atas Distribui\u00e7\u00e3o Eletr\u00f3nica 2026 Abril Tipo de distribui\u00e7\u00e3o: Judicial Di\u00e1ria Dia 01-Refer\u00eancia 26766, 06-Refer\u00eancia 26808, 07-Refer\u00eancia 26810-extraordinaria,\u00a008-Refer\u00eancia 26859,\u00a010-Refer\u00eancia 26929,\u00a013-Refer\u00eancia 26955,\u00a014-Refer\u00eancia 26945-extraordinaria, 14-Refer\u00eancia 26979, 15-Refer\u00eancia 27008, 15-Refer\u00eancia 27027-extraordinaria,\u00a016-Refer\u00eancia 27048, 17-Refer\u00eancia 27062,\u00a020-Refer\u00eancia 27089,\u00a021-Refer\u00eancia 27121, 22-Refer\u00eancia 27163,\u00a023-Refer\u00eancia 27181,\u00a024-Refer\u00eancia 27195-extraordinaria, 24-Refer\u00eancia 27202-extraordinaria, 24-Refer\u00eancia 27206, 27-Refer\u00eancia 27234,\u00a028-Refer\u00eancia 27262, 28-Refer\u00eancia 27266-extraordinaria,\u00a029-Refer\u00eancia 27284 Mar\u00e7o Tipo de distribui\u00e7\u00e3o: Judicial...\" \/>\n<meta property=\"og:url\" content=\"https:\/\/comarcas.csm.org.pt\/castelo-branco\/acomarca\/atas-distribuicao-eletronica-2025\/unidade-central-do-fundao-2026\/\" \/>\n<meta property=\"og:site_name\" content=\"Tribunal Judicial da Comarca de Castelo Branco\" \/>\n<meta property=\"article:modified_time\" content=\"2026-04-30T13:00:24+00:00\" \/>\n<meta name=\"twitter:card\" content=\"summary_large_image\" \/>\n<meta name=\"twitter:label1\" content=\"Tempo estimado de leitura\" \/>\n\t<meta name=\"twitter:data1\" content=\"2 minutos\" \/>\n<script type=\"application\/ld+json\" class=\"yoast-schema-graph\">{\"@context\":\"https:\/\/schema.org\",\"@graph\":[{\"@type\":\"WebPage\",\"@id\":\"https:\/\/comarcas.csm.org.pt\/castelo-branco\/acomarca\/atas-distribuicao-eletronica-2025\/unidade-central-do-fundao-2026\/\",\"url\":\"https:\/\/comarcas.csm.org.pt\/castelo-branco\/acomarca\/atas-distribuicao-eletronica-2025\/unidade-central-do-fundao-2026\/\",\"name\":\"Unidade Central do Fund\u00e3o 2026 - Tribunal Judicial da Comarca de Castelo Branco\",\"isPartOf\":{\"@id\":\"https:\/\/comarcas.csm.org.pt\/castelo-branco\/#website\"},\"datePublished\":\"2026-01-06T15:22:18+00:00\",\"dateModified\":\"2026-04-30T13:00:24+00:00\",\"breadcrumb\":{\"@id\":\"https:\/\/comarcas.csm.org.pt\/castelo-branco\/acomarca\/atas-distribuicao-eletronica-2025\/unidade-central-do-fundao-2026\/#breadcrumb\"},\"inLanguage\":\"pt-PT\",\"potentialAction\":[{\"@type\":\"ReadAction\",\"target\":[\"https:\/\/comarcas.csm.org.pt\/castelo-branco\/acomarca\/atas-distribuicao-eletronica-2025\/unidade-central-do-fundao-2026\/\"]}]},{\"@type\":\"BreadcrumbList\",\"@id\":\"https:\/\/comarcas.csm.org.pt\/castelo-branco\/acomarca\/atas-distribuicao-eletronica-2025\/unidade-central-do-fundao-2026\/#breadcrumb\",\"itemListElement\":[{\"@type\":\"ListItem\",\"position\":1,\"name\":\"In\u00edcio\",\"item\":\"https:\/\/comarcas.csm.org.pt\/castelo-branco\/\"},{\"@type\":\"ListItem\",\"position\":2,\"name\":\"A Comarca\",\"item\":\"https:\/\/comarcas.csm.org.pt\/castelo-branco\/acomarca\/\"},{\"@type\":\"ListItem\",\"position\":3,\"name\":\"Atas Distribui\u00e7\u00e3o Eletr\u00f3nica 2025\",\"item\":\"https:\/\/comarcas.csm.org.pt\/castelo-branco\/acomarca\/atas-distribuicao-eletronica-2025\/\"},{\"@type\":\"ListItem\",\"position\":4,\"name\":\"Unidade Central do Fund\u00e3o 2026\"}]},{\"@type\":\"WebSite\",\"@id\":\"https:\/\/comarcas.csm.org.pt\/castelo-branco\/#website\",\"url\":\"https:\/\/comarcas.csm.org.pt\/castelo-branco\/\",\"name\":\"Tribunal Judicial da Comarca de Castelo Branco\",\"description\":\"Tribunal Judicial da Comarca de Aveiro\",\"publisher\":{\"@id\":\"https:\/\/comarcas.csm.org.pt\/castelo-branco\/#organization\"},\"potentialAction\":[{\"@type\":\"SearchAction\",\"target\":{\"@type\":\"EntryPoint\",\"urlTemplate\":\"https:\/\/comarcas.csm.org.pt\/castelo-branco\/?s={search_term_string}\"},\"query-input\":{\"@type\":\"PropertyValueSpecification\",\"valueRequired\":true,\"valueName\":\"search_term_string\"}}],\"inLanguage\":\"pt-PT\"},{\"@type\":\"Organization\",\"@id\":\"https:\/\/comarcas.csm.org.pt\/castelo-branco\/#organization\",\"name\":\"Tribunal Judicial da Comarca de Castelo Branco\",\"url\":\"https:\/\/comarcas.csm.org.pt\/castelo-branco\/\",\"logo\":{\"@type\":\"ImageObject\",\"inLanguage\":\"pt-PT\",\"@id\":\"https:\/\/comarcas.csm.org.pt\/castelo-branco\/#\/schema\/logo\/image\/\",\"url\":\"https:\/\/comarcas.csm.org.pt\/castelo-branco\/wp-content\/uploads\/sites\/11\/2024\/11\/C-Branco_positivo-horizontal.png\",\"contentUrl\":\"https:\/\/comarcas.csm.org.pt\/castelo-branco\/wp-content\/uploads\/sites\/11\/2024\/11\/C-Branco_positivo-horizontal.png\",\"width\":5388,\"height\":998,\"caption\":\"Tribunal Judicial da Comarca de Castelo Branco\"},\"image\":{\"@id\":\"https:\/\/comarcas.csm.org.pt\/castelo-branco\/#\/schema\/logo\/image\/\"}}]}<\/script>\n<!-- \/ Yoast SEO plugin. -->","yoast_head_json":{"title":"Unidade Central do Fund\u00e3o 2026 - Tribunal Judicial da Comarca de Castelo Branco","robots":{"index":"index","follow":"follow","max-snippet":"max-snippet:-1","max-image-preview":"max-image-preview:large","max-video-preview":"max-video-preview:-1"},"canonical":"https:\/\/comarcas.csm.org.pt\/castelo-branco\/acomarca\/atas-distribuicao-eletronica-2025\/unidade-central-do-fundao-2026\/","og_locale":"pt_PT","og_type":"article","og_title":"Unidade Central do Fund\u00e3o 2026 - Tribunal Judicial da Comarca de Castelo Branco","og_description":"Unidade Central do Fund\u00e3o, Atas Distribui\u00e7\u00e3o Eletr\u00f3nica 2026 Abril Tipo de distribui\u00e7\u00e3o: Judicial Di\u00e1ria Dia 01-Refer\u00eancia 26766, 06-Refer\u00eancia 26808, 07-Refer\u00eancia 26810-extraordinaria,\u00a008-Refer\u00eancia 26859,\u00a010-Refer\u00eancia 26929,\u00a013-Refer\u00eancia 26955,\u00a014-Refer\u00eancia 26945-extraordinaria, 14-Refer\u00eancia 26979, 15-Refer\u00eancia 27008, 15-Refer\u00eancia 27027-extraordinaria,\u00a016-Refer\u00eancia 27048, 17-Refer\u00eancia 27062,\u00a020-Refer\u00eancia 27089,\u00a021-Refer\u00eancia 27121, 22-Refer\u00eancia 27163,\u00a023-Refer\u00eancia 27181,\u00a024-Refer\u00eancia 27195-extraordinaria, 24-Refer\u00eancia 27202-extraordinaria, 24-Refer\u00eancia 27206, 27-Refer\u00eancia 27234,\u00a028-Refer\u00eancia 27262, 28-Refer\u00eancia 27266-extraordinaria,\u00a029-Refer\u00eancia 27284 Mar\u00e7o Tipo de distribui\u00e7\u00e3o: Judicial...","og_url":"https:\/\/comarcas.csm.org.pt\/castelo-branco\/acomarca\/atas-distribuicao-eletronica-2025\/unidade-central-do-fundao-2026\/","og_site_name":"Tribunal Judicial da Comarca de Castelo Branco","article_modified_time":"2026-04-30T13:00:24+00:00","twitter_card":"summary_large_image","twitter_misc":{"Tempo estimado de leitura":"2 minutos"},"schema":{"@context":"https:\/\/schema.org","@graph":[{"@type":"WebPage","@id":"https:\/\/comarcas.csm.org.pt\/castelo-branco\/acomarca\/atas-distribuicao-eletronica-2025\/unidade-central-do-fundao-2026\/","url":"https:\/\/comarcas.csm.org.pt\/castelo-branco\/acomarca\/atas-distribuicao-eletronica-2025\/unidade-central-do-fundao-2026\/","name":"Unidade Central do Fund\u00e3o 2026 - Tribunal Judicial da Comarca de Castelo Branco","isPartOf":{"@id":"https:\/\/comarcas.csm.org.pt\/castelo-branco\/#website"},"datePublished":"2026-01-06T15:22:18+00:00","dateModified":"2026-04-30T13:00:24+00:00","breadcrumb":{"@id":"https:\/\/comarcas.csm.org.pt\/castelo-branco\/acomarca\/atas-distribuicao-eletronica-2025\/unidade-central-do-fundao-2026\/#breadcrumb"},"inLanguage":"pt-PT","potentialAction":[{"@type":"ReadAction","target":["https:\/\/comarcas.csm.org.pt\/castelo-branco\/acomarca\/atas-distribuicao-eletronica-2025\/unidade-central-do-fundao-2026\/"]}]},{"@type":"BreadcrumbList","@id":"https:\/\/comarcas.csm.org.pt\/castelo-branco\/acomarca\/atas-distribuicao-eletronica-2025\/unidade-central-do-fundao-2026\/#breadcrumb","itemListElement":[{"@type":"ListItem","position":1,"name":"In\u00edcio","item":"https:\/\/comarcas.csm.org.pt\/castelo-branco\/"},{"@type":"ListItem","position":2,"name":"A Comarca","item":"https:\/\/comarcas.csm.org.pt\/castelo-branco\/acomarca\/"},{"@type":"ListItem","position":3,"name":"Atas Distribui\u00e7\u00e3o Eletr\u00f3nica 2025","item":"https:\/\/comarcas.csm.org.pt\/castelo-branco\/acomarca\/atas-distribuicao-eletronica-2025\/"},{"@type":"ListItem","position":4,"name":"Unidade Central do Fund\u00e3o 2026"}]},{"@type":"WebSite","@id":"https:\/\/comarcas.csm.org.pt\/castelo-branco\/#website","url":"https:\/\/comarcas.csm.org.pt\/castelo-branco\/","name":"Tribunal Judicial da Comarca de Castelo Branco","description":"Tribunal Judicial da Comarca de Aveiro","publisher":{"@id":"https:\/\/comarcas.csm.org.pt\/castelo-branco\/#organization"},"potentialAction":[{"@type":"SearchAction","target":{"@type":"EntryPoint","urlTemplate":"https:\/\/comarcas.csm.org.pt\/castelo-branco\/?s={search_term_string}"},"query-input":{"@type":"PropertyValueSpecification","valueRequired":true,"valueName":"search_term_string"}}],"inLanguage":"pt-PT"},{"@type":"Organization","@id":"https:\/\/comarcas.csm.org.pt\/castelo-branco\/#organization","name":"Tribunal Judicial da Comarca de Castelo Branco","url":"https:\/\/comarcas.csm.org.pt\/castelo-branco\/","logo":{"@type":"ImageObject","inLanguage":"pt-PT","@id":"https:\/\/comarcas.csm.org.pt\/castelo-branco\/#\/schema\/logo\/image\/","url":"https:\/\/comarcas.csm.org.pt\/castelo-branco\/wp-content\/uploads\/sites\/11\/2024\/11\/C-Branco_positivo-horizontal.png","contentUrl":"https:\/\/comarcas.csm.org.pt\/castelo-branco\/wp-content\/uploads\/sites\/11\/2024\/11\/C-Branco_positivo-horizontal.png","width":5388,"height":998,"caption":"Tribunal Judicial da Comarca de Castelo Branco"},"image":{"@id":"https:\/\/comarcas.csm.org.pt\/castelo-branco\/#\/schema\/logo\/image\/"}}]}},"_links":{"self":[{"href":"https:\/\/comarcas.csm.org.pt\/castelo-branco\/wp-json\/wp\/v2\/pages\/15942","targetHints":{"allow":["GET"]}}],"collection":[{"href":"https:\/\/comarcas.csm.org.pt\/castelo-branco\/wp-json\/wp\/v2\/pages"}],"about":[{"href":"https:\/\/comarcas.csm.org.pt\/castelo-branco\/wp-json\/wp\/v2\/types\/page"}],"author":[{"embeddable":true,"href":"https:\/\/comarcas.csm.org.pt\/castelo-branco\/wp-json\/wp\/v2\/users\/11"}],"replies":[{"embeddable":true,"href":"https:\/\/comarcas.csm.org.pt\/castelo-branco\/wp-json\/wp\/v2\/comments?post=15942"}],"version-history":[{"count":322,"href":"https:\/\/comarcas.csm.org.pt\/castelo-branco\/wp-json\/wp\/v2\/pages\/15942\/revisions"}],"predecessor-version":[{"id":18188,"href":"https:\/\/comarcas.csm.org.pt\/castelo-branco\/wp-json\/wp\/v2\/pages\/15942\/revisions\/18188"}],"up":[{"embeddable":true,"href":"https:\/\/comarcas.csm.org.pt\/castelo-branco\/wp-json\/wp\/v2\/pages\/14335"}],"wp:attachment":[{"href":"https:\/\/comarcas.csm.org.pt\/castelo-branco\/wp-json\/wp\/v2\/media?parent=15942"}],"curies":[{"name":"wp","href":"https:\/\/api.w.org\/{rel}","templated":true}]}}