{"version":"1.0","provider_name":"Tribunal Judicial da Comarca de Coimbra","provider_url":"https:\/\/comarcas.csm.org.pt\/coimbra","title":"inaugura\u00e7\u00e3o da exposi\u00e7\u00e3o MANIF - Tribunal Judicial da Comarca de Coimbra","type":"rich","width":600,"height":338,"html":"<blockquote class=\"wp-embedded-content\" data-secret=\"ON0nNydcQr\"><a href=\"https:\/\/comarcas.csm.org.pt\/coimbra\/blog\/2025\/05\/15\/inauguracao-da-exposicao-manif\/\">inaugura\u00e7\u00e3o da exposi\u00e7\u00e3o MANIF<\/a><\/blockquote><iframe sandbox=\"allow-scripts\" security=\"restricted\" src=\"https:\/\/comarcas.csm.org.pt\/coimbra\/blog\/2025\/05\/15\/inauguracao-da-exposicao-manif\/embed\/#?secret=ON0nNydcQr\" width=\"600\" height=\"338\" title=\"&#8220;inaugura\u00e7\u00e3o da exposi\u00e7\u00e3o MANIF&#8221; &#8212; Tribunal Judicial da Comarca de Coimbra\" data-secret=\"ON0nNydcQr\" frameborder=\"0\" marginwidth=\"0\" marginheight=\"0\" scrolling=\"no\" class=\"wp-embedded-content\"><\/iframe><script>\n\/*! This file is auto-generated *\/\n!function(d,l){\"use strict\";l.querySelector&&d.addEventListener&&\"undefined\"!=typeof URL&&(d.wp=d.wp||{},d.wp.receiveEmbedMessage||(d.wp.receiveEmbedMessage=function(e){var t=e.data;if((t||t.secret||t.message||t.value)&&!\/[^a-zA-Z0-9]\/.test(t.secret)){for(var s,r,n,a=l.querySelectorAll('iframe[data-secret=\"'+t.secret+'\"]'),o=l.querySelectorAll('blockquote[data-secret=\"'+t.secret+'\"]'),c=new RegExp(\"^https?:$\",\"i\"),i=0;i<o.length;i++)o[i].style.display=\"none\";for(i=0;i<a.length;i++)s=a[i],e.source===s.contentWindow&&(s.removeAttribute(\"style\"),\"height\"===t.message?(1e3<(r=parseInt(t.value,10))?r=1e3:~~r<200&&(r=200),s.height=r):\"link\"===t.message&&(r=new URL(s.getAttribute(\"src\")),n=new URL(t.value),c.test(n.protocol))&&n.host===r.host&&l.activeElement===s&&(d.top.location.href=t.value))}},d.addEventListener(\"message\",d.wp.receiveEmbedMessage,!1),l.addEventListener(\"DOMContentLoaded\",function(){for(var e,t,s=l.querySelectorAll(\"iframe.wp-embedded-content\"),r=0;r<s.length;r++)(t=(e=s[r]).getAttribute(\"data-secret\"))||(t=Math.random().toString(36).substring(2,12),e.src+=\"#?secret=\"+t,e.setAttribute(\"data-secret\",t)),e.contentWindow.postMessage({message:\"ready\",secret:t},\"*\")},!1)))}(window,document);\n<\/script>\n","description":"No dia 16 de maio de 2025 das 14h00m \u00e0s 17h30m ser\u00e1 realizada a inaugura\u00e7\u00e3o da exposi\u00e7\u00e3o MANIF no Sal\u00e3o Nobre do Tribunal da Rela\u00e7\u00e3o de Coimbra. Haver\u00e1 ainda uma exposi\u00e7\u00e3o da obra \u201cVistas do Mondego\u201d (2025) de Pedro Vaz na sala de audi\u00eancias n\u00ba1 do Tribunal Judicial da Comarca de Coimbra. A apresenta\u00e7\u00e3o estar\u00e1...","thumbnail_url":"https:\/\/comarcas.csm.org.pt\/coimbra\/wp-content\/uploads\/sites\/12\/2025\/05\/1-1.jpg"}