{"id":11330,"date":"2024-05-22T09:33:02","date_gmt":"2024-05-22T09:33:02","guid":{"rendered":"https:\/\/aveiro.vvr.pt\/?page_id=11330"},"modified":"2026-03-18T14:20:07","modified_gmt":"2026-03-18T14:20:07","slug":"instrumentos-de-gestao","status":"publish","type":"page","link":"https:\/\/comarcas.csm.org.pt\/coimbra\/instrumentos-de-gestao\/","title":{"rendered":"Instrumentos de Gest\u00e3o"},"content":{"rendered":"\t\t<div data-elementor-type=\"wp-page\" data-elementor-id=\"11330\" class=\"elementor elementor-11330\" data-elementor-post-type=\"page\">\n\t\t\t\t<div class=\"elementor-element elementor-element-c33158e e-flex e-con-boxed e-con e-parent\" data-id=\"c33158e\" data-element_type=\"container\">\n\t\t\t\t\t<div class=\"e-con-inner\">\n\t\t\t\t<div class=\"elementor-element elementor-element-01f6d37 elementor-tabs-view-vertical elementor-widget elementor-widget-tabs\" data-id=\"01f6d37\" data-element_type=\"widget\" data-widget_type=\"tabs.default\">\n\t\t\t\t<div class=\"elementor-widget-container\">\n\t\t\t\t\t\t\t<div class=\"elementor-tabs\">\n\t\t\t<div class=\"elementor-tabs-wrapper\" role=\"tablist\" >\n\t\t\t\t\t\t\t\t\t<div id=\"elementor-tab-title-2051\" class=\"elementor-tab-title elementor-tab-desktop-title\" aria-selected=\"true\" data-tab=\"1\" role=\"tab\" tabindex=\"0\" aria-controls=\"elementor-tab-content-2051\" aria-expanded=\"false\">Relat\u00f3rios Anuais<\/div>\n\t\t\t\t\t\t\t\t\t<div id=\"elementor-tab-title-2052\" class=\"elementor-tab-title elementor-tab-desktop-title\" aria-selected=\"false\" data-tab=\"2\" role=\"tab\" tabindex=\"-1\" aria-controls=\"elementor-tab-content-2052\" aria-expanded=\"false\">Relat\u00f3rios semestrais<\/div>\n\t\t\t\t\t\t\t\t\t<div id=\"elementor-tab-title-2053\" class=\"elementor-tab-title elementor-tab-desktop-title\" aria-selected=\"false\" data-tab=\"3\" role=\"tab\" tabindex=\"-1\" aria-controls=\"elementor-tab-content-2053\" aria-expanded=\"false\">Turnos de s\u00e1bado<\/div>\n\t\t\t\t\t\t\t\t\t<div id=\"elementor-tab-title-2054\" class=\"elementor-tab-title elementor-tab-desktop-title\" aria-selected=\"false\" data-tab=\"4\" role=\"tab\" tabindex=\"-1\" aria-controls=\"elementor-tab-content-2054\" aria-expanded=\"false\">Presid\u00eancia da distribui\u00e7\u00e3o<\/div>\n\t\t\t\t\t\t\t\t\t<div id=\"elementor-tab-title-2055\" class=\"elementor-tab-title elementor-tab-desktop-title\" aria-selected=\"false\" data-tab=\"5\" role=\"tab\" tabindex=\"-1\" aria-controls=\"elementor-tab-content-2055\" aria-expanded=\"false\">DISTRIBUI\u00c7\u00c3O - Lei n\u00ba 56\/2025, de 24 de julho<\/div>\n\t\t\t\t\t\t\t<\/div>\n\t\t\t<div class=\"elementor-tabs-content-wrapper\" role=\"tablist\" aria-orientation=\"vertical\">\n\t\t\t\t\t\t\t\t\t<div class=\"elementor-tab-title elementor-tab-mobile-title\" aria-selected=\"true\" data-tab=\"1\" role=\"tab\" tabindex=\"0\" aria-controls=\"elementor-tab-content-2051\" aria-expanded=\"false\">Relat\u00f3rios Anuais<\/div>\n\t\t\t\t\t<div id=\"elementor-tab-content-2051\" class=\"elementor-tab-content elementor-clearfix\" data-tab=\"1\" role=\"tabpanel\" aria-labelledby=\"elementor-tab-title-2051\" tabindex=\"0\" hidden=\"false\"><h6>O relat\u00f3rio anual visa, na sua essencialidade, a presta\u00e7\u00e3o de contas do servi\u00e7o prestado aos cidad\u00e3os, com todos os elementos relativos ao estado dos servi\u00e7os e qualidade da resposta, incluindo naturalmente a comunica\u00e7\u00e3o dos constrangimentos e das dificuldades enfrentadas na respetiva presta\u00e7\u00e3o, e a apresenta\u00e7\u00e3o de propostas com vista \u00e0 melhoria cont\u00ednua do servi\u00e7o de justi\u00e7a.<\/h6><h6>O relat\u00f3rio expressa, assim, o balan\u00e7o e a avalia\u00e7\u00e3o da atividade do Tribunal Judicial da Comarca de Coimbra e do Tribunal de Execu\u00e7\u00e3o de Penas de Coimbra no per\u00edodo de um ano, nos termos previstos nos artigos 94\u00ba, n\u00ba 8, al. a), e 110\u00ba, n\u00ba 1, al. a), ambos da Lei n\u00ba 62\/2013, de 26 de agosto (L.O.S.J.).<\/h6><h6>Por imposi\u00e7\u00e3o do preceituado no artigo 108\u00ba, n\u00ba 2, al. f), do citado diploma legal, ao relat\u00f3rio cont\u00e9m informa\u00e7\u00e3o respeitante ao grau de cumprimento dos objetivos estabelecidos, indicando as causas dos principais desvios.<\/h6><h6><strong>Poder\u00e3o ser consultados na integra os relat\u00f3rios anuais aqui:<\/strong><\/h6><p>\u00a0<\/p><h6><strong>2025: relat\u00f3rio Anual 2025\u00a0<\/strong><\/h6><h6><strong>2024: <a href=\"https:\/\/comarcas.csm.org.pt\/coimbra\/wp-content\/uploads\/sites\/12\/2025\/06\/Relatorio-anual-2024.pdf\">Relat\u00f3rio anual 2024<\/a><\/strong><\/h6><h6><strong>2023: <a href=\"https:\/\/comarcas.csm.org.pt\/coimbra\/wp-content\/uploads\/sites\/12\/2025\/06\/Relatorio-anual-2023.pdf\">Relat\u00f3rio anual 2023<\/a><\/strong><\/h6><h6><strong>2022: <a href=\"https:\/\/comarcas.csm.org.pt\/coimbra\/wp-content\/uploads\/sites\/12\/2025\/06\/Relatorio-anual-2022.pdf\">Relat\u00f3rio anual 2022<\/a><\/strong><\/h6><h6><strong>2021: <a href=\"https:\/\/comarcas.csm.org.pt\/coimbra\/wp-content\/uploads\/sites\/12\/2025\/06\/Relatorio-anual-2021.pdf\">Relat\u00f3rio anual 2021<\/a><\/strong><\/h6><h6><strong>2020: <a href=\"https:\/\/comarcas.csm.org.pt\/coimbra\/wp-content\/uploads\/sites\/12\/2025\/06\/Relatorio-anual-2020.pdf\">Relat\u00f3rio anual 2020<\/a><\/strong><\/h6><h6><strong>2019: <a href=\"https:\/\/comarcas.csm.org.pt\/coimbra\/wp-content\/uploads\/sites\/12\/2025\/06\/Relatorio-anual-2019.pdf\">Relat\u00f3rio anual 2019<\/a><\/strong><\/h6><h6><strong>2018: <a href=\"https:\/\/comarcas.csm.org.pt\/coimbra\/wp-content\/uploads\/sites\/12\/2025\/06\/Relatorio-anual-2018.pdf\">Relat\u00f3rio anual 2018<\/a><\/strong><\/h6><h6><strong>2017: <a href=\"https:\/\/comarcas.csm.org.pt\/coimbra\/wp-content\/uploads\/sites\/12\/2025\/06\/Relatorio-anual-2017.pdf\">Relat\u00f3rio anual 2017<\/a><\/strong><\/h6><h6><strong>2016: <a href=\"https:\/\/comarcas.csm.org.pt\/coimbra\/wp-content\/uploads\/sites\/12\/2025\/06\/Relatorio-anual-2016.pdf\">Relat\u00f3rio anual 2016<\/a><\/strong><\/h6><h6><strong>2015: <a href=\"https:\/\/comarcas.csm.org.pt\/coimbra\/wp-content\/uploads\/sites\/12\/2025\/06\/Relatorio-anual-2015.pdf\">Relat\u00f3rio anual 2015<\/a><\/strong><\/h6><\/div>\n\t\t\t\t\t\t\t\t\t<div class=\"elementor-tab-title elementor-tab-mobile-title\" aria-selected=\"false\" data-tab=\"2\" role=\"tab\" tabindex=\"-1\" aria-controls=\"elementor-tab-content-2052\" aria-expanded=\"false\">Relat\u00f3rios semestrais<\/div>\n\t\t\t\t\t<div id=\"elementor-tab-content-2052\" class=\"elementor-tab-content elementor-clearfix\" data-tab=\"2\" role=\"tabpanel\" aria-labelledby=\"elementor-tab-title-2052\" tabindex=\"0\" hidden=\"hidden\"><h5>A presta\u00e7\u00e3o de contas do servi\u00e7o prestado aos cidad\u00e3os pelo tribunal opera-se igualmente pela elabora\u00e7\u00e3o e divulga\u00e7\u00e3o de relat\u00f3rios semestrais relativos ao estado dos servi\u00e7os judiciais e \u00e0 qualidade da resposta.<br \/>A elabora\u00e7\u00e3o desses relat\u00f3rios constitui incumb\u00eancia do juiz presidente (artigo 94\u00ba, n\u00ba 2, al. g), da Lei n\u00ba 62\/2013, de 26 de agosto (L.O.S.J.).<br \/>Estes relat\u00f3rios cont\u00eam informa\u00e7\u00e3o respeitante ao grau de cumprimento dos objetivos estabelecidos, indicando as causas dos principais desvios, informa\u00e7\u00e3o estat\u00edstica referente ao desempenho dos diversos Ju\u00edzos da Comarca, informa\u00e7\u00e3o or\u00e7amental e de disponibilidade de meios humanos e materiais, e enuncia\u00e7\u00e3o das medidas de gest\u00e3o adotadas.<\/h5><h5><strong>Poder\u00e3o ser consultados na integra os relat\u00f3rios semestrais aqui:<\/strong><\/h5><h5><strong>2025: <a href=\"https:\/\/comarcas.csm.org.pt\/coimbra\/wp-content\/uploads\/sites\/12\/2025\/07\/Relatorio-semestral-2025.pdf\">Relat\u00f3rio semestral 2025<\/a><\/strong><\/h5><h5><strong>2024: <a href=\"https:\/\/comarcas.csm.org.pt\/coimbra\/wp-content\/uploads\/sites\/12\/2025\/06\/Relatorio-semestral-2024.pdf\">Relat\u00f3rio semestral 2024<\/a><\/strong><\/h5><h5><strong>2023: <a href=\"https:\/\/comarcas.csm.org.pt\/coimbra\/wp-content\/uploads\/sites\/12\/2025\/06\/Relatorio-semestral-2023.pdf\">Relat\u00f3rio semestral 2023<\/a><\/strong><\/h5><h5><strong>2022: <a href=\"https:\/\/comarcas.csm.org.pt\/coimbra\/wp-content\/uploads\/sites\/12\/2025\/06\/Relatorio-semestral-2022.pdf\">Relat\u00f3rio semestral 2022<\/a><\/strong><\/h5><h5><strong>2021: <a href=\"https:\/\/comarcas.csm.org.pt\/coimbra\/wp-content\/uploads\/sites\/12\/2025\/06\/Relatorio-semestral-2021.pdf\">Relat\u00f3rio semestral 2021<\/a><\/strong><\/h5><h5><strong>2020: <a href=\"https:\/\/comarcas.csm.org.pt\/coimbra\/wp-content\/uploads\/sites\/12\/2025\/06\/Relatorio-semestral-2020.pdf\">Relat\u00f3rio semestral 2020<\/a><\/strong><\/h5><h6><strong>2019: <a href=\"https:\/\/comarcas.csm.org.pt\/coimbra\/wp-content\/uploads\/sites\/12\/2025\/06\/Relatorio-semestral-2019.pdf\">Relat\u00f3rio semestral 2019<\/a><\/strong><\/h6><h6><strong>2018: <a href=\"https:\/\/comarcas.csm.org.pt\/coimbra\/wp-content\/uploads\/sites\/12\/2025\/06\/Relatorio-semestral-2018.pdf\">Relat\u00f3rio semestral 2018<\/a><\/strong><\/h6><h6><strong>2017: <a href=\"https:\/\/comarcas.csm.org.pt\/coimbra\/wp-content\/uploads\/sites\/12\/2025\/06\/Relatorio-semestral-2017.pdf\">Relat\u00f3rio semestral 2017<\/a><\/strong><\/h6><h6><strong>2016: <a href=\"https:\/\/comarcas.csm.org.pt\/coimbra\/wp-content\/uploads\/sites\/12\/2025\/06\/Relatorio-semestral-2016.pdf\">Relat\u00f3rio semestral 2016<\/a><\/strong><\/h6><h6><strong>2015: <a href=\"https:\/\/comarcas.csm.org.pt\/coimbra\/wp-content\/uploads\/sites\/12\/2025\/06\/Relatorio-semestral-2015.pdf\">Relat\u00f3rio semestral 2015<\/a><\/strong><\/h6><\/div>\n\t\t\t\t\t\t\t\t\t<div class=\"elementor-tab-title elementor-tab-mobile-title\" aria-selected=\"false\" data-tab=\"3\" role=\"tab\" tabindex=\"-1\" aria-controls=\"elementor-tab-content-2053\" aria-expanded=\"false\">Turnos de s\u00e1bado<\/div>\n\t\t\t\t\t<div id=\"elementor-tab-content-2053\" class=\"elementor-tab-content elementor-clearfix\" data-tab=\"3\" role=\"tabpanel\" aria-labelledby=\"elementor-tab-title-2053\" tabindex=\"0\" hidden=\"hidden\"><h6>O tribunal mant\u00e9m um regime de turnos para assegurar o servi\u00e7o urgente previsto na lei que deva ser executado aos s\u00e1bados, nos feriados que recaiam em segunda-feira e no segundo dia feriado, em caso de feriados consecutivos (artigo 36\u00ba, n\u00ba 2, da Lei n\u00ba 62\/2013, de 26 de agosto &#8211; L.O.S.J.).<br \/>Esse servi\u00e7o de turno funciona nesses dias entre as 9 horas e as 13 horas, sem preju\u00edzo da completa execu\u00e7\u00e3o do servi\u00e7o em curso (artigo 61\u00ba, n\u00ba 1, do D.L. n\u00ba 49\/2014, de 27 de mar\u00e7o).<br \/>O servi\u00e7o urgente assegurado refere-se designadamente ao previsto no C\u00f3digo de Processo Penal, na lei de coopera\u00e7\u00e3o judici\u00e1ria internacional em mat\u00e9ria penal, na lei de sa\u00fade mental, na lei de prote\u00e7\u00e3o de crian\u00e7as e jovens em perigo e no regime jur\u00eddico de entrada, perman\u00eancia, sa\u00edda e afastamento de estrangeiros do territ\u00f3rio nacional (artigo 53\u00ba, n\u00ba 1, do D.L. n\u00ba 49\/2014, de 27 de mar\u00e7o).<br \/>De molde a melhor salvaguardar a realiza\u00e7\u00e3o desse servi\u00e7o urgente, a organiza\u00e7\u00e3o compreende dois grupos com \u00e1reas geogr\u00e1ficas distintas.<br \/>Nos meses de setembro de 2024 a agosto de 2025, inclusive, esse regime de turno est\u00e1 organizado pela seguinte forma:<\/h6><h6><strong><a href=\"https:\/\/comarcas.csm.org.pt\/coimbra\/wp-content\/uploads\/sites\/12\/2025\/06\/Turnos-de-sabado-de-07-09-2024-a-30-08-2025.pdf\">Turnos de s\u00e1bado de 07-09-2024 a 30-08-2025<\/a><\/strong><\/h6><h6><strong><a href=\"https:\/\/files.diariodarepublica.pt\/2s\/2025\/08\/149000000\/0018500186.pdf\">Turnos de s\u00e1bado de 06-09-2025 a 29-08-2026<\/a><\/strong><\/h6><\/div>\n\t\t\t\t\t\t\t\t\t<div class=\"elementor-tab-title elementor-tab-mobile-title\" aria-selected=\"false\" data-tab=\"4\" role=\"tab\" tabindex=\"-1\" aria-controls=\"elementor-tab-content-2054\" aria-expanded=\"false\">Presid\u00eancia da distribui\u00e7\u00e3o<\/div>\n\t\t\t\t\t<div id=\"elementor-tab-content-2054\" class=\"elementor-tab-content elementor-clearfix\" data-tab=\"4\" role=\"tabpanel\" aria-labelledby=\"elementor-tab-title-2054\" tabindex=\"0\" hidden=\"hidden\"><h6>A Lei n\u00ba 55\/2021, de 13 de agosto, estabeleceu novos mecanismos de controlo da distribui\u00e7\u00e3o eletr\u00f3nica dos processos judiciais, alterando o regime do C\u00f3digo de Processo Civil (que se aplica, de forma gen\u00e9rica, \u00e0 distribui\u00e7\u00e3o em todas as restantes jurisdi\u00e7\u00f5es, por via subsidi\u00e1ria).<\/h6><h6>A regulamenta\u00e7\u00e3o da referida lei apenas foi operada pela Portaria n\u00ba 86\/2023, de 27 de mar\u00e7o, pelo que o atual regime da distribui\u00e7\u00e3o eletr\u00f3nica dos processos judiciais vigora desde dia 11 de maio de 2023.<\/h6><h6>Como o regime legal acima referido imp\u00f5e a realiza\u00e7\u00e3o da distribui\u00e7\u00e3o \u201cpor n\u00facleo\u201d, e n\u00e3o necessariamente no n\u00facleo (artigo 16\u00ba, n\u00ba 4, da Portaria n\u00ba 280\/2013, de 26 de agosto), e por ser a forma de organiza\u00e7\u00e3o mais eficiente e que menos afeta o funcionamento di\u00e1rio do tribunal, e a qualidade do servi\u00e7o de justi\u00e7a prestado ao cidad\u00e3o, mant\u00e9m-se a op\u00e7\u00e3o pela divis\u00e3o da Comarca em tr\u00eas \u00e1reas geogr\u00e1ficas distintas.<\/h6><h6><strong>Assim, de 01-09-2025 a 21-10-2025, fixam-se as seguintes escalas:<\/strong><\/h6><h6><strong><img fetchpriority=\"high\" decoding=\"async\" class=\"aligncenter wp-image-41870 size-full\" src=\"https:\/\/comarcas.csm.org.pt\/coimbra\/wp-content\/uploads\/sites\/12\/2025\/09\/AREA-A.jpg\" alt=\"\" width=\"607\" height=\"887\" srcset=\"https:\/\/comarcas.csm.org.pt\/coimbra\/wp-content\/uploads\/sites\/12\/2025\/09\/AREA-A.jpg 607w, https:\/\/comarcas.csm.org.pt\/coimbra\/wp-content\/uploads\/sites\/12\/2025\/09\/AREA-A-205x300.jpg 205w\" sizes=\"(max-width: 607px) 100vw, 607px\" \/><\/strong><\/h6><h6><strong>\u00a0 \u00a0 \u00a0 \u00a0 \u00a0 <\/strong><strong> <img decoding=\"async\" class=\"aligncenter wp-image-41871 size-full\" src=\"https:\/\/comarcas.csm.org.pt\/coimbra\/wp-content\/uploads\/sites\/12\/2025\/09\/AREA-B.jpg\" alt=\"\" width=\"663\" height=\"888\" srcset=\"https:\/\/comarcas.csm.org.pt\/coimbra\/wp-content\/uploads\/sites\/12\/2025\/09\/AREA-B.jpg 663w, https:\/\/comarcas.csm.org.pt\/coimbra\/wp-content\/uploads\/sites\/12\/2025\/09\/AREA-B-224x300.jpg 224w\" sizes=\"(max-width: 663px) 100vw, 663px\" \/> \u00a0 \u00a0 \u00a0 \u00a0 \u00a0 \u00a0 \u00a0 \u00a0 \u00a0 \u00a0 \u00a0 \u00a0 \u00a0 \u00a0 \u00a0 \u00a0 \u00a0 \u00a0 \u00a0 \u00a0 \u00a0 \u00a0 \u00a0 \u00a0 \u00a0 \u00a0 \u00a0 \u00a0 \u00a0 \u00a0 \u00a0 \u00a0 \u00a0 <img decoding=\"async\" class=\"aligncenter wp-image-41872 size-full\" src=\"https:\/\/comarcas.csm.org.pt\/coimbra\/wp-content\/uploads\/sites\/12\/2025\/09\/AREA-TEP.jpg\" alt=\"\" width=\"497\" height=\"889\" srcset=\"https:\/\/comarcas.csm.org.pt\/coimbra\/wp-content\/uploads\/sites\/12\/2025\/09\/AREA-TEP.jpg 497w, https:\/\/comarcas.csm.org.pt\/coimbra\/wp-content\/uploads\/sites\/12\/2025\/09\/AREA-TEP-168x300.jpg 168w\" sizes=\"(max-width: 497px) 100vw, 497px\" \/><\/strong><\/h6><\/div>\n\t\t\t\t\t\t\t\t\t<div class=\"elementor-tab-title elementor-tab-mobile-title\" aria-selected=\"false\" data-tab=\"5\" role=\"tab\" tabindex=\"-1\" aria-controls=\"elementor-tab-content-2055\" aria-expanded=\"false\">DISTRIBUI\u00c7\u00c3O - Lei n\u00ba 56\/2025, de 24 de julho<\/div>\n\t\t\t\t\t<div id=\"elementor-tab-content-2055\" class=\"elementor-tab-content elementor-clearfix\" data-tab=\"5\" role=\"tabpanel\" aria-labelledby=\"elementor-tab-title-2055\" tabindex=\"0\" hidden=\"hidden\"><h6>I. A Lei n\u00ba 56\/2025, de 24 de julho, altera as disposi\u00e7\u00f5es do C\u00f3digo de Processo Civil relativas \u00e0 distribui\u00e7\u00e3o de processos. Por seu turno, a Portaria n\u00ba 350-A\/2025\/1, de 9 de outubro, al\u00e9m de outros aspetos, procede \u00e0 regulamenta\u00e7\u00e3o dessas altera\u00e7\u00f5es legislativas.<\/h6><h6>De acordo com o novo regime legal, a distribui\u00e7\u00e3o constituir\u00e1 um ato da secretaria, a realizar uma vez por dia, em regra por meios eletr\u00f3nicos, dispensando a presen\u00e7a do juiz \u2013 artigo 204\u00ba, n\u00ba 1 e 4, do C\u00f3digo de Processo Civil (na reda\u00e7\u00e3o da referida Lei). A distribui\u00e7\u00e3o efetuar-se-\u00e1 diariamente, incluindo em per\u00edodo de f\u00e9rias judiciais (artigo 137\u00ba, n\u00ba 2, do C.P.C.), uma vez por dia de forma ordin\u00e1ria, nos dias \u00fateis, <em style=\"letter-spacing: 0.3px\">\u201cem hor\u00e1rio fixo a definir pelo presidente do tribunal\u201d<\/em><span style=\"letter-spacing: 0.3px\">, admitindo-se ainda atos de distribui\u00e7\u00e3o extraordin\u00e1rios <\/span><em style=\"letter-spacing: 0.3px\">\u201cpor determina\u00e7\u00e3o do juiz de turno \u00e0 distribui\u00e7\u00e3o\u201d <\/em><span style=\"letter-spacing: 0.3px\">(artigo 13\u00ba, n\u00ba 3, da Portaria). A hora da distribui\u00e7\u00e3o ser\u00e1 publicada <\/span><em style=\"letter-spacing: 0.3px\">\u201cna \u00c1rea de Servi\u00e7os Digitais dos Tribunais, acess\u00edvel pelo endere\u00e7o eletr\u00f3nico <\/em><a style=\"letter-spacing: 0.3px\" href=\"https:\/\/tribunais.org.pt\/\"><em>https:\/\/tribunais.org.pt<\/em><\/a><em style=\"letter-spacing: 0.3px\">\u201d <\/em><span style=\"letter-spacing: 0.3px\">(artigo 13\u00ba, n\u00ba 5, da Portaria).<\/span><\/h6><h6>A distribui\u00e7\u00e3o ser\u00e1 efetuada, nos Tribunais de Comarca, por n\u00facleo (artigo 13\u00ba, n\u00ba 4, da Portaria).<\/h6><h6>Embora a lei preveja um juiz de turno \u00e0 distribui\u00e7\u00e3o (a designar pelo presidente do tribunal, em regime de rotatividade nos tribunais onde haja mais de um juiz), este limitar-se-\u00e1 a <em>\u201cdecidir as d\u00favidas suscitadas pelo funcion\u00e1rio (\u2026), nomeadamente, na prepara\u00e7\u00e3o e classifica\u00e7\u00e3o dos processos pela secretaria, e assegurar o controlo dos atos manuais e respetivo fundamento\u201d <\/em>&#8211; artigo 204\u00ba, n\u00ba 2, 4 e 5, do C.P.C.<\/h6><h6>O auto em que dever\u00e3o constar obrigatoriamente todas as opera\u00e7\u00f5es de distribui\u00e7\u00e3o apenas ser\u00e1 assinado (eletronicamente) pelo juiz do turno \u00e0 distribui\u00e7\u00e3o quando seja suscitada e se concretize efetivamente a sua interven\u00e7\u00e3o (artigos 204\u00ba, n\u00ba 6, al. b), do C.P.C., e 13\u00ba, n\u00ba 9, da Portaria).<\/h6><h6>Segundo o artigo 13\u00ba, n\u00ba 6, da Portaria, continuar\u00e3o a ser publicadas e mantidas atualizadas pelo presidente do tribunal na \u00c1rea de Servi\u00e7os Digitais dos Tribunais (conservando-se o seu hist\u00f3rico) as decis\u00f5es, as delibera\u00e7\u00f5es, os provimentos e as orienta\u00e7\u00f5es que condicionam as opera\u00e7\u00f5es de distribui\u00e7\u00e3o. Al\u00e9m disso, mant\u00e9m-se a publica\u00e7\u00e3o dos resultados da distribui\u00e7\u00e3o \u2013 artigo 14\u00ba da Portaria.<\/h6><h6>II. Este novo regime entrar\u00e1 em vigor no pr\u00f3ximo dia 22 de outubro de 2025 (artigos 4\u00ba da referida Lei e 39\u00ba, n\u00ba 2, da Portaria).<\/h6><h6>III. Desse modo, importa definir o hor\u00e1rio da distribui\u00e7\u00e3o di\u00e1ria ordin\u00e1ria e designar o juiz de turno \u00e0 distribui\u00e7\u00e3o nos n\u00facleos com mais de um juiz.<\/h6><h6>Para o efeito, procedeu-se \u00e0 audi\u00e7\u00e3o dos ju\u00edzes de direito deste Tribunal, tendo sido emitidas as seguintes pron\u00fancias:<\/h6><h6>(Ju\u00edzo de Compet\u00eancia Gen\u00e9rica da Lous\u00e3, Juiz 1) \u2013 \u201cQuanto aos turnos \u00e0 distribui\u00e7\u00e3o, manifesto entendimento de que a organiza\u00e7\u00e3o do regime de rotatividade no Ju\u00edzo da Lous\u00e3 dever\u00e1 coincidir com os turnos organizados neste Ju\u00edzo, na jurisdi\u00e7\u00e3o criminal, fora do per\u00edodo de f\u00e9rias judiciais, s\u00e1bados e feriados, que \u00e9 semanal\u201d.<\/h6><h6>(Tribunal de Execu\u00e7\u00e3o de Penas, Juiz 3) \u2013 <em>\u201cDesconhe\u00e7o como era <\/em><em>organizado o turno \u00e0 distribui\u00e7\u00e3o para decidir as quest\u00f5es\/d\u00favidas do Senhor Funcion\u00e1rio da sec\u00e7\u00e3o Central anteriormente no TEP de Coimbra. O conhecimento que tenho \u00e9 o do TEP Lisboa e a\u00ed o turno era organizado \u00e0 semana. Tendo em conta o n\u00famero de ju\u00edzes do TEP de Coimbra (tr\u00eas), parece-me razo\u00e1vel que cada juiz esteja a distribui\u00e7\u00e3o para os efeitos a que alude \u00e0 semana\u201d<\/em>.<\/h6><h6>IV. No que respeita ao hor\u00e1rio da distribui\u00e7\u00e3o di\u00e1ria ordin\u00e1ria, importa eleger uma hora do dia que permita, por um lado, a execu\u00e7\u00e3o de todos os sucessivos atos de distribui\u00e7\u00e3o por n\u00facleo, e por outro abranger o maior n\u00famero de processos de natureza urgente (por exemplo, processos sum\u00e1rios, interrogat\u00f3rios judiciais de arguido detido e processos de promo\u00e7\u00e3o e prote\u00e7\u00e3o) entrados nesse mesmo dia, de modo a evitar, na medida poss\u00edvel, distribui\u00e7\u00f5es extraordin\u00e1rias.<\/h6><h6>Cremos que o hor\u00e1rio que melhor conjugar\u00e1 os referidos interesses, e que tem vindo a ser praticado na Comarca e no T.E.P. de Coimbra sem constrangimentos significativos, ser\u00e1 o das <strong>11 horas e 30 minutos<\/strong>, que assim se define como hor\u00e1rio da distribui\u00e7\u00e3o di\u00e1ria ordin\u00e1ria.<\/h6><h6>V. Quanto ao juiz de turno \u00e0 distribui\u00e7\u00e3o, importa distinguir os n\u00facleos que apenas disp\u00f5em de um juiz (titular), em que ser\u00e1 esse juiz \u00fanico que assegurar\u00e1 o desempenho di\u00e1rio da tarefa, dos n\u00facleos em que prestam fun\u00e7\u00f5es v\u00e1rios ju\u00edzes, para os quais se designar\u00e1 uma escala rotativa semanal, que se afigura a mais adequada, ajustada e equitativa (dividindo a tarefa entre todos de forma igual).<\/h6><h6>Todos os Ju\u00edzes titulares integrar\u00e3o as referidas escalas, sem especializa\u00e7\u00e3o.<\/h6><h6>Assim, nos seguintes n\u00facleos a presid\u00eancia da distribui\u00e7\u00e3o ser\u00e1 assegurada pelo juiz \u00fanico (titular):<\/h6><h6><u>Arganil<\/u>;<\/h6><h6><u>Condeixa-a-Nova<\/u>;<\/h6><h6><u>Oliveira do Hospital<\/u>;<\/h6><h6><u>Penacova<\/u>;<\/h6><h6><u>T\u00e1bua<\/u>.<\/h6><h6><img loading=\"lazy\" decoding=\"async\" class=\"aligncenter wp-image-41932 size-full\" src=\"https:\/\/comarcas.csm.org.pt\/coimbra\/wp-content\/uploads\/sites\/12\/2025\/10\/1-3.jpg\" alt=\"\" width=\"732\" height=\"545\" srcset=\"https:\/\/comarcas.csm.org.pt\/coimbra\/wp-content\/uploads\/sites\/12\/2025\/10\/1-3.jpg 732w, https:\/\/comarcas.csm.org.pt\/coimbra\/wp-content\/uploads\/sites\/12\/2025\/10\/1-3-300x223.jpg 300w\" sizes=\"(max-width: 732px) 100vw, 732px\" \/>\u00a0 \u00a0 \u00a0 \u00a0 \u00a0 \u00a0 \u00a0 \u00a0 \u00a0 \u00a0 \u00a0\u00a0<img loading=\"lazy\" decoding=\"async\" class=\"aligncenter wp-image-41918 size-full\" src=\"https:\/\/comarcas.csm.org.pt\/coimbra\/wp-content\/uploads\/sites\/12\/2025\/10\/2.jpg\" alt=\"\" width=\"686\" height=\"812\" srcset=\"https:\/\/comarcas.csm.org.pt\/coimbra\/wp-content\/uploads\/sites\/12\/2025\/10\/2.jpg 686w, https:\/\/comarcas.csm.org.pt\/coimbra\/wp-content\/uploads\/sites\/12\/2025\/10\/2-253x300.jpg 253w\" sizes=\"(max-width: 686px) 100vw, 686px\" \/> <img loading=\"lazy\" decoding=\"async\" class=\"aligncenter wp-image-41919 size-full\" src=\"https:\/\/comarcas.csm.org.pt\/coimbra\/wp-content\/uploads\/sites\/12\/2025\/10\/3.jpg\" alt=\"\" width=\"695\" height=\"191\" srcset=\"https:\/\/comarcas.csm.org.pt\/coimbra\/wp-content\/uploads\/sites\/12\/2025\/10\/3.jpg 695w, https:\/\/comarcas.csm.org.pt\/coimbra\/wp-content\/uploads\/sites\/12\/2025\/10\/3-300x82.jpg 300w\" sizes=\"(max-width: 695px) 100vw, 695px\" \/> <img loading=\"lazy\" decoding=\"async\" class=\"aligncenter wp-image-41920 size-full\" src=\"https:\/\/comarcas.csm.org.pt\/coimbra\/wp-content\/uploads\/sites\/12\/2025\/10\/4.jpg\" alt=\"\" width=\"698\" height=\"760\" srcset=\"https:\/\/comarcas.csm.org.pt\/coimbra\/wp-content\/uploads\/sites\/12\/2025\/10\/4.jpg 698w, https:\/\/comarcas.csm.org.pt\/coimbra\/wp-content\/uploads\/sites\/12\/2025\/10\/4-276x300.jpg 276w\" sizes=\"(max-width: 698px) 100vw, 698px\" \/><\/h6><h6>No caso de n\u00e3o preenchimento do lugar de Juiz titular ou de aus\u00eancia de juiz, o juiz de turno \u00e0 distribui\u00e7\u00e3o ser\u00e1 o seguinte na escala.<br \/>VI. Apenas integrar\u00e3o as referidas escalas os ju\u00edzes titulares em fun\u00e7\u00f5es, e os ju\u00edzes auxiliares, do quadro complementar, colocados ao abrigo do disposto no artigo 107\u00ba do R.L.O.S.J. ou al\u00e9m-quadro se estiverem em substitui\u00e7\u00e3o do juiz titular (e nessa<br \/>medida).<\/h6><\/div>\n\t\t\t\t\t\t\t<\/div>\n\t\t<\/div>\n\t\t\t\t\t\t<\/div>\n\t\t\t\t<\/div>\n\t\t\t\t\t<\/div>\n\t\t\t\t<\/div>\n\t\t\t\t<\/div>\n\t\t","protected":false},"excerpt":{"rendered":"<p>Relat\u00f3rios Anuais Relat\u00f3rios semestrais Turnos de s\u00e1bado Presid\u00eancia da distribui\u00e7\u00e3o DISTRIBUI\u00c7\u00c3O &#8211; Lei n\u00ba 56\/2025, de 24 de julho Relat\u00f3rios Anuais O relat\u00f3rio anual visa, na sua essencialidade, a presta\u00e7\u00e3o de contas do servi\u00e7o prestado aos cidad\u00e3os, com todos os elementos relativos ao estado dos servi\u00e7os e qualidade da resposta, incluindo naturalmente a comunica\u00e7\u00e3o dos&#8230;<\/p>\n","protected":false},"author":1,"featured_media":0,"parent":0,"menu_order":0,"comment_status":"closed","ping_status":"closed","template":"","meta":{"_tbt_post_transparent":"","_tbt_post_title":"","_tbt_post_layout":"","_tbt_post_sidebar_id":"","_tbt_post_content_style":"","_tbt_post_vertical_padding":"","_tbt_post_feature":"","_tbt_post_feature_position":"","_tbt_post_header":false,"_tbt_post_footer":false},"class_list":["post-11330","page","type-page","status-publish","hentry"],"yoast_head":"<!-- This site is optimized with the Yoast SEO plugin v25.6 - https:\/\/yoast.com\/wordpress\/plugins\/seo\/ -->\n<title>Instrumentos de Gest\u00e3o - Tribunal Judicial da Comarca de Coimbra<\/title>\n<meta name=\"robots\" content=\"index, follow, max-snippet:-1, max-image-preview:large, max-video-preview:-1\" \/>\n<link rel=\"canonical\" href=\"https:\/\/comarcas.csm.org.pt\/coimbra\/instrumentos-de-gestao\/\" \/>\n<meta property=\"og:locale\" content=\"pt_PT\" \/>\n<meta property=\"og:type\" content=\"article\" \/>\n<meta property=\"og:title\" content=\"Instrumentos de Gest\u00e3o - Tribunal Judicial da Comarca de Coimbra\" \/>\n<meta property=\"og:description\" content=\"Relat\u00f3rios Anuais Relat\u00f3rios semestrais Turnos de s\u00e1bado Presid\u00eancia da distribui\u00e7\u00e3o DISTRIBUI\u00c7\u00c3O &#8211; Lei n\u00ba 56\/2025, de 24 de julho Relat\u00f3rios Anuais O relat\u00f3rio anual visa, na sua essencialidade, a presta\u00e7\u00e3o de contas do servi\u00e7o prestado aos cidad\u00e3os, com todos os elementos relativos ao estado dos servi\u00e7os e qualidade da resposta, incluindo naturalmente a comunica\u00e7\u00e3o dos...\" \/>\n<meta property=\"og:url\" content=\"https:\/\/comarcas.csm.org.pt\/coimbra\/instrumentos-de-gestao\/\" \/>\n<meta property=\"og:site_name\" content=\"Tribunal Judicial da Comarca de Coimbra\" \/>\n<meta property=\"article:modified_time\" content=\"2026-03-18T14:20:07+00:00\" \/>\n<meta property=\"og:image\" content=\"https:\/\/comarcas.csm.org.pt\/coimbra\/wp-content\/uploads\/sites\/12\/2025\/09\/AREA-A.jpg\" \/>\n\t<meta property=\"og:image:width\" content=\"607\" \/>\n\t<meta property=\"og:image:height\" content=\"887\" \/>\n\t<meta property=\"og:image:type\" content=\"image\/jpeg\" \/>\n<meta name=\"twitter:card\" content=\"summary_large_image\" \/>\n<meta name=\"twitter:label1\" content=\"Tempo estimado de leitura\" \/>\n\t<meta name=\"twitter:data1\" content=\"11 minutos\" \/>\n<script type=\"application\/ld+json\" class=\"yoast-schema-graph\">{\"@context\":\"https:\/\/schema.org\",\"@graph\":[{\"@type\":\"WebPage\",\"@id\":\"https:\/\/comarcas.csm.org.pt\/coimbra\/instrumentos-de-gestao\/\",\"url\":\"https:\/\/comarcas.csm.org.pt\/coimbra\/instrumentos-de-gestao\/\",\"name\":\"Instrumentos de Gest\u00e3o - Tribunal Judicial da Comarca de Coimbra\",\"isPartOf\":{\"@id\":\"https:\/\/comarcas.csm.org.pt\/coimbra\/#website\"},\"primaryImageOfPage\":{\"@id\":\"https:\/\/comarcas.csm.org.pt\/coimbra\/instrumentos-de-gestao\/#primaryimage\"},\"image\":{\"@id\":\"https:\/\/comarcas.csm.org.pt\/coimbra\/instrumentos-de-gestao\/#primaryimage\"},\"thumbnailUrl\":\"https:\/\/comarcas.csm.org.pt\/coimbra\/wp-content\/uploads\/sites\/12\/2025\/09\/AREA-A.jpg\",\"datePublished\":\"2024-05-22T09:33:02+00:00\",\"dateModified\":\"2026-03-18T14:20:07+00:00\",\"breadcrumb\":{\"@id\":\"https:\/\/comarcas.csm.org.pt\/coimbra\/instrumentos-de-gestao\/#breadcrumb\"},\"inLanguage\":\"pt-PT\",\"potentialAction\":[{\"@type\":\"ReadAction\",\"target\":[\"https:\/\/comarcas.csm.org.pt\/coimbra\/instrumentos-de-gestao\/\"]}]},{\"@type\":\"ImageObject\",\"inLanguage\":\"pt-PT\",\"@id\":\"https:\/\/comarcas.csm.org.pt\/coimbra\/instrumentos-de-gestao\/#primaryimage\",\"url\":\"https:\/\/comarcas.csm.org.pt\/coimbra\/wp-content\/uploads\/sites\/12\/2025\/09\/AREA-A.jpg\",\"contentUrl\":\"https:\/\/comarcas.csm.org.pt\/coimbra\/wp-content\/uploads\/sites\/12\/2025\/09\/AREA-A.jpg\",\"width\":607,\"height\":887},{\"@type\":\"BreadcrumbList\",\"@id\":\"https:\/\/comarcas.csm.org.pt\/coimbra\/instrumentos-de-gestao\/#breadcrumb\",\"itemListElement\":[{\"@type\":\"ListItem\",\"position\":1,\"name\":\"In\u00edcio\",\"item\":\"https:\/\/comarcas.csm.org.pt\/coimbra\/\"},{\"@type\":\"ListItem\",\"position\":2,\"name\":\"Instrumentos de Gest\u00e3o\"}]},{\"@type\":\"WebSite\",\"@id\":\"https:\/\/comarcas.csm.org.pt\/coimbra\/#website\",\"url\":\"https:\/\/comarcas.csm.org.pt\/coimbra\/\",\"name\":\"Tribunal Judicial da Comarca de Coimbra\",\"description\":\"Tribunal Judicial da Comarca de Aveiro\",\"publisher\":{\"@id\":\"https:\/\/comarcas.csm.org.pt\/coimbra\/#organization\"},\"potentialAction\":[{\"@type\":\"SearchAction\",\"target\":{\"@type\":\"EntryPoint\",\"urlTemplate\":\"https:\/\/comarcas.csm.org.pt\/coimbra\/?s={search_term_string}\"},\"query-input\":{\"@type\":\"PropertyValueSpecification\",\"valueRequired\":true,\"valueName\":\"search_term_string\"}}],\"inLanguage\":\"pt-PT\"},{\"@type\":\"Organization\",\"@id\":\"https:\/\/comarcas.csm.org.pt\/coimbra\/#organization\",\"name\":\"Tribunal Judicial da Comarca de Coimbra\",\"url\":\"https:\/\/comarcas.csm.org.pt\/coimbra\/\",\"logo\":{\"@type\":\"ImageObject\",\"inLanguage\":\"pt-PT\",\"@id\":\"https:\/\/comarcas.csm.org.pt\/coimbra\/#\/schema\/logo\/image\/\",\"url\":\"https:\/\/comarcas.csm.org.pt\/coimbra\/wp-content\/uploads\/sites\/12\/2024\/11\/Coimbra_positivo-horizontal.png\",\"contentUrl\":\"https:\/\/comarcas.csm.org.pt\/coimbra\/wp-content\/uploads\/sites\/12\/2024\/11\/Coimbra_positivo-horizontal.png\",\"width\":4163,\"height\":1224,\"caption\":\"Tribunal Judicial da Comarca de Coimbra\"},\"image\":{\"@id\":\"https:\/\/comarcas.csm.org.pt\/coimbra\/#\/schema\/logo\/image\/\"}}]}<\/script>\n<!-- \/ Yoast SEO plugin. -->","yoast_head_json":{"title":"Instrumentos de Gest\u00e3o - Tribunal Judicial da Comarca de Coimbra","robots":{"index":"index","follow":"follow","max-snippet":"max-snippet:-1","max-image-preview":"max-image-preview:large","max-video-preview":"max-video-preview:-1"},"canonical":"https:\/\/comarcas.csm.org.pt\/coimbra\/instrumentos-de-gestao\/","og_locale":"pt_PT","og_type":"article","og_title":"Instrumentos de Gest\u00e3o - Tribunal Judicial da Comarca de Coimbra","og_description":"Relat\u00f3rios Anuais Relat\u00f3rios semestrais Turnos de s\u00e1bado Presid\u00eancia da distribui\u00e7\u00e3o DISTRIBUI\u00c7\u00c3O &#8211; Lei n\u00ba 56\/2025, de 24 de julho Relat\u00f3rios Anuais O relat\u00f3rio anual visa, na sua essencialidade, a presta\u00e7\u00e3o de contas do servi\u00e7o prestado aos cidad\u00e3os, com todos os elementos relativos ao estado dos servi\u00e7os e qualidade da resposta, incluindo naturalmente a comunica\u00e7\u00e3o dos...","og_url":"https:\/\/comarcas.csm.org.pt\/coimbra\/instrumentos-de-gestao\/","og_site_name":"Tribunal Judicial da Comarca de Coimbra","article_modified_time":"2026-03-18T14:20:07+00:00","og_image":[{"width":607,"height":887,"url":"https:\/\/comarcas.csm.org.pt\/coimbra\/wp-content\/uploads\/sites\/12\/2025\/09\/AREA-A.jpg","type":"image\/jpeg"}],"twitter_card":"summary_large_image","twitter_misc":{"Tempo estimado de leitura":"11 minutos"},"schema":{"@context":"https:\/\/schema.org","@graph":[{"@type":"WebPage","@id":"https:\/\/comarcas.csm.org.pt\/coimbra\/instrumentos-de-gestao\/","url":"https:\/\/comarcas.csm.org.pt\/coimbra\/instrumentos-de-gestao\/","name":"Instrumentos de Gest\u00e3o - Tribunal Judicial da Comarca de Coimbra","isPartOf":{"@id":"https:\/\/comarcas.csm.org.pt\/coimbra\/#website"},"primaryImageOfPage":{"@id":"https:\/\/comarcas.csm.org.pt\/coimbra\/instrumentos-de-gestao\/#primaryimage"},"image":{"@id":"https:\/\/comarcas.csm.org.pt\/coimbra\/instrumentos-de-gestao\/#primaryimage"},"thumbnailUrl":"https:\/\/comarcas.csm.org.pt\/coimbra\/wp-content\/uploads\/sites\/12\/2025\/09\/AREA-A.jpg","datePublished":"2024-05-22T09:33:02+00:00","dateModified":"2026-03-18T14:20:07+00:00","breadcrumb":{"@id":"https:\/\/comarcas.csm.org.pt\/coimbra\/instrumentos-de-gestao\/#breadcrumb"},"inLanguage":"pt-PT","potentialAction":[{"@type":"ReadAction","target":["https:\/\/comarcas.csm.org.pt\/coimbra\/instrumentos-de-gestao\/"]}]},{"@type":"ImageObject","inLanguage":"pt-PT","@id":"https:\/\/comarcas.csm.org.pt\/coimbra\/instrumentos-de-gestao\/#primaryimage","url":"https:\/\/comarcas.csm.org.pt\/coimbra\/wp-content\/uploads\/sites\/12\/2025\/09\/AREA-A.jpg","contentUrl":"https:\/\/comarcas.csm.org.pt\/coimbra\/wp-content\/uploads\/sites\/12\/2025\/09\/AREA-A.jpg","width":607,"height":887},{"@type":"BreadcrumbList","@id":"https:\/\/comarcas.csm.org.pt\/coimbra\/instrumentos-de-gestao\/#breadcrumb","itemListElement":[{"@type":"ListItem","position":1,"name":"In\u00edcio","item":"https:\/\/comarcas.csm.org.pt\/coimbra\/"},{"@type":"ListItem","position":2,"name":"Instrumentos de Gest\u00e3o"}]},{"@type":"WebSite","@id":"https:\/\/comarcas.csm.org.pt\/coimbra\/#website","url":"https:\/\/comarcas.csm.org.pt\/coimbra\/","name":"Tribunal Judicial da Comarca de Coimbra","description":"Tribunal Judicial da Comarca de Aveiro","publisher":{"@id":"https:\/\/comarcas.csm.org.pt\/coimbra\/#organization"},"potentialAction":[{"@type":"SearchAction","target":{"@type":"EntryPoint","urlTemplate":"https:\/\/comarcas.csm.org.pt\/coimbra\/?s={search_term_string}"},"query-input":{"@type":"PropertyValueSpecification","valueRequired":true,"valueName":"search_term_string"}}],"inLanguage":"pt-PT"},{"@type":"Organization","@id":"https:\/\/comarcas.csm.org.pt\/coimbra\/#organization","name":"Tribunal Judicial da Comarca de Coimbra","url":"https:\/\/comarcas.csm.org.pt\/coimbra\/","logo":{"@type":"ImageObject","inLanguage":"pt-PT","@id":"https:\/\/comarcas.csm.org.pt\/coimbra\/#\/schema\/logo\/image\/","url":"https:\/\/comarcas.csm.org.pt\/coimbra\/wp-content\/uploads\/sites\/12\/2024\/11\/Coimbra_positivo-horizontal.png","contentUrl":"https:\/\/comarcas.csm.org.pt\/coimbra\/wp-content\/uploads\/sites\/12\/2024\/11\/Coimbra_positivo-horizontal.png","width":4163,"height":1224,"caption":"Tribunal Judicial da Comarca de Coimbra"},"image":{"@id":"https:\/\/comarcas.csm.org.pt\/coimbra\/#\/schema\/logo\/image\/"}}]}},"_links":{"self":[{"href":"https:\/\/comarcas.csm.org.pt\/coimbra\/wp-json\/wp\/v2\/pages\/11330","targetHints":{"allow":["GET"]}}],"collection":[{"href":"https:\/\/comarcas.csm.org.pt\/coimbra\/wp-json\/wp\/v2\/pages"}],"about":[{"href":"https:\/\/comarcas.csm.org.pt\/coimbra\/wp-json\/wp\/v2\/types\/page"}],"author":[{"embeddable":true,"href":"https:\/\/comarcas.csm.org.pt\/coimbra\/wp-json\/wp\/v2\/users\/1"}],"replies":[{"embeddable":true,"href":"https:\/\/comarcas.csm.org.pt\/coimbra\/wp-json\/wp\/v2\/comments?post=11330"}],"version-history":[{"count":95,"href":"https:\/\/comarcas.csm.org.pt\/coimbra\/wp-json\/wp\/v2\/pages\/11330\/revisions"}],"predecessor-version":[{"id":42031,"href":"https:\/\/comarcas.csm.org.pt\/coimbra\/wp-json\/wp\/v2\/pages\/11330\/revisions\/42031"}],"wp:attachment":[{"href":"https:\/\/comarcas.csm.org.pt\/coimbra\/wp-json\/wp\/v2\/media?parent=11330"}],"curies":[{"name":"wp","href":"https:\/\/api.w.org\/{rel}","templated":true}]}}