{"id":41120,"date":"2024-09-26T14:26:20","date_gmt":"2024-09-26T14:26:20","guid":{"rendered":"https:\/\/aveiro.vvr.pt\/?page_id=11787"},"modified":"2025-06-20T10:26:00","modified_gmt":"2025-06-20T10:26:00","slug":"albergaria","status":"publish","type":"page","link":"https:\/\/comarcas.csm.org.pt\/coimbra\/acomarca\/juizos\/albergaria\/","title":{"rendered":"N\u00facleo de Coimbra"},"content":{"rendered":"\t\t<div data-elementor-type=\"wp-page\" data-elementor-id=\"41120\" class=\"elementor elementor-41120\" data-elementor-post-type=\"page\">\n\t\t\t\t<div class=\"elementor-element elementor-element-9a4155d e-flex e-con-boxed e-con e-parent\" data-id=\"9a4155d\" data-element_type=\"container\">\n\t\t\t\t\t<div class=\"e-con-inner\">\n\t\t<div class=\"elementor-element elementor-element-fe833da e-con-full e-flex e-con e-child\" data-id=\"fe833da\" data-element_type=\"container\">\n\t\t\t\t<div class=\"elementor-element elementor-element-812f9db elementor-widget elementor-widget-heading\" data-id=\"812f9db\" data-element_type=\"widget\" data-widget_type=\"heading.default\">\n\t\t\t\t<div class=\"elementor-widget-container\">\n\t\t\t\t\t<h4 class=\"elementor-heading-title elementor-size-default\">Ju\u00edzo Central C\u00edvel de Coimbra - J1, J2 e J3 <\/h4>\t\t\t\t<\/div>\n\t\t\t\t<\/div>\n\t\t\t\t<\/div>\n\t\t<div class=\"elementor-element elementor-element-c702faa e-con-full e-flex e-con e-child\" data-id=\"c702faa\" data-element_type=\"container\">\n\t\t\t\t<div class=\"elementor-element elementor-element-c8c8689 elementor-widget elementor-widget-icon-box\" data-id=\"c8c8689\" data-element_type=\"widget\" data-widget_type=\"icon-box.default\">\n\t\t\t\t<div class=\"elementor-widget-container\">\n\t\t\t\t\t\t\t<div class=\"elementor-icon-box-wrapper\">\n\n\t\t\t\n\t\t\t\t\t\t<div class=\"elementor-icon-box-content\">\n\n\t\t\t\t\t\t\t\t\t<h6 class=\"elementor-icon-box-title\">\n\t\t\t\t\t\t<span  >\n\t\t\t\t\t\t\tCompet\u00eancia Territorial:\t\t\t\t\t\t<\/span>\n\t\t\t\t\t<\/h6>\n\t\t\t\t\n\t\t\t\t\t\t\t\t\t<p class=\"elementor-icon-box-description\">\n\t\t\t\t\t\tDistrito de Coimbra\t\t\t\t\t<\/p>\n\t\t\t\t\n\t\t\t<\/div>\n\t\t\t\n\t\t<\/div>\n\t\t\t\t\t\t<\/div>\n\t\t\t\t<\/div>\n\t\t\t\t<div class=\"elementor-element elementor-element-d1d2a2d elementor-widget elementor-widget-icon-box\" data-id=\"d1d2a2d\" data-element_type=\"widget\" data-widget_type=\"icon-box.default\">\n\t\t\t\t<div class=\"elementor-widget-container\">\n\t\t\t\t\t\t\t<div class=\"elementor-icon-box-wrapper\">\n\n\t\t\t\n\t\t\t\t\t\t<div class=\"elementor-icon-box-content\">\n\n\t\t\t\t\t\t\t\t\t<h6 class=\"elementor-icon-box-title\">\n\t\t\t\t\t\t<span  >\n\t\t\t\t\t\t\tMorada:\t\t\t\t\t\t<\/span>\n\t\t\t\t\t<\/h6>\n\t\t\t\t\n\t\t\t\t\t\t\t\t\t<p class=\"elementor-icon-box-description\">\n\t\t\t\t\t\tRua Jo\u00e3o de Ru\u00e3o, n.\u00ba 12 - Edificio Arnado - Piso 5\n<br> 3000-229 Coimbra\t\t\t\t\t<\/p>\n\t\t\t\t\n\t\t\t<\/div>\n\t\t\t\n\t\t<\/div>\n\t\t\t\t\t\t<\/div>\n\t\t\t\t<\/div>\n\t\t\t\t<div class=\"elementor-element elementor-element-732bcc9 elementor-widget elementor-widget-icon-box\" data-id=\"732bcc9\" data-element_type=\"widget\" data-widget_type=\"icon-box.default\">\n\t\t\t\t<div class=\"elementor-widget-container\">\n\t\t\t\t\t\t\t<div class=\"elementor-icon-box-wrapper\">\n\n\t\t\t\n\t\t\t\t\t\t<div class=\"elementor-icon-box-content\">\n\n\t\t\t\t\t\t\t\t\t<h6 class=\"elementor-icon-box-title\">\n\t\t\t\t\t\t<span  >\n\t\t\t\t\t\t\tContactos:\t\t\t\t\t\t<\/span>\n\t\t\t\t\t<\/h6>\n\t\t\t\t\n\t\t\t\t\t\t\t\t\t<p class=\"elementor-icon-box-description\">\n\t\t\t\t\t\t<b>Telefone:<\/b> 239 854 970\n<br>\n<b>Fax:<\/b> 239 096 679\n<br>\n<b>Email:<\/b> coimbra.centralcivel@tribunais.org.pt\t\t\t\t\t<\/p>\n\t\t\t\t\n\t\t\t<\/div>\n\t\t\t\n\t\t<\/div>\n\t\t\t\t\t\t<\/div>\n\t\t\t\t<\/div>\n\t\t\t\t<\/div>\n\t\t<div class=\"elementor-element elementor-element-1d0e5d6 e-con-full e-flex e-con e-child\" data-id=\"1d0e5d6\" data-element_type=\"container\">\n\t\t\t\t<div class=\"elementor-element elementor-element-3fc6d13 elementor-widget elementor-widget-google_maps\" data-id=\"3fc6d13\" data-element_type=\"widget\" data-widget_type=\"google_maps.default\">\n\t\t\t\t<div class=\"elementor-widget-container\">\n\t\t\t\t\t\t\t<div class=\"elementor-custom-embed\">\n\t\t\t<iframe loading=\"lazy\"\n\t\t\t\t\tsrc=\"https:\/\/www.google.com\/maps\/embed\/v1\/place?key=AIzaSyDhSoLeftGxfg7Tvco7SEUCY-Cc_XLDY3c&#038;q=Rua%20Jo%C3%A3o%20de%20Ru%C3%A3o%2C%20n.%C2%BA%2012%20-%20Edificio%20Arnado%20-%20Piso%205%20-%203000-229%20Coimbra&#038;zoom=15\"\n\t\t\t\t\ttitle=\"Rua Jo\u00e3o de Ru\u00e3o, n.\u00ba 12 - Edificio Arnado - Piso 5 - 3000-229 Coimbra\"\n\t\t\t\t\taria-label=\"Rua Jo\u00e3o de Ru\u00e3o, n.\u00ba 12 - Edificio Arnado - Piso 5 - 3000-229 Coimbra\"\n\t\t\t><\/iframe>\n\t\t<\/div>\n\t\t\t\t\t\t<\/div>\n\t\t\t\t<\/div>\n\t\t\t\t<\/div>\n\t\t\t\t\t<\/div>\n\t\t\t\t<\/div>\n\t\t<div class=\"elementor-element elementor-element-8e7b53d e-flex e-con-boxed e-con e-parent\" data-id=\"8e7b53d\" data-element_type=\"container\">\n\t\t\t\t\t<div class=\"e-con-inner\">\n\t\t\t\t<div class=\"elementor-element elementor-element-a498782 elementor-widget elementor-widget-spacer\" data-id=\"a498782\" data-element_type=\"widget\" data-widget_type=\"spacer.default\">\n\t\t\t\t<div class=\"elementor-widget-container\">\n\t\t\t\t\t\t\t<div class=\"elementor-spacer\">\n\t\t\t<div class=\"elementor-spacer-inner\"><\/div>\n\t\t<\/div>\n\t\t\t\t\t\t<\/div>\n\t\t\t\t<\/div>\n\t\t\t\t\t<\/div>\n\t\t\t\t<\/div>\n\t\t<div class=\"elementor-element elementor-element-68bd15a e-flex e-con-boxed e-con e-parent\" data-id=\"68bd15a\" data-element_type=\"container\">\n\t\t\t\t\t<div class=\"e-con-inner\">\n\t\t<div class=\"elementor-element elementor-element-3a185af e-con-full e-flex e-con e-child\" data-id=\"3a185af\" data-element_type=\"container\">\n\t\t\t\t<div class=\"elementor-element elementor-element-6d09287 elementor-widget elementor-widget-heading\" data-id=\"6d09287\" data-element_type=\"widget\" data-widget_type=\"heading.default\">\n\t\t\t\t<div class=\"elementor-widget-container\">\n\t\t\t\t\t<h4 class=\"elementor-heading-title elementor-size-default\">Ju\u00edzo Central Criminal de Coimbra - J1, J2, J3 e J4<\/h4>\t\t\t\t<\/div>\n\t\t\t\t<\/div>\n\t\t\t\t<\/div>\n\t\t<div class=\"elementor-element elementor-element-a1fda1e e-con-full e-flex e-con e-child\" data-id=\"a1fda1e\" data-element_type=\"container\">\n\t\t\t\t<div class=\"elementor-element elementor-element-65ce1d5 elementor-widget elementor-widget-icon-box\" data-id=\"65ce1d5\" data-element_type=\"widget\" data-widget_type=\"icon-box.default\">\n\t\t\t\t<div class=\"elementor-widget-container\">\n\t\t\t\t\t\t\t<div class=\"elementor-icon-box-wrapper\">\n\n\t\t\t\n\t\t\t\t\t\t<div class=\"elementor-icon-box-content\">\n\n\t\t\t\t\t\t\t\t\t<h6 class=\"elementor-icon-box-title\">\n\t\t\t\t\t\t<span  >\n\t\t\t\t\t\t\tCompet\u00eancia Territorial:\t\t\t\t\t\t<\/span>\n\t\t\t\t\t<\/h6>\n\t\t\t\t\n\t\t\t\t\t\t\t\t\t<p class=\"elementor-icon-box-description\">\n\t\t\t\t\t\tDistrito de Coimbra\t\t\t\t\t<\/p>\n\t\t\t\t\n\t\t\t<\/div>\n\t\t\t\n\t\t<\/div>\n\t\t\t\t\t\t<\/div>\n\t\t\t\t<\/div>\n\t\t\t\t<div class=\"elementor-element elementor-element-9b9e38b elementor-widget elementor-widget-icon-box\" data-id=\"9b9e38b\" data-element_type=\"widget\" data-widget_type=\"icon-box.default\">\n\t\t\t\t<div class=\"elementor-widget-container\">\n\t\t\t\t\t\t\t<div class=\"elementor-icon-box-wrapper\">\n\n\t\t\t\n\t\t\t\t\t\t<div class=\"elementor-icon-box-content\">\n\n\t\t\t\t\t\t\t\t\t<h6 class=\"elementor-icon-box-title\">\n\t\t\t\t\t\t<span  >\n\t\t\t\t\t\t\tMorada:\t\t\t\t\t\t<\/span>\n\t\t\t\t\t<\/h6>\n\t\t\t\t\n\t\t\t\t\t\t\t\t\t<p class=\"elementor-icon-box-description\">\n\t\t\t\t\t\tPal\u00e1cio da Justi\u00e7a - Rua da Sofia\n<br> 3004-502 Coimbra\t\t\t\t\t<\/p>\n\t\t\t\t\n\t\t\t<\/div>\n\t\t\t\n\t\t<\/div>\n\t\t\t\t\t\t<\/div>\n\t\t\t\t<\/div>\n\t\t\t\t<div class=\"elementor-element elementor-element-3186f19 elementor-widget elementor-widget-icon-box\" data-id=\"3186f19\" data-element_type=\"widget\" data-widget_type=\"icon-box.default\">\n\t\t\t\t<div class=\"elementor-widget-container\">\n\t\t\t\t\t\t\t<div class=\"elementor-icon-box-wrapper\">\n\n\t\t\t\n\t\t\t\t\t\t<div class=\"elementor-icon-box-content\">\n\n\t\t\t\t\t\t\t\t\t<h6 class=\"elementor-icon-box-title\">\n\t\t\t\t\t\t<span  >\n\t\t\t\t\t\t\tContactos:\t\t\t\t\t\t<\/span>\n\t\t\t\t\t<\/h6>\n\t\t\t\t\n\t\t\t\t\t\t\t\t\t<p class=\"elementor-icon-box-description\">\n\t\t\t\t\t\t<b>Telefone:<\/b> 239 096 580\n<br>\n<b>Fax:<\/b> 239 096 659\n<br>\n<b>Email:<\/b> coimbra.centralcriminal@tribunais.org.pt\t\t\t\t\t<\/p>\n\t\t\t\t\n\t\t\t<\/div>\n\t\t\t\n\t\t<\/div>\n\t\t\t\t\t\t<\/div>\n\t\t\t\t<\/div>\n\t\t\t\t<\/div>\n\t\t<div class=\"elementor-element elementor-element-06b9475 e-con-full e-flex e-con e-child\" data-id=\"06b9475\" data-element_type=\"container\">\n\t\t\t\t<div class=\"elementor-element elementor-element-fecaa39 elementor-widget elementor-widget-google_maps\" data-id=\"fecaa39\" data-element_type=\"widget\" data-widget_type=\"google_maps.default\">\n\t\t\t\t<div class=\"elementor-widget-container\">\n\t\t\t\t\t\t\t<div class=\"elementor-custom-embed\">\n\t\t\t<iframe loading=\"lazy\"\n\t\t\t\t\tsrc=\"https:\/\/www.google.com\/maps\/embed\/v1\/place?key=AIzaSyDhSoLeftGxfg7Tvco7SEUCY-Cc_XLDY3c&#038;q=Pal%C3%A1cio%20da%20Justi%C3%A7a%20-%20Rua%20da%20Sofia%20-%203004-502%20Coimbra&#038;zoom=15\"\n\t\t\t\t\ttitle=\"Pal\u00e1cio da Justi\u00e7a - Rua da Sofia - 3004-502 Coimbra\"\n\t\t\t\t\taria-label=\"Pal\u00e1cio da Justi\u00e7a - Rua da Sofia - 3004-502 Coimbra\"\n\t\t\t><\/iframe>\n\t\t<\/div>\n\t\t\t\t\t\t<\/div>\n\t\t\t\t<\/div>\n\t\t\t\t<\/div>\n\t\t\t\t\t<\/div>\n\t\t\t\t<\/div>\n\t\t<div class=\"elementor-element elementor-element-84c2d58 e-flex e-con-boxed e-con e-parent\" data-id=\"84c2d58\" data-element_type=\"container\">\n\t\t\t\t\t<div class=\"e-con-inner\">\n\t\t\t\t<div class=\"elementor-element elementor-element-32f36c2 elementor-widget elementor-widget-spacer\" data-id=\"32f36c2\" data-element_type=\"widget\" data-widget_type=\"spacer.default\">\n\t\t\t\t<div class=\"elementor-widget-container\">\n\t\t\t\t\t\t\t<div class=\"elementor-spacer\">\n\t\t\t<div class=\"elementor-spacer-inner\"><\/div>\n\t\t<\/div>\n\t\t\t\t\t\t<\/div>\n\t\t\t\t<\/div>\n\t\t\t\t\t<\/div>\n\t\t\t\t<\/div>\n\t\t<div class=\"elementor-element elementor-element-595dae5 e-flex e-con-boxed e-con e-parent\" data-id=\"595dae5\" data-element_type=\"container\">\n\t\t\t\t\t<div class=\"e-con-inner\">\n\t\t<div class=\"elementor-element elementor-element-38f8e8e e-con-full e-flex e-con e-child\" data-id=\"38f8e8e\" data-element_type=\"container\">\n\t\t\t\t<div class=\"elementor-element elementor-element-4a4d9a5 elementor-widget elementor-widget-heading\" data-id=\"4a4d9a5\" data-element_type=\"widget\" data-widget_type=\"heading.default\">\n\t\t\t\t<div class=\"elementor-widget-container\">\n\t\t\t\t\t<h4 class=\"elementor-heading-title elementor-size-default\">Ju\u00edzo de Fam\u00edlia e Menores de Coimbra - J1, J2 e J3<\/h4>\t\t\t\t<\/div>\n\t\t\t\t<\/div>\n\t\t\t\t<\/div>\n\t\t<div class=\"elementor-element elementor-element-0affe2f e-con-full e-flex e-con e-child\" data-id=\"0affe2f\" data-element_type=\"container\">\n\t\t\t\t<div class=\"elementor-element elementor-element-17a01ea elementor-widget elementor-widget-icon-box\" data-id=\"17a01ea\" data-element_type=\"widget\" data-widget_type=\"icon-box.default\">\n\t\t\t\t<div class=\"elementor-widget-container\">\n\t\t\t\t\t\t\t<div class=\"elementor-icon-box-wrapper\">\n\n\t\t\t\n\t\t\t\t\t\t<div class=\"elementor-icon-box-content\">\n\n\t\t\t\t\t\t\t\t\t<h6 class=\"elementor-icon-box-title\">\n\t\t\t\t\t\t<span  >\n\t\t\t\t\t\t\tCompet\u00eancia Territorial:\t\t\t\t\t\t<\/span>\n\t\t\t\t\t<\/h6>\n\t\t\t\t\n\t\t\t\t\t\t\t\t\t<p class=\"elementor-icon-box-description\">\n\t\t\t\t\t\tMunic\u00edpios de Arganil, Coimbra, Condeixa-a-Nova, G\u00f3is, Lous\u00e3, Miranda do Corvo, Oliveira do Hospital, Pampilhosa da Serra, Penacova, Penela, Soure, T\u00e1bua e Vila Nova de Poiares\t\t\t\t\t<\/p>\n\t\t\t\t\n\t\t\t<\/div>\n\t\t\t\n\t\t<\/div>\n\t\t\t\t\t\t<\/div>\n\t\t\t\t<\/div>\n\t\t\t\t<div class=\"elementor-element elementor-element-b519635 elementor-widget elementor-widget-icon-box\" data-id=\"b519635\" data-element_type=\"widget\" data-widget_type=\"icon-box.default\">\n\t\t\t\t<div class=\"elementor-widget-container\">\n\t\t\t\t\t\t\t<div class=\"elementor-icon-box-wrapper\">\n\n\t\t\t\n\t\t\t\t\t\t<div class=\"elementor-icon-box-content\">\n\n\t\t\t\t\t\t\t\t\t<h6 class=\"elementor-icon-box-title\">\n\t\t\t\t\t\t<span  >\n\t\t\t\t\t\t\tMorada:\t\t\t\t\t\t<\/span>\n\t\t\t\t\t<\/h6>\n\t\t\t\t\n\t\t\t\t\t\t\t\t\t<p class=\"elementor-icon-box-description\">\n\t\t\t\t\t\tAv. Fern\u00e3o de Magalh\u00e3es, n.\u00ba 519 - Piso 1\n <br> 3004-508 Coimbra\t\t\t\t\t<\/p>\n\t\t\t\t\n\t\t\t<\/div>\n\t\t\t\n\t\t<\/div>\n\t\t\t\t\t\t<\/div>\n\t\t\t\t<\/div>\n\t\t\t\t<div class=\"elementor-element elementor-element-c45434c elementor-widget elementor-widget-icon-box\" data-id=\"c45434c\" data-element_type=\"widget\" data-widget_type=\"icon-box.default\">\n\t\t\t\t<div class=\"elementor-widget-container\">\n\t\t\t\t\t\t\t<div class=\"elementor-icon-box-wrapper\">\n\n\t\t\t\n\t\t\t\t\t\t<div class=\"elementor-icon-box-content\">\n\n\t\t\t\t\t\t\t\t\t<h6 class=\"elementor-icon-box-title\">\n\t\t\t\t\t\t<span  >\n\t\t\t\t\t\t\tContactos:\t\t\t\t\t\t<\/span>\n\t\t\t\t\t<\/h6>\n\t\t\t\t\n\t\t\t\t\t\t\t\t\t<p class=\"elementor-icon-box-description\">\n\t\t\t\t\t\t<b>Telefone:<\/b> 239 853 870\n<br>\n<b>Fax:<\/b> 239 096 659\n<br>\n<b>Email:<\/b> coimbra.familia@tribunais.org.pt\t\t\t\t\t<\/p>\n\t\t\t\t\n\t\t\t<\/div>\n\t\t\t\n\t\t<\/div>\n\t\t\t\t\t\t<\/div>\n\t\t\t\t<\/div>\n\t\t\t\t<\/div>\n\t\t<div class=\"elementor-element elementor-element-151e62c e-con-full e-flex e-con e-child\" data-id=\"151e62c\" data-element_type=\"container\">\n\t\t\t\t<div class=\"elementor-element elementor-element-cbb60e3 elementor-widget elementor-widget-google_maps\" data-id=\"cbb60e3\" data-element_type=\"widget\" data-widget_type=\"google_maps.default\">\n\t\t\t\t<div class=\"elementor-widget-container\">\n\t\t\t\t\t\t\t<div class=\"elementor-custom-embed\">\n\t\t\t<iframe loading=\"lazy\"\n\t\t\t\t\tsrc=\"https:\/\/www.google.com\/maps\/embed\/v1\/place?key=AIzaSyDhSoLeftGxfg7Tvco7SEUCY-Cc_XLDY3c&#038;q=Av.%20Fern%C3%A3o%20de%20Magalh%C3%A3es%2C%20n.%C2%BA%20519%20-%20Piso%201%20-%203004-508%20Coimbra&#038;zoom=15\"\n\t\t\t\t\ttitle=\"Av. Fern\u00e3o de Magalh\u00e3es, n.\u00ba 519 - Piso 1 - 3004-508 Coimbra\"\n\t\t\t\t\taria-label=\"Av. Fern\u00e3o de Magalh\u00e3es, n.\u00ba 519 - Piso 1 - 3004-508 Coimbra\"\n\t\t\t><\/iframe>\n\t\t<\/div>\n\t\t\t\t\t\t<\/div>\n\t\t\t\t<\/div>\n\t\t\t\t<\/div>\n\t\t\t\t\t<\/div>\n\t\t\t\t<\/div>\n\t\t<div class=\"elementor-element elementor-element-df18abd e-flex e-con-boxed e-con e-parent\" data-id=\"df18abd\" data-element_type=\"container\">\n\t\t\t\t\t<div class=\"e-con-inner\">\n\t\t<div class=\"elementor-element elementor-element-6fe717f e-con-full e-flex e-con e-child\" data-id=\"6fe717f\" data-element_type=\"container\">\n\t\t\t\t<div class=\"elementor-element elementor-element-5b62a7d elementor-widget elementor-widget-heading\" data-id=\"5b62a7d\" data-element_type=\"widget\" data-widget_type=\"heading.default\">\n\t\t\t\t<div class=\"elementor-widget-container\">\n\t\t\t\t\t<h4 class=\"elementor-heading-title elementor-size-default\">Ju\u00edzo de Instru\u00e7\u00e3o Criminal de Coimbra - J1, J2 e J3<\/h4>\t\t\t\t<\/div>\n\t\t\t\t<\/div>\n\t\t\t\t<\/div>\n\t\t<div class=\"elementor-element elementor-element-fa50ab9 e-con-full e-flex e-con e-child\" data-id=\"fa50ab9\" data-element_type=\"container\">\n\t\t\t\t<div class=\"elementor-element elementor-element-f549b0a elementor-widget elementor-widget-icon-box\" data-id=\"f549b0a\" data-element_type=\"widget\" data-widget_type=\"icon-box.default\">\n\t\t\t\t<div class=\"elementor-widget-container\">\n\t\t\t\t\t\t\t<div class=\"elementor-icon-box-wrapper\">\n\n\t\t\t\n\t\t\t\t\t\t<div class=\"elementor-icon-box-content\">\n\n\t\t\t\t\t\t\t\t\t<h6 class=\"elementor-icon-box-title\">\n\t\t\t\t\t\t<span  >\n\t\t\t\t\t\t\tCompet\u00eancia Territorial:\t\t\t\t\t\t<\/span>\n\t\t\t\t\t<\/h6>\n\t\t\t\t\n\t\t\t\t\t\t\t\t\t<p class=\"elementor-icon-box-description\">\n\t\t\t\t\t\tDistrito de Coimbra\t\t\t\t\t<\/p>\n\t\t\t\t\n\t\t\t<\/div>\n\t\t\t\n\t\t<\/div>\n\t\t\t\t\t\t<\/div>\n\t\t\t\t<\/div>\n\t\t\t\t<div class=\"elementor-element elementor-element-0127261 elementor-widget elementor-widget-icon-box\" data-id=\"0127261\" data-element_type=\"widget\" data-widget_type=\"icon-box.default\">\n\t\t\t\t<div class=\"elementor-widget-container\">\n\t\t\t\t\t\t\t<div class=\"elementor-icon-box-wrapper\">\n\n\t\t\t\n\t\t\t\t\t\t<div class=\"elementor-icon-box-content\">\n\n\t\t\t\t\t\t\t\t\t<h6 class=\"elementor-icon-box-title\">\n\t\t\t\t\t\t<span  >\n\t\t\t\t\t\t\tMorada:\t\t\t\t\t\t<\/span>\n\t\t\t\t\t<\/h6>\n\t\t\t\t\n\t\t\t\t\t\t\t\t\t<p class=\"elementor-icon-box-description\">\n\t\t\t\t\t\tPal\u00e1cio da Justi\u00e7a - Rua da Sofia\n<br> 3004-502 Coimbra\t\t\t\t\t<\/p>\n\t\t\t\t\n\t\t\t<\/div>\n\t\t\t\n\t\t<\/div>\n\t\t\t\t\t\t<\/div>\n\t\t\t\t<\/div>\n\t\t\t\t<div class=\"elementor-element elementor-element-cc67fe7 elementor-widget elementor-widget-icon-box\" data-id=\"cc67fe7\" data-element_type=\"widget\" data-widget_type=\"icon-box.default\">\n\t\t\t\t<div class=\"elementor-widget-container\">\n\t\t\t\t\t\t\t<div class=\"elementor-icon-box-wrapper\">\n\n\t\t\t\n\t\t\t\t\t\t<div class=\"elementor-icon-box-content\">\n\n\t\t\t\t\t\t\t\t\t<h6 class=\"elementor-icon-box-title\">\n\t\t\t\t\t\t<span  >\n\t\t\t\t\t\t\tContactos:\t\t\t\t\t\t<\/span>\n\t\t\t\t\t<\/h6>\n\t\t\t\t\n\t\t\t\t\t\t\t\t\t<p class=\"elementor-icon-box-description\">\n\t\t\t\t\t\t<b>Telefone:<\/b> 239 096 560\n<br>\n<b>Fax:<\/b> 239 096 579\n<br>\n<b>Email:<\/b> coimbra.instrucaocriminal@tribunais.org.pt\t\t\t\t\t<\/p>\n\t\t\t\t\n\t\t\t<\/div>\n\t\t\t\n\t\t<\/div>\n\t\t\t\t\t\t<\/div>\n\t\t\t\t<\/div>\n\t\t\t\t<\/div>\n\t\t<div class=\"elementor-element elementor-element-8562169 e-con-full e-flex e-con e-child\" data-id=\"8562169\" data-element_type=\"container\">\n\t\t\t\t<div class=\"elementor-element elementor-element-32aaa4f elementor-widget elementor-widget-google_maps\" data-id=\"32aaa4f\" data-element_type=\"widget\" data-widget_type=\"google_maps.default\">\n\t\t\t\t<div class=\"elementor-widget-container\">\n\t\t\t\t\t\t\t<div class=\"elementor-custom-embed\">\n\t\t\t<iframe loading=\"lazy\"\n\t\t\t\t\tsrc=\"https:\/\/www.google.com\/maps\/embed\/v1\/place?key=AIzaSyDhSoLeftGxfg7Tvco7SEUCY-Cc_XLDY3c&#038;q=Pal%C3%A1cio%20da%20Justi%C3%A7a%20-%20Rua%20da%20Sofia%20-%203004-502%20Coimbra&#038;zoom=15\"\n\t\t\t\t\ttitle=\"Pal\u00e1cio da Justi\u00e7a - Rua da Sofia - 3004-502 Coimbra\"\n\t\t\t\t\taria-label=\"Pal\u00e1cio da Justi\u00e7a - Rua da Sofia - 3004-502 Coimbra\"\n\t\t\t><\/iframe>\n\t\t<\/div>\n\t\t\t\t\t\t<\/div>\n\t\t\t\t<\/div>\n\t\t\t\t<\/div>\n\t\t\t\t\t<\/div>\n\t\t\t\t<\/div>\n\t\t<div class=\"elementor-element elementor-element-30016f5 e-flex e-con-boxed e-con e-parent\" data-id=\"30016f5\" data-element_type=\"container\">\n\t\t\t\t\t<div class=\"e-con-inner\">\n\t\t<div class=\"elementor-element elementor-element-483567a e-con-full e-flex e-con e-child\" data-id=\"483567a\" data-element_type=\"container\">\n\t\t\t\t<div class=\"elementor-element elementor-element-c9d4656 elementor-widget elementor-widget-heading\" data-id=\"c9d4656\" data-element_type=\"widget\" data-widget_type=\"heading.default\">\n\t\t\t\t<div class=\"elementor-widget-container\">\n\t\t\t\t\t<h4 class=\"elementor-heading-title elementor-size-default\">Ju\u00edzo do Trabalho de Coimbra - J1 e J2<\/h4>\t\t\t\t<\/div>\n\t\t\t\t<\/div>\n\t\t\t\t<\/div>\n\t\t<div class=\"elementor-element elementor-element-548e85a e-con-full e-flex e-con e-child\" data-id=\"548e85a\" data-element_type=\"container\">\n\t\t\t\t<div class=\"elementor-element elementor-element-ca9eb4a elementor-widget elementor-widget-icon-box\" data-id=\"ca9eb4a\" data-element_type=\"widget\" data-widget_type=\"icon-box.default\">\n\t\t\t\t<div class=\"elementor-widget-container\">\n\t\t\t\t\t\t\t<div class=\"elementor-icon-box-wrapper\">\n\n\t\t\t\n\t\t\t\t\t\t<div class=\"elementor-icon-box-content\">\n\n\t\t\t\t\t\t\t\t\t<h6 class=\"elementor-icon-box-title\">\n\t\t\t\t\t\t<span  >\n\t\t\t\t\t\t\tCompet\u00eancia Territorial:\t\t\t\t\t\t<\/span>\n\t\t\t\t\t<\/h6>\n\t\t\t\t\n\t\t\t\t\t\t\t\t\t<p class=\"elementor-icon-box-description\">\n\t\t\t\t\t\t   Munic\u00edpios de Arganil, Coimbra, Condeixa-a-Nova, G\u00f3is, Lous\u00e3, Miranda do Corvo, Oliveira do Hospital, Pampilhosa da Serra, Penacova, Penela, Soure, T\u00e1bua e Vila Nova de Poiares\t\t\t\t\t<\/p>\n\t\t\t\t\n\t\t\t<\/div>\n\t\t\t\n\t\t<\/div>\n\t\t\t\t\t\t<\/div>\n\t\t\t\t<\/div>\n\t\t\t\t<div class=\"elementor-element elementor-element-8a413a2 elementor-widget elementor-widget-icon-box\" data-id=\"8a413a2\" data-element_type=\"widget\" data-widget_type=\"icon-box.default\">\n\t\t\t\t<div class=\"elementor-widget-container\">\n\t\t\t\t\t\t\t<div class=\"elementor-icon-box-wrapper\">\n\n\t\t\t\n\t\t\t\t\t\t<div class=\"elementor-icon-box-content\">\n\n\t\t\t\t\t\t\t\t\t<h6 class=\"elementor-icon-box-title\">\n\t\t\t\t\t\t<span  >\n\t\t\t\t\t\t\tMorada:\t\t\t\t\t\t<\/span>\n\t\t\t\t\t<\/h6>\n\t\t\t\t\n\t\t\t\t\t\t\t\t\t<p class=\"elementor-icon-box-description\">\n\t\t\t\t\t\tRua Jo\u00e3o de Ru\u00e3o, n.\u00ba 12 - Edif\u00edcio Arnado - Piso 5\n<br> 3000-229 Coimbra\t\t\t\t\t<\/p>\n\t\t\t\t\n\t\t\t<\/div>\n\t\t\t\n\t\t<\/div>\n\t\t\t\t\t\t<\/div>\n\t\t\t\t<\/div>\n\t\t\t\t<div class=\"elementor-element elementor-element-ae16a5d elementor-widget elementor-widget-icon-box\" data-id=\"ae16a5d\" data-element_type=\"widget\" data-widget_type=\"icon-box.default\">\n\t\t\t\t<div class=\"elementor-widget-container\">\n\t\t\t\t\t\t\t<div class=\"elementor-icon-box-wrapper\">\n\n\t\t\t\n\t\t\t\t\t\t<div class=\"elementor-icon-box-content\">\n\n\t\t\t\t\t\t\t\t\t<h6 class=\"elementor-icon-box-title\">\n\t\t\t\t\t\t<span  >\n\t\t\t\t\t\t\tContactos:\t\t\t\t\t\t<\/span>\n\t\t\t\t\t<\/h6>\n\t\t\t\t\n\t\t\t\t\t\t\t\t\t<p class=\"elementor-icon-box-description\">\n\t\t\t\t\t\t<b>Telefone:<\/b> 239 487 430\n<br>\n<b>Fax:<\/b>  239 487 449\n<br>\n<b>Email:<\/b> coimbra.trabalho@tribunais.org.pt\t\t\t\t\t<\/p>\n\t\t\t\t\n\t\t\t<\/div>\n\t\t\t\n\t\t<\/div>\n\t\t\t\t\t\t<\/div>\n\t\t\t\t<\/div>\n\t\t\t\t<\/div>\n\t\t<div class=\"elementor-element elementor-element-ad07eb1 e-con-full e-flex e-con e-child\" data-id=\"ad07eb1\" data-element_type=\"container\">\n\t\t\t\t<div class=\"elementor-element elementor-element-66d584c elementor-widget elementor-widget-google_maps\" data-id=\"66d584c\" data-element_type=\"widget\" data-widget_type=\"google_maps.default\">\n\t\t\t\t<div class=\"elementor-widget-container\">\n\t\t\t\t\t\t\t<div class=\"elementor-custom-embed\">\n\t\t\t<iframe loading=\"lazy\"\n\t\t\t\t\tsrc=\"https:\/\/www.google.com\/maps\/embed\/v1\/place?key=AIzaSyDhSoLeftGxfg7Tvco7SEUCY-Cc_XLDY3c&#038;q=Rua%20Jo%C3%A3o%20de%20Ru%C3%A3o%2C%20n.%C2%BA%2012%20-%20Edif%C3%ADcio%20Arnado%20-%20Piso%205%2C%20-%203000-229%20Coimbra&#038;zoom=15\"\n\t\t\t\t\ttitle=\"Rua Jo\u00e3o de Ru\u00e3o, n.\u00ba 12 - Edif\u00edcio Arnado - Piso 5, - 3000-229 Coimbra\"\n\t\t\t\t\taria-label=\"Rua Jo\u00e3o de Ru\u00e3o, n.\u00ba 12 - Edif\u00edcio Arnado - Piso 5, - 3000-229 Coimbra\"\n\t\t\t><\/iframe>\n\t\t<\/div>\n\t\t\t\t\t\t<\/div>\n\t\t\t\t<\/div>\n\t\t\t\t<\/div>\n\t\t\t\t\t<\/div>\n\t\t\t\t<\/div>\n\t\t<div class=\"elementor-element elementor-element-3d93f8b e-flex e-con-boxed e-con e-parent\" data-id=\"3d93f8b\" data-element_type=\"container\">\n\t\t\t\t\t<div class=\"e-con-inner\">\n\t\t<div class=\"elementor-element elementor-element-6031a0b e-con-full e-flex e-con e-child\" data-id=\"6031a0b\" data-element_type=\"container\">\n\t\t\t\t<div class=\"elementor-element elementor-element-450efa3 elementor-widget elementor-widget-heading\" data-id=\"450efa3\" data-element_type=\"widget\" data-widget_type=\"heading.default\">\n\t\t\t\t<div class=\"elementor-widget-container\">\n\t\t\t\t\t<h4 class=\"elementor-heading-title elementor-size-default\">Ju\u00edzo Local C\u00edvel de Coimbra - J1, J2 e J3<\/h4>\t\t\t\t<\/div>\n\t\t\t\t<\/div>\n\t\t\t\t<\/div>\n\t\t<div class=\"elementor-element elementor-element-cfbc01d e-con-full e-flex e-con e-child\" data-id=\"cfbc01d\" data-element_type=\"container\">\n\t\t\t\t<div class=\"elementor-element elementor-element-9f85182 elementor-widget elementor-widget-icon-box\" data-id=\"9f85182\" data-element_type=\"widget\" data-widget_type=\"icon-box.default\">\n\t\t\t\t<div class=\"elementor-widget-container\">\n\t\t\t\t\t\t\t<div class=\"elementor-icon-box-wrapper\">\n\n\t\t\t\n\t\t\t\t\t\t<div class=\"elementor-icon-box-content\">\n\n\t\t\t\t\t\t\t\t\t<h6 class=\"elementor-icon-box-title\">\n\t\t\t\t\t\t<span  >\n\t\t\t\t\t\t\tCompet\u00eancia Territorial:\t\t\t\t\t\t<\/span>\n\t\t\t\t\t<\/h6>\n\t\t\t\t\n\t\t\t\t\t\t\t\t\t<p class=\"elementor-icon-box-description\">\n\t\t\t\t\t\tMunic\u00edpio de Coimbra\t\t\t\t\t<\/p>\n\t\t\t\t\n\t\t\t<\/div>\n\t\t\t\n\t\t<\/div>\n\t\t\t\t\t\t<\/div>\n\t\t\t\t<\/div>\n\t\t\t\t<div class=\"elementor-element elementor-element-08e24cb elementor-widget elementor-widget-icon-box\" data-id=\"08e24cb\" data-element_type=\"widget\" data-widget_type=\"icon-box.default\">\n\t\t\t\t<div class=\"elementor-widget-container\">\n\t\t\t\t\t\t\t<div class=\"elementor-icon-box-wrapper\">\n\n\t\t\t\n\t\t\t\t\t\t<div class=\"elementor-icon-box-content\">\n\n\t\t\t\t\t\t\t\t\t<h6 class=\"elementor-icon-box-title\">\n\t\t\t\t\t\t<span  >\n\t\t\t\t\t\t\tMorada:\t\t\t\t\t\t<\/span>\n\t\t\t\t\t<\/h6>\n\t\t\t\t\n\t\t\t\t\t\t\t\t\t<p class=\"elementor-icon-box-description\">\n\t\t\t\t\t\tRua Jo\u00e3o de Ru\u00e3o, n.\u00ba 12 - Edificio Arnado, Piso 4 \n<br> 3000-229 Coimbra\t\t\t\t\t<\/p>\n\t\t\t\t\n\t\t\t<\/div>\n\t\t\t\n\t\t<\/div>\n\t\t\t\t\t\t<\/div>\n\t\t\t\t<\/div>\n\t\t\t\t<div class=\"elementor-element elementor-element-6c0e07f elementor-widget elementor-widget-icon-box\" data-id=\"6c0e07f\" data-element_type=\"widget\" data-widget_type=\"icon-box.default\">\n\t\t\t\t<div class=\"elementor-widget-container\">\n\t\t\t\t\t\t\t<div class=\"elementor-icon-box-wrapper\">\n\n\t\t\t\n\t\t\t\t\t\t<div class=\"elementor-icon-box-content\">\n\n\t\t\t\t\t\t\t\t\t<h6 class=\"elementor-icon-box-title\">\n\t\t\t\t\t\t<span  >\n\t\t\t\t\t\t\tContactos:\t\t\t\t\t\t<\/span>\n\t\t\t\t\t<\/h6>\n\t\t\t\t\n\t\t\t\t\t\t\t\t\t<p class=\"elementor-icon-box-description\">\n\t\t\t\t\t\t<b>Telefone:<\/b> 239 854 970\n<br>\n<b>Fax:<\/b> 239 096 679\n<br>\n<b>Email:<\/b> coimbra.centralcivel@tribunais.org.pt\t\t\t\t\t<\/p>\n\t\t\t\t\n\t\t\t<\/div>\n\t\t\t\n\t\t<\/div>\n\t\t\t\t\t\t<\/div>\n\t\t\t\t<\/div>\n\t\t\t\t<\/div>\n\t\t<div class=\"elementor-element elementor-element-115a56e e-con-full e-flex e-con e-child\" data-id=\"115a56e\" data-element_type=\"container\">\n\t\t\t\t<div class=\"elementor-element elementor-element-3f2cfe8 elementor-widget elementor-widget-google_maps\" data-id=\"3f2cfe8\" data-element_type=\"widget\" data-widget_type=\"google_maps.default\">\n\t\t\t\t<div class=\"elementor-widget-container\">\n\t\t\t\t\t\t\t<div class=\"elementor-custom-embed\">\n\t\t\t<iframe loading=\"lazy\"\n\t\t\t\t\tsrc=\"https:\/\/www.google.com\/maps\/embed\/v1\/place?key=AIzaSyDhSoLeftGxfg7Tvco7SEUCY-Cc_XLDY3c&#038;q=Rua%20Jo%C3%A3o%20de%20Ru%C3%A3o%2C%20n.%C2%BA%2012%20-%20Edificio%20Arnado%2C%20Piso%204%20-%203000-229%20Coimbra&#038;zoom=15\"\n\t\t\t\t\ttitle=\"Rua Jo\u00e3o de Ru\u00e3o, n.\u00ba 12 - Edificio Arnado, Piso 4 - 3000-229 Coimbra\"\n\t\t\t\t\taria-label=\"Rua Jo\u00e3o de Ru\u00e3o, n.\u00ba 12 - Edificio Arnado, Piso 4 - 3000-229 Coimbra\"\n\t\t\t><\/iframe>\n\t\t<\/div>\n\t\t\t\t\t\t<\/div>\n\t\t\t\t<\/div>\n\t\t\t\t<\/div>\n\t\t<div class=\"elementor-element elementor-element-f2cde37 e-con-full e-flex e-con e-child\" data-id=\"f2cde37\" data-element_type=\"container\">\n\t\t<div class=\"elementor-element elementor-element-01d7c50 e-con-full e-flex e-con e-child\" data-id=\"01d7c50\" data-element_type=\"container\">\n\t\t\t\t<div class=\"elementor-element elementor-element-e650c62 elementor-widget elementor-widget-heading\" data-id=\"e650c62\" data-element_type=\"widget\" data-widget_type=\"heading.default\">\n\t\t\t\t<div class=\"elementor-widget-container\">\n\t\t\t\t\t<h4 class=\"elementor-heading-title elementor-size-default\">Ju\u00edzo Local Criminal de Coimbra - J1, J2 e J3<\/h4>\t\t\t\t<\/div>\n\t\t\t\t<\/div>\n\t\t\t\t<\/div>\n\t\t<div class=\"elementor-element elementor-element-1f7c2bf e-con-full e-flex e-con e-child\" data-id=\"1f7c2bf\" data-element_type=\"container\">\n\t\t\t\t<div class=\"elementor-element elementor-element-c2e1847 elementor-widget elementor-widget-icon-box\" data-id=\"c2e1847\" data-element_type=\"widget\" data-widget_type=\"icon-box.default\">\n\t\t\t\t<div class=\"elementor-widget-container\">\n\t\t\t\t\t\t\t<div class=\"elementor-icon-box-wrapper\">\n\n\t\t\t\n\t\t\t\t\t\t<div class=\"elementor-icon-box-content\">\n\n\t\t\t\t\t\t\t\t\t<h6 class=\"elementor-icon-box-title\">\n\t\t\t\t\t\t<span  >\n\t\t\t\t\t\t\tCompet\u00eancia Territorial:\t\t\t\t\t\t<\/span>\n\t\t\t\t\t<\/h6>\n\t\t\t\t\n\t\t\t\t\t\t\t\t\t<p class=\"elementor-icon-box-description\">\n\t\t\t\t\t\t   Munic\u00edpio de Coimbra\t\t\t\t\t<\/p>\n\t\t\t\t\n\t\t\t<\/div>\n\t\t\t\n\t\t<\/div>\n\t\t\t\t\t\t<\/div>\n\t\t\t\t<\/div>\n\t\t\t\t<div class=\"elementor-element elementor-element-2cf0a1e elementor-widget elementor-widget-icon-box\" data-id=\"2cf0a1e\" data-element_type=\"widget\" data-widget_type=\"icon-box.default\">\n\t\t\t\t<div class=\"elementor-widget-container\">\n\t\t\t\t\t\t\t<div class=\"elementor-icon-box-wrapper\">\n\n\t\t\t\n\t\t\t\t\t\t<div class=\"elementor-icon-box-content\">\n\n\t\t\t\t\t\t\t\t\t<h6 class=\"elementor-icon-box-title\">\n\t\t\t\t\t\t<span  >\n\t\t\t\t\t\t\tMorada:\t\t\t\t\t\t<\/span>\n\t\t\t\t\t<\/h6>\n\t\t\t\t\n\t\t\t\t\t\t\t\t\t<p class=\"elementor-icon-box-description\">\n\t\t\t\t\t\tPal\u00e1cio da Justi\u00e7a - Rua da Sofia \n<br> 3000-389 Coimbra\t\t\t\t\t<\/p>\n\t\t\t\t\n\t\t\t<\/div>\n\t\t\t\n\t\t<\/div>\n\t\t\t\t\t\t<\/div>\n\t\t\t\t<\/div>\n\t\t\t\t<div class=\"elementor-element elementor-element-b22756b elementor-widget elementor-widget-icon-box\" data-id=\"b22756b\" data-element_type=\"widget\" data-widget_type=\"icon-box.default\">\n\t\t\t\t<div class=\"elementor-widget-container\">\n\t\t\t\t\t\t\t<div class=\"elementor-icon-box-wrapper\">\n\n\t\t\t\n\t\t\t\t\t\t<div class=\"elementor-icon-box-content\">\n\n\t\t\t\t\t\t\t\t\t<h6 class=\"elementor-icon-box-title\">\n\t\t\t\t\t\t<span  >\n\t\t\t\t\t\t\tContactos:\t\t\t\t\t\t<\/span>\n\t\t\t\t\t<\/h6>\n\t\t\t\t\n\t\t\t\t\t\t\t\t\t<p class=\"elementor-icon-box-description\">\n\t\t\t\t\t\t<b>Telefone:<\/b> 239 096 580<br>\n<b>Fax:<\/b> 239 096 659\n<br>\n<b>Email:<\/b> coimbra.judicial@tribunais.org.pt\t\t\t\t\t<\/p>\n\t\t\t\t\n\t\t\t<\/div>\n\t\t\t\n\t\t<\/div>\n\t\t\t\t\t\t<\/div>\n\t\t\t\t<\/div>\n\t\t\t\t<\/div>\n\t\t<div class=\"elementor-element elementor-element-1de9310 e-con-full e-flex e-con e-child\" data-id=\"1de9310\" data-element_type=\"container\">\n\t\t\t\t<div class=\"elementor-element elementor-element-c46c8cd elementor-widget elementor-widget-google_maps\" data-id=\"c46c8cd\" data-element_type=\"widget\" data-widget_type=\"google_maps.default\">\n\t\t\t\t<div class=\"elementor-widget-container\">\n\t\t\t\t\t\t\t<div class=\"elementor-custom-embed\">\n\t\t\t<iframe loading=\"lazy\"\n\t\t\t\t\tsrc=\"https:\/\/www.google.com\/maps\/embed\/v1\/place?key=AIzaSyDhSoLeftGxfg7Tvco7SEUCY-Cc_XLDY3c&#038;q=%20Pal%C3%A1cio%20da%20Justi%C3%A7a%20-%20Rua%20da%20Sofia%20-%203000-389%20Coimbra&#038;zoom=15\"\n\t\t\t\t\ttitle=\" Pal\u00e1cio da Justi\u00e7a - Rua da Sofia - 3000-389 Coimbra\"\n\t\t\t\t\taria-label=\" Pal\u00e1cio da Justi\u00e7a - Rua da Sofia - 3000-389 Coimbra\"\n\t\t\t><\/iframe>\n\t\t<\/div>\n\t\t\t\t\t\t<\/div>\n\t\t\t\t<\/div>\n\t\t\t\t<\/div>\n\t\t\t\t<\/div>\n\t\t\t\t\t<\/div>\n\t\t\t\t<\/div>\n\t\t<div class=\"elementor-element elementor-element-0775f7b e-flex e-con-boxed e-con e-parent\" data-id=\"0775f7b\" data-element_type=\"container\">\n\t\t\t\t\t<div class=\"e-con-inner\">\n\t\t\t\t<div class=\"elementor-element elementor-element-975605a elementor-widget__width-initial elementor-widget elementor-widget-heading\" data-id=\"975605a\" data-element_type=\"widget\" data-widget_type=\"heading.default\">\n\t\t\t\t<div class=\"elementor-widget-container\">\n\t\t\t\t\t<h4 class=\"elementor-heading-title elementor-size-default\">Unidade Central de Coimbra<\/h4>\t\t\t\t<\/div>\n\t\t\t\t<\/div>\n\t\t<div class=\"elementor-element elementor-element-df471a1 e-con-full e-flex e-con e-child\" data-id=\"df471a1\" data-element_type=\"container\">\n\t\t\t\t<div class=\"elementor-element elementor-element-0940de8 elementor-widget elementor-widget-icon-box\" data-id=\"0940de8\" data-element_type=\"widget\" data-widget_type=\"icon-box.default\">\n\t\t\t\t<div class=\"elementor-widget-container\">\n\t\t\t\t\t\t\t<div class=\"elementor-icon-box-wrapper\">\n\n\t\t\t\n\t\t\t\t\t\t<div class=\"elementor-icon-box-content\">\n\n\t\t\t\t\t\t\t\t\t<h6 class=\"elementor-icon-box-title\">\n\t\t\t\t\t\t<span  >\n\t\t\t\t\t\t\tCompet\u00eancia Territorial:\t\t\t\t\t\t<\/span>\n\t\t\t\t\t<\/h6>\n\t\t\t\t\n\t\t\t\t\t\t\t\t\t<p class=\"elementor-icon-box-description\">\n\t\t\t\t\t\tMunic\u00edpio de Coimbra\t\t\t\t\t<\/p>\n\t\t\t\t\n\t\t\t<\/div>\n\t\t\t\n\t\t<\/div>\n\t\t\t\t\t\t<\/div>\n\t\t\t\t<\/div>\n\t\t\t\t<div class=\"elementor-element elementor-element-04b1bda elementor-widget elementor-widget-icon-box\" data-id=\"04b1bda\" data-element_type=\"widget\" data-widget_type=\"icon-box.default\">\n\t\t\t\t<div class=\"elementor-widget-container\">\n\t\t\t\t\t\t\t<div class=\"elementor-icon-box-wrapper\">\n\n\t\t\t\n\t\t\t\t\t\t<div class=\"elementor-icon-box-content\">\n\n\t\t\t\t\t\t\t\t\t<h6 class=\"elementor-icon-box-title\">\n\t\t\t\t\t\t<span  >\n\t\t\t\t\t\t\tMorada:\t\t\t\t\t\t<\/span>\n\t\t\t\t\t<\/h6>\n\t\t\t\t\n\t\t\t\t\t\t\t\t\t<p class=\"elementor-icon-box-description\">\n\t\t\t\t\t\tPal\u00e1cio da Justi\u00e7a - Rua da Sofia \n<br> 3000-389 Coimbra\t\t\t\t\t<\/p>\n\t\t\t\t\n\t\t\t<\/div>\n\t\t\t\n\t\t<\/div>\n\t\t\t\t\t\t<\/div>\n\t\t\t\t<\/div>\n\t\t\t\t<div class=\"elementor-element elementor-element-6a7912c elementor-widget elementor-widget-icon-box\" data-id=\"6a7912c\" data-element_type=\"widget\" data-widget_type=\"icon-box.default\">\n\t\t\t\t<div class=\"elementor-widget-container\">\n\t\t\t\t\t\t\t<div class=\"elementor-icon-box-wrapper\">\n\n\t\t\t\n\t\t\t\t\t\t<div class=\"elementor-icon-box-content\">\n\n\t\t\t\t\t\t\t\t\t<h6 class=\"elementor-icon-box-title\">\n\t\t\t\t\t\t<span  >\n\t\t\t\t\t\t\tContactos:\t\t\t\t\t\t<\/span>\n\t\t\t\t\t<\/h6>\n\t\t\t\t\n\t\t\t\t\t\t\t\t\t<p class=\"elementor-icon-box-description\">\n\t\t\t\t\t\t<b>Telefone:<\/b> 239 096 580\n<br>\n<b>Fax:<\/b> 239 096 659\n<br>\n<b>Email:<\/b> coimbra.judicial@tribunais.org.pt\t\t\t\t\t<\/p>\n\t\t\t\t\n\t\t\t<\/div>\n\t\t\t\n\t\t<\/div>\n\t\t\t\t\t\t<\/div>\n\t\t\t\t<\/div>\n\t\t\t\t<\/div>\n\t\t<div class=\"elementor-element elementor-element-4b001a4 e-con-full e-flex e-con e-child\" data-id=\"4b001a4\" data-element_type=\"container\">\n\t\t\t\t<div class=\"elementor-element elementor-element-6e26e49 elementor-widget elementor-widget-google_maps\" data-id=\"6e26e49\" data-element_type=\"widget\" data-widget_type=\"google_maps.default\">\n\t\t\t\t<div class=\"elementor-widget-container\">\n\t\t\t\t\t\t\t<div class=\"elementor-custom-embed\">\n\t\t\t<iframe loading=\"lazy\"\n\t\t\t\t\tsrc=\"https:\/\/www.google.com\/maps\/embed\/v1\/place?key=AIzaSyDhSoLeftGxfg7Tvco7SEUCY-Cc_XLDY3c&#038;q=Pal%C3%A1cio%20da%20Justi%C3%A7a%20-%20Rua%20da%20Sofia%20-%203000-389%20Coimbra&#038;zoom=15\"\n\t\t\t\t\ttitle=\"Pal\u00e1cio da Justi\u00e7a - Rua da Sofia - 3000-389 Coimbra\"\n\t\t\t\t\taria-label=\"Pal\u00e1cio da Justi\u00e7a - Rua da Sofia - 3000-389 Coimbra\"\n\t\t\t><\/iframe>\n\t\t<\/div>\n\t\t\t\t\t\t<\/div>\n\t\t\t\t<\/div>\n\t\t\t\t<\/div>\n\t\t\t\t\t<\/div>\n\t\t\t\t<\/div>\n\t\t\t\t<\/div>\n\t\t","protected":false},"excerpt":{"rendered":"<p>Ju\u00edzo Central C\u00edvel de Coimbra &#8211; J1, J2 e J3 Compet\u00eancia Territorial: Distrito de Coimbra Morada: Rua Jo\u00e3o de Ru\u00e3o, n.\u00ba 12 &#8211; Edificio Arnado &#8211; Piso 5 3000-229 Coimbra Contactos: Telefone: 239 854 970 Fax: 239 096 679 Email: coimbra.centralcivel@tribunais.org.pt Ju\u00edzo Central Criminal de Coimbra &#8211; J1, J2, J3 e J4 Compet\u00eancia Territorial: Distrito&#8230;<\/p>\n","protected":false},"author":1,"featured_media":0,"parent":11069,"menu_order":0,"comment_status":"closed","ping_status":"closed","template":"","meta":{"_tbt_post_transparent":"","_tbt_post_title":"","_tbt_post_layout":"default","_tbt_post_sidebar_id":"","_tbt_post_content_style":"","_tbt_post_vertical_padding":"","_tbt_post_feature":"","_tbt_post_feature_position":"","_tbt_post_header":false,"_tbt_post_footer":false},"class_list":["post-41120","page","type-page","status-publish","hentry"],"yoast_head":"<!-- This site is optimized with the Yoast SEO plugin v25.6 - https:\/\/yoast.com\/wordpress\/plugins\/seo\/ -->\n<title>N\u00facleo de Coimbra - Tribunal Judicial da Comarca de Coimbra<\/title>\n<meta name=\"robots\" content=\"index, follow, max-snippet:-1, max-image-preview:large, max-video-preview:-1\" \/>\n<link rel=\"canonical\" href=\"https:\/\/comarcas.csm.org.pt\/coimbra\/acomarca\/juizos\/albergaria\/\" \/>\n<meta property=\"og:locale\" content=\"pt_PT\" \/>\n<meta property=\"og:type\" content=\"article\" \/>\n<meta property=\"og:title\" content=\"N\u00facleo de Coimbra - Tribunal Judicial da Comarca de Coimbra\" \/>\n<meta property=\"og:description\" content=\"Ju\u00edzo Central C\u00edvel de Coimbra &#8211; J1, J2 e J3 Compet\u00eancia Territorial: Distrito de Coimbra Morada: Rua Jo\u00e3o de Ru\u00e3o, n.\u00ba 12 &#8211; Edificio Arnado &#8211; Piso 5 3000-229 Coimbra Contactos: Telefone: 239 854 970 Fax: 239 096 679 Email: coimbra.centralcivel@tribunais.org.pt Ju\u00edzo Central Criminal de Coimbra &#8211; J1, J2, J3 e J4 Compet\u00eancia Territorial: Distrito...\" \/>\n<meta property=\"og:url\" content=\"https:\/\/comarcas.csm.org.pt\/coimbra\/acomarca\/juizos\/albergaria\/\" \/>\n<meta property=\"og:site_name\" content=\"Tribunal Judicial da Comarca de Coimbra\" \/>\n<meta property=\"article:modified_time\" content=\"2025-06-20T10:26:00+00:00\" \/>\n<meta name=\"twitter:card\" content=\"summary_large_image\" \/>\n<meta name=\"twitter:label1\" content=\"Tempo estimado de leitura\" \/>\n\t<meta name=\"twitter:data1\" content=\"1 minuto\" \/>\n<script type=\"application\/ld+json\" class=\"yoast-schema-graph\">{\"@context\":\"https:\/\/schema.org\",\"@graph\":[{\"@type\":\"WebPage\",\"@id\":\"https:\/\/comarcas.csm.org.pt\/coimbra\/acomarca\/juizos\/albergaria\/\",\"url\":\"https:\/\/comarcas.csm.org.pt\/coimbra\/acomarca\/juizos\/albergaria\/\",\"name\":\"N\u00facleo de Coimbra - Tribunal Judicial da Comarca de Coimbra\",\"isPartOf\":{\"@id\":\"https:\/\/comarcas.csm.org.pt\/coimbra\/#website\"},\"datePublished\":\"2024-09-26T14:26:20+00:00\",\"dateModified\":\"2025-06-20T10:26:00+00:00\",\"breadcrumb\":{\"@id\":\"https:\/\/comarcas.csm.org.pt\/coimbra\/acomarca\/juizos\/albergaria\/#breadcrumb\"},\"inLanguage\":\"pt-PT\",\"potentialAction\":[{\"@type\":\"ReadAction\",\"target\":[\"https:\/\/comarcas.csm.org.pt\/coimbra\/acomarca\/juizos\/albergaria\/\"]}]},{\"@type\":\"BreadcrumbList\",\"@id\":\"https:\/\/comarcas.csm.org.pt\/coimbra\/acomarca\/juizos\/albergaria\/#breadcrumb\",\"itemListElement\":[{\"@type\":\"ListItem\",\"position\":1,\"name\":\"In\u00edcio\",\"item\":\"https:\/\/comarcas.csm.org.pt\/coimbra\/\"},{\"@type\":\"ListItem\",\"position\":2,\"name\":\"A Comarca\",\"item\":\"https:\/\/comarcas.csm.org.pt\/coimbra\/acomarca\/\"},{\"@type\":\"ListItem\",\"position\":3,\"name\":\"Ju\u00edzos\",\"item\":\"https:\/\/comarcas.csm.org.pt\/coimbra\/acomarca\/juizos\/\"},{\"@type\":\"ListItem\",\"position\":4,\"name\":\"N\u00facleo de Coimbra\"}]},{\"@type\":\"WebSite\",\"@id\":\"https:\/\/comarcas.csm.org.pt\/coimbra\/#website\",\"url\":\"https:\/\/comarcas.csm.org.pt\/coimbra\/\",\"name\":\"Tribunal Judicial da Comarca de Coimbra\",\"description\":\"Tribunal Judicial da Comarca de Aveiro\",\"publisher\":{\"@id\":\"https:\/\/comarcas.csm.org.pt\/coimbra\/#organization\"},\"potentialAction\":[{\"@type\":\"SearchAction\",\"target\":{\"@type\":\"EntryPoint\",\"urlTemplate\":\"https:\/\/comarcas.csm.org.pt\/coimbra\/?s={search_term_string}\"},\"query-input\":{\"@type\":\"PropertyValueSpecification\",\"valueRequired\":true,\"valueName\":\"search_term_string\"}}],\"inLanguage\":\"pt-PT\"},{\"@type\":\"Organization\",\"@id\":\"https:\/\/comarcas.csm.org.pt\/coimbra\/#organization\",\"name\":\"Tribunal Judicial da Comarca de Coimbra\",\"url\":\"https:\/\/comarcas.csm.org.pt\/coimbra\/\",\"logo\":{\"@type\":\"ImageObject\",\"inLanguage\":\"pt-PT\",\"@id\":\"https:\/\/comarcas.csm.org.pt\/coimbra\/#\/schema\/logo\/image\/\",\"url\":\"https:\/\/comarcas.csm.org.pt\/coimbra\/wp-content\/uploads\/sites\/12\/2024\/11\/Coimbra_positivo-horizontal.png\",\"contentUrl\":\"https:\/\/comarcas.csm.org.pt\/coimbra\/wp-content\/uploads\/sites\/12\/2024\/11\/Coimbra_positivo-horizontal.png\",\"width\":4163,\"height\":1224,\"caption\":\"Tribunal Judicial da Comarca de Coimbra\"},\"image\":{\"@id\":\"https:\/\/comarcas.csm.org.pt\/coimbra\/#\/schema\/logo\/image\/\"}}]}<\/script>\n<!-- \/ Yoast SEO plugin. -->","yoast_head_json":{"title":"N\u00facleo de Coimbra - Tribunal Judicial da Comarca de Coimbra","robots":{"index":"index","follow":"follow","max-snippet":"max-snippet:-1","max-image-preview":"max-image-preview:large","max-video-preview":"max-video-preview:-1"},"canonical":"https:\/\/comarcas.csm.org.pt\/coimbra\/acomarca\/juizos\/albergaria\/","og_locale":"pt_PT","og_type":"article","og_title":"N\u00facleo de Coimbra - Tribunal Judicial da Comarca de Coimbra","og_description":"Ju\u00edzo Central C\u00edvel de Coimbra &#8211; J1, J2 e J3 Compet\u00eancia Territorial: Distrito de Coimbra Morada: Rua Jo\u00e3o de Ru\u00e3o, n.\u00ba 12 &#8211; Edificio Arnado &#8211; Piso 5 3000-229 Coimbra Contactos: Telefone: 239 854 970 Fax: 239 096 679 Email: coimbra.centralcivel@tribunais.org.pt Ju\u00edzo Central Criminal de Coimbra &#8211; J1, J2, J3 e J4 Compet\u00eancia Territorial: Distrito...","og_url":"https:\/\/comarcas.csm.org.pt\/coimbra\/acomarca\/juizos\/albergaria\/","og_site_name":"Tribunal Judicial da Comarca de Coimbra","article_modified_time":"2025-06-20T10:26:00+00:00","twitter_card":"summary_large_image","twitter_misc":{"Tempo estimado de leitura":"1 minuto"},"schema":{"@context":"https:\/\/schema.org","@graph":[{"@type":"WebPage","@id":"https:\/\/comarcas.csm.org.pt\/coimbra\/acomarca\/juizos\/albergaria\/","url":"https:\/\/comarcas.csm.org.pt\/coimbra\/acomarca\/juizos\/albergaria\/","name":"N\u00facleo de Coimbra - Tribunal Judicial da Comarca de Coimbra","isPartOf":{"@id":"https:\/\/comarcas.csm.org.pt\/coimbra\/#website"},"datePublished":"2024-09-26T14:26:20+00:00","dateModified":"2025-06-20T10:26:00+00:00","breadcrumb":{"@id":"https:\/\/comarcas.csm.org.pt\/coimbra\/acomarca\/juizos\/albergaria\/#breadcrumb"},"inLanguage":"pt-PT","potentialAction":[{"@type":"ReadAction","target":["https:\/\/comarcas.csm.org.pt\/coimbra\/acomarca\/juizos\/albergaria\/"]}]},{"@type":"BreadcrumbList","@id":"https:\/\/comarcas.csm.org.pt\/coimbra\/acomarca\/juizos\/albergaria\/#breadcrumb","itemListElement":[{"@type":"ListItem","position":1,"name":"In\u00edcio","item":"https:\/\/comarcas.csm.org.pt\/coimbra\/"},{"@type":"ListItem","position":2,"name":"A Comarca","item":"https:\/\/comarcas.csm.org.pt\/coimbra\/acomarca\/"},{"@type":"ListItem","position":3,"name":"Ju\u00edzos","item":"https:\/\/comarcas.csm.org.pt\/coimbra\/acomarca\/juizos\/"},{"@type":"ListItem","position":4,"name":"N\u00facleo de Coimbra"}]},{"@type":"WebSite","@id":"https:\/\/comarcas.csm.org.pt\/coimbra\/#website","url":"https:\/\/comarcas.csm.org.pt\/coimbra\/","name":"Tribunal Judicial da Comarca de Coimbra","description":"Tribunal Judicial da Comarca de Aveiro","publisher":{"@id":"https:\/\/comarcas.csm.org.pt\/coimbra\/#organization"},"potentialAction":[{"@type":"SearchAction","target":{"@type":"EntryPoint","urlTemplate":"https:\/\/comarcas.csm.org.pt\/coimbra\/?s={search_term_string}"},"query-input":{"@type":"PropertyValueSpecification","valueRequired":true,"valueName":"search_term_string"}}],"inLanguage":"pt-PT"},{"@type":"Organization","@id":"https:\/\/comarcas.csm.org.pt\/coimbra\/#organization","name":"Tribunal Judicial da Comarca de Coimbra","url":"https:\/\/comarcas.csm.org.pt\/coimbra\/","logo":{"@type":"ImageObject","inLanguage":"pt-PT","@id":"https:\/\/comarcas.csm.org.pt\/coimbra\/#\/schema\/logo\/image\/","url":"https:\/\/comarcas.csm.org.pt\/coimbra\/wp-content\/uploads\/sites\/12\/2024\/11\/Coimbra_positivo-horizontal.png","contentUrl":"https:\/\/comarcas.csm.org.pt\/coimbra\/wp-content\/uploads\/sites\/12\/2024\/11\/Coimbra_positivo-horizontal.png","width":4163,"height":1224,"caption":"Tribunal Judicial da Comarca de Coimbra"},"image":{"@id":"https:\/\/comarcas.csm.org.pt\/coimbra\/#\/schema\/logo\/image\/"}}]}},"_links":{"self":[{"href":"https:\/\/comarcas.csm.org.pt\/coimbra\/wp-json\/wp\/v2\/pages\/41120","targetHints":{"allow":["GET"]}}],"collection":[{"href":"https:\/\/comarcas.csm.org.pt\/coimbra\/wp-json\/wp\/v2\/pages"}],"about":[{"href":"https:\/\/comarcas.csm.org.pt\/coimbra\/wp-json\/wp\/v2\/types\/page"}],"author":[{"embeddable":true,"href":"https:\/\/comarcas.csm.org.pt\/coimbra\/wp-json\/wp\/v2\/users\/1"}],"replies":[{"embeddable":true,"href":"https:\/\/comarcas.csm.org.pt\/coimbra\/wp-json\/wp\/v2\/comments?post=41120"}],"version-history":[{"count":28,"href":"https:\/\/comarcas.csm.org.pt\/coimbra\/wp-json\/wp\/v2\/pages\/41120\/revisions"}],"predecessor-version":[{"id":41236,"href":"https:\/\/comarcas.csm.org.pt\/coimbra\/wp-json\/wp\/v2\/pages\/41120\/revisions\/41236"}],"up":[{"embeddable":true,"href":"https:\/\/comarcas.csm.org.pt\/coimbra\/wp-json\/wp\/v2\/pages\/11069"}],"wp:attachment":[{"href":"https:\/\/comarcas.csm.org.pt\/coimbra\/wp-json\/wp\/v2\/media?parent=41120"}],"curies":[{"name":"wp","href":"https:\/\/api.w.org\/{rel}","templated":true}]}}