{"id":41160,"date":"2025-06-17T13:58:50","date_gmt":"2025-06-17T13:58:50","guid":{"rendered":"https:\/\/comarcas.csm.org.pt\/coimbra\/?page_id=41160"},"modified":"2025-07-15T15:34:03","modified_gmt":"2025-07-15T15:34:03","slug":"cantanhede","status":"publish","type":"page","link":"https:\/\/comarcas.csm.org.pt\/coimbra\/acomarca\/juizos\/cantanhede\/","title":{"rendered":"Figueira da Foz"},"content":{"rendered":"\t\t<div data-elementor-type=\"wp-page\" data-elementor-id=\"41160\" class=\"elementor elementor-41160\" data-elementor-post-type=\"page\">\n\t\t\t\t<div class=\"elementor-element elementor-element-9a4155d e-flex e-con-boxed e-con e-parent\" data-id=\"9a4155d\" data-element_type=\"container\">\n\t\t\t\t\t<div class=\"e-con-inner\">\n\t\t<div class=\"elementor-element elementor-element-fe833da e-con-full e-flex e-con e-child\" data-id=\"fe833da\" data-element_type=\"container\">\n\t\t\t\t<div class=\"elementor-element elementor-element-812f9db elementor-widget elementor-widget-heading\" data-id=\"812f9db\" data-element_type=\"widget\" data-widget_type=\"heading.default\">\n\t\t\t\t<div class=\"elementor-widget-container\">\n\t\t\t\t\t<h4 class=\"elementor-heading-title elementor-size-default\">Ju\u00edzo de Fam\u00edlia e Menores da Figueira da Foz - J1 e J2<\/h4>\t\t\t\t<\/div>\n\t\t\t\t<\/div>\n\t\t\t\t<\/div>\n\t\t<div class=\"elementor-element elementor-element-c702faa e-con-full e-flex e-con e-child\" data-id=\"c702faa\" data-element_type=\"container\">\n\t\t\t\t<div class=\"elementor-element elementor-element-c8c8689 elementor-widget elementor-widget-icon-box\" data-id=\"c8c8689\" data-element_type=\"widget\" data-widget_type=\"icon-box.default\">\n\t\t\t\t<div class=\"elementor-widget-container\">\n\t\t\t\t\t\t\t<div class=\"elementor-icon-box-wrapper\">\n\n\t\t\t\n\t\t\t\t\t\t<div class=\"elementor-icon-box-content\">\n\n\t\t\t\t\t\t\t\t\t<h6 class=\"elementor-icon-box-title\">\n\t\t\t\t\t\t<span  >\n\t\t\t\t\t\t\tCompet\u00eancia Territorial:\t\t\t\t\t\t<\/span>\n\t\t\t\t\t<\/h6>\n\t\t\t\t\n\t\t\t\t\t\t\t\t\t<p class=\"elementor-icon-box-description\">\n\t\t\t\t\t\tMunic\u00edpios de Cantanhede, Figueira da Foz, Mira e Montemor-o-Velho\t\t\t\t\t<\/p>\n\t\t\t\t\n\t\t\t<\/div>\n\t\t\t\n\t\t<\/div>\n\t\t\t\t\t\t<\/div>\n\t\t\t\t<\/div>\n\t\t\t\t<div class=\"elementor-element elementor-element-d1d2a2d elementor-widget elementor-widget-icon-box\" data-id=\"d1d2a2d\" data-element_type=\"widget\" data-widget_type=\"icon-box.default\">\n\t\t\t\t<div class=\"elementor-widget-container\">\n\t\t\t\t\t\t\t<div class=\"elementor-icon-box-wrapper\">\n\n\t\t\t\n\t\t\t\t\t\t<div class=\"elementor-icon-box-content\">\n\n\t\t\t\t\t\t\t\t\t<h6 class=\"elementor-icon-box-title\">\n\t\t\t\t\t\t<span  >\n\t\t\t\t\t\t\tMorada:\t\t\t\t\t\t<\/span>\n\t\t\t\t\t<\/h6>\n\t\t\t\t\n\t\t\t\t\t\t\t\t\t<p class=\"elementor-icon-box-description\">\n\t\t\t\t\t\tPal\u00e1cio da Justi\u00e7a, Passeio Infante D. Henrique\n<br> 3080-154 Figueira da Foz\t\t\t\t\t<\/p>\n\t\t\t\t\n\t\t\t<\/div>\n\t\t\t\n\t\t<\/div>\n\t\t\t\t\t\t<\/div>\n\t\t\t\t<\/div>\n\t\t\t\t<div class=\"elementor-element elementor-element-732bcc9 elementor-widget elementor-widget-icon-box\" data-id=\"732bcc9\" data-element_type=\"widget\" data-widget_type=\"icon-box.default\">\n\t\t\t\t<div class=\"elementor-widget-container\">\n\t\t\t\t\t\t\t<div class=\"elementor-icon-box-wrapper\">\n\n\t\t\t\n\t\t\t\t\t\t<div class=\"elementor-icon-box-content\">\n\n\t\t\t\t\t\t\t\t\t<h6 class=\"elementor-icon-box-title\">\n\t\t\t\t\t\t<span  >\n\t\t\t\t\t\t\tContactos:\t\t\t\t\t\t<\/span>\n\t\t\t\t\t<\/h6>\n\t\t\t\t\n\t\t\t\t\t\t\t\t\t<p class=\"elementor-icon-box-description\">\n\t\t\t\t\t\t<b>Telefone:<\/b> 233 401 740\n<br>\n<b>Fax:<\/b> 233 093 529\n<br>\n<b>Email:<\/b> figfoz.familia@tribunais.org.pt\t\t\t\t\t<\/p>\n\t\t\t\t\n\t\t\t<\/div>\n\t\t\t\n\t\t<\/div>\n\t\t\t\t\t\t<\/div>\n\t\t\t\t<\/div>\n\t\t\t\t<\/div>\n\t\t<div class=\"elementor-element elementor-element-1d0e5d6 e-con-full e-flex e-con e-child\" data-id=\"1d0e5d6\" data-element_type=\"container\">\n\t\t\t\t<div class=\"elementor-element elementor-element-3fc6d13 elementor-widget elementor-widget-google_maps\" data-id=\"3fc6d13\" data-element_type=\"widget\" data-widget_type=\"google_maps.default\">\n\t\t\t\t<div class=\"elementor-widget-container\">\n\t\t\t\t\t\t\t<div class=\"elementor-custom-embed\">\n\t\t\t<iframe loading=\"lazy\"\n\t\t\t\t\tsrc=\"https:\/\/www.google.com\/maps\/embed\/v1\/place?key=AIzaSyDhSoLeftGxfg7Tvco7SEUCY-Cc_XLDY3c&#038;q=Pal%C3%A1cio%20da%20Justi%C3%A7a%2C%20Passeio%20Infante%20D.%20Henrique%20-%203080-154%20Figueira%20da%20Foz&#038;zoom=15\"\n\t\t\t\t\ttitle=\"Pal\u00e1cio da Justi\u00e7a, Passeio Infante D. Henrique - 3080-154 Figueira da Foz\"\n\t\t\t\t\taria-label=\"Pal\u00e1cio da Justi\u00e7a, Passeio Infante D. Henrique - 3080-154 Figueira da Foz\"\n\t\t\t><\/iframe>\n\t\t<\/div>\n\t\t\t\t\t\t<\/div>\n\t\t\t\t<\/div>\n\t\t\t\t<\/div>\n\t\t\t\t\t<\/div>\n\t\t\t\t<\/div>\n\t\t<div class=\"elementor-element elementor-element-9779747 e-flex e-con-boxed e-con e-parent\" data-id=\"9779747\" data-element_type=\"container\">\n\t\t\t\t\t<div class=\"e-con-inner\">\n\t\t<div class=\"elementor-element elementor-element-0f2640f e-con-full e-flex e-con e-child\" data-id=\"0f2640f\" data-element_type=\"container\">\n\t\t\t\t<div class=\"elementor-element elementor-element-d6e1ee9 elementor-widget elementor-widget-heading\" data-id=\"d6e1ee9\" data-element_type=\"widget\" data-widget_type=\"heading.default\">\n\t\t\t\t<div class=\"elementor-widget-container\">\n\t\t\t\t\t<h4 class=\"elementor-heading-title elementor-size-default\">Ju\u00edzo do Trabalho da Figueira da Foz<\/h4>\t\t\t\t<\/div>\n\t\t\t\t<\/div>\n\t\t\t\t<\/div>\n\t\t<div class=\"elementor-element elementor-element-71aed75 e-con-full e-flex e-con e-child\" data-id=\"71aed75\" data-element_type=\"container\">\n\t\t\t\t<div class=\"elementor-element elementor-element-ce206ed elementor-widget elementor-widget-icon-box\" data-id=\"ce206ed\" data-element_type=\"widget\" data-widget_type=\"icon-box.default\">\n\t\t\t\t<div class=\"elementor-widget-container\">\n\t\t\t\t\t\t\t<div class=\"elementor-icon-box-wrapper\">\n\n\t\t\t\n\t\t\t\t\t\t<div class=\"elementor-icon-box-content\">\n\n\t\t\t\t\t\t\t\t\t<h6 class=\"elementor-icon-box-title\">\n\t\t\t\t\t\t<span  >\n\t\t\t\t\t\t\tCompet\u00eancia Territorial:\t\t\t\t\t\t<\/span>\n\t\t\t\t\t<\/h6>\n\t\t\t\t\n\t\t\t\t\t\t\t\t\t<p class=\"elementor-icon-box-description\">\n\t\t\t\t\t\tMunic\u00edpios de Cantanhede, Figueira da Foz, Mira e Montemor-o-Velho\t\t\t\t\t<\/p>\n\t\t\t\t\n\t\t\t<\/div>\n\t\t\t\n\t\t<\/div>\n\t\t\t\t\t\t<\/div>\n\t\t\t\t<\/div>\n\t\t\t\t<div class=\"elementor-element elementor-element-13dd675 elementor-widget elementor-widget-icon-box\" data-id=\"13dd675\" data-element_type=\"widget\" data-widget_type=\"icon-box.default\">\n\t\t\t\t<div class=\"elementor-widget-container\">\n\t\t\t\t\t\t\t<div class=\"elementor-icon-box-wrapper\">\n\n\t\t\t\n\t\t\t\t\t\t<div class=\"elementor-icon-box-content\">\n\n\t\t\t\t\t\t\t\t\t<h6 class=\"elementor-icon-box-title\">\n\t\t\t\t\t\t<span  >\n\t\t\t\t\t\t\tMorada:\t\t\t\t\t\t<\/span>\n\t\t\t\t\t<\/h6>\n\t\t\t\t\n\t\t\t\t\t\t\t\t\t<p class=\"elementor-icon-box-description\">\n\t\t\t\t\t\tRua do Estendal <br> 3081-903 Figueira da Foz\t\t\t\t\t<\/p>\n\t\t\t\t\n\t\t\t<\/div>\n\t\t\t\n\t\t<\/div>\n\t\t\t\t\t\t<\/div>\n\t\t\t\t<\/div>\n\t\t\t\t<div class=\"elementor-element elementor-element-d2ab521 elementor-widget elementor-widget-icon-box\" data-id=\"d2ab521\" data-element_type=\"widget\" data-widget_type=\"icon-box.default\">\n\t\t\t\t<div class=\"elementor-widget-container\">\n\t\t\t\t\t\t\t<div class=\"elementor-icon-box-wrapper\">\n\n\t\t\t\n\t\t\t\t\t\t<div class=\"elementor-icon-box-content\">\n\n\t\t\t\t\t\t\t\t\t<h6 class=\"elementor-icon-box-title\">\n\t\t\t\t\t\t<span  >\n\t\t\t\t\t\t\tContactos:\t\t\t\t\t\t<\/span>\n\t\t\t\t\t<\/h6>\n\t\t\t\t\n\t\t\t\t\t\t\t\t\t<p class=\"elementor-icon-box-description\">\n\t\t\t\t\t\t<b>Telefone:<\/b> 233 401 740\n<br>\n<b>Fax:<\/b> 233 093 529\n<br>\n<b>Email:<\/b> figfoz.trabalho@tribunais.org.pt\t\t\t\t\t<\/p>\n\t\t\t\t\n\t\t\t<\/div>\n\t\t\t\n\t\t<\/div>\n\t\t\t\t\t\t<\/div>\n\t\t\t\t<\/div>\n\t\t\t\t<\/div>\n\t\t<div class=\"elementor-element elementor-element-1552f9a e-con-full e-flex e-con e-child\" data-id=\"1552f9a\" data-element_type=\"container\">\n\t\t\t\t<div class=\"elementor-element elementor-element-17cb1da elementor-widget elementor-widget-google_maps\" data-id=\"17cb1da\" data-element_type=\"widget\" data-widget_type=\"google_maps.default\">\n\t\t\t\t<div class=\"elementor-widget-container\">\n\t\t\t\t\t\t\t<div class=\"elementor-custom-embed\">\n\t\t\t<iframe loading=\"lazy\"\n\t\t\t\t\tsrc=\"https:\/\/www.google.com\/maps\/embed\/v1\/place?key=AIzaSyDhSoLeftGxfg7Tvco7SEUCY-Cc_XLDY3c&#038;q=Pal%C3%A1cio%20da%20Justi%C3%A7a%2C%20Passeio%20Infante%20D.%20Henrique%20-%203080-154%20Figueira%20da%20Foz&#038;zoom=15\"\n\t\t\t\t\ttitle=\"Pal\u00e1cio da Justi\u00e7a, Passeio Infante D. Henrique - 3080-154 Figueira da Foz\"\n\t\t\t\t\taria-label=\"Pal\u00e1cio da Justi\u00e7a, Passeio Infante D. Henrique - 3080-154 Figueira da Foz\"\n\t\t\t><\/iframe>\n\t\t<\/div>\n\t\t\t\t\t\t<\/div>\n\t\t\t\t<\/div>\n\t\t\t\t<\/div>\n\t\t\t\t\t<\/div>\n\t\t\t\t<\/div>\n\t\t<div class=\"elementor-element elementor-element-7ae8910 e-flex e-con-boxed e-con e-parent\" data-id=\"7ae8910\" data-element_type=\"container\">\n\t\t\t\t\t<div class=\"e-con-inner\">\n\t\t<div class=\"elementor-element elementor-element-0f9601f e-con-full e-flex e-con e-child\" data-id=\"0f9601f\" data-element_type=\"container\">\n\t\t\t\t<div class=\"elementor-element elementor-element-790e101 elementor-widget elementor-widget-heading\" data-id=\"790e101\" data-element_type=\"widget\" data-widget_type=\"heading.default\">\n\t\t\t\t<div class=\"elementor-widget-container\">\n\t\t\t\t\t<h4 class=\"elementor-heading-title elementor-size-default\">Ju\u00edzo Local C\u00edvel da Figueira da Foz - J1 e J2<\/h4>\t\t\t\t<\/div>\n\t\t\t\t<\/div>\n\t\t\t\t<\/div>\n\t\t<div class=\"elementor-element elementor-element-2add08b e-con-full e-flex e-con e-child\" data-id=\"2add08b\" data-element_type=\"container\">\n\t\t\t\t<div class=\"elementor-element elementor-element-3f7258d elementor-widget elementor-widget-icon-box\" data-id=\"3f7258d\" data-element_type=\"widget\" data-widget_type=\"icon-box.default\">\n\t\t\t\t<div class=\"elementor-widget-container\">\n\t\t\t\t\t\t\t<div class=\"elementor-icon-box-wrapper\">\n\n\t\t\t\n\t\t\t\t\t\t<div class=\"elementor-icon-box-content\">\n\n\t\t\t\t\t\t\t\t\t<h6 class=\"elementor-icon-box-title\">\n\t\t\t\t\t\t<span  >\n\t\t\t\t\t\t\tCompet\u00eancia Territorial:\t\t\t\t\t\t<\/span>\n\t\t\t\t\t<\/h6>\n\t\t\t\t\n\t\t\t\t\t\t\t\t\t<p class=\"elementor-icon-box-description\">\n\t\t\t\t\t\tMunic\u00edpio da Figueira da Foz\t\t\t\t\t<\/p>\n\t\t\t\t\n\t\t\t<\/div>\n\t\t\t\n\t\t<\/div>\n\t\t\t\t\t\t<\/div>\n\t\t\t\t<\/div>\n\t\t\t\t<div class=\"elementor-element elementor-element-3df0f45 elementor-widget elementor-widget-icon-box\" data-id=\"3df0f45\" data-element_type=\"widget\" data-widget_type=\"icon-box.default\">\n\t\t\t\t<div class=\"elementor-widget-container\">\n\t\t\t\t\t\t\t<div class=\"elementor-icon-box-wrapper\">\n\n\t\t\t\n\t\t\t\t\t\t<div class=\"elementor-icon-box-content\">\n\n\t\t\t\t\t\t\t\t\t<h6 class=\"elementor-icon-box-title\">\n\t\t\t\t\t\t<span  >\n\t\t\t\t\t\t\tMorada:\t\t\t\t\t\t<\/span>\n\t\t\t\t\t<\/h6>\n\t\t\t\t\n\t\t\t\t\t\t\t\t\t<p class=\"elementor-icon-box-description\">\n\t\t\t\t\t\tPal\u00e1cio da Justi\u00e7a, Passeio Infante D. Henrique\n<br> 3080-154 Figueira da Foz\t\t\t\t\t<\/p>\n\t\t\t\t\n\t\t\t<\/div>\n\t\t\t\n\t\t<\/div>\n\t\t\t\t\t\t<\/div>\n\t\t\t\t<\/div>\n\t\t\t\t<div class=\"elementor-element elementor-element-e708c5c elementor-widget elementor-widget-icon-box\" data-id=\"e708c5c\" data-element_type=\"widget\" data-widget_type=\"icon-box.default\">\n\t\t\t\t<div class=\"elementor-widget-container\">\n\t\t\t\t\t\t\t<div class=\"elementor-icon-box-wrapper\">\n\n\t\t\t\n\t\t\t\t\t\t<div class=\"elementor-icon-box-content\">\n\n\t\t\t\t\t\t\t\t\t<h6 class=\"elementor-icon-box-title\">\n\t\t\t\t\t\t<span  >\n\t\t\t\t\t\t\tContactos:\t\t\t\t\t\t<\/span>\n\t\t\t\t\t<\/h6>\n\t\t\t\t\n\t\t\t\t\t\t\t\t\t<p class=\"elementor-icon-box-description\">\n\t\t\t\t\t\t<b>Telefone:<\/b> 233 401 740\n<br>\n<b>Fax:<\/b> 233 093 529\n<br>\n<b>Email:<\/b> figfoz.judicial@tribunais.org.pt\t\t\t\t\t<\/p>\n\t\t\t\t\n\t\t\t<\/div>\n\t\t\t\n\t\t<\/div>\n\t\t\t\t\t\t<\/div>\n\t\t\t\t<\/div>\n\t\t\t\t<\/div>\n\t\t<div class=\"elementor-element elementor-element-5372751 e-con-full e-flex e-con e-child\" data-id=\"5372751\" data-element_type=\"container\">\n\t\t\t\t<div class=\"elementor-element elementor-element-487bd9f elementor-widget elementor-widget-google_maps\" data-id=\"487bd9f\" data-element_type=\"widget\" data-widget_type=\"google_maps.default\">\n\t\t\t\t<div class=\"elementor-widget-container\">\n\t\t\t\t\t\t\t<div class=\"elementor-custom-embed\">\n\t\t\t<iframe loading=\"lazy\"\n\t\t\t\t\tsrc=\"https:\/\/www.google.com\/maps\/embed\/v1\/place?key=AIzaSyDhSoLeftGxfg7Tvco7SEUCY-Cc_XLDY3c&#038;q=Pal%C3%A1cio%20da%20Justi%C3%A7a%2C%20Passeio%20Infante%20D.%20Henrique%20-%203080-154%20Figueira%20da%20Foz&#038;zoom=15\"\n\t\t\t\t\ttitle=\"Pal\u00e1cio da Justi\u00e7a, Passeio Infante D. Henrique - 3080-154 Figueira da Foz\"\n\t\t\t\t\taria-label=\"Pal\u00e1cio da Justi\u00e7a, Passeio Infante D. Henrique - 3080-154 Figueira da Foz\"\n\t\t\t><\/iframe>\n\t\t<\/div>\n\t\t\t\t\t\t<\/div>\n\t\t\t\t<\/div>\n\t\t\t\t<\/div>\n\t\t\t\t\t<\/div>\n\t\t\t\t<\/div>\n\t\t<div class=\"elementor-element elementor-element-5bf53ca e-flex e-con-boxed e-con e-parent\" data-id=\"5bf53ca\" data-element_type=\"container\">\n\t\t\t\t\t<div class=\"e-con-inner\">\n\t\t<div class=\"elementor-element elementor-element-2f05c99 e-con-full e-flex e-con e-child\" data-id=\"2f05c99\" data-element_type=\"container\">\n\t\t\t\t<div class=\"elementor-element elementor-element-6664462 elementor-widget elementor-widget-heading\" data-id=\"6664462\" data-element_type=\"widget\" data-widget_type=\"heading.default\">\n\t\t\t\t<div class=\"elementor-widget-container\">\n\t\t\t\t\t<h4 class=\"elementor-heading-title elementor-size-default\">Ju\u00edzo Local Criminal da Figueira da Foz<\/h4>\t\t\t\t<\/div>\n\t\t\t\t<\/div>\n\t\t\t\t<\/div>\n\t\t<div class=\"elementor-element elementor-element-50507e3 e-con-full e-flex e-con e-child\" data-id=\"50507e3\" data-element_type=\"container\">\n\t\t\t\t<div class=\"elementor-element elementor-element-519e36c elementor-widget elementor-widget-icon-box\" data-id=\"519e36c\" data-element_type=\"widget\" data-widget_type=\"icon-box.default\">\n\t\t\t\t<div class=\"elementor-widget-container\">\n\t\t\t\t\t\t\t<div class=\"elementor-icon-box-wrapper\">\n\n\t\t\t\n\t\t\t\t\t\t<div class=\"elementor-icon-box-content\">\n\n\t\t\t\t\t\t\t\t\t<h6 class=\"elementor-icon-box-title\">\n\t\t\t\t\t\t<span  >\n\t\t\t\t\t\t\tCompet\u00eancia Territorial:\t\t\t\t\t\t<\/span>\n\t\t\t\t\t<\/h6>\n\t\t\t\t\n\t\t\t\t\t\t\t\t\t<p class=\"elementor-icon-box-description\">\n\t\t\t\t\t\t   Munic\u00edpio da Figueira da Foz\t\t\t\t\t<\/p>\n\t\t\t\t\n\t\t\t<\/div>\n\t\t\t\n\t\t<\/div>\n\t\t\t\t\t\t<\/div>\n\t\t\t\t<\/div>\n\t\t\t\t<div class=\"elementor-element elementor-element-d956cdb elementor-widget elementor-widget-icon-box\" data-id=\"d956cdb\" data-element_type=\"widget\" data-widget_type=\"icon-box.default\">\n\t\t\t\t<div class=\"elementor-widget-container\">\n\t\t\t\t\t\t\t<div class=\"elementor-icon-box-wrapper\">\n\n\t\t\t\n\t\t\t\t\t\t<div class=\"elementor-icon-box-content\">\n\n\t\t\t\t\t\t\t\t\t<h6 class=\"elementor-icon-box-title\">\n\t\t\t\t\t\t<span  >\n\t\t\t\t\t\t\tMorada:\t\t\t\t\t\t<\/span>\n\t\t\t\t\t<\/h6>\n\t\t\t\t\n\t\t\t\t\t\t\t\t\t<p class=\"elementor-icon-box-description\">\n\t\t\t\t\t\tPal\u00e1cio da Justi\u00e7a, Passeio Infante D. Henrique\n<br> 3080-154 Figueira da Foz\t\t\t\t\t<\/p>\n\t\t\t\t\n\t\t\t<\/div>\n\t\t\t\n\t\t<\/div>\n\t\t\t\t\t\t<\/div>\n\t\t\t\t<\/div>\n\t\t\t\t<div class=\"elementor-element elementor-element-7ca3bde elementor-widget elementor-widget-icon-box\" data-id=\"7ca3bde\" data-element_type=\"widget\" data-widget_type=\"icon-box.default\">\n\t\t\t\t<div class=\"elementor-widget-container\">\n\t\t\t\t\t\t\t<div class=\"elementor-icon-box-wrapper\">\n\n\t\t\t\n\t\t\t\t\t\t<div class=\"elementor-icon-box-content\">\n\n\t\t\t\t\t\t\t\t\t<h6 class=\"elementor-icon-box-title\">\n\t\t\t\t\t\t<span  >\n\t\t\t\t\t\t\tContactos:\t\t\t\t\t\t<\/span>\n\t\t\t\t\t<\/h6>\n\t\t\t\t\n\t\t\t\t\t\t\t\t\t<p class=\"elementor-icon-box-description\">\n\t\t\t\t\t\t<b>Telefone:<\/b> 233 401 740\n<br>\n<b>Fax:<\/b> 233 093 529\n<br>\n<b>Email:<\/b> figfoz.judicial@tribunais.org.pt\t\t\t\t\t<\/p>\n\t\t\t\t\n\t\t\t<\/div>\n\t\t\t\n\t\t<\/div>\n\t\t\t\t\t\t<\/div>\n\t\t\t\t<\/div>\n\t\t\t\t<\/div>\n\t\t<div class=\"elementor-element elementor-element-137efd6 e-con-full e-flex e-con e-child\" data-id=\"137efd6\" data-element_type=\"container\">\n\t\t\t\t<div class=\"elementor-element elementor-element-7090ae3 elementor-widget elementor-widget-google_maps\" data-id=\"7090ae3\" data-element_type=\"widget\" data-widget_type=\"google_maps.default\">\n\t\t\t\t<div class=\"elementor-widget-container\">\n\t\t\t\t\t\t\t<div class=\"elementor-custom-embed\">\n\t\t\t<iframe loading=\"lazy\"\n\t\t\t\t\tsrc=\"https:\/\/www.google.com\/maps\/embed\/v1\/place?key=AIzaSyDhSoLeftGxfg7Tvco7SEUCY-Cc_XLDY3c&#038;q=Pal%C3%A1cio%20da%20Justi%C3%A7a%2C%20Passeio%20Infante%20D.%20Henrique%20-%203080-154%20Figueira%20da%20Foz&#038;zoom=15\"\n\t\t\t\t\ttitle=\"Pal\u00e1cio da Justi\u00e7a, Passeio Infante D. Henrique - 3080-154 Figueira da Foz\"\n\t\t\t\t\taria-label=\"Pal\u00e1cio da Justi\u00e7a, Passeio Infante D. Henrique - 3080-154 Figueira da Foz\"\n\t\t\t><\/iframe>\n\t\t<\/div>\n\t\t\t\t\t\t<\/div>\n\t\t\t\t<\/div>\n\t\t\t\t<\/div>\n\t\t\t\t\t<\/div>\n\t\t\t\t<\/div>\n\t\t<div class=\"elementor-element elementor-element-a0c00e6 e-flex e-con-boxed e-con e-parent\" data-id=\"a0c00e6\" data-element_type=\"container\">\n\t\t\t\t\t<div class=\"e-con-inner\">\n\t\t<div class=\"elementor-element elementor-element-fd91ba3 e-con-full e-flex e-con e-child\" data-id=\"fd91ba3\" data-element_type=\"container\">\n\t\t\t\t<div class=\"elementor-element elementor-element-78ab684 elementor-widget elementor-widget-heading\" data-id=\"78ab684\" data-element_type=\"widget\" data-widget_type=\"heading.default\">\n\t\t\t\t<div class=\"elementor-widget-container\">\n\t\t\t\t\t<h4 class=\"elementor-heading-title elementor-size-default\">Unidade Central da Figueira da Foz<\/h4>\t\t\t\t<\/div>\n\t\t\t\t<\/div>\n\t\t\t\t<\/div>\n\t\t<div class=\"elementor-element elementor-element-e3bff6c e-con-full e-flex e-con e-child\" data-id=\"e3bff6c\" data-element_type=\"container\">\n\t\t\t\t<div class=\"elementor-element elementor-element-ba6df44 elementor-widget elementor-widget-icon-box\" data-id=\"ba6df44\" data-element_type=\"widget\" data-widget_type=\"icon-box.default\">\n\t\t\t\t<div class=\"elementor-widget-container\">\n\t\t\t\t\t\t\t<div class=\"elementor-icon-box-wrapper\">\n\n\t\t\t\n\t\t\t\t\t\t<div class=\"elementor-icon-box-content\">\n\n\t\t\t\t\t\t\t\t\t<h6 class=\"elementor-icon-box-title\">\n\t\t\t\t\t\t<span  >\n\t\t\t\t\t\t\tCompet\u00eancia Territorial:\t\t\t\t\t\t<\/span>\n\t\t\t\t\t<\/h6>\n\t\t\t\t\n\t\t\t\t\t\t\t\t\t<p class=\"elementor-icon-box-description\">\n\t\t\t\t\t\t Munic\u00edpio da Figueira da Foz\t\t\t\t\t<\/p>\n\t\t\t\t\n\t\t\t<\/div>\n\t\t\t\n\t\t<\/div>\n\t\t\t\t\t\t<\/div>\n\t\t\t\t<\/div>\n\t\t\t\t<div class=\"elementor-element elementor-element-922d439 elementor-widget elementor-widget-icon-box\" data-id=\"922d439\" data-element_type=\"widget\" data-widget_type=\"icon-box.default\">\n\t\t\t\t<div class=\"elementor-widget-container\">\n\t\t\t\t\t\t\t<div class=\"elementor-icon-box-wrapper\">\n\n\t\t\t\n\t\t\t\t\t\t<div class=\"elementor-icon-box-content\">\n\n\t\t\t\t\t\t\t\t\t<h6 class=\"elementor-icon-box-title\">\n\t\t\t\t\t\t<span  >\n\t\t\t\t\t\t\tMorada:\t\t\t\t\t\t<\/span>\n\t\t\t\t\t<\/h6>\n\t\t\t\t\n\t\t\t\t\t\t\t\t\t<p class=\"elementor-icon-box-description\">\n\t\t\t\t\t\tPal\u00e1cio da Justi\u00e7a, Passeio Infante D. Henrique\n<br> 3080-154 Figueira da Foz\t\t\t\t\t<\/p>\n\t\t\t\t\n\t\t\t<\/div>\n\t\t\t\n\t\t<\/div>\n\t\t\t\t\t\t<\/div>\n\t\t\t\t<\/div>\n\t\t\t\t<div class=\"elementor-element elementor-element-9791757 elementor-widget elementor-widget-icon-box\" data-id=\"9791757\" data-element_type=\"widget\" data-widget_type=\"icon-box.default\">\n\t\t\t\t<div class=\"elementor-widget-container\">\n\t\t\t\t\t\t\t<div class=\"elementor-icon-box-wrapper\">\n\n\t\t\t\n\t\t\t\t\t\t<div class=\"elementor-icon-box-content\">\n\n\t\t\t\t\t\t\t\t\t<h6 class=\"elementor-icon-box-title\">\n\t\t\t\t\t\t<span  >\n\t\t\t\t\t\t\tContactos:\t\t\t\t\t\t<\/span>\n\t\t\t\t\t<\/h6>\n\t\t\t\t\n\t\t\t\t\t\t\t\t\t<p class=\"elementor-icon-box-description\">\n\t\t\t\t\t\t<b>Telefone:<\/b> 233 401 740\n<br>\n<b>Fax:<\/b> 233 093 529\n<br>\n<b>Email:<\/b> figfoz.judicial@tribunais.org.pt\t\t\t\t\t<\/p>\n\t\t\t\t\n\t\t\t<\/div>\n\t\t\t\n\t\t<\/div>\n\t\t\t\t\t\t<\/div>\n\t\t\t\t<\/div>\n\t\t\t\t<\/div>\n\t\t<div class=\"elementor-element elementor-element-970c252 e-con-full e-flex e-con e-child\" data-id=\"970c252\" data-element_type=\"container\">\n\t\t\t\t<div class=\"elementor-element elementor-element-b3579f6 elementor-widget elementor-widget-google_maps\" data-id=\"b3579f6\" data-element_type=\"widget\" data-widget_type=\"google_maps.default\">\n\t\t\t\t<div class=\"elementor-widget-container\">\n\t\t\t\t\t\t\t<div class=\"elementor-custom-embed\">\n\t\t\t<iframe loading=\"lazy\"\n\t\t\t\t\tsrc=\"https:\/\/www.google.com\/maps\/embed\/v1\/place?key=AIzaSyDhSoLeftGxfg7Tvco7SEUCY-Cc_XLDY3c&#038;q=Pal%C3%A1cio%20da%20Justi%C3%A7a%2C%20Passeio%20Infante%20D.%20Henrique%20-%203080-154%20Figueira%20da%20Foz&#038;zoom=15\"\n\t\t\t\t\ttitle=\"Pal\u00e1cio da Justi\u00e7a, Passeio Infante D. Henrique - 3080-154 Figueira da Foz\"\n\t\t\t\t\taria-label=\"Pal\u00e1cio da Justi\u00e7a, Passeio Infante D. Henrique - 3080-154 Figueira da Foz\"\n\t\t\t><\/iframe>\n\t\t<\/div>\n\t\t\t\t\t\t<\/div>\n\t\t\t\t<\/div>\n\t\t\t\t<\/div>\n\t\t\t\t\t<\/div>\n\t\t\t\t<\/div>\n\t\t\t\t<\/div>\n\t\t","protected":false},"excerpt":{"rendered":"<p>Ju\u00edzo de Fam\u00edlia e Menores da Figueira da Foz &#8211; J1 e J2 Compet\u00eancia Territorial: Munic\u00edpios de Cantanhede, Figueira da Foz, Mira e Montemor-o-Velho Morada: Pal\u00e1cio da Justi\u00e7a, Passeio Infante D. Henrique 3080-154 Figueira da Foz Contactos: Telefone: 233 401 740 Fax: 233 093 529 Email: figfoz.familia@tribunais.org.pt Ju\u00edzo do Trabalho da Figueira da Foz Compet\u00eancia&#8230;<\/p>\n","protected":false},"author":12,"featured_media":0,"parent":11069,"menu_order":0,"comment_status":"closed","ping_status":"closed","template":"","meta":{"_tbt_post_transparent":"","_tbt_post_title":"","_tbt_post_layout":"default","_tbt_post_sidebar_id":"","_tbt_post_content_style":"","_tbt_post_vertical_padding":"","_tbt_post_feature":"","_tbt_post_feature_position":"","_tbt_post_header":false,"_tbt_post_footer":false},"class_list":["post-41160","page","type-page","status-publish","hentry"],"yoast_head":"<!-- This site is optimized with the Yoast SEO plugin v25.6 - https:\/\/yoast.com\/wordpress\/plugins\/seo\/ -->\n<title>Figueira da Foz - Tribunal Judicial da Comarca de Coimbra<\/title>\n<meta name=\"robots\" content=\"index, follow, max-snippet:-1, max-image-preview:large, max-video-preview:-1\" \/>\n<link rel=\"canonical\" href=\"https:\/\/comarcas.csm.org.pt\/coimbra\/acomarca\/juizos\/cantanhede\/\" \/>\n<meta property=\"og:locale\" content=\"pt_PT\" \/>\n<meta property=\"og:type\" content=\"article\" \/>\n<meta property=\"og:title\" content=\"Figueira da Foz - Tribunal Judicial da Comarca de Coimbra\" \/>\n<meta property=\"og:description\" content=\"Ju\u00edzo de Fam\u00edlia e Menores da Figueira da Foz &#8211; J1 e J2 Compet\u00eancia Territorial: Munic\u00edpios de Cantanhede, Figueira da Foz, Mira e Montemor-o-Velho Morada: Pal\u00e1cio da Justi\u00e7a, Passeio Infante D. Henrique 3080-154 Figueira da Foz Contactos: Telefone: 233 401 740 Fax: 233 093 529 Email: figfoz.familia@tribunais.org.pt Ju\u00edzo do Trabalho da Figueira da Foz Compet\u00eancia...\" \/>\n<meta property=\"og:url\" content=\"https:\/\/comarcas.csm.org.pt\/coimbra\/acomarca\/juizos\/cantanhede\/\" \/>\n<meta property=\"og:site_name\" content=\"Tribunal Judicial da Comarca de Coimbra\" \/>\n<meta property=\"article:modified_time\" content=\"2025-07-15T15:34:03+00:00\" \/>\n<meta name=\"twitter:card\" content=\"summary_large_image\" \/>\n<meta name=\"twitter:label1\" content=\"Tempo estimado de leitura\" \/>\n\t<meta name=\"twitter:data1\" content=\"1 minuto\" \/>\n<script type=\"application\/ld+json\" class=\"yoast-schema-graph\">{\"@context\":\"https:\/\/schema.org\",\"@graph\":[{\"@type\":\"WebPage\",\"@id\":\"https:\/\/comarcas.csm.org.pt\/coimbra\/acomarca\/juizos\/cantanhede\/\",\"url\":\"https:\/\/comarcas.csm.org.pt\/coimbra\/acomarca\/juizos\/cantanhede\/\",\"name\":\"Figueira da Foz - Tribunal Judicial da Comarca de Coimbra\",\"isPartOf\":{\"@id\":\"https:\/\/comarcas.csm.org.pt\/coimbra\/#website\"},\"datePublished\":\"2025-06-17T13:58:50+00:00\",\"dateModified\":\"2025-07-15T15:34:03+00:00\",\"breadcrumb\":{\"@id\":\"https:\/\/comarcas.csm.org.pt\/coimbra\/acomarca\/juizos\/cantanhede\/#breadcrumb\"},\"inLanguage\":\"pt-PT\",\"potentialAction\":[{\"@type\":\"ReadAction\",\"target\":[\"https:\/\/comarcas.csm.org.pt\/coimbra\/acomarca\/juizos\/cantanhede\/\"]}]},{\"@type\":\"BreadcrumbList\",\"@id\":\"https:\/\/comarcas.csm.org.pt\/coimbra\/acomarca\/juizos\/cantanhede\/#breadcrumb\",\"itemListElement\":[{\"@type\":\"ListItem\",\"position\":1,\"name\":\"In\u00edcio\",\"item\":\"https:\/\/comarcas.csm.org.pt\/coimbra\/\"},{\"@type\":\"ListItem\",\"position\":2,\"name\":\"A Comarca\",\"item\":\"https:\/\/comarcas.csm.org.pt\/coimbra\/acomarca\/\"},{\"@type\":\"ListItem\",\"position\":3,\"name\":\"Ju\u00edzos\",\"item\":\"https:\/\/comarcas.csm.org.pt\/coimbra\/acomarca\/juizos\/\"},{\"@type\":\"ListItem\",\"position\":4,\"name\":\"Figueira da Foz\"}]},{\"@type\":\"WebSite\",\"@id\":\"https:\/\/comarcas.csm.org.pt\/coimbra\/#website\",\"url\":\"https:\/\/comarcas.csm.org.pt\/coimbra\/\",\"name\":\"Tribunal Judicial da Comarca de Coimbra\",\"description\":\"Tribunal Judicial da Comarca de Aveiro\",\"publisher\":{\"@id\":\"https:\/\/comarcas.csm.org.pt\/coimbra\/#organization\"},\"potentialAction\":[{\"@type\":\"SearchAction\",\"target\":{\"@type\":\"EntryPoint\",\"urlTemplate\":\"https:\/\/comarcas.csm.org.pt\/coimbra\/?s={search_term_string}\"},\"query-input\":{\"@type\":\"PropertyValueSpecification\",\"valueRequired\":true,\"valueName\":\"search_term_string\"}}],\"inLanguage\":\"pt-PT\"},{\"@type\":\"Organization\",\"@id\":\"https:\/\/comarcas.csm.org.pt\/coimbra\/#organization\",\"name\":\"Tribunal Judicial da Comarca de Coimbra\",\"url\":\"https:\/\/comarcas.csm.org.pt\/coimbra\/\",\"logo\":{\"@type\":\"ImageObject\",\"inLanguage\":\"pt-PT\",\"@id\":\"https:\/\/comarcas.csm.org.pt\/coimbra\/#\/schema\/logo\/image\/\",\"url\":\"https:\/\/comarcas.csm.org.pt\/coimbra\/wp-content\/uploads\/sites\/12\/2024\/11\/Coimbra_positivo-horizontal.png\",\"contentUrl\":\"https:\/\/comarcas.csm.org.pt\/coimbra\/wp-content\/uploads\/sites\/12\/2024\/11\/Coimbra_positivo-horizontal.png\",\"width\":4163,\"height\":1224,\"caption\":\"Tribunal Judicial da Comarca de Coimbra\"},\"image\":{\"@id\":\"https:\/\/comarcas.csm.org.pt\/coimbra\/#\/schema\/logo\/image\/\"}}]}<\/script>\n<!-- \/ Yoast SEO plugin. -->","yoast_head_json":{"title":"Figueira da Foz - Tribunal Judicial da Comarca de Coimbra","robots":{"index":"index","follow":"follow","max-snippet":"max-snippet:-1","max-image-preview":"max-image-preview:large","max-video-preview":"max-video-preview:-1"},"canonical":"https:\/\/comarcas.csm.org.pt\/coimbra\/acomarca\/juizos\/cantanhede\/","og_locale":"pt_PT","og_type":"article","og_title":"Figueira da Foz - Tribunal Judicial da Comarca de Coimbra","og_description":"Ju\u00edzo de Fam\u00edlia e Menores da Figueira da Foz &#8211; J1 e J2 Compet\u00eancia Territorial: Munic\u00edpios de Cantanhede, Figueira da Foz, Mira e Montemor-o-Velho Morada: Pal\u00e1cio da Justi\u00e7a, Passeio Infante D. Henrique 3080-154 Figueira da Foz Contactos: Telefone: 233 401 740 Fax: 233 093 529 Email: figfoz.familia@tribunais.org.pt Ju\u00edzo do Trabalho da Figueira da Foz Compet\u00eancia...","og_url":"https:\/\/comarcas.csm.org.pt\/coimbra\/acomarca\/juizos\/cantanhede\/","og_site_name":"Tribunal Judicial da Comarca de Coimbra","article_modified_time":"2025-07-15T15:34:03+00:00","twitter_card":"summary_large_image","twitter_misc":{"Tempo estimado de leitura":"1 minuto"},"schema":{"@context":"https:\/\/schema.org","@graph":[{"@type":"WebPage","@id":"https:\/\/comarcas.csm.org.pt\/coimbra\/acomarca\/juizos\/cantanhede\/","url":"https:\/\/comarcas.csm.org.pt\/coimbra\/acomarca\/juizos\/cantanhede\/","name":"Figueira da Foz - Tribunal Judicial da Comarca de Coimbra","isPartOf":{"@id":"https:\/\/comarcas.csm.org.pt\/coimbra\/#website"},"datePublished":"2025-06-17T13:58:50+00:00","dateModified":"2025-07-15T15:34:03+00:00","breadcrumb":{"@id":"https:\/\/comarcas.csm.org.pt\/coimbra\/acomarca\/juizos\/cantanhede\/#breadcrumb"},"inLanguage":"pt-PT","potentialAction":[{"@type":"ReadAction","target":["https:\/\/comarcas.csm.org.pt\/coimbra\/acomarca\/juizos\/cantanhede\/"]}]},{"@type":"BreadcrumbList","@id":"https:\/\/comarcas.csm.org.pt\/coimbra\/acomarca\/juizos\/cantanhede\/#breadcrumb","itemListElement":[{"@type":"ListItem","position":1,"name":"In\u00edcio","item":"https:\/\/comarcas.csm.org.pt\/coimbra\/"},{"@type":"ListItem","position":2,"name":"A Comarca","item":"https:\/\/comarcas.csm.org.pt\/coimbra\/acomarca\/"},{"@type":"ListItem","position":3,"name":"Ju\u00edzos","item":"https:\/\/comarcas.csm.org.pt\/coimbra\/acomarca\/juizos\/"},{"@type":"ListItem","position":4,"name":"Figueira da Foz"}]},{"@type":"WebSite","@id":"https:\/\/comarcas.csm.org.pt\/coimbra\/#website","url":"https:\/\/comarcas.csm.org.pt\/coimbra\/","name":"Tribunal Judicial da Comarca de Coimbra","description":"Tribunal Judicial da Comarca de Aveiro","publisher":{"@id":"https:\/\/comarcas.csm.org.pt\/coimbra\/#organization"},"potentialAction":[{"@type":"SearchAction","target":{"@type":"EntryPoint","urlTemplate":"https:\/\/comarcas.csm.org.pt\/coimbra\/?s={search_term_string}"},"query-input":{"@type":"PropertyValueSpecification","valueRequired":true,"valueName":"search_term_string"}}],"inLanguage":"pt-PT"},{"@type":"Organization","@id":"https:\/\/comarcas.csm.org.pt\/coimbra\/#organization","name":"Tribunal Judicial da Comarca de Coimbra","url":"https:\/\/comarcas.csm.org.pt\/coimbra\/","logo":{"@type":"ImageObject","inLanguage":"pt-PT","@id":"https:\/\/comarcas.csm.org.pt\/coimbra\/#\/schema\/logo\/image\/","url":"https:\/\/comarcas.csm.org.pt\/coimbra\/wp-content\/uploads\/sites\/12\/2024\/11\/Coimbra_positivo-horizontal.png","contentUrl":"https:\/\/comarcas.csm.org.pt\/coimbra\/wp-content\/uploads\/sites\/12\/2024\/11\/Coimbra_positivo-horizontal.png","width":4163,"height":1224,"caption":"Tribunal Judicial da Comarca de Coimbra"},"image":{"@id":"https:\/\/comarcas.csm.org.pt\/coimbra\/#\/schema\/logo\/image\/"}}]}},"_links":{"self":[{"href":"https:\/\/comarcas.csm.org.pt\/coimbra\/wp-json\/wp\/v2\/pages\/41160","targetHints":{"allow":["GET"]}}],"collection":[{"href":"https:\/\/comarcas.csm.org.pt\/coimbra\/wp-json\/wp\/v2\/pages"}],"about":[{"href":"https:\/\/comarcas.csm.org.pt\/coimbra\/wp-json\/wp\/v2\/types\/page"}],"author":[{"embeddable":true,"href":"https:\/\/comarcas.csm.org.pt\/coimbra\/wp-json\/wp\/v2\/users\/12"}],"replies":[{"embeddable":true,"href":"https:\/\/comarcas.csm.org.pt\/coimbra\/wp-json\/wp\/v2\/comments?post=41160"}],"version-history":[{"count":15,"href":"https:\/\/comarcas.csm.org.pt\/coimbra\/wp-json\/wp\/v2\/pages\/41160\/revisions"}],"predecessor-version":[{"id":41816,"href":"https:\/\/comarcas.csm.org.pt\/coimbra\/wp-json\/wp\/v2\/pages\/41160\/revisions\/41816"}],"up":[{"embeddable":true,"href":"https:\/\/comarcas.csm.org.pt\/coimbra\/wp-json\/wp\/v2\/pages\/11069"}],"wp:attachment":[{"href":"https:\/\/comarcas.csm.org.pt\/coimbra\/wp-json\/wp\/v2\/media?parent=41160"}],"curies":[{"name":"wp","href":"https:\/\/api.w.org\/{rel}","templated":true}]}}