{"id":11444,"date":"2024-05-22T13:08:12","date_gmt":"2024-05-22T13:08:12","guid":{"rendered":"https:\/\/aveiro.vvr.pt\/?page_id=11444"},"modified":"2026-04-21T11:19:44","modified_gmt":"2026-04-21T11:19:44","slug":"links","status":"publish","type":"page","link":"https:\/\/comarcas.csm.org.pt\/evora\/cidadao\/links\/","title":{"rendered":"Links \u00dateis"},"content":{"rendered":"\t\t<div data-elementor-type=\"wp-page\" data-elementor-id=\"11444\" class=\"elementor elementor-11444\" data-elementor-post-type=\"page\">\n\t\t\t\t<div class=\"elementor-element elementor-element-af65e8b e-flex e-con-boxed e-con e-parent\" data-id=\"af65e8b\" data-element_type=\"container\">\n\t\t\t\t\t<div class=\"e-con-inner\">\n\t\t<div class=\"elementor-element elementor-element-2d5ea22 e-con-full e-flex e-con e-child\" data-id=\"2d5ea22\" data-element_type=\"container\">\n\t\t\t\t<div class=\"elementor-element elementor-element-7ed05ff btn100 elementor-widget elementor-widget-button\" data-id=\"7ed05ff\" data-element_type=\"widget\" data-widget_type=\"button.default\">\n\t\t\t\t<div class=\"elementor-widget-container\">\n\t\t\t\t\t\t\t\t\t<div class=\"elementor-button-wrapper\">\n\t\t\t\t\t<a class=\"elementor-button elementor-button-link elementor-size-sm\" href=\"https:\/\/csm.org.pt\/\" target=\"_blank\">\n\t\t\t\t\t\t<span class=\"elementor-button-content-wrapper\">\n\t\t\t\t\t\t\t\t\t<span class=\"elementor-button-text\">csm<\/span>\n\t\t\t\t\t<\/span>\n\t\t\t\t\t<\/a>\n\t\t\t\t<\/div>\n\t\t\t\t\t\t\t\t<\/div>\n\t\t\t\t<\/div>\n\t\t\t\t<\/div>\n\t\t<div class=\"elementor-element elementor-element-a9cdf9f e-con-full e-flex e-con e-child\" data-id=\"a9cdf9f\" data-element_type=\"container\">\n\t\t\t\t<div class=\"elementor-element elementor-element-224bc6b btn100 elementor-widget elementor-widget-button\" data-id=\"224bc6b\" data-element_type=\"widget\" data-widget_type=\"button.default\">\n\t\t\t\t<div class=\"elementor-widget-container\">\n\t\t\t\t\t\t\t\t\t<div class=\"elementor-button-wrapper\">\n\t\t\t\t\t<a class=\"elementor-button elementor-button-link elementor-size-sm\" href=\"https:\/\/tre.tribunais.org.pt\/\" target=\"_blank\">\n\t\t\t\t\t\t<span class=\"elementor-button-content-wrapper\">\n\t\t\t\t\t\t\t\t\t<span class=\"elementor-button-text\">TRIBUNAL da RELA\u00c7\u00c3O \u00c9VORA<\/span>\n\t\t\t\t\t<\/span>\n\t\t\t\t\t<\/a>\n\t\t\t\t<\/div>\n\t\t\t\t\t\t\t\t<\/div>\n\t\t\t\t<\/div>\n\t\t\t\t<\/div>\n\t\t<div class=\"elementor-element elementor-element-65e641c e-con-full e-flex e-con e-child\" data-id=\"65e641c\" data-element_type=\"container\">\n\t\t\t\t<div class=\"elementor-element elementor-element-a7b16e1 btn100 elementor-widget elementor-widget-button\" data-id=\"a7b16e1\" data-element_type=\"widget\" data-widget_type=\"button.default\">\n\t\t\t\t<div class=\"elementor-widget-container\">\n\t\t\t\t\t\t\t\t\t<div class=\"elementor-button-wrapper\">\n\t\t\t\t\t<a class=\"elementor-button elementor-button-link elementor-size-sm\" href=\"https:\/\/www.ministeriopublico.pt\/\" target=\"_blank\">\n\t\t\t\t\t\t<span class=\"elementor-button-content-wrapper\">\n\t\t\t\t\t\t\t\t\t<span class=\"elementor-button-text\">mINIST\u00c9RIO P\u00daBLICO<\/span>\n\t\t\t\t\t<\/span>\n\t\t\t\t\t<\/a>\n\t\t\t\t<\/div>\n\t\t\t\t\t\t\t\t<\/div>\n\t\t\t\t<\/div>\n\t\t\t\t<\/div>\n\t\t<div class=\"elementor-element elementor-element-f340077 e-con-full e-flex e-con e-child\" data-id=\"f340077\" data-element_type=\"container\">\n\t\t\t\t<div class=\"elementor-element elementor-element-f555017 btn100 elementor-widget__width-initial elementor-widget elementor-widget-button\" data-id=\"f555017\" data-element_type=\"widget\" data-widget_type=\"button.default\">\n\t\t\t\t<div class=\"elementor-widget-container\">\n\t\t\t\t\t\t\t\t\t<div class=\"elementor-button-wrapper\">\n\t\t\t\t\t<a class=\"elementor-button elementor-button-link elementor-size-sm\" href=\"https:\/\/www.tribunalconstitucional.pt\/tc\/home.html\" target=\"_blank\">\n\t\t\t\t\t\t<span class=\"elementor-button-content-wrapper\">\n\t\t\t\t\t\t\t\t\t<span class=\"elementor-button-text\">TRIBUNAL CONSTITUCIONAL <\/span>\n\t\t\t\t\t<\/span>\n\t\t\t\t\t<\/a>\n\t\t\t\t<\/div>\n\t\t\t\t\t\t\t\t<\/div>\n\t\t\t\t<\/div>\n\t\t\t\t<\/div>\n\t\t<div class=\"elementor-element elementor-element-b769724 e-con-full e-flex e-con e-child\" data-id=\"b769724\" data-element_type=\"container\">\n\t\t\t\t<div class=\"elementor-element elementor-element-cb3ffeb btn100 elementor-widget elementor-widget-button\" data-id=\"cb3ffeb\" data-element_type=\"widget\" data-widget_type=\"button.default\">\n\t\t\t\t<div class=\"elementor-widget-container\">\n\t\t\t\t\t\t\t\t\t<div class=\"elementor-button-wrapper\">\n\t\t\t\t\t<a class=\"elementor-button elementor-button-link elementor-size-sm\" href=\"https:\/\/www.stj.pt\/\" target=\"_blank\">\n\t\t\t\t\t\t<span class=\"elementor-button-content-wrapper\">\n\t\t\t\t\t\t\t\t\t<span class=\"elementor-button-text\">Supremo Tribunal de Justi\u00e7a<\/span>\n\t\t\t\t\t<\/span>\n\t\t\t\t\t<\/a>\n\t\t\t\t<\/div>\n\t\t\t\t\t\t\t\t<\/div>\n\t\t\t\t<\/div>\n\t\t\t\t<\/div>\n\t\t\t\t\t<\/div>\n\t\t\t\t<\/div>\n\t\t<div class=\"elementor-element elementor-element-06ce630 e-flex e-con-boxed e-con e-parent\" data-id=\"06ce630\" data-element_type=\"container\">\n\t\t\t\t\t<div class=\"e-con-inner\">\n\t\t<div class=\"elementor-element elementor-element-b17c477 e-con-full e-flex e-con e-child\" data-id=\"b17c477\" data-element_type=\"container\">\n\t\t\t\t<div class=\"elementor-element elementor-element-fbeb4a9 btn100 elementor-widget elementor-widget-button\" data-id=\"fbeb4a9\" data-element_type=\"widget\" data-widget_type=\"button.default\">\n\t\t\t\t<div class=\"elementor-widget-container\">\n\t\t\t\t\t\t\t\t\t<div class=\"elementor-button-wrapper\">\n\t\t\t\t\t<a class=\"elementor-button elementor-button-link elementor-size-sm\" href=\"https:\/\/dgpj.justica.gov.pt\/\" target=\"_blank\">\n\t\t\t\t\t\t<span class=\"elementor-button-content-wrapper\">\n\t\t\t\t\t\t\t\t\t<span class=\"elementor-button-text\">Dire\u00e7\u00e3o-Geral da Pol\u00edtica de Justi\u00e7a<\/span>\n\t\t\t\t\t<\/span>\n\t\t\t\t\t<\/a>\n\t\t\t\t<\/div>\n\t\t\t\t\t\t\t\t<\/div>\n\t\t\t\t<\/div>\n\t\t\t\t<\/div>\n\t\t<div class=\"elementor-element elementor-element-6ee8f44 e-con-full e-flex e-con e-child\" data-id=\"6ee8f44\" data-element_type=\"container\">\n\t\t\t\t<div class=\"elementor-element elementor-element-50d2918 btn100 elementor-widget elementor-widget-button\" data-id=\"50d2918\" data-element_type=\"widget\" data-widget_type=\"button.default\">\n\t\t\t\t<div class=\"elementor-widget-container\">\n\t\t\t\t\t\t\t\t\t<div class=\"elementor-button-wrapper\">\n\t\t\t\t\t<a class=\"elementor-button elementor-button-link elementor-size-sm\" href=\"https:\/\/www.trg.pt\/#gsc.tab=0\" target=\"_blank\">\n\t\t\t\t\t\t<span class=\"elementor-button-content-wrapper\">\n\t\t\t\t\t\t\t\t\t<span class=\"elementor-button-text\">Tribunal da Rela\u00e7\u00e3o de Guimar\u00e3es<\/span>\n\t\t\t\t\t<\/span>\n\t\t\t\t\t<\/a>\n\t\t\t\t<\/div>\n\t\t\t\t\t\t\t\t<\/div>\n\t\t\t\t<\/div>\n\t\t\t\t<\/div>\n\t\t<div class=\"elementor-element elementor-element-86a3e37 e-con-full e-flex e-con e-child\" data-id=\"86a3e37\" data-element_type=\"container\">\n\t\t\t\t<div class=\"elementor-element elementor-element-5b62a11 btn100 elementor-widget elementor-widget-button\" data-id=\"5b62a11\" data-element_type=\"widget\" data-widget_type=\"button.default\">\n\t\t\t\t<div class=\"elementor-widget-container\">\n\t\t\t\t\t\t\t\t\t<div class=\"elementor-button-wrapper\">\n\t\t\t\t\t<a class=\"elementor-button elementor-button-link elementor-size-sm\" href=\"https:\/\/www.trp.pt\/\" target=\"_blank\">\n\t\t\t\t\t\t<span class=\"elementor-button-content-wrapper\">\n\t\t\t\t\t\t\t\t\t<span class=\"elementor-button-text\">Tribunal da Rela\u00e7\u00e3o do Porto<\/span>\n\t\t\t\t\t<\/span>\n\t\t\t\t\t<\/a>\n\t\t\t\t<\/div>\n\t\t\t\t\t\t\t\t<\/div>\n\t\t\t\t<\/div>\n\t\t\t\t<\/div>\n\t\t<div class=\"elementor-element elementor-element-88e03ea e-con-full e-flex e-con e-child\" data-id=\"88e03ea\" data-element_type=\"container\">\n\t\t\t\t<div class=\"elementor-element elementor-element-133e8f8 btn100 elementor-widget elementor-widget-button\" data-id=\"133e8f8\" data-element_type=\"widget\" data-widget_type=\"button.default\">\n\t\t\t\t<div class=\"elementor-widget-container\">\n\t\t\t\t\t\t\t\t\t<div class=\"elementor-button-wrapper\">\n\t\t\t\t\t<a class=\"elementor-button elementor-button-link elementor-size-sm\" href=\"https:\/\/trl.mj.pt\/\" target=\"_blank\">\n\t\t\t\t\t\t<span class=\"elementor-button-content-wrapper\">\n\t\t\t\t\t\t\t\t\t<span class=\"elementor-button-text\">Tribunal da Rela\u00e7\u00e3o de Lisboa<\/span>\n\t\t\t\t\t<\/span>\n\t\t\t\t\t<\/a>\n\t\t\t\t<\/div>\n\t\t\t\t\t\t\t\t<\/div>\n\t\t\t\t<\/div>\n\t\t\t\t<\/div>\n\t\t<div class=\"elementor-element elementor-element-e04d76f e-con-full e-flex e-con e-child\" data-id=\"e04d76f\" data-element_type=\"container\">\n\t\t\t\t<div class=\"elementor-element elementor-element-e4a6e02 btn100 elementor-widget elementor-widget-button\" data-id=\"e4a6e02\" data-element_type=\"widget\" data-widget_type=\"button.default\">\n\t\t\t\t<div class=\"elementor-widget-container\">\n\t\t\t\t\t\t\t\t\t<div class=\"elementor-button-wrapper\">\n\t\t\t\t\t<a class=\"elementor-button elementor-button-link elementor-size-sm\" href=\"https:\/\/trc.pt\/\">\n\t\t\t\t\t\t<span class=\"elementor-button-content-wrapper\">\n\t\t\t\t\t\t\t\t\t<span class=\"elementor-button-text\">tribunal da Rela\u00e7\u00e3o de Coimbra<\/span>\n\t\t\t\t\t<\/span>\n\t\t\t\t\t<\/a>\n\t\t\t\t<\/div>\n\t\t\t\t\t\t\t\t<\/div>\n\t\t\t\t<\/div>\n\t\t\t\t<\/div>\n\t\t\t\t\t<\/div>\n\t\t\t\t<\/div>\n\t\t<div class=\"elementor-element elementor-element-5b14da2 e-flex e-con-boxed e-con e-parent\" data-id=\"5b14da2\" data-element_type=\"container\">\n\t\t\t\t\t<div class=\"e-con-inner\">\n\t\t<div class=\"elementor-element elementor-element-cc505d8 e-con-full e-flex e-con e-child\" data-id=\"cc505d8\" data-element_type=\"container\">\n\t\t\t\t<\/div>\n\t\t<div class=\"elementor-element elementor-element-9be3674 e-con-full e-flex e-con e-child\" data-id=\"9be3674\" data-element_type=\"container\">\n\t\t\t\t<\/div>\n\t\t<div class=\"elementor-element elementor-element-cd30220 e-con-full e-flex e-con e-child\" data-id=\"cd30220\" data-element_type=\"container\">\n\t\t\t\t<\/div>\n\t\t<div class=\"elementor-element elementor-element-39f23d2 e-con-full e-flex e-con e-child\" data-id=\"39f23d2\" data-element_type=\"container\">\n\t\t\t\t<\/div>\n\t\t<div class=\"elementor-element elementor-element-f7b5dc7 e-con-full e-flex e-con e-child\" data-id=\"f7b5dc7\" data-element_type=\"container\">\n\t\t\t\t<\/div>\n\t\t\t\t\t<\/div>\n\t\t\t\t<\/div>\n\t\t<div class=\"elementor-element elementor-element-d7518f4 e-flex e-con-boxed e-con e-parent\" data-id=\"d7518f4\" data-element_type=\"container\">\n\t\t\t\t\t<div class=\"e-con-inner\">\n\t\t<div class=\"elementor-element elementor-element-212101a e-con-full e-flex e-con e-child\" data-id=\"212101a\" data-element_type=\"container\">\n\t\t\t\t<\/div>\n\t\t<div class=\"elementor-element elementor-element-49c0a7c e-con-full e-flex e-con e-child\" data-id=\"49c0a7c\" data-element_type=\"container\">\n\t\t\t\t<\/div>\n\t\t<div class=\"elementor-element elementor-element-efbfbf8 e-con-full e-flex e-con e-child\" data-id=\"efbfbf8\" data-element_type=\"container\">\n\t\t\t\t<\/div>\n\t\t<div class=\"elementor-element elementor-element-d85da34 e-con-full e-flex e-con e-child\" data-id=\"d85da34\" data-element_type=\"container\">\n\t\t\t\t<\/div>\n\t\t<div class=\"elementor-element elementor-element-40781b8 e-con-full e-flex e-con e-child\" data-id=\"40781b8\" data-element_type=\"container\">\n\t\t\t\t<\/div>\n\t\t\t\t\t<\/div>\n\t\t\t\t<\/div>\n\t\t<div class=\"elementor-element elementor-element-c805c21 e-flex e-con-boxed e-con e-parent\" data-id=\"c805c21\" data-element_type=\"container\">\n\t\t\t\t\t<div class=\"e-con-inner\">\n\t\t<div class=\"elementor-element elementor-element-139de75 e-con-full e-flex e-con e-child\" data-id=\"139de75\" data-element_type=\"container\">\n\t\t\t\t<\/div>\n\t\t<div class=\"elementor-element elementor-element-77a42e4 e-con-full e-flex e-con e-child\" data-id=\"77a42e4\" data-element_type=\"container\">\n\t\t\t\t<\/div>\n\t\t<div class=\"elementor-element elementor-element-6aaebf2 e-con-full e-flex e-con e-child\" data-id=\"6aaebf2\" data-element_type=\"container\">\n\t\t\t\t<\/div>\n\t\t<div class=\"elementor-element elementor-element-db125ca e-con-full e-flex e-con e-child\" data-id=\"db125ca\" data-element_type=\"container\">\n\t\t\t\t<\/div>\n\t\t<div class=\"elementor-element elementor-element-f891056 e-con-full e-flex e-con e-child\" data-id=\"f891056\" data-element_type=\"container\">\n\t\t\t\t<\/div>\n\t\t\t\t\t<\/div>\n\t\t\t\t<\/div>\n\t\t\t\t<\/div>\n\t\t","protected":false},"excerpt":{"rendered":"<p>csm TRIBUNAL da RELA\u00c7\u00c3O \u00c9VORA mINIST\u00c9RIO P\u00daBLICO TRIBUNAL CONSTITUCIONAL Supremo Tribunal de Justi\u00e7a Dire\u00e7\u00e3o-Geral da Pol\u00edtica de Justi\u00e7a Tribunal da Rela\u00e7\u00e3o de Guimar\u00e3es Tribunal da Rela\u00e7\u00e3o do Porto Tribunal da Rela\u00e7\u00e3o de Lisboa tribunal da Rela\u00e7\u00e3o de Coimbra<\/p>\n","protected":false},"author":1,"featured_media":0,"parent":11404,"menu_order":0,"comment_status":"closed","ping_status":"closed","template":"","meta":{"_tbt_post_transparent":"","_tbt_post_title":"","_tbt_post_layout":"default","_tbt_post_sidebar_id":"","_tbt_post_content_style":"","_tbt_post_vertical_padding":"","_tbt_post_feature":"","_tbt_post_feature_position":"","_tbt_post_header":false,"_tbt_post_footer":false},"class_list":["post-11444","page","type-page","status-publish","hentry"],"yoast_head":"<!-- This site is optimized with the Yoast SEO plugin v25.6 - https:\/\/yoast.com\/wordpress\/plugins\/seo\/ -->\n<title>Links \u00dateis - Tribunal Judicial da Comarca de \u00c9vora<\/title>\n<meta name=\"robots\" content=\"index, follow, max-snippet:-1, max-image-preview:large, max-video-preview:-1\" \/>\n<link rel=\"canonical\" href=\"https:\/\/comarcas.csm.org.pt\/evora\/cidadao\/links\/\" \/>\n<meta property=\"og:locale\" content=\"pt_PT\" \/>\n<meta property=\"og:type\" content=\"article\" \/>\n<meta property=\"og:title\" content=\"Links \u00dateis - Tribunal Judicial da Comarca de \u00c9vora\" \/>\n<meta property=\"og:description\" content=\"csm TRIBUNAL da RELA\u00c7\u00c3O \u00c9VORA mINIST\u00c9RIO P\u00daBLICO TRIBUNAL CONSTITUCIONAL Supremo Tribunal de Justi\u00e7a Dire\u00e7\u00e3o-Geral da Pol\u00edtica de Justi\u00e7a Tribunal da Rela\u00e7\u00e3o de Guimar\u00e3es Tribunal da Rela\u00e7\u00e3o do Porto Tribunal da Rela\u00e7\u00e3o de Lisboa tribunal da Rela\u00e7\u00e3o de Coimbra\" \/>\n<meta property=\"og:url\" content=\"https:\/\/comarcas.csm.org.pt\/evora\/cidadao\/links\/\" \/>\n<meta property=\"og:site_name\" content=\"Tribunal Judicial da Comarca de \u00c9vora\" \/>\n<meta property=\"article:modified_time\" content=\"2026-04-21T11:19:44+00:00\" \/>\n<meta name=\"twitter:card\" content=\"summary_large_image\" \/>\n<script type=\"application\/ld+json\" class=\"yoast-schema-graph\">{\"@context\":\"https:\/\/schema.org\",\"@graph\":[{\"@type\":\"WebPage\",\"@id\":\"https:\/\/comarcas.csm.org.pt\/evora\/cidadao\/links\/\",\"url\":\"https:\/\/comarcas.csm.org.pt\/evora\/cidadao\/links\/\",\"name\":\"Links \u00dateis - Tribunal Judicial da Comarca de \u00c9vora\",\"isPartOf\":{\"@id\":\"https:\/\/comarcas.csm.org.pt\/evora\/#website\"},\"datePublished\":\"2024-05-22T13:08:12+00:00\",\"dateModified\":\"2026-04-21T11:19:44+00:00\",\"breadcrumb\":{\"@id\":\"https:\/\/comarcas.csm.org.pt\/evora\/cidadao\/links\/#breadcrumb\"},\"inLanguage\":\"pt-PT\",\"potentialAction\":[{\"@type\":\"ReadAction\",\"target\":[\"https:\/\/comarcas.csm.org.pt\/evora\/cidadao\/links\/\"]}]},{\"@type\":\"BreadcrumbList\",\"@id\":\"https:\/\/comarcas.csm.org.pt\/evora\/cidadao\/links\/#breadcrumb\",\"itemListElement\":[{\"@type\":\"ListItem\",\"position\":1,\"name\":\"In\u00edcio\",\"item\":\"https:\/\/comarcas.csm.org.pt\/evora\/\"},{\"@type\":\"ListItem\",\"position\":2,\"name\":\"Cidad\u00e3o\",\"item\":\"https:\/\/comarcas.csm.org.pt\/evora\/cidadao\/\"},{\"@type\":\"ListItem\",\"position\":3,\"name\":\"Links \u00dateis\"}]},{\"@type\":\"WebSite\",\"@id\":\"https:\/\/comarcas.csm.org.pt\/evora\/#website\",\"url\":\"https:\/\/comarcas.csm.org.pt\/evora\/\",\"name\":\"Tribunal Judicial da Comarca de \u00c9vora\",\"description\":\"Tribunal Judicial da Comarca de Aveiro\",\"publisher\":{\"@id\":\"https:\/\/comarcas.csm.org.pt\/evora\/#organization\"},\"potentialAction\":[{\"@type\":\"SearchAction\",\"target\":{\"@type\":\"EntryPoint\",\"urlTemplate\":\"https:\/\/comarcas.csm.org.pt\/evora\/?s={search_term_string}\"},\"query-input\":{\"@type\":\"PropertyValueSpecification\",\"valueRequired\":true,\"valueName\":\"search_term_string\"}}],\"inLanguage\":\"pt-PT\"},{\"@type\":\"Organization\",\"@id\":\"https:\/\/comarcas.csm.org.pt\/evora\/#organization\",\"name\":\"Tribunal Judicial da Comarca de \u00c9vora\",\"url\":\"https:\/\/comarcas.csm.org.pt\/evora\/\",\"logo\":{\"@type\":\"ImageObject\",\"inLanguage\":\"pt-PT\",\"@id\":\"https:\/\/comarcas.csm.org.pt\/evora\/#\/schema\/logo\/image\/\",\"url\":\"https:\/\/comarcas.csm.org.pt\/evora\/wp-content\/uploads\/sites\/13\/2024\/11\/Evora_positivo-horizontal.png\",\"contentUrl\":\"https:\/\/comarcas.csm.org.pt\/evora\/wp-content\/uploads\/sites\/13\/2024\/11\/Evora_positivo-horizontal.png\",\"width\":4790,\"height\":973,\"caption\":\"Tribunal Judicial da Comarca de \u00c9vora\"},\"image\":{\"@id\":\"https:\/\/comarcas.csm.org.pt\/evora\/#\/schema\/logo\/image\/\"}}]}<\/script>\n<!-- \/ Yoast SEO plugin. -->","yoast_head_json":{"title":"Links \u00dateis - Tribunal Judicial da Comarca de \u00c9vora","robots":{"index":"index","follow":"follow","max-snippet":"max-snippet:-1","max-image-preview":"max-image-preview:large","max-video-preview":"max-video-preview:-1"},"canonical":"https:\/\/comarcas.csm.org.pt\/evora\/cidadao\/links\/","og_locale":"pt_PT","og_type":"article","og_title":"Links \u00dateis - Tribunal Judicial da Comarca de \u00c9vora","og_description":"csm TRIBUNAL da RELA\u00c7\u00c3O \u00c9VORA mINIST\u00c9RIO P\u00daBLICO TRIBUNAL CONSTITUCIONAL Supremo Tribunal de Justi\u00e7a Dire\u00e7\u00e3o-Geral da Pol\u00edtica de Justi\u00e7a Tribunal da Rela\u00e7\u00e3o de Guimar\u00e3es Tribunal da Rela\u00e7\u00e3o do Porto Tribunal da Rela\u00e7\u00e3o de Lisboa tribunal da Rela\u00e7\u00e3o de Coimbra","og_url":"https:\/\/comarcas.csm.org.pt\/evora\/cidadao\/links\/","og_site_name":"Tribunal Judicial da Comarca de \u00c9vora","article_modified_time":"2026-04-21T11:19:44+00:00","twitter_card":"summary_large_image","schema":{"@context":"https:\/\/schema.org","@graph":[{"@type":"WebPage","@id":"https:\/\/comarcas.csm.org.pt\/evora\/cidadao\/links\/","url":"https:\/\/comarcas.csm.org.pt\/evora\/cidadao\/links\/","name":"Links \u00dateis - Tribunal Judicial da Comarca de \u00c9vora","isPartOf":{"@id":"https:\/\/comarcas.csm.org.pt\/evora\/#website"},"datePublished":"2024-05-22T13:08:12+00:00","dateModified":"2026-04-21T11:19:44+00:00","breadcrumb":{"@id":"https:\/\/comarcas.csm.org.pt\/evora\/cidadao\/links\/#breadcrumb"},"inLanguage":"pt-PT","potentialAction":[{"@type":"ReadAction","target":["https:\/\/comarcas.csm.org.pt\/evora\/cidadao\/links\/"]}]},{"@type":"BreadcrumbList","@id":"https:\/\/comarcas.csm.org.pt\/evora\/cidadao\/links\/#breadcrumb","itemListElement":[{"@type":"ListItem","position":1,"name":"In\u00edcio","item":"https:\/\/comarcas.csm.org.pt\/evora\/"},{"@type":"ListItem","position":2,"name":"Cidad\u00e3o","item":"https:\/\/comarcas.csm.org.pt\/evora\/cidadao\/"},{"@type":"ListItem","position":3,"name":"Links \u00dateis"}]},{"@type":"WebSite","@id":"https:\/\/comarcas.csm.org.pt\/evora\/#website","url":"https:\/\/comarcas.csm.org.pt\/evora\/","name":"Tribunal Judicial da Comarca de \u00c9vora","description":"Tribunal Judicial da Comarca de Aveiro","publisher":{"@id":"https:\/\/comarcas.csm.org.pt\/evora\/#organization"},"potentialAction":[{"@type":"SearchAction","target":{"@type":"EntryPoint","urlTemplate":"https:\/\/comarcas.csm.org.pt\/evora\/?s={search_term_string}"},"query-input":{"@type":"PropertyValueSpecification","valueRequired":true,"valueName":"search_term_string"}}],"inLanguage":"pt-PT"},{"@type":"Organization","@id":"https:\/\/comarcas.csm.org.pt\/evora\/#organization","name":"Tribunal Judicial da Comarca de \u00c9vora","url":"https:\/\/comarcas.csm.org.pt\/evora\/","logo":{"@type":"ImageObject","inLanguage":"pt-PT","@id":"https:\/\/comarcas.csm.org.pt\/evora\/#\/schema\/logo\/image\/","url":"https:\/\/comarcas.csm.org.pt\/evora\/wp-content\/uploads\/sites\/13\/2024\/11\/Evora_positivo-horizontal.png","contentUrl":"https:\/\/comarcas.csm.org.pt\/evora\/wp-content\/uploads\/sites\/13\/2024\/11\/Evora_positivo-horizontal.png","width":4790,"height":973,"caption":"Tribunal Judicial da Comarca de \u00c9vora"},"image":{"@id":"https:\/\/comarcas.csm.org.pt\/evora\/#\/schema\/logo\/image\/"}}]}},"_links":{"self":[{"href":"https:\/\/comarcas.csm.org.pt\/evora\/wp-json\/wp\/v2\/pages\/11444","targetHints":{"allow":["GET"]}}],"collection":[{"href":"https:\/\/comarcas.csm.org.pt\/evora\/wp-json\/wp\/v2\/pages"}],"about":[{"href":"https:\/\/comarcas.csm.org.pt\/evora\/wp-json\/wp\/v2\/types\/page"}],"author":[{"embeddable":true,"href":"https:\/\/comarcas.csm.org.pt\/evora\/wp-json\/wp\/v2\/users\/1"}],"replies":[{"embeddable":true,"href":"https:\/\/comarcas.csm.org.pt\/evora\/wp-json\/wp\/v2\/comments?post=11444"}],"version-history":[{"count":40,"href":"https:\/\/comarcas.csm.org.pt\/evora\/wp-json\/wp\/v2\/pages\/11444\/revisions"}],"predecessor-version":[{"id":12877,"href":"https:\/\/comarcas.csm.org.pt\/evora\/wp-json\/wp\/v2\/pages\/11444\/revisions\/12877"}],"up":[{"embeddable":true,"href":"https:\/\/comarcas.csm.org.pt\/evora\/wp-json\/wp\/v2\/pages\/11404"}],"wp:attachment":[{"href":"https:\/\/comarcas.csm.org.pt\/evora\/wp-json\/wp\/v2\/media?parent=11444"}],"curies":[{"name":"wp","href":"https:\/\/api.w.org\/{rel}","templated":true}]}}