{"id":11467,"date":"2024-06-30T21:19:48","date_gmt":"2024-06-30T21:19:48","guid":{"rendered":"https:\/\/aveiro.vvr.pt\/?page_id=11467"},"modified":"2025-05-14T09:32:24","modified_gmt":"2025-05-14T09:32:24","slug":"mensagem-do-presidente","status":"publish","type":"page","link":"https:\/\/comarcas.csm.org.pt\/evora\/acomarca\/mensagem-do-presidente\/","title":{"rendered":"Mensagem do presidente"},"content":{"rendered":"\t\t<div data-elementor-type=\"wp-page\" data-elementor-id=\"11467\" class=\"elementor elementor-11467\" data-elementor-post-type=\"page\">\n\t\t\t\t<div class=\"elementor-element elementor-element-f0b8c02 e-flex e-con-boxed e-con e-parent\" data-id=\"f0b8c02\" data-element_type=\"container\">\n\t\t\t\t\t<div class=\"e-con-inner\">\n\t\t<div class=\"elementor-element elementor-element-ed5f838 e-con-full e-flex e-con e-child\" data-id=\"ed5f838\" data-element_type=\"container\">\n\t\t\t\t<div class=\"elementor-element elementor-element-b4e8e24 elementor-widget elementor-widget-image\" data-id=\"b4e8e24\" data-element_type=\"widget\" data-widget_type=\"image.default\">\n\t\t\t\t<div class=\"elementor-widget-container\">\n\t\t\t\t\t\t\t\t\t\t\t\t\t\t\t<img fetchpriority=\"high\" decoding=\"async\" width=\"768\" height=\"1024\" src=\"https:\/\/comarcas.csm.org.pt\/evora\/wp-content\/uploads\/sites\/13\/2025\/05\/1747214461394-768x1024.jpg\" class=\"attachment-large size-large wp-image-12189\" alt=\"\" srcset=\"https:\/\/comarcas.csm.org.pt\/evora\/wp-content\/uploads\/sites\/13\/2025\/05\/1747214461394-768x1024.jpg 768w, https:\/\/comarcas.csm.org.pt\/evora\/wp-content\/uploads\/sites\/13\/2025\/05\/1747214461394-225x300.jpg 225w, https:\/\/comarcas.csm.org.pt\/evora\/wp-content\/uploads\/sites\/13\/2025\/05\/1747214461394-1152x1536.jpg 1152w, https:\/\/comarcas.csm.org.pt\/evora\/wp-content\/uploads\/sites\/13\/2025\/05\/1747214461394-1536x2048.jpg 1536w, https:\/\/comarcas.csm.org.pt\/evora\/wp-content\/uploads\/sites\/13\/2025\/05\/1747214461394-scaled.jpg 1920w\" sizes=\"(max-width: 768px) 100vw, 768px\" \/>\t\t\t\t\t\t\t\t\t\t\t\t\t\t\t<\/div>\n\t\t\t\t<\/div>\n\t\t\t\t<\/div>\n\t\t<div class=\"elementor-element elementor-element-fd6e0dc e-con-full e-flex e-con e-child\" data-id=\"fd6e0dc\" data-element_type=\"container\">\n\t\t\t\t<div class=\"elementor-element elementor-element-9ea1d40 elementor-widget elementor-widget-heading\" data-id=\"9ea1d40\" data-element_type=\"widget\" data-widget_type=\"heading.default\">\n\t\t\t\t<div class=\"elementor-widget-container\">\n\t\t\t\t\t<h2 class=\"elementor-heading-title elementor-size-default\">Mensagem da Ju\u00edza Presidente do Tribunal Judicial da Comarca<\/h2>\t\t\t\t<\/div>\n\t\t\t\t<\/div>\n\t\t\t\t<div class=\"elementor-element elementor-element-495703b elementor-widget elementor-widget-text-editor\" data-id=\"495703b\" data-element_type=\"widget\" data-widget_type=\"text-editor.default\">\n\t\t\t\t<div class=\"elementor-widget-container\">\n\t\t\t\t\t\t\t\t\t<h6>Bem-vindo(a) \u00e0 p\u00e1gina institucional do Tribunal Judicial da Comarca de \u00c9vora,<\/h6><h6>O Tribunal Judicial da Comarca de \u00c9vora \u00e9 um tribunal de primeira inst\u00e2ncia, com compet\u00eancia territorial sobre a \u00e1rea do Distrito de \u00c9vora (munic\u00edpios de Alandroal, Arraiolos, Borba, Estremoz, \u00c9vora, Montemor-o-Novo, Mora, Mour\u00e3o, Portel, Redondo, Reguengos de Monsaraz, Vendas Novas, Viana do Alentejo e Vila Vi\u00e7osa).<\/h6><h6>Compreende, assim, os seguintes N\u00facleos:\u00a0<\/h6><h6><span style=\"background-color: transparent;letter-spacing: 0.3px\">&#8211; N\u00facleo de \u00c9vora [Ju\u00edzo Central C\u00edvel e Criminal, Ju\u00edzo Local C\u00edvel, Ju\u00edzo Local Criminal, Ju\u00edzo de Fam\u00edlia e Menores, Ju\u00edzo do Trabalho e Ju\u00edzo de Instru\u00e7\u00e3o Criminal, Ju\u00edzo de Proximidade de Arraiolos e Ju\u00edzo de Proximidade de Portel];<\/span><\/h6><h6>&#8211; N\u00facleo de Montemor-o-Novo [Ju\u00edzo de Compet\u00eancia Gen\u00e9rica e Ju\u00edzo de Execu\u00e7\u00f5es];<\/h6><h6>&#8211; N\u00facleo de Estremoz [Ju\u00edzo de Compet\u00eancia Gen\u00e9rica];<\/h6><h6>&#8211; N\u00facleo de Vila Vi\u00e7osa [Ju\u00edzo de Compet\u00eancia Gen\u00e9rica];<\/h6><h6>&#8211; N\u00facleo do Redondo [Ju\u00edzo de Compet\u00eancia Gen\u00e9rica];<\/h6><h6>&#8211; N\u00facleo de Reguengos de Monsaraz [Ju\u00edzo de Compet\u00eancia Gen\u00e9rica].<\/h6><h6>Nesta p\u00e1gina poder\u00e1 consultar informa\u00e7\u00f5es diversas e atuais sobre a atividade judicial da Comarca de \u00c9vora, bem como sobre a sua organiza\u00e7\u00e3o e gest\u00e3o, deste modo se procurando prosseguir uma pol\u00edtica de maior transpar\u00eancia e proximidade face ao cidad\u00e3o e utente do Tribunal, essencial \u00e0 real compreens\u00e3o de qual seja a fun\u00e7\u00e3o de administrar a Justi\u00e7a, nas suas diversas vertentes.<\/h6><h6>Ser\u00e1 ainda objetivo deste espa\u00e7o dar a conhecer as diversas intera\u00e7\u00f5es do tribunal com outras entidades e institui\u00e7\u00f5es, numa din\u00e2mica de abertura \u00e0 sociedade e de plena integra\u00e7\u00e3o na comunidade.<\/h6><h6>Ana Catarina Ferreira<\/h6><h6>(Ju\u00edza de Direito)<\/h6>\t\t\t\t\t\t\t\t<\/div>\n\t\t\t\t<\/div>\n\t\t\t\t<\/div>\n\t\t\t\t\t<\/div>\n\t\t\t\t<\/div>\n\t\t\t\t<\/div>\n\t\t","protected":false},"excerpt":{"rendered":"<p>Mensagem da Ju\u00edza Presidente do Tribunal Judicial da Comarca Bem-vindo(a) \u00e0 p\u00e1gina institucional do Tribunal Judicial da Comarca de \u00c9vora, O Tribunal Judicial da Comarca de \u00c9vora \u00e9 um tribunal de primeira inst\u00e2ncia, com compet\u00eancia territorial sobre a \u00e1rea do Distrito de \u00c9vora (munic\u00edpios de Alandroal, Arraiolos, Borba, Estremoz, \u00c9vora, Montemor-o-Novo, Mora, Mour\u00e3o, Portel, Redondo,&#8230;<\/p>\n","protected":false},"author":1,"featured_media":0,"parent":2242,"menu_order":0,"comment_status":"closed","ping_status":"closed","template":"","meta":{"_tbt_post_transparent":"","_tbt_post_title":"","_tbt_post_layout":"default","_tbt_post_sidebar_id":"","_tbt_post_content_style":"","_tbt_post_vertical_padding":"","_tbt_post_feature":"","_tbt_post_feature_position":"","_tbt_post_header":false,"_tbt_post_footer":false},"class_list":["post-11467","page","type-page","status-publish","hentry"],"yoast_head":"<!-- This site is optimized with the Yoast SEO plugin v25.6 - https:\/\/yoast.com\/wordpress\/plugins\/seo\/ -->\n<title>Mensagem do presidente - Tribunal Judicial da Comarca de \u00c9vora<\/title>\n<meta name=\"robots\" content=\"index, follow, max-snippet:-1, max-image-preview:large, max-video-preview:-1\" \/>\n<link rel=\"canonical\" href=\"https:\/\/comarcas.csm.org.pt\/evora\/acomarca\/mensagem-do-presidente\/\" \/>\n<meta property=\"og:locale\" content=\"pt_PT\" \/>\n<meta property=\"og:type\" content=\"article\" \/>\n<meta property=\"og:title\" content=\"Mensagem do presidente - Tribunal Judicial da Comarca de \u00c9vora\" \/>\n<meta property=\"og:description\" content=\"Mensagem da Ju\u00edza Presidente do Tribunal Judicial da Comarca Bem-vindo(a) \u00e0 p\u00e1gina institucional do Tribunal Judicial da Comarca de \u00c9vora, O Tribunal Judicial da Comarca de \u00c9vora \u00e9 um tribunal de primeira inst\u00e2ncia, com compet\u00eancia territorial sobre a \u00e1rea do Distrito de \u00c9vora (munic\u00edpios de Alandroal, Arraiolos, Borba, Estremoz, \u00c9vora, Montemor-o-Novo, Mora, Mour\u00e3o, Portel, Redondo,...\" \/>\n<meta property=\"og:url\" content=\"https:\/\/comarcas.csm.org.pt\/evora\/acomarca\/mensagem-do-presidente\/\" \/>\n<meta property=\"og:site_name\" content=\"Tribunal Judicial da Comarca de \u00c9vora\" \/>\n<meta property=\"article:modified_time\" content=\"2025-05-14T09:32:24+00:00\" \/>\n<meta property=\"og:image\" content=\"https:\/\/comarcas.csm.org.pt\/evora\/wp-content\/uploads\/sites\/13\/2025\/05\/1747214461394-scaled.jpg\" \/>\n\t<meta property=\"og:image:width\" content=\"1920\" \/>\n\t<meta property=\"og:image:height\" content=\"2560\" \/>\n\t<meta property=\"og:image:type\" content=\"image\/jpeg\" \/>\n<meta name=\"twitter:card\" content=\"summary_large_image\" \/>\n<meta name=\"twitter:label1\" content=\"Tempo estimado de leitura\" \/>\n\t<meta name=\"twitter:data1\" content=\"2 minutos\" \/>\n<script type=\"application\/ld+json\" class=\"yoast-schema-graph\">{\"@context\":\"https:\/\/schema.org\",\"@graph\":[{\"@type\":\"WebPage\",\"@id\":\"https:\/\/comarcas.csm.org.pt\/evora\/acomarca\/mensagem-do-presidente\/\",\"url\":\"https:\/\/comarcas.csm.org.pt\/evora\/acomarca\/mensagem-do-presidente\/\",\"name\":\"Mensagem do presidente - Tribunal Judicial da Comarca de \u00c9vora\",\"isPartOf\":{\"@id\":\"https:\/\/comarcas.csm.org.pt\/evora\/#website\"},\"primaryImageOfPage\":{\"@id\":\"https:\/\/comarcas.csm.org.pt\/evora\/acomarca\/mensagem-do-presidente\/#primaryimage\"},\"image\":{\"@id\":\"https:\/\/comarcas.csm.org.pt\/evora\/acomarca\/mensagem-do-presidente\/#primaryimage\"},\"thumbnailUrl\":\"https:\/\/comarcas.csm.org.pt\/evora\/wp-content\/uploads\/sites\/13\/2025\/05\/1747214461394-768x1024.jpg\",\"datePublished\":\"2024-06-30T21:19:48+00:00\",\"dateModified\":\"2025-05-14T09:32:24+00:00\",\"breadcrumb\":{\"@id\":\"https:\/\/comarcas.csm.org.pt\/evora\/acomarca\/mensagem-do-presidente\/#breadcrumb\"},\"inLanguage\":\"pt-PT\",\"potentialAction\":[{\"@type\":\"ReadAction\",\"target\":[\"https:\/\/comarcas.csm.org.pt\/evora\/acomarca\/mensagem-do-presidente\/\"]}]},{\"@type\":\"ImageObject\",\"inLanguage\":\"pt-PT\",\"@id\":\"https:\/\/comarcas.csm.org.pt\/evora\/acomarca\/mensagem-do-presidente\/#primaryimage\",\"url\":\"https:\/\/comarcas.csm.org.pt\/evora\/wp-content\/uploads\/sites\/13\/2025\/05\/1747214461394-scaled.jpg\",\"contentUrl\":\"https:\/\/comarcas.csm.org.pt\/evora\/wp-content\/uploads\/sites\/13\/2025\/05\/1747214461394-scaled.jpg\",\"width\":1920,\"height\":2560},{\"@type\":\"BreadcrumbList\",\"@id\":\"https:\/\/comarcas.csm.org.pt\/evora\/acomarca\/mensagem-do-presidente\/#breadcrumb\",\"itemListElement\":[{\"@type\":\"ListItem\",\"position\":1,\"name\":\"In\u00edcio\",\"item\":\"https:\/\/comarcas.csm.org.pt\/evora\/\"},{\"@type\":\"ListItem\",\"position\":2,\"name\":\"A Comarca\",\"item\":\"https:\/\/comarcas.csm.org.pt\/evora\/acomarca\/\"},{\"@type\":\"ListItem\",\"position\":3,\"name\":\"Mensagem do presidente\"}]},{\"@type\":\"WebSite\",\"@id\":\"https:\/\/comarcas.csm.org.pt\/evora\/#website\",\"url\":\"https:\/\/comarcas.csm.org.pt\/evora\/\",\"name\":\"Tribunal Judicial da Comarca de \u00c9vora\",\"description\":\"Tribunal Judicial da Comarca de Aveiro\",\"publisher\":{\"@id\":\"https:\/\/comarcas.csm.org.pt\/evora\/#organization\"},\"potentialAction\":[{\"@type\":\"SearchAction\",\"target\":{\"@type\":\"EntryPoint\",\"urlTemplate\":\"https:\/\/comarcas.csm.org.pt\/evora\/?s={search_term_string}\"},\"query-input\":{\"@type\":\"PropertyValueSpecification\",\"valueRequired\":true,\"valueName\":\"search_term_string\"}}],\"inLanguage\":\"pt-PT\"},{\"@type\":\"Organization\",\"@id\":\"https:\/\/comarcas.csm.org.pt\/evora\/#organization\",\"name\":\"Tribunal Judicial da Comarca de \u00c9vora\",\"url\":\"https:\/\/comarcas.csm.org.pt\/evora\/\",\"logo\":{\"@type\":\"ImageObject\",\"inLanguage\":\"pt-PT\",\"@id\":\"https:\/\/comarcas.csm.org.pt\/evora\/#\/schema\/logo\/image\/\",\"url\":\"https:\/\/comarcas.csm.org.pt\/evora\/wp-content\/uploads\/sites\/13\/2024\/11\/Evora_positivo-horizontal.png\",\"contentUrl\":\"https:\/\/comarcas.csm.org.pt\/evora\/wp-content\/uploads\/sites\/13\/2024\/11\/Evora_positivo-horizontal.png\",\"width\":4790,\"height\":973,\"caption\":\"Tribunal Judicial da Comarca de \u00c9vora\"},\"image\":{\"@id\":\"https:\/\/comarcas.csm.org.pt\/evora\/#\/schema\/logo\/image\/\"}}]}<\/script>\n<!-- \/ Yoast SEO plugin. -->","yoast_head_json":{"title":"Mensagem do presidente - Tribunal Judicial da Comarca de \u00c9vora","robots":{"index":"index","follow":"follow","max-snippet":"max-snippet:-1","max-image-preview":"max-image-preview:large","max-video-preview":"max-video-preview:-1"},"canonical":"https:\/\/comarcas.csm.org.pt\/evora\/acomarca\/mensagem-do-presidente\/","og_locale":"pt_PT","og_type":"article","og_title":"Mensagem do presidente - Tribunal Judicial da Comarca de \u00c9vora","og_description":"Mensagem da Ju\u00edza Presidente do Tribunal Judicial da Comarca Bem-vindo(a) \u00e0 p\u00e1gina institucional do Tribunal Judicial da Comarca de \u00c9vora, O Tribunal Judicial da Comarca de \u00c9vora \u00e9 um tribunal de primeira inst\u00e2ncia, com compet\u00eancia territorial sobre a \u00e1rea do Distrito de \u00c9vora (munic\u00edpios de Alandroal, Arraiolos, Borba, Estremoz, \u00c9vora, Montemor-o-Novo, Mora, Mour\u00e3o, Portel, Redondo,...","og_url":"https:\/\/comarcas.csm.org.pt\/evora\/acomarca\/mensagem-do-presidente\/","og_site_name":"Tribunal Judicial da Comarca de \u00c9vora","article_modified_time":"2025-05-14T09:32:24+00:00","og_image":[{"width":1920,"height":2560,"url":"https:\/\/comarcas.csm.org.pt\/evora\/wp-content\/uploads\/sites\/13\/2025\/05\/1747214461394-scaled.jpg","type":"image\/jpeg"}],"twitter_card":"summary_large_image","twitter_misc":{"Tempo estimado de leitura":"2 minutos"},"schema":{"@context":"https:\/\/schema.org","@graph":[{"@type":"WebPage","@id":"https:\/\/comarcas.csm.org.pt\/evora\/acomarca\/mensagem-do-presidente\/","url":"https:\/\/comarcas.csm.org.pt\/evora\/acomarca\/mensagem-do-presidente\/","name":"Mensagem do presidente - Tribunal Judicial da Comarca de \u00c9vora","isPartOf":{"@id":"https:\/\/comarcas.csm.org.pt\/evora\/#website"},"primaryImageOfPage":{"@id":"https:\/\/comarcas.csm.org.pt\/evora\/acomarca\/mensagem-do-presidente\/#primaryimage"},"image":{"@id":"https:\/\/comarcas.csm.org.pt\/evora\/acomarca\/mensagem-do-presidente\/#primaryimage"},"thumbnailUrl":"https:\/\/comarcas.csm.org.pt\/evora\/wp-content\/uploads\/sites\/13\/2025\/05\/1747214461394-768x1024.jpg","datePublished":"2024-06-30T21:19:48+00:00","dateModified":"2025-05-14T09:32:24+00:00","breadcrumb":{"@id":"https:\/\/comarcas.csm.org.pt\/evora\/acomarca\/mensagem-do-presidente\/#breadcrumb"},"inLanguage":"pt-PT","potentialAction":[{"@type":"ReadAction","target":["https:\/\/comarcas.csm.org.pt\/evora\/acomarca\/mensagem-do-presidente\/"]}]},{"@type":"ImageObject","inLanguage":"pt-PT","@id":"https:\/\/comarcas.csm.org.pt\/evora\/acomarca\/mensagem-do-presidente\/#primaryimage","url":"https:\/\/comarcas.csm.org.pt\/evora\/wp-content\/uploads\/sites\/13\/2025\/05\/1747214461394-scaled.jpg","contentUrl":"https:\/\/comarcas.csm.org.pt\/evora\/wp-content\/uploads\/sites\/13\/2025\/05\/1747214461394-scaled.jpg","width":1920,"height":2560},{"@type":"BreadcrumbList","@id":"https:\/\/comarcas.csm.org.pt\/evora\/acomarca\/mensagem-do-presidente\/#breadcrumb","itemListElement":[{"@type":"ListItem","position":1,"name":"In\u00edcio","item":"https:\/\/comarcas.csm.org.pt\/evora\/"},{"@type":"ListItem","position":2,"name":"A Comarca","item":"https:\/\/comarcas.csm.org.pt\/evora\/acomarca\/"},{"@type":"ListItem","position":3,"name":"Mensagem do presidente"}]},{"@type":"WebSite","@id":"https:\/\/comarcas.csm.org.pt\/evora\/#website","url":"https:\/\/comarcas.csm.org.pt\/evora\/","name":"Tribunal Judicial da Comarca de \u00c9vora","description":"Tribunal Judicial da Comarca de Aveiro","publisher":{"@id":"https:\/\/comarcas.csm.org.pt\/evora\/#organization"},"potentialAction":[{"@type":"SearchAction","target":{"@type":"EntryPoint","urlTemplate":"https:\/\/comarcas.csm.org.pt\/evora\/?s={search_term_string}"},"query-input":{"@type":"PropertyValueSpecification","valueRequired":true,"valueName":"search_term_string"}}],"inLanguage":"pt-PT"},{"@type":"Organization","@id":"https:\/\/comarcas.csm.org.pt\/evora\/#organization","name":"Tribunal Judicial da Comarca de \u00c9vora","url":"https:\/\/comarcas.csm.org.pt\/evora\/","logo":{"@type":"ImageObject","inLanguage":"pt-PT","@id":"https:\/\/comarcas.csm.org.pt\/evora\/#\/schema\/logo\/image\/","url":"https:\/\/comarcas.csm.org.pt\/evora\/wp-content\/uploads\/sites\/13\/2024\/11\/Evora_positivo-horizontal.png","contentUrl":"https:\/\/comarcas.csm.org.pt\/evora\/wp-content\/uploads\/sites\/13\/2024\/11\/Evora_positivo-horizontal.png","width":4790,"height":973,"caption":"Tribunal Judicial da Comarca de \u00c9vora"},"image":{"@id":"https:\/\/comarcas.csm.org.pt\/evora\/#\/schema\/logo\/image\/"}}]}},"_links":{"self":[{"href":"https:\/\/comarcas.csm.org.pt\/evora\/wp-json\/wp\/v2\/pages\/11467","targetHints":{"allow":["GET"]}}],"collection":[{"href":"https:\/\/comarcas.csm.org.pt\/evora\/wp-json\/wp\/v2\/pages"}],"about":[{"href":"https:\/\/comarcas.csm.org.pt\/evora\/wp-json\/wp\/v2\/types\/page"}],"author":[{"embeddable":true,"href":"https:\/\/comarcas.csm.org.pt\/evora\/wp-json\/wp\/v2\/users\/1"}],"replies":[{"embeddable":true,"href":"https:\/\/comarcas.csm.org.pt\/evora\/wp-json\/wp\/v2\/comments?post=11467"}],"version-history":[{"count":56,"href":"https:\/\/comarcas.csm.org.pt\/evora\/wp-json\/wp\/v2\/pages\/11467\/revisions"}],"predecessor-version":[{"id":12192,"href":"https:\/\/comarcas.csm.org.pt\/evora\/wp-json\/wp\/v2\/pages\/11467\/revisions\/12192"}],"up":[{"embeddable":true,"href":"https:\/\/comarcas.csm.org.pt\/evora\/wp-json\/wp\/v2\/pages\/2242"}],"wp:attachment":[{"href":"https:\/\/comarcas.csm.org.pt\/evora\/wp-json\/wp\/v2\/media?parent=11467"}],"curies":[{"name":"wp","href":"https:\/\/api.w.org\/{rel}","templated":true}]}}