{"id":10458,"date":"2024-05-10T09:49:21","date_gmt":"2024-05-10T09:49:21","guid":{"rendered":"https:\/\/aveiro.vvr.pt\/events\/"},"modified":"2025-04-02T16:09:30","modified_gmt":"2025-04-02T16:09:30","slug":"events","status":"publish","type":"page","link":"https:\/\/comarcas.csm.org.pt\/faro\/comunicacao\/events\/","title":{"rendered":"Eventos"},"content":{"rendered":"\t\t<div data-elementor-type=\"wp-page\" data-elementor-id=\"10458\" class=\"elementor elementor-10458\" data-elementor-post-type=\"page\">\n\t\t\t\t<div class=\"elementor-element elementor-element-0f8e103 e-flex e-con-boxed e-con e-parent\" data-id=\"0f8e103\" data-element_type=\"container\">\n\t\t\t\t\t<div class=\"e-con-inner\">\n\t\t\t\t<div class=\"elementor-element elementor-element-b4c300e elementor-widget elementor-widget-heading\" data-id=\"b4c300e\" data-element_type=\"widget\" data-widget_type=\"heading.default\">\n\t\t\t\t<div class=\"elementor-widget-container\">\n\t\t\t\t\t<h2 class=\"elementor-heading-title elementor-size-default\">\u00daltimos Artigos Publicados<\/h2>\t\t\t\t<\/div>\n\t\t\t\t<\/div>\n\t\t\t\t<div class=\"elementor-element elementor-element-5ed79f6 elementor-widget elementor-widget-wp-widget-recent-posts\" data-id=\"5ed79f6\" data-element_type=\"widget\" data-widget_type=\"wp-widget-recent-posts.default\">\n\t\t\t\t<div class=\"elementor-widget-container\">\n\t\t\t\t\t\n\t\t\n\t\t<h5>\u00daltimos Artigos Publicados<\/h5>\n\t\t<ul>\n\t\t\t\t\t\t\t\t\t\t\t<li>\n\t\t\t\t\t<a href=\"https:\/\/comarcas.csm.org.pt\/faro\/blog\/2026\/03\/24\/processo-538-26-0t8far\/\">Processo: 538\/26.0T8FAR<\/a>\n\t\t\t\t\t\t\t\t\t\t\t<span class=\"post-date\">24 de Mar\u00e7o, 2026<\/span>\n\t\t\t\t\t\t\t\t\t<\/li>\n\t\t\t\t\t\t\t\t\t\t\t<li>\n\t\t\t\t\t<a href=\"https:\/\/comarcas.csm.org.pt\/faro\/blog\/2026\/03\/20\/com-a-justica-nao-se-brinca-parte-i\/\">Com a Justi\u00e7a n\u00e3o se Brinca!<\/a>\n\t\t\t\t\t\t\t\t\t\t\t<span class=\"post-date\">20 de Mar\u00e7o, 2026<\/span>\n\t\t\t\t\t\t\t\t\t<\/li>\n\t\t\t\t\t\t\t\t\t\t\t<li>\n\t\t\t\t\t<a href=\"https:\/\/comarcas.csm.org.pt\/faro\/blog\/2025\/12\/19\/feliz-natal-bom-ano-comarca-de-faro\/\">Feliz Natal &amp; Bom Ano [Comarca de Faro]<\/a>\n\t\t\t\t\t\t\t\t\t\t\t<span class=\"post-date\">19 de Dezembro, 2025<\/span>\n\t\t\t\t\t\t\t\t\t<\/li>\n\t\t\t\t\t\t\t\t\t\t\t<li>\n\t\t\t\t\t<a href=\"https:\/\/comarcas.csm.org.pt\/faro\/blog\/2025\/12\/19\/sessao-de-direito-comunitario-instrumentos-de-cooperacao-judiciaria-europeia-em-materia-civil-e-comercial\/\">\u201cSess\u00e3o de Direito Comunit\u00e1rio \u2013 Instrumentos de Coopera\u00e7\u00e3o Judici\u00e1ria Europeia em mat\u00e9ria civil e comercial\u201d<\/a>\n\t\t\t\t\t\t\t\t\t\t\t<span class=\"post-date\">19 de Dezembro, 2025<\/span>\n\t\t\t\t\t\t\t\t\t<\/li>\n\t\t\t\t\t\t\t\t\t\t\t<li>\n\t\t\t\t\t<a href=\"https:\/\/comarcas.csm.org.pt\/faro\/blog\/2025\/12\/13\/processo-3446-24-5t8far-processo-comum-tribunal-coletivo\/\">Processo: 3446\/24.5T8FAR Processo Comum (Tribunal Coletivo)<\/a>\n\t\t\t\t\t\t\t\t\t\t\t<span class=\"post-date\">13 de Dezembro, 2025<\/span>\n\t\t\t\t\t\t\t\t\t<\/li>\n\t\t\t\t\t\t\t\t\t\t\t<li>\n\t\t\t\t\t<a href=\"https:\/\/comarcas.csm.org.pt\/faro\/blog\/2025\/12\/11\/processo-880-22-9gelle-processo-comum-tribunal-do-juri\/\">Processo: 880\/22.9GELLE &#8211; Processo Comum (Tribunal do J\u00fari)<\/a>\n\t\t\t\t\t\t\t\t\t\t\t<span class=\"post-date\">11 de Dezembro, 2025<\/span>\n\t\t\t\t\t\t\t\t\t<\/li>\n\t\t\t\t\t\t\t\t\t\t\t<li>\n\t\t\t\t\t<a href=\"https:\/\/comarcas.csm.org.pt\/faro\/blog\/2025\/10\/08\/interrogatorio-judicial-de-arguido-detido-nuipc-2272-25-9pbfar\/\">Interrogat\u00f3rio judicial de arguido detido \u2013 NUIPC 2272\/25.9PBFAR<\/a>\n\t\t\t\t\t\t\t\t\t\t\t<span class=\"post-date\">8 de Outubro, 2025<\/span>\n\t\t\t\t\t\t\t\t\t<\/li>\n\t\t\t\t\t\t\t\t\t\t\t<li>\n\t\t\t\t\t<a href=\"https:\/\/comarcas.csm.org.pt\/faro\/blog\/2025\/09\/22\/mesa-redonda-meenos-conversa\/\">Mesa Redonda \u201cMeenos Conversa&#8221;<\/a>\n\t\t\t\t\t\t\t\t\t\t\t<span class=\"post-date\">22 de Setembro, 2025<\/span>\n\t\t\t\t\t\t\t\t\t<\/li>\n\t\t\t\t\t\t\t\t\t\t\t<li>\n\t\t\t\t\t<a href=\"https:\/\/comarcas.csm.org.pt\/faro\/blog\/2025\/06\/28\/almoco-de-homenagem-em-tavira-assinala-saida-do-juiz-desembargador-dr-henrique-pavao-da-presidencia-da-comarca-de-faro\/\">Almo\u00e7o de Homenagem em Tavira Assinala Sa\u00edda do Juiz Desembargador Dr. Henrique Pav\u00e3o da Presid\u00eancia da Comarca de Faro<\/a>\n\t\t\t\t\t\t\t\t\t\t\t<span class=\"post-date\">28 de Junho, 2025<\/span>\n\t\t\t\t\t\t\t\t\t<\/li>\n\t\t\t\t\t\t\t\t\t\t\t<li>\n\t\t\t\t\t<a href=\"https:\/\/comarcas.csm.org.pt\/faro\/blog\/2025\/06\/27\/comissao-apresenta-roteiro-para-o-acesso-efetivo-e-licito-aos-dados-parafins-de-aplicacao-da-lei-24-06-2025\/\">Comiss\u00e3o apresenta roteiro para o acesso efetivo e l\u00edcito aos dados para fins de aplica\u00e7\u00e3o da lei [24\/06\/2025]<\/a>\n\t\t\t\t\t\t\t\t\t\t\t<span class=\"post-date\">27 de Junho, 2025<\/span>\n\t\t\t\t\t\t\t\t\t<\/li>\n\t\t\t\t\t<\/ul>\n\n\t\t\t\t\t\t<\/div>\n\t\t\t\t<\/div>\n\t\t\t\t<div class=\"elementor-element elementor-element-a2a4208 elementor-widget-divider--view-line elementor-widget elementor-widget-divider\" data-id=\"a2a4208\" data-element_type=\"widget\" data-widget_type=\"divider.default\">\n\t\t\t\t<div class=\"elementor-widget-container\">\n\t\t\t\t\t\t\t<div class=\"elementor-divider\">\n\t\t\t<span class=\"elementor-divider-separator\">\n\t\t\t\t\t\t<\/span>\n\t\t<\/div>\n\t\t\t\t\t\t<\/div>\n\t\t\t\t<\/div>\n\t\t\t\t<div class=\"elementor-element elementor-element-6686e2f elementor-widget elementor-widget-heading\" data-id=\"6686e2f\" data-element_type=\"widget\" data-widget_type=\"heading.default\">\n\t\t\t\t<div class=\"elementor-widget-container\">\n\t\t\t\t\t<h2 class=\"elementor-heading-title elementor-size-default\">\u00daltimos Eventos Anotados<\/h2>\t\t\t\t<\/div>\n\t\t\t\t<\/div>\n\t\t\t\t<div class=\"elementor-element elementor-element-f5cd23b elementor-widget elementor-widget-wp-widget-em_widget\" data-id=\"f5cd23b\" data-element_type=\"widget\" data-widget_type=\"wp-widget-em_widget.default\">\n\t\t\t\t<div class=\"elementor-widget-container\">\n\t\t\t\t\t<div class=\"em pixelbones em-list-widget em-events-widget\"><ul><li class=\"no-events\"><div class=\"em-list-no-items\">No events<\/div><\/li><\/ul><\/div>\t\t\t\t<\/div>\n\t\t\t\t<\/div>\n\t\t\t\t\t<\/div>\n\t\t\t\t<\/div>\n\t\t\t\t<\/div>\n\t\t","protected":false},"excerpt":{"rendered":"<p>CONTENTS<\/p>\n","protected":false},"author":1,"featured_media":0,"parent":11380,"menu_order":0,"comment_status":"closed","ping_status":"closed","template":"","meta":{"_tbt_post_transparent":"","_tbt_post_title":"","_tbt_post_layout":"","_tbt_post_sidebar_id":"","_tbt_post_content_style":"","_tbt_post_vertical_padding":"","_tbt_post_feature":"","_tbt_post_feature_position":"","_tbt_post_header":false,"_tbt_post_footer":false},"class_list":["post-10458","page","type-page","status-publish","hentry"],"yoast_head":"<!-- This site is optimized with the Yoast SEO plugin v25.6 - https:\/\/yoast.com\/wordpress\/plugins\/seo\/ -->\n<title>Eventos - Tribunal Judicial da Comarca de Faro<\/title>\n<meta name=\"robots\" content=\"index, follow, max-snippet:-1, max-image-preview:large, max-video-preview:-1\" \/>\n<link rel=\"canonical\" href=\"https:\/\/comarcas.csm.org.pt\/faro\/comunicacao\/events\/\" \/>\n<meta property=\"og:locale\" content=\"pt_PT\" \/>\n<meta property=\"og:type\" content=\"article\" \/>\n<meta property=\"og:title\" content=\"Eventos - Tribunal Judicial da Comarca de Faro\" \/>\n<meta property=\"og:description\" content=\"CONTENTS\" \/>\n<meta property=\"og:url\" content=\"https:\/\/comarcas.csm.org.pt\/faro\/comunicacao\/events\/\" \/>\n<meta property=\"og:site_name\" content=\"Tribunal Judicial da Comarca de Faro\" \/>\n<meta property=\"article:modified_time\" content=\"2025-04-02T16:09:30+00:00\" \/>\n<meta name=\"twitter:card\" content=\"summary_large_image\" \/>\n<meta name=\"twitter:label1\" content=\"Tempo estimado de leitura\" \/>\n\t<meta name=\"twitter:data1\" content=\"1 minuto\" \/>\n<script type=\"application\/ld+json\" class=\"yoast-schema-graph\">{\"@context\":\"https:\/\/schema.org\",\"@graph\":[{\"@type\":\"WebPage\",\"@id\":\"https:\/\/comarcas.csm.org.pt\/faro\/comunicacao\/events\/\",\"url\":\"https:\/\/comarcas.csm.org.pt\/faro\/comunicacao\/events\/\",\"name\":\"Eventos - Tribunal Judicial da Comarca de Faro\",\"isPartOf\":{\"@id\":\"https:\/\/comarcas.csm.org.pt\/faro\/#website\"},\"datePublished\":\"2024-05-10T09:49:21+00:00\",\"dateModified\":\"2025-04-02T16:09:30+00:00\",\"breadcrumb\":{\"@id\":\"https:\/\/comarcas.csm.org.pt\/faro\/comunicacao\/events\/#breadcrumb\"},\"inLanguage\":\"pt-PT\",\"potentialAction\":[{\"@type\":\"ReadAction\",\"target\":[\"https:\/\/comarcas.csm.org.pt\/faro\/comunicacao\/events\/\"]}]},{\"@type\":\"BreadcrumbList\",\"@id\":\"https:\/\/comarcas.csm.org.pt\/faro\/comunicacao\/events\/#breadcrumb\",\"itemListElement\":[{\"@type\":\"ListItem\",\"position\":1,\"name\":\"In\u00edcio\",\"item\":\"https:\/\/comarcas.csm.org.pt\/faro\/\"},{\"@type\":\"ListItem\",\"position\":2,\"name\":\"Comunica\u00e7\u00e3o\",\"item\":\"https:\/\/comarcas.csm.org.pt\/faro\/comunicacao\/\"},{\"@type\":\"ListItem\",\"position\":3,\"name\":\"Eventos\"}]},{\"@type\":\"WebSite\",\"@id\":\"https:\/\/comarcas.csm.org.pt\/faro\/#website\",\"url\":\"https:\/\/comarcas.csm.org.pt\/faro\/\",\"name\":\"Tribunal Judicial da Comarca de Faro\",\"description\":\"Tribunal Judicial da Comarca de Faro\",\"publisher\":{\"@id\":\"https:\/\/comarcas.csm.org.pt\/faro\/#organization\"},\"potentialAction\":[{\"@type\":\"SearchAction\",\"target\":{\"@type\":\"EntryPoint\",\"urlTemplate\":\"https:\/\/comarcas.csm.org.pt\/faro\/?s={search_term_string}\"},\"query-input\":{\"@type\":\"PropertyValueSpecification\",\"valueRequired\":true,\"valueName\":\"search_term_string\"}}],\"inLanguage\":\"pt-PT\"},{\"@type\":\"Organization\",\"@id\":\"https:\/\/comarcas.csm.org.pt\/faro\/#organization\",\"name\":\"Tribunal Judicial da Comarca de Faro\",\"url\":\"https:\/\/comarcas.csm.org.pt\/faro\/\",\"logo\":{\"@type\":\"ImageObject\",\"inLanguage\":\"pt-PT\",\"@id\":\"https:\/\/comarcas.csm.org.pt\/faro\/#\/schema\/logo\/image\/\",\"url\":\"https:\/\/comarcas.csm.org.pt\/faro\/wp-content\/uploads\/sites\/14\/2024\/11\/Faro_positivo-horizontal.png\",\"contentUrl\":\"https:\/\/comarcas.csm.org.pt\/faro\/wp-content\/uploads\/sites\/14\/2024\/11\/Faro_positivo-horizontal.png\",\"width\":4304,\"height\":1186,\"caption\":\"Tribunal Judicial da Comarca de Faro\"},\"image\":{\"@id\":\"https:\/\/comarcas.csm.org.pt\/faro\/#\/schema\/logo\/image\/\"}}]}<\/script>\n<!-- \/ Yoast SEO plugin. -->","yoast_head_json":{"title":"Eventos - Tribunal Judicial da Comarca de Faro","robots":{"index":"index","follow":"follow","max-snippet":"max-snippet:-1","max-image-preview":"max-image-preview:large","max-video-preview":"max-video-preview:-1"},"canonical":"https:\/\/comarcas.csm.org.pt\/faro\/comunicacao\/events\/","og_locale":"pt_PT","og_type":"article","og_title":"Eventos - Tribunal Judicial da Comarca de Faro","og_description":"CONTENTS","og_url":"https:\/\/comarcas.csm.org.pt\/faro\/comunicacao\/events\/","og_site_name":"Tribunal Judicial da Comarca de Faro","article_modified_time":"2025-04-02T16:09:30+00:00","twitter_card":"summary_large_image","twitter_misc":{"Tempo estimado de leitura":"1 minuto"},"schema":{"@context":"https:\/\/schema.org","@graph":[{"@type":"WebPage","@id":"https:\/\/comarcas.csm.org.pt\/faro\/comunicacao\/events\/","url":"https:\/\/comarcas.csm.org.pt\/faro\/comunicacao\/events\/","name":"Eventos - Tribunal Judicial da Comarca de Faro","isPartOf":{"@id":"https:\/\/comarcas.csm.org.pt\/faro\/#website"},"datePublished":"2024-05-10T09:49:21+00:00","dateModified":"2025-04-02T16:09:30+00:00","breadcrumb":{"@id":"https:\/\/comarcas.csm.org.pt\/faro\/comunicacao\/events\/#breadcrumb"},"inLanguage":"pt-PT","potentialAction":[{"@type":"ReadAction","target":["https:\/\/comarcas.csm.org.pt\/faro\/comunicacao\/events\/"]}]},{"@type":"BreadcrumbList","@id":"https:\/\/comarcas.csm.org.pt\/faro\/comunicacao\/events\/#breadcrumb","itemListElement":[{"@type":"ListItem","position":1,"name":"In\u00edcio","item":"https:\/\/comarcas.csm.org.pt\/faro\/"},{"@type":"ListItem","position":2,"name":"Comunica\u00e7\u00e3o","item":"https:\/\/comarcas.csm.org.pt\/faro\/comunicacao\/"},{"@type":"ListItem","position":3,"name":"Eventos"}]},{"@type":"WebSite","@id":"https:\/\/comarcas.csm.org.pt\/faro\/#website","url":"https:\/\/comarcas.csm.org.pt\/faro\/","name":"Tribunal Judicial da Comarca de Faro","description":"Tribunal Judicial da Comarca de Faro","publisher":{"@id":"https:\/\/comarcas.csm.org.pt\/faro\/#organization"},"potentialAction":[{"@type":"SearchAction","target":{"@type":"EntryPoint","urlTemplate":"https:\/\/comarcas.csm.org.pt\/faro\/?s={search_term_string}"},"query-input":{"@type":"PropertyValueSpecification","valueRequired":true,"valueName":"search_term_string"}}],"inLanguage":"pt-PT"},{"@type":"Organization","@id":"https:\/\/comarcas.csm.org.pt\/faro\/#organization","name":"Tribunal Judicial da Comarca de Faro","url":"https:\/\/comarcas.csm.org.pt\/faro\/","logo":{"@type":"ImageObject","inLanguage":"pt-PT","@id":"https:\/\/comarcas.csm.org.pt\/faro\/#\/schema\/logo\/image\/","url":"https:\/\/comarcas.csm.org.pt\/faro\/wp-content\/uploads\/sites\/14\/2024\/11\/Faro_positivo-horizontal.png","contentUrl":"https:\/\/comarcas.csm.org.pt\/faro\/wp-content\/uploads\/sites\/14\/2024\/11\/Faro_positivo-horizontal.png","width":4304,"height":1186,"caption":"Tribunal Judicial da Comarca de Faro"},"image":{"@id":"https:\/\/comarcas.csm.org.pt\/faro\/#\/schema\/logo\/image\/"}}]}},"_links":{"self":[{"href":"https:\/\/comarcas.csm.org.pt\/faro\/wp-json\/wp\/v2\/pages\/10458","targetHints":{"allow":["GET"]}}],"collection":[{"href":"https:\/\/comarcas.csm.org.pt\/faro\/wp-json\/wp\/v2\/pages"}],"about":[{"href":"https:\/\/comarcas.csm.org.pt\/faro\/wp-json\/wp\/v2\/types\/page"}],"author":[{"embeddable":true,"href":"https:\/\/comarcas.csm.org.pt\/faro\/wp-json\/wp\/v2\/users\/1"}],"replies":[{"embeddable":true,"href":"https:\/\/comarcas.csm.org.pt\/faro\/wp-json\/wp\/v2\/comments?post=10458"}],"version-history":[{"count":4,"href":"https:\/\/comarcas.csm.org.pt\/faro\/wp-json\/wp\/v2\/pages\/10458\/revisions"}],"predecessor-version":[{"id":12757,"href":"https:\/\/comarcas.csm.org.pt\/faro\/wp-json\/wp\/v2\/pages\/10458\/revisions\/12757"}],"up":[{"embeddable":true,"href":"https:\/\/comarcas.csm.org.pt\/faro\/wp-json\/wp\/v2\/pages\/11380"}],"wp:attachment":[{"href":"https:\/\/comarcas.csm.org.pt\/faro\/wp-json\/wp\/v2\/media?parent=10458"}],"curies":[{"name":"wp","href":"https:\/\/api.w.org\/{rel}","templated":true}]}}