{"id":11330,"date":"2024-05-22T09:33:02","date_gmt":"2024-05-22T09:33:02","guid":{"rendered":"https:\/\/aveiro.vvr.pt\/?page_id=11330"},"modified":"2026-04-10T15:39:41","modified_gmt":"2026-04-10T15:39:41","slug":"instrumentos-de-gestao","status":"publish","type":"page","link":"https:\/\/comarcas.csm.org.pt\/faro\/instrumentos-de-gestao\/","title":{"rendered":"Instrumentos de Gest\u00e3o"},"content":{"rendered":"\t\t<div data-elementor-type=\"wp-page\" data-elementor-id=\"11330\" class=\"elementor elementor-11330\" data-elementor-post-type=\"page\">\n\t\t\t\t<div class=\"elementor-element elementor-element-c33158e e-flex e-con-boxed e-con e-parent\" data-id=\"c33158e\" data-element_type=\"container\">\n\t\t\t\t\t<div class=\"e-con-inner\">\n\t\t\t\t<div class=\"elementor-element elementor-element-01f6d37 elementor-tabs-view-vertical elementor-widget elementor-widget-tabs\" data-id=\"01f6d37\" data-element_type=\"widget\" data-widget_type=\"tabs.default\">\n\t\t\t\t<div class=\"elementor-widget-container\">\n\t\t\t\t\t\t\t<div class=\"elementor-tabs\">\n\t\t\t<div class=\"elementor-tabs-wrapper\" role=\"tablist\" >\n\t\t\t\t\t\t\t\t\t<div id=\"elementor-tab-title-2051\" class=\"elementor-tab-title elementor-tab-desktop-title\" aria-selected=\"true\" data-tab=\"1\" role=\"tab\" tabindex=\"0\" aria-controls=\"elementor-tab-content-2051\" aria-expanded=\"false\">Relat\u00f3rio Anual da Comarca<\/div>\n\t\t\t\t\t\t\t\t\t<div id=\"elementor-tab-title-2052\" class=\"elementor-tab-title elementor-tab-desktop-title\" aria-selected=\"false\" data-tab=\"2\" role=\"tab\" tabindex=\"-1\" aria-controls=\"elementor-tab-content-2052\" aria-expanded=\"false\">Relat\u00f3rios Quadrimestrais [Lugares]<\/div>\n\t\t\t\t\t\t\t\t\t<div id=\"elementor-tab-title-2053\" class=\"elementor-tab-title elementor-tab-desktop-title\" aria-selected=\"false\" data-tab=\"3\" role=\"tab\" tabindex=\"-1\" aria-controls=\"elementor-tab-content-2053\" aria-expanded=\"false\">Medidas Gest\u00e3o - Homolga\u00e7\u00e3o do CSM <\/div>\n\t\t\t\t\t\t\t\t\t<div id=\"elementor-tab-title-2054\" class=\"elementor-tab-title elementor-tab-desktop-title\" aria-selected=\"false\" data-tab=\"4\" role=\"tab\" tabindex=\"-1\" aria-controls=\"elementor-tab-content-2054\" aria-expanded=\"false\">Medidas Gest\u00e3o - Substitui\u00e7\u00e3o de Ju\u00edzes<\/div>\n\t\t\t\t\t\t\t\t\t<div id=\"elementor-tab-title-2055\" class=\"elementor-tab-title elementor-tab-desktop-title\" aria-selected=\"false\" data-tab=\"5\" role=\"tab\" tabindex=\"-1\" aria-controls=\"elementor-tab-content-2055\" aria-expanded=\"false\">Medidas Gest\u00e3o - Delega\u00e7\u00e3o Poderes<\/div>\n\t\t\t\t\t\t\t\t\t<div id=\"elementor-tab-title-2056\" class=\"elementor-tab-title elementor-tab-desktop-title\" aria-selected=\"false\" data-tab=\"6\" role=\"tab\" tabindex=\"-1\" aria-controls=\"elementor-tab-content-2056\" aria-expanded=\"false\">Medidas Gest\u00e3o - Turnos<\/div>\n\t\t\t\t\t\t\t\t\t<div id=\"elementor-tab-title-2057\" class=\"elementor-tab-title elementor-tab-desktop-title\" aria-selected=\"false\" data-tab=\"7\" role=\"tab\" tabindex=\"-1\" aria-controls=\"elementor-tab-content-2057\" aria-expanded=\"false\">Medidas Gest\u00e3o - Distribui\u00e7\u00e3o<\/div>\n\t\t\t\t\t\t\t\t\t<div id=\"elementor-tab-title-2058\" class=\"elementor-tab-title elementor-tab-desktop-title\" aria-selected=\"false\" data-tab=\"8\" role=\"tab\" tabindex=\"-1\" aria-controls=\"elementor-tab-content-2058\" aria-expanded=\"false\">Medidas Gest\u00e3o - Toler\u00e2ncia de Ponto<\/div>\n\t\t\t\t\t\t\t\t\t<div id=\"elementor-tab-title-2059\" class=\"elementor-tab-title elementor-tab-desktop-title\" aria-selected=\"false\" data-tab=\"9\" role=\"tab\" tabindex=\"-1\" aria-controls=\"elementor-tab-content-2059\" aria-expanded=\"false\">Regulamentos<\/div>\n\t\t\t\t\t\t\t<\/div>\n\t\t\t<div class=\"elementor-tabs-content-wrapper\" role=\"tablist\" aria-orientation=\"vertical\">\n\t\t\t\t\t\t\t\t\t<div class=\"elementor-tab-title elementor-tab-mobile-title\" aria-selected=\"true\" data-tab=\"1\" role=\"tab\" tabindex=\"0\" aria-controls=\"elementor-tab-content-2051\" aria-expanded=\"false\">Relat\u00f3rio Anual da Comarca<\/div>\n\t\t\t\t\t<div id=\"elementor-tab-content-2051\" class=\"elementor-tab-content elementor-clearfix\" data-tab=\"1\" role=\"tabpanel\" aria-labelledby=\"elementor-tab-title-2051\" tabindex=\"0\" hidden=\"false\"><h4 style=\"text-align: center\"><strong>Relat\u00f3rio Anual da Comarca de Faro<\/strong><\/h4><p style=\"text-align: center\">T\u00edtulo V &gt; Cap\u00edtulo V &gt; Sec\u00e7\u00e3o III &gt; Subsec\u00e7\u00e3o V<br \/>Artigo 108.\u00ba<br \/>Composi\u00e7\u00e3o e compet\u00eancia<\/p><p>1 &#8211; Integram o conselho de gest\u00e3o da comarca o juiz presidente do tribunal, que preside, o magistrado do Minist\u00e9rio P\u00fablico coordenador e o administrador judici\u00e1rio.<br \/>2 &#8211; De forma a garantir a plena articula\u00e7\u00e3o entre os \u00f3rg\u00e3os de gest\u00e3o, bem como o cumprimento dos objetivos estabelecidos para a comarca, s\u00e3o sujeitas a delibera\u00e7\u00e3o as seguintes mat\u00e9rias:<br \/>a) Aprova\u00e7\u00e3o dos relat\u00f3rios semestrais referidos na al\u00ednea g) do n.\u00ba 2 do artigo 94.\u00ba e na al\u00ednea b) do n.\u00ba 1 do artigo 101.\u00ba, relativos ao estado dos servi\u00e7os e qualidade da resposta, os quais s\u00e3o remetidos para conhecimento ao Conselho Superior da Magistratura, ao Conselho Superior do Minist\u00e9rio P\u00fablico e ao Minist\u00e9rio da Justi\u00e7a;<br \/>b) Aprova\u00e7\u00e3o do projeto de or\u00e7amento para a comarca, a submeter a aprova\u00e7\u00e3o final do Minist\u00e9rio da Justi\u00e7a, com base na dota\u00e7\u00e3o por este previamente estabelecida;<br \/>c) Promo\u00e7\u00e3o de altera\u00e7\u00f5es or\u00e7amentais;<br \/>d) O planeamento e a avalia\u00e7\u00e3o dos resultados da comarca, tendo designadamente em conta as avalia\u00e7\u00f5es a que se refere a al\u00ednea b) do n.\u00ba 4 do artigo 94.\u00ba e a al\u00ednea o) do n.\u00ba 1 do artigo 101.\u00ba;<br \/>e) Aprova\u00e7\u00e3o de proposta de altera\u00e7\u00e3o ao mapa de pessoal, observados os limites fixados para a secretaria da comarca, a qual deve ser comunicada ao Minist\u00e9rio da Justi\u00e7a antes do in\u00edcio do prazo de apresenta\u00e7\u00e3o de candidaturas ao movimento anual;<br \/>f) <strong>Aprova\u00e7\u00e3o, no final de cada ano judicial, de relat\u00f3rio de gest\u00e3o que contenha informa\u00e7\u00e3o respeitante ao grau de cumprimento dos objetivos estabelecidos, indicando as causas dos principais desvios, o qual \u00e9 comunicado aos Conselhos Superiores e ao Minist\u00e9rio da Justi\u00e7a.<\/strong><br \/>3 &#8211; O conselho de gest\u00e3o tem compet\u00eancia para acompanhar a execu\u00e7\u00e3o or\u00e7amental em conformidade com o previsto na al\u00ednea j) do n.\u00ba 1 do artigo 106.\u00ba.<br \/>4 &#8211; As altera\u00e7\u00f5es previstas na al\u00ednea c) do n.\u00ba 2 s\u00e3o enquadradas em orienta\u00e7\u00f5es gen\u00e9ricas fixadas anualmente pelo Minist\u00e9rio da Justi\u00e7a.<br \/>5 &#8211; <strong>O relat\u00f3rio a que se refere a al\u00ednea f) do n.\u00ba 2 \u00e9 <a href=\"https:\/\/csm.org.pt\/tribunais\/comarcas\/\">publicitado nas p\u00e1ginas eletr\u00f3nicas dos Conselhos Superiores<\/a> e do Minist\u00e9rio da Justi\u00e7a.<\/strong><br \/>6 &#8211; Podem ser convidados a reunir com o conselho de gest\u00e3o os membros do conselho consultivo a que se refere o n.\u00ba 2 do artigo seguinte.<\/p><p style=\"text-align: right\">Lei <a href=\"https:\/\/data.dre.pt\/eli\/lei\/62\/2013\/p\/cons\/20240205\/pt\/html\">62\/2013<\/a>, de 26\/agosto &#8211; Lei da Organiza\u00e7\u00e3o do Sistema Judici\u00e1rio &#8211; Artigo 108.\u00ba<\/p><hr \/><ul><li><strong><span style=\"color: #993300\"><a style=\"color: #993300\" href=\"https:\/\/csm.org.pt\/wp-content\/uploads\/2026\/03\/2025_Faro.pdf\" target=\"_blank\" rel=\"noopener\">Relat\u00f3rio Anual 2025<\/a> <\/span><\/strong>&#8211; Comarca de Faro<\/li><li><a style=\"letter-spacing: 0.3px\" href=\"https:\/\/comarcas.csm.org.pt\/faro\/wp-content\/uploads\/sites\/14\/2025\/05\/Relatorio-Anual-de-2024-Versao-Final.pdf\" target=\"_blank\" rel=\"noopener\"><span style=\"color: #993300\"><strong>Relat\u00f3rio Anual 2024<\/strong> <\/span>&#8211; Comarca de Faro<\/a><\/li><li><a style=\"letter-spacing: 0.3px\" href=\"https:\/\/comarcas.csm.org.pt\/faro\/wp-content\/uploads\/sites\/14\/2025\/03\/Relatorio-Anual-2023-Comarca-de-Faro.pdf\" target=\"_blank\" rel=\"noopener\"><strong><span style=\"color: #800000\"><span style=\"color: #993300\">Relat\u00f3rio Anual 2023<\/span><\/span><\/strong> &#8211; Comarca de Faro<\/a><\/li><li><a style=\"letter-spacing: 0.3px\" href=\"https:\/\/comarcas.csm.org.pt\/faro\/wp-content\/uploads\/sites\/14\/2025\/03\/Relatorio-Anual-2022-Comarca-de-Faro.pdf\" target=\"_blank\" rel=\"noopener\"><span style=\"color: #993300\"><strong>Relat\u00f3rio Anual 2022<\/strong> <\/span>&#8211; Comarca de Faro<\/a><\/li><li><a style=\"letter-spacing: 0.3px\" href=\"https:\/\/comarcas.csm.org.pt\/faro\/wp-content\/uploads\/sites\/14\/2025\/03\/Relatorio-Anual-2021-Comarca-de-Faro.pdf\" target=\"_blank\" rel=\"noopener\"><span style=\"color: #993300\"><strong>Relat\u00f3rio Anual 2021<\/strong> <\/span>&#8211; Comarca de Faro<\/a><\/li><li><a style=\"letter-spacing: 0.3px\" href=\"https:\/\/comarcas.csm.org.pt\/faro\/wp-content\/uploads\/sites\/14\/2025\/03\/Relatorio-Anual-2020-Comarca-de-Faro.pdf\" target=\"_blank\" rel=\"noopener\"><span style=\"color: #993300\"><strong>Relat\u00f3rio Anual 2020<\/strong><\/span> &#8211; Comarca de Faro<\/a><\/li><li><a style=\"letter-spacing: 0.3px\" href=\"https:\/\/comarcas.csm.org.pt\/faro\/wp-content\/uploads\/sites\/14\/2025\/03\/Relatorio-Anual-2019-Comarca-de-Faro.pdf\" target=\"_blank\" rel=\"noopener\"><span style=\"color: #993300\"><strong>Relat\u00f3rio Anual 2019<\/strong><\/span> &#8211; Comarca de Faro<\/a><\/li><li><a style=\"letter-spacing: 0.3px\" href=\"https:\/\/comarcas.csm.org.pt\/faro\/wp-content\/uploads\/sites\/14\/2025\/03\/Relatorio-Anual-2018-Comarca-de-Faro.pdf\" target=\"_blank\" rel=\"noopener\"><span style=\"color: #993300\"><strong>Relat\u00f3rio Anual 2018<\/strong><\/span> &#8211; Comarca de Faro<\/a><\/li><li><a style=\"letter-spacing: 0.3px\" href=\"https:\/\/comarcas.csm.org.pt\/faro\/wp-content\/uploads\/sites\/14\/2025\/03\/Relatorio-Anual-2017-Comarca-de-Faro.pdf\" target=\"_blank\" rel=\"noopener\"><span style=\"color: #993300\"><strong>Relat\u00f3rio Anual 2017<\/strong><\/span> &#8211; Comarca de Faro<\/a><\/li><li><a style=\"letter-spacing: 0.3px\" href=\"https:\/\/comarcas.csm.org.pt\/faro\/wp-content\/uploads\/sites\/14\/2025\/03\/Relatorio-Anual-2016-Comarca-de-Faro.pdf\" target=\"_blank\" rel=\"noopener\"><span style=\"color: #993300\"><strong>Relat\u00f3rio Anual 2016<\/strong> <\/span>&#8211; Comarca de Faro<\/a><span style=\"letter-spacing: 0.3px\"> [01\/09\/2015 a 31\/08\/2016]<\/span><\/li><li><span style=\"letter-spacing: 0.3px\"><br \/><\/span><a style=\"letter-spacing: 0.3px\" href=\"https:\/\/comarcas.csm.org.pt\/faro\/wp-content\/uploads\/sites\/14\/2025\/03\/Relatorio-Anual-2015-Comarca-de-Faro.pdf\" target=\"_blank\" rel=\"noopener\"><span style=\"color: #800000\"><strong><span style=\"color: #993300\">Relat\u00f3rio Anual 2015<\/span><\/strong><\/span> &#8211; Comarca de Faro<\/a><span style=\"letter-spacing: 0.3px\"> [01\/09\/2014 a 31\/08\/2015]<\/span><br \/><div class=\"simple-translate-panel \" style=\"width: 300px;height: 200px;top: 0px;left: 0px;font-size: 13px\"><div class=\"simple-translate-result-wrapper\" style=\"overflow: hidden\"><div class=\"simple-translate-move\">\u00a0<\/div><\/div><\/div><\/li><\/ul><\/div>\n\t\t\t\t\t\t\t\t\t<div class=\"elementor-tab-title elementor-tab-mobile-title\" aria-selected=\"false\" data-tab=\"2\" role=\"tab\" tabindex=\"-1\" aria-controls=\"elementor-tab-content-2052\" aria-expanded=\"false\">Relat\u00f3rios Quadrimestrais [Lugares]<\/div>\n\t\t\t\t\t<div id=\"elementor-tab-content-2052\" class=\"elementor-tab-content elementor-clearfix\" data-tab=\"2\" role=\"tabpanel\" aria-labelledby=\"elementor-tab-title-2052\" tabindex=\"0\" hidden=\"hidden\"><h4 style=\"text-align: center\"><strong>Relat\u00f3rios Quadrimestrais [Lugares]<\/strong><\/h4><h5 style=\"text-align: center\">1 Qdr jan a abr, 2 Qdr mai a ago e 3 Qdr set a dez<\/h5><p>As Comarcas reportam atrav\u00e9s do IUDEX Sistema Inform\u00e1tico de Apoio na Gest\u00e3o Procedimental do Conselho Superior da Magistratura e a Plataforma de Gest\u00e3o Documental e Processamento Funcional entre o CSM e os Magistrados Judiciais, a monitoriza\u00e7\u00e3o quadrimestral dos Lugares, a fim de acompanhar os indicadores [KPI\u00b4s] com vista a eventual implementa\u00e7\u00e3o de medidas de gest\u00e3o.<\/p><p>Ano 2025<\/p><ul><li>Em curso<\/li><\/ul><p>Ano 2025<\/p><ul><li><a href=\"https:\/\/comarcas.csm.org.pt\/faro\/wp-content\/uploads\/sites\/14\/2026\/03\/2025-3o-Qrd-Estatisticas-Globais.pdf\" target=\"_blank\" rel=\"noopener\">2025 &#8211; 3\u00ba Quadrimestre &#8211; Estat\u00edsticas Globais<\/a><\/li><li><a href=\"https:\/\/comarcas.csm.org.pt\/faro\/wp-content\/uploads\/sites\/14\/2025\/10\/2025-2o-Qrd-Estatisticas-Globais.pdf\" target=\"_blank\" rel=\"noopener\">2025 &#8211; 2\u00ba Quadrimestre &#8211; Estat\u00edsticas Globais<\/a><\/li><li><a href=\"https:\/\/comarcas.csm.org.pt\/faro\/wp-content\/uploads\/sites\/14\/2025\/05\/2025-1o-Qrd-Estatisticas-Globais.pdf\" target=\"_blank\" rel=\"noopener\">2025 &#8211; 1\u00ba Quadrimestre &#8211; Estat\u00edsticas Globais<\/a><\/li><\/ul><p>Ano 2024<\/p><ul><li><a href=\"https:\/\/comarcas.csm.org.pt\/faro\/wp-content\/uploads\/sites\/14\/2025\/03\/2024-3o-Qrd-Estatisticas-Globais.pdf\" target=\"_blank\" rel=\"noopener\">2024 &#8211; 3\u00ba Quadrimestre &#8211; Estat\u00edsticas Globais<\/a><\/li><li><a href=\"https:\/\/comarcas.csm.org.pt\/faro\/wp-content\/uploads\/sites\/14\/2025\/03\/2024-2o-Qrd-Estatisticas-Globais.pdf\" target=\"_blank\" rel=\"noopener\">2024 &#8211; 2\u00ba Quadrimestre &#8211; Estat\u00edsticas Globais<\/a><\/li><li><a href=\"https:\/\/comarcas.csm.org.pt\/faro\/wp-content\/uploads\/sites\/14\/2025\/03\/2024-1o-Qrd-Estatisticas-Globais.pdf\" target=\"_blank\" rel=\"noopener\">2024 &#8211; 1\u00ba Quadrimestre &#8211; Estat\u00edsticas Globais<\/a><\/li><\/ul><p>Ano 2023<\/p><ul><li><a href=\"https:\/\/comarcas.csm.org.pt\/faro\/wp-content\/uploads\/sites\/14\/2025\/03\/2023-3o-Qrd-Estatisticas-Globais.pdf\" target=\"_blank\" rel=\"noopener\">2023 &#8211; 3\u00ba Quadrimestre &#8211; Estat\u00edsticas Globais<\/a><\/li><li><a href=\"https:\/\/comarcas.csm.org.pt\/faro\/wp-content\/uploads\/sites\/14\/2025\/03\/2023-2o-Qrd-Estatisticas-Globais.pdf\" target=\"_blank\" rel=\"noopener\">2023 &#8211; 2\u00ba Quadrimestre &#8211; Estat\u00edsticas Globais<\/a><\/li><li><a href=\"https:\/\/comarcas.csm.org.pt\/faro\/wp-content\/uploads\/sites\/14\/2025\/03\/2023-1o-Qrd-Estatisticas-Globais.pdf\" target=\"_blank\" rel=\"noopener\">2023 &#8211; 1\u00ba Quadrimestre &#8211; Estat\u00edsticas Globais<\/a><\/li><\/ul><p>Ano 2022<\/p><ul><li><a href=\"https:\/\/comarcas.csm.org.pt\/faro\/wp-content\/uploads\/sites\/14\/2025\/03\/2022-3o-Qrd-Estatisticas-Globais.pdf\" target=\"_blank\" rel=\"noopener\">2022 &#8211; 3\u00ba Quadrimestre &#8211; Estat\u00edsticas Globais<\/a><\/li><li><a href=\"https:\/\/comarcas.csm.org.pt\/faro\/wp-content\/uploads\/sites\/14\/2025\/03\/2022-2o-Qrd-Estatisticas-Globais.pdf\" target=\"_blank\" rel=\"noopener\">2022 &#8211; 2\u00ba Quadrimestre &#8211; Estat\u00edsticas Globais<\/a><\/li><li><a href=\"https:\/\/comarcas.csm.org.pt\/faro\/wp-content\/uploads\/sites\/14\/2025\/03\/2022-1o-Qrd-Estatisticas-Globais.pdf\" target=\"_blank\" rel=\"noopener\">2022 &#8211; 1\u00ba Quadrimestre &#8211; Estat\u00edsticas Globais<\/a><\/li><\/ul><p>Ano 2021<\/p><ul><li><a href=\"https:\/\/comarcas.csm.org.pt\/faro\/wp-content\/uploads\/sites\/14\/2025\/03\/2021-3o-Qrd-Estatisticas-Globais.pdf\" target=\"_blank\" rel=\"noopener\">2021 &#8211; 3\u00ba Quadrimestre &#8211; Estat\u00edsticas Globais<\/a><\/li><li><a href=\"https:\/\/comarcas.csm.org.pt\/faro\/wp-content\/uploads\/sites\/14\/2025\/03\/2021-2o-Qrd-Estatisticas-Globais.pdf\" target=\"_blank\" rel=\"noopener\">2021 &#8211; 2\u00ba Quadrimestre &#8211; Estat\u00edsticas Globais<\/a><\/li><li><a href=\"https:\/\/comarcas.csm.org.pt\/faro\/wp-content\/uploads\/sites\/14\/2025\/03\/2021-1o-Qrd-Estatisticas-Globais.pdf\" target=\"_blank\" rel=\"noopener\">2021 &#8211; 1\u00ba Quadrimestre &#8211; Estat\u00edsticas Globais<\/a><\/li><\/ul><\/div>\n\t\t\t\t\t\t\t\t\t<div class=\"elementor-tab-title elementor-tab-mobile-title\" aria-selected=\"false\" data-tab=\"3\" role=\"tab\" tabindex=\"-1\" aria-controls=\"elementor-tab-content-2053\" aria-expanded=\"false\">Medidas Gest\u00e3o - Homolga\u00e7\u00e3o do CSM <\/div>\n\t\t\t\t\t<div id=\"elementor-tab-content-2053\" class=\"elementor-tab-content elementor-clearfix\" data-tab=\"3\" role=\"tabpanel\" aria-labelledby=\"elementor-tab-title-2053\" tabindex=\"0\" hidden=\"hidden\"><h5><strong>Extrato \u2013 Medidas de Gest\u00e3o \u201cJu\u00edzo Central Criminal de Faro, Juiz 2\u201d \u2013 Suspens\u00e3o de Distribui\u00e7\u00e3o de 15\/maio\/ 2025 \u2026 30\u00ba dia ap\u00f3s encerramento da audi\u00eancia no<\/strong> <strong>Processo 2\/22.6GAFAR<\/strong><\/h5><p><span style=\"color: #993300\"><strong><a style=\"color: #993300\" href=\"https:\/\/comarcas.csm.org.pt\/faro\/wp-content\/uploads\/sites\/14\/2025\/05\/Extrato-\u2013-Medidas-de-Gestao-Juizo-Central-Criminal-de-Faro-Juiz-2-\u2013-Suspensao-de-Distribuicao-de-15_05_2025.pdf\" target=\"_blank\" rel=\"noopener\">13\/maio\/2025 &#8211; Extrato \u2013 Medidas de Gest\u00e3o &#8211; Ju\u00edzo Central Criminal de Faro &#8211; Juiz 2<\/a><\/strong><\/span>\u00a0&#8211; Extrato materializado pela Comarca de Faro do Despacho de Sua Excel\u00eancia o Senhor Conselheiro Vice-Presidente do Conselho Superior da Magistratura, de 24 de abril de 2025, proferido no procedimento <strong>2024\/DSQMJ\/3521<\/strong><\/p><\/div>\n\t\t\t\t\t\t\t\t\t<div class=\"elementor-tab-title elementor-tab-mobile-title\" aria-selected=\"false\" data-tab=\"4\" role=\"tab\" tabindex=\"-1\" aria-controls=\"elementor-tab-content-2054\" aria-expanded=\"false\">Medidas Gest\u00e3o - Substitui\u00e7\u00e3o de Ju\u00edzes<\/div>\n\t\t\t\t\t<div id=\"elementor-tab-content-2054\" class=\"elementor-tab-content elementor-clearfix\" data-tab=\"4\" role=\"tabpanel\" aria-labelledby=\"elementor-tab-title-2054\" tabindex=\"0\" hidden=\"hidden\"><h4 style=\"text-align: center\"><strong>Regras de Substitui\u00e7\u00e3o dos Ju\u00edzes na Comarca de Faro<\/strong><\/h4><ol><li><p>Nos termos do disposto no art\u00ba 86\u00ba, n\u00ba 1 da Lei 62\/2013, de 26\/8 (LOSJ), \u201cos ju\u00edzes de direito s\u00e3o substitu\u00eddos, nas suas faltas e impedimentos, por juiz ou ju\u00edzes de direito da mesma comarca, por determina\u00e7\u00e3o do presidente do tribunal de comarca, de acordo com as orienta\u00e7\u00f5es gen\u00e9ricas do Conselho Superior da Magistratura\u201d.<\/p><p>Na sua sess\u00e3o plen\u00e1ria de 27 de Maio de 2014, o Conselho Superior da Magistratura (CSM) aprovou as seguintes orienta\u00e7\u00f5es gen\u00e9ricas quanto \u00e0 substitui\u00e7\u00e3o de ju\u00edzes de direito, \u201ca determinar por despacho dos ju\u00edzes presidentes de comarca\u201d:<\/p><p>&#8211; o juiz presidente de comarca deve proferir despacho gen\u00e9rico, contendo as regras de substitui\u00e7\u00e3o dos ju\u00edzes nos diversos n\u00facleos da comarca;<\/p><p>&#8211; a nomea\u00e7\u00e3o de juiz substituto para um caso concreto apenas pode ocorrer em situa\u00e7\u00f5es excepcionais e para a pr\u00e1tica de actos urgentes;<\/p><p>&#8211; as regras de substitui\u00e7\u00e3o dar\u00e3o preval\u00eancia aos ju\u00edzes colocados em n\u00facleos do mesmo munic\u00edpio ou, n\u00e3o sendo poss\u00edvel, em munic\u00edpios lim\u00edtrofes, \u201cquando tal n\u00e3o seja poss\u00edvel a ju\u00edzes da mesma \u00e1rea de especializa\u00e7\u00e3o material, privilegiando-se na impossibilidade, as regras de especializa\u00e7\u00e3o com maior afinidade\u201d;<\/p><p>&#8211; as regras de especializa\u00e7\u00e3o devem atender ao princ\u00edpio da equipara\u00e7\u00e3o do servi\u00e7o dos diversos ju\u00edzes e ao da universalidade da sua aplica\u00e7\u00e3o, salvo casos excepcionais de isen\u00e7\u00e3o, devidamente justificados; &#8211; a fixa\u00e7\u00e3o das regras ser\u00e1 feita ap\u00f3s pr\u00e9via audi\u00e7\u00e3o dos ju\u00edzes abrangidos;<\/p><p>&#8211; por acordo dos ju\u00edzes da comarca, o crit\u00e9rio da especializa\u00e7\u00e3o pode prevalecer sobre o crit\u00e9rio geogr\u00e1fico, desde que tal n\u00e3o implique o adiamento de servi\u00e7o por impossibilidade de desloca\u00e7\u00e3o; &#8211; a fixa\u00e7\u00e3o das regras de substitui\u00e7\u00e3o constar\u00e1 de despacho a proferir pelo Juiz Presidente, sujeito a homologa\u00e7\u00e3o do CSM;<\/p><p>&#8211; a fixa\u00e7\u00e3o das regras no per\u00edodo inicial de instala\u00e7\u00e3o das comarcas, nunca superior a 1 m\u00eas, constar\u00e1 de despacho provis\u00f3rio sem audi\u00e7\u00e3o pr\u00e9via dos ju\u00edzes abrangidos.\u00a0\u00a0<\/p><\/li><li><p>H\u00e1, agora, que estabelecer as regras de substitui\u00e7\u00e3o dos ju\u00edzes na comarca de Faro, integrando (e, quando necess\u00e1rio, densificando) as orienta\u00e7\u00f5es gen\u00e9ricas aprovadas pelo Plen\u00e1rio do CSM.<\/p><p>E as regras que de seguida ser\u00e3o enunciadas, colocadas \u00e0 pr\u00e9via aprecia\u00e7\u00e3o dos Exm\u00bas Ju\u00edzes desta comarca, s\u00e3o as que vigorar\u00e3o a partir de 1 de Outubro de 2014<\/p><\/li><\/ol><p style=\"text-align: right\"><em style=\"text-align: right;letter-spacing: 0.3px\">in Despacho &#8220;Regras Definitivas de Substitui\u00e7\u00e3o dos Ju\u00edzes na Comarca de Faro&#8221;<\/em><\/p><hr \/><p><span style=\"color: #993300\"><br \/><a style=\"font-weight: bold;color: #993300\" href=\"https:\/\/comarcas.csm.org.pt\/faro\/wp-content\/uploads\/sites\/14\/2025\/04\/Regras-Definitivas-de-Substituicao-dos-Juizes-na-Comarca-de-Faro.pdf\" target=\"_blank\" rel=\"noopener\">Regras Definitivas de Substitui\u00e7\u00e3o dos Ju\u00edzes na Comarca de Faro<\/a><b>.<br \/><\/b><\/span><a style=\"letter-spacing: 0.3px;color: #993300\" href=\"https:\/\/comarcas.csm.org.pt\/faro\/wp-content\/uploads\/sites\/14\/2025\/04\/Sessao-Plenaria-de-27-de-maio-de-2014-CSM-Orientacoes-Genericas-Quanto-a-Substituicao-de-Juizes-de-Direito.pdf\">Sess\u00e3o Plen\u00e1ria de 27 de maio de 2014 &#8211; CSM &#8211; Orienta\u00e7\u00f5es Gen\u00e9ricas Quanto \u00e0 Substitui\u00e7\u00e3o de Ju\u00edzes de Direito<\/a><\/p><p><strong><span style=\"color: #993300\"><a style=\"color: #993300\" href=\"https:\/\/comarcas.csm.org.pt\/faro\/wp-content\/uploads\/sites\/14\/2025\/04\/Despacho-51_2019-Alteracao-as-Regras-de-Substituicao-dos-Juizes.pdf\" target=\"_blank\" rel=\"noopener\">Despacho 51\/2019<\/a><\/span><\/strong>\u00a0de 19\/mar\u00e7o &#8211; Altera\u00e7\u00e3o \u00e0s Regras de Substitui\u00e7\u00e3o dos Ju\u00edzes.<\/p><hr \/><p><span style=\"color: #993300\"><br \/><span style=\"color: #000000\"><span style=\"background-color: transparent;letter-spacing: 0.3px\"><a href=\"https:\/\/comarcas.csm.org.pt\/faro\/wp-content\/uploads\/sites\/14\/2026\/03\/20260327-Extrato-\u2013-Medidas-de-Gestao-522_25_0PBFAR-Juizo-Central-Criminal-de-Faro-J2.pdf\" target=\"_blank\" rel=\"noopener\"><span style=\"color: #993300\"><strong>Despacho 53\/2026<\/strong><\/span><\/a>\u00a0de 27\/mar\u00e7o &#8211; Extrato do Despacho que determina \u201cSubstitui\u00e7\u00e3o de Juizes na audi\u00eancia com interven\u00e7\u00e3o do Tribunal Coletivo, Juiz 2 do Ju\u00edzo Central Criminal de Faro\u201d &#8211; NUIPC<strong style=\"background-color: transparent;letter-spacing: 0.3px\"> 522\/25.0PBFAR<\/strong>\u00a0(pn) Processo Comum (Tribunal Coletivo)<strong style=\"background-color: transparent;letter-spacing: 0.3px\"> &#8211; <\/strong>Ju\u00edzo Central Criminal de Faro \u2013 Juiz 2<\/span><\/span><\/span><\/p><p><a href=\"https:\/\/comarcas.csm.org.pt\/faro\/wp-content\/uploads\/sites\/14\/2026\/03\/20260320-Extrato-\u2013-Medidas-de-Gestao-1563_22_5PBFAR-Juizo-Central-Criminal-de-Faro-J2.pdf\" target=\"_blank\" rel=\"noopener\"><span style=\"color: #993300\"><strong>Despacho 45\/2026<\/strong><\/span><\/a>\u00a0de 19\/mar\u00e7o &#8211; Extrato do Despacho que determina \u201cSubstitui\u00e7\u00e3o de Juiz(a) na audi\u00eancia com interven\u00e7\u00e3o do Tribunal Coletivo, Juiz 2 do Ju\u00edzo Central Criminal de Faro\u201d &#8211; NUIPC<strong style=\"background-color: transparent;letter-spacing: 0.3px\"> 1563\/22.5PBFAR<\/strong>\u00a0(pn) Processo Comum (Tribunal Coletivo)<strong style=\"background-color: transparent;letter-spacing: 0.3px\"> &#8211; <\/strong>Ju\u00edzo Central Criminal de Faro \u2013 Juiz 2<\/p><p><a href=\"https:\/\/comarcas.csm.org.pt\/faro\/wp-content\/uploads\/sites\/14\/2026\/03\/20260318-Extrato-\u2013-Medidas-de-Gestao-51_25_2JAFAR-Juizo-Central-Criminal-de-Faro-J3.pdf\" target=\"_blank\" rel=\"noopener\"><span style=\"color: #993300\"><strong>Despacho 44\/2026<\/strong><\/span><\/a>\u00a0de 17\/mar\u00e7o &#8211; Extrato do Despacho que determina \u201cSubstitui\u00e7\u00e3o de Juiz(a) na audi\u00eancia com interven\u00e7\u00e3o do Tribunal Coletivo, Juiz 3 do Ju\u00edzo Central Criminal de Faro\u201d &#8211; NUIPC<strong style=\"background-color: transparent;letter-spacing: 0.3px\"> 51\/25.2JAFAR<\/strong><span style=\"background-color: transparent;letter-spacing: 0.3px\">\u00a0(pn) Processo Comum (Tribunal Coletivo)<\/span><strong style=\"background-color: transparent;letter-spacing: 0.3px\"> &#8211; <\/strong><span style=\"background-color: transparent;letter-spacing: 0.3px\">Ju\u00edzo Central Criminal de Faro \u2013 Juiz 3<\/span><\/p><p><a style=\"color: #993300\" href=\"https:\/\/comarcas.csm.org.pt\/faro\/wp-content\/uploads\/sites\/14\/2026\/03\/extrato-do-despacho-43-2026.pdf\"><strong>Despacho 43\/2026 <\/strong><\/a><span style=\"color: #000000\"><span style=\"background-color: transparent;letter-spacing: 0.3px\">de 10\/mar\u00e7o &#8211; &#8220;Extrato&#8221; do Despacho &#8211; \u201cDesigna\u00e7\u00e3o de Juiz(a) substituto(a) &#8211; NUIPC <\/span><\/span><span style=\"color: #000000\"><strong>581\/25.6GDLE<\/strong> &#8211; Ju\u00edzo Central Criminal de Faro, Juiz 2.<\/span><\/p><p><a style=\"color: #993300\" href=\"https:\/\/comarcas.csm.org.pt\/faro\/wp-content\/uploads\/sites\/14\/2026\/03\/Extrato-Desp-40_2026-de-2-mar.pdf\" target=\"_blank\" rel=\"noopener\"><strong>Despacho<\/strong> <strong>40\/2026<\/strong><\/a><span style=\"background-color: transparent;letter-spacing: 0.3px\"> de 02\/mar\u00e7o &#8211; Extrato do Despacho &#8211; \u201cDesigna\u00e7\u00e3o de Juiz substituto: NUIPC &#8211; <strong>680\/25.4TBFAR<\/strong> e NUIPC &#8211; <strong>182\/24.6JAFAR<\/strong>&#8220;<\/span><\/p><p><a href=\"https:\/\/comarcas.csm.org.pt\/faro\/wp-content\/uploads\/sites\/14\/2026\/02\/20260226-Extrato-\u2013-Medidas-de-Gestao-109_21_7JAFAR-Juizo-Central-Criminal-de-Faro-J6.pdf\" target=\"_blank\" rel=\"noopener\"><span style=\"color: #993300\"><strong>Despacho 28\/2026<\/strong><\/span><\/a><span style=\"background-color: transparent;letter-spacing: 0.3px\"> de 26\/fevereiro &#8211; Extrato do Despacho que determina \u201cSubstitui\u00e7\u00e3o de Juiz(a) na audi\u00eancia com interven\u00e7\u00e3o do Tribunal Coletivo, Juiz 6 do Ju\u00edzo Central Criminal de Faro\u201d &#8211; NUIPC<\/span><strong style=\"background-color: transparent;letter-spacing: 0.3px\"> 109\/21.7JAFAR<\/strong><span style=\"background-color: transparent;letter-spacing: 0.3px\">\u00a0(pn) Processo Comum (Tribunal Coletivo)<\/span><strong style=\"background-color: transparent;letter-spacing: 0.3px\"> &#8211; <\/strong><span style=\"background-color: transparent;letter-spacing: 0.3px\">Ju\u00edzo Central Criminal de Faro \u2013 Juiz 6<\/span><\/p><p><a style=\"letter-spacing: 0.3px\" href=\"https:\/\/comarcas.csm.org.pt\/faro\/wp-content\/uploads\/sites\/14\/2026\/02\/Extrato-Desp-25-2026-de-6-fev.pdf\" target=\"_blank\" rel=\"noopener\"><strong style=\"background-color: transparent;letter-spacing: 0.3px\"><span style=\"color: #993300\">Despacho 25\/2026<\/span><\/strong><\/a><span style=\"background-color: transparent;letter-spacing: 0.3px\"> de 06\/fevereiro &#8211; Extrato do Despacho que determina \u201cSubstitui\u00e7\u00e3o de Juiz(a) na audi\u00eancia com interven\u00e7\u00e3o do Tribunal Coletivo, Juiz 2 do Ju\u00edzo Central Criminal de Faro\u201d &#8211; NUIPC<\/span><strong style=\"background-color: transparent;letter-spacing: 0.3px\"> 154\/21.2TELSB<\/strong><span style=\"background-color: transparent;letter-spacing: 0.3px\">\u00a0(pn) Processo Comum (Tribunal Coletivo)<\/span><strong style=\"background-color: transparent;letter-spacing: 0.3px\"> &#8211; <\/strong><span style=\"background-color: transparent;letter-spacing: 0.3px\">Ju\u00edzo\u00a0Central Criminal de Faro \u2013 Juiz 2<\/span><\/p><p><strong><span style=\"color: #993300\"><a style=\"color: #993300\" href=\"https:\/\/comarcas.csm.org.pt\/faro\/wp-content\/uploads\/sites\/14\/2026\/02\/20260203-Extrato-\u2013-Medidas-de-Gestao-1293_23_0GDLLE-Juizo-Central-Criminal-de-Faro-J1.pdf\" target=\"_blank\" rel=\"noopener\">Despacho 15\/2026<\/a><\/span><\/strong>\u00a0de 02\/fevereiro &#8211; Extrato do Despacho que determina \u201cSubstitui\u00e7\u00e3o de Juiz(a) nas audi\u00eancias com interven\u00e7\u00e3o do Tribunal Coletivo, Juiz 1 do Ju\u00edzo Central Criminal de Faro\u201d &#8211; NUIPC<strong> 1293\/23.0GDLLE<\/strong> (pn) Processo Comum (Tribunal Coletivo)<strong> &#8211; <\/strong>Ju\u00edzo Central Criminal de Faro \u2013 Juiz 1<\/p><p><span style=\"color: #993300\"><strong><a style=\"color: #993300\" href=\"https:\/\/comarcas.csm.org.pt\/faro\/wp-content\/uploads\/sites\/14\/2025\/10\/Designacao-de-Juiz-substituto-Despacho-166-2025.pdf\" target=\"_blank\" rel=\"noopener\">Despacho 166\/2025<\/a><\/strong><\/span>\u00a0de 01\/outubro &#8211; \u201cExtrato\u201d do Despacho &#8211; Designa\u00e7\u00e3o de Juiz(a) de Direito substituto(a) &#8211; NUIPC <strong>529\/22.0T8FAR<\/strong> &#8211; Ju\u00edzo de Fam\u00edlia e Menores de Faro, Juiz 3<\/p><p><strong><span style=\"color: #993300\"><a style=\"color: #993300\" href=\"https:\/\/comarcas.csm.org.pt\/faro\/wp-content\/uploads\/sites\/14\/2025\/06\/Extrato-do-Despacho-117_2025-Designacao-de-Juiza-de-Direito-substitutoa-NUIPC-323_24_3JAFAR.pdf\" target=\"_blank\" rel=\"noopener\">Despacho 117\/2025<\/a>\u00a0<\/span><\/strong>de 24\/junho &#8211; \u201cExtrato\u201d do Despacho &#8211; Designa\u00e7\u00e3o de Juiz(a) de Direito substituto(a) &#8211;\u00a0NUIPC <strong>323\/24.3JAFAR<\/strong> &#8211; Ju\u00edzo Central Criminal de Faro, Juiz 6<\/p><\/div>\n\t\t\t\t\t\t\t\t\t<div class=\"elementor-tab-title elementor-tab-mobile-title\" aria-selected=\"false\" data-tab=\"5\" role=\"tab\" tabindex=\"-1\" aria-controls=\"elementor-tab-content-2055\" aria-expanded=\"false\">Medidas Gest\u00e3o - Delega\u00e7\u00e3o Poderes<\/div>\n\t\t\t\t\t<div id=\"elementor-tab-content-2055\" class=\"elementor-tab-content elementor-clearfix\" data-tab=\"5\" role=\"tabpanel\" aria-labelledby=\"elementor-tab-title-2055\" tabindex=\"0\" hidden=\"hidden\"><h4 style=\"text-align: center\"><strong>Delega\u00e7\u00e3o de Poderes<\/strong> &#8211; Despacho <strong>8\/2026<\/strong>, de 14\/janeiro<\/h4><h5 style=\"text-align: center\">Delega\u00e7\u00e3o de poderes do Juiz Presidente do Tribunal Judicial da Comarca de Faro nos Ju\u00edzes de Direito em exerc\u00edcio de fun\u00e7\u00f5es na comarca.<\/h5><p>Procedimento <strong>2025\/GAVPM\/4036 &#8211; <\/strong>Objetivos Processuais 2026<br \/><a href=\"https:\/\/comarcas.csm.org.pt\/faro\/wp-content\/uploads\/sites\/14\/2026\/01\/Extrato-\u2013-Medidas-de-Gestao-2025_GAVPM_4036-Objetivos-Processuais-2026-v2.pdf\" target=\"_blank\" rel=\"noopener\">Extrato \u2013 Medidas de Gest\u00e3o &#8211; <span style=\"color: #993300\"><strong>2025\/GAVPM\/4036<\/strong><\/span> &#8211; Objetivos Processuais 2026<\/a><\/p><p>Processo <strong>13\/26.2T8FAR<\/strong> (cv) Processo Eleitoral &#8211;\u00a0 Ju\u00edzo Central C\u00edvel de Faro \u2013 Juiz 3<br \/><a href=\"https:\/\/comarcas.csm.org.pt\/faro\/wp-content\/uploads\/sites\/14\/2026\/01\/Extrato-\u2013-Medidas-de-Gestao-13_26_2T8FAR-Processo-Eleitoral-Juizo-Central-Civel-de-Faro.pdf\" target=\"_blank\" rel=\"noopener\">Extrato \u2013 Medidas de Gest\u00e3o &#8211; <strong><span style=\"color: #993300\">13\/26\/2T8FAR<\/span><\/strong> Processo Eleitoral &#8211; Ju\u00edzo Central C\u00edvel de Faro<\/a><\/p><hr \/><h4 style=\"text-align: center\"><strong>Delega\u00e7\u00e3o de Poderes<\/strong> [DR] &#8211; Despacho <strong>4118\/2025<\/strong>, de 01\/abril<\/h4><h5 style=\"text-align: center\">Delega\u00e7\u00e3o de poderes do Juiz Presidente do Tribunal Judicial da Comarca de Faro nos Magistrados Judiciais Coordenadores<\/h5><p>Magistrados Judiciais Coordenadores, Srs(as). Doutores(as) <em><strong>Ana L\u00facia Carvalheiro Dias Cruz, Manuel Ant\u00f3nio Figueira <\/strong><\/em><em><strong>Cristina<\/strong><\/em> e <em><strong>Susana Brand\u00e3o Loureiro Marques<\/strong><\/em>.<\/p><p><a href=\"https:\/\/comarcas.csm.org.pt\/faro\/wp-content\/uploads\/sites\/14\/2025\/04\/Despacho-4118_2025-Delegacao-de-Poderes-do-Juiz-Presidente-do-Tribunal-Judicial-da-Comarca-de-Faro-nos-Magistrados-Judiciais-Coordenadores.pdf\" target=\"_blank\" rel=\"noopener\"><span style=\"color: #993300\"><strong>Despacho 4118\/2025<\/strong><\/span>&#8211; Delega\u00e7\u00e3o de Poderes do Juiz Presidente do Tribunal Judicial da Comarca de Faro nos Magistrados Judiciais Coordenadores<\/a><\/p><hr \/><h4 style=\"text-align: center\"><strong>Delega\u00e7\u00e3o de Poderes<\/strong> [DR] &#8211; Despacho <strong>11208\/2024<\/strong>, de 24\/setembro<\/h4><h5 style=\"text-align: center\">Delega\u00e7\u00e3o de poderes do Juiz Presidente do Tribunal Judicial da Comarca de Faro nos Ju\u00edzes de direito em exerc\u00edcio de fun\u00e7\u00f5es na Comarca<\/h5><p style=\"text-align: left\"><a href=\"https:\/\/comarcas.csm.org.pt\/faro\/wp-content\/uploads\/sites\/14\/2025\/06\/Despacho-11208_2024-Delegacao-de-Poderes-do-Juiz-Presidente-do-Tribunal-Judicial-da-Comarca-de-Faro-nos-Juizes-de-Direito-em-Exercicio-de-Funcoes-na-Comarca.pdf\" target=\"_blank\" rel=\"noopener\"><span style=\"color: #993300\"><strong>Despacho 11208\/2024<\/strong><\/span> &#8211; Delega\u00e7\u00e3o de Poderes do Juiz Presidente do Tribunal Judicial da Comarca de Faro nos Ju\u00edzes de Direito em exerc\u00edcio de fun\u00e7\u00f5es na Comarca<\/a><\/p><\/div>\n\t\t\t\t\t\t\t\t\t<div class=\"elementor-tab-title elementor-tab-mobile-title\" aria-selected=\"false\" data-tab=\"6\" role=\"tab\" tabindex=\"-1\" aria-controls=\"elementor-tab-content-2056\" aria-expanded=\"false\">Medidas Gest\u00e3o - Turnos<\/div>\n\t\t\t\t\t<div id=\"elementor-tab-content-2056\" class=\"elementor-tab-content elementor-clearfix\" data-tab=\"6\" role=\"tabpanel\" aria-labelledby=\"elementor-tab-title-2056\" tabindex=\"0\" hidden=\"hidden\"><h4 style=\"text-align: center\"><strong>Turnos na Comarca de Faro<\/strong> &#8211; Despacho <strong>143\/2025<\/strong>, de 04\/Agosto<\/h4><h5 style=\"text-align: center\">Grupo I (Barlavento) &#8211; Grupo II (Sotavento)<\/h5><p>Para assegurar o servi\u00e7o urgente previsto no C\u00f3digo de Processo Penal, na Lei de Coopera\u00e7\u00e3o Judici\u00e1ria Internacional em Mat\u00e9ria Penal, na Lei de Sa\u00fade Mental, na Lei de Prote\u00e7\u00e3o de Crian\u00e7as e Jovens em Perigo e no Regime Jur\u00eddico de Entrada, Perman\u00eancia, Sa\u00edda e Afastamento de Estrangeiros do Territ\u00f3rio Nacional, que deva ser executado aos s\u00e1bados, nos feriados que recaiam em segunda-\u00adfeira e no segundo dia feriado, em caso de feriados consecutivos, aprovo os mapas que seguem, relativos aos meses de <strong>setembro de 2025 a agosto de 2026<\/strong>.<\/p><p><span style=\"color: #993300\"><strong><a style=\"color: #993300\" href=\"https:\/\/comarcas.csm.org.pt\/faro\/wp-content\/uploads\/sites\/14\/2025\/12\/Despacho-210_2025-Rectifcacao-do-Despacno-143_2025-Organizacao-de-Turnos.pdf\" target=\"_blank\" rel=\"noopener\">Despacho 210\/2025<\/a><\/strong><\/span>, de 10\/dezembro &#8211; Retifica\u00e7\u00e3o do\u00a0 <a href=\"https:\/\/comarcas.csm.org.pt\/faro\/wp-content\/uploads\/sites\/14\/2025\/08\/Despacho-143_2025-Comarca-de-Faro-JzPresidente-Turnos-de-Servico-Urgente-2025.pdf\" target=\"_blank\" rel=\"noopener\"><span style=\"color: #993300\"><strong>Despacho 143\/2025<\/strong><\/span><\/a>, de 4\/agosto &#8211; Servi\u00e7o Urgente 2025\/2026 [setembro\/2025 a agosto\/2026]<br \/><a href=\"https:\/\/comarcas.csm.org.pt\/faro\/wp-content\/uploads\/sites\/14\/2025\/08\/Despacho-143_2025-Comarca-de-Faro-JzPresidente-Turnos-de-Servico-Urgente-2025.pdf\" target=\"_blank\" rel=\"noopener\"><span style=\"color: #993300\"><strong>Despacho 143\/2025<\/strong><\/span>,de 4\/agosto &#8211; Servi\u00e7o Urgente 2025\/2026 [setembro\/2025 a agosto]2026]<\/a><br \/><a href=\"https:\/\/comarcas.csm.org.pt\/faro\/wp-content\/uploads\/sites\/14\/2025\/03\/Despacho-166_2024-Servico-Urgente-2024-2025.pdf\" target=\"_blank\" rel=\"noopener\"><span style=\"color: #993300\"><strong>Despacho 166\/2024<\/strong><\/span>,de 30\/julho &#8211; Servi\u00e7o Urgente 2024\/2025 (setembro\/2024 a agosto\/2025).<\/a><\/p><hr \/><h5 style=\"text-align: center\">Altera\u00e7\u00f5es aos Turnos<\/h5><ul><li><span style=\"color: #993300\"><strong><a style=\"color: #993300\" href=\"https:\/\/comarcas.csm.org.pt\/faro\/wp-content\/uploads\/sites\/14\/2026\/04\/Extrato-do-Despacho-de-Turnos-de-Sabado-54_2026-11-e-25-04-2026-e-16-05-2026-Barlavento.pdf\" target=\"_blank\" rel=\"noopener\">Despacho 54\/2026<\/a><\/strong><\/span><b>,<\/b> de 10\/04\/2026 &#8211; &#8220;Extrato\u201d do Despacho de Turnos de s\u00e1bado &#8211; Permuta de <a href=\"https:\/\/comarcas.csm.org.pt\/faro\/wp-content\/uploads\/sites\/14\/2026\/03\/Extrato-Despacho-41-2026-Turnos-de-sabado.pdf\">Turnos de s\u00e1bado<\/a>\u00a0 &#8211; 11\/04\/2026, 25\/04\/2026 e 16\/05\/2026 [Grupo I &#8211; Barlavento]<\/li><li><a href=\"https:\/\/comarcas.csm.org.pt\/faro\/wp-content\/uploads\/sites\/14\/2026\/03\/Extrato-Despacho-41-2026-Turnos-de-sabado.pdf\" target=\"_blank\" rel=\"noopener\"><b><span style=\"color: #993300\">Despacho 41\/2026<\/span><\/b><\/a><b>,<\/b> de 06\/03\/2026 &#8211; &#8220;Extrato\u201d do Despacho de Turnos de s\u00e1bado &#8211; Permuta de <a href=\"https:\/\/comarcas.csm.org.pt\/faro\/wp-content\/uploads\/sites\/14\/2026\/03\/Extrato-Despacho-41-2026-Turnos-de-sabado.pdf\">Turnos de s\u00e1bado<\/a>\u00a0 &#8211; 07\/03\/2026 e 21\/03\/2026 [Grupo I &#8211; Barlavento]<\/li><li><strong><span style=\"color: #993300\"><a style=\"color: #993300\" href=\"https:\/\/comarcas.csm.org.pt\/faro\/wp-content\/uploads\/sites\/14\/2026\/02\/Extrato-do-Despacho-de-Turnos-de-Sabado-27_2026-28-02-2026-Sotavento.pdf\" target=\"_blank\" rel=\"noopener\">Despacho<\/a><a style=\"color: #993300\" href=\"https:\/\/comarcas.csm.org.pt\/faro\/wp-content\/uploads\/sites\/14\/2026\/02\/Extrato-do-Despacho-de-Turnos-de-Sabado-27_2026-28-02-2026-Sotavento.pdf\" target=\"_blank\" rel=\"noopener\"> 27\/2026<\/a><\/span>,<\/strong>\u00a0de 26\/02\/2026 &#8211; &#8220;Extrato\u201d do Despacho de Turnos de s\u00e1bado &#8211; Permuta do Turno\u00a0 &#8211; 28\/02\/2026 [Sotavento].<\/li><li><strong><span style=\"color: #993300\"><a href=\"https:\/\/comarcas.csm.org.pt\/faro\/wp-content\/uploads\/sites\/14\/2026\/02\/Turnos-sabado-alteracao-20-02-2026.pdf\" target=\"_blank\" rel=\"noopener\"><span style=\"color: #993300\">Despacho<\/span> <span style=\"color: #993300\">26\/2026<\/span><\/a>, <\/span><\/strong>de 20\/02\/2026 &#8211; &#8220;Extrato\u201d do Despacho de Turnos de s\u00e1bado &#8211; Permuta do Turno\u00a0 &#8211; 21\/02\/2026 [Sotavento].<\/li><li><a href=\"https:\/\/comarcas.csm.org.pt\/faro\/wp-content\/uploads\/sites\/14\/2026\/02\/Extrato-do-Despacho-de-Turnos-de-Sabado-24_2026-07-02-2026-Barlavento.pdf\" target=\"_blank\" rel=\"noopener\"><span style=\"color: #993300\"><strong>Despacho 24\/2026<\/strong><\/span><\/a>, de 06\/02\/2026 &#8211; \u201cExtrato\u201d do Despacho de Turnos de s\u00e1bado &#8211; Permuta do Turno\u00a0 &#8211; 07\/02\/2026 [Grupo I &#8211; Barlavento].<\/li><li><a href=\"https:\/\/comarcas.csm.org.pt\/faro\/wp-content\/uploads\/sites\/14\/2025\/12\/Extrato-do-Despacho-de-Turnos-de-Sabado-2025-06_12_2025-Barlavento.pdf\" target=\"_blank\" rel=\"noopener\"><strong><span style=\"color: #993300\">Despacho 203\/2025<\/span><\/strong><\/a>, de 04\/12\/2025 &#8211; \u201cExtrato\u201d do Despacho de Turnos de s\u00e1bado &#8211; Permuta de turnos \u00a0&#8211; 06\/12\/2025.<\/li><li><strong><span style=\"color: #993300\"><a style=\"color: #993300\" href=\"https:\/\/comarcas.csm.org.pt\/faro\/wp-content\/uploads\/sites\/14\/2025\/11\/Extrato-do-Despacho-de-Turnos-de-Sabado-2025-01_12_2025-Barlavento.pdf\" target=\"_blank\" rel=\"noopener\">Despacho 199\/2025<\/a><\/span><\/strong>, de 20\/11\/2025 &#8211; \u201cExtrato\u201d do Despacho de Turnos de s\u00e1bado &#8211; Permuta de turnos \u00a0&#8211; 01\/12\/2025.<\/li><li><strong><span style=\"color: #993300\"><a style=\"color: #993300\" href=\"https:\/\/comarcas.csm.org.pt\/faro\/wp-content\/uploads\/sites\/14\/2025\/11\/Extrato-do-Despacho-de-Turnos-de-Sabado-2025-08_12_2025-Barlavento.pdf\" target=\"_blank\" rel=\"noopener\">Despacho 198\/2025<\/a><\/span><\/strong>, de 20\/11\/2025 &#8211; \u201cExtrato\u201d do Despacho de Turnos de s\u00e1bado &#8211; Permuta de turnos \u00a0&#8211; 08\/12\/2025.<\/li><li><strong><span style=\"color: #993300\"><a style=\"color: #993300\" href=\"https:\/\/comarcas.csm.org.pt\/faro\/wp-content\/uploads\/sites\/14\/2025\/11\/Extrato-do-Despacho-de-Turnos-de-Sabado-2025-22_11_2025-Barlavento.pdf\" target=\"_blank\" rel=\"noopener\">Despacho 197\/2025<\/a><\/span><\/strong>, de 20\/11\/2025 &#8211; \u201cExtrato\u201d do Despacho de Turnos de s\u00e1bado &#8211; Permuta de turnos \u00a0&#8211; 22\/11\/2025.<\/li><li><a href=\"https:\/\/comarcas.csm.org.pt\/faro\/wp-content\/uploads\/sites\/14\/2025\/10\/Extrato-Despacho-180-2025-_Site-da-Comarca.pdf\"><strong><span style=\"color: #993300\">Despacho 180\/2025<\/span><\/strong><\/a>, de 15\/10\/2025 &#8211; \u201cExtrato\u201d do Despacho de Turnos de s\u00e1bado &#8211; Permuta de turnos \u00a0&#8211; 18\/10\/2025.<\/li><li><strong><span style=\"color: #993300\"><a style=\"color: #993300\" href=\"https:\/\/comarcas.csm.org.pt\/faro\/wp-content\/uploads\/sites\/14\/2025\/04\/Extrato-do-Despacho-de-Turnos-a-Servico-Urgente-22-a-24_04_2025-e-28-a-02_05_2025-Despacho-75_2025-Barlavento-v2.pdf\" target=\"_blank\" rel=\"noopener\">Despacho 75\/2025<\/a><\/span>, <\/strong>de 14\/04\/2025 &#8211; Extrato\u201d do Despacho de Turnos Semanais de Servi\u00e7o Urgente\u00a0&#8211; Altera\u00e7\u00e3o N\u00facleo de Portim\u00e3o (Barlavento) &#8211; 22 a 24 abril de 2025 e 28 de abril a 2 maio de 2025.<\/li><\/ul><hr \/><p style=\"text-align: center\">T\u00edtulo V &gt; Cap\u00edtulo V &gt; Sec\u00e7\u00e3o III &gt; Subsec\u00e7\u00e3o II<br \/>Artigo 94.\u00ba<br \/>Compet\u00eancias<\/p><p style=\"text-align: left\">1 &#8211; Sem preju\u00edzo da autonomia do Minist\u00e9rio P\u00fablico e do poder de delega\u00e7\u00e3o, o presidente do tribunal possui compet\u00eancias de representa\u00e7\u00e3o e dire\u00e7\u00e3o, de gest\u00e3o processual, administrativas e funcionais.<br \/>2 &#8211; O presidente do tribunal possui as seguintes compet\u00eancias de representa\u00e7\u00e3o e dire\u00e7\u00e3o:<br \/>a) Representar e dirigir o tribunal;<br \/>b) Acompanhar a realiza\u00e7\u00e3o dos objetivos fixados para os servi\u00e7os judiciais do tribunal;<br \/>c) Promover a realiza\u00e7\u00e3o de reuni\u00f5es de planeamento e de avalia\u00e7\u00e3o dos resultados dos servi\u00e7os judiciais da comarca;<br \/>d) Adotar ou propor \u00e0s entidades competentes medidas, nomeadamente, de desburocratiza\u00e7\u00e3o, simplifica\u00e7\u00e3o de procedimentos, utiliza\u00e7\u00e3o das tecnologias de informa\u00e7\u00e3o e transpar\u00eancia do sistema de justi\u00e7a;<br \/>e) Pronunciar-se, sempre que seja ponderada a realiza\u00e7\u00e3o de sindic\u00e2ncias \u00e0 comarca pelo Conselho Superior da Magistratura;<br \/>f) Pronunciar-se, sempre que seja ponderada pelo Conselho dos Oficiais de Justi\u00e7a a realiza\u00e7\u00e3o de sindic\u00e2ncias relativamente aos servi\u00e7os judiciais e \u00e0 secretaria;<br \/>g) Elaborar um relat\u00f3rio semestral sobre o estado dos servi\u00e7os judiciais e a qualidade da resposta.<br \/>3 &#8211; O presidente do tribunal possui as seguintes compet\u00eancias funcionais:<br \/>a) Dar posse aos ju\u00edzes e ao administrador judici\u00e1rio;<br \/><strong>b) Elaborar os mapas de turnos e de f\u00e9rias dos ju\u00edzes e submet\u00ea-los a aprova\u00e7\u00e3o do Conselho Superior da Magistratura;<\/strong><br \/>c) Exercer a a\u00e7\u00e3o disciplinar sobre os oficiais de justi\u00e7a, relativamente a pena de gravidade inferior \u00e0 de multa, e, nos restantes casos, ordenar a instaura\u00e7\u00e3o de processo disciplinar, com exce\u00e7\u00e3o daqueles a que se reporta a al\u00ednea k) do n.\u00ba 1 do artigo 101.\u00ba;<br \/>d) Nomear um juiz substituto, em caso de impedimento do titular ou do substituto designado, de acordo com orienta\u00e7\u00f5es gen\u00e9ricas do Conselho Superior da Magistratura;<br \/>e) Assegurar a frequ\u00eancia equilibrada de a\u00e7\u00f5es de forma\u00e7\u00e3o pelos ju\u00edzes da comarca, com respeito pelas necessidades do servi\u00e7o e em articula\u00e7\u00e3o com o Conselho Superior da Magistratura;<br \/>f) Participar no processo de avalia\u00e7\u00e3o dos oficiais de justi\u00e7a, nos termos da legisla\u00e7\u00e3o espec\u00edfica aplic\u00e1vel, com exce\u00e7\u00e3o daqueles a que se reporta a al\u00ednea l) do n.\u00ba 1 do artigo 101.\u00ba, sendo-lhe dado conhecimento dos relat\u00f3rios das inspe\u00e7\u00f5es aos servi\u00e7os e das avalia\u00e7\u00f5es, respeitando a prote\u00e7\u00e3o dos dados pessoais.<br \/>4 &#8211; O presidente do tribunal possui as seguintes compet\u00eancias de gest\u00e3o processual, que exerce com observ\u00e2ncia do disposto nos artigos 90.\u00ba e 91.\u00ba:<br \/>a) Implementar m\u00e9todos de trabalho e objetivos mensur\u00e1veis para cada unidade org\u00e2nica, sem preju\u00edzo das compet\u00eancias e atribui\u00e7\u00f5es que, nessa mat\u00e9ria, prossegue o Conselho Superior da Magistratura, designadamente na fixa\u00e7\u00e3o dos indicadores do volume processual adequado;<br \/>b) Acompanhar e avaliar a atividade do tribunal, em particular a qualidade do servi\u00e7o de justi\u00e7a prestado aos cidad\u00e3os, tomando designadamente por refer\u00eancia as reclama\u00e7\u00f5es ou as respostas a question\u00e1rios de satisfa\u00e7\u00e3o;<br \/>c) Acompanhar o movimento processual do tribunal, identificando, designadamente, os processos que est\u00e3o pendentes por tempo considerado excessivo ou que n\u00e3o s\u00e3o resolvidos em prazo considerado razo\u00e1vel, informando o Conselho Superior da Magistratura e promovendo as medidas que se justifiquem;<br \/>d) Promover, com a colabora\u00e7\u00e3o dos demais ju\u00edzes, a aplica\u00e7\u00e3o de medidas de simplifica\u00e7\u00e3o e agiliza\u00e7\u00e3o processuais, sem preju\u00edzo do disposto em legisla\u00e7\u00e3o espec\u00edfica quanto \u00e0 ado\u00e7\u00e3o de mecanismos de agiliza\u00e7\u00e3o processual pelo presidente do tribunal ou pelo juiz;<br \/>e) Propor ao Conselho Superior da Magistratura a cria\u00e7\u00e3o e extin\u00e7\u00e3o de outros graus de especializa\u00e7\u00e3o nas unidades de processos, designadamente para as pequenas causas;<br \/>f) Propor ao Conselho Superior da Magistratura a reafeta\u00e7\u00e3o de ju\u00edzes, respeitado o princ\u00edpio da especializa\u00e7\u00e3o dos magistrados, a outro tribunal ou ju\u00edzo da mesma comarca ou a afeta\u00e7\u00e3o de processos para tramita\u00e7\u00e3o e decis\u00e3o a outro juiz que n\u00e3o o seu titular, tendo em vista o equil\u00edbrio da carga processual e a efici\u00eancia dos servi\u00e7os;<br \/>g) Propor ao Conselho Superior da Magistratura o exerc\u00edcio de fun\u00e7\u00f5es de ju\u00edzes em mais do que um tribunal ou ju\u00edzo da mesma comarca, respeitado o princ\u00edpio da especializa\u00e7\u00e3o dos magistrados, ponderadas as necessidades dos servi\u00e7os e o volume processual existente;<br \/>h) Solicitar o suprimento de necessidades de resposta adicional, nomeadamente atrav\u00e9s do recurso aos quadros complementares de ju\u00edzes.<br \/>5 &#8211; As medidas a que se refere a al\u00ednea f) do n\u00famero anterior s\u00e3o precedidas da concord\u00e2ncia do juiz a reafetar ou do juiz a quem sejam afetados os processos.<br \/>6 &#8211; A reafeta\u00e7\u00e3o de ju\u00edzes ou a afeta\u00e7\u00e3o de processos t\u00eam como finalidade responder a necessidades de servi\u00e7o, pontuais e transit\u00f3rias, e devem ser fundadas em crit\u00e9rios gerais, definidos pelo Conselho Superior da Magistratura, respeitando sempre princ\u00edpios de proporcionalidade, equil\u00edbrio de servi\u00e7o e aleatoriedade na distribui\u00e7\u00e3o, n\u00e3o podendo implicar preju\u00edzo pessoal s\u00e9rio para a vida pessoal ou familiar do juiz.<br \/>7 &#8211; O Conselho Superior da Magistratura fixa antecipadamente os crit\u00e9rios a considerar quanto \u00e0 densifica\u00e7\u00e3o dos conceitos previstos na al\u00ednea f) do n.\u00ba 4 e publicita-os, previamente \u00e0 sua execu\u00e7\u00e3o, nas p\u00e1ginas eletr\u00f3nicas das comarcas e do Conselho Superior da Magistratura.<br \/>8 &#8211; O presidente do tribunal possui as seguintes compet\u00eancias administrativas:<br \/>a) Elaborar os planos anuais e plurianuais de atividades e relat\u00f3rios de atividades;<br \/>b) Elaborar os regulamentos internos dos servi\u00e7os judiciais da comarca, ouvido o magistrado do Minist\u00e9rio P\u00fablico coordenador e o administrador judici\u00e1rio;<br \/>c) Participar na conce\u00e7\u00e3o e execu\u00e7\u00e3o das medidas de organiza\u00e7\u00e3o e moderniza\u00e7\u00e3o da comarca;<br \/>d) Planear, no \u00e2mbito da magistratura judicial, as necessidades de recursos humanos.<br \/>9 &#8211; O presidente do tribunal exerce ainda as compet\u00eancias que lhe forem delegadas pelo Conselho Superior da Magistratura.<br \/>10 &#8211; Para efeitos de acompanhamento da atividade dos tribunais e ju\u00edzos sediados na comarca, incluindo os elementos relativos \u00e0 dura\u00e7\u00e3o dos processos e \u00e0 produtividade, s\u00e3o disponibilizados dados informatizados do sistema judicial, no respeito pela prote\u00e7\u00e3o dos dados pessoais.<\/p><p style=\"text-align: right\">Lei <a href=\"https:\/\/data.dre.pt\/eli\/lei\/62\/2013\/p\/cons\/20240205\/pt\/html\">62\/2013<\/a>, de 26\/agosto &#8211; Lei da Organiza\u00e7\u00e3o do Sistema Judici\u00e1rio &#8211; Artigo 94.\u00ba<\/p><hr \/><p style=\"text-align: center\">Cap\u00edtulo IV &gt; Sec\u00e7\u00e3o I<br \/>Artigo 53.\u00ba<br \/>Turnos<\/p><p><strong>1 &#8211; O servi\u00e7o urgente referido no n.\u00ba 2 do artigo 36.\u00ba da Lei n.\u00ba 62\/2013, de 26 de agosto, refere-se designadamente ao previsto no C\u00f3digo de Processo Penal, na lei de coopera\u00e7\u00e3o judici\u00e1ria internacional em mat\u00e9ria penal, na lei de sa\u00fade mental, na lei de prote\u00e7\u00e3o de crian\u00e7as e jovens em perigo e no regime jur\u00eddico de entrada, perman\u00eancia, sa\u00edda e afastamento de estrangeiros do territ\u00f3rio nacional, que deva ser executado aos s\u00e1bados, nos feriados que recaiam em segunda-feira e no segundo dia feriado, em caso de feriados consecutivos.<\/strong><br \/><strong>2 &#8211; Os turnos s\u00e3o organizados pelo presidente do tribunal e pelo magistrado do Minist\u00e9rio P\u00fablico coordenador, nos tribunais de comarca.<\/strong><br \/>3 &#8211; Os tribunais de compet\u00eancia territorial alargada integram a organiza\u00e7\u00e3o de turnos prevista no n\u00famero anterior.<br \/>4 &#8211; A organiza\u00e7\u00e3o dos turnos \u00e9 efetuada com pr\u00e9via audi\u00e7\u00e3o dos magistrados e, sempre que poss\u00edvel, com a anteced\u00eancia de 60 dias.<\/p><p style=\"text-align: center\">Cap\u00edtulo IV &gt; Sec\u00e7\u00e3o I<br \/>Artigo 55.\u00ba<br \/>Turnos aos s\u00e1bados e feriados<\/p><p><strong>1 &#8211; Para assegurar o servi\u00e7o urgente aos s\u00e1bados, feriados que recaiam em segunda-feira e no segundo dia feriado, em caso de feriados consecutivos, os turnos s\u00e3o organizados pelo presidente do tribunal, ouvido o magistrado do Minist\u00e9rio P\u00fablico coordenador nos termos referidos nos n\u00fameros seguintes.<\/strong><br \/><strong>2 &#8211; Os turnos s\u00e3o organizados em regime de rotatividade e por ordem alfab\u00e9tica, em todos os munic\u00edpios existentes na comarca, onde se mostre instalada sec\u00e7\u00e3o de compet\u00eancia gen\u00e9rica.<\/strong><br \/><strong>3 &#8211; A cada munic\u00edpio referido no n\u00famero anterior correspondem, de forma consecutiva, tantos turnos quantos o n\u00famero de ju\u00edzes a\u00ed colocados.<\/strong><br \/><strong>4 &#8211; Os turnos funcionam nas sec\u00e7\u00f5es da comarca, de acordo com a seguinte ordem de prefer\u00eancia:<\/strong><br \/><strong>a) Sec\u00e7\u00e3o de instru\u00e7\u00e3o criminal da inst\u00e2ncia central;<\/strong><br \/><strong>b) Sec\u00e7\u00e3o criminal da inst\u00e2ncia local;<\/strong><br \/><strong>c) Sec\u00e7\u00e3o de pequena criminalidade da inst\u00e2ncia local;<\/strong><br \/><strong>d) Sec\u00e7\u00e3o de compet\u00eancia gen\u00e9rica da inst\u00e2ncia local.<\/strong><br \/>5 &#8211; Cada turno tem uma dura\u00e7\u00e3o correspondente ao per\u00edodo necess\u00e1rio para assegurar o servi\u00e7o urgente.<br \/><strong>6 &#8211; O presidente do tribunal aprova, uma ou duas vezes por ano, mapas de turnos que d\u00e3o concretiza\u00e7\u00e3o ao regime previsto nos n\u00fameros anteriores, e divulga-os pelos meios eletr\u00f3nicos dispon\u00edveis.<\/strong><br \/>7 &#8211; O presidente do tribunal ou o magistrado do Minist\u00e9rio P\u00fablico coordenador, consoante os casos, aprovam, uma ou duas vezes por ano, as listas de ju\u00edzes e magistrados do Minist\u00e9rio P\u00fablico designados para o servi\u00e7o de turno referido no n.\u00ba 1, nos termos do disposto no n.\u00ba 2 do artigo 36.\u00ba da Lei n.\u00ba 62\/2013, de 26 agosto.<br \/>8 &#8211; Quando a extens\u00e3o e o volume processual da comarca assim o justifiquem, o turno pode integrar um conjunto de munic\u00edpios, nos termos a definir pelo conselho de gest\u00e3o.<br \/>9 &#8211; Quando um feriado municipal ocorra em segunda-feira ou em dia \u00fatil subsequente a feriado nacional, o servi\u00e7o de turno \u00e9 assegurado pela sec\u00e7\u00e3o de compet\u00eancia gen\u00e9rica normalmente competente, aplicando-se o disposto nos artigos 57.\u00ba a 60.\u00ba<\/p><p style=\"text-align: right\">Decreto-Lei <a href=\"https:\/\/data.dre.pt\/eli\/dec-lei\/49\/2014\/p\/cons\/20211123\/pt\/html\">49\/2014<\/a>, de 27\/mar\u00e7o &#8211; Regulamenta a Lei da Organiza\u00e7\u00e3o do Sistema Judici\u00e1rio &#8211; Artigos 53.\u00ba e 55.\u00ba<\/p><\/div>\n\t\t\t\t\t\t\t\t\t<div class=\"elementor-tab-title elementor-tab-mobile-title\" aria-selected=\"false\" data-tab=\"7\" role=\"tab\" tabindex=\"-1\" aria-controls=\"elementor-tab-content-2057\" aria-expanded=\"false\">Medidas Gest\u00e3o - Distribui\u00e7\u00e3o<\/div>\n\t\t\t\t\t<div id=\"elementor-tab-content-2057\" class=\"elementor-tab-content elementor-clearfix\" data-tab=\"7\" role=\"tabpanel\" aria-labelledby=\"elementor-tab-title-2057\" tabindex=\"0\" hidden=\"hidden\"><h4 style=\"text-align: center\"><strong>Distribui\u00e7\u00e3o na Comarca de Faro<\/strong><\/h4><h5><strong>Turnos de distribui\u00e7\u00e3o (de acordo com a Lei n.\u00ba 56\/2025, de 24 de Julho, e a Portaria n.\u00ba 350-A\/2025\/1, de 9 de Outubro]:<\/strong><\/h5><ul><li><span style=\"letter-spacing: 0.3px\"> <a href=\"https:\/\/comarcas.csm.org.pt\/faro\/wp-content\/uploads\/sites\/14\/2025\/10\/Despacho-185_2025-de-27_10_2025-Complemento-do-Despacho-182_2025-de17_10_2025-Orientacoes-Genericas-Relativas-a-Distribuicao-de-Atos-Processuais.pdf\" target=\"_blank\" rel=\"noopener\"><span style=\"color: #993300\"><strong>Despacho 185\/2025<\/strong><\/span><\/a> de 27\/10\/2025 &#8211; Complemento ao <a href=\"https:\/\/comarcas.csm.org.pt\/faro\/wp-content\/uploads\/sites\/14\/2025\/10\/Despacho-n.o-182-2025-002.pdf\" target=\"_blank\" rel=\"noopener\"><span style=\"color: #993300\"><strong>Despacho 182\/2025<\/strong><\/span><\/a> de 17\/10\/2025 &#8211; Orienta\u00e7\u00f5es gen\u00e9ricas relativas \u00e0 distribui\u00e7\u00e3o de atos processuais (22 de outubro\/2025 a julho\/2026).<\/span><\/li><li><span style=\"letter-spacing: 0.3px\"><a href=\"https:\/\/comarcas.csm.org.pt\/faro\/wp-content\/uploads\/sites\/14\/2025\/10\/Despacho-n.o-182-2025-002.pdf\"><span style=\"color: #993300\"><strong>Despacho 182\/2025<\/strong><\/span><\/a><span style=\"color: #993300\">,<\/span> de 17\/10\/2025 &#8211; Orienta\u00e7\u00f5es gen\u00e9ricas relativas \u00e0 distribui\u00e7\u00e3o de atos processuais (22 de outubro\/2025 a julho\/2026).\u00a0<\/span><ul><li><a href=\"https:\/\/comarcas.csm.org.pt\/faro\/wp-content\/uploads\/sites\/14\/2025\/10\/Distribuicao-de-Processos-Escala-de-Juizes-de-turno.pdf\"><strong><span style=\"color: #993300\">Turnos da distribui\u00e7\u00e3o<\/span><\/strong><\/a>, (de acordo com a Lei n.\u00ba 56\/2025, de 24 de julho, e a Portaria n.\u00ba 350-A\/2025\/1, de 9 de outubro).<\/li><\/ul><\/li><\/ul><h5><strong>Turnos de distribui\u00e7\u00e3o a que alude o artigo 89\u00ba da Lei 62\/2013, de 26\/agosto &#8211; Lei da Organiza\u00e7\u00e3o do Sistema Judici\u00e1rio (LOSJ)\u00a0<\/strong><\/h5><ul><li><span style=\"color: #993300\"><strong><a style=\"color: #993300\" href=\"https:\/\/comarcas.csm.org.pt\/faro\/wp-content\/uploads\/sites\/14\/2025\/08\/Despacho-137_2025-Comarca-de-Faro-JzPresidente-Turnos-de-Distribuicao-de-Expediente-2025.pdf\" target=\"_blank\" rel=\"noopener\">Despacho 137\/2025<\/a><\/strong><\/span>, de 04\/08\/2025 &#8211; Turnos de Distribui\u00e7\u00e3o a que alude o artigo 89\u00ba da LOSJ [setembro\/2025 a julho\/2026].<\/li><\/ul><hr \/><h5><strong>Distribui\u00e7\u00e3o de Processos de acordo com o regime institu\u00eddo pela Lei n\u00ba <a href=\"https:\/\/data.dre.pt\/eli\/lei\/55\/2021\/08\/13\/p\/dre\/pt\/html\">55\/2021<\/a>, de 13\/agosto e pela Portaria n\u00ba <a href=\"https:\/\/diariodarepublica.pt\/dr\/detalhe\/portaria\/86-2023-210982935\">86\/2023<\/a>, de 27\/mar\u00e7o<\/strong><\/h5><ul><li><span style=\"color: #993300\"><strong><a style=\"color: #993300\" href=\"https:\/\/comarcas.csm.org.pt\/faro\/wp-content\/uploads\/sites\/14\/2025\/03\/Despacho-183_2024-Distribuicao-de-Processos-de-Acordo-com-o-Regime-Instituido-pela-Lei-55_2021-e-pela-Portaria-86_2023.pdf\" target=\"_blank\" rel=\"noopener\">Despacho 183\/2024<\/a><\/strong><strong>, <\/strong><\/span>de 27\/setembro <strong>&#8211; <\/strong>Atualiza\u00e7\u00e3o das regras dos Despachos 101\/2023, 72\/2023 e 58\/2023. &#8211;<span style=\"color: #993300\"> (revogado)<\/span><\/li><li><span style=\"color: #993300\"><strong><a style=\"color: #993300\" href=\"https:\/\/comarcas.csm.org.pt\/faro\/wp-content\/uploads\/sites\/14\/2025\/03\/Despacho-101_2023-Escala-Magistrados-Distribuicao-Set-2024-a-Julho-2025.pdf\" target=\"_blank\" rel=\"noopener\">Despacho 101\/2023<\/a>, <\/strong><\/span>de 7\/julho <strong>&#8211; <\/strong>Primeira altera\u00e7\u00e3o ao Despacho 58\/2023, de 5\/maio. &#8211; <span style=\"color: #993300\">(revogado)<\/span><\/li><li><span style=\"color: #993300\"><strong><span style=\"color: #993300\"><a style=\"color: #993300\" href=\"https:\/\/comarcas.csm.org.pt\/faro\/wp-content\/uploads\/sites\/14\/2025\/03\/Despacho-72_2023-primeira-alteracao-ao-Despacho-58_2023-Distribuicao-de-Processos-de-acordo-com-o-regime-instituido-pela-Lei-55_2021-e-Portaria-86_2023.pdf\" target=\"_blank\" rel=\"noopener\">Despacho 72\/2023<\/a><\/span>, <\/strong><\/span>de 17\/maio <strong>&#8211; <\/strong>Turnos de distribui\u00e7\u00e3o pelos Magistrados Judiciais (setembro 2024 a julho 2025]. &#8211;<span style=\"color: #993300\"> (revogado)<\/span><\/li><li><span style=\"color: #993300\"><strong><a href=\"https:\/\/comarcas.csm.org.pt\/faro\/wp-content\/uploads\/sites\/14\/2025\/03\/Despacho-58_2023-Distribuicao-de-Processos-de-acordo-com-o-regime-instituido-pela-Lei-55_2021-e-Portaria-86_2023.pdf\" target=\"_blank\" rel=\"noopener\"><span style=\"color: #993300\">Despacho 58\/2023<\/span><\/a>, <\/strong><\/span>de 5\/maio <strong>&#8211; <\/strong>Regras da Distribui\u00e7\u00e3o de Processos de acordo com o regime institu\u00eddo pela Lei n\u00ba 55\/2021, de 13\/agosto e pela Portaria n\u00ba 86\/2023, de 27\/mar\u00e7o. <span style=\"color: #993300\"><span style=\"color: #000000\">&#8211;<\/span> (revogado)<\/span><\/li><\/ul><hr \/><h4 style=\"text-align: center\"><strong>Altera\u00e7\u00f5es aos Turnos<\/strong><\/h4><ul><li><span style=\"color: #993300\"><strong><a style=\"color: #993300\" href=\"https:\/\/comarcas.csm.org.pt\/faro\/wp-content\/uploads\/sites\/14\/2025\/07\/Extrato-do-Despacho-de-Turnos-Distribuicao-01_07_2025.pdf\" target=\"_blank\" rel=\"noopener\">Despacho 123\/2025<\/a><\/strong><\/span>\u00a0&#8211; Extrato do Despacho de Turnos de Distribui\u00e7\u00e3o &#8211; 01\/07\/2025 &#8211; \u201cExtrato\u201d do Despacho de Altera\u00e7\u00e3o de Turno \u00e0 Distribui\u00e7\u00e3o Processos &#8212; Designa\u00e7\u00e3o urgente de Juiz de Direito para presidir \u00e0s opera\u00e7\u00f5es de distribui\u00e7\u00e3o.<\/li><li><a href=\"https:\/\/comarcas.csm.org.pt\/faro\/wp-content\/uploads\/sites\/14\/2025\/06\/Extrato-do-Despacho-de-Turnos-Distribuicao-11-e-12_06_2025.pdf\" target=\"_blank\" rel=\"noopener\"><strong><span style=\"color: #993300\">Despacho 111\/2025<\/span><\/strong><\/a>\u00a0&#8211; Extrato do Despacho de Turnos de Distribui\u00e7\u00e3o &#8211; 09\/06\/2025 &#8211; \u201cExtrato\u201d do Despacho de Altera\u00e7\u00e3o de Turno \u00e0 Distribui\u00e7\u00e3o Processos &#8212; Designa\u00e7\u00e3o urgente de Juiz de Direito para presidir \u00e0s opera\u00e7\u00f5es de distribui\u00e7\u00e3o.<\/li><li><span style=\"color: #993300\"><strong><a style=\"color: #993300\" href=\"https:\/\/comarcas.csm.org.pt\/faro\/wp-content\/uploads\/sites\/14\/2025\/04\/Extrato-do-Despacho-de-Turnos-Distribuicao-08_04_2025-Novo-Site.pdf\" target=\"_blank\" rel=\"noopener\">Despacho 68\/2025<\/a><\/strong><\/span>\u00a0&#8211; Extrato do Despacho de Turnos de Distribui\u00e7\u00e3o &#8211; 08\/04\/2025 &#8211; \u201cExtrato\u201d do Despacho de Altera\u00e7\u00e3o de Turno \u00e0 Distribui\u00e7\u00e3o Processos &#8212; Designa\u00e7\u00e3o urgente de Juiz de Direito para presidir \u00e0s opera\u00e7\u00f5es de distribui\u00e7\u00e3o.<br \/><div id=\"simple-translate\" class=\"simple-translate-system-theme\">\u00a0<\/div><\/li><\/ul><div id=\"simple-translate\" class=\"simple-translate-system-theme\"><div><div class=\"simple-translate-button isShow\" style=\"height: 22px;width: 22px;top: 34px;left: 50px\">\u00a0<\/div><div class=\"simple-translate-panel \" style=\"width: 300px;height: 200px;top: 0px;left: 0px;font-size: 13px\"><div class=\"simple-translate-result-wrapper\" style=\"overflow: hidden\"><div class=\"simple-translate-move\">\u00a0<\/div><div class=\"simple-translate-result-contents\"><p class=\"simple-translate-candidate\" dir=\"auto\">\u00a0<\/p><\/div><\/div><\/div><\/div><\/div><\/div>\n\t\t\t\t\t\t\t\t\t<div class=\"elementor-tab-title elementor-tab-mobile-title\" aria-selected=\"false\" data-tab=\"8\" role=\"tab\" tabindex=\"-1\" aria-controls=\"elementor-tab-content-2058\" aria-expanded=\"false\">Medidas Gest\u00e3o - Toler\u00e2ncia de Ponto<\/div>\n\t\t\t\t\t<div id=\"elementor-tab-content-2058\" class=\"elementor-tab-content elementor-clearfix\" data-tab=\"8\" role=\"tabpanel\" aria-labelledby=\"elementor-tab-title-2058\" tabindex=\"0\" hidden=\"hidden\"><h4 style=\"text-align: center\"><strong>Toler\u00e2ncia de Ponto<\/strong><\/h4><h5><strong>Toler\u00e2ncia de Ponto [natal 2025]<\/strong><\/h5><ul><li><span style=\"letter-spacing: 0.3px\"><a href=\"https:\/\/comarcas.csm.org.pt\/faro\/wp-content\/uploads\/sites\/14\/2025\/12\/20251219-Despacho-211_2025-Tolerancia-de-Ponto-Servicos-Minimos.pdf\" target=\"_blank\" rel=\"noopener\"><span style=\"color: #993300\"><strong>Despacho 211\/2025<\/strong><\/span><\/a><\/span>, de 19\/dezembro &#8211; Concretiza\u00e7\u00e3o da Toler\u00e2ncia de Ponto \u2013 Natal de 2025<\/li><\/ul><div id=\"simple-translate\" class=\"simple-translate-system-theme\"><div><div class=\"simple-translate-panel \" style=\"width: 300px;height: 200px;top: 0px;left: 0px;font-size: 13px\"><div class=\"simple-translate-result-wrapper\" style=\"overflow: hidden\"><div class=\"simple-translate-result-contents\"><p class=\"simple-translate-candidate\" dir=\"auto\">\u00a0<\/p><\/div><\/div><\/div><\/div><\/div><\/div>\n\t\t\t\t\t\t\t\t\t<div class=\"elementor-tab-title elementor-tab-mobile-title\" aria-selected=\"false\" data-tab=\"9\" role=\"tab\" tabindex=\"-1\" aria-controls=\"elementor-tab-content-2059\" aria-expanded=\"false\">Regulamentos<\/div>\n\t\t\t\t\t<div id=\"elementor-tab-content-2059\" class=\"elementor-tab-content elementor-clearfix\" data-tab=\"9\" role=\"tabpanel\" aria-labelledby=\"elementor-tab-title-2059\" tabindex=\"0\" hidden=\"hidden\"><p>\u00a0<\/p><h4 style=\"text-align: center\"><strong>Regulamento Interno dos Servi\u00e7os Judiciais da Comarca de Faro<\/strong><\/h4><ul><li><a href=\"https:\/\/comarcas.csm.org.pt\/faro\/wp-content\/uploads\/sites\/14\/2025\/03\/RISJCF-Regulamento-Interno-dos-Servicos-Judiciais-da-Comarca-de-Faro.pdf\" target=\"_blank\" rel=\"noopener\"><span style=\"color: #993300\"><strong>Regulamento Interno dos Servi\u00e7os Judiciais da Comarca de Faro<\/strong><\/span><\/a><\/li><\/ul><p style=\"text-align: center\">T\u00edtulo V &gt; Cap\u00edtulo V &gt; Sec\u00e7\u00e3o III &gt; Subsec\u00e7\u00e3o II<br \/>Artigo 94.\u00ba<br \/>Compet\u00eancias<\/p><p>1 &#8211; Sem preju\u00edzo da autonomia do Minist\u00e9rio P\u00fablico e do poder de delega\u00e7\u00e3o, o presidente do tribunal possui compet\u00eancias de representa\u00e7\u00e3o e dire\u00e7\u00e3o, de gest\u00e3o processual, administrativas e funcionais.<br \/>2 &#8211; O presidente do tribunal possui as seguintes compet\u00eancias de representa\u00e7\u00e3o e dire\u00e7\u00e3o:<br \/>a) Representar e dirigir o tribunal;<br \/>b) Acompanhar a realiza\u00e7\u00e3o dos objetivos fixados para os servi\u00e7os judiciais do tribunal;<br \/>c) Promover a realiza\u00e7\u00e3o de reuni\u00f5es de planeamento e de avalia\u00e7\u00e3o dos resultados dos servi\u00e7os judiciais da comarca;<br \/>d) Adotar ou propor \u00e0s entidades competentes medidas, nomeadamente, de desburocratiza\u00e7\u00e3o, simplifica\u00e7\u00e3o de procedimentos, utiliza\u00e7\u00e3o das tecnologias de informa\u00e7\u00e3o e transpar\u00eancia do sistema de justi\u00e7a;<br \/>e) Pronunciar-se, sempre que seja ponderada a realiza\u00e7\u00e3o de sindic\u00e2ncias \u00e0 comarca pelo Conselho Superior da Magistratura;<br \/>f) Pronunciar-se, sempre que seja ponderada pelo Conselho dos Oficiais de Justi\u00e7a a realiza\u00e7\u00e3o de sindic\u00e2ncias relativamente aos servi\u00e7os judiciais e \u00e0 secretaria;<br \/>g) Elaborar um relat\u00f3rio semestral sobre o estado dos servi\u00e7os judiciais e a qualidade da resposta.<br \/>3 &#8211; O presidente do tribunal possui as seguintes compet\u00eancias funcionais:<br \/>a) Dar posse aos ju\u00edzes e ao administrador judici\u00e1rio;<br \/>b) Elaborar os mapas de turnos e de f\u00e9rias dos ju\u00edzes e submet\u00ea-los a aprova\u00e7\u00e3o do Conselho Superior da Magistratura;<br \/>c) Exercer a a\u00e7\u00e3o disciplinar sobre os oficiais de justi\u00e7a, relativamente a pena de gravidade inferior \u00e0 de multa, e, nos restantes casos, ordenar a instaura\u00e7\u00e3o de processo disciplinar, com exce\u00e7\u00e3o daqueles a que se reporta a al\u00ednea k) do n.\u00ba 1 do artigo 101.\u00ba;<br \/>d) Nomear um juiz substituto, em caso de impedimento do titular ou do substituto designado, de acordo com orienta\u00e7\u00f5es gen\u00e9ricas do Conselho Superior da Magistratura;<br \/>e) Assegurar a frequ\u00eancia equilibrada de a\u00e7\u00f5es de forma\u00e7\u00e3o pelos ju\u00edzes da comarca, com respeito pelas necessidades do servi\u00e7o e em articula\u00e7\u00e3o com o Conselho Superior da Magistratura;<br \/>f) Participar no processo de avalia\u00e7\u00e3o dos oficiais de justi\u00e7a, nos termos da legisla\u00e7\u00e3o espec\u00edfica aplic\u00e1vel, com exce\u00e7\u00e3o daqueles a que se reporta a al\u00ednea l) do n.\u00ba 1 do artigo 101.\u00ba, sendo-lhe dado conhecimento dos relat\u00f3rios das inspe\u00e7\u00f5es aos servi\u00e7os e das avalia\u00e7\u00f5es, respeitando a prote\u00e7\u00e3o dos dados pessoais.<br \/>4 &#8211; O presidente do tribunal possui as seguintes compet\u00eancias de gest\u00e3o processual, que exerce com observ\u00e2ncia do disposto nos artigos 90.\u00ba e 91.\u00ba:<br \/>a) Implementar m\u00e9todos de trabalho e objetivos mensur\u00e1veis para cada unidade org\u00e2nica, sem preju\u00edzo das compet\u00eancias e atribui\u00e7\u00f5es que, nessa mat\u00e9ria, prossegue o Conselho Superior da Magistratura, designadamente na fixa\u00e7\u00e3o dos indicadores do volume processual adequado;<br \/>b) Acompanhar e avaliar a atividade do tribunal, em particular a qualidade do servi\u00e7o de justi\u00e7a prestado aos cidad\u00e3os, tomando designadamente por refer\u00eancia as reclama\u00e7\u00f5es ou as respostas a question\u00e1rios de satisfa\u00e7\u00e3o;<br \/>c) Acompanhar o movimento processual do tribunal, identificando, designadamente, os processos que est\u00e3o pendentes por tempo considerado excessivo ou que n\u00e3o s\u00e3o resolvidos em prazo considerado razo\u00e1vel, informando o Conselho Superior da Magistratura e promovendo as medidas que se justifiquem;<br \/>d) Promover, com a colabora\u00e7\u00e3o dos demais ju\u00edzes, a aplica\u00e7\u00e3o de medidas de simplifica\u00e7\u00e3o e agiliza\u00e7\u00e3o processuais, sem preju\u00edzo do disposto em legisla\u00e7\u00e3o espec\u00edfica quanto \u00e0 ado\u00e7\u00e3o de mecanismos de agiliza\u00e7\u00e3o processual pelo presidente do tribunal ou pelo juiz;<br \/>e) Propor ao Conselho Superior da Magistratura a cria\u00e7\u00e3o e extin\u00e7\u00e3o de outros graus de especializa\u00e7\u00e3o nas unidades de processos, designadamente para as pequenas causas;<br \/>f) Propor ao Conselho Superior da Magistratura a reafeta\u00e7\u00e3o de ju\u00edzes, respeitado o princ\u00edpio da especializa\u00e7\u00e3o dos magistrados, a outro tribunal ou ju\u00edzo da mesma comarca ou a afeta\u00e7\u00e3o de processos para tramita\u00e7\u00e3o e decis\u00e3o a outro juiz que n\u00e3o o seu titular, tendo em vista o equil\u00edbrio da carga processual e a efici\u00eancia dos servi\u00e7os;<br \/>g) Propor ao Conselho Superior da Magistratura o exerc\u00edcio de fun\u00e7\u00f5es de ju\u00edzes em mais do que um tribunal ou ju\u00edzo da mesma comarca, respeitado o princ\u00edpio da especializa\u00e7\u00e3o dos magistrados, ponderadas as necessidades dos servi\u00e7os e o volume processual existente;<br \/>h) Solicitar o suprimento de necessidades de resposta adicional, nomeadamente atrav\u00e9s do recurso aos quadros complementares de ju\u00edzes.<br \/>5 &#8211; As medidas a que se refere a al\u00ednea f) do n\u00famero anterior s\u00e3o precedidas da concord\u00e2ncia do juiz a reafetar ou do juiz a quem sejam afetados os processos.<br \/>6 &#8211; A reafeta\u00e7\u00e3o de ju\u00edzes ou a afeta\u00e7\u00e3o de processos t\u00eam como finalidade responder a necessidades de servi\u00e7o, pontuais e transit\u00f3rias, e devem ser fundadas em crit\u00e9rios gerais, definidos pelo Conselho Superior da Magistratura, respeitando sempre princ\u00edpios de proporcionalidade, equil\u00edbrio de servi\u00e7o e aleatoriedade na distribui\u00e7\u00e3o, n\u00e3o podendo implicar preju\u00edzo pessoal s\u00e9rio para a vida pessoal ou familiar do juiz.<br \/>7 &#8211; O Conselho Superior da Magistratura fixa antecipadamente os crit\u00e9rios a considerar quanto \u00e0 densifica\u00e7\u00e3o dos conceitos previstos na al\u00ednea f) do n.\u00ba 4 e publicita-os, previamente \u00e0 sua execu\u00e7\u00e3o, nas p\u00e1ginas eletr\u00f3nicas das comarcas e do Conselho Superior da Magistratura.<br \/>8 &#8211; O presidente do tribunal possui as seguintes compet\u00eancias administrativas:<br \/>a) Elaborar os planos anuais e plurianuais de atividades e relat\u00f3rios de atividades;<br \/><strong>b) Elaborar os regulamentos internos dos servi\u00e7os judiciais da comarca, ouvido o magistrado do Minist\u00e9rio P\u00fablico coordenador e o administrador judici\u00e1rio;<\/strong><br \/>c) Participar na conce\u00e7\u00e3o e execu\u00e7\u00e3o das medidas de organiza\u00e7\u00e3o e moderniza\u00e7\u00e3o da comarca;<br \/>d) Planear, no \u00e2mbito da magistratura judicial, as necessidades de recursos humanos.<br \/>9 &#8211; O presidente do tribunal exerce ainda as compet\u00eancias que lhe forem delegadas pelo Conselho Superior da Magistratura.<br \/>10 &#8211; Para efeitos de acompanhamento da atividade dos tribunais e ju\u00edzos sediados na comarca, incluindo os elementos relativos \u00e0 dura\u00e7\u00e3o dos processos e \u00e0 produtividade, s\u00e3o disponibilizados dados informatizados do sistema judicial, no respeito pela prote\u00e7\u00e3o dos dados pessoais.<\/p><p style=\"text-align: right\">Lei <a href=\"https:\/\/data.dre.pt\/eli\/lei\/62\/2013\/p\/cons\/20240205\/pt\/html\">62\/2013<\/a>, de 26\/agosto &#8211; Lei da Organiza\u00e7\u00e3o do Sistema Judici\u00e1rio &#8211; Artigo 94.\u00ba<\/p><hr \/><h4 style=\"text-align: center\"><strong>Regulamento Eleitoral<\/strong><\/h4><ul><li><a href=\"https:\/\/comarcas.csm.org.pt\/faro\/wp-content\/uploads\/sites\/14\/2025\/03\/Regulamento-Eleitoral-Artigo-26o-LOSJ-Anexo-Acta-004.pdf\" target=\"_blank\" rel=\"noopener\"><span style=\"color: #993300\"><strong>Regulamento Eleitoral<\/strong><\/span> &#8211; Artigo 26\u00ba LOSJ<\/a><\/li><\/ul><p style=\"text-align: center\">Cap\u00edtulo II &gt; Sec\u00e7\u00e3o IV<br \/>Artigo 26.\u00ba<br \/>Mandato e elei\u00e7\u00e3o<\/p><p>1 &#8211; O mandato relativo ao exerc\u00edcio de fun\u00e7\u00f5es dos representantes referidos nas al\u00edneas d) a j) do n.\u00ba 2 do artigo 109.\u00ba da Lei n.\u00ba 62\/2013, de 26 de agosto, n\u00e3o pode exceder o per\u00edodo de tr\u00eas anos, a contar da elei\u00e7\u00e3o ou da respetiva designa\u00e7\u00e3o, podendo ser objeto de uma \u00fanica renova\u00e7\u00e3o por igual per\u00edodo.<br \/><strong>2 &#8211; A forma de elei\u00e7\u00e3o dos representantes referidos nas al\u00edneas d), e) e f) do n.\u00ba 2 do artigo 109.\u00ba da Lei n.\u00ba 62\/2013, de 26 de agosto, \u00e9 definida no regulamento aprovado para a comarca pelo conselho de gest\u00e3o.<\/strong><\/p><p style=\"text-align: right\">Decreto-Lei <a href=\"https:\/\/data.dre.pt\/eli\/dec-lei\/49\/2014\/p\/cons\/20211123\/pt\/html\">49\/2017<\/a>, de 27\/mar\u00e7o &#8211; Regulamenta a Lei da Organiza\u00e7\u00e3o do Sistema Judici\u00e1rio &#8211; Artigo 26.\u00ba<\/p><\/div>\n\t\t\t\t\t\t\t<\/div>\n\t\t<\/div>\n\t\t\t\t\t\t<\/div>\n\t\t\t\t<\/div>\n\t\t\t\t\t<\/div>\n\t\t\t\t<\/div>\n\t\t\t\t<\/div>\n\t\t","protected":false},"excerpt":{"rendered":"<p>Relat\u00f3rio Anual da Comarca Relat\u00f3rios Quadrimestrais [Lugares] Medidas Gest\u00e3o &#8211; Homolga\u00e7\u00e3o do CSM Medidas Gest\u00e3o &#8211; Substitui\u00e7\u00e3o de Ju\u00edzes Medidas Gest\u00e3o &#8211; Delega\u00e7\u00e3o Poderes Medidas Gest\u00e3o &#8211; Turnos Medidas Gest\u00e3o &#8211; Distribui\u00e7\u00e3o Medidas Gest\u00e3o &#8211; Toler\u00e2ncia de Ponto Regulamentos Relat\u00f3rio Anual da Comarca Relat\u00f3rio Anual da Comarca de Faro T\u00edtulo V &gt; Cap\u00edtulo V &gt;&#8230;<\/p>\n","protected":false},"author":1,"featured_media":0,"parent":0,"menu_order":0,"comment_status":"closed","ping_status":"closed","template":"","meta":{"_tbt_post_transparent":"","_tbt_post_title":"","_tbt_post_layout":"","_tbt_post_sidebar_id":"","_tbt_post_content_style":"","_tbt_post_vertical_padding":"","_tbt_post_feature":"","_tbt_post_feature_position":"","_tbt_post_header":false,"_tbt_post_footer":false},"class_list":["post-11330","page","type-page","status-publish","hentry"],"yoast_head":"<!-- This site is optimized with the Yoast SEO plugin v25.6 - https:\/\/yoast.com\/wordpress\/plugins\/seo\/ -->\n<title>Instrumentos de Gest\u00e3o - Tribunal Judicial da Comarca de Faro<\/title>\n<meta name=\"robots\" content=\"index, follow, max-snippet:-1, max-image-preview:large, max-video-preview:-1\" \/>\n<link rel=\"canonical\" href=\"https:\/\/comarcas.csm.org.pt\/faro\/instrumentos-de-gestao\/\" \/>\n<meta property=\"og:locale\" content=\"pt_PT\" \/>\n<meta property=\"og:type\" content=\"article\" \/>\n<meta property=\"og:title\" content=\"Instrumentos de Gest\u00e3o - Tribunal Judicial da Comarca de Faro\" \/>\n<meta property=\"og:description\" content=\"Relat\u00f3rio Anual da Comarca Relat\u00f3rios Quadrimestrais [Lugares] Medidas Gest\u00e3o &#8211; Homolga\u00e7\u00e3o do CSM Medidas Gest\u00e3o &#8211; Substitui\u00e7\u00e3o de Ju\u00edzes Medidas Gest\u00e3o &#8211; Delega\u00e7\u00e3o Poderes Medidas Gest\u00e3o &#8211; Turnos Medidas Gest\u00e3o &#8211; Distribui\u00e7\u00e3o Medidas Gest\u00e3o &#8211; Toler\u00e2ncia de Ponto Regulamentos Relat\u00f3rio Anual da Comarca Relat\u00f3rio Anual da Comarca de Faro T\u00edtulo V &gt; Cap\u00edtulo V &gt;...\" \/>\n<meta property=\"og:url\" content=\"https:\/\/comarcas.csm.org.pt\/faro\/instrumentos-de-gestao\/\" \/>\n<meta property=\"og:site_name\" content=\"Tribunal Judicial da Comarca de Faro\" \/>\n<meta property=\"article:modified_time\" content=\"2026-04-10T15:39:41+00:00\" \/>\n<meta name=\"twitter:card\" content=\"summary_large_image\" \/>\n<meta name=\"twitter:label1\" content=\"Tempo estimado de leitura\" \/>\n\t<meta name=\"twitter:data1\" content=\"27 minutos\" \/>\n<script type=\"application\/ld+json\" class=\"yoast-schema-graph\">{\"@context\":\"https:\/\/schema.org\",\"@graph\":[{\"@type\":\"WebPage\",\"@id\":\"https:\/\/comarcas.csm.org.pt\/faro\/instrumentos-de-gestao\/\",\"url\":\"https:\/\/comarcas.csm.org.pt\/faro\/instrumentos-de-gestao\/\",\"name\":\"Instrumentos de Gest\u00e3o - Tribunal Judicial da Comarca de Faro\",\"isPartOf\":{\"@id\":\"https:\/\/comarcas.csm.org.pt\/faro\/#website\"},\"datePublished\":\"2024-05-22T09:33:02+00:00\",\"dateModified\":\"2026-04-10T15:39:41+00:00\",\"breadcrumb\":{\"@id\":\"https:\/\/comarcas.csm.org.pt\/faro\/instrumentos-de-gestao\/#breadcrumb\"},\"inLanguage\":\"pt-PT\",\"potentialAction\":[{\"@type\":\"ReadAction\",\"target\":[\"https:\/\/comarcas.csm.org.pt\/faro\/instrumentos-de-gestao\/\"]}]},{\"@type\":\"BreadcrumbList\",\"@id\":\"https:\/\/comarcas.csm.org.pt\/faro\/instrumentos-de-gestao\/#breadcrumb\",\"itemListElement\":[{\"@type\":\"ListItem\",\"position\":1,\"name\":\"In\u00edcio\",\"item\":\"https:\/\/comarcas.csm.org.pt\/faro\/\"},{\"@type\":\"ListItem\",\"position\":2,\"name\":\"Instrumentos de Gest\u00e3o\"}]},{\"@type\":\"WebSite\",\"@id\":\"https:\/\/comarcas.csm.org.pt\/faro\/#website\",\"url\":\"https:\/\/comarcas.csm.org.pt\/faro\/\",\"name\":\"Tribunal Judicial da Comarca de Faro\",\"description\":\"Tribunal Judicial da Comarca de Faro\",\"publisher\":{\"@id\":\"https:\/\/comarcas.csm.org.pt\/faro\/#organization\"},\"potentialAction\":[{\"@type\":\"SearchAction\",\"target\":{\"@type\":\"EntryPoint\",\"urlTemplate\":\"https:\/\/comarcas.csm.org.pt\/faro\/?s={search_term_string}\"},\"query-input\":{\"@type\":\"PropertyValueSpecification\",\"valueRequired\":true,\"valueName\":\"search_term_string\"}}],\"inLanguage\":\"pt-PT\"},{\"@type\":\"Organization\",\"@id\":\"https:\/\/comarcas.csm.org.pt\/faro\/#organization\",\"name\":\"Tribunal Judicial da Comarca de Faro\",\"url\":\"https:\/\/comarcas.csm.org.pt\/faro\/\",\"logo\":{\"@type\":\"ImageObject\",\"inLanguage\":\"pt-PT\",\"@id\":\"https:\/\/comarcas.csm.org.pt\/faro\/#\/schema\/logo\/image\/\",\"url\":\"https:\/\/comarcas.csm.org.pt\/faro\/wp-content\/uploads\/sites\/14\/2024\/11\/Faro_positivo-horizontal.png\",\"contentUrl\":\"https:\/\/comarcas.csm.org.pt\/faro\/wp-content\/uploads\/sites\/14\/2024\/11\/Faro_positivo-horizontal.png\",\"width\":4304,\"height\":1186,\"caption\":\"Tribunal Judicial da Comarca de Faro\"},\"image\":{\"@id\":\"https:\/\/comarcas.csm.org.pt\/faro\/#\/schema\/logo\/image\/\"}}]}<\/script>\n<!-- \/ Yoast SEO plugin. -->","yoast_head_json":{"title":"Instrumentos de Gest\u00e3o - Tribunal Judicial da Comarca de Faro","robots":{"index":"index","follow":"follow","max-snippet":"max-snippet:-1","max-image-preview":"max-image-preview:large","max-video-preview":"max-video-preview:-1"},"canonical":"https:\/\/comarcas.csm.org.pt\/faro\/instrumentos-de-gestao\/","og_locale":"pt_PT","og_type":"article","og_title":"Instrumentos de Gest\u00e3o - Tribunal Judicial da Comarca de Faro","og_description":"Relat\u00f3rio Anual da Comarca Relat\u00f3rios Quadrimestrais [Lugares] Medidas Gest\u00e3o &#8211; Homolga\u00e7\u00e3o do CSM Medidas Gest\u00e3o &#8211; Substitui\u00e7\u00e3o de Ju\u00edzes Medidas Gest\u00e3o &#8211; Delega\u00e7\u00e3o Poderes Medidas Gest\u00e3o &#8211; Turnos Medidas Gest\u00e3o &#8211; Distribui\u00e7\u00e3o Medidas Gest\u00e3o &#8211; Toler\u00e2ncia de Ponto Regulamentos Relat\u00f3rio Anual da Comarca Relat\u00f3rio Anual da Comarca de Faro T\u00edtulo V &gt; Cap\u00edtulo V &gt;...","og_url":"https:\/\/comarcas.csm.org.pt\/faro\/instrumentos-de-gestao\/","og_site_name":"Tribunal Judicial da Comarca de Faro","article_modified_time":"2026-04-10T15:39:41+00:00","twitter_card":"summary_large_image","twitter_misc":{"Tempo estimado de leitura":"27 minutos"},"schema":{"@context":"https:\/\/schema.org","@graph":[{"@type":"WebPage","@id":"https:\/\/comarcas.csm.org.pt\/faro\/instrumentos-de-gestao\/","url":"https:\/\/comarcas.csm.org.pt\/faro\/instrumentos-de-gestao\/","name":"Instrumentos de Gest\u00e3o - Tribunal Judicial da Comarca de Faro","isPartOf":{"@id":"https:\/\/comarcas.csm.org.pt\/faro\/#website"},"datePublished":"2024-05-22T09:33:02+00:00","dateModified":"2026-04-10T15:39:41+00:00","breadcrumb":{"@id":"https:\/\/comarcas.csm.org.pt\/faro\/instrumentos-de-gestao\/#breadcrumb"},"inLanguage":"pt-PT","potentialAction":[{"@type":"ReadAction","target":["https:\/\/comarcas.csm.org.pt\/faro\/instrumentos-de-gestao\/"]}]},{"@type":"BreadcrumbList","@id":"https:\/\/comarcas.csm.org.pt\/faro\/instrumentos-de-gestao\/#breadcrumb","itemListElement":[{"@type":"ListItem","position":1,"name":"In\u00edcio","item":"https:\/\/comarcas.csm.org.pt\/faro\/"},{"@type":"ListItem","position":2,"name":"Instrumentos de Gest\u00e3o"}]},{"@type":"WebSite","@id":"https:\/\/comarcas.csm.org.pt\/faro\/#website","url":"https:\/\/comarcas.csm.org.pt\/faro\/","name":"Tribunal Judicial da Comarca de Faro","description":"Tribunal Judicial da Comarca de Faro","publisher":{"@id":"https:\/\/comarcas.csm.org.pt\/faro\/#organization"},"potentialAction":[{"@type":"SearchAction","target":{"@type":"EntryPoint","urlTemplate":"https:\/\/comarcas.csm.org.pt\/faro\/?s={search_term_string}"},"query-input":{"@type":"PropertyValueSpecification","valueRequired":true,"valueName":"search_term_string"}}],"inLanguage":"pt-PT"},{"@type":"Organization","@id":"https:\/\/comarcas.csm.org.pt\/faro\/#organization","name":"Tribunal Judicial da Comarca de Faro","url":"https:\/\/comarcas.csm.org.pt\/faro\/","logo":{"@type":"ImageObject","inLanguage":"pt-PT","@id":"https:\/\/comarcas.csm.org.pt\/faro\/#\/schema\/logo\/image\/","url":"https:\/\/comarcas.csm.org.pt\/faro\/wp-content\/uploads\/sites\/14\/2024\/11\/Faro_positivo-horizontal.png","contentUrl":"https:\/\/comarcas.csm.org.pt\/faro\/wp-content\/uploads\/sites\/14\/2024\/11\/Faro_positivo-horizontal.png","width":4304,"height":1186,"caption":"Tribunal Judicial da Comarca de Faro"},"image":{"@id":"https:\/\/comarcas.csm.org.pt\/faro\/#\/schema\/logo\/image\/"}}]}},"_links":{"self":[{"href":"https:\/\/comarcas.csm.org.pt\/faro\/wp-json\/wp\/v2\/pages\/11330","targetHints":{"allow":["GET"]}}],"collection":[{"href":"https:\/\/comarcas.csm.org.pt\/faro\/wp-json\/wp\/v2\/pages"}],"about":[{"href":"https:\/\/comarcas.csm.org.pt\/faro\/wp-json\/wp\/v2\/types\/page"}],"author":[{"embeddable":true,"href":"https:\/\/comarcas.csm.org.pt\/faro\/wp-json\/wp\/v2\/users\/1"}],"replies":[{"embeddable":true,"href":"https:\/\/comarcas.csm.org.pt\/faro\/wp-json\/wp\/v2\/comments?post=11330"}],"version-history":[{"count":455,"href":"https:\/\/comarcas.csm.org.pt\/faro\/wp-json\/wp\/v2\/pages\/11330\/revisions"}],"predecessor-version":[{"id":15188,"href":"https:\/\/comarcas.csm.org.pt\/faro\/wp-json\/wp\/v2\/pages\/11330\/revisions\/15188"}],"wp:attachment":[{"href":"https:\/\/comarcas.csm.org.pt\/faro\/wp-json\/wp\/v2\/media?parent=11330"}],"curies":[{"name":"wp","href":"https:\/\/api.w.org\/{rel}","templated":true}]}}