{"id":11361,"date":"2024-05-22T11:36:25","date_gmt":"2024-05-22T11:36:25","guid":{"rendered":"https:\/\/aveiro.vvr.pt\/?page_id=11361"},"modified":"2026-03-24T13:33:56","modified_gmt":"2026-03-24T13:33:56","slug":"biblioteca","status":"publish","type":"page","link":"https:\/\/comarcas.csm.org.pt\/faro\/biblioteca\/","title":{"rendered":"Biblioteca"},"content":{"rendered":"\t\t<div data-elementor-type=\"wp-page\" data-elementor-id=\"11361\" class=\"elementor elementor-11361\" data-elementor-post-type=\"page\">\n\t\t\t\t<div class=\"elementor-element elementor-element-be4dfc3 e-flex e-con-boxed e-con e-parent\" data-id=\"be4dfc3\" data-element_type=\"container\">\n\t\t\t\t\t<div class=\"e-con-inner\">\n\t\t\t\t<div class=\"elementor-element elementor-element-7e07987 elementor-widget elementor-widget-text-editor\" data-id=\"7e07987\" data-element_type=\"widget\" data-widget_type=\"text-editor.default\">\n\t\t\t\t<div class=\"elementor-widget-container\">\n\t\t\t\t\t\t\t\t\t<h4><span style=\"color: #993300\"><strong>Biblioteca do Tribunal Judicial da Comarca de Faro<\/strong><\/span><\/h4><h6><span style=\"color: #000000\">A Biblioteca do Tribunal Judicial da Comarca de Faro constitui um recurso de apoio \u00e0 atividade dos tribunais e ao acesso \u00e0 informa\u00e7\u00e3o jur\u00eddica.<\/span><\/h6><h6><span style=\"color: #000000\">Encontra-se integrada na plataforma GNOSI, sistema do Minist\u00e9rio da Justi\u00e7a que re\u00fane bibliotecas, arquivos e patrim\u00f3nio de diversos organismos da \u00e1rea da Justi\u00e7a.<\/span><\/h6><h6><span style=\"color: #000000\">O cat\u00e1logo da Biblioteca encontra-se dispon\u00edvel online, permitindo a pesquisa e identifica\u00e7\u00e3o dos recursos existentes nos diferentes edif\u00edcios judiciais da Comarca.<\/span><\/h6><h4><span style=\"color: #993300\"><strong>Consulta do cat\u00e1logo<\/strong><\/span><\/h4><ul><li><h5><strong><a href=\"https:\/\/bibliotecas.justica.gov.pt\/cgi-bin\/koha\/opac-search.pl?idx=&amp;q=&amp;limit=branch%3ATJCFAR&amp;weight_search=1\">Cat\u00e1logo da Biblioteca da Comarca de Faro (aqui<\/a>)<\/strong><\/h5><\/li><\/ul><h6><span style=\"color: #000000\">Atrav\u00e9s do cat\u00e1logo, \u00e9 poss\u00edvel pesquisar obras por autor, t\u00edtulo ou palavra-chave, bem como consultar a sua disponibilidade e localiza\u00e7\u00e3o.<\/span><\/h6><h6><span style=\"color: #000000\">Para consultar especificamente os recursos da Biblioteca da Comarca de Faro, dever\u00e1 selecionar, na pesquisa, a op\u00e7\u00e3o \u201cTJ Comarca de Faro\u201d.<\/span><\/h6><h6><strong style=\"letter-spacing: 0.3px;background-color: transparent;color: #161616;font-size: 30px\"><span style=\"color: #993300\">Acesso a outras bibliotecas<\/span><\/strong><\/h6><h6><span style=\"color: #000000\">Atrav\u00e9s da plataforma GNOSI \u00e9 tamb\u00e9m poss\u00edvel consultar os cat\u00e1logos de outras bibliotecas da \u00e1rea da Justi\u00e7a, incluindo tribunais e servi\u00e7os p\u00fablicos.<\/span><\/h6><h6><span style=\"color: #000000\">Esta plataforma permite o acesso a um conjunto mais alargado de recursos documentais a n\u00edvel nacional.<\/span><\/h6><h4><strong><span style=\"color: #993300\">Miss\u00e3o<\/span><\/strong><\/h4><h6><span style=\"color: #000000\">A Biblioteca do Tribunal Judicial da Comarca de Faro tem como miss\u00e3o facilitar o acesso \u00e0 informa\u00e7\u00e3o jur\u00eddica, apoiar a atividade dos tribunais e contribuir para a preserva\u00e7\u00e3o da mem\u00f3ria institucional da Comarca.<\/span><\/h6><h4><strong><span style=\"color: #993300\">Organiza\u00e7\u00e3o e acesso<\/span><\/strong><\/h4><h6><span style=\"color: #000000\">O acervo bibliogr\u00e1fico encontra-se distribu\u00eddo pelos diversos edif\u00edcios judiciais da Comarca de Faro.<\/span><\/h6><h6><span style=\"color: #000000\">A utiliza\u00e7\u00e3o da Biblioteca obedece ao respetivo regulamento, nomeadamente no que respeita \u00e0s condi\u00e7\u00f5es de acesso, consulta e empr\u00e9stimo.<\/span><\/h6><h6><span style=\"color: #000000\">Em situa\u00e7\u00f5es de colabora\u00e7\u00e3o com outras bibliotecas, designadamente no \u00e2mbito de empr\u00e9stimos, aplicam-se igualmente as regras e condi\u00e7\u00f5es definidas pelas entidades envolvidas.<\/span><\/h6><h6><span style=\"color: #000000\">A consulta presencial encontra-se dispon\u00edvel mediante agendamento pr\u00e9vio.<\/span><\/h6><h4><strong><span style=\"color: #993300\">Regulamento<\/span><\/strong><\/h4><h6><span style=\"color: #000000\">O funcionamento da Biblioteca rege-se por regulamento pr\u00f3prio, onde se encontram definidas as condi\u00e7\u00f5es de acesso e utiliza\u00e7\u00e3o dos servi\u00e7os.<\/span><\/h6><ul><li><h5><strong>Regulamento da Biblioteca do Tribunal Judicial da Comarca de Faro\u201d (aqui)<\/strong><\/h5><\/li><\/ul><h4><span style=\"color: #993300\"><strong>Hor\u00e1rio de funcionamento<\/strong><\/span><\/h4><h6><span style=\"color: #000000\">Dias \u00fateis, em hor\u00e1rio coincidente com o funcionamento dos respetivos servi\u00e7os judiciais.<\/span><\/h6><h4><span style=\"color: #993300\"><strong>Contacto<\/strong><\/span><\/h4><h6><span style=\"color: #000000\">Para esclarecimento de d\u00favidas ou apoio na utiliza\u00e7\u00e3o da Biblioteca, poder\u00e1 contactar:<\/span><\/h6><ul><li><strong style=\"letter-spacing: 0.3px\">Email: geral.assessores.faro@tribunais.org.pt<\/strong><\/li><\/ul>\t\t\t\t\t\t\t\t<\/div>\n\t\t\t\t<\/div>\n\t\t\t\t\t<\/div>\n\t\t\t\t<\/div>\n\t\t<div class=\"elementor-element elementor-element-f9ee92f e-flex e-con-boxed e-con e-parent\" data-id=\"f9ee92f\" data-element_type=\"container\">\n\t\t\t\t\t<div class=\"e-con-inner\">\n\t\t\t\t<div class=\"elementor-element elementor-element-96bd865 elementor-widget-divider--view-line elementor-widget elementor-widget-divider\" data-id=\"96bd865\" data-element_type=\"widget\" data-widget_type=\"divider.default\">\n\t\t\t\t<div class=\"elementor-widget-container\">\n\t\t\t\t\t\t\t<div class=\"elementor-divider\">\n\t\t\t<span class=\"elementor-divider-separator\">\n\t\t\t\t\t\t<\/span>\n\t\t<\/div>\n\t\t\t\t\t\t<\/div>\n\t\t\t\t<\/div>\n\t\t\t\t\t<\/div>\n\t\t\t\t<\/div>\n\t\t\t\t<\/div>\n\t\t","protected":false},"excerpt":{"rendered":"<p>Biblioteca do Tribunal Judicial da Comarca de Faro A Biblioteca do Tribunal Judicial da Comarca de Faro constitui um recurso de apoio \u00e0 atividade dos tribunais e ao acesso \u00e0 informa\u00e7\u00e3o jur\u00eddica. Encontra-se integrada na plataforma GNOSI, sistema do Minist\u00e9rio da Justi\u00e7a que re\u00fane bibliotecas, arquivos e patrim\u00f3nio de diversos organismos da \u00e1rea da Justi\u00e7a&#8230;.<\/p>\n","protected":false},"author":1,"featured_media":0,"parent":0,"menu_order":0,"comment_status":"closed","ping_status":"closed","template":"","meta":{"_tbt_post_transparent":"","_tbt_post_title":"","_tbt_post_layout":"","_tbt_post_sidebar_id":"","_tbt_post_content_style":"","_tbt_post_vertical_padding":"","_tbt_post_feature":"","_tbt_post_feature_position":"","_tbt_post_header":false,"_tbt_post_footer":false},"class_list":["post-11361","page","type-page","status-publish","hentry"],"yoast_head":"<!-- This site is optimized with the Yoast SEO plugin v25.6 - https:\/\/yoast.com\/wordpress\/plugins\/seo\/ -->\n<title>Biblioteca - Tribunal Judicial da Comarca de Faro<\/title>\n<meta name=\"robots\" content=\"index, follow, max-snippet:-1, max-image-preview:large, max-video-preview:-1\" \/>\n<link rel=\"canonical\" href=\"https:\/\/comarcas.csm.org.pt\/faro\/biblioteca\/\" \/>\n<meta property=\"og:locale\" content=\"pt_PT\" \/>\n<meta property=\"og:type\" content=\"article\" \/>\n<meta property=\"og:title\" content=\"Biblioteca - Tribunal Judicial da Comarca de Faro\" \/>\n<meta property=\"og:description\" content=\"Biblioteca do Tribunal Judicial da Comarca de Faro A Biblioteca do Tribunal Judicial da Comarca de Faro constitui um recurso de apoio \u00e0 atividade dos tribunais e ao acesso \u00e0 informa\u00e7\u00e3o jur\u00eddica. Encontra-se integrada na plataforma GNOSI, sistema do Minist\u00e9rio da Justi\u00e7a que re\u00fane bibliotecas, arquivos e patrim\u00f3nio de diversos organismos da \u00e1rea da Justi\u00e7a....\" \/>\n<meta property=\"og:url\" content=\"https:\/\/comarcas.csm.org.pt\/faro\/biblioteca\/\" \/>\n<meta property=\"og:site_name\" content=\"Tribunal Judicial da Comarca de Faro\" \/>\n<meta property=\"article:modified_time\" content=\"2026-03-24T13:33:56+00:00\" \/>\n<meta name=\"twitter:card\" content=\"summary_large_image\" \/>\n<meta name=\"twitter:label1\" content=\"Tempo estimado de leitura\" \/>\n\t<meta name=\"twitter:data1\" content=\"2 minutos\" \/>\n<script type=\"application\/ld+json\" class=\"yoast-schema-graph\">{\"@context\":\"https:\/\/schema.org\",\"@graph\":[{\"@type\":\"WebPage\",\"@id\":\"https:\/\/comarcas.csm.org.pt\/faro\/biblioteca\/\",\"url\":\"https:\/\/comarcas.csm.org.pt\/faro\/biblioteca\/\",\"name\":\"Biblioteca - Tribunal Judicial da Comarca de Faro\",\"isPartOf\":{\"@id\":\"https:\/\/comarcas.csm.org.pt\/faro\/#website\"},\"datePublished\":\"2024-05-22T11:36:25+00:00\",\"dateModified\":\"2026-03-24T13:33:56+00:00\",\"breadcrumb\":{\"@id\":\"https:\/\/comarcas.csm.org.pt\/faro\/biblioteca\/#breadcrumb\"},\"inLanguage\":\"pt-PT\",\"potentialAction\":[{\"@type\":\"ReadAction\",\"target\":[\"https:\/\/comarcas.csm.org.pt\/faro\/biblioteca\/\"]}]},{\"@type\":\"BreadcrumbList\",\"@id\":\"https:\/\/comarcas.csm.org.pt\/faro\/biblioteca\/#breadcrumb\",\"itemListElement\":[{\"@type\":\"ListItem\",\"position\":1,\"name\":\"In\u00edcio\",\"item\":\"https:\/\/comarcas.csm.org.pt\/faro\/\"},{\"@type\":\"ListItem\",\"position\":2,\"name\":\"Biblioteca\"}]},{\"@type\":\"WebSite\",\"@id\":\"https:\/\/comarcas.csm.org.pt\/faro\/#website\",\"url\":\"https:\/\/comarcas.csm.org.pt\/faro\/\",\"name\":\"Tribunal Judicial da Comarca de Faro\",\"description\":\"Tribunal Judicial da Comarca de Faro\",\"publisher\":{\"@id\":\"https:\/\/comarcas.csm.org.pt\/faro\/#organization\"},\"potentialAction\":[{\"@type\":\"SearchAction\",\"target\":{\"@type\":\"EntryPoint\",\"urlTemplate\":\"https:\/\/comarcas.csm.org.pt\/faro\/?s={search_term_string}\"},\"query-input\":{\"@type\":\"PropertyValueSpecification\",\"valueRequired\":true,\"valueName\":\"search_term_string\"}}],\"inLanguage\":\"pt-PT\"},{\"@type\":\"Organization\",\"@id\":\"https:\/\/comarcas.csm.org.pt\/faro\/#organization\",\"name\":\"Tribunal Judicial da Comarca de Faro\",\"url\":\"https:\/\/comarcas.csm.org.pt\/faro\/\",\"logo\":{\"@type\":\"ImageObject\",\"inLanguage\":\"pt-PT\",\"@id\":\"https:\/\/comarcas.csm.org.pt\/faro\/#\/schema\/logo\/image\/\",\"url\":\"https:\/\/comarcas.csm.org.pt\/faro\/wp-content\/uploads\/sites\/14\/2024\/11\/Faro_positivo-horizontal.png\",\"contentUrl\":\"https:\/\/comarcas.csm.org.pt\/faro\/wp-content\/uploads\/sites\/14\/2024\/11\/Faro_positivo-horizontal.png\",\"width\":4304,\"height\":1186,\"caption\":\"Tribunal Judicial da Comarca de Faro\"},\"image\":{\"@id\":\"https:\/\/comarcas.csm.org.pt\/faro\/#\/schema\/logo\/image\/\"}}]}<\/script>\n<!-- \/ Yoast SEO plugin. -->","yoast_head_json":{"title":"Biblioteca - Tribunal Judicial da Comarca de Faro","robots":{"index":"index","follow":"follow","max-snippet":"max-snippet:-1","max-image-preview":"max-image-preview:large","max-video-preview":"max-video-preview:-1"},"canonical":"https:\/\/comarcas.csm.org.pt\/faro\/biblioteca\/","og_locale":"pt_PT","og_type":"article","og_title":"Biblioteca - Tribunal Judicial da Comarca de Faro","og_description":"Biblioteca do Tribunal Judicial da Comarca de Faro A Biblioteca do Tribunal Judicial da Comarca de Faro constitui um recurso de apoio \u00e0 atividade dos tribunais e ao acesso \u00e0 informa\u00e7\u00e3o jur\u00eddica. Encontra-se integrada na plataforma GNOSI, sistema do Minist\u00e9rio da Justi\u00e7a que re\u00fane bibliotecas, arquivos e patrim\u00f3nio de diversos organismos da \u00e1rea da Justi\u00e7a....","og_url":"https:\/\/comarcas.csm.org.pt\/faro\/biblioteca\/","og_site_name":"Tribunal Judicial da Comarca de Faro","article_modified_time":"2026-03-24T13:33:56+00:00","twitter_card":"summary_large_image","twitter_misc":{"Tempo estimado de leitura":"2 minutos"},"schema":{"@context":"https:\/\/schema.org","@graph":[{"@type":"WebPage","@id":"https:\/\/comarcas.csm.org.pt\/faro\/biblioteca\/","url":"https:\/\/comarcas.csm.org.pt\/faro\/biblioteca\/","name":"Biblioteca - Tribunal Judicial da Comarca de Faro","isPartOf":{"@id":"https:\/\/comarcas.csm.org.pt\/faro\/#website"},"datePublished":"2024-05-22T11:36:25+00:00","dateModified":"2026-03-24T13:33:56+00:00","breadcrumb":{"@id":"https:\/\/comarcas.csm.org.pt\/faro\/biblioteca\/#breadcrumb"},"inLanguage":"pt-PT","potentialAction":[{"@type":"ReadAction","target":["https:\/\/comarcas.csm.org.pt\/faro\/biblioteca\/"]}]},{"@type":"BreadcrumbList","@id":"https:\/\/comarcas.csm.org.pt\/faro\/biblioteca\/#breadcrumb","itemListElement":[{"@type":"ListItem","position":1,"name":"In\u00edcio","item":"https:\/\/comarcas.csm.org.pt\/faro\/"},{"@type":"ListItem","position":2,"name":"Biblioteca"}]},{"@type":"WebSite","@id":"https:\/\/comarcas.csm.org.pt\/faro\/#website","url":"https:\/\/comarcas.csm.org.pt\/faro\/","name":"Tribunal Judicial da Comarca de Faro","description":"Tribunal Judicial da Comarca de Faro","publisher":{"@id":"https:\/\/comarcas.csm.org.pt\/faro\/#organization"},"potentialAction":[{"@type":"SearchAction","target":{"@type":"EntryPoint","urlTemplate":"https:\/\/comarcas.csm.org.pt\/faro\/?s={search_term_string}"},"query-input":{"@type":"PropertyValueSpecification","valueRequired":true,"valueName":"search_term_string"}}],"inLanguage":"pt-PT"},{"@type":"Organization","@id":"https:\/\/comarcas.csm.org.pt\/faro\/#organization","name":"Tribunal Judicial da Comarca de Faro","url":"https:\/\/comarcas.csm.org.pt\/faro\/","logo":{"@type":"ImageObject","inLanguage":"pt-PT","@id":"https:\/\/comarcas.csm.org.pt\/faro\/#\/schema\/logo\/image\/","url":"https:\/\/comarcas.csm.org.pt\/faro\/wp-content\/uploads\/sites\/14\/2024\/11\/Faro_positivo-horizontal.png","contentUrl":"https:\/\/comarcas.csm.org.pt\/faro\/wp-content\/uploads\/sites\/14\/2024\/11\/Faro_positivo-horizontal.png","width":4304,"height":1186,"caption":"Tribunal Judicial da Comarca de Faro"},"image":{"@id":"https:\/\/comarcas.csm.org.pt\/faro\/#\/schema\/logo\/image\/"}}]}},"_links":{"self":[{"href":"https:\/\/comarcas.csm.org.pt\/faro\/wp-json\/wp\/v2\/pages\/11361","targetHints":{"allow":["GET"]}}],"collection":[{"href":"https:\/\/comarcas.csm.org.pt\/faro\/wp-json\/wp\/v2\/pages"}],"about":[{"href":"https:\/\/comarcas.csm.org.pt\/faro\/wp-json\/wp\/v2\/types\/page"}],"author":[{"embeddable":true,"href":"https:\/\/comarcas.csm.org.pt\/faro\/wp-json\/wp\/v2\/users\/1"}],"replies":[{"embeddable":true,"href":"https:\/\/comarcas.csm.org.pt\/faro\/wp-json\/wp\/v2\/comments?post=11361"}],"version-history":[{"count":49,"href":"https:\/\/comarcas.csm.org.pt\/faro\/wp-json\/wp\/v2\/pages\/11361\/revisions"}],"predecessor-version":[{"id":15115,"href":"https:\/\/comarcas.csm.org.pt\/faro\/wp-json\/wp\/v2\/pages\/11361\/revisions\/15115"}],"wp:attachment":[{"href":"https:\/\/comarcas.csm.org.pt\/faro\/wp-json\/wp\/v2\/media?parent=11361"}],"curies":[{"name":"wp","href":"https:\/\/api.w.org\/{rel}","templated":true}]}}