{"id":12083,"date":"2025-03-26T15:15:15","date_gmt":"2025-03-26T15:15:15","guid":{"rendered":"https:\/\/comarcas.csm.org.pt\/faro\/?page_id=12083"},"modified":"2025-04-02T17:09:19","modified_gmt":"2025-04-02T17:09:19","slug":"nucleo-de-faro-juizos","status":"publish","type":"page","link":"https:\/\/comarcas.csm.org.pt\/faro\/acomarca\/nucleo-de-faro-juizos\/","title":{"rendered":"N\u00facleo de Faro \/ Ju\u00edzos"},"content":{"rendered":"\t\t<div data-elementor-type=\"wp-page\" data-elementor-id=\"12083\" class=\"elementor elementor-12083\" data-elementor-post-type=\"page\">\n\t\t\t\t<div class=\"elementor-element elementor-element-d5709c8 e-flex e-con-boxed e-con e-parent\" data-id=\"d5709c8\" data-element_type=\"container\">\n\t\t\t\t\t<div class=\"e-con-inner\">\n\t\t<div class=\"elementor-element elementor-element-0634c76 e-con-full e-flex e-con e-child\" data-id=\"0634c76\" data-element_type=\"container\">\n\t\t\t\t<div class=\"elementor-element elementor-element-576b310 elementor-widget elementor-widget-heading\" data-id=\"576b310\" data-element_type=\"widget\" data-widget_type=\"heading.default\">\n\t\t\t\t<div class=\"elementor-widget-container\">\n\t\t\t\t\t<h2 class=\"elementor-heading-title elementor-size-default\">Ju\u00edzo de Fam\u00edlia e Menores de Faro (JCFM)<\/h2>\t\t\t\t<\/div>\n\t\t\t\t<\/div>\n\t\t\t\t<div class=\"elementor-element elementor-element-793c885 elementor-widget-divider--view-line elementor-widget elementor-widget-divider\" data-id=\"793c885\" data-element_type=\"widget\" data-widget_type=\"divider.default\">\n\t\t\t\t<div class=\"elementor-widget-container\">\n\t\t\t\t\t\t\t<div class=\"elementor-divider\">\n\t\t\t<span class=\"elementor-divider-separator\">\n\t\t\t\t\t\t<\/span>\n\t\t<\/div>\n\t\t\t\t\t\t<\/div>\n\t\t\t\t<\/div>\n\t\t\t\t<div class=\"elementor-element elementor-element-da9ff1e elementor-widget elementor-widget-text-editor\" data-id=\"da9ff1e\" data-element_type=\"widget\" data-widget_type=\"text-editor.default\">\n\t\t\t\t<div class=\"elementor-widget-container\">\n\t\t\t\t\t\t\t\t\t<h6><strong>Morada<\/strong><br \/>Rua Antero de Quental, 9, 1.\u00ba Andar<br \/>8000 &#8211; 210 Faro<\/h6><div><strong>Contactos<\/strong><\/div><div><span style=\"font-family: var(--global-body-font-family);letter-spacing: 0.3px\">Telefone: +351 289 091 110<\/span><\/div><div><p>Fax: +351 289 892 901<br \/>eMail: <a href=\"mailto:faro.familia@tribunais.org.pt\">faro.familia@tribunais.org.pt<\/a><\/p><\/div>\t\t\t\t\t\t\t\t<\/div>\n\t\t\t\t<\/div>\n\t\t\t\t<\/div>\n\t\t<div class=\"elementor-element elementor-element-dc5188f e-con-full e-flex e-con e-child\" data-id=\"dc5188f\" data-element_type=\"container\">\n\t\t\t\t<div class=\"elementor-element elementor-element-f301e5e elementor-widget elementor-widget-text-editor\" data-id=\"f301e5e\" data-element_type=\"widget\" data-widget_type=\"text-editor.default\">\n\t\t\t\t<div class=\"elementor-widget-container\">\n\t\t\t\t\t\t\t\t\t<h6><strong>Compet\u00eancia Territorial<\/strong>:<\/h6><p>Munic\u00edpios de Alcoutim, Castro Marim, Faro, Loul\u00e9, Olh\u00e3o, S\u00e3o Br\u00e1s de Alportel, Tavira e Vila Real de Santo Ant\u00f3nio.<\/p>\t\t\t\t\t\t\t\t<\/div>\n\t\t\t\t<\/div>\n\t\t\t\t<div class=\"elementor-element elementor-element-ea674ff elementor-widget elementor-widget-image\" data-id=\"ea674ff\" data-element_type=\"widget\" data-widget_type=\"image.default\">\n\t\t\t\t<div class=\"elementor-widget-container\">\n\t\t\t\t\t\t\t\t\t\t\t\t\t\t\t<img fetchpriority=\"high\" decoding=\"async\" width=\"437\" height=\"522\" src=\"https:\/\/comarcas.csm.org.pt\/faro\/wp-content\/uploads\/sites\/14\/2025\/03\/Nucleo-Faro-ESTAMOS-I.png\" class=\"attachment-large size-large wp-image-12113\" alt=\"\" srcset=\"https:\/\/comarcas.csm.org.pt\/faro\/wp-content\/uploads\/sites\/14\/2025\/03\/Nucleo-Faro-ESTAMOS-I.png 437w, https:\/\/comarcas.csm.org.pt\/faro\/wp-content\/uploads\/sites\/14\/2025\/03\/Nucleo-Faro-ESTAMOS-I-251x300.png 251w\" sizes=\"(max-width: 437px) 100vw, 437px\" \/>\t\t\t\t\t\t\t\t\t\t\t\t\t\t\t<\/div>\n\t\t\t\t<\/div>\n\t\t\t\t<\/div>\n\t\t\t\t\t<\/div>\n\t\t\t\t<\/div>\n\t\t<div class=\"elementor-element elementor-element-9986f8f e-flex e-con-boxed e-con e-parent\" data-id=\"9986f8f\" data-element_type=\"container\">\n\t\t\t\t\t<div class=\"e-con-inner\">\n\t\t\t\t<div class=\"elementor-element elementor-element-b93ba2d elementor-widget elementor-widget-google_maps\" data-id=\"b93ba2d\" data-element_type=\"widget\" data-widget_type=\"google_maps.default\">\n\t\t\t\t<div class=\"elementor-widget-container\">\n\t\t\t\t\t\t\t<div class=\"elementor-custom-embed\">\n\t\t\t<iframe loading=\"lazy\"\n\t\t\t\t\tsrc=\"https:\/\/www.google.com\/maps\/embed\/v1\/place?key=AIzaSyDhSoLeftGxfg7Tvco7SEUCY-Cc_XLDY3c&#038;q=Rua%20Antero%20de%20Quental%2C%209%2C%204.%C2%BA%20Andar%2C%20Faro%2C%20Portugal&#038;zoom=10\"\n\t\t\t\t\ttitle=\"Rua Antero de Quental, 9, 4.\u00ba Andar, Faro, Portugal\"\n\t\t\t\t\taria-label=\"Rua Antero de Quental, 9, 4.\u00ba Andar, Faro, Portugal\"\n\t\t\t><\/iframe>\n\t\t<\/div>\n\t\t\t\t\t\t<\/div>\n\t\t\t\t<\/div>\n\t\t\t\t\t<\/div>\n\t\t\t\t<\/div>\n\t\t<div class=\"elementor-element elementor-element-53108e7 e-flex e-con-boxed e-con e-parent\" data-id=\"53108e7\" data-element_type=\"container\">\n\t\t\t\t\t<div class=\"e-con-inner\">\n\t\t<div class=\"elementor-element elementor-element-37b4d79 e-con-full e-flex e-con e-child\" data-id=\"37b4d79\" data-element_type=\"container\">\n\t\t\t\t<div class=\"elementor-element elementor-element-52a83a6 elementor-widget elementor-widget-heading\" data-id=\"52a83a6\" data-element_type=\"widget\" data-widget_type=\"heading.default\">\n\t\t\t\t<div class=\"elementor-widget-container\">\n\t\t\t\t\t<h2 class=\"elementor-heading-title elementor-size-default\">Ju\u00edzo de Instru\u00e7\u00e3o Criminal de Faro (JIC)<\/h2>\t\t\t\t<\/div>\n\t\t\t\t<\/div>\n\t\t\t\t<div class=\"elementor-element elementor-element-997b43f elementor-widget-divider--view-line elementor-widget elementor-widget-divider\" data-id=\"997b43f\" data-element_type=\"widget\" data-widget_type=\"divider.default\">\n\t\t\t\t<div class=\"elementor-widget-container\">\n\t\t\t\t\t\t\t<div class=\"elementor-divider\">\n\t\t\t<span class=\"elementor-divider-separator\">\n\t\t\t\t\t\t<\/span>\n\t\t<\/div>\n\t\t\t\t\t\t<\/div>\n\t\t\t\t<\/div>\n\t\t\t\t<div class=\"elementor-element elementor-element-19bdafa elementor-widget elementor-widget-text-editor\" data-id=\"19bdafa\" data-element_type=\"widget\" data-widget_type=\"text-editor.default\">\n\t\t\t\t<div class=\"elementor-widget-container\">\n\t\t\t\t\t\t\t\t\t<h6><strong>Morada<\/strong><br \/>Rua Antero de Quental, 9, 2\u00ba Andar<br \/>8000 &#8211; 210 Faro<\/h6><div><strong>Contactos<\/strong><\/div><div><p>Telefone: +351 289 892 900<br \/>Fax: +351 289 892 901<br \/>eMail: <a href=\"mailto:faro.instrucaocriminal@tribunais.org.pt\">faro.instrucaocriminal@tribunais.org.pt<\/a><\/p><\/div>\t\t\t\t\t\t\t\t<\/div>\n\t\t\t\t<\/div>\n\t\t\t\t<\/div>\n\t\t<div class=\"elementor-element elementor-element-f55478e e-con-full e-flex e-con e-child\" data-id=\"f55478e\" data-element_type=\"container\">\n\t\t\t\t<div class=\"elementor-element elementor-element-b82548a elementor-widget elementor-widget-text-editor\" data-id=\"b82548a\" data-element_type=\"widget\" data-widget_type=\"text-editor.default\">\n\t\t\t\t<div class=\"elementor-widget-container\">\n\t\t\t\t\t\t\t\t\t<h6><strong>Compet\u00eancia Territorial<\/strong>:<\/h6><p>Munic\u00edpios de Alcoutim, Castro Marim, Faro, Loul\u00e9, Olh\u00e3o, S\u00e3o Br\u00e1s de Alportel, Tavira e Vila Real de Santo Ant\u00f3nio.<\/p>\t\t\t\t\t\t\t\t<\/div>\n\t\t\t\t<\/div>\n\t\t\t\t<\/div>\n\t\t\t\t\t<\/div>\n\t\t\t\t<\/div>\n\t\t<div class=\"elementor-element elementor-element-fa78284 e-flex e-con-boxed e-con e-parent\" data-id=\"fa78284\" data-element_type=\"container\">\n\t\t\t\t\t<div class=\"e-con-inner\">\n\t\t\t\t<div class=\"elementor-element elementor-element-59216b7 elementor-widget-divider--view-line_icon elementor-widget-divider--separator-type-pattern elementor-view-default elementor-widget-divider--element-align-center elementor-widget elementor-widget-divider\" data-id=\"59216b7\" data-element_type=\"widget\" data-widget_type=\"divider.default\">\n\t\t\t\t<div class=\"elementor-widget-container\">\n\t\t\t\t\t\t\t<div class=\"elementor-divider\" style=\"--divider-pattern-url: url(&quot;data:image\/svg+xml,%3Csvg xmlns=&#039;http:\/\/www.w3.org\/2000\/svg&#039; preserveAspectRatio=&#039;none&#039; overflow=&#039;visible&#039; height=&#039;100%&#039; viewBox=&#039;0 0 24 24&#039; fill=&#039;none&#039; stroke=&#039;black&#039; stroke-width=&#039;1&#039; stroke-linecap=&#039;square&#039; stroke-miterlimit=&#039;10&#039;%3E%3Cpolyline points=&#039;0,18 12,6 24,18 &#039;\/%3E%3C\/svg%3E&quot;);\">\n\t\t\t<span class=\"elementor-divider-separator\">\n\t\t\t\t\t\t\t<div class=\"elementor-icon elementor-divider__element\">\n\t\t\t\t\t<svg aria-hidden=\"true\" class=\"e-font-icon-svg e-fas-star\" viewBox=\"0 0 576 512\" xmlns=\"http:\/\/www.w3.org\/2000\/svg\"><path d=\"M259.3 17.8L194 150.2 47.9 171.5c-26.2 3.8-36.7 36.1-17.7 54.6l105.7 103-25 145.5c-4.5 26.3 23.2 46 46.4 33.7L288 439.6l130.7 68.7c23.2 12.2 50.9-7.4 46.4-33.7l-25-145.5 105.7-103c19-18.5 8.5-50.8-17.7-54.6L382 150.2 316.7 17.8c-11.7-23.6-45.6-23.9-57.4 0z\"><\/path><\/svg><\/div>\n\t\t\t\t\t\t<\/span>\n\t\t<\/div>\n\t\t\t\t\t\t<\/div>\n\t\t\t\t<\/div>\n\t\t\t\t\t<\/div>\n\t\t\t\t<\/div>\n\t\t<div class=\"elementor-element elementor-element-5acb5a3 e-flex e-con-boxed e-con e-parent\" data-id=\"5acb5a3\" data-element_type=\"container\">\n\t\t\t\t\t<div class=\"e-con-inner\">\n\t\t<div class=\"elementor-element elementor-element-05f5e4e e-con-full e-flex e-con e-child\" data-id=\"05f5e4e\" data-element_type=\"container\">\n\t\t\t\t<div class=\"elementor-element elementor-element-f81a834 elementor-widget elementor-widget-heading\" data-id=\"f81a834\" data-element_type=\"widget\" data-widget_type=\"heading.default\">\n\t\t\t\t<div class=\"elementor-widget-container\">\n\t\t\t\t\t<h2 class=\"elementor-heading-title elementor-size-default\">Ju\u00edzo do Trabalho de Faro (JCT)<\/h2>\t\t\t\t<\/div>\n\t\t\t\t<\/div>\n\t\t\t\t<div class=\"elementor-element elementor-element-816d6af elementor-widget-divider--view-line elementor-widget elementor-widget-divider\" data-id=\"816d6af\" data-element_type=\"widget\" data-widget_type=\"divider.default\">\n\t\t\t\t<div class=\"elementor-widget-container\">\n\t\t\t\t\t\t\t<div class=\"elementor-divider\">\n\t\t\t<span class=\"elementor-divider-separator\">\n\t\t\t\t\t\t<\/span>\n\t\t<\/div>\n\t\t\t\t\t\t<\/div>\n\t\t\t\t<\/div>\n\t\t\t\t<div class=\"elementor-element elementor-element-10eb92d elementor-widget elementor-widget-text-editor\" data-id=\"10eb92d\" data-element_type=\"widget\" data-widget_type=\"text-editor.default\">\n\t\t\t\t<div class=\"elementor-widget-container\">\n\t\t\t\t\t\t\t\t\t<h6><strong>Morada<\/strong><br \/>Rua Pedro Nunes, 8-10, R\/c<br \/>8000 &#8211; 405 Faro<\/h6><div><strong>Contactos<\/strong><\/div><div><p>Telefone: +351 289 830 000<br \/>Fax: +351 289 892 901<br \/>eMail: <a href=\"mailto:faro.trabalho@tribunais.org.pt\">faro.trabalho@tribunais.org.pt<\/a><\/p><\/div>\t\t\t\t\t\t\t\t<\/div>\n\t\t\t\t<\/div>\n\t\t\t\t<\/div>\n\t\t<div class=\"elementor-element elementor-element-506d4d8 e-con-full e-flex e-con e-child\" data-id=\"506d4d8\" data-element_type=\"container\">\n\t\t\t\t<div class=\"elementor-element elementor-element-36af1e3 elementor-widget elementor-widget-text-editor\" data-id=\"36af1e3\" data-element_type=\"widget\" data-widget_type=\"text-editor.default\">\n\t\t\t\t<div class=\"elementor-widget-container\">\n\t\t\t\t\t\t\t\t\t<h6><strong>Compet\u00eancia Territorial<\/strong>:<\/h6><p>Munic\u00edpios de Alcoutim, Castro Marim, Faro, Loul\u00e9, Olh\u00e3o, S\u00e3o Br\u00e1s de Alportel, Tavira e Vila Real de Santo Ant\u00f3nio.<\/p>\t\t\t\t\t\t\t\t<\/div>\n\t\t\t\t<\/div>\n\t\t\t\t<div class=\"elementor-element elementor-element-a2acadc elementor-widget elementor-widget-image\" data-id=\"a2acadc\" data-element_type=\"widget\" data-widget_type=\"image.default\">\n\t\t\t\t<div class=\"elementor-widget-container\">\n\t\t\t\t\t\t\t\t\t\t\t\t\t\t\t<img decoding=\"async\" width=\"495\" height=\"460\" src=\"https:\/\/comarcas.csm.org.pt\/faro\/wp-content\/uploads\/sites\/14\/2025\/03\/Nucleo-Faro-ESTAMOS-II.png\" class=\"attachment-large size-large wp-image-12114\" alt=\"\" srcset=\"https:\/\/comarcas.csm.org.pt\/faro\/wp-content\/uploads\/sites\/14\/2025\/03\/Nucleo-Faro-ESTAMOS-II.png 495w, https:\/\/comarcas.csm.org.pt\/faro\/wp-content\/uploads\/sites\/14\/2025\/03\/Nucleo-Faro-ESTAMOS-II-300x279.png 300w\" sizes=\"(max-width: 495px) 100vw, 495px\" \/>\t\t\t\t\t\t\t\t\t\t\t\t\t\t\t<\/div>\n\t\t\t\t<\/div>\n\t\t\t\t<\/div>\n\t\t\t\t\t<\/div>\n\t\t\t\t<\/div>\n\t\t<div class=\"elementor-element elementor-element-d5115c2 e-flex e-con-boxed e-con e-parent\" data-id=\"d5115c2\" data-element_type=\"container\">\n\t\t\t\t\t<div class=\"e-con-inner\">\n\t\t\t\t<div class=\"elementor-element elementor-element-b8652c5 elementor-widget elementor-widget-google_maps\" data-id=\"b8652c5\" data-element_type=\"widget\" data-widget_type=\"google_maps.default\">\n\t\t\t\t<div class=\"elementor-widget-container\">\n\t\t\t\t\t\t\t<div class=\"elementor-custom-embed\">\n\t\t\t<iframe loading=\"lazy\"\n\t\t\t\t\tsrc=\"https:\/\/www.google.com\/maps\/embed\/v1\/place?key=AIzaSyDhSoLeftGxfg7Tvco7SEUCY-Cc_XLDY3c&#038;q=Rua%20Pedro%20Nunes%2C%208-10%2C%20Faro%2C%20Portugal&#038;zoom=10\"\n\t\t\t\t\ttitle=\"Rua Pedro Nunes, 8-10, Faro, Portugal\"\n\t\t\t\t\taria-label=\"Rua Pedro Nunes, 8-10, Faro, Portugal\"\n\t\t\t><\/iframe>\n\t\t<\/div>\n\t\t\t\t\t\t<\/div>\n\t\t\t\t<\/div>\n\t\t\t\t\t<\/div>\n\t\t\t\t<\/div>\n\t\t<div class=\"elementor-element elementor-element-25f4199 e-flex e-con-boxed e-con e-parent\" data-id=\"25f4199\" data-element_type=\"container\">\n\t\t\t\t\t<div class=\"e-con-inner\">\n\t\t<div class=\"elementor-element elementor-element-aa6e000 e-con-full e-flex e-con e-child\" data-id=\"aa6e000\" data-element_type=\"container\">\n\t\t\t\t<div class=\"elementor-element elementor-element-4a1b778 elementor-widget elementor-widget-heading\" data-id=\"4a1b778\" data-element_type=\"widget\" data-widget_type=\"heading.default\">\n\t\t\t\t<div class=\"elementor-widget-container\">\n\t\t\t\t\t<h2 class=\"elementor-heading-title elementor-size-default\">Ju\u00edzo Central C\u00edvel de Faro (JCCiv)<\/h2>\t\t\t\t<\/div>\n\t\t\t\t<\/div>\n\t\t\t\t<div class=\"elementor-element elementor-element-5dd0ad7 elementor-widget-divider--view-line elementor-widget elementor-widget-divider\" data-id=\"5dd0ad7\" data-element_type=\"widget\" data-widget_type=\"divider.default\">\n\t\t\t\t<div class=\"elementor-widget-container\">\n\t\t\t\t\t\t\t<div class=\"elementor-divider\">\n\t\t\t<span class=\"elementor-divider-separator\">\n\t\t\t\t\t\t<\/span>\n\t\t<\/div>\n\t\t\t\t\t\t<\/div>\n\t\t\t\t<\/div>\n\t\t\t\t<div class=\"elementor-element elementor-element-8fb7873 elementor-widget elementor-widget-text-editor\" data-id=\"8fb7873\" data-element_type=\"widget\" data-widget_type=\"text-editor.default\">\n\t\t\t\t<div class=\"elementor-widget-container\">\n\t\t\t\t\t\t\t\t\t<h6><strong>Morada<\/strong><br \/>Rua Pedro Nunes, 8-10, 3.\u00ba Andar<br \/>8000 &#8211; 405 Faro<\/h6><div><strong>Contactos<\/strong><\/div><div><p>Telefone: +351 289 892 900<br \/>Fax: +351 289 892 901<br \/>eMail: <a href=\"mailto:faro.judicial@tribunais.org.pt\">faro.judicial@tribunais.org.pt<\/a><\/p><\/div>\t\t\t\t\t\t\t\t<\/div>\n\t\t\t\t<\/div>\n\t\t\t\t<\/div>\n\t\t<div class=\"elementor-element elementor-element-0762d9a e-con-full e-flex e-con e-child\" data-id=\"0762d9a\" data-element_type=\"container\">\n\t\t\t\t<div class=\"elementor-element elementor-element-a3096f9 elementor-widget elementor-widget-text-editor\" data-id=\"a3096f9\" data-element_type=\"widget\" data-widget_type=\"text-editor.default\">\n\t\t\t\t<div class=\"elementor-widget-container\">\n\t\t\t\t\t\t\t\t\t<h6><strong>Compet\u00eancia Territorial<\/strong>:<\/h6><p>Munic\u00edpios de Alcoutim, Castro Marim, Faro, Loul\u00e9, Olh\u00e3o, S\u00e3o Br\u00e1s de Alportel, Tavira e Vila Real de Santo Ant\u00f3nio.<\/p>\t\t\t\t\t\t\t\t<\/div>\n\t\t\t\t<\/div>\n\t\t\t\t<\/div>\n\t\t\t\t\t<\/div>\n\t\t\t\t<\/div>\n\t\t<div class=\"elementor-element elementor-element-f59ae94 e-flex e-con-boxed e-con e-parent\" data-id=\"f59ae94\" data-element_type=\"container\">\n\t\t\t\t\t<div class=\"e-con-inner\">\n\t\t<div class=\"elementor-element elementor-element-e53ea98 e-con-full e-flex e-con e-child\" data-id=\"e53ea98\" data-element_type=\"container\">\n\t\t\t\t<div class=\"elementor-element elementor-element-0e433e3 elementor-widget elementor-widget-heading\" data-id=\"0e433e3\" data-element_type=\"widget\" data-widget_type=\"heading.default\">\n\t\t\t\t<div class=\"elementor-widget-container\">\n\t\t\t\t\t<h2 class=\"elementor-heading-title elementor-size-default\">Ju\u00edzo Local C\u00edvel de Faro (JLCiv)<\/h2>\t\t\t\t<\/div>\n\t\t\t\t<\/div>\n\t\t\t\t<div class=\"elementor-element elementor-element-0dbffdc elementor-widget-divider--view-line elementor-widget elementor-widget-divider\" data-id=\"0dbffdc\" data-element_type=\"widget\" data-widget_type=\"divider.default\">\n\t\t\t\t<div class=\"elementor-widget-container\">\n\t\t\t\t\t\t\t<div class=\"elementor-divider\">\n\t\t\t<span class=\"elementor-divider-separator\">\n\t\t\t\t\t\t<\/span>\n\t\t<\/div>\n\t\t\t\t\t\t<\/div>\n\t\t\t\t<\/div>\n\t\t\t\t<div class=\"elementor-element elementor-element-deab17b elementor-widget elementor-widget-text-editor\" data-id=\"deab17b\" data-element_type=\"widget\" data-widget_type=\"text-editor.default\">\n\t\t\t\t<div class=\"elementor-widget-container\">\n\t\t\t\t\t\t\t\t\t<h6><strong>Morada<\/strong><br \/>Rua Pedro Nunes, 8-10, 3.\u00ba Andar<br \/>8000 &#8211; 405 Faro<\/h6><div><strong>Contactos<\/strong><\/div><div><p>Telefone: +351 289 892 900<br \/>Fax: +351 289 892 901<br \/>eMail: <a href=\"mailto:faro.judicial@tribunais.org.pt\">faro.judicial@tribunais.org.pt<\/a><\/p><\/div>\t\t\t\t\t\t\t\t<\/div>\n\t\t\t\t<\/div>\n\t\t\t\t<\/div>\n\t\t<div class=\"elementor-element elementor-element-2b29d9f e-con-full e-flex e-con e-child\" data-id=\"2b29d9f\" data-element_type=\"container\">\n\t\t\t\t<div class=\"elementor-element elementor-element-c42a606 elementor-widget elementor-widget-text-editor\" data-id=\"c42a606\" data-element_type=\"widget\" data-widget_type=\"text-editor.default\">\n\t\t\t\t<div class=\"elementor-widget-container\">\n\t\t\t\t\t\t\t\t\t<h6><strong>Compet\u00eancia Territorial<\/strong>:<\/h6><p>Munic\u00edpios de Faro e S\u00e3o Br\u00e1s de Alportel.<\/p>\t\t\t\t\t\t\t\t<\/div>\n\t\t\t\t<\/div>\n\t\t\t\t<\/div>\n\t\t\t\t\t<\/div>\n\t\t\t\t<\/div>\n\t\t<div class=\"elementor-element elementor-element-daf6add e-flex e-con-boxed e-con e-parent\" data-id=\"daf6add\" data-element_type=\"container\">\n\t\t\t\t\t<div class=\"e-con-inner\">\n\t\t\t\t<div class=\"elementor-element elementor-element-c3abfc8 elementor-widget-divider--view-line_icon elementor-widget-divider--separator-type-pattern elementor-view-default elementor-widget-divider--element-align-center elementor-widget elementor-widget-divider\" data-id=\"c3abfc8\" data-element_type=\"widget\" data-widget_type=\"divider.default\">\n\t\t\t\t<div class=\"elementor-widget-container\">\n\t\t\t\t\t\t\t<div class=\"elementor-divider\" style=\"--divider-pattern-url: url(&quot;data:image\/svg+xml,%3Csvg xmlns=&#039;http:\/\/www.w3.org\/2000\/svg&#039; preserveAspectRatio=&#039;none&#039; overflow=&#039;visible&#039; height=&#039;100%&#039; viewBox=&#039;0 0 24 24&#039; fill=&#039;none&#039; stroke=&#039;black&#039; stroke-width=&#039;1&#039; stroke-linecap=&#039;square&#039; stroke-miterlimit=&#039;10&#039;%3E%3Cpolyline points=&#039;0,18 12,6 24,18 &#039;\/%3E%3C\/svg%3E&quot;);\">\n\t\t\t<span class=\"elementor-divider-separator\">\n\t\t\t\t\t\t\t<div class=\"elementor-icon elementor-divider__element\">\n\t\t\t\t\t<svg aria-hidden=\"true\" class=\"e-font-icon-svg e-fas-star\" viewBox=\"0 0 576 512\" xmlns=\"http:\/\/www.w3.org\/2000\/svg\"><path d=\"M259.3 17.8L194 150.2 47.9 171.5c-26.2 3.8-36.7 36.1-17.7 54.6l105.7 103-25 145.5c-4.5 26.3 23.2 46 46.4 33.7L288 439.6l130.7 68.7c23.2 12.2 50.9-7.4 46.4-33.7l-25-145.5 105.7-103c19-18.5 8.5-50.8-17.7-54.6L382 150.2 316.7 17.8c-11.7-23.6-45.6-23.9-57.4 0z\"><\/path><\/svg><\/div>\n\t\t\t\t\t\t<\/span>\n\t\t<\/div>\n\t\t\t\t\t\t<\/div>\n\t\t\t\t<\/div>\n\t\t\t\t\t<\/div>\n\t\t\t\t<\/div>\n\t\t<div class=\"elementor-element elementor-element-d8c72aa e-flex e-con-boxed e-con e-parent\" data-id=\"d8c72aa\" data-element_type=\"container\">\n\t\t\t\t\t<div class=\"e-con-inner\">\n\t\t<div class=\"elementor-element elementor-element-0863ce7 e-con-full e-flex e-con e-child\" data-id=\"0863ce7\" data-element_type=\"container\">\n\t\t\t\t<div class=\"elementor-element elementor-element-9fe59cd elementor-widget elementor-widget-heading\" data-id=\"9fe59cd\" data-element_type=\"widget\" data-widget_type=\"heading.default\">\n\t\t\t\t<div class=\"elementor-widget-container\">\n\t\t\t\t\t<h2 class=\"elementor-heading-title elementor-size-default\">Unidade Central de Faro (UCF)<\/h2>\t\t\t\t<\/div>\n\t\t\t\t<\/div>\n\t\t\t\t<div class=\"elementor-element elementor-element-952eadf elementor-widget-divider--view-line elementor-widget elementor-widget-divider\" data-id=\"952eadf\" data-element_type=\"widget\" data-widget_type=\"divider.default\">\n\t\t\t\t<div class=\"elementor-widget-container\">\n\t\t\t\t\t\t\t<div class=\"elementor-divider\">\n\t\t\t<span class=\"elementor-divider-separator\">\n\t\t\t\t\t\t<\/span>\n\t\t<\/div>\n\t\t\t\t\t\t<\/div>\n\t\t\t\t<\/div>\n\t\t\t\t<div class=\"elementor-element elementor-element-30fc52b elementor-widget elementor-widget-text-editor\" data-id=\"30fc52b\" data-element_type=\"widget\" data-widget_type=\"text-editor.default\">\n\t\t\t\t<div class=\"elementor-widget-container\">\n\t\t\t\t\t\t\t\t\t<h6><strong>Morada<\/strong><br \/>Pal\u00e1cio da Justi\u00e7a<br \/>Avenida 5 de Outubro, R\/C<br \/>8004 &#8211; 023 Faro<\/h6><div><strong>Contactos<\/strong><\/div><div><p>Telefone: +351 289 892 900<br \/>Fax: +351 289 892 901<br \/>eMail: <a href=\"mailto:faro.judicial@tribunais.org.pt\">faro.judicial@tribunais.org.pt<\/a><\/p><\/div>\t\t\t\t\t\t\t\t<\/div>\n\t\t\t\t<\/div>\n\t\t\t\t<\/div>\n\t\t<div class=\"elementor-element elementor-element-7c0dcc2 e-con-full e-flex e-con e-child\" data-id=\"7c0dcc2\" data-element_type=\"container\">\n\t\t\t\t<div class=\"elementor-element elementor-element-ece484c elementor-widget elementor-widget-text-editor\" data-id=\"ece484c\" data-element_type=\"widget\" data-widget_type=\"text-editor.default\">\n\t\t\t\t<div class=\"elementor-widget-container\">\n\t\t\t\t\t\t\t\t\t<h6><strong>Compet\u00eancia Territorial<\/strong>:<\/h6><p>Munic\u00edpios de Albufeira,<strong> Alcoutim<\/strong>, Aljezur, <strong>Castro Marim<\/strong>, <strong>Faro<\/strong>, Lagoa, Lagos,<strong> Loul\u00e9<\/strong>, Monchique, <strong>Olh\u00e3o<\/strong>, Portim\u00e3o, <strong>S\u00e3o Br\u00e1s de Alportel<\/strong>, Silves, <strong>Tavira<\/strong>, Vila do Bispo e <strong>Vila Real de Santo Ant\u00f3nio<\/strong>.<\/p>\t\t\t\t\t\t\t\t<\/div>\n\t\t\t\t<\/div>\n\t\t\t\t<div class=\"elementor-element elementor-element-00eeb9d elementor-widget elementor-widget-image\" data-id=\"00eeb9d\" data-element_type=\"widget\" data-widget_type=\"image.default\">\n\t\t\t\t<div class=\"elementor-widget-container\">\n\t\t\t\t\t\t\t\t\t\t\t\t\t\t\t<img decoding=\"async\" width=\"520\" height=\"334\" src=\"https:\/\/comarcas.csm.org.pt\/faro\/wp-content\/uploads\/sites\/14\/2025\/03\/Faro-AA3.png\" class=\"attachment-large size-large wp-image-12097\" alt=\"\" srcset=\"https:\/\/comarcas.csm.org.pt\/faro\/wp-content\/uploads\/sites\/14\/2025\/03\/Faro-AA3.png 520w, https:\/\/comarcas.csm.org.pt\/faro\/wp-content\/uploads\/sites\/14\/2025\/03\/Faro-AA3-300x193.png 300w\" sizes=\"(max-width: 520px) 100vw, 520px\" \/>\t\t\t\t\t\t\t\t\t\t\t\t\t\t\t<\/div>\n\t\t\t\t<\/div>\n\t\t\t\t<\/div>\n\t\t\t\t\t<\/div>\n\t\t\t\t<\/div>\n\t\t<div class=\"elementor-element elementor-element-6dde4f0 e-flex e-con-boxed e-con e-parent\" data-id=\"6dde4f0\" data-element_type=\"container\">\n\t\t\t\t\t<div class=\"e-con-inner\">\n\t\t\t\t<div class=\"elementor-element elementor-element-2855813 elementor-widget elementor-widget-google_maps\" data-id=\"2855813\" data-element_type=\"widget\" data-widget_type=\"google_maps.default\">\n\t\t\t\t<div class=\"elementor-widget-container\">\n\t\t\t\t\t\t\t<div class=\"elementor-custom-embed\">\n\t\t\t<iframe loading=\"lazy\"\n\t\t\t\t\tsrc=\"https:\/\/www.google.com\/maps\/embed\/v1\/place?key=AIzaSyDhSoLeftGxfg7Tvco7SEUCY-Cc_XLDY3c&#038;q=Pal%C3%A1cio%20da%20Justi%C3%A7a%2C%20Avenida%205%20de%20Outubro%2C%20Faro%2C%20Portugal&#038;zoom=10\"\n\t\t\t\t\ttitle=\"Pal\u00e1cio da Justi\u00e7a, Avenida 5 de Outubro, Faro, Portugal\"\n\t\t\t\t\taria-label=\"Pal\u00e1cio da Justi\u00e7a, Avenida 5 de Outubro, Faro, Portugal\"\n\t\t\t><\/iframe>\n\t\t<\/div>\n\t\t\t\t\t\t<\/div>\n\t\t\t\t<\/div>\n\t\t\t\t\t<\/div>\n\t\t\t\t<\/div>\n\t\t<div class=\"elementor-element elementor-element-aec43ef e-flex e-con-boxed e-con e-parent\" data-id=\"aec43ef\" data-element_type=\"container\">\n\t\t\t\t\t<div class=\"e-con-inner\">\n\t\t<div class=\"elementor-element elementor-element-81470c6 e-con-full e-flex e-con e-child\" data-id=\"81470c6\" data-element_type=\"container\">\n\t\t\t\t<div class=\"elementor-element elementor-element-268efc8 elementor-widget elementor-widget-heading\" data-id=\"268efc8\" data-element_type=\"widget\" data-widget_type=\"heading.default\">\n\t\t\t\t<div class=\"elementor-widget-container\">\n\t\t\t\t\t<h2 class=\"elementor-heading-title elementor-size-default\">Ju\u00edzo Central Criminal  de Faro (JCCri)<\/h2>\t\t\t\t<\/div>\n\t\t\t\t<\/div>\n\t\t\t\t<div class=\"elementor-element elementor-element-c3f4bcc elementor-widget-divider--view-line elementor-widget elementor-widget-divider\" data-id=\"c3f4bcc\" data-element_type=\"widget\" data-widget_type=\"divider.default\">\n\t\t\t\t<div class=\"elementor-widget-container\">\n\t\t\t\t\t\t\t<div class=\"elementor-divider\">\n\t\t\t<span class=\"elementor-divider-separator\">\n\t\t\t\t\t\t<\/span>\n\t\t<\/div>\n\t\t\t\t\t\t<\/div>\n\t\t\t\t<\/div>\n\t\t\t\t<div class=\"elementor-element elementor-element-27293ea elementor-widget elementor-widget-text-editor\" data-id=\"27293ea\" data-element_type=\"widget\" data-widget_type=\"text-editor.default\">\n\t\t\t\t<div class=\"elementor-widget-container\">\n\t\t\t\t\t\t\t\t\t<h6><strong>Morada<\/strong><br \/>Pal\u00e1cio da Justi\u00e7a<br \/>Avenida 5 de Outubro, 1.\u00ba Andar<br \/>8004 &#8211; 023 Faro<\/h6><div><strong>Contactos<\/strong><\/div><div><p>Telefone: +351 289 892 900<br \/>Fax: +351 289 892 901<br \/>eMail:\u00a0<a href=\"mailto:faro.centralcriminal@tribunais.org.pt\">faro.centralcriminal@tribunais.org.pt<\/a><\/p><\/div>\t\t\t\t\t\t\t\t<\/div>\n\t\t\t\t<\/div>\n\t\t\t\t<\/div>\n\t\t<div class=\"elementor-element elementor-element-f8ef4a0 e-con-full e-flex e-con e-child\" data-id=\"f8ef4a0\" data-element_type=\"container\">\n\t\t\t\t<div class=\"elementor-element elementor-element-2300e1c elementor-widget elementor-widget-text-editor\" data-id=\"2300e1c\" data-element_type=\"widget\" data-widget_type=\"text-editor.default\">\n\t\t\t\t<div class=\"elementor-widget-container\">\n\t\t\t\t\t\t\t\t\t<h6><strong>Compet\u00eancia Territorial<\/strong>:<\/h6><p>Munic\u00edpios de Alcoutim, Castro Marim, Faro, Loul\u00e9, Olh\u00e3o, S\u00e3o Br\u00e1s de Alportel, Tavira e Vila Real de Santo Ant\u00f3nio.<\/p>\t\t\t\t\t\t\t\t<\/div>\n\t\t\t\t<\/div>\n\t\t\t\t<\/div>\n\t\t\t\t\t<\/div>\n\t\t\t\t<\/div>\n\t\t<div class=\"elementor-element elementor-element-3238ad5 e-flex e-con-boxed e-con e-parent\" data-id=\"3238ad5\" data-element_type=\"container\">\n\t\t\t\t\t<div class=\"e-con-inner\">\n\t\t<div class=\"elementor-element elementor-element-fbcc54e e-con-full e-flex e-con e-child\" data-id=\"fbcc54e\" data-element_type=\"container\">\n\t\t\t\t<div class=\"elementor-element elementor-element-c116e81 elementor-widget elementor-widget-heading\" data-id=\"c116e81\" data-element_type=\"widget\" data-widget_type=\"heading.default\">\n\t\t\t\t<div class=\"elementor-widget-container\">\n\t\t\t\t\t<h2 class=\"elementor-heading-title elementor-size-default\">Ju\u00edzo Local Criminal  de Faro (JLCri)<\/h2>\t\t\t\t<\/div>\n\t\t\t\t<\/div>\n\t\t\t\t<div class=\"elementor-element elementor-element-495caae elementor-widget-divider--view-line elementor-widget elementor-widget-divider\" data-id=\"495caae\" data-element_type=\"widget\" data-widget_type=\"divider.default\">\n\t\t\t\t<div class=\"elementor-widget-container\">\n\t\t\t\t\t\t\t<div class=\"elementor-divider\">\n\t\t\t<span class=\"elementor-divider-separator\">\n\t\t\t\t\t\t<\/span>\n\t\t<\/div>\n\t\t\t\t\t\t<\/div>\n\t\t\t\t<\/div>\n\t\t\t\t<div class=\"elementor-element elementor-element-67c15dd elementor-widget elementor-widget-text-editor\" data-id=\"67c15dd\" data-element_type=\"widget\" data-widget_type=\"text-editor.default\">\n\t\t\t\t<div class=\"elementor-widget-container\">\n\t\t\t\t\t\t\t\t\t<h6><strong>Morada<\/strong><br \/>Pal\u00e1cio da Justi\u00e7a<br \/>Avenida 5 de Outubro, R\/C<br \/>8004 &#8211; 023 Faro<\/h6><div><strong>Contactos<\/strong><\/div><div><p>Telefone: +351 289 892 900<br \/>Fax: +351 289 892 901<br \/>eMail: <a href=\"mailto:faro.judicial@tribunais.org.pt\">faro.judicial@tribunais.org.pt<\/a><\/p><\/div>\t\t\t\t\t\t\t\t<\/div>\n\t\t\t\t<\/div>\n\t\t\t\t<\/div>\n\t\t<div class=\"elementor-element elementor-element-0b2bc04 e-con-full e-flex e-con e-child\" data-id=\"0b2bc04\" data-element_type=\"container\">\n\t\t\t\t<div class=\"elementor-element elementor-element-786e102 elementor-widget elementor-widget-text-editor\" data-id=\"786e102\" data-element_type=\"widget\" data-widget_type=\"text-editor.default\">\n\t\t\t\t<div class=\"elementor-widget-container\">\n\t\t\t\t\t\t\t\t\t<h6><strong>Compet\u00eancia Territorial<\/strong>:<\/h6><p>Munic\u00edpios de Faro, e S\u00e3o Br\u00e1s de Alportel.<\/p>\t\t\t\t\t\t\t\t<\/div>\n\t\t\t\t<\/div>\n\t\t\t\t<\/div>\n\t\t\t\t\t<\/div>\n\t\t\t\t<\/div>\n\t\t\t\t<\/div>\n\t\t","protected":false},"excerpt":{"rendered":"<p>Ju\u00edzo de Fam\u00edlia e Menores de Faro (JCFM) MoradaRua Antero de Quental, 9, 1.\u00ba Andar8000 &#8211; 210 Faro ContactosTelefone: +351 289 091 110 Fax: +351 289 892 901eMail: faro.familia@tribunais.org.pt Compet\u00eancia Territorial: Munic\u00edpios de Alcoutim, Castro Marim, Faro, Loul\u00e9, Olh\u00e3o, S\u00e3o Br\u00e1s de Alportel, Tavira e Vila Real de Santo Ant\u00f3nio. Ju\u00edzo de Instru\u00e7\u00e3o Criminal de&#8230;<\/p>\n","protected":false},"author":14,"featured_media":0,"parent":2242,"menu_order":0,"comment_status":"closed","ping_status":"closed","template":"","meta":{"_tbt_post_transparent":"","_tbt_post_title":"","_tbt_post_layout":"default","_tbt_post_sidebar_id":"","_tbt_post_content_style":"","_tbt_post_vertical_padding":"","_tbt_post_feature":"","_tbt_post_feature_position":"","_tbt_post_header":false,"_tbt_post_footer":false},"class_list":["post-12083","page","type-page","status-publish","hentry"],"yoast_head":"<!-- This site is optimized with the Yoast SEO plugin v25.6 - https:\/\/yoast.com\/wordpress\/plugins\/seo\/ -->\n<title>N\u00facleo de Faro \/ Ju\u00edzos - Tribunal Judicial da Comarca de Faro<\/title>\n<meta name=\"robots\" content=\"index, follow, max-snippet:-1, max-image-preview:large, max-video-preview:-1\" \/>\n<link rel=\"canonical\" href=\"https:\/\/comarcas.csm.org.pt\/faro\/acomarca\/nucleo-de-faro-juizos\/\" \/>\n<meta property=\"og:locale\" content=\"pt_PT\" \/>\n<meta property=\"og:type\" content=\"article\" \/>\n<meta property=\"og:title\" content=\"N\u00facleo de Faro \/ Ju\u00edzos - Tribunal Judicial da Comarca de Faro\" \/>\n<meta property=\"og:description\" content=\"Ju\u00edzo de Fam\u00edlia e Menores de Faro (JCFM) MoradaRua Antero de Quental, 9, 1.\u00ba Andar8000 &#8211; 210 Faro ContactosTelefone: +351 289 091 110 Fax: +351 289 892 901eMail: faro.familia@tribunais.org.pt Compet\u00eancia Territorial: Munic\u00edpios de Alcoutim, Castro Marim, Faro, Loul\u00e9, Olh\u00e3o, S\u00e3o Br\u00e1s de Alportel, Tavira e Vila Real de Santo Ant\u00f3nio. Ju\u00edzo de Instru\u00e7\u00e3o Criminal de...\" \/>\n<meta property=\"og:url\" content=\"https:\/\/comarcas.csm.org.pt\/faro\/acomarca\/nucleo-de-faro-juizos\/\" \/>\n<meta property=\"og:site_name\" content=\"Tribunal Judicial da Comarca de Faro\" \/>\n<meta property=\"article:modified_time\" content=\"2025-04-02T17:09:19+00:00\" \/>\n<meta property=\"og:image\" content=\"https:\/\/comarcas.csm.org.pt\/faro\/wp-content\/uploads\/sites\/14\/2025\/03\/Nucleo-Faro-ESTAMOS-I.png\" \/>\n\t<meta property=\"og:image:width\" content=\"437\" \/>\n\t<meta property=\"og:image:height\" content=\"522\" \/>\n\t<meta property=\"og:image:type\" content=\"image\/png\" \/>\n<meta name=\"twitter:card\" content=\"summary_large_image\" \/>\n<meta name=\"twitter:label1\" content=\"Tempo estimado de leitura\" \/>\n\t<meta name=\"twitter:data1\" content=\"3 minutos\" \/>\n<script type=\"application\/ld+json\" class=\"yoast-schema-graph\">{\"@context\":\"https:\/\/schema.org\",\"@graph\":[{\"@type\":\"WebPage\",\"@id\":\"https:\/\/comarcas.csm.org.pt\/faro\/acomarca\/nucleo-de-faro-juizos\/\",\"url\":\"https:\/\/comarcas.csm.org.pt\/faro\/acomarca\/nucleo-de-faro-juizos\/\",\"name\":\"N\u00facleo de Faro \/ Ju\u00edzos - Tribunal Judicial da Comarca de Faro\",\"isPartOf\":{\"@id\":\"https:\/\/comarcas.csm.org.pt\/faro\/#website\"},\"primaryImageOfPage\":{\"@id\":\"https:\/\/comarcas.csm.org.pt\/faro\/acomarca\/nucleo-de-faro-juizos\/#primaryimage\"},\"image\":{\"@id\":\"https:\/\/comarcas.csm.org.pt\/faro\/acomarca\/nucleo-de-faro-juizos\/#primaryimage\"},\"thumbnailUrl\":\"https:\/\/comarcas.csm.org.pt\/faro\/wp-content\/uploads\/sites\/14\/2025\/03\/Nucleo-Faro-ESTAMOS-I.png\",\"datePublished\":\"2025-03-26T15:15:15+00:00\",\"dateModified\":\"2025-04-02T17:09:19+00:00\",\"breadcrumb\":{\"@id\":\"https:\/\/comarcas.csm.org.pt\/faro\/acomarca\/nucleo-de-faro-juizos\/#breadcrumb\"},\"inLanguage\":\"pt-PT\",\"potentialAction\":[{\"@type\":\"ReadAction\",\"target\":[\"https:\/\/comarcas.csm.org.pt\/faro\/acomarca\/nucleo-de-faro-juizos\/\"]}]},{\"@type\":\"ImageObject\",\"inLanguage\":\"pt-PT\",\"@id\":\"https:\/\/comarcas.csm.org.pt\/faro\/acomarca\/nucleo-de-faro-juizos\/#primaryimage\",\"url\":\"https:\/\/comarcas.csm.org.pt\/faro\/wp-content\/uploads\/sites\/14\/2025\/03\/Nucleo-Faro-ESTAMOS-I.png\",\"contentUrl\":\"https:\/\/comarcas.csm.org.pt\/faro\/wp-content\/uploads\/sites\/14\/2025\/03\/Nucleo-Faro-ESTAMOS-I.png\",\"width\":437,\"height\":522},{\"@type\":\"BreadcrumbList\",\"@id\":\"https:\/\/comarcas.csm.org.pt\/faro\/acomarca\/nucleo-de-faro-juizos\/#breadcrumb\",\"itemListElement\":[{\"@type\":\"ListItem\",\"position\":1,\"name\":\"In\u00edcio\",\"item\":\"https:\/\/comarcas.csm.org.pt\/faro\/\"},{\"@type\":\"ListItem\",\"position\":2,\"name\":\"A Comarca\",\"item\":\"https:\/\/comarcas.csm.org.pt\/faro\/acomarca\/\"},{\"@type\":\"ListItem\",\"position\":3,\"name\":\"N\u00facleo de Faro \/ Ju\u00edzos\"}]},{\"@type\":\"WebSite\",\"@id\":\"https:\/\/comarcas.csm.org.pt\/faro\/#website\",\"url\":\"https:\/\/comarcas.csm.org.pt\/faro\/\",\"name\":\"Tribunal Judicial da Comarca de Faro\",\"description\":\"Tribunal Judicial da Comarca de Faro\",\"publisher\":{\"@id\":\"https:\/\/comarcas.csm.org.pt\/faro\/#organization\"},\"potentialAction\":[{\"@type\":\"SearchAction\",\"target\":{\"@type\":\"EntryPoint\",\"urlTemplate\":\"https:\/\/comarcas.csm.org.pt\/faro\/?s={search_term_string}\"},\"query-input\":{\"@type\":\"PropertyValueSpecification\",\"valueRequired\":true,\"valueName\":\"search_term_string\"}}],\"inLanguage\":\"pt-PT\"},{\"@type\":\"Organization\",\"@id\":\"https:\/\/comarcas.csm.org.pt\/faro\/#organization\",\"name\":\"Tribunal Judicial da Comarca de Faro\",\"url\":\"https:\/\/comarcas.csm.org.pt\/faro\/\",\"logo\":{\"@type\":\"ImageObject\",\"inLanguage\":\"pt-PT\",\"@id\":\"https:\/\/comarcas.csm.org.pt\/faro\/#\/schema\/logo\/image\/\",\"url\":\"https:\/\/comarcas.csm.org.pt\/faro\/wp-content\/uploads\/sites\/14\/2024\/11\/Faro_positivo-horizontal.png\",\"contentUrl\":\"https:\/\/comarcas.csm.org.pt\/faro\/wp-content\/uploads\/sites\/14\/2024\/11\/Faro_positivo-horizontal.png\",\"width\":4304,\"height\":1186,\"caption\":\"Tribunal Judicial da Comarca de Faro\"},\"image\":{\"@id\":\"https:\/\/comarcas.csm.org.pt\/faro\/#\/schema\/logo\/image\/\"}}]}<\/script>\n<!-- \/ Yoast SEO plugin. -->","yoast_head_json":{"title":"N\u00facleo de Faro \/ Ju\u00edzos - Tribunal Judicial da Comarca de Faro","robots":{"index":"index","follow":"follow","max-snippet":"max-snippet:-1","max-image-preview":"max-image-preview:large","max-video-preview":"max-video-preview:-1"},"canonical":"https:\/\/comarcas.csm.org.pt\/faro\/acomarca\/nucleo-de-faro-juizos\/","og_locale":"pt_PT","og_type":"article","og_title":"N\u00facleo de Faro \/ Ju\u00edzos - Tribunal Judicial da Comarca de Faro","og_description":"Ju\u00edzo de Fam\u00edlia e Menores de Faro (JCFM) MoradaRua Antero de Quental, 9, 1.\u00ba Andar8000 &#8211; 210 Faro ContactosTelefone: +351 289 091 110 Fax: +351 289 892 901eMail: faro.familia@tribunais.org.pt Compet\u00eancia Territorial: Munic\u00edpios de Alcoutim, Castro Marim, Faro, Loul\u00e9, Olh\u00e3o, S\u00e3o Br\u00e1s de Alportel, Tavira e Vila Real de Santo Ant\u00f3nio. Ju\u00edzo de Instru\u00e7\u00e3o Criminal de...","og_url":"https:\/\/comarcas.csm.org.pt\/faro\/acomarca\/nucleo-de-faro-juizos\/","og_site_name":"Tribunal Judicial da Comarca de Faro","article_modified_time":"2025-04-02T17:09:19+00:00","og_image":[{"width":437,"height":522,"url":"https:\/\/comarcas.csm.org.pt\/faro\/wp-content\/uploads\/sites\/14\/2025\/03\/Nucleo-Faro-ESTAMOS-I.png","type":"image\/png"}],"twitter_card":"summary_large_image","twitter_misc":{"Tempo estimado de leitura":"3 minutos"},"schema":{"@context":"https:\/\/schema.org","@graph":[{"@type":"WebPage","@id":"https:\/\/comarcas.csm.org.pt\/faro\/acomarca\/nucleo-de-faro-juizos\/","url":"https:\/\/comarcas.csm.org.pt\/faro\/acomarca\/nucleo-de-faro-juizos\/","name":"N\u00facleo de Faro \/ Ju\u00edzos - Tribunal Judicial da Comarca de Faro","isPartOf":{"@id":"https:\/\/comarcas.csm.org.pt\/faro\/#website"},"primaryImageOfPage":{"@id":"https:\/\/comarcas.csm.org.pt\/faro\/acomarca\/nucleo-de-faro-juizos\/#primaryimage"},"image":{"@id":"https:\/\/comarcas.csm.org.pt\/faro\/acomarca\/nucleo-de-faro-juizos\/#primaryimage"},"thumbnailUrl":"https:\/\/comarcas.csm.org.pt\/faro\/wp-content\/uploads\/sites\/14\/2025\/03\/Nucleo-Faro-ESTAMOS-I.png","datePublished":"2025-03-26T15:15:15+00:00","dateModified":"2025-04-02T17:09:19+00:00","breadcrumb":{"@id":"https:\/\/comarcas.csm.org.pt\/faro\/acomarca\/nucleo-de-faro-juizos\/#breadcrumb"},"inLanguage":"pt-PT","potentialAction":[{"@type":"ReadAction","target":["https:\/\/comarcas.csm.org.pt\/faro\/acomarca\/nucleo-de-faro-juizos\/"]}]},{"@type":"ImageObject","inLanguage":"pt-PT","@id":"https:\/\/comarcas.csm.org.pt\/faro\/acomarca\/nucleo-de-faro-juizos\/#primaryimage","url":"https:\/\/comarcas.csm.org.pt\/faro\/wp-content\/uploads\/sites\/14\/2025\/03\/Nucleo-Faro-ESTAMOS-I.png","contentUrl":"https:\/\/comarcas.csm.org.pt\/faro\/wp-content\/uploads\/sites\/14\/2025\/03\/Nucleo-Faro-ESTAMOS-I.png","width":437,"height":522},{"@type":"BreadcrumbList","@id":"https:\/\/comarcas.csm.org.pt\/faro\/acomarca\/nucleo-de-faro-juizos\/#breadcrumb","itemListElement":[{"@type":"ListItem","position":1,"name":"In\u00edcio","item":"https:\/\/comarcas.csm.org.pt\/faro\/"},{"@type":"ListItem","position":2,"name":"A Comarca","item":"https:\/\/comarcas.csm.org.pt\/faro\/acomarca\/"},{"@type":"ListItem","position":3,"name":"N\u00facleo de Faro \/ Ju\u00edzos"}]},{"@type":"WebSite","@id":"https:\/\/comarcas.csm.org.pt\/faro\/#website","url":"https:\/\/comarcas.csm.org.pt\/faro\/","name":"Tribunal Judicial da Comarca de Faro","description":"Tribunal Judicial da Comarca de Faro","publisher":{"@id":"https:\/\/comarcas.csm.org.pt\/faro\/#organization"},"potentialAction":[{"@type":"SearchAction","target":{"@type":"EntryPoint","urlTemplate":"https:\/\/comarcas.csm.org.pt\/faro\/?s={search_term_string}"},"query-input":{"@type":"PropertyValueSpecification","valueRequired":true,"valueName":"search_term_string"}}],"inLanguage":"pt-PT"},{"@type":"Organization","@id":"https:\/\/comarcas.csm.org.pt\/faro\/#organization","name":"Tribunal Judicial da Comarca de Faro","url":"https:\/\/comarcas.csm.org.pt\/faro\/","logo":{"@type":"ImageObject","inLanguage":"pt-PT","@id":"https:\/\/comarcas.csm.org.pt\/faro\/#\/schema\/logo\/image\/","url":"https:\/\/comarcas.csm.org.pt\/faro\/wp-content\/uploads\/sites\/14\/2024\/11\/Faro_positivo-horizontal.png","contentUrl":"https:\/\/comarcas.csm.org.pt\/faro\/wp-content\/uploads\/sites\/14\/2024\/11\/Faro_positivo-horizontal.png","width":4304,"height":1186,"caption":"Tribunal Judicial da Comarca de Faro"},"image":{"@id":"https:\/\/comarcas.csm.org.pt\/faro\/#\/schema\/logo\/image\/"}}]}},"_links":{"self":[{"href":"https:\/\/comarcas.csm.org.pt\/faro\/wp-json\/wp\/v2\/pages\/12083","targetHints":{"allow":["GET"]}}],"collection":[{"href":"https:\/\/comarcas.csm.org.pt\/faro\/wp-json\/wp\/v2\/pages"}],"about":[{"href":"https:\/\/comarcas.csm.org.pt\/faro\/wp-json\/wp\/v2\/types\/page"}],"author":[{"embeddable":true,"href":"https:\/\/comarcas.csm.org.pt\/faro\/wp-json\/wp\/v2\/users\/14"}],"replies":[{"embeddable":true,"href":"https:\/\/comarcas.csm.org.pt\/faro\/wp-json\/wp\/v2\/comments?post=12083"}],"version-history":[{"count":46,"href":"https:\/\/comarcas.csm.org.pt\/faro\/wp-json\/wp\/v2\/pages\/12083\/revisions"}],"predecessor-version":[{"id":12803,"href":"https:\/\/comarcas.csm.org.pt\/faro\/wp-json\/wp\/v2\/pages\/12083\/revisions\/12803"}],"up":[{"embeddable":true,"href":"https:\/\/comarcas.csm.org.pt\/faro\/wp-json\/wp\/v2\/pages\/2242"}],"wp:attachment":[{"href":"https:\/\/comarcas.csm.org.pt\/faro\/wp-json\/wp\/v2\/media?parent=12083"}],"curies":[{"name":"wp","href":"https:\/\/api.w.org\/{rel}","templated":true}]}}