{"id":12119,"date":"2025-03-27T12:23:17","date_gmt":"2025-03-27T12:23:17","guid":{"rendered":"https:\/\/comarcas.csm.org.pt\/faro\/?page_id=12119"},"modified":"2025-03-27T12:30:25","modified_gmt":"2025-03-27T12:30:25","slug":"nucleo-de-faro-unidade-de-apoio-tecnico","status":"publish","type":"page","link":"https:\/\/comarcas.csm.org.pt\/faro\/acomarca\/nucleo-de-faro-unidade-de-apoio-tecnico\/","title":{"rendered":"N\u00facleo de Faro \/ Unidade de Apoio T\u00e9cnico [UATOGCF]"},"content":{"rendered":"\t\t<div data-elementor-type=\"wp-page\" data-elementor-id=\"12119\" class=\"elementor elementor-12119\" data-elementor-post-type=\"page\">\n\t\t\t\t<div class=\"elementor-element elementor-element-6dfe72b e-flex e-con-boxed e-con e-parent\" data-id=\"6dfe72b\" data-element_type=\"container\">\n\t\t\t\t\t<div class=\"e-con-inner\">\n\t\t<div class=\"elementor-element elementor-element-9f4d64e e-con-full e-flex e-con e-child\" data-id=\"9f4d64e\" data-element_type=\"container\">\n\t\t\t\t<div class=\"elementor-element elementor-element-63e06f3 elementor-widget elementor-widget-heading\" data-id=\"63e06f3\" data-element_type=\"widget\" data-widget_type=\"heading.default\">\n\t\t\t\t<div class=\"elementor-widget-container\">\n\t\t\t\t\t<h2 class=\"elementor-heading-title elementor-size-default\">Unidade de Apoio T\u00e9cnico aos \u00d3rg\u00e3os de Gest\u00e3o da Comarca de Faro [UATOGCF]<\/h2>\t\t\t\t<\/div>\n\t\t\t\t<\/div>\n\t\t\t\t<div class=\"elementor-element elementor-element-7722776 elementor-widget-divider--view-line elementor-widget elementor-widget-divider\" data-id=\"7722776\" data-element_type=\"widget\" data-widget_type=\"divider.default\">\n\t\t\t\t<div class=\"elementor-widget-container\">\n\t\t\t\t\t\t\t<div class=\"elementor-divider\">\n\t\t\t<span class=\"elementor-divider-separator\">\n\t\t\t\t\t\t<\/span>\n\t\t<\/div>\n\t\t\t\t\t\t<\/div>\n\t\t\t\t<\/div>\n\t\t\t\t<div class=\"elementor-element elementor-element-8eae985 elementor-widget elementor-widget-text-editor\" data-id=\"8eae985\" data-element_type=\"widget\" data-widget_type=\"text-editor.default\">\n\t\t\t\t<div class=\"elementor-widget-container\">\n\t\t\t\t\t\t\t\t\t<h6><strong>Morada<\/strong><br \/>Rua Antero de Quental, 9, 4.\u00ba Andar<br \/>8000 &#8211; 210 Faro<\/h6><div><strong>Contactos<\/strong><\/div><div>Telefone: +351 289 830 000<\/div><div>Fax: +351 289 830 029<\/div><div>eMail: <a href=\"mailto:gestao.comarca.faro@tribunais.org.pt\">gestao.comarca.faro@tribunais.org.pt<\/a><\/div>\t\t\t\t\t\t\t\t<\/div>\n\t\t\t\t<\/div>\n\t\t\t\t<\/div>\n\t\t<div class=\"elementor-element elementor-element-45e8a56 e-con-full e-flex e-con e-child\" data-id=\"45e8a56\" data-element_type=\"container\">\n\t\t\t\t<div class=\"elementor-element elementor-element-9f636dd elementor-widget elementor-widget-image\" data-id=\"9f636dd\" data-element_type=\"widget\" data-widget_type=\"image.default\">\n\t\t\t\t<div class=\"elementor-widget-container\">\n\t\t\t\t\t\t\t\t\t\t\t\t\t\t\t<img fetchpriority=\"high\" decoding=\"async\" width=\"437\" height=\"522\" src=\"https:\/\/comarcas.csm.org.pt\/faro\/wp-content\/uploads\/sites\/14\/2025\/03\/Nucleo-Faro-ESTAMOS-I.png\" class=\"attachment-large size-large wp-image-12113\" alt=\"\" srcset=\"https:\/\/comarcas.csm.org.pt\/faro\/wp-content\/uploads\/sites\/14\/2025\/03\/Nucleo-Faro-ESTAMOS-I.png 437w, https:\/\/comarcas.csm.org.pt\/faro\/wp-content\/uploads\/sites\/14\/2025\/03\/Nucleo-Faro-ESTAMOS-I-251x300.png 251w\" sizes=\"(max-width: 437px) 100vw, 437px\" \/>\t\t\t\t\t\t\t\t\t\t\t\t\t\t\t<\/div>\n\t\t\t\t<\/div>\n\t\t\t\t<\/div>\n\t\t\t\t\t<\/div>\n\t\t\t\t<\/div>\n\t\t<div class=\"elementor-element elementor-element-9986f8f e-flex e-con-boxed e-con e-parent\" data-id=\"9986f8f\" data-element_type=\"container\">\n\t\t\t\t\t<div class=\"e-con-inner\">\n\t\t\t\t<div class=\"elementor-element elementor-element-b93ba2d elementor-widget elementor-widget-google_maps\" data-id=\"b93ba2d\" data-element_type=\"widget\" data-widget_type=\"google_maps.default\">\n\t\t\t\t<div class=\"elementor-widget-container\">\n\t\t\t\t\t\t\t<div class=\"elementor-custom-embed\">\n\t\t\t<iframe loading=\"lazy\"\n\t\t\t\t\tsrc=\"https:\/\/www.google.com\/maps\/embed\/v1\/place?key=AIzaSyDhSoLeftGxfg7Tvco7SEUCY-Cc_XLDY3c&#038;q=Rua%20Antero%20de%20Quental%2C%209%2C%204.%C2%BA%20Andar%2C%20Faro%2C%20Portugal&#038;zoom=10\"\n\t\t\t\t\ttitle=\"Rua Antero de Quental, 9, 4.\u00ba Andar, Faro, Portugal\"\n\t\t\t\t\taria-label=\"Rua Antero de Quental, 9, 4.\u00ba Andar, Faro, Portugal\"\n\t\t\t><\/iframe>\n\t\t<\/div>\n\t\t\t\t\t\t<\/div>\n\t\t\t\t<\/div>\n\t\t\t\t\t<\/div>\n\t\t\t\t<\/div>\n\t\t\t\t<\/div>\n\t\t","protected":false},"excerpt":{"rendered":"<p>Unidade de Apoio T\u00e9cnico aos \u00d3rg\u00e3os de Gest\u00e3o da Comarca de Faro [UATOGCF] MoradaRua Antero de Quental, 9, 4.\u00ba Andar8000 &#8211; 210 Faro ContactosTelefone: +351 289 830 000Fax: +351 289 830 029eMail: gestao.comarca.faro@tribunais.org.pt<\/p>\n","protected":false},"author":14,"featured_media":0,"parent":2242,"menu_order":0,"comment_status":"closed","ping_status":"closed","template":"","meta":{"_tbt_post_transparent":"","_tbt_post_title":"","_tbt_post_layout":"default","_tbt_post_sidebar_id":"","_tbt_post_content_style":"","_tbt_post_vertical_padding":"","_tbt_post_feature":"","_tbt_post_feature_position":"","_tbt_post_header":false,"_tbt_post_footer":false},"class_list":["post-12119","page","type-page","status-publish","hentry"],"yoast_head":"<!-- This site is optimized with the Yoast SEO plugin v25.6 - https:\/\/yoast.com\/wordpress\/plugins\/seo\/ -->\n<title>N\u00facleo de Faro \/ Unidade de Apoio T\u00e9cnico [UATOGCF] - Tribunal Judicial da Comarca de Faro<\/title>\n<meta name=\"robots\" content=\"index, follow, max-snippet:-1, max-image-preview:large, max-video-preview:-1\" \/>\n<link rel=\"canonical\" href=\"https:\/\/comarcas.csm.org.pt\/faro\/acomarca\/nucleo-de-faro-unidade-de-apoio-tecnico\/\" \/>\n<meta property=\"og:locale\" content=\"pt_PT\" \/>\n<meta property=\"og:type\" content=\"article\" \/>\n<meta property=\"og:title\" content=\"N\u00facleo de Faro \/ Unidade de Apoio T\u00e9cnico [UATOGCF] - Tribunal Judicial da Comarca de Faro\" \/>\n<meta property=\"og:description\" content=\"Unidade de Apoio T\u00e9cnico aos \u00d3rg\u00e3os de Gest\u00e3o da Comarca de Faro [UATOGCF] MoradaRua Antero de Quental, 9, 4.\u00ba Andar8000 &#8211; 210 Faro ContactosTelefone: +351 289 830 000Fax: +351 289 830 029eMail: gestao.comarca.faro@tribunais.org.pt\" \/>\n<meta property=\"og:url\" content=\"https:\/\/comarcas.csm.org.pt\/faro\/acomarca\/nucleo-de-faro-unidade-de-apoio-tecnico\/\" \/>\n<meta property=\"og:site_name\" content=\"Tribunal Judicial da Comarca de Faro\" \/>\n<meta property=\"article:modified_time\" content=\"2025-03-27T12:30:25+00:00\" \/>\n<meta property=\"og:image\" content=\"https:\/\/comarcas.csm.org.pt\/faro\/wp-content\/uploads\/sites\/14\/2025\/03\/Nucleo-Faro-ESTAMOS-I.png\" \/>\n<meta name=\"twitter:card\" content=\"summary_large_image\" \/>\n<meta name=\"twitter:label1\" content=\"Tempo estimado de leitura\" \/>\n\t<meta name=\"twitter:data1\" content=\"1 minuto\" \/>\n<script type=\"application\/ld+json\" class=\"yoast-schema-graph\">{\"@context\":\"https:\/\/schema.org\",\"@graph\":[{\"@type\":\"WebPage\",\"@id\":\"https:\/\/comarcas.csm.org.pt\/faro\/acomarca\/nucleo-de-faro-unidade-de-apoio-tecnico\/\",\"url\":\"https:\/\/comarcas.csm.org.pt\/faro\/acomarca\/nucleo-de-faro-unidade-de-apoio-tecnico\/\",\"name\":\"N\u00facleo de Faro \/ Unidade de Apoio T\u00e9cnico [UATOGCF] - Tribunal Judicial da Comarca de Faro\",\"isPartOf\":{\"@id\":\"https:\/\/comarcas.csm.org.pt\/faro\/#website\"},\"primaryImageOfPage\":{\"@id\":\"https:\/\/comarcas.csm.org.pt\/faro\/acomarca\/nucleo-de-faro-unidade-de-apoio-tecnico\/#primaryimage\"},\"image\":{\"@id\":\"https:\/\/comarcas.csm.org.pt\/faro\/acomarca\/nucleo-de-faro-unidade-de-apoio-tecnico\/#primaryimage\"},\"thumbnailUrl\":\"https:\/\/comarcas.csm.org.pt\/faro\/wp-content\/uploads\/sites\/14\/2025\/03\/Nucleo-Faro-ESTAMOS-I.png\",\"datePublished\":\"2025-03-27T12:23:17+00:00\",\"dateModified\":\"2025-03-27T12:30:25+00:00\",\"breadcrumb\":{\"@id\":\"https:\/\/comarcas.csm.org.pt\/faro\/acomarca\/nucleo-de-faro-unidade-de-apoio-tecnico\/#breadcrumb\"},\"inLanguage\":\"pt-PT\",\"potentialAction\":[{\"@type\":\"ReadAction\",\"target\":[\"https:\/\/comarcas.csm.org.pt\/faro\/acomarca\/nucleo-de-faro-unidade-de-apoio-tecnico\/\"]}]},{\"@type\":\"ImageObject\",\"inLanguage\":\"pt-PT\",\"@id\":\"https:\/\/comarcas.csm.org.pt\/faro\/acomarca\/nucleo-de-faro-unidade-de-apoio-tecnico\/#primaryimage\",\"url\":\"https:\/\/comarcas.csm.org.pt\/faro\/wp-content\/uploads\/sites\/14\/2025\/03\/Nucleo-Faro-ESTAMOS-I.png\",\"contentUrl\":\"https:\/\/comarcas.csm.org.pt\/faro\/wp-content\/uploads\/sites\/14\/2025\/03\/Nucleo-Faro-ESTAMOS-I.png\",\"width\":437,\"height\":522},{\"@type\":\"BreadcrumbList\",\"@id\":\"https:\/\/comarcas.csm.org.pt\/faro\/acomarca\/nucleo-de-faro-unidade-de-apoio-tecnico\/#breadcrumb\",\"itemListElement\":[{\"@type\":\"ListItem\",\"position\":1,\"name\":\"In\u00edcio\",\"item\":\"https:\/\/comarcas.csm.org.pt\/faro\/\"},{\"@type\":\"ListItem\",\"position\":2,\"name\":\"A Comarca\",\"item\":\"https:\/\/comarcas.csm.org.pt\/faro\/acomarca\/\"},{\"@type\":\"ListItem\",\"position\":3,\"name\":\"N\u00facleo de Faro \/ Unidade de Apoio T\u00e9cnico [UATOGCF]\"}]},{\"@type\":\"WebSite\",\"@id\":\"https:\/\/comarcas.csm.org.pt\/faro\/#website\",\"url\":\"https:\/\/comarcas.csm.org.pt\/faro\/\",\"name\":\"Tribunal Judicial da Comarca de Faro\",\"description\":\"Tribunal Judicial da Comarca de Faro\",\"publisher\":{\"@id\":\"https:\/\/comarcas.csm.org.pt\/faro\/#organization\"},\"potentialAction\":[{\"@type\":\"SearchAction\",\"target\":{\"@type\":\"EntryPoint\",\"urlTemplate\":\"https:\/\/comarcas.csm.org.pt\/faro\/?s={search_term_string}\"},\"query-input\":{\"@type\":\"PropertyValueSpecification\",\"valueRequired\":true,\"valueName\":\"search_term_string\"}}],\"inLanguage\":\"pt-PT\"},{\"@type\":\"Organization\",\"@id\":\"https:\/\/comarcas.csm.org.pt\/faro\/#organization\",\"name\":\"Tribunal Judicial da Comarca de Faro\",\"url\":\"https:\/\/comarcas.csm.org.pt\/faro\/\",\"logo\":{\"@type\":\"ImageObject\",\"inLanguage\":\"pt-PT\",\"@id\":\"https:\/\/comarcas.csm.org.pt\/faro\/#\/schema\/logo\/image\/\",\"url\":\"https:\/\/comarcas.csm.org.pt\/faro\/wp-content\/uploads\/sites\/14\/2024\/11\/Faro_positivo-horizontal.png\",\"contentUrl\":\"https:\/\/comarcas.csm.org.pt\/faro\/wp-content\/uploads\/sites\/14\/2024\/11\/Faro_positivo-horizontal.png\",\"width\":4304,\"height\":1186,\"caption\":\"Tribunal Judicial da Comarca de Faro\"},\"image\":{\"@id\":\"https:\/\/comarcas.csm.org.pt\/faro\/#\/schema\/logo\/image\/\"}}]}<\/script>\n<!-- \/ Yoast SEO plugin. -->","yoast_head_json":{"title":"N\u00facleo de Faro \/ Unidade de Apoio T\u00e9cnico [UATOGCF] - Tribunal Judicial da Comarca de Faro","robots":{"index":"index","follow":"follow","max-snippet":"max-snippet:-1","max-image-preview":"max-image-preview:large","max-video-preview":"max-video-preview:-1"},"canonical":"https:\/\/comarcas.csm.org.pt\/faro\/acomarca\/nucleo-de-faro-unidade-de-apoio-tecnico\/","og_locale":"pt_PT","og_type":"article","og_title":"N\u00facleo de Faro \/ Unidade de Apoio T\u00e9cnico [UATOGCF] - Tribunal Judicial da Comarca de Faro","og_description":"Unidade de Apoio T\u00e9cnico aos \u00d3rg\u00e3os de Gest\u00e3o da Comarca de Faro [UATOGCF] MoradaRua Antero de Quental, 9, 4.\u00ba Andar8000 &#8211; 210 Faro ContactosTelefone: +351 289 830 000Fax: +351 289 830 029eMail: gestao.comarca.faro@tribunais.org.pt","og_url":"https:\/\/comarcas.csm.org.pt\/faro\/acomarca\/nucleo-de-faro-unidade-de-apoio-tecnico\/","og_site_name":"Tribunal Judicial da Comarca de Faro","article_modified_time":"2025-03-27T12:30:25+00:00","og_image":[{"url":"https:\/\/comarcas.csm.org.pt\/faro\/wp-content\/uploads\/sites\/14\/2025\/03\/Nucleo-Faro-ESTAMOS-I.png","type":"","width":"","height":""}],"twitter_card":"summary_large_image","twitter_misc":{"Tempo estimado de leitura":"1 minuto"},"schema":{"@context":"https:\/\/schema.org","@graph":[{"@type":"WebPage","@id":"https:\/\/comarcas.csm.org.pt\/faro\/acomarca\/nucleo-de-faro-unidade-de-apoio-tecnico\/","url":"https:\/\/comarcas.csm.org.pt\/faro\/acomarca\/nucleo-de-faro-unidade-de-apoio-tecnico\/","name":"N\u00facleo de Faro \/ Unidade de Apoio T\u00e9cnico [UATOGCF] - Tribunal Judicial da Comarca de Faro","isPartOf":{"@id":"https:\/\/comarcas.csm.org.pt\/faro\/#website"},"primaryImageOfPage":{"@id":"https:\/\/comarcas.csm.org.pt\/faro\/acomarca\/nucleo-de-faro-unidade-de-apoio-tecnico\/#primaryimage"},"image":{"@id":"https:\/\/comarcas.csm.org.pt\/faro\/acomarca\/nucleo-de-faro-unidade-de-apoio-tecnico\/#primaryimage"},"thumbnailUrl":"https:\/\/comarcas.csm.org.pt\/faro\/wp-content\/uploads\/sites\/14\/2025\/03\/Nucleo-Faro-ESTAMOS-I.png","datePublished":"2025-03-27T12:23:17+00:00","dateModified":"2025-03-27T12:30:25+00:00","breadcrumb":{"@id":"https:\/\/comarcas.csm.org.pt\/faro\/acomarca\/nucleo-de-faro-unidade-de-apoio-tecnico\/#breadcrumb"},"inLanguage":"pt-PT","potentialAction":[{"@type":"ReadAction","target":["https:\/\/comarcas.csm.org.pt\/faro\/acomarca\/nucleo-de-faro-unidade-de-apoio-tecnico\/"]}]},{"@type":"ImageObject","inLanguage":"pt-PT","@id":"https:\/\/comarcas.csm.org.pt\/faro\/acomarca\/nucleo-de-faro-unidade-de-apoio-tecnico\/#primaryimage","url":"https:\/\/comarcas.csm.org.pt\/faro\/wp-content\/uploads\/sites\/14\/2025\/03\/Nucleo-Faro-ESTAMOS-I.png","contentUrl":"https:\/\/comarcas.csm.org.pt\/faro\/wp-content\/uploads\/sites\/14\/2025\/03\/Nucleo-Faro-ESTAMOS-I.png","width":437,"height":522},{"@type":"BreadcrumbList","@id":"https:\/\/comarcas.csm.org.pt\/faro\/acomarca\/nucleo-de-faro-unidade-de-apoio-tecnico\/#breadcrumb","itemListElement":[{"@type":"ListItem","position":1,"name":"In\u00edcio","item":"https:\/\/comarcas.csm.org.pt\/faro\/"},{"@type":"ListItem","position":2,"name":"A Comarca","item":"https:\/\/comarcas.csm.org.pt\/faro\/acomarca\/"},{"@type":"ListItem","position":3,"name":"N\u00facleo de Faro \/ Unidade de Apoio T\u00e9cnico [UATOGCF]"}]},{"@type":"WebSite","@id":"https:\/\/comarcas.csm.org.pt\/faro\/#website","url":"https:\/\/comarcas.csm.org.pt\/faro\/","name":"Tribunal Judicial da Comarca de Faro","description":"Tribunal Judicial da Comarca de Faro","publisher":{"@id":"https:\/\/comarcas.csm.org.pt\/faro\/#organization"},"potentialAction":[{"@type":"SearchAction","target":{"@type":"EntryPoint","urlTemplate":"https:\/\/comarcas.csm.org.pt\/faro\/?s={search_term_string}"},"query-input":{"@type":"PropertyValueSpecification","valueRequired":true,"valueName":"search_term_string"}}],"inLanguage":"pt-PT"},{"@type":"Organization","@id":"https:\/\/comarcas.csm.org.pt\/faro\/#organization","name":"Tribunal Judicial da Comarca de Faro","url":"https:\/\/comarcas.csm.org.pt\/faro\/","logo":{"@type":"ImageObject","inLanguage":"pt-PT","@id":"https:\/\/comarcas.csm.org.pt\/faro\/#\/schema\/logo\/image\/","url":"https:\/\/comarcas.csm.org.pt\/faro\/wp-content\/uploads\/sites\/14\/2024\/11\/Faro_positivo-horizontal.png","contentUrl":"https:\/\/comarcas.csm.org.pt\/faro\/wp-content\/uploads\/sites\/14\/2024\/11\/Faro_positivo-horizontal.png","width":4304,"height":1186,"caption":"Tribunal Judicial da Comarca de Faro"},"image":{"@id":"https:\/\/comarcas.csm.org.pt\/faro\/#\/schema\/logo\/image\/"}}]}},"_links":{"self":[{"href":"https:\/\/comarcas.csm.org.pt\/faro\/wp-json\/wp\/v2\/pages\/12119","targetHints":{"allow":["GET"]}}],"collection":[{"href":"https:\/\/comarcas.csm.org.pt\/faro\/wp-json\/wp\/v2\/pages"}],"about":[{"href":"https:\/\/comarcas.csm.org.pt\/faro\/wp-json\/wp\/v2\/types\/page"}],"author":[{"embeddable":true,"href":"https:\/\/comarcas.csm.org.pt\/faro\/wp-json\/wp\/v2\/users\/14"}],"replies":[{"embeddable":true,"href":"https:\/\/comarcas.csm.org.pt\/faro\/wp-json\/wp\/v2\/comments?post=12119"}],"version-history":[{"count":8,"href":"https:\/\/comarcas.csm.org.pt\/faro\/wp-json\/wp\/v2\/pages\/12119\/revisions"}],"predecessor-version":[{"id":12135,"href":"https:\/\/comarcas.csm.org.pt\/faro\/wp-json\/wp\/v2\/pages\/12119\/revisions\/12135"}],"up":[{"embeddable":true,"href":"https:\/\/comarcas.csm.org.pt\/faro\/wp-json\/wp\/v2\/pages\/2242"}],"wp:attachment":[{"href":"https:\/\/comarcas.csm.org.pt\/faro\/wp-json\/wp\/v2\/media?parent=12119"}],"curies":[{"name":"wp","href":"https:\/\/api.w.org\/{rel}","templated":true}]}}