{"id":12175,"date":"2025-03-28T05:55:30","date_gmt":"2025-03-28T05:55:30","guid":{"rendered":"https:\/\/comarcas.csm.org.pt\/faro\/?page_id=12175"},"modified":"2025-04-08T11:29:44","modified_gmt":"2025-04-08T11:29:44","slug":"nucleo-de-loule-juizos","status":"publish","type":"page","link":"https:\/\/comarcas.csm.org.pt\/faro\/acomarca\/nucleo-de-loule-juizos\/","title":{"rendered":"N\u00facleo de Loul\u00e9 \/ Ju\u00edzos"},"content":{"rendered":"\t\t<div data-elementor-type=\"wp-page\" data-elementor-id=\"12175\" class=\"elementor elementor-12175\" data-elementor-post-type=\"page\">\n\t\t\t\t<div class=\"elementor-element elementor-element-d0d4e72 e-flex e-con-boxed e-con e-parent\" data-id=\"d0d4e72\" data-element_type=\"container\">\n\t\t\t\t\t<div class=\"e-con-inner\">\n\t\t<div class=\"elementor-element elementor-element-293052f e-con-full e-flex e-con e-child\" data-id=\"293052f\" data-element_type=\"container\">\n\t\t\t\t<div class=\"elementor-element elementor-element-7a19af0 elementor-widget elementor-widget-heading\" data-id=\"7a19af0\" data-element_type=\"widget\" data-widget_type=\"heading.default\">\n\t\t\t\t<div class=\"elementor-widget-container\">\n\t\t\t\t\t<h2 class=\"elementor-heading-title elementor-size-default\">Unidade Central de Loul\u00e9 [UCL]<\/h2>\t\t\t\t<\/div>\n\t\t\t\t<\/div>\n\t\t\t\t<div class=\"elementor-element elementor-element-4488482 elementor-widget-divider--view-line elementor-widget elementor-widget-divider\" data-id=\"4488482\" data-element_type=\"widget\" data-widget_type=\"divider.default\">\n\t\t\t\t<div class=\"elementor-widget-container\">\n\t\t\t\t\t\t\t<div class=\"elementor-divider\">\n\t\t\t<span class=\"elementor-divider-separator\">\n\t\t\t\t\t\t<\/span>\n\t\t<\/div>\n\t\t\t\t\t\t<\/div>\n\t\t\t\t<\/div>\n\t\t\t\t<div class=\"elementor-element elementor-element-9710175 elementor-widget elementor-widget-text-editor\" data-id=\"9710175\" data-element_type=\"widget\" data-widget_type=\"text-editor.default\">\n\t\t\t\t<div class=\"elementor-widget-container\">\n\t\t\t\t\t\t\t\t\t<h6><strong>Morada<\/strong><br \/>Pal\u00e1cio da Justi\u00e7a<br \/>Rua Dra. Laura Ayres, 2.\u00ba Andar<br \/>8100 &#8211; 851 Loul\u00e9<\/h6><div><strong>Contactos<\/strong><\/div><div><p>Telefone: +351 289 401 400<br \/>Fax: +351 289 401 439<br \/>eMail: <a href=\"mailto:loule.judicial@tribunais.org.pt\">loule.judicial@tribunais.org.pt<\/a><\/p><\/div>\t\t\t\t\t\t\t\t<\/div>\n\t\t\t\t<\/div>\n\t\t\t\t<\/div>\n\t\t<div class=\"elementor-element elementor-element-e535e26 e-con-full e-flex e-con e-child\" data-id=\"e535e26\" data-element_type=\"container\">\n\t\t\t\t<div class=\"elementor-element elementor-element-0d394ef elementor-widget elementor-widget-text-editor\" data-id=\"0d394ef\" data-element_type=\"widget\" data-widget_type=\"text-editor.default\">\n\t\t\t\t<div class=\"elementor-widget-container\">\n\t\t\t\t\t\t\t\t\t<h6><strong>Compet\u00eancia Territorial<\/strong>:<\/h6><p>Munic\u00edpios de Albufeira, Alcoutim, Aljezur, Castro Marim, Faro, Lagoa, Lagos, <strong>Loul\u00e9<\/strong>, Monchique, Olh\u00e3o, Portim\u00e3o, S\u00e3o Br\u00e1s de Alportel, Silves, Tavira, Vila do Bispo e Vila Real de Santo Ant\u00f3nio.<\/p>\t\t\t\t\t\t\t\t<\/div>\n\t\t\t\t<\/div>\n\t\t\t\t<div class=\"elementor-element elementor-element-6558342 elementor-widget elementor-widget-image\" data-id=\"6558342\" data-element_type=\"widget\" data-widget_type=\"image.default\">\n\t\t\t\t<div class=\"elementor-widget-container\">\n\t\t\t\t\t\t\t\t\t\t\t\t\t\t\t<img fetchpriority=\"high\" decoding=\"async\" width=\"518\" height=\"355\" src=\"https:\/\/comarcas.csm.org.pt\/faro\/wp-content\/uploads\/sites\/14\/2025\/03\/Loule-AA3.png\" class=\"attachment-large size-large wp-image-12180\" alt=\"\" srcset=\"https:\/\/comarcas.csm.org.pt\/faro\/wp-content\/uploads\/sites\/14\/2025\/03\/Loule-AA3.png 518w, https:\/\/comarcas.csm.org.pt\/faro\/wp-content\/uploads\/sites\/14\/2025\/03\/Loule-AA3-300x206.png 300w\" sizes=\"(max-width: 518px) 100vw, 518px\" \/>\t\t\t\t\t\t\t\t\t\t\t\t\t\t\t<\/div>\n\t\t\t\t<\/div>\n\t\t\t\t<\/div>\n\t\t\t\t\t<\/div>\n\t\t\t\t<\/div>\n\t\t<div class=\"elementor-element elementor-element-9986f8f e-flex e-con-boxed e-con e-parent\" data-id=\"9986f8f\" data-element_type=\"container\">\n\t\t\t\t\t<div class=\"e-con-inner\">\n\t\t\t\t<div class=\"elementor-element elementor-element-b93ba2d elementor-widget elementor-widget-google_maps\" data-id=\"b93ba2d\" data-element_type=\"widget\" data-widget_type=\"google_maps.default\">\n\t\t\t\t<div class=\"elementor-widget-container\">\n\t\t\t\t\t\t\t<div class=\"elementor-custom-embed\">\n\t\t\t<iframe loading=\"lazy\"\n\t\t\t\t\tsrc=\"https:\/\/www.google.com\/maps\/embed\/v1\/place?key=AIzaSyDhSoLeftGxfg7Tvco7SEUCY-Cc_XLDY3c&#038;q=Pal%C3%A1cio%20da%20Justi%C3%A7a%2C%20Rua%20Dra.%20Laura%20Ayres%2C%20Loul%C3%A9%2C%20Portugal&#038;zoom=10\"\n\t\t\t\t\ttitle=\"Pal\u00e1cio da Justi\u00e7a, Rua Dra. Laura Ayres, Loul\u00e9, Portugal\"\n\t\t\t\t\taria-label=\"Pal\u00e1cio da Justi\u00e7a, Rua Dra. Laura Ayres, Loul\u00e9, Portugal\"\n\t\t\t><\/iframe>\n\t\t<\/div>\n\t\t\t\t\t\t<\/div>\n\t\t\t\t<\/div>\n\t\t\t\t\t<\/div>\n\t\t\t\t<\/div>\n\t\t<div class=\"elementor-element elementor-element-b409bb2 e-flex e-con-boxed e-con e-parent\" data-id=\"b409bb2\" data-element_type=\"container\">\n\t\t\t\t\t<div class=\"e-con-inner\">\n\t\t<div class=\"elementor-element elementor-element-35a969a e-con-full e-flex e-con e-child\" data-id=\"35a969a\" data-element_type=\"container\">\n\t\t\t\t<div class=\"elementor-element elementor-element-74a47be elementor-widget elementor-widget-heading\" data-id=\"74a47be\" data-element_type=\"widget\" data-widget_type=\"heading.default\">\n\t\t\t\t<div class=\"elementor-widget-container\">\n\t\t\t\t\t<h2 class=\"elementor-heading-title elementor-size-default\">Ju\u00edzo de Execu\u00e7\u00e3o de Loul\u00e9 (JCE)<\/h2>\t\t\t\t<\/div>\n\t\t\t\t<\/div>\n\t\t\t\t<div class=\"elementor-element elementor-element-f7f21d6 elementor-widget-divider--view-line elementor-widget elementor-widget-divider\" data-id=\"f7f21d6\" data-element_type=\"widget\" data-widget_type=\"divider.default\">\n\t\t\t\t<div class=\"elementor-widget-container\">\n\t\t\t\t\t\t\t<div class=\"elementor-divider\">\n\t\t\t<span class=\"elementor-divider-separator\">\n\t\t\t\t\t\t<\/span>\n\t\t<\/div>\n\t\t\t\t\t\t<\/div>\n\t\t\t\t<\/div>\n\t\t\t\t<div class=\"elementor-element elementor-element-82abc9a elementor-widget elementor-widget-text-editor\" data-id=\"82abc9a\" data-element_type=\"widget\" data-widget_type=\"text-editor.default\">\n\t\t\t\t<div class=\"elementor-widget-container\">\n\t\t\t\t\t\t\t\t\t<h6><strong>Morada<\/strong><br \/>Pal\u00e1cio da Justi\u00e7a<br \/>Rua Dra. Laura Ayres, 1. \u00ba Andar<br \/>8100 &#8211; 851 Loul\u00e9<\/h6><div><strong>Contactos<\/strong><\/div><div><p>Telefone: +351 289 401 400<br \/>Fax: +351 289 401 439<br \/>eMail: <a href=\"mailto:loule.execucao@tribunais.org.pt\">loule.execucao@tribunais.org.pt<\/a><\/p><\/div>\t\t\t\t\t\t\t\t<\/div>\n\t\t\t\t<\/div>\n\t\t\t\t<\/div>\n\t\t<div class=\"elementor-element elementor-element-21ade05 e-con-full e-flex e-con e-child\" data-id=\"21ade05\" data-element_type=\"container\">\n\t\t\t\t<div class=\"elementor-element elementor-element-6004f77 elementor-widget elementor-widget-text-editor\" data-id=\"6004f77\" data-element_type=\"widget\" data-widget_type=\"text-editor.default\">\n\t\t\t\t<div class=\"elementor-widget-container\">\n\t\t\t\t\t\t\t\t\t<h6><strong>Compet\u00eancia Territorial<\/strong>:<\/h6><p>Munic\u00edpios de Alcoutim, Castro Marim, Faro, Loul\u00e9, Olh\u00e3o, S\u00e3o Br\u00e1s de Alportel, Tavira e Vila Real de Santo Ant\u00f3nio.<\/p><div id=\"simple-translate\" class=\"simple-translate-system-theme\"><div><div class=\"simple-translate-button isShow\" style=\"height: 22px;width: 22px;top: 94px;left: 18px\">\u00a0<\/div><div class=\"simple-translate-panel \" style=\"width: 300px;height: 200px;top: 0px;left: 0px;font-size: 13px\"><div class=\"simple-translate-result-wrapper\" style=\"overflow: hidden\"><div class=\"simple-translate-move\">\u00a0<\/div><div class=\"simple-translate-result-contents\"><p class=\"simple-translate-result\" dir=\"auto\">\u00a0<\/p><p class=\"simple-translate-candidate\" dir=\"auto\">\u00a0<\/p><\/div><\/div><\/div><\/div><\/div>\t\t\t\t\t\t\t\t<\/div>\n\t\t\t\t<\/div>\n\t\t\t\t<\/div>\n\t\t\t\t\t<\/div>\n\t\t\t\t<\/div>\n\t\t<div class=\"elementor-element elementor-element-69cda77 e-flex e-con-boxed e-con e-parent\" data-id=\"69cda77\" data-element_type=\"container\">\n\t\t\t\t\t<div class=\"e-con-inner\">\n\t\t<div class=\"elementor-element elementor-element-419d9d4 e-con-full e-flex e-con e-child\" data-id=\"419d9d4\" data-element_type=\"container\">\n\t\t\t\t<div class=\"elementor-element elementor-element-b7f7133 elementor-widget elementor-widget-heading\" data-id=\"b7f7133\" data-element_type=\"widget\" data-widget_type=\"heading.default\">\n\t\t\t\t<div class=\"elementor-widget-container\">\n\t\t\t\t\t<h2 class=\"elementor-heading-title elementor-size-default\">Ju\u00edzo Local C\u00edvel de Loul\u00e9 (JLCiv)<\/h2>\t\t\t\t<\/div>\n\t\t\t\t<\/div>\n\t\t\t\t<div class=\"elementor-element elementor-element-823fb8e elementor-widget-divider--view-line elementor-widget elementor-widget-divider\" data-id=\"823fb8e\" data-element_type=\"widget\" data-widget_type=\"divider.default\">\n\t\t\t\t<div class=\"elementor-widget-container\">\n\t\t\t\t\t\t\t<div class=\"elementor-divider\">\n\t\t\t<span class=\"elementor-divider-separator\">\n\t\t\t\t\t\t<\/span>\n\t\t<\/div>\n\t\t\t\t\t\t<\/div>\n\t\t\t\t<\/div>\n\t\t\t\t<div class=\"elementor-element elementor-element-0f75f27 elementor-widget elementor-widget-text-editor\" data-id=\"0f75f27\" data-element_type=\"widget\" data-widget_type=\"text-editor.default\">\n\t\t\t\t<div class=\"elementor-widget-container\">\n\t\t\t\t\t\t\t\t\t<h6><strong>Morada<\/strong><br \/>Pal\u00e1cio da Justi\u00e7a<br \/>Rua Dra. Laura Ayres, 1.\u00ba Andar<br \/>8100 &#8211; 851 Loul\u00e9<\/h6><div><strong>Contactos<\/strong><\/div><div><p>Telefone: +351 289 401 400<br \/>Fax: +351 289 401 439<br \/>eMail: <a href=\"mailto:loule.judicial@tribunais.org.pt\">loule.judicial@tribunais.org.pt<\/a><\/p><\/div>\t\t\t\t\t\t\t\t<\/div>\n\t\t\t\t<\/div>\n\t\t\t\t<\/div>\n\t\t<div class=\"elementor-element elementor-element-a1b3f25 e-con-full e-flex e-con e-child\" data-id=\"a1b3f25\" data-element_type=\"container\">\n\t\t\t\t<div class=\"elementor-element elementor-element-43200dd elementor-widget elementor-widget-text-editor\" data-id=\"43200dd\" data-element_type=\"widget\" data-widget_type=\"text-editor.default\">\n\t\t\t\t<div class=\"elementor-widget-container\">\n\t\t\t\t\t\t\t\t\t<h6><strong>Compet\u00eancia Territorial<\/strong>:<\/h6><p>Munic\u00edpio de Loul\u00e9.<\/p><div id=\"simple-translate\" class=\"simple-translate-system-theme\"><div><div class=\"simple-translate-button isShow\" style=\"height: 22px;width: 22px;top: 94px;left: 137px\">\u00a0<\/div><div class=\"simple-translate-panel \" style=\"width: 300px;height: 200px;top: 0px;left: 0px;font-size: 13px\"><div class=\"simple-translate-result-wrapper\" style=\"overflow: hidden\"><div class=\"simple-translate-move\">\u00a0<\/div><div class=\"simple-translate-result-contents\"><p class=\"simple-translate-result\" dir=\"auto\">\u00a0<\/p><p class=\"simple-translate-candidate\" dir=\"auto\">\u00a0<\/p><\/div><\/div><\/div><\/div><\/div>\t\t\t\t\t\t\t\t<\/div>\n\t\t\t\t<\/div>\n\t\t\t\t<\/div>\n\t\t\t\t\t<\/div>\n\t\t\t\t<\/div>\n\t\t<div class=\"elementor-element elementor-element-53108e7 e-flex e-con-boxed e-con e-parent\" data-id=\"53108e7\" data-element_type=\"container\">\n\t\t\t\t\t<div class=\"e-con-inner\">\n\t\t<div class=\"elementor-element elementor-element-37b4d79 e-con-full e-flex e-con e-child\" data-id=\"37b4d79\" data-element_type=\"container\">\n\t\t\t\t<div class=\"elementor-element elementor-element-52a83a6 elementor-widget elementor-widget-heading\" data-id=\"52a83a6\" data-element_type=\"widget\" data-widget_type=\"heading.default\">\n\t\t\t\t<div class=\"elementor-widget-container\">\n\t\t\t\t\t<h2 class=\"elementor-heading-title elementor-size-default\">Ju\u00edzo Local Criminal de Loul\u00e9 (JLCri)<\/h2>\t\t\t\t<\/div>\n\t\t\t\t<\/div>\n\t\t\t\t<div class=\"elementor-element elementor-element-997b43f elementor-widget-divider--view-line elementor-widget elementor-widget-divider\" data-id=\"997b43f\" data-element_type=\"widget\" data-widget_type=\"divider.default\">\n\t\t\t\t<div class=\"elementor-widget-container\">\n\t\t\t\t\t\t\t<div class=\"elementor-divider\">\n\t\t\t<span class=\"elementor-divider-separator\">\n\t\t\t\t\t\t<\/span>\n\t\t<\/div>\n\t\t\t\t\t\t<\/div>\n\t\t\t\t<\/div>\n\t\t\t\t<div class=\"elementor-element elementor-element-5dbc89d elementor-widget elementor-widget-text-editor\" data-id=\"5dbc89d\" data-element_type=\"widget\" data-widget_type=\"text-editor.default\">\n\t\t\t\t<div class=\"elementor-widget-container\">\n\t\t\t\t\t\t\t\t\t<h6><strong>Morada<\/strong><br \/>Pal\u00e1cio da Justi\u00e7a<br \/>Rua Dra. Laura Ayres, 1.\u00ba Andar<br \/>8100 &#8211; 851 Loul\u00e9<\/h6><div><strong>Contactos<\/strong><\/div><div><p>Telefone: +351 289 401 400<br \/>Fax: +351 289 401 439<br \/>eMail: <a href=\"mailto:loule.judicial@tribunais.org.pt\">loule.judicial@tribunais.org.pt<\/a><\/p><\/div>\t\t\t\t\t\t\t\t<\/div>\n\t\t\t\t<\/div>\n\t\t\t\t<\/div>\n\t\t<div class=\"elementor-element elementor-element-f55478e e-con-full e-flex e-con e-child\" data-id=\"f55478e\" data-element_type=\"container\">\n\t\t\t\t<div class=\"elementor-element elementor-element-b82548a elementor-widget elementor-widget-text-editor\" data-id=\"b82548a\" data-element_type=\"widget\" data-widget_type=\"text-editor.default\">\n\t\t\t\t<div class=\"elementor-widget-container\">\n\t\t\t\t\t\t\t\t\t<h6><strong>Compet\u00eancia Territorial<\/strong>:<\/h6><p>Munic\u00edpio de Loul\u00e9.<\/p><div id=\"simple-translate\" class=\"simple-translate-system-theme\"><div><div class=\"simple-translate-button isShow\" style=\"height: 22px;width: 22px;top: 86px;left: 140px\">\u00a0<\/div><div class=\"simple-translate-panel \" style=\"width: 300px;height: 200px;top: 0px;left: 0px;font-size: 13px\"><div class=\"simple-translate-result-wrapper\" style=\"overflow: hidden\"><div class=\"simple-translate-move\">\u00a0<\/div><div class=\"simple-translate-result-contents\"><p class=\"simple-translate-candidate\" dir=\"auto\">\u00a0<\/p><\/div><\/div><\/div><\/div><\/div>\t\t\t\t\t\t\t\t<\/div>\n\t\t\t\t<\/div>\n\t\t\t\t<\/div>\n\t\t\t\t\t<\/div>\n\t\t\t\t<\/div>\n\t\t\t\t<\/div>\n\t\t","protected":false},"excerpt":{"rendered":"<p>Unidade Central de Loul\u00e9 [UCL] MoradaPal\u00e1cio da Justi\u00e7aRua Dra. Laura Ayres, 2.\u00ba Andar8100 &#8211; 851 Loul\u00e9 Contactos Telefone: +351 289 401 400Fax: +351 289 401 439eMail: loule.judicial@tribunais.org.pt Compet\u00eancia Territorial: Munic\u00edpios de Albufeira, Alcoutim, Aljezur, Castro Marim, Faro, Lagoa, Lagos, Loul\u00e9, Monchique, Olh\u00e3o, Portim\u00e3o, S\u00e3o Br\u00e1s de Alportel, Silves, Tavira, Vila do Bispo e Vila Real&#8230;<\/p>\n","protected":false},"author":14,"featured_media":0,"parent":2242,"menu_order":0,"comment_status":"closed","ping_status":"closed","template":"","meta":{"_tbt_post_transparent":"","_tbt_post_title":"","_tbt_post_layout":"default","_tbt_post_sidebar_id":"","_tbt_post_content_style":"","_tbt_post_vertical_padding":"","_tbt_post_feature":"","_tbt_post_feature_position":"","_tbt_post_header":false,"_tbt_post_footer":false},"class_list":["post-12175","page","type-page","status-publish","hentry"],"yoast_head":"<!-- This site is optimized with the Yoast SEO plugin v25.6 - https:\/\/yoast.com\/wordpress\/plugins\/seo\/ -->\n<title>N\u00facleo de Loul\u00e9 \/ Ju\u00edzos - Tribunal Judicial da Comarca de Faro<\/title>\n<meta name=\"robots\" content=\"index, follow, max-snippet:-1, max-image-preview:large, max-video-preview:-1\" \/>\n<link rel=\"canonical\" href=\"https:\/\/comarcas.csm.org.pt\/faro\/acomarca\/nucleo-de-loule-juizos\/\" \/>\n<meta property=\"og:locale\" content=\"pt_PT\" \/>\n<meta property=\"og:type\" content=\"article\" \/>\n<meta property=\"og:title\" content=\"N\u00facleo de Loul\u00e9 \/ Ju\u00edzos - Tribunal Judicial da Comarca de Faro\" \/>\n<meta property=\"og:description\" content=\"Unidade Central de Loul\u00e9 [UCL] MoradaPal\u00e1cio da Justi\u00e7aRua Dra. Laura Ayres, 2.\u00ba Andar8100 &#8211; 851 Loul\u00e9 Contactos Telefone: +351 289 401 400Fax: +351 289 401 439eMail: loule.judicial@tribunais.org.pt Compet\u00eancia Territorial: Munic\u00edpios de Albufeira, Alcoutim, Aljezur, Castro Marim, Faro, Lagoa, Lagos, Loul\u00e9, Monchique, Olh\u00e3o, Portim\u00e3o, S\u00e3o Br\u00e1s de Alportel, Silves, Tavira, Vila do Bispo e Vila Real...\" \/>\n<meta property=\"og:url\" content=\"https:\/\/comarcas.csm.org.pt\/faro\/acomarca\/nucleo-de-loule-juizos\/\" \/>\n<meta property=\"og:site_name\" content=\"Tribunal Judicial da Comarca de Faro\" \/>\n<meta property=\"article:modified_time\" content=\"2025-04-08T11:29:44+00:00\" \/>\n<meta property=\"og:image\" content=\"https:\/\/comarcas.csm.org.pt\/faro\/wp-content\/uploads\/sites\/14\/2025\/03\/Loule-AA3.png\" \/>\n\t<meta property=\"og:image:width\" content=\"518\" \/>\n\t<meta property=\"og:image:height\" content=\"355\" \/>\n\t<meta property=\"og:image:type\" content=\"image\/png\" \/>\n<meta name=\"twitter:card\" content=\"summary_large_image\" \/>\n<meta name=\"twitter:label1\" content=\"Tempo estimado de leitura\" \/>\n\t<meta name=\"twitter:data1\" content=\"2 minutos\" \/>\n<script type=\"application\/ld+json\" class=\"yoast-schema-graph\">{\"@context\":\"https:\/\/schema.org\",\"@graph\":[{\"@type\":\"WebPage\",\"@id\":\"https:\/\/comarcas.csm.org.pt\/faro\/acomarca\/nucleo-de-loule-juizos\/\",\"url\":\"https:\/\/comarcas.csm.org.pt\/faro\/acomarca\/nucleo-de-loule-juizos\/\",\"name\":\"N\u00facleo de Loul\u00e9 \/ Ju\u00edzos - Tribunal Judicial da Comarca de Faro\",\"isPartOf\":{\"@id\":\"https:\/\/comarcas.csm.org.pt\/faro\/#website\"},\"primaryImageOfPage\":{\"@id\":\"https:\/\/comarcas.csm.org.pt\/faro\/acomarca\/nucleo-de-loule-juizos\/#primaryimage\"},\"image\":{\"@id\":\"https:\/\/comarcas.csm.org.pt\/faro\/acomarca\/nucleo-de-loule-juizos\/#primaryimage\"},\"thumbnailUrl\":\"https:\/\/comarcas.csm.org.pt\/faro\/wp-content\/uploads\/sites\/14\/2025\/03\/Loule-AA3.png\",\"datePublished\":\"2025-03-28T05:55:30+00:00\",\"dateModified\":\"2025-04-08T11:29:44+00:00\",\"breadcrumb\":{\"@id\":\"https:\/\/comarcas.csm.org.pt\/faro\/acomarca\/nucleo-de-loule-juizos\/#breadcrumb\"},\"inLanguage\":\"pt-PT\",\"potentialAction\":[{\"@type\":\"ReadAction\",\"target\":[\"https:\/\/comarcas.csm.org.pt\/faro\/acomarca\/nucleo-de-loule-juizos\/\"]}]},{\"@type\":\"ImageObject\",\"inLanguage\":\"pt-PT\",\"@id\":\"https:\/\/comarcas.csm.org.pt\/faro\/acomarca\/nucleo-de-loule-juizos\/#primaryimage\",\"url\":\"https:\/\/comarcas.csm.org.pt\/faro\/wp-content\/uploads\/sites\/14\/2025\/03\/Loule-AA3.png\",\"contentUrl\":\"https:\/\/comarcas.csm.org.pt\/faro\/wp-content\/uploads\/sites\/14\/2025\/03\/Loule-AA3.png\",\"width\":518,\"height\":355},{\"@type\":\"BreadcrumbList\",\"@id\":\"https:\/\/comarcas.csm.org.pt\/faro\/acomarca\/nucleo-de-loule-juizos\/#breadcrumb\",\"itemListElement\":[{\"@type\":\"ListItem\",\"position\":1,\"name\":\"In\u00edcio\",\"item\":\"https:\/\/comarcas.csm.org.pt\/faro\/\"},{\"@type\":\"ListItem\",\"position\":2,\"name\":\"A Comarca\",\"item\":\"https:\/\/comarcas.csm.org.pt\/faro\/acomarca\/\"},{\"@type\":\"ListItem\",\"position\":3,\"name\":\"N\u00facleo de Loul\u00e9 \/ Ju\u00edzos\"}]},{\"@type\":\"WebSite\",\"@id\":\"https:\/\/comarcas.csm.org.pt\/faro\/#website\",\"url\":\"https:\/\/comarcas.csm.org.pt\/faro\/\",\"name\":\"Tribunal Judicial da Comarca de Faro\",\"description\":\"Tribunal Judicial da Comarca de Faro\",\"publisher\":{\"@id\":\"https:\/\/comarcas.csm.org.pt\/faro\/#organization\"},\"potentialAction\":[{\"@type\":\"SearchAction\",\"target\":{\"@type\":\"EntryPoint\",\"urlTemplate\":\"https:\/\/comarcas.csm.org.pt\/faro\/?s={search_term_string}\"},\"query-input\":{\"@type\":\"PropertyValueSpecification\",\"valueRequired\":true,\"valueName\":\"search_term_string\"}}],\"inLanguage\":\"pt-PT\"},{\"@type\":\"Organization\",\"@id\":\"https:\/\/comarcas.csm.org.pt\/faro\/#organization\",\"name\":\"Tribunal Judicial da Comarca de Faro\",\"url\":\"https:\/\/comarcas.csm.org.pt\/faro\/\",\"logo\":{\"@type\":\"ImageObject\",\"inLanguage\":\"pt-PT\",\"@id\":\"https:\/\/comarcas.csm.org.pt\/faro\/#\/schema\/logo\/image\/\",\"url\":\"https:\/\/comarcas.csm.org.pt\/faro\/wp-content\/uploads\/sites\/14\/2024\/11\/Faro_positivo-horizontal.png\",\"contentUrl\":\"https:\/\/comarcas.csm.org.pt\/faro\/wp-content\/uploads\/sites\/14\/2024\/11\/Faro_positivo-horizontal.png\",\"width\":4304,\"height\":1186,\"caption\":\"Tribunal Judicial da Comarca de Faro\"},\"image\":{\"@id\":\"https:\/\/comarcas.csm.org.pt\/faro\/#\/schema\/logo\/image\/\"}}]}<\/script>\n<!-- \/ Yoast SEO plugin. -->","yoast_head_json":{"title":"N\u00facleo de Loul\u00e9 \/ Ju\u00edzos - Tribunal Judicial da Comarca de Faro","robots":{"index":"index","follow":"follow","max-snippet":"max-snippet:-1","max-image-preview":"max-image-preview:large","max-video-preview":"max-video-preview:-1"},"canonical":"https:\/\/comarcas.csm.org.pt\/faro\/acomarca\/nucleo-de-loule-juizos\/","og_locale":"pt_PT","og_type":"article","og_title":"N\u00facleo de Loul\u00e9 \/ Ju\u00edzos - Tribunal Judicial da Comarca de Faro","og_description":"Unidade Central de Loul\u00e9 [UCL] MoradaPal\u00e1cio da Justi\u00e7aRua Dra. Laura Ayres, 2.\u00ba Andar8100 &#8211; 851 Loul\u00e9 Contactos Telefone: +351 289 401 400Fax: +351 289 401 439eMail: loule.judicial@tribunais.org.pt Compet\u00eancia Territorial: Munic\u00edpios de Albufeira, Alcoutim, Aljezur, Castro Marim, Faro, Lagoa, Lagos, Loul\u00e9, Monchique, Olh\u00e3o, Portim\u00e3o, S\u00e3o Br\u00e1s de Alportel, Silves, Tavira, Vila do Bispo e Vila Real...","og_url":"https:\/\/comarcas.csm.org.pt\/faro\/acomarca\/nucleo-de-loule-juizos\/","og_site_name":"Tribunal Judicial da Comarca de Faro","article_modified_time":"2025-04-08T11:29:44+00:00","og_image":[{"width":518,"height":355,"url":"https:\/\/comarcas.csm.org.pt\/faro\/wp-content\/uploads\/sites\/14\/2025\/03\/Loule-AA3.png","type":"image\/png"}],"twitter_card":"summary_large_image","twitter_misc":{"Tempo estimado de leitura":"2 minutos"},"schema":{"@context":"https:\/\/schema.org","@graph":[{"@type":"WebPage","@id":"https:\/\/comarcas.csm.org.pt\/faro\/acomarca\/nucleo-de-loule-juizos\/","url":"https:\/\/comarcas.csm.org.pt\/faro\/acomarca\/nucleo-de-loule-juizos\/","name":"N\u00facleo de Loul\u00e9 \/ Ju\u00edzos - Tribunal Judicial da Comarca de Faro","isPartOf":{"@id":"https:\/\/comarcas.csm.org.pt\/faro\/#website"},"primaryImageOfPage":{"@id":"https:\/\/comarcas.csm.org.pt\/faro\/acomarca\/nucleo-de-loule-juizos\/#primaryimage"},"image":{"@id":"https:\/\/comarcas.csm.org.pt\/faro\/acomarca\/nucleo-de-loule-juizos\/#primaryimage"},"thumbnailUrl":"https:\/\/comarcas.csm.org.pt\/faro\/wp-content\/uploads\/sites\/14\/2025\/03\/Loule-AA3.png","datePublished":"2025-03-28T05:55:30+00:00","dateModified":"2025-04-08T11:29:44+00:00","breadcrumb":{"@id":"https:\/\/comarcas.csm.org.pt\/faro\/acomarca\/nucleo-de-loule-juizos\/#breadcrumb"},"inLanguage":"pt-PT","potentialAction":[{"@type":"ReadAction","target":["https:\/\/comarcas.csm.org.pt\/faro\/acomarca\/nucleo-de-loule-juizos\/"]}]},{"@type":"ImageObject","inLanguage":"pt-PT","@id":"https:\/\/comarcas.csm.org.pt\/faro\/acomarca\/nucleo-de-loule-juizos\/#primaryimage","url":"https:\/\/comarcas.csm.org.pt\/faro\/wp-content\/uploads\/sites\/14\/2025\/03\/Loule-AA3.png","contentUrl":"https:\/\/comarcas.csm.org.pt\/faro\/wp-content\/uploads\/sites\/14\/2025\/03\/Loule-AA3.png","width":518,"height":355},{"@type":"BreadcrumbList","@id":"https:\/\/comarcas.csm.org.pt\/faro\/acomarca\/nucleo-de-loule-juizos\/#breadcrumb","itemListElement":[{"@type":"ListItem","position":1,"name":"In\u00edcio","item":"https:\/\/comarcas.csm.org.pt\/faro\/"},{"@type":"ListItem","position":2,"name":"A Comarca","item":"https:\/\/comarcas.csm.org.pt\/faro\/acomarca\/"},{"@type":"ListItem","position":3,"name":"N\u00facleo de Loul\u00e9 \/ Ju\u00edzos"}]},{"@type":"WebSite","@id":"https:\/\/comarcas.csm.org.pt\/faro\/#website","url":"https:\/\/comarcas.csm.org.pt\/faro\/","name":"Tribunal Judicial da Comarca de Faro","description":"Tribunal Judicial da Comarca de Faro","publisher":{"@id":"https:\/\/comarcas.csm.org.pt\/faro\/#organization"},"potentialAction":[{"@type":"SearchAction","target":{"@type":"EntryPoint","urlTemplate":"https:\/\/comarcas.csm.org.pt\/faro\/?s={search_term_string}"},"query-input":{"@type":"PropertyValueSpecification","valueRequired":true,"valueName":"search_term_string"}}],"inLanguage":"pt-PT"},{"@type":"Organization","@id":"https:\/\/comarcas.csm.org.pt\/faro\/#organization","name":"Tribunal Judicial da Comarca de Faro","url":"https:\/\/comarcas.csm.org.pt\/faro\/","logo":{"@type":"ImageObject","inLanguage":"pt-PT","@id":"https:\/\/comarcas.csm.org.pt\/faro\/#\/schema\/logo\/image\/","url":"https:\/\/comarcas.csm.org.pt\/faro\/wp-content\/uploads\/sites\/14\/2024\/11\/Faro_positivo-horizontal.png","contentUrl":"https:\/\/comarcas.csm.org.pt\/faro\/wp-content\/uploads\/sites\/14\/2024\/11\/Faro_positivo-horizontal.png","width":4304,"height":1186,"caption":"Tribunal Judicial da Comarca de Faro"},"image":{"@id":"https:\/\/comarcas.csm.org.pt\/faro\/#\/schema\/logo\/image\/"}}]}},"_links":{"self":[{"href":"https:\/\/comarcas.csm.org.pt\/faro\/wp-json\/wp\/v2\/pages\/12175","targetHints":{"allow":["GET"]}}],"collection":[{"href":"https:\/\/comarcas.csm.org.pt\/faro\/wp-json\/wp\/v2\/pages"}],"about":[{"href":"https:\/\/comarcas.csm.org.pt\/faro\/wp-json\/wp\/v2\/types\/page"}],"author":[{"embeddable":true,"href":"https:\/\/comarcas.csm.org.pt\/faro\/wp-json\/wp\/v2\/users\/14"}],"replies":[{"embeddable":true,"href":"https:\/\/comarcas.csm.org.pt\/faro\/wp-json\/wp\/v2\/comments?post=12175"}],"version-history":[{"count":16,"href":"https:\/\/comarcas.csm.org.pt\/faro\/wp-json\/wp\/v2\/pages\/12175\/revisions"}],"predecessor-version":[{"id":12901,"href":"https:\/\/comarcas.csm.org.pt\/faro\/wp-json\/wp\/v2\/pages\/12175\/revisions\/12901"}],"up":[{"embeddable":true,"href":"https:\/\/comarcas.csm.org.pt\/faro\/wp-json\/wp\/v2\/pages\/2242"}],"wp:attachment":[{"href":"https:\/\/comarcas.csm.org.pt\/faro\/wp-json\/wp\/v2\/media?parent=12175"}],"curies":[{"name":"wp","href":"https:\/\/api.w.org\/{rel}","templated":true}]}}