{"id":12239,"date":"2025-03-28T07:05:30","date_gmt":"2025-03-28T07:05:30","guid":{"rendered":"https:\/\/comarcas.csm.org.pt\/faro\/?page_id=12239"},"modified":"2025-03-28T07:13:39","modified_gmt":"2025-03-28T07:13:39","slug":"nucleo-de-silves-juizos","status":"publish","type":"page","link":"https:\/\/comarcas.csm.org.pt\/faro\/acomarca\/nucleo-de-silves-juizos\/","title":{"rendered":"N\u00facleo de Silves \/ Ju\u00edzos"},"content":{"rendered":"\t\t<div data-elementor-type=\"wp-page\" data-elementor-id=\"12239\" class=\"elementor elementor-12239\" data-elementor-post-type=\"page\">\n\t\t\t\t<div class=\"elementor-element elementor-element-d0d4e72 e-flex e-con-boxed e-con e-parent\" data-id=\"d0d4e72\" data-element_type=\"container\">\n\t\t\t\t\t<div class=\"e-con-inner\">\n\t\t<div class=\"elementor-element elementor-element-293052f e-con-full e-flex e-con e-child\" data-id=\"293052f\" data-element_type=\"container\">\n\t\t\t\t<div class=\"elementor-element elementor-element-7a19af0 elementor-widget elementor-widget-heading\" data-id=\"7a19af0\" data-element_type=\"widget\" data-widget_type=\"heading.default\">\n\t\t\t\t<div class=\"elementor-widget-container\">\n\t\t\t\t\t<h2 class=\"elementor-heading-title elementor-size-default\">Unidade Central de Silves [UCS]<\/h2>\t\t\t\t<\/div>\n\t\t\t\t<\/div>\n\t\t\t\t<div class=\"elementor-element elementor-element-4488482 elementor-widget-divider--view-line elementor-widget elementor-widget-divider\" data-id=\"4488482\" data-element_type=\"widget\" data-widget_type=\"divider.default\">\n\t\t\t\t<div class=\"elementor-widget-container\">\n\t\t\t\t\t\t\t<div class=\"elementor-divider\">\n\t\t\t<span class=\"elementor-divider-separator\">\n\t\t\t\t\t\t<\/span>\n\t\t<\/div>\n\t\t\t\t\t\t<\/div>\n\t\t\t\t<\/div>\n\t\t\t\t<div class=\"elementor-element elementor-element-9710175 elementor-widget elementor-widget-text-editor\" data-id=\"9710175\" data-element_type=\"widget\" data-widget_type=\"text-editor.default\">\n\t\t\t\t<div class=\"elementor-widget-container\">\n\t\t\t\t\t\t\t\t\t<h6><strong>Morada<\/strong><br \/>Pal\u00e1cio da Justi\u00e7a<br \/>Cruz de Portugal<br \/>8300 &#8211; 135 Silves<\/h6><div><strong>Contactos<\/strong><\/div><div><p>Telefone: +351 282 440 070<br \/>Fax: +351 282 092 119<br \/>eMail: <a href=\"mailto:silves.judicial@tribunais.org.pt\">silves.judicial@tribunais.org.pt<\/a><\/p><\/div>\t\t\t\t\t\t\t\t<\/div>\n\t\t\t\t<\/div>\n\t\t\t\t<\/div>\n\t\t<div class=\"elementor-element elementor-element-e535e26 e-con-full e-flex e-con e-child\" data-id=\"e535e26\" data-element_type=\"container\">\n\t\t\t\t<div class=\"elementor-element elementor-element-0d394ef elementor-widget elementor-widget-text-editor\" data-id=\"0d394ef\" data-element_type=\"widget\" data-widget_type=\"text-editor.default\">\n\t\t\t\t<div class=\"elementor-widget-container\">\n\t\t\t\t\t\t\t\t\t<h6><strong>Compet\u00eancia Territorial<\/strong>:<\/h6><p>Munic\u00edpios de Albufeira, Alcoutim, Aljezur, Castro Marim, Faro, Lagoa, Lagos, Loul\u00e9, Monchique, Olh\u00e3o, Portim\u00e3o, S\u00e3o Br\u00e1s de Alportel, <strong>Silves<\/strong>, Tavira, Vila do Bispo e Vila Real de Santo Ant\u00f3nio.<\/p>\t\t\t\t\t\t\t\t<\/div>\n\t\t\t\t<\/div>\n\t\t\t\t<div class=\"elementor-element elementor-element-6558342 elementor-widget elementor-widget-image\" data-id=\"6558342\" data-element_type=\"widget\" data-widget_type=\"image.default\">\n\t\t\t\t<div class=\"elementor-widget-container\">\n\t\t\t\t\t\t\t\t\t\t\t\t\t\t\t<img fetchpriority=\"high\" decoding=\"async\" width=\"520\" height=\"352\" src=\"https:\/\/comarcas.csm.org.pt\/faro\/wp-content\/uploads\/sites\/14\/2025\/03\/Silves-AA3.png\" class=\"attachment-large size-large wp-image-12244\" alt=\"\" srcset=\"https:\/\/comarcas.csm.org.pt\/faro\/wp-content\/uploads\/sites\/14\/2025\/03\/Silves-AA3.png 520w, https:\/\/comarcas.csm.org.pt\/faro\/wp-content\/uploads\/sites\/14\/2025\/03\/Silves-AA3-300x203.png 300w\" sizes=\"(max-width: 520px) 100vw, 520px\" \/>\t\t\t\t\t\t\t\t\t\t\t\t\t\t\t<\/div>\n\t\t\t\t<\/div>\n\t\t\t\t<\/div>\n\t\t\t\t\t<\/div>\n\t\t\t\t<\/div>\n\t\t<div class=\"elementor-element elementor-element-9986f8f e-flex e-con-boxed e-con e-parent\" data-id=\"9986f8f\" data-element_type=\"container\">\n\t\t\t\t\t<div class=\"e-con-inner\">\n\t\t\t\t<div class=\"elementor-element elementor-element-b93ba2d elementor-widget elementor-widget-google_maps\" data-id=\"b93ba2d\" data-element_type=\"widget\" data-widget_type=\"google_maps.default\">\n\t\t\t\t<div class=\"elementor-widget-container\">\n\t\t\t\t\t\t\t<div class=\"elementor-custom-embed\">\n\t\t\t<iframe loading=\"lazy\"\n\t\t\t\t\tsrc=\"https:\/\/www.google.com\/maps\/embed\/v1\/place?key=AIzaSyDhSoLeftGxfg7Tvco7SEUCY-Cc_XLDY3c&#038;q=Pal%C3%A1cio%20da%20Justi%C3%A7a%2C%20Rua%20Dr%2C%20Silvestre%20Falc%C3%A3o%2C%2010%2C%20Tavira%2C%20Portugal&#038;zoom=10\"\n\t\t\t\t\ttitle=\"Pal\u00e1cio da Justi\u00e7a, Rua Dr, Silvestre Falc\u00e3o, 10, Tavira, Portugal\"\n\t\t\t\t\taria-label=\"Pal\u00e1cio da Justi\u00e7a, Rua Dr, Silvestre Falc\u00e3o, 10, Tavira, Portugal\"\n\t\t\t><\/iframe>\n\t\t<\/div>\n\t\t\t\t\t\t<\/div>\n\t\t\t\t<\/div>\n\t\t\t\t\t<\/div>\n\t\t\t\t<\/div>\n\t\t<div class=\"elementor-element elementor-element-69cda77 e-flex e-con-boxed e-con e-parent\" data-id=\"69cda77\" data-element_type=\"container\">\n\t\t\t\t\t<div class=\"e-con-inner\">\n\t\t<div class=\"elementor-element elementor-element-419d9d4 e-con-full e-flex e-con e-child\" data-id=\"419d9d4\" data-element_type=\"container\">\n\t\t\t\t<div class=\"elementor-element elementor-element-b7f7133 elementor-widget elementor-widget-heading\" data-id=\"b7f7133\" data-element_type=\"widget\" data-widget_type=\"heading.default\">\n\t\t\t\t<div class=\"elementor-widget-container\">\n\t\t\t\t\t<h2 class=\"elementor-heading-title elementor-size-default\">Ju\u00edzo de Execu\u00e7\u00e3o de Silves (JCE)<\/h2>\t\t\t\t<\/div>\n\t\t\t\t<\/div>\n\t\t\t\t<div class=\"elementor-element elementor-element-823fb8e elementor-widget-divider--view-line elementor-widget elementor-widget-divider\" data-id=\"823fb8e\" data-element_type=\"widget\" data-widget_type=\"divider.default\">\n\t\t\t\t<div class=\"elementor-widget-container\">\n\t\t\t\t\t\t\t<div class=\"elementor-divider\">\n\t\t\t<span class=\"elementor-divider-separator\">\n\t\t\t\t\t\t<\/span>\n\t\t<\/div>\n\t\t\t\t\t\t<\/div>\n\t\t\t\t<\/div>\n\t\t\t\t<div class=\"elementor-element elementor-element-cbe05f5 elementor-widget elementor-widget-text-editor\" data-id=\"cbe05f5\" data-element_type=\"widget\" data-widget_type=\"text-editor.default\">\n\t\t\t\t<div class=\"elementor-widget-container\">\n\t\t\t\t\t\t\t\t\t<h6><strong>Morada<\/strong><br \/>Pal\u00e1cio da Justi\u00e7a<br \/>Cruz de Portugal<br \/>8300 &#8211; 135 Silves<\/h6><div><strong>Contactos<\/strong><\/div><div><p>Telefone: +351 282 440 071<br \/>Fax: +351 282 092 119<br \/>eMail: <a href=\"mailto:silves.judicial@tribunais.org.pt\">silves.judicial@tribunais.org.pt<\/a><\/p><\/div>\t\t\t\t\t\t\t\t<\/div>\n\t\t\t\t<\/div>\n\t\t\t\t<\/div>\n\t\t<div class=\"elementor-element elementor-element-a1b3f25 e-con-full e-flex e-con e-child\" data-id=\"a1b3f25\" data-element_type=\"container\">\n\t\t\t\t<div class=\"elementor-element elementor-element-43200dd elementor-widget elementor-widget-text-editor\" data-id=\"43200dd\" data-element_type=\"widget\" data-widget_type=\"text-editor.default\">\n\t\t\t\t<div class=\"elementor-widget-container\">\n\t\t\t\t\t\t\t\t\t<h6><strong>Compet\u00eancia Territorial<\/strong>:<\/h6><p>Munic\u00edpios de Albufeira, Aljezur, Lagoa, Lagos, Monchique, Portim\u00e3o, Silves e Vila do Bispo.<\/p><p>.<\/p><div id=\"simple-translate\" class=\"simple-translate-system-theme\"><div><div class=\"simple-translate-button isShow\" style=\"height: 22px;width: 22px;top: 88px;left: 120px\">\u00a0<\/div><div class=\"simple-translate-panel \" style=\"width: 300px;height: 200px;top: 0px;left: 0px;font-size: 13px\"><div class=\"simple-translate-result-wrapper\" style=\"overflow: hidden\"><div class=\"simple-translate-move\">\u00a0<\/div><div class=\"simple-translate-result-contents\"><p class=\"simple-translate-result\" dir=\"auto\">\u00a0<\/p><p class=\"simple-translate-candidate\" dir=\"auto\">\u00a0<\/p><\/div><\/div><\/div><\/div><\/div>\t\t\t\t\t\t\t\t<\/div>\n\t\t\t\t<\/div>\n\t\t\t\t<\/div>\n\t\t\t\t\t<\/div>\n\t\t\t\t<\/div>\n\t\t<div class=\"elementor-element elementor-element-b32a5a1 e-flex e-con-boxed e-con e-parent\" data-id=\"b32a5a1\" data-element_type=\"container\">\n\t\t\t\t\t<div class=\"e-con-inner\">\n\t\t<div class=\"elementor-element elementor-element-1452ad2 e-con-full e-flex e-con e-child\" data-id=\"1452ad2\" data-element_type=\"container\">\n\t\t\t\t<div class=\"elementor-element elementor-element-426b6dc elementor-widget elementor-widget-heading\" data-id=\"426b6dc\" data-element_type=\"widget\" data-widget_type=\"heading.default\">\n\t\t\t\t<div class=\"elementor-widget-container\">\n\t\t\t\t\t<h2 class=\"elementor-heading-title elementor-size-default\">Ju\u00edzo de Compet\u00eancia Gen\u00e9rica de Silves (JG)<\/h2>\t\t\t\t<\/div>\n\t\t\t\t<\/div>\n\t\t\t\t<div class=\"elementor-element elementor-element-83d659a elementor-widget-divider--view-line elementor-widget elementor-widget-divider\" data-id=\"83d659a\" data-element_type=\"widget\" data-widget_type=\"divider.default\">\n\t\t\t\t<div class=\"elementor-widget-container\">\n\t\t\t\t\t\t\t<div class=\"elementor-divider\">\n\t\t\t<span class=\"elementor-divider-separator\">\n\t\t\t\t\t\t<\/span>\n\t\t<\/div>\n\t\t\t\t\t\t<\/div>\n\t\t\t\t<\/div>\n\t\t\t\t<div class=\"elementor-element elementor-element-61e2434 elementor-widget elementor-widget-text-editor\" data-id=\"61e2434\" data-element_type=\"widget\" data-widget_type=\"text-editor.default\">\n\t\t\t\t<div class=\"elementor-widget-container\">\n\t\t\t\t\t\t\t\t\t<h6><strong>Morada<\/strong><br \/>Pal\u00e1cio da Justi\u00e7a<br \/>Cruz de Portugal<br \/>8300 &#8211; 135 Silves<\/h6><div><strong>Contactos<\/strong><\/div><div><p>Telefone: +351 282 440 072<br \/>Fax: +351 282 092 119<br \/>eMail: <a href=\"mailto:silves.judicial@tribunais.org.pt\">silves.judicial@tribunais.org.pt<\/a><\/p><\/div>\t\t\t\t\t\t\t\t<\/div>\n\t\t\t\t<\/div>\n\t\t\t\t<\/div>\n\t\t<div class=\"elementor-element elementor-element-c968bc5 e-con-full e-flex e-con e-child\" data-id=\"c968bc5\" data-element_type=\"container\">\n\t\t\t\t<div class=\"elementor-element elementor-element-cc20a4c elementor-widget elementor-widget-text-editor\" data-id=\"cc20a4c\" data-element_type=\"widget\" data-widget_type=\"text-editor.default\">\n\t\t\t\t<div class=\"elementor-widget-container\">\n\t\t\t\t\t\t\t\t\t<h6><strong>Compet\u00eancia Territorial<\/strong>:<\/h6><p>Munic\u00edpio de Silves.<\/p>\t\t\t\t\t\t\t\t<\/div>\n\t\t\t\t<\/div>\n\t\t\t\t<\/div>\n\t\t\t\t\t<\/div>\n\t\t\t\t<\/div>\n\t\t\t\t<\/div>\n\t\t","protected":false},"excerpt":{"rendered":"<p>Unidade Central de Silves [UCS] MoradaPal\u00e1cio da Justi\u00e7aCruz de Portugal8300 &#8211; 135 Silves Contactos Telefone: +351 282 440 070Fax: +351 282 092 119eMail: silves.judicial@tribunais.org.pt Compet\u00eancia Territorial: Munic\u00edpios de Albufeira, Alcoutim, Aljezur, Castro Marim, Faro, Lagoa, Lagos, Loul\u00e9, Monchique, Olh\u00e3o, Portim\u00e3o, S\u00e3o Br\u00e1s de Alportel, Silves, Tavira, Vila do Bispo e Vila Real de Santo Ant\u00f3nio&#8230;.<\/p>\n","protected":false},"author":14,"featured_media":0,"parent":2242,"menu_order":0,"comment_status":"closed","ping_status":"closed","template":"","meta":{"_tbt_post_transparent":"","_tbt_post_title":"","_tbt_post_layout":"default","_tbt_post_sidebar_id":"","_tbt_post_content_style":"","_tbt_post_vertical_padding":"","_tbt_post_feature":"","_tbt_post_feature_position":"","_tbt_post_header":false,"_tbt_post_footer":false},"class_list":["post-12239","page","type-page","status-publish","hentry"],"yoast_head":"<!-- This site is optimized with the Yoast SEO plugin v25.6 - https:\/\/yoast.com\/wordpress\/plugins\/seo\/ -->\n<title>N\u00facleo de Silves \/ Ju\u00edzos - Tribunal Judicial da Comarca de Faro<\/title>\n<meta name=\"robots\" content=\"index, follow, max-snippet:-1, max-image-preview:large, max-video-preview:-1\" \/>\n<link rel=\"canonical\" href=\"https:\/\/comarcas.csm.org.pt\/faro\/acomarca\/nucleo-de-silves-juizos\/\" \/>\n<meta property=\"og:locale\" content=\"pt_PT\" \/>\n<meta property=\"og:type\" content=\"article\" \/>\n<meta property=\"og:title\" content=\"N\u00facleo de Silves \/ Ju\u00edzos - Tribunal Judicial da Comarca de Faro\" \/>\n<meta property=\"og:description\" content=\"Unidade Central de Silves [UCS] MoradaPal\u00e1cio da Justi\u00e7aCruz de Portugal8300 &#8211; 135 Silves Contactos Telefone: +351 282 440 070Fax: +351 282 092 119eMail: silves.judicial@tribunais.org.pt Compet\u00eancia Territorial: Munic\u00edpios de Albufeira, Alcoutim, Aljezur, Castro Marim, Faro, Lagoa, Lagos, Loul\u00e9, Monchique, Olh\u00e3o, Portim\u00e3o, S\u00e3o Br\u00e1s de Alportel, Silves, Tavira, Vila do Bispo e Vila Real de Santo Ant\u00f3nio....\" \/>\n<meta property=\"og:url\" content=\"https:\/\/comarcas.csm.org.pt\/faro\/acomarca\/nucleo-de-silves-juizos\/\" \/>\n<meta property=\"og:site_name\" content=\"Tribunal Judicial da Comarca de Faro\" \/>\n<meta property=\"article:modified_time\" content=\"2025-03-28T07:13:39+00:00\" \/>\n<meta property=\"og:image\" content=\"https:\/\/comarcas.csm.org.pt\/faro\/wp-content\/uploads\/sites\/14\/2025\/03\/Silves-AA3.png\" \/>\n<meta name=\"twitter:card\" content=\"summary_large_image\" \/>\n<script type=\"application\/ld+json\" class=\"yoast-schema-graph\">{\"@context\":\"https:\/\/schema.org\",\"@graph\":[{\"@type\":\"WebPage\",\"@id\":\"https:\/\/comarcas.csm.org.pt\/faro\/acomarca\/nucleo-de-silves-juizos\/\",\"url\":\"https:\/\/comarcas.csm.org.pt\/faro\/acomarca\/nucleo-de-silves-juizos\/\",\"name\":\"N\u00facleo de Silves \/ Ju\u00edzos - Tribunal Judicial da Comarca de Faro\",\"isPartOf\":{\"@id\":\"https:\/\/comarcas.csm.org.pt\/faro\/#website\"},\"primaryImageOfPage\":{\"@id\":\"https:\/\/comarcas.csm.org.pt\/faro\/acomarca\/nucleo-de-silves-juizos\/#primaryimage\"},\"image\":{\"@id\":\"https:\/\/comarcas.csm.org.pt\/faro\/acomarca\/nucleo-de-silves-juizos\/#primaryimage\"},\"thumbnailUrl\":\"https:\/\/comarcas.csm.org.pt\/faro\/wp-content\/uploads\/sites\/14\/2025\/03\/Silves-AA3.png\",\"datePublished\":\"2025-03-28T07:05:30+00:00\",\"dateModified\":\"2025-03-28T07:13:39+00:00\",\"breadcrumb\":{\"@id\":\"https:\/\/comarcas.csm.org.pt\/faro\/acomarca\/nucleo-de-silves-juizos\/#breadcrumb\"},\"inLanguage\":\"pt-PT\",\"potentialAction\":[{\"@type\":\"ReadAction\",\"target\":[\"https:\/\/comarcas.csm.org.pt\/faro\/acomarca\/nucleo-de-silves-juizos\/\"]}]},{\"@type\":\"ImageObject\",\"inLanguage\":\"pt-PT\",\"@id\":\"https:\/\/comarcas.csm.org.pt\/faro\/acomarca\/nucleo-de-silves-juizos\/#primaryimage\",\"url\":\"https:\/\/comarcas.csm.org.pt\/faro\/wp-content\/uploads\/sites\/14\/2025\/03\/Silves-AA3.png\",\"contentUrl\":\"https:\/\/comarcas.csm.org.pt\/faro\/wp-content\/uploads\/sites\/14\/2025\/03\/Silves-AA3.png\",\"width\":520,\"height\":352},{\"@type\":\"BreadcrumbList\",\"@id\":\"https:\/\/comarcas.csm.org.pt\/faro\/acomarca\/nucleo-de-silves-juizos\/#breadcrumb\",\"itemListElement\":[{\"@type\":\"ListItem\",\"position\":1,\"name\":\"In\u00edcio\",\"item\":\"https:\/\/comarcas.csm.org.pt\/faro\/\"},{\"@type\":\"ListItem\",\"position\":2,\"name\":\"A Comarca\",\"item\":\"https:\/\/comarcas.csm.org.pt\/faro\/acomarca\/\"},{\"@type\":\"ListItem\",\"position\":3,\"name\":\"N\u00facleo de Silves \/ Ju\u00edzos\"}]},{\"@type\":\"WebSite\",\"@id\":\"https:\/\/comarcas.csm.org.pt\/faro\/#website\",\"url\":\"https:\/\/comarcas.csm.org.pt\/faro\/\",\"name\":\"Tribunal Judicial da Comarca de Faro\",\"description\":\"Tribunal Judicial da Comarca de Faro\",\"publisher\":{\"@id\":\"https:\/\/comarcas.csm.org.pt\/faro\/#organization\"},\"potentialAction\":[{\"@type\":\"SearchAction\",\"target\":{\"@type\":\"EntryPoint\",\"urlTemplate\":\"https:\/\/comarcas.csm.org.pt\/faro\/?s={search_term_string}\"},\"query-input\":{\"@type\":\"PropertyValueSpecification\",\"valueRequired\":true,\"valueName\":\"search_term_string\"}}],\"inLanguage\":\"pt-PT\"},{\"@type\":\"Organization\",\"@id\":\"https:\/\/comarcas.csm.org.pt\/faro\/#organization\",\"name\":\"Tribunal Judicial da Comarca de Faro\",\"url\":\"https:\/\/comarcas.csm.org.pt\/faro\/\",\"logo\":{\"@type\":\"ImageObject\",\"inLanguage\":\"pt-PT\",\"@id\":\"https:\/\/comarcas.csm.org.pt\/faro\/#\/schema\/logo\/image\/\",\"url\":\"https:\/\/comarcas.csm.org.pt\/faro\/wp-content\/uploads\/sites\/14\/2024\/11\/Faro_positivo-horizontal.png\",\"contentUrl\":\"https:\/\/comarcas.csm.org.pt\/faro\/wp-content\/uploads\/sites\/14\/2024\/11\/Faro_positivo-horizontal.png\",\"width\":4304,\"height\":1186,\"caption\":\"Tribunal Judicial da Comarca de Faro\"},\"image\":{\"@id\":\"https:\/\/comarcas.csm.org.pt\/faro\/#\/schema\/logo\/image\/\"}}]}<\/script>\n<!-- \/ Yoast SEO plugin. -->","yoast_head_json":{"title":"N\u00facleo de Silves \/ Ju\u00edzos - Tribunal Judicial da Comarca de Faro","robots":{"index":"index","follow":"follow","max-snippet":"max-snippet:-1","max-image-preview":"max-image-preview:large","max-video-preview":"max-video-preview:-1"},"canonical":"https:\/\/comarcas.csm.org.pt\/faro\/acomarca\/nucleo-de-silves-juizos\/","og_locale":"pt_PT","og_type":"article","og_title":"N\u00facleo de Silves \/ Ju\u00edzos - Tribunal Judicial da Comarca de Faro","og_description":"Unidade Central de Silves [UCS] MoradaPal\u00e1cio da Justi\u00e7aCruz de Portugal8300 &#8211; 135 Silves Contactos Telefone: +351 282 440 070Fax: +351 282 092 119eMail: silves.judicial@tribunais.org.pt Compet\u00eancia Territorial: Munic\u00edpios de Albufeira, Alcoutim, Aljezur, Castro Marim, Faro, Lagoa, Lagos, Loul\u00e9, Monchique, Olh\u00e3o, Portim\u00e3o, S\u00e3o Br\u00e1s de Alportel, Silves, Tavira, Vila do Bispo e Vila Real de Santo Ant\u00f3nio....","og_url":"https:\/\/comarcas.csm.org.pt\/faro\/acomarca\/nucleo-de-silves-juizos\/","og_site_name":"Tribunal Judicial da Comarca de Faro","article_modified_time":"2025-03-28T07:13:39+00:00","og_image":[{"url":"https:\/\/comarcas.csm.org.pt\/faro\/wp-content\/uploads\/sites\/14\/2025\/03\/Silves-AA3.png","type":"","width":"","height":""}],"twitter_card":"summary_large_image","schema":{"@context":"https:\/\/schema.org","@graph":[{"@type":"WebPage","@id":"https:\/\/comarcas.csm.org.pt\/faro\/acomarca\/nucleo-de-silves-juizos\/","url":"https:\/\/comarcas.csm.org.pt\/faro\/acomarca\/nucleo-de-silves-juizos\/","name":"N\u00facleo de Silves \/ Ju\u00edzos - Tribunal Judicial da Comarca de Faro","isPartOf":{"@id":"https:\/\/comarcas.csm.org.pt\/faro\/#website"},"primaryImageOfPage":{"@id":"https:\/\/comarcas.csm.org.pt\/faro\/acomarca\/nucleo-de-silves-juizos\/#primaryimage"},"image":{"@id":"https:\/\/comarcas.csm.org.pt\/faro\/acomarca\/nucleo-de-silves-juizos\/#primaryimage"},"thumbnailUrl":"https:\/\/comarcas.csm.org.pt\/faro\/wp-content\/uploads\/sites\/14\/2025\/03\/Silves-AA3.png","datePublished":"2025-03-28T07:05:30+00:00","dateModified":"2025-03-28T07:13:39+00:00","breadcrumb":{"@id":"https:\/\/comarcas.csm.org.pt\/faro\/acomarca\/nucleo-de-silves-juizos\/#breadcrumb"},"inLanguage":"pt-PT","potentialAction":[{"@type":"ReadAction","target":["https:\/\/comarcas.csm.org.pt\/faro\/acomarca\/nucleo-de-silves-juizos\/"]}]},{"@type":"ImageObject","inLanguage":"pt-PT","@id":"https:\/\/comarcas.csm.org.pt\/faro\/acomarca\/nucleo-de-silves-juizos\/#primaryimage","url":"https:\/\/comarcas.csm.org.pt\/faro\/wp-content\/uploads\/sites\/14\/2025\/03\/Silves-AA3.png","contentUrl":"https:\/\/comarcas.csm.org.pt\/faro\/wp-content\/uploads\/sites\/14\/2025\/03\/Silves-AA3.png","width":520,"height":352},{"@type":"BreadcrumbList","@id":"https:\/\/comarcas.csm.org.pt\/faro\/acomarca\/nucleo-de-silves-juizos\/#breadcrumb","itemListElement":[{"@type":"ListItem","position":1,"name":"In\u00edcio","item":"https:\/\/comarcas.csm.org.pt\/faro\/"},{"@type":"ListItem","position":2,"name":"A Comarca","item":"https:\/\/comarcas.csm.org.pt\/faro\/acomarca\/"},{"@type":"ListItem","position":3,"name":"N\u00facleo de Silves \/ Ju\u00edzos"}]},{"@type":"WebSite","@id":"https:\/\/comarcas.csm.org.pt\/faro\/#website","url":"https:\/\/comarcas.csm.org.pt\/faro\/","name":"Tribunal Judicial da Comarca de Faro","description":"Tribunal Judicial da Comarca de Faro","publisher":{"@id":"https:\/\/comarcas.csm.org.pt\/faro\/#organization"},"potentialAction":[{"@type":"SearchAction","target":{"@type":"EntryPoint","urlTemplate":"https:\/\/comarcas.csm.org.pt\/faro\/?s={search_term_string}"},"query-input":{"@type":"PropertyValueSpecification","valueRequired":true,"valueName":"search_term_string"}}],"inLanguage":"pt-PT"},{"@type":"Organization","@id":"https:\/\/comarcas.csm.org.pt\/faro\/#organization","name":"Tribunal Judicial da Comarca de Faro","url":"https:\/\/comarcas.csm.org.pt\/faro\/","logo":{"@type":"ImageObject","inLanguage":"pt-PT","@id":"https:\/\/comarcas.csm.org.pt\/faro\/#\/schema\/logo\/image\/","url":"https:\/\/comarcas.csm.org.pt\/faro\/wp-content\/uploads\/sites\/14\/2024\/11\/Faro_positivo-horizontal.png","contentUrl":"https:\/\/comarcas.csm.org.pt\/faro\/wp-content\/uploads\/sites\/14\/2024\/11\/Faro_positivo-horizontal.png","width":4304,"height":1186,"caption":"Tribunal Judicial da Comarca de Faro"},"image":{"@id":"https:\/\/comarcas.csm.org.pt\/faro\/#\/schema\/logo\/image\/"}}]}},"_links":{"self":[{"href":"https:\/\/comarcas.csm.org.pt\/faro\/wp-json\/wp\/v2\/pages\/12239","targetHints":{"allow":["GET"]}}],"collection":[{"href":"https:\/\/comarcas.csm.org.pt\/faro\/wp-json\/wp\/v2\/pages"}],"about":[{"href":"https:\/\/comarcas.csm.org.pt\/faro\/wp-json\/wp\/v2\/types\/page"}],"author":[{"embeddable":true,"href":"https:\/\/comarcas.csm.org.pt\/faro\/wp-json\/wp\/v2\/users\/14"}],"replies":[{"embeddable":true,"href":"https:\/\/comarcas.csm.org.pt\/faro\/wp-json\/wp\/v2\/comments?post=12239"}],"version-history":[{"count":4,"href":"https:\/\/comarcas.csm.org.pt\/faro\/wp-json\/wp\/v2\/pages\/12239\/revisions"}],"predecessor-version":[{"id":12248,"href":"https:\/\/comarcas.csm.org.pt\/faro\/wp-json\/wp\/v2\/pages\/12239\/revisions\/12248"}],"up":[{"embeddable":true,"href":"https:\/\/comarcas.csm.org.pt\/faro\/wp-json\/wp\/v2\/pages\/2242"}],"wp:attachment":[{"href":"https:\/\/comarcas.csm.org.pt\/faro\/wp-json\/wp\/v2\/media?parent=12239"}],"curies":[{"name":"wp","href":"https:\/\/api.w.org\/{rel}","templated":true}]}}