{"id":13084,"date":"2025-05-05T09:25:52","date_gmt":"2025-05-05T09:25:52","guid":{"rendered":"https:\/\/comarcas.csm.org.pt\/faro\/?page_id=13084"},"modified":"2026-01-13T09:25:27","modified_gmt":"2026-01-13T09:25:27","slug":"diario-republica-dr","status":"publish","type":"page","link":"https:\/\/comarcas.csm.org.pt\/faro\/diario-republica-dr\/","title":{"rendered":"Di\u00e1rio Rep\u00fablica (DR)"},"content":{"rendered":"\t\t<div data-elementor-type=\"wp-page\" data-elementor-id=\"13084\" class=\"elementor elementor-13084\" data-elementor-post-type=\"page\">\n\t\t\t\t<div class=\"elementor-element elementor-element-b72c05e e-flex e-con-boxed e-con e-parent\" data-id=\"b72c05e\" data-element_type=\"container\">\n\t\t\t\t\t<div class=\"e-con-inner\">\n\t\t\t\t<div class=\"elementor-element elementor-element-07e1443 elementor-tabs-view-vertical elementor-widget elementor-widget-tabs\" data-id=\"07e1443\" data-element_type=\"widget\" data-widget_type=\"tabs.default\">\n\t\t\t\t<div class=\"elementor-widget-container\">\n\t\t\t\t\t\t\t<div class=\"elementor-tabs\">\n\t\t\t<div class=\"elementor-tabs-wrapper\" role=\"tablist\" >\n\t\t\t\t\t\t\t\t\t<div id=\"elementor-tab-title-8261\" class=\"elementor-tab-title elementor-tab-desktop-title\" aria-selected=\"true\" data-tab=\"1\" role=\"tab\" tabindex=\"0\" aria-controls=\"elementor-tab-content-8261\" aria-expanded=\"false\">Conselho Superior da Magistratura<\/div>\n\t\t\t\t\t\t\t\t\t<div id=\"elementor-tab-title-8262\" class=\"elementor-tab-title elementor-tab-desktop-title\" aria-selected=\"false\" data-tab=\"2\" role=\"tab\" tabindex=\"-1\" aria-controls=\"elementor-tab-content-8262\" aria-expanded=\"false\">Juiz Presidente da Comarca de Faro<\/div>\n\t\t\t\t\t\t\t<\/div>\n\t\t\t<div class=\"elementor-tabs-content-wrapper\" role=\"tablist\" aria-orientation=\"vertical\">\n\t\t\t\t\t\t\t\t\t<div class=\"elementor-tab-title elementor-tab-mobile-title\" aria-selected=\"true\" data-tab=\"1\" role=\"tab\" tabindex=\"0\" aria-controls=\"elementor-tab-content-8261\" aria-expanded=\"false\">Conselho Superior da Magistratura<\/div>\n\t\t\t\t\t<div id=\"elementor-tab-content-8261\" class=\"elementor-tab-content elementor-clearfix\" data-tab=\"1\" role=\"tabpanel\" aria-labelledby=\"elementor-tab-title-8261\" tabindex=\"0\" hidden=\"false\"><h4 style=\"text-align: center\"><strong>Conselho Superior da Magistratura [CSM]<\/strong><\/h4><ul><li>Despacho <strong><span style=\"color: #993300\"><a style=\"color: #993300\" href=\"https:\/\/diariodarepublica.pt\/dr\/detalhe\/despacho\/372-2026-1005800756\" target=\"_blank\" rel=\"noopener\">372\/2026<\/a>,<\/span><\/strong> de 13\/janeiro<br \/>Conselho Superior da Magistratura<br \/>Subdelega\u00e7\u00e3o de poderes do vice-presidente do Conselho Superior da Magistratura nos presidentes dos tribunais de comarca.<\/li><\/ul><hr \/><ul><li>Despacho <strong><span style=\"color: #993300\"><a style=\"color: #993300\" href=\"https:\/\/diariodarepublica.pt\/dr\/detalhe\/despacho\/10747-2025-934778238\" target=\"_blank\" rel=\"noopener\">10747\/2025<\/a><\/span><\/strong>, de 11\/setembro<br \/>Conselho Superior da Magistratura<br \/>Subdelega\u00e7\u00e3o de poderes do vice-presidente do Conselho Superior da Magistratura nos \u00adju\u00edzes presidentes dos Tribunais Judiciais das Comarcas de Braga, <strong>Faro<\/strong>, Lisboa e Porto.<\/li><\/ul><hr \/><ul><li>Despacho (extrato) <a href=\"https:\/\/diariodarepublica.pt\/dr\/detalhe\/despacho-extrato\/9165-2025-927634628\" target=\"_blank\" rel=\"noopener\"><span style=\"color: #993300\"><strong>9165\/2025<\/strong><\/span><\/a>, de 4\/agosto<br \/>Conselho Superior da Magistratura<strong><br \/><\/strong>Nomea\u00e7\u00e3o de ju\u00edzes de direito em regime de est\u00e1gio do 40.\u00ba Curso de Forma\u00e7\u00e3o de Magistrados.<br \/>&#8220;<em><strong>Pedro Miguel Vaz Silva<\/strong><\/em> \u2014 Tribunal Judicial da Comarca de Faro \u2014 Ju\u00edzo local c\u00edvel e Ju\u00edzo local criminal de Faro;&#8221;<br \/>&#8220;<em><strong>In\u00eas Caldeira Reis Rego Filipe Branco<\/strong><\/em> \u2014 Tribunal Judicial da Comarca de Faro \u2014 Ju\u00edzo local c\u00edvel e Ju\u00edzo local criminal de Faro;&#8221;<br \/>&#8220;<em><strong>In\u00eas de Sousa Cardoso Rosa Domingos<\/strong><\/em> \u2014 Tribunal Judicial da Comarca de Faro \u2014 Ju\u00edzo de compet\u00eancia gen\u00e9rica de Vila Real de Santo Ant\u00f3nio e Ju\u00edzo local criminal de Faro;&#8221;<\/li><\/ul><ul><li><hr \/><p>Delibera\u00e7\u00e3o (extrato) <span style=\"color: #993300\"><strong><a style=\"color: #993300\" href=\"https:\/\/diariodarepublica.pt\/dr\/detalhe\/deliberacao-extrato\/659-2025-918555137\" target=\"_blank\" rel=\"noopener\">659\/2025<\/a><\/strong><\/span>, de 20\/maio<br \/>Nomea\u00e7\u00e3o de ju\u00edzes presidentes dos tribunais judiciais de comarca.<br \/>&#8220;(&#8230;) Juiz Presidente do Tribunal Judicial da Comarca de Faro &#8211; Juiz de Direito<strong><em> Paulo Renato de Freitas Belo<\/em><\/strong> (&#8230;)&#8221;<\/p><hr \/><\/li><li>Delibera\u00e7\u00e3o (extrato) <span style=\"color: #993300\"><strong><a style=\"color: #993300\" href=\"https:\/\/diariodarepublica.pt\/dr\/detalhe\/deliberacao-extrato\/644-2025-918122848\" target=\"_blank\" rel=\"noopener\">644\/2025<\/a>,<\/strong><\/span> de 15\/maio<br \/><span style=\"letter-spacing: 0.3px\"><span style=\"letter-spacing: 0.3px\">Prorroga\u00e7\u00e3o das comiss\u00f5es de servi\u00e7o dos ju\u00edzes presidentes de tribunais judiciais de comarca.<br \/><span style=\"letter-spacing: 0.3px\">&#8220;(&#8230;) Juiz Desembargador Dr. <\/span><em style=\"letter-spacing: 0.3px\"><strong>Henrique Jorge Baptista de Lacerda Pav\u00e3o<\/strong><\/em><span style=\"letter-spacing: 0.3px\">, como Juiz Presidente do Tribunal Judicial da Comarca de Faro (&#8230;)&#8221;<br \/><\/span><\/span><\/span><\/li><\/ul><ul><li><hr \/><p>Despacho (extrato) <a href=\"https:\/\/diariodarepublica.pt\/dr\/detalhe\/despacho-extrato\/5088-2025-916456748\" target=\"_blank\" rel=\"noopener\"><span style=\"color: #993300\"><strong>5088\/2025<\/strong><\/span><\/a> de 02\/maio<br \/><span style=\"font-size: 14px;letter-spacing: 0.3px;text-transform: none\">&#8220;Nomea\u00e7\u00e3o interina da ju\u00edza de direito <em><strong>Maria de F\u00e1tima Rodrigues Pereira Batista<\/strong><\/em> na comarca de Faro \u2015 Ju\u00edzo de Fam\u00edlia e Menores de Faro \u2015 Juiz 3.&#8221;<\/span><\/p><\/li><\/ul><div id=\"simple-translate\" class=\"simple-translate-system-theme\"><div><div class=\"simple-translate-panel \" style=\"width: 300px;height: 200px;top: 0px;left: 0px;font-size: 13px\"><div class=\"simple-translate-result-wrapper\" style=\"overflow: hidden\"><div class=\"simple-translate-result-contents\"><p class=\"simple-translate-candidate\" dir=\"auto\">\u00a0<\/p><\/div><\/div><\/div><\/div><\/div><\/div>\n\t\t\t\t\t\t\t\t\t<div class=\"elementor-tab-title elementor-tab-mobile-title\" aria-selected=\"false\" data-tab=\"2\" role=\"tab\" tabindex=\"-1\" aria-controls=\"elementor-tab-content-8262\" aria-expanded=\"false\">Juiz Presidente da Comarca de Faro<\/div>\n\t\t\t\t\t<div id=\"elementor-tab-content-8262\" class=\"elementor-tab-content elementor-clearfix\" data-tab=\"2\" role=\"tabpanel\" aria-labelledby=\"elementor-tab-title-8262\" tabindex=\"0\" hidden=\"hidden\"><h4 style=\"text-align: center\"><strong>Juiz Presidente do Tribunal Judicial da Comarca de Faro<\/strong><\/h4><ul><li>Despacho (extrato) <strong><span style=\"color: #993300\"><a style=\"color: #993300\" href=\"https:\/\/diariodarepublica.pt\/dr\/detalhe\/despacho-extrato\/14664-2025-973308635\" target=\"_blank\" rel=\"noopener\">14664\/2025<\/a><\/span><\/strong>, de 10\/dezembro<br \/>Tribunal Judicial da Comarca de Faro<br \/>D &#8211; Tribunais e Minist\u00e9rio P\u00fablico<br \/>Sum\u00e1rio: Delega\u00e7\u00e3o de poderes do juiz presidente do Tribunal Judicial da Comarca de Faro nos ju\u00edzes de direito em exerc\u00edcio de fun\u00e7\u00f5es na comarca.<br \/><hr \/><\/li><\/ul><div id=\"simple-translate\" class=\"simple-translate-system-theme\"><div><div class=\"simple-translate-panel \" style=\"width: 300px;height: 200px;top: 0px;left: 0px;font-size: 13px\"><div class=\"simple-translate-result-wrapper\" style=\"overflow: hidden\"><div class=\"simple-translate-result-contents\"><p class=\"simple-translate-candidate\" dir=\"auto\">\u00a0<\/p><\/div><\/div><\/div><\/div><\/div><\/div>\n\t\t\t\t\t\t\t<\/div>\n\t\t<\/div>\n\t\t\t\t\t\t<\/div>\n\t\t\t\t<\/div>\n\t\t\t\t\t<\/div>\n\t\t\t\t<\/div>\n\t\t\t\t<\/div>\n\t\t","protected":false},"excerpt":{"rendered":"<p>Conselho Superior da Magistratura Juiz Presidente da Comarca de Faro Conselho Superior da Magistratura Conselho Superior da Magistratura [CSM] Despacho 372\/2026, de 13\/janeiroConselho Superior da MagistraturaSubdelega\u00e7\u00e3o de poderes do vice-presidente do Conselho Superior da Magistratura nos presidentes dos tribunais de comarca. Despacho 10747\/2025, de 11\/setembroConselho Superior da MagistraturaSubdelega\u00e7\u00e3o de poderes do vice-presidente do Conselho Superior&#8230;<\/p>\n","protected":false},"author":14,"featured_media":0,"parent":0,"menu_order":0,"comment_status":"closed","ping_status":"closed","template":"","meta":{"_tbt_post_transparent":"","_tbt_post_title":"hide","_tbt_post_layout":"fullwidth","_tbt_post_sidebar_id":"","_tbt_post_content_style":"unboxed","_tbt_post_vertical_padding":"hide","_tbt_post_feature":"hide","_tbt_post_feature_position":"","_tbt_post_header":false,"_tbt_post_footer":false},"class_list":["post-13084","page","type-page","status-publish","hentry"],"yoast_head":"<!-- This site is optimized with the Yoast SEO plugin v25.6 - https:\/\/yoast.com\/wordpress\/plugins\/seo\/ -->\n<title>Di\u00e1rio Rep\u00fablica (DR) - Tribunal Judicial da Comarca de Faro<\/title>\n<meta name=\"robots\" content=\"index, follow, max-snippet:-1, max-image-preview:large, max-video-preview:-1\" \/>\n<link rel=\"canonical\" href=\"https:\/\/comarcas.csm.org.pt\/faro\/diario-republica-dr\/\" \/>\n<meta property=\"og:locale\" content=\"pt_PT\" \/>\n<meta property=\"og:type\" content=\"article\" \/>\n<meta property=\"og:title\" content=\"Di\u00e1rio Rep\u00fablica (DR) - Tribunal Judicial da Comarca de Faro\" \/>\n<meta property=\"og:description\" content=\"Conselho Superior da Magistratura Juiz Presidente da Comarca de Faro Conselho Superior da Magistratura Conselho Superior da Magistratura [CSM] Despacho 372\/2026, de 13\/janeiroConselho Superior da MagistraturaSubdelega\u00e7\u00e3o de poderes do vice-presidente do Conselho Superior da Magistratura nos presidentes dos tribunais de comarca. Despacho 10747\/2025, de 11\/setembroConselho Superior da MagistraturaSubdelega\u00e7\u00e3o de poderes do vice-presidente do Conselho Superior...\" \/>\n<meta property=\"og:url\" content=\"https:\/\/comarcas.csm.org.pt\/faro\/diario-republica-dr\/\" \/>\n<meta property=\"og:site_name\" content=\"Tribunal Judicial da Comarca de Faro\" \/>\n<meta property=\"article:modified_time\" content=\"2026-01-13T09:25:27+00:00\" \/>\n<meta name=\"twitter:card\" content=\"summary_large_image\" \/>\n<meta name=\"twitter:label1\" content=\"Tempo estimado de leitura\" \/>\n\t<meta name=\"twitter:data1\" content=\"2 minutos\" \/>\n<script type=\"application\/ld+json\" class=\"yoast-schema-graph\">{\"@context\":\"https:\/\/schema.org\",\"@graph\":[{\"@type\":\"WebPage\",\"@id\":\"https:\/\/comarcas.csm.org.pt\/faro\/diario-republica-dr\/\",\"url\":\"https:\/\/comarcas.csm.org.pt\/faro\/diario-republica-dr\/\",\"name\":\"Di\u00e1rio Rep\u00fablica (DR) - Tribunal Judicial da Comarca de Faro\",\"isPartOf\":{\"@id\":\"https:\/\/comarcas.csm.org.pt\/faro\/#website\"},\"datePublished\":\"2025-05-05T09:25:52+00:00\",\"dateModified\":\"2026-01-13T09:25:27+00:00\",\"breadcrumb\":{\"@id\":\"https:\/\/comarcas.csm.org.pt\/faro\/diario-republica-dr\/#breadcrumb\"},\"inLanguage\":\"pt-PT\",\"potentialAction\":[{\"@type\":\"ReadAction\",\"target\":[\"https:\/\/comarcas.csm.org.pt\/faro\/diario-republica-dr\/\"]}]},{\"@type\":\"BreadcrumbList\",\"@id\":\"https:\/\/comarcas.csm.org.pt\/faro\/diario-republica-dr\/#breadcrumb\",\"itemListElement\":[{\"@type\":\"ListItem\",\"position\":1,\"name\":\"In\u00edcio\",\"item\":\"https:\/\/comarcas.csm.org.pt\/faro\/\"},{\"@type\":\"ListItem\",\"position\":2,\"name\":\"Di\u00e1rio Rep\u00fablica (DR)\"}]},{\"@type\":\"WebSite\",\"@id\":\"https:\/\/comarcas.csm.org.pt\/faro\/#website\",\"url\":\"https:\/\/comarcas.csm.org.pt\/faro\/\",\"name\":\"Tribunal Judicial da Comarca de Faro\",\"description\":\"Tribunal Judicial da Comarca de Faro\",\"publisher\":{\"@id\":\"https:\/\/comarcas.csm.org.pt\/faro\/#organization\"},\"potentialAction\":[{\"@type\":\"SearchAction\",\"target\":{\"@type\":\"EntryPoint\",\"urlTemplate\":\"https:\/\/comarcas.csm.org.pt\/faro\/?s={search_term_string}\"},\"query-input\":{\"@type\":\"PropertyValueSpecification\",\"valueRequired\":true,\"valueName\":\"search_term_string\"}}],\"inLanguage\":\"pt-PT\"},{\"@type\":\"Organization\",\"@id\":\"https:\/\/comarcas.csm.org.pt\/faro\/#organization\",\"name\":\"Tribunal Judicial da Comarca de Faro\",\"url\":\"https:\/\/comarcas.csm.org.pt\/faro\/\",\"logo\":{\"@type\":\"ImageObject\",\"inLanguage\":\"pt-PT\",\"@id\":\"https:\/\/comarcas.csm.org.pt\/faro\/#\/schema\/logo\/image\/\",\"url\":\"https:\/\/comarcas.csm.org.pt\/faro\/wp-content\/uploads\/sites\/14\/2024\/11\/Faro_positivo-horizontal.png\",\"contentUrl\":\"https:\/\/comarcas.csm.org.pt\/faro\/wp-content\/uploads\/sites\/14\/2024\/11\/Faro_positivo-horizontal.png\",\"width\":4304,\"height\":1186,\"caption\":\"Tribunal Judicial da Comarca de Faro\"},\"image\":{\"@id\":\"https:\/\/comarcas.csm.org.pt\/faro\/#\/schema\/logo\/image\/\"}}]}<\/script>\n<!-- \/ Yoast SEO plugin. -->","yoast_head_json":{"title":"Di\u00e1rio Rep\u00fablica (DR) - Tribunal Judicial da Comarca de Faro","robots":{"index":"index","follow":"follow","max-snippet":"max-snippet:-1","max-image-preview":"max-image-preview:large","max-video-preview":"max-video-preview:-1"},"canonical":"https:\/\/comarcas.csm.org.pt\/faro\/diario-republica-dr\/","og_locale":"pt_PT","og_type":"article","og_title":"Di\u00e1rio Rep\u00fablica (DR) - Tribunal Judicial da Comarca de Faro","og_description":"Conselho Superior da Magistratura Juiz Presidente da Comarca de Faro Conselho Superior da Magistratura Conselho Superior da Magistratura [CSM] Despacho 372\/2026, de 13\/janeiroConselho Superior da MagistraturaSubdelega\u00e7\u00e3o de poderes do vice-presidente do Conselho Superior da Magistratura nos presidentes dos tribunais de comarca. Despacho 10747\/2025, de 11\/setembroConselho Superior da MagistraturaSubdelega\u00e7\u00e3o de poderes do vice-presidente do Conselho Superior...","og_url":"https:\/\/comarcas.csm.org.pt\/faro\/diario-republica-dr\/","og_site_name":"Tribunal Judicial da Comarca de Faro","article_modified_time":"2026-01-13T09:25:27+00:00","twitter_card":"summary_large_image","twitter_misc":{"Tempo estimado de leitura":"2 minutos"},"schema":{"@context":"https:\/\/schema.org","@graph":[{"@type":"WebPage","@id":"https:\/\/comarcas.csm.org.pt\/faro\/diario-republica-dr\/","url":"https:\/\/comarcas.csm.org.pt\/faro\/diario-republica-dr\/","name":"Di\u00e1rio Rep\u00fablica (DR) - Tribunal Judicial da Comarca de Faro","isPartOf":{"@id":"https:\/\/comarcas.csm.org.pt\/faro\/#website"},"datePublished":"2025-05-05T09:25:52+00:00","dateModified":"2026-01-13T09:25:27+00:00","breadcrumb":{"@id":"https:\/\/comarcas.csm.org.pt\/faro\/diario-republica-dr\/#breadcrumb"},"inLanguage":"pt-PT","potentialAction":[{"@type":"ReadAction","target":["https:\/\/comarcas.csm.org.pt\/faro\/diario-republica-dr\/"]}]},{"@type":"BreadcrumbList","@id":"https:\/\/comarcas.csm.org.pt\/faro\/diario-republica-dr\/#breadcrumb","itemListElement":[{"@type":"ListItem","position":1,"name":"In\u00edcio","item":"https:\/\/comarcas.csm.org.pt\/faro\/"},{"@type":"ListItem","position":2,"name":"Di\u00e1rio Rep\u00fablica (DR)"}]},{"@type":"WebSite","@id":"https:\/\/comarcas.csm.org.pt\/faro\/#website","url":"https:\/\/comarcas.csm.org.pt\/faro\/","name":"Tribunal Judicial da Comarca de Faro","description":"Tribunal Judicial da Comarca de Faro","publisher":{"@id":"https:\/\/comarcas.csm.org.pt\/faro\/#organization"},"potentialAction":[{"@type":"SearchAction","target":{"@type":"EntryPoint","urlTemplate":"https:\/\/comarcas.csm.org.pt\/faro\/?s={search_term_string}"},"query-input":{"@type":"PropertyValueSpecification","valueRequired":true,"valueName":"search_term_string"}}],"inLanguage":"pt-PT"},{"@type":"Organization","@id":"https:\/\/comarcas.csm.org.pt\/faro\/#organization","name":"Tribunal Judicial da Comarca de Faro","url":"https:\/\/comarcas.csm.org.pt\/faro\/","logo":{"@type":"ImageObject","inLanguage":"pt-PT","@id":"https:\/\/comarcas.csm.org.pt\/faro\/#\/schema\/logo\/image\/","url":"https:\/\/comarcas.csm.org.pt\/faro\/wp-content\/uploads\/sites\/14\/2024\/11\/Faro_positivo-horizontal.png","contentUrl":"https:\/\/comarcas.csm.org.pt\/faro\/wp-content\/uploads\/sites\/14\/2024\/11\/Faro_positivo-horizontal.png","width":4304,"height":1186,"caption":"Tribunal Judicial da Comarca de Faro"},"image":{"@id":"https:\/\/comarcas.csm.org.pt\/faro\/#\/schema\/logo\/image\/"}}]}},"_links":{"self":[{"href":"https:\/\/comarcas.csm.org.pt\/faro\/wp-json\/wp\/v2\/pages\/13084","targetHints":{"allow":["GET"]}}],"collection":[{"href":"https:\/\/comarcas.csm.org.pt\/faro\/wp-json\/wp\/v2\/pages"}],"about":[{"href":"https:\/\/comarcas.csm.org.pt\/faro\/wp-json\/wp\/v2\/types\/page"}],"author":[{"embeddable":true,"href":"https:\/\/comarcas.csm.org.pt\/faro\/wp-json\/wp\/v2\/users\/14"}],"replies":[{"embeddable":true,"href":"https:\/\/comarcas.csm.org.pt\/faro\/wp-json\/wp\/v2\/comments?post=13084"}],"version-history":[{"count":64,"href":"https:\/\/comarcas.csm.org.pt\/faro\/wp-json\/wp\/v2\/pages\/13084\/revisions"}],"predecessor-version":[{"id":14811,"href":"https:\/\/comarcas.csm.org.pt\/faro\/wp-json\/wp\/v2\/pages\/13084\/revisions\/14811"}],"wp:attachment":[{"href":"https:\/\/comarcas.csm.org.pt\/faro\/wp-json\/wp\/v2\/media?parent=13084"}],"curies":[{"name":"wp","href":"https:\/\/api.w.org\/{rel}","templated":true}]}}