{"id":11330,"date":"2024-05-22T09:33:02","date_gmt":"2024-05-22T09:33:02","guid":{"rendered":"https:\/\/aveiro.vvr.pt\/?page_id=11330"},"modified":"2026-04-29T10:46:42","modified_gmt":"2026-04-29T10:46:42","slug":"instrumentos-de-gestao","status":"publish","type":"page","link":"https:\/\/comarcas.csm.org.pt\/leiria\/instrumentos-de-gestao\/","title":{"rendered":"Instrumentos de Gest\u00e3o"},"content":{"rendered":"\t\t<div data-elementor-type=\"wp-page\" data-elementor-id=\"11330\" class=\"elementor elementor-11330\" data-elementor-post-type=\"page\">\n\t\t\t\t<div class=\"elementor-element elementor-element-c33158e e-flex e-con-boxed e-con e-parent\" data-id=\"c33158e\" data-element_type=\"container\">\n\t\t\t\t\t<div class=\"e-con-inner\">\n\t\t\t\t<div class=\"elementor-element elementor-element-01f6d37 elementor-tabs-view-vertical elementor-widget elementor-widget-tabs\" data-id=\"01f6d37\" data-element_type=\"widget\" data-widget_type=\"tabs.default\">\n\t\t\t\t<div class=\"elementor-widget-container\">\n\t\t\t\t\t\t\t<div class=\"elementor-tabs\">\n\t\t\t<div class=\"elementor-tabs-wrapper\" role=\"tablist\" >\n\t\t\t\t\t\t\t\t\t<div id=\"elementor-tab-title-2051\" class=\"elementor-tab-title elementor-tab-desktop-title\" aria-selected=\"true\" data-tab=\"1\" role=\"tab\" tabindex=\"0\" aria-controls=\"elementor-tab-content-2051\" aria-expanded=\"false\">Distribui\u00e7\u00e3o ordin\u00e1ria<\/div>\n\t\t\t\t\t\t\t\t\t<div id=\"elementor-tab-title-2052\" class=\"elementor-tab-title elementor-tab-desktop-title\" aria-selected=\"false\" data-tab=\"2\" role=\"tab\" tabindex=\"-1\" aria-controls=\"elementor-tab-content-2052\" aria-expanded=\"false\">Medidas de gest\u00e3o<\/div>\n\t\t\t\t\t\t\t\t\t<div id=\"elementor-tab-title-2053\" class=\"elementor-tab-title elementor-tab-desktop-title\" aria-selected=\"false\" data-tab=\"3\" role=\"tab\" tabindex=\"-1\" aria-controls=\"elementor-tab-content-2053\" aria-expanded=\"false\">Plano de atividades<\/div>\n\t\t\t\t\t\t\t\t\t<div id=\"elementor-tab-title-2054\" class=\"elementor-tab-title elementor-tab-desktop-title\" aria-selected=\"false\" data-tab=\"4\" role=\"tab\" tabindex=\"-1\" aria-controls=\"elementor-tab-content-2054\" aria-expanded=\"false\">Regulamentos<\/div>\n\t\t\t\t\t\t\t\t\t<div id=\"elementor-tab-title-2055\" class=\"elementor-tab-title elementor-tab-desktop-title\" aria-selected=\"false\" data-tab=\"5\" role=\"tab\" tabindex=\"-1\" aria-controls=\"elementor-tab-content-2055\" aria-expanded=\"false\">Relat\u00f3rio Anual da Comarca <\/div>\n\t\t\t\t\t\t\t\t\t<div id=\"elementor-tab-title-2056\" class=\"elementor-tab-title elementor-tab-desktop-title\" aria-selected=\"false\" data-tab=\"6\" role=\"tab\" tabindex=\"-1\" aria-controls=\"elementor-tab-content-2056\" aria-expanded=\"false\">Relat\u00f3rio de atividades<\/div>\n\t\t\t\t\t\t\t\t\t<div id=\"elementor-tab-title-2057\" class=\"elementor-tab-title elementor-tab-desktop-title\" aria-selected=\"false\" data-tab=\"7\" role=\"tab\" tabindex=\"-1\" aria-controls=\"elementor-tab-content-2057\" aria-expanded=\"false\">Turnos<\/div>\n\t\t\t\t\t\t\t<\/div>\n\t\t\t<div class=\"elementor-tabs-content-wrapper\" role=\"tablist\" aria-orientation=\"vertical\">\n\t\t\t\t\t\t\t\t\t<div class=\"elementor-tab-title elementor-tab-mobile-title\" aria-selected=\"true\" data-tab=\"1\" role=\"tab\" tabindex=\"0\" aria-controls=\"elementor-tab-content-2051\" aria-expanded=\"false\">Distribui\u00e7\u00e3o ordin\u00e1ria<\/div>\n\t\t\t\t\t<div id=\"elementor-tab-content-2051\" class=\"elementor-tab-content elementor-clearfix\" data-tab=\"1\" role=\"tabpanel\" aria-labelledby=\"elementor-tab-title-2051\" tabindex=\"0\" hidden=\"false\"><ul><li><a href=\"https:\/\/servicos.tribunais.org.pt\/servicos\/distribuicao-de-processos\/distribuicao-ordinaria\/tribunal-judicial-da-comarca-de-leiria\"><span style=\"color: #993300\"><strong>Publicidade da hora e local distribui\u00e7\u00e3o<\/strong><\/span><\/a><\/li><li><a href=\"https:\/\/servicos.tribunais.org.pt\/servicos\/distribuicao-de-processos\/condicionamentos\/tribunal-judicial-da-comarca-de-leiria\"><strong><span style=\"color: #993300\">Publicidade dos condicionalismos na distribui\u00e7\u00e3o<\/span><\/strong><\/a><\/li><\/ul><\/div>\n\t\t\t\t\t\t\t\t\t<div class=\"elementor-tab-title elementor-tab-mobile-title\" aria-selected=\"false\" data-tab=\"2\" role=\"tab\" tabindex=\"-1\" aria-controls=\"elementor-tab-content-2052\" aria-expanded=\"false\">Medidas de gest\u00e3o<\/div>\n\t\t\t\t\t<div id=\"elementor-tab-content-2052\" class=\"elementor-tab-content elementor-clearfix\" data-tab=\"2\" role=\"tabpanel\" aria-labelledby=\"elementor-tab-title-2052\" tabindex=\"0\" hidden=\"hidden\"><p><strong>setembro de 2025 a agosto 2026<\/strong><\/p><ul><li><span style=\"color: #993300\"><strong>J<a style=\"color: #993300\" href=\"https:\/\/comarcas.csm.org.pt\/leiria\/wp-content\/uploads\/sites\/16\/2026\/04\/JuizodeFamiliaeMenoresdeCaldasdaRainhaJuiz1-AfetacaoJuizArt.107o.pdf\">u\u00edzo de Fam\u00edlia e Menores de Caldas da Rainha, Juiz 1 &#8211; Afeta\u00e7\u00e3o de Juiz do art.\u00ba 107.<\/a>\u00ba<\/strong><\/span><\/li><li><a style=\"letter-spacing: 0.3px\" href=\"https:\/\/comarcas.csm.org.pt\/leiria\/wp-content\/uploads\/sites\/16\/2026\/03\/JuizodeFamiliaeMenoresdeCaldasdaRainhaJuiz1-AcumulacaodeFuncoes-Prorrogacao.pdf\"><strong><span style=\"color: #993300\">Ju\u00edzo de Fam\u00edlia e Menores de Caldas da Rainha, Juiz 1 &#8211; Acumula\u00e7\u00e3o de fun\u00e7\u00f5es<\/span><\/strong><\/a><\/li><li><a href=\"https:\/\/comarcas.csm.org.pt\/leiria\/wp-content\/uploads\/sites\/16\/2026\/03\/Juizo-Central-Criminal-de-Leiria-Juiz-3-Afetacao-de-Juiz-do-art.107o.pdf\"><strong><span style=\"color: #993300\">Ju\u00edzo Central Criminal de Leiria, Juiz 3 &#8211; Afeta\u00e7\u00e3o de Juiz do art\u00ba 107\u00ba<\/span><\/strong><\/a><\/li><li><a href=\"https:\/\/comarcas.csm.org.pt\/leiria\/wp-content\/uploads\/sites\/16\/2026\/02\/JuizodeFamiliaeMenoresdeCaldasdaRainhaJuiz1-AcumulacaodeFuncoes.pdf\"><strong><span style=\"color: #993300\">Ju\u00edzo de Fam\u00edlia e Menores de Caldas da Rainha, Juiz 1 &#8211; Acumula\u00e7\u00e3o de fun\u00e7\u00f5es<\/span><\/strong><\/a><\/li><li><a href=\"https:\/\/comarcas.csm.org.pt\/leiria\/wp-content\/uploads\/sites\/16\/2026\/02\/Reafetacao-Juiz-auxiliardoJuizodeFamiliaeMenoresdeLeiria.pdf\"><span style=\"color: #993300\"><strong>Ju\u00edzo Fam\u00edlia e Menores de Leiria e Ju\u00edzo de Fam\u00edlia e Menores de Caldas da Rainha, Juiz 1 &#8211; Interrup\u00e7\u00e3o de fun\u00e7\u00f5es e reafeta\u00e7\u00e3o de juiz auxiliar<\/strong><\/span><\/a><\/li><li><a href=\"https:\/\/comarcas.csm.org.pt\/leiria\/wp-content\/uploads\/sites\/16\/2026\/02\/Juizo-Local-Civel-de-Leiria-Juiz-3-e-Juizo-de-Competencia-Generica-da-Nazare-prorrogacao.pdf\"><span style=\"color: #993300\"><strong>Ju\u00edzo Local C\u00edvel de Leiria e Ju\u00edzo de Compet\u00eancia Gen\u00e9rica da Nazar\u00e9<\/strong><\/span><\/a><\/li><li><a href=\"https:\/\/comarcas.csm.org.pt\/leiria\/wp-content\/uploads\/sites\/16\/2025\/10\/Juizo-Local-Civel-de-Leiria-Juiz-3-e-Juizo-de-Competencia-Generica-da-Nazare.pdf\"><span style=\"color: #993300\"><strong>Ju\u00edzo Local C\u00edvel de Leiria e Ju\u00edzo de Compet\u00eancia Gen\u00e9rica da Nazar\u00e9<\/strong><\/span><\/a><\/li><li><a href=\"https:\/\/comarcas.csm.org.pt\/leiria\/wp-content\/uploads\/sites\/16\/2025\/10\/Juizo-Local-Civel-de-Alcobaca-Acumulacao-de-funcoes.pdf\"><strong><span style=\"color: #993300\">Ju\u00edzo Local C\u00edvel de Alcoba\u00e7a &#8211; Acumula\u00e7\u00e3o de fun\u00e7\u00f5es<\/span><\/strong><\/a><\/li><li><a href=\"https:\/\/comarcas.csm.org.pt\/leiria\/wp-content\/uploads\/sites\/16\/2025\/09\/Juizo-de-Competencia-Generica-de-Figueiro-dos-Vinhos-Acumulacao-de-Funcoes.pdf\"><span style=\"font-family: var(--global-body-font-family);letter-spacing: 0.3px\"><span style=\"color: #993300\"><strong>Ju\u00edzo de Compet\u00eancia Gen\u00e9rica de Figueir\u00f3 dos Vinhos &#8211; Acumula\u00e7\u00e3o de Fun\u00e7\u00f5es<\/strong><\/span><\/span><\/a><\/li><li><a href=\"https:\/\/comarcas.csm.org.pt\/leiria\/wp-content\/uploads\/sites\/16\/2025\/09\/Juizo-Local-Civel-de-Alcobaca.pdf\"><span style=\"font-family: var(--global-body-font-family);letter-spacing: 0.3px\"><span style=\"color: #993300\"><strong>Ju\u00edzo Local C\u00edvel de Alcoba\u00e7a<\/strong><\/span><\/span><\/a><\/li><li><span style=\"font-family: var(--global-body-font-family);letter-spacing: 0.3px\"><span style=\"color: #993300\"><strong><span style=\"color: #993300\"><a style=\"color: #993300\" href=\"https:\/\/comarcas.csm.org.pt\/leiria\/wp-content\/uploads\/sites\/16\/2025\/09\/Regime-Generico-de-Substituicao-de-Juizes-de-Direito.pdf\">Regime Gen\u00e9rico de Substitui\u00e7\u00e3o de Ju\u00edzes de Direito<\/a><\/span>\u00a0<\/strong><\/span><\/span><\/li><li><span style=\"font-family: var(--global-body-font-family);letter-spacing: 0.3px\"><a href=\"https:\/\/comarcas.csm.org.pt\/leiria\/wp-content\/uploads\/sites\/16\/2025\/09\/Prorrogacao-do-Regime-Generico-de-Substituicao-de-Juizes-de-Direito.pdf\"><span style=\"color: #993300\"><strong>Prorroga\u00e7\u00e3o do Regime Gen\u00e9rico de Substitui\u00e7\u00e3o de Ju\u00edzes de Direito (setembro 2025)<\/strong><\/span><\/a><\/span><\/li><li><a href=\"https:\/\/comarcas.csm.org.pt\/leiria\/wp-content\/uploads\/sites\/16\/2025\/09\/Juizo-Local-Criminal-de-Caldas-da-Rainha-Substituicao-do-Juiz-1.pdf\"><strong><span style=\"color: #993300\">Ju\u00edzo Local Criminal de Caldas da Rainha &#8211; Substitui\u00e7\u00e3o do Juiz 1<\/span><\/strong><\/a><\/li><li><a href=\"https:\/\/comarcas.csm.org.pt\/leiria\/wp-content\/uploads\/sites\/16\/2025\/09\/Juizo-Local-Civel-de-Leiria-Substituicao-do-Juiz-3.pdf\"><strong><span style=\"color: #993300\">Ju\u00edzo Local C\u00edvel de Leiria &#8211; Substitui\u00e7\u00e3o do Juiz 3<\/span><\/strong><\/a><\/li><li><a href=\"https:\/\/comarcas.csm.org.pt\/leiria\/wp-content\/uploads\/sites\/16\/2025\/09\/Juizo-Local-Civel-de-Caldas-da-Rainha-Divisao-de-servico.pdf\"><strong><span style=\"color: #993300\">Ju\u00edzo Local C\u00edvel de Caldas da Rainha &#8211; Divis\u00e3o de servi\u00e7o<\/span><\/strong><\/a><\/li><li><a href=\"https:\/\/comarcas.csm.org.pt\/leiria\/wp-content\/uploads\/sites\/16\/2025\/09\/Juizo-do-Trabalho-de-Leiria-Juiz-3-Acumulacao-de-Funcoes.pdf\"><span style=\"color: #993300\"><strong>Ju\u00edzo do Trabalho de Leiria, Juiz 3 &#8211; Acumula\u00e7\u00e3o de Fun\u00e7\u00f5es<\/strong><\/span><\/a><\/li><li><a href=\"https:\/\/comarcas.csm.org.pt\/leiria\/wp-content\/uploads\/sites\/16\/2025\/09\/Juizo-de-Instrucao-Criminal-de-Leiria.pdf\"><span style=\"color: #993300\"><strong>Ju\u00edzo de Instru\u00e7\u00e3o Criminal de Leiria<\/strong><\/span><\/a><\/li><li><a href=\"https:\/\/comarcas.csm.org.pt\/leiria\/wp-content\/uploads\/sites\/16\/2025\/09\/Juizo-de-Competencia-Generica-de-Figueiro-dos-Vinhos.pdf\"><span style=\"color: #993300\"><strong>Ju\u00edzo de Compet\u00eancia Gen\u00e9rica de Figueir\u00f3 dos Vinhos<\/strong><\/span><\/a><\/li><li><a href=\"https:\/\/comarcas.csm.org.pt\/leiria\/wp-content\/uploads\/sites\/16\/2025\/09\/Afetacao-de-servico-Juiz-auxiliar-Juizos-de-Familia-e-Menores-de-Leiria-e-de-Competencia-Generica-de-Peniche.pdf\"><span style=\"color: #993300\"><strong>Afeta\u00e7\u00e3o de servi\u00e7o &#8211; Juiz auxiliar &#8211; Ju\u00edzos de Fam\u00edlia e Menores de Leiria e de Compet\u00eancia Gen\u00e9rica de Peniche<\/strong><\/span><\/a><\/li><\/ul><p><strong style=\"letter-spacing: 0.3px\">setembro de 2024 a agosto 2025<\/strong><\/p><ul><li><span style=\"font-family: var(--global-body-font-family);letter-spacing: 0.3px\">.<a href=\"https:\/\/comarcas.csm.org.pt\/leiria\/wp-content\/uploads\/sites\/16\/2025\/06\/Juizo-de-Competencia-Generica-de-Peniche-Afetacao-de-servico-Juiz-QCJC.pdf\"><span style=\"color: #993300\"><strong>Ju\u00edzo de Compet\u00eancia Gen\u00e9rica de Peniche &#8211; Afeta\u00e7\u00e3o de servi\u00e7o<\/strong><\/span><\/a><\/span><\/li><li><a href=\"https:\/\/comarcas.csm.org.pt\/leiria\/wp-content\/uploads\/sites\/16\/2025\/05\/12_Juizo-de-Familia-e-Menores-de-Caldas-da-Rainha-Juiz-2-Acumulacao-de-funcoes.pdf\"><span style=\"color: #993300\"><strong>Ju\u00edzo de Fam\u00edlia e Menores de Caldas da Rainha, Juiz 2 &#8211; Acumula\u00e7\u00e3o de servi\u00e7o<\/strong><\/span><\/a><\/li><li><a href=\"https:\/\/comarcas.csm.org.pt\/leiria\/wp-content\/uploads\/sites\/16\/2025\/05\/11_Juizo-do-Trabalho-de-Leiria-Juiz-2-Acumulacao-de-funcoes.pdf\"><strong><span style=\"color: #993300\">Ju\u00edzo do Trabalho de Leiria, Juiz 2 &#8211; Acumula\u00e7\u00e3o de servi\u00e7o<\/span><\/strong><\/a><\/li><li><a href=\"https:\/\/comarcas.csm.org.pt\/leiria\/wp-content\/uploads\/sites\/16\/2025\/05\/10_Juizo-Local-Civel-de-Caldas-da-Rainha-Divisao-de-servico.pdf\"><strong><span style=\"color: #993300\">Ju\u00edzo Local C\u00edvel de Caldas da Rainha &#8211; Divis\u00e3o de servi\u00e7o<\/span><\/strong><\/a><\/li><li><a href=\"https:\/\/comarcas.csm.org.pt\/leiria\/wp-content\/uploads\/sites\/16\/2025\/05\/9_Juizo-de-Competencia-Generica-de-Peniche-Divisao-de-servico.pdf\"><span style=\"color: #993300\"><strong>Ju\u00edzo de Compet\u00eancia Gen\u00e9rica de Peniche &#8211; Divis\u00e3o de servi\u00e7o<\/strong><\/span><\/a><\/li><li><a href=\"https:\/\/comarcas.csm.org.pt\/leiria\/wp-content\/uploads\/sites\/16\/2025\/05\/8_Juizo-Central-Criminal-de-Leiria-substituicao-do-Juiz-3-Acumulacao-de-funcoes.pdf\"><span style=\"color: #993300\"><strong>Ju\u00edzo Central Criminal de Leiria, substitui\u00e7\u00e3o do Juiz 3 &#8211; Acumula\u00e7\u00e3o de fun\u00e7\u00f5es<\/strong><\/span><\/a><\/li><li><a href=\"https:\/\/comarcas.csm.org.pt\/leiria\/wp-content\/uploads\/sites\/16\/2025\/05\/6_Juiz-do-QCJC-Dr.-Jorge-Almeida-Afetacao-de-servico.pdf\"><span style=\"color: #993300\"><strong>Juiz do QCJC, Dr Jorge Almeida &#8211; Afeta\u00e7\u00e3o de servi\u00e7o<\/strong><\/span><\/a><\/li><li><a href=\"https:\/\/comarcas.csm.org.pt\/leiria\/wp-content\/uploads\/sites\/16\/2025\/05\/5_Juiz-do-QCJC-Dra.-Camila-Miranda-da-Silva-Afetacao-de-servico.pdf\"><span style=\"color: #993300\"><strong>Juiz do QCJC, Dra Camila Miranda da Silva &#8211; Afeta\u00e7\u00e3o de servi\u00e7o<\/strong><\/span><\/a><\/li><li><a href=\"https:\/\/comarcas.csm.org.pt\/leiria\/wp-content\/uploads\/sites\/16\/2025\/05\/5_Juiz-do-artigo-107o-juizos-centrais-e-outros-Afetacao-de-servico.pdf\"><span style=\"color: #993300\"><strong>Juiz do artigo 107\u00ba, Ju\u00edzos centrais e outros &#8211; Afeta\u00e7\u00e3o de servi\u00e7o<\/strong><\/span><\/a><\/li><li><a style=\"color: #333333\" href=\"https:\/\/comarcas.csm.org.pt\/leiria\/wp-content\/uploads\/sites\/16\/2025\/05\/4_Juiz-do-artigo-107o-juizos-locais-Afetacao-de-servico.pdf\"><span style=\"color: #993300\"><strong>Juiz do artigo 107\u00ba, Ju\u00edzos locais, Afeta\u00e7\u00e3o de servi\u00e7o<\/strong><\/span><\/a><\/li><li><a style=\"color: #333333\" href=\"https:\/\/comarcas.csm.org.pt\/leiria\/wp-content\/uploads\/sites\/16\/2025\/05\/3_Juizo-de-Instrucao-Criminal-de-Leiria-Juiz-3-Acumulacao-de-funcoes.pdf\"><span style=\"color: #993300\"><strong>Ju\u00edzo de Instru\u00e7\u00e3o Criminal de Leiria, Juiz 3 &#8211; Acumula\u00e7\u00e3o de fun\u00e7\u00f5es<\/strong><\/span><\/a><\/li><li><a style=\"color: #333333\" href=\"https:\/\/comarcas.csm.org.pt\/leiria\/wp-content\/uploads\/sites\/16\/2025\/05\/2_Juizo-do-Trabalho-de-Leiria-Juiz-3-Acumulacao-de-funcoes.pdf\"><span style=\"color: #993300\"><strong>Ju\u00edzo\u00a0<\/strong><\/span><\/a><a style=\"color: #333333\" href=\"https:\/\/comarcas.csm.org.pt\/leiria\/wp-content\/uploads\/sites\/16\/2025\/05\/2_Juizo-do-Trabalho-de-Leiria-Juiz-3-Acumulacao-de-funcoes.pdf\"><span style=\"color: #993300\"><strong>do Trabalho de Leiria, Juiz 3 &#8211; Acumula\u00e7\u00e3o de fun\u00e7\u00f5es<\/strong><\/span><\/a><\/li><li><span style=\"color: #993300\"><a style=\"color: #993300\" href=\"https:\/\/comarcas.csm.org.pt\/leiria\/wp-content\/uploads\/sites\/16\/2025\/05\/1_Regime-Generico-de-Substituicao-de-Juizes-de-Direito.pdf\"><span style=\"letter-spacing: 0.3px\"><strong>Regime Gen\u00e9rico de Substitui\u00e7\u00e3o de Juizes de Direito<\/strong><\/span><\/a><\/span><\/li><\/ul><\/div>\n\t\t\t\t\t\t\t\t\t<div class=\"elementor-tab-title elementor-tab-mobile-title\" aria-selected=\"false\" data-tab=\"3\" role=\"tab\" tabindex=\"-1\" aria-controls=\"elementor-tab-content-2053\" aria-expanded=\"false\">Plano de atividades<\/div>\n\t\t\t\t\t<div id=\"elementor-tab-content-2053\" class=\"elementor-tab-content elementor-clearfix\" data-tab=\"3\" role=\"tabpanel\" aria-labelledby=\"elementor-tab-title-2053\" tabindex=\"0\" hidden=\"hidden\"><p><strong>Plano anual de atividades da Comarca de\u00a0<\/strong><\/p><p>Estamos em desenvolvimento&#8230;<\/p><\/div>\n\t\t\t\t\t\t\t\t\t<div class=\"elementor-tab-title elementor-tab-mobile-title\" aria-selected=\"false\" data-tab=\"4\" role=\"tab\" tabindex=\"-1\" aria-controls=\"elementor-tab-content-2054\" aria-expanded=\"false\">Regulamentos<\/div>\n\t\t\t\t\t<div id=\"elementor-tab-content-2054\" class=\"elementor-tab-content elementor-clearfix\" data-tab=\"4\" role=\"tabpanel\" aria-labelledby=\"elementor-tab-title-2054\" tabindex=\"0\" hidden=\"hidden\"><ul><li><a href=\"https:\/\/comarcas.csm.org.pt\/leiria\/wp-content\/uploads\/sites\/16\/2025\/05\/1_Regulamento-Conselho-Gestao.pdf\"><span style=\"color: #993300\"><strong>Regulamento do Conselho de Gest\u00e3o<\/strong><\/span><\/a><\/li><li><a href=\"https:\/\/comarcas.csm.org.pt\/leiria\/wp-content\/uploads\/sites\/16\/2025\/07\/REGULAMENTO-INTERNO-DOS-SERVICOS-JUDICIAIS-DO-TRIBUNAL-JUDICIAL-DA-COMARCA-DE-LEIRIA_14.07.2025.pdf\"><strong><span style=\"color: #993300\">Regulamento Interno dos Servi\u00e7os Judiciais da Comarca<\/span><\/strong><\/a><\/li><li><a href=\"https:\/\/comarcas.csm.org.pt\/leiria\/wp-content\/uploads\/sites\/16\/2025\/05\/3_Regulamento-CC-aprovado-em-12-de-Dezembro-de-2014.pdf\"><span style=\"color: #993300\"><strong>Regulamento do Conselho Consultivo<\/strong><\/span><\/a><\/li><li><span style=\"color: #993300\"><a style=\"color: #993300\" href=\"https:\/\/comarcas.csm.org.pt\/leiria\/wp-content\/uploads\/sites\/16\/2025\/05\/4_Regulamento-Eleitoral-Conselho-Consultivo-Comarca-de-Leiria-versao-final-Outubro-2014.pdf\"><strong>Regulamento da Elei\u00e7\u00e3o dos Representantes do Conselho Consultivo<\/strong><\/a><\/span><\/li><\/ul><\/div>\n\t\t\t\t\t\t\t\t\t<div class=\"elementor-tab-title elementor-tab-mobile-title\" aria-selected=\"false\" data-tab=\"5\" role=\"tab\" tabindex=\"-1\" aria-controls=\"elementor-tab-content-2055\" aria-expanded=\"false\">Relat\u00f3rio Anual da Comarca <\/div>\n\t\t\t\t\t<div id=\"elementor-tab-content-2055\" class=\"elementor-tab-content elementor-clearfix\" data-tab=\"5\" role=\"tabpanel\" aria-labelledby=\"elementor-tab-title-2055\" tabindex=\"0\" hidden=\"hidden\"><ul><li><a href=\"https:\/\/comarcas.csm.org.pt\/leiria\/wp-content\/uploads\/sites\/16\/2026\/03\/Comarca-Leiria_Relatorio_Anual_2025.pdf\"><span style=\"color: #993300\"><strong>Relatorio Anual 2025<\/strong><span style=\"color: #000000\">\u00a0&#8211; <\/span><span style=\"color: #000000\">Comarca Leiria<\/span><\/span><\/a><\/li><li><span style=\"color: #993300\"><a style=\"color: #993300\" href=\"https:\/\/comarcas.csm.org.pt\/leiria\/wp-content\/uploads\/sites\/16\/2025\/04\/Comarca-Leiria_-Relatorio_Anual_2024.pdf\" target=\"_blank\" rel=\"noopener\"><strong>Relatorio Anual 2024<\/strong><\/a><span style=\"color: #000000\"> &#8211; <\/span><span style=\"color: #000000\">Comarca Leiria<\/span><\/span><\/li><li><span style=\"color: #993300\"><a href=\"https:\/\/comarcas.csm.org.pt\/leiria\/wp-content\/uploads\/sites\/16\/2025\/04\/Comarca-Leiria_Relatorio_Anual_2023.pdf\"><strong><span style=\"color: #993300\">Relatorio<\/span> <span style=\"color: #993300\">Anual<\/span> <span style=\"color: #993300\">2023 <\/span><\/strong><\/a><span style=\"color: #000000\">&#8211; Comarca Leiria<\/span><\/span><\/li><li><span style=\"color: #993300\"><strong><a style=\"color: #993300\" href=\"https:\/\/comarcas.csm.org.pt\/leiria\/wp-content\/uploads\/sites\/16\/2025\/04\/Comarca-Leiria_Relatorio_Anual_2022.pdf\">Relatorio Anual 2022 <\/a><\/strong><span style=\"color: #000000\">&#8211; Comarca Leiria<\/span><\/span><\/li><li><span style=\"color: #993300\"><a style=\"color: #993300\" href=\"https:\/\/comarcas.csm.org.pt\/leiria\/wp-content\/uploads\/sites\/16\/2025\/04\/Comarca-Leiria_Relatorio_Anual_2021.pdf\"><strong>Relatorio Anual 2021<\/strong> <span style=\"color: #000000\">&#8211;\u00a0Comarca Leiria<\/span><\/a><\/span><\/li><li><span style=\"color: #993300\"><strong><a style=\"color: #993300\" href=\"https:\/\/comarcas.csm.org.pt\/leiria\/wp-content\/uploads\/sites\/16\/2025\/04\/Comarca-Leiria_Relatorio_Anual_2020.pdf\">Relatorio Anual 2020 <\/a><\/strong><span style=\"color: #000000\">&#8211; Comarca Leiria<\/span><\/span><\/li><li><span style=\"color: #993300\"><strong><a style=\"color: #993300\" href=\"https:\/\/comarcas.csm.org.pt\/leiria\/wp-content\/uploads\/sites\/16\/2025\/04\/Comarca-Leiria_Relatorio_Anual_2017.pdf\">Relat\u00f3rio<\/a> <span style=\"color: #993300\"><a style=\"color: #993300\" href=\"https:\/\/comarcas.csm.org.pt\/leiria\/wp-content\/uploads\/sites\/16\/2025\/04\/Comarca-Leiria_Relatorio_Anual_2019.pdf\">Anual<\/a> <\/span><a style=\"color: #993300\" href=\"https:\/\/comarcas.csm.org.pt\/leiria\/wp-content\/uploads\/sites\/16\/2025\/04\/Comarca-Leiria_Relatorio_Anual_2019.pdf\">2019 <\/a><\/strong><span style=\"color: #000000\">&#8211; Comarca Leiria<\/span><\/span><\/li><li><span style=\"color: #993300\"><a style=\"color: #993300\" href=\"https:\/\/comarcas.csm.org.pt\/leiria\/wp-content\/uploads\/sites\/16\/2025\/04\/Comarca-Leiria_Relatorio_Anual_2018.pdf\"><strong>Relat\u00f3rio Anual 2018 <\/strong><\/a><span style=\"color: #000000\">&#8211; Comarca Leiria<\/span><\/span><\/li><li><span style=\"color: #993300\"><a style=\"color: #993300\" href=\"https:\/\/comarcas.csm.org.pt\/leiria\/wp-content\/uploads\/sites\/16\/2025\/04\/Comarca-Leiria_Relatorio_Anual_2017.pdf\"><strong>Relat\u00f3rio Anual 2017<\/strong><\/a><span style=\"color: #000000\"> &#8211; Comarca Leiria<\/span><\/span><\/li><li><span style=\"color: #993300\"><a style=\"color: #993300\" href=\"https:\/\/comarcas.csm.org.pt\/leiria\/wp-content\/uploads\/sites\/16\/2025\/04\/Comarca-Leiria_Relatorio_1-de-Setembro-de-2015-a-31-de-Agosto-de-2016.pdf\"><strong>Relat\u00f3rio Anual 2016 <\/strong><span style=\"color: #000000\">&#8211; Comarca Leiria (01\/09\/2015 a 31\/08\/2016)<\/span><\/a><\/span><\/li><li><span style=\"color: #993300\"><a style=\"color: #993300\" href=\"https:\/\/comarcas.csm.org.pt\/leiria\/wp-content\/uploads\/sites\/16\/2025\/04\/Relatorio-anual-TC-Leiria-Setembro-de-2014-a-Agosto-de-2015.pdf\"><strong>Relat\u00f3rio Anual 2015<\/strong><span style=\"color: #000000\"> &#8211; <\/span><span style=\"color: #000000\">Comarca Leiria (01\/09\/2014 a 31\/08\/2015)<\/span><\/a><\/span><\/li><\/ul><\/div>\n\t\t\t\t\t\t\t\t\t<div class=\"elementor-tab-title elementor-tab-mobile-title\" aria-selected=\"false\" data-tab=\"6\" role=\"tab\" tabindex=\"-1\" aria-controls=\"elementor-tab-content-2056\" aria-expanded=\"false\">Relat\u00f3rio de atividades<\/div>\n\t\t\t\t\t<div id=\"elementor-tab-content-2056\" class=\"elementor-tab-content elementor-clearfix\" data-tab=\"6\" role=\"tabpanel\" aria-labelledby=\"elementor-tab-title-2056\" tabindex=\"0\" hidden=\"hidden\"><p><strong>Relat\u00f3rio de atividades da Comarca de<\/strong><\/p><p>Estamos em desenvolvimento&#8230;<\/p><\/div>\n\t\t\t\t\t\t\t\t\t<div class=\"elementor-tab-title elementor-tab-mobile-title\" aria-selected=\"false\" data-tab=\"7\" role=\"tab\" tabindex=\"-1\" aria-controls=\"elementor-tab-content-2057\" aria-expanded=\"false\">Turnos<\/div>\n\t\t\t\t\t<div id=\"elementor-tab-content-2057\" class=\"elementor-tab-content elementor-clearfix\" data-tab=\"7\" role=\"tabpanel\" aria-labelledby=\"elementor-tab-title-2057\" tabindex=\"0\" hidden=\"hidden\"><ul><li><a href=\"https:\/\/comarcas.csm.org.pt\/leiria\/wp-content\/uploads\/sites\/16\/2025\/10\/2474_001.pdf\"><strong><span style=\"color: #993300\">Mapa de turnos de f\u00e9rias judiciais<\/span><\/strong> (Natal de 2025, P\u00e1scoa e ver\u00e3o de 2026)<\/a><\/li><li><a href=\"https:\/\/comarcas.csm.org.pt\/leiria\/wp-content\/uploads\/sites\/16\/2025\/07\/DRE_Despacho_8220-2025-de-16-07-2025_Turnos_sabados-e-feriados_2025-2026.pdf\"><strong><span style=\"color: #993300\">Mapa de turnos de s\u00e1bados e feriados<\/span> <\/strong>(setembro de 2025 a agosto de 2026)<\/a><\/li><li><a href=\"https:\/\/comarcas.csm.org.pt\/leiria\/wp-content\/uploads\/sites\/16\/2025\/05\/DRE-Mapa-turnos-sabados-e-feriados_2024_2025.pdf\"><strong><span style=\"color: #993300\">Mapa de turnos de s\u00e1bados e feriados<\/span> <\/strong>(setembro de 2024 a agosto de 2025)<\/a><\/li><\/ul><\/div>\n\t\t\t\t\t\t\t<\/div>\n\t\t<\/div>\n\t\t\t\t\t\t<\/div>\n\t\t\t\t<\/div>\n\t\t\t\t\t<\/div>\n\t\t\t\t<\/div>\n\t\t\t\t<\/div>\n\t\t","protected":false},"excerpt":{"rendered":"<p>Distribui\u00e7\u00e3o ordin\u00e1ria Medidas de gest\u00e3o Plano de atividades Regulamentos Relat\u00f3rio Anual da Comarca Relat\u00f3rio de atividades Turnos Distribui\u00e7\u00e3o ordin\u00e1ria Publicidade da hora e local distribui\u00e7\u00e3o Publicidade dos condicionalismos na distribui\u00e7\u00e3o Medidas de gest\u00e3o setembro de 2025 a agosto 2026 Ju\u00edzo de Fam\u00edlia e Menores de Caldas da Rainha, Juiz 1 &#8211; Afeta\u00e7\u00e3o de Juiz do&#8230;<\/p>\n","protected":false},"author":1,"featured_media":0,"parent":0,"menu_order":0,"comment_status":"closed","ping_status":"closed","template":"","meta":{"_tbt_post_transparent":"","_tbt_post_title":"","_tbt_post_layout":"","_tbt_post_sidebar_id":"","_tbt_post_content_style":"","_tbt_post_vertical_padding":"","_tbt_post_feature":"","_tbt_post_feature_position":"","_tbt_post_header":false,"_tbt_post_footer":false},"class_list":["post-11330","page","type-page","status-publish","hentry"],"yoast_head":"<!-- This site is optimized with the Yoast SEO plugin v25.6 - https:\/\/yoast.com\/wordpress\/plugins\/seo\/ -->\n<title>Instrumentos de Gest\u00e3o - Tribunal Judicial da Comarca de Leiria<\/title>\n<meta name=\"robots\" content=\"index, follow, max-snippet:-1, max-image-preview:large, max-video-preview:-1\" \/>\n<link rel=\"canonical\" href=\"https:\/\/comarcas.csm.org.pt\/leiria\/instrumentos-de-gestao\/\" \/>\n<meta property=\"og:locale\" content=\"pt_PT\" \/>\n<meta property=\"og:type\" content=\"article\" \/>\n<meta property=\"og:title\" content=\"Instrumentos de Gest\u00e3o - Tribunal Judicial da Comarca de Leiria\" \/>\n<meta property=\"og:description\" content=\"Distribui\u00e7\u00e3o ordin\u00e1ria Medidas de gest\u00e3o Plano de atividades Regulamentos Relat\u00f3rio Anual da Comarca Relat\u00f3rio de atividades Turnos Distribui\u00e7\u00e3o ordin\u00e1ria Publicidade da hora e local distribui\u00e7\u00e3o Publicidade dos condicionalismos na distribui\u00e7\u00e3o Medidas de gest\u00e3o setembro de 2025 a agosto 2026 Ju\u00edzo de Fam\u00edlia e Menores de Caldas da Rainha, Juiz 1 &#8211; Afeta\u00e7\u00e3o de Juiz do...\" \/>\n<meta property=\"og:url\" content=\"https:\/\/comarcas.csm.org.pt\/leiria\/instrumentos-de-gestao\/\" \/>\n<meta property=\"og:site_name\" content=\"Tribunal Judicial da Comarca de Leiria\" \/>\n<meta property=\"article:modified_time\" content=\"2026-04-29T10:46:42+00:00\" \/>\n<meta name=\"twitter:card\" content=\"summary_large_image\" \/>\n<meta name=\"twitter:label1\" content=\"Tempo estimado de leitura\" \/>\n\t<meta name=\"twitter:data1\" content=\"4 minutos\" \/>\n<script type=\"application\/ld+json\" class=\"yoast-schema-graph\">{\"@context\":\"https:\/\/schema.org\",\"@graph\":[{\"@type\":\"WebPage\",\"@id\":\"https:\/\/comarcas.csm.org.pt\/leiria\/instrumentos-de-gestao\/\",\"url\":\"https:\/\/comarcas.csm.org.pt\/leiria\/instrumentos-de-gestao\/\",\"name\":\"Instrumentos de Gest\u00e3o - Tribunal Judicial da Comarca de Leiria\",\"isPartOf\":{\"@id\":\"https:\/\/comarcas.csm.org.pt\/leiria\/#website\"},\"datePublished\":\"2024-05-22T09:33:02+00:00\",\"dateModified\":\"2026-04-29T10:46:42+00:00\",\"breadcrumb\":{\"@id\":\"https:\/\/comarcas.csm.org.pt\/leiria\/instrumentos-de-gestao\/#breadcrumb\"},\"inLanguage\":\"pt-PT\",\"potentialAction\":[{\"@type\":\"ReadAction\",\"target\":[\"https:\/\/comarcas.csm.org.pt\/leiria\/instrumentos-de-gestao\/\"]}]},{\"@type\":\"BreadcrumbList\",\"@id\":\"https:\/\/comarcas.csm.org.pt\/leiria\/instrumentos-de-gestao\/#breadcrumb\",\"itemListElement\":[{\"@type\":\"ListItem\",\"position\":1,\"name\":\"In\u00edcio\",\"item\":\"https:\/\/comarcas.csm.org.pt\/leiria\/\"},{\"@type\":\"ListItem\",\"position\":2,\"name\":\"Instrumentos de Gest\u00e3o\"}]},{\"@type\":\"WebSite\",\"@id\":\"https:\/\/comarcas.csm.org.pt\/leiria\/#website\",\"url\":\"https:\/\/comarcas.csm.org.pt\/leiria\/\",\"name\":\"Tribunal Judicial da Comarca de Leiria\",\"description\":\"Tribunal Judicial da Comarca de Aveiro\",\"publisher\":{\"@id\":\"https:\/\/comarcas.csm.org.pt\/leiria\/#organization\"},\"potentialAction\":[{\"@type\":\"SearchAction\",\"target\":{\"@type\":\"EntryPoint\",\"urlTemplate\":\"https:\/\/comarcas.csm.org.pt\/leiria\/?s={search_term_string}\"},\"query-input\":{\"@type\":\"PropertyValueSpecification\",\"valueRequired\":true,\"valueName\":\"search_term_string\"}}],\"inLanguage\":\"pt-PT\"},{\"@type\":\"Organization\",\"@id\":\"https:\/\/comarcas.csm.org.pt\/leiria\/#organization\",\"name\":\"Tribunal Judicial da Comarca de Leiria\",\"url\":\"https:\/\/comarcas.csm.org.pt\/leiria\/\",\"logo\":{\"@type\":\"ImageObject\",\"inLanguage\":\"pt-PT\",\"@id\":\"https:\/\/comarcas.csm.org.pt\/leiria\/#\/schema\/logo\/image\/\",\"url\":\"https:\/\/comarcas.csm.org.pt\/leiria\/wp-content\/uploads\/sites\/16\/2024\/11\/Leiria_positivo-horizontal.png\",\"contentUrl\":\"https:\/\/comarcas.csm.org.pt\/leiria\/wp-content\/uploads\/sites\/16\/2024\/11\/Leiria_positivo-horizontal.png\",\"width\":5088,\"height\":890,\"caption\":\"Tribunal Judicial da Comarca de Leiria\"},\"image\":{\"@id\":\"https:\/\/comarcas.csm.org.pt\/leiria\/#\/schema\/logo\/image\/\"}}]}<\/script>\n<!-- \/ Yoast SEO plugin. -->","yoast_head_json":{"title":"Instrumentos de Gest\u00e3o - Tribunal Judicial da Comarca de Leiria","robots":{"index":"index","follow":"follow","max-snippet":"max-snippet:-1","max-image-preview":"max-image-preview:large","max-video-preview":"max-video-preview:-1"},"canonical":"https:\/\/comarcas.csm.org.pt\/leiria\/instrumentos-de-gestao\/","og_locale":"pt_PT","og_type":"article","og_title":"Instrumentos de Gest\u00e3o - Tribunal Judicial da Comarca de Leiria","og_description":"Distribui\u00e7\u00e3o ordin\u00e1ria Medidas de gest\u00e3o Plano de atividades Regulamentos Relat\u00f3rio Anual da Comarca Relat\u00f3rio de atividades Turnos Distribui\u00e7\u00e3o ordin\u00e1ria Publicidade da hora e local distribui\u00e7\u00e3o Publicidade dos condicionalismos na distribui\u00e7\u00e3o Medidas de gest\u00e3o setembro de 2025 a agosto 2026 Ju\u00edzo de Fam\u00edlia e Menores de Caldas da Rainha, Juiz 1 &#8211; Afeta\u00e7\u00e3o de Juiz do...","og_url":"https:\/\/comarcas.csm.org.pt\/leiria\/instrumentos-de-gestao\/","og_site_name":"Tribunal Judicial da Comarca de Leiria","article_modified_time":"2026-04-29T10:46:42+00:00","twitter_card":"summary_large_image","twitter_misc":{"Tempo estimado de leitura":"4 minutos"},"schema":{"@context":"https:\/\/schema.org","@graph":[{"@type":"WebPage","@id":"https:\/\/comarcas.csm.org.pt\/leiria\/instrumentos-de-gestao\/","url":"https:\/\/comarcas.csm.org.pt\/leiria\/instrumentos-de-gestao\/","name":"Instrumentos de Gest\u00e3o - Tribunal Judicial da Comarca de Leiria","isPartOf":{"@id":"https:\/\/comarcas.csm.org.pt\/leiria\/#website"},"datePublished":"2024-05-22T09:33:02+00:00","dateModified":"2026-04-29T10:46:42+00:00","breadcrumb":{"@id":"https:\/\/comarcas.csm.org.pt\/leiria\/instrumentos-de-gestao\/#breadcrumb"},"inLanguage":"pt-PT","potentialAction":[{"@type":"ReadAction","target":["https:\/\/comarcas.csm.org.pt\/leiria\/instrumentos-de-gestao\/"]}]},{"@type":"BreadcrumbList","@id":"https:\/\/comarcas.csm.org.pt\/leiria\/instrumentos-de-gestao\/#breadcrumb","itemListElement":[{"@type":"ListItem","position":1,"name":"In\u00edcio","item":"https:\/\/comarcas.csm.org.pt\/leiria\/"},{"@type":"ListItem","position":2,"name":"Instrumentos de Gest\u00e3o"}]},{"@type":"WebSite","@id":"https:\/\/comarcas.csm.org.pt\/leiria\/#website","url":"https:\/\/comarcas.csm.org.pt\/leiria\/","name":"Tribunal Judicial da Comarca de Leiria","description":"Tribunal Judicial da Comarca de Aveiro","publisher":{"@id":"https:\/\/comarcas.csm.org.pt\/leiria\/#organization"},"potentialAction":[{"@type":"SearchAction","target":{"@type":"EntryPoint","urlTemplate":"https:\/\/comarcas.csm.org.pt\/leiria\/?s={search_term_string}"},"query-input":{"@type":"PropertyValueSpecification","valueRequired":true,"valueName":"search_term_string"}}],"inLanguage":"pt-PT"},{"@type":"Organization","@id":"https:\/\/comarcas.csm.org.pt\/leiria\/#organization","name":"Tribunal Judicial da Comarca de Leiria","url":"https:\/\/comarcas.csm.org.pt\/leiria\/","logo":{"@type":"ImageObject","inLanguage":"pt-PT","@id":"https:\/\/comarcas.csm.org.pt\/leiria\/#\/schema\/logo\/image\/","url":"https:\/\/comarcas.csm.org.pt\/leiria\/wp-content\/uploads\/sites\/16\/2024\/11\/Leiria_positivo-horizontal.png","contentUrl":"https:\/\/comarcas.csm.org.pt\/leiria\/wp-content\/uploads\/sites\/16\/2024\/11\/Leiria_positivo-horizontal.png","width":5088,"height":890,"caption":"Tribunal Judicial da Comarca de Leiria"},"image":{"@id":"https:\/\/comarcas.csm.org.pt\/leiria\/#\/schema\/logo\/image\/"}}]}},"_links":{"self":[{"href":"https:\/\/comarcas.csm.org.pt\/leiria\/wp-json\/wp\/v2\/pages\/11330","targetHints":{"allow":["GET"]}}],"collection":[{"href":"https:\/\/comarcas.csm.org.pt\/leiria\/wp-json\/wp\/v2\/pages"}],"about":[{"href":"https:\/\/comarcas.csm.org.pt\/leiria\/wp-json\/wp\/v2\/types\/page"}],"author":[{"embeddable":true,"href":"https:\/\/comarcas.csm.org.pt\/leiria\/wp-json\/wp\/v2\/users\/1"}],"replies":[{"embeddable":true,"href":"https:\/\/comarcas.csm.org.pt\/leiria\/wp-json\/wp\/v2\/comments?post=11330"}],"version-history":[{"count":230,"href":"https:\/\/comarcas.csm.org.pt\/leiria\/wp-json\/wp\/v2\/pages\/11330\/revisions"}],"predecessor-version":[{"id":13687,"href":"https:\/\/comarcas.csm.org.pt\/leiria\/wp-json\/wp\/v2\/pages\/11330\/revisions\/13687"}],"wp:attachment":[{"href":"https:\/\/comarcas.csm.org.pt\/leiria\/wp-json\/wp\/v2\/media?parent=11330"}],"curies":[{"name":"wp","href":"https:\/\/api.w.org\/{rel}","templated":true}]}}