{"id":11359,"date":"2024-05-22T11:36:09","date_gmt":"2024-05-22T11:36:09","guid":{"rendered":"https:\/\/aveiro.vvr.pt\/?page_id=11359"},"modified":"2025-05-28T10:33:41","modified_gmt":"2025-05-28T10:33:41","slug":"rgpd","status":"publish","type":"page","link":"https:\/\/comarcas.csm.org.pt\/leiria\/cidadao\/rgpd\/","title":{"rendered":"RGPD"},"content":{"rendered":"\t\t<div data-elementor-type=\"wp-page\" data-elementor-id=\"11359\" class=\"elementor elementor-11359\" data-elementor-post-type=\"page\">\n\t\t\t\t<div class=\"elementor-element elementor-element-be4dfc3 e-flex e-con-boxed e-con e-parent\" data-id=\"be4dfc3\" data-element_type=\"container\">\n\t\t\t\t\t<div class=\"e-con-inner\">\n\t\t\t\t<div class=\"elementor-element elementor-element-7e07987 elementor-widget elementor-widget-text-editor\" data-id=\"7e07987\" data-element_type=\"widget\" data-widget_type=\"text-editor.default\">\n\t\t\t\t<div class=\"elementor-widget-container\">\n\t\t\t\t\t\t\t\t\t<h5><strong>Regulamento Geral sobre a Prote\u00e7\u00e3o de Dados<\/strong><\/h5>\n<p>Conforme consta do portal eletr\u00f3nico do Conselho Superior da Magistratura, o <em>\u00abRegulamento Geral sobre a Prote\u00e7\u00e3o de Dados (\u201cRGPD\u201d) entrou em vigor em maio de 2016 e \u00e9 aplic\u00e1vel em toda a Uni\u00e3o Europeia (UE) desde 25 de maio de 2018, tendo introduzido profundas altera\u00e7\u00f5es nas obriga\u00e7\u00f5es e nos deveres das organiza\u00e7\u00f5es em mat\u00e9ria de prote\u00e7\u00e3o de dados pessoais, das quais se destacam as seguintes:<\/em><\/p>\n<ol>\n<li><em>Cria\u00e7\u00e3o de novos direitos dos titulares dos dados pessoais, como o direito \u00e0 portabilidade dos dados, o direito ao esquecimento, o direito de acesso, o direito \u00e0 retifica\u00e7\u00e3o, o direito ao apagamento, o direito \u00e0 oposi\u00e7\u00e3o e \u00e0 revoga\u00e7\u00e3o do consentimento, a limita\u00e7\u00e3o ao tratamento necess\u00e1rio \u00e0 finalidade;<\/em><\/li>\n<li><em>Introdu\u00e7\u00e3o de novas regras de responsabiliza\u00e7\u00e3o dos fornecedores de bens e prestadores de servi\u00e7os que tratam dados pessoais por conta do respons\u00e1vel pelo tratamento (os designados \u201csubcontratantes\u201d) quanto ao cumprimento do RGPD;<\/em><\/li>\n<li><em>Introdu\u00e7\u00e3o de novas exig\u00eancias quanto \u00e0 validade da recolha do consentimento do titular para o tratamento de dados pessoais (manifesta\u00e7\u00e3o de vontade expressa, livre, espec\u00edfica, informada e inequ\u00edvoca do titular dos dados);<\/em><\/li>\n<li><em>Cria\u00e7\u00e3o de uma nova fun\u00e7\u00e3o atrav\u00e9s da figura do Encarregado da Prote\u00e7\u00e3o de Dados (Data Protection Officer), que reporta ao mais alto n\u00edvel da \u201cDire\u00e7\u00e3o\u201d e tem por fun\u00e7\u00e3o zelar pelo cumprimento das obriga\u00e7\u00f5es do RGPD e servir de elo de liga\u00e7\u00e3o com a Autoridade de Controlo Nacional (a Comiss\u00e3o Nacional de Prote\u00e7\u00e3o de Dados \u2013 CNPD), e com os titulares dos dados pessoais.<\/em><\/li>\n<\/ol>\n<p><em>\u00a0<\/em><em>Em virtude das atribui\u00e7\u00f5es constitucionais e legais do Conselho Superior da Magistratura (CSM), essa implementa\u00e7\u00e3o assume duas dimens\u00f5es simult\u00e2neas: uma relativa aos dados judiciais \u2013 aqueles constantes dos processos judiciais \u2013 e a outra, aos dados pessoais depositados no pr\u00f3prio CSM \u2013 relativos ao corpo de funcion\u00e1rios que aqui prestam fun\u00e7\u00f5es, a todo o conjunto dos magistrados judiciais, e aos restantes cidad\u00e3os que se nos dirigem.<\/em><\/p>\n<p><em>O Conselho Superior da Magistratura, enquanto respons\u00e1vel pelo tratamento de dados, com a supervis\u00e3o da Encarregada de Prote\u00e7\u00e3o de Dados (EPD\/DPO), desde o in\u00edcio da entrada em vigor do RGPD tem vindo a tomar as medidas necess\u00e1rias para cumprir e comprovar o cumprimento do Regulamento e a adequa\u00e7\u00e3o e efic\u00e1cia das medidas t\u00e9cnicas e organizativas implementadas.<\/em><\/p>\n<p><em>Neste sentido, o Conselho Superior da Magistratura enquanto \u00f3rg\u00e3o superior de gest\u00e3o e disciplina da magistratura judicial, assume um claro compromisso pela conformidade das regras impostas pelo Regulamento Geral da Prote\u00e7\u00e3o de Dados, assegurando aos titulares dos dados pessoais a efetividade do exerc\u00edcio dos seus direitos e colocando ao dispor a sua <\/em><a href=\"https:\/\/csm.org.pt\/wp-content\/uploads\/2025\/03\/20210406_Politica_privacidade_e_protecao_dados_pessoais.pdf\"><em>Pol\u00edtica de Privacidade e Prote\u00e7\u00e3o de Dados Pessoais<\/em><\/a><em>.<\/em>\u00bb<\/p>\n<p>Para saber mais informa\u00e7\u00f5es, por favor, consulte o seguinte link <a href=\"https:\/\/csm.org.pt\/rgpd\/\">https:\/\/csm.org.pt\/rgpd\/<\/a><\/p>\n<p><u>Contactos<\/u><\/p>\n<p>S\u00e3o garantidos os direitos de acesso, retifica\u00e7\u00e3o, altera\u00e7\u00e3o, oposi\u00e7\u00e3o ao tratamento, portabilidade, elimina\u00e7\u00e3o e limita\u00e7\u00e3o do tratamento dos dados pessoais, nos termos legalmente permitidos, atrav\u00e9s dos seguintes contactos:<\/p>\n<p>E-mail: <a href=\"mailto:epd@csm.org.pt\">epd@csm.org.pt<\/a><\/p>\n<p><span style=\"background-color: transparent;letter-spacing: 0.3px\">Morada: Juiz Secret\u00e1rio,\u00a0<\/span><span style=\"background-color: transparent;letter-spacing: 0.3px\">Conselho Superior da Magistratura<\/span><\/p>\n<p>Rua Duque de Palmela n.\u00ba 231250-097 Lisboa<\/p>\n<p><strong>Tratamento de dados nos processos judiciais<\/strong><\/p>\n<p><strong>\u00a0<\/strong><span style=\"background-color: transparent;letter-spacing: 0.3px\">A atividade jurisdicional dos ju\u00edzes relativa ao tratamento de dados pessoais nos processos judiciais, para os efeitos do RGPD, \u00e9 exercida com base em regras e mecanismos de controlo espec\u00edficos (artigos 23\u00ba, n\u00ba1, al\u00edneas d) e f), 24\u00ba, n\u00ba1 e 55\u00ba, n\u00ba3 do RGPD e 68\u00ba da Lei n\u00ba59\/2019, de 8 de agosto), pelo que o artigo 37\u00ba, n\u00ba1, al\u00ednea a), do RGPD exceciona da obriga\u00e7\u00e3o de nomear EPD os tribunais quando atuam no exerc\u00edcio da sua fun\u00e7\u00e3o judicial.<\/span><\/p>\n<p>O regime jur\u00eddico aplic\u00e1vel ao tratamento de dados referentes ao sistema judicial est\u00e1 previsto na Lei n\u00ba34\/2009, de 14 de julho, com as altera\u00e7\u00f5es introduzidas pela Lei n\u00ba30\/2017, de 30 de maio.<\/p>\n<p>Em consequ\u00eancia, faz-se notar que as fun\u00e7\u00f5es do EPD s\u00f3 se exercem no \u00e2mbito da atividade administrativa dos tribunais e n\u00e3o relativamente aos dados judiciais, sendo assegurados pelo juiz titular do respetivo processo (artigo 24\u00ba, n\u00ba7, da Lei n\u00ba 34\/2009, de 14 de julho):<\/p>\n<p><span style=\"background-color: transparent;letter-spacing: 0.3px\">a) O direito de informa\u00e7\u00e3o e o direito de acesso aos dados pelo respetivo titular;<\/span><\/p>\n<p><span style=\"background-color: transparent;letter-spacing: 0.3px\">b) A atualiza\u00e7\u00e3o dos dados, bem como a corre\u00e7\u00e3o dos que sejam inexatos, o preenchimento daqueles que total ou parcialmente omissos e a supress\u00e3o dos dados indevidamente registados.<\/span><\/p>\n<p><span style=\"background-color: transparent;letter-spacing: 0.3px\">c) As demais compet\u00eancias previstas na Lei da Prote\u00e7\u00e3o de Dados Pessoais, aprovada pela Lei n.\u00ba 67\/98, de 26 de outubro.<\/span><\/p>\n<h5>\u00a0 <strong>\u00a0 LEGISLA\u00c7\u00c3O<\/strong><\/h5>\n<ul style=\"margin: 0px 0px 32px;letter-spacing: 0.3px\">\n<li>\n<p><a style=\"letter-spacing: 0.3px\" href=\"https:\/\/eur-lex.europa.eu\/legal-content\/PT\/TXT\/PDF\/?uri=OJ:L:2016:119:FULL&amp;from=EN\"><strong><span style=\"color: #993300\">Regulamento (UE) 2016\/679 do Parlamento Europeu e do Conselho, de 27 de abril de 2016<\/span><\/strong><\/a><\/p>\n<\/li>\n<li>\n<p><a style=\"color: #333333\" href=\"https:\/\/eur-lex.europa.eu\/legal-content\/PT\/TXT\/PDF\/?uri=OJ:L:2018:127:FULL&amp;from=PT#%FE%FF%00O%00J%00X%000%000%000%002%000%001%00P%00T\"><strong><span style=\"color: #993300\">Retifica\u00e7\u00e3o do Regulamento (UE) 2016\/679 do Parlamento Europeu e do Conselho. de 27 de abril de 2016<\/span><\/strong><\/a><\/p>\n<\/li>\n<li>\n<p><strong><span style=\"color: #993300\"><a style=\"color: #993300\" href=\"https:\/\/diariodarepublica.pt\/dr\/detalhe\/lei\/58-2019-123815982\">Lei 58\/2019 de 8 de agosto &#8211; Assegura a execu\u00e7\u00e3o, na ordem jur\u00eddica nacional, do <\/a><a style=\"color: #993300\" title=\"Link para Regulamento da Uni\u00e3o Europeia\" href=\"http:\/\/data.europa.eu\/eli\/reg\/2016\/679\/oj?locale=pt\" target=\"_blank\" rel=\"nofollow noopener noreferrer\">Regulamento (UE) 2016\/679<\/a><a style=\"color: #993300\" href=\"https:\/\/diariodarepublica.pt\/dr\/detalhe\/lei\/58-2019-123815982\"> do Parlamento e do Conselho, de 27 de abril de 2016, relativo \u00e0 prote\u00e7\u00e3o das pessoas singulares no que diz respeito ao tratamento de dados pessoais e \u00e0 livre circula\u00e7\u00e3o desses dados<\/a><\/span><\/strong><\/p>\n<\/li>\n<li>\n<p><a href=\"https:\/\/diariodarepublica.pt\/dr\/legislacao-consolidada\/lei\/2009-107794521\"><span style=\"color: #993300\"><strong>Lei 34\/2009, de 114 de julho. <span style=\"letter-spacing: 0.3px\">Regime jur\u00eddico aplic\u00e1vel ao tratamento de dados referentes ao sistema judicial<\/span><\/strong><\/span><\/a><\/p>\n<\/li>\n<\/ul>\n<p><!-- \/wp:heading --><\/p>\t\t\t\t\t\t\t\t<\/div>\n\t\t\t\t<\/div>\n\t\t\t\t\t<\/div>\n\t\t\t\t<\/div>\n\t\t\t\t<\/div>\n\t\t","protected":false},"excerpt":{"rendered":"<p>Regulamento Geral sobre a Prote\u00e7\u00e3o de Dados Conforme consta do portal eletr\u00f3nico do Conselho Superior da Magistratura, o \u00abRegulamento Geral sobre a Prote\u00e7\u00e3o de Dados (\u201cRGPD\u201d) entrou em vigor em maio de 2016 e \u00e9 aplic\u00e1vel em toda a Uni\u00e3o Europeia (UE) desde 25 de maio de 2018, tendo introduzido profundas altera\u00e7\u00f5es nas obriga\u00e7\u00f5es e&#8230;<\/p>\n","protected":false},"author":1,"featured_media":0,"parent":11404,"menu_order":0,"comment_status":"closed","ping_status":"closed","template":"","meta":{"_tbt_post_transparent":"","_tbt_post_title":"","_tbt_post_layout":"","_tbt_post_sidebar_id":"","_tbt_post_content_style":"","_tbt_post_vertical_padding":"","_tbt_post_feature":"","_tbt_post_feature_position":"","_tbt_post_header":false,"_tbt_post_footer":false},"class_list":["post-11359","page","type-page","status-publish","hentry"],"yoast_head":"<!-- This site is optimized with the Yoast SEO plugin v25.6 - https:\/\/yoast.com\/wordpress\/plugins\/seo\/ -->\n<title>RGPD - Tribunal Judicial da Comarca de Leiria<\/title>\n<meta name=\"robots\" content=\"index, follow, max-snippet:-1, max-image-preview:large, max-video-preview:-1\" \/>\n<link rel=\"canonical\" href=\"https:\/\/comarcas.csm.org.pt\/leiria\/cidadao\/rgpd\/\" \/>\n<meta property=\"og:locale\" content=\"pt_PT\" \/>\n<meta property=\"og:type\" content=\"article\" \/>\n<meta property=\"og:title\" content=\"RGPD - Tribunal Judicial da Comarca de Leiria\" \/>\n<meta property=\"og:description\" content=\"Regulamento Geral sobre a Prote\u00e7\u00e3o de Dados Conforme consta do portal eletr\u00f3nico do Conselho Superior da Magistratura, o \u00abRegulamento Geral sobre a Prote\u00e7\u00e3o de Dados (\u201cRGPD\u201d) entrou em vigor em maio de 2016 e \u00e9 aplic\u00e1vel em toda a Uni\u00e3o Europeia (UE) desde 25 de maio de 2018, tendo introduzido profundas altera\u00e7\u00f5es nas obriga\u00e7\u00f5es e...\" \/>\n<meta property=\"og:url\" content=\"https:\/\/comarcas.csm.org.pt\/leiria\/cidadao\/rgpd\/\" \/>\n<meta property=\"og:site_name\" content=\"Tribunal Judicial da Comarca de Leiria\" \/>\n<meta property=\"article:modified_time\" content=\"2025-05-28T10:33:41+00:00\" \/>\n<meta name=\"twitter:card\" content=\"summary_large_image\" \/>\n<meta name=\"twitter:label1\" content=\"Tempo estimado de leitura\" \/>\n\t<meta name=\"twitter:data1\" content=\"5 minutos\" \/>\n<script type=\"application\/ld+json\" class=\"yoast-schema-graph\">{\"@context\":\"https:\/\/schema.org\",\"@graph\":[{\"@type\":\"WebPage\",\"@id\":\"https:\/\/comarcas.csm.org.pt\/leiria\/cidadao\/rgpd\/\",\"url\":\"https:\/\/comarcas.csm.org.pt\/leiria\/cidadao\/rgpd\/\",\"name\":\"RGPD - Tribunal Judicial da Comarca de Leiria\",\"isPartOf\":{\"@id\":\"https:\/\/comarcas.csm.org.pt\/leiria\/#website\"},\"datePublished\":\"2024-05-22T11:36:09+00:00\",\"dateModified\":\"2025-05-28T10:33:41+00:00\",\"breadcrumb\":{\"@id\":\"https:\/\/comarcas.csm.org.pt\/leiria\/cidadao\/rgpd\/#breadcrumb\"},\"inLanguage\":\"pt-PT\",\"potentialAction\":[{\"@type\":\"ReadAction\",\"target\":[\"https:\/\/comarcas.csm.org.pt\/leiria\/cidadao\/rgpd\/\"]}]},{\"@type\":\"BreadcrumbList\",\"@id\":\"https:\/\/comarcas.csm.org.pt\/leiria\/cidadao\/rgpd\/#breadcrumb\",\"itemListElement\":[{\"@type\":\"ListItem\",\"position\":1,\"name\":\"In\u00edcio\",\"item\":\"https:\/\/comarcas.csm.org.pt\/leiria\/\"},{\"@type\":\"ListItem\",\"position\":2,\"name\":\"Cidad\u00e3o\",\"item\":\"https:\/\/comarcas.csm.org.pt\/leiria\/cidadao\/\"},{\"@type\":\"ListItem\",\"position\":3,\"name\":\"RGPD\"}]},{\"@type\":\"WebSite\",\"@id\":\"https:\/\/comarcas.csm.org.pt\/leiria\/#website\",\"url\":\"https:\/\/comarcas.csm.org.pt\/leiria\/\",\"name\":\"Tribunal Judicial da Comarca de Leiria\",\"description\":\"Tribunal Judicial da Comarca de Aveiro\",\"publisher\":{\"@id\":\"https:\/\/comarcas.csm.org.pt\/leiria\/#organization\"},\"potentialAction\":[{\"@type\":\"SearchAction\",\"target\":{\"@type\":\"EntryPoint\",\"urlTemplate\":\"https:\/\/comarcas.csm.org.pt\/leiria\/?s={search_term_string}\"},\"query-input\":{\"@type\":\"PropertyValueSpecification\",\"valueRequired\":true,\"valueName\":\"search_term_string\"}}],\"inLanguage\":\"pt-PT\"},{\"@type\":\"Organization\",\"@id\":\"https:\/\/comarcas.csm.org.pt\/leiria\/#organization\",\"name\":\"Tribunal Judicial da Comarca de Leiria\",\"url\":\"https:\/\/comarcas.csm.org.pt\/leiria\/\",\"logo\":{\"@type\":\"ImageObject\",\"inLanguage\":\"pt-PT\",\"@id\":\"https:\/\/comarcas.csm.org.pt\/leiria\/#\/schema\/logo\/image\/\",\"url\":\"https:\/\/comarcas.csm.org.pt\/leiria\/wp-content\/uploads\/sites\/16\/2024\/11\/Leiria_positivo-horizontal.png\",\"contentUrl\":\"https:\/\/comarcas.csm.org.pt\/leiria\/wp-content\/uploads\/sites\/16\/2024\/11\/Leiria_positivo-horizontal.png\",\"width\":5088,\"height\":890,\"caption\":\"Tribunal Judicial da Comarca de Leiria\"},\"image\":{\"@id\":\"https:\/\/comarcas.csm.org.pt\/leiria\/#\/schema\/logo\/image\/\"}}]}<\/script>\n<!-- \/ Yoast SEO plugin. -->","yoast_head_json":{"title":"RGPD - Tribunal Judicial da Comarca de Leiria","robots":{"index":"index","follow":"follow","max-snippet":"max-snippet:-1","max-image-preview":"max-image-preview:large","max-video-preview":"max-video-preview:-1"},"canonical":"https:\/\/comarcas.csm.org.pt\/leiria\/cidadao\/rgpd\/","og_locale":"pt_PT","og_type":"article","og_title":"RGPD - Tribunal Judicial da Comarca de Leiria","og_description":"Regulamento Geral sobre a Prote\u00e7\u00e3o de Dados Conforme consta do portal eletr\u00f3nico do Conselho Superior da Magistratura, o \u00abRegulamento Geral sobre a Prote\u00e7\u00e3o de Dados (\u201cRGPD\u201d) entrou em vigor em maio de 2016 e \u00e9 aplic\u00e1vel em toda a Uni\u00e3o Europeia (UE) desde 25 de maio de 2018, tendo introduzido profundas altera\u00e7\u00f5es nas obriga\u00e7\u00f5es e...","og_url":"https:\/\/comarcas.csm.org.pt\/leiria\/cidadao\/rgpd\/","og_site_name":"Tribunal Judicial da Comarca de Leiria","article_modified_time":"2025-05-28T10:33:41+00:00","twitter_card":"summary_large_image","twitter_misc":{"Tempo estimado de leitura":"5 minutos"},"schema":{"@context":"https:\/\/schema.org","@graph":[{"@type":"WebPage","@id":"https:\/\/comarcas.csm.org.pt\/leiria\/cidadao\/rgpd\/","url":"https:\/\/comarcas.csm.org.pt\/leiria\/cidadao\/rgpd\/","name":"RGPD - Tribunal Judicial da Comarca de Leiria","isPartOf":{"@id":"https:\/\/comarcas.csm.org.pt\/leiria\/#website"},"datePublished":"2024-05-22T11:36:09+00:00","dateModified":"2025-05-28T10:33:41+00:00","breadcrumb":{"@id":"https:\/\/comarcas.csm.org.pt\/leiria\/cidadao\/rgpd\/#breadcrumb"},"inLanguage":"pt-PT","potentialAction":[{"@type":"ReadAction","target":["https:\/\/comarcas.csm.org.pt\/leiria\/cidadao\/rgpd\/"]}]},{"@type":"BreadcrumbList","@id":"https:\/\/comarcas.csm.org.pt\/leiria\/cidadao\/rgpd\/#breadcrumb","itemListElement":[{"@type":"ListItem","position":1,"name":"In\u00edcio","item":"https:\/\/comarcas.csm.org.pt\/leiria\/"},{"@type":"ListItem","position":2,"name":"Cidad\u00e3o","item":"https:\/\/comarcas.csm.org.pt\/leiria\/cidadao\/"},{"@type":"ListItem","position":3,"name":"RGPD"}]},{"@type":"WebSite","@id":"https:\/\/comarcas.csm.org.pt\/leiria\/#website","url":"https:\/\/comarcas.csm.org.pt\/leiria\/","name":"Tribunal Judicial da Comarca de Leiria","description":"Tribunal Judicial da Comarca de Aveiro","publisher":{"@id":"https:\/\/comarcas.csm.org.pt\/leiria\/#organization"},"potentialAction":[{"@type":"SearchAction","target":{"@type":"EntryPoint","urlTemplate":"https:\/\/comarcas.csm.org.pt\/leiria\/?s={search_term_string}"},"query-input":{"@type":"PropertyValueSpecification","valueRequired":true,"valueName":"search_term_string"}}],"inLanguage":"pt-PT"},{"@type":"Organization","@id":"https:\/\/comarcas.csm.org.pt\/leiria\/#organization","name":"Tribunal Judicial da Comarca de Leiria","url":"https:\/\/comarcas.csm.org.pt\/leiria\/","logo":{"@type":"ImageObject","inLanguage":"pt-PT","@id":"https:\/\/comarcas.csm.org.pt\/leiria\/#\/schema\/logo\/image\/","url":"https:\/\/comarcas.csm.org.pt\/leiria\/wp-content\/uploads\/sites\/16\/2024\/11\/Leiria_positivo-horizontal.png","contentUrl":"https:\/\/comarcas.csm.org.pt\/leiria\/wp-content\/uploads\/sites\/16\/2024\/11\/Leiria_positivo-horizontal.png","width":5088,"height":890,"caption":"Tribunal Judicial da Comarca de Leiria"},"image":{"@id":"https:\/\/comarcas.csm.org.pt\/leiria\/#\/schema\/logo\/image\/"}}]}},"_links":{"self":[{"href":"https:\/\/comarcas.csm.org.pt\/leiria\/wp-json\/wp\/v2\/pages\/11359","targetHints":{"allow":["GET"]}}],"collection":[{"href":"https:\/\/comarcas.csm.org.pt\/leiria\/wp-json\/wp\/v2\/pages"}],"about":[{"href":"https:\/\/comarcas.csm.org.pt\/leiria\/wp-json\/wp\/v2\/types\/page"}],"author":[{"embeddable":true,"href":"https:\/\/comarcas.csm.org.pt\/leiria\/wp-json\/wp\/v2\/users\/1"}],"replies":[{"embeddable":true,"href":"https:\/\/comarcas.csm.org.pt\/leiria\/wp-json\/wp\/v2\/comments?post=11359"}],"version-history":[{"count":13,"href":"https:\/\/comarcas.csm.org.pt\/leiria\/wp-json\/wp\/v2\/pages\/11359\/revisions"}],"predecessor-version":[{"id":12372,"href":"https:\/\/comarcas.csm.org.pt\/leiria\/wp-json\/wp\/v2\/pages\/11359\/revisions\/12372"}],"up":[{"embeddable":true,"href":"https:\/\/comarcas.csm.org.pt\/leiria\/wp-json\/wp\/v2\/pages\/11404"}],"wp:attachment":[{"href":"https:\/\/comarcas.csm.org.pt\/leiria\/wp-json\/wp\/v2\/media?parent=11359"}],"curies":[{"name":"wp","href":"https:\/\/api.w.org\/{rel}","templated":true}]}}