{"id":11444,"date":"2024-05-22T13:08:12","date_gmt":"2024-05-22T13:08:12","guid":{"rendered":"https:\/\/aveiro.vvr.pt\/?page_id=11444"},"modified":"2025-07-02T11:10:00","modified_gmt":"2025-07-02T11:10:00","slug":"links","status":"publish","type":"page","link":"https:\/\/comarcas.csm.org.pt\/leiria\/cidadao\/links\/","title":{"rendered":"Links \u00dateis"},"content":{"rendered":"\t\t<div data-elementor-type=\"wp-page\" data-elementor-id=\"11444\" class=\"elementor elementor-11444\" data-elementor-post-type=\"page\">\n\t\t\t\t<div class=\"elementor-element elementor-element-af65e8b e-con-full e-flex e-con e-parent\" data-id=\"af65e8b\" data-element_type=\"container\">\n\t\t\t\t<div class=\"elementor-element elementor-element-133e8f8 btn100 elementor-button-info elementor-widget__width-initial elementor-align-center elementor-widget elementor-widget-button\" data-id=\"133e8f8\" data-element_type=\"widget\" data-widget_type=\"button.default\">\n\t\t\t\t<div class=\"elementor-widget-container\">\n\t\t\t\t\t\t\t\t\t<div class=\"elementor-button-wrapper\">\n\t\t\t\t\t<a class=\"elementor-button elementor-button-link elementor-size-sm\" href=\"https:\/\/csm.org.pt\/\">\n\t\t\t\t\t\t<span class=\"elementor-button-content-wrapper\">\n\t\t\t\t\t\t\t\t\t<span class=\"elementor-button-text\">CSM - Conselho Superior da Magistratura<\/span>\n\t\t\t\t\t<\/span>\n\t\t\t\t\t<\/a>\n\t\t\t\t<\/div>\n\t\t\t\t\t\t\t\t<\/div>\n\t\t\t\t<\/div>\n\t\t<div class=\"elementor-element elementor-element-2d5ea22 e-con-full e-flex e-con e-child\" data-id=\"2d5ea22\" data-element_type=\"container\">\n\t\t\t\t<div class=\"elementor-element elementor-element-e4a6e02 btn100 elementor-widget__width-initial elementor-button-info elementor-widget elementor-widget-button\" data-id=\"e4a6e02\" data-element_type=\"widget\" data-widget_type=\"button.default\">\n\t\t\t\t<div class=\"elementor-widget-container\">\n\t\t\t\t\t\t\t\t\t<div class=\"elementor-button-wrapper\">\n\t\t\t\t\t<a class=\"elementor-button elementor-button-link elementor-size-sm\" href=\"https:\/\/trc.pt\/\">\n\t\t\t\t\t\t<span class=\"elementor-button-content-wrapper\">\n\t\t\t\t\t\t\t\t\t<span class=\"elementor-button-text\">tribunal da rela\u00e7\u00e3o de coimbra<\/span>\n\t\t\t\t\t<\/span>\n\t\t\t\t\t<\/a>\n\t\t\t\t<\/div>\n\t\t\t\t\t\t\t\t<\/div>\n\t\t\t\t<\/div>\n\t\t\t\t<\/div>\n\t\t<div class=\"elementor-element elementor-element-a9cdf9f e-con-full e-flex e-con e-child\" data-id=\"a9cdf9f\" data-element_type=\"container\">\n\t\t\t\t<div class=\"elementor-element elementor-element-a7b16e1 btn100 elementor-button-info elementor-widget elementor-widget-button\" data-id=\"a7b16e1\" data-element_type=\"widget\" data-widget_type=\"button.default\">\n\t\t\t\t<div class=\"elementor-widget-container\">\n\t\t\t\t\t\t\t\t\t<div class=\"elementor-button-wrapper\">\n\t\t\t\t\t<a class=\"elementor-button elementor-button-link elementor-size-sm\" href=\"https:\/\/comarca-leiria.ministeriopublico.pt\/pagina\/atendimento-3\">\n\t\t\t\t\t\t<span class=\"elementor-button-content-wrapper\">\n\t\t\t\t\t\t\t\t\t<span class=\"elementor-button-text\">PROCURADORIA DA REP\u00daBLICA DA COMARCA DE LEIRIA<\/span>\n\t\t\t\t\t<\/span>\n\t\t\t\t\t<\/a>\n\t\t\t\t<\/div>\n\t\t\t\t\t\t\t\t<\/div>\n\t\t\t\t<\/div>\n\t\t\t\t<\/div>\n\t\t<div class=\"elementor-element elementor-element-65e641c e-con-full e-flex e-con e-child\" data-id=\"65e641c\" data-element_type=\"container\">\n\t\t\t\t<div class=\"elementor-element elementor-element-7ed05ff btn100 elementor-button-info elementor-widget elementor-widget-button\" data-id=\"7ed05ff\" data-element_type=\"widget\" data-widget_type=\"button.default\">\n\t\t\t\t<div class=\"elementor-widget-container\">\n\t\t\t\t\t\t\t\t\t<div class=\"elementor-button-wrapper\">\n\t\t\t\t\t<a class=\"elementor-button elementor-button-link elementor-size-sm\" href=\"https:\/\/justica.gov.pt\/Servicos\/Pedir-e-consultar-registo-criminal-de-pessoas\">\n\t\t\t\t\t\t<span class=\"elementor-button-content-wrapper\">\n\t\t\t\t\t\t\t\t\t<span class=\"elementor-button-text\">Pedir e consultar registo criminal<\/span>\n\t\t\t\t\t<\/span>\n\t\t\t\t\t<\/a>\n\t\t\t\t<\/div>\n\t\t\t\t\t\t\t\t<\/div>\n\t\t\t\t<\/div>\n\t\t\t\t<\/div>\n\t\t<div class=\"elementor-element elementor-element-b769724 e-con-full e-flex e-con e-child\" data-id=\"b769724\" data-element_type=\"container\">\n\t\t\t\t<div class=\"elementor-element elementor-element-cb3ffeb btn100 elementor-button-info elementor-widget elementor-widget-button\" data-id=\"cb3ffeb\" data-element_type=\"widget\" data-widget_type=\"button.default\">\n\t\t\t\t<div class=\"elementor-widget-container\">\n\t\t\t\t\t\t\t\t\t<div class=\"elementor-button-wrapper\">\n\t\t\t\t\t<a class=\"elementor-button elementor-button-link elementor-size-sm\" href=\"https:\/\/diariodarepublica.pt\/dr\/home\">\n\t\t\t\t\t\t<span class=\"elementor-button-content-wrapper\">\n\t\t\t\t\t\t\t\t\t<span class=\"elementor-button-text\">D.R. - di\u00e1rio da rep\u00fablica <\/span>\n\t\t\t\t\t<\/span>\n\t\t\t\t\t<\/a>\n\t\t\t\t<\/div>\n\t\t\t\t\t\t\t\t<\/div>\n\t\t\t\t<\/div>\n\t\t\t\t<\/div>\n\t\t\t\t<\/div>\n\t\t<div class=\"elementor-element elementor-element-06ce630 e-con-full e-flex e-con e-parent\" data-id=\"06ce630\" data-element_type=\"container\">\n\t\t<div class=\"elementor-element elementor-element-b17c477 e-con-full e-flex e-con e-child\" data-id=\"b17c477\" data-element_type=\"container\">\n\t\t\t\t<div class=\"elementor-element elementor-element-224bc6b btn100 elementor-widget__width-initial elementor-button-info elementor-widget elementor-widget-button\" data-id=\"224bc6b\" data-element_type=\"widget\" data-widget_type=\"button.default\">\n\t\t\t\t<div class=\"elementor-widget-container\">\n\t\t\t\t\t\t\t\t\t<div class=\"elementor-button-wrapper\">\n\t\t\t\t\t<a class=\"elementor-button elementor-button-link elementor-size-sm\" href=\"https:\/\/csm.org.pt\/canal-de-denuncia\/\">\n\t\t\t\t\t\t<span class=\"elementor-button-content-wrapper\">\n\t\t\t\t\t\t\t\t\t<span class=\"elementor-button-text\">Canal de Den\u00fancia do CSM<\/span>\n\t\t\t\t\t<\/span>\n\t\t\t\t\t<\/a>\n\t\t\t\t<\/div>\n\t\t\t\t\t\t\t\t<\/div>\n\t\t\t\t<\/div>\n\t\t\t\t<\/div>\n\t\t\t\t<div class=\"elementor-element elementor-element-50d2918 btn100 elementor-widget__width-initial elementor-button-info elementor-widget elementor-widget-button\" data-id=\"50d2918\" data-element_type=\"widget\" data-widget_type=\"button.default\">\n\t\t\t\t<div class=\"elementor-widget-container\">\n\t\t\t\t\t\t\t\t\t<div class=\"elementor-button-wrapper\">\n\t\t\t\t\t<a class=\"elementor-button elementor-button-link elementor-size-sm\" href=\"https:\/\/www.cnpdpcj.gov.pt\/contactos1\">\n\t\t\t\t\t\t<span class=\"elementor-button-content-wrapper\">\n\t\t\t\t\t\t\t\t\t<span class=\"elementor-button-text\">cpcj regional do centro - Comiss\u00e3o de prote\u00e7\u00e3o de crian\u00e7as e jovens<\/span>\n\t\t\t\t\t<\/span>\n\t\t\t\t\t<\/a>\n\t\t\t\t<\/div>\n\t\t\t\t\t\t\t\t<\/div>\n\t\t\t\t<\/div>\n\t\t<div class=\"elementor-element elementor-element-86a3e37 e-con-full e-flex e-con e-child\" data-id=\"86a3e37\" data-element_type=\"container\">\n\t\t\t\t<div class=\"elementor-element elementor-element-5b62a11 btn100 elementor-widget__width-initial elementor-button-info elementor-widget elementor-widget-button\" data-id=\"5b62a11\" data-element_type=\"widget\" data-widget_type=\"button.default\">\n\t\t\t\t<div class=\"elementor-widget-container\">\n\t\t\t\t\t\t\t\t\t<div class=\"elementor-button-wrapper\">\n\t\t\t\t\t<a class=\"elementor-button elementor-button-link elementor-size-sm\" href=\"https:\/\/www.seg-social.pt\/2025-1-semestre\">\n\t\t\t\t\t\t<span class=\"elementor-button-content-wrapper\">\n\t\t\t\t\t\t\t\t\t<span class=\"elementor-button-text\">Seguran\u00e7a Social Direta - Prote\u00e7\u00e3o jur\u00eddica\/apoio judici\u00e1rio <\/span>\n\t\t\t\t\t<\/span>\n\t\t\t\t\t<\/a>\n\t\t\t\t<\/div>\n\t\t\t\t\t\t\t\t<\/div>\n\t\t\t\t<\/div>\n\t\t\t\t<\/div>\n\t\t<div class=\"elementor-element elementor-element-88e03ea e-con-full e-flex e-con e-child\" data-id=\"88e03ea\" data-element_type=\"container\">\n\t\t\t\t<div class=\"elementor-element elementor-element-fbeb4a9 btn100 elementor-button-info elementor-widget__width-initial elementor-widget elementor-widget-button\" data-id=\"fbeb4a9\" data-element_type=\"widget\" data-widget_type=\"button.default\">\n\t\t\t\t<div class=\"elementor-widget-container\">\n\t\t\t\t\t\t\t\t\t<div class=\"elementor-button-wrapper\">\n\t\t\t\t\t<a class=\"elementor-button elementor-button-link elementor-size-sm\" href=\"https:\/\/comarca-leiria.ministeriopublico.pt\/destaque\/centro-de-atendimento-vitimas-de-violencia-domestica-do-distrito-de-leiria\">\n\t\t\t\t\t\t<span class=\"elementor-button-content-wrapper\">\n\t\t\t\t\t\t\t\t\t<span class=\"elementor-button-text\">Centro de atendimento \u00e0s v\u00edtimas de viol\u00eancia dom\u00e9stica do distrito de Leiria<\/span>\n\t\t\t\t\t<\/span>\n\t\t\t\t\t<\/a>\n\t\t\t\t<\/div>\n\t\t\t\t\t\t\t\t<\/div>\n\t\t\t\t<\/div>\n\t\t\t\t<\/div>\n\t\t\t\t<div class=\"elementor-element elementor-element-f96c1c4 btn100 elementor-widget__width-initial elementor-button-info elementor-widget elementor-widget-button\" data-id=\"f96c1c4\" data-element_type=\"widget\" data-widget_type=\"button.default\">\n\t\t\t\t<div class=\"elementor-widget-container\">\n\t\t\t\t\t\t\t\t\t<div class=\"elementor-button-wrapper\">\n\t\t\t\t\t<a class=\"elementor-button elementor-button-link elementor-size-sm\" href=\"https:\/\/comarca-leiria.ministeriopublico.pt\/destaque\/centro-de-atendimento-vitimas-de-violencia-domestica-do-distrito-de-leiria\">\n\t\t\t\t\t\t<span class=\"elementor-button-content-wrapper\">\n\t\t\t\t\t\t\t\t\t<span class=\"elementor-button-text\">Tribunal Constitucional<\/span>\n\t\t\t\t\t<\/span>\n\t\t\t\t\t<\/a>\n\t\t\t\t<\/div>\n\t\t\t\t\t\t\t\t<\/div>\n\t\t\t\t<\/div>\n\t\t\t\t<\/div>\n\t\t<div class=\"elementor-element elementor-element-9e5d809 e-con-full e-flex e-con e-parent\" data-id=\"9e5d809\" data-element_type=\"container\">\n\t\t<div class=\"elementor-element elementor-element-98edd5a e-con-full e-flex e-con e-child\" data-id=\"98edd5a\" data-element_type=\"container\">\n\t\t\t\t<div class=\"elementor-element elementor-element-e96d33d btn100 elementor-widget__width-initial elementor-button-info elementor-widget elementor-widget-button\" data-id=\"e96d33d\" data-element_type=\"widget\" data-widget_type=\"button.default\">\n\t\t\t\t<div class=\"elementor-widget-container\">\n\t\t\t\t\t\t\t\t\t<div class=\"elementor-button-wrapper\">\n\t\t\t\t\t<a class=\"elementor-button elementor-button-link elementor-size-sm\" href=\"https:\/\/www.stj.pt\/\">\n\t\t\t\t\t\t<span class=\"elementor-button-content-wrapper\">\n\t\t\t\t\t\t\t\t\t<span class=\"elementor-button-text\">Supremo Tribunal de Justi\u00e7a<\/span>\n\t\t\t\t\t<\/span>\n\t\t\t\t\t<\/a>\n\t\t\t\t<\/div>\n\t\t\t\t\t\t\t\t<\/div>\n\t\t\t\t<\/div>\n\t\t\t\t<\/div>\n\t\t\t\t<div class=\"elementor-element elementor-element-4126d46 btn100 elementor-widget__width-initial elementor-button-info elementor-widget elementor-widget-button\" data-id=\"4126d46\" data-element_type=\"widget\" data-widget_type=\"button.default\">\n\t\t\t\t<div class=\"elementor-widget-container\">\n\t\t\t\t\t\t\t\t\t<div class=\"elementor-button-wrapper\">\n\t\t\t\t\t<a class=\"elementor-button elementor-button-link elementor-size-sm\" href=\"https:\/\/e-justice.europa.eu\/home_pt\">\n\t\t\t\t\t\t<span class=\"elementor-button-content-wrapper\">\n\t\t\t\t\t\t\t\t\t<span class=\"elementor-button-text\">Portal europeu da justi\u00e7a<\/span>\n\t\t\t\t\t<\/span>\n\t\t\t\t\t<\/a>\n\t\t\t\t<\/div>\n\t\t\t\t\t\t\t\t<\/div>\n\t\t\t\t<\/div>\n\t\t<div class=\"elementor-element elementor-element-f959e4a e-con-full e-flex e-con e-child\" data-id=\"f959e4a\" data-element_type=\"container\">\n\t\t\t\t<div class=\"elementor-element elementor-element-23483d3 btn100 elementor-widget__width-initial elementor-button-info elementor-widget elementor-widget-button\" data-id=\"23483d3\" data-element_type=\"widget\" data-widget_type=\"button.default\">\n\t\t\t\t<div class=\"elementor-widget-container\">\n\t\t\t\t\t\t\t\t\t<div class=\"elementor-button-wrapper\">\n\t\t\t\t\t<a class=\"elementor-button elementor-button-link elementor-size-sm\" href=\"https:\/\/www.echr.coe.int\/\">\n\t\t\t\t\t\t<span class=\"elementor-button-content-wrapper\">\n\t\t\t\t\t\t\t\t\t<span class=\"elementor-button-text\">tribunal europeu dos direitos do homem<\/span>\n\t\t\t\t\t<\/span>\n\t\t\t\t\t<\/a>\n\t\t\t\t<\/div>\n\t\t\t\t\t\t\t\t<\/div>\n\t\t\t\t<\/div>\n\t\t\t\t<\/div>\n\t\t<div class=\"elementor-element elementor-element-a5cd50f e-con-full e-flex e-con e-child\" data-id=\"a5cd50f\" data-element_type=\"container\">\n\t\t\t\t<div class=\"elementor-element elementor-element-518419a btn100 elementor-button-info elementor-widget__width-initial elementor-widget elementor-widget-button\" data-id=\"518419a\" data-element_type=\"widget\" data-widget_type=\"button.default\">\n\t\t\t\t<div class=\"elementor-widget-container\">\n\t\t\t\t\t\t\t\t\t<div class=\"elementor-button-wrapper\">\n\t\t\t\t\t<a class=\"elementor-button elementor-button-link elementor-size-sm\" href=\"https:\/\/www.conselhodosjulgadosdepaz.com.pt\/contactos.asp\">\n\t\t\t\t\t\t<span class=\"elementor-button-content-wrapper\">\n\t\t\t\t\t\t\t\t\t<span class=\"elementor-button-text\">julgados de paz (distrito de leiria)<\/span>\n\t\t\t\t\t<\/span>\n\t\t\t\t\t<\/a>\n\t\t\t\t<\/div>\n\t\t\t\t\t\t\t\t<\/div>\n\t\t\t\t<\/div>\n\t\t\t\t<\/div>\n\t\t\t\t<\/div>\n\t\t<div class=\"elementor-element elementor-element-1a5f7ef e-grid e-con-boxed e-con e-parent\" data-id=\"1a5f7ef\" data-element_type=\"container\">\n\t\t\t\t\t<div class=\"e-con-inner\">\n\t\t\t\t\t<\/div>\n\t\t\t\t<\/div>\n\t\t\t\t<\/div>\n\t\t","protected":false},"excerpt":{"rendered":"<p>CSM &#8211; Conselho Superior da Magistratura tribunal da rela\u00e7\u00e3o de coimbra PROCURADORIA DA REP\u00daBLICA DA COMARCA DE LEIRIA Pedir e consultar registo criminal D.R. &#8211; di\u00e1rio da rep\u00fablica Canal de Den\u00fancia do CSM cpcj regional do centro &#8211; Comiss\u00e3o de prote\u00e7\u00e3o de crian\u00e7as e jovens Seguran\u00e7a Social Direta &#8211; Prote\u00e7\u00e3o jur\u00eddica\/apoio judici\u00e1rio Centro de atendimento&#8230;<\/p>\n","protected":false},"author":1,"featured_media":0,"parent":11404,"menu_order":0,"comment_status":"closed","ping_status":"closed","template":"","meta":{"_tbt_post_transparent":"","_tbt_post_title":"","_tbt_post_layout":"default","_tbt_post_sidebar_id":"","_tbt_post_content_style":"","_tbt_post_vertical_padding":"","_tbt_post_feature":"","_tbt_post_feature_position":"","_tbt_post_header":false,"_tbt_post_footer":false},"class_list":["post-11444","page","type-page","status-publish","hentry"],"yoast_head":"<!-- This site is optimized with the Yoast SEO plugin v25.6 - https:\/\/yoast.com\/wordpress\/plugins\/seo\/ -->\n<title>Links \u00dateis - Tribunal Judicial da Comarca de Leiria<\/title>\n<meta name=\"robots\" content=\"index, follow, max-snippet:-1, max-image-preview:large, max-video-preview:-1\" \/>\n<link rel=\"canonical\" href=\"https:\/\/comarcas.csm.org.pt\/leiria\/cidadao\/links\/\" \/>\n<meta property=\"og:locale\" content=\"pt_PT\" \/>\n<meta property=\"og:type\" content=\"article\" \/>\n<meta property=\"og:title\" content=\"Links \u00dateis - Tribunal Judicial da Comarca de Leiria\" \/>\n<meta property=\"og:description\" content=\"CSM &#8211; Conselho Superior da Magistratura tribunal da rela\u00e7\u00e3o de coimbra PROCURADORIA DA REP\u00daBLICA DA COMARCA DE LEIRIA Pedir e consultar registo criminal D.R. &#8211; di\u00e1rio da rep\u00fablica Canal de Den\u00fancia do CSM cpcj regional do centro &#8211; Comiss\u00e3o de prote\u00e7\u00e3o de crian\u00e7as e jovens Seguran\u00e7a Social Direta &#8211; Prote\u00e7\u00e3o jur\u00eddica\/apoio judici\u00e1rio Centro de atendimento...\" \/>\n<meta property=\"og:url\" content=\"https:\/\/comarcas.csm.org.pt\/leiria\/cidadao\/links\/\" \/>\n<meta property=\"og:site_name\" content=\"Tribunal Judicial da Comarca de Leiria\" \/>\n<meta property=\"article:modified_time\" content=\"2025-07-02T11:10:00+00:00\" \/>\n<meta name=\"twitter:card\" content=\"summary_large_image\" \/>\n<script type=\"application\/ld+json\" class=\"yoast-schema-graph\">{\"@context\":\"https:\/\/schema.org\",\"@graph\":[{\"@type\":\"WebPage\",\"@id\":\"https:\/\/comarcas.csm.org.pt\/leiria\/cidadao\/links\/\",\"url\":\"https:\/\/comarcas.csm.org.pt\/leiria\/cidadao\/links\/\",\"name\":\"Links \u00dateis - Tribunal Judicial da Comarca de Leiria\",\"isPartOf\":{\"@id\":\"https:\/\/comarcas.csm.org.pt\/leiria\/#website\"},\"datePublished\":\"2024-05-22T13:08:12+00:00\",\"dateModified\":\"2025-07-02T11:10:00+00:00\",\"breadcrumb\":{\"@id\":\"https:\/\/comarcas.csm.org.pt\/leiria\/cidadao\/links\/#breadcrumb\"},\"inLanguage\":\"pt-PT\",\"potentialAction\":[{\"@type\":\"ReadAction\",\"target\":[\"https:\/\/comarcas.csm.org.pt\/leiria\/cidadao\/links\/\"]}]},{\"@type\":\"BreadcrumbList\",\"@id\":\"https:\/\/comarcas.csm.org.pt\/leiria\/cidadao\/links\/#breadcrumb\",\"itemListElement\":[{\"@type\":\"ListItem\",\"position\":1,\"name\":\"In\u00edcio\",\"item\":\"https:\/\/comarcas.csm.org.pt\/leiria\/\"},{\"@type\":\"ListItem\",\"position\":2,\"name\":\"Cidad\u00e3o\",\"item\":\"https:\/\/comarcas.csm.org.pt\/leiria\/cidadao\/\"},{\"@type\":\"ListItem\",\"position\":3,\"name\":\"Links \u00dateis\"}]},{\"@type\":\"WebSite\",\"@id\":\"https:\/\/comarcas.csm.org.pt\/leiria\/#website\",\"url\":\"https:\/\/comarcas.csm.org.pt\/leiria\/\",\"name\":\"Tribunal Judicial da Comarca de Leiria\",\"description\":\"Tribunal Judicial da Comarca de Aveiro\",\"publisher\":{\"@id\":\"https:\/\/comarcas.csm.org.pt\/leiria\/#organization\"},\"potentialAction\":[{\"@type\":\"SearchAction\",\"target\":{\"@type\":\"EntryPoint\",\"urlTemplate\":\"https:\/\/comarcas.csm.org.pt\/leiria\/?s={search_term_string}\"},\"query-input\":{\"@type\":\"PropertyValueSpecification\",\"valueRequired\":true,\"valueName\":\"search_term_string\"}}],\"inLanguage\":\"pt-PT\"},{\"@type\":\"Organization\",\"@id\":\"https:\/\/comarcas.csm.org.pt\/leiria\/#organization\",\"name\":\"Tribunal Judicial da Comarca de Leiria\",\"url\":\"https:\/\/comarcas.csm.org.pt\/leiria\/\",\"logo\":{\"@type\":\"ImageObject\",\"inLanguage\":\"pt-PT\",\"@id\":\"https:\/\/comarcas.csm.org.pt\/leiria\/#\/schema\/logo\/image\/\",\"url\":\"https:\/\/comarcas.csm.org.pt\/leiria\/wp-content\/uploads\/sites\/16\/2024\/11\/Leiria_positivo-horizontal.png\",\"contentUrl\":\"https:\/\/comarcas.csm.org.pt\/leiria\/wp-content\/uploads\/sites\/16\/2024\/11\/Leiria_positivo-horizontal.png\",\"width\":5088,\"height\":890,\"caption\":\"Tribunal Judicial da Comarca de Leiria\"},\"image\":{\"@id\":\"https:\/\/comarcas.csm.org.pt\/leiria\/#\/schema\/logo\/image\/\"}}]}<\/script>\n<!-- \/ Yoast SEO plugin. -->","yoast_head_json":{"title":"Links \u00dateis - Tribunal Judicial da Comarca de Leiria","robots":{"index":"index","follow":"follow","max-snippet":"max-snippet:-1","max-image-preview":"max-image-preview:large","max-video-preview":"max-video-preview:-1"},"canonical":"https:\/\/comarcas.csm.org.pt\/leiria\/cidadao\/links\/","og_locale":"pt_PT","og_type":"article","og_title":"Links \u00dateis - Tribunal Judicial da Comarca de Leiria","og_description":"CSM &#8211; Conselho Superior da Magistratura tribunal da rela\u00e7\u00e3o de coimbra PROCURADORIA DA REP\u00daBLICA DA COMARCA DE LEIRIA Pedir e consultar registo criminal D.R. &#8211; di\u00e1rio da rep\u00fablica Canal de Den\u00fancia do CSM cpcj regional do centro &#8211; Comiss\u00e3o de prote\u00e7\u00e3o de crian\u00e7as e jovens Seguran\u00e7a Social Direta &#8211; Prote\u00e7\u00e3o jur\u00eddica\/apoio judici\u00e1rio Centro de atendimento...","og_url":"https:\/\/comarcas.csm.org.pt\/leiria\/cidadao\/links\/","og_site_name":"Tribunal Judicial da Comarca de Leiria","article_modified_time":"2025-07-02T11:10:00+00:00","twitter_card":"summary_large_image","schema":{"@context":"https:\/\/schema.org","@graph":[{"@type":"WebPage","@id":"https:\/\/comarcas.csm.org.pt\/leiria\/cidadao\/links\/","url":"https:\/\/comarcas.csm.org.pt\/leiria\/cidadao\/links\/","name":"Links \u00dateis - Tribunal Judicial da Comarca de Leiria","isPartOf":{"@id":"https:\/\/comarcas.csm.org.pt\/leiria\/#website"},"datePublished":"2024-05-22T13:08:12+00:00","dateModified":"2025-07-02T11:10:00+00:00","breadcrumb":{"@id":"https:\/\/comarcas.csm.org.pt\/leiria\/cidadao\/links\/#breadcrumb"},"inLanguage":"pt-PT","potentialAction":[{"@type":"ReadAction","target":["https:\/\/comarcas.csm.org.pt\/leiria\/cidadao\/links\/"]}]},{"@type":"BreadcrumbList","@id":"https:\/\/comarcas.csm.org.pt\/leiria\/cidadao\/links\/#breadcrumb","itemListElement":[{"@type":"ListItem","position":1,"name":"In\u00edcio","item":"https:\/\/comarcas.csm.org.pt\/leiria\/"},{"@type":"ListItem","position":2,"name":"Cidad\u00e3o","item":"https:\/\/comarcas.csm.org.pt\/leiria\/cidadao\/"},{"@type":"ListItem","position":3,"name":"Links \u00dateis"}]},{"@type":"WebSite","@id":"https:\/\/comarcas.csm.org.pt\/leiria\/#website","url":"https:\/\/comarcas.csm.org.pt\/leiria\/","name":"Tribunal Judicial da Comarca de Leiria","description":"Tribunal Judicial da Comarca de Aveiro","publisher":{"@id":"https:\/\/comarcas.csm.org.pt\/leiria\/#organization"},"potentialAction":[{"@type":"SearchAction","target":{"@type":"EntryPoint","urlTemplate":"https:\/\/comarcas.csm.org.pt\/leiria\/?s={search_term_string}"},"query-input":{"@type":"PropertyValueSpecification","valueRequired":true,"valueName":"search_term_string"}}],"inLanguage":"pt-PT"},{"@type":"Organization","@id":"https:\/\/comarcas.csm.org.pt\/leiria\/#organization","name":"Tribunal Judicial da Comarca de Leiria","url":"https:\/\/comarcas.csm.org.pt\/leiria\/","logo":{"@type":"ImageObject","inLanguage":"pt-PT","@id":"https:\/\/comarcas.csm.org.pt\/leiria\/#\/schema\/logo\/image\/","url":"https:\/\/comarcas.csm.org.pt\/leiria\/wp-content\/uploads\/sites\/16\/2024\/11\/Leiria_positivo-horizontal.png","contentUrl":"https:\/\/comarcas.csm.org.pt\/leiria\/wp-content\/uploads\/sites\/16\/2024\/11\/Leiria_positivo-horizontal.png","width":5088,"height":890,"caption":"Tribunal Judicial da Comarca de Leiria"},"image":{"@id":"https:\/\/comarcas.csm.org.pt\/leiria\/#\/schema\/logo\/image\/"}}]}},"_links":{"self":[{"href":"https:\/\/comarcas.csm.org.pt\/leiria\/wp-json\/wp\/v2\/pages\/11444","targetHints":{"allow":["GET"]}}],"collection":[{"href":"https:\/\/comarcas.csm.org.pt\/leiria\/wp-json\/wp\/v2\/pages"}],"about":[{"href":"https:\/\/comarcas.csm.org.pt\/leiria\/wp-json\/wp\/v2\/types\/page"}],"author":[{"embeddable":true,"href":"https:\/\/comarcas.csm.org.pt\/leiria\/wp-json\/wp\/v2\/users\/1"}],"replies":[{"embeddable":true,"href":"https:\/\/comarcas.csm.org.pt\/leiria\/wp-json\/wp\/v2\/comments?post=11444"}],"version-history":[{"count":97,"href":"https:\/\/comarcas.csm.org.pt\/leiria\/wp-json\/wp\/v2\/pages\/11444\/revisions"}],"predecessor-version":[{"id":13186,"href":"https:\/\/comarcas.csm.org.pt\/leiria\/wp-json\/wp\/v2\/pages\/11444\/revisions\/13186"}],"up":[{"embeddable":true,"href":"https:\/\/comarcas.csm.org.pt\/leiria\/wp-json\/wp\/v2\/pages\/11404"}],"wp:attachment":[{"href":"https:\/\/comarcas.csm.org.pt\/leiria\/wp-json\/wp\/v2\/media?parent=11444"}],"curies":[{"name":"wp","href":"https:\/\/api.w.org\/{rel}","templated":true}]}}