{"id":11467,"date":"2024-06-30T21:19:48","date_gmt":"2024-06-30T21:19:48","guid":{"rendered":"https:\/\/aveiro.vvr.pt\/?page_id=11467"},"modified":"2025-05-29T08:52:04","modified_gmt":"2025-05-29T08:52:04","slug":"mensagem-do-presidente","status":"publish","type":"page","link":"https:\/\/comarcas.csm.org.pt\/leiria\/acomarca\/mensagem-do-presidente\/","title":{"rendered":"Mensagem do presidente"},"content":{"rendered":"\t\t<div data-elementor-type=\"wp-page\" data-elementor-id=\"11467\" class=\"elementor elementor-11467\" data-elementor-post-type=\"page\">\n\t\t\t\t<div class=\"elementor-element elementor-element-f0b8c02 e-flex e-con-boxed e-con e-parent\" data-id=\"f0b8c02\" data-element_type=\"container\">\n\t\t\t\t\t<div class=\"e-con-inner\">\n\t\t<div class=\"elementor-element elementor-element-ed5f838 e-con-full e-flex e-con e-child\" data-id=\"ed5f838\" data-element_type=\"container\">\n\t\t\t\t<div class=\"elementor-element elementor-element-b4e8e24 elementor-widget elementor-widget-image\" data-id=\"b4e8e24\" data-element_type=\"widget\" data-widget_type=\"image.default\">\n\t\t\t\t<div class=\"elementor-widget-container\">\n\t\t\t\t\t\t\t\t\t\t\t\t\t\t\t<img fetchpriority=\"high\" decoding=\"async\" width=\"1024\" height=\"1024\" src=\"https:\/\/comarcas.csm.org.pt\/leiria\/wp-content\/uploads\/sites\/16\/2022\/10\/woocommerce-placeholder-1024x1024.png\" class=\"attachment-large size-large wp-image-10052\" alt=\"\" srcset=\"https:\/\/comarcas.csm.org.pt\/leiria\/wp-content\/uploads\/sites\/16\/2022\/10\/woocommerce-placeholder-1024x1024.png 1024w, https:\/\/comarcas.csm.org.pt\/leiria\/wp-content\/uploads\/sites\/16\/2022\/10\/woocommerce-placeholder-300x300.png 300w, https:\/\/comarcas.csm.org.pt\/leiria\/wp-content\/uploads\/sites\/16\/2022\/10\/woocommerce-placeholder-150x150.png 150w, https:\/\/comarcas.csm.org.pt\/leiria\/wp-content\/uploads\/sites\/16\/2022\/10\/woocommerce-placeholder-768x768.png 768w, https:\/\/comarcas.csm.org.pt\/leiria\/wp-content\/uploads\/sites\/16\/2022\/10\/woocommerce-placeholder.png 1200w\" sizes=\"(max-width: 1024px) 100vw, 1024px\" \/>\t\t\t\t\t\t\t\t\t\t\t\t\t\t\t<\/div>\n\t\t\t\t<\/div>\n\t\t\t\t<\/div>\n\t\t<div class=\"elementor-element elementor-element-fd6e0dc e-con-full e-flex e-con e-child\" data-id=\"fd6e0dc\" data-element_type=\"container\">\n\t\t\t\t<div class=\"elementor-element elementor-element-9ea1d40 elementor-widget elementor-widget-heading\" data-id=\"9ea1d40\" data-element_type=\"widget\" data-widget_type=\"heading.default\">\n\t\t\t\t<div class=\"elementor-widget-container\">\n\t\t\t\t\t<h2 class=\"elementor-heading-title elementor-size-default\">Mensagem da Ju\u00edza Presidente do Tribunal Judicial da Comarca de Leiria<\/h2>\t\t\t\t<\/div>\n\t\t\t\t<\/div>\n\t\t\t\t<div class=\"elementor-element elementor-element-495703b elementor-widget elementor-widget-text-editor\" data-id=\"495703b\" data-element_type=\"widget\" data-widget_type=\"text-editor.default\">\n\t\t\t\t<div class=\"elementor-widget-container\">\n\t\t\t\t\t\t\t\t\t<p style=\"margin: 0cm;margin-bottom: .0001pt;text-align: justify;line-height: 150%;background: white\"><span style=\"letter-spacing: .25pt\">Seja bem-vindo\/a \u00e0 p\u00e1gina institucional do Tribunal Judicial da Comarca de Leiria<\/span><\/p><p style=\"margin: 0cm;margin-bottom: .0001pt;text-align: justify;line-height: 150%;background: white\"><span style=\"letter-spacing: .25pt\">\u00a0<\/span><\/p><p style=\"margin: 0cm;margin-bottom: .0001pt;text-align: justify;line-height: 150%;background: white\"><span style=\"letter-spacing: .25pt\">Visa-se, com este portal digital, aproximar o tribunal do cidad\u00e3o e contribuir para refor\u00e7ar a sua confian\u00e7a no sistema judicial, dando a conhecer, aos profissionais forenses e a outros leg\u00edtimos interessados, a atividade desenvolvida na Comarca de Leiria, nomeadamente, com a indica\u00e7\u00e3o dos v\u00e1rios ju\u00edzos que a comp\u00f5em e respetivas \u00e1reas de especializa\u00e7\u00e3o, localiza\u00e7\u00e3o e contactos dos seus servi\u00e7os, publica\u00e7\u00e3o dos relat\u00f3rios anuais, publicidade dos principais instrumentos e medidas de gest\u00e3o e jurisprud\u00eancia nela produzida.<\/span><\/p><p style=\"margin: 0cm;margin-bottom: .0001pt;text-align: justify;line-height: 150%;background: white\"><span style=\"letter-spacing: .25pt\">Procede-se, ainda, \u00e0 publica\u00e7\u00e3o regular das not\u00edcias referentes \u00e0 atividade e condi\u00e7\u00f5es de funcionamento da comarca, bem como dos comunicados \u00e0 imprensa que se revelem pertinentes.<\/span><\/p><p style=\"margin: 0cm;margin-bottom: .0001pt;text-align: justify;line-height: 150%;background: white\"><span style=\"letter-spacing: .25pt\">\u00a0<\/span><\/p><p style=\"margin: 0cm;margin-bottom: .0001pt;text-align: justify;line-height: 150%;background: white\"><span style=\"letter-spacing: .25pt\">Espera-se, assim, facilitar o acesso \u00e0 informa\u00e7\u00e3o, fomentar a transpar\u00eancia da justi\u00e7a e contribuir para uma mais correta perce\u00e7\u00e3o das fun\u00e7\u00f5es dos tribunais e da sua import\u00e2ncia numa sociedade democr\u00e1tica, procurando uma melhor comunica\u00e7\u00e3o, transpar\u00eancia e proximidade com os respetivos utentes e demais cidad\u00e3os.<\/span><\/p><p style=\"margin: 0cm;margin-bottom: .0001pt;text-align: justify;line-height: 150%;background: white\"><span style=\"letter-spacing: .25pt\">\u00a0<\/span><\/p><p style=\"margin: 0cm;margin-bottom: .0001pt;text-align: justify;line-height: 150%;background: white\"><span style=\"letter-spacing: .25pt\">A Ju\u00edza Presidente do Tribunal Judicial da Comarca de Leiria<\/span><\/p><p style=\"margin: 0cm;margin-bottom: .0001pt;text-align: justify;line-height: 150%;background: white\"><span style=\"letter-spacing: .25pt\">Teresa Margarida Pires de Oliveira<\/span><\/p><p style=\"margin: 0cm;margin-bottom: .0001pt;text-align: justify;line-height: 150%;background: white\"><span style=\"letter-spacing: .25pt\">Ju\u00edza Desembargadora<\/span><\/p>\t\t\t\t\t\t\t\t<\/div>\n\t\t\t\t<\/div>\n\t\t\t\t<\/div>\n\t\t\t\t\t<\/div>\n\t\t\t\t<\/div>\n\t\t\t\t<\/div>\n\t\t","protected":false},"excerpt":{"rendered":"<p>Mensagem da Ju\u00edza Presidente do Tribunal Judicial da Comarca de Leiria Seja bem-vindo\/a \u00e0 p\u00e1gina institucional do Tribunal Judicial da Comarca de Leiria \u00a0 Visa-se, com este portal digital, aproximar o tribunal do cidad\u00e3o e contribuir para refor\u00e7ar a sua confian\u00e7a no sistema judicial, dando a conhecer, aos profissionais forenses e a outros leg\u00edtimos interessados,&#8230;<\/p>\n","protected":false},"author":1,"featured_media":0,"parent":2242,"menu_order":0,"comment_status":"closed","ping_status":"closed","template":"","meta":{"_tbt_post_transparent":"","_tbt_post_title":"","_tbt_post_layout":"default","_tbt_post_sidebar_id":"","_tbt_post_content_style":"","_tbt_post_vertical_padding":"","_tbt_post_feature":"","_tbt_post_feature_position":"","_tbt_post_header":false,"_tbt_post_footer":false},"class_list":["post-11467","page","type-page","status-publish","hentry"],"yoast_head":"<!-- This site is optimized with the Yoast SEO plugin v25.6 - https:\/\/yoast.com\/wordpress\/plugins\/seo\/ -->\n<title>Mensagem do presidente - Tribunal Judicial da Comarca de Leiria<\/title>\n<meta name=\"robots\" content=\"index, follow, max-snippet:-1, max-image-preview:large, max-video-preview:-1\" \/>\n<link rel=\"canonical\" href=\"https:\/\/comarcas.csm.org.pt\/leiria\/acomarca\/mensagem-do-presidente\/\" \/>\n<meta property=\"og:locale\" content=\"pt_PT\" \/>\n<meta property=\"og:type\" content=\"article\" \/>\n<meta property=\"og:title\" content=\"Mensagem do presidente - Tribunal Judicial da Comarca de Leiria\" \/>\n<meta property=\"og:description\" content=\"Mensagem da Ju\u00edza Presidente do Tribunal Judicial da Comarca de Leiria Seja bem-vindo\/a \u00e0 p\u00e1gina institucional do Tribunal Judicial da Comarca de Leiria \u00a0 Visa-se, com este portal digital, aproximar o tribunal do cidad\u00e3o e contribuir para refor\u00e7ar a sua confian\u00e7a no sistema judicial, dando a conhecer, aos profissionais forenses e a outros leg\u00edtimos interessados,...\" \/>\n<meta property=\"og:url\" content=\"https:\/\/comarcas.csm.org.pt\/leiria\/acomarca\/mensagem-do-presidente\/\" \/>\n<meta property=\"og:site_name\" content=\"Tribunal Judicial da Comarca de Leiria\" \/>\n<meta property=\"article:modified_time\" content=\"2025-05-29T08:52:04+00:00\" \/>\n<meta property=\"og:image\" content=\"https:\/\/comarcas.csm.org.pt\/leiria\/wp-content\/uploads\/sites\/16\/2022\/10\/woocommerce-placeholder.png\" \/>\n\t<meta property=\"og:image:width\" content=\"1200\" \/>\n\t<meta property=\"og:image:height\" content=\"1200\" \/>\n\t<meta property=\"og:image:type\" content=\"image\/png\" \/>\n<meta name=\"twitter:card\" content=\"summary_large_image\" \/>\n<meta name=\"twitter:label1\" content=\"Tempo estimado de leitura\" \/>\n\t<meta name=\"twitter:data1\" content=\"2 minutos\" \/>\n<script type=\"application\/ld+json\" class=\"yoast-schema-graph\">{\"@context\":\"https:\/\/schema.org\",\"@graph\":[{\"@type\":\"WebPage\",\"@id\":\"https:\/\/comarcas.csm.org.pt\/leiria\/acomarca\/mensagem-do-presidente\/\",\"url\":\"https:\/\/comarcas.csm.org.pt\/leiria\/acomarca\/mensagem-do-presidente\/\",\"name\":\"Mensagem do presidente - Tribunal Judicial da Comarca de Leiria\",\"isPartOf\":{\"@id\":\"https:\/\/comarcas.csm.org.pt\/leiria\/#website\"},\"primaryImageOfPage\":{\"@id\":\"https:\/\/comarcas.csm.org.pt\/leiria\/acomarca\/mensagem-do-presidente\/#primaryimage\"},\"image\":{\"@id\":\"https:\/\/comarcas.csm.org.pt\/leiria\/acomarca\/mensagem-do-presidente\/#primaryimage\"},\"thumbnailUrl\":\"https:\/\/comarcas.csm.org.pt\/leiria\/wp-content\/uploads\/sites\/16\/2022\/10\/woocommerce-placeholder-1024x1024.png\",\"datePublished\":\"2024-06-30T21:19:48+00:00\",\"dateModified\":\"2025-05-29T08:52:04+00:00\",\"breadcrumb\":{\"@id\":\"https:\/\/comarcas.csm.org.pt\/leiria\/acomarca\/mensagem-do-presidente\/#breadcrumb\"},\"inLanguage\":\"pt-PT\",\"potentialAction\":[{\"@type\":\"ReadAction\",\"target\":[\"https:\/\/comarcas.csm.org.pt\/leiria\/acomarca\/mensagem-do-presidente\/\"]}]},{\"@type\":\"ImageObject\",\"inLanguage\":\"pt-PT\",\"@id\":\"https:\/\/comarcas.csm.org.pt\/leiria\/acomarca\/mensagem-do-presidente\/#primaryimage\",\"url\":\"https:\/\/comarcas.csm.org.pt\/leiria\/wp-content\/uploads\/sites\/16\/2022\/10\/woocommerce-placeholder.png\",\"contentUrl\":\"https:\/\/comarcas.csm.org.pt\/leiria\/wp-content\/uploads\/sites\/16\/2022\/10\/woocommerce-placeholder.png\",\"width\":1200,\"height\":1200},{\"@type\":\"BreadcrumbList\",\"@id\":\"https:\/\/comarcas.csm.org.pt\/leiria\/acomarca\/mensagem-do-presidente\/#breadcrumb\",\"itemListElement\":[{\"@type\":\"ListItem\",\"position\":1,\"name\":\"In\u00edcio\",\"item\":\"https:\/\/comarcas.csm.org.pt\/leiria\/\"},{\"@type\":\"ListItem\",\"position\":2,\"name\":\"A Comarca\",\"item\":\"https:\/\/comarcas.csm.org.pt\/leiria\/acomarca\/\"},{\"@type\":\"ListItem\",\"position\":3,\"name\":\"Mensagem do presidente\"}]},{\"@type\":\"WebSite\",\"@id\":\"https:\/\/comarcas.csm.org.pt\/leiria\/#website\",\"url\":\"https:\/\/comarcas.csm.org.pt\/leiria\/\",\"name\":\"Tribunal Judicial da Comarca de Leiria\",\"description\":\"Tribunal Judicial da Comarca de Aveiro\",\"publisher\":{\"@id\":\"https:\/\/comarcas.csm.org.pt\/leiria\/#organization\"},\"potentialAction\":[{\"@type\":\"SearchAction\",\"target\":{\"@type\":\"EntryPoint\",\"urlTemplate\":\"https:\/\/comarcas.csm.org.pt\/leiria\/?s={search_term_string}\"},\"query-input\":{\"@type\":\"PropertyValueSpecification\",\"valueRequired\":true,\"valueName\":\"search_term_string\"}}],\"inLanguage\":\"pt-PT\"},{\"@type\":\"Organization\",\"@id\":\"https:\/\/comarcas.csm.org.pt\/leiria\/#organization\",\"name\":\"Tribunal Judicial da Comarca de Leiria\",\"url\":\"https:\/\/comarcas.csm.org.pt\/leiria\/\",\"logo\":{\"@type\":\"ImageObject\",\"inLanguage\":\"pt-PT\",\"@id\":\"https:\/\/comarcas.csm.org.pt\/leiria\/#\/schema\/logo\/image\/\",\"url\":\"https:\/\/comarcas.csm.org.pt\/leiria\/wp-content\/uploads\/sites\/16\/2024\/11\/Leiria_positivo-horizontal.png\",\"contentUrl\":\"https:\/\/comarcas.csm.org.pt\/leiria\/wp-content\/uploads\/sites\/16\/2024\/11\/Leiria_positivo-horizontal.png\",\"width\":5088,\"height\":890,\"caption\":\"Tribunal Judicial da Comarca de Leiria\"},\"image\":{\"@id\":\"https:\/\/comarcas.csm.org.pt\/leiria\/#\/schema\/logo\/image\/\"}}]}<\/script>\n<!-- \/ Yoast SEO plugin. -->","yoast_head_json":{"title":"Mensagem do presidente - Tribunal Judicial da Comarca de Leiria","robots":{"index":"index","follow":"follow","max-snippet":"max-snippet:-1","max-image-preview":"max-image-preview:large","max-video-preview":"max-video-preview:-1"},"canonical":"https:\/\/comarcas.csm.org.pt\/leiria\/acomarca\/mensagem-do-presidente\/","og_locale":"pt_PT","og_type":"article","og_title":"Mensagem do presidente - Tribunal Judicial da Comarca de Leiria","og_description":"Mensagem da Ju\u00edza Presidente do Tribunal Judicial da Comarca de Leiria Seja bem-vindo\/a \u00e0 p\u00e1gina institucional do Tribunal Judicial da Comarca de Leiria \u00a0 Visa-se, com este portal digital, aproximar o tribunal do cidad\u00e3o e contribuir para refor\u00e7ar a sua confian\u00e7a no sistema judicial, dando a conhecer, aos profissionais forenses e a outros leg\u00edtimos interessados,...","og_url":"https:\/\/comarcas.csm.org.pt\/leiria\/acomarca\/mensagem-do-presidente\/","og_site_name":"Tribunal Judicial da Comarca de Leiria","article_modified_time":"2025-05-29T08:52:04+00:00","og_image":[{"width":1200,"height":1200,"url":"https:\/\/comarcas.csm.org.pt\/leiria\/wp-content\/uploads\/sites\/16\/2022\/10\/woocommerce-placeholder.png","type":"image\/png"}],"twitter_card":"summary_large_image","twitter_misc":{"Tempo estimado de leitura":"2 minutos"},"schema":{"@context":"https:\/\/schema.org","@graph":[{"@type":"WebPage","@id":"https:\/\/comarcas.csm.org.pt\/leiria\/acomarca\/mensagem-do-presidente\/","url":"https:\/\/comarcas.csm.org.pt\/leiria\/acomarca\/mensagem-do-presidente\/","name":"Mensagem do presidente - Tribunal Judicial da Comarca de Leiria","isPartOf":{"@id":"https:\/\/comarcas.csm.org.pt\/leiria\/#website"},"primaryImageOfPage":{"@id":"https:\/\/comarcas.csm.org.pt\/leiria\/acomarca\/mensagem-do-presidente\/#primaryimage"},"image":{"@id":"https:\/\/comarcas.csm.org.pt\/leiria\/acomarca\/mensagem-do-presidente\/#primaryimage"},"thumbnailUrl":"https:\/\/comarcas.csm.org.pt\/leiria\/wp-content\/uploads\/sites\/16\/2022\/10\/woocommerce-placeholder-1024x1024.png","datePublished":"2024-06-30T21:19:48+00:00","dateModified":"2025-05-29T08:52:04+00:00","breadcrumb":{"@id":"https:\/\/comarcas.csm.org.pt\/leiria\/acomarca\/mensagem-do-presidente\/#breadcrumb"},"inLanguage":"pt-PT","potentialAction":[{"@type":"ReadAction","target":["https:\/\/comarcas.csm.org.pt\/leiria\/acomarca\/mensagem-do-presidente\/"]}]},{"@type":"ImageObject","inLanguage":"pt-PT","@id":"https:\/\/comarcas.csm.org.pt\/leiria\/acomarca\/mensagem-do-presidente\/#primaryimage","url":"https:\/\/comarcas.csm.org.pt\/leiria\/wp-content\/uploads\/sites\/16\/2022\/10\/woocommerce-placeholder.png","contentUrl":"https:\/\/comarcas.csm.org.pt\/leiria\/wp-content\/uploads\/sites\/16\/2022\/10\/woocommerce-placeholder.png","width":1200,"height":1200},{"@type":"BreadcrumbList","@id":"https:\/\/comarcas.csm.org.pt\/leiria\/acomarca\/mensagem-do-presidente\/#breadcrumb","itemListElement":[{"@type":"ListItem","position":1,"name":"In\u00edcio","item":"https:\/\/comarcas.csm.org.pt\/leiria\/"},{"@type":"ListItem","position":2,"name":"A Comarca","item":"https:\/\/comarcas.csm.org.pt\/leiria\/acomarca\/"},{"@type":"ListItem","position":3,"name":"Mensagem do presidente"}]},{"@type":"WebSite","@id":"https:\/\/comarcas.csm.org.pt\/leiria\/#website","url":"https:\/\/comarcas.csm.org.pt\/leiria\/","name":"Tribunal Judicial da Comarca de Leiria","description":"Tribunal Judicial da Comarca de Aveiro","publisher":{"@id":"https:\/\/comarcas.csm.org.pt\/leiria\/#organization"},"potentialAction":[{"@type":"SearchAction","target":{"@type":"EntryPoint","urlTemplate":"https:\/\/comarcas.csm.org.pt\/leiria\/?s={search_term_string}"},"query-input":{"@type":"PropertyValueSpecification","valueRequired":true,"valueName":"search_term_string"}}],"inLanguage":"pt-PT"},{"@type":"Organization","@id":"https:\/\/comarcas.csm.org.pt\/leiria\/#organization","name":"Tribunal Judicial da Comarca de Leiria","url":"https:\/\/comarcas.csm.org.pt\/leiria\/","logo":{"@type":"ImageObject","inLanguage":"pt-PT","@id":"https:\/\/comarcas.csm.org.pt\/leiria\/#\/schema\/logo\/image\/","url":"https:\/\/comarcas.csm.org.pt\/leiria\/wp-content\/uploads\/sites\/16\/2024\/11\/Leiria_positivo-horizontal.png","contentUrl":"https:\/\/comarcas.csm.org.pt\/leiria\/wp-content\/uploads\/sites\/16\/2024\/11\/Leiria_positivo-horizontal.png","width":5088,"height":890,"caption":"Tribunal Judicial da Comarca de Leiria"},"image":{"@id":"https:\/\/comarcas.csm.org.pt\/leiria\/#\/schema\/logo\/image\/"}}]}},"_links":{"self":[{"href":"https:\/\/comarcas.csm.org.pt\/leiria\/wp-json\/wp\/v2\/pages\/11467","targetHints":{"allow":["GET"]}}],"collection":[{"href":"https:\/\/comarcas.csm.org.pt\/leiria\/wp-json\/wp\/v2\/pages"}],"about":[{"href":"https:\/\/comarcas.csm.org.pt\/leiria\/wp-json\/wp\/v2\/types\/page"}],"author":[{"embeddable":true,"href":"https:\/\/comarcas.csm.org.pt\/leiria\/wp-json\/wp\/v2\/users\/1"}],"replies":[{"embeddable":true,"href":"https:\/\/comarcas.csm.org.pt\/leiria\/wp-json\/wp\/v2\/comments?post=11467"}],"version-history":[{"count":65,"href":"https:\/\/comarcas.csm.org.pt\/leiria\/wp-json\/wp\/v2\/pages\/11467\/revisions"}],"predecessor-version":[{"id":12510,"href":"https:\/\/comarcas.csm.org.pt\/leiria\/wp-json\/wp\/v2\/pages\/11467\/revisions\/12510"}],"up":[{"embeddable":true,"href":"https:\/\/comarcas.csm.org.pt\/leiria\/wp-json\/wp\/v2\/pages\/2242"}],"wp:attachment":[{"href":"https:\/\/comarcas.csm.org.pt\/leiria\/wp-json\/wp\/v2\/media?parent=11467"}],"curies":[{"name":"wp","href":"https:\/\/api.w.org\/{rel}","templated":true}]}}