{"id":11359,"date":"2024-05-22T11:36:09","date_gmt":"2024-05-22T11:36:09","guid":{"rendered":"https:\/\/aveiro.vvr.pt\/?page_id=11359"},"modified":"2025-07-02T13:07:18","modified_gmt":"2025-07-02T13:07:18","slug":"rgpd","status":"publish","type":"page","link":"https:\/\/comarcas.csm.org.pt\/lisboa-norte\/cidadao\/rgpd\/","title":{"rendered":"RGPD"},"content":{"rendered":"\t\t<div data-elementor-type=\"wp-page\" data-elementor-id=\"11359\" class=\"elementor elementor-11359\" data-elementor-post-type=\"page\">\n\t\t\t\t<div class=\"elementor-element elementor-element-be4dfc3 e-flex e-con-boxed e-con e-parent\" data-id=\"be4dfc3\" data-element_type=\"container\">\n\t\t\t\t\t<div class=\"e-con-inner\">\n\t\t\t\t<div class=\"elementor-element elementor-element-7e07987 elementor-widget elementor-widget-text-editor\" data-id=\"7e07987\" data-element_type=\"widget\" data-widget_type=\"text-editor.default\">\n\t\t\t\t<div class=\"elementor-widget-container\">\n\t\t\t\t\t\t\t\t\t<p><strong>Legisla\u00e7\u00e3o aplic\u00e1vel:<\/strong><\/p><p><span style=\"letter-spacing: 0.3px\"><a href=\"https:\/\/comarcas.csm.org.pt\/lisboa-norte\/wp-content\/uploads\/sites\/18\/2025\/07\/Regulamento-679-2019.pdf\"> Regulamento (UE) n.\u00ba 2016\/679<\/a>, do Parlamento e do Conselho, de 27 de abril de 2016 relativo \u00e0 prote\u00e7\u00e3o das pessoas singulares no que diz respeito ao tratamento de dados pessoais e \u00e0 livre circula\u00e7\u00e3o desses dados<\/span><\/p><p><a href=\"https:\/\/comarcas.csm.org.pt\/lisboa-norte\/wp-content\/uploads\/sites\/18\/2025\/07\/Lei-58-2019.pdf\">Lei n.\u00ba 58\/2019<\/a>, de 8 de agosto (assegura a execu\u00e7\u00e3o, na ordem jur\u00eddica nacional, do Regulamento (UE) 2016\/679 do Parlamento e do Conselho, de 27 de abril de 2016.\u00a0<\/p><p><a href=\"https:\/\/comarcas.csm.org.pt\/lisboa-norte\/wp-content\/uploads\/sites\/18\/2025\/07\/Lei-34-2019.pdf\">Lei n.\u00ba 34\/2009,<\/a> de 14 de julho (aprova o regime jur\u00eddico aplic\u00e1vel ao tratamento de dados referentes ao sistema judicial).\u00a0<\/p><div class=\"elementor-element elementor-element-53bc56d e-flex e-con-boxed e-con e-parent e-lazyloaded\" style=\"--flex-wrap: initial;--justify-content: initial;--align-items: initial;--align-content: initial;--gap: 20px 20px;--flex-basis: auto;--flex-grow: 0;--flex-shrink: 1;--order: initial;--align-self: initial;align-self: auto;flex: 0 1 auto;--border-radius: 0;--border-top-width: 0px;--border-right-width: 0px;--border-bottom-width: 0px;--border-left-width: 0px;--border-style: initial;--border-color: initial;--container-widget-width: 100%;--container-widget-height: initial;--container-widget-flex-grow: 0;--container-widget-align-self: initial;--content-width: min(100%,1400px);--width: 100%;--min-height: initial;--height: auto;--text-align: initial;--margin-top: 0px;--margin-right: auto;--margin-bottom: 0px;--margin-left: auto;--padding-top: 10px;--padding-right: 10px;--padding-bottom: 10px;--padding-left: 10px;--position: relative;--z-index: revert;--overflow: visible;--row-gap: 20px;--column-gap: 20px;--overlay-mix-blend-mode: initial;--overlay-opacity: 1;--overlay-transition: 0.3s;--e-con-grid-template-columns: repeat(3,1fr);--e-con-grid-template-rows: repeat(2,1fr);border-radius: 0px;height: auto;min-height: auto;overflow: visible;position: relative;width: 100%;z-index: auto;--flex-wrap-mobile: wrap;--margin-block-start: 0px;--margin-block-end: 0px;--margin-inline-start: auto;--margin-inline-end: auto;--padding-inline-start: 10px;--padding-inline-end: 10px;--padding-block-start: 10px;--padding-block-end: 10px;--border-block-start-width: 0px;--border-block-end-width: 0px;--border-inline-start-width: 0px;--border-inline-end-width: 0px;text-align: start;--container-max-width: 1400px;--widgets-spacing: 20px 20px;--widgets-spacing-row: 20px;--widgets-spacing-column: 20px;max-width: 100%;--display: flex;letter-spacing: 0.3px\" data-id=\"53bc56d\" data-element_type=\"container\"><div class=\"e-con-inner\" style=\"text-align: start;gap: 20px;height: 80px;max-width: min(100%, 1400px);width: 1280px;flex-flow: column;align-items: normal\"><div class=\"elementor-element elementor-element-2fccc12 elementor-widget elementor-widget-heading\" style=\"align-self: auto;flex: 0 1 auto;align-items: normal;flex-flow: row;gap: 20px;--widgets-spacing: 20px 20px;--widgets-spacing-row: 20px;--widgets-spacing-column: 20px\" data-id=\"2fccc12\" data-element_type=\"widget\" data-widget_type=\"heading.default\"><div class=\"elementor-widget-container\" style=\"height: 30px\"><h2 class=\"elementor-heading-title elementor-size-default\" style=\"font-family: 'Advent Pro', sans-serif;color: #161616\">Encarregado de Prote\u00e7\u00e3o de Dados<\/h2><\/div><\/div><\/div><\/div><div class=\"elementor-element elementor-element-78e25ce e-flex e-con-boxed e-con e-parent e-lazyloaded\" style=\"--flex-wrap: initial;--justify-content: initial;--align-items: initial;--align-content: initial;--gap: 20px 20px;--flex-basis: auto;--flex-grow: 0;--flex-shrink: 1;--order: initial;--align-self: initial;align-self: auto;flex: 0 1 auto;--border-radius: 0;--border-top-width: 0px;--border-right-width: 0px;--border-bottom-width: 0px;--border-left-width: 0px;--border-style: initial;--border-color: initial;--container-widget-width: 100%;--container-widget-height: initial;--container-widget-flex-grow: 0;--container-widget-align-self: initial;--content-width: min(100%,1400px);--width: 100%;--min-height: initial;--height: auto;--text-align: initial;--margin-top: 0px;--margin-right: auto;--margin-bottom: 0px;--margin-left: auto;--padding-top: 10px;--padding-right: 10px;--padding-bottom: 10px;--padding-left: 10px;--position: relative;--z-index: revert;--overflow: visible;--row-gap: 20px;--column-gap: 20px;--overlay-mix-blend-mode: initial;--overlay-opacity: 1;--overlay-transition: 0.3s;--e-con-grid-template-columns: repeat(3,1fr);--e-con-grid-template-rows: repeat(2,1fr);border-radius: 0px;height: auto;min-height: auto;overflow: visible;position: relative;width: 100%;z-index: auto;--flex-wrap-mobile: wrap;--margin-block-start: 0px;--margin-block-end: 0px;--margin-inline-start: auto;--margin-inline-end: auto;--padding-inline-start: 10px;--padding-inline-end: 10px;--padding-block-start: 10px;--padding-block-end: 10px;--border-block-start-width: 0px;--border-block-end-width: 0px;--border-inline-start-width: 0px;--border-inline-end-width: 0px;text-align: start;--container-max-width: 1400px;--widgets-spacing: 20px 20px;--widgets-spacing-row: 20px;--widgets-spacing-column: 20px;max-width: 100%;--display: flex;letter-spacing: 0.3px\" data-id=\"78e25ce\" data-element_type=\"container\"><div class=\"e-con-inner\" style=\"text-align: start;gap: 20px;height: 1258.38px;max-width: min(100%, 1400px);width: 1280px;flex-flow: column;align-items: normal\"><div class=\"elementor-element elementor-element-86344bb elementor-widget elementor-widget-text-editor\" style=\"align-self: auto;flex: 0 1 auto;align-items: normal;flex-flow: row;gap: 20px;--widgets-spacing: 20px 20px;--widgets-spacing-row: 20px;--widgets-spacing-column: 20px\" data-id=\"86344bb\" data-element_type=\"widget\" data-widget_type=\"text-editor.default\"><div class=\"elementor-widget-container\" style=\"height: 1223.38px\"><h4 class=\"wp-block-heading\" style=\"font-family: 'Advent Pro', sans-serif;color: #161616\">1. Fun\u00e7\u00f5es do DPO no \u00e2mbito da atividade administrativa do Tribunal<\/h4><p style=\"margin-bottom: 32px\">No \u00e2mbito da atividade administrativa dos Tribunais, as fun\u00e7\u00f5es do Encarregado de Prote\u00e7\u00e3o de Dados (DPO), tal como s\u00e3o descritas no Regulamento (UE) n.\u00ba 2016\/679, do Parlamento e do Conselho, de 27 de abril de 2016 (RGPD), podem ser sintetizadas no seguinte:<\/p><p style=\"margin-bottom: 32px\">. Informa\u00e7\u00e3o e aconselhamento dos Tribunais, seus funcion\u00e1rios e subcontratantes, a respeito das obriga\u00e7\u00f5es emergentes do regime de prote\u00e7\u00e3o de dados;<\/p><p style=\"margin-bottom: 32px\">. Aprecia\u00e7\u00e3o da conformidade com esse regime, das pol\u00edticas e atividades dos Tribunais, incluindo a reparti\u00e7\u00e3o de responsabilidades com subcontratados, as pr\u00e1ticas de dete\u00e7\u00e3o e resposta a eventuais viola\u00e7\u00f5es de dados pessoais, a sensibiliza\u00e7\u00e3o e forma\u00e7\u00e3o do pessoal implicado nas opera\u00e7\u00f5es de tratamento de dados e as auditorias correspondentes;<\/p><p style=\"margin-bottom: 32px\">. Coopera\u00e7\u00e3o e ponto de contacto com a autoridade de controlo.<\/p><h4 style=\"font-family: 'Advent Pro', sans-serif;color: #161616\">2. Nomea\u00e7\u00e3o de Encarregada de Prote\u00e7\u00e3o de Dados (DPO)<\/h4><p style=\"margin-bottom: 32px\">Por delibera\u00e7\u00e3o do Plen\u00e1rio do Conselho Superior da Magistratura de 7 de maio de 2019, foi nomeada como Encarregada de Prote\u00e7\u00e3o de Dados (DPO) daquela entidade a Sra. Dra. Ana Sofia Bastos Wengorovius, Ju\u00edza de Direito, Adjunta do Gabinete do Vice-Presidente do Conselho Superior da Magistratura.<\/p><p style=\"margin-bottom: 32px\">A Encarregada de Prote\u00e7\u00e3o de Dados (DPO) pode ser contactada sobre assuntos relacionados com as suas fun\u00e7\u00f5es:<\/p><p style=\"margin-bottom: 32px\">a) Atrav\u00e9s de e-mail para o endere\u00e7o dpo.csm@csm.org.pt;<\/p><p style=\"margin-bottom: 32px\">b) Por correio para o endere\u00e7o:<br \/>Encarregado de Prote\u00e7\u00e3o de Dados (DPO)<br \/>Conselho Superior da Magistratura<br \/>Rua Duque de Palmela n.\u00ba 23<br \/>1250-097 LISBOA<\/p><h4 style=\"font-family: 'Advent Pro', sans-serif;color: #161616\">3. Tratamento de dados nos processos judiciais<\/h4><p style=\"margin-bottom: 32px\">A atividade jurisdicional dos ju\u00edzes relativa ao tratamento de dados pessoais nos processos judiciais, para os efeitos do RGPD, \u00e9 exercida com base em regras e mecanismos de controlo espec\u00edficos (artigos 23.\u00ba, n.\u00ba 1, al\u00ednea f), RGPD e 68.\u00ba da Lei n.\u00ba 59\/2019, de 8 de agosto).<br \/>Em consequ\u00eancia, faz-se notar que as fun\u00e7\u00f5es do DPO s\u00f3 se exercem no \u00e2mbito da atividade administrativa dos Tribunais e n\u00e3o relativamente aos dados judiciais.<br \/>Deste modo, s\u00e3o assegurados pelo juiz titular do respetivo processo (artigo 24.\u00ba, n.\u00ba 7, da Lei n.\u00ba 34\/2009, de 14 de julho, a qual aprovou o regime jur\u00eddico aplic\u00e1vel ao tratamento de dados referentes ao sistema judicial):<\/p><p style=\"margin-bottom: 32px\">a) O direito de informa\u00e7\u00e3o e o direito de acesso aos dados pelo respetivo titular;<\/p><p style=\"margin-bottom: 32px\">b) A atualiza\u00e7\u00e3o dos dados, bem como a corre\u00e7\u00e3o dos que sejam inexatos, o preenchimento daqueles que total ou parcialmente omissos e a supress\u00e3o dos dados indevidamente registados.<\/p><p style=\"margin-bottom: 32px\">c) As demais compet\u00eancias previstas na Lei n.\u00ba 58\/2019, de 8 de agosto (lei de execu\u00e7\u00e3o, na ordem jur\u00eddica interna, do RGPD).<\/p><\/div><\/div><\/div><\/div><h5>\u00a0<\/h5>\t\t\t\t\t\t\t\t<\/div>\n\t\t\t\t<\/div>\n\t\t\t\t\t<\/div>\n\t\t\t\t<\/div>\n\t\t\t\t<\/div>\n\t\t","protected":false},"excerpt":{"rendered":"<p>Legisla\u00e7\u00e3o aplic\u00e1vel: Regulamento (UE) n.\u00ba 2016\/679, do Parlamento e do Conselho, de 27 de abril de 2016 relativo \u00e0 prote\u00e7\u00e3o das pessoas singulares no que diz respeito ao tratamento de dados pessoais e \u00e0 livre circula\u00e7\u00e3o desses dados Lei n.\u00ba 58\/2019, de 8 de agosto (assegura a execu\u00e7\u00e3o, na ordem jur\u00eddica nacional, do Regulamento (UE)&#8230;<\/p>\n","protected":false},"author":1,"featured_media":0,"parent":11404,"menu_order":0,"comment_status":"closed","ping_status":"closed","template":"","meta":{"_tbt_post_transparent":"","_tbt_post_title":"","_tbt_post_layout":"","_tbt_post_sidebar_id":"","_tbt_post_content_style":"","_tbt_post_vertical_padding":"","_tbt_post_feature":"","_tbt_post_feature_position":"","_tbt_post_header":false,"_tbt_post_footer":false},"class_list":["post-11359","page","type-page","status-publish","hentry"],"yoast_head":"<!-- This site is optimized with the Yoast SEO plugin v25.6 - https:\/\/yoast.com\/wordpress\/plugins\/seo\/ -->\n<title>RGPD - Tribunal Judicial da Comarca de Lisboa Norte<\/title>\n<meta name=\"robots\" content=\"index, follow, max-snippet:-1, max-image-preview:large, max-video-preview:-1\" \/>\n<link rel=\"canonical\" href=\"https:\/\/comarcas.csm.org.pt\/lisboa-norte\/cidadao\/rgpd\/\" \/>\n<meta property=\"og:locale\" content=\"pt_PT\" \/>\n<meta property=\"og:type\" content=\"article\" \/>\n<meta property=\"og:title\" content=\"RGPD - Tribunal Judicial da Comarca de Lisboa Norte\" \/>\n<meta property=\"og:description\" content=\"Legisla\u00e7\u00e3o aplic\u00e1vel: Regulamento (UE) n.\u00ba 2016\/679, do Parlamento e do Conselho, de 27 de abril de 2016 relativo \u00e0 prote\u00e7\u00e3o das pessoas singulares no que diz respeito ao tratamento de dados pessoais e \u00e0 livre circula\u00e7\u00e3o desses dados Lei n.\u00ba 58\/2019, de 8 de agosto (assegura a execu\u00e7\u00e3o, na ordem jur\u00eddica nacional, do Regulamento (UE)...\" \/>\n<meta property=\"og:url\" content=\"https:\/\/comarcas.csm.org.pt\/lisboa-norte\/cidadao\/rgpd\/\" \/>\n<meta property=\"og:site_name\" content=\"Tribunal Judicial da Comarca de Lisboa Norte\" \/>\n<meta property=\"article:modified_time\" content=\"2025-07-02T13:07:18+00:00\" \/>\n<meta name=\"twitter:card\" content=\"summary_large_image\" \/>\n<meta name=\"twitter:label1\" content=\"Tempo estimado de leitura\" \/>\n\t<meta name=\"twitter:data1\" content=\"6 minutos\" \/>\n<script type=\"application\/ld+json\" class=\"yoast-schema-graph\">{\"@context\":\"https:\/\/schema.org\",\"@graph\":[{\"@type\":\"WebPage\",\"@id\":\"https:\/\/comarcas.csm.org.pt\/lisboa-norte\/cidadao\/rgpd\/\",\"url\":\"https:\/\/comarcas.csm.org.pt\/lisboa-norte\/cidadao\/rgpd\/\",\"name\":\"RGPD - Tribunal Judicial da Comarca de Lisboa Norte\",\"isPartOf\":{\"@id\":\"https:\/\/comarcas.csm.org.pt\/lisboa-norte\/#website\"},\"datePublished\":\"2024-05-22T11:36:09+00:00\",\"dateModified\":\"2025-07-02T13:07:18+00:00\",\"breadcrumb\":{\"@id\":\"https:\/\/comarcas.csm.org.pt\/lisboa-norte\/cidadao\/rgpd\/#breadcrumb\"},\"inLanguage\":\"pt-PT\",\"potentialAction\":[{\"@type\":\"ReadAction\",\"target\":[\"https:\/\/comarcas.csm.org.pt\/lisboa-norte\/cidadao\/rgpd\/\"]}]},{\"@type\":\"BreadcrumbList\",\"@id\":\"https:\/\/comarcas.csm.org.pt\/lisboa-norte\/cidadao\/rgpd\/#breadcrumb\",\"itemListElement\":[{\"@type\":\"ListItem\",\"position\":1,\"name\":\"In\u00edcio\",\"item\":\"https:\/\/comarcas.csm.org.pt\/lisboa-norte\/\"},{\"@type\":\"ListItem\",\"position\":2,\"name\":\"Cidad\u00e3o\",\"item\":\"https:\/\/comarcas.csm.org.pt\/lisboa-norte\/cidadao\/\"},{\"@type\":\"ListItem\",\"position\":3,\"name\":\"RGPD\"}]},{\"@type\":\"WebSite\",\"@id\":\"https:\/\/comarcas.csm.org.pt\/lisboa-norte\/#website\",\"url\":\"https:\/\/comarcas.csm.org.pt\/lisboa-norte\/\",\"name\":\"Tribunal Judicial da Comarca de Lisboa Norte\",\"description\":\"Tribunal Judicial da Comarca de Aveiro\",\"publisher\":{\"@id\":\"https:\/\/comarcas.csm.org.pt\/lisboa-norte\/#organization\"},\"potentialAction\":[{\"@type\":\"SearchAction\",\"target\":{\"@type\":\"EntryPoint\",\"urlTemplate\":\"https:\/\/comarcas.csm.org.pt\/lisboa-norte\/?s={search_term_string}\"},\"query-input\":{\"@type\":\"PropertyValueSpecification\",\"valueRequired\":true,\"valueName\":\"search_term_string\"}}],\"inLanguage\":\"pt-PT\"},{\"@type\":\"Organization\",\"@id\":\"https:\/\/comarcas.csm.org.pt\/lisboa-norte\/#organization\",\"name\":\"Tribunal Judicial da Comarca de Lisboa Norte\",\"url\":\"https:\/\/comarcas.csm.org.pt\/lisboa-norte\/\",\"logo\":{\"@type\":\"ImageObject\",\"inLanguage\":\"pt-PT\",\"@id\":\"https:\/\/comarcas.csm.org.pt\/lisboa-norte\/#\/schema\/logo\/image\/\",\"url\":\"https:\/\/comarcas.csm.org.pt\/lisboa-norte\/wp-content\/uploads\/sites\/18\/2024\/11\/Lisboa-N_positivo-horizontal.png\",\"contentUrl\":\"https:\/\/comarcas.csm.org.pt\/lisboa-norte\/wp-content\/uploads\/sites\/18\/2024\/11\/Lisboa-N_positivo-horizontal.png\",\"width\":4833,\"height\":942,\"caption\":\"Tribunal Judicial da Comarca de Lisboa Norte\"},\"image\":{\"@id\":\"https:\/\/comarcas.csm.org.pt\/lisboa-norte\/#\/schema\/logo\/image\/\"}}]}<\/script>\n<!-- \/ Yoast SEO plugin. -->","yoast_head_json":{"title":"RGPD - Tribunal Judicial da Comarca de Lisboa Norte","robots":{"index":"index","follow":"follow","max-snippet":"max-snippet:-1","max-image-preview":"max-image-preview:large","max-video-preview":"max-video-preview:-1"},"canonical":"https:\/\/comarcas.csm.org.pt\/lisboa-norte\/cidadao\/rgpd\/","og_locale":"pt_PT","og_type":"article","og_title":"RGPD - Tribunal Judicial da Comarca de Lisboa Norte","og_description":"Legisla\u00e7\u00e3o aplic\u00e1vel: Regulamento (UE) n.\u00ba 2016\/679, do Parlamento e do Conselho, de 27 de abril de 2016 relativo \u00e0 prote\u00e7\u00e3o das pessoas singulares no que diz respeito ao tratamento de dados pessoais e \u00e0 livre circula\u00e7\u00e3o desses dados Lei n.\u00ba 58\/2019, de 8 de agosto (assegura a execu\u00e7\u00e3o, na ordem jur\u00eddica nacional, do Regulamento (UE)...","og_url":"https:\/\/comarcas.csm.org.pt\/lisboa-norte\/cidadao\/rgpd\/","og_site_name":"Tribunal Judicial da Comarca de Lisboa Norte","article_modified_time":"2025-07-02T13:07:18+00:00","twitter_card":"summary_large_image","twitter_misc":{"Tempo estimado de leitura":"6 minutos"},"schema":{"@context":"https:\/\/schema.org","@graph":[{"@type":"WebPage","@id":"https:\/\/comarcas.csm.org.pt\/lisboa-norte\/cidadao\/rgpd\/","url":"https:\/\/comarcas.csm.org.pt\/lisboa-norte\/cidadao\/rgpd\/","name":"RGPD - Tribunal Judicial da Comarca de Lisboa Norte","isPartOf":{"@id":"https:\/\/comarcas.csm.org.pt\/lisboa-norte\/#website"},"datePublished":"2024-05-22T11:36:09+00:00","dateModified":"2025-07-02T13:07:18+00:00","breadcrumb":{"@id":"https:\/\/comarcas.csm.org.pt\/lisboa-norte\/cidadao\/rgpd\/#breadcrumb"},"inLanguage":"pt-PT","potentialAction":[{"@type":"ReadAction","target":["https:\/\/comarcas.csm.org.pt\/lisboa-norte\/cidadao\/rgpd\/"]}]},{"@type":"BreadcrumbList","@id":"https:\/\/comarcas.csm.org.pt\/lisboa-norte\/cidadao\/rgpd\/#breadcrumb","itemListElement":[{"@type":"ListItem","position":1,"name":"In\u00edcio","item":"https:\/\/comarcas.csm.org.pt\/lisboa-norte\/"},{"@type":"ListItem","position":2,"name":"Cidad\u00e3o","item":"https:\/\/comarcas.csm.org.pt\/lisboa-norte\/cidadao\/"},{"@type":"ListItem","position":3,"name":"RGPD"}]},{"@type":"WebSite","@id":"https:\/\/comarcas.csm.org.pt\/lisboa-norte\/#website","url":"https:\/\/comarcas.csm.org.pt\/lisboa-norte\/","name":"Tribunal Judicial da Comarca de Lisboa Norte","description":"Tribunal Judicial da Comarca de Aveiro","publisher":{"@id":"https:\/\/comarcas.csm.org.pt\/lisboa-norte\/#organization"},"potentialAction":[{"@type":"SearchAction","target":{"@type":"EntryPoint","urlTemplate":"https:\/\/comarcas.csm.org.pt\/lisboa-norte\/?s={search_term_string}"},"query-input":{"@type":"PropertyValueSpecification","valueRequired":true,"valueName":"search_term_string"}}],"inLanguage":"pt-PT"},{"@type":"Organization","@id":"https:\/\/comarcas.csm.org.pt\/lisboa-norte\/#organization","name":"Tribunal Judicial da Comarca de Lisboa Norte","url":"https:\/\/comarcas.csm.org.pt\/lisboa-norte\/","logo":{"@type":"ImageObject","inLanguage":"pt-PT","@id":"https:\/\/comarcas.csm.org.pt\/lisboa-norte\/#\/schema\/logo\/image\/","url":"https:\/\/comarcas.csm.org.pt\/lisboa-norte\/wp-content\/uploads\/sites\/18\/2024\/11\/Lisboa-N_positivo-horizontal.png","contentUrl":"https:\/\/comarcas.csm.org.pt\/lisboa-norte\/wp-content\/uploads\/sites\/18\/2024\/11\/Lisboa-N_positivo-horizontal.png","width":4833,"height":942,"caption":"Tribunal Judicial da Comarca de Lisboa Norte"},"image":{"@id":"https:\/\/comarcas.csm.org.pt\/lisboa-norte\/#\/schema\/logo\/image\/"}}]}},"_links":{"self":[{"href":"https:\/\/comarcas.csm.org.pt\/lisboa-norte\/wp-json\/wp\/v2\/pages\/11359","targetHints":{"allow":["GET"]}}],"collection":[{"href":"https:\/\/comarcas.csm.org.pt\/lisboa-norte\/wp-json\/wp\/v2\/pages"}],"about":[{"href":"https:\/\/comarcas.csm.org.pt\/lisboa-norte\/wp-json\/wp\/v2\/types\/page"}],"author":[{"embeddable":true,"href":"https:\/\/comarcas.csm.org.pt\/lisboa-norte\/wp-json\/wp\/v2\/users\/1"}],"replies":[{"embeddable":true,"href":"https:\/\/comarcas.csm.org.pt\/lisboa-norte\/wp-json\/wp\/v2\/comments?post=11359"}],"version-history":[{"count":16,"href":"https:\/\/comarcas.csm.org.pt\/lisboa-norte\/wp-json\/wp\/v2\/pages\/11359\/revisions"}],"predecessor-version":[{"id":12298,"href":"https:\/\/comarcas.csm.org.pt\/lisboa-norte\/wp-json\/wp\/v2\/pages\/11359\/revisions\/12298"}],"up":[{"embeddable":true,"href":"https:\/\/comarcas.csm.org.pt\/lisboa-norte\/wp-json\/wp\/v2\/pages\/11404"}],"wp:attachment":[{"href":"https:\/\/comarcas.csm.org.pt\/lisboa-norte\/wp-json\/wp\/v2\/media?parent=11359"}],"curies":[{"name":"wp","href":"https:\/\/api.w.org\/{rel}","templated":true}]}}