{"id":12002,"date":"2025-06-18T14:57:21","date_gmt":"2025-06-18T14:57:21","guid":{"rendered":"https:\/\/comarcas.csm.org.pt\/lisboa-norte\/?page_id=12002"},"modified":"2025-07-21T14:46:29","modified_gmt":"2025-07-21T14:46:29","slug":"alenquer","status":"publish","type":"page","link":"https:\/\/comarcas.csm.org.pt\/lisboa-norte\/acomarca\/juizos\/alenquer\/","title":{"rendered":"Alenquer"},"content":{"rendered":"\t\t<div data-elementor-type=\"wp-page\" data-elementor-id=\"12002\" class=\"elementor elementor-12002\" data-elementor-post-type=\"page\">\n\t\t\t\t<div class=\"elementor-element elementor-element-9a4155d e-flex e-con-boxed e-con e-parent\" data-id=\"9a4155d\" data-element_type=\"container\">\n\t\t\t\t\t<div class=\"e-con-inner\">\n\t\t<div class=\"elementor-element elementor-element-fe833da e-con-full e-flex e-con e-child\" data-id=\"fe833da\" data-element_type=\"container\">\n\t\t\t\t<div class=\"elementor-element elementor-element-26b3d80 elementor-widget elementor-widget-image\" data-id=\"26b3d80\" data-element_type=\"widget\" data-widget_type=\"image.default\">\n\t\t\t\t<div class=\"elementor-widget-container\">\n\t\t\t\t\t\t\t\t\t\t\t\t\t\t\t<img fetchpriority=\"high\" decoding=\"async\" width=\"960\" height=\"720\" src=\"https:\/\/comarcas.csm.org.pt\/lisboa-norte\/wp-content\/uploads\/sites\/18\/2025\/07\/Palacio_da_Justica_Alenquer_03.jpg\" class=\"attachment-large size-large wp-image-12341\" alt=\"\" srcset=\"https:\/\/comarcas.csm.org.pt\/lisboa-norte\/wp-content\/uploads\/sites\/18\/2025\/07\/Palacio_da_Justica_Alenquer_03.jpg 960w, https:\/\/comarcas.csm.org.pt\/lisboa-norte\/wp-content\/uploads\/sites\/18\/2025\/07\/Palacio_da_Justica_Alenquer_03-300x225.jpg 300w, https:\/\/comarcas.csm.org.pt\/lisboa-norte\/wp-content\/uploads\/sites\/18\/2025\/07\/Palacio_da_Justica_Alenquer_03-768x576.jpg 768w\" sizes=\"(max-width: 960px) 100vw, 960px\" \/>\t\t\t\t\t\t\t\t\t\t\t\t\t\t\t<\/div>\n\t\t\t\t<\/div>\n\t\t\t\t<div class=\"elementor-element elementor-element-812f9db elementor-widget elementor-widget-heading\" data-id=\"812f9db\" data-element_type=\"widget\" data-widget_type=\"heading.default\">\n\t\t\t\t<div class=\"elementor-widget-container\">\n\t\t\t\t\t<h4 class=\"elementor-heading-title elementor-size-default\">Unidade Central<\/h4>\t\t\t\t<\/div>\n\t\t\t\t<\/div>\n\t\t\t\t<\/div>\n\t\t<div class=\"elementor-element elementor-element-c702faa e-con-full e-flex e-con e-child\" data-id=\"c702faa\" data-element_type=\"container\">\n\t\t\t\t<div class=\"elementor-element elementor-element-732bcc9 elementor-widget elementor-widget-icon-box\" data-id=\"732bcc9\" data-element_type=\"widget\" data-widget_type=\"icon-box.default\">\n\t\t\t\t<div class=\"elementor-widget-container\">\n\t\t\t\t\t\t\t<div class=\"elementor-icon-box-wrapper\">\n\n\t\t\t\n\t\t\t\t\t\t<div class=\"elementor-icon-box-content\">\n\n\t\t\t\t\t\t\t\t\t<h6 class=\"elementor-icon-box-title\">\n\t\t\t\t\t\t<span  >\n\t\t\t\t\t\t\tContactos:\t\t\t\t\t\t<\/span>\n\t\t\t\t\t<\/h6>\n\t\t\t\t\n\t\t\t\t\t\t\t\t\t<p class=\"elementor-icon-box-description\">\n\t\t\t\t\t\t<span style=\"font-weight: 700;letter-spacing: 0.3px\">Telefone:<\/span>263730260<span style=\"letter-spacing: 0.3px\"> <\/span><span style=\"letter-spacing: 0.3px\">\n<\/span><span style=\"font-weight: 700;letter-spacing: 0.3px\">Fax:<\/span><span style=\"letter-spacing: 0.3px\"> 263730279\n<\/span><br style=\"letter-spacing: 0.3px\"><span style=\"letter-spacing: 0.3px\">\n<\/span><span style=\"font-weight: 700;letter-spacing: 0.3px\">Email:<\/span><span style=\"letter-spacing: 0.3px\"> alenquer.judicial@tribunais.org.pt<\/span>\t\t\t\t\t<\/p>\n\t\t\t\t\n\t\t\t<\/div>\n\t\t\t\n\t\t<\/div>\n\t\t\t\t\t\t<\/div>\n\t\t\t\t<\/div>\n\t\t\t\t<div class=\"elementor-element elementor-element-d1d2a2d elementor-widget elementor-widget-icon-box\" data-id=\"d1d2a2d\" data-element_type=\"widget\" data-widget_type=\"icon-box.default\">\n\t\t\t\t<div class=\"elementor-widget-container\">\n\t\t\t\t\t\t\t<div class=\"elementor-icon-box-wrapper\">\n\n\t\t\t\n\t\t\t\t\t\t<div class=\"elementor-icon-box-content\">\n\n\t\t\t\t\t\t\t\t\t<h6 class=\"elementor-icon-box-title\">\n\t\t\t\t\t\t<span  >\n\t\t\t\t\t\t\tMorada:\t\t\t\t\t\t<\/span>\n\t\t\t\t\t<\/h6>\n\t\t\t\t\n\t\t\t\t\t\t\t\t\t<p class=\"elementor-icon-box-description\">\n\t\t\t\t\t\tPal\u00e1cio da Justi\u00e7a - Av. 25 de Abril <br><br> 2580-367 Alenquer\n\n\t\t\t\t\t<\/p>\n\t\t\t\t\n\t\t\t<\/div>\n\t\t\t\n\t\t<\/div>\n\t\t\t\t\t\t<\/div>\n\t\t\t\t<\/div>\n\t\t\t\t<\/div>\n\t\t<div class=\"elementor-element elementor-element-1d0e5d6 e-con-full e-flex e-con e-child\" data-id=\"1d0e5d6\" data-element_type=\"container\">\n\t\t\t\t<div class=\"elementor-element elementor-element-3fc6d13 elementor-widget elementor-widget-google_maps\" data-id=\"3fc6d13\" data-element_type=\"widget\" data-widget_type=\"google_maps.default\">\n\t\t\t\t<div class=\"elementor-widget-container\">\n\t\t\t\t\t\t\t<div class=\"elementor-custom-embed\">\n\t\t\t<iframe loading=\"lazy\"\n\t\t\t\t\tsrc=\"https:\/\/www.google.com\/maps\/embed\/v1\/place?key=AIzaSyDhSoLeftGxfg7Tvco7SEUCY-Cc_XLDY3c&#038;q=Av.%2025%20de%20Abril%2C%20Pal%C3%A1cio%20da%20Justi%C3%A7a%2C%20Alenquer&#038;zoom=15\"\n\t\t\t\t\ttitle=\"Av. 25 de Abril, Pal\u00e1cio da Justi\u00e7a, Alenquer\"\n\t\t\t\t\taria-label=\"Av. 25 de Abril, Pal\u00e1cio da Justi\u00e7a, Alenquer\"\n\t\t\t><\/iframe>\n\t\t<\/div>\n\t\t\t\t\t\t<\/div>\n\t\t\t\t<\/div>\n\t\t\t\t<\/div>\n\t\t\t\t\t<\/div>\n\t\t\t\t<\/div>\n\t\t<div class=\"elementor-element elementor-element-cbb3ba0 e-flex e-con-boxed e-con e-parent\" data-id=\"cbb3ba0\" data-element_type=\"container\">\n\t\t\t\t\t<div class=\"e-con-inner\">\n\t\t<div class=\"elementor-element elementor-element-b37583d e-con-full e-flex e-con e-child\" data-id=\"b37583d\" data-element_type=\"container\">\n\t\t\t\t<div class=\"elementor-element elementor-element-f27fc11 elementor-widget elementor-widget-heading\" data-id=\"f27fc11\" data-element_type=\"widget\" data-widget_type=\"heading.default\">\n\t\t\t\t<div class=\"elementor-widget-container\">\n\t\t\t\t\t<h4 class=\"elementor-heading-title elementor-size-default\">Ju\u00edzo Local C\u00edvel <\/h4>\t\t\t\t<\/div>\n\t\t\t\t<\/div>\n\t\t\t\t<\/div>\n\t\t<div class=\"elementor-element elementor-element-c820ab1 e-con-full e-flex e-con e-child\" data-id=\"c820ab1\" data-element_type=\"container\">\n\t\t\t\t<div class=\"elementor-element elementor-element-a1a0e93 elementor-widget elementor-widget-icon-box\" data-id=\"a1a0e93\" data-element_type=\"widget\" data-widget_type=\"icon-box.default\">\n\t\t\t\t<div class=\"elementor-widget-container\">\n\t\t\t\t\t\t\t<div class=\"elementor-icon-box-wrapper\">\n\n\t\t\t\n\t\t\t\t\t\t<div class=\"elementor-icon-box-content\">\n\n\t\t\t\t\t\t\t\t\t<h6 class=\"elementor-icon-box-title\">\n\t\t\t\t\t\t<span  >\n\t\t\t\t\t\t\tCompet\u00eancia Territorial:\t\t\t\t\t\t<\/span>\n\t\t\t\t\t<\/h6>\n\t\t\t\t\n\t\t\t\t\t\t\t\t\t<p class=\"elementor-icon-box-description\">\n\t\t\t\t\t\tAlenquer e Azambuja \t\t\t\t\t<\/p>\n\t\t\t\t\n\t\t\t<\/div>\n\t\t\t\n\t\t<\/div>\n\t\t\t\t\t\t<\/div>\n\t\t\t\t<\/div>\n\t\t\t\t<div class=\"elementor-element elementor-element-808e4fd elementor-widget elementor-widget-icon-box\" data-id=\"808e4fd\" data-element_type=\"widget\" data-widget_type=\"icon-box.default\">\n\t\t\t\t<div class=\"elementor-widget-container\">\n\t\t\t\t\t\t\t<div class=\"elementor-icon-box-wrapper\">\n\n\t\t\t\n\t\t\t\t\t\t<div class=\"elementor-icon-box-content\">\n\n\t\t\t\t\t\t\t\t\t<h6 class=\"elementor-icon-box-title\">\n\t\t\t\t\t\t<span  >\n\t\t\t\t\t\t\tMorada:\t\t\t\t\t\t<\/span>\n\t\t\t\t\t<\/h6>\n\t\t\t\t\n\t\t\t\t\t\t\t\t\t<p class=\"elementor-icon-box-description\">\n\t\t\t\t\t\tPal\u00e1cio da Justi\u00e7a - Av. 25 de Abril<br><br>2580-367 Alenquer\t\t\t\t\t<\/p>\n\t\t\t\t\n\t\t\t<\/div>\n\t\t\t\n\t\t<\/div>\n\t\t\t\t\t\t<\/div>\n\t\t\t\t<\/div>\n\t\t\t\t<div class=\"elementor-element elementor-element-3f7b8c3 elementor-widget elementor-widget-icon-box\" data-id=\"3f7b8c3\" data-element_type=\"widget\" data-widget_type=\"icon-box.default\">\n\t\t\t\t<div class=\"elementor-widget-container\">\n\t\t\t\t\t\t\t<div class=\"elementor-icon-box-wrapper\">\n\n\t\t\t\n\t\t\t\t\t\t<div class=\"elementor-icon-box-content\">\n\n\t\t\t\t\t\t\t\t\t<h6 class=\"elementor-icon-box-title\">\n\t\t\t\t\t\t<span  >\n\t\t\t\t\t\t\tContactos:\t\t\t\t\t\t<\/span>\n\t\t\t\t\t<\/h6>\n\t\t\t\t\n\t\t\t\t\t\t\t\t\t<p class=\"elementor-icon-box-description\">\n\t\t\t\t\t\t<span style=\"letter-spacing: 0.3px;font-weight: 700\">Telefone:<\/span><span style=\"letter-spacing: 0.3px\">263730260<\/span><span style=\"letter-spacing: 0.3px\"> <\/span><span style=\"letter-spacing: 0.3px\">\n<\/span><span style=\"letter-spacing: 0.3px;font-weight: 700\">Fax:<\/span><span style=\"letter-spacing: 0.3px\"> 263730279\n<\/span><br style=\"letter-spacing: 0.3px\"><span style=\"letter-spacing: 0.3px\">\n<\/span><span style=\"letter-spacing: 0.3px;font-weight: 700\">Email:<\/span><span style=\"letter-spacing: 0.3px\"> alenquer.judicial@tribunais.org.pt<\/span>\t\t\t\t\t<\/p>\n\t\t\t\t\n\t\t\t<\/div>\n\t\t\t\n\t\t<\/div>\n\t\t\t\t\t\t<\/div>\n\t\t\t\t<\/div>\n\t\t\t\t<\/div>\n\t\t<div class=\"elementor-element elementor-element-bddb680 e-con-full e-flex e-con e-child\" data-id=\"bddb680\" data-element_type=\"container\">\n\t\t\t\t<div class=\"elementor-element elementor-element-639557c elementor-widget elementor-widget-google_maps\" data-id=\"639557c\" data-element_type=\"widget\" data-widget_type=\"google_maps.default\">\n\t\t\t\t<div class=\"elementor-widget-container\">\n\t\t\t\t\t\t\t<div class=\"elementor-custom-embed\">\n\t\t\t<iframe loading=\"lazy\"\n\t\t\t\t\tsrc=\"https:\/\/www.google.com\/maps\/embed\/v1\/place?key=AIzaSyDhSoLeftGxfg7Tvco7SEUCY-Cc_XLDY3c&#038;q=Pal%C3%A1cio%20da%20Justi%C3%A7a%2C%20Av.%2025%20de%20abril%2C%20Alenquer&#038;zoom=15\"\n\t\t\t\t\ttitle=\"Pal\u00e1cio da Justi\u00e7a, Av. 25 de abril, Alenquer\"\n\t\t\t\t\taria-label=\"Pal\u00e1cio da Justi\u00e7a, Av. 25 de abril, Alenquer\"\n\t\t\t><\/iframe>\n\t\t<\/div>\n\t\t\t\t\t\t<\/div>\n\t\t\t\t<\/div>\n\t\t\t\t<\/div>\n\t\t\t\t\t<\/div>\n\t\t\t\t<\/div>\n\t\t<div class=\"elementor-element elementor-element-855d25b e-flex e-con-boxed e-con e-parent\" data-id=\"855d25b\" data-element_type=\"container\">\n\t\t\t\t\t<div class=\"e-con-inner\">\n\t\t<div class=\"elementor-element elementor-element-d0b20b7 e-con-full e-flex e-con e-child\" data-id=\"d0b20b7\" data-element_type=\"container\">\n\t\t\t\t<div class=\"elementor-element elementor-element-cba8633 elementor-widget elementor-widget-heading\" data-id=\"cba8633\" data-element_type=\"widget\" data-widget_type=\"heading.default\">\n\t\t\t\t<div class=\"elementor-widget-container\">\n\t\t\t\t\t<h4 class=\"elementor-heading-title elementor-size-default\">Ju\u00edzo Local Criminal <\/h4>\t\t\t\t<\/div>\n\t\t\t\t<\/div>\n\t\t\t\t<\/div>\n\t\t<div class=\"elementor-element elementor-element-8175913 e-con-full e-flex e-con e-child\" data-id=\"8175913\" data-element_type=\"container\">\n\t\t\t\t<div class=\"elementor-element elementor-element-da73272 elementor-widget elementor-widget-icon-box\" data-id=\"da73272\" data-element_type=\"widget\" data-widget_type=\"icon-box.default\">\n\t\t\t\t<div class=\"elementor-widget-container\">\n\t\t\t\t\t\t\t<div class=\"elementor-icon-box-wrapper\">\n\n\t\t\t\n\t\t\t\t\t\t<div class=\"elementor-icon-box-content\">\n\n\t\t\t\t\t\t\t\t\t<h6 class=\"elementor-icon-box-title\">\n\t\t\t\t\t\t<span  >\n\t\t\t\t\t\t\tCompet\u00eancia Territorial:\t\t\t\t\t\t<\/span>\n\t\t\t\t\t<\/h6>\n\t\t\t\t\n\t\t\t\t\t\t\t\t\t<p class=\"elementor-icon-box-description\">\n\t\t\t\t\t\tAlenquer e Azambuja \t\t\t\t\t<\/p>\n\t\t\t\t\n\t\t\t<\/div>\n\t\t\t\n\t\t<\/div>\n\t\t\t\t\t\t<\/div>\n\t\t\t\t<\/div>\n\t\t\t\t<div class=\"elementor-element elementor-element-a3d953f elementor-widget elementor-widget-icon-box\" data-id=\"a3d953f\" data-element_type=\"widget\" data-widget_type=\"icon-box.default\">\n\t\t\t\t<div class=\"elementor-widget-container\">\n\t\t\t\t\t\t\t<div class=\"elementor-icon-box-wrapper\">\n\n\t\t\t\n\t\t\t\t\t\t<div class=\"elementor-icon-box-content\">\n\n\t\t\t\t\t\t\t\t\t<h6 class=\"elementor-icon-box-title\">\n\t\t\t\t\t\t<span  >\n\t\t\t\t\t\t\tMorada:\t\t\t\t\t\t<\/span>\n\t\t\t\t\t<\/h6>\n\t\t\t\t\n\t\t\t\t\t\t\t\t\t<p class=\"elementor-icon-box-description\">\n\t\t\t\t\t\tPal\u00e1cio da Justi\u00e7a - Av. 25 de Abril<br><br>2580-367 Alenquer\t\t\t\t\t<\/p>\n\t\t\t\t\n\t\t\t<\/div>\n\t\t\t\n\t\t<\/div>\n\t\t\t\t\t\t<\/div>\n\t\t\t\t<\/div>\n\t\t\t\t<div class=\"elementor-element elementor-element-ed04912 elementor-widget elementor-widget-icon-box\" data-id=\"ed04912\" data-element_type=\"widget\" data-widget_type=\"icon-box.default\">\n\t\t\t\t<div class=\"elementor-widget-container\">\n\t\t\t\t\t\t\t<div class=\"elementor-icon-box-wrapper\">\n\n\t\t\t\n\t\t\t\t\t\t<div class=\"elementor-icon-box-content\">\n\n\t\t\t\t\t\t\t\t\t<h6 class=\"elementor-icon-box-title\">\n\t\t\t\t\t\t<span  >\n\t\t\t\t\t\t\tContactos:\t\t\t\t\t\t<\/span>\n\t\t\t\t\t<\/h6>\n\t\t\t\t\n\t\t\t\t\t\t\t\t\t<p class=\"elementor-icon-box-description\">\n\t\t\t\t\t\t<span style=\"letter-spacing: 0.3px;font-weight: 700\">Telefone:<\/span><span style=\"letter-spacing: 0.3px\">263730260<\/span><span style=\"letter-spacing: 0.3px\"> <\/span><span style=\"letter-spacing: 0.3px\">\n<\/span><span style=\"letter-spacing: 0.3px;font-weight: 700\">Fax:<\/span><span style=\"letter-spacing: 0.3px\"> 263730279\n<\/span><br style=\"letter-spacing: 0.3px\"><span style=\"letter-spacing: 0.3px\">\n<\/span><span style=\"letter-spacing: 0.3px;font-weight: 700\">Email:<\/span><span style=\"letter-spacing: 0.3px\"> alenquer.judicial@tribunais.org.pt<\/span>\t\t\t\t\t<\/p>\n\t\t\t\t\n\t\t\t<\/div>\n\t\t\t\n\t\t<\/div>\n\t\t\t\t\t\t<\/div>\n\t\t\t\t<\/div>\n\t\t\t\t<\/div>\n\t\t<div class=\"elementor-element elementor-element-9a1845a e-con-full e-flex e-con e-child\" data-id=\"9a1845a\" data-element_type=\"container\">\n\t\t\t\t<div class=\"elementor-element elementor-element-2d2294b elementor-widget elementor-widget-google_maps\" data-id=\"2d2294b\" data-element_type=\"widget\" data-widget_type=\"google_maps.default\">\n\t\t\t\t<div class=\"elementor-widget-container\">\n\t\t\t\t\t\t\t<div class=\"elementor-custom-embed\">\n\t\t\t<iframe loading=\"lazy\"\n\t\t\t\t\tsrc=\"https:\/\/www.google.com\/maps\/embed\/v1\/place?key=AIzaSyDhSoLeftGxfg7Tvco7SEUCY-Cc_XLDY3c&#038;q=Pal%C3%A1cio%20da%20Justi%C3%A7a%2C%20Av.%2025%20de%20abril%2C%20Alenquer&#038;zoom=15\"\n\t\t\t\t\ttitle=\"Pal\u00e1cio da Justi\u00e7a, Av. 25 de abril, Alenquer\"\n\t\t\t\t\taria-label=\"Pal\u00e1cio da Justi\u00e7a, Av. 25 de abril, Alenquer\"\n\t\t\t><\/iframe>\n\t\t<\/div>\n\t\t\t\t\t\t<\/div>\n\t\t\t\t<\/div>\n\t\t\t\t<\/div>\n\t\t\t\t\t<\/div>\n\t\t\t\t<\/div>\n\t\t<div class=\"elementor-element elementor-element-84c2d58 e-flex e-con-boxed e-con e-parent\" data-id=\"84c2d58\" data-element_type=\"container\">\n\t\t\t\t\t<div class=\"e-con-inner\">\n\t\t\t\t<div class=\"elementor-element elementor-element-32f36c2 elementor-widget elementor-widget-spacer\" data-id=\"32f36c2\" data-element_type=\"widget\" data-widget_type=\"spacer.default\">\n\t\t\t\t<div class=\"elementor-widget-container\">\n\t\t\t\t\t\t\t<div class=\"elementor-spacer\">\n\t\t\t<div class=\"elementor-spacer-inner\"><\/div>\n\t\t<\/div>\n\t\t\t\t\t\t<\/div>\n\t\t\t\t<\/div>\n\t\t\t\t\t<\/div>\n\t\t\t\t<\/div>\n\t\t\t\t<\/div>\n\t\t","protected":false},"excerpt":{"rendered":"<p>Unidade Central Contactos: Telefone:263730260 Fax: 263730279 Email: alenquer.judicial@tribunais.org.pt Morada: Pal\u00e1cio da Justi\u00e7a &#8211; Av. 25 de Abril 2580-367 Alenquer Ju\u00edzo Local C\u00edvel Compet\u00eancia Territorial: Alenquer e Azambuja Morada: Pal\u00e1cio da Justi\u00e7a &#8211; Av. 25 de Abril 2580-367 Alenquer Contactos: Telefone:263730260 Fax: 263730279 Email: alenquer.judicial@tribunais.org.pt Ju\u00edzo Local Criminal Compet\u00eancia Territorial: Alenquer e Azambuja Morada: Pal\u00e1cio da&#8230;<\/p>\n","protected":false},"author":18,"featured_media":0,"parent":11069,"menu_order":0,"comment_status":"closed","ping_status":"closed","template":"","meta":{"_tbt_post_transparent":"","_tbt_post_title":"","_tbt_post_layout":"default","_tbt_post_sidebar_id":"","_tbt_post_content_style":"","_tbt_post_vertical_padding":"","_tbt_post_feature":"","_tbt_post_feature_position":"","_tbt_post_header":false,"_tbt_post_footer":false},"class_list":["post-12002","page","type-page","status-publish","hentry"],"yoast_head":"<!-- This site is optimized with the Yoast SEO plugin v25.6 - https:\/\/yoast.com\/wordpress\/plugins\/seo\/ -->\n<title>Alenquer - Tribunal Judicial da Comarca de Lisboa Norte<\/title>\n<meta name=\"robots\" content=\"index, follow, max-snippet:-1, max-image-preview:large, max-video-preview:-1\" \/>\n<link rel=\"canonical\" href=\"https:\/\/comarcas.csm.org.pt\/lisboa-norte\/acomarca\/juizos\/alenquer\/\" \/>\n<meta property=\"og:locale\" content=\"pt_PT\" \/>\n<meta property=\"og:type\" content=\"article\" \/>\n<meta property=\"og:title\" content=\"Alenquer - Tribunal Judicial da Comarca de Lisboa Norte\" \/>\n<meta property=\"og:description\" content=\"Unidade Central Contactos: Telefone:263730260 Fax: 263730279 Email: alenquer.judicial@tribunais.org.pt Morada: Pal\u00e1cio da Justi\u00e7a &#8211; Av. 25 de Abril 2580-367 Alenquer Ju\u00edzo Local C\u00edvel Compet\u00eancia Territorial: Alenquer e Azambuja Morada: Pal\u00e1cio da Justi\u00e7a &#8211; Av. 25 de Abril 2580-367 Alenquer Contactos: Telefone:263730260 Fax: 263730279 Email: alenquer.judicial@tribunais.org.pt Ju\u00edzo Local Criminal Compet\u00eancia Territorial: Alenquer e Azambuja Morada: Pal\u00e1cio da...\" \/>\n<meta property=\"og:url\" content=\"https:\/\/comarcas.csm.org.pt\/lisboa-norte\/acomarca\/juizos\/alenquer\/\" \/>\n<meta property=\"og:site_name\" content=\"Tribunal Judicial da Comarca de Lisboa Norte\" \/>\n<meta property=\"article:modified_time\" content=\"2025-07-21T14:46:29+00:00\" \/>\n<meta property=\"og:image\" content=\"https:\/\/comarcas.csm.org.pt\/lisboa-norte\/wp-content\/uploads\/sites\/18\/2025\/07\/Palacio_da_Justica_Alenquer_03.jpg\" \/>\n\t<meta property=\"og:image:width\" content=\"960\" \/>\n\t<meta property=\"og:image:height\" content=\"720\" \/>\n\t<meta property=\"og:image:type\" content=\"image\/jpeg\" \/>\n<meta name=\"twitter:card\" content=\"summary_large_image\" \/>\n<meta name=\"twitter:label1\" content=\"Tempo estimado de leitura\" \/>\n\t<meta name=\"twitter:data1\" content=\"1 minuto\" \/>\n<script type=\"application\/ld+json\" class=\"yoast-schema-graph\">{\"@context\":\"https:\/\/schema.org\",\"@graph\":[{\"@type\":\"WebPage\",\"@id\":\"https:\/\/comarcas.csm.org.pt\/lisboa-norte\/acomarca\/juizos\/alenquer\/\",\"url\":\"https:\/\/comarcas.csm.org.pt\/lisboa-norte\/acomarca\/juizos\/alenquer\/\",\"name\":\"Alenquer - Tribunal Judicial da Comarca de Lisboa Norte\",\"isPartOf\":{\"@id\":\"https:\/\/comarcas.csm.org.pt\/lisboa-norte\/#website\"},\"primaryImageOfPage\":{\"@id\":\"https:\/\/comarcas.csm.org.pt\/lisboa-norte\/acomarca\/juizos\/alenquer\/#primaryimage\"},\"image\":{\"@id\":\"https:\/\/comarcas.csm.org.pt\/lisboa-norte\/acomarca\/juizos\/alenquer\/#primaryimage\"},\"thumbnailUrl\":\"https:\/\/comarcas.csm.org.pt\/lisboa-norte\/wp-content\/uploads\/sites\/18\/2025\/07\/Palacio_da_Justica_Alenquer_03.jpg\",\"datePublished\":\"2025-06-18T14:57:21+00:00\",\"dateModified\":\"2025-07-21T14:46:29+00:00\",\"breadcrumb\":{\"@id\":\"https:\/\/comarcas.csm.org.pt\/lisboa-norte\/acomarca\/juizos\/alenquer\/#breadcrumb\"},\"inLanguage\":\"pt-PT\",\"potentialAction\":[{\"@type\":\"ReadAction\",\"target\":[\"https:\/\/comarcas.csm.org.pt\/lisboa-norte\/acomarca\/juizos\/alenquer\/\"]}]},{\"@type\":\"ImageObject\",\"inLanguage\":\"pt-PT\",\"@id\":\"https:\/\/comarcas.csm.org.pt\/lisboa-norte\/acomarca\/juizos\/alenquer\/#primaryimage\",\"url\":\"https:\/\/comarcas.csm.org.pt\/lisboa-norte\/wp-content\/uploads\/sites\/18\/2025\/07\/Palacio_da_Justica_Alenquer_03.jpg\",\"contentUrl\":\"https:\/\/comarcas.csm.org.pt\/lisboa-norte\/wp-content\/uploads\/sites\/18\/2025\/07\/Palacio_da_Justica_Alenquer_03.jpg\",\"width\":960,\"height\":720},{\"@type\":\"BreadcrumbList\",\"@id\":\"https:\/\/comarcas.csm.org.pt\/lisboa-norte\/acomarca\/juizos\/alenquer\/#breadcrumb\",\"itemListElement\":[{\"@type\":\"ListItem\",\"position\":1,\"name\":\"In\u00edcio\",\"item\":\"https:\/\/comarcas.csm.org.pt\/lisboa-norte\/\"},{\"@type\":\"ListItem\",\"position\":2,\"name\":\"A Comarca\",\"item\":\"https:\/\/comarcas.csm.org.pt\/lisboa-norte\/acomarca\/\"},{\"@type\":\"ListItem\",\"position\":3,\"name\":\"N\u00facleos \/ Ju\u00edzos\",\"item\":\"https:\/\/comarcas.csm.org.pt\/lisboa-norte\/acomarca\/juizos\/\"},{\"@type\":\"ListItem\",\"position\":4,\"name\":\"Alenquer\"}]},{\"@type\":\"WebSite\",\"@id\":\"https:\/\/comarcas.csm.org.pt\/lisboa-norte\/#website\",\"url\":\"https:\/\/comarcas.csm.org.pt\/lisboa-norte\/\",\"name\":\"Tribunal Judicial da Comarca de Lisboa Norte\",\"description\":\"Tribunal Judicial da Comarca de Aveiro\",\"publisher\":{\"@id\":\"https:\/\/comarcas.csm.org.pt\/lisboa-norte\/#organization\"},\"potentialAction\":[{\"@type\":\"SearchAction\",\"target\":{\"@type\":\"EntryPoint\",\"urlTemplate\":\"https:\/\/comarcas.csm.org.pt\/lisboa-norte\/?s={search_term_string}\"},\"query-input\":{\"@type\":\"PropertyValueSpecification\",\"valueRequired\":true,\"valueName\":\"search_term_string\"}}],\"inLanguage\":\"pt-PT\"},{\"@type\":\"Organization\",\"@id\":\"https:\/\/comarcas.csm.org.pt\/lisboa-norte\/#organization\",\"name\":\"Tribunal Judicial da Comarca de Lisboa Norte\",\"url\":\"https:\/\/comarcas.csm.org.pt\/lisboa-norte\/\",\"logo\":{\"@type\":\"ImageObject\",\"inLanguage\":\"pt-PT\",\"@id\":\"https:\/\/comarcas.csm.org.pt\/lisboa-norte\/#\/schema\/logo\/image\/\",\"url\":\"https:\/\/comarcas.csm.org.pt\/lisboa-norte\/wp-content\/uploads\/sites\/18\/2024\/11\/Lisboa-N_positivo-horizontal.png\",\"contentUrl\":\"https:\/\/comarcas.csm.org.pt\/lisboa-norte\/wp-content\/uploads\/sites\/18\/2024\/11\/Lisboa-N_positivo-horizontal.png\",\"width\":4833,\"height\":942,\"caption\":\"Tribunal Judicial da Comarca de Lisboa Norte\"},\"image\":{\"@id\":\"https:\/\/comarcas.csm.org.pt\/lisboa-norte\/#\/schema\/logo\/image\/\"}}]}<\/script>\n<!-- \/ Yoast SEO plugin. -->","yoast_head_json":{"title":"Alenquer - Tribunal Judicial da Comarca de Lisboa Norte","robots":{"index":"index","follow":"follow","max-snippet":"max-snippet:-1","max-image-preview":"max-image-preview:large","max-video-preview":"max-video-preview:-1"},"canonical":"https:\/\/comarcas.csm.org.pt\/lisboa-norte\/acomarca\/juizos\/alenquer\/","og_locale":"pt_PT","og_type":"article","og_title":"Alenquer - Tribunal Judicial da Comarca de Lisboa Norte","og_description":"Unidade Central Contactos: Telefone:263730260 Fax: 263730279 Email: alenquer.judicial@tribunais.org.pt Morada: Pal\u00e1cio da Justi\u00e7a &#8211; Av. 25 de Abril 2580-367 Alenquer Ju\u00edzo Local C\u00edvel Compet\u00eancia Territorial: Alenquer e Azambuja Morada: Pal\u00e1cio da Justi\u00e7a &#8211; Av. 25 de Abril 2580-367 Alenquer Contactos: Telefone:263730260 Fax: 263730279 Email: alenquer.judicial@tribunais.org.pt Ju\u00edzo Local Criminal Compet\u00eancia Territorial: Alenquer e Azambuja Morada: Pal\u00e1cio da...","og_url":"https:\/\/comarcas.csm.org.pt\/lisboa-norte\/acomarca\/juizos\/alenquer\/","og_site_name":"Tribunal Judicial da Comarca de Lisboa Norte","article_modified_time":"2025-07-21T14:46:29+00:00","og_image":[{"width":960,"height":720,"url":"https:\/\/comarcas.csm.org.pt\/lisboa-norte\/wp-content\/uploads\/sites\/18\/2025\/07\/Palacio_da_Justica_Alenquer_03.jpg","type":"image\/jpeg"}],"twitter_card":"summary_large_image","twitter_misc":{"Tempo estimado de leitura":"1 minuto"},"schema":{"@context":"https:\/\/schema.org","@graph":[{"@type":"WebPage","@id":"https:\/\/comarcas.csm.org.pt\/lisboa-norte\/acomarca\/juizos\/alenquer\/","url":"https:\/\/comarcas.csm.org.pt\/lisboa-norte\/acomarca\/juizos\/alenquer\/","name":"Alenquer - Tribunal Judicial da Comarca de Lisboa Norte","isPartOf":{"@id":"https:\/\/comarcas.csm.org.pt\/lisboa-norte\/#website"},"primaryImageOfPage":{"@id":"https:\/\/comarcas.csm.org.pt\/lisboa-norte\/acomarca\/juizos\/alenquer\/#primaryimage"},"image":{"@id":"https:\/\/comarcas.csm.org.pt\/lisboa-norte\/acomarca\/juizos\/alenquer\/#primaryimage"},"thumbnailUrl":"https:\/\/comarcas.csm.org.pt\/lisboa-norte\/wp-content\/uploads\/sites\/18\/2025\/07\/Palacio_da_Justica_Alenquer_03.jpg","datePublished":"2025-06-18T14:57:21+00:00","dateModified":"2025-07-21T14:46:29+00:00","breadcrumb":{"@id":"https:\/\/comarcas.csm.org.pt\/lisboa-norte\/acomarca\/juizos\/alenquer\/#breadcrumb"},"inLanguage":"pt-PT","potentialAction":[{"@type":"ReadAction","target":["https:\/\/comarcas.csm.org.pt\/lisboa-norte\/acomarca\/juizos\/alenquer\/"]}]},{"@type":"ImageObject","inLanguage":"pt-PT","@id":"https:\/\/comarcas.csm.org.pt\/lisboa-norte\/acomarca\/juizos\/alenquer\/#primaryimage","url":"https:\/\/comarcas.csm.org.pt\/lisboa-norte\/wp-content\/uploads\/sites\/18\/2025\/07\/Palacio_da_Justica_Alenquer_03.jpg","contentUrl":"https:\/\/comarcas.csm.org.pt\/lisboa-norte\/wp-content\/uploads\/sites\/18\/2025\/07\/Palacio_da_Justica_Alenquer_03.jpg","width":960,"height":720},{"@type":"BreadcrumbList","@id":"https:\/\/comarcas.csm.org.pt\/lisboa-norte\/acomarca\/juizos\/alenquer\/#breadcrumb","itemListElement":[{"@type":"ListItem","position":1,"name":"In\u00edcio","item":"https:\/\/comarcas.csm.org.pt\/lisboa-norte\/"},{"@type":"ListItem","position":2,"name":"A Comarca","item":"https:\/\/comarcas.csm.org.pt\/lisboa-norte\/acomarca\/"},{"@type":"ListItem","position":3,"name":"N\u00facleos \/ Ju\u00edzos","item":"https:\/\/comarcas.csm.org.pt\/lisboa-norte\/acomarca\/juizos\/"},{"@type":"ListItem","position":4,"name":"Alenquer"}]},{"@type":"WebSite","@id":"https:\/\/comarcas.csm.org.pt\/lisboa-norte\/#website","url":"https:\/\/comarcas.csm.org.pt\/lisboa-norte\/","name":"Tribunal Judicial da Comarca de Lisboa Norte","description":"Tribunal Judicial da Comarca de Aveiro","publisher":{"@id":"https:\/\/comarcas.csm.org.pt\/lisboa-norte\/#organization"},"potentialAction":[{"@type":"SearchAction","target":{"@type":"EntryPoint","urlTemplate":"https:\/\/comarcas.csm.org.pt\/lisboa-norte\/?s={search_term_string}"},"query-input":{"@type":"PropertyValueSpecification","valueRequired":true,"valueName":"search_term_string"}}],"inLanguage":"pt-PT"},{"@type":"Organization","@id":"https:\/\/comarcas.csm.org.pt\/lisboa-norte\/#organization","name":"Tribunal Judicial da Comarca de Lisboa Norte","url":"https:\/\/comarcas.csm.org.pt\/lisboa-norte\/","logo":{"@type":"ImageObject","inLanguage":"pt-PT","@id":"https:\/\/comarcas.csm.org.pt\/lisboa-norte\/#\/schema\/logo\/image\/","url":"https:\/\/comarcas.csm.org.pt\/lisboa-norte\/wp-content\/uploads\/sites\/18\/2024\/11\/Lisboa-N_positivo-horizontal.png","contentUrl":"https:\/\/comarcas.csm.org.pt\/lisboa-norte\/wp-content\/uploads\/sites\/18\/2024\/11\/Lisboa-N_positivo-horizontal.png","width":4833,"height":942,"caption":"Tribunal Judicial da Comarca de Lisboa Norte"},"image":{"@id":"https:\/\/comarcas.csm.org.pt\/lisboa-norte\/#\/schema\/logo\/image\/"}}]}},"_links":{"self":[{"href":"https:\/\/comarcas.csm.org.pt\/lisboa-norte\/wp-json\/wp\/v2\/pages\/12002","targetHints":{"allow":["GET"]}}],"collection":[{"href":"https:\/\/comarcas.csm.org.pt\/lisboa-norte\/wp-json\/wp\/v2\/pages"}],"about":[{"href":"https:\/\/comarcas.csm.org.pt\/lisboa-norte\/wp-json\/wp\/v2\/types\/page"}],"author":[{"embeddable":true,"href":"https:\/\/comarcas.csm.org.pt\/lisboa-norte\/wp-json\/wp\/v2\/users\/18"}],"replies":[{"embeddable":true,"href":"https:\/\/comarcas.csm.org.pt\/lisboa-norte\/wp-json\/wp\/v2\/comments?post=12002"}],"version-history":[{"count":7,"href":"https:\/\/comarcas.csm.org.pt\/lisboa-norte\/wp-json\/wp\/v2\/pages\/12002\/revisions"}],"predecessor-version":[{"id":12344,"href":"https:\/\/comarcas.csm.org.pt\/lisboa-norte\/wp-json\/wp\/v2\/pages\/12002\/revisions\/12344"}],"up":[{"embeddable":true,"href":"https:\/\/comarcas.csm.org.pt\/lisboa-norte\/wp-json\/wp\/v2\/pages\/11069"}],"wp:attachment":[{"href":"https:\/\/comarcas.csm.org.pt\/lisboa-norte\/wp-json\/wp\/v2\/media?parent=12002"}],"curies":[{"name":"wp","href":"https:\/\/api.w.org\/{rel}","templated":true}]}}