{"id":11069,"date":"2024-05-20T12:21:45","date_gmt":"2024-05-20T12:21:45","guid":{"rendered":"https:\/\/aveiro.vvr.pt\/?page_id=11069"},"modified":"2025-07-09T10:58:47","modified_gmt":"2025-07-09T10:58:47","slug":"juizos","status":"publish","type":"page","link":"https:\/\/comarcas.csm.org.pt\/lisboa-oeste\/acomarca\/juizos\/","title":{"rendered":"N\u00facleos \/ Ju\u00edzos"},"content":{"rendered":"\t\t<div data-elementor-type=\"wp-page\" data-elementor-id=\"11069\" class=\"elementor elementor-11069\" data-elementor-post-type=\"page\">\n\t\t\t\t<div class=\"elementor-element elementor-element-914579d e-flex e-con-boxed e-con e-parent\" data-id=\"914579d\" data-element_type=\"container\">\n\t\t\t\t\t<div class=\"e-con-inner\">\n\t\t<div class=\"elementor-element elementor-element-bc03bbb e-con-full e-flex e-con e-child\" data-id=\"bc03bbb\" data-element_type=\"container\">\n\t\t\t\t<div class=\"elementor-element elementor-element-2dfd912 elementor-widget__width-inherit btn100 elementor-widget elementor-widget-button\" data-id=\"2dfd912\" data-element_type=\"widget\" data-widget_type=\"button.default\">\n\t\t\t\t<div class=\"elementor-widget-container\">\n\t\t\t\t\t\t\t\t\t<div class=\"elementor-button-wrapper\">\n\t\t\t\t\t<a class=\"elementor-button elementor-button-link elementor-size-sm\" href=\"\/lisboa-oeste\/juizos\/sintra\">\n\t\t\t\t\t\t<span class=\"elementor-button-content-wrapper\">\n\t\t\t\t\t\t\t\t\t<span class=\"elementor-button-text\">N\u00facleo Sintra<\/span>\n\t\t\t\t\t<\/span>\n\t\t\t\t\t<\/a>\n\t\t\t\t<\/div>\n\t\t\t\t\t\t\t\t<\/div>\n\t\t\t\t<\/div>\n\t\t\t\t<\/div>\n\t\t<div class=\"elementor-element elementor-element-54c7bba e-con-full e-flex e-con e-child\" data-id=\"54c7bba\" data-element_type=\"container\">\n\t\t\t\t<div class=\"elementor-element elementor-element-e3fda9c elementor-widget__width-inherit btn100 elementor-widget elementor-widget-button\" data-id=\"e3fda9c\" data-element_type=\"widget\" data-widget_type=\"button.default\">\n\t\t\t\t<div class=\"elementor-widget-container\">\n\t\t\t\t\t\t\t\t\t<div class=\"elementor-button-wrapper\">\n\t\t\t\t\t<a class=\"elementor-button elementor-button-link elementor-size-sm\" href=\"\/lisboa-oeste\/juizos\/cascais\">\n\t\t\t\t\t\t<span class=\"elementor-button-content-wrapper\">\n\t\t\t\t\t\t\t\t\t<span class=\"elementor-button-text\">N\u00facleo Cascais<\/span>\n\t\t\t\t\t<\/span>\n\t\t\t\t\t<\/a>\n\t\t\t\t<\/div>\n\t\t\t\t\t\t\t\t<\/div>\n\t\t\t\t<\/div>\n\t\t\t\t<\/div>\n\t\t<div class=\"elementor-element elementor-element-71b616e e-con-full e-flex e-con e-child\" data-id=\"71b616e\" data-element_type=\"container\">\n\t\t\t\t<div class=\"elementor-element elementor-element-d74f93e elementor-widget__width-inherit btn100 elementor-widget elementor-widget-button\" data-id=\"d74f93e\" data-element_type=\"widget\" data-widget_type=\"button.default\">\n\t\t\t\t<div class=\"elementor-widget-container\">\n\t\t\t\t\t\t\t\t\t<div class=\"elementor-button-wrapper\">\n\t\t\t\t\t<a class=\"elementor-button elementor-button-link elementor-size-sm\" href=\"\/lisboa-oeste\/juizos\/amadora\">\n\t\t\t\t\t\t<span class=\"elementor-button-content-wrapper\">\n\t\t\t\t\t\t\t\t\t<span class=\"elementor-button-text\">N\u00facleo Amadora<\/span>\n\t\t\t\t\t<\/span>\n\t\t\t\t\t<\/a>\n\t\t\t\t<\/div>\n\t\t\t\t\t\t\t\t<\/div>\n\t\t\t\t<\/div>\n\t\t\t\t<\/div>\n\t\t<div class=\"elementor-element elementor-element-e251989 e-con-full e-flex e-con e-child\" data-id=\"e251989\" data-element_type=\"container\">\n\t\t\t\t<div class=\"elementor-element elementor-element-55f1bd0 elementor-widget__width-inherit btn100 elementor-widget elementor-widget-button\" data-id=\"55f1bd0\" data-element_type=\"widget\" data-widget_type=\"button.default\">\n\t\t\t\t<div class=\"elementor-widget-container\">\n\t\t\t\t\t\t\t\t\t<div class=\"elementor-button-wrapper\">\n\t\t\t\t\t<a class=\"elementor-button elementor-button-link elementor-size-sm\" href=\"\/lisboa-oeste\/juizos\/mafra\">\n\t\t\t\t\t\t<span class=\"elementor-button-content-wrapper\">\n\t\t\t\t\t\t\t\t\t<span class=\"elementor-button-text\">N\u00facleo Mafra<\/span>\n\t\t\t\t\t<\/span>\n\t\t\t\t\t<\/a>\n\t\t\t\t<\/div>\n\t\t\t\t\t\t\t\t<\/div>\n\t\t\t\t<\/div>\n\t\t\t\t<\/div>\n\t\t<div class=\"elementor-element elementor-element-b0cf2be e-con-full e-flex e-con e-child\" data-id=\"b0cf2be\" data-element_type=\"container\">\n\t\t\t\t<div class=\"elementor-element elementor-element-9a18358 elementor-widget__width-inherit btn100 elementor-widget elementor-widget-button\" data-id=\"9a18358\" data-element_type=\"widget\" data-widget_type=\"button.default\">\n\t\t\t\t<div class=\"elementor-widget-container\">\n\t\t\t\t\t\t\t\t\t<div class=\"elementor-button-wrapper\">\n\t\t\t\t\t<a class=\"elementor-button elementor-button-link elementor-size-sm\" href=\"\/isboa-oeste\/juizos\/oeiras\">\n\t\t\t\t\t\t<span class=\"elementor-button-content-wrapper\">\n\t\t\t\t\t\t\t\t\t<span class=\"elementor-button-text\">N\u00facleo oeiras<\/span>\n\t\t\t\t\t<\/span>\n\t\t\t\t\t<\/a>\n\t\t\t\t<\/div>\n\t\t\t\t\t\t\t\t<\/div>\n\t\t\t\t<\/div>\n\t\t\t\t<\/div>\n\t\t\t\t\t<\/div>\n\t\t\t\t<\/div>\n\t\t\t\t<\/div>\n\t\t","protected":false},"excerpt":{"rendered":"<p>N\u00facleo Sintra N\u00facleo Cascais N\u00facleo Amadora N\u00facleo Mafra N\u00facleo oeiras<\/p>\n","protected":false},"author":1,"featured_media":0,"parent":2242,"menu_order":0,"comment_status":"closed","ping_status":"closed","template":"","meta":{"_tbt_post_transparent":"","_tbt_post_title":"","_tbt_post_layout":"default","_tbt_post_sidebar_id":"","_tbt_post_content_style":"","_tbt_post_vertical_padding":"","_tbt_post_feature":"","_tbt_post_feature_position":"","_tbt_post_header":false,"_tbt_post_footer":false},"class_list":["post-11069","page","type-page","status-publish","hentry"],"yoast_head":"<!-- This site is optimized with the Yoast SEO plugin v25.6 - https:\/\/yoast.com\/wordpress\/plugins\/seo\/ -->\n<title>N\u00facleos \/ Ju\u00edzos - Tribunal Judicial da Comarca de Lisboa Oeste<\/title>\n<meta name=\"robots\" content=\"index, follow, max-snippet:-1, max-image-preview:large, max-video-preview:-1\" \/>\n<link rel=\"canonical\" href=\"https:\/\/comarcas.csm.org.pt\/lisboa-oeste\/acomarca\/juizos\/\" \/>\n<meta property=\"og:locale\" content=\"pt_PT\" \/>\n<meta property=\"og:type\" content=\"article\" \/>\n<meta property=\"og:title\" content=\"N\u00facleos \/ Ju\u00edzos - Tribunal Judicial da Comarca de Lisboa Oeste\" \/>\n<meta property=\"og:description\" content=\"N\u00facleo Sintra N\u00facleo Cascais N\u00facleo Amadora N\u00facleo Mafra N\u00facleo oeiras\" \/>\n<meta property=\"og:url\" content=\"https:\/\/comarcas.csm.org.pt\/lisboa-oeste\/acomarca\/juizos\/\" \/>\n<meta property=\"og:site_name\" content=\"Tribunal Judicial da Comarca de Lisboa Oeste\" \/>\n<meta property=\"article:modified_time\" content=\"2025-07-09T10:58:47+00:00\" \/>\n<meta name=\"twitter:card\" content=\"summary_large_image\" \/>\n<meta name=\"twitter:label1\" content=\"Tempo estimado de leitura\" \/>\n\t<meta name=\"twitter:data1\" content=\"1 minuto\" \/>\n<script type=\"application\/ld+json\" class=\"yoast-schema-graph\">{\"@context\":\"https:\/\/schema.org\",\"@graph\":[{\"@type\":\"WebPage\",\"@id\":\"https:\/\/comarcas.csm.org.pt\/lisboa-oeste\/acomarca\/juizos\/\",\"url\":\"https:\/\/comarcas.csm.org.pt\/lisboa-oeste\/acomarca\/juizos\/\",\"name\":\"N\u00facleos \/ Ju\u00edzos - Tribunal Judicial da Comarca de Lisboa Oeste\",\"isPartOf\":{\"@id\":\"https:\/\/comarcas.csm.org.pt\/lisboa-oeste\/#website\"},\"datePublished\":\"2024-05-20T12:21:45+00:00\",\"dateModified\":\"2025-07-09T10:58:47+00:00\",\"breadcrumb\":{\"@id\":\"https:\/\/comarcas.csm.org.pt\/lisboa-oeste\/acomarca\/juizos\/#breadcrumb\"},\"inLanguage\":\"pt-PT\",\"potentialAction\":[{\"@type\":\"ReadAction\",\"target\":[\"https:\/\/comarcas.csm.org.pt\/lisboa-oeste\/acomarca\/juizos\/\"]}]},{\"@type\":\"BreadcrumbList\",\"@id\":\"https:\/\/comarcas.csm.org.pt\/lisboa-oeste\/acomarca\/juizos\/#breadcrumb\",\"itemListElement\":[{\"@type\":\"ListItem\",\"position\":1,\"name\":\"In\u00edcio\",\"item\":\"https:\/\/comarcas.csm.org.pt\/lisboa-oeste\/\"},{\"@type\":\"ListItem\",\"position\":2,\"name\":\"A Comarca\",\"item\":\"https:\/\/comarcas.csm.org.pt\/lisboa-oeste\/acomarca\/\"},{\"@type\":\"ListItem\",\"position\":3,\"name\":\"N\u00facleos \/ Ju\u00edzos\"}]},{\"@type\":\"WebSite\",\"@id\":\"https:\/\/comarcas.csm.org.pt\/lisboa-oeste\/#website\",\"url\":\"https:\/\/comarcas.csm.org.pt\/lisboa-oeste\/\",\"name\":\"Tribunal Judicial da Comarca de Lisboa Oeste\",\"description\":\"Tribunal Judicial da Comarca de Lisboa Oeste\",\"publisher\":{\"@id\":\"https:\/\/comarcas.csm.org.pt\/lisboa-oeste\/#organization\"},\"potentialAction\":[{\"@type\":\"SearchAction\",\"target\":{\"@type\":\"EntryPoint\",\"urlTemplate\":\"https:\/\/comarcas.csm.org.pt\/lisboa-oeste\/?s={search_term_string}\"},\"query-input\":{\"@type\":\"PropertyValueSpecification\",\"valueRequired\":true,\"valueName\":\"search_term_string\"}}],\"inLanguage\":\"pt-PT\"},{\"@type\":\"Organization\",\"@id\":\"https:\/\/comarcas.csm.org.pt\/lisboa-oeste\/#organization\",\"name\":\"Tribunal Judicial da Comarca de Lisboa Oeste\",\"url\":\"https:\/\/comarcas.csm.org.pt\/lisboa-oeste\/\",\"logo\":{\"@type\":\"ImageObject\",\"inLanguage\":\"pt-PT\",\"@id\":\"https:\/\/comarcas.csm.org.pt\/lisboa-oeste\/#\/schema\/logo\/image\/\",\"url\":\"https:\/\/comarcas.csm.org.pt\/lisboa-oeste\/wp-content\/uploads\/sites\/19\/2024\/11\/Lisboa-O_positivo-horizontal.png\",\"contentUrl\":\"https:\/\/comarcas.csm.org.pt\/lisboa-oeste\/wp-content\/uploads\/sites\/19\/2024\/11\/Lisboa-O_positivo-horizontal.png\",\"width\":5368,\"height\":890,\"caption\":\"Tribunal Judicial da Comarca de Lisboa Oeste\"},\"image\":{\"@id\":\"https:\/\/comarcas.csm.org.pt\/lisboa-oeste\/#\/schema\/logo\/image\/\"}}]}<\/script>\n<!-- \/ Yoast SEO plugin. -->","yoast_head_json":{"title":"N\u00facleos \/ Ju\u00edzos - Tribunal Judicial da Comarca de Lisboa Oeste","robots":{"index":"index","follow":"follow","max-snippet":"max-snippet:-1","max-image-preview":"max-image-preview:large","max-video-preview":"max-video-preview:-1"},"canonical":"https:\/\/comarcas.csm.org.pt\/lisboa-oeste\/acomarca\/juizos\/","og_locale":"pt_PT","og_type":"article","og_title":"N\u00facleos \/ Ju\u00edzos - Tribunal Judicial da Comarca de Lisboa Oeste","og_description":"N\u00facleo Sintra N\u00facleo Cascais N\u00facleo Amadora N\u00facleo Mafra N\u00facleo oeiras","og_url":"https:\/\/comarcas.csm.org.pt\/lisboa-oeste\/acomarca\/juizos\/","og_site_name":"Tribunal Judicial da Comarca de Lisboa Oeste","article_modified_time":"2025-07-09T10:58:47+00:00","twitter_card":"summary_large_image","twitter_misc":{"Tempo estimado de leitura":"1 minuto"},"schema":{"@context":"https:\/\/schema.org","@graph":[{"@type":"WebPage","@id":"https:\/\/comarcas.csm.org.pt\/lisboa-oeste\/acomarca\/juizos\/","url":"https:\/\/comarcas.csm.org.pt\/lisboa-oeste\/acomarca\/juizos\/","name":"N\u00facleos \/ Ju\u00edzos - Tribunal Judicial da Comarca de Lisboa Oeste","isPartOf":{"@id":"https:\/\/comarcas.csm.org.pt\/lisboa-oeste\/#website"},"datePublished":"2024-05-20T12:21:45+00:00","dateModified":"2025-07-09T10:58:47+00:00","breadcrumb":{"@id":"https:\/\/comarcas.csm.org.pt\/lisboa-oeste\/acomarca\/juizos\/#breadcrumb"},"inLanguage":"pt-PT","potentialAction":[{"@type":"ReadAction","target":["https:\/\/comarcas.csm.org.pt\/lisboa-oeste\/acomarca\/juizos\/"]}]},{"@type":"BreadcrumbList","@id":"https:\/\/comarcas.csm.org.pt\/lisboa-oeste\/acomarca\/juizos\/#breadcrumb","itemListElement":[{"@type":"ListItem","position":1,"name":"In\u00edcio","item":"https:\/\/comarcas.csm.org.pt\/lisboa-oeste\/"},{"@type":"ListItem","position":2,"name":"A Comarca","item":"https:\/\/comarcas.csm.org.pt\/lisboa-oeste\/acomarca\/"},{"@type":"ListItem","position":3,"name":"N\u00facleos \/ Ju\u00edzos"}]},{"@type":"WebSite","@id":"https:\/\/comarcas.csm.org.pt\/lisboa-oeste\/#website","url":"https:\/\/comarcas.csm.org.pt\/lisboa-oeste\/","name":"Tribunal Judicial da Comarca de Lisboa Oeste","description":"Tribunal Judicial da Comarca de Lisboa Oeste","publisher":{"@id":"https:\/\/comarcas.csm.org.pt\/lisboa-oeste\/#organization"},"potentialAction":[{"@type":"SearchAction","target":{"@type":"EntryPoint","urlTemplate":"https:\/\/comarcas.csm.org.pt\/lisboa-oeste\/?s={search_term_string}"},"query-input":{"@type":"PropertyValueSpecification","valueRequired":true,"valueName":"search_term_string"}}],"inLanguage":"pt-PT"},{"@type":"Organization","@id":"https:\/\/comarcas.csm.org.pt\/lisboa-oeste\/#organization","name":"Tribunal Judicial da Comarca de Lisboa Oeste","url":"https:\/\/comarcas.csm.org.pt\/lisboa-oeste\/","logo":{"@type":"ImageObject","inLanguage":"pt-PT","@id":"https:\/\/comarcas.csm.org.pt\/lisboa-oeste\/#\/schema\/logo\/image\/","url":"https:\/\/comarcas.csm.org.pt\/lisboa-oeste\/wp-content\/uploads\/sites\/19\/2024\/11\/Lisboa-O_positivo-horizontal.png","contentUrl":"https:\/\/comarcas.csm.org.pt\/lisboa-oeste\/wp-content\/uploads\/sites\/19\/2024\/11\/Lisboa-O_positivo-horizontal.png","width":5368,"height":890,"caption":"Tribunal Judicial da Comarca de Lisboa Oeste"},"image":{"@id":"https:\/\/comarcas.csm.org.pt\/lisboa-oeste\/#\/schema\/logo\/image\/"}}]}},"_links":{"self":[{"href":"https:\/\/comarcas.csm.org.pt\/lisboa-oeste\/wp-json\/wp\/v2\/pages\/11069","targetHints":{"allow":["GET"]}}],"collection":[{"href":"https:\/\/comarcas.csm.org.pt\/lisboa-oeste\/wp-json\/wp\/v2\/pages"}],"about":[{"href":"https:\/\/comarcas.csm.org.pt\/lisboa-oeste\/wp-json\/wp\/v2\/types\/page"}],"author":[{"embeddable":true,"href":"https:\/\/comarcas.csm.org.pt\/lisboa-oeste\/wp-json\/wp\/v2\/users\/1"}],"replies":[{"embeddable":true,"href":"https:\/\/comarcas.csm.org.pt\/lisboa-oeste\/wp-json\/wp\/v2\/comments?post=11069"}],"version-history":[{"count":149,"href":"https:\/\/comarcas.csm.org.pt\/lisboa-oeste\/wp-json\/wp\/v2\/pages\/11069\/revisions"}],"predecessor-version":[{"id":12220,"href":"https:\/\/comarcas.csm.org.pt\/lisboa-oeste\/wp-json\/wp\/v2\/pages\/11069\/revisions\/12220"}],"up":[{"embeddable":true,"href":"https:\/\/comarcas.csm.org.pt\/lisboa-oeste\/wp-json\/wp\/v2\/pages\/2242"}],"wp:attachment":[{"href":"https:\/\/comarcas.csm.org.pt\/lisboa-oeste\/wp-json\/wp\/v2\/media?parent=11069"}],"curies":[{"name":"wp","href":"https:\/\/api.w.org\/{rel}","templated":true}]}}