{"id":11330,"date":"2024-05-22T09:33:02","date_gmt":"2024-05-22T09:33:02","guid":{"rendered":"https:\/\/aveiro.vvr.pt\/?page_id=11330"},"modified":"2026-04-21T10:53:43","modified_gmt":"2026-04-21T10:53:43","slug":"instrumentos-de-gestao","status":"publish","type":"page","link":"https:\/\/comarcas.csm.org.pt\/lisboa-oeste\/instrumentos-de-gestao\/","title":{"rendered":"Instrumentos de Gest\u00e3o"},"content":{"rendered":"\t\t<div data-elementor-type=\"wp-page\" data-elementor-id=\"11330\" class=\"elementor elementor-11330\" data-elementor-post-type=\"page\">\n\t\t\t\t<div class=\"elementor-element elementor-element-c33158e e-flex e-con-boxed e-con e-parent\" data-id=\"c33158e\" data-element_type=\"container\">\n\t\t\t\t\t<div class=\"e-con-inner\">\n\t\t\t\t<div class=\"elementor-element elementor-element-01f6d37 elementor-tabs-view-vertical elementor-widget elementor-widget-tabs\" data-id=\"01f6d37\" data-element_type=\"widget\" data-widget_type=\"tabs.default\">\n\t\t\t\t<div class=\"elementor-widget-container\">\n\t\t\t\t\t\t\t<div class=\"elementor-tabs\">\n\t\t\t<div class=\"elementor-tabs-wrapper\" role=\"tablist\" >\n\t\t\t\t\t\t\t\t\t<div id=\"elementor-tab-title-2051\" class=\"elementor-tab-title elementor-tab-desktop-title\" aria-selected=\"true\" data-tab=\"1\" role=\"tab\" tabindex=\"0\" aria-controls=\"elementor-tab-content-2051\" aria-expanded=\"false\">Relat\u00f3rio Anual da Comarca<\/div>\n\t\t\t\t\t\t\t\t\t<div id=\"elementor-tab-title-2052\" class=\"elementor-tab-title elementor-tab-desktop-title\" aria-selected=\"false\" data-tab=\"2\" role=\"tab\" tabindex=\"-1\" aria-controls=\"elementor-tab-content-2052\" aria-expanded=\"false\">Plano de atividades<\/div>\n\t\t\t\t\t\t\t\t\t<div id=\"elementor-tab-title-2053\" class=\"elementor-tab-title elementor-tab-desktop-title\" aria-selected=\"false\" data-tab=\"3\" role=\"tab\" tabindex=\"-1\" aria-controls=\"elementor-tab-content-2053\" aria-expanded=\"false\">Relat\u00f3rio de atividades<\/div>\n\t\t\t\t\t\t\t\t\t<div id=\"elementor-tab-title-2054\" class=\"elementor-tab-title elementor-tab-desktop-title\" aria-selected=\"false\" data-tab=\"4\" role=\"tab\" tabindex=\"-1\" aria-controls=\"elementor-tab-content-2054\" aria-expanded=\"false\">Medidas de gest\u00e3o<\/div>\n\t\t\t\t\t\t\t\t\t<div id=\"elementor-tab-title-2055\" class=\"elementor-tab-title elementor-tab-desktop-title\" aria-selected=\"false\" data-tab=\"5\" role=\"tab\" tabindex=\"-1\" aria-controls=\"elementor-tab-content-2055\" aria-expanded=\"false\">Turnos S\u00e1bados<\/div>\n\t\t\t\t\t\t\t<\/div>\n\t\t\t<div class=\"elementor-tabs-content-wrapper\" role=\"tablist\" aria-orientation=\"vertical\">\n\t\t\t\t\t\t\t\t\t<div class=\"elementor-tab-title elementor-tab-mobile-title\" aria-selected=\"true\" data-tab=\"1\" role=\"tab\" tabindex=\"0\" aria-controls=\"elementor-tab-content-2051\" aria-expanded=\"false\">Relat\u00f3rio Anual da Comarca<\/div>\n\t\t\t\t\t<div id=\"elementor-tab-content-2051\" class=\"elementor-tab-content elementor-clearfix\" data-tab=\"1\" role=\"tabpanel\" aria-labelledby=\"elementor-tab-title-2051\" tabindex=\"0\" hidden=\"false\"><p><strong>Relat\u00f3rio Anual da Comarca de Lisboa Oeste\u00a0<\/strong><\/p><p><span style=\"text-decoration: underline\"><strong><a href=\"https:\/\/comarcas.csm.org.pt\/lisboa-oeste\/wp-content\/uploads\/sites\/19\/2026\/04\/Relatorio-Anual-de-2025.pdf\">Relat\u00f3rio Anual de 2025<\/a><\/strong><\/span><\/p><p><a href=\"https:\/\/comarcas.csm.org.pt\/lisboa-oeste\/wp-content\/uploads\/sites\/19\/2025\/06\/Relatorio-Anual-2024.pdf\" target=\"_blank\" rel=\"noopener\"><span style=\"text-decoration: underline\"><strong>Relat\u00f3rio Anual de 2024<\/strong><\/span><\/a><\/p><p><a href=\"https:\/\/comarcas.csm.org.pt\/lisboa-oeste\/wp-content\/uploads\/sites\/19\/2025\/06\/Relatorio-Anual-2023.pdf\" target=\"_blank\" rel=\"noopener\"><span style=\"text-decoration: underline\"><strong>Relat\u00f3rio Anual de 2023<\/strong><\/span><\/a><\/p><p><a href=\"https:\/\/comarcas.csm.org.pt\/lisboa-oeste\/wp-content\/uploads\/sites\/19\/2025\/06\/Relatorio-Anual-2022.pdf\" target=\"_blank\" rel=\"noopener\"><span style=\"text-decoration: underline\"><strong>Relat\u00f3rio Anual de 2022<\/strong><\/span><\/a><\/p><p><a href=\"https:\/\/comarcas.csm.org.pt\/lisboa-oeste\/wp-content\/uploads\/sites\/19\/2025\/06\/Relatorio-Anual-2021.pdf\" target=\"_blank\" rel=\"noopener\"><strong><span style=\"text-decoration: underline\">Relat\u00f3rio Anual de 2021<\/span><\/strong><\/a><\/p><p><span style=\"text-decoration: underline\"><strong><a href=\"https:\/\/comarcas.csm.org.pt\/lisboa-oeste\/wp-content\/uploads\/sites\/19\/2025\/06\/Relatorio-Anual-2020.pdf\" target=\"_blank\" rel=\"noopener\">Relat\u00f3rio Anual de 2020<\/a><\/strong><\/span><\/p><\/div>\n\t\t\t\t\t\t\t\t\t<div class=\"elementor-tab-title elementor-tab-mobile-title\" aria-selected=\"false\" data-tab=\"2\" role=\"tab\" tabindex=\"-1\" aria-controls=\"elementor-tab-content-2052\" aria-expanded=\"false\">Plano de atividades<\/div>\n\t\t\t\t\t<div id=\"elementor-tab-content-2052\" class=\"elementor-tab-content elementor-clearfix\" data-tab=\"2\" role=\"tabpanel\" aria-labelledby=\"elementor-tab-title-2052\" tabindex=\"0\" hidden=\"hidden\"><p><strong>Plano anual de atividades da Comarca de Lisboa Oeste<\/strong><\/p><p>Em breve<\/p><\/div>\n\t\t\t\t\t\t\t\t\t<div class=\"elementor-tab-title elementor-tab-mobile-title\" aria-selected=\"false\" data-tab=\"3\" role=\"tab\" tabindex=\"-1\" aria-controls=\"elementor-tab-content-2053\" aria-expanded=\"false\">Relat\u00f3rio de atividades<\/div>\n\t\t\t\t\t<div id=\"elementor-tab-content-2053\" class=\"elementor-tab-content elementor-clearfix\" data-tab=\"3\" role=\"tabpanel\" aria-labelledby=\"elementor-tab-title-2053\" tabindex=\"0\" hidden=\"hidden\"><p><strong>Relat\u00f3rio de atividades da Comarca de Lisboa Oeste<\/strong><\/p><p><strong><span style=\"text-decoration: underline\">Documentos<\/span><\/strong><\/p><\/div>\n\t\t\t\t\t\t\t\t\t<div class=\"elementor-tab-title elementor-tab-mobile-title\" aria-selected=\"false\" data-tab=\"4\" role=\"tab\" tabindex=\"-1\" aria-controls=\"elementor-tab-content-2054\" aria-expanded=\"false\">Medidas de gest\u00e3o<\/div>\n\t\t\t\t\t<div id=\"elementor-tab-content-2054\" class=\"elementor-tab-content elementor-clearfix\" data-tab=\"4\" role=\"tabpanel\" aria-labelledby=\"elementor-tab-title-2054\" tabindex=\"0\" hidden=\"hidden\"><p><strong><a href=\"https:\/\/comarcas.csm.org.pt\/lisboa-oeste\/wp-content\/uploads\/sites\/19\/2025\/10\/PUBLICIDADE-QC-TRABALHO-SINTRA.pdf\">PUBLICIDADE-QC-TRABALHO-SINTRA<\/a><\/strong><\/p><p><strong><a href=\"https:\/\/comarcas.csm.org.pt\/lisboa-oeste\/wp-content\/uploads\/sites\/19\/2025\/10\/PUBLICIDADE-LCV-OEIRAS-J3-SET-25.pdf\">PUBLICIDADE-LCV-OEIRAS-J3-SET-25<\/a><\/strong><\/p><p><strong><a href=\"https:\/\/comarcas.csm.org.pt\/lisboa-oeste\/wp-content\/uploads\/sites\/19\/2025\/09\/PUBLICIDADE-PIC-CASCAIS.pdf\">PUBLICIDADE-PIC-CASCAIS<\/a><\/strong><\/p><\/div>\n\t\t\t\t\t\t\t\t\t<div class=\"elementor-tab-title elementor-tab-mobile-title\" aria-selected=\"false\" data-tab=\"5\" role=\"tab\" tabindex=\"-1\" aria-controls=\"elementor-tab-content-2055\" aria-expanded=\"false\">Turnos S\u00e1bados<\/div>\n\t\t\t\t\t<div id=\"elementor-tab-content-2055\" class=\"elementor-tab-content elementor-clearfix\" data-tab=\"5\" role=\"tabpanel\" aria-labelledby=\"elementor-tab-title-2055\" tabindex=\"0\" hidden=\"hidden\"><p>Pode ter acesso aos Turnos de S\u00e1bado no seguinte endere\u00e7o:<\/p><p><span style=\"letter-spacing: 0.3px\">\u00a0<\/span><span style=\"text-decoration: underline\"><strong><a href=\"https:\/\/comarcas.csm.org.pt\/lisboa-oeste\/wp-content\/uploads\/sites\/19\/2025\/07\/Turnos-sabados.pdf\" target=\"_blank\" rel=\"noopener\">Turnos 2025<\/a><\/strong><\/span><\/p><p><span style=\"text-decoration: underline\"><strong><a href=\"https:\/\/comarcas.csm.org.pt\/lisboa-oeste\/wp-content\/uploads\/sites\/19\/2025\/10\/DR-turnos-sabados-2026.pdf\">Turnos 2026<\/a><\/strong><\/span><\/p><\/div>\n\t\t\t\t\t\t\t<\/div>\n\t\t<\/div>\n\t\t\t\t\t\t<\/div>\n\t\t\t\t<\/div>\n\t\t\t\t\t<\/div>\n\t\t\t\t<\/div>\n\t\t<div class=\"elementor-element elementor-element-f5858cc e-flex e-con-boxed e-con e-parent\" data-id=\"f5858cc\" data-element_type=\"container\">\n\t\t\t\t\t<div class=\"e-con-inner\">\n\t\t\t\t\t<\/div>\n\t\t\t\t<\/div>\n\t\t<div class=\"elementor-element elementor-element-9ce21aa e-flex e-con-boxed e-con e-parent\" data-id=\"9ce21aa\" data-element_type=\"container\">\n\t\t\t\t\t<div class=\"e-con-inner\">\n\t\t\t\t\t<\/div>\n\t\t\t\t<\/div>\n\t\t\t\t<\/div>\n\t\t","protected":false},"excerpt":{"rendered":"<p>Relat\u00f3rio Anual da Comarca Plano de atividades Relat\u00f3rio de atividades Medidas de gest\u00e3o Turnos S\u00e1bados Relat\u00f3rio Anual da Comarca Relat\u00f3rio Anual da Comarca de Lisboa Oeste\u00a0 Relat\u00f3rio Anual de 2025 Relat\u00f3rio Anual de 2024 Relat\u00f3rio Anual de 2023 Relat\u00f3rio Anual de 2022 Relat\u00f3rio Anual de 2021 Relat\u00f3rio Anual de 2020 Plano de atividades Plano anual&#8230;<\/p>\n","protected":false},"author":1,"featured_media":0,"parent":0,"menu_order":0,"comment_status":"closed","ping_status":"closed","template":"","meta":{"_tbt_post_transparent":"","_tbt_post_title":"","_tbt_post_layout":"","_tbt_post_sidebar_id":"","_tbt_post_content_style":"","_tbt_post_vertical_padding":"","_tbt_post_feature":"","_tbt_post_feature_position":"","_tbt_post_header":false,"_tbt_post_footer":false},"class_list":["post-11330","page","type-page","status-publish","hentry"],"yoast_head":"<!-- This site is optimized with the Yoast SEO plugin v25.6 - https:\/\/yoast.com\/wordpress\/plugins\/seo\/ -->\n<title>Instrumentos de Gest\u00e3o - Tribunal Judicial da Comarca de Lisboa Oeste<\/title>\n<meta name=\"robots\" content=\"index, follow, max-snippet:-1, max-image-preview:large, max-video-preview:-1\" \/>\n<link rel=\"canonical\" href=\"https:\/\/comarcas.csm.org.pt\/lisboa-oeste\/instrumentos-de-gestao\/\" \/>\n<meta property=\"og:locale\" content=\"pt_PT\" \/>\n<meta property=\"og:type\" content=\"article\" \/>\n<meta property=\"og:title\" content=\"Instrumentos de Gest\u00e3o - Tribunal Judicial da Comarca de Lisboa Oeste\" \/>\n<meta property=\"og:description\" content=\"Relat\u00f3rio Anual da Comarca Plano de atividades Relat\u00f3rio de atividades Medidas de gest\u00e3o Turnos S\u00e1bados Relat\u00f3rio Anual da Comarca Relat\u00f3rio Anual da Comarca de Lisboa Oeste\u00a0 Relat\u00f3rio Anual de 2025 Relat\u00f3rio Anual de 2024 Relat\u00f3rio Anual de 2023 Relat\u00f3rio Anual de 2022 Relat\u00f3rio Anual de 2021 Relat\u00f3rio Anual de 2020 Plano de atividades Plano anual...\" \/>\n<meta property=\"og:url\" content=\"https:\/\/comarcas.csm.org.pt\/lisboa-oeste\/instrumentos-de-gestao\/\" \/>\n<meta property=\"og:site_name\" content=\"Tribunal Judicial da Comarca de Lisboa Oeste\" \/>\n<meta property=\"article:modified_time\" content=\"2026-04-21T10:53:43+00:00\" \/>\n<meta name=\"twitter:card\" content=\"summary_large_image\" \/>\n<meta name=\"twitter:label1\" content=\"Tempo estimado de leitura\" \/>\n\t<meta name=\"twitter:data1\" content=\"1 minuto\" \/>\n<script type=\"application\/ld+json\" class=\"yoast-schema-graph\">{\"@context\":\"https:\/\/schema.org\",\"@graph\":[{\"@type\":\"WebPage\",\"@id\":\"https:\/\/comarcas.csm.org.pt\/lisboa-oeste\/instrumentos-de-gestao\/\",\"url\":\"https:\/\/comarcas.csm.org.pt\/lisboa-oeste\/instrumentos-de-gestao\/\",\"name\":\"Instrumentos de Gest\u00e3o - Tribunal Judicial da Comarca de Lisboa Oeste\",\"isPartOf\":{\"@id\":\"https:\/\/comarcas.csm.org.pt\/lisboa-oeste\/#website\"},\"datePublished\":\"2024-05-22T09:33:02+00:00\",\"dateModified\":\"2026-04-21T10:53:43+00:00\",\"breadcrumb\":{\"@id\":\"https:\/\/comarcas.csm.org.pt\/lisboa-oeste\/instrumentos-de-gestao\/#breadcrumb\"},\"inLanguage\":\"pt-PT\",\"potentialAction\":[{\"@type\":\"ReadAction\",\"target\":[\"https:\/\/comarcas.csm.org.pt\/lisboa-oeste\/instrumentos-de-gestao\/\"]}]},{\"@type\":\"BreadcrumbList\",\"@id\":\"https:\/\/comarcas.csm.org.pt\/lisboa-oeste\/instrumentos-de-gestao\/#breadcrumb\",\"itemListElement\":[{\"@type\":\"ListItem\",\"position\":1,\"name\":\"In\u00edcio\",\"item\":\"https:\/\/comarcas.csm.org.pt\/lisboa-oeste\/\"},{\"@type\":\"ListItem\",\"position\":2,\"name\":\"Instrumentos de Gest\u00e3o\"}]},{\"@type\":\"WebSite\",\"@id\":\"https:\/\/comarcas.csm.org.pt\/lisboa-oeste\/#website\",\"url\":\"https:\/\/comarcas.csm.org.pt\/lisboa-oeste\/\",\"name\":\"Tribunal Judicial da Comarca de Lisboa Oeste\",\"description\":\"Tribunal Judicial da Comarca de Lisboa Oeste\",\"publisher\":{\"@id\":\"https:\/\/comarcas.csm.org.pt\/lisboa-oeste\/#organization\"},\"potentialAction\":[{\"@type\":\"SearchAction\",\"target\":{\"@type\":\"EntryPoint\",\"urlTemplate\":\"https:\/\/comarcas.csm.org.pt\/lisboa-oeste\/?s={search_term_string}\"},\"query-input\":{\"@type\":\"PropertyValueSpecification\",\"valueRequired\":true,\"valueName\":\"search_term_string\"}}],\"inLanguage\":\"pt-PT\"},{\"@type\":\"Organization\",\"@id\":\"https:\/\/comarcas.csm.org.pt\/lisboa-oeste\/#organization\",\"name\":\"Tribunal Judicial da Comarca de Lisboa Oeste\",\"url\":\"https:\/\/comarcas.csm.org.pt\/lisboa-oeste\/\",\"logo\":{\"@type\":\"ImageObject\",\"inLanguage\":\"pt-PT\",\"@id\":\"https:\/\/comarcas.csm.org.pt\/lisboa-oeste\/#\/schema\/logo\/image\/\",\"url\":\"https:\/\/comarcas.csm.org.pt\/lisboa-oeste\/wp-content\/uploads\/sites\/19\/2024\/11\/Lisboa-O_positivo-horizontal.png\",\"contentUrl\":\"https:\/\/comarcas.csm.org.pt\/lisboa-oeste\/wp-content\/uploads\/sites\/19\/2024\/11\/Lisboa-O_positivo-horizontal.png\",\"width\":5368,\"height\":890,\"caption\":\"Tribunal Judicial da Comarca de Lisboa Oeste\"},\"image\":{\"@id\":\"https:\/\/comarcas.csm.org.pt\/lisboa-oeste\/#\/schema\/logo\/image\/\"}}]}<\/script>\n<!-- \/ Yoast SEO plugin. -->","yoast_head_json":{"title":"Instrumentos de Gest\u00e3o - Tribunal Judicial da Comarca de Lisboa Oeste","robots":{"index":"index","follow":"follow","max-snippet":"max-snippet:-1","max-image-preview":"max-image-preview:large","max-video-preview":"max-video-preview:-1"},"canonical":"https:\/\/comarcas.csm.org.pt\/lisboa-oeste\/instrumentos-de-gestao\/","og_locale":"pt_PT","og_type":"article","og_title":"Instrumentos de Gest\u00e3o - Tribunal Judicial da Comarca de Lisboa Oeste","og_description":"Relat\u00f3rio Anual da Comarca Plano de atividades Relat\u00f3rio de atividades Medidas de gest\u00e3o Turnos S\u00e1bados Relat\u00f3rio Anual da Comarca Relat\u00f3rio Anual da Comarca de Lisboa Oeste\u00a0 Relat\u00f3rio Anual de 2025 Relat\u00f3rio Anual de 2024 Relat\u00f3rio Anual de 2023 Relat\u00f3rio Anual de 2022 Relat\u00f3rio Anual de 2021 Relat\u00f3rio Anual de 2020 Plano de atividades Plano anual...","og_url":"https:\/\/comarcas.csm.org.pt\/lisboa-oeste\/instrumentos-de-gestao\/","og_site_name":"Tribunal Judicial da Comarca de Lisboa Oeste","article_modified_time":"2026-04-21T10:53:43+00:00","twitter_card":"summary_large_image","twitter_misc":{"Tempo estimado de leitura":"1 minuto"},"schema":{"@context":"https:\/\/schema.org","@graph":[{"@type":"WebPage","@id":"https:\/\/comarcas.csm.org.pt\/lisboa-oeste\/instrumentos-de-gestao\/","url":"https:\/\/comarcas.csm.org.pt\/lisboa-oeste\/instrumentos-de-gestao\/","name":"Instrumentos de Gest\u00e3o - Tribunal Judicial da Comarca de Lisboa Oeste","isPartOf":{"@id":"https:\/\/comarcas.csm.org.pt\/lisboa-oeste\/#website"},"datePublished":"2024-05-22T09:33:02+00:00","dateModified":"2026-04-21T10:53:43+00:00","breadcrumb":{"@id":"https:\/\/comarcas.csm.org.pt\/lisboa-oeste\/instrumentos-de-gestao\/#breadcrumb"},"inLanguage":"pt-PT","potentialAction":[{"@type":"ReadAction","target":["https:\/\/comarcas.csm.org.pt\/lisboa-oeste\/instrumentos-de-gestao\/"]}]},{"@type":"BreadcrumbList","@id":"https:\/\/comarcas.csm.org.pt\/lisboa-oeste\/instrumentos-de-gestao\/#breadcrumb","itemListElement":[{"@type":"ListItem","position":1,"name":"In\u00edcio","item":"https:\/\/comarcas.csm.org.pt\/lisboa-oeste\/"},{"@type":"ListItem","position":2,"name":"Instrumentos de Gest\u00e3o"}]},{"@type":"WebSite","@id":"https:\/\/comarcas.csm.org.pt\/lisboa-oeste\/#website","url":"https:\/\/comarcas.csm.org.pt\/lisboa-oeste\/","name":"Tribunal Judicial da Comarca de Lisboa Oeste","description":"Tribunal Judicial da Comarca de Lisboa Oeste","publisher":{"@id":"https:\/\/comarcas.csm.org.pt\/lisboa-oeste\/#organization"},"potentialAction":[{"@type":"SearchAction","target":{"@type":"EntryPoint","urlTemplate":"https:\/\/comarcas.csm.org.pt\/lisboa-oeste\/?s={search_term_string}"},"query-input":{"@type":"PropertyValueSpecification","valueRequired":true,"valueName":"search_term_string"}}],"inLanguage":"pt-PT"},{"@type":"Organization","@id":"https:\/\/comarcas.csm.org.pt\/lisboa-oeste\/#organization","name":"Tribunal Judicial da Comarca de Lisboa Oeste","url":"https:\/\/comarcas.csm.org.pt\/lisboa-oeste\/","logo":{"@type":"ImageObject","inLanguage":"pt-PT","@id":"https:\/\/comarcas.csm.org.pt\/lisboa-oeste\/#\/schema\/logo\/image\/","url":"https:\/\/comarcas.csm.org.pt\/lisboa-oeste\/wp-content\/uploads\/sites\/19\/2024\/11\/Lisboa-O_positivo-horizontal.png","contentUrl":"https:\/\/comarcas.csm.org.pt\/lisboa-oeste\/wp-content\/uploads\/sites\/19\/2024\/11\/Lisboa-O_positivo-horizontal.png","width":5368,"height":890,"caption":"Tribunal Judicial da Comarca de Lisboa Oeste"},"image":{"@id":"https:\/\/comarcas.csm.org.pt\/lisboa-oeste\/#\/schema\/logo\/image\/"}}]}},"_links":{"self":[{"href":"https:\/\/comarcas.csm.org.pt\/lisboa-oeste\/wp-json\/wp\/v2\/pages\/11330","targetHints":{"allow":["GET"]}}],"collection":[{"href":"https:\/\/comarcas.csm.org.pt\/lisboa-oeste\/wp-json\/wp\/v2\/pages"}],"about":[{"href":"https:\/\/comarcas.csm.org.pt\/lisboa-oeste\/wp-json\/wp\/v2\/types\/page"}],"author":[{"embeddable":true,"href":"https:\/\/comarcas.csm.org.pt\/lisboa-oeste\/wp-json\/wp\/v2\/users\/1"}],"replies":[{"embeddable":true,"href":"https:\/\/comarcas.csm.org.pt\/lisboa-oeste\/wp-json\/wp\/v2\/comments?post=11330"}],"version-history":[{"count":95,"href":"https:\/\/comarcas.csm.org.pt\/lisboa-oeste\/wp-json\/wp\/v2\/pages\/11330\/revisions"}],"predecessor-version":[{"id":12510,"href":"https:\/\/comarcas.csm.org.pt\/lisboa-oeste\/wp-json\/wp\/v2\/pages\/11330\/revisions\/12510"}],"wp:attachment":[{"href":"https:\/\/comarcas.csm.org.pt\/lisboa-oeste\/wp-json\/wp\/v2\/media?parent=11330"}],"curies":[{"name":"wp","href":"https:\/\/api.w.org\/{rel}","templated":true}]}}