{"id":11999,"date":"2024-09-26T14:26:20","date_gmt":"2024-09-26T14:26:20","guid":{"rendered":"https:\/\/aveiro.vvr.pt\/?page_id=11787"},"modified":"2025-07-10T13:24:25","modified_gmt":"2025-07-10T13:24:25","slug":"sintra","status":"publish","type":"page","link":"https:\/\/comarcas.csm.org.pt\/lisboa-oeste\/acomarca\/juizos\/sintra\/","title":{"rendered":"N\u00facleo Sintra"},"content":{"rendered":"\t\t<div data-elementor-type=\"wp-page\" data-elementor-id=\"11999\" class=\"elementor elementor-11999\" data-elementor-post-type=\"page\">\n\t\t\t\t<div class=\"elementor-element elementor-element-9a4155d e-flex e-con-boxed e-con e-parent\" data-id=\"9a4155d\" data-element_type=\"container\">\n\t\t\t\t\t<div class=\"e-con-inner\">\n\t\t<div class=\"elementor-element elementor-element-fe833da e-con-full e-flex e-con e-child\" data-id=\"fe833da\" data-element_type=\"container\">\n\t\t\t\t<div class=\"elementor-element elementor-element-812f9db elementor-widget elementor-widget-heading\" data-id=\"812f9db\" data-element_type=\"widget\" data-widget_type=\"heading.default\">\n\t\t\t\t<div class=\"elementor-widget-container\">\n\t\t\t\t\t<h4 class=\"elementor-heading-title elementor-size-default\">Ju\u00edzo Central C\u00edvel<\/h4>\t\t\t\t<\/div>\n\t\t\t\t<\/div>\n\t\t\t\t<\/div>\n\t\t<div class=\"elementor-element elementor-element-c702faa e-con-full e-flex e-con e-child\" data-id=\"c702faa\" data-element_type=\"container\">\n\t\t\t\t<div class=\"elementor-element elementor-element-c8c8689 elementor-widget elementor-widget-icon-box\" data-id=\"c8c8689\" data-element_type=\"widget\" data-widget_type=\"icon-box.default\">\n\t\t\t\t<div class=\"elementor-widget-container\">\n\t\t\t\t\t\t\t<div class=\"elementor-icon-box-wrapper\">\n\n\t\t\t\n\t\t\t\t\t\t<div class=\"elementor-icon-box-content\">\n\n\t\t\t\t\t\t\t\t\t<h6 class=\"elementor-icon-box-title\">\n\t\t\t\t\t\t<span  >\n\t\t\t\t\t\t\tCompet\u00eancia Territorial:\t\t\t\t\t\t<\/span>\n\t\t\t\t\t<\/h6>\n\t\t\t\t\n\t\t\t\t\t\t\t\t\t<p class=\"elementor-icon-box-description\">\n\t\t\t\t\t\tMunic\u00edpio de Amadora, Mafra e Sintra\t\t\t\t\t<\/p>\n\t\t\t\t\n\t\t\t<\/div>\n\t\t\t\n\t\t<\/div>\n\t\t\t\t\t\t<\/div>\n\t\t\t\t<\/div>\n\t\t\t\t<div class=\"elementor-element elementor-element-d1d2a2d elementor-widget elementor-widget-icon-box\" data-id=\"d1d2a2d\" data-element_type=\"widget\" data-widget_type=\"icon-box.default\">\n\t\t\t\t<div class=\"elementor-widget-container\">\n\t\t\t\t\t\t\t<div class=\"elementor-icon-box-wrapper\">\n\n\t\t\t\n\t\t\t\t\t\t<div class=\"elementor-icon-box-content\">\n\n\t\t\t\t\t\t\t\t\t<h6 class=\"elementor-icon-box-title\">\n\t\t\t\t\t\t<span  >\n\t\t\t\t\t\t\tMorada: Tribunal Judicial da Comarca de Lisboa Oeste N\u00facleo de Sintra\t\t\t\t\t\t<\/span>\n\t\t\t\t\t<\/h6>\n\t\t\t\t\n\t\t\t\t\t\t\t\t\t<p class=\"elementor-icon-box-description\">\n\t\t\t\t\t\t\nAv. M\u00e1rio Firmino Miguel n\u00b0 2, 2714-556 Sintra <br>Sintra\t\t\t\t\t<\/p>\n\t\t\t\t\n\t\t\t<\/div>\n\t\t\t\n\t\t<\/div>\n\t\t\t\t\t\t<\/div>\n\t\t\t\t<\/div>\n\t\t\t\t<div class=\"elementor-element elementor-element-732bcc9 elementor-widget elementor-widget-icon-box\" data-id=\"732bcc9\" data-element_type=\"widget\" data-widget_type=\"icon-box.default\">\n\t\t\t\t<div class=\"elementor-widget-container\">\n\t\t\t\t\t\t\t<div class=\"elementor-icon-box-wrapper\">\n\n\t\t\t\n\t\t\t\t\t\t<div class=\"elementor-icon-box-content\">\n\n\t\t\t\t\t\t\t\t\t<h6 class=\"elementor-icon-box-title\">\n\t\t\t\t\t\t<span  >\n\t\t\t\t\t\t\tContactos:\t\t\t\t\t\t<\/span>\n\t\t\t\t\t<\/h6>\n\t\t\t\t\n\t\t\t\t\t\t\t\t\t<p class=\"elementor-icon-box-description\">\n\t\t\t\t\t\t<b>Telefone:<\/b> 219100500\n<br>\n<b>Fax:<\/b> 211545155\/6\/7\n<br>\n<b>Email:<\/b> sintra.judicial@tribunais.org.pt<br>         sintra.ministeriopublico@tribunais.org.pt\t\t\t\t\t<\/p>\n\t\t\t\t\n\t\t\t<\/div>\n\t\t\t\n\t\t<\/div>\n\t\t\t\t\t\t<\/div>\n\t\t\t\t<\/div>\n\t\t\t\t<\/div>\n\t\t<div class=\"elementor-element elementor-element-1d0e5d6 e-con-full e-flex e-con e-child\" data-id=\"1d0e5d6\" data-element_type=\"container\">\n\t\t\t\t<div class=\"elementor-element elementor-element-3fc6d13 elementor-widget elementor-widget-google_maps\" data-id=\"3fc6d13\" data-element_type=\"widget\" data-widget_type=\"google_maps.default\">\n\t\t\t\t<div class=\"elementor-widget-container\">\n\t\t\t\t\t\t\t<div class=\"elementor-custom-embed\">\n\t\t\t<iframe loading=\"lazy\"\n\t\t\t\t\tsrc=\"https:\/\/www.google.com\/maps\/embed\/v1\/place?key=AIzaSyDhSoLeftGxfg7Tvco7SEUCY-Cc_XLDY3c&#038;q=palacio%20da%20justi%C3%A7a%20tribunal%20de%20sintra&#038;zoom=15\"\n\t\t\t\t\ttitle=\"palacio da justi\u00e7a tribunal de sintra\"\n\t\t\t\t\taria-label=\"palacio da justi\u00e7a tribunal de sintra\"\n\t\t\t><\/iframe>\n\t\t<\/div>\n\t\t\t\t\t\t<\/div>\n\t\t\t\t<\/div>\n\t\t\t\t<\/div>\n\t\t\t\t\t<\/div>\n\t\t\t\t<\/div>\n\t\t<div class=\"elementor-element elementor-element-ed8b061 e-flex e-con-boxed e-con e-parent\" data-id=\"ed8b061\" data-element_type=\"container\">\n\t\t\t\t\t<div class=\"e-con-inner\">\n\t\t<div class=\"elementor-element elementor-element-e4ad8d0 e-con-full e-flex e-con e-child\" data-id=\"e4ad8d0\" data-element_type=\"container\">\n\t\t\t\t<div class=\"elementor-element elementor-element-d48b4db elementor-widget elementor-widget-heading\" data-id=\"d48b4db\" data-element_type=\"widget\" data-widget_type=\"heading.default\">\n\t\t\t\t<div class=\"elementor-widget-container\">\n\t\t\t\t\t<h4 class=\"elementor-heading-title elementor-size-default\">Ju\u00edzo Central Criminal<\/h4>\t\t\t\t<\/div>\n\t\t\t\t<\/div>\n\t\t\t\t<\/div>\n\t\t<div class=\"elementor-element elementor-element-f9d2a19 e-con-full e-flex e-con e-child\" data-id=\"f9d2a19\" data-element_type=\"container\">\n\t\t\t\t<div class=\"elementor-element elementor-element-ade77b0 elementor-widget elementor-widget-icon-box\" data-id=\"ade77b0\" data-element_type=\"widget\" data-widget_type=\"icon-box.default\">\n\t\t\t\t<div class=\"elementor-widget-container\">\n\t\t\t\t\t\t\t<div class=\"elementor-icon-box-wrapper\">\n\n\t\t\t\n\t\t\t\t\t\t<div class=\"elementor-icon-box-content\">\n\n\t\t\t\t\t\t\t\t\t<h6 class=\"elementor-icon-box-title\">\n\t\t\t\t\t\t<span  >\n\t\t\t\t\t\t\tCompet\u00eancia Territorial:\t\t\t\t\t\t<\/span>\n\t\t\t\t\t<\/h6>\n\t\t\t\t\n\t\t\t\t\t\t\t\t\t<p class=\"elementor-icon-box-description\">\n\t\t\t\t\t\tMunic\u00edpio de Amadora, Mafra e Sintra\t\t\t\t\t<\/p>\n\t\t\t\t\n\t\t\t<\/div>\n\t\t\t\n\t\t<\/div>\n\t\t\t\t\t\t<\/div>\n\t\t\t\t<\/div>\n\t\t\t\t<div class=\"elementor-element elementor-element-89c08fb elementor-widget elementor-widget-icon-box\" data-id=\"89c08fb\" data-element_type=\"widget\" data-widget_type=\"icon-box.default\">\n\t\t\t\t<div class=\"elementor-widget-container\">\n\t\t\t\t\t\t\t<div class=\"elementor-icon-box-wrapper\">\n\n\t\t\t\n\t\t\t\t\t\t<div class=\"elementor-icon-box-content\">\n\n\t\t\t\t\t\t\t\t\t<h6 class=\"elementor-icon-box-title\">\n\t\t\t\t\t\t<span  >\n\t\t\t\t\t\t\tMorada: Tribunal Judicial da Comarca de Lisboa Oeste N\u00facleo de Sintra\t\t\t\t\t\t<\/span>\n\t\t\t\t\t<\/h6>\n\t\t\t\t\n\t\t\t\t\t\t\t\t\t<p class=\"elementor-icon-box-description\">\n\t\t\t\t\t\t\nAv. M\u00e1rio Firmino Miguel n\u00b0 2, 2714-556 Sintra <br>Sintra\t\t\t\t\t<\/p>\n\t\t\t\t\n\t\t\t<\/div>\n\t\t\t\n\t\t<\/div>\n\t\t\t\t\t\t<\/div>\n\t\t\t\t<\/div>\n\t\t\t\t<div class=\"elementor-element elementor-element-a95ceb1 elementor-widget elementor-widget-icon-box\" data-id=\"a95ceb1\" data-element_type=\"widget\" data-widget_type=\"icon-box.default\">\n\t\t\t\t<div class=\"elementor-widget-container\">\n\t\t\t\t\t\t\t<div class=\"elementor-icon-box-wrapper\">\n\n\t\t\t\n\t\t\t\t\t\t<div class=\"elementor-icon-box-content\">\n\n\t\t\t\t\t\t\t\t\t<h6 class=\"elementor-icon-box-title\">\n\t\t\t\t\t\t<span  >\n\t\t\t\t\t\t\tContactos:\t\t\t\t\t\t<\/span>\n\t\t\t\t\t<\/h6>\n\t\t\t\t\n\t\t\t\t\t\t\t\t\t<p class=\"elementor-icon-box-description\">\n\t\t\t\t\t\t<b>Telefone:<\/b> 219100500\n<br>\n<b>Fax:<\/b> 211545155\/6\/7\n<br>\n<b>Email:<\/b> sintra.judicial@tribunais.org.pt<br>         sintra.ministeriopublico@tribunais.org.pt\t\t\t\t\t<\/p>\n\t\t\t\t\n\t\t\t<\/div>\n\t\t\t\n\t\t<\/div>\n\t\t\t\t\t\t<\/div>\n\t\t\t\t<\/div>\n\t\t\t\t<\/div>\n\t\t<div class=\"elementor-element elementor-element-19326a7 e-con-full e-flex e-con e-child\" data-id=\"19326a7\" data-element_type=\"container\">\n\t\t\t\t<div class=\"elementor-element elementor-element-39bb911 elementor-widget elementor-widget-google_maps\" data-id=\"39bb911\" data-element_type=\"widget\" data-widget_type=\"google_maps.default\">\n\t\t\t\t<div class=\"elementor-widget-container\">\n\t\t\t\t\t\t\t<div class=\"elementor-custom-embed\">\n\t\t\t<iframe loading=\"lazy\"\n\t\t\t\t\tsrc=\"https:\/\/www.google.com\/maps\/embed\/v1\/place?key=AIzaSyDhSoLeftGxfg7Tvco7SEUCY-Cc_XLDY3c&#038;q=palacio%20da%20justi%C3%A7a%20tribunal%20de%20sintra&#038;zoom=15\"\n\t\t\t\t\ttitle=\"palacio da justi\u00e7a tribunal de sintra\"\n\t\t\t\t\taria-label=\"palacio da justi\u00e7a tribunal de sintra\"\n\t\t\t><\/iframe>\n\t\t<\/div>\n\t\t\t\t\t\t<\/div>\n\t\t\t\t<\/div>\n\t\t\t\t<\/div>\n\t\t\t\t\t<\/div>\n\t\t\t\t<\/div>\n\t\t<div class=\"elementor-element elementor-element-a7eb233 e-flex e-con-boxed e-con e-parent\" data-id=\"a7eb233\" data-element_type=\"container\">\n\t\t\t\t\t<div class=\"e-con-inner\">\n\t\t<div class=\"elementor-element elementor-element-6f19332 e-con-full e-flex e-con e-child\" data-id=\"6f19332\" data-element_type=\"container\">\n\t\t\t\t<div class=\"elementor-element elementor-element-e77f3e5 elementor-widget elementor-widget-heading\" data-id=\"e77f3e5\" data-element_type=\"widget\" data-widget_type=\"heading.default\">\n\t\t\t\t<div class=\"elementor-widget-container\">\n\t\t\t\t\t<h4 class=\"elementor-heading-title elementor-size-default\">Ju\u00edzo do Com\u00e9rcio<\/h4>\t\t\t\t<\/div>\n\t\t\t\t<\/div>\n\t\t\t\t<\/div>\n\t\t<div class=\"elementor-element elementor-element-0b1a0d0 e-con-full e-flex e-con e-child\" data-id=\"0b1a0d0\" data-element_type=\"container\">\n\t\t\t\t<div class=\"elementor-element elementor-element-922310f elementor-widget elementor-widget-icon-box\" data-id=\"922310f\" data-element_type=\"widget\" data-widget_type=\"icon-box.default\">\n\t\t\t\t<div class=\"elementor-widget-container\">\n\t\t\t\t\t\t\t<div class=\"elementor-icon-box-wrapper\">\n\n\t\t\t\n\t\t\t\t\t\t<div class=\"elementor-icon-box-content\">\n\n\t\t\t\t\t\t\t\t\t<h6 class=\"elementor-icon-box-title\">\n\t\t\t\t\t\t<span  >\n\t\t\t\t\t\t\tCompet\u00eancia Territorial:\t\t\t\t\t\t<\/span>\n\t\t\t\t\t<\/h6>\n\t\t\t\t\n\t\t\t\t\t\t\t\t\t<p class=\"elementor-icon-box-description\">\n\t\t\t\t\t\tComarca Lisboa Oeste\t\t\t\t\t<\/p>\n\t\t\t\t\n\t\t\t<\/div>\n\t\t\t\n\t\t<\/div>\n\t\t\t\t\t\t<\/div>\n\t\t\t\t<\/div>\n\t\t\t\t<div class=\"elementor-element elementor-element-8f5af22 elementor-widget elementor-widget-icon-box\" data-id=\"8f5af22\" data-element_type=\"widget\" data-widget_type=\"icon-box.default\">\n\t\t\t\t<div class=\"elementor-widget-container\">\n\t\t\t\t\t\t\t<div class=\"elementor-icon-box-wrapper\">\n\n\t\t\t\n\t\t\t\t\t\t<div class=\"elementor-icon-box-content\">\n\n\t\t\t\t\t\t\t\t\t<h6 class=\"elementor-icon-box-title\">\n\t\t\t\t\t\t<span  >\n\t\t\t\t\t\t\tMorada: Tribunal Judicial da Comarca de Lisboa Oeste N\u00facleo de Sintra\t\t\t\t\t\t<\/span>\n\t\t\t\t\t<\/h6>\n\t\t\t\t\n\t\t\t\t\t\t\t\t\t<p class=\"elementor-icon-box-description\">\n\t\t\t\t\t\t\nAv. M\u00e1rio Firmino Miguel n\u00b0 2, 2714-556 Sintra <br>Sintra\t\t\t\t\t<\/p>\n\t\t\t\t\n\t\t\t<\/div>\n\t\t\t\n\t\t<\/div>\n\t\t\t\t\t\t<\/div>\n\t\t\t\t<\/div>\n\t\t\t\t<div class=\"elementor-element elementor-element-88a2172 elementor-widget elementor-widget-icon-box\" data-id=\"88a2172\" data-element_type=\"widget\" data-widget_type=\"icon-box.default\">\n\t\t\t\t<div class=\"elementor-widget-container\">\n\t\t\t\t\t\t\t<div class=\"elementor-icon-box-wrapper\">\n\n\t\t\t\n\t\t\t\t\t\t<div class=\"elementor-icon-box-content\">\n\n\t\t\t\t\t\t\t\t\t<h6 class=\"elementor-icon-box-title\">\n\t\t\t\t\t\t<span  >\n\t\t\t\t\t\t\tContactos:\t\t\t\t\t\t<\/span>\n\t\t\t\t\t<\/h6>\n\t\t\t\t\n\t\t\t\t\t\t\t\t\t<p class=\"elementor-icon-box-description\">\n\t\t\t\t\t\t<b>Telefone:<\/b> 219100500\n<br>\n<b>Fax:<\/b> 211545155\/6\/7\n<br>\n<b>Email:<\/b> sintra.judicial@tribunais.org.pt<br>         sintra.ministeriopublico@tribunais.org.pt\t\t\t\t\t<\/p>\n\t\t\t\t\n\t\t\t<\/div>\n\t\t\t\n\t\t<\/div>\n\t\t\t\t\t\t<\/div>\n\t\t\t\t<\/div>\n\t\t\t\t<\/div>\n\t\t<div class=\"elementor-element elementor-element-399aca7 e-con-full e-flex e-con e-child\" data-id=\"399aca7\" data-element_type=\"container\">\n\t\t\t\t<div class=\"elementor-element elementor-element-be393a1 elementor-widget elementor-widget-google_maps\" data-id=\"be393a1\" data-element_type=\"widget\" data-widget_type=\"google_maps.default\">\n\t\t\t\t<div class=\"elementor-widget-container\">\n\t\t\t\t\t\t\t<div class=\"elementor-custom-embed\">\n\t\t\t<iframe loading=\"lazy\"\n\t\t\t\t\tsrc=\"https:\/\/www.google.com\/maps\/embed\/v1\/place?key=AIzaSyDhSoLeftGxfg7Tvco7SEUCY-Cc_XLDY3c&#038;q=palacio%20da%20justi%C3%A7a%20tribunal%20de%20sintra&#038;zoom=15\"\n\t\t\t\t\ttitle=\"palacio da justi\u00e7a tribunal de sintra\"\n\t\t\t\t\taria-label=\"palacio da justi\u00e7a tribunal de sintra\"\n\t\t\t><\/iframe>\n\t\t<\/div>\n\t\t\t\t\t\t<\/div>\n\t\t\t\t<\/div>\n\t\t\t\t<\/div>\n\t\t\t\t\t<\/div>\n\t\t\t\t<\/div>\n\t\t<div class=\"elementor-element elementor-element-75c8921 e-flex e-con-boxed e-con e-parent\" data-id=\"75c8921\" data-element_type=\"container\">\n\t\t\t\t\t<div class=\"e-con-inner\">\n\t\t<div class=\"elementor-element elementor-element-e0f7eea e-con-full e-flex e-con e-child\" data-id=\"e0f7eea\" data-element_type=\"container\">\n\t\t\t\t<div class=\"elementor-element elementor-element-8041bc2 elementor-widget elementor-widget-heading\" data-id=\"8041bc2\" data-element_type=\"widget\" data-widget_type=\"heading.default\">\n\t\t\t\t<div class=\"elementor-widget-container\">\n\t\t\t\t\t<h4 class=\"elementor-heading-title elementor-size-default\">Ju\u00edzo de Execu\u00e7\u00f5es<\/h4>\t\t\t\t<\/div>\n\t\t\t\t<\/div>\n\t\t\t\t<\/div>\n\t\t<div class=\"elementor-element elementor-element-d604276 e-con-full e-flex e-con e-child\" data-id=\"d604276\" data-element_type=\"container\">\n\t\t\t\t<div class=\"elementor-element elementor-element-c6a6af2 elementor-widget elementor-widget-icon-box\" data-id=\"c6a6af2\" data-element_type=\"widget\" data-widget_type=\"icon-box.default\">\n\t\t\t\t<div class=\"elementor-widget-container\">\n\t\t\t\t\t\t\t<div class=\"elementor-icon-box-wrapper\">\n\n\t\t\t\n\t\t\t\t\t\t<div class=\"elementor-icon-box-content\">\n\n\t\t\t\t\t\t\t\t\t<h6 class=\"elementor-icon-box-title\">\n\t\t\t\t\t\t<span  >\n\t\t\t\t\t\t\tCompet\u00eancia Territorial:\t\t\t\t\t\t<\/span>\n\t\t\t\t\t<\/h6>\n\t\t\t\t\n\t\t\t\t\t\t\t\t\t<p class=\"elementor-icon-box-description\">\n\t\t\t\t\t\tMunic\u00edpio da Amadora, Mafra e Sintra\t\t\t\t\t<\/p>\n\t\t\t\t\n\t\t\t<\/div>\n\t\t\t\n\t\t<\/div>\n\t\t\t\t\t\t<\/div>\n\t\t\t\t<\/div>\n\t\t\t\t<div class=\"elementor-element elementor-element-0b58843 elementor-widget elementor-widget-icon-box\" data-id=\"0b58843\" data-element_type=\"widget\" data-widget_type=\"icon-box.default\">\n\t\t\t\t<div class=\"elementor-widget-container\">\n\t\t\t\t\t\t\t<div class=\"elementor-icon-box-wrapper\">\n\n\t\t\t\n\t\t\t\t\t\t<div class=\"elementor-icon-box-content\">\n\n\t\t\t\t\t\t\t\t\t<h6 class=\"elementor-icon-box-title\">\n\t\t\t\t\t\t<span  >\n\t\t\t\t\t\t\tMorada:Tribunal Judicial da Comarca de Lisboa Oeste N\u00facleo de Sintra\t\t\t\t\t\t<\/span>\n\t\t\t\t\t<\/h6>\n\t\t\t\t\n\t\t\t\t\t\t\t\t\t<p class=\"elementor-icon-box-description\">\n\t\t\t\t\t\t\nAv. M\u00e1rio Firmino Miguel n\u00b0 2, 2714-556 Sintra <br>Sintra\t\t\t\t\t<\/p>\n\t\t\t\t\n\t\t\t<\/div>\n\t\t\t\n\t\t<\/div>\n\t\t\t\t\t\t<\/div>\n\t\t\t\t<\/div>\n\t\t\t\t<div class=\"elementor-element elementor-element-b660fcf elementor-widget elementor-widget-icon-box\" data-id=\"b660fcf\" data-element_type=\"widget\" data-widget_type=\"icon-box.default\">\n\t\t\t\t<div class=\"elementor-widget-container\">\n\t\t\t\t\t\t\t<div class=\"elementor-icon-box-wrapper\">\n\n\t\t\t\n\t\t\t\t\t\t<div class=\"elementor-icon-box-content\">\n\n\t\t\t\t\t\t\t\t\t<h6 class=\"elementor-icon-box-title\">\n\t\t\t\t\t\t<span  >\n\t\t\t\t\t\t\tContactos:\t\t\t\t\t\t<\/span>\n\t\t\t\t\t<\/h6>\n\t\t\t\t\n\t\t\t\t\t\t\t\t\t<p class=\"elementor-icon-box-description\">\n\t\t\t\t\t\t<b>Telefone:<\/b> 219100500\n<br>\n<b>Fax:<\/b> 211545155\/6\/7\n<br>\n<b>Email:<\/b> sintra.judicial@tribunais.org.pt<br>         sintra.ministeriopublico@tribunais.org.pt\t\t\t\t\t<\/p>\n\t\t\t\t\n\t\t\t<\/div>\n\t\t\t\n\t\t<\/div>\n\t\t\t\t\t\t<\/div>\n\t\t\t\t<\/div>\n\t\t\t\t<\/div>\n\t\t<div class=\"elementor-element elementor-element-e10710b e-con-full e-flex e-con e-child\" data-id=\"e10710b\" data-element_type=\"container\">\n\t\t\t\t<div class=\"elementor-element elementor-element-c854533 elementor-widget elementor-widget-google_maps\" data-id=\"c854533\" data-element_type=\"widget\" data-widget_type=\"google_maps.default\">\n\t\t\t\t<div class=\"elementor-widget-container\">\n\t\t\t\t\t\t\t<div class=\"elementor-custom-embed\">\n\t\t\t<iframe loading=\"lazy\"\n\t\t\t\t\tsrc=\"https:\/\/www.google.com\/maps\/embed\/v1\/place?key=AIzaSyDhSoLeftGxfg7Tvco7SEUCY-Cc_XLDY3c&#038;q=palacio%20da%20justi%C3%A7a%20tribunal%20de%20sintra&#038;zoom=15\"\n\t\t\t\t\ttitle=\"palacio da justi\u00e7a tribunal de sintra\"\n\t\t\t\t\taria-label=\"palacio da justi\u00e7a tribunal de sintra\"\n\t\t\t><\/iframe>\n\t\t<\/div>\n\t\t\t\t\t\t<\/div>\n\t\t\t\t<\/div>\n\t\t\t\t<\/div>\n\t\t\t\t\t<\/div>\n\t\t\t\t<\/div>\n\t\t<div class=\"elementor-element elementor-element-b0fe893 e-flex e-con-boxed e-con e-parent\" data-id=\"b0fe893\" data-element_type=\"container\">\n\t\t\t\t\t<div class=\"e-con-inner\">\n\t\t<div class=\"elementor-element elementor-element-2374ffd e-con-full e-flex e-con e-child\" data-id=\"2374ffd\" data-element_type=\"container\">\n\t\t\t\t<div class=\"elementor-element elementor-element-f740d8c elementor-widget elementor-widget-heading\" data-id=\"f740d8c\" data-element_type=\"widget\" data-widget_type=\"heading.default\">\n\t\t\t\t<div class=\"elementor-widget-container\">\n\t\t\t\t\t<h4 class=\"elementor-heading-title elementor-size-default\">Ju\u00edzo de Fam\u00edlia e Menores<\/h4>\t\t\t\t<\/div>\n\t\t\t\t<\/div>\n\t\t\t\t<\/div>\n\t\t<div class=\"elementor-element elementor-element-82b554a e-con-full e-flex e-con e-child\" data-id=\"82b554a\" data-element_type=\"container\">\n\t\t\t\t<div class=\"elementor-element elementor-element-8626cde elementor-widget elementor-widget-icon-box\" data-id=\"8626cde\" data-element_type=\"widget\" data-widget_type=\"icon-box.default\">\n\t\t\t\t<div class=\"elementor-widget-container\">\n\t\t\t\t\t\t\t<div class=\"elementor-icon-box-wrapper\">\n\n\t\t\t\n\t\t\t\t\t\t<div class=\"elementor-icon-box-content\">\n\n\t\t\t\t\t\t\t\t\t<h6 class=\"elementor-icon-box-title\">\n\t\t\t\t\t\t<span  >\n\t\t\t\t\t\t\tCompet\u00eancia Territorial:\t\t\t\t\t\t<\/span>\n\t\t\t\t\t<\/h6>\n\t\t\t\t\n\t\t\t\t\t\t\t\t\t<p class=\"elementor-icon-box-description\">\n\t\t\t\t\t\tMunic\u00edpio Sintra\t\t\t\t\t<\/p>\n\t\t\t\t\n\t\t\t<\/div>\n\t\t\t\n\t\t<\/div>\n\t\t\t\t\t\t<\/div>\n\t\t\t\t<\/div>\n\t\t\t\t<div class=\"elementor-element elementor-element-72dca8e elementor-widget elementor-widget-icon-box\" data-id=\"72dca8e\" data-element_type=\"widget\" data-widget_type=\"icon-box.default\">\n\t\t\t\t<div class=\"elementor-widget-container\">\n\t\t\t\t\t\t\t<div class=\"elementor-icon-box-wrapper\">\n\n\t\t\t\n\t\t\t\t\t\t<div class=\"elementor-icon-box-content\">\n\n\t\t\t\t\t\t\t\t\t<h6 class=\"elementor-icon-box-title\">\n\t\t\t\t\t\t<span  >\n\t\t\t\t\t\t\tMorada: Tribunal Judicial da Comarca de Lisboa Oeste N\u00facleo de Sintra\t\t\t\t\t\t<\/span>\n\t\t\t\t\t<\/h6>\n\t\t\t\t\n\t\t\t\t\t\t\t\t\t<p class=\"elementor-icon-box-description\">\n\t\t\t\t\t\t\nAv. M\u00e1rio Firmino Miguel n\u00b0 2, 2714-556 Sintra <br>Sintra\t\t\t\t\t<\/p>\n\t\t\t\t\n\t\t\t<\/div>\n\t\t\t\n\t\t<\/div>\n\t\t\t\t\t\t<\/div>\n\t\t\t\t<\/div>\n\t\t\t\t<div class=\"elementor-element elementor-element-d4eed84 elementor-widget elementor-widget-icon-box\" data-id=\"d4eed84\" data-element_type=\"widget\" data-widget_type=\"icon-box.default\">\n\t\t\t\t<div class=\"elementor-widget-container\">\n\t\t\t\t\t\t\t<div class=\"elementor-icon-box-wrapper\">\n\n\t\t\t\n\t\t\t\t\t\t<div class=\"elementor-icon-box-content\">\n\n\t\t\t\t\t\t\t\t\t<h6 class=\"elementor-icon-box-title\">\n\t\t\t\t\t\t<span  >\n\t\t\t\t\t\t\tContactos:\t\t\t\t\t\t<\/span>\n\t\t\t\t\t<\/h6>\n\t\t\t\t\n\t\t\t\t\t\t\t\t\t<p class=\"elementor-icon-box-description\">\n\t\t\t\t\t\t<b>Telefone:<\/b> 219100500\n<br>\n<b>Fax:<\/b> 211545155\/6\/7\n<br>\n<b>Email:<\/b> sintra.judicial@tribunais.org.pt<br>         sintra.ministeriopublico@tribunais.org.pt\t\t\t\t\t<\/p>\n\t\t\t\t\n\t\t\t<\/div>\n\t\t\t\n\t\t<\/div>\n\t\t\t\t\t\t<\/div>\n\t\t\t\t<\/div>\n\t\t\t\t<\/div>\n\t\t<div class=\"elementor-element elementor-element-83a62c4 e-con-full e-flex e-con e-child\" data-id=\"83a62c4\" data-element_type=\"container\">\n\t\t\t\t<div class=\"elementor-element elementor-element-d44c310 elementor-widget elementor-widget-google_maps\" data-id=\"d44c310\" data-element_type=\"widget\" data-widget_type=\"google_maps.default\">\n\t\t\t\t<div class=\"elementor-widget-container\">\n\t\t\t\t\t\t\t<div class=\"elementor-custom-embed\">\n\t\t\t<iframe loading=\"lazy\"\n\t\t\t\t\tsrc=\"https:\/\/www.google.com\/maps\/embed\/v1\/place?key=AIzaSyDhSoLeftGxfg7Tvco7SEUCY-Cc_XLDY3c&#038;q=palacio%20da%20justi%C3%A7a%20tribunal%20de%20sintra&#038;zoom=15\"\n\t\t\t\t\ttitle=\"palacio da justi\u00e7a tribunal de sintra\"\n\t\t\t\t\taria-label=\"palacio da justi\u00e7a tribunal de sintra\"\n\t\t\t><\/iframe>\n\t\t<\/div>\n\t\t\t\t\t\t<\/div>\n\t\t\t\t<\/div>\n\t\t\t\t<\/div>\n\t\t\t\t\t<\/div>\n\t\t\t\t<\/div>\n\t\t<div class=\"elementor-element elementor-element-9550908 e-flex e-con-boxed e-con e-parent\" data-id=\"9550908\" data-element_type=\"container\">\n\t\t\t\t\t<div class=\"e-con-inner\">\n\t\t<div class=\"elementor-element elementor-element-6b1bc9f e-con-full e-flex e-con e-child\" data-id=\"6b1bc9f\" data-element_type=\"container\">\n\t\t\t\t<div class=\"elementor-element elementor-element-53c4175 elementor-widget elementor-widget-heading\" data-id=\"53c4175\" data-element_type=\"widget\" data-widget_type=\"heading.default\">\n\t\t\t\t<div class=\"elementor-widget-container\">\n\t\t\t\t\t<h4 class=\"elementor-heading-title elementor-size-default\">Ju\u00edzo de Instru\u00e7\u00e3o Criminal<\/h4>\t\t\t\t<\/div>\n\t\t\t\t<\/div>\n\t\t\t\t<\/div>\n\t\t<div class=\"elementor-element elementor-element-9374275 e-con-full e-flex e-con e-child\" data-id=\"9374275\" data-element_type=\"container\">\n\t\t\t\t<div class=\"elementor-element elementor-element-d7af1c2 elementor-widget elementor-widget-icon-box\" data-id=\"d7af1c2\" data-element_type=\"widget\" data-widget_type=\"icon-box.default\">\n\t\t\t\t<div class=\"elementor-widget-container\">\n\t\t\t\t\t\t\t<div class=\"elementor-icon-box-wrapper\">\n\n\t\t\t\n\t\t\t\t\t\t<div class=\"elementor-icon-box-content\">\n\n\t\t\t\t\t\t\t\t\t<h6 class=\"elementor-icon-box-title\">\n\t\t\t\t\t\t<span  >\n\t\t\t\t\t\t\tCompet\u00eancia Territorial:\t\t\t\t\t\t<\/span>\n\t\t\t\t\t<\/h6>\n\t\t\t\t\n\t\t\t\t\t\t\t\t\t<p class=\"elementor-icon-box-description\">\n\t\t\t\t\t\tMunic\u00edpio de Mafra e Sintra\t\t\t\t\t<\/p>\n\t\t\t\t\n\t\t\t<\/div>\n\t\t\t\n\t\t<\/div>\n\t\t\t\t\t\t<\/div>\n\t\t\t\t<\/div>\n\t\t\t\t<div class=\"elementor-element elementor-element-d8eb1b3 elementor-widget elementor-widget-icon-box\" data-id=\"d8eb1b3\" data-element_type=\"widget\" data-widget_type=\"icon-box.default\">\n\t\t\t\t<div class=\"elementor-widget-container\">\n\t\t\t\t\t\t\t<div class=\"elementor-icon-box-wrapper\">\n\n\t\t\t\n\t\t\t\t\t\t<div class=\"elementor-icon-box-content\">\n\n\t\t\t\t\t\t\t\t\t<h6 class=\"elementor-icon-box-title\">\n\t\t\t\t\t\t<span  >\n\t\t\t\t\t\t\tMorada: Tribunal Judicial da Comarca de Lisboa Oeste N\u00facleo de Sintra\t\t\t\t\t\t<\/span>\n\t\t\t\t\t<\/h6>\n\t\t\t\t\n\t\t\t\t\t\t\t\t\t<p class=\"elementor-icon-box-description\">\n\t\t\t\t\t\t\nAv. M\u00e1rio Firmino Miguel n\u00b0 2, 2714-556 Sintra <br>Sintra\t\t\t\t\t<\/p>\n\t\t\t\t\n\t\t\t<\/div>\n\t\t\t\n\t\t<\/div>\n\t\t\t\t\t\t<\/div>\n\t\t\t\t<\/div>\n\t\t\t\t<div class=\"elementor-element elementor-element-92854d3 elementor-widget elementor-widget-icon-box\" data-id=\"92854d3\" data-element_type=\"widget\" data-widget_type=\"icon-box.default\">\n\t\t\t\t<div class=\"elementor-widget-container\">\n\t\t\t\t\t\t\t<div class=\"elementor-icon-box-wrapper\">\n\n\t\t\t\n\t\t\t\t\t\t<div class=\"elementor-icon-box-content\">\n\n\t\t\t\t\t\t\t\t\t<h6 class=\"elementor-icon-box-title\">\n\t\t\t\t\t\t<span  >\n\t\t\t\t\t\t\tContactos:\t\t\t\t\t\t<\/span>\n\t\t\t\t\t<\/h6>\n\t\t\t\t\n\t\t\t\t\t\t\t\t\t<p class=\"elementor-icon-box-description\">\n\t\t\t\t\t\t<b>Telefone:<\/b> 219100500\n<br>\n<b>Fax:<\/b> 211545155\/6\/7\n<br>\n<b>Email:<\/b> sintra.judicial@tribunais.org.pt<br>         sintra.ministeriopublico@tribunais.org.pt\t\t\t\t\t<\/p>\n\t\t\t\t\n\t\t\t<\/div>\n\t\t\t\n\t\t<\/div>\n\t\t\t\t\t\t<\/div>\n\t\t\t\t<\/div>\n\t\t\t\t<\/div>\n\t\t<div class=\"elementor-element elementor-element-cee7910 e-con-full e-flex e-con e-child\" data-id=\"cee7910\" data-element_type=\"container\">\n\t\t\t\t<div class=\"elementor-element elementor-element-db5b0ab elementor-widget elementor-widget-google_maps\" data-id=\"db5b0ab\" data-element_type=\"widget\" data-widget_type=\"google_maps.default\">\n\t\t\t\t<div class=\"elementor-widget-container\">\n\t\t\t\t\t\t\t<div class=\"elementor-custom-embed\">\n\t\t\t<iframe loading=\"lazy\"\n\t\t\t\t\tsrc=\"https:\/\/www.google.com\/maps\/embed\/v1\/place?key=AIzaSyDhSoLeftGxfg7Tvco7SEUCY-Cc_XLDY3c&#038;q=palacio%20da%20justi%C3%A7a%20tribunal%20de%20sintra&#038;zoom=15\"\n\t\t\t\t\ttitle=\"palacio da justi\u00e7a tribunal de sintra\"\n\t\t\t\t\taria-label=\"palacio da justi\u00e7a tribunal de sintra\"\n\t\t\t><\/iframe>\n\t\t<\/div>\n\t\t\t\t\t\t<\/div>\n\t\t\t\t<\/div>\n\t\t\t\t<\/div>\n\t\t\t\t\t<\/div>\n\t\t\t\t<\/div>\n\t\t<div class=\"elementor-element elementor-element-a36c148 e-flex e-con-boxed e-con e-parent\" data-id=\"a36c148\" data-element_type=\"container\">\n\t\t\t\t\t<div class=\"e-con-inner\">\n\t\t<div class=\"elementor-element elementor-element-2174737 e-con-full e-flex e-con e-child\" data-id=\"2174737\" data-element_type=\"container\">\n\t\t\t\t<div class=\"elementor-element elementor-element-33f7516 elementor-widget elementor-widget-heading\" data-id=\"33f7516\" data-element_type=\"widget\" data-widget_type=\"heading.default\">\n\t\t\t\t<div class=\"elementor-widget-container\">\n\t\t\t\t\t<h4 class=\"elementor-heading-title elementor-size-default\">Ju\u00edzo de Trabalho<\/h4>\t\t\t\t<\/div>\n\t\t\t\t<\/div>\n\t\t\t\t<\/div>\n\t\t<div class=\"elementor-element elementor-element-6078a6e e-con-full e-flex e-con e-child\" data-id=\"6078a6e\" data-element_type=\"container\">\n\t\t\t\t<div class=\"elementor-element elementor-element-3d6766d elementor-widget elementor-widget-icon-box\" data-id=\"3d6766d\" data-element_type=\"widget\" data-widget_type=\"icon-box.default\">\n\t\t\t\t<div class=\"elementor-widget-container\">\n\t\t\t\t\t\t\t<div class=\"elementor-icon-box-wrapper\">\n\n\t\t\t\n\t\t\t\t\t\t<div class=\"elementor-icon-box-content\">\n\n\t\t\t\t\t\t\t\t\t<h6 class=\"elementor-icon-box-title\">\n\t\t\t\t\t\t<span  >\n\t\t\t\t\t\t\tCompet\u00eancia Territorial:\t\t\t\t\t\t<\/span>\n\t\t\t\t\t<\/h6>\n\t\t\t\t\n\t\t\t\t\t\t\t\t\t<p class=\"elementor-icon-box-description\">\n\t\t\t\t\t\tMunic\u00edpio de Amadora, Mafra e Sintra\t\t\t\t\t<\/p>\n\t\t\t\t\n\t\t\t<\/div>\n\t\t\t\n\t\t<\/div>\n\t\t\t\t\t\t<\/div>\n\t\t\t\t<\/div>\n\t\t\t\t<div class=\"elementor-element elementor-element-e13d197 elementor-widget elementor-widget-icon-box\" data-id=\"e13d197\" data-element_type=\"widget\" data-widget_type=\"icon-box.default\">\n\t\t\t\t<div class=\"elementor-widget-container\">\n\t\t\t\t\t\t\t<div class=\"elementor-icon-box-wrapper\">\n\n\t\t\t\n\t\t\t\t\t\t<div class=\"elementor-icon-box-content\">\n\n\t\t\t\t\t\t\t\t\t<h6 class=\"elementor-icon-box-title\">\n\t\t\t\t\t\t<span  >\n\t\t\t\t\t\t\tMorada: Tribunal Judicial da Comarca de Lisboa Oeste N\u00facleo de Sintra\t\t\t\t\t\t<\/span>\n\t\t\t\t\t<\/h6>\n\t\t\t\t\n\t\t\t\t\t\t\t\t\t<p class=\"elementor-icon-box-description\">\n\t\t\t\t\t\t\nAv. M\u00e1rio Firmino Miguel n\u00b0 2, 2714-556 Sintra <br>Sintra\t\t\t\t\t<\/p>\n\t\t\t\t\n\t\t\t<\/div>\n\t\t\t\n\t\t<\/div>\n\t\t\t\t\t\t<\/div>\n\t\t\t\t<\/div>\n\t\t\t\t<div class=\"elementor-element elementor-element-2bb591e elementor-widget elementor-widget-icon-box\" data-id=\"2bb591e\" data-element_type=\"widget\" data-widget_type=\"icon-box.default\">\n\t\t\t\t<div class=\"elementor-widget-container\">\n\t\t\t\t\t\t\t<div class=\"elementor-icon-box-wrapper\">\n\n\t\t\t\n\t\t\t\t\t\t<div class=\"elementor-icon-box-content\">\n\n\t\t\t\t\t\t\t\t\t<h6 class=\"elementor-icon-box-title\">\n\t\t\t\t\t\t<span  >\n\t\t\t\t\t\t\tContactos:\t\t\t\t\t\t<\/span>\n\t\t\t\t\t<\/h6>\n\t\t\t\t\n\t\t\t\t\t\t\t\t\t<p class=\"elementor-icon-box-description\">\n\t\t\t\t\t\t<b>Telefone:<\/b> 219100500\n<br>\n<b>Fax:<\/b> 211545155\/6\/7\n<br>\n<b>Email:<\/b> sintra.judicial@tribunais.org.pt<br>         sintra.ministeriopublico@tribunais.org.pt\t\t\t\t\t<\/p>\n\t\t\t\t\n\t\t\t<\/div>\n\t\t\t\n\t\t<\/div>\n\t\t\t\t\t\t<\/div>\n\t\t\t\t<\/div>\n\t\t\t\t<\/div>\n\t\t<div class=\"elementor-element elementor-element-d739de3 e-con-full e-flex e-con e-child\" data-id=\"d739de3\" data-element_type=\"container\">\n\t\t\t\t<div class=\"elementor-element elementor-element-ff40100 elementor-widget elementor-widget-google_maps\" data-id=\"ff40100\" data-element_type=\"widget\" data-widget_type=\"google_maps.default\">\n\t\t\t\t<div class=\"elementor-widget-container\">\n\t\t\t\t\t\t\t<div class=\"elementor-custom-embed\">\n\t\t\t<iframe loading=\"lazy\"\n\t\t\t\t\tsrc=\"https:\/\/www.google.com\/maps\/embed\/v1\/place?key=AIzaSyDhSoLeftGxfg7Tvco7SEUCY-Cc_XLDY3c&#038;q=palacio%20da%20justi%C3%A7a%20tribunal%20de%20sintra&#038;zoom=15\"\n\t\t\t\t\ttitle=\"palacio da justi\u00e7a tribunal de sintra\"\n\t\t\t\t\taria-label=\"palacio da justi\u00e7a tribunal de sintra\"\n\t\t\t><\/iframe>\n\t\t<\/div>\n\t\t\t\t\t\t<\/div>\n\t\t\t\t<\/div>\n\t\t\t\t<\/div>\n\t\t\t\t\t<\/div>\n\t\t\t\t<\/div>\n\t\t<div class=\"elementor-element elementor-element-129ca60 e-flex e-con-boxed e-con e-parent\" data-id=\"129ca60\" data-element_type=\"container\">\n\t\t\t\t\t<div class=\"e-con-inner\">\n\t\t<div class=\"elementor-element elementor-element-da70d44 e-con-full e-flex e-con e-child\" data-id=\"da70d44\" data-element_type=\"container\">\n\t\t\t\t<div class=\"elementor-element elementor-element-9a4ffca elementor-widget elementor-widget-heading\" data-id=\"9a4ffca\" data-element_type=\"widget\" data-widget_type=\"heading.default\">\n\t\t\t\t<div class=\"elementor-widget-container\">\n\t\t\t\t\t<h4 class=\"elementor-heading-title elementor-size-default\">Ju\u00edzo Local C\u00edvel<\/h4>\t\t\t\t<\/div>\n\t\t\t\t<\/div>\n\t\t\t\t<\/div>\n\t\t<div class=\"elementor-element elementor-element-4250200 e-con-full e-flex e-con e-child\" data-id=\"4250200\" data-element_type=\"container\">\n\t\t\t\t<div class=\"elementor-element elementor-element-60bd597 elementor-widget elementor-widget-icon-box\" data-id=\"60bd597\" data-element_type=\"widget\" data-widget_type=\"icon-box.default\">\n\t\t\t\t<div class=\"elementor-widget-container\">\n\t\t\t\t\t\t\t<div class=\"elementor-icon-box-wrapper\">\n\n\t\t\t\n\t\t\t\t\t\t<div class=\"elementor-icon-box-content\">\n\n\t\t\t\t\t\t\t\t\t<h6 class=\"elementor-icon-box-title\">\n\t\t\t\t\t\t<span  >\n\t\t\t\t\t\t\tCompet\u00eancia Territorial:\t\t\t\t\t\t<\/span>\n\t\t\t\t\t<\/h6>\n\t\t\t\t\n\t\t\t\t\t\t\t\t\t<p class=\"elementor-icon-box-description\">\n\t\t\t\t\t\tMunic\u00edpio de Sintra\t\t\t\t\t<\/p>\n\t\t\t\t\n\t\t\t<\/div>\n\t\t\t\n\t\t<\/div>\n\t\t\t\t\t\t<\/div>\n\t\t\t\t<\/div>\n\t\t\t\t<div class=\"elementor-element elementor-element-554d04e elementor-widget elementor-widget-icon-box\" data-id=\"554d04e\" data-element_type=\"widget\" data-widget_type=\"icon-box.default\">\n\t\t\t\t<div class=\"elementor-widget-container\">\n\t\t\t\t\t\t\t<div class=\"elementor-icon-box-wrapper\">\n\n\t\t\t\n\t\t\t\t\t\t<div class=\"elementor-icon-box-content\">\n\n\t\t\t\t\t\t\t\t\t<h6 class=\"elementor-icon-box-title\">\n\t\t\t\t\t\t<span  >\n\t\t\t\t\t\t\tMorada: Tribunal Judicial da Comarca de Lisboa Oeste N\u00facleo de Sintra\t\t\t\t\t\t<\/span>\n\t\t\t\t\t<\/h6>\n\t\t\t\t\n\t\t\t\t\t\t\t\t\t<p class=\"elementor-icon-box-description\">\n\t\t\t\t\t\t\nAv. M\u00e1rio Firmino Miguel n\u00b0 2, 2714-556 Sintra <br>Sintra\t\t\t\t\t<\/p>\n\t\t\t\t\n\t\t\t<\/div>\n\t\t\t\n\t\t<\/div>\n\t\t\t\t\t\t<\/div>\n\t\t\t\t<\/div>\n\t\t\t\t<div class=\"elementor-element elementor-element-31e8fe0 elementor-widget elementor-widget-icon-box\" data-id=\"31e8fe0\" data-element_type=\"widget\" data-widget_type=\"icon-box.default\">\n\t\t\t\t<div class=\"elementor-widget-container\">\n\t\t\t\t\t\t\t<div class=\"elementor-icon-box-wrapper\">\n\n\t\t\t\n\t\t\t\t\t\t<div class=\"elementor-icon-box-content\">\n\n\t\t\t\t\t\t\t\t\t<h6 class=\"elementor-icon-box-title\">\n\t\t\t\t\t\t<span  >\n\t\t\t\t\t\t\tContactos:\t\t\t\t\t\t<\/span>\n\t\t\t\t\t<\/h6>\n\t\t\t\t\n\t\t\t\t\t\t\t\t\t<p class=\"elementor-icon-box-description\">\n\t\t\t\t\t\t<b>Telefone:<\/b> 219100500\n<br>\n<b>Fax:<\/b> 211545155\/6\/7\n<br>\n<b>Email:<\/b> sintra.judicial@tribunais.org.pt<br>         sintra.ministeriopublico@tribunais.org.pt\t\t\t\t\t<\/p>\n\t\t\t\t\n\t\t\t<\/div>\n\t\t\t\n\t\t<\/div>\n\t\t\t\t\t\t<\/div>\n\t\t\t\t<\/div>\n\t\t\t\t<\/div>\n\t\t<div class=\"elementor-element elementor-element-22aa6c8 e-con-full e-flex e-con e-child\" data-id=\"22aa6c8\" data-element_type=\"container\">\n\t\t\t\t<div class=\"elementor-element elementor-element-531b008 elementor-widget elementor-widget-google_maps\" data-id=\"531b008\" data-element_type=\"widget\" data-widget_type=\"google_maps.default\">\n\t\t\t\t<div class=\"elementor-widget-container\">\n\t\t\t\t\t\t\t<div class=\"elementor-custom-embed\">\n\t\t\t<iframe loading=\"lazy\"\n\t\t\t\t\tsrc=\"https:\/\/www.google.com\/maps\/embed\/v1\/place?key=AIzaSyDhSoLeftGxfg7Tvco7SEUCY-Cc_XLDY3c&#038;q=palacio%20da%20justi%C3%A7a%20tribunal%20de%20sintra&#038;zoom=15\"\n\t\t\t\t\ttitle=\"palacio da justi\u00e7a tribunal de sintra\"\n\t\t\t\t\taria-label=\"palacio da justi\u00e7a tribunal de sintra\"\n\t\t\t><\/iframe>\n\t\t<\/div>\n\t\t\t\t\t\t<\/div>\n\t\t\t\t<\/div>\n\t\t\t\t<\/div>\n\t\t\t\t\t<\/div>\n\t\t\t\t<\/div>\n\t\t<div class=\"elementor-element elementor-element-e9a0b6e e-flex e-con-boxed e-con e-parent\" data-id=\"e9a0b6e\" data-element_type=\"container\">\n\t\t\t\t\t<div class=\"e-con-inner\">\n\t\t<div class=\"elementor-element elementor-element-b2e48b2 e-con-full e-flex e-con e-child\" data-id=\"b2e48b2\" data-element_type=\"container\">\n\t\t\t\t<div class=\"elementor-element elementor-element-1a09048 elementor-widget elementor-widget-heading\" data-id=\"1a09048\" data-element_type=\"widget\" data-widget_type=\"heading.default\">\n\t\t\t\t<div class=\"elementor-widget-container\">\n\t\t\t\t\t<h4 class=\"elementor-heading-title elementor-size-default\">Ju\u00edzo Local Criminal<\/h4>\t\t\t\t<\/div>\n\t\t\t\t<\/div>\n\t\t\t\t<\/div>\n\t\t<div class=\"elementor-element elementor-element-cff84cc e-con-full e-flex e-con e-child\" data-id=\"cff84cc\" data-element_type=\"container\">\n\t\t\t\t<div class=\"elementor-element elementor-element-4e73c93 elementor-widget elementor-widget-icon-box\" data-id=\"4e73c93\" data-element_type=\"widget\" data-widget_type=\"icon-box.default\">\n\t\t\t\t<div class=\"elementor-widget-container\">\n\t\t\t\t\t\t\t<div class=\"elementor-icon-box-wrapper\">\n\n\t\t\t\n\t\t\t\t\t\t<div class=\"elementor-icon-box-content\">\n\n\t\t\t\t\t\t\t\t\t<h6 class=\"elementor-icon-box-title\">\n\t\t\t\t\t\t<span  >\n\t\t\t\t\t\t\tCompet\u00eancia Territorial:\t\t\t\t\t\t<\/span>\n\t\t\t\t\t<\/h6>\n\t\t\t\t\n\t\t\t\t\t\t\t\t\t<p class=\"elementor-icon-box-description\">\n\t\t\t\t\t\tMunic\u00edpio de Sintra\t\t\t\t\t<\/p>\n\t\t\t\t\n\t\t\t<\/div>\n\t\t\t\n\t\t<\/div>\n\t\t\t\t\t\t<\/div>\n\t\t\t\t<\/div>\n\t\t\t\t<div class=\"elementor-element elementor-element-3f824b7 elementor-widget elementor-widget-icon-box\" data-id=\"3f824b7\" data-element_type=\"widget\" data-widget_type=\"icon-box.default\">\n\t\t\t\t<div class=\"elementor-widget-container\">\n\t\t\t\t\t\t\t<div class=\"elementor-icon-box-wrapper\">\n\n\t\t\t\n\t\t\t\t\t\t<div class=\"elementor-icon-box-content\">\n\n\t\t\t\t\t\t\t\t\t<h6 class=\"elementor-icon-box-title\">\n\t\t\t\t\t\t<span  >\n\t\t\t\t\t\t\tMorada: Tribunal Judicial da Comarca de Lisboa Oeste N\u00facleo de Sintra\t\t\t\t\t\t<\/span>\n\t\t\t\t\t<\/h6>\n\t\t\t\t\n\t\t\t\t\t\t\t\t\t<p class=\"elementor-icon-box-description\">\n\t\t\t\t\t\t\nAv. M\u00e1rio Firmino Miguel n\u00b0 2, 2714-556 Sintra <br>Sintra\t\t\t\t\t<\/p>\n\t\t\t\t\n\t\t\t<\/div>\n\t\t\t\n\t\t<\/div>\n\t\t\t\t\t\t<\/div>\n\t\t\t\t<\/div>\n\t\t\t\t<div class=\"elementor-element elementor-element-ec89f93 elementor-widget elementor-widget-icon-box\" data-id=\"ec89f93\" data-element_type=\"widget\" data-widget_type=\"icon-box.default\">\n\t\t\t\t<div class=\"elementor-widget-container\">\n\t\t\t\t\t\t\t<div class=\"elementor-icon-box-wrapper\">\n\n\t\t\t\n\t\t\t\t\t\t<div class=\"elementor-icon-box-content\">\n\n\t\t\t\t\t\t\t\t\t<h6 class=\"elementor-icon-box-title\">\n\t\t\t\t\t\t<span  >\n\t\t\t\t\t\t\tContactos:\t\t\t\t\t\t<\/span>\n\t\t\t\t\t<\/h6>\n\t\t\t\t\n\t\t\t\t\t\t\t\t\t<p class=\"elementor-icon-box-description\">\n\t\t\t\t\t\t<b>Telefone:<\/b> 219100500\n<br>\n<b>Fax:<\/b> 211545155\/6\/7\n<br>\n<b>Email:<\/b> sintra.judicial@tribunais.org.pt<br>         sintra.ministeriopublico@tribunais.org.pt\t\t\t\t\t<\/p>\n\t\t\t\t\n\t\t\t<\/div>\n\t\t\t\n\t\t<\/div>\n\t\t\t\t\t\t<\/div>\n\t\t\t\t<\/div>\n\t\t\t\t<\/div>\n\t\t<div class=\"elementor-element elementor-element-53fdd70 e-con-full e-flex e-con e-child\" data-id=\"53fdd70\" data-element_type=\"container\">\n\t\t\t\t<div class=\"elementor-element elementor-element-016ee17 elementor-widget elementor-widget-google_maps\" data-id=\"016ee17\" data-element_type=\"widget\" data-widget_type=\"google_maps.default\">\n\t\t\t\t<div class=\"elementor-widget-container\">\n\t\t\t\t\t\t\t<div class=\"elementor-custom-embed\">\n\t\t\t<iframe loading=\"lazy\"\n\t\t\t\t\tsrc=\"https:\/\/www.google.com\/maps\/embed\/v1\/place?key=AIzaSyDhSoLeftGxfg7Tvco7SEUCY-Cc_XLDY3c&#038;q=palacio%20da%20justi%C3%A7a%20tribunal%20de%20sintra&#038;zoom=15\"\n\t\t\t\t\ttitle=\"palacio da justi\u00e7a tribunal de sintra\"\n\t\t\t\t\taria-label=\"palacio da justi\u00e7a tribunal de sintra\"\n\t\t\t><\/iframe>\n\t\t<\/div>\n\t\t\t\t\t\t<\/div>\n\t\t\t\t<\/div>\n\t\t\t\t<\/div>\n\t\t\t\t\t<\/div>\n\t\t\t\t<\/div>\n\t\t<div class=\"elementor-element elementor-element-267abee e-flex e-con-boxed e-con e-parent\" data-id=\"267abee\" data-element_type=\"container\">\n\t\t\t\t\t<div class=\"e-con-inner\">\n\t\t<div class=\"elementor-element elementor-element-a68e83a e-con-full e-flex e-con e-child\" data-id=\"a68e83a\" data-element_type=\"container\">\n\t\t\t\t<div class=\"elementor-element elementor-element-1caddb3 elementor-widget elementor-widget-heading\" data-id=\"1caddb3\" data-element_type=\"widget\" data-widget_type=\"heading.default\">\n\t\t\t\t<div class=\"elementor-widget-container\">\n\t\t\t\t\t<h4 class=\"elementor-heading-title elementor-size-default\">Ju\u00edzo Local de Pequena Criminalidade<\/h4>\t\t\t\t<\/div>\n\t\t\t\t<\/div>\n\t\t\t\t<\/div>\n\t\t<div class=\"elementor-element elementor-element-1d65af4 e-con-full e-flex e-con e-child\" data-id=\"1d65af4\" data-element_type=\"container\">\n\t\t\t\t<div class=\"elementor-element elementor-element-600328c elementor-widget elementor-widget-icon-box\" data-id=\"600328c\" data-element_type=\"widget\" data-widget_type=\"icon-box.default\">\n\t\t\t\t<div class=\"elementor-widget-container\">\n\t\t\t\t\t\t\t<div class=\"elementor-icon-box-wrapper\">\n\n\t\t\t\n\t\t\t\t\t\t<div class=\"elementor-icon-box-content\">\n\n\t\t\t\t\t\t\t\t\t<h6 class=\"elementor-icon-box-title\">\n\t\t\t\t\t\t<span  >\n\t\t\t\t\t\t\tCompet\u00eancia Territorial:\t\t\t\t\t\t<\/span>\n\t\t\t\t\t<\/h6>\n\t\t\t\t\n\t\t\t\t\t\t\t\t\t<p class=\"elementor-icon-box-description\">\n\t\t\t\t\t\tMunic\u00edpio da Amadora, Mafra e Sintra\t\t\t\t\t<\/p>\n\t\t\t\t\n\t\t\t<\/div>\n\t\t\t\n\t\t<\/div>\n\t\t\t\t\t\t<\/div>\n\t\t\t\t<\/div>\n\t\t\t\t<div class=\"elementor-element elementor-element-e7b2233 elementor-widget elementor-widget-icon-box\" data-id=\"e7b2233\" data-element_type=\"widget\" data-widget_type=\"icon-box.default\">\n\t\t\t\t<div class=\"elementor-widget-container\">\n\t\t\t\t\t\t\t<div class=\"elementor-icon-box-wrapper\">\n\n\t\t\t\n\t\t\t\t\t\t<div class=\"elementor-icon-box-content\">\n\n\t\t\t\t\t\t\t\t\t<h6 class=\"elementor-icon-box-title\">\n\t\t\t\t\t\t<span  >\n\t\t\t\t\t\t\tMorada: Tribunal Judicial da Comarca de Lisboa Oeste N\u00facleo de Sintra\t\t\t\t\t\t<\/span>\n\t\t\t\t\t<\/h6>\n\t\t\t\t\n\t\t\t\t\t\t\t\t\t<p class=\"elementor-icon-box-description\">\n\t\t\t\t\t\t\nAv. M\u00e1rio Firmino Miguel n\u00b0 2, 2714-556 Sintra <br>Sintra\t\t\t\t\t<\/p>\n\t\t\t\t\n\t\t\t<\/div>\n\t\t\t\n\t\t<\/div>\n\t\t\t\t\t\t<\/div>\n\t\t\t\t<\/div>\n\t\t\t\t<div class=\"elementor-element elementor-element-73230fe elementor-widget elementor-widget-icon-box\" data-id=\"73230fe\" data-element_type=\"widget\" data-widget_type=\"icon-box.default\">\n\t\t\t\t<div class=\"elementor-widget-container\">\n\t\t\t\t\t\t\t<div class=\"elementor-icon-box-wrapper\">\n\n\t\t\t\n\t\t\t\t\t\t<div class=\"elementor-icon-box-content\">\n\n\t\t\t\t\t\t\t\t\t<h6 class=\"elementor-icon-box-title\">\n\t\t\t\t\t\t<span  >\n\t\t\t\t\t\t\tContactos:\t\t\t\t\t\t<\/span>\n\t\t\t\t\t<\/h6>\n\t\t\t\t\n\t\t\t\t\t\t\t\t\t<p class=\"elementor-icon-box-description\">\n\t\t\t\t\t\t<b>Telefone:<\/b> 219100500\n<br>\n<b>Fax:<\/b> 211545155\/6\/7\n<br>\n<b>Email:<\/b> sintra.judicial@tribunais.org.pt<br>         sintra.ministeriopublico@tribunais.org.pt\t\t\t\t\t<\/p>\n\t\t\t\t\n\t\t\t<\/div>\n\t\t\t\n\t\t<\/div>\n\t\t\t\t\t\t<\/div>\n\t\t\t\t<\/div>\n\t\t\t\t<\/div>\n\t\t<div class=\"elementor-element elementor-element-c66138a e-con-full e-flex e-con e-child\" data-id=\"c66138a\" data-element_type=\"container\">\n\t\t\t\t<div class=\"elementor-element elementor-element-b5d9e40 elementor-widget elementor-widget-google_maps\" data-id=\"b5d9e40\" data-element_type=\"widget\" data-widget_type=\"google_maps.default\">\n\t\t\t\t<div class=\"elementor-widget-container\">\n\t\t\t\t\t\t\t<div class=\"elementor-custom-embed\">\n\t\t\t<iframe loading=\"lazy\"\n\t\t\t\t\tsrc=\"https:\/\/www.google.com\/maps\/embed\/v1\/place?key=AIzaSyDhSoLeftGxfg7Tvco7SEUCY-Cc_XLDY3c&#038;q=palacio%20da%20justi%C3%A7a%20tribunal%20de%20sintra&#038;zoom=15\"\n\t\t\t\t\ttitle=\"palacio da justi\u00e7a tribunal de sintra\"\n\t\t\t\t\taria-label=\"palacio da justi\u00e7a tribunal de sintra\"\n\t\t\t><\/iframe>\n\t\t<\/div>\n\t\t\t\t\t\t<\/div>\n\t\t\t\t<\/div>\n\t\t\t\t<\/div>\n\t\t\t\t\t<\/div>\n\t\t\t\t<\/div>\n\t\t<div class=\"elementor-element elementor-element-f35c05e e-flex e-con-boxed e-con e-parent\" data-id=\"f35c05e\" data-element_type=\"container\">\n\t\t\t\t\t<div class=\"e-con-inner\">\n\t\t\t\t<div class=\"elementor-element elementor-element-98915b8 elementor-widget elementor-widget-image\" data-id=\"98915b8\" data-element_type=\"widget\" data-widget_type=\"image.default\">\n\t\t\t\t<div class=\"elementor-widget-container\">\n\t\t\t\t\t\t\t\t\t\t\t\t\t\t\t<img fetchpriority=\"high\" decoding=\"async\" width=\"617\" height=\"296\" src=\"https:\/\/comarcas.csm.org.pt\/lisboa-oeste\/wp-content\/uploads\/sites\/19\/2025\/07\/sintra.jpg\" class=\"attachment-large size-large wp-image-12230\" alt=\"\" srcset=\"https:\/\/comarcas.csm.org.pt\/lisboa-oeste\/wp-content\/uploads\/sites\/19\/2025\/07\/sintra.jpg 617w, https:\/\/comarcas.csm.org.pt\/lisboa-oeste\/wp-content\/uploads\/sites\/19\/2025\/07\/sintra-300x144.jpg 300w\" sizes=\"(max-width: 617px) 100vw, 617px\" \/>\t\t\t\t\t\t\t\t\t\t\t\t\t\t\t<\/div>\n\t\t\t\t<\/div>\n\t\t\t\t\t<\/div>\n\t\t\t\t<\/div>\n\t\t\t\t<\/div>\n\t\t","protected":false},"excerpt":{"rendered":"<p>Ju\u00edzo Central C\u00edvel Compet\u00eancia Territorial: Munic\u00edpio de Amadora, Mafra e Sintra Morada: Tribunal Judicial da Comarca de Lisboa Oeste N\u00facleo de Sintra Av. M\u00e1rio Firmino Miguel n\u00b0 2, 2714-556 Sintra Sintra Contactos: Telefone: 219100500 Fax: 211545155\/6\/7 Email: sintra.judicial@tribunais.org.pt sintra.ministeriopublico@tribunais.org.pt Ju\u00edzo Central Criminal Compet\u00eancia Territorial: Munic\u00edpio de Amadora, Mafra e Sintra Morada: Tribunal Judicial da Comarca&#8230;<\/p>\n","protected":false},"author":1,"featured_media":0,"parent":11069,"menu_order":0,"comment_status":"closed","ping_status":"closed","template":"","meta":{"_tbt_post_transparent":"","_tbt_post_title":"","_tbt_post_layout":"default","_tbt_post_sidebar_id":"","_tbt_post_content_style":"","_tbt_post_vertical_padding":"","_tbt_post_feature":"","_tbt_post_feature_position":"","_tbt_post_header":false,"_tbt_post_footer":false},"class_list":["post-11999","page","type-page","status-publish","hentry"],"yoast_head":"<!-- This site is optimized with the Yoast SEO plugin v25.6 - https:\/\/yoast.com\/wordpress\/plugins\/seo\/ -->\n<title>N\u00facleo Sintra - Tribunal Judicial da Comarca de Lisboa Oeste<\/title>\n<meta name=\"robots\" content=\"index, follow, max-snippet:-1, max-image-preview:large, max-video-preview:-1\" \/>\n<link rel=\"canonical\" href=\"https:\/\/comarcas.csm.org.pt\/lisboa-oeste\/acomarca\/juizos\/sintra\/\" \/>\n<meta property=\"og:locale\" content=\"pt_PT\" \/>\n<meta property=\"og:type\" content=\"article\" \/>\n<meta property=\"og:title\" content=\"N\u00facleo Sintra - Tribunal Judicial da Comarca de Lisboa Oeste\" \/>\n<meta property=\"og:description\" content=\"Ju\u00edzo Central C\u00edvel Compet\u00eancia Territorial: Munic\u00edpio de Amadora, Mafra e Sintra Morada: Tribunal Judicial da Comarca de Lisboa Oeste N\u00facleo de Sintra Av. M\u00e1rio Firmino Miguel n\u00b0 2, 2714-556 Sintra Sintra Contactos: Telefone: 219100500 Fax: 211545155\/6\/7 Email: sintra.judicial@tribunais.org.pt sintra.ministeriopublico@tribunais.org.pt Ju\u00edzo Central Criminal Compet\u00eancia Territorial: Munic\u00edpio de Amadora, Mafra e Sintra Morada: Tribunal Judicial da Comarca...\" \/>\n<meta property=\"og:url\" content=\"https:\/\/comarcas.csm.org.pt\/lisboa-oeste\/acomarca\/juizos\/sintra\/\" \/>\n<meta property=\"og:site_name\" content=\"Tribunal Judicial da Comarca de Lisboa Oeste\" \/>\n<meta property=\"article:modified_time\" content=\"2025-07-10T13:24:25+00:00\" \/>\n<meta property=\"og:image\" content=\"https:\/\/comarcas.csm.org.pt\/lisboa-oeste\/wp-content\/uploads\/sites\/19\/2025\/07\/sintra.jpg\" \/>\n\t<meta property=\"og:image:width\" content=\"617\" \/>\n\t<meta property=\"og:image:height\" content=\"296\" \/>\n\t<meta property=\"og:image:type\" content=\"image\/jpeg\" \/>\n<meta name=\"twitter:card\" content=\"summary_large_image\" \/>\n<meta name=\"twitter:label1\" content=\"Tempo estimado de leitura\" \/>\n\t<meta name=\"twitter:data1\" content=\"1 minuto\" \/>\n<script type=\"application\/ld+json\" class=\"yoast-schema-graph\">{\"@context\":\"https:\/\/schema.org\",\"@graph\":[{\"@type\":\"WebPage\",\"@id\":\"https:\/\/comarcas.csm.org.pt\/lisboa-oeste\/acomarca\/juizos\/sintra\/\",\"url\":\"https:\/\/comarcas.csm.org.pt\/lisboa-oeste\/acomarca\/juizos\/sintra\/\",\"name\":\"N\u00facleo Sintra - Tribunal Judicial da Comarca de Lisboa Oeste\",\"isPartOf\":{\"@id\":\"https:\/\/comarcas.csm.org.pt\/lisboa-oeste\/#website\"},\"primaryImageOfPage\":{\"@id\":\"https:\/\/comarcas.csm.org.pt\/lisboa-oeste\/acomarca\/juizos\/sintra\/#primaryimage\"},\"image\":{\"@id\":\"https:\/\/comarcas.csm.org.pt\/lisboa-oeste\/acomarca\/juizos\/sintra\/#primaryimage\"},\"thumbnailUrl\":\"https:\/\/comarcas.csm.org.pt\/lisboa-oeste\/wp-content\/uploads\/sites\/19\/2025\/07\/sintra.jpg\",\"datePublished\":\"2024-09-26T14:26:20+00:00\",\"dateModified\":\"2025-07-10T13:24:25+00:00\",\"breadcrumb\":{\"@id\":\"https:\/\/comarcas.csm.org.pt\/lisboa-oeste\/acomarca\/juizos\/sintra\/#breadcrumb\"},\"inLanguage\":\"pt-PT\",\"potentialAction\":[{\"@type\":\"ReadAction\",\"target\":[\"https:\/\/comarcas.csm.org.pt\/lisboa-oeste\/acomarca\/juizos\/sintra\/\"]}]},{\"@type\":\"ImageObject\",\"inLanguage\":\"pt-PT\",\"@id\":\"https:\/\/comarcas.csm.org.pt\/lisboa-oeste\/acomarca\/juizos\/sintra\/#primaryimage\",\"url\":\"https:\/\/comarcas.csm.org.pt\/lisboa-oeste\/wp-content\/uploads\/sites\/19\/2025\/07\/sintra.jpg\",\"contentUrl\":\"https:\/\/comarcas.csm.org.pt\/lisboa-oeste\/wp-content\/uploads\/sites\/19\/2025\/07\/sintra.jpg\",\"width\":617,\"height\":296},{\"@type\":\"BreadcrumbList\",\"@id\":\"https:\/\/comarcas.csm.org.pt\/lisboa-oeste\/acomarca\/juizos\/sintra\/#breadcrumb\",\"itemListElement\":[{\"@type\":\"ListItem\",\"position\":1,\"name\":\"In\u00edcio\",\"item\":\"https:\/\/comarcas.csm.org.pt\/lisboa-oeste\/\"},{\"@type\":\"ListItem\",\"position\":2,\"name\":\"A Comarca\",\"item\":\"https:\/\/comarcas.csm.org.pt\/lisboa-oeste\/acomarca\/\"},{\"@type\":\"ListItem\",\"position\":3,\"name\":\"N\u00facleos \/ Ju\u00edzos\",\"item\":\"https:\/\/comarcas.csm.org.pt\/lisboa-oeste\/acomarca\/juizos\/\"},{\"@type\":\"ListItem\",\"position\":4,\"name\":\"N\u00facleo Sintra\"}]},{\"@type\":\"WebSite\",\"@id\":\"https:\/\/comarcas.csm.org.pt\/lisboa-oeste\/#website\",\"url\":\"https:\/\/comarcas.csm.org.pt\/lisboa-oeste\/\",\"name\":\"Tribunal Judicial da Comarca de Lisboa Oeste\",\"description\":\"Tribunal Judicial da Comarca de Lisboa Oeste\",\"publisher\":{\"@id\":\"https:\/\/comarcas.csm.org.pt\/lisboa-oeste\/#organization\"},\"potentialAction\":[{\"@type\":\"SearchAction\",\"target\":{\"@type\":\"EntryPoint\",\"urlTemplate\":\"https:\/\/comarcas.csm.org.pt\/lisboa-oeste\/?s={search_term_string}\"},\"query-input\":{\"@type\":\"PropertyValueSpecification\",\"valueRequired\":true,\"valueName\":\"search_term_string\"}}],\"inLanguage\":\"pt-PT\"},{\"@type\":\"Organization\",\"@id\":\"https:\/\/comarcas.csm.org.pt\/lisboa-oeste\/#organization\",\"name\":\"Tribunal Judicial da Comarca de Lisboa Oeste\",\"url\":\"https:\/\/comarcas.csm.org.pt\/lisboa-oeste\/\",\"logo\":{\"@type\":\"ImageObject\",\"inLanguage\":\"pt-PT\",\"@id\":\"https:\/\/comarcas.csm.org.pt\/lisboa-oeste\/#\/schema\/logo\/image\/\",\"url\":\"https:\/\/comarcas.csm.org.pt\/lisboa-oeste\/wp-content\/uploads\/sites\/19\/2024\/11\/Lisboa-O_positivo-horizontal.png\",\"contentUrl\":\"https:\/\/comarcas.csm.org.pt\/lisboa-oeste\/wp-content\/uploads\/sites\/19\/2024\/11\/Lisboa-O_positivo-horizontal.png\",\"width\":5368,\"height\":890,\"caption\":\"Tribunal Judicial da Comarca de Lisboa Oeste\"},\"image\":{\"@id\":\"https:\/\/comarcas.csm.org.pt\/lisboa-oeste\/#\/schema\/logo\/image\/\"}}]}<\/script>\n<!-- \/ Yoast SEO plugin. -->","yoast_head_json":{"title":"N\u00facleo Sintra - Tribunal Judicial da Comarca de Lisboa Oeste","robots":{"index":"index","follow":"follow","max-snippet":"max-snippet:-1","max-image-preview":"max-image-preview:large","max-video-preview":"max-video-preview:-1"},"canonical":"https:\/\/comarcas.csm.org.pt\/lisboa-oeste\/acomarca\/juizos\/sintra\/","og_locale":"pt_PT","og_type":"article","og_title":"N\u00facleo Sintra - Tribunal Judicial da Comarca de Lisboa Oeste","og_description":"Ju\u00edzo Central C\u00edvel Compet\u00eancia Territorial: Munic\u00edpio de Amadora, Mafra e Sintra Morada: Tribunal Judicial da Comarca de Lisboa Oeste N\u00facleo de Sintra Av. M\u00e1rio Firmino Miguel n\u00b0 2, 2714-556 Sintra Sintra Contactos: Telefone: 219100500 Fax: 211545155\/6\/7 Email: sintra.judicial@tribunais.org.pt sintra.ministeriopublico@tribunais.org.pt Ju\u00edzo Central Criminal Compet\u00eancia Territorial: Munic\u00edpio de Amadora, Mafra e Sintra Morada: Tribunal Judicial da Comarca...","og_url":"https:\/\/comarcas.csm.org.pt\/lisboa-oeste\/acomarca\/juizos\/sintra\/","og_site_name":"Tribunal Judicial da Comarca de Lisboa Oeste","article_modified_time":"2025-07-10T13:24:25+00:00","og_image":[{"width":617,"height":296,"url":"https:\/\/comarcas.csm.org.pt\/lisboa-oeste\/wp-content\/uploads\/sites\/19\/2025\/07\/sintra.jpg","type":"image\/jpeg"}],"twitter_card":"summary_large_image","twitter_misc":{"Tempo estimado de leitura":"1 minuto"},"schema":{"@context":"https:\/\/schema.org","@graph":[{"@type":"WebPage","@id":"https:\/\/comarcas.csm.org.pt\/lisboa-oeste\/acomarca\/juizos\/sintra\/","url":"https:\/\/comarcas.csm.org.pt\/lisboa-oeste\/acomarca\/juizos\/sintra\/","name":"N\u00facleo Sintra - Tribunal Judicial da Comarca de Lisboa Oeste","isPartOf":{"@id":"https:\/\/comarcas.csm.org.pt\/lisboa-oeste\/#website"},"primaryImageOfPage":{"@id":"https:\/\/comarcas.csm.org.pt\/lisboa-oeste\/acomarca\/juizos\/sintra\/#primaryimage"},"image":{"@id":"https:\/\/comarcas.csm.org.pt\/lisboa-oeste\/acomarca\/juizos\/sintra\/#primaryimage"},"thumbnailUrl":"https:\/\/comarcas.csm.org.pt\/lisboa-oeste\/wp-content\/uploads\/sites\/19\/2025\/07\/sintra.jpg","datePublished":"2024-09-26T14:26:20+00:00","dateModified":"2025-07-10T13:24:25+00:00","breadcrumb":{"@id":"https:\/\/comarcas.csm.org.pt\/lisboa-oeste\/acomarca\/juizos\/sintra\/#breadcrumb"},"inLanguage":"pt-PT","potentialAction":[{"@type":"ReadAction","target":["https:\/\/comarcas.csm.org.pt\/lisboa-oeste\/acomarca\/juizos\/sintra\/"]}]},{"@type":"ImageObject","inLanguage":"pt-PT","@id":"https:\/\/comarcas.csm.org.pt\/lisboa-oeste\/acomarca\/juizos\/sintra\/#primaryimage","url":"https:\/\/comarcas.csm.org.pt\/lisboa-oeste\/wp-content\/uploads\/sites\/19\/2025\/07\/sintra.jpg","contentUrl":"https:\/\/comarcas.csm.org.pt\/lisboa-oeste\/wp-content\/uploads\/sites\/19\/2025\/07\/sintra.jpg","width":617,"height":296},{"@type":"BreadcrumbList","@id":"https:\/\/comarcas.csm.org.pt\/lisboa-oeste\/acomarca\/juizos\/sintra\/#breadcrumb","itemListElement":[{"@type":"ListItem","position":1,"name":"In\u00edcio","item":"https:\/\/comarcas.csm.org.pt\/lisboa-oeste\/"},{"@type":"ListItem","position":2,"name":"A Comarca","item":"https:\/\/comarcas.csm.org.pt\/lisboa-oeste\/acomarca\/"},{"@type":"ListItem","position":3,"name":"N\u00facleos \/ Ju\u00edzos","item":"https:\/\/comarcas.csm.org.pt\/lisboa-oeste\/acomarca\/juizos\/"},{"@type":"ListItem","position":4,"name":"N\u00facleo Sintra"}]},{"@type":"WebSite","@id":"https:\/\/comarcas.csm.org.pt\/lisboa-oeste\/#website","url":"https:\/\/comarcas.csm.org.pt\/lisboa-oeste\/","name":"Tribunal Judicial da Comarca de Lisboa Oeste","description":"Tribunal Judicial da Comarca de Lisboa Oeste","publisher":{"@id":"https:\/\/comarcas.csm.org.pt\/lisboa-oeste\/#organization"},"potentialAction":[{"@type":"SearchAction","target":{"@type":"EntryPoint","urlTemplate":"https:\/\/comarcas.csm.org.pt\/lisboa-oeste\/?s={search_term_string}"},"query-input":{"@type":"PropertyValueSpecification","valueRequired":true,"valueName":"search_term_string"}}],"inLanguage":"pt-PT"},{"@type":"Organization","@id":"https:\/\/comarcas.csm.org.pt\/lisboa-oeste\/#organization","name":"Tribunal Judicial da Comarca de Lisboa Oeste","url":"https:\/\/comarcas.csm.org.pt\/lisboa-oeste\/","logo":{"@type":"ImageObject","inLanguage":"pt-PT","@id":"https:\/\/comarcas.csm.org.pt\/lisboa-oeste\/#\/schema\/logo\/image\/","url":"https:\/\/comarcas.csm.org.pt\/lisboa-oeste\/wp-content\/uploads\/sites\/19\/2024\/11\/Lisboa-O_positivo-horizontal.png","contentUrl":"https:\/\/comarcas.csm.org.pt\/lisboa-oeste\/wp-content\/uploads\/sites\/19\/2024\/11\/Lisboa-O_positivo-horizontal.png","width":5368,"height":890,"caption":"Tribunal Judicial da Comarca de Lisboa Oeste"},"image":{"@id":"https:\/\/comarcas.csm.org.pt\/lisboa-oeste\/#\/schema\/logo\/image\/"}}]}},"_links":{"self":[{"href":"https:\/\/comarcas.csm.org.pt\/lisboa-oeste\/wp-json\/wp\/v2\/pages\/11999","targetHints":{"allow":["GET"]}}],"collection":[{"href":"https:\/\/comarcas.csm.org.pt\/lisboa-oeste\/wp-json\/wp\/v2\/pages"}],"about":[{"href":"https:\/\/comarcas.csm.org.pt\/lisboa-oeste\/wp-json\/wp\/v2\/types\/page"}],"author":[{"embeddable":true,"href":"https:\/\/comarcas.csm.org.pt\/lisboa-oeste\/wp-json\/wp\/v2\/users\/1"}],"replies":[{"embeddable":true,"href":"https:\/\/comarcas.csm.org.pt\/lisboa-oeste\/wp-json\/wp\/v2\/comments?post=11999"}],"version-history":[{"count":20,"href":"https:\/\/comarcas.csm.org.pt\/lisboa-oeste\/wp-json\/wp\/v2\/pages\/11999\/revisions"}],"predecessor-version":[{"id":12269,"href":"https:\/\/comarcas.csm.org.pt\/lisboa-oeste\/wp-json\/wp\/v2\/pages\/11999\/revisions\/12269"}],"up":[{"embeddable":true,"href":"https:\/\/comarcas.csm.org.pt\/lisboa-oeste\/wp-json\/wp\/v2\/pages\/11069"}],"wp:attachment":[{"href":"https:\/\/comarcas.csm.org.pt\/lisboa-oeste\/wp-json\/wp\/v2\/media?parent=11999"}],"curies":[{"name":"wp","href":"https:\/\/api.w.org\/{rel}","templated":true}]}}