{"id":12147,"date":"2025-06-25T10:56:54","date_gmt":"2025-06-25T10:56:54","guid":{"rendered":"https:\/\/comarcas.csm.org.pt\/lisboa-oeste\/?page_id=12147"},"modified":"2026-04-21T09:31:35","modified_gmt":"2026-04-21T09:31:35","slug":"noticias-2","status":"publish","type":"page","link":"https:\/\/comarcas.csm.org.pt\/lisboa-oeste\/noticias-2\/","title":{"rendered":"Not\u00edcias"},"content":{"rendered":"\t\t<div data-elementor-type=\"wp-page\" data-elementor-id=\"12147\" class=\"elementor elementor-12147\" data-elementor-post-type=\"page\">\n\t\t\t\t<div class=\"elementor-element elementor-element-838a333 e-flex e-con-boxed e-con e-parent\" data-id=\"838a333\" data-element_type=\"container\">\n\t\t\t\t\t<div class=\"e-con-inner\">\n\t\t<div class=\"elementor-element elementor-element-66c5de4 e-con-full e-flex e-con e-child\" data-id=\"66c5de4\" data-element_type=\"container\">\n\t\t\t\t<div class=\"elementor-element elementor-element-422f739 elementor-widget elementor-widget-heading\" data-id=\"422f739\" data-element_type=\"widget\" data-widget_type=\"heading.default\">\n\t\t\t\t<div class=\"elementor-widget-container\">\n\t\t\t\t\t<h2 class=\"elementor-heading-title elementor-size-default\">\"Visita da Delega\u00e7\u00e3o da Ordem dos Advogados de Sintra ao Pal\u00e1cio de Justi\u00e7a de Sintra.\"<\/h2>\t\t\t\t<\/div>\n\t\t\t\t<\/div>\n\t\t\t\t<\/div>\n\t\t\t\t\t<\/div>\n\t\t\t\t<\/div>\n\t\t<div class=\"elementor-element elementor-element-5cf6d68 e-con-full e-flex e-con e-parent\" data-id=\"5cf6d68\" data-element_type=\"container\">\n\t\t\t\t<div class=\"elementor-element elementor-element-f236732 elementor-widget elementor-widget-image\" data-id=\"f236732\" data-element_type=\"widget\" data-widget_type=\"image.default\">\n\t\t\t\t<div class=\"elementor-widget-container\">\n\t\t\t\t\t\t\t\t\t\t\t\t\t\t\t<img fetchpriority=\"high\" decoding=\"async\" width=\"1024\" height=\"994\" src=\"https:\/\/comarcas.csm.org.pt\/lisboa-oeste\/wp-content\/uploads\/sites\/19\/2025\/10\/foto-reuniao-1-1024x994.jpg\" class=\"attachment-large size-large wp-image-12382\" alt=\"\" srcset=\"https:\/\/comarcas.csm.org.pt\/lisboa-oeste\/wp-content\/uploads\/sites\/19\/2025\/10\/foto-reuniao-1-1024x994.jpg 1024w, https:\/\/comarcas.csm.org.pt\/lisboa-oeste\/wp-content\/uploads\/sites\/19\/2025\/10\/foto-reuniao-1-300x291.jpg 300w, https:\/\/comarcas.csm.org.pt\/lisboa-oeste\/wp-content\/uploads\/sites\/19\/2025\/10\/foto-reuniao-1-768x746.jpg 768w, https:\/\/comarcas.csm.org.pt\/lisboa-oeste\/wp-content\/uploads\/sites\/19\/2025\/10\/foto-reuniao-1.jpg 1444w\" sizes=\"(max-width: 1024px) 100vw, 1024px\" \/>\t\t\t\t\t\t\t\t\t\t\t\t\t\t\t<\/div>\n\t\t\t\t<\/div>\n\t\t\t\t<\/div>\n\t\t<div class=\"elementor-element elementor-element-8fc5b9a e-flex e-con-boxed e-con e-parent\" data-id=\"8fc5b9a\" data-element_type=\"container\">\n\t\t\t\t\t<div class=\"e-con-inner\">\n\t\t\t\t<div class=\"elementor-element elementor-element-0cbada9 elementor-widget elementor-widget-text-editor\" data-id=\"0cbada9\" data-element_type=\"widget\" data-widget_type=\"text-editor.default\">\n\t\t\t\t<div class=\"elementor-widget-container\">\n\t\t\t\t\t\t\t\t\t<p><strong>Visita de Delega\u00e7\u00e3o da Ordem dos Advogados de Sintra<\/strong><\/p><p>No passado dia 15 de Outubro a Delega\u00e7\u00e3o da Ordem dos Advogados de Sintra visitou o Pal\u00e1cio de Justi\u00e7a de Sintra, sede do Tribunal Judicial da Comarca de Lisboa Oeste.\u00a0<\/p><p><span style=\"background-color: transparent;letter-spacing: 0.3px\">Esta visita contou com a solene rece\u00e7\u00e3o da Senhora Juiz Presidente do Tribunal Judicial da Comarca de Lisboa Oeste e com a presen\u00e7a da Senhora Magistrada do Minist\u00e9rio P\u00fablico Coordenadora da Comarca de Lisboa Oeste e da Senhora Administradora do Judici\u00e1rio da Comarca de Lisboa Oeste.<\/span><\/p><p>A reuni\u00e3o de trabalho que se sucedeu foi pautada pela transpar\u00eancia e resultou na partilha e no debate aprofundado dos desafios inerentes ao funcionamento eficiente do sistema judici\u00e1rio. O esp\u00edrito de coopera\u00e7\u00e3o evidente nesta reuni\u00e3o sublinha um objetivo fundamental: a dignifica\u00e7\u00e3o da justi\u00e7a.<\/p>\t\t\t\t\t\t\t\t<\/div>\n\t\t\t\t<\/div>\n\t\t\t\t\t<\/div>\n\t\t\t\t<\/div>\n\t\t<div class=\"elementor-element elementor-element-e304dd9 e-con-full e-flex e-con e-parent\" data-id=\"e304dd9\" data-element_type=\"container\">\n\t\t\t\t<div class=\"elementor-element elementor-element-1bd6a9e elementor-widget elementor-widget-image\" data-id=\"1bd6a9e\" data-element_type=\"widget\" data-widget_type=\"image.default\">\n\t\t\t\t<div class=\"elementor-widget-container\">\n\t\t\t\t\t\t\t\t\t\t\t\t\t\t\t<img decoding=\"async\" width=\"768\" height=\"1024\" src=\"https:\/\/comarcas.csm.org.pt\/lisboa-oeste\/wp-content\/uploads\/sites\/19\/2025\/11\/IMG_3591-768x1024.jpg\" class=\"attachment-large size-large wp-image-12404\" alt=\"\" srcset=\"https:\/\/comarcas.csm.org.pt\/lisboa-oeste\/wp-content\/uploads\/sites\/19\/2025\/11\/IMG_3591-768x1024.jpg 768w, https:\/\/comarcas.csm.org.pt\/lisboa-oeste\/wp-content\/uploads\/sites\/19\/2025\/11\/IMG_3591-225x300.jpg 225w, https:\/\/comarcas.csm.org.pt\/lisboa-oeste\/wp-content\/uploads\/sites\/19\/2025\/11\/IMG_3591-1152x1536.jpg 1152w, https:\/\/comarcas.csm.org.pt\/lisboa-oeste\/wp-content\/uploads\/sites\/19\/2025\/11\/IMG_3591-1536x2048.jpg 1536w, https:\/\/comarcas.csm.org.pt\/lisboa-oeste\/wp-content\/uploads\/sites\/19\/2025\/11\/IMG_3591-scaled.jpg 1920w\" sizes=\"(max-width: 768px) 100vw, 768px\" \/>\t\t\t\t\t\t\t\t\t\t\t\t\t\t\t<\/div>\n\t\t\t\t<\/div>\n\t\t\t\t<\/div>\n\t\t<div class=\"elementor-element elementor-element-00d6abd e-flex e-con-boxed e-con e-parent\" data-id=\"00d6abd\" data-element_type=\"container\">\n\t\t\t\t\t<div class=\"e-con-inner\">\n\t\t\t\t<div class=\"elementor-element elementor-element-e894e47 elementor-widget elementor-widget-text-editor\" data-id=\"e894e47\" data-element_type=\"widget\" data-widget_type=\"text-editor.default\">\n\t\t\t\t<div class=\"elementor-widget-container\">\n\t\t\t\t\t\t\t\t\t<p><strong>Visita da turma do Curso Profissional de T\u00e9cnico De Servi\u00e7os Jur\u00eddicos da Escola B\u00e1sica e Secund\u00e1ria Mestre Domingos Saraiva<\/strong><\/p><p>A turma do Curso Profissional de T\u00e9cnico de Servi\u00e7os Jur\u00eddicos da Escola B\u00e1sica e Secund\u00e1ria Mestre Domingos Saraiva (Agrupamento de Escolas do Algueir\u00e3o) visitou o Pal\u00e1cio de Justi\u00e7a de Sintra no passado dia 10 de Novembro de 2025.<\/p><p>O principal objetivo desta visita foi proporcionar aos alunos deste curso um primeiro contacto com a realidade da Justi\u00e7a, atrav\u00e9s dos Tribunais, tendo a turma assistido a um julgamento que decorria no Ju\u00edzo Local Criminal de Sintra.<\/p><p>Ap\u00f3s a sess\u00e3o de julgamento seguiu-se um momento de esclarecimento de d\u00favidas, o qual contou com os contributos do Exmo. Senhor Juiz titular do Ju\u00edzo Local Criminal &#8211; Juiz 2 e ainda a participa\u00e7\u00e3o da Exma. Senhora Procuradora Estagi\u00e1ria e da Exma. Senhora Oficial de Justi\u00e7a presentes no julgamento que antecedeu.<\/p>\t\t\t\t\t\t\t\t<\/div>\n\t\t\t\t<\/div>\n\t\t\t\t\t<\/div>\n\t\t\t\t<\/div>\n\t\t\t\t<\/div>\n\t\t","protected":false},"excerpt":{"rendered":"<p>&#8220;Visita da Delega\u00e7\u00e3o da Ordem dos Advogados de Sintra ao Pal\u00e1cio de Justi\u00e7a de Sintra.&#8221; Visita de Delega\u00e7\u00e3o da Ordem dos Advogados de Sintra No passado dia 15 de Outubro a Delega\u00e7\u00e3o da Ordem dos Advogados de Sintra visitou o Pal\u00e1cio de Justi\u00e7a de Sintra, sede do Tribunal Judicial da Comarca de Lisboa Oeste.\u00a0 Esta&#8230;<\/p>\n","protected":false},"author":32,"featured_media":0,"parent":0,"menu_order":0,"comment_status":"open","ping_status":"closed","template":"","meta":{"_tbt_post_transparent":"","_tbt_post_title":"hide","_tbt_post_layout":"right","_tbt_post_sidebar_id":"","_tbt_post_content_style":"unboxed","_tbt_post_vertical_padding":"hide","_tbt_post_feature":"hide","_tbt_post_feature_position":"","_tbt_post_header":false,"_tbt_post_footer":false},"class_list":["post-12147","page","type-page","status-publish","hentry"],"yoast_head":"<!-- This site is optimized with the Yoast SEO plugin v25.6 - https:\/\/yoast.com\/wordpress\/plugins\/seo\/ -->\n<title>Not\u00edcias - Tribunal Judicial da Comarca de Lisboa Oeste<\/title>\n<meta name=\"robots\" content=\"index, follow, max-snippet:-1, max-image-preview:large, max-video-preview:-1\" \/>\n<link rel=\"canonical\" href=\"https:\/\/comarcas.csm.org.pt\/lisboa-oeste\/noticias-2\/\" \/>\n<meta property=\"og:locale\" content=\"pt_PT\" \/>\n<meta property=\"og:type\" content=\"article\" \/>\n<meta property=\"og:title\" content=\"Not\u00edcias - Tribunal Judicial da Comarca de Lisboa Oeste\" \/>\n<meta property=\"og:description\" content=\"&#8220;Visita da Delega\u00e7\u00e3o da Ordem dos Advogados de Sintra ao Pal\u00e1cio de Justi\u00e7a de Sintra.&#8221; Visita de Delega\u00e7\u00e3o da Ordem dos Advogados de Sintra No passado dia 15 de Outubro a Delega\u00e7\u00e3o da Ordem dos Advogados de Sintra visitou o Pal\u00e1cio de Justi\u00e7a de Sintra, sede do Tribunal Judicial da Comarca de Lisboa Oeste.\u00a0 Esta...\" \/>\n<meta property=\"og:url\" content=\"https:\/\/comarcas.csm.org.pt\/lisboa-oeste\/noticias-2\/\" \/>\n<meta property=\"og:site_name\" content=\"Tribunal Judicial da Comarca de Lisboa Oeste\" \/>\n<meta property=\"article:modified_time\" content=\"2026-04-21T09:31:35+00:00\" \/>\n<meta property=\"og:image\" content=\"https:\/\/comarcas.csm.org.pt\/lisboa-oeste\/wp-content\/uploads\/sites\/19\/2025\/10\/foto-reuniao-1.jpg\" \/>\n\t<meta property=\"og:image:width\" content=\"1444\" \/>\n\t<meta property=\"og:image:height\" content=\"1402\" \/>\n\t<meta property=\"og:image:type\" content=\"image\/jpeg\" \/>\n<meta name=\"twitter:card\" content=\"summary_large_image\" \/>\n<meta name=\"twitter:label1\" content=\"Tempo estimado de leitura\" \/>\n\t<meta name=\"twitter:data1\" content=\"2 minutos\" \/>\n<script type=\"application\/ld+json\" class=\"yoast-schema-graph\">{\"@context\":\"https:\/\/schema.org\",\"@graph\":[{\"@type\":\"WebPage\",\"@id\":\"https:\/\/comarcas.csm.org.pt\/lisboa-oeste\/noticias-2\/\",\"url\":\"https:\/\/comarcas.csm.org.pt\/lisboa-oeste\/noticias-2\/\",\"name\":\"Not\u00edcias - Tribunal Judicial da Comarca de Lisboa Oeste\",\"isPartOf\":{\"@id\":\"https:\/\/comarcas.csm.org.pt\/lisboa-oeste\/#website\"},\"primaryImageOfPage\":{\"@id\":\"https:\/\/comarcas.csm.org.pt\/lisboa-oeste\/noticias-2\/#primaryimage\"},\"image\":{\"@id\":\"https:\/\/comarcas.csm.org.pt\/lisboa-oeste\/noticias-2\/#primaryimage\"},\"thumbnailUrl\":\"https:\/\/comarcas.csm.org.pt\/lisboa-oeste\/wp-content\/uploads\/sites\/19\/2025\/10\/foto-reuniao-1-1024x994.jpg\",\"datePublished\":\"2025-06-25T10:56:54+00:00\",\"dateModified\":\"2026-04-21T09:31:35+00:00\",\"breadcrumb\":{\"@id\":\"https:\/\/comarcas.csm.org.pt\/lisboa-oeste\/noticias-2\/#breadcrumb\"},\"inLanguage\":\"pt-PT\",\"potentialAction\":[{\"@type\":\"ReadAction\",\"target\":[\"https:\/\/comarcas.csm.org.pt\/lisboa-oeste\/noticias-2\/\"]}]},{\"@type\":\"ImageObject\",\"inLanguage\":\"pt-PT\",\"@id\":\"https:\/\/comarcas.csm.org.pt\/lisboa-oeste\/noticias-2\/#primaryimage\",\"url\":\"https:\/\/comarcas.csm.org.pt\/lisboa-oeste\/wp-content\/uploads\/sites\/19\/2025\/10\/foto-reuniao-1.jpg\",\"contentUrl\":\"https:\/\/comarcas.csm.org.pt\/lisboa-oeste\/wp-content\/uploads\/sites\/19\/2025\/10\/foto-reuniao-1.jpg\",\"width\":1444,\"height\":1402},{\"@type\":\"BreadcrumbList\",\"@id\":\"https:\/\/comarcas.csm.org.pt\/lisboa-oeste\/noticias-2\/#breadcrumb\",\"itemListElement\":[{\"@type\":\"ListItem\",\"position\":1,\"name\":\"In\u00edcio\",\"item\":\"https:\/\/comarcas.csm.org.pt\/lisboa-oeste\/\"},{\"@type\":\"ListItem\",\"position\":2,\"name\":\"Not\u00edcias\"}]},{\"@type\":\"WebSite\",\"@id\":\"https:\/\/comarcas.csm.org.pt\/lisboa-oeste\/#website\",\"url\":\"https:\/\/comarcas.csm.org.pt\/lisboa-oeste\/\",\"name\":\"Tribunal Judicial da Comarca de Lisboa Oeste\",\"description\":\"Tribunal Judicial da Comarca de Lisboa Oeste\",\"publisher\":{\"@id\":\"https:\/\/comarcas.csm.org.pt\/lisboa-oeste\/#organization\"},\"potentialAction\":[{\"@type\":\"SearchAction\",\"target\":{\"@type\":\"EntryPoint\",\"urlTemplate\":\"https:\/\/comarcas.csm.org.pt\/lisboa-oeste\/?s={search_term_string}\"},\"query-input\":{\"@type\":\"PropertyValueSpecification\",\"valueRequired\":true,\"valueName\":\"search_term_string\"}}],\"inLanguage\":\"pt-PT\"},{\"@type\":\"Organization\",\"@id\":\"https:\/\/comarcas.csm.org.pt\/lisboa-oeste\/#organization\",\"name\":\"Tribunal Judicial da Comarca de Lisboa Oeste\",\"url\":\"https:\/\/comarcas.csm.org.pt\/lisboa-oeste\/\",\"logo\":{\"@type\":\"ImageObject\",\"inLanguage\":\"pt-PT\",\"@id\":\"https:\/\/comarcas.csm.org.pt\/lisboa-oeste\/#\/schema\/logo\/image\/\",\"url\":\"https:\/\/comarcas.csm.org.pt\/lisboa-oeste\/wp-content\/uploads\/sites\/19\/2024\/11\/Lisboa-O_positivo-horizontal.png\",\"contentUrl\":\"https:\/\/comarcas.csm.org.pt\/lisboa-oeste\/wp-content\/uploads\/sites\/19\/2024\/11\/Lisboa-O_positivo-horizontal.png\",\"width\":5368,\"height\":890,\"caption\":\"Tribunal Judicial da Comarca de Lisboa Oeste\"},\"image\":{\"@id\":\"https:\/\/comarcas.csm.org.pt\/lisboa-oeste\/#\/schema\/logo\/image\/\"}}]}<\/script>\n<!-- \/ Yoast SEO plugin. -->","yoast_head_json":{"title":"Not\u00edcias - Tribunal Judicial da Comarca de Lisboa Oeste","robots":{"index":"index","follow":"follow","max-snippet":"max-snippet:-1","max-image-preview":"max-image-preview:large","max-video-preview":"max-video-preview:-1"},"canonical":"https:\/\/comarcas.csm.org.pt\/lisboa-oeste\/noticias-2\/","og_locale":"pt_PT","og_type":"article","og_title":"Not\u00edcias - Tribunal Judicial da Comarca de Lisboa Oeste","og_description":"&#8220;Visita da Delega\u00e7\u00e3o da Ordem dos Advogados de Sintra ao Pal\u00e1cio de Justi\u00e7a de Sintra.&#8221; Visita de Delega\u00e7\u00e3o da Ordem dos Advogados de Sintra No passado dia 15 de Outubro a Delega\u00e7\u00e3o da Ordem dos Advogados de Sintra visitou o Pal\u00e1cio de Justi\u00e7a de Sintra, sede do Tribunal Judicial da Comarca de Lisboa Oeste.\u00a0 Esta...","og_url":"https:\/\/comarcas.csm.org.pt\/lisboa-oeste\/noticias-2\/","og_site_name":"Tribunal Judicial da Comarca de Lisboa Oeste","article_modified_time":"2026-04-21T09:31:35+00:00","og_image":[{"width":1444,"height":1402,"url":"https:\/\/comarcas.csm.org.pt\/lisboa-oeste\/wp-content\/uploads\/sites\/19\/2025\/10\/foto-reuniao-1.jpg","type":"image\/jpeg"}],"twitter_card":"summary_large_image","twitter_misc":{"Tempo estimado de leitura":"2 minutos"},"schema":{"@context":"https:\/\/schema.org","@graph":[{"@type":"WebPage","@id":"https:\/\/comarcas.csm.org.pt\/lisboa-oeste\/noticias-2\/","url":"https:\/\/comarcas.csm.org.pt\/lisboa-oeste\/noticias-2\/","name":"Not\u00edcias - Tribunal Judicial da Comarca de Lisboa Oeste","isPartOf":{"@id":"https:\/\/comarcas.csm.org.pt\/lisboa-oeste\/#website"},"primaryImageOfPage":{"@id":"https:\/\/comarcas.csm.org.pt\/lisboa-oeste\/noticias-2\/#primaryimage"},"image":{"@id":"https:\/\/comarcas.csm.org.pt\/lisboa-oeste\/noticias-2\/#primaryimage"},"thumbnailUrl":"https:\/\/comarcas.csm.org.pt\/lisboa-oeste\/wp-content\/uploads\/sites\/19\/2025\/10\/foto-reuniao-1-1024x994.jpg","datePublished":"2025-06-25T10:56:54+00:00","dateModified":"2026-04-21T09:31:35+00:00","breadcrumb":{"@id":"https:\/\/comarcas.csm.org.pt\/lisboa-oeste\/noticias-2\/#breadcrumb"},"inLanguage":"pt-PT","potentialAction":[{"@type":"ReadAction","target":["https:\/\/comarcas.csm.org.pt\/lisboa-oeste\/noticias-2\/"]}]},{"@type":"ImageObject","inLanguage":"pt-PT","@id":"https:\/\/comarcas.csm.org.pt\/lisboa-oeste\/noticias-2\/#primaryimage","url":"https:\/\/comarcas.csm.org.pt\/lisboa-oeste\/wp-content\/uploads\/sites\/19\/2025\/10\/foto-reuniao-1.jpg","contentUrl":"https:\/\/comarcas.csm.org.pt\/lisboa-oeste\/wp-content\/uploads\/sites\/19\/2025\/10\/foto-reuniao-1.jpg","width":1444,"height":1402},{"@type":"BreadcrumbList","@id":"https:\/\/comarcas.csm.org.pt\/lisboa-oeste\/noticias-2\/#breadcrumb","itemListElement":[{"@type":"ListItem","position":1,"name":"In\u00edcio","item":"https:\/\/comarcas.csm.org.pt\/lisboa-oeste\/"},{"@type":"ListItem","position":2,"name":"Not\u00edcias"}]},{"@type":"WebSite","@id":"https:\/\/comarcas.csm.org.pt\/lisboa-oeste\/#website","url":"https:\/\/comarcas.csm.org.pt\/lisboa-oeste\/","name":"Tribunal Judicial da Comarca de Lisboa Oeste","description":"Tribunal Judicial da Comarca de Lisboa Oeste","publisher":{"@id":"https:\/\/comarcas.csm.org.pt\/lisboa-oeste\/#organization"},"potentialAction":[{"@type":"SearchAction","target":{"@type":"EntryPoint","urlTemplate":"https:\/\/comarcas.csm.org.pt\/lisboa-oeste\/?s={search_term_string}"},"query-input":{"@type":"PropertyValueSpecification","valueRequired":true,"valueName":"search_term_string"}}],"inLanguage":"pt-PT"},{"@type":"Organization","@id":"https:\/\/comarcas.csm.org.pt\/lisboa-oeste\/#organization","name":"Tribunal Judicial da Comarca de Lisboa Oeste","url":"https:\/\/comarcas.csm.org.pt\/lisboa-oeste\/","logo":{"@type":"ImageObject","inLanguage":"pt-PT","@id":"https:\/\/comarcas.csm.org.pt\/lisboa-oeste\/#\/schema\/logo\/image\/","url":"https:\/\/comarcas.csm.org.pt\/lisboa-oeste\/wp-content\/uploads\/sites\/19\/2024\/11\/Lisboa-O_positivo-horizontal.png","contentUrl":"https:\/\/comarcas.csm.org.pt\/lisboa-oeste\/wp-content\/uploads\/sites\/19\/2024\/11\/Lisboa-O_positivo-horizontal.png","width":5368,"height":890,"caption":"Tribunal Judicial da Comarca de Lisboa Oeste"},"image":{"@id":"https:\/\/comarcas.csm.org.pt\/lisboa-oeste\/#\/schema\/logo\/image\/"}}]}},"_links":{"self":[{"href":"https:\/\/comarcas.csm.org.pt\/lisboa-oeste\/wp-json\/wp\/v2\/pages\/12147","targetHints":{"allow":["GET"]}}],"collection":[{"href":"https:\/\/comarcas.csm.org.pt\/lisboa-oeste\/wp-json\/wp\/v2\/pages"}],"about":[{"href":"https:\/\/comarcas.csm.org.pt\/lisboa-oeste\/wp-json\/wp\/v2\/types\/page"}],"author":[{"embeddable":true,"href":"https:\/\/comarcas.csm.org.pt\/lisboa-oeste\/wp-json\/wp\/v2\/users\/32"}],"replies":[{"embeddable":true,"href":"https:\/\/comarcas.csm.org.pt\/lisboa-oeste\/wp-json\/wp\/v2\/comments?post=12147"}],"version-history":[{"count":39,"href":"https:\/\/comarcas.csm.org.pt\/lisboa-oeste\/wp-json\/wp\/v2\/pages\/12147\/revisions"}],"predecessor-version":[{"id":12459,"href":"https:\/\/comarcas.csm.org.pt\/lisboa-oeste\/wp-json\/wp\/v2\/pages\/12147\/revisions\/12459"}],"wp:attachment":[{"href":"https:\/\/comarcas.csm.org.pt\/lisboa-oeste\/wp-json\/wp\/v2\/media?parent=12147"}],"curies":[{"name":"wp","href":"https:\/\/api.w.org\/{rel}","templated":true}]}}