{"id":12046,"date":"2025-06-17T11:51:36","date_gmt":"2025-06-17T11:51:36","guid":{"rendered":"https:\/\/comarcas.csm.org.pt\/madeira\/?page_id=12046"},"modified":"2025-07-17T15:12:35","modified_gmt":"2025-07-17T15:12:35","slug":"juizo-demo","status":"publish","type":"page","link":"https:\/\/comarcas.csm.org.pt\/madeira\/acomarca\/juizos\/juizo-demo\/","title":{"rendered":"Juizo Funchal"},"content":{"rendered":"\t\t<div data-elementor-type=\"wp-page\" data-elementor-id=\"12046\" class=\"elementor elementor-12046\" data-elementor-post-type=\"page\">\n\t\t\t\t<div class=\"elementor-element elementor-element-30b6df0 e-flex e-con-boxed e-con e-parent\" data-id=\"30b6df0\" data-element_type=\"container\">\n\t\t\t\t\t<div class=\"e-con-inner\">\n\t\t<div class=\"elementor-element elementor-element-14d2361 e-con-full e-flex e-con e-child\" data-id=\"14d2361\" data-element_type=\"container\">\n\t\t\t\t<div class=\"elementor-element elementor-element-59daca70 elementor-widget elementor-widget-heading\" data-id=\"59daca70\" data-element_type=\"widget\" data-widget_type=\"heading.default\">\n\t\t\t\t<div class=\"elementor-widget-container\">\n\t\t\t\t\t<h4 class=\"elementor-heading-title elementor-size-default\">Ju\u00edzo Central C\u00edvel do Funchal - J1, J2 e J3<\/h4>\t\t\t\t<\/div>\n\t\t\t\t<\/div>\n\t\t\t\t<\/div>\n\t\t<div class=\"elementor-element elementor-element-4977dbd6 e-con-full e-flex e-con e-child\" data-id=\"4977dbd6\" data-element_type=\"container\">\n\t\t\t\t<div class=\"elementor-element elementor-element-5abffe02 elementor-widget elementor-widget-icon-box\" data-id=\"5abffe02\" data-element_type=\"widget\" data-widget_type=\"icon-box.default\">\n\t\t\t\t<div class=\"elementor-widget-container\">\n\t\t\t\t\t\t\t<div class=\"elementor-icon-box-wrapper\">\n\n\t\t\t\n\t\t\t\t\t\t<div class=\"elementor-icon-box-content\">\n\n\t\t\t\t\t\t\t\t\t<h6 class=\"elementor-icon-box-title\">\n\t\t\t\t\t\t<span  >\n\t\t\t\t\t\t\tCompet\u00eancia Territorial:\t\t\t\t\t\t<\/span>\n\t\t\t\t\t<\/h6>\n\t\t\t\t\n\t\t\t\t\t\t\t\t\t<p class=\"elementor-icon-box-description\">\n\t\t\t\t\t\tToda a ilha da Madeira e Porto Santo.\t\t\t\t\t<\/p>\n\t\t\t\t\n\t\t\t<\/div>\n\t\t\t\n\t\t<\/div>\n\t\t\t\t\t\t<\/div>\n\t\t\t\t<\/div>\n\t\t\t\t<div class=\"elementor-element elementor-element-24e958e7 elementor-widget elementor-widget-icon-box\" data-id=\"24e958e7\" data-element_type=\"widget\" data-widget_type=\"icon-box.default\">\n\t\t\t\t<div class=\"elementor-widget-container\">\n\t\t\t\t\t\t\t<div class=\"elementor-icon-box-wrapper\">\n\n\t\t\t\n\t\t\t\t\t\t<div class=\"elementor-icon-box-content\">\n\n\t\t\t\t\t\t\t\t\t<h6 class=\"elementor-icon-box-title\">\n\t\t\t\t\t\t<span  >\n\t\t\t\t\t\t\tMorada:\t\t\t\t\t\t<\/span>\n\t\t\t\t\t<\/h6>\n\t\t\t\t\n\t\t\t\t\t\t\t\t\t<p class=\"elementor-icon-box-description\">\n\t\t\t\t\t\tAv. Calouste Gulbenkian - Edf. 2000, 1.\u00ba e 3.\u00ba<br>9004-553 Funchal <br>\t\t\t\t\t<\/p>\n\t\t\t\t\n\t\t\t<\/div>\n\t\t\t\n\t\t<\/div>\n\t\t\t\t\t\t<\/div>\n\t\t\t\t<\/div>\n\t\t\t\t<div class=\"elementor-element elementor-element-2ea33883 elementor-widget elementor-widget-icon-box\" data-id=\"2ea33883\" data-element_type=\"widget\" data-widget_type=\"icon-box.default\">\n\t\t\t\t<div class=\"elementor-widget-container\">\n\t\t\t\t\t\t\t<div class=\"elementor-icon-box-wrapper\">\n\n\t\t\t\n\t\t\t\t\t\t<div class=\"elementor-icon-box-content\">\n\n\t\t\t\t\t\t\t\t\t<h6 class=\"elementor-icon-box-title\">\n\t\t\t\t\t\t<span  >\n\t\t\t\t\t\t\tContactos:\t\t\t\t\t\t<\/span>\n\t\t\t\t\t<\/h6>\n\t\t\t\t\n\t\t\t\t\t\t\t\t\t<p class=\"elementor-icon-box-description\">\n\t\t\t\t\t\t<b>Telefone:<\/b> 291 090 240\n<br>\n<b>Fax:<\/b> 291 090 269\n<br>\n<b>Email: <\/b><span style=\"background-color: transparent;letter-spacing: 0.3px\">funchal.centralcivel@tribunais.org.pt<\/span><b><br><\/b>\n\n<b>\n<\/b>\t\t\t\t\t<\/p>\n\t\t\t\t\n\t\t\t<\/div>\n\t\t\t\n\t\t<\/div>\n\t\t\t\t\t\t<\/div>\n\t\t\t\t<\/div>\n\t\t\t\t<\/div>\n\t\t<div class=\"elementor-element elementor-element-1dd5ada2 e-con-full e-flex e-con e-child\" data-id=\"1dd5ada2\" data-element_type=\"container\">\n\t\t\t\t<div class=\"elementor-element elementor-element-1eb1438a elementor-widget elementor-widget-google_maps\" data-id=\"1eb1438a\" data-element_type=\"widget\" data-widget_type=\"google_maps.default\">\n\t\t\t\t<div class=\"elementor-widget-container\">\n\t\t\t\t\t\t\t<div class=\"elementor-custom-embed\">\n\t\t\t<iframe loading=\"lazy\"\n\t\t\t\t\tsrc=\"https:\/\/www.google.com\/maps\/embed\/v1\/place?key=AIzaSyDhSoLeftGxfg7Tvco7SEUCY-Cc_XLDY3c&#038;q=Av.%20Calouste%20Gulbenkian-Edf.%202000%2C%201%C2%BA%20e%203%C2%BA%20-%209004-553%20Funchal&#038;zoom=15\"\n\t\t\t\t\ttitle=\"Av. Calouste Gulbenkian-Edf. 2000, 1\u00ba e 3\u00ba - 9004-553 Funchal\"\n\t\t\t\t\taria-label=\"Av. Calouste Gulbenkian-Edf. 2000, 1\u00ba e 3\u00ba - 9004-553 Funchal\"\n\t\t\t><\/iframe>\n\t\t<\/div>\n\t\t\t\t\t\t<\/div>\n\t\t\t\t<\/div>\n\t\t\t\t<\/div>\n\t\t\t\t\t<\/div>\n\t\t\t\t<\/div>\n\t\t<div class=\"elementor-element elementor-element-249a866 e-flex e-con-boxed e-con e-parent\" data-id=\"249a866\" data-element_type=\"container\">\n\t\t\t\t\t<div class=\"e-con-inner\">\n\t\t<div class=\"elementor-element elementor-element-4e2714c e-con-full e-flex e-con e-child\" data-id=\"4e2714c\" data-element_type=\"container\">\n\t\t\t\t<div class=\"elementor-element elementor-element-365d5cb elementor-widget elementor-widget-heading\" data-id=\"365d5cb\" data-element_type=\"widget\" data-widget_type=\"heading.default\">\n\t\t\t\t<div class=\"elementor-widget-container\">\n\t\t\t\t\t<h4 class=\"elementor-heading-title elementor-size-default\">Ju\u00edzo Central Criminal do Funchal - J1, J2 e J3<\/h4>\t\t\t\t<\/div>\n\t\t\t\t<\/div>\n\t\t\t\t<\/div>\n\t\t<div class=\"elementor-element elementor-element-0bf258e e-con-full e-flex e-con e-child\" data-id=\"0bf258e\" data-element_type=\"container\">\n\t\t\t\t<div class=\"elementor-element elementor-element-7bb8e48 elementor-widget elementor-widget-icon-box\" data-id=\"7bb8e48\" data-element_type=\"widget\" data-widget_type=\"icon-box.default\">\n\t\t\t\t<div class=\"elementor-widget-container\">\n\t\t\t\t\t\t\t<div class=\"elementor-icon-box-wrapper\">\n\n\t\t\t\n\t\t\t\t\t\t<div class=\"elementor-icon-box-content\">\n\n\t\t\t\t\t\t\t\t\t<h6 class=\"elementor-icon-box-title\">\n\t\t\t\t\t\t<span  >\n\t\t\t\t\t\t\tCompet\u00eancia Territorial:\t\t\t\t\t\t<\/span>\n\t\t\t\t\t<\/h6>\n\t\t\t\t\n\t\t\t\t\t\t\t\t\t<p class=\"elementor-icon-box-description\">\n\t\t\t\t\t\tToda a ilha da Madeira e Porto Santo.\t\t\t\t\t<\/p>\n\t\t\t\t\n\t\t\t<\/div>\n\t\t\t\n\t\t<\/div>\n\t\t\t\t\t\t<\/div>\n\t\t\t\t<\/div>\n\t\t\t\t<div class=\"elementor-element elementor-element-55421e4 elementor-widget elementor-widget-icon-box\" data-id=\"55421e4\" data-element_type=\"widget\" data-widget_type=\"icon-box.default\">\n\t\t\t\t<div class=\"elementor-widget-container\">\n\t\t\t\t\t\t\t<div class=\"elementor-icon-box-wrapper\">\n\n\t\t\t\n\t\t\t\t\t\t<div class=\"elementor-icon-box-content\">\n\n\t\t\t\t\t\t\t\t\t<h6 class=\"elementor-icon-box-title\">\n\t\t\t\t\t\t<span  >\n\t\t\t\t\t\t\tMorada:\t\t\t\t\t\t<\/span>\n\t\t\t\t\t<\/h6>\n\t\t\t\t\n\t\t\t\t\t\t\t\t\t<p class=\"elementor-icon-box-description\">\n\t\t\t\t\t\tAv. Calouste Gulbenkian - Edf. 2000, 1.\u00ba e 3.\u00ba<br>9004-553 Funchal <br>\t\t\t\t\t<\/p>\n\t\t\t\t\n\t\t\t<\/div>\n\t\t\t\n\t\t<\/div>\n\t\t\t\t\t\t<\/div>\n\t\t\t\t<\/div>\n\t\t\t\t<div class=\"elementor-element elementor-element-d0c221f elementor-widget elementor-widget-icon-box\" data-id=\"d0c221f\" data-element_type=\"widget\" data-widget_type=\"icon-box.default\">\n\t\t\t\t<div class=\"elementor-widget-container\">\n\t\t\t\t\t\t\t<div class=\"elementor-icon-box-wrapper\">\n\n\t\t\t\n\t\t\t\t\t\t<div class=\"elementor-icon-box-content\">\n\n\t\t\t\t\t\t\t\t\t<h6 class=\"elementor-icon-box-title\">\n\t\t\t\t\t\t<span  >\n\t\t\t\t\t\t\tContactos:\t\t\t\t\t\t<\/span>\n\t\t\t\t\t<\/h6>\n\t\t\t\t\n\t\t\t\t\t\t\t\t\t<p class=\"elementor-icon-box-description\">\n\t\t\t\t\t\t<b>Telefone:<\/b> 291 090 240\n<br>\n<b>Fax:<\/b> 291 090 269\n<br>\n<b>Email: <\/b><span style=\"background-color: transparent;letter-spacing: 0.3px\">funchal.centralcriminal@tribunais.org.pt<\/span><b><br><\/b>\n\n<b>\n<\/b>\t\t\t\t\t<\/p>\n\t\t\t\t\n\t\t\t<\/div>\n\t\t\t\n\t\t<\/div>\n\t\t\t\t\t\t<\/div>\n\t\t\t\t<\/div>\n\t\t\t\t<\/div>\n\t\t<div class=\"elementor-element elementor-element-52d57fa e-con-full e-flex e-con e-child\" data-id=\"52d57fa\" data-element_type=\"container\">\n\t\t\t\t<div class=\"elementor-element elementor-element-3d776d7 elementor-widget elementor-widget-google_maps\" data-id=\"3d776d7\" data-element_type=\"widget\" data-widget_type=\"google_maps.default\">\n\t\t\t\t<div class=\"elementor-widget-container\">\n\t\t\t\t\t\t\t<div class=\"elementor-custom-embed\">\n\t\t\t<iframe loading=\"lazy\"\n\t\t\t\t\tsrc=\"https:\/\/www.google.com\/maps\/embed\/v1\/place?key=AIzaSyDhSoLeftGxfg7Tvco7SEUCY-Cc_XLDY3c&#038;q=Tribunal%20Av.%20Calouste%20Gulbenkian-Edf.%202000%2C%209004-553%20Funchal&#038;zoom=15\"\n\t\t\t\t\ttitle=\"Tribunal Av. Calouste Gulbenkian-Edf. 2000, 9004-553 Funchal\"\n\t\t\t\t\taria-label=\"Tribunal Av. Calouste Gulbenkian-Edf. 2000, 9004-553 Funchal\"\n\t\t\t><\/iframe>\n\t\t<\/div>\n\t\t\t\t\t\t<\/div>\n\t\t\t\t<\/div>\n\t\t\t\t<\/div>\n\t\t\t\t\t<\/div>\n\t\t\t\t<\/div>\n\t\t<div class=\"elementor-element elementor-element-04cd175 e-flex e-con-boxed e-con e-parent\" data-id=\"04cd175\" data-element_type=\"container\">\n\t\t\t\t\t<div class=\"e-con-inner\">\n\t\t<div class=\"elementor-element elementor-element-b00cbc4 e-con-full e-flex e-con e-child\" data-id=\"b00cbc4\" data-element_type=\"container\">\n\t\t\t\t<div class=\"elementor-element elementor-element-f9647e9 elementor-widget elementor-widget-heading\" data-id=\"f9647e9\" data-element_type=\"widget\" data-widget_type=\"heading.default\">\n\t\t\t\t<div class=\"elementor-widget-container\">\n\t\t\t\t\t<h4 class=\"elementor-heading-title elementor-size-default\">Ju\u00edzo de Com\u00e9rcio do Funchal - J1 e J2<\/h4>\t\t\t\t<\/div>\n\t\t\t\t<\/div>\n\t\t\t\t<\/div>\n\t\t<div class=\"elementor-element elementor-element-3744eaf e-con-full e-flex e-con e-child\" data-id=\"3744eaf\" data-element_type=\"container\">\n\t\t\t\t<div class=\"elementor-element elementor-element-3b2fb3e elementor-widget elementor-widget-icon-box\" data-id=\"3b2fb3e\" data-element_type=\"widget\" data-widget_type=\"icon-box.default\">\n\t\t\t\t<div class=\"elementor-widget-container\">\n\t\t\t\t\t\t\t<div class=\"elementor-icon-box-wrapper\">\n\n\t\t\t\n\t\t\t\t\t\t<div class=\"elementor-icon-box-content\">\n\n\t\t\t\t\t\t\t\t\t<h6 class=\"elementor-icon-box-title\">\n\t\t\t\t\t\t<span  >\n\t\t\t\t\t\t\tCompet\u00eancia Territorial:\t\t\t\t\t\t<\/span>\n\t\t\t\t\t<\/h6>\n\t\t\t\t\n\t\t\t\t\t\t\t\t\t<p class=\"elementor-icon-box-description\">\n\t\t\t\t\t\tToda a ilha da Madeira e Porto Santo.\t\t\t\t\t<\/p>\n\t\t\t\t\n\t\t\t<\/div>\n\t\t\t\n\t\t<\/div>\n\t\t\t\t\t\t<\/div>\n\t\t\t\t<\/div>\n\t\t\t\t<div class=\"elementor-element elementor-element-1e11ae2 elementor-widget elementor-widget-icon-box\" data-id=\"1e11ae2\" data-element_type=\"widget\" data-widget_type=\"icon-box.default\">\n\t\t\t\t<div class=\"elementor-widget-container\">\n\t\t\t\t\t\t\t<div class=\"elementor-icon-box-wrapper\">\n\n\t\t\t\n\t\t\t\t\t\t<div class=\"elementor-icon-box-content\">\n\n\t\t\t\t\t\t\t\t\t<h6 class=\"elementor-icon-box-title\">\n\t\t\t\t\t\t<span  >\n\t\t\t\t\t\t\tMorada:\t\t\t\t\t\t<\/span>\n\t\t\t\t\t<\/h6>\n\t\t\t\t\n\t\t\t\t\t\t\t\t\t<p class=\"elementor-icon-box-description\">\n\t\t\t\t\t\tPal\u00e1cio da Justi\u00e7a, Rua Marqu\u00eas do Funchal<br>9004-548 Funchal <br>\t\t\t\t\t<\/p>\n\t\t\t\t\n\t\t\t<\/div>\n\t\t\t\n\t\t<\/div>\n\t\t\t\t\t\t<\/div>\n\t\t\t\t<\/div>\n\t\t\t\t<div class=\"elementor-element elementor-element-6de85e9 elementor-widget elementor-widget-icon-box\" data-id=\"6de85e9\" data-element_type=\"widget\" data-widget_type=\"icon-box.default\">\n\t\t\t\t<div class=\"elementor-widget-container\">\n\t\t\t\t\t\t\t<div class=\"elementor-icon-box-wrapper\">\n\n\t\t\t\n\t\t\t\t\t\t<div class=\"elementor-icon-box-content\">\n\n\t\t\t\t\t\t\t\t\t<h6 class=\"elementor-icon-box-title\">\n\t\t\t\t\t\t<span  >\n\t\t\t\t\t\t\tContactos:\t\t\t\t\t\t<\/span>\n\t\t\t\t\t<\/h6>\n\t\t\t\t\n\t\t\t\t\t\t\t\t\t<p class=\"elementor-icon-box-description\">\n\t\t\t\t\t\t<b>Telefone:<\/b> 291 213 400\n<br>\n<b>Fax:<\/b> 291 213 499\n<br>\n<b>Email: <\/b><span style=\"background-color: transparent;letter-spacing: 0.3px\">funchal.comercio@tribunais.org.pt<\/span><b><br><\/b>\n\n<b>\n<\/b>\t\t\t\t\t<\/p>\n\t\t\t\t\n\t\t\t<\/div>\n\t\t\t\n\t\t<\/div>\n\t\t\t\t\t\t<\/div>\n\t\t\t\t<\/div>\n\t\t\t\t<\/div>\n\t\t<div class=\"elementor-element elementor-element-0c76b6f e-con-full e-flex e-con e-child\" data-id=\"0c76b6f\" data-element_type=\"container\">\n\t\t\t\t<div class=\"elementor-element elementor-element-327448a elementor-widget elementor-widget-google_maps\" data-id=\"327448a\" data-element_type=\"widget\" data-widget_type=\"google_maps.default\">\n\t\t\t\t<div class=\"elementor-widget-container\">\n\t\t\t\t\t\t\t<div class=\"elementor-custom-embed\">\n\t\t\t<iframe loading=\"lazy\"\n\t\t\t\t\tsrc=\"https:\/\/www.google.com\/maps\/embed\/v1\/place?key=AIzaSyDhSoLeftGxfg7Tvco7SEUCY-Cc_XLDY3c&#038;q=Rua%20Marqu%C3%AAs%20do%20Funchal%2C%209004-548%20Funchal&#038;zoom=15\"\n\t\t\t\t\ttitle=\"Rua Marqu\u00eas do Funchal, 9004-548 Funchal\"\n\t\t\t\t\taria-label=\"Rua Marqu\u00eas do Funchal, 9004-548 Funchal\"\n\t\t\t><\/iframe>\n\t\t<\/div>\n\t\t\t\t\t\t<\/div>\n\t\t\t\t<\/div>\n\t\t\t\t<\/div>\n\t\t\t\t\t<\/div>\n\t\t\t\t<\/div>\n\t\t<div class=\"elementor-element elementor-element-97998ba e-flex e-con-boxed e-con e-parent\" data-id=\"97998ba\" data-element_type=\"container\">\n\t\t\t\t\t<div class=\"e-con-inner\">\n\t\t<div class=\"elementor-element elementor-element-1c03485 e-con-full e-flex e-con e-child\" data-id=\"1c03485\" data-element_type=\"container\">\n\t\t\t\t<div class=\"elementor-element elementor-element-145dcb3 elementor-widget elementor-widget-heading\" data-id=\"145dcb3\" data-element_type=\"widget\" data-widget_type=\"heading.default\">\n\t\t\t\t<div class=\"elementor-widget-container\">\n\t\t\t\t\t<h4 class=\"elementor-heading-title elementor-size-default\">Ju\u00edzo de Execu\u00e7\u00e3o do Funchal - J1 e J2<\/h4>\t\t\t\t<\/div>\n\t\t\t\t<\/div>\n\t\t\t\t<\/div>\n\t\t<div class=\"elementor-element elementor-element-ed8f93c e-con-full e-flex e-con e-child\" data-id=\"ed8f93c\" data-element_type=\"container\">\n\t\t\t\t<div class=\"elementor-element elementor-element-d988c64 elementor-widget elementor-widget-icon-box\" data-id=\"d988c64\" data-element_type=\"widget\" data-widget_type=\"icon-box.default\">\n\t\t\t\t<div class=\"elementor-widget-container\">\n\t\t\t\t\t\t\t<div class=\"elementor-icon-box-wrapper\">\n\n\t\t\t\n\t\t\t\t\t\t<div class=\"elementor-icon-box-content\">\n\n\t\t\t\t\t\t\t\t\t<h6 class=\"elementor-icon-box-title\">\n\t\t\t\t\t\t<span  >\n\t\t\t\t\t\t\tCompet\u00eancia Territorial:\t\t\t\t\t\t<\/span>\n\t\t\t\t\t<\/h6>\n\t\t\t\t\n\t\t\t\t\t\t\t\t\t<p class=\"elementor-icon-box-description\">\n\t\t\t\t\t\tToda a ilha da Madeira e Porto Santo.\t\t\t\t\t<\/p>\n\t\t\t\t\n\t\t\t<\/div>\n\t\t\t\n\t\t<\/div>\n\t\t\t\t\t\t<\/div>\n\t\t\t\t<\/div>\n\t\t\t\t<div class=\"elementor-element elementor-element-266f8e2 elementor-widget elementor-widget-icon-box\" data-id=\"266f8e2\" data-element_type=\"widget\" data-widget_type=\"icon-box.default\">\n\t\t\t\t<div class=\"elementor-widget-container\">\n\t\t\t\t\t\t\t<div class=\"elementor-icon-box-wrapper\">\n\n\t\t\t\n\t\t\t\t\t\t<div class=\"elementor-icon-box-content\">\n\n\t\t\t\t\t\t\t\t\t<h6 class=\"elementor-icon-box-title\">\n\t\t\t\t\t\t<span  >\n\t\t\t\t\t\t\tMorada:\t\t\t\t\t\t<\/span>\n\t\t\t\t\t<\/h6>\n\t\t\t\t\n\t\t\t\t\t\t\t\t\t<p class=\"elementor-icon-box-description\">\n\t\t\t\t\t\tPal\u00e1cio da Justi\u00e7a, Rua Marqu\u00eas do Funchal<br>9004-548 Funchal <br>\t\t\t\t\t<\/p>\n\t\t\t\t\n\t\t\t<\/div>\n\t\t\t\n\t\t<\/div>\n\t\t\t\t\t\t<\/div>\n\t\t\t\t<\/div>\n\t\t\t\t<div class=\"elementor-element elementor-element-e060c23 elementor-widget elementor-widget-icon-box\" data-id=\"e060c23\" data-element_type=\"widget\" data-widget_type=\"icon-box.default\">\n\t\t\t\t<div class=\"elementor-widget-container\">\n\t\t\t\t\t\t\t<div class=\"elementor-icon-box-wrapper\">\n\n\t\t\t\n\t\t\t\t\t\t<div class=\"elementor-icon-box-content\">\n\n\t\t\t\t\t\t\t\t\t<h6 class=\"elementor-icon-box-title\">\n\t\t\t\t\t\t<span  >\n\t\t\t\t\t\t\tContactos:\t\t\t\t\t\t<\/span>\n\t\t\t\t\t<\/h6>\n\t\t\t\t\n\t\t\t\t\t\t\t\t\t<p class=\"elementor-icon-box-description\">\n\t\t\t\t\t\t<b>Telefone:<\/b> 291 213 400\n<br>\n<b>Fax:<\/b> 291 213 499\n<br>\n<b>Email: <\/b><span style=\"background-color: transparent;letter-spacing: 0.3px\">funchal.execucao@tribunais.org.pt<\/span><b><br><\/b>\n\n<b>\n<\/b>\t\t\t\t\t<\/p>\n\t\t\t\t\n\t\t\t<\/div>\n\t\t\t\n\t\t<\/div>\n\t\t\t\t\t\t<\/div>\n\t\t\t\t<\/div>\n\t\t\t\t<\/div>\n\t\t<div class=\"elementor-element elementor-element-e05a4a4 e-con-full e-flex e-con e-child\" data-id=\"e05a4a4\" data-element_type=\"container\">\n\t\t\t\t<div class=\"elementor-element elementor-element-35b0846 elementor-widget elementor-widget-google_maps\" data-id=\"35b0846\" data-element_type=\"widget\" data-widget_type=\"google_maps.default\">\n\t\t\t\t<div class=\"elementor-widget-container\">\n\t\t\t\t\t\t\t<div class=\"elementor-custom-embed\">\n\t\t\t<iframe loading=\"lazy\"\n\t\t\t\t\tsrc=\"https:\/\/www.google.com\/maps\/embed\/v1\/place?key=AIzaSyDhSoLeftGxfg7Tvco7SEUCY-Cc_XLDY3c&#038;q=Rua%20Marqu%C3%AAs%20do%20Funchal%2C%209004-548%20Funchal&#038;zoom=15\"\n\t\t\t\t\ttitle=\"Rua Marqu\u00eas do Funchal, 9004-548 Funchal\"\n\t\t\t\t\taria-label=\"Rua Marqu\u00eas do Funchal, 9004-548 Funchal\"\n\t\t\t><\/iframe>\n\t\t<\/div>\n\t\t\t\t\t\t<\/div>\n\t\t\t\t<\/div>\n\t\t\t\t<\/div>\n\t\t\t\t\t<\/div>\n\t\t\t\t<\/div>\n\t\t<div class=\"elementor-element elementor-element-ba4b7f6 e-flex e-con-boxed e-con e-parent\" data-id=\"ba4b7f6\" data-element_type=\"container\">\n\t\t\t\t\t<div class=\"e-con-inner\">\n\t\t<div class=\"elementor-element elementor-element-e79d458 e-con-full e-flex e-con e-child\" data-id=\"e79d458\" data-element_type=\"container\">\n\t\t\t\t<div class=\"elementor-element elementor-element-780b584 elementor-widget elementor-widget-heading\" data-id=\"780b584\" data-element_type=\"widget\" data-widget_type=\"heading.default\">\n\t\t\t\t<div class=\"elementor-widget-container\">\n\t\t\t\t\t<h4 class=\"elementor-heading-title elementor-size-default\">Ju\u00edzo de Fam\u00edlia e Menores do Funchal - J1, J2 e J3<\/h4>\t\t\t\t<\/div>\n\t\t\t\t<\/div>\n\t\t\t\t<\/div>\n\t\t<div class=\"elementor-element elementor-element-2c7dbb6 e-con-full e-flex e-con e-child\" data-id=\"2c7dbb6\" data-element_type=\"container\">\n\t\t\t\t<div class=\"elementor-element elementor-element-6ffa5c7 elementor-widget elementor-widget-icon-box\" data-id=\"6ffa5c7\" data-element_type=\"widget\" data-widget_type=\"icon-box.default\">\n\t\t\t\t<div class=\"elementor-widget-container\">\n\t\t\t\t\t\t\t<div class=\"elementor-icon-box-wrapper\">\n\n\t\t\t\n\t\t\t\t\t\t<div class=\"elementor-icon-box-content\">\n\n\t\t\t\t\t\t\t\t\t<h6 class=\"elementor-icon-box-title\">\n\t\t\t\t\t\t<span  >\n\t\t\t\t\t\t\tCompet\u00eancia Territorial:\t\t\t\t\t\t<\/span>\n\t\t\t\t\t<\/h6>\n\t\t\t\t\n\t\t\t\t\t\t\t\t\t<p class=\"elementor-icon-box-description\">\n\t\t\t\t\t\tToda a ilha da Madeira.\t\t\t\t\t<\/p>\n\t\t\t\t\n\t\t\t<\/div>\n\t\t\t\n\t\t<\/div>\n\t\t\t\t\t\t<\/div>\n\t\t\t\t<\/div>\n\t\t\t\t<div class=\"elementor-element elementor-element-f493c36 elementor-widget elementor-widget-icon-box\" data-id=\"f493c36\" data-element_type=\"widget\" data-widget_type=\"icon-box.default\">\n\t\t\t\t<div class=\"elementor-widget-container\">\n\t\t\t\t\t\t\t<div class=\"elementor-icon-box-wrapper\">\n\n\t\t\t\n\t\t\t\t\t\t<div class=\"elementor-icon-box-content\">\n\n\t\t\t\t\t\t\t\t\t<h6 class=\"elementor-icon-box-title\">\n\t\t\t\t\t\t<span  >\n\t\t\t\t\t\t\tMorada:\t\t\t\t\t\t<\/span>\n\t\t\t\t\t<\/h6>\n\t\t\t\t\n\t\t\t\t\t\t\t\t\t<p class=\"elementor-icon-box-description\">\n\t\t\t\t\t\tPal\u00e1cio da Justi\u00e7a, Rua Marqu\u00eas do Funchal<br>9004-548 Funchal <br>\t\t\t\t\t<\/p>\n\t\t\t\t\n\t\t\t<\/div>\n\t\t\t\n\t\t<\/div>\n\t\t\t\t\t\t<\/div>\n\t\t\t\t<\/div>\n\t\t\t\t<div class=\"elementor-element elementor-element-9c9c5e0 elementor-widget elementor-widget-icon-box\" data-id=\"9c9c5e0\" data-element_type=\"widget\" data-widget_type=\"icon-box.default\">\n\t\t\t\t<div class=\"elementor-widget-container\">\n\t\t\t\t\t\t\t<div class=\"elementor-icon-box-wrapper\">\n\n\t\t\t\n\t\t\t\t\t\t<div class=\"elementor-icon-box-content\">\n\n\t\t\t\t\t\t\t\t\t<h6 class=\"elementor-icon-box-title\">\n\t\t\t\t\t\t<span  >\n\t\t\t\t\t\t\tContactos:\t\t\t\t\t\t<\/span>\n\t\t\t\t\t<\/h6>\n\t\t\t\t\n\t\t\t\t\t\t\t\t\t<p class=\"elementor-icon-box-description\">\n\t\t\t\t\t\t<b>Telefone:<\/b> 291 213 400\n<br>\n<b>Fax:<\/b> 291 213 499\n<br>\n<b>Email: <\/b><span style=\"background-color: transparent;letter-spacing: 0.3px\">funchal.familia@tribunais.org.pt<\/span><b><br><\/b>\n\n<b>\n<\/b>\t\t\t\t\t<\/p>\n\t\t\t\t\n\t\t\t<\/div>\n\t\t\t\n\t\t<\/div>\n\t\t\t\t\t\t<\/div>\n\t\t\t\t<\/div>\n\t\t\t\t<\/div>\n\t\t<div class=\"elementor-element elementor-element-928bbbf e-con-full e-flex e-con e-child\" data-id=\"928bbbf\" data-element_type=\"container\">\n\t\t\t\t<div class=\"elementor-element elementor-element-781fbee elementor-widget elementor-widget-google_maps\" data-id=\"781fbee\" data-element_type=\"widget\" data-widget_type=\"google_maps.default\">\n\t\t\t\t<div class=\"elementor-widget-container\">\n\t\t\t\t\t\t\t<div class=\"elementor-custom-embed\">\n\t\t\t<iframe loading=\"lazy\"\n\t\t\t\t\tsrc=\"https:\/\/www.google.com\/maps\/embed\/v1\/place?key=AIzaSyDhSoLeftGxfg7Tvco7SEUCY-Cc_XLDY3c&#038;q=Rua%20Marqu%C3%AAs%20do%20Funchal%2C%209004-548%20Funchal&#038;zoom=15\"\n\t\t\t\t\ttitle=\"Rua Marqu\u00eas do Funchal, 9004-548 Funchal\"\n\t\t\t\t\taria-label=\"Rua Marqu\u00eas do Funchal, 9004-548 Funchal\"\n\t\t\t><\/iframe>\n\t\t<\/div>\n\t\t\t\t\t\t<\/div>\n\t\t\t\t<\/div>\n\t\t\t\t<\/div>\n\t\t\t\t\t<\/div>\n\t\t\t\t<\/div>\n\t\t<div class=\"elementor-element elementor-element-919ab05 e-flex e-con-boxed e-con e-parent\" data-id=\"919ab05\" data-element_type=\"container\">\n\t\t\t\t\t<div class=\"e-con-inner\">\n\t\t<div class=\"elementor-element elementor-element-a57c91e e-con-full e-flex e-con e-child\" data-id=\"a57c91e\" data-element_type=\"container\">\n\t\t\t\t<div class=\"elementor-element elementor-element-23d70a2 elementor-widget elementor-widget-heading\" data-id=\"23d70a2\" data-element_type=\"widget\" data-widget_type=\"heading.default\">\n\t\t\t\t<div class=\"elementor-widget-container\">\n\t\t\t\t\t<h4 class=\"elementor-heading-title elementor-size-default\">Ju\u00edzo de Instru\u00e7\u00e3o Criminal do Funchal<\/h4>\t\t\t\t<\/div>\n\t\t\t\t<\/div>\n\t\t\t\t<\/div>\n\t\t<div class=\"elementor-element elementor-element-5bf8bdb e-con-full e-flex e-con e-child\" data-id=\"5bf8bdb\" data-element_type=\"container\">\n\t\t\t\t<div class=\"elementor-element elementor-element-a1086db elementor-widget elementor-widget-icon-box\" data-id=\"a1086db\" data-element_type=\"widget\" data-widget_type=\"icon-box.default\">\n\t\t\t\t<div class=\"elementor-widget-container\">\n\t\t\t\t\t\t\t<div class=\"elementor-icon-box-wrapper\">\n\n\t\t\t\n\t\t\t\t\t\t<div class=\"elementor-icon-box-content\">\n\n\t\t\t\t\t\t\t\t\t<h6 class=\"elementor-icon-box-title\">\n\t\t\t\t\t\t<span  >\n\t\t\t\t\t\t\tCompet\u00eancia Territorial:\t\t\t\t\t\t<\/span>\n\t\t\t\t\t<\/h6>\n\t\t\t\t\n\t\t\t\t\t\t\t\t\t<p class=\"elementor-icon-box-description\">\n\t\t\t\t\t\tToda a ilha da Madeira.\t\t\t\t\t<\/p>\n\t\t\t\t\n\t\t\t<\/div>\n\t\t\t\n\t\t<\/div>\n\t\t\t\t\t\t<\/div>\n\t\t\t\t<\/div>\n\t\t\t\t<div class=\"elementor-element elementor-element-112c75d elementor-widget elementor-widget-icon-box\" data-id=\"112c75d\" data-element_type=\"widget\" data-widget_type=\"icon-box.default\">\n\t\t\t\t<div class=\"elementor-widget-container\">\n\t\t\t\t\t\t\t<div class=\"elementor-icon-box-wrapper\">\n\n\t\t\t\n\t\t\t\t\t\t<div class=\"elementor-icon-box-content\">\n\n\t\t\t\t\t\t\t\t\t<h6 class=\"elementor-icon-box-title\">\n\t\t\t\t\t\t<span  >\n\t\t\t\t\t\t\tMorada:\t\t\t\t\t\t<\/span>\n\t\t\t\t\t<\/h6>\n\t\t\t\t\n\t\t\t\t\t\t\t\t\t<p class=\"elementor-icon-box-description\">\n\t\t\t\t\t\tPal\u00e1cio da Justi\u00e7a, Rua Marqu\u00eas do Funchal<br>9004-548 Funchal <br>\t\t\t\t\t<\/p>\n\t\t\t\t\n\t\t\t<\/div>\n\t\t\t\n\t\t<\/div>\n\t\t\t\t\t\t<\/div>\n\t\t\t\t<\/div>\n\t\t\t\t<div class=\"elementor-element elementor-element-f3402c8 elementor-widget elementor-widget-icon-box\" data-id=\"f3402c8\" data-element_type=\"widget\" data-widget_type=\"icon-box.default\">\n\t\t\t\t<div class=\"elementor-widget-container\">\n\t\t\t\t\t\t\t<div class=\"elementor-icon-box-wrapper\">\n\n\t\t\t\n\t\t\t\t\t\t<div class=\"elementor-icon-box-content\">\n\n\t\t\t\t\t\t\t\t\t<h6 class=\"elementor-icon-box-title\">\n\t\t\t\t\t\t<span  >\n\t\t\t\t\t\t\tContactos:\t\t\t\t\t\t<\/span>\n\t\t\t\t\t<\/h6>\n\t\t\t\t\n\t\t\t\t\t\t\t\t\t<p class=\"elementor-icon-box-description\">\n\t\t\t\t\t\t<b>Telefone:<\/b> 291 213 400\n<br>\n<b>Fax:<\/b> 291 213 499\n<br>\n<b>Email: <\/b><span style=\"background-color: transparent;letter-spacing: 0.3px\">funchal.instrucaocriminal@tribunais.org.pt<\/span><b><br><\/b>\n\n<b>\n<\/b>\t\t\t\t\t<\/p>\n\t\t\t\t\n\t\t\t<\/div>\n\t\t\t\n\t\t<\/div>\n\t\t\t\t\t\t<\/div>\n\t\t\t\t<\/div>\n\t\t\t\t<\/div>\n\t\t<div class=\"elementor-element elementor-element-4c7b0f5 e-con-full e-flex e-con e-child\" data-id=\"4c7b0f5\" data-element_type=\"container\">\n\t\t\t\t<div class=\"elementor-element elementor-element-1172035 elementor-widget elementor-widget-google_maps\" data-id=\"1172035\" data-element_type=\"widget\" data-widget_type=\"google_maps.default\">\n\t\t\t\t<div class=\"elementor-widget-container\">\n\t\t\t\t\t\t\t<div class=\"elementor-custom-embed\">\n\t\t\t<iframe loading=\"lazy\"\n\t\t\t\t\tsrc=\"https:\/\/www.google.com\/maps\/embed\/v1\/place?key=AIzaSyDhSoLeftGxfg7Tvco7SEUCY-Cc_XLDY3c&#038;q=Rua%20Marqu%C3%AAs%20do%20Funchal%2C%209004-548%20Funchal&#038;zoom=15\"\n\t\t\t\t\ttitle=\"Rua Marqu\u00eas do Funchal, 9004-548 Funchal\"\n\t\t\t\t\taria-label=\"Rua Marqu\u00eas do Funchal, 9004-548 Funchal\"\n\t\t\t><\/iframe>\n\t\t<\/div>\n\t\t\t\t\t\t<\/div>\n\t\t\t\t<\/div>\n\t\t\t\t<\/div>\n\t\t\t\t\t<\/div>\n\t\t\t\t<\/div>\n\t\t<div class=\"elementor-element elementor-element-4b3afce e-flex e-con-boxed e-con e-parent\" data-id=\"4b3afce\" data-element_type=\"container\">\n\t\t\t\t\t<div class=\"e-con-inner\">\n\t\t<div class=\"elementor-element elementor-element-017fe22 e-con-full e-flex e-con e-child\" data-id=\"017fe22\" data-element_type=\"container\">\n\t\t\t\t<div class=\"elementor-element elementor-element-8e649f8 elementor-widget elementor-widget-heading\" data-id=\"8e649f8\" data-element_type=\"widget\" data-widget_type=\"heading.default\">\n\t\t\t\t<div class=\"elementor-widget-container\">\n\t\t\t\t\t<h4 class=\"elementor-heading-title elementor-size-default\">Ju\u00edzo do Trabalho do Funchal<\/h4>\t\t\t\t<\/div>\n\t\t\t\t<\/div>\n\t\t\t\t<\/div>\n\t\t<div class=\"elementor-element elementor-element-a3dc8e5 e-con-full e-flex e-con e-child\" data-id=\"a3dc8e5\" data-element_type=\"container\">\n\t\t\t\t<div class=\"elementor-element elementor-element-e7e04f9 elementor-widget elementor-widget-icon-box\" data-id=\"e7e04f9\" data-element_type=\"widget\" data-widget_type=\"icon-box.default\">\n\t\t\t\t<div class=\"elementor-widget-container\">\n\t\t\t\t\t\t\t<div class=\"elementor-icon-box-wrapper\">\n\n\t\t\t\n\t\t\t\t\t\t<div class=\"elementor-icon-box-content\">\n\n\t\t\t\t\t\t\t\t\t<h6 class=\"elementor-icon-box-title\">\n\t\t\t\t\t\t<span  >\n\t\t\t\t\t\t\tCompet\u00eancia Territorial:\t\t\t\t\t\t<\/span>\n\t\t\t\t\t<\/h6>\n\t\t\t\t\n\t\t\t\t\t\t\t\t\t<p class=\"elementor-icon-box-description\">\n\t\t\t\t\t\tToda a ilha da Madeira e Porto Santo.\t\t\t\t\t<\/p>\n\t\t\t\t\n\t\t\t<\/div>\n\t\t\t\n\t\t<\/div>\n\t\t\t\t\t\t<\/div>\n\t\t\t\t<\/div>\n\t\t\t\t<div class=\"elementor-element elementor-element-69036c5 elementor-widget elementor-widget-icon-box\" data-id=\"69036c5\" data-element_type=\"widget\" data-widget_type=\"icon-box.default\">\n\t\t\t\t<div class=\"elementor-widget-container\">\n\t\t\t\t\t\t\t<div class=\"elementor-icon-box-wrapper\">\n\n\t\t\t\n\t\t\t\t\t\t<div class=\"elementor-icon-box-content\">\n\n\t\t\t\t\t\t\t\t\t<h6 class=\"elementor-icon-box-title\">\n\t\t\t\t\t\t<span  >\n\t\t\t\t\t\t\tMorada:\t\t\t\t\t\t<\/span>\n\t\t\t\t\t<\/h6>\n\t\t\t\t\n\t\t\t\t\t\t\t\t\t<p class=\"elementor-icon-box-description\">\n\t\t\t\t\t\tAv. Calouste Gulbenkian - Edf. 2000, 3.\u00ba<br>9004-553 Funchal <br>\t\t\t\t\t<\/p>\n\t\t\t\t\n\t\t\t<\/div>\n\t\t\t\n\t\t<\/div>\n\t\t\t\t\t\t<\/div>\n\t\t\t\t<\/div>\n\t\t\t\t<div class=\"elementor-element elementor-element-3eda676 elementor-widget elementor-widget-icon-box\" data-id=\"3eda676\" data-element_type=\"widget\" data-widget_type=\"icon-box.default\">\n\t\t\t\t<div class=\"elementor-widget-container\">\n\t\t\t\t\t\t\t<div class=\"elementor-icon-box-wrapper\">\n\n\t\t\t\n\t\t\t\t\t\t<div class=\"elementor-icon-box-content\">\n\n\t\t\t\t\t\t\t\t\t<h6 class=\"elementor-icon-box-title\">\n\t\t\t\t\t\t<span  >\n\t\t\t\t\t\t\tContactos:\t\t\t\t\t\t<\/span>\n\t\t\t\t\t<\/h6>\n\t\t\t\t\n\t\t\t\t\t\t\t\t\t<p class=\"elementor-icon-box-description\">\n\t\t\t\t\t\t<b>Telefone:<\/b> 291 090 290\n<br>\n<b>Fax:<\/b> 291 213 499\n<br>\n<b>Email: <\/b><span style=\"background-color: transparent;letter-spacing: 0.3px\">funchal.trabalho@tribunais.org.pt<\/span><b><br><\/b>\n\n<b>\n<\/b>\t\t\t\t\t<\/p>\n\t\t\t\t\n\t\t\t<\/div>\n\t\t\t\n\t\t<\/div>\n\t\t\t\t\t\t<\/div>\n\t\t\t\t<\/div>\n\t\t\t\t<\/div>\n\t\t<div class=\"elementor-element elementor-element-52f5560 e-con-full e-flex e-con e-child\" data-id=\"52f5560\" data-element_type=\"container\">\n\t\t\t\t<div class=\"elementor-element elementor-element-119fc2f elementor-widget elementor-widget-google_maps\" data-id=\"119fc2f\" data-element_type=\"widget\" data-widget_type=\"google_maps.default\">\n\t\t\t\t<div class=\"elementor-widget-container\">\n\t\t\t\t\t\t\t<div class=\"elementor-custom-embed\">\n\t\t\t<iframe loading=\"lazy\"\n\t\t\t\t\tsrc=\"https:\/\/www.google.com\/maps\/embed\/v1\/place?key=AIzaSyDhSoLeftGxfg7Tvco7SEUCY-Cc_XLDY3c&#038;q=Av.%20Calouste%20Gulbenkian-Edf.%202000%2C%201%C2%BA%20e%203%C2%BA%20-%209004-553%20Funchal&#038;zoom=15\"\n\t\t\t\t\ttitle=\"Av. Calouste Gulbenkian-Edf. 2000, 1\u00ba e 3\u00ba - 9004-553 Funchal\"\n\t\t\t\t\taria-label=\"Av. Calouste Gulbenkian-Edf. 2000, 1\u00ba e 3\u00ba - 9004-553 Funchal\"\n\t\t\t><\/iframe>\n\t\t<\/div>\n\t\t\t\t\t\t<\/div>\n\t\t\t\t<\/div>\n\t\t\t\t<\/div>\n\t\t\t\t\t<\/div>\n\t\t\t\t<\/div>\n\t\t<div class=\"elementor-element elementor-element-2cf722a e-flex e-con-boxed e-con e-parent\" data-id=\"2cf722a\" data-element_type=\"container\">\n\t\t\t\t\t<div class=\"e-con-inner\">\n\t\t<div class=\"elementor-element elementor-element-e02c038 e-con-full e-flex e-con e-child\" data-id=\"e02c038\" data-element_type=\"container\">\n\t\t\t\t<div class=\"elementor-element elementor-element-373a3ff elementor-widget elementor-widget-heading\" data-id=\"373a3ff\" data-element_type=\"widget\" data-widget_type=\"heading.default\">\n\t\t\t\t<div class=\"elementor-widget-container\">\n\t\t\t\t\t<h4 class=\"elementor-heading-title elementor-size-default\">Ju\u00edzo Local C\u00edvel do Funchal - J1, J2 e J3<\/h4>\t\t\t\t<\/div>\n\t\t\t\t<\/div>\n\t\t\t\t<\/div>\n\t\t<div class=\"elementor-element elementor-element-5903131 e-con-full e-flex e-con e-child\" data-id=\"5903131\" data-element_type=\"container\">\n\t\t\t\t<div class=\"elementor-element elementor-element-b83cbda elementor-widget elementor-widget-icon-box\" data-id=\"b83cbda\" data-element_type=\"widget\" data-widget_type=\"icon-box.default\">\n\t\t\t\t<div class=\"elementor-widget-container\">\n\t\t\t\t\t\t\t<div class=\"elementor-icon-box-wrapper\">\n\n\t\t\t\n\t\t\t\t\t\t<div class=\"elementor-icon-box-content\">\n\n\t\t\t\t\t\t\t\t\t<h6 class=\"elementor-icon-box-title\">\n\t\t\t\t\t\t<span  >\n\t\t\t\t\t\t\tCompet\u00eancia Territorial:\t\t\t\t\t\t<\/span>\n\t\t\t\t\t<\/h6>\n\t\t\t\t\n\t\t\t\t\t\t\t\t\t<p class=\"elementor-icon-box-description\">\n\t\t\t\t\t\tMunic\u00edpios de C\u00e2mara de Lobos, Funchal, Porto Moniz, Santana e S\u00e3o Vicente.\t\t\t\t\t<\/p>\n\t\t\t\t\n\t\t\t<\/div>\n\t\t\t\n\t\t<\/div>\n\t\t\t\t\t\t<\/div>\n\t\t\t\t<\/div>\n\t\t\t\t<div class=\"elementor-element elementor-element-5780eb6 elementor-widget elementor-widget-icon-box\" data-id=\"5780eb6\" data-element_type=\"widget\" data-widget_type=\"icon-box.default\">\n\t\t\t\t<div class=\"elementor-widget-container\">\n\t\t\t\t\t\t\t<div class=\"elementor-icon-box-wrapper\">\n\n\t\t\t\n\t\t\t\t\t\t<div class=\"elementor-icon-box-content\">\n\n\t\t\t\t\t\t\t\t\t<h6 class=\"elementor-icon-box-title\">\n\t\t\t\t\t\t<span  >\n\t\t\t\t\t\t\tMorada:\t\t\t\t\t\t<\/span>\n\t\t\t\t\t<\/h6>\n\t\t\t\t\n\t\t\t\t\t\t\t\t\t<p class=\"elementor-icon-box-description\">\n\t\t\t\t\t\t<span style=\"letter-spacing: 0.3px\">Pal\u00e1cio da Justi\u00e7a, Rua Marqu\u00eas do Funchal<\/span><br style=\"letter-spacing: 0.3px\"><span style=\"letter-spacing: 0.3px\">9004-548 Funchal<\/span> <br>\t\t\t\t\t<\/p>\n\t\t\t\t\n\t\t\t<\/div>\n\t\t\t\n\t\t<\/div>\n\t\t\t\t\t\t<\/div>\n\t\t\t\t<\/div>\n\t\t\t\t<div class=\"elementor-element elementor-element-1c52ede elementor-widget elementor-widget-icon-box\" data-id=\"1c52ede\" data-element_type=\"widget\" data-widget_type=\"icon-box.default\">\n\t\t\t\t<div class=\"elementor-widget-container\">\n\t\t\t\t\t\t\t<div class=\"elementor-icon-box-wrapper\">\n\n\t\t\t\n\t\t\t\t\t\t<div class=\"elementor-icon-box-content\">\n\n\t\t\t\t\t\t\t\t\t<h6 class=\"elementor-icon-box-title\">\n\t\t\t\t\t\t<span  >\n\t\t\t\t\t\t\tContactos:\t\t\t\t\t\t<\/span>\n\t\t\t\t\t<\/h6>\n\t\t\t\t\n\t\t\t\t\t\t\t\t\t<p class=\"elementor-icon-box-description\">\n\t\t\t\t\t\t<b>Telefone:<\/b> 291 213 400\n<br>\n<b>Fax:<\/b> 291 213 499\n<br>\n<b>Email: <\/b><span style=\"background-color: transparent;letter-spacing: 0.3px\">funchal.judicial@tribunais.org.pt<\/span><b><br><\/b>\n\n<b>\n<\/b>\t\t\t\t\t<\/p>\n\t\t\t\t\n\t\t\t<\/div>\n\t\t\t\n\t\t<\/div>\n\t\t\t\t\t\t<\/div>\n\t\t\t\t<\/div>\n\t\t\t\t<\/div>\n\t\t<div class=\"elementor-element elementor-element-73d01e7 e-con-full e-flex e-con e-child\" data-id=\"73d01e7\" data-element_type=\"container\">\n\t\t\t\t<div class=\"elementor-element elementor-element-18a024e elementor-widget elementor-widget-google_maps\" data-id=\"18a024e\" data-element_type=\"widget\" data-widget_type=\"google_maps.default\">\n\t\t\t\t<div class=\"elementor-widget-container\">\n\t\t\t\t\t\t\t<div class=\"elementor-custom-embed\">\n\t\t\t<iframe loading=\"lazy\"\n\t\t\t\t\tsrc=\"https:\/\/www.google.com\/maps\/embed\/v1\/place?key=AIzaSyDhSoLeftGxfg7Tvco7SEUCY-Cc_XLDY3c&#038;q=Pal%C3%A1cio%20da%20Justi%C3%A7a%2C%20Rua%20Marqu%C3%AAs%20do%20Funchal%209004-548%20Funchal&#038;zoom=15\"\n\t\t\t\t\ttitle=\"Pal\u00e1cio da Justi\u00e7a, Rua Marqu\u00eas do Funchal 9004-548 Funchal\"\n\t\t\t\t\taria-label=\"Pal\u00e1cio da Justi\u00e7a, Rua Marqu\u00eas do Funchal 9004-548 Funchal\"\n\t\t\t><\/iframe>\n\t\t<\/div>\n\t\t\t\t\t\t<\/div>\n\t\t\t\t<\/div>\n\t\t\t\t<\/div>\n\t\t\t\t\t<\/div>\n\t\t\t\t<\/div>\n\t\t<div class=\"elementor-element elementor-element-b139f06 e-flex e-con-boxed e-con e-parent\" data-id=\"b139f06\" data-element_type=\"container\">\n\t\t\t\t\t<div class=\"e-con-inner\">\n\t\t<div class=\"elementor-element elementor-element-0a8e90f e-con-full e-flex e-con e-child\" data-id=\"0a8e90f\" data-element_type=\"container\">\n\t\t\t\t<div class=\"elementor-element elementor-element-ff4bc28 elementor-widget elementor-widget-heading\" data-id=\"ff4bc28\" data-element_type=\"widget\" data-widget_type=\"heading.default\">\n\t\t\t\t<div class=\"elementor-widget-container\">\n\t\t\t\t\t<h4 class=\"elementor-heading-title elementor-size-default\">Ju\u00edzo Local Criminal do Funchal - J1, J2 e J3<\/h4>\t\t\t\t<\/div>\n\t\t\t\t<\/div>\n\t\t\t\t<\/div>\n\t\t<div class=\"elementor-element elementor-element-586d175 e-con-full e-flex e-con e-child\" data-id=\"586d175\" data-element_type=\"container\">\n\t\t\t\t<div class=\"elementor-element elementor-element-1f4c717 elementor-widget elementor-widget-icon-box\" data-id=\"1f4c717\" data-element_type=\"widget\" data-widget_type=\"icon-box.default\">\n\t\t\t\t<div class=\"elementor-widget-container\">\n\t\t\t\t\t\t\t<div class=\"elementor-icon-box-wrapper\">\n\n\t\t\t\n\t\t\t\t\t\t<div class=\"elementor-icon-box-content\">\n\n\t\t\t\t\t\t\t\t\t<h6 class=\"elementor-icon-box-title\">\n\t\t\t\t\t\t<span  >\n\t\t\t\t\t\t\tCompet\u00eancia Territorial:\t\t\t\t\t\t<\/span>\n\t\t\t\t\t<\/h6>\n\t\t\t\t\n\t\t\t\t\t\t\t\t\t<p class=\"elementor-icon-box-description\">\n\t\t\t\t\t\tMunic\u00edpios de C\u00e2mara de Lobos, Funchal, Porto Moniz, Santana e S\u00e3o Vicente.\t\t\t\t\t<\/p>\n\t\t\t\t\n\t\t\t<\/div>\n\t\t\t\n\t\t<\/div>\n\t\t\t\t\t\t<\/div>\n\t\t\t\t<\/div>\n\t\t\t\t<div class=\"elementor-element elementor-element-7ecaac7 elementor-widget elementor-widget-icon-box\" data-id=\"7ecaac7\" data-element_type=\"widget\" data-widget_type=\"icon-box.default\">\n\t\t\t\t<div class=\"elementor-widget-container\">\n\t\t\t\t\t\t\t<div class=\"elementor-icon-box-wrapper\">\n\n\t\t\t\n\t\t\t\t\t\t<div class=\"elementor-icon-box-content\">\n\n\t\t\t\t\t\t\t\t\t<h6 class=\"elementor-icon-box-title\">\n\t\t\t\t\t\t<span  >\n\t\t\t\t\t\t\tMorada:\t\t\t\t\t\t<\/span>\n\t\t\t\t\t<\/h6>\n\t\t\t\t\n\t\t\t\t\t\t\t\t\t<p class=\"elementor-icon-box-description\">\n\t\t\t\t\t\t<span style=\"letter-spacing: 0.3px\">Pal\u00e1cio da Justi\u00e7a, Rua Marqu\u00eas do Funchal<\/span><br style=\"letter-spacing: 0.3px\"><span style=\"letter-spacing: 0.3px\">9004-548 Funchal<\/span> <br>\t\t\t\t\t<\/p>\n\t\t\t\t\n\t\t\t<\/div>\n\t\t\t\n\t\t<\/div>\n\t\t\t\t\t\t<\/div>\n\t\t\t\t<\/div>\n\t\t\t\t<div class=\"elementor-element elementor-element-c594514 elementor-widget elementor-widget-icon-box\" data-id=\"c594514\" data-element_type=\"widget\" data-widget_type=\"icon-box.default\">\n\t\t\t\t<div class=\"elementor-widget-container\">\n\t\t\t\t\t\t\t<div class=\"elementor-icon-box-wrapper\">\n\n\t\t\t\n\t\t\t\t\t\t<div class=\"elementor-icon-box-content\">\n\n\t\t\t\t\t\t\t\t\t<h6 class=\"elementor-icon-box-title\">\n\t\t\t\t\t\t<span  >\n\t\t\t\t\t\t\tContactos:\t\t\t\t\t\t<\/span>\n\t\t\t\t\t<\/h6>\n\t\t\t\t\n\t\t\t\t\t\t\t\t\t<p class=\"elementor-icon-box-description\">\n\t\t\t\t\t\t<b>Telefone:<\/b> 291 213 400\n<br>\n<b>Fax:<\/b> 291 213 499\n<br>\n<b>Email: <\/b><span style=\"background-color: transparent;letter-spacing: 0.3px\">funchal.judicial@tribunais.org.pt<\/span><b><br><\/b>\n\n<b>\n<\/b>\t\t\t\t\t<\/p>\n\t\t\t\t\n\t\t\t<\/div>\n\t\t\t\n\t\t<\/div>\n\t\t\t\t\t\t<\/div>\n\t\t\t\t<\/div>\n\t\t\t\t<\/div>\n\t\t<div class=\"elementor-element elementor-element-e9a2d6a e-con-full e-flex e-con e-child\" data-id=\"e9a2d6a\" data-element_type=\"container\">\n\t\t\t\t<div class=\"elementor-element elementor-element-744132b elementor-widget elementor-widget-google_maps\" data-id=\"744132b\" data-element_type=\"widget\" data-widget_type=\"google_maps.default\">\n\t\t\t\t<div class=\"elementor-widget-container\">\n\t\t\t\t\t\t\t<div class=\"elementor-custom-embed\">\n\t\t\t<iframe loading=\"lazy\"\n\t\t\t\t\tsrc=\"https:\/\/www.google.com\/maps\/embed\/v1\/place?key=AIzaSyDhSoLeftGxfg7Tvco7SEUCY-Cc_XLDY3c&#038;q=Pal%C3%A1cio%20da%20Justi%C3%A7a%2C%20Rua%20Marqu%C3%AAs%20do%20Funchal%209004-548%20Funchal&#038;zoom=15\"\n\t\t\t\t\ttitle=\"Pal\u00e1cio da Justi\u00e7a, Rua Marqu\u00eas do Funchal 9004-548 Funchal\"\n\t\t\t\t\taria-label=\"Pal\u00e1cio da Justi\u00e7a, Rua Marqu\u00eas do Funchal 9004-548 Funchal\"\n\t\t\t><\/iframe>\n\t\t<\/div>\n\t\t\t\t\t\t<\/div>\n\t\t\t\t<\/div>\n\t\t\t\t<\/div>\n\t\t\t\t\t<\/div>\n\t\t\t\t<\/div>\n\t\t<div class=\"elementor-element elementor-element-dcef93c e-flex e-con-boxed e-con e-parent\" data-id=\"dcef93c\" data-element_type=\"container\">\n\t\t\t\t\t<div class=\"e-con-inner\">\n\t\t<div class=\"elementor-element elementor-element-334e5b4 e-con-full e-flex e-con e-child\" data-id=\"334e5b4\" data-element_type=\"container\">\n\t\t\t\t<div class=\"elementor-element elementor-element-70a31d3 elementor-widget elementor-widget-heading\" data-id=\"70a31d3\" data-element_type=\"widget\" data-widget_type=\"heading.default\">\n\t\t\t\t<div class=\"elementor-widget-container\">\n\t\t\t\t\t<h4 class=\"elementor-heading-title elementor-size-default\">Unidade Central do Funchal<\/h4>\t\t\t\t<\/div>\n\t\t\t\t<\/div>\n\t\t\t\t<\/div>\n\t\t<div class=\"elementor-element elementor-element-a2c6a5c e-con-full e-flex e-con e-child\" data-id=\"a2c6a5c\" data-element_type=\"container\">\n\t\t\t\t<div class=\"elementor-element elementor-element-a0b95ce elementor-widget elementor-widget-icon-box\" data-id=\"a0b95ce\" data-element_type=\"widget\" data-widget_type=\"icon-box.default\">\n\t\t\t\t<div class=\"elementor-widget-container\">\n\t\t\t\t\t\t\t<div class=\"elementor-icon-box-wrapper\">\n\n\t\t\t\n\t\t\t\t\t\t<div class=\"elementor-icon-box-content\">\n\n\t\t\t\t\t\t\t\t\t<h6 class=\"elementor-icon-box-title\">\n\t\t\t\t\t\t<span  >\n\t\t\t\t\t\t\tCompet\u00eancia Territorial:\t\t\t\t\t\t<\/span>\n\t\t\t\t\t<\/h6>\n\t\t\t\t\n\t\t\t\t\t\t\t\t\t<p class=\"elementor-icon-box-description\">\n\t\t\t\t\t\tMunic\u00edpios de C\u00e2mara de Lobos, Funchal, Porto Moniz, Santana e S\u00e3o Vicente.\t\t\t\t\t<\/p>\n\t\t\t\t\n\t\t\t<\/div>\n\t\t\t\n\t\t<\/div>\n\t\t\t\t\t\t<\/div>\n\t\t\t\t<\/div>\n\t\t\t\t<div class=\"elementor-element elementor-element-78fd90f elementor-widget elementor-widget-icon-box\" data-id=\"78fd90f\" data-element_type=\"widget\" data-widget_type=\"icon-box.default\">\n\t\t\t\t<div class=\"elementor-widget-container\">\n\t\t\t\t\t\t\t<div class=\"elementor-icon-box-wrapper\">\n\n\t\t\t\n\t\t\t\t\t\t<div class=\"elementor-icon-box-content\">\n\n\t\t\t\t\t\t\t\t\t<h6 class=\"elementor-icon-box-title\">\n\t\t\t\t\t\t<span  >\n\t\t\t\t\t\t\tMorada:\t\t\t\t\t\t<\/span>\n\t\t\t\t\t<\/h6>\n\t\t\t\t\n\t\t\t\t\t\t\t\t\t<p class=\"elementor-icon-box-description\">\n\t\t\t\t\t\t<span style=\"letter-spacing: 0.3px\">Pal\u00e1cio da Justi\u00e7a, Rua Marqu\u00eas do Funchal<\/span><br style=\"letter-spacing: 0.3px\"><span style=\"letter-spacing: 0.3px\">9004-548 Funchal<\/span> <br>\t\t\t\t\t<\/p>\n\t\t\t\t\n\t\t\t<\/div>\n\t\t\t\n\t\t<\/div>\n\t\t\t\t\t\t<\/div>\n\t\t\t\t<\/div>\n\t\t\t\t<div class=\"elementor-element elementor-element-b86ffcc elementor-widget elementor-widget-icon-box\" data-id=\"b86ffcc\" data-element_type=\"widget\" data-widget_type=\"icon-box.default\">\n\t\t\t\t<div class=\"elementor-widget-container\">\n\t\t\t\t\t\t\t<div class=\"elementor-icon-box-wrapper\">\n\n\t\t\t\n\t\t\t\t\t\t<div class=\"elementor-icon-box-content\">\n\n\t\t\t\t\t\t\t\t\t<h6 class=\"elementor-icon-box-title\">\n\t\t\t\t\t\t<span  >\n\t\t\t\t\t\t\tContactos:\t\t\t\t\t\t<\/span>\n\t\t\t\t\t<\/h6>\n\t\t\t\t\n\t\t\t\t\t\t\t\t\t<p class=\"elementor-icon-box-description\">\n\t\t\t\t\t\t<b>Telefone:<\/b> 291 213 400\n<br>\n<b>Fax:<\/b> 291 213 499\n<br>\n<b>Email: <\/b><span style=\"background-color: transparent;letter-spacing: 0.3px\">funchal.judicial@tribunais.org.pt<\/span><b><br><\/b>\n\n<b>\n<\/b>\t\t\t\t\t<\/p>\n\t\t\t\t\n\t\t\t<\/div>\n\t\t\t\n\t\t<\/div>\n\t\t\t\t\t\t<\/div>\n\t\t\t\t<\/div>\n\t\t\t\t<\/div>\n\t\t<div class=\"elementor-element elementor-element-7899537 e-con-full e-flex e-con e-child\" data-id=\"7899537\" data-element_type=\"container\">\n\t\t\t\t<div class=\"elementor-element elementor-element-5a2ed33 elementor-widget elementor-widget-google_maps\" data-id=\"5a2ed33\" data-element_type=\"widget\" data-widget_type=\"google_maps.default\">\n\t\t\t\t<div class=\"elementor-widget-container\">\n\t\t\t\t\t\t\t<div class=\"elementor-custom-embed\">\n\t\t\t<iframe loading=\"lazy\"\n\t\t\t\t\tsrc=\"https:\/\/www.google.com\/maps\/embed\/v1\/place?key=AIzaSyDhSoLeftGxfg7Tvco7SEUCY-Cc_XLDY3c&#038;q=Pal%C3%A1cio%20da%20Justi%C3%A7a%2C%20Rua%20Marqu%C3%AAs%20do%20Funchal%209004-548%20Funchal&#038;zoom=15\"\n\t\t\t\t\ttitle=\"Pal\u00e1cio da Justi\u00e7a, Rua Marqu\u00eas do Funchal 9004-548 Funchal\"\n\t\t\t\t\taria-label=\"Pal\u00e1cio da Justi\u00e7a, Rua Marqu\u00eas do Funchal 9004-548 Funchal\"\n\t\t\t><\/iframe>\n\t\t<\/div>\n\t\t\t\t\t\t<\/div>\n\t\t\t\t<\/div>\n\t\t\t\t<\/div>\n\t\t\t\t\t<\/div>\n\t\t\t\t<\/div>\n\t\t<div class=\"elementor-element elementor-element-297b96c9 e-flex e-con-boxed e-con e-parent\" data-id=\"297b96c9\" data-element_type=\"container\">\n\t\t\t\t\t<div class=\"e-con-inner\">\n\t\t\t\t<div class=\"elementor-element elementor-element-7ca8a873 elementor-widget elementor-widget-spacer\" data-id=\"7ca8a873\" data-element_type=\"widget\" data-widget_type=\"spacer.default\">\n\t\t\t\t<div class=\"elementor-widget-container\">\n\t\t\t\t\t\t\t<div class=\"elementor-spacer\">\n\t\t\t<div class=\"elementor-spacer-inner\"><\/div>\n\t\t<\/div>\n\t\t\t\t\t\t<\/div>\n\t\t\t\t<\/div>\n\t\t\t\t\t<\/div>\n\t\t\t\t<\/div>\n\t\t<div class=\"elementor-element elementor-element-7b58262a e-flex e-con-boxed e-con e-parent\" data-id=\"7b58262a\" data-element_type=\"container\">\n\t\t\t\t\t<div class=\"e-con-inner\">\n\t\t\t\t<div class=\"elementor-element elementor-element-499f3503 elementor-widget elementor-widget-spacer\" data-id=\"499f3503\" data-element_type=\"widget\" data-widget_type=\"spacer.default\">\n\t\t\t\t<div class=\"elementor-widget-container\">\n\t\t\t\t\t\t\t<div class=\"elementor-spacer\">\n\t\t\t<div class=\"elementor-spacer-inner\"><\/div>\n\t\t<\/div>\n\t\t\t\t\t\t<\/div>\n\t\t\t\t<\/div>\n\t\t\t\t\t<\/div>\n\t\t\t\t<\/div>\n\t\t\t\t<\/div>\n\t\t","protected":false},"excerpt":{"rendered":"<p>Ju\u00edzo Central C\u00edvel do Funchal &#8211; J1, J2 e J3 Compet\u00eancia Territorial: Toda a ilha da Madeira e Porto Santo. Morada: Av. Calouste Gulbenkian &#8211; Edf. 2000, 1.\u00ba e 3.\u00ba9004-553 Funchal Contactos: Telefone: 291 090 240 Fax: 291 090 269 Email: funchal.centralcivel@tribunais.org.pt Ju\u00edzo Central Criminal do Funchal &#8211; J1, J2 e J3 Compet\u00eancia Territorial: Toda&#8230;<\/p>\n","protected":false},"author":2,"featured_media":0,"parent":11069,"menu_order":0,"comment_status":"closed","ping_status":"closed","template":"","meta":{"_tbt_post_transparent":"","_tbt_post_title":"hide","_tbt_post_layout":"fullwidth","_tbt_post_sidebar_id":"","_tbt_post_content_style":"unboxed","_tbt_post_vertical_padding":"hide","_tbt_post_feature":"hide","_tbt_post_feature_position":"","_tbt_post_header":false,"_tbt_post_footer":false},"class_list":["post-12046","page","type-page","status-publish","hentry"],"yoast_head":"<!-- This site is optimized with the Yoast SEO plugin v25.6 - https:\/\/yoast.com\/wordpress\/plugins\/seo\/ -->\n<title>Juizo Funchal - Tribunal Judicial da Comarca da Madeira<\/title>\n<meta name=\"robots\" content=\"index, follow, max-snippet:-1, max-image-preview:large, max-video-preview:-1\" \/>\n<link rel=\"canonical\" href=\"https:\/\/comarcas.csm.org.pt\/madeira\/acomarca\/juizos\/juizo-demo\/\" \/>\n<meta property=\"og:locale\" content=\"pt_PT\" \/>\n<meta property=\"og:type\" content=\"article\" \/>\n<meta property=\"og:title\" content=\"Juizo Funchal - Tribunal Judicial da Comarca da Madeira\" \/>\n<meta property=\"og:description\" content=\"Ju\u00edzo Central C\u00edvel do Funchal &#8211; J1, J2 e J3 Compet\u00eancia Territorial: Toda a ilha da Madeira e Porto Santo. Morada: Av. Calouste Gulbenkian &#8211; Edf. 2000, 1.\u00ba e 3.\u00ba9004-553 Funchal Contactos: Telefone: 291 090 240 Fax: 291 090 269 Email: funchal.centralcivel@tribunais.org.pt Ju\u00edzo Central Criminal do Funchal &#8211; J1, J2 e J3 Compet\u00eancia Territorial: Toda...\" \/>\n<meta property=\"og:url\" content=\"https:\/\/comarcas.csm.org.pt\/madeira\/acomarca\/juizos\/juizo-demo\/\" \/>\n<meta property=\"og:site_name\" content=\"Tribunal Judicial da Comarca da Madeira\" \/>\n<meta property=\"article:modified_time\" content=\"2025-07-17T15:12:35+00:00\" \/>\n<meta name=\"twitter:card\" content=\"summary_large_image\" \/>\n<meta name=\"twitter:label1\" content=\"Tempo estimado de leitura\" \/>\n\t<meta name=\"twitter:data1\" content=\"3 minutos\" \/>\n<script type=\"application\/ld+json\" class=\"yoast-schema-graph\">{\"@context\":\"https:\/\/schema.org\",\"@graph\":[{\"@type\":\"WebPage\",\"@id\":\"https:\/\/comarcas.csm.org.pt\/madeira\/acomarca\/juizos\/juizo-demo\/\",\"url\":\"https:\/\/comarcas.csm.org.pt\/madeira\/acomarca\/juizos\/juizo-demo\/\",\"name\":\"Juizo Funchal - Tribunal Judicial da Comarca da Madeira\",\"isPartOf\":{\"@id\":\"https:\/\/comarcas.csm.org.pt\/madeira\/#website\"},\"datePublished\":\"2025-06-17T11:51:36+00:00\",\"dateModified\":\"2025-07-17T15:12:35+00:00\",\"breadcrumb\":{\"@id\":\"https:\/\/comarcas.csm.org.pt\/madeira\/acomarca\/juizos\/juizo-demo\/#breadcrumb\"},\"inLanguage\":\"pt-PT\",\"potentialAction\":[{\"@type\":\"ReadAction\",\"target\":[\"https:\/\/comarcas.csm.org.pt\/madeira\/acomarca\/juizos\/juizo-demo\/\"]}]},{\"@type\":\"BreadcrumbList\",\"@id\":\"https:\/\/comarcas.csm.org.pt\/madeira\/acomarca\/juizos\/juizo-demo\/#breadcrumb\",\"itemListElement\":[{\"@type\":\"ListItem\",\"position\":1,\"name\":\"In\u00edcio\",\"item\":\"https:\/\/comarcas.csm.org.pt\/madeira\/\"},{\"@type\":\"ListItem\",\"position\":2,\"name\":\"A Comarca da Madeira\",\"item\":\"https:\/\/comarcas.csm.org.pt\/madeira\/acomarca\/\"},{\"@type\":\"ListItem\",\"position\":3,\"name\":\"Ju\u00edzos\",\"item\":\"https:\/\/comarcas.csm.org.pt\/madeira\/acomarca\/juizos\/\"},{\"@type\":\"ListItem\",\"position\":4,\"name\":\"Juizo Funchal\"}]},{\"@type\":\"WebSite\",\"@id\":\"https:\/\/comarcas.csm.org.pt\/madeira\/#website\",\"url\":\"https:\/\/comarcas.csm.org.pt\/madeira\/\",\"name\":\"Tribunal Judicial da Comarca da Madeira\",\"description\":\"Tribunal Judicial da Comarca da Madeira\",\"publisher\":{\"@id\":\"https:\/\/comarcas.csm.org.pt\/madeira\/#organization\"},\"potentialAction\":[{\"@type\":\"SearchAction\",\"target\":{\"@type\":\"EntryPoint\",\"urlTemplate\":\"https:\/\/comarcas.csm.org.pt\/madeira\/?s={search_term_string}\"},\"query-input\":{\"@type\":\"PropertyValueSpecification\",\"valueRequired\":true,\"valueName\":\"search_term_string\"}}],\"inLanguage\":\"pt-PT\"},{\"@type\":\"Organization\",\"@id\":\"https:\/\/comarcas.csm.org.pt\/madeira\/#organization\",\"name\":\"Tribunal Judicial da Comarca da Madeira\",\"url\":\"https:\/\/comarcas.csm.org.pt\/madeira\/\",\"logo\":{\"@type\":\"ImageObject\",\"inLanguage\":\"pt-PT\",\"@id\":\"https:\/\/comarcas.csm.org.pt\/madeira\/#\/schema\/logo\/image\/\",\"url\":\"https:\/\/comarcas.csm.org.pt\/madeira\/wp-content\/uploads\/sites\/28\/2025\/06\/cropped-Logotipo-Comarca-Madeira-ii-3.png\",\"contentUrl\":\"https:\/\/comarcas.csm.org.pt\/madeira\/wp-content\/uploads\/sites\/28\/2025\/06\/cropped-Logotipo-Comarca-Madeira-ii-3.png\",\"width\":5293,\"height\":976,\"caption\":\"Tribunal Judicial da Comarca da Madeira\"},\"image\":{\"@id\":\"https:\/\/comarcas.csm.org.pt\/madeira\/#\/schema\/logo\/image\/\"}}]}<\/script>\n<!-- \/ Yoast SEO plugin. -->","yoast_head_json":{"title":"Juizo Funchal - Tribunal Judicial da Comarca da Madeira","robots":{"index":"index","follow":"follow","max-snippet":"max-snippet:-1","max-image-preview":"max-image-preview:large","max-video-preview":"max-video-preview:-1"},"canonical":"https:\/\/comarcas.csm.org.pt\/madeira\/acomarca\/juizos\/juizo-demo\/","og_locale":"pt_PT","og_type":"article","og_title":"Juizo Funchal - Tribunal Judicial da Comarca da Madeira","og_description":"Ju\u00edzo Central C\u00edvel do Funchal &#8211; J1, J2 e J3 Compet\u00eancia Territorial: Toda a ilha da Madeira e Porto Santo. Morada: Av. Calouste Gulbenkian &#8211; Edf. 2000, 1.\u00ba e 3.\u00ba9004-553 Funchal Contactos: Telefone: 291 090 240 Fax: 291 090 269 Email: funchal.centralcivel@tribunais.org.pt Ju\u00edzo Central Criminal do Funchal &#8211; J1, J2 e J3 Compet\u00eancia Territorial: Toda...","og_url":"https:\/\/comarcas.csm.org.pt\/madeira\/acomarca\/juizos\/juizo-demo\/","og_site_name":"Tribunal Judicial da Comarca da Madeira","article_modified_time":"2025-07-17T15:12:35+00:00","twitter_card":"summary_large_image","twitter_misc":{"Tempo estimado de leitura":"3 minutos"},"schema":{"@context":"https:\/\/schema.org","@graph":[{"@type":"WebPage","@id":"https:\/\/comarcas.csm.org.pt\/madeira\/acomarca\/juizos\/juizo-demo\/","url":"https:\/\/comarcas.csm.org.pt\/madeira\/acomarca\/juizos\/juizo-demo\/","name":"Juizo Funchal - Tribunal Judicial da Comarca da Madeira","isPartOf":{"@id":"https:\/\/comarcas.csm.org.pt\/madeira\/#website"},"datePublished":"2025-06-17T11:51:36+00:00","dateModified":"2025-07-17T15:12:35+00:00","breadcrumb":{"@id":"https:\/\/comarcas.csm.org.pt\/madeira\/acomarca\/juizos\/juizo-demo\/#breadcrumb"},"inLanguage":"pt-PT","potentialAction":[{"@type":"ReadAction","target":["https:\/\/comarcas.csm.org.pt\/madeira\/acomarca\/juizos\/juizo-demo\/"]}]},{"@type":"BreadcrumbList","@id":"https:\/\/comarcas.csm.org.pt\/madeira\/acomarca\/juizos\/juizo-demo\/#breadcrumb","itemListElement":[{"@type":"ListItem","position":1,"name":"In\u00edcio","item":"https:\/\/comarcas.csm.org.pt\/madeira\/"},{"@type":"ListItem","position":2,"name":"A Comarca da Madeira","item":"https:\/\/comarcas.csm.org.pt\/madeira\/acomarca\/"},{"@type":"ListItem","position":3,"name":"Ju\u00edzos","item":"https:\/\/comarcas.csm.org.pt\/madeira\/acomarca\/juizos\/"},{"@type":"ListItem","position":4,"name":"Juizo Funchal"}]},{"@type":"WebSite","@id":"https:\/\/comarcas.csm.org.pt\/madeira\/#website","url":"https:\/\/comarcas.csm.org.pt\/madeira\/","name":"Tribunal Judicial da Comarca da Madeira","description":"Tribunal Judicial da Comarca da Madeira","publisher":{"@id":"https:\/\/comarcas.csm.org.pt\/madeira\/#organization"},"potentialAction":[{"@type":"SearchAction","target":{"@type":"EntryPoint","urlTemplate":"https:\/\/comarcas.csm.org.pt\/madeira\/?s={search_term_string}"},"query-input":{"@type":"PropertyValueSpecification","valueRequired":true,"valueName":"search_term_string"}}],"inLanguage":"pt-PT"},{"@type":"Organization","@id":"https:\/\/comarcas.csm.org.pt\/madeira\/#organization","name":"Tribunal Judicial da Comarca da Madeira","url":"https:\/\/comarcas.csm.org.pt\/madeira\/","logo":{"@type":"ImageObject","inLanguage":"pt-PT","@id":"https:\/\/comarcas.csm.org.pt\/madeira\/#\/schema\/logo\/image\/","url":"https:\/\/comarcas.csm.org.pt\/madeira\/wp-content\/uploads\/sites\/28\/2025\/06\/cropped-Logotipo-Comarca-Madeira-ii-3.png","contentUrl":"https:\/\/comarcas.csm.org.pt\/madeira\/wp-content\/uploads\/sites\/28\/2025\/06\/cropped-Logotipo-Comarca-Madeira-ii-3.png","width":5293,"height":976,"caption":"Tribunal Judicial da Comarca da Madeira"},"image":{"@id":"https:\/\/comarcas.csm.org.pt\/madeira\/#\/schema\/logo\/image\/"}}]}},"_links":{"self":[{"href":"https:\/\/comarcas.csm.org.pt\/madeira\/wp-json\/wp\/v2\/pages\/12046","targetHints":{"allow":["GET"]}}],"collection":[{"href":"https:\/\/comarcas.csm.org.pt\/madeira\/wp-json\/wp\/v2\/pages"}],"about":[{"href":"https:\/\/comarcas.csm.org.pt\/madeira\/wp-json\/wp\/v2\/types\/page"}],"author":[{"embeddable":true,"href":"https:\/\/comarcas.csm.org.pt\/madeira\/wp-json\/wp\/v2\/users\/2"}],"replies":[{"embeddable":true,"href":"https:\/\/comarcas.csm.org.pt\/madeira\/wp-json\/wp\/v2\/comments?post=12046"}],"version-history":[{"count":18,"href":"https:\/\/comarcas.csm.org.pt\/madeira\/wp-json\/wp\/v2\/pages\/12046\/revisions"}],"predecessor-version":[{"id":12145,"href":"https:\/\/comarcas.csm.org.pt\/madeira\/wp-json\/wp\/v2\/pages\/12046\/revisions\/12145"}],"up":[{"embeddable":true,"href":"https:\/\/comarcas.csm.org.pt\/madeira\/wp-json\/wp\/v2\/pages\/11069"}],"wp:attachment":[{"href":"https:\/\/comarcas.csm.org.pt\/madeira\/wp-json\/wp\/v2\/media?parent=12046"}],"curies":[{"name":"wp","href":"https:\/\/api.w.org\/{rel}","templated":true}]}}