{"id":10439,"date":"2021-11-23T11:34:14","date_gmt":"2021-11-23T11:34:14","guid":{"rendered":"https:\/\/wp.themedemo.org\/WCM07\/WCM070159\/WP1\/?page_id=5"},"modified":"2026-03-20T15:39:40","modified_gmt":"2026-03-20T15:39:40","slug":"home","status":"publish","type":"page","link":"https:\/\/comarcas.csm.org.pt\/porto\/","title":{"rendered":"Home"},"content":{"rendered":"\t\t<div data-elementor-type=\"wp-page\" data-elementor-id=\"10439\" class=\"elementor elementor-10439\" data-elementor-post-type=\"page\">\n\t\t\t\t<div class=\"elementor-element elementor-element-eb0bbc8 e-con-full e-flex e-con e-parent\" data-id=\"eb0bbc8\" data-element_type=\"container\">\n\t\t\t\t<div class=\"elementor-element elementor-element-8c842b0 elementor-widget elementor-widget-slider_revolution\" data-id=\"8c842b0\" data-element_type=\"widget\" data-widget_type=\"slider_revolution.default\">\n\t\t\t\t<div class=\"elementor-widget-container\">\n\t\t\t\t\t\n\t\t<div class=\"wp-block-themepunch-revslider\">\n\t\t\t<!-- START Slider Comarcas REVOLUTION SLIDER 6.6.16 --><p class=\"rs-p-wp-fix\"><\/p>\n\t\t\t<rs-module-wrap id=\"rev_slider_1_1_wrapper\" data-source=\"gallery\" style=\"visibility:hidden;background:#e5e5e5;padding:0;margin:0px auto;margin-top:0;margin-bottom:0;\">\n\t\t\t\t<rs-module id=\"rev_slider_1_1\" style=\"\" data-version=\"6.6.16\">\n\t\t\t\t\t<rs-slides style=\"overflow: hidden; position: absolute;\">\n\t\t\t\t\t\t<rs-slide style=\"position: absolute;\" data-key=\"rs-1\" data-title=\"Slider1\" data-anim=\"adpr:false;\" data-in=\"o:0;\" data-out=\"a:false;\">\n\t\t\t\t\t\t\t<img fetchpriority=\"high\" decoding=\"async\" src=\"\/\/comarcas.csm.org.pt\/porto\/wp-content\/plugins\/revslider\/public\/assets\/assets\/dummy.png\" alt=\"\" title=\"Sem t\u00edtulo\" width=\"1024\" height=\"366\" class=\"rev-slidebg tp-rs-img rs-lazyload\" data-lazyload=\"\/\/comarcas.csm.org.pt\/porto\/wp-content\/uploads\/sites\/22\/2025\/04\/Sem-titulo-4-1024x366.png\" data-bg=\"p:50% 70%;\" data-no-retina>\n<!--\n\t\t\t\t\t\t\t--><rs-layer\n\t\t\t\t\t\t\t\tid=\"slider-1-slide-1-layer-0\" \n\t\t\t\t\t\t\t\tdata-type=\"text\"\n\t\t\t\t\t\t\t\tdata-color=\"#000000\"\n\t\t\t\t\t\t\t\tdata-rsp_ch=\"on\"\n\t\t\t\t\t\t\t\tdata-xy=\"x:l,l,l,c;xo:-165px,181px,137px,0;yo:213px,233px,176px,170px;\"\n\t\t\t\t\t\t\t\tdata-text=\"w:normal;s:48,60,45,30;l:50,70,53,40;\"\n\t\t\t\t\t\t\t\tdata-dim=\"w:535px,576px,437px,269px;minh:0px,none,none,none;\"\n\t\t\t\t\t\t\t\tdata-padding=\"t:5,5,4,2;r:5,5,4,2;b:5,5,4,2;l:5,5,4,2;\"\n\t\t\t\t\t\t\t\tdata-frame_999=\"o:0;st:w;\"\n\t\t\t\t\t\t\t\tstyle=\"z-index:12;background-color:#dbbd3f;font-family:'Arial';\"\n\t\t\t\t\t\t\t>COMARCA DO PORTO \n\t\t\t\t\t\t\t<\/rs-layer><!--\n\n\t\t\t\t\t\t\t--><rs-layer\n\t\t\t\t\t\t\t\tid=\"slider-1-slide-1-layer-3\" \n\t\t\t\t\t\t\t\tdata-type=\"text\"\n\t\t\t\t\t\t\t\tdata-rsp_ch=\"on\"\n\t\t\t\t\t\t\t\tdata-xy=\"x:c;xo:-373px,20px,0,-3px;y:m;yo:-34px,-26px,-40px,-29px;\"\n\t\t\t\t\t\t\t\tdata-text=\"w:normal;s:85,100,60,40;l:80,120,68,50;ls:0px,9px,6px,5px;fw:800;a:left,left,center,center;\"\n\t\t\t\t\t\t\t\tdata-dim=\"w:546px;\"\n\t\t\t\t\t\t\t\tdata-frame_0=\"sX:0.8;sY:0.8;\"\n\t\t\t\t\t\t\t\tdata-frame_1=\"e:power1.inOut;st:530;sp:1000;sR:530;\"\n\t\t\t\t\t\t\t\tdata-frame_999=\"o:0;st:w;sR:2970;\"\n\t\t\t\t\t\t\t\tstyle=\"z-index:9;font-family:'Montserrat';text-transform:uppercase;\"\n\t\t\t\t\t\t\t>seja<br \/>\nbem-vindo \n\t\t\t\t\t\t\t<\/rs-layer><!--\n-->\t\t\t\t\t\t<\/rs-slide>\n\t\t\t\t\t<\/rs-slides>\n\t\t\t\t<\/rs-module>\n\t\t\t\t<script>\n\t\t\t\t\tsetREVStartSize({c: 'rev_slider_1_1',rl:[1240,1024,778,480],el:[300,300,300,300],gw:[950,1023,777,480],gh:[300,300,300,300],type:'standard',justify:'',layout:'fullwidth',mh:\"0\"});if (window.RS_MODULES!==undefined && window.RS_MODULES.modules!==undefined && window.RS_MODULES.modules[\"revslider11\"]!==undefined) {window.RS_MODULES.modules[\"revslider11\"].once = false;window.revapi1 = undefined;if (window.RS_MODULES.checkMinimal!==undefined) window.RS_MODULES.checkMinimal()}\n\t\t\t\t<\/script>\n\t\t\t<\/rs-module-wrap>\n\t\t\t<!-- END REVOLUTION SLIDER -->\n<\/div>\n\n\t\t\t\t\t\t<\/div>\n\t\t\t\t<\/div>\n\t\t\t\t<\/div>\n\t\t<div class=\"elementor-element elementor-element-9fd3631 e-flex e-con-boxed e-con e-parent\" data-id=\"9fd3631\" data-element_type=\"container\">\n\t\t\t\t\t<div class=\"e-con-inner\">\n\t\t<div class=\"elementor-element elementor-element-6c56d80 e-con-full e-flex e-con e-child\" data-id=\"6c56d80\" data-element_type=\"container\">\n\t\t\t\t<div class=\"elementor-element elementor-element-f8b9c2a elementor-widget elementor-widget-heading\" data-id=\"f8b9c2a\" data-element_type=\"widget\" data-widget_type=\"heading.default\">\n\t\t\t\t<div class=\"elementor-widget-container\">\n\t\t\t\t\t<h1 class=\"elementor-heading-title elementor-size-default\">\u00daltimas Not\u00edcias<\/h1>\t\t\t\t<\/div>\n\t\t\t\t<\/div>\n\t\t\t\t<div class=\"elementor-element elementor-element-c547c08 elementor-grid-2 elementor-posts--thumbnail-none elementor-grid-tablet-2 elementor-grid-mobile-1 elementor-widget elementor-widget-posts\" data-id=\"c547c08\" data-element_type=\"widget\" data-settings=\"{&quot;classic_columns&quot;:&quot;2&quot;,&quot;classic_columns_tablet&quot;:&quot;2&quot;,&quot;classic_columns_mobile&quot;:&quot;1&quot;,&quot;classic_row_gap&quot;:{&quot;unit&quot;:&quot;px&quot;,&quot;size&quot;:35,&quot;sizes&quot;:[]},&quot;classic_row_gap_tablet&quot;:{&quot;unit&quot;:&quot;px&quot;,&quot;size&quot;:&quot;&quot;,&quot;sizes&quot;:[]},&quot;classic_row_gap_mobile&quot;:{&quot;unit&quot;:&quot;px&quot;,&quot;size&quot;:&quot;&quot;,&quot;sizes&quot;:[]}}\" data-widget_type=\"posts.classic\">\n\t\t\t\t<div class=\"elementor-widget-container\">\n\t\t\t\t\t\t\t<div class=\"elementor-posts-container elementor-posts elementor-posts--skin-classic elementor-grid\">\n\t\t\t\t<article class=\"elementor-post elementor-grid-item post-13317 post type-post status-publish format-standard has-post-thumbnail hentry category-geral\">\n\t\t\t\t<div class=\"elementor-post__text\">\n\t\t\t\t<div class=\"elementor-post__title\">\n\t\t\t<a href=\"https:\/\/comarcas.csm.org.pt\/porto\/blog\/2026\/07\/30\/nota-de-pesar\/\" >\n\t\t\t\tNota de pesar\t\t\t<\/a>\n\t\t<\/div>\n\t\t\t\t<div class=\"elementor-post__meta-data\">\n\t\t\t\t\t<span class=\"elementor-post-date\">\n\t\t\t30 de Julho, 2026\t\t<\/span>\n\t\t\t\t<\/div>\n\t\t\t\t<div class=\"elementor-post__excerpt\">\n\t\t\t<p>\u00c9 com profundo pesar que o Tribunal Judicial da Comarca do Porto comunica o falecimento do Exmo. Sr. Dr. Jorge Augusto Ferreira da Silva, que exerceu as fun\u00e7\u00f5es de administrador judici\u00e1rio da Comarca do Porto entre 1 de setembro de 2021 e 30 de junho de 2025. Neste momento dif\u00edcil<\/p>\n\t\t<\/div>\n\t\t\n\t\t<a class=\"elementor-post__read-more\" href=\"https:\/\/comarcas.csm.org.pt\/porto\/blog\/2026\/07\/30\/nota-de-pesar\/\" aria-label=\"Read more about Nota de pesar\" tabindex=\"-1\" >\n\t\t\tLER MAIS +\t\t<\/a>\n\n\t\t\t\t<\/div>\n\t\t\t\t<\/article>\n\t\t\t\t<article class=\"elementor-post elementor-grid-item post-13408 post type-post status-publish format-standard hentry category-geral\">\n\t\t\t\t<div class=\"elementor-post__text\">\n\t\t\t\t<div class=\"elementor-post__title\">\n\t\t\t<a href=\"https:\/\/comarcas.csm.org.pt\/porto\/blog\/2026\/07\/16\/reuniao-estrategica-rede-metropolitana-de-interacao-e-intervencao-no-ambito-da-igualdade-e-da-violencia-domestica-2\/\" >\n\t\t\t\tReuni\u00e3o estrat\u00e9gica \u2013 Rede Metropolitana de Intera\u00e7\u00e3o e Interven\u00e7\u00e3o no \u00e2mbito da Igualdade e da Viol\u00eancia Dom\u00e9stica\t\t\t<\/a>\n\t\t<\/div>\n\t\t\t\t<div class=\"elementor-post__meta-data\">\n\t\t\t\t\t<span class=\"elementor-post-date\">\n\t\t\t16 de Julho, 2026\t\t<\/span>\n\t\t\t\t<\/div>\n\t\t\t\t<div class=\"elementor-post__excerpt\">\n\t\t\t<p>No dia 13 de julho de 2026, a Senhora Juiz Presidente esteve presente na segunda reuni\u00e3o para a cria\u00e7\u00e3o da Rede Metropolitana de Intera\u00e7\u00e3o e Interven\u00e7\u00e3o no \u00e2mbito da Igualdade e da Viol\u00eancia Dom\u00e9stica, promovida pela \u00c1rea Metropolitana do Porto (AMP). Para o efeito, fez-se novamente acompanhar pela Senhora Juiz<\/p>\n\t\t<\/div>\n\t\t\n\t\t<a class=\"elementor-post__read-more\" href=\"https:\/\/comarcas.csm.org.pt\/porto\/blog\/2026\/07\/16\/reuniao-estrategica-rede-metropolitana-de-interacao-e-intervencao-no-ambito-da-igualdade-e-da-violencia-domestica-2\/\" aria-label=\"Read more about Reuni\u00e3o estrat\u00e9gica \u2013 Rede Metropolitana de Intera\u00e7\u00e3o e Interven\u00e7\u00e3o no \u00e2mbito da Igualdade e da Viol\u00eancia Dom\u00e9stica\" tabindex=\"-1\" >\n\t\t\tLER MAIS +\t\t<\/a>\n\n\t\t\t\t<\/div>\n\t\t\t\t<\/article>\n\t\t\t\t<article class=\"elementor-post elementor-grid-item post-13399 post type-post status-publish format-standard has-post-thumbnail hentry category-geral\">\n\t\t\t\t<div class=\"elementor-post__text\">\n\t\t\t\t<div class=\"elementor-post__title\">\n\t\t\t<a href=\"https:\/\/comarcas.csm.org.pt\/porto\/blog\/2026\/07\/14\/assinatura-de-protocolo-de-estagio-com-faculdade-de-direito-da-universidade-de-coimbra\/\" >\n\t\t\t\tAssinatura de protocolo de est\u00e1gio com Faculdade de Direito da Universidade de Coimbra\t\t\t<\/a>\n\t\t<\/div>\n\t\t\t\t<div class=\"elementor-post__meta-data\">\n\t\t\t\t\t<span class=\"elementor-post-date\">\n\t\t\t14 de Julho, 2026\t\t<\/span>\n\t\t\t\t<\/div>\n\t\t\t\t<div class=\"elementor-post__excerpt\">\n\t\t\t<p>No dia 07 de julho de 2026, o Tribunal Judicial da Comarca do Porto celebrou com a Faculdade de Direito da Universidade de Coimbra um Protocolo de Colabora\u00e7\u00e3o, visando a realiza\u00e7\u00e3o de est\u00e1gios curriculares, em contexto profissional, por parte dos alunos do 2\u00ba Ciclo de Estudos em Ci\u00eancias Jur\u00eddico-Forenses dessa<\/p>\n\t\t<\/div>\n\t\t\n\t\t<a class=\"elementor-post__read-more\" href=\"https:\/\/comarcas.csm.org.pt\/porto\/blog\/2026\/07\/14\/assinatura-de-protocolo-de-estagio-com-faculdade-de-direito-da-universidade-de-coimbra\/\" aria-label=\"Read more about Assinatura de protocolo de est\u00e1gio com Faculdade de Direito da Universidade de Coimbra\" tabindex=\"-1\" >\n\t\t\tLER MAIS +\t\t<\/a>\n\n\t\t\t\t<\/div>\n\t\t\t\t<\/article>\n\t\t\t\t<article class=\"elementor-post elementor-grid-item post-13393 post type-post status-publish format-standard has-post-thumbnail hentry category-geral\">\n\t\t\t\t<div class=\"elementor-post__text\">\n\t\t\t\t<div class=\"elementor-post__title\">\n\t\t\t<a href=\"https:\/\/comarcas.csm.org.pt\/porto\/blog\/2026\/07\/10\/apresentacao-do-livro-museu-do-conflito-e-inauguracao-da-exposicao-justarte-ii\/\" >\n\t\t\t\tApresenta\u00e7\u00e3o do livro \u201cMuseu do Conflito\u201d e inaugura\u00e7\u00e3o da Exposi\u00e7\u00e3o \u201cJust\u2019Arte II\u201d\t\t\t<\/a>\n\t\t<\/div>\n\t\t\t\t<div class=\"elementor-post__meta-data\">\n\t\t\t\t\t<span class=\"elementor-post-date\">\n\t\t\t10 de Julho, 2026\t\t<\/span>\n\t\t\t\t<\/div>\n\t\t\t\t<div class=\"elementor-post__excerpt\">\n\t\t\t<p>No dia 30 de junho de 2026, a Senhora Juiz Presidente esteve presente na apresenta\u00e7\u00e3o do Livro \u201cMuseu do Conflito\u201d, que decorreu no Sal\u00e3o Nobre do Tribunal da Rela\u00e7\u00e3o do Porto, e na inaugura\u00e7\u00e3o da segunda edi\u00e7\u00e3o da exposi\u00e7\u00e3o coletiva de pintura, fotografia, escultura e arte digital \u2013 \u201cJust\u2019Arte II\u201d.<\/p>\n\t\t<\/div>\n\t\t\n\t\t<a class=\"elementor-post__read-more\" href=\"https:\/\/comarcas.csm.org.pt\/porto\/blog\/2026\/07\/10\/apresentacao-do-livro-museu-do-conflito-e-inauguracao-da-exposicao-justarte-ii\/\" aria-label=\"Read more about Apresenta\u00e7\u00e3o do livro \u201cMuseu do Conflito\u201d e inaugura\u00e7\u00e3o da Exposi\u00e7\u00e3o \u201cJust\u2019Arte II\u201d\" tabindex=\"-1\" >\n\t\t\tLER MAIS +\t\t<\/a>\n\n\t\t\t\t<\/div>\n\t\t\t\t<\/article>\n\t\t\t\t<\/div>\n\t\t\n\t\t\t\t\t\t<\/div>\n\t\t\t\t<\/div>\n\t\t\t\t<div class=\"elementor-element elementor-element-90ac429 elementor-align-left elementor-widget elementor-widget-button\" data-id=\"90ac429\" data-element_type=\"widget\" data-widget_type=\"button.default\">\n\t\t\t\t<div class=\"elementor-widget-container\">\n\t\t\t\t\t\t\t\t\t<div class=\"elementor-button-wrapper\">\n\t\t\t\t\t<a class=\"elementor-button elementor-button-link elementor-size-sm\" href=\"\/porto\/noticias\/\">\n\t\t\t\t\t\t<span class=\"elementor-button-content-wrapper\">\n\t\t\t\t\t\t\t\t\t<span class=\"elementor-button-text\">MAIS NOT\u00cdCIAS<\/span>\n\t\t\t\t\t<\/span>\n\t\t\t\t\t<\/a>\n\t\t\t\t<\/div>\n\t\t\t\t\t\t\t\t<\/div>\n\t\t\t\t<\/div>\n\t\t\t\t<\/div>\n\t\t\t\t\t<\/div>\n\t\t\t\t<\/div>\n\t\t\t\t<section class=\"elementor-section elementor-top-section elementor-element elementor-element-69dba71 elementor-section-full_width elementor-section-height-min-height elementor-section-stretched elementor-section-height-default elementor-section-items-middle\" data-id=\"69dba71\" data-element_type=\"section\" data-settings=\"{&quot;stretch_section&quot;:&quot;section-stretched&quot;,&quot;background_background&quot;:&quot;classic&quot;}\">\n\t\t\t\t\t\t<div class=\"elementor-container elementor-column-gap-default\">\n\t\t\t\t\t<div class=\"elementor-column elementor-col-100 elementor-top-column elementor-element elementor-element-0d73782\" data-id=\"0d73782\" data-element_type=\"column\" data-settings=\"{&quot;background_background&quot;:&quot;classic&quot;}\">\n\t\t\t<div class=\"elementor-widget-wrap elementor-element-populated\">\n\t\t\t\t\t\t<section class=\"elementor-section elementor-inner-section elementor-element elementor-element-bba4ff0 elementor-section-boxed elementor-section-height-default elementor-section-height-default\" data-id=\"bba4ff0\" data-element_type=\"section\">\n\t\t\t\t\t\t<div class=\"elementor-container elementor-column-gap-default\">\n\t\t\t\t\t<div class=\"elementor-column elementor-col-25 elementor-inner-column elementor-element elementor-element-486e829\" data-id=\"486e829\" data-element_type=\"column\">\n\t\t\t<div class=\"elementor-widget-wrap elementor-element-populated\">\n\t\t\t\t\t\t<div class=\"elementor-element elementor-element-f6625ae elementor-widget elementor-widget-counter\" data-id=\"f6625ae\" data-element_type=\"widget\" data-widget_type=\"counter.default\">\n\t\t\t\t<div class=\"elementor-widget-container\">\n\t\t\t\t\t\t\t<div class=\"elementor-counter\">\n\t\t\t<div class=\"elementor-counter-title\">Ju\u00edzos de compet\u00eancia especializada<\/div>\t\t\t<div class=\"elementor-counter-number-wrapper\">\n\t\t\t\t<span class=\"elementor-counter-number-prefix\"><\/span>\n\t\t\t\t<span class=\"elementor-counter-number\" data-duration=\"2000\" data-to-value=\"44\" data-from-value=\"0\">0<\/span>\n\t\t\t\t<span class=\"elementor-counter-number-suffix\"><\/span>\n\t\t\t<\/div>\n\t\t<\/div>\n\t\t\t\t\t\t<\/div>\n\t\t\t\t<\/div>\n\t\t\t\t\t<\/div>\n\t\t<\/div>\n\t\t\t\t<div class=\"elementor-column elementor-col-25 elementor-inner-column elementor-element elementor-element-0a27989\" data-id=\"0a27989\" data-element_type=\"column\">\n\t\t\t<div class=\"elementor-widget-wrap elementor-element-populated\">\n\t\t\t\t\t\t<div class=\"elementor-element elementor-element-de5bb53 elementor-widget elementor-widget-counter\" data-id=\"de5bb53\" data-element_type=\"widget\" data-widget_type=\"counter.default\">\n\t\t\t\t<div class=\"elementor-widget-container\">\n\t\t\t\t\t\t\t<div class=\"elementor-counter\">\n\t\t\t<div class=\"elementor-counter-title\">Tribunal de compet\u00eancia territorial alargada<\/div>\t\t\t<div class=\"elementor-counter-number-wrapper\">\n\t\t\t\t<span class=\"elementor-counter-number-prefix\"><\/span>\n\t\t\t\t<span class=\"elementor-counter-number\" data-duration=\"2000\" data-to-value=\"1\" data-from-value=\"0\">0<\/span>\n\t\t\t\t<span class=\"elementor-counter-number-suffix\"><\/span>\n\t\t\t<\/div>\n\t\t<\/div>\n\t\t\t\t\t\t<\/div>\n\t\t\t\t<\/div>\n\t\t\t\t\t<\/div>\n\t\t<\/div>\n\t\t\t\t<div class=\"elementor-column elementor-col-25 elementor-inner-column elementor-element elementor-element-43f4250\" data-id=\"43f4250\" data-element_type=\"column\">\n\t\t\t<div class=\"elementor-widget-wrap elementor-element-populated\">\n\t\t\t\t\t\t<div class=\"elementor-element elementor-element-dda652a elementor-widget elementor-widget-counter\" data-id=\"dda652a\" data-element_type=\"widget\" data-widget_type=\"counter.default\">\n\t\t\t\t<div class=\"elementor-widget-container\">\n\t\t\t\t\t\t\t<div class=\"elementor-counter\">\n\t\t\t<div class=\"elementor-counter-title\">N\u00facleos<\/div>\t\t\t<div class=\"elementor-counter-number-wrapper\">\n\t\t\t\t<span class=\"elementor-counter-number-prefix\"><\/span>\n\t\t\t\t<span class=\"elementor-counter-number\" data-duration=\"2000\" data-to-value=\"9\" data-from-value=\"0\">0<\/span>\n\t\t\t\t<span class=\"elementor-counter-number-suffix\"><\/span>\n\t\t\t<\/div>\n\t\t<\/div>\n\t\t\t\t\t\t<\/div>\n\t\t\t\t<\/div>\n\t\t\t\t\t<\/div>\n\t\t<\/div>\n\t\t\t\t<div class=\"elementor-column elementor-col-25 elementor-inner-column elementor-element elementor-element-8486503\" data-id=\"8486503\" data-element_type=\"column\">\n\t\t\t<div class=\"elementor-widget-wrap\">\n\t\t\t\t\t\t\t<\/div>\n\t\t<\/div>\n\t\t\t\t\t<\/div>\n\t\t<\/section>\n\t\t\t\t\t<\/div>\n\t\t<\/div>\n\t\t\t\t\t<\/div>\n\t\t<\/section>\n\t\t\t\t<\/div>\n\t\t","protected":false},"excerpt":{"rendered":"<p>\u00daltimas Not\u00edcias MAIS NOT\u00cdCIAS Ju\u00edzos de compet\u00eancia especializada 0 Tribunal de compet\u00eancia territorial alargada 0 N\u00facleos 0<\/p>\n","protected":false},"author":1,"featured_media":0,"parent":0,"menu_order":0,"comment_status":"closed","ping_status":"closed","template":"","meta":{"_tbt_post_transparent":"","_tbt_post_title":"hide","_tbt_post_layout":"normal","_tbt_post_sidebar_id":"","_tbt_post_content_style":"unboxed","_tbt_post_vertical_padding":"hide","_tbt_post_feature":"","_tbt_post_feature_position":"","_tbt_post_header":false,"_tbt_post_footer":false},"class_list":["post-10439","page","type-page","status-publish","hentry"],"yoast_head":"<!-- This site is optimized with the Yoast SEO plugin v25.6 - https:\/\/yoast.com\/wordpress\/plugins\/seo\/ -->\n<title>Home - Tribunal Judicial da Comarca de Porto<\/title>\n<meta name=\"robots\" content=\"index, follow, max-snippet:-1, max-image-preview:large, max-video-preview:-1\" \/>\n<link rel=\"canonical\" href=\"https:\/\/comarcas.csm.org.pt\/porto\/\" \/>\n<meta property=\"og:locale\" content=\"pt_PT\" \/>\n<meta property=\"og:type\" content=\"article\" \/>\n<meta property=\"og:title\" content=\"Home - Tribunal Judicial da Comarca de Porto\" \/>\n<meta property=\"og:description\" content=\"\u00daltimas Not\u00edcias MAIS NOT\u00cdCIAS Ju\u00edzos de compet\u00eancia especializada 0 Tribunal de compet\u00eancia territorial alargada 0 N\u00facleos 0\" \/>\n<meta property=\"og:url\" content=\"https:\/\/comarcas.csm.org.pt\/porto\/\" \/>\n<meta property=\"og:site_name\" content=\"Tribunal Judicial da Comarca de Porto\" \/>\n<meta property=\"article:modified_time\" content=\"2026-03-20T15:39:40+00:00\" \/>\n<meta name=\"twitter:card\" content=\"summary_large_image\" \/>\n<meta name=\"twitter:label1\" content=\"Tempo estimado de leitura\" \/>\n\t<meta name=\"twitter:data1\" content=\"3 minutos\" \/>\n<script type=\"application\/ld+json\" class=\"yoast-schema-graph\">{\"@context\":\"https:\/\/schema.org\",\"@graph\":[{\"@type\":\"WebPage\",\"@id\":\"https:\/\/comarcas.csm.org.pt\/porto\/\",\"url\":\"https:\/\/comarcas.csm.org.pt\/porto\/\",\"name\":\"Home - Tribunal Judicial da Comarca de Porto\",\"isPartOf\":{\"@id\":\"https:\/\/comarcas.csm.org.pt\/porto\/#website\"},\"datePublished\":\"2021-11-23T11:34:14+00:00\",\"dateModified\":\"2026-03-20T15:39:40+00:00\",\"breadcrumb\":{\"@id\":\"https:\/\/comarcas.csm.org.pt\/porto\/#breadcrumb\"},\"inLanguage\":\"pt-PT\",\"potentialAction\":[{\"@type\":\"ReadAction\",\"target\":[\"https:\/\/comarcas.csm.org.pt\/porto\/\"]}]},{\"@type\":\"BreadcrumbList\",\"@id\":\"https:\/\/comarcas.csm.org.pt\/porto\/#breadcrumb\",\"itemListElement\":[{\"@type\":\"ListItem\",\"position\":1,\"name\":\"In\u00edcio\",\"item\":\"https:\/\/comarcas.csm.org.pt\/porto\/\"},{\"@type\":\"ListItem\",\"position\":2,\"name\":\"Home\"}]},{\"@type\":\"WebSite\",\"@id\":\"https:\/\/comarcas.csm.org.pt\/porto\/#website\",\"url\":\"https:\/\/comarcas.csm.org.pt\/porto\/\",\"name\":\"Tribunal Judicial da Comarca de Porto\",\"description\":\"Tribunal Judicial da Comarca do Porto\",\"publisher\":{\"@id\":\"https:\/\/comarcas.csm.org.pt\/porto\/#organization\"},\"potentialAction\":[{\"@type\":\"SearchAction\",\"target\":{\"@type\":\"EntryPoint\",\"urlTemplate\":\"https:\/\/comarcas.csm.org.pt\/porto\/?s={search_term_string}\"},\"query-input\":{\"@type\":\"PropertyValueSpecification\",\"valueRequired\":true,\"valueName\":\"search_term_string\"}}],\"inLanguage\":\"pt-PT\"},{\"@type\":\"Organization\",\"@id\":\"https:\/\/comarcas.csm.org.pt\/porto\/#organization\",\"name\":\"Tribunal Judicial da Comarca de Porto\",\"url\":\"https:\/\/comarcas.csm.org.pt\/porto\/\",\"logo\":{\"@type\":\"ImageObject\",\"inLanguage\":\"pt-PT\",\"@id\":\"https:\/\/comarcas.csm.org.pt\/porto\/#\/schema\/logo\/image\/\",\"url\":\"https:\/\/comarcas.csm.org.pt\/porto\/wp-content\/uploads\/sites\/22\/2024\/11\/Porto_positivo-horizontal.png\",\"contentUrl\":\"https:\/\/comarcas.csm.org.pt\/porto\/wp-content\/uploads\/sites\/22\/2024\/11\/Porto_positivo-horizontal.png\",\"width\":4811,\"height\":1215,\"caption\":\"Tribunal Judicial da Comarca de Porto\"},\"image\":{\"@id\":\"https:\/\/comarcas.csm.org.pt\/porto\/#\/schema\/logo\/image\/\"}}]}<\/script>\n<!-- \/ Yoast SEO plugin. -->","yoast_head_json":{"title":"Home - Tribunal Judicial da Comarca de Porto","robots":{"index":"index","follow":"follow","max-snippet":"max-snippet:-1","max-image-preview":"max-image-preview:large","max-video-preview":"max-video-preview:-1"},"canonical":"https:\/\/comarcas.csm.org.pt\/porto\/","og_locale":"pt_PT","og_type":"article","og_title":"Home - Tribunal Judicial da Comarca de Porto","og_description":"\u00daltimas Not\u00edcias MAIS NOT\u00cdCIAS Ju\u00edzos de compet\u00eancia especializada 0 Tribunal de compet\u00eancia territorial alargada 0 N\u00facleos 0","og_url":"https:\/\/comarcas.csm.org.pt\/porto\/","og_site_name":"Tribunal Judicial da Comarca de Porto","article_modified_time":"2026-03-20T15:39:40+00:00","twitter_card":"summary_large_image","twitter_misc":{"Tempo estimado de leitura":"3 minutos"},"schema":{"@context":"https:\/\/schema.org","@graph":[{"@type":"WebPage","@id":"https:\/\/comarcas.csm.org.pt\/porto\/","url":"https:\/\/comarcas.csm.org.pt\/porto\/","name":"Home - Tribunal Judicial da Comarca de Porto","isPartOf":{"@id":"https:\/\/comarcas.csm.org.pt\/porto\/#website"},"datePublished":"2021-11-23T11:34:14+00:00","dateModified":"2026-03-20T15:39:40+00:00","breadcrumb":{"@id":"https:\/\/comarcas.csm.org.pt\/porto\/#breadcrumb"},"inLanguage":"pt-PT","potentialAction":[{"@type":"ReadAction","target":["https:\/\/comarcas.csm.org.pt\/porto\/"]}]},{"@type":"BreadcrumbList","@id":"https:\/\/comarcas.csm.org.pt\/porto\/#breadcrumb","itemListElement":[{"@type":"ListItem","position":1,"name":"In\u00edcio","item":"https:\/\/comarcas.csm.org.pt\/porto\/"},{"@type":"ListItem","position":2,"name":"Home"}]},{"@type":"WebSite","@id":"https:\/\/comarcas.csm.org.pt\/porto\/#website","url":"https:\/\/comarcas.csm.org.pt\/porto\/","name":"Tribunal Judicial da Comarca de Porto","description":"Tribunal Judicial da Comarca do Porto","publisher":{"@id":"https:\/\/comarcas.csm.org.pt\/porto\/#organization"},"potentialAction":[{"@type":"SearchAction","target":{"@type":"EntryPoint","urlTemplate":"https:\/\/comarcas.csm.org.pt\/porto\/?s={search_term_string}"},"query-input":{"@type":"PropertyValueSpecification","valueRequired":true,"valueName":"search_term_string"}}],"inLanguage":"pt-PT"},{"@type":"Organization","@id":"https:\/\/comarcas.csm.org.pt\/porto\/#organization","name":"Tribunal Judicial da Comarca de Porto","url":"https:\/\/comarcas.csm.org.pt\/porto\/","logo":{"@type":"ImageObject","inLanguage":"pt-PT","@id":"https:\/\/comarcas.csm.org.pt\/porto\/#\/schema\/logo\/image\/","url":"https:\/\/comarcas.csm.org.pt\/porto\/wp-content\/uploads\/sites\/22\/2024\/11\/Porto_positivo-horizontal.png","contentUrl":"https:\/\/comarcas.csm.org.pt\/porto\/wp-content\/uploads\/sites\/22\/2024\/11\/Porto_positivo-horizontal.png","width":4811,"height":1215,"caption":"Tribunal Judicial da Comarca de Porto"},"image":{"@id":"https:\/\/comarcas.csm.org.pt\/porto\/#\/schema\/logo\/image\/"}}]}},"_links":{"self":[{"href":"https:\/\/comarcas.csm.org.pt\/porto\/wp-json\/wp\/v2\/pages\/10439","targetHints":{"allow":["GET"]}}],"collection":[{"href":"https:\/\/comarcas.csm.org.pt\/porto\/wp-json\/wp\/v2\/pages"}],"about":[{"href":"https:\/\/comarcas.csm.org.pt\/porto\/wp-json\/wp\/v2\/types\/page"}],"author":[{"embeddable":true,"href":"https:\/\/comarcas.csm.org.pt\/porto\/wp-json\/wp\/v2\/users\/1"}],"replies":[{"embeddable":true,"href":"https:\/\/comarcas.csm.org.pt\/porto\/wp-json\/wp\/v2\/comments?post=10439"}],"version-history":[{"count":309,"href":"https:\/\/comarcas.csm.org.pt\/porto\/wp-json\/wp\/v2\/pages\/10439\/revisions"}],"predecessor-version":[{"id":13065,"href":"https:\/\/comarcas.csm.org.pt\/porto\/wp-json\/wp\/v2\/pages\/10439\/revisions\/13065"}],"wp:attachment":[{"href":"https:\/\/comarcas.csm.org.pt\/porto\/wp-json\/wp\/v2\/media?parent=10439"}],"curies":[{"name":"wp","href":"https:\/\/api.w.org\/{rel}","templated":true}]}}