{"version":"1.0","provider_name":"Tribunal Judicial da Comarca de Santar\u00e9m","provider_url":"https:\/\/comarcas.csm.org.pt\/santarem","title":"Abril - M\u00eas da preven\u00e7\u00e3o dos maus-tratos na inf\u00e2ncia - Tribunal Judicial da Comarca de Santar\u00e9m","type":"rich","width":600,"height":338,"html":"<blockquote class=\"wp-embedded-content\" data-secret=\"xGTKeXimT5\"><a href=\"https:\/\/comarcas.csm.org.pt\/santarem\/blog\/2025\/04\/01\/abril\/\">Abril &#8211; M\u00eas da preven\u00e7\u00e3o dos maus-tratos na inf\u00e2ncia<\/a><\/blockquote><iframe sandbox=\"allow-scripts\" security=\"restricted\" src=\"https:\/\/comarcas.csm.org.pt\/santarem\/blog\/2025\/04\/01\/abril\/embed\/#?secret=xGTKeXimT5\" width=\"600\" height=\"338\" title=\"&#8220;Abril &#8211; M\u00eas da preven\u00e7\u00e3o dos maus-tratos na inf\u00e2ncia&#8221; &#8212; Tribunal Judicial da Comarca de Santar\u00e9m\" data-secret=\"xGTKeXimT5\" frameborder=\"0\" marginwidth=\"0\" marginheight=\"0\" scrolling=\"no\" class=\"wp-embedded-content\"><\/iframe><script>\n\/*! This file is auto-generated *\/\n!function(d,l){\"use strict\";l.querySelector&&d.addEventListener&&\"undefined\"!=typeof URL&&(d.wp=d.wp||{},d.wp.receiveEmbedMessage||(d.wp.receiveEmbedMessage=function(e){var t=e.data;if((t||t.secret||t.message||t.value)&&!\/[^a-zA-Z0-9]\/.test(t.secret)){for(var s,r,n,a=l.querySelectorAll('iframe[data-secret=\"'+t.secret+'\"]'),o=l.querySelectorAll('blockquote[data-secret=\"'+t.secret+'\"]'),c=new RegExp(\"^https?:$\",\"i\"),i=0;i<o.length;i++)o[i].style.display=\"none\";for(i=0;i<a.length;i++)s=a[i],e.source===s.contentWindow&&(s.removeAttribute(\"style\"),\"height\"===t.message?(1e3<(r=parseInt(t.value,10))?r=1e3:~~r<200&&(r=200),s.height=r):\"link\"===t.message&&(r=new URL(s.getAttribute(\"src\")),n=new URL(t.value),c.test(n.protocol))&&n.host===r.host&&l.activeElement===s&&(d.top.location.href=t.value))}},d.addEventListener(\"message\",d.wp.receiveEmbedMessage,!1),l.addEventListener(\"DOMContentLoaded\",function(){for(var e,t,s=l.querySelectorAll(\"iframe.wp-embedded-content\"),r=0;r<s.length;r++)(t=(e=s[r]).getAttribute(\"data-secret\"))||(t=Math.random().toString(36).substring(2,12),e.src+=\"#?secret=\"+t,e.setAttribute(\"data-secret\",t)),e.contentWindow.postMessage({message:\"ready\",secret:t},\"*\")},!1)))}(window,document);\n<\/script>\n","thumbnail_url":"https:\/\/comarcas.csm.org.pt\/santarem\/wp-content\/uploads\/sites\/24\/2025\/04\/Laco-Azul.jpg","thumbnail_width":1600,"thumbnail_height":901,"description":"Numa organiza\u00e7\u00e3o conjunta\u00a0da CPCJ de Santar\u00e9m, dos Agrupamentos de Escolas do concelho de Santar\u00e9m e\u00a0do Tribunal Judicial da Comarca de Santar\u00e9m, ao longo do m\u00eas de abril, estar\u00e1 patente ao p\u00fablico, no \u00e1trio do Pal\u00e1cio da Justi\u00e7a II de Santar\u00e9m, sito na Pra\u00e7a do Munic\u00edpio, Ed. Ex-Escola Pr\u00e1tica de Cavalaria, uma exposi\u00e7\u00e3o de trabalhos da..."}