{"version":"1.0","provider_name":"Tribunal Judicial da Comarca de Santar\u00e9m","provider_url":"https:\/\/comarcas.csm.org.pt\/santarem","title":"Instrumentos de Gest\u00e3o - Tribunal Judicial da Comarca de Santar\u00e9m","type":"rich","width":600,"height":338,"html":"<blockquote class=\"wp-embedded-content\" data-secret=\"wYUyAaJZKZ\"><a href=\"https:\/\/comarcas.csm.org.pt\/santarem\/instrumentos-de-gestao\/\">Instrumentos de Gest\u00e3o<\/a><\/blockquote><iframe sandbox=\"allow-scripts\" security=\"restricted\" src=\"https:\/\/comarcas.csm.org.pt\/santarem\/instrumentos-de-gestao\/embed\/#?secret=wYUyAaJZKZ\" width=\"600\" height=\"338\" title=\"&#8220;Instrumentos de Gest\u00e3o&#8221; &#8212; Tribunal Judicial da Comarca de Santar\u00e9m\" data-secret=\"wYUyAaJZKZ\" frameborder=\"0\" marginwidth=\"0\" marginheight=\"0\" scrolling=\"no\" class=\"wp-embedded-content\"><\/iframe><script>\n\/*! This file is auto-generated *\/\n!function(d,l){\"use strict\";l.querySelector&&d.addEventListener&&\"undefined\"!=typeof URL&&(d.wp=d.wp||{},d.wp.receiveEmbedMessage||(d.wp.receiveEmbedMessage=function(e){var t=e.data;if((t||t.secret||t.message||t.value)&&!\/[^a-zA-Z0-9]\/.test(t.secret)){for(var s,r,n,a=l.querySelectorAll('iframe[data-secret=\"'+t.secret+'\"]'),o=l.querySelectorAll('blockquote[data-secret=\"'+t.secret+'\"]'),c=new RegExp(\"^https?:$\",\"i\"),i=0;i<o.length;i++)o[i].style.display=\"none\";for(i=0;i<a.length;i++)s=a[i],e.source===s.contentWindow&&(s.removeAttribute(\"style\"),\"height\"===t.message?(1e3<(r=parseInt(t.value,10))?r=1e3:~~r<200&&(r=200),s.height=r):\"link\"===t.message&&(r=new URL(s.getAttribute(\"src\")),n=new URL(t.value),c.test(n.protocol))&&n.host===r.host&&l.activeElement===s&&(d.top.location.href=t.value))}},d.addEventListener(\"message\",d.wp.receiveEmbedMessage,!1),l.addEventListener(\"DOMContentLoaded\",function(){for(var e,t,s=l.querySelectorAll(\"iframe.wp-embedded-content\"),r=0;r<s.length;r++)(t=(e=s[r]).getAttribute(\"data-secret\"))||(t=Math.random().toString(36).substring(2,12),e.src+=\"#?secret=\"+t,e.setAttribute(\"data-secret\",t)),e.contentWindow.postMessage({message:\"ready\",secret:t},\"*\")},!1)))}(window,document);\n<\/script>\n","description":"Distribui\u00e7\u00e3o Elei\u00e7\u00f5es Medidas de Gest\u00e3o Or\u00e7amento da Comarca Regime de Substitui\u00e7\u00e3o de Ju\u00edzes Regulamentos Relat\u00f3rio Anual da Comarca Turnos Distribui\u00e7\u00e3o REGULAMENTO DA DISTRIBUI\u00c7\u00c3O DO TRIBUNAL JUDICIAL DA COMARCA DE SANTAR\u00c9M (TJCS) E DO TRIBUNAL DA CONCORR\u00caNCIA, REGULA\u00c7\u00c3O E SUPERVIS\u00c3O (TCRS) Regulamento (Despacho 6\/2025 &#8211; GEN) CONDICIONAMENTOS \u00c0 DISTRIBUI\u00c7\u00c3O Consulte aqui. ESCALAS DE DISTRIBUI\u00c7\u00c3O DI\u00c1RIA E...","thumbnail_url":"https:\/\/img.freepik.com\/vetores-premium\/icone-de-vetor-de-simbolo-de-sinal-de-papel_942266-9.jpg"}