{"id":11330,"date":"2024-05-22T09:33:02","date_gmt":"2024-05-22T09:33:02","guid":{"rendered":"https:\/\/aveiro.vvr.pt\/?page_id=11330"},"modified":"2026-04-22T06:39:30","modified_gmt":"2026-04-22T09:39:30","slug":"instrumentos-de-gestao","status":"publish","type":"page","link":"https:\/\/comarcas.csm.org.pt\/santarem\/instrumentos-de-gestao\/","title":{"rendered":"Instrumentos de Gest\u00e3o"},"content":{"rendered":"\t\t<div data-elementor-type=\"wp-page\" data-elementor-id=\"11330\" class=\"elementor elementor-11330\" data-elementor-post-type=\"page\">\n\t\t\t\t<div class=\"elementor-element elementor-element-c33158e e-flex e-con-boxed e-con e-parent\" data-id=\"c33158e\" data-element_type=\"container\">\n\t\t\t\t\t<div class=\"e-con-inner\">\n\t\t\t\t<div class=\"elementor-element elementor-element-01f6d37 elementor-tabs-alignment-center elementor-tabs-view-horizontal elementor-widget elementor-widget-tabs\" data-id=\"01f6d37\" data-element_type=\"widget\" data-widget_type=\"tabs.default\">\n\t\t\t\t<div class=\"elementor-widget-container\">\n\t\t\t\t\t\t\t<div class=\"elementor-tabs\">\n\t\t\t<div class=\"elementor-tabs-wrapper\" role=\"tablist\" >\n\t\t\t\t\t\t\t\t\t<div id=\"elementor-tab-title-2051\" class=\"elementor-tab-title elementor-tab-desktop-title\" aria-selected=\"true\" data-tab=\"1\" role=\"tab\" tabindex=\"0\" aria-controls=\"elementor-tab-content-2051\" aria-expanded=\"false\">Distribui\u00e7\u00e3o<\/div>\n\t\t\t\t\t\t\t\t\t<div id=\"elementor-tab-title-2052\" class=\"elementor-tab-title elementor-tab-desktop-title\" aria-selected=\"false\" data-tab=\"2\" role=\"tab\" tabindex=\"-1\" aria-controls=\"elementor-tab-content-2052\" aria-expanded=\"false\">Elei\u00e7\u00f5es<\/div>\n\t\t\t\t\t\t\t\t\t<div id=\"elementor-tab-title-2053\" class=\"elementor-tab-title elementor-tab-desktop-title\" aria-selected=\"false\" data-tab=\"3\" role=\"tab\" tabindex=\"-1\" aria-controls=\"elementor-tab-content-2053\" aria-expanded=\"false\">Medidas de Gest\u00e3o<\/div>\n\t\t\t\t\t\t\t\t\t<div id=\"elementor-tab-title-2054\" class=\"elementor-tab-title elementor-tab-desktop-title\" aria-selected=\"false\" data-tab=\"4\" role=\"tab\" tabindex=\"-1\" aria-controls=\"elementor-tab-content-2054\" aria-expanded=\"false\">Or\u00e7amento da Comarca<\/div>\n\t\t\t\t\t\t\t\t\t<div id=\"elementor-tab-title-2055\" class=\"elementor-tab-title elementor-tab-desktop-title\" aria-selected=\"false\" data-tab=\"5\" role=\"tab\" tabindex=\"-1\" aria-controls=\"elementor-tab-content-2055\" aria-expanded=\"false\">Regime de Substitui\u00e7\u00e3o de Ju\u00edzes<\/div>\n\t\t\t\t\t\t\t\t\t<div id=\"elementor-tab-title-2056\" class=\"elementor-tab-title elementor-tab-desktop-title\" aria-selected=\"false\" data-tab=\"6\" role=\"tab\" tabindex=\"-1\" aria-controls=\"elementor-tab-content-2056\" aria-expanded=\"false\">Regulamentos<\/div>\n\t\t\t\t\t\t\t\t\t<div id=\"elementor-tab-title-2057\" class=\"elementor-tab-title elementor-tab-desktop-title\" aria-selected=\"false\" data-tab=\"7\" role=\"tab\" tabindex=\"-1\" aria-controls=\"elementor-tab-content-2057\" aria-expanded=\"false\">Relat\u00f3rio Anual da Comarca<\/div>\n\t\t\t\t\t\t\t\t\t<div id=\"elementor-tab-title-2058\" class=\"elementor-tab-title elementor-tab-desktop-title\" aria-selected=\"false\" data-tab=\"8\" role=\"tab\" tabindex=\"-1\" aria-controls=\"elementor-tab-content-2058\" aria-expanded=\"false\">Turnos<\/div>\n\t\t\t\t\t\t\t<\/div>\n\t\t\t<div class=\"elementor-tabs-content-wrapper\" role=\"tablist\" aria-orientation=\"vertical\">\n\t\t\t\t\t\t\t\t\t<div class=\"elementor-tab-title elementor-tab-mobile-title\" aria-selected=\"true\" data-tab=\"1\" role=\"tab\" tabindex=\"0\" aria-controls=\"elementor-tab-content-2051\" aria-expanded=\"false\">Distribui\u00e7\u00e3o<\/div>\n\t\t\t\t\t<div id=\"elementor-tab-content-2051\" class=\"elementor-tab-content elementor-clearfix\" data-tab=\"1\" role=\"tabpanel\" aria-labelledby=\"elementor-tab-title-2051\" tabindex=\"0\" hidden=\"false\"><p><strong>REGULAMENTO DA DISTRIBUI\u00c7\u00c3O DO TRIBUNAL JUDICIAL DA COMARCA DE SANTAR\u00c9M (TJCS) E DO TRIBUNAL DA CONCORR\u00caNCIA, REGULA\u00c7\u00c3O E SUPERVIS\u00c3O (TCRS)<\/strong><\/p><p><a href=\"https:\/\/comarcas.csm.org.pt\/santarem\/wp-content\/uploads\/sites\/24\/2025\/10\/Regulamento-Distribuicao.pdf\" target=\"_blank\" rel=\"noopener\">Regulamento (Despacho 6\/2025 &#8211; GEN)<\/a><a href=\"https:\/\/comarcas.csm.org.pt\/santarem\/wp-content\/uploads\/sites\/24\/2025\/10\/Regulamento-Distribuicao.pdf\" target=\"_blank\" rel=\"noopener\"><img decoding=\"async\" class=\"alignleft\" src=\"https:\/\/img.freepik.com\/vetores-premium\/icone-de-vetor-de-simbolo-de-sinal-de-papel_942266-9.jpg\" alt=\"\" width=\"19\" height=\"19\" \/><\/a><\/p><p><strong>CONDICIONAMENTOS \u00c0 DISTRIBUI\u00c7\u00c3O<\/strong><\/p><p>Consulte <a href=\"https:\/\/servicos.tribunais.org.pt\/servicos\/distribuicao-de-processos\/condicionamentos\/tribunal-judicial-da-comarca-de-santarem\/em-vigor\" target=\"_blank\" rel=\"noopener\">aqui<\/a>.<\/p><p><strong>ESCALAS DE DISTRIBUI\u00c7\u00c3O DI\u00c1RIA E EXTRAORDIN\u00c1RIA &#8211; JU\u00cdZES EFETIVOS E SUPLENTES &#8211; NA COMARCA DE SANTAR\u00c9M DE 22.10.2025 a 31.8.2026<\/strong><\/p><p><a href=\"https:\/\/comarcas.csm.org.pt\/santarem\/wp-content\/uploads\/sites\/24\/2025\/10\/Escala-de-distribuicao-diaria.pdf\" target=\"_blank\" rel=\"noopener\">Distribui\u00e7\u00e3o Ordin\u00e1ria do TJCS e TCRS e Extraordin\u00e1ria do n\u00facleo de Santar\u00e9m e do TCRS<\/a><a href=\"https:\/\/comarcas.csm.org.pt\/santarem\/wp-content\/uploads\/sites\/24\/2025\/10\/Escala-de-distribuicao-diaria.pdf\" target=\"_blank\" rel=\"noopener\"><img decoding=\"async\" class=\"alignleft\" src=\"https:\/\/img.freepik.com\/vetores-premium\/icone-de-vetor-de-simbolo-de-sinal-de-papel_942266-9.jpg\" alt=\"\" width=\"19\" height=\"19\" \/><\/a><\/p><p>Distribui\u00e7\u00e3o Extraordin\u00e1ria nos demais n\u00facleos da comarca:<\/p><p><a href=\"https:\/\/comarcas.csm.org.pt\/santarem\/wp-content\/uploads\/sites\/24\/2025\/10\/Distribuicao-extraordinaria-Abrantes.pdf\" target=\"_blank\" rel=\"noopener\">Abrantes<\/a><a href=\"https:\/\/comarcas.csm.org.pt\/santarem\/wp-content\/uploads\/sites\/24\/2025\/10\/Distribuicao-extraordinaria-Abrantes.pdf\" target=\"_blank\" rel=\"noopener\"><img decoding=\"async\" class=\"alignleft\" src=\"https:\/\/img.freepik.com\/vetores-premium\/icone-de-vetor-de-simbolo-de-sinal-de-papel_942266-9.jpg\" alt=\"\" width=\"19\" height=\"19\" \/><\/a><\/p><p><a href=\"https:\/\/comarcas.csm.org.pt\/santarem\/wp-content\/uploads\/sites\/24\/2025\/10\/Distribuicao-extraordinaria-Almeirim.pdf\" target=\"_blank\" rel=\"noopener\">Almeirim<\/a><a href=\"https:\/\/comarcas.csm.org.pt\/santarem\/wp-content\/uploads\/sites\/24\/2025\/10\/Distribuicao-extraordinaria-Almeirim.pdf\" target=\"_blank\" rel=\"noopener\"><img decoding=\"async\" class=\"alignleft\" src=\"https:\/\/img.freepik.com\/vetores-premium\/icone-de-vetor-de-simbolo-de-sinal-de-papel_942266-9.jpg\" alt=\"\" width=\"19\" height=\"19\" \/><\/a><\/p><p><a href=\"https:\/\/comarcas.csm.org.pt\/santarem\/wp-content\/uploads\/sites\/24\/2025\/10\/Distribuicao-extraordinaria-Benavente.pdf\" target=\"_blank\" rel=\"noopener\"><img decoding=\"async\" class=\"alignleft\" src=\"https:\/\/img.freepik.com\/vetores-premium\/icone-de-vetor-de-simbolo-de-sinal-de-papel_942266-9.jpg\" alt=\"\" width=\"19\" height=\"19\" \/><\/a><a href=\"https:\/\/comarcas.csm.org.pt\/santarem\/wp-content\/uploads\/sites\/24\/2025\/10\/Distribuicao-extraordinaria-Benavente.pdf\" target=\"_blank\" rel=\"noopener\">Benavente<\/a><\/p><p><a href=\"https:\/\/comarcas.csm.org.pt\/santarem\/wp-content\/uploads\/sites\/24\/2025\/10\/Distribuicao-extraordinaria-Cartaxo.pdf\" target=\"_blank\" rel=\"noopener\">Cartaxo<\/a><a href=\"https:\/\/comarcas.csm.org.pt\/santarem\/wp-content\/uploads\/sites\/24\/2025\/10\/Distribuicao-extraordinaria-Cartaxo.pdf\" target=\"_blank\" rel=\"noopener\"><img decoding=\"async\" class=\"alignleft\" src=\"https:\/\/img.freepik.com\/vetores-premium\/icone-de-vetor-de-simbolo-de-sinal-de-papel_942266-9.jpg\" alt=\"\" width=\"19\" height=\"19\" \/><\/a><\/p><p><a href=\"https:\/\/comarcas.csm.org.pt\/santarem\/wp-content\/uploads\/sites\/24\/2025\/10\/Distribuicao-extraordinaria-Coruche.pdf\" target=\"_blank\" rel=\"noopener\">Coruche<\/a><a href=\"https:\/\/comarcas.csm.org.pt\/santarem\/wp-content\/uploads\/sites\/24\/2025\/10\/Distribuicao-extraordinaria-Coruche.pdf\" target=\"_blank\" rel=\"noopener\"><img decoding=\"async\" class=\"alignleft\" src=\"https:\/\/img.freepik.com\/vetores-premium\/icone-de-vetor-de-simbolo-de-sinal-de-papel_942266-9.jpg\" alt=\"\" width=\"19\" height=\"19\" \/><\/a><\/p><p><a href=\"https:\/\/comarcas.csm.org.pt\/santarem\/wp-content\/uploads\/sites\/24\/2025\/10\/Distribuicao-extraordinaria-Entroncamento.pdf\" target=\"_blank\" rel=\"noopener\">Entroncamento<\/a><a href=\"https:\/\/comarcas.csm.org.pt\/santarem\/wp-content\/uploads\/sites\/24\/2025\/10\/Distribuicao-extraordinaria-Entroncamento.pdf\" target=\"_blank\" rel=\"noopener\"><img decoding=\"async\" class=\"alignleft\" src=\"https:\/\/img.freepik.com\/vetores-premium\/icone-de-vetor-de-simbolo-de-sinal-de-papel_942266-9.jpg\" alt=\"\" width=\"19\" height=\"19\" \/><\/a><\/p><p><a href=\"https:\/\/comarcas.csm.org.pt\/santarem\/wp-content\/uploads\/sites\/24\/2025\/10\/Distribuicao-extraordinaria-Ourem.pdf\" target=\"_blank\" rel=\"noopener\">Our\u00e9m<\/a><a href=\"https:\/\/comarcas.csm.org.pt\/santarem\/wp-content\/uploads\/sites\/24\/2025\/10\/Distribuicao-extraordinaria-Ourem.pdf\" target=\"_blank\" rel=\"noopener\"><img decoding=\"async\" class=\"alignleft\" src=\"https:\/\/img.freepik.com\/vetores-premium\/icone-de-vetor-de-simbolo-de-sinal-de-papel_942266-9.jpg\" alt=\"\" width=\"19\" height=\"19\" \/><\/a><\/p><p><a href=\"https:\/\/comarcas.csm.org.pt\/santarem\/wp-content\/uploads\/sites\/24\/2025\/10\/Distribuicao-extraordinaria-Rio-Maior.pdf\" target=\"_blank\" rel=\"noopener\">Rio Maior<\/a><a href=\"https:\/\/comarcas.csm.org.pt\/santarem\/wp-content\/uploads\/sites\/24\/2025\/10\/Distribuicao-extraordinaria-Rio-Maior.pdf\" target=\"_blank\" rel=\"noopener\"><img decoding=\"async\" class=\"alignleft\" src=\"https:\/\/img.freepik.com\/vetores-premium\/icone-de-vetor-de-simbolo-de-sinal-de-papel_942266-9.jpg\" alt=\"\" width=\"19\" height=\"19\" \/><\/a><\/p><p><a href=\"https:\/\/comarcas.csm.org.pt\/santarem\/wp-content\/uploads\/sites\/24\/2025\/10\/Distribuicao-extraordinaria-Tomar.pdf\" target=\"_blank\" rel=\"noopener\">Tomar<\/a><a href=\"https:\/\/comarcas.csm.org.pt\/santarem\/wp-content\/uploads\/sites\/24\/2025\/10\/Distribuicao-extraordinaria-Tomar.pdf\" target=\"_blank\" rel=\"noopener\"><img decoding=\"async\" class=\"alignleft\" src=\"https:\/\/img.freepik.com\/vetores-premium\/icone-de-vetor-de-simbolo-de-sinal-de-papel_942266-9.jpg\" alt=\"\" width=\"19\" height=\"19\" \/><\/a><\/p><p><a href=\"https:\/\/comarcas.csm.org.pt\/santarem\/wp-content\/uploads\/sites\/24\/2025\/10\/Distribuicao-extraordinaria-Torres-Novas.pdf\" target=\"_blank\" rel=\"noopener\">Torres Novas<\/a><a href=\"https:\/\/comarcas.csm.org.pt\/santarem\/wp-content\/uploads\/sites\/24\/2025\/10\/Distribuicao-extraordinaria-Torres-Novas.pdf\" target=\"_blank\" rel=\"noopener\"><img decoding=\"async\" class=\"alignleft\" src=\"https:\/\/img.freepik.com\/vetores-premium\/icone-de-vetor-de-simbolo-de-sinal-de-papel_942266-9.jpg\" alt=\"\" width=\"19\" height=\"19\" \/><\/a><\/p><\/div>\n\t\t\t\t\t\t\t\t\t<div class=\"elementor-tab-title elementor-tab-mobile-title\" aria-selected=\"false\" data-tab=\"2\" role=\"tab\" tabindex=\"-1\" aria-controls=\"elementor-tab-content-2052\" aria-expanded=\"false\">Elei\u00e7\u00f5es<\/div>\n\t\t\t\t\t<div id=\"elementor-tab-content-2052\" class=\"elementor-tab-content elementor-clearfix\" data-tab=\"2\" role=\"tabpanel\" aria-labelledby=\"elementor-tab-title-2052\" tabindex=\"0\" hidden=\"hidden\"><p><strong>PRESIDENTE DA REP\u00daBLICA\u00a0<\/strong><\/p><p><strong>2.\u00ba Sufr\u00e1gio &#8211; 15.02.2026<\/strong><\/p><p><a href=\"https:\/\/comarcas.csm.org.pt\/santarem\/wp-content\/uploads\/sites\/24\/2026\/02\/6-2026-PELT-PR-Extrato.pdf\" target=\"_blank\" rel=\"noopener\"><img decoding=\"async\" class=\"alignleft\" src=\"https:\/\/img.freepik.com\/vetores-premium\/icone-de-vetor-de-simbolo-de-sinal-de-papel_942266-9.jpg\" alt=\"Frank e Sustentabilidade: SIMBOLOS E CORES DE RECEPIENTES DE MATERIAIS ...\" width=\"19\" height=\"19\" \/><\/a><\/p><p><a href=\"https:\/\/comarcas.csm.org.pt\/santarem\/wp-content\/uploads\/sites\/24\/2026\/02\/6-2026-PELT-PR-Extrato.pdf\" target=\"_blank\" rel=\"noopener\">Despacho 6\/2026 &#8211; PELT (PR) | Documenta\u00e7\u00e3o e material eleitoral<\/a><\/p><p><strong>2.\u00ba Sufr\u00e1gio &#8211; 08.02.2026<\/strong><\/p><p><a href=\"https:\/\/comarcas.csm.org.pt\/santarem\/wp-content\/uploads\/sites\/24\/2026\/01\/4-2026-PELT-PR-Extrato.pdf\" target=\"_blank\" rel=\"noopener\"><img decoding=\"async\" class=\"alignleft\" src=\"https:\/\/img.freepik.com\/vetores-premium\/icone-de-vetor-de-simbolo-de-sinal-de-papel_942266-9.jpg\" alt=\"Frank e Sustentabilidade: SIMBOLOS E CORES DE RECEPIENTES DE MATERIAIS ...\" width=\"19\" height=\"19\" \/><\/a><\/p><p><a href=\"https:\/\/comarcas.csm.org.pt\/santarem\/wp-content\/uploads\/sites\/24\/2026\/01\/4-2026-PELT-PR-Extrato.pdf\" target=\"_blank\" rel=\"noopener\">Despacho 4\/2026 &#8211; PELT (PR) | Documenta\u00e7\u00e3o e material eleitoral<\/a><\/p><p><a href=\"https:\/\/comarcas.csm.org.pt\/santarem\/wp-content\/uploads\/sites\/24\/2026\/01\/3-2026-PELT-PR-e-5-2026-PELT-PR-Extrato.pdf\" target=\"_blank\" rel=\"noopener\"><img decoding=\"async\" class=\"alignleft\" src=\"https:\/\/img.freepik.com\/vetores-premium\/icone-de-vetor-de-simbolo-de-sinal-de-papel_942266-9.jpg\" alt=\"Frank e Sustentabilidade: SIMBOLOS E CORES DE RECEPIENTES DE MATERIAIS ...\" width=\"19\" height=\"19\" \/><\/a><\/p><p><a href=\"https:\/\/comarcas.csm.org.pt\/santarem\/wp-content\/uploads\/sites\/24\/2026\/01\/3-2026-PELT-PR-e-5-2026-PELT-PR-Extrato.pdf\" target=\"_blank\" rel=\"noopener\">Despacho 3\/2026 &#8211; PELT (PR) e Despacho 5\/2026 &#8211; PELT (PR) | Assembleia de Apuramento Distrital do distrito de Santar\u00e9m\u00a0<\/a><\/p><p><strong>1.\u00ba Sufr\u00e1gio &#8211; 18.01.2026<\/strong><\/p><p><a href=\"https:\/\/comarcas.csm.org.pt\/santarem\/wp-content\/uploads\/sites\/24\/2026\/01\/2-2026-PELT-PR-Extrato.pdf\" target=\"_blank\" rel=\"noopener\"><img decoding=\"async\" class=\"alignleft\" src=\"https:\/\/img.freepik.com\/vetores-premium\/icone-de-vetor-de-simbolo-de-sinal-de-papel_942266-9.jpg\" alt=\"Frank e Sustentabilidade: SIMBOLOS E CORES DE RECEPIENTES DE MATERIAIS ...\" width=\"19\" height=\"19\" \/><\/a><\/p><p><a href=\"https:\/\/comarcas.csm.org.pt\/santarem\/wp-content\/uploads\/sites\/24\/2026\/01\/2-2026-PELT-PR-Extrato.pdf\" target=\"_blank\" rel=\"noopener\">Despacho 2\/2026 &#8211; PELT (PR) |\u00a0Documenta\u00e7\u00e3o e material eleitoral<\/a><\/p><p><a href=\"https:\/\/comarcas.csm.org.pt\/santarem\/wp-content\/uploads\/sites\/24\/2026\/01\/1-2026-PELT-PR-Extrato.pdf\" target=\"_blank\" rel=\"noopener\"><img decoding=\"async\" class=\"alignleft\" src=\"https:\/\/img.freepik.com\/vetores-premium\/icone-de-vetor-de-simbolo-de-sinal-de-papel_942266-9.jpg\" alt=\"Frank e Sustentabilidade: SIMBOLOS E CORES DE RECEPIENTES DE MATERIAIS ...\" width=\"19\" height=\"19\" \/><\/a><\/p><p><a href=\"https:\/\/comarcas.csm.org.pt\/santarem\/wp-content\/uploads\/sites\/24\/2026\/01\/1-2026-PELT-PR-Extrato.pdf\" target=\"_blank\" rel=\"noopener\">Despacho 1\/2026 &#8211; PELT (PR) | Assembleia de Apuramento Distrital do distrito de Santar\u00e9m<\/a><\/p><p><strong>AUT\u00c1RQUICAS &#8211; 12.10.2025<\/strong><\/p><p><a href=\"https:\/\/comarcas.csm.org.pt\/santarem\/wp-content\/uploads\/sites\/24\/2025\/09\/17-2025-TRN-Extrato.pdf\" target=\"_blank\" rel=\"noopener\"><img decoding=\"async\" class=\"alignleft\" src=\"https:\/\/img.freepik.com\/vetores-premium\/icone-de-vetor-de-simbolo-de-sinal-de-papel_942266-9.jpg\" alt=\"Frank e Sustentabilidade: SIMBOLOS E CORES DE RECEPIENTES DE MATERIAIS ...\" width=\"19\" height=\"19\" \/><\/a><\/p><p><a href=\"https:\/\/comarcas.csm.org.pt\/santarem\/wp-content\/uploads\/sites\/24\/2025\/09\/17-2025-TRN-Extrato.pdf\" target=\"_blank\" rel=\"noopener\">Despacho 17\/2025 &#8211; TRN | Processo eleitoral aut\u00e1rquico no per\u00edodo de f\u00e9rias judiciais de ver\u00e3o<\/a>\u00a0<\/p><p><strong>LEGISLATIVAS &#8211; 18.05.2025<\/strong><\/p><p><a href=\"https:\/\/comarcas.csm.org.pt\/santarem\/wp-content\/uploads\/sites\/24\/2025\/05\/3-2025-PELTAR-Extracto.pdf\" target=\"_blank\" rel=\"noopener\"><img decoding=\"async\" class=\"alignleft\" src=\"https:\/\/img.freepik.com\/vetores-premium\/icone-de-vetor-de-simbolo-de-sinal-de-papel_942266-9.jpg\" alt=\"Frank e Sustentabilidade: SIMBOLOS E CORES DE RECEPIENTES DE MATERIAIS ...\" width=\"19\" height=\"19\" \/><span style=\"letter-spacing: 0.3px\">Despacho 3\/2025 &#8211; PELT (AR) | Documenta\u00e7\u00e3o e material eleitoral<\/span><\/a><\/p><p><a href=\"https:\/\/comarcas.csm.org.pt\/santarem\/wp-content\/uploads\/sites\/24\/2025\/05\/2-2025-PELTAR-Extracto.pdf\" target=\"_blank\" rel=\"noopener\"><span style=\"letter-spacing: 0.3px\"><img decoding=\"async\" class=\"alignleft\" src=\"https:\/\/img.freepik.com\/vetores-premium\/icone-de-vetor-de-simbolo-de-sinal-de-papel_942266-9.jpg\" alt=\"Frank e Sustentabilidade: SIMBOLOS E CORES DE RECEPIENTES DE MATERIAIS ...\" width=\"19\" height=\"19\" \/>Despacho 2\/2025 &#8211; PELT (AR) | Assembleia de Apuramento Geral e in\u00edcio de trabalhos \u00a0<\/span><\/a><\/p><p><a href=\"https:\/\/comarcas.csm.org.pt\/santarem\/wp-content\/uploads\/sites\/24\/2025\/05\/Nota-informativa.pdf\" target=\"_blank\" rel=\"noopener\"><img decoding=\"async\" class=\"alignleft\" src=\"https:\/\/img.freepik.com\/vetores-premium\/icone-de-vetor-de-simbolo-de-sinal-de-papel_942266-9.jpg\" alt=\"Frank e Sustentabilidade: SIMBOLOS E CORES DE RECEPIENTES DE MATERIAIS ...\" width=\"19\" height=\"19\" \/>Apresenta\u00e7\u00e3o de candidaturas \u00e0 elei\u00e7\u00e3o dos Deputados \u00e0 Assembleia da Rep\u00fablica no c\u00edrculo eleitoral de Santar\u00e9m<\/a><\/p><\/div>\n\t\t\t\t\t\t\t\t\t<div class=\"elementor-tab-title elementor-tab-mobile-title\" aria-selected=\"false\" data-tab=\"3\" role=\"tab\" tabindex=\"-1\" aria-controls=\"elementor-tab-content-2053\" aria-expanded=\"false\">Medidas de Gest\u00e3o<\/div>\n\t\t\t\t\t<div id=\"elementor-tab-content-2053\" class=\"elementor-tab-content elementor-clearfix\" data-tab=\"3\" role=\"tabpanel\" aria-labelledby=\"elementor-tab-title-2053\" tabindex=\"0\" hidden=\"hidden\"><p><strong>MEDIDAS DE GEST\u00c3O <\/strong><strong style=\"letter-spacing: 0.3px\">EM VIGOR<\/strong><\/p><p><a href=\"https:\/\/comarcas.csm.org.pt\/santarem\/wp-content\/uploads\/sites\/24\/2026\/04\/1-2026-AFT-Extrato.pdf\" target=\"_blank\" rel=\"noopener\"><img decoding=\"async\" class=\"alignleft\" title=\"https:\/\/comarcas.csm.org.pt\/santarem\/wp-content\/uploads\/sites\/24\/2025\/10\/12-2025-AFT-Extrato.pdf\" src=\"https:\/\/img.freepik.com\/vetores-premium\/icone-de-vetor-de-simbolo-de-sinal-de-papel_942266-9.jpg\" alt=\"Vector Documento\" width=\"19\" height=\"19\" \/><\/a><a href=\"https:\/\/comarcas.csm.org.pt\/santarem\/wp-content\/uploads\/sites\/24\/2026\/04\/1-2026-AFT-Extrato.pdf\" target=\"_blank\" rel=\"noopener\">Despacho 1\/2026-AFT | Ju\u00edzo de Compet\u00eancia Gen\u00e9rica do Cartaxo<\/a><\/p><p><a href=\"https:\/\/comarcas.csm.org.pt\/santarem\/wp-content\/uploads\/sites\/24\/2026\/01\/15-2025-AFT-Extrato.pdf\" target=\"_blank\" rel=\"noopener\"><img decoding=\"async\" class=\"alignleft\" title=\"https:\/\/comarcas.csm.org.pt\/santarem\/wp-content\/uploads\/sites\/24\/2025\/10\/12-2025-AFT-Extrato.pdf\" src=\"https:\/\/img.freepik.com\/vetores-premium\/icone-de-vetor-de-simbolo-de-sinal-de-papel_942266-9.jpg\" alt=\"Vector Documento\" width=\"19\" height=\"19\" \/><\/a><a href=\"https:\/\/comarcas.csm.org.pt\/santarem\/wp-content\/uploads\/sites\/24\/2026\/01\/15-2025-AFT-Extrato.pdf\" target=\"_blank\" rel=\"noopener\">Despacho 15\/2025 &#8211; AFT | Tribunal da Concorr\u00eancia, Regula\u00e7\u00e3o e Supervis\u00e3o, Juiz 1<\/a><\/p><p data-wp-editing=\"1\"><a href=\"https:\/\/comarcas.csm.org.pt\/santarem\/wp-content\/uploads\/sites\/24\/2026\/01\/14-2025-AFT-Extrato.pdf\" target=\"_blank\" rel=\"noopener\"><img decoding=\"async\" class=\"alignleft\" title=\"https:\/\/comarcas.csm.org.pt\/santarem\/wp-content\/uploads\/sites\/24\/2025\/10\/12-2025-AFT-Extrato.pdf\" src=\"https:\/\/img.freepik.com\/vetores-premium\/icone-de-vetor-de-simbolo-de-sinal-de-papel_942266-9.jpg\" alt=\"Vector Documento\" width=\"19\" height=\"19\" \/>Despacho 14\/2025 &#8211; AFT | Ju\u00edzo Central C\u00edvel de Santar\u00e9m, Juiz 4<\/a><\/p><p><a href=\"https:\/\/comarcas.csm.org.pt\/santarem\/wp-content\/uploads\/sites\/24\/2025\/11\/13-2025-AFT-Extrato.pdf\" target=\"_blank\" rel=\"noopener\"><img decoding=\"async\" class=\"alignleft\" title=\"https:\/\/comarcas.csm.org.pt\/santarem\/wp-content\/uploads\/sites\/24\/2025\/10\/12-2025-AFT-Extrato.pdf\" src=\"https:\/\/img.freepik.com\/vetores-premium\/icone-de-vetor-de-simbolo-de-sinal-de-papel_942266-9.jpg\" alt=\"Vector Documento\" width=\"19\" height=\"19\" \/>Despacho 13\/<\/a><a href=\"https:\/\/comarcas.csm.org.pt\/santarem\/wp-content\/uploads\/sites\/24\/2025\/10\/12-2025-AFT-Extrato.pdf\" target=\"_blank\" rel=\"noopener\">2025 &#8211; AFT | Ju\u00edzo Central C\u00edvel de Santar\u00e9m<\/a><\/p><p><img decoding=\"async\" class=\"alignleft\" title=\"https:\/\/comarcas.csm.org.pt\/santarem\/wp-content\/uploads\/sites\/24\/2025\/10\/12-2025-AFT-Extrato.pdf\" src=\"https:\/\/img.freepik.com\/vetores-premium\/icone-de-vetor-de-simbolo-de-sinal-de-papel_942266-9.jpg\" alt=\"Vector Documento\" width=\"19\" height=\"19\" \/><\/p><p><a href=\"https:\/\/comarcas.csm.org.pt\/santarem\/wp-content\/uploads\/sites\/24\/2025\/10\/12-2025-AFT-Extrato.pdf\" target=\"_blank\" rel=\"noopener\">Despacho 12\/2025 &#8211; AFT | Ju\u00edzo de Com<\/a><a href=\"https:\/\/comarcas.csm.org.pt\/santarem\/wp-content\/uploads\/sites\/24\/2025\/10\/12-2025-AFT-Extrato.pdf\" target=\"_blank\" rel=\"noopener\">pet\u00eancia Gen\u00e9rica de Almeirim<\/a><\/p><p><a href=\"https:\/\/comarcas.csm.org.pt\/santarem\/wp-content\/uploads\/sites\/24\/2025\/09\/11-2025-AFT-Extrato.pdf\" target=\"_blank\" rel=\"noopener\"><img loading=\"lazy\" decoding=\"async\" class=\"alignleft\" title=\"https:\/\/comarcas.csm.org.pt\/santarem\/wp-content\/uploads\/sites\/24\/2025\/09\/11-2025-AFT-Extrato.pdf\" src=\"https:\/\/img.freepik.com\/vetores-premium\/icone-de-vetor-de-simbolo-de-sinal-de-papel_942266-9.jpg\" alt=\"Vector Documento\" width=\"19\" height=\"19\" \/><\/a><a href=\"https:\/\/comarcas.csm.org.pt\/santarem\/wp-content\/uploads\/sites\/24\/2025\/09\/11-2025-AFT-Extrato.pdf\" target=\"_blank\" rel=\"noopener\">Despacho 11\/2025 &#8211; AFT | Ju\u00edzo Local Criminal de Benavente, Juiz 2<\/a><\/p><p><a href=\"https:\/\/comarcas.csm.org.pt\/santarem\/wp-content\/uploads\/sites\/24\/2025\/09\/2024DSQMJ1867-Extrato.pdf\" target=\"_blank\" rel=\"noopener\"><img loading=\"lazy\" decoding=\"async\" class=\"alignleft\" title=\"https:\/\/comarcas.csm.org.pt\/santarem\/wp-content\/uploads\/sites\/24\/2025\/09\/2024DSQMJ1867-Extrato.pdf\" src=\"https:\/\/img.freepik.com\/vetores-premium\/icone-de-vetor-de-simbolo-de-sinal-de-papel_942266-9.jpg\" alt=\"Vector Documento\" width=\"19\" height=\"19\" \/><\/a><a href=\"https:\/\/comarcas.csm.org.pt\/santarem\/wp-content\/uploads\/sites\/24\/2025\/09\/2024DSQMJ1867-Extrato.pdf\" target=\"_blank\" rel=\"noopener\">Procedimento 2024\/DSQMJ\/1867 | Ju\u00edzo Local Criminal de Benavente, Juiz 2<\/a><\/p><p><a href=\"https:\/\/comarcas.csm.org.pt\/santarem\/wp-content\/uploads\/sites\/24\/2025\/07\/10-2025-AFT-Extrato.pdf\" target=\"_blank\" rel=\"noopener\"><img loading=\"lazy\" decoding=\"async\" class=\"alignleft\" src=\"https:\/\/img.freepik.com\/vetores-premium\/icone-de-vetor-de-simbolo-de-sinal-de-papel_942266-9.jpg\" alt=\"Vector Documento\" width=\"19\" height=\"19\" \/><\/a><a href=\"https:\/\/comarcas.csm.org.pt\/santarem\/wp-content\/uploads\/sites\/24\/2025\/07\/10-2025-AFT-Extrato.pdf\" target=\"_blank\" rel=\"noopener\">Despacho 10\/2025 &#8211; AFT | Ju\u00edzo Central C\u00edvel, Juiz 1<\/a><\/p><\/div>\n\t\t\t\t\t\t\t\t\t<div class=\"elementor-tab-title elementor-tab-mobile-title\" aria-selected=\"false\" data-tab=\"4\" role=\"tab\" tabindex=\"-1\" aria-controls=\"elementor-tab-content-2054\" aria-expanded=\"false\">Or\u00e7amento da Comarca<\/div>\n\t\t\t\t\t<div id=\"elementor-tab-content-2054\" class=\"elementor-tab-content elementor-clearfix\" data-tab=\"4\" role=\"tabpanel\" aria-labelledby=\"elementor-tab-title-2054\" tabindex=\"0\" hidden=\"hidden\"><p><strong>OR\u00c7AMENTOS<\/strong><\/p><p><a href=\"https:\/\/comarcas.csm.org.pt\/santarem\/wp-content\/uploads\/sites\/24\/2025\/05\/BALANCETE-DOTACAO-2024.pdf\" target=\"_blank\" rel=\"noopener\"><img decoding=\"async\" class=\"alignleft\" src=\"https:\/\/img.freepik.com\/vetores-premium\/icone-de-vetor-de-simbolo-de-sinal-de-papel_942266-9.jpg\" alt=\"Frank e Sustentabilidade: SIMBOLOS E CORES DE RECEPIENTES DE MATERIAIS ...\" width=\"19\" height=\"19\" \/>Ano 2024\u00a0<\/a><\/p><\/div>\n\t\t\t\t\t\t\t\t\t<div class=\"elementor-tab-title elementor-tab-mobile-title\" aria-selected=\"false\" data-tab=\"5\" role=\"tab\" tabindex=\"-1\" aria-controls=\"elementor-tab-content-2055\" aria-expanded=\"false\">Regime de Substitui\u00e7\u00e3o de Ju\u00edzes<\/div>\n\t\t\t\t\t<div id=\"elementor-tab-content-2055\" class=\"elementor-tab-content elementor-clearfix\" data-tab=\"5\" role=\"tabpanel\" aria-labelledby=\"elementor-tab-title-2055\" tabindex=\"0\" hidden=\"hidden\"><p><strong>REGIME DE SUBSTITUI\u00c7\u00c3O DE JU\u00cdZES EM VIGOR <\/strong><\/p><p><a href=\"https:\/\/comarcas.csm.org.pt\/santarem\/wp-content\/uploads\/sites\/24\/2025\/07\/Regime-de-substituicao-de-juizes-retificado.pdf\" target=\"_blank\" rel=\"noopener\"><img decoding=\"async\" class=\"alignleft\" src=\"https:\/\/img.freepik.com\/vetores-premium\/icone-de-vetor-de-simbolo-de-sinal-de-papel_942266-9.jpg\" alt=\"Frank e Sustentabilidade: SIMBOLOS E CORES DE RECEPIENTES DE MATERIAIS ...\" width=\"19\" height=\"19\" \/><span style=\"letter-spacing: 0.3px\">Despacho 5\/2025 &#8211; SBT | Regime de substitui\u00e7\u00e3o de Ju\u00edzes\u00a0<\/span><\/a><\/p><\/div>\n\t\t\t\t\t\t\t\t\t<div class=\"elementor-tab-title elementor-tab-mobile-title\" aria-selected=\"false\" data-tab=\"6\" role=\"tab\" tabindex=\"-1\" aria-controls=\"elementor-tab-content-2056\" aria-expanded=\"false\">Regulamentos<\/div>\n\t\t\t\t\t<div id=\"elementor-tab-content-2056\" class=\"elementor-tab-content elementor-clearfix\" data-tab=\"6\" role=\"tabpanel\" aria-labelledby=\"elementor-tab-title-2056\" tabindex=\"0\" hidden=\"hidden\"><p><strong>REGULAMENTOS EM VIGOR<\/strong><\/p><p><a style=\"letter-spacing: 0.3px\" href=\"https:\/\/comarcas.csm.org.pt\/santarem\/wp-content\/uploads\/sites\/24\/2025\/10\/Regulamento-Distribuicao.pdf\" target=\"_blank\" rel=\"noopener\">Regulamento da Distribui\u00e7\u00e3o do Tribunal Judicial da Comarca de Santar\u00e9m e do Tribunal da Concorr\u00eancia, Regula\u00e7\u00e3o e Supervis\u00e3o<\/a><a href=\"https:\/\/comarcas.csm.org.pt\/santarem\/wp-content\/uploads\/sites\/24\/2025\/10\/Regulamento-Distribuicao.pdf\" target=\"_blank\" rel=\"noopener\"><img decoding=\"async\" class=\"alignleft\" src=\"https:\/\/img.freepik.com\/vetores-premium\/icone-de-vetor-de-simbolo-de-sinal-de-papel_942266-9.jpg\" alt=\"Frank e Sustentabilidade: SIMBOLOS E CORES DE RECEPIENTES DE MATERIAIS ...\" width=\"19\" height=\"19\" \/><\/a><\/p><p><a href=\"https:\/\/comarcas.csm.org.pt\/santarem\/wp-content\/uploads\/sites\/24\/2025\/05\/Regulamento-Comarca-Santarem-alterado-pelo-despacho-1-2023-RGL-de-12-de-Abril-de-2023.pdf\" target=\"_blank\" rel=\"noopener\"><img decoding=\"async\" class=\"alignleft\" src=\"https:\/\/img.freepik.com\/vetores-premium\/icone-de-vetor-de-simbolo-de-sinal-de-papel_942266-9.jpg\" alt=\"Frank e Sustentabilidade: SIMBOLOS E CORES DE RECEPIENTES DE MATERIAIS ...\" width=\"19\" height=\"19\" \/><\/a><a href=\"https:\/\/comarcas.csm.org.pt\/santarem\/wp-content\/uploads\/sites\/24\/2025\/05\/Regulamento-Comarca-Santarem-alterado-pelo-despacho-1-2023-RGL-de-12-de-Abril-de-2023.pdf\" target=\"_blank\" rel=\"noopener\">Regulamento Interno dos Servi\u00e7os Judiciais do Tribunal Judicial da Comarca de Santar\u00e9m (\u00faltima altera\u00e7\u00e3o: Despacho de 12 de Abril de 2023)<\/a><\/p><p><a href=\"https:\/\/comarcas.csm.org.pt\/santarem\/wp-content\/uploads\/sites\/24\/2025\/05\/Regulamento-Conselho-Consultivo.pdf\" target=\"_blank\" rel=\"noopener\"><img loading=\"lazy\" decoding=\"async\" class=\"alignleft\" src=\"https:\/\/img.freepik.com\/vetores-premium\/icone-de-vetor-de-simbolo-de-sinal-de-papel_942266-9.jpg\" alt=\"Vector Documento\" width=\"19\" height=\"19\" \/>Regulamento do Conselho Consultivo<\/a><\/p><p><a href=\"https:\/\/comarcas.csm.org.pt\/santarem\/wp-content\/uploads\/sites\/24\/2025\/05\/Regulamento-Eleitoral-Conselho-Consultivo.pdf\" target=\"_blank\" rel=\"noopener\"><img loading=\"lazy\" decoding=\"async\" class=\"alignleft\" src=\"https:\/\/img.freepik.com\/vetores-premium\/icone-de-vetor-de-simbolo-de-sinal-de-papel_942266-9.jpg\" alt=\"Vector Documento\" width=\"19\" height=\"19\" \/>Regulamento Eleitoral dos Representantes dos Ju\u00edzes, Magistrados do Minist\u00e9rio P\u00fablico e Oficiais de Justi\u00e7a para o Conselho Consultivo<\/a><\/p><p><a href=\"https:\/\/comarcas.csm.org.pt\/santarem\/wp-content\/uploads\/sites\/24\/2025\/05\/Regulamento-Conselho-Gestao.pdf\" target=\"_blank\" rel=\"noopener\"><img loading=\"lazy\" decoding=\"async\" class=\"alignleft\" src=\"https:\/\/img.freepik.com\/vetores-premium\/icone-de-vetor-de-simbolo-de-sinal-de-papel_942266-9.jpg\" alt=\"Vector Documento\" width=\"19\" height=\"19\" \/>Regulamento do Conselho de Gest\u00e3o<\/a><\/p><p><a href=\"https:\/\/comarcas.csm.org.pt\/santarem\/wp-content\/uploads\/sites\/24\/2025\/05\/Despacho-Biblioteca-Central.pdf\" target=\"_blank\" rel=\"noopener\"><img loading=\"lazy\" decoding=\"async\" class=\"alignleft\" src=\"https:\/\/img.freepik.com\/vetores-premium\/icone-de-vetor-de-simbolo-de-sinal-de-papel_942266-9.jpg\" alt=\"Vector Documento\" width=\"19\" height=\"19\" \/>Despacho relativo ao funcionamento da Biblioteca Central<\/a><\/p><p><strong style=\"letter-spacing: 0.3px\">REGULAMENTOS DO CONSELHO SUPERIOR DA MAGISTRATURA<\/strong><\/p><p><a href=\"https:\/\/www.csm.org.pt\/wp-content\/uploads\/2017\/02\/Regulamento-do-Quadro-Complementar-de-Ju%C3%ADzes.pdf\" target=\"_blank\" rel=\"noopener\"><img loading=\"lazy\" decoding=\"async\" class=\"alignleft\" src=\"https:\/\/img.freepik.com\/vetores-premium\/icone-de-vetor-de-simbolo-de-sinal-de-papel_942266-9.jpg\" alt=\"Vector Documento\" width=\"19\" height=\"19\" \/>Regulamento do Quadro Complementar de Ju\u00edzes<\/a><\/p><p><a href=\"https:\/\/www.csm.org.pt\/wp-content\/uploads\/2017\/02\/Regulamento-das-F%C3%A9rias-e-Turnos-Judiciais.pdf\" target=\"_blank\" rel=\"noopener\"><img loading=\"lazy\" decoding=\"async\" class=\"alignleft\" src=\"https:\/\/img.freepik.com\/vetores-premium\/icone-de-vetor-de-simbolo-de-sinal-de-papel_942266-9.jpg\" alt=\"Vector Documento\" width=\"19\" height=\"19\" \/>Regulamento das F\u00e9rias e Turnos Judiciais<\/a><\/p><p><a href=\"https:\/\/www.csm.org.pt\/wp-content\/uploads\/2021\/03\/regulamento_269_2021.pdf\" target=\"_blank\" rel=\"noopener\"><img loading=\"lazy\" decoding=\"async\" class=\"alignleft\" src=\"https:\/\/img.freepik.com\/vetores-premium\/icone-de-vetor-de-simbolo-de-sinal-de-papel_942266-9.jpg\" alt=\"Vector Documento\" width=\"19\" height=\"19\" \/>Regulamento das Situa\u00e7\u00f5es de Altera\u00e7\u00e3o, Redu\u00e7\u00e3o ou Suspens\u00e3o da Distribui\u00e7\u00e3o de Processos<\/a><\/p><p><a href=\"https:\/\/csm.org.pt\/wp-content\/uploads\/2024\/11\/Regulamento-dos-Instrumentos-de-Mobilidade-e-Acumulacao-de-funcoes.pdf\" target=\"_blank\" rel=\"noopener\"><img loading=\"lazy\" decoding=\"async\" class=\"alignleft\" src=\"https:\/\/img.freepik.com\/vetores-premium\/icone-de-vetor-de-simbolo-de-sinal-de-papel_942266-9.jpg\" alt=\"Vector Documento\" width=\"19\" height=\"19\" \/>Regulamento dos Instrumentos de Mobilidade e Acumula\u00e7\u00e3o de fun\u00e7\u00f5es<\/a><\/p><p><a href=\"https:\/\/www.csm.org.pt\/wp-content\/uploads\/2022\/11\/02112022-Regulamento-do-Gabinete-de-Apoio-aos-Magistrados-Judiciais-de-Comarca.pdf\" target=\"_blank\" rel=\"noopener\"><img loading=\"lazy\" decoding=\"async\" class=\"alignleft\" src=\"https:\/\/img.freepik.com\/vetores-premium\/icone-de-vetor-de-simbolo-de-sinal-de-papel_942266-9.jpg\" alt=\"Vector Documento\" width=\"19\" height=\"19\" \/>Regulamento do Gabinete de Apoio aos Magistrados Judiciais de Comarca<\/a><\/p><\/div>\n\t\t\t\t\t\t\t\t\t<div class=\"elementor-tab-title elementor-tab-mobile-title\" aria-selected=\"false\" data-tab=\"7\" role=\"tab\" tabindex=\"-1\" aria-controls=\"elementor-tab-content-2057\" aria-expanded=\"false\">Relat\u00f3rio Anual da Comarca<\/div>\n\t\t\t\t\t<div id=\"elementor-tab-content-2057\" class=\"elementor-tab-content elementor-clearfix\" data-tab=\"7\" role=\"tabpanel\" aria-labelledby=\"elementor-tab-title-2057\" tabindex=\"0\" hidden=\"hidden\"><p><b>RELAT\u00d3RIOS ANUAIS<\/b><\/p><p><a href=\"https:\/\/comarcas.csm.org.pt\/santarem\/wp-content\/uploads\/sites\/24\/2026\/03\/Relatorio-Anual-2025.pdf\" target=\"_blank\" rel=\"noopener\"><img decoding=\"async\" class=\"alignleft\" src=\"https:\/\/img.freepik.com\/vetores-premium\/icone-de-vetor-de-simbolo-de-sinal-de-papel_942266-9.jpg\" alt=\"Frank e Sustentabilidade: SIMBOLOS E CORES DE RECEPIENTES DE MATERIAIS ...\" width=\"19\" height=\"19\" \/>Ano Judicial 2025<\/a><\/p><p><a href=\"https:\/\/comarcas.csm.org.pt\/santarem\/wp-content\/uploads\/sites\/24\/2025\/04\/Relatorio-Anual-2024.pdf\" target=\"_blank\" rel=\"noopener\"><img decoding=\"async\" class=\"alignleft\" src=\"https:\/\/img.freepik.com\/vetores-premium\/icone-de-vetor-de-simbolo-de-sinal-de-papel_942266-9.jpg\" alt=\"Frank e Sustentabilidade: SIMBOLOS E CORES DE RECEPIENTES DE MATERIAIS ...\" width=\"19\" height=\"19\" \/>Ano Judicial 2024<\/a><\/p><p><a href=\"https:\/\/comarcas.csm.org.pt\/santarem\/wp-content\/uploads\/sites\/24\/2025\/04\/Relatorio-Anual-2023.pdf\" target=\"_blank\" rel=\"noopener\"><img decoding=\"async\" class=\"alignleft\" src=\"https:\/\/img.freepik.com\/vetores-premium\/icone-de-vetor-de-simbolo-de-sinal-de-papel_942266-9.jpg\" alt=\"Frank e Sustentabilidade: SIMBOLOS E CORES DE RECEPIENTES DE MATERIAIS ...\" width=\"19\" height=\"19\" \/>Ano Judicial 2023<\/a><\/p><\/div>\n\t\t\t\t\t\t\t\t\t<div class=\"elementor-tab-title elementor-tab-mobile-title\" aria-selected=\"false\" data-tab=\"8\" role=\"tab\" tabindex=\"-1\" aria-controls=\"elementor-tab-content-2058\" aria-expanded=\"false\">Turnos<\/div>\n\t\t\t\t\t<div id=\"elementor-tab-content-2058\" class=\"elementor-tab-content elementor-clearfix\" data-tab=\"8\" role=\"tabpanel\" aria-labelledby=\"elementor-tab-title-2058\" tabindex=\"0\" hidden=\"hidden\"><p><strong>TURNO DE DISTRIBUI\u00c7\u00c3O<\/strong><\/p><p>Consultar a aba &#8220;Distribui\u00e7\u00e3o&#8221;<\/p><p><strong>TURNO PARA O SERVI\u00c7O JUDICIAL AOS S\u00c1BADOS OU DIAS FERIADOS &#8211; PER\u00cdODO DE 1 DE SETEMBRO DE 2025 A 31 DE AGOSTO DE 2026<\/strong><\/p><p><a href=\"https:\/\/comarcas.csm.org.pt\/santarem\/wp-content\/uploads\/sites\/24\/2025\/09\/DR-Mapa-de-Turnos-2025-2026.pdf\" target=\"_blank\" rel=\"noopener\">Mapa<\/a><a href=\"https:\/\/comarcas.csm.org.pt\/santarem\/wp-content\/uploads\/sites\/24\/2025\/09\/DR-Mapa-de-Turnos-2025-2026.pdf\" target=\"_blank\" rel=\"noopener\"><img decoding=\"async\" class=\"alignleft\" src=\"https:\/\/img.freepik.com\/vetores-premium\/icone-de-vetor-de-simbolo-de-sinal-de-papel_942266-9.jpg\" alt=\"\" width=\"19\" height=\"19\" \/><\/a><\/p><p>Em conformidade com o previsto no artigo 55.\u00ba n.\u00ba 8 ROFTJ, para efeito de realiza\u00e7\u00e3o de turnos de f\u00e9rias judiciais e aos s\u00e1bados e feriados, a Comarca est\u00e1 dividida em duas \u00e1reas:<\/p><ul><li>uma, designada pela letra A, correspondente \u00e0 \u00e1rea geogr\u00e1fica de compet\u00eancia territorial dos Ju\u00edzos Locais e de Compet\u00eancia Gen\u00e9rica de Almeirim, Benavente, Cartaxo, Coruche, Rio Maior e Santar\u00e9m; e,<\/li><li>outra, designada pela letra B, correspondente \u00e0 \u00e1rea geogr\u00e1fica de compet\u00eancia territorial dos Ju\u00edzos Locais e de Compet\u00eancia Gen\u00e9rica de Abrantes, Entroncamento, Our\u00e9m, Tomar e Torres Novas.<\/li><\/ul><p><a href=\"https:\/\/comarcas.csm.org.pt\/santarem\/wp-content\/uploads\/sites\/24\/2025\/05\/Deliberacao-CG-17-06-2014.pdf\" target=\"_blank\" rel=\"noopener\"><img decoding=\"async\" class=\"alignleft\" src=\"https:\/\/img.freepik.com\/vetores-premium\/icone-de-vetor-de-simbolo-de-sinal-de-papel_942266-9.jpg\" alt=\"Frank e Sustentabilidade: SIMBOLOS E CORES DE RECEPIENTES DE MATERIAIS ...\" width=\"19\" height=\"19\" \/>Delibera\u00e7\u00e3o do Conselho de Gest\u00e3o de 17.06.2014<\/a><\/p><p><strong>TURNO PARA O SERVI\u00c7O JUDICIAL FORA DE PER\u00cdODOS DE F\u00c9RIAS JUDICIAIS, S\u00c1BADOS OU DIAS FERIADOS<\/strong><\/p><p><a href=\"https:\/\/comarcas.csm.org.pt\/santarem\/wp-content\/uploads\/sites\/24\/2025\/05\/3-2024-TRN-Extracto.pdf\" target=\"_blank\" rel=\"noopener\"><img loading=\"lazy\" decoding=\"async\" class=\"alignleft\" src=\"https:\/\/img.freepik.com\/vetores-premium\/icone-de-vetor-de-simbolo-de-sinal-de-papel_942266-9.jpg\" alt=\"Vector Documento\" width=\"19\" height=\"19\" \/>Despacho 3\/2024 &#8211; TRN | Ju\u00edzo Local Criminal de Benavente<\/a><\/p><p><a href=\"https:\/\/comarcas.csm.org.pt\/santarem\/wp-content\/uploads\/sites\/24\/2025\/05\/4-2024-TRN-Extracto.pdf\" target=\"_blank\" rel=\"noopener\"><img loading=\"lazy\" decoding=\"async\" class=\"alignleft\" src=\"https:\/\/img.freepik.com\/vetores-premium\/icone-de-vetor-de-simbolo-de-sinal-de-papel_942266-9.jpg\" alt=\"Vector Documento\" width=\"19\" height=\"19\" \/>Despacho 4\/2024 &#8211; TRN | Ju\u00edzo de Compet\u00eancia Gen\u00e9rica do Entroncamento<\/a><\/p><p><a href=\"https:\/\/comarcas.csm.org.pt\/santarem\/wp-content\/uploads\/sites\/24\/2025\/05\/8-2024-GEN-Extracto.pdf\" target=\"_blank\" rel=\"noopener\"><img loading=\"lazy\" decoding=\"async\" class=\"alignleft\" src=\"https:\/\/img.freepik.com\/vetores-premium\/icone-de-vetor-de-simbolo-de-sinal-de-papel_942266-9.jpg\" alt=\"Vector Documento\" width=\"19\" height=\"19\" \/>Despacho 8\/2024 &#8211; GEN | Ju\u00edzo de Instru\u00e7\u00e3o Criminal de Santar\u00e9m<\/a><\/p><p><a href=\"https:\/\/comarcas.csm.org.pt\/santarem\/wp-content\/uploads\/sites\/24\/2025\/05\/9-2024-TRN-Extracto.pdf\" target=\"_blank\" rel=\"noopener\"><img loading=\"lazy\" decoding=\"async\" class=\"alignleft\" src=\"https:\/\/img.freepik.com\/vetores-premium\/icone-de-vetor-de-simbolo-de-sinal-de-papel_942266-9.jpg\" alt=\"Vector Documento\" width=\"19\" height=\"19\" \/>Despacho 9\/2024 &#8211; TRN | Ju\u00edzo Local Criminal de Santar\u00e9m<\/a><\/p><p><strong>TURNO PARA O SERVI\u00c7O JUDICIAL EM PER\u00cdODO DE F\u00c9RIAS JUDICIAIS<\/strong><\/p><p><a href=\"https:\/\/comarcas.csm.org.pt\/santarem\/wp-content\/uploads\/sites\/24\/2025\/11\/Mapa-A-extrato.pdf\" target=\"_blank\" rel=\"noopener\"><img decoding=\"async\" class=\"alignleft\" src=\"https:\/\/img.freepik.com\/vetores-premium\/icone-de-vetor-de-simbolo-de-sinal-de-papel_942266-9.jpg\" alt=\"\" width=\"19\" height=\"19\" \/>Mapa &#8211; Turno A<\/a><\/p><p><a href=\"https:\/\/comarcas.csm.org.pt\/santarem\/wp-content\/uploads\/sites\/24\/2025\/11\/Mapa-B-extrato.pdf\" target=\"_blank\" rel=\"noopener\">Mapa &#8211; Turno B<\/a><a href=\"https:\/\/comarcas.csm.org.pt\/santarem\/wp-content\/uploads\/sites\/24\/2025\/11\/Mapa-B-extrato.pdf\" target=\"_blank\" rel=\"noopener\"><img decoding=\"async\" class=\"alignleft\" src=\"https:\/\/img.freepik.com\/vetores-premium\/icone-de-vetor-de-simbolo-de-sinal-de-papel_942266-9.jpg\" alt=\"\" width=\"19\" height=\"19\" \/><\/a><\/p><\/div>\n\t\t\t\t\t\t\t<\/div>\n\t\t<\/div>\n\t\t\t\t\t\t<\/div>\n\t\t\t\t<\/div>\n\t\t\t\t\t<\/div>\n\t\t\t\t<\/div>\n\t\t\t\t<\/div>\n\t\t","protected":false},"excerpt":{"rendered":"<p>Distribui\u00e7\u00e3o Elei\u00e7\u00f5es Medidas de Gest\u00e3o Or\u00e7amento da Comarca Regime de Substitui\u00e7\u00e3o de Ju\u00edzes Regulamentos Relat\u00f3rio Anual da Comarca Turnos Distribui\u00e7\u00e3o REGULAMENTO DA DISTRIBUI\u00c7\u00c3O DO TRIBUNAL JUDICIAL DA COMARCA DE SANTAR\u00c9M (TJCS) E DO TRIBUNAL DA CONCORR\u00caNCIA, REGULA\u00c7\u00c3O E SUPERVIS\u00c3O (TCRS) Regulamento (Despacho 6\/2025 &#8211; GEN) CONDICIONAMENTOS \u00c0 DISTRIBUI\u00c7\u00c3O Consulte aqui. ESCALAS DE DISTRIBUI\u00c7\u00c3O DI\u00c1RIA E&#8230;<\/p>\n","protected":false},"author":1,"featured_media":0,"parent":0,"menu_order":0,"comment_status":"closed","ping_status":"closed","template":"","meta":{"_tbt_post_transparent":"","_tbt_post_title":"","_tbt_post_layout":"","_tbt_post_sidebar_id":"","_tbt_post_content_style":"","_tbt_post_vertical_padding":"","_tbt_post_feature":"","_tbt_post_feature_position":"","_tbt_post_header":false,"_tbt_post_footer":false},"class_list":["post-11330","page","type-page","status-publish","hentry"],"yoast_head":"<!-- This site is optimized with the Yoast SEO plugin v25.6 - https:\/\/yoast.com\/wordpress\/plugins\/seo\/ -->\n<title>Instrumentos de Gest\u00e3o - Tribunal Judicial da Comarca de Santar\u00e9m<\/title>\n<meta name=\"robots\" content=\"index, follow, max-snippet:-1, max-image-preview:large, max-video-preview:-1\" \/>\n<link rel=\"canonical\" href=\"https:\/\/comarcas.csm.org.pt\/santarem\/instrumentos-de-gestao\/\" \/>\n<meta property=\"og:locale\" content=\"pt_PT\" \/>\n<meta property=\"og:type\" content=\"article\" \/>\n<meta property=\"og:title\" content=\"Instrumentos de Gest\u00e3o - Tribunal Judicial da Comarca de Santar\u00e9m\" \/>\n<meta property=\"og:description\" content=\"Distribui\u00e7\u00e3o Elei\u00e7\u00f5es Medidas de Gest\u00e3o Or\u00e7amento da Comarca Regime de Substitui\u00e7\u00e3o de Ju\u00edzes Regulamentos Relat\u00f3rio Anual da Comarca Turnos Distribui\u00e7\u00e3o REGULAMENTO DA DISTRIBUI\u00c7\u00c3O DO TRIBUNAL JUDICIAL DA COMARCA DE SANTAR\u00c9M (TJCS) E DO TRIBUNAL DA CONCORR\u00caNCIA, REGULA\u00c7\u00c3O E SUPERVIS\u00c3O (TCRS) Regulamento (Despacho 6\/2025 &#8211; GEN) CONDICIONAMENTOS \u00c0 DISTRIBUI\u00c7\u00c3O Consulte aqui. ESCALAS DE DISTRIBUI\u00c7\u00c3O DI\u00c1RIA E...\" \/>\n<meta property=\"og:url\" content=\"https:\/\/comarcas.csm.org.pt\/santarem\/instrumentos-de-gestao\/\" \/>\n<meta property=\"og:site_name\" content=\"Tribunal Judicial da Comarca de Santar\u00e9m\" \/>\n<meta property=\"article:modified_time\" content=\"2026-04-22T09:39:30+00:00\" \/>\n<meta property=\"og:image\" content=\"https:\/\/img.freepik.com\/vetores-premium\/icone-de-vetor-de-simbolo-de-sinal-de-papel_942266-9.jpg\" \/>\n<meta name=\"twitter:card\" content=\"summary_large_image\" \/>\n<meta name=\"twitter:label1\" content=\"Tempo estimado de leitura\" \/>\n\t<meta name=\"twitter:data1\" content=\"15 minutos\" \/>\n<script type=\"application\/ld+json\" class=\"yoast-schema-graph\">{\"@context\":\"https:\/\/schema.org\",\"@graph\":[{\"@type\":\"WebPage\",\"@id\":\"https:\/\/comarcas.csm.org.pt\/santarem\/instrumentos-de-gestao\/\",\"url\":\"https:\/\/comarcas.csm.org.pt\/santarem\/instrumentos-de-gestao\/\",\"name\":\"Instrumentos de Gest\u00e3o - Tribunal Judicial da Comarca de Santar\u00e9m\",\"isPartOf\":{\"@id\":\"https:\/\/comarcas.csm.org.pt\/santarem\/#website\"},\"primaryImageOfPage\":{\"@id\":\"https:\/\/comarcas.csm.org.pt\/santarem\/instrumentos-de-gestao\/#primaryimage\"},\"image\":{\"@id\":\"https:\/\/comarcas.csm.org.pt\/santarem\/instrumentos-de-gestao\/#primaryimage\"},\"thumbnailUrl\":\"https:\/\/img.freepik.com\/vetores-premium\/icone-de-vetor-de-simbolo-de-sinal-de-papel_942266-9.jpg\",\"datePublished\":\"2024-05-22T09:33:02+00:00\",\"dateModified\":\"2026-04-22T09:39:30+00:00\",\"breadcrumb\":{\"@id\":\"https:\/\/comarcas.csm.org.pt\/santarem\/instrumentos-de-gestao\/#breadcrumb\"},\"inLanguage\":\"pt-PT\",\"potentialAction\":[{\"@type\":\"ReadAction\",\"target\":[\"https:\/\/comarcas.csm.org.pt\/santarem\/instrumentos-de-gestao\/\"]}]},{\"@type\":\"ImageObject\",\"inLanguage\":\"pt-PT\",\"@id\":\"https:\/\/comarcas.csm.org.pt\/santarem\/instrumentos-de-gestao\/#primaryimage\",\"url\":\"https:\/\/img.freepik.com\/vetores-premium\/icone-de-vetor-de-simbolo-de-sinal-de-papel_942266-9.jpg\",\"contentUrl\":\"https:\/\/img.freepik.com\/vetores-premium\/icone-de-vetor-de-simbolo-de-sinal-de-papel_942266-9.jpg\"},{\"@type\":\"BreadcrumbList\",\"@id\":\"https:\/\/comarcas.csm.org.pt\/santarem\/instrumentos-de-gestao\/#breadcrumb\",\"itemListElement\":[{\"@type\":\"ListItem\",\"position\":1,\"name\":\"In\u00edcio\",\"item\":\"https:\/\/comarcas.csm.org.pt\/santarem\/\"},{\"@type\":\"ListItem\",\"position\":2,\"name\":\"Instrumentos de Gest\u00e3o\"}]},{\"@type\":\"WebSite\",\"@id\":\"https:\/\/comarcas.csm.org.pt\/santarem\/#website\",\"url\":\"https:\/\/comarcas.csm.org.pt\/santarem\/\",\"name\":\"Tribunal Judicial da Comarca de Santar\u00e9m\",\"description\":\"Tribunal Judicial da Comarca de Santar\u00e9m\",\"publisher\":{\"@id\":\"https:\/\/comarcas.csm.org.pt\/santarem\/#organization\"},\"potentialAction\":[{\"@type\":\"SearchAction\",\"target\":{\"@type\":\"EntryPoint\",\"urlTemplate\":\"https:\/\/comarcas.csm.org.pt\/santarem\/?s={search_term_string}\"},\"query-input\":{\"@type\":\"PropertyValueSpecification\",\"valueRequired\":true,\"valueName\":\"search_term_string\"}}],\"inLanguage\":\"pt-PT\"},{\"@type\":\"Organization\",\"@id\":\"https:\/\/comarcas.csm.org.pt\/santarem\/#organization\",\"name\":\"Tribunal Judicial da Comarca de Santar\u00e9m\",\"url\":\"https:\/\/comarcas.csm.org.pt\/santarem\/\",\"logo\":{\"@type\":\"ImageObject\",\"inLanguage\":\"pt-PT\",\"@id\":\"https:\/\/comarcas.csm.org.pt\/santarem\/#\/schema\/logo\/image\/\",\"url\":\"https:\/\/comarcas.csm.org.pt\/santarem\/wp-content\/uploads\/sites\/24\/2024\/11\/Santarem_positivo-horizontal.png\",\"contentUrl\":\"https:\/\/comarcas.csm.org.pt\/santarem\/wp-content\/uploads\/sites\/24\/2024\/11\/Santarem_positivo-horizontal.png\",\"width\":4842,\"height\":890,\"caption\":\"Tribunal Judicial da Comarca de Santar\u00e9m\"},\"image\":{\"@id\":\"https:\/\/comarcas.csm.org.pt\/santarem\/#\/schema\/logo\/image\/\"}}]}<\/script>\n<!-- \/ Yoast SEO plugin. -->","yoast_head_json":{"title":"Instrumentos de Gest\u00e3o - Tribunal Judicial da Comarca de Santar\u00e9m","robots":{"index":"index","follow":"follow","max-snippet":"max-snippet:-1","max-image-preview":"max-image-preview:large","max-video-preview":"max-video-preview:-1"},"canonical":"https:\/\/comarcas.csm.org.pt\/santarem\/instrumentos-de-gestao\/","og_locale":"pt_PT","og_type":"article","og_title":"Instrumentos de Gest\u00e3o - Tribunal Judicial da Comarca de Santar\u00e9m","og_description":"Distribui\u00e7\u00e3o Elei\u00e7\u00f5es Medidas de Gest\u00e3o Or\u00e7amento da Comarca Regime de Substitui\u00e7\u00e3o de Ju\u00edzes Regulamentos Relat\u00f3rio Anual da Comarca Turnos Distribui\u00e7\u00e3o REGULAMENTO DA DISTRIBUI\u00c7\u00c3O DO TRIBUNAL JUDICIAL DA COMARCA DE SANTAR\u00c9M (TJCS) E DO TRIBUNAL DA CONCORR\u00caNCIA, REGULA\u00c7\u00c3O E SUPERVIS\u00c3O (TCRS) Regulamento (Despacho 6\/2025 &#8211; GEN) CONDICIONAMENTOS \u00c0 DISTRIBUI\u00c7\u00c3O Consulte aqui. ESCALAS DE DISTRIBUI\u00c7\u00c3O DI\u00c1RIA E...","og_url":"https:\/\/comarcas.csm.org.pt\/santarem\/instrumentos-de-gestao\/","og_site_name":"Tribunal Judicial da Comarca de Santar\u00e9m","article_modified_time":"2026-04-22T09:39:30+00:00","og_image":[{"url":"https:\/\/img.freepik.com\/vetores-premium\/icone-de-vetor-de-simbolo-de-sinal-de-papel_942266-9.jpg","type":"","width":"","height":""}],"twitter_card":"summary_large_image","twitter_misc":{"Tempo estimado de leitura":"15 minutos"},"schema":{"@context":"https:\/\/schema.org","@graph":[{"@type":"WebPage","@id":"https:\/\/comarcas.csm.org.pt\/santarem\/instrumentos-de-gestao\/","url":"https:\/\/comarcas.csm.org.pt\/santarem\/instrumentos-de-gestao\/","name":"Instrumentos de Gest\u00e3o - Tribunal Judicial da Comarca de Santar\u00e9m","isPartOf":{"@id":"https:\/\/comarcas.csm.org.pt\/santarem\/#website"},"primaryImageOfPage":{"@id":"https:\/\/comarcas.csm.org.pt\/santarem\/instrumentos-de-gestao\/#primaryimage"},"image":{"@id":"https:\/\/comarcas.csm.org.pt\/santarem\/instrumentos-de-gestao\/#primaryimage"},"thumbnailUrl":"https:\/\/img.freepik.com\/vetores-premium\/icone-de-vetor-de-simbolo-de-sinal-de-papel_942266-9.jpg","datePublished":"2024-05-22T09:33:02+00:00","dateModified":"2026-04-22T09:39:30+00:00","breadcrumb":{"@id":"https:\/\/comarcas.csm.org.pt\/santarem\/instrumentos-de-gestao\/#breadcrumb"},"inLanguage":"pt-PT","potentialAction":[{"@type":"ReadAction","target":["https:\/\/comarcas.csm.org.pt\/santarem\/instrumentos-de-gestao\/"]}]},{"@type":"ImageObject","inLanguage":"pt-PT","@id":"https:\/\/comarcas.csm.org.pt\/santarem\/instrumentos-de-gestao\/#primaryimage","url":"https:\/\/img.freepik.com\/vetores-premium\/icone-de-vetor-de-simbolo-de-sinal-de-papel_942266-9.jpg","contentUrl":"https:\/\/img.freepik.com\/vetores-premium\/icone-de-vetor-de-simbolo-de-sinal-de-papel_942266-9.jpg"},{"@type":"BreadcrumbList","@id":"https:\/\/comarcas.csm.org.pt\/santarem\/instrumentos-de-gestao\/#breadcrumb","itemListElement":[{"@type":"ListItem","position":1,"name":"In\u00edcio","item":"https:\/\/comarcas.csm.org.pt\/santarem\/"},{"@type":"ListItem","position":2,"name":"Instrumentos de Gest\u00e3o"}]},{"@type":"WebSite","@id":"https:\/\/comarcas.csm.org.pt\/santarem\/#website","url":"https:\/\/comarcas.csm.org.pt\/santarem\/","name":"Tribunal Judicial da Comarca de Santar\u00e9m","description":"Tribunal Judicial da Comarca de Santar\u00e9m","publisher":{"@id":"https:\/\/comarcas.csm.org.pt\/santarem\/#organization"},"potentialAction":[{"@type":"SearchAction","target":{"@type":"EntryPoint","urlTemplate":"https:\/\/comarcas.csm.org.pt\/santarem\/?s={search_term_string}"},"query-input":{"@type":"PropertyValueSpecification","valueRequired":true,"valueName":"search_term_string"}}],"inLanguage":"pt-PT"},{"@type":"Organization","@id":"https:\/\/comarcas.csm.org.pt\/santarem\/#organization","name":"Tribunal Judicial da Comarca de Santar\u00e9m","url":"https:\/\/comarcas.csm.org.pt\/santarem\/","logo":{"@type":"ImageObject","inLanguage":"pt-PT","@id":"https:\/\/comarcas.csm.org.pt\/santarem\/#\/schema\/logo\/image\/","url":"https:\/\/comarcas.csm.org.pt\/santarem\/wp-content\/uploads\/sites\/24\/2024\/11\/Santarem_positivo-horizontal.png","contentUrl":"https:\/\/comarcas.csm.org.pt\/santarem\/wp-content\/uploads\/sites\/24\/2024\/11\/Santarem_positivo-horizontal.png","width":4842,"height":890,"caption":"Tribunal Judicial da Comarca de Santar\u00e9m"},"image":{"@id":"https:\/\/comarcas.csm.org.pt\/santarem\/#\/schema\/logo\/image\/"}}]}},"_links":{"self":[{"href":"https:\/\/comarcas.csm.org.pt\/santarem\/wp-json\/wp\/v2\/pages\/11330","targetHints":{"allow":["GET"]}}],"collection":[{"href":"https:\/\/comarcas.csm.org.pt\/santarem\/wp-json\/wp\/v2\/pages"}],"about":[{"href":"https:\/\/comarcas.csm.org.pt\/santarem\/wp-json\/wp\/v2\/types\/page"}],"author":[{"embeddable":true,"href":"https:\/\/comarcas.csm.org.pt\/santarem\/wp-json\/wp\/v2\/users\/1"}],"replies":[{"embeddable":true,"href":"https:\/\/comarcas.csm.org.pt\/santarem\/wp-json\/wp\/v2\/comments?post=11330"}],"version-history":[{"count":434,"href":"https:\/\/comarcas.csm.org.pt\/santarem\/wp-json\/wp\/v2\/pages\/11330\/revisions"}],"predecessor-version":[{"id":14003,"href":"https:\/\/comarcas.csm.org.pt\/santarem\/wp-json\/wp\/v2\/pages\/11330\/revisions\/14003"}],"wp:attachment":[{"href":"https:\/\/comarcas.csm.org.pt\/santarem\/wp-json\/wp\/v2\/media?parent=11330"}],"curies":[{"name":"wp","href":"https:\/\/api.w.org\/{rel}","templated":true}]}}