{"id":12279,"date":"2025-05-03T08:44:56","date_gmt":"2025-05-03T08:44:56","guid":{"rendered":"https:\/\/comarcas.csm.org.pt\/santarem\/?page_id=12279"},"modified":"2025-05-03T09:59:30","modified_gmt":"2025-05-03T09:59:30","slug":"macao","status":"publish","type":"page","link":"https:\/\/comarcas.csm.org.pt\/santarem\/acomarca\/juizos\/macao\/","title":{"rendered":"Ma\u00e7\u00e3o"},"content":{"rendered":"\t\t<div data-elementor-type=\"wp-page\" data-elementor-id=\"12279\" class=\"elementor elementor-12279\" data-elementor-post-type=\"page\">\n\t\t\t\t<div class=\"elementor-element elementor-element-549c336 e-flex e-con-boxed e-con e-parent\" data-id=\"549c336\" data-element_type=\"container\">\n\t\t\t\t\t<div class=\"e-con-inner\">\n\t\t\t\t<div class=\"elementor-element elementor-element-9a1545a elementor-widget elementor-widget-n-accordion\" data-id=\"9a1545a\" data-element_type=\"widget\" data-settings=\"{&quot;default_state&quot;:&quot;expanded&quot;,&quot;max_items_expended&quot;:&quot;one&quot;,&quot;n_accordion_animation_duration&quot;:{&quot;unit&quot;:&quot;ms&quot;,&quot;size&quot;:400,&quot;sizes&quot;:[]}}\" data-widget_type=\"nested-accordion.default\">\n\t\t\t\t<div class=\"elementor-widget-container\">\n\t\t\t\t\t\t\t<div class=\"e-n-accordion\" aria-label=\"Accordion. Open links with Enter or Space, close with Escape, and navigate with Arrow Keys\">\n\t\t\t\t\t\t<details id=\"e-n-accordion-item-1610\" class=\"e-n-accordion-item\" open>\n\t\t\t\t<summary class=\"e-n-accordion-item-title\" data-accordion-index=\"1\" tabindex=\"0\" aria-expanded=\"true\" aria-controls=\"e-n-accordion-item-1610\" >\n\t\t\t\t\t<span class='e-n-accordion-item-title-header'><div class=\"e-n-accordion-item-title-text\"> Ju\u00edzo de Proximidade de Ma\u00e7\u00e3o <\/div><\/span>\n\t\t\t\t\t\t\t<span class='e-n-accordion-item-title-icon'>\n\t\t\t<span class='e-opened' ><svg aria-hidden=\"true\" class=\"e-font-icon-svg e-fas-minus\" viewBox=\"0 0 448 512\" xmlns=\"http:\/\/www.w3.org\/2000\/svg\"><path d=\"M416 208H32c-17.67 0-32 14.33-32 32v32c0 17.67 14.33 32 32 32h384c17.67 0 32-14.33 32-32v-32c0-17.67-14.33-32-32-32z\"><\/path><\/svg><\/span>\n\t\t\t<span class='e-closed'><svg aria-hidden=\"true\" class=\"e-font-icon-svg e-fas-plus\" viewBox=\"0 0 448 512\" xmlns=\"http:\/\/www.w3.org\/2000\/svg\"><path d=\"M416 208H272V64c0-17.67-14.33-32-32-32h-32c-17.67 0-32 14.33-32 32v144H32c-17.67 0-32 14.33-32 32v32c0 17.67 14.33 32 32 32h144v144c0 17.67 14.33 32 32 32h32c17.67 0 32-14.33 32-32V304h144c17.67 0 32-14.33 32-32v-32c0-17.67-14.33-32-32-32z\"><\/path><\/svg><\/span>\n\t\t<\/span>\n\n\t\t\t\t\t\t<\/summary>\n\t\t\t\t<div role=\"region\" aria-labelledby=\"e-n-accordion-item-1610\" class=\"elementor-element elementor-element-c9c3f80 e-con-full e-grid e-con e-child\" data-id=\"c9c3f80\" data-element_type=\"container\">\n\t\t\t\t<div class=\"elementor-element elementor-element-6733f6a elementor-widget elementor-widget-text-editor\" data-id=\"6733f6a\" data-element_type=\"widget\" data-widget_type=\"text-editor.default\">\n\t\t\t\t<div class=\"elementor-widget-container\">\n\t\t\t\t\t\t\t\t\t<p><strong>Morada:<\/strong> Pal\u00e1cio da Justi\u00e7a, Av. Eng. Adelino Amaro da Costa, 6120-746 Ma\u00e7\u00e3o<\/p><p><strong>Telefone:<\/strong> 241095700<\/p><p><strong>Fax:<\/strong> 241095704<\/p><p><strong>Email:<\/strong> macao@tribunais.org.pt<\/p><p><strong>Compet\u00eancia Territorial:<\/strong> No \u00e2mbito da compet\u00eancia dos Ju\u00edzos Locais C\u00edvel e Criminal de Abrantes<\/p>\t\t\t\t\t\t\t\t<\/div>\n\t\t\t\t<\/div>\n\t\t\t\t<div class=\"elementor-element elementor-element-6fa8d60 elementor-widget elementor-widget-google_maps\" data-id=\"6fa8d60\" data-element_type=\"widget\" data-widget_type=\"google_maps.default\">\n\t\t\t\t<div class=\"elementor-widget-container\">\n\t\t\t\t\t\t\t<div class=\"elementor-custom-embed\">\n\t\t\t<iframe loading=\"lazy\"\n\t\t\t\t\tsrc=\"https:\/\/www.google.com\/maps\/embed\/v1\/place?key=AIzaSyDhSoLeftGxfg7Tvco7SEUCY-Cc_XLDY3c&#038;q=Avenida%20Eng%20Adelino%20Amaro%20da%20Costa%20337%2C%206120-724%20Ma%C3%A7%C3%A3o&#038;zoom=10\"\n\t\t\t\t\ttitle=\"Avenida Eng Adelino Amaro da Costa 337, 6120-724 Ma\u00e7\u00e3o\"\n\t\t\t\t\taria-label=\"Avenida Eng Adelino Amaro da Costa 337, 6120-724 Ma\u00e7\u00e3o\"\n\t\t\t><\/iframe>\n\t\t<\/div>\n\t\t\t\t\t\t<\/div>\n\t\t\t\t<\/div>\n\t\t\t\t<\/div>\n\t\t\t\t\t<\/details>\n\t\t\t\t\t<\/div>\n\t\t\t\t\t\t<\/div>\n\t\t\t\t<\/div>\n\t\t\t\t\t<\/div>\n\t\t\t\t<\/div>\n\t\t\t\t<\/div>\n\t\t","protected":false},"excerpt":{"rendered":"<p>Ju\u00edzo de Proximidade de Ma\u00e7\u00e3o Morada: Pal\u00e1cio da Justi\u00e7a, Av. Eng. Adelino Amaro da Costa, 6120-746 Ma\u00e7\u00e3o Telefone: 241095700 Fax: 241095704 Email: macao@tribunais.org.pt Compet\u00eancia Territorial: No \u00e2mbito da compet\u00eancia dos Ju\u00edzos Locais C\u00edvel e Criminal de Abrantes Morada: Pal\u00e1cio da Justi\u00e7a, Av. Eng. Adelino Amaro da Costa, 6120-746 Ma\u00e7\u00e3o Telefone: 241095700 Fax: 241095704 Email: macao@tribunais.org.pt&#8230;<\/p>\n","protected":false},"author":24,"featured_media":0,"parent":11069,"menu_order":0,"comment_status":"closed","ping_status":"closed","template":"","meta":{"_tbt_post_transparent":"","_tbt_post_title":"","_tbt_post_layout":"default","_tbt_post_sidebar_id":"","_tbt_post_content_style":"","_tbt_post_vertical_padding":"","_tbt_post_feature":"","_tbt_post_feature_position":"","_tbt_post_header":false,"_tbt_post_footer":false},"class_list":["post-12279","page","type-page","status-publish","hentry"],"yoast_head":"<!-- This site is optimized with the Yoast SEO plugin v25.6 - https:\/\/yoast.com\/wordpress\/plugins\/seo\/ -->\n<title>Ma\u00e7\u00e3o - Tribunal Judicial da Comarca de Santar\u00e9m<\/title>\n<meta name=\"robots\" content=\"index, follow, max-snippet:-1, max-image-preview:large, max-video-preview:-1\" \/>\n<link rel=\"canonical\" href=\"https:\/\/comarcas.csm.org.pt\/santarem\/acomarca\/juizos\/macao\/\" \/>\n<meta property=\"og:locale\" content=\"pt_PT\" \/>\n<meta property=\"og:type\" content=\"article\" \/>\n<meta property=\"og:title\" content=\"Ma\u00e7\u00e3o - Tribunal Judicial da Comarca de Santar\u00e9m\" \/>\n<meta property=\"og:description\" content=\"Ju\u00edzo de Proximidade de Ma\u00e7\u00e3o Morada: Pal\u00e1cio da Justi\u00e7a, Av. Eng. Adelino Amaro da Costa, 6120-746 Ma\u00e7\u00e3o Telefone: 241095700 Fax: 241095704 Email: macao@tribunais.org.pt Compet\u00eancia Territorial: No \u00e2mbito da compet\u00eancia dos Ju\u00edzos Locais C\u00edvel e Criminal de Abrantes Morada: Pal\u00e1cio da Justi\u00e7a, Av. Eng. Adelino Amaro da Costa, 6120-746 Ma\u00e7\u00e3o Telefone: 241095700 Fax: 241095704 Email: macao@tribunais.org.pt...\" \/>\n<meta property=\"og:url\" content=\"https:\/\/comarcas.csm.org.pt\/santarem\/acomarca\/juizos\/macao\/\" \/>\n<meta property=\"og:site_name\" content=\"Tribunal Judicial da Comarca de Santar\u00e9m\" \/>\n<meta property=\"article:modified_time\" content=\"2025-05-03T09:59:30+00:00\" \/>\n<meta name=\"twitter:card\" content=\"summary_large_image\" \/>\n<script type=\"application\/ld+json\" class=\"yoast-schema-graph\">{\"@context\":\"https:\/\/schema.org\",\"@graph\":[{\"@type\":\"WebPage\",\"@id\":\"https:\/\/comarcas.csm.org.pt\/santarem\/acomarca\/juizos\/macao\/\",\"url\":\"https:\/\/comarcas.csm.org.pt\/santarem\/acomarca\/juizos\/macao\/\",\"name\":\"Ma\u00e7\u00e3o - Tribunal Judicial da Comarca de Santar\u00e9m\",\"isPartOf\":{\"@id\":\"https:\/\/comarcas.csm.org.pt\/santarem\/#website\"},\"datePublished\":\"2025-05-03T08:44:56+00:00\",\"dateModified\":\"2025-05-03T09:59:30+00:00\",\"breadcrumb\":{\"@id\":\"https:\/\/comarcas.csm.org.pt\/santarem\/acomarca\/juizos\/macao\/#breadcrumb\"},\"inLanguage\":\"pt-PT\",\"potentialAction\":[{\"@type\":\"ReadAction\",\"target\":[\"https:\/\/comarcas.csm.org.pt\/santarem\/acomarca\/juizos\/macao\/\"]}]},{\"@type\":\"BreadcrumbList\",\"@id\":\"https:\/\/comarcas.csm.org.pt\/santarem\/acomarca\/juizos\/macao\/#breadcrumb\",\"itemListElement\":[{\"@type\":\"ListItem\",\"position\":1,\"name\":\"In\u00edcio\",\"item\":\"https:\/\/comarcas.csm.org.pt\/santarem\/\"},{\"@type\":\"ListItem\",\"position\":2,\"name\":\"A Comarca\",\"item\":\"https:\/\/comarcas.csm.org.pt\/santarem\/acomarca\/\"},{\"@type\":\"ListItem\",\"position\":3,\"name\":\"Ju\u00edzos\",\"item\":\"https:\/\/comarcas.csm.org.pt\/santarem\/acomarca\/juizos\/\"},{\"@type\":\"ListItem\",\"position\":4,\"name\":\"Ma\u00e7\u00e3o\"}]},{\"@type\":\"WebSite\",\"@id\":\"https:\/\/comarcas.csm.org.pt\/santarem\/#website\",\"url\":\"https:\/\/comarcas.csm.org.pt\/santarem\/\",\"name\":\"Tribunal Judicial da Comarca de Santar\u00e9m\",\"description\":\"Tribunal Judicial da Comarca de Santar\u00e9m\",\"publisher\":{\"@id\":\"https:\/\/comarcas.csm.org.pt\/santarem\/#organization\"},\"potentialAction\":[{\"@type\":\"SearchAction\",\"target\":{\"@type\":\"EntryPoint\",\"urlTemplate\":\"https:\/\/comarcas.csm.org.pt\/santarem\/?s={search_term_string}\"},\"query-input\":{\"@type\":\"PropertyValueSpecification\",\"valueRequired\":true,\"valueName\":\"search_term_string\"}}],\"inLanguage\":\"pt-PT\"},{\"@type\":\"Organization\",\"@id\":\"https:\/\/comarcas.csm.org.pt\/santarem\/#organization\",\"name\":\"Tribunal Judicial da Comarca de Santar\u00e9m\",\"url\":\"https:\/\/comarcas.csm.org.pt\/santarem\/\",\"logo\":{\"@type\":\"ImageObject\",\"inLanguage\":\"pt-PT\",\"@id\":\"https:\/\/comarcas.csm.org.pt\/santarem\/#\/schema\/logo\/image\/\",\"url\":\"https:\/\/comarcas.csm.org.pt\/santarem\/wp-content\/uploads\/sites\/24\/2024\/11\/Santarem_positivo-horizontal.png\",\"contentUrl\":\"https:\/\/comarcas.csm.org.pt\/santarem\/wp-content\/uploads\/sites\/24\/2024\/11\/Santarem_positivo-horizontal.png\",\"width\":4842,\"height\":890,\"caption\":\"Tribunal Judicial da Comarca de Santar\u00e9m\"},\"image\":{\"@id\":\"https:\/\/comarcas.csm.org.pt\/santarem\/#\/schema\/logo\/image\/\"}}]}<\/script>\n<!-- \/ Yoast SEO plugin. -->","yoast_head_json":{"title":"Ma\u00e7\u00e3o - Tribunal Judicial da Comarca de Santar\u00e9m","robots":{"index":"index","follow":"follow","max-snippet":"max-snippet:-1","max-image-preview":"max-image-preview:large","max-video-preview":"max-video-preview:-1"},"canonical":"https:\/\/comarcas.csm.org.pt\/santarem\/acomarca\/juizos\/macao\/","og_locale":"pt_PT","og_type":"article","og_title":"Ma\u00e7\u00e3o - Tribunal Judicial da Comarca de Santar\u00e9m","og_description":"Ju\u00edzo de Proximidade de Ma\u00e7\u00e3o Morada: Pal\u00e1cio da Justi\u00e7a, Av. Eng. Adelino Amaro da Costa, 6120-746 Ma\u00e7\u00e3o Telefone: 241095700 Fax: 241095704 Email: macao@tribunais.org.pt Compet\u00eancia Territorial: No \u00e2mbito da compet\u00eancia dos Ju\u00edzos Locais C\u00edvel e Criminal de Abrantes Morada: Pal\u00e1cio da Justi\u00e7a, Av. Eng. Adelino Amaro da Costa, 6120-746 Ma\u00e7\u00e3o Telefone: 241095700 Fax: 241095704 Email: macao@tribunais.org.pt...","og_url":"https:\/\/comarcas.csm.org.pt\/santarem\/acomarca\/juizos\/macao\/","og_site_name":"Tribunal Judicial da Comarca de Santar\u00e9m","article_modified_time":"2025-05-03T09:59:30+00:00","twitter_card":"summary_large_image","schema":{"@context":"https:\/\/schema.org","@graph":[{"@type":"WebPage","@id":"https:\/\/comarcas.csm.org.pt\/santarem\/acomarca\/juizos\/macao\/","url":"https:\/\/comarcas.csm.org.pt\/santarem\/acomarca\/juizos\/macao\/","name":"Ma\u00e7\u00e3o - Tribunal Judicial da Comarca de Santar\u00e9m","isPartOf":{"@id":"https:\/\/comarcas.csm.org.pt\/santarem\/#website"},"datePublished":"2025-05-03T08:44:56+00:00","dateModified":"2025-05-03T09:59:30+00:00","breadcrumb":{"@id":"https:\/\/comarcas.csm.org.pt\/santarem\/acomarca\/juizos\/macao\/#breadcrumb"},"inLanguage":"pt-PT","potentialAction":[{"@type":"ReadAction","target":["https:\/\/comarcas.csm.org.pt\/santarem\/acomarca\/juizos\/macao\/"]}]},{"@type":"BreadcrumbList","@id":"https:\/\/comarcas.csm.org.pt\/santarem\/acomarca\/juizos\/macao\/#breadcrumb","itemListElement":[{"@type":"ListItem","position":1,"name":"In\u00edcio","item":"https:\/\/comarcas.csm.org.pt\/santarem\/"},{"@type":"ListItem","position":2,"name":"A Comarca","item":"https:\/\/comarcas.csm.org.pt\/santarem\/acomarca\/"},{"@type":"ListItem","position":3,"name":"Ju\u00edzos","item":"https:\/\/comarcas.csm.org.pt\/santarem\/acomarca\/juizos\/"},{"@type":"ListItem","position":4,"name":"Ma\u00e7\u00e3o"}]},{"@type":"WebSite","@id":"https:\/\/comarcas.csm.org.pt\/santarem\/#website","url":"https:\/\/comarcas.csm.org.pt\/santarem\/","name":"Tribunal Judicial da Comarca de Santar\u00e9m","description":"Tribunal Judicial da Comarca de Santar\u00e9m","publisher":{"@id":"https:\/\/comarcas.csm.org.pt\/santarem\/#organization"},"potentialAction":[{"@type":"SearchAction","target":{"@type":"EntryPoint","urlTemplate":"https:\/\/comarcas.csm.org.pt\/santarem\/?s={search_term_string}"},"query-input":{"@type":"PropertyValueSpecification","valueRequired":true,"valueName":"search_term_string"}}],"inLanguage":"pt-PT"},{"@type":"Organization","@id":"https:\/\/comarcas.csm.org.pt\/santarem\/#organization","name":"Tribunal Judicial da Comarca de Santar\u00e9m","url":"https:\/\/comarcas.csm.org.pt\/santarem\/","logo":{"@type":"ImageObject","inLanguage":"pt-PT","@id":"https:\/\/comarcas.csm.org.pt\/santarem\/#\/schema\/logo\/image\/","url":"https:\/\/comarcas.csm.org.pt\/santarem\/wp-content\/uploads\/sites\/24\/2024\/11\/Santarem_positivo-horizontal.png","contentUrl":"https:\/\/comarcas.csm.org.pt\/santarem\/wp-content\/uploads\/sites\/24\/2024\/11\/Santarem_positivo-horizontal.png","width":4842,"height":890,"caption":"Tribunal Judicial da Comarca de Santar\u00e9m"},"image":{"@id":"https:\/\/comarcas.csm.org.pt\/santarem\/#\/schema\/logo\/image\/"}}]}},"_links":{"self":[{"href":"https:\/\/comarcas.csm.org.pt\/santarem\/wp-json\/wp\/v2\/pages\/12279","targetHints":{"allow":["GET"]}}],"collection":[{"href":"https:\/\/comarcas.csm.org.pt\/santarem\/wp-json\/wp\/v2\/pages"}],"about":[{"href":"https:\/\/comarcas.csm.org.pt\/santarem\/wp-json\/wp\/v2\/types\/page"}],"author":[{"embeddable":true,"href":"https:\/\/comarcas.csm.org.pt\/santarem\/wp-json\/wp\/v2\/users\/24"}],"replies":[{"embeddable":true,"href":"https:\/\/comarcas.csm.org.pt\/santarem\/wp-json\/wp\/v2\/comments?post=12279"}],"version-history":[{"count":10,"href":"https:\/\/comarcas.csm.org.pt\/santarem\/wp-json\/wp\/v2\/pages\/12279\/revisions"}],"predecessor-version":[{"id":12373,"href":"https:\/\/comarcas.csm.org.pt\/santarem\/wp-json\/wp\/v2\/pages\/12279\/revisions\/12373"}],"up":[{"embeddable":true,"href":"https:\/\/comarcas.csm.org.pt\/santarem\/wp-json\/wp\/v2\/pages\/11069"}],"wp:attachment":[{"href":"https:\/\/comarcas.csm.org.pt\/santarem\/wp-json\/wp\/v2\/media?parent=12279"}],"curies":[{"name":"wp","href":"https:\/\/api.w.org\/{rel}","templated":true}]}}