{"id":12593,"date":"2025-12-19T14:34:05","date_gmt":"2025-12-19T14:34:05","guid":{"rendered":"https:\/\/comarcas.csm.org.pt\/vila-real\/?page_id=12593"},"modified":"2025-12-19T14:36:56","modified_gmt":"2025-12-19T14:36:56","slug":"chaves","status":"publish","type":"page","link":"https:\/\/comarcas.csm.org.pt\/vila-real\/acomarca\/juizos\/chaves\/","title":{"rendered":"Chaves"},"content":{"rendered":"\t\t<div data-elementor-type=\"wp-page\" data-elementor-id=\"12593\" class=\"elementor elementor-12593\" data-elementor-post-type=\"page\">\n\t\t\t\t<div class=\"elementor-element elementor-element-8e7b53d e-flex e-con-boxed e-con e-parent\" data-id=\"8e7b53d\" data-element_type=\"container\">\n\t\t\t\t\t<div class=\"e-con-inner\">\n\t\t\t\t<div class=\"elementor-element elementor-element-a498782 elementor-widget elementor-widget-spacer\" data-id=\"a498782\" data-element_type=\"widget\" data-widget_type=\"spacer.default\">\n\t\t\t\t<div class=\"elementor-widget-container\">\n\t\t\t\t\t\t\t<div class=\"elementor-spacer\">\n\t\t\t<div class=\"elementor-spacer-inner\"><\/div>\n\t\t<\/div>\n\t\t\t\t\t\t<\/div>\n\t\t\t\t<\/div>\n\t\t\t\t\t<\/div>\n\t\t\t\t<\/div>\n\t\t<div class=\"elementor-element elementor-element-fd073e1 e-flex e-con-boxed e-con e-parent\" data-id=\"fd073e1\" data-element_type=\"container\">\n\t\t\t\t\t<div class=\"e-con-inner\">\n\t\t<div class=\"elementor-element elementor-element-256132b e-con-full e-flex e-con e-child\" data-id=\"256132b\" data-element_type=\"container\">\n\t\t\t\t<div class=\"elementor-element elementor-element-799f2b4 elementor-widget elementor-widget-heading\" data-id=\"799f2b4\" data-element_type=\"widget\" data-widget_type=\"heading.default\">\n\t\t\t\t<div class=\"elementor-widget-container\">\n\t\t\t\t\t<h4 class=\"elementor-heading-title elementor-size-default\">Ju\u00edzo de Execu\u00e7\u00e3o de Chaves<\/h4>\t\t\t\t<\/div>\n\t\t\t\t<\/div>\n\t\t\t\t<\/div>\n\t\t<div class=\"elementor-element elementor-element-20439af e-con-full e-flex e-con e-child\" data-id=\"20439af\" data-element_type=\"container\">\n\t\t\t\t<div class=\"elementor-element elementor-element-996d1f8 elementor-widget elementor-widget-icon-box\" data-id=\"996d1f8\" data-element_type=\"widget\" data-widget_type=\"icon-box.default\">\n\t\t\t\t<div class=\"elementor-widget-container\">\n\t\t\t\t\t\t\t<div class=\"elementor-icon-box-wrapper\">\n\n\t\t\t\n\t\t\t\t\t\t<div class=\"elementor-icon-box-content\">\n\n\t\t\t\t\t\t\t\t\t<h6 class=\"elementor-icon-box-title\">\n\t\t\t\t\t\t<span  >\n\t\t\t\t\t\t\tCompet\u00eancia Territorial:\t\t\t\t\t\t<\/span>\n\t\t\t\t\t<\/h6>\n\t\t\t\t\n\t\t\t\t\t\t\t\t\t<p class=\"elementor-icon-box-description\">\n\t\t\t\t\t\tDistrito de Vila Real\t\t\t\t\t<\/p>\n\t\t\t\t\n\t\t\t<\/div>\n\t\t\t\n\t\t<\/div>\n\t\t\t\t\t\t<\/div>\n\t\t\t\t<\/div>\n\t\t\t\t<div class=\"elementor-element elementor-element-5b7de7c elementor-widget elementor-widget-icon-box\" data-id=\"5b7de7c\" data-element_type=\"widget\" data-widget_type=\"icon-box.default\">\n\t\t\t\t<div class=\"elementor-widget-container\">\n\t\t\t\t\t\t\t<div class=\"elementor-icon-box-wrapper\">\n\n\t\t\t\n\t\t\t\t\t\t<div class=\"elementor-icon-box-content\">\n\n\t\t\t\t\t\t\t\t\t<h6 class=\"elementor-icon-box-title\">\n\t\t\t\t\t\t<span  >\n\t\t\t\t\t\t\tMorada:\t\t\t\t\t\t<\/span>\n\t\t\t\t\t<\/h6>\n\t\t\t\t\n\t\t\t\t\t\t\t\t\t<p class=\"elementor-icon-box-description\">\n\t\t\t\t\t\tPal\u00e1cio da Justi\u00e7a\n<br>Largo do Arrabalde\n  <br>5400-097 Chaves\t\t\t\t\t<\/p>\n\t\t\t\t\n\t\t\t<\/div>\n\t\t\t\n\t\t<\/div>\n\t\t\t\t\t\t<\/div>\n\t\t\t\t<\/div>\n\t\t\t\t<div class=\"elementor-element elementor-element-113a8fa elementor-widget elementor-widget-icon-box\" data-id=\"113a8fa\" data-element_type=\"widget\" data-widget_type=\"icon-box.default\">\n\t\t\t\t<div class=\"elementor-widget-container\">\n\t\t\t\t\t\t\t<div class=\"elementor-icon-box-wrapper\">\n\n\t\t\t\n\t\t\t\t\t\t<div class=\"elementor-icon-box-content\">\n\n\t\t\t\t\t\t\t\t\t<h6 class=\"elementor-icon-box-title\">\n\t\t\t\t\t\t<span  >\n\t\t\t\t\t\t\tContactos:\t\t\t\t\t\t<\/span>\n\t\t\t\t\t<\/h6>\n\t\t\t\t\n\t\t\t\t\t\t\t\t\t<p class=\"elementor-icon-box-description\">\n\t\t\t\t\t\t<b>Telefone:<\/b> 276340520\n<br>\n<b>Fax:<\/b>276090049\n<br>\n<b>Email:<\/b> chaves.execucao@tribunais.org.pt\t\t\t\t\t<\/p>\n\t\t\t\t\n\t\t\t<\/div>\n\t\t\t\n\t\t<\/div>\n\t\t\t\t\t\t<\/div>\n\t\t\t\t<\/div>\n\t\t\t\t<\/div>\n\t\t<div class=\"elementor-element elementor-element-c9a0a50 e-con-full e-flex e-con e-child\" data-id=\"c9a0a50\" data-element_type=\"container\">\n\t\t\t\t<div class=\"elementor-element elementor-element-62721b7 elementor-widget__width-initial elementor-widget elementor-widget-google_maps\" data-id=\"62721b7\" data-element_type=\"widget\" data-widget_type=\"google_maps.default\">\n\t\t\t\t<div class=\"elementor-widget-container\">\n\t\t\t\t\t\t\t<div class=\"elementor-custom-embed\">\n\t\t\t<iframe loading=\"lazy\"\n\t\t\t\t\tsrc=\"https:\/\/www.google.com\/maps\/embed\/v1\/place?key=AIzaSyDhSoLeftGxfg7Tvco7SEUCY-Cc_XLDY3c&#038;q=tribunal%20dechaves&#038;zoom=15\"\n\t\t\t\t\ttitle=\"tribunal dechaves\"\n\t\t\t\t\taria-label=\"tribunal dechaves\"\n\t\t\t><\/iframe>\n\t\t<\/div>\n\t\t\t\t\t\t<\/div>\n\t\t\t\t<\/div>\n\t\t\t\t<\/div>\n\t\t\t\t\t<\/div>\n\t\t\t\t<\/div>\n\t\t<div class=\"elementor-element elementor-element-5a7d452 e-flex e-con-boxed e-con e-parent\" data-id=\"5a7d452\" data-element_type=\"container\">\n\t\t\t\t\t<div class=\"e-con-inner\">\n\t\t<div class=\"elementor-element elementor-element-1875fb9 e-con-full e-flex e-con e-child\" data-id=\"1875fb9\" data-element_type=\"container\">\n\t\t\t\t<div class=\"elementor-element elementor-element-5b6c8a3 elementor-widget elementor-widget-heading\" data-id=\"5b6c8a3\" data-element_type=\"widget\" data-widget_type=\"heading.default\">\n\t\t\t\t<div class=\"elementor-widget-container\">\n\t\t\t\t\t<h4 class=\"elementor-heading-title elementor-size-default\">Ju\u00edzo Local C\u00edvel de Chaves<\/h4>\t\t\t\t<\/div>\n\t\t\t\t<\/div>\n\t\t\t\t<\/div>\n\t\t<div class=\"elementor-element elementor-element-e9ce615 e-con-full e-flex e-con e-child\" data-id=\"e9ce615\" data-element_type=\"container\">\n\t\t\t\t<div class=\"elementor-element elementor-element-212edf2 elementor-widget elementor-widget-icon-box\" data-id=\"212edf2\" data-element_type=\"widget\" data-widget_type=\"icon-box.default\">\n\t\t\t\t<div class=\"elementor-widget-container\">\n\t\t\t\t\t\t\t<div class=\"elementor-icon-box-wrapper\">\n\n\t\t\t\n\t\t\t\t\t\t<div class=\"elementor-icon-box-content\">\n\n\t\t\t\t\t\t\t\t\t<h6 class=\"elementor-icon-box-title\">\n\t\t\t\t\t\t<span  >\n\t\t\t\t\t\t\tMorada:\t\t\t\t\t\t<\/span>\n\t\t\t\t\t<\/h6>\n\t\t\t\t\n\t\t\t\t\t\t\t\t\t<p class=\"elementor-icon-box-description\">\n\t\t\t\t\t\tPal\u00e1cio da Justi\u00e7a\n<br>Largo do Arrabalde\n  <br>5400-097 Chaves\t\t\t\t\t<\/p>\n\t\t\t\t\n\t\t\t<\/div>\n\t\t\t\n\t\t<\/div>\n\t\t\t\t\t\t<\/div>\n\t\t\t\t<\/div>\n\t\t\t\t<div class=\"elementor-element elementor-element-589559d elementor-widget elementor-widget-icon-box\" data-id=\"589559d\" data-element_type=\"widget\" data-widget_type=\"icon-box.default\">\n\t\t\t\t<div class=\"elementor-widget-container\">\n\t\t\t\t\t\t\t<div class=\"elementor-icon-box-wrapper\">\n\n\t\t\t\n\t\t\t\t\t\t<div class=\"elementor-icon-box-content\">\n\n\t\t\t\t\t\t\t\t\t<h6 class=\"elementor-icon-box-title\">\n\t\t\t\t\t\t<span  >\n\t\t\t\t\t\t\tCompet\u00eancia Territorial:\t\t\t\t\t\t<\/span>\n\t\t\t\t\t<\/h6>\n\t\t\t\t\n\t\t\t\t\t\t\t\t\t<p class=\"elementor-icon-box-description\">\n\t\t\t\t\t\tMunic\u00edpio de Chaves\t\t\t\t\t<\/p>\n\t\t\t\t\n\t\t\t<\/div>\n\t\t\t\n\t\t<\/div>\n\t\t\t\t\t\t<\/div>\n\t\t\t\t<\/div>\n\t\t\t\t<div class=\"elementor-element elementor-element-d833bd4 elementor-widget elementor-widget-icon-box\" data-id=\"d833bd4\" data-element_type=\"widget\" data-widget_type=\"icon-box.default\">\n\t\t\t\t<div class=\"elementor-widget-container\">\n\t\t\t\t\t\t\t<div class=\"elementor-icon-box-wrapper\">\n\n\t\t\t\n\t\t\t\t\t\t<div class=\"elementor-icon-box-content\">\n\n\t\t\t\t\t\t\t\t\t<h6 class=\"elementor-icon-box-title\">\n\t\t\t\t\t\t<span  >\n\t\t\t\t\t\t\tContactos:\t\t\t\t\t\t<\/span>\n\t\t\t\t\t<\/h6>\n\t\t\t\t\n\t\t\t\t\t\t\t\t\t<p class=\"elementor-icon-box-description\">\n\t\t\t\t\t\t<b>Telefone:<\/b> 276340520\n<br>\n<b>Fax:<\/b>276090049\n<br>\n<b>Email:<\/b> chaves.judicial@tribunais.org.pt\t\t\t\t\t<\/p>\n\t\t\t\t\n\t\t\t<\/div>\n\t\t\t\n\t\t<\/div>\n\t\t\t\t\t\t<\/div>\n\t\t\t\t<\/div>\n\t\t\t\t<\/div>\n\t\t<div class=\"elementor-element elementor-element-13d0e7d e-con-full e-flex e-con e-child\" data-id=\"13d0e7d\" data-element_type=\"container\">\n\t\t\t\t<div class=\"elementor-element elementor-element-4d34850 elementor-widget__width-initial elementor-widget elementor-widget-google_maps\" data-id=\"4d34850\" data-element_type=\"widget\" data-widget_type=\"google_maps.default\">\n\t\t\t\t<div class=\"elementor-widget-container\">\n\t\t\t\t\t\t\t<div class=\"elementor-custom-embed\">\n\t\t\t<iframe loading=\"lazy\"\n\t\t\t\t\tsrc=\"https:\/\/www.google.com\/maps\/embed\/v1\/place?key=AIzaSyDhSoLeftGxfg7Tvco7SEUCY-Cc_XLDY3c&#038;q=tribunal%20dechaves&#038;zoom=15\"\n\t\t\t\t\ttitle=\"tribunal dechaves\"\n\t\t\t\t\taria-label=\"tribunal dechaves\"\n\t\t\t><\/iframe>\n\t\t<\/div>\n\t\t\t\t\t\t<\/div>\n\t\t\t\t<\/div>\n\t\t\t\t<\/div>\n\t\t\t\t\t<\/div>\n\t\t\t\t<\/div>\n\t\t<div class=\"elementor-element elementor-element-fa397bb e-flex e-con-boxed e-con e-parent\" data-id=\"fa397bb\" data-element_type=\"container\">\n\t\t\t\t\t<div class=\"e-con-inner\">\n\t\t<div class=\"elementor-element elementor-element-2a0342a e-con-full e-flex e-con e-child\" data-id=\"2a0342a\" data-element_type=\"container\">\n\t\t\t\t<div class=\"elementor-element elementor-element-7aa3a75 elementor-widget elementor-widget-heading\" data-id=\"7aa3a75\" data-element_type=\"widget\" data-widget_type=\"heading.default\">\n\t\t\t\t<div class=\"elementor-widget-container\">\n\t\t\t\t\t<h4 class=\"elementor-heading-title elementor-size-default\">Ju\u00edzo Local Criminal de Chaves<\/h4>\t\t\t\t<\/div>\n\t\t\t\t<\/div>\n\t\t\t\t<\/div>\n\t\t<div class=\"elementor-element elementor-element-d50dc50 e-con-full e-flex e-con e-child\" data-id=\"d50dc50\" data-element_type=\"container\">\n\t\t\t\t<div class=\"elementor-element elementor-element-d0f1dcf elementor-widget elementor-widget-icon-box\" data-id=\"d0f1dcf\" data-element_type=\"widget\" data-widget_type=\"icon-box.default\">\n\t\t\t\t<div class=\"elementor-widget-container\">\n\t\t\t\t\t\t\t<div class=\"elementor-icon-box-wrapper\">\n\n\t\t\t\n\t\t\t\t\t\t<div class=\"elementor-icon-box-content\">\n\n\t\t\t\t\t\t\t\t\t<h6 class=\"elementor-icon-box-title\">\n\t\t\t\t\t\t<span  >\n\t\t\t\t\t\t\tMorada:\t\t\t\t\t\t<\/span>\n\t\t\t\t\t<\/h6>\n\t\t\t\t\n\t\t\t\t\t\t\t\t\t<p class=\"elementor-icon-box-description\">\n\t\t\t\t\t\tPal\u00e1cio da Justi\u00e7a\n<br>Largo do Arrabalde\n  <br>5400-097 Chaves\t\t\t\t\t<\/p>\n\t\t\t\t\n\t\t\t<\/div>\n\t\t\t\n\t\t<\/div>\n\t\t\t\t\t\t<\/div>\n\t\t\t\t<\/div>\n\t\t\t\t<div class=\"elementor-element elementor-element-57fa4ea elementor-widget elementor-widget-icon-box\" data-id=\"57fa4ea\" data-element_type=\"widget\" data-widget_type=\"icon-box.default\">\n\t\t\t\t<div class=\"elementor-widget-container\">\n\t\t\t\t\t\t\t<div class=\"elementor-icon-box-wrapper\">\n\n\t\t\t\n\t\t\t\t\t\t<div class=\"elementor-icon-box-content\">\n\n\t\t\t\t\t\t\t\t\t<h6 class=\"elementor-icon-box-title\">\n\t\t\t\t\t\t<span  >\n\t\t\t\t\t\t\tCompet\u00eancia Territorial:\t\t\t\t\t\t<\/span>\n\t\t\t\t\t<\/h6>\n\t\t\t\t\n\t\t\t\t\t\t\t\t\t<p class=\"elementor-icon-box-description\">\n\t\t\t\t\t\tMinic\u00edpio de Chaves\t\t\t\t\t<\/p>\n\t\t\t\t\n\t\t\t<\/div>\n\t\t\t\n\t\t<\/div>\n\t\t\t\t\t\t<\/div>\n\t\t\t\t<\/div>\n\t\t\t\t<div class=\"elementor-element elementor-element-b013d66 elementor-widget elementor-widget-icon-box\" data-id=\"b013d66\" data-element_type=\"widget\" data-widget_type=\"icon-box.default\">\n\t\t\t\t<div class=\"elementor-widget-container\">\n\t\t\t\t\t\t\t<div class=\"elementor-icon-box-wrapper\">\n\n\t\t\t\n\t\t\t\t\t\t<div class=\"elementor-icon-box-content\">\n\n\t\t\t\t\t\t\t\t\t<h6 class=\"elementor-icon-box-title\">\n\t\t\t\t\t\t<span  >\n\t\t\t\t\t\t\tContactos:\t\t\t\t\t\t<\/span>\n\t\t\t\t\t<\/h6>\n\t\t\t\t\n\t\t\t\t\t\t\t\t\t<p class=\"elementor-icon-box-description\">\n\t\t\t\t\t\t<b>Telefone:<\/b> 276340520\n<br>\n<b>Fax:<\/b>276090049\n<br>\n<b>Email:<\/b> chaves.judicial@tribunais.org.pt\t\t\t\t\t<\/p>\n\t\t\t\t\n\t\t\t<\/div>\n\t\t\t\n\t\t<\/div>\n\t\t\t\t\t\t<\/div>\n\t\t\t\t<\/div>\n\t\t\t\t<\/div>\n\t\t<div class=\"elementor-element elementor-element-4e71c75 e-con-full e-flex e-con e-child\" data-id=\"4e71c75\" data-element_type=\"container\">\n\t\t\t\t<div class=\"elementor-element elementor-element-8355baf elementor-widget__width-initial elementor-widget elementor-widget-google_maps\" data-id=\"8355baf\" data-element_type=\"widget\" data-widget_type=\"google_maps.default\">\n\t\t\t\t<div class=\"elementor-widget-container\">\n\t\t\t\t\t\t\t<div class=\"elementor-custom-embed\">\n\t\t\t<iframe loading=\"lazy\"\n\t\t\t\t\tsrc=\"https:\/\/www.google.com\/maps\/embed\/v1\/place?key=AIzaSyDhSoLeftGxfg7Tvco7SEUCY-Cc_XLDY3c&#038;q=tribunal%20dechaves&#038;zoom=15\"\n\t\t\t\t\ttitle=\"tribunal dechaves\"\n\t\t\t\t\taria-label=\"tribunal dechaves\"\n\t\t\t><\/iframe>\n\t\t<\/div>\n\t\t\t\t\t\t<\/div>\n\t\t\t\t<\/div>\n\t\t\t\t<\/div>\n\t\t\t\t\t<\/div>\n\t\t\t\t<\/div>\n\t\t<div class=\"elementor-element elementor-element-84c2d58 e-flex e-con-boxed e-con e-parent\" data-id=\"84c2d58\" data-element_type=\"container\">\n\t\t\t\t\t<div class=\"e-con-inner\">\n\t\t\t\t<div class=\"elementor-element elementor-element-32f36c2 elementor-widget elementor-widget-spacer\" data-id=\"32f36c2\" data-element_type=\"widget\" data-widget_type=\"spacer.default\">\n\t\t\t\t<div class=\"elementor-widget-container\">\n\t\t\t\t\t\t\t<div class=\"elementor-spacer\">\n\t\t\t<div class=\"elementor-spacer-inner\"><\/div>\n\t\t<\/div>\n\t\t\t\t\t\t<\/div>\n\t\t\t\t<\/div>\n\t\t\t\t\t<\/div>\n\t\t\t\t<\/div>\n\t\t\t\t<\/div>\n\t\t","protected":false},"excerpt":{"rendered":"<p>Ju\u00edzo de Execu\u00e7\u00e3o de Chaves Compet\u00eancia Territorial: Distrito de Vila Real Morada: Pal\u00e1cio da Justi\u00e7a Largo do Arrabalde 5400-097 Chaves Contactos: Telefone: 276340520 Fax:276090049 Email: chaves.execucao@tribunais.org.pt Ju\u00edzo Local C\u00edvel de Chaves Morada: Pal\u00e1cio da Justi\u00e7a Largo do Arrabalde 5400-097 Chaves Compet\u00eancia Territorial: Munic\u00edpio de Chaves Contactos: Telefone: 276340520 Fax:276090049 Email: chaves.judicial@tribunais.org.pt Ju\u00edzo Local Criminal de&#8230;<\/p>\n","protected":false},"author":37,"featured_media":0,"parent":11069,"menu_order":0,"comment_status":"closed","ping_status":"closed","template":"","meta":{"_tbt_post_transparent":"","_tbt_post_title":"","_tbt_post_layout":"default","_tbt_post_sidebar_id":"","_tbt_post_content_style":"","_tbt_post_vertical_padding":"","_tbt_post_feature":"","_tbt_post_feature_position":"","_tbt_post_header":false,"_tbt_post_footer":false},"class_list":["post-12593","page","type-page","status-publish","hentry"],"yoast_head":"<!-- This site is optimized with the Yoast SEO plugin v25.6 - https:\/\/yoast.com\/wordpress\/plugins\/seo\/ -->\n<title>Chaves - Tribunal Judicial da Comarca de Vila Real<\/title>\n<meta name=\"robots\" content=\"index, follow, max-snippet:-1, max-image-preview:large, max-video-preview:-1\" \/>\n<link rel=\"canonical\" href=\"https:\/\/comarcas.csm.org.pt\/vila-real\/acomarca\/juizos\/chaves\/\" \/>\n<meta property=\"og:locale\" content=\"pt_PT\" \/>\n<meta property=\"og:type\" content=\"article\" \/>\n<meta property=\"og:title\" content=\"Chaves - Tribunal Judicial da Comarca de Vila Real\" \/>\n<meta property=\"og:description\" content=\"Ju\u00edzo de Execu\u00e7\u00e3o de Chaves Compet\u00eancia Territorial: Distrito de Vila Real Morada: Pal\u00e1cio da Justi\u00e7a Largo do Arrabalde 5400-097 Chaves Contactos: Telefone: 276340520 Fax:276090049 Email: chaves.execucao@tribunais.org.pt Ju\u00edzo Local C\u00edvel de Chaves Morada: Pal\u00e1cio da Justi\u00e7a Largo do Arrabalde 5400-097 Chaves Compet\u00eancia Territorial: Munic\u00edpio de Chaves Contactos: Telefone: 276340520 Fax:276090049 Email: chaves.judicial@tribunais.org.pt Ju\u00edzo Local Criminal de...\" \/>\n<meta property=\"og:url\" content=\"https:\/\/comarcas.csm.org.pt\/vila-real\/acomarca\/juizos\/chaves\/\" \/>\n<meta property=\"og:site_name\" content=\"Tribunal Judicial da Comarca de Vila Real\" \/>\n<meta property=\"article:modified_time\" content=\"2025-12-19T14:36:56+00:00\" \/>\n<meta name=\"twitter:card\" content=\"summary_large_image\" \/>\n<meta name=\"twitter:label1\" content=\"Tempo estimado de leitura\" \/>\n\t<meta name=\"twitter:data1\" content=\"1 minuto\" \/>\n<script type=\"application\/ld+json\" class=\"yoast-schema-graph\">{\"@context\":\"https:\/\/schema.org\",\"@graph\":[{\"@type\":\"WebPage\",\"@id\":\"https:\/\/comarcas.csm.org.pt\/vila-real\/acomarca\/juizos\/chaves\/\",\"url\":\"https:\/\/comarcas.csm.org.pt\/vila-real\/acomarca\/juizos\/chaves\/\",\"name\":\"Chaves - Tribunal Judicial da Comarca de Vila Real\",\"isPartOf\":{\"@id\":\"https:\/\/comarcas.csm.org.pt\/vila-real\/#website\"},\"datePublished\":\"2025-12-19T14:34:05+00:00\",\"dateModified\":\"2025-12-19T14:36:56+00:00\",\"breadcrumb\":{\"@id\":\"https:\/\/comarcas.csm.org.pt\/vila-real\/acomarca\/juizos\/chaves\/#breadcrumb\"},\"inLanguage\":\"pt-PT\",\"potentialAction\":[{\"@type\":\"ReadAction\",\"target\":[\"https:\/\/comarcas.csm.org.pt\/vila-real\/acomarca\/juizos\/chaves\/\"]}]},{\"@type\":\"BreadcrumbList\",\"@id\":\"https:\/\/comarcas.csm.org.pt\/vila-real\/acomarca\/juizos\/chaves\/#breadcrumb\",\"itemListElement\":[{\"@type\":\"ListItem\",\"position\":1,\"name\":\"In\u00edcio\",\"item\":\"https:\/\/comarcas.csm.org.pt\/vila-real\/\"},{\"@type\":\"ListItem\",\"position\":2,\"name\":\"A Comarca\",\"item\":\"https:\/\/comarcas.csm.org.pt\/vila-real\/acomarca\/\"},{\"@type\":\"ListItem\",\"position\":3,\"name\":\"Ju\u00edzos\",\"item\":\"https:\/\/comarcas.csm.org.pt\/vila-real\/acomarca\/juizos\/\"},{\"@type\":\"ListItem\",\"position\":4,\"name\":\"Chaves\"}]},{\"@type\":\"WebSite\",\"@id\":\"https:\/\/comarcas.csm.org.pt\/vila-real\/#website\",\"url\":\"https:\/\/comarcas.csm.org.pt\/vila-real\/\",\"name\":\"Tribunal Judicial da Comarca de Vila Real\",\"description\":\"Tribunal Judicial da Comarca de Vila Real\",\"publisher\":{\"@id\":\"https:\/\/comarcas.csm.org.pt\/vila-real\/#organization\"},\"potentialAction\":[{\"@type\":\"SearchAction\",\"target\":{\"@type\":\"EntryPoint\",\"urlTemplate\":\"https:\/\/comarcas.csm.org.pt\/vila-real\/?s={search_term_string}\"},\"query-input\":{\"@type\":\"PropertyValueSpecification\",\"valueRequired\":true,\"valueName\":\"search_term_string\"}}],\"inLanguage\":\"pt-PT\"},{\"@type\":\"Organization\",\"@id\":\"https:\/\/comarcas.csm.org.pt\/vila-real\/#organization\",\"name\":\"Tribunal Judicial da Comarca de Vila Real\",\"url\":\"https:\/\/comarcas.csm.org.pt\/vila-real\/\",\"logo\":{\"@type\":\"ImageObject\",\"inLanguage\":\"pt-PT\",\"@id\":\"https:\/\/comarcas.csm.org.pt\/vila-real\/#\/schema\/logo\/image\/\",\"url\":\"https:\/\/comarcas.csm.org.pt\/vila-real\/wp-content\/uploads\/sites\/26\/2024\/11\/cropped-V.-Real_positivo-horizontal-scaled.png\",\"contentUrl\":\"https:\/\/comarcas.csm.org.pt\/vila-real\/wp-content\/uploads\/sites\/26\/2024\/11\/cropped-V.-Real_positivo-horizontal-scaled.png\",\"width\":2560,\"height\":583,\"caption\":\"Tribunal Judicial da Comarca de Vila Real\"},\"image\":{\"@id\":\"https:\/\/comarcas.csm.org.pt\/vila-real\/#\/schema\/logo\/image\/\"}}]}<\/script>\n<!-- \/ Yoast SEO plugin. -->","yoast_head_json":{"title":"Chaves - Tribunal Judicial da Comarca de Vila Real","robots":{"index":"index","follow":"follow","max-snippet":"max-snippet:-1","max-image-preview":"max-image-preview:large","max-video-preview":"max-video-preview:-1"},"canonical":"https:\/\/comarcas.csm.org.pt\/vila-real\/acomarca\/juizos\/chaves\/","og_locale":"pt_PT","og_type":"article","og_title":"Chaves - Tribunal Judicial da Comarca de Vila Real","og_description":"Ju\u00edzo de Execu\u00e7\u00e3o de Chaves Compet\u00eancia Territorial: Distrito de Vila Real Morada: Pal\u00e1cio da Justi\u00e7a Largo do Arrabalde 5400-097 Chaves Contactos: Telefone: 276340520 Fax:276090049 Email: chaves.execucao@tribunais.org.pt Ju\u00edzo Local C\u00edvel de Chaves Morada: Pal\u00e1cio da Justi\u00e7a Largo do Arrabalde 5400-097 Chaves Compet\u00eancia Territorial: Munic\u00edpio de Chaves Contactos: Telefone: 276340520 Fax:276090049 Email: chaves.judicial@tribunais.org.pt Ju\u00edzo Local Criminal de...","og_url":"https:\/\/comarcas.csm.org.pt\/vila-real\/acomarca\/juizos\/chaves\/","og_site_name":"Tribunal Judicial da Comarca de Vila Real","article_modified_time":"2025-12-19T14:36:56+00:00","twitter_card":"summary_large_image","twitter_misc":{"Tempo estimado de leitura":"1 minuto"},"schema":{"@context":"https:\/\/schema.org","@graph":[{"@type":"WebPage","@id":"https:\/\/comarcas.csm.org.pt\/vila-real\/acomarca\/juizos\/chaves\/","url":"https:\/\/comarcas.csm.org.pt\/vila-real\/acomarca\/juizos\/chaves\/","name":"Chaves - Tribunal Judicial da Comarca de Vila Real","isPartOf":{"@id":"https:\/\/comarcas.csm.org.pt\/vila-real\/#website"},"datePublished":"2025-12-19T14:34:05+00:00","dateModified":"2025-12-19T14:36:56+00:00","breadcrumb":{"@id":"https:\/\/comarcas.csm.org.pt\/vila-real\/acomarca\/juizos\/chaves\/#breadcrumb"},"inLanguage":"pt-PT","potentialAction":[{"@type":"ReadAction","target":["https:\/\/comarcas.csm.org.pt\/vila-real\/acomarca\/juizos\/chaves\/"]}]},{"@type":"BreadcrumbList","@id":"https:\/\/comarcas.csm.org.pt\/vila-real\/acomarca\/juizos\/chaves\/#breadcrumb","itemListElement":[{"@type":"ListItem","position":1,"name":"In\u00edcio","item":"https:\/\/comarcas.csm.org.pt\/vila-real\/"},{"@type":"ListItem","position":2,"name":"A Comarca","item":"https:\/\/comarcas.csm.org.pt\/vila-real\/acomarca\/"},{"@type":"ListItem","position":3,"name":"Ju\u00edzos","item":"https:\/\/comarcas.csm.org.pt\/vila-real\/acomarca\/juizos\/"},{"@type":"ListItem","position":4,"name":"Chaves"}]},{"@type":"WebSite","@id":"https:\/\/comarcas.csm.org.pt\/vila-real\/#website","url":"https:\/\/comarcas.csm.org.pt\/vila-real\/","name":"Tribunal Judicial da Comarca de Vila Real","description":"Tribunal Judicial da Comarca de Vila Real","publisher":{"@id":"https:\/\/comarcas.csm.org.pt\/vila-real\/#organization"},"potentialAction":[{"@type":"SearchAction","target":{"@type":"EntryPoint","urlTemplate":"https:\/\/comarcas.csm.org.pt\/vila-real\/?s={search_term_string}"},"query-input":{"@type":"PropertyValueSpecification","valueRequired":true,"valueName":"search_term_string"}}],"inLanguage":"pt-PT"},{"@type":"Organization","@id":"https:\/\/comarcas.csm.org.pt\/vila-real\/#organization","name":"Tribunal Judicial da Comarca de Vila Real","url":"https:\/\/comarcas.csm.org.pt\/vila-real\/","logo":{"@type":"ImageObject","inLanguage":"pt-PT","@id":"https:\/\/comarcas.csm.org.pt\/vila-real\/#\/schema\/logo\/image\/","url":"https:\/\/comarcas.csm.org.pt\/vila-real\/wp-content\/uploads\/sites\/26\/2024\/11\/cropped-V.-Real_positivo-horizontal-scaled.png","contentUrl":"https:\/\/comarcas.csm.org.pt\/vila-real\/wp-content\/uploads\/sites\/26\/2024\/11\/cropped-V.-Real_positivo-horizontal-scaled.png","width":2560,"height":583,"caption":"Tribunal Judicial da Comarca de Vila Real"},"image":{"@id":"https:\/\/comarcas.csm.org.pt\/vila-real\/#\/schema\/logo\/image\/"}}]}},"_links":{"self":[{"href":"https:\/\/comarcas.csm.org.pt\/vila-real\/wp-json\/wp\/v2\/pages\/12593","targetHints":{"allow":["GET"]}}],"collection":[{"href":"https:\/\/comarcas.csm.org.pt\/vila-real\/wp-json\/wp\/v2\/pages"}],"about":[{"href":"https:\/\/comarcas.csm.org.pt\/vila-real\/wp-json\/wp\/v2\/types\/page"}],"author":[{"embeddable":true,"href":"https:\/\/comarcas.csm.org.pt\/vila-real\/wp-json\/wp\/v2\/users\/37"}],"replies":[{"embeddable":true,"href":"https:\/\/comarcas.csm.org.pt\/vila-real\/wp-json\/wp\/v2\/comments?post=12593"}],"version-history":[{"count":4,"href":"https:\/\/comarcas.csm.org.pt\/vila-real\/wp-json\/wp\/v2\/pages\/12593\/revisions"}],"predecessor-version":[{"id":12597,"href":"https:\/\/comarcas.csm.org.pt\/vila-real\/wp-json\/wp\/v2\/pages\/12593\/revisions\/12597"}],"up":[{"embeddable":true,"href":"https:\/\/comarcas.csm.org.pt\/vila-real\/wp-json\/wp\/v2\/pages\/11069"}],"wp:attachment":[{"href":"https:\/\/comarcas.csm.org.pt\/vila-real\/wp-json\/wp\/v2\/media?parent=12593"}],"curies":[{"name":"wp","href":"https:\/\/api.w.org\/{rel}","templated":true}]}}