{"id":10439,"date":"2021-11-23T11:34:14","date_gmt":"2021-11-23T11:34:14","guid":{"rendered":"https:\/\/wp.themedemo.org\/WCM07\/WCM070159\/WP1\/?page_id=5"},"modified":"2026-03-02T11:32:48","modified_gmt":"2026-03-02T11:32:48","slug":"home","status":"publish","type":"page","link":"https:\/\/comarcas.csm.org.pt\/viseu\/","title":{"rendered":"Home"},"content":{"rendered":"\t\t<div data-elementor-type=\"wp-page\" data-elementor-id=\"10439\" class=\"elementor elementor-10439\" data-elementor-post-type=\"page\">\n\t\t\t\t<div class=\"elementor-element elementor-element-7d17037 e-con-full e-flex e-con e-parent\" data-id=\"7d17037\" data-element_type=\"container\">\n\t\t\t\t<div class=\"elementor-element elementor-element-4c19f49 elementor-widget elementor-widget-slider_revolution\" data-id=\"4c19f49\" data-element_type=\"widget\" data-widget_type=\"slider_revolution.default\">\n\t\t\t\t<div class=\"elementor-widget-container\">\n\t\t\t\t\t\n\t\t<div class=\"wp-block-themepunch-revslider\">\n\t\t\t<!-- START Slider Comarcas REVOLUTION SLIDER 6.6.16 --><p class=\"rs-p-wp-fix\"><\/p>\n\t\t\t<rs-module-wrap id=\"rev_slider_1_1_wrapper\" data-source=\"gallery\" style=\"visibility:hidden;background:#e5e5e5;padding:0;margin:0px auto;margin-top:0;margin-bottom:0;max-width:none;\">\n\t\t\t\t<rs-module id=\"rev_slider_1_1\" style=\"\" data-version=\"6.6.16\">\n\t\t\t\t\t<rs-slides style=\"overflow: hidden; position: absolute;\">\n\t\t\t\t\t\t<rs-slide style=\"position: absolute;\" data-key=\"rs-1\" data-title=\"Slider1\" data-anim=\"adpr:false;\" data-in=\"o:0;\" data-out=\"a:false;\">\n\t\t\t\t\t\t\t<img fetchpriority=\"high\" decoding=\"async\" src=\"\/\/comarcas.csm.org.pt\/viseu\/wp-content\/plugins\/revslider\/public\/assets\/assets\/dummy.png\" alt=\"\" title=\"e701a91c-4186-43b9-88fb-7cc0defee8ee\" width=\"810\" height=\"537\" class=\"rev-slidebg tp-rs-img rs-lazyload\" data-lazyload=\"\/\/comarcas.csm.org.pt\/viseu\/wp-content\/uploads\/sites\/27\/2025\/05\/e701a91c-4186-43b9-88fb-7cc0defee8ee.webp\" data-bg=\"f:100% 100%;\" data-no-retina>\n<!--\n\t\t\t\t\t\t\t--><rs-layer\n\t\t\t\t\t\t\t\tid=\"slider-1-slide-1-layer-0\" \n\t\t\t\t\t\t\t\tdata-type=\"text\"\n\t\t\t\t\t\t\t\tdata-color=\"#000000\"\n\t\t\t\t\t\t\t\tdata-rsp_ch=\"on\"\n\t\t\t\t\t\t\t\tdata-xy=\"x:l,l,l,c;xo:313px,181px,137px,0;yo:207px,233px,176px,170px;\"\n\t\t\t\t\t\t\t\tdata-text=\"w:normal;s:48,60,45,30;l:50,70,53,40;\"\n\t\t\t\t\t\t\t\tdata-dim=\"minh:0px,none,none,none;\"\n\t\t\t\t\t\t\t\tdata-padding=\"t:5,3,2,1;r:5,3,2,1;b:5,3,2,1;l:5,3,2,1;\"\n\t\t\t\t\t\t\t\tdata-frame_999=\"o:0;st:w;\"\n\t\t\t\t\t\t\t\tstyle=\"z-index:12;background-color:#dbbd3f;font-family:'Arial';\"\n\t\t\t\t\t\t\t>COMARCA DE VISEU \n\t\t\t\t\t\t\t<\/rs-layer><!--\n\n\t\t\t\t\t\t\t--><rs-layer\n\t\t\t\t\t\t\t\tid=\"slider-1-slide-1-layer-3\" \n\t\t\t\t\t\t\t\tdata-type=\"text\"\n\t\t\t\t\t\t\t\tdata-rsp_ch=\"on\"\n\t\t\t\t\t\t\t\tdata-xy=\"x:c;xo:-371px,20px,0,-3px;y:m;yo:-24px,-26px,-40px,-29px;\"\n\t\t\t\t\t\t\t\tdata-text=\"w:normal;s:85,100,60,40;l:80,120,68,50;ls:0px,9px,6px,5px;fw:800;a:left,left,center,center;\"\n\t\t\t\t\t\t\t\tdata-frame_0=\"sX:0.8;sY:0.8;\"\n\t\t\t\t\t\t\t\tdata-frame_1=\"e:power1.inOut;st:530;sp:1000;sR:530;\"\n\t\t\t\t\t\t\t\tdata-frame_999=\"o:0;st:w;sR:2970;\"\n\t\t\t\t\t\t\t\tstyle=\"z-index:9;font-family:'Montserrat';text-transform:uppercase;\"\n\t\t\t\t\t\t\t>seja<br \/>\nbem-vindo \n\t\t\t\t\t\t\t<\/rs-layer><!--\n-->\t\t\t\t\t\t<\/rs-slide>\n\t\t\t\t\t<\/rs-slides>\n\t\t\t\t<\/rs-module>\n\t\t\t\t<script>\n\t\t\t\t\tsetREVStartSize({c: 'rev_slider_1_1',rl:[1240,1024,778,480],el:[300,300,300,300],gw:[1903,1023,777,480],gh:[300,300,300,300],type:'hero',justify:'',layout:'fullwidth',mh:\"0\"});if (window.RS_MODULES!==undefined && window.RS_MODULES.modules!==undefined && window.RS_MODULES.modules[\"revslider11\"]!==undefined) {window.RS_MODULES.modules[\"revslider11\"].once = false;window.revapi1 = undefined;if (window.RS_MODULES.checkMinimal!==undefined) window.RS_MODULES.checkMinimal()}\n\t\t\t\t<\/script>\n\t\t\t<\/rs-module-wrap>\n\t\t\t<!-- END REVOLUTION SLIDER -->\n<\/div>\n\n\t\t\t\t\t\t<\/div>\n\t\t\t\t<\/div>\n\t\t\t\t<\/div>\n\t\t<div class=\"elementor-element elementor-element-9fd3631 e-flex e-con-boxed e-con e-parent\" data-id=\"9fd3631\" data-element_type=\"container\">\n\t\t\t\t\t<div class=\"e-con-inner\">\n\t\t<div class=\"elementor-element elementor-element-6c56d80 e-flex e-con-boxed e-con e-child\" data-id=\"6c56d80\" data-element_type=\"container\">\n\t\t\t\t\t<div class=\"e-con-inner\">\n\t\t\t\t<div class=\"elementor-element elementor-element-f8b9c2a elementor-widget elementor-widget-heading\" data-id=\"f8b9c2a\" data-element_type=\"widget\" data-widget_type=\"heading.default\">\n\t\t\t\t<div class=\"elementor-widget-container\">\n\t\t\t\t\t<h1 class=\"elementor-heading-title elementor-size-default\">\u00daltimas Not\u00edcias<\/h1>\t\t\t\t<\/div>\n\t\t\t\t<\/div>\n\t\t\t\t<div class=\"elementor-element elementor-element-6b420ee elementor-widget elementor-widget-heading\" data-id=\"6b420ee\" data-element_type=\"widget\" data-widget_type=\"heading.default\">\n\t\t\t\t<div class=\"elementor-widget-container\">\n\t\t\t\t\t<h1 class=\"elementor-heading-title elementor-size-default\">PROJETO MEENOS<\/h1>\t\t\t\t<\/div>\n\t\t\t\t<\/div>\n\t\t\t\t<div class=\"elementor-element elementor-element-823872f elementor-widget elementor-widget-heading\" data-id=\"823872f\" data-element_type=\"widget\" data-widget_type=\"heading.default\">\n\t\t\t\t<div class=\"elementor-widget-container\">\n\t\t\t\t\t<h1 class=\"elementor-heading-title elementor-size-default\">12 de dezembro, 2025<\/h1>\t\t\t\t<\/div>\n\t\t\t\t<\/div>\n\t\t<div class=\"elementor-element elementor-element-0cc03cd e-grid e-con-boxed e-con e-child\" data-id=\"0cc03cd\" data-element_type=\"container\">\n\t\t\t\t\t<div class=\"e-con-inner\">\n\t\t\t\t<div class=\"elementor-element elementor-element-87a21d1 elementor-widget elementor-widget-image\" data-id=\"87a21d1\" data-element_type=\"widget\" data-widget_type=\"image.default\">\n\t\t\t\t<div class=\"elementor-widget-container\">\n\t\t\t\t\t\t\t\t\t\t\t\t\t\t\t<img decoding=\"async\" width=\"300\" height=\"300\" src=\"https:\/\/comarcas.csm.org.pt\/viseu\/wp-content\/uploads\/sites\/27\/2025\/12\/MEENOS-Conversa-convite-Comarca-Viseu-1536x1536-1-300x300.png\" class=\"attachment-medium size-medium wp-image-12495\" alt=\"\" srcset=\"https:\/\/comarcas.csm.org.pt\/viseu\/wp-content\/uploads\/sites\/27\/2025\/12\/MEENOS-Conversa-convite-Comarca-Viseu-1536x1536-1-300x300.png 300w, https:\/\/comarcas.csm.org.pt\/viseu\/wp-content\/uploads\/sites\/27\/2025\/12\/MEENOS-Conversa-convite-Comarca-Viseu-1536x1536-1-1024x1024.png 1024w, https:\/\/comarcas.csm.org.pt\/viseu\/wp-content\/uploads\/sites\/27\/2025\/12\/MEENOS-Conversa-convite-Comarca-Viseu-1536x1536-1-150x150.png 150w, https:\/\/comarcas.csm.org.pt\/viseu\/wp-content\/uploads\/sites\/27\/2025\/12\/MEENOS-Conversa-convite-Comarca-Viseu-1536x1536-1-768x768.png 768w, https:\/\/comarcas.csm.org.pt\/viseu\/wp-content\/uploads\/sites\/27\/2025\/12\/MEENOS-Conversa-convite-Comarca-Viseu-1536x1536-1.png 1536w\" sizes=\"(max-width: 300px) 100vw, 300px\" \/>\t\t\t\t\t\t\t\t\t\t\t\t\t\t\t<\/div>\n\t\t\t\t<\/div>\n\t\t<div class=\"elementor-element elementor-element-53a1b86 e-con-full e-flex e-con e-child\" data-id=\"53a1b86\" data-element_type=\"container\">\n\t\t\t\t<div class=\"elementor-element elementor-element-aa499c4 elementor-widget elementor-widget-text-editor\" data-id=\"aa499c4\" data-element_type=\"widget\" data-widget_type=\"text-editor.default\">\n\t\t\t\t<div class=\"elementor-widget-container\">\n\t\t\t\t\t\t\t\t\t<p>\u00a0<\/p><p><strong>Realizou-se no passado dia 9 de dezembro de 2025, a mesa redonda do Projeto <span style=\"color: #ff9900\">MEENOS<\/span>, que teve a participa\u00e7\u00e3o dos Senhores Magistrados Judiciais da Comarca.\u00a0<\/strong><\/p>\t\t\t\t\t\t\t\t<\/div>\n\t\t\t\t<\/div>\n\t\t\t\t<\/div>\n\t\t\t\t\t<\/div>\n\t\t\t\t<\/div>\n\t\t\t\t<div class=\"elementor-element elementor-element-6965a35 elementor-widget elementor-widget-heading\" data-id=\"6965a35\" data-element_type=\"widget\" data-widget_type=\"heading.default\">\n\t\t\t\t<div class=\"elementor-widget-container\">\n\t\t\t\t\t<h1 class=\"elementor-heading-title elementor-size-default\">FORMA\u00c7\u00c3O SOBRE PROTE\u00c7\u00c3O DE DADOS<\/h1>\t\t\t\t<\/div>\n\t\t\t\t<\/div>\n\t\t\t\t<div class=\"elementor-element elementor-element-33a2fb1 elementor-widget elementor-widget-heading\" data-id=\"33a2fb1\" data-element_type=\"widget\" data-widget_type=\"heading.default\">\n\t\t\t\t<div class=\"elementor-widget-container\">\n\t\t\t\t\t<h1 class=\"elementor-heading-title elementor-size-default\">12 de dezembro, 2025<\/h1>\t\t\t\t<\/div>\n\t\t\t\t<\/div>\n\t\t<div class=\"elementor-element elementor-element-372dbc6 e-grid e-con-boxed e-con e-child\" data-id=\"372dbc6\" data-element_type=\"container\">\n\t\t\t\t\t<div class=\"e-con-inner\">\n\t\t\t\t<div class=\"elementor-element elementor-element-fe29b4f elementor-widget elementor-widget-image\" data-id=\"fe29b4f\" data-element_type=\"widget\" data-widget_type=\"image.default\">\n\t\t\t\t<div class=\"elementor-widget-container\">\n\t\t\t\t\t\t\t\t\t\t\t\t\t\t\t<img decoding=\"async\" width=\"300\" height=\"225\" src=\"https:\/\/comarcas.csm.org.pt\/viseu\/wp-content\/uploads\/sites\/27\/2025\/12\/PHOTO-2025-12-12-14-48-55-FORMACAO-RGPD-300x225.jpg\" class=\"attachment-medium size-medium wp-image-12501\" alt=\"\" srcset=\"https:\/\/comarcas.csm.org.pt\/viseu\/wp-content\/uploads\/sites\/27\/2025\/12\/PHOTO-2025-12-12-14-48-55-FORMACAO-RGPD-300x225.jpg 300w, https:\/\/comarcas.csm.org.pt\/viseu\/wp-content\/uploads\/sites\/27\/2025\/12\/PHOTO-2025-12-12-14-48-55-FORMACAO-RGPD-1024x768.jpg 1024w, https:\/\/comarcas.csm.org.pt\/viseu\/wp-content\/uploads\/sites\/27\/2025\/12\/PHOTO-2025-12-12-14-48-55-FORMACAO-RGPD-768x576.jpg 768w, https:\/\/comarcas.csm.org.pt\/viseu\/wp-content\/uploads\/sites\/27\/2025\/12\/PHOTO-2025-12-12-14-48-55-FORMACAO-RGPD-1536x1152.jpg 1536w, https:\/\/comarcas.csm.org.pt\/viseu\/wp-content\/uploads\/sites\/27\/2025\/12\/PHOTO-2025-12-12-14-48-55-FORMACAO-RGPD.jpg 2000w\" sizes=\"(max-width: 300px) 100vw, 300px\" \/>\t\t\t\t\t\t\t\t\t\t\t\t\t\t\t<\/div>\n\t\t\t\t<\/div>\n\t\t<div class=\"elementor-element elementor-element-a1e18cd e-con-full e-flex e-con e-child\" data-id=\"a1e18cd\" data-element_type=\"container\">\n\t\t\t\t<div class=\"elementor-element elementor-element-52fbe81 elementor-widget elementor-widget-text-editor\" data-id=\"52fbe81\" data-element_type=\"widget\" data-widget_type=\"text-editor.default\">\n\t\t\t\t<div class=\"elementor-widget-container\">\n\t\t\t\t\t\t\t\t\t<p>\u00a0<\/p><p><strong>Realizou-se no passado dia 26 de novembro de 2025, a forma\u00e7\u00e3o presencial sobre Prote\u00e7\u00e3o de Dados, com a presen\u00e7a da Exma. Sra. Encarregada de Prote\u00e7\u00e3o de Dados do Conselho Superior da Magistratura, Dra. Clara Guerra.<\/strong><\/p>\t\t\t\t\t\t\t\t<\/div>\n\t\t\t\t<\/div>\n\t\t\t\t<\/div>\n\t\t\t\t\t<\/div>\n\t\t\t\t<\/div>\n\t\t\t\t\t<\/div>\n\t\t\t\t<\/div>\n\t\t<div class=\"elementor-element elementor-element-f59ac31 e-con-full e-flex e-con e-child\" data-id=\"f59ac31\" data-element_type=\"container\" data-settings=\"{&quot;background_background&quot;:&quot;classic&quot;}\">\n\t\t\t\t<div class=\"elementor-element elementor-element-f56c11d elementor-widget__width-inherit elementor-widget elementor-widget-heading\" data-id=\"f56c11d\" data-element_type=\"widget\" data-widget_type=\"heading.default\">\n\t\t\t\t<div class=\"elementor-widget-container\">\n\t\t\t\t\t<h1 class=\"elementor-heading-title elementor-size-default\">Destaques<\/h1>\t\t\t\t<\/div>\n\t\t\t\t<\/div>\n\t\t\t\t<div class=\"elementor-element elementor-element-1131cea elementor-align-right elementor-widget elementor-widget-button\" data-id=\"1131cea\" data-element_type=\"widget\" data-widget_type=\"button.default\">\n\t\t\t\t<div class=\"elementor-widget-container\">\n\t\t\t\t\t\t\t\t\t<div class=\"elementor-button-wrapper\">\n\t\t\t\t\t<a class=\"elementor-button elementor-button-link elementor-size-sm\" href=\"\/viseu\/agenda\/\">\n\t\t\t\t\t\t<span class=\"elementor-button-content-wrapper\">\n\t\t\t\t\t\t\t\t\t<span class=\"elementor-button-text\">OUTROS<\/span>\n\t\t\t\t\t<\/span>\n\t\t\t\t\t<\/a>\n\t\t\t\t<\/div>\n\t\t\t\t\t\t\t\t<\/div>\n\t\t\t\t<\/div>\n\t\t\t\t<\/div>\n\t\t\t\t\t<\/div>\n\t\t\t\t<\/div>\n\t\t\t\t<\/div>\n\t\t","protected":false},"excerpt":{"rendered":"<p>\u00daltimas Not\u00edcias PROJETO MEENOS 12 de dezembro, 2025 \u00a0 Realizou-se no passado dia 9 de dezembro de 2025, a mesa redonda do Projeto MEENOS, que teve a participa\u00e7\u00e3o dos Senhores Magistrados Judiciais da Comarca.\u00a0 FORMA\u00c7\u00c3O SOBRE PROTE\u00c7\u00c3O DE DADOS 12 de dezembro, 2025 \u00a0 Realizou-se no passado dia 26 de novembro de 2025, a forma\u00e7\u00e3o&#8230;<\/p>\n","protected":false},"author":1,"featured_media":0,"parent":0,"menu_order":0,"comment_status":"closed","ping_status":"closed","template":"elementor_header_footer","meta":{"_tbt_post_transparent":"","_tbt_post_title":"hide","_tbt_post_layout":"normal","_tbt_post_sidebar_id":"","_tbt_post_content_style":"unboxed","_tbt_post_vertical_padding":"hide","_tbt_post_feature":"","_tbt_post_feature_position":"","_tbt_post_header":false,"_tbt_post_footer":false},"class_list":["post-10439","page","type-page","status-publish","hentry"],"yoast_head":"<!-- This site is optimized with the Yoast SEO plugin v25.6 - https:\/\/yoast.com\/wordpress\/plugins\/seo\/ -->\n<title>Home - Tribunal Judicial da Comarca de Viseu<\/title>\n<meta name=\"robots\" content=\"index, follow, max-snippet:-1, max-image-preview:large, max-video-preview:-1\" \/>\n<link rel=\"canonical\" href=\"https:\/\/comarcas.csm.org.pt\/viseu\/\" \/>\n<meta property=\"og:locale\" content=\"pt_PT\" \/>\n<meta property=\"og:type\" content=\"article\" \/>\n<meta property=\"og:title\" content=\"Home - Tribunal Judicial da Comarca de Viseu\" \/>\n<meta property=\"og:description\" content=\"\u00daltimas Not\u00edcias PROJETO MEENOS 12 de dezembro, 2025 \u00a0 Realizou-se no passado dia 9 de dezembro de 2025, a mesa redonda do Projeto MEENOS, que teve a participa\u00e7\u00e3o dos Senhores Magistrados Judiciais da Comarca.\u00a0 FORMA\u00c7\u00c3O SOBRE PROTE\u00c7\u00c3O DE DADOS 12 de dezembro, 2025 \u00a0 Realizou-se no passado dia 26 de novembro de 2025, a forma\u00e7\u00e3o...\" \/>\n<meta property=\"og:url\" content=\"https:\/\/comarcas.csm.org.pt\/viseu\/\" \/>\n<meta property=\"og:site_name\" content=\"Tribunal Judicial da Comarca de Viseu\" \/>\n<meta property=\"article:modified_time\" content=\"2026-03-02T11:32:48+00:00\" \/>\n<meta property=\"og:image\" content=\"https:\/\/comarcas.csm.org.pt\/viseu\/wp-content\/uploads\/sites\/27\/2025\/12\/MEENOS-Conversa-convite-Comarca-Viseu-1536x1536-1-300x300.png\" \/>\n<meta name=\"twitter:card\" content=\"summary_large_image\" \/>\n<meta name=\"twitter:label1\" content=\"Tempo estimado de leitura\" \/>\n\t<meta name=\"twitter:data1\" content=\"1 minuto\" \/>\n<script type=\"application\/ld+json\" class=\"yoast-schema-graph\">{\"@context\":\"https:\/\/schema.org\",\"@graph\":[{\"@type\":\"WebPage\",\"@id\":\"https:\/\/comarcas.csm.org.pt\/viseu\/\",\"url\":\"https:\/\/comarcas.csm.org.pt\/viseu\/\",\"name\":\"Home - Tribunal Judicial da Comarca de Viseu\",\"isPartOf\":{\"@id\":\"https:\/\/comarcas.csm.org.pt\/viseu\/#website\"},\"primaryImageOfPage\":{\"@id\":\"https:\/\/comarcas.csm.org.pt\/viseu\/#primaryimage\"},\"image\":{\"@id\":\"https:\/\/comarcas.csm.org.pt\/viseu\/#primaryimage\"},\"thumbnailUrl\":\"https:\/\/comarcas.csm.org.pt\/viseu\/wp-content\/uploads\/sites\/27\/2025\/12\/MEENOS-Conversa-convite-Comarca-Viseu-1536x1536-1-300x300.png\",\"datePublished\":\"2021-11-23T11:34:14+00:00\",\"dateModified\":\"2026-03-02T11:32:48+00:00\",\"breadcrumb\":{\"@id\":\"https:\/\/comarcas.csm.org.pt\/viseu\/#breadcrumb\"},\"inLanguage\":\"pt-PT\",\"potentialAction\":[{\"@type\":\"ReadAction\",\"target\":[\"https:\/\/comarcas.csm.org.pt\/viseu\/\"]}]},{\"@type\":\"ImageObject\",\"inLanguage\":\"pt-PT\",\"@id\":\"https:\/\/comarcas.csm.org.pt\/viseu\/#primaryimage\",\"url\":\"https:\/\/comarcas.csm.org.pt\/viseu\/wp-content\/uploads\/sites\/27\/2025\/12\/MEENOS-Conversa-convite-Comarca-Viseu-1536x1536-1.png\",\"contentUrl\":\"https:\/\/comarcas.csm.org.pt\/viseu\/wp-content\/uploads\/sites\/27\/2025\/12\/MEENOS-Conversa-convite-Comarca-Viseu-1536x1536-1.png\",\"width\":1536,\"height\":1536},{\"@type\":\"BreadcrumbList\",\"@id\":\"https:\/\/comarcas.csm.org.pt\/viseu\/#breadcrumb\",\"itemListElement\":[{\"@type\":\"ListItem\",\"position\":1,\"name\":\"In\u00edcio\",\"item\":\"https:\/\/comarcas.csm.org.pt\/viseu\/\"},{\"@type\":\"ListItem\",\"position\":2,\"name\":\"Home\"}]},{\"@type\":\"WebSite\",\"@id\":\"https:\/\/comarcas.csm.org.pt\/viseu\/#website\",\"url\":\"https:\/\/comarcas.csm.org.pt\/viseu\/\",\"name\":\"Tribunal Judicial da Comarca de Viseu\",\"description\":\"Tribunal Judicial da Comarca de Aveiro\",\"publisher\":{\"@id\":\"https:\/\/comarcas.csm.org.pt\/viseu\/#organization\"},\"potentialAction\":[{\"@type\":\"SearchAction\",\"target\":{\"@type\":\"EntryPoint\",\"urlTemplate\":\"https:\/\/comarcas.csm.org.pt\/viseu\/?s={search_term_string}\"},\"query-input\":{\"@type\":\"PropertyValueSpecification\",\"valueRequired\":true,\"valueName\":\"search_term_string\"}}],\"inLanguage\":\"pt-PT\"},{\"@type\":\"Organization\",\"@id\":\"https:\/\/comarcas.csm.org.pt\/viseu\/#organization\",\"name\":\"Tribunal Judicial da Comarca de Viseu\",\"url\":\"https:\/\/comarcas.csm.org.pt\/viseu\/\",\"logo\":{\"@type\":\"ImageObject\",\"inLanguage\":\"pt-PT\",\"@id\":\"https:\/\/comarcas.csm.org.pt\/viseu\/#\/schema\/logo\/image\/\",\"url\":\"https:\/\/comarcas.csm.org.pt\/viseu\/wp-content\/uploads\/sites\/27\/2024\/11\/Viseu_positivo-horizontal.png\",\"contentUrl\":\"https:\/\/comarcas.csm.org.pt\/viseu\/wp-content\/uploads\/sites\/27\/2024\/11\/Viseu_positivo-horizontal.png\",\"width\":4331,\"height\":999,\"caption\":\"Tribunal Judicial da Comarca de Viseu\"},\"image\":{\"@id\":\"https:\/\/comarcas.csm.org.pt\/viseu\/#\/schema\/logo\/image\/\"}}]}<\/script>\n<!-- \/ Yoast SEO plugin. -->","yoast_head_json":{"title":"Home - Tribunal Judicial da Comarca de Viseu","robots":{"index":"index","follow":"follow","max-snippet":"max-snippet:-1","max-image-preview":"max-image-preview:large","max-video-preview":"max-video-preview:-1"},"canonical":"https:\/\/comarcas.csm.org.pt\/viseu\/","og_locale":"pt_PT","og_type":"article","og_title":"Home - Tribunal Judicial da Comarca de Viseu","og_description":"\u00daltimas Not\u00edcias PROJETO MEENOS 12 de dezembro, 2025 \u00a0 Realizou-se no passado dia 9 de dezembro de 2025, a mesa redonda do Projeto MEENOS, que teve a participa\u00e7\u00e3o dos Senhores Magistrados Judiciais da Comarca.\u00a0 FORMA\u00c7\u00c3O SOBRE PROTE\u00c7\u00c3O DE DADOS 12 de dezembro, 2025 \u00a0 Realizou-se no passado dia 26 de novembro de 2025, a forma\u00e7\u00e3o...","og_url":"https:\/\/comarcas.csm.org.pt\/viseu\/","og_site_name":"Tribunal Judicial da Comarca de Viseu","article_modified_time":"2026-03-02T11:32:48+00:00","og_image":[{"url":"https:\/\/comarcas.csm.org.pt\/viseu\/wp-content\/uploads\/sites\/27\/2025\/12\/MEENOS-Conversa-convite-Comarca-Viseu-1536x1536-1-300x300.png","type":"","width":"","height":""}],"twitter_card":"summary_large_image","twitter_misc":{"Tempo estimado de leitura":"1 minuto"},"schema":{"@context":"https:\/\/schema.org","@graph":[{"@type":"WebPage","@id":"https:\/\/comarcas.csm.org.pt\/viseu\/","url":"https:\/\/comarcas.csm.org.pt\/viseu\/","name":"Home - Tribunal Judicial da Comarca de Viseu","isPartOf":{"@id":"https:\/\/comarcas.csm.org.pt\/viseu\/#website"},"primaryImageOfPage":{"@id":"https:\/\/comarcas.csm.org.pt\/viseu\/#primaryimage"},"image":{"@id":"https:\/\/comarcas.csm.org.pt\/viseu\/#primaryimage"},"thumbnailUrl":"https:\/\/comarcas.csm.org.pt\/viseu\/wp-content\/uploads\/sites\/27\/2025\/12\/MEENOS-Conversa-convite-Comarca-Viseu-1536x1536-1-300x300.png","datePublished":"2021-11-23T11:34:14+00:00","dateModified":"2026-03-02T11:32:48+00:00","breadcrumb":{"@id":"https:\/\/comarcas.csm.org.pt\/viseu\/#breadcrumb"},"inLanguage":"pt-PT","potentialAction":[{"@type":"ReadAction","target":["https:\/\/comarcas.csm.org.pt\/viseu\/"]}]},{"@type":"ImageObject","inLanguage":"pt-PT","@id":"https:\/\/comarcas.csm.org.pt\/viseu\/#primaryimage","url":"https:\/\/comarcas.csm.org.pt\/viseu\/wp-content\/uploads\/sites\/27\/2025\/12\/MEENOS-Conversa-convite-Comarca-Viseu-1536x1536-1.png","contentUrl":"https:\/\/comarcas.csm.org.pt\/viseu\/wp-content\/uploads\/sites\/27\/2025\/12\/MEENOS-Conversa-convite-Comarca-Viseu-1536x1536-1.png","width":1536,"height":1536},{"@type":"BreadcrumbList","@id":"https:\/\/comarcas.csm.org.pt\/viseu\/#breadcrumb","itemListElement":[{"@type":"ListItem","position":1,"name":"In\u00edcio","item":"https:\/\/comarcas.csm.org.pt\/viseu\/"},{"@type":"ListItem","position":2,"name":"Home"}]},{"@type":"WebSite","@id":"https:\/\/comarcas.csm.org.pt\/viseu\/#website","url":"https:\/\/comarcas.csm.org.pt\/viseu\/","name":"Tribunal Judicial da Comarca de Viseu","description":"Tribunal Judicial da Comarca de Aveiro","publisher":{"@id":"https:\/\/comarcas.csm.org.pt\/viseu\/#organization"},"potentialAction":[{"@type":"SearchAction","target":{"@type":"EntryPoint","urlTemplate":"https:\/\/comarcas.csm.org.pt\/viseu\/?s={search_term_string}"},"query-input":{"@type":"PropertyValueSpecification","valueRequired":true,"valueName":"search_term_string"}}],"inLanguage":"pt-PT"},{"@type":"Organization","@id":"https:\/\/comarcas.csm.org.pt\/viseu\/#organization","name":"Tribunal Judicial da Comarca de Viseu","url":"https:\/\/comarcas.csm.org.pt\/viseu\/","logo":{"@type":"ImageObject","inLanguage":"pt-PT","@id":"https:\/\/comarcas.csm.org.pt\/viseu\/#\/schema\/logo\/image\/","url":"https:\/\/comarcas.csm.org.pt\/viseu\/wp-content\/uploads\/sites\/27\/2024\/11\/Viseu_positivo-horizontal.png","contentUrl":"https:\/\/comarcas.csm.org.pt\/viseu\/wp-content\/uploads\/sites\/27\/2024\/11\/Viseu_positivo-horizontal.png","width":4331,"height":999,"caption":"Tribunal Judicial da Comarca de Viseu"},"image":{"@id":"https:\/\/comarcas.csm.org.pt\/viseu\/#\/schema\/logo\/image\/"}}]}},"_links":{"self":[{"href":"https:\/\/comarcas.csm.org.pt\/viseu\/wp-json\/wp\/v2\/pages\/10439","targetHints":{"allow":["GET"]}}],"collection":[{"href":"https:\/\/comarcas.csm.org.pt\/viseu\/wp-json\/wp\/v2\/pages"}],"about":[{"href":"https:\/\/comarcas.csm.org.pt\/viseu\/wp-json\/wp\/v2\/types\/page"}],"author":[{"embeddable":true,"href":"https:\/\/comarcas.csm.org.pt\/viseu\/wp-json\/wp\/v2\/users\/1"}],"replies":[{"embeddable":true,"href":"https:\/\/comarcas.csm.org.pt\/viseu\/wp-json\/wp\/v2\/comments?post=10439"}],"version-history":[{"count":305,"href":"https:\/\/comarcas.csm.org.pt\/viseu\/wp-json\/wp\/v2\/pages\/10439\/revisions"}],"predecessor-version":[{"id":12535,"href":"https:\/\/comarcas.csm.org.pt\/viseu\/wp-json\/wp\/v2\/pages\/10439\/revisions\/12535"}],"wp:attachment":[{"href":"https:\/\/comarcas.csm.org.pt\/viseu\/wp-json\/wp\/v2\/media?parent=10439"}],"curies":[{"name":"wp","href":"https:\/\/api.w.org\/{rel}","templated":true}]}}